
{"id":39,"date":"2023-04-05T19:33:48","date_gmt":"2023-04-05T17:33:48","guid":{"rendered":"http:\/\/meseorszagmindenkie.hu\/?page_id=39"},"modified":"2023-12-08T12:33:26","modified_gmt":"2023-12-08T11:33:26","slug":"mediavisszhang","status":"publish","type":"page","link":"https:\/\/meseorszagmindenkie.hu\/en\/mediavisszhang\/","title":{"rendered":"Media response"},"content":{"rendered":"<p>[et_pb_section fb_built=&#8221;1&#8243; _builder_version=&#8221;4.21.0&#8243; custom_margin=&#8221;||0px||false|false&#8221; custom_padding=&#8221;||0px||false|false&#8221; global_colors_info=&#8221;{}&#8221;][et_pb_row column_structure=&#8221;3_4,1_4&#8243; use_custom_gutter=&#8221;on&#8221; gutter_width=&#8221;2&#8243; _builder_version=&#8221;4.21.0&#8243; custom_margin=&#8221;||0px||false|false&#8221; custom_padding=&#8221;||0px||false|false&#8221; global_colors_info=&#8221;{}&#8221;][et_pb_column type=&#8221;3_4&#8243; _builder_version=&#8221;4.16&#8243; global_colors_info=&#8221;{}&#8221;][et_pb_text _builder_version=&#8221;4.23.1&#8243; text_font=&#8221;Cormorant Garamond|600|||||||&#8221; text_font_size=&#8221;20px&#8221; text_line_height=&#8221;1.8em&#8221; link_font=&#8221;||||on|||#E09900|&#8221; link_text_color=&#8221;#E09900&#8243; header_font=&#8221;Cormorant Garamond||||||||&#8221; header_font_size=&#8221;6vw&#8221; header_line_height=&#8221;1.1em&#8221; max_width=&#8221;800px&#8221; custom_margin=&#8221;||0px||false|false&#8221; custom_margin_tablet=&#8221;|0vw|||false|false&#8221; custom_margin_last_edited=&#8221;off|desktop&#8221; hover_enabled=&#8221;0&#8243; header_font_size_tablet=&#8221;60px&#8221; header_font_size_phone=&#8221;40px&#8221; header_font_size_last_edited=&#8221;on|phone&#8221; locked=&#8221;off&#8221; global_colors_info=&#8221;{}&#8221; sticky_enabled=&#8221;0&#8243;]<\/p>\n<h1>M\u00e9diavisszhang<\/h1>\n<p>Meseorsz\u00e1g sajt\u00f3<br \/>2020. szeptember \u2013 2023. december<br \/>(Gy\u0171jt\u00f6tte: Borgos Anna)<\/p>\n<p>[\/et_pb_text][\/et_pb_column][et_pb_column type=&#8221;1_4&#8243; _builder_version=&#8221;4.16&#8243; background_enable_color=&#8221;off&#8221; use_background_color_gradient=&#8221;on&#8221; background_color_gradient_stops=&#8221;rgba(163,87,55,0.1) 50%|rgba(0,0,0,0) 50%&#8221; background_color_gradient_start=&#8221;rgba(163,87,55,0.1)&#8221; background_color_gradient_start_position=&#8221;50%&#8221; background_color_gradient_end=&#8221;rgba(0,0,0,0)&#8221; background_color_gradient_end_position=&#8221;50%&#8221; custom_padding=&#8221;60px|60px|60px|60px|true|true&#8221; global_colors_info=&#8221;{}&#8221;][et_pb_image src=&#8221;https:\/\/meseorszagmindenkie.hu\/wp-content\/uploads\/meseorszag-konyv-scaled.jpeg&#8221; title_text=&#8221;meseorszag-konyv&#8221; align=&#8221;center&#8221; align_tablet=&#8221;center&#8221; align_last_edited=&#8221;off|desktop&#8221; _builder_version=&#8221;4.21.0&#8243; max_width_tablet=&#8221;340px&#8221; max_width_phone=&#8221;240px&#8221; max_width_last_edited=&#8221;on|tablet&#8221; max_height_phone=&#8221;440px&#8221; max_height_last_edited=&#8221;off|tablet&#8221; scroll_vertical_motion_enable=&#8221;on&#8221; scroll_vertical_motion=&#8221;0|50|50|100|1|0|-1&#8243; border_radii=&#8221;on|8px|8px|8px|8px&#8221; border_radii_tablet=&#8221;on|25px|25px|25px|25px&#8221; border_radii_phone=&#8221;on|15px|15px|15px|15px&#8221; border_radii_last_edited=&#8221;on|phone&#8221; box_shadow_style=&#8221;preset1&#8243; box_shadow_vertical=&#8221;48px&#8221; box_shadow_blur=&#8221;80px&#8221; box_shadow_spread=&#8221;-16px&#8221; box_shadow_color=&#8221;rgba(0,0,0,0.5)&#8221; locked=&#8221;off&#8221; global_colors_info=&#8221;{}&#8221;][\/et_pb_image][\/et_pb_column][\/et_pb_row][\/et_pb_section][et_pb_section fb_built=&#8221;1&#8243; _builder_version=&#8221;4.23.1&#8243; custom_margin=&#8221;0px||||false|false&#8221; custom_padding=&#8221;0px||||false|false&#8221; global_colors_info=&#8221;{}&#8221;][et_pb_row _builder_version=&#8221;4.23.1&#8243; width=&#8221;100%&#8221; max_width=&#8221;100%&#8221; custom_padding=&#8221;0px|||||&#8221; locked=&#8221;off&#8221; global_colors_info=&#8221;{}&#8221;][et_pb_column type=&#8221;4_4&#8243; _builder_version=&#8221;4.16&#8243; custom_padding=&#8221;40px|60px||60px|false|true&#8221; custom_padding_tablet=&#8221;0px|0px||0px|false|true&#8221; custom_padding_phone=&#8221;|0px||0px|false|true&#8221; custom_padding_last_edited=&#8221;on|tablet&#8221; global_colors_info=&#8221;{}&#8221;][et_pb_text _builder_version=&#8221;4.23.1&#8243; _module_preset=&#8221;default&#8221; text_font=&#8221;Cormorant Garamond|600|||||||&#8221; text_font_size=&#8221;18px&#8221; text_line_height=&#8221;1.8em&#8221; link_font=&#8221;||||on|||#E09900|&#8221; link_text_color=&#8221;#E09900&#8243; header_font=&#8221;||||||||&#8221; header_3_font=&#8221;Cormorant Garamond|600||on|||||&#8221; header_3_font_size=&#8221;26px&#8221; custom_margin=&#8221;0px||||false|false&#8221; custom_padding=&#8221;16px||||false|false&#8221; border_color_top=&#8221;rgba(51,51,51,0.18)&#8221; global_colors_info=&#8221;{}&#8221;]\n    <div class=\"wpdt-c \">\n    \n<input type=\"hidden\" id=\"wdtNonceFrontendEdit\" name=\"wdtNonceFrontendEdit\" value=\"4b1adb030b\" \/><input type=\"hidden\" name=\"_wp_http_referer\" value=\"\/en\/wp-json\/wp\/v2\/pages\/39\" \/>    <input type=\"hidden\" id=\"table_1_desc\" value='{\"tableId\":\"table_1\",\"tableType\":\"csv\",\"selector\":\"#table_1\",\"responsive\":true,\"responsiveAction\":\"icon\",\"infoBlock\":true,\"pagination\":1,\"paginationAlign\":\"right\",\"paginationLayout\":\"full_numbers\",\"paginationLayoutMobile\":\"simple\",\"file_location\":\"wp_media_lib\",\"table_wcag\":0,\"simple_template_id\":0,\"scrollable\":false,\"globalSearch\":true,\"showRowsPerPage\":true,\"hideBeforeLoad\":true,\"pagination_top\":0,\"number_format\":1,\"decimalPlaces\":2,\"spinnerSrc\":\"https:\\\/\\\/meseorszagmindenkie.hu\\\/wp-content\\\/plugins\\\/wpdatatables\\\/assets\\\/\\\/img\\\/spinner.gif\",\"groupingEnabled\":false,\"tableWpId\":2,\"dataTableParams\":{\"sDom\":\"BT\\u003C\\u0027clear\\u0027\\u003Elftip\",\"bSortCellsTop\":false,\"bPaginate\":true,\"sPaginationType\":\"full_numbers\",\"aLengthMenu\":[[1,5,10,25,50,100,-1],[1,5,10,25,50,100,\"All\"]],\"iDisplayLength\":50,\"columnDefs\":[{\"sType\":\"date-custom\",\"wdtType\":\"date\",\"bVisible\":true,\"orderable\":true,\"searchable\":true,\"InputType\":\"text\",\"name\":\"megjelen\\u00e9s d\\u00e1tuma\",\"origHeader\":\"megjelen\\u00e9s d\\u00e1tuma\",\"notNull\":false,\"conditionalFormattingRules\":[],\"className\":\" column-megjelens-dtuma\",\"aTargets\":[0]},{\"sType\":\"string\",\"wdtType\":\"link\",\"bVisible\":false,\"orderable\":true,\"searchable\":true,\"InputType\":\"text\",\"name\":\"m\\u00e9dium\",\"origHeader\":\"m\\u00e9dium\",\"notNull\":false,\"conditionalFormattingRules\":[],\"className\":\" column-mdium\",\"aTargets\":[1]},{\"sType\":\"string\",\"wdtType\":\"string\",\"bVisible\":true,\"orderable\":true,\"searchable\":true,\"InputType\":\"text\",\"name\":\"szerz\\u0151\",\"origHeader\":\"szerz\\u0151\",\"notNull\":false,\"conditionalFormattingRules\":[],\"className\":\" column-szerz\",\"aTargets\":[2]},{\"sType\":\"string\",\"wdtType\":\"string\",\"bVisible\":true,\"orderable\":false,\"searchable\":true,\"InputType\":\"text\",\"name\":\"c\\u00edm\",\"origHeader\":\"c\\u00edm\",\"notNull\":false,\"conditionalFormattingRules\":[],\"className\":\" column-cm\",\"aTargets\":[3]},{\"sType\":\"string\",\"wdtType\":\"string\",\"bVisible\":true,\"orderable\":true,\"searchable\":true,\"InputType\":\"text\",\"name\":\"kateg\\u00f3ria\",\"origHeader\":\"kateg\\u00f3ria\",\"notNull\":false,\"conditionalFormattingRules\":[],\"className\":\" column-kategria\",\"aTargets\":[4]},{\"sType\":\"string\",\"wdtType\":\"link\",\"bVisible\":true,\"orderable\":false,\"searchable\":true,\"InputType\":\"text\",\"name\":\"link\",\"origHeader\":\"link\",\"notNull\":false,\"conditionalFormattingRules\":[],\"className\":\" column-link\",\"aTargets\":[5]},{\"sType\":\"string\",\"wdtType\":\"string\",\"bVisible\":false,\"orderable\":true,\"searchable\":true,\"InputType\":\"text\",\"name\":\"hangnem\",\"origHeader\":\"hangnem\",\"notNull\":false,\"conditionalFormattingRules\":[],\"className\":\" column-hangnem\",\"aTargets\":[6]},{\"sType\":\"string\",\"wdtType\":\"string\",\"bVisible\":false,\"orderable\":true,\"searchable\":true,\"InputType\":\"text\",\"name\":\"k\\u00f6z\\u00f6ss\\u00e9gi m\\u00e9dia platform?\",\"origHeader\":\"k\\u00f6z\\u00f6ss\\u00e9gi m\\u00e9dia platform?\",\"notNull\":false,\"conditionalFormattingRules\":[],\"className\":\" column-kzssgi-mdia-platform\",\"aTargets\":[7]},{\"sType\":\"string\",\"wdtType\":\"string\",\"bVisible\":false,\"orderable\":true,\"searchable\":true,\"InputType\":\"text\",\"name\":\"k\\u00fclf\\u00f6ldi?\",\"origHeader\":\"k\\u00fclf\\u00f6ldi?\",\"notNull\":false,\"conditionalFormattingRules\":[],\"className\":\" column-klfldi\",\"aTargets\":[8]},{\"sType\":\"string\",\"wdtType\":\"string\",\"bVisible\":true,\"orderable\":true,\"searchable\":true,\"InputType\":\"text\",\"name\":\"nyelv ha nem magyar\",\"origHeader\":\"nyelv ha nem magyar\",\"notNull\":false,\"conditionalFormattingRules\":[],\"className\":\" column-nyelv-ha-nem-magyar\",\"aTargets\":[9]},{\"sType\":\"string\",\"wdtType\":\"string\",\"bVisible\":false,\"orderable\":true,\"searchable\":true,\"InputType\":\"text\",\"name\":\"megjegyz\\u00e9s\",\"origHeader\":\"megjegyz\\u00e9s\",\"notNull\":false,\"conditionalFormattingRules\":[],\"className\":\" column-megjegyzs\",\"aTargets\":[10]}],\"bAutoWidth\":false,\"order\":[[0,\"asc\"]],\"ordering\":true,\"oLanguage\":{\"sProcessing\":\"Feldolgoz\\u00e1s...\",\"sLengthMenu\":\"_MENU_ tal\\u00e1lat oldalank\\u00e9nt\",\"sZeroRecords\":\"Nincs a keres\\u00e9snek megfelel\\u0151 tal\\u00e1lat\",\"sInfo\":\"Tal\\u00e1latok: _START_ - _END_ \\u00d6sszesen: _TOTAL_\",\"sInfoEmpty\":\"Nulla tal\\u00e1lat\",\"sInfoFiltered\":\"(_MAX_ \\u00f6sszes rekord k\\u00f6z\\u00fcl sz\\u0171rve)\",\"sInfoPostFix\":\"\",\"sSearch\":\"Keres\\u00e9s:\",\"sUrl\":\"\",\"oPaginate\":{\"sFirst\":\"Els\\u0151\",\"sPrevious\":\"El\\u0151z\\u0151\",\"sNext\":\"K\\u00f6vetkez\\u0151\",\"sLast\":\"Utols\\u00f3\"}},\"buttons\":[{\"extend\":\"print\",\"exportOptions\":{\"columns\":\":visible\",\"stripHtml\":true},\"className\":\"DTTT_button DTTT_button_print\",\"title\":\"meseorszagsajto1\",\"text\":\"Print\"},{\"extend\":\"excelHtml5\",\"exportOptions\":{\"columns\":\":visible\",\"stripHtml\":true},\"className\":\"DTTT_button DTTT_button_xls\",\"filename\":\"meseorszagsajto1\",\"title\":null,\"text\":\"Excel\"},{\"extend\":\"csvHtml5\",\"exportOptions\":{\"columns\":\":visible\",\"stripHtml\":true},\"className\":\"DTTT_button DTTT_button_csv\",\"title\":\"meseorszagsajto1\",\"text\":\"CSV\"},{\"extend\":\"copyHtml5\",\"exportOptions\":{\"columns\":\":visible\",\"stripHtml\":true},\"className\":\"DTTT_button DTTT_button_copy\",\"filename\":\"meseorszagsajto1\",\"title\":null,\"text\":\"Copy\"},{\"extend\":\"pdfHtml5\",\"exportOptions\":{\"columns\":\":visible\"},\"className\":\"DTTT_button DTTT_button_pdf\",\"orientation\":\"portrait\",\"pageSize\":\"A4\",\"title\":\"meseorszagsajto1\",\"text\":\"PDF\"}],\"oSearch\":{\"bSmart\":false,\"bRegex\":false,\"sSearch\":\"\"}},\"currentSkin\":\"skin1\",\"tabletWidth\":\"1024\",\"mobileWidth\":\"480\",\"columnsFixed\":0,\"timeFormat\":\"H:i\",\"datepickFormat\":\"yy.mm.dd\"}'\/>\n\n    <table id=\"table_1\"\n           class=\"           responsive           display nowrap data-t wpDataTable wpDataTableID-2\"\n           style=\"display: none; \"\n           data-described-by='table_1_desc'\n           data-wpdatatable_id=\"2\">\n        \n        <!-- Table header -->\n        \n<thead>\n<tr>\n                    <th\n        data-class=\"expand\"                class=\" wdtheader sort \"\n        style=\"\">Megjelen\u00e9s<\/th>        <th\n                data-hide=\"phone\"        class=\"phone wdtheader sort \"\n        style=\"\">m\u00e9dium<\/th>        <th\n                data-hide=\"phone\"        class=\"phone wdtheader sort \"\n        style=\"\">Szerz\u0151<\/th>        <th\n                data-hide=\"phone\"        class=\"phone wdtheader \"\n        style=\"\">C\u00edm<\/th>        <th\n                data-hide=\"phone\"        class=\"phone wdtheader sort \"\n        style=\"\">Kateg\u00f3ria<\/th>        <th\n                        class=\" wdtheader \"\n        style=\"\">link<\/th>        <th\n                data-hide=\"phone\"        class=\"phone wdtheader sort \"\n        style=\"\">hangnem<\/th>        <th\n                data-hide=\"phone\"        class=\"phone wdtheader sort \"\n        style=\"\">k\u00f6z\u00f6ss\u00e9gi m\u00e9dia platform?<\/th>        <th\n                data-hide=\"phone\"        class=\"phone wdtheader sort \"\n        style=\"\">k\u00fclf\u00f6ldi?<\/th>        <th\n                data-hide=\"phone\"        class=\"phone wdtheader sort \"\n        style=\"\">nyelv ha nem magyar<\/th>        <th\n                        class=\" wdtheader sort \"\n        style=\"\">megjegyz\u00e9s<\/th>    <\/tr>\n<\/thead>\n        <!-- \/Table header -->\n\n        <!-- Table body -->\n        \n<tbody>\n        <tr id=\"table_2_row_0\">\n                    <td style=\"\">2020.09.11<\/td>\n                    <td style=\"\"><a href='http:\/\/sorok-kozott.hu\/' rel=' nofollow ' target='_blank'>http:\/\/sorok-kozott.hu\/<\/a><\/td>\n                    <td style=\"\"><\/td>\n                    <td style=\"\">Meleg hamupip\u0151ke \u00e9s roma P\u00f6tt\u00f6m Panna is szerepel az \u00faj mesek\u00f6nyvben!<\/td>\n                    <td style=\"\">h\u00edr, besz\u00e1mol\u00f3, r\u00f6vid cikk<\/td>\n                    <td style=\"\"><a href='http:\/\/sorok-kozott.hu\/2020\/09\/meleg-hamupipoke-es-roma-pottom-panna-lesz-az-uj-mesekonyv-hosnoje\/' rel=' nofollow ' target='_blank'>http:\/\/sorok-kozott.hu\/2020\/09\/meleg-hamupipoke-es-roma-pottom-panna-lesz-az-uj-mesekonyv-hosnoje\/<\/a><\/td>\n                    <td style=\"\">pozit\u00edv<\/td>\n                    <td style=\"\"><\/td>\n                    <td style=\"\"><\/td>\n                    <td style=\"\"><\/td>\n                    <td style=\"\"><\/td>\n            <\/tr>\n            <tr id=\"table_2_row_1\">\n                    <td style=\"\">2020.09.11<\/td>\n                    <td style=\"\"><a href='https:\/\/www.kritikusvagyok.hu\/' rel=' nofollow ' target='_blank'>https:\/\/www.kritikusvagyok.hu\/<\/a><\/td>\n                    <td style=\"\">Nagy Boldizs\u00e1r<\/td>\n                    <td style=\"\">Mes\u00e9k k\u00fcl\u00f6nb\u00f6z\u0151 gyerekeknek<\/td>\n                    <td style=\"\">blogbejegyz\u00e9s<\/td>\n                    <td style=\"\"><a href='https:\/\/www.kritikusvagyok.hu\/post\/mes\u00e9k-k\u00fcl\u00f6nb\u00f6z\u0151-gyerekeknek' rel=' nofollow ' target='_blank'>https:\/\/www.kritikusvagyok.hu\/post\/mes\u00e9k-k\u00fcl\u00f6nb\u00f6z\u0151-gyerekeknek<\/a><\/td>\n                    <td style=\"\">pozit\u00edv<\/td>\n                    <td style=\"\"><\/td>\n                    <td style=\"\"><\/td>\n                    <td style=\"\"><\/td>\n                    <td style=\"\"><\/td>\n            <\/tr>\n            <tr id=\"table_2_row_2\">\n                    <td style=\"\">2020.09.14<\/td>\n                    <td style=\"\"><a href='https:\/\/orokbe.hu\/' rel=' nofollow ' target='_blank'>https:\/\/orokbe.hu\/<\/a><\/td>\n                    <td style=\"\">Tompa Andrea<\/td>\n                    <td style=\"\">Vaslaci<\/td>\n                    <td style=\"\">mesek\u00f6zl\u00e9s<\/td>\n                    <td style=\"\"><a href='https:\/\/orokbe.hu\/2020\/09\/14\/tompa-andrea-vaslaci\/' rel=' nofollow ' target='_blank'>https:\/\/orokbe.hu\/2020\/09\/14\/tompa-andrea-vaslaci\/<\/a><\/td>\n                    <td style=\"\">semleges<\/td>\n                    <td style=\"\"><\/td>\n                    <td style=\"\"><\/td>\n                    <td style=\"\"><\/td>\n                    <td style=\"\"><\/td>\n            <\/tr>\n            <tr id=\"table_2_row_3\">\n                    <td style=\"\">2020.09.16<\/td>\n                    <td style=\"\"><a href='https:\/\/24.hu\/' rel=' nofollow ' target='_blank'>https:\/\/24.hu\/<\/a><\/td>\n                    <td style=\"\"><\/td>\n                    <td style=\"\">Bagdy Em\u0151ke: Mindent\u0151l, ami k\u00f6nyvek megsemmis\u00edt\u00e9s\u00e9hez, m\u00e1s emberek kirekeszt\u00e9s\u00e9hez vezet, elhat\u00e1rol\u00f3dom<\/td>\n                    <td style=\"\">h\u00edr, besz\u00e1mol\u00f3, r\u00f6vid cikk<\/td>\n                    <td style=\"\"><a href='https:\/\/24.hu\/tag\/meseorszag-mindenkie\/' rel=' nofollow ' target='_blank'>https:\/\/24.hu\/tag\/meseorszag-mindenkie\/<\/a><\/td>\n                    <td style=\"\">pozit\u00edv<\/td>\n                    <td style=\"\"><\/td>\n                    <td style=\"\"><\/td>\n                    <td style=\"\"><\/td>\n                    <td style=\"\"><\/td>\n            <\/tr>\n            <tr id=\"table_2_row_4\">\n                    <td style=\"\">2020.09.17<\/td>\n                    <td style=\"\"><a href='https:\/\/www.kritikusvagyok.hu\/' rel=' nofollow ' target='_blank'>https:\/\/www.kritikusvagyok.hu\/<\/a><\/td>\n                    <td style=\"\">Nagy Boldizs\u00e1r<\/td>\n                    <td style=\"\">A Meseorsz\u00e1g mindenki\u00e9 illusztr\u00e1ci\u00f3i<\/td>\n                    <td style=\"\">blogbejegyz\u00e9s<\/td>\n                    <td style=\"\"><a href='https:\/\/www.kritikusvagyok.hu\/post\/a-meseorsz%C3%A1g-mindenki%C3%A9-illusztr%C3%A1ci%C3%B3i' rel=' nofollow ' target='_blank'>https:\/\/www.kritikusvagyok.hu\/post\/a-meseorsz%C3%A1g-mindenki%C3%A9-illusztr%C3%A1ci%C3%B3i<\/a><\/td>\n                    <td style=\"\">pozit\u00edv<\/td>\n                    <td style=\"\"><\/td>\n                    <td style=\"\"><\/td>\n                    <td style=\"\"><\/td>\n                    <td style=\"\">Nagy Boldizs\u00e1r gondolatai a mesek\u00f6nyvr\u0151l<\/td>\n            <\/tr>\n            <tr id=\"table_2_row_5\">\n                    <td style=\"\">2020.09.18<\/td>\n                    <td style=\"\"><a href='https:\/\/labrisz.hu\/' rel=' nofollow ' target='_blank'>https:\/\/labrisz.hu\/<\/a><\/td>\n                    <td style=\"\"><\/td>\n                    <td style=\"\">Megjelent a meseorsz\u00e1g mindenki\u00e9 k\u00f6tet<\/td>\n                    <td style=\"\">egy\u00e9b<\/td>\n                    <td style=\"\"><a href='https:\/\/labrisz.hu\/hirek\/megjelent_a_meseorszag_mindenkie_kotet.831.html?pageid=58' rel=' nofollow ' target='_blank'>https:\/\/labrisz.hu\/hirek\/megjelent_a_meseorszag_mindenkie_kotet.831.html?pageid=58<\/a><\/td>\n                    <td style=\"\">semleges<\/td>\n                    <td style=\"\"><\/td>\n                    <td style=\"\"><\/td>\n                    <td style=\"\"><\/td>\n                    <td style=\"\"><\/td>\n            <\/tr>\n            <tr id=\"table_2_row_6\">\n                    <td style=\"\">2020.09.18<\/td>\n                    <td style=\"\"><a href='https:\/\/www.facebook.com\/' rel=' nofollow ' target='_blank'>https:\/\/www.facebook.com\/<\/a><\/td>\n                    <td style=\"\"><\/td>\n                    <td style=\"\">Sz\u00e9p\u00edr\u00f3k T\u00e1rsas\u00e1ga k\u00f6zli az MKKE \u00fajabb nyilatkozat\u00e1t<\/td>\n                    <td style=\"\">h\u00edr, r\u00f6vid cikk<\/td>\n                    <td style=\"\"><a href='https:\/\/www.facebook.com\/SzepirokTarsasaga\/photos\/a.123978214414489\/2249827238496232\/' rel=' nofollow ' target='_blank'>https:\/\/www.facebook.com\/SzepirokTarsasaga\/photos\/a.123978214414489\/2249827238496232\/<\/a><\/td>\n                    <td style=\"\">pozit\u00edv<\/td>\n                    <td style=\"\">fb<\/td>\n                    <td style=\"\"><\/td>\n                    <td style=\"\"><\/td>\n                    <td style=\"\">Sz\u00e9p\u00edr\u00f3k T\u00e1rsas\u00e1ga k\u00f6zli az MKKE \u00fajabb nyilatkozat\u00e1t<\/td>\n            <\/tr>\n            <tr id=\"table_2_row_7\">\n                    <td style=\"\">2020.09.19<\/td>\n                    <td style=\"\"><a href='https:\/\/prizma.blogstar.hu\/' rel=' nofollow ' target='_blank'>https:\/\/prizma.blogstar.hu\/<\/a><\/td>\n                    <td style=\"\">Tam\u00e1s<\/td>\n                    <td style=\"\">Itt a meleg Hamupip\u0151ke -- Megjelent az els\u0151 magyar LMBTQ mesek\u00f6nyv<\/td>\n                    <td style=\"\">blogbejegyz\u00e9s<\/td>\n                    <td style=\"\"><a href='https:\/\/prizma.blogstar.hu\/2020\/09\/19\/itt-a-meleg-hamupipoke-megjelent-az-elso-magyar-lmbtq-mesekonyv\/100353\/' rel=' nofollow ' target='_blank'>https:\/\/prizma.blogstar.hu\/2020\/09\/19\/itt-a-meleg-hamupipoke-megjelent-az-elso-magyar-lmbtq-mesekonyv\/100353\/<\/a><\/td>\n                    <td style=\"\">pozit\u00edv<\/td>\n                    <td style=\"\"><\/td>\n                    <td style=\"\"><\/td>\n                    <td style=\"\"><\/td>\n                    <td style=\"\"><\/td>\n            <\/tr>\n            <tr id=\"table_2_row_8\">\n                    <td style=\"\">2020.09.20<\/td>\n                    <td style=\"\"><a href='https:\/\/www.youtube.com\/' rel=' nofollow ' target='_blank'>https:\/\/www.youtube.com\/<\/a><\/td>\n                    <td style=\"\">Labrisz<\/td>\n                    <td style=\"\">Meseorsz\u00e1g mindenki\u00e9 - k\u00f6nyvbemutat\u00f3<\/td>\n                    <td style=\"\">vide\u00f3<\/td>\n                    <td style=\"\"><a href='https:\/\/www.youtube.com\/watch?v=fR3ZecdgR68' rel=' nofollow ' target='_blank'>https:\/\/www.youtube.com\/watch?v=fR3ZecdgR68<\/a><\/td>\n                    <td style=\"\">pozit\u00edv<\/td>\n                    <td style=\"\">youtube<\/td>\n                    <td style=\"\"><\/td>\n                    <td style=\"\"><\/td>\n                    <td style=\"\">K\u00f6nyvbemutat\u00f3, Massolit K\u00f6nyvesbolt<\/td>\n            <\/tr>\n            <tr id=\"table_2_row_9\">\n                    <td style=\"\">2020.09.20<\/td>\n                    <td style=\"\"><a href='https:\/\/vadhajtasok.hu\/' rel=' nofollow ' target='_blank'>https:\/\/vadhajtasok.hu\/<\/a><\/td>\n                    <td style=\"\"><\/td>\n                    <td style=\"\">Meg\u00e9rkezett a leszbikus Hamupip\u0151ke - kiadt\u00e1k az els\u0151 LMBTQ mesek\u00f6nyvet<\/td>\n                    <td style=\"\">v\u00e9lem\u00e9ny<\/td>\n                    <td style=\"\"><a href='https:\/\/vadhajtasok.hu\/2020\/09\/20\/megerkezett-a-leszbikus-hamupipoke-kiadtak-az-elso-lmbtq-mesekonyvet' rel=' nofollow ' target='_blank'>https:\/\/vadhajtasok.hu\/2020\/09\/20\/megerkezett-a-leszbikus-hamupipoke-kiadtak-az-elso-lmbtq-mesekonyvet<\/a><\/td>\n                    <td style=\"\">negat\u00edv<\/td>\n                    <td style=\"\"><\/td>\n                    <td style=\"\"><\/td>\n                    <td style=\"\"><\/td>\n                    <td style=\"\"><\/td>\n            <\/tr>\n            <tr id=\"table_2_row_10\">\n                    <td style=\"\">2020.09.20<\/td>\n                    <td style=\"\"><a href='https:\/\/kuruc.info\/' rel=' nofollow ' target='_blank'>https:\/\/kuruc.info\/<\/a><\/td>\n                    <td style=\"\"><\/td>\n                    <td style=\"\">Meseorsz\u00e1g mindenki\u00e9? \u2013 Heti progresszi\u00f3 (XLVI. r\u00e9sz)<\/td>\n                    <td style=\"\">v\u00e9lem\u00e9ny<\/td>\n                    <td style=\"\"><a href='https:\/\/kuruc.info\/r\/6\/218234\/' rel=' nofollow ' target='_blank'>https:\/\/kuruc.info\/r\/6\/218234\/<\/a><\/td>\n                    <td style=\"\">negat\u00edv<\/td>\n                    <td style=\"\"><\/td>\n                    <td style=\"\"><\/td>\n                    <td style=\"\"><\/td>\n                    <td style=\"\"><\/td>\n            <\/tr>\n            <tr id=\"table_2_row_11\">\n                    <td style=\"\">2020.09.20<\/td>\n                    <td style=\"\"><a href='https:\/\/888.hu\/' rel=' nofollow ' target='_blank'>https:\/\/888.hu\/<\/a><\/td>\n                    <td style=\"\">Horv\u00e1th Tam\u00e1s<\/td>\n                    <td style=\"\">Megjelent az els\u0151 magyar LMBTQ-mesek\u00f6nyv<\/td>\n                    <td style=\"\">h\u00edr, r\u00f6vid cikk<\/td>\n                    <td style=\"\"><a href='https:\/\/888.hu\/kinyilott-a-pitypang\/megjelent-az-elso-magyar-lmbtq-mesekonyv-4273423\/' rel=' nofollow ' target='_blank'>https:\/\/888.hu\/kinyilott-a-pitypang\/megjelent-az-elso-magyar-lmbtq-mesekonyv-4273423\/<\/a><\/td>\n                    <td style=\"\">negat\u00edv<\/td>\n                    <td style=\"\"><\/td>\n                    <td style=\"\"><\/td>\n                    <td style=\"\"><\/td>\n                    <td style=\"\"><\/td>\n            <\/tr>\n            <tr id=\"table_2_row_12\">\n                    <td style=\"\">2020.09.20<\/td>\n                    <td style=\"\"><a href='https:\/\/www.szilajcsiko.hu\/' rel=' nofollow ' target='_blank'>https:\/\/www.szilajcsiko.hu\/<\/a><\/td>\n                    <td style=\"\">Tam\u00e1s<\/td>\n                    <td style=\"\">Itt a meleg Hamupip\u0151ke \u2013 Megjelent az els\u0151 magyar LMBTQ mesek\u00f6nyv<\/td>\n                    <td style=\"\">blogbejegyz\u00e9s<\/td>\n                    <td style=\"\"><a href='https:\/\/www.szilajcsiko.hu\/single-post\/2020\/09\/20\/ITT-A-MELEG-HAMUPIP\u0150KE-\u2013-MEGJELENT-AZ-ELS\u0150-MAGYAR-LMBTQ-MESEK\u00d6NYV' rel=' nofollow ' target='_blank'>https:\/\/www.szilajcsiko.hu\/single-post\/2020\/09\/20\/ITT-A-MELEG-HAMUPIP\u0150KE-\u2013-MEGJELENT-AZ-ELS\u0150-MAGYAR-LMBTQ-MESEK\u00d6NYV<\/a><\/td>\n                    <td style=\"\">negat\u00edv<\/td>\n                    <td style=\"\"><\/td>\n                    <td style=\"\"><\/td>\n                    <td style=\"\"><\/td>\n                    <td style=\"\"><\/td>\n            <\/tr>\n            <tr id=\"table_2_row_13\">\n                    <td style=\"\">2020.09.21<\/td>\n                    <td style=\"\"><a href='https:\/\/tilos.hu\/' rel=' nofollow ' target='_blank'>https:\/\/tilos.hu\/<\/a><\/td>\n                    <td style=\"\">D\u00e1vid Ferenc<\/td>\n                    <td style=\"\">7t\u00e9r\u00edt\u0151<\/td>\n                    <td style=\"\">r\u00e1di\u00f3<\/td>\n                    <td style=\"\"><a href='https:\/\/tilos.hu\/episode\/7terito\/2020\/09\/21' rel=' nofollow ' target='_blank'>https:\/\/tilos.hu\/episode\/7terito\/2020\/09\/21<\/a><\/td>\n                    <td style=\"\">pozit\u00edv<\/td>\n                    <td style=\"\"><\/td>\n                    <td style=\"\"><\/td>\n                    <td style=\"\"><\/td>\n                    <td style=\"\">(k\u00f6nyvbemutat\u00f3r\u00f3l, 1:22-1:27)<\/td>\n            <\/tr>\n            <tr id=\"table_2_row_14\">\n                    <td style=\"\">2020.09.22<\/td>\n                    <td style=\"\"><a href='https:\/\/civishir.hu\/' rel=' nofollow ' target='_blank'>https:\/\/civishir.hu\/<\/a><\/td>\n                    <td style=\"\"><\/td>\n                    <td style=\"\">Amikor a herceg nem a kir\u00e1lyl\u00e1nyba szeret bele, hanem a bar\u00e1tj\u00e1ba<\/td>\n                    <td style=\"\">h\u00edr, besz\u00e1mol\u00f3, r\u00f6vid cikk<\/td>\n                    <td style=\"\"><a href='https:\/\/civishir.hu\/kozelet\/2020\/09\/amikor-a-herceg-nem-a-kiralylanyba-szeret-bele-hanem-a-baratjaba' rel=' nofollow ' target='_blank'>https:\/\/civishir.hu\/kozelet\/2020\/09\/amikor-a-herceg-nem-a-kiralylanyba-szeret-bele-hanem-a-baratjaba<\/a><\/td>\n                    <td style=\"\">semleges<\/td>\n                    <td style=\"\"><\/td>\n                    <td style=\"\"><\/td>\n                    <td style=\"\"><\/td>\n                    <td style=\"\">uaz<\/td>\n            <\/tr>\n            <tr id=\"table_2_row_15\">\n                    <td style=\"\">2020.09.22<\/td>\n                    <td style=\"\"><a href='https:\/\/borsodihir.hu\/' rel=' nofollow ' target='_blank'>https:\/\/borsodihir.hu\/<\/a><\/td>\n                    <td style=\"\"><\/td>\n                    <td style=\"\">Megjelent az els\u0151 magyar LMBTQ mesek\u00f6nyv<\/td>\n                    <td style=\"\">h\u00edr, besz\u00e1mol\u00f3, r\u00f6vid cikk<\/td>\n                    <td style=\"\"><a href='https:\/\/borsodihir.hu\/kozelet\/2020\/09\/amikor-a-herceg-nem-a-kiralylanyba-szeret-bele-hanem-a-baratjaba' rel=' nofollow ' target='_blank'>https:\/\/borsodihir.hu\/kozelet\/2020\/09\/amikor-a-herceg-nem-a-kiralylanyba-szeret-bele-hanem-a-baratjaba<\/a><\/td>\n                    <td style=\"\">semleges<\/td>\n                    <td style=\"\"><\/td>\n                    <td style=\"\"><\/td>\n                    <td style=\"\"><\/td>\n                    <td style=\"\">uaz<\/td>\n            <\/tr>\n            <tr id=\"table_2_row_16\">\n                    <td style=\"\">2020.09.22<\/td>\n                    <td style=\"\"><a href='https:\/\/magyarjelen.hu\/' rel=' nofollow ' target='_blank'>https:\/\/magyarjelen.hu\/<\/a><\/td>\n                    <td style=\"\"><\/td>\n                    <td style=\"\">M\u00e1r mesek\u00f6nyvben is diszkrimin\u00e1lj\u00e1k a normalit\u00e1st<\/td>\n                    <td style=\"\">v\u00e9lem\u00e9ny<\/td>\n                    <td style=\"\"><a href='https:\/\/magyarjelen.hu\/mar-mesekonyven-is-diszkriminaljak-a-normalitast\/' rel=' nofollow ' target='_blank'>https:\/\/magyarjelen.hu\/mar-mesekonyven-is-diszkriminaljak-a-normalitast\/<\/a><\/td>\n                    <td style=\"\">negat\u00edv<\/td>\n                    <td style=\"\"><\/td>\n                    <td style=\"\"><\/td>\n                    <td style=\"\"><\/td>\n                    <td style=\"\"><\/td>\n            <\/tr>\n            <tr id=\"table_2_row_17\">\n                    <td style=\"\">2020.09.22<\/td>\n                    <td style=\"\"><a href='http:\/\/www.ma.hu\/' rel=' nofollow ' target='_blank'>http:\/\/www.ma.hu\/<\/a><\/td>\n                    <td style=\"\"><\/td>\n                    <td style=\"\">Megjelent az els\u0151 magyar LMBTQ mesek\u00f6nyv<\/td>\n                    <td style=\"\">h\u00edr, r\u00f6vid cikk<\/td>\n                    <td style=\"\"><a href='http:\/\/www.ma.hu\/eletmod.hu\/351514\/Megjelent_az_elso_magyar_LMBTQ_mesekonyv' rel=' nofollow ' target='_blank'>http:\/\/www.ma.hu\/eletmod.hu\/351514\/Megjelent_az_elso_magyar_LMBTQ_mesekonyv<\/a><\/td>\n                    <td style=\"\">negat\u00edv<\/td>\n                    <td style=\"\"><\/td>\n                    <td style=\"\"><\/td>\n                    <td style=\"\"><\/td>\n                    <td style=\"\"><\/td>\n            <\/tr>\n            <tr id=\"table_2_row_18\">\n                    <td style=\"\">2020.09.22<\/td>\n                    <td style=\"\"><a href='https:\/\/hirado.hu\/' rel=' nofollow ' target='_blank'>https:\/\/hirado.hu\/<\/a><\/td>\n                    <td style=\"\"><\/td>\n                    <td style=\"\">LMBTQ-mes\u00e9k \u2013 Amikor a gy\u00f6ny\u00f6r\u0171 kir\u00e1lyl\u00e1ny \u00e9s a boszorka egym\u00e1sba szeret<\/td>\n                    <td style=\"\">h\u00edr, r\u00f6vid cikk<\/td>\n                    <td style=\"\"><a href='https:\/\/hirado.hu\/belfold\/kozelet\/cikk\/2020\/09\/22\/atirt-mesek-megjelent-az-elso-magyar-lmbtq-mesekonyv' rel=' nofollow ' target='_blank'>https:\/\/hirado.hu\/belfold\/kozelet\/cikk\/2020\/09\/22\/atirt-mesek-megjelent-az-elso-magyar-lmbtq-mesekonyv<\/a><\/td>\n                    <td style=\"\">negat\u00edv<\/td>\n                    <td style=\"\"><\/td>\n                    <td style=\"\"><\/td>\n                    <td style=\"\"><\/td>\n                    <td style=\"\"><\/td>\n            <\/tr>\n            <tr id=\"table_2_row_19\">\n                    <td style=\"\">2020.09.23<\/td>\n                    <td style=\"\"><a href='https:\/\/index.hu\/' rel=' nofollow ' target='_blank'>https:\/\/index.hu\/<\/a><\/td>\n                    <td style=\"\">Ambrus Bal\u00e1zs<\/td>\n                    <td style=\"\">Gendermes\u00e9k magyarul<\/td>\n                    <td style=\"\">h\u00edr, besz\u00e1mol\u00f3, r\u00f6vid cikk<\/td>\n                    <td style=\"\"><a href='https:\/\/index.hu\/belfold\/2020\/09\/23\/meleg_transznemu_es_leszbikus_hosok_az_uj_mesekonyvben\/' rel=' nofollow ' target='_blank'>https:\/\/index.hu\/belfold\/2020\/09\/23\/meleg_transznemu_es_leszbikus_hosok_az_uj_mesekonyvben\/<\/a><\/td>\n                    <td style=\"\">semleges<\/td>\n                    <td style=\"\"><\/td>\n                    <td style=\"\"><\/td>\n                    <td style=\"\"><\/td>\n                    <td style=\"\"><\/td>\n            <\/tr>\n            <tr id=\"table_2_row_20\">\n                    <td style=\"\">2020.09.23<\/td>\n                    <td style=\"\"><a href='https:\/\/vasarnap.hu\/' rel=' nofollow ' target='_blank'>https:\/\/vasarnap.hu\/<\/a><\/td>\n                    <td style=\"\"><\/td>\n                    <td style=\"\">Megjelent az els\u0151 LMBTQ-mesek\u00f6nyv<\/td>\n                    <td style=\"\">h\u00edr, r\u00f6vid cikk<\/td>\n                    <td style=\"\"><a href='https:\/\/vasarnap.hu\/2020\/09\/23\/megjelent-az-elso-lmbtq-mesekonyv\/' rel=' nofollow ' target='_blank'>https:\/\/vasarnap.hu\/2020\/09\/23\/megjelent-az-elso-lmbtq-mesekonyv\/<\/a><\/td>\n                    <td style=\"\">negat\u00edv<\/td>\n                    <td style=\"\"><\/td>\n                    <td style=\"\"><\/td>\n                    <td style=\"\"><\/td>\n                    <td style=\"\"><\/td>\n            <\/tr>\n            <tr id=\"table_2_row_21\">\n                    <td style=\"\">2020.09.23<\/td>\n                    <td style=\"\"><a href='https:\/\/citizengo.org\/' rel=' nofollow ' target='_blank'>https:\/\/citizengo.org\/<\/a><\/td>\n                    <td style=\"\">Schittl eszter<\/td>\n                    <td style=\"\">Vegye le k\u00edn\u00e1lat\u00e1b\u00f3l az LMBTQ-propaganda mesek\u00f6nyvet a Pagony gyerekk\u00f6nyvesbolt \u00e9s a t\u00f6bbi \u00e1rus\u00edt\u00f3hely!<\/td>\n                    <td style=\"\">h\u00edr, r\u00f6vid cikk<\/td>\n                    <td style=\"\"><a href='https:\/\/citizengo.org\/hu\/fm\/182339-vegye-le-kinalatabol-az-lmbtq-mesekonyvet-pagony-gyerekkonyvesbolt-tobbi-arusitohely' rel=' nofollow ' target='_blank'>https:\/\/citizengo.org\/hu\/fm\/182339-vegye-le-kinalatabol-az-lmbtq-mesekonyvet-pagony-gyerekkonyvesbolt-tobbi-arusitohely<\/a><\/td>\n                    <td style=\"\">negat\u00edv<\/td>\n                    <td style=\"\"><\/td>\n                    <td style=\"\"><\/td>\n                    <td style=\"\"><\/td>\n                    <td style=\"\"><\/td>\n            <\/tr>\n            <tr id=\"table_2_row_22\">\n                    <td style=\"\">2020.09.24<\/td>\n                    <td style=\"\"><a href='https:\/\/www.identitas.co\/' rel=' nofollow ' target='_blank'>https:\/\/www.identitas.co\/<\/a><\/td>\n                    <td style=\"\">Jakab Istv\u00e1n<\/td>\n                    <td style=\"\">Mesek\u00f6nyv \u00e9get\u00e9sre k\u00e9sz\u00fcl a Mi Haz\u00e1nk?<\/td>\n                    <td style=\"\">h\u00edr, besz\u00e1mol\u00f3, r\u00f6vid cikk<\/td>\n                    <td style=\"\"><a href='https:\/\/www.identitas.co\/post\/mesekonyvegetesre-keszul-a-mi-hazank' rel=' nofollow ' target='_blank'>https:\/\/www.identitas.co\/post\/mesekonyvegetesre-keszul-a-mi-hazank<\/a><\/td>\n                    <td style=\"\">pozit\u00edv<\/td>\n                    <td style=\"\"><\/td>\n                    <td style=\"\"><\/td>\n                    <td style=\"\"><\/td>\n                    <td style=\"\"><\/td>\n            <\/tr>\n            <tr id=\"table_2_row_23\">\n                    <td style=\"\">2020.09.24<\/td>\n                    <td style=\"\"><a href='http:\/\/szentkoronaradio.com\/' rel=' nofollow ' target='_blank'>http:\/\/szentkoronaradio.com\/<\/a><\/td>\n                    <td style=\"\"><\/td>\n                    <td style=\"\">Csipkej\u00f3zsika \u00e9s a Cs\u00e1sz\u00e1r \u00faj szokny\u00e1ja \u2013 LMBTQP mesek\u00f6nyv a Labrisz gondoz\u00e1s\u00e1ban<\/td>\n                    <td style=\"\">h\u00edr, r\u00f6vid cikk<\/td>\n                    <td style=\"\"><a href='http:\/\/szentkoronaradio.com\/blog\/2020\/09\/24\/csipkejozsika-es-a-csaszar-uj-szoknyaja-lmbtqp-mesekonyv-a-labrisz-gondozasaban\/' rel=' nofollow ' target='_blank'>http:\/\/szentkoronaradio.com\/blog\/2020\/09\/24\/csipkejozsika-es-a-csaszar-uj-szoknyaja-lmbtqp-mesekonyv-a-labrisz-gondozasaban\/<\/a><\/td>\n                    <td style=\"\">negat\u00edv<\/td>\n                    <td style=\"\"><\/td>\n                    <td style=\"\"><\/td>\n                    <td style=\"\"><\/td>\n                    <td style=\"\"><\/td>\n            <\/tr>\n            <tr id=\"table_2_row_24\">\n                    <td style=\"\">2020.09.24<\/td>\n                    <td style=\"\"><a href='https:\/\/magyarnemzet.hu\/' rel=' nofollow ' target='_blank'>https:\/\/magyarnemzet.hu\/<\/a><\/td>\n                    <td style=\"\">Pataki Tam\u00e1s<\/td>\n                    <td style=\"\">Utaz\u00e1s Mesetan\u00e1csk\u00f6zt\u00e1rsas\u00e1gba<\/td>\n                    <td style=\"\">v\u00e9lem\u00e9ny<\/td>\n                    <td style=\"\"><a href='https:\/\/magyarnemzet.hu\/poszt-trauma\/utazas-mesetanacskoztarsasagba-8709927\/' rel=' nofollow ' target='_blank'>https:\/\/magyarnemzet.hu\/poszt-trauma\/utazas-mesetanacskoztarsasagba-8709927\/<\/a><\/td>\n                    <td style=\"\">negat\u00edv<\/td>\n                    <td style=\"\"><\/td>\n                    <td style=\"\"><\/td>\n                    <td style=\"\"><\/td>\n                    <td style=\"\"><\/td>\n            <\/tr>\n            <tr id=\"table_2_row_25\">\n                    <td style=\"\">2020.09.24<\/td>\n                    <td style=\"\"><a href='https:\/\/www.identitas.co\/' rel=' nofollow ' target='_blank'>https:\/\/www.identitas.co\/<\/a><\/td>\n                    <td style=\"\">Jakab Istv\u00e1n<\/td>\n                    <td style=\"\">Mesek\u00f6nyv\u00e9get\u00e9sre k\u00e9sz\u00fcl a Mi Haz\u00e1nk?<\/td>\n                    <td style=\"\">h\u00edr, besz\u00e1mol\u00f3, r\u00f6vid cikk<\/td>\n                    <td style=\"\"><a href='https:\/\/www.identitas.co\/post\/mesekonyvegetesre-keszul-a-mi-hazank?fbclid=IwAR0Z3dWWMmOG4nhO5BYr3WwFowQHQA_Fv-XwdT0nq1eOXFqofzuAaa5iyyc' rel=' nofollow ' target='_blank'>https:\/\/www.identitas.co\/post\/mesekonyvegetesre-keszul-a-mi-hazank?fbclid=IwAR0Z3dWWMmOG4nhO5BYr3WwFowQHQA_Fv-XwdT0nq1eOXFqofzuAaa5iyyc<\/a><\/td>\n                    <td style=\"\">pozit\u00edv<\/td>\n                    <td style=\"\"><\/td>\n                    <td style=\"\"><\/td>\n                    <td style=\"\"><\/td>\n                    <td style=\"\"><\/td>\n            <\/tr>\n            <tr id=\"table_2_row_26\">\n                    <td style=\"\">2020.09.25<\/td>\n                    <td style=\"\"><a href='https:\/\/magyarnarancs.hu\/' rel=' nofollow ' target='_blank'>https:\/\/magyarnarancs.hu\/<\/a><\/td>\n                    <td style=\"\"><\/td>\n                    <td style=\"\">D\u00far\u00f3 D\u00f3ra ledar\u00e1lt egy mesek\u00f6nyvet, mert szerinte meseorsz\u00e1g nem az aberr\u00e1ltak\u00e9<\/td>\n                    <td style=\"\">h\u00edr, besz\u00e1mol\u00f3, r\u00f6vid cikk<\/td>\n                    <td style=\"\"><a href='https:\/\/magyarnarancs.hu\/feketelyuk\/duro-dora-ledaralt-egy-mesekonyvet-mert-szerinte-meseorszag-nem-az-aberraltake-133498' rel=' nofollow ' target='_blank'>https:\/\/magyarnarancs.hu\/feketelyuk\/duro-dora-ledaralt-egy-mesekonyvet-mert-szerinte-meseorszag-nem-az-aberraltake-133498<\/a><\/td>\n                    <td style=\"\">pozit\u00edv<\/td>\n                    <td style=\"\"><\/td>\n                    <td style=\"\"><\/td>\n                    <td style=\"\"><\/td>\n                    <td style=\"\"><\/td>\n            <\/tr>\n            <tr id=\"table_2_row_27\">\n                    <td style=\"\">2020.09.25<\/td>\n                    <td style=\"\"><a href='https:\/\/humenonline.hu\/' rel=' nofollow ' target='_blank'>https:\/\/humenonline.hu\/<\/a><\/td>\n                    <td style=\"\">Kocsis G. J\u00e1nos<\/td>\n                    <td style=\"\">Meseorsz\u00e1g nem az aberr\u00e1ltak\u00e9 \u2013 D\u00far\u00f3 D\u00f3ra ledar\u00e1lt egy mesek\u00f6nyvet<\/td>\n                    <td style=\"\">h\u00edr, besz\u00e1mol\u00f3, r\u00f6vid cikk<\/td>\n                    <td style=\"\"><a href='https:\/\/humenonline.hu\/meseorszag-nem-az-aberraltake-duro-dora-ledaralt-egy-mesekonyvet' rel=' nofollow ' target='_blank'>https:\/\/humenonline.hu\/meseorszag-nem-az-aberraltake-duro-dora-ledaralt-egy-mesekonyvet<\/a><\/td>\n                    <td style=\"\">pozit\u00edv<\/td>\n                    <td style=\"\"><\/td>\n                    <td style=\"\"><\/td>\n                    <td style=\"\"><\/td>\n                    <td style=\"\"><\/td>\n            <\/tr>\n            <tr id=\"table_2_row_28\">\n                    <td style=\"\">2020.09.26<\/td>\n                    <td style=\"\"><a href='https:\/\/www.facebook.com\/' rel=' nofollow ' target='_blank'>https:\/\/www.facebook.com\/<\/a><\/td>\n                    <td style=\"\">Tompa Andrea<\/td>\n                    <td style=\"\">#k\u00e9ziratnem\u00e9gel<\/td>\n                    <td style=\"\">FB-poszt<\/td>\n                    <td style=\"\"><a href='https:\/\/www.facebook.com\/tompa.andrea.writer\/photos\/a.879253565454766\/3410871838959580\/' rel=' nofollow ' target='_blank'>https:\/\/www.facebook.com\/tompa.andrea.writer\/photos\/a.879253565454766\/3410871838959580\/<\/a><\/td>\n                    <td style=\"\">pozit\u00edv<\/td>\n                    <td style=\"\">fb<\/td>\n                    <td style=\"\"><\/td>\n                    <td style=\"\"><\/td>\n                    <td style=\"\"><\/td>\n            <\/tr>\n            <tr id=\"table_2_row_29\">\n                    <td style=\"\">2020.09.26<\/td>\n                    <td style=\"\"><a href='https:\/\/www.facebook.com\/' rel=' nofollow ' target='_blank'>https:\/\/www.facebook.com\/<\/a><\/td>\n                    <td style=\"\">Konok P\u00e9ter<\/td>\n                    <td style=\"\"><\/td>\n                    <td style=\"\">FB-poszt<\/td>\n                    <td style=\"\"><a href='https:\/\/www.facebook.com\/konokp\/photos\/a.139021966836603\/813011619437631' rel=' nofollow ' target='_blank'>https:\/\/www.facebook.com\/konokp\/photos\/a.139021966836603\/813011619437631<\/a><\/td>\n                    <td style=\"\">pozit\u00edv<\/td>\n                    <td style=\"\">fb<\/td>\n                    <td style=\"\"><\/td>\n                    <td style=\"\"><\/td>\n                    <td style=\"\"><\/td>\n            <\/tr>\n            <tr id=\"table_2_row_30\">\n                    <td style=\"\">2020.09.26<\/td>\n                    <td style=\"\"><a href='https:\/\/24.hu\/' rel=' nofollow ' target='_blank'>https:\/\/24.hu\/<\/a><\/td>\n                    <td style=\"\">Bodn\u00e1r Judit Lola<\/td>\n                    <td style=\"\">A h\u00e1romf\u00fcl\u0171 nyuszi, a gy\u00e1szol\u00f3 gonosz mostoha, \u00e9s H\u00fcvelyk Panna, akinek a v\u00e1l\u00e1s lett a happy end<\/td>\n                    <td style=\"\">publicisztika<\/td>\n                    <td style=\"\"><a href='https:\/\/24.hu\/kultura\/2020\/09\/26\/meseorszag-mindenkie-mesekonyv-gyerekkonyv-labrisz-ejha-konyv\/' rel=' nofollow ' target='_blank'>https:\/\/24.hu\/kultura\/2020\/09\/26\/meseorszag-mindenkie-mesekonyv-gyerekkonyv-labrisz-ejha-konyv\/<\/a><\/td>\n                    <td style=\"\">pozit\u00edv<\/td>\n                    <td style=\"\"><\/td>\n                    <td style=\"\"><\/td>\n                    <td style=\"\"><\/td>\n                    <td style=\"\"><\/td>\n            <\/tr>\n            <tr id=\"table_2_row_31\">\n                    <td style=\"\">2020.09.26<\/td>\n                    <td style=\"\"><a href='https:\/\/magyarnemzet.hu\/' rel=' nofollow ' target='_blank'>https:\/\/magyarnemzet.hu\/<\/a><\/td>\n                    <td style=\"\">Nagy Orsolya<\/td>\n                    <td style=\"\">Elt\u0171ntek a kisfi\u00fak \u00e9s a kisl\u00e1nyok a halad\u00f3 V\u00e1con&nbsp;<\/td>\n                    <td style=\"\">h\u00edr, r\u00f6vid cikk<\/td>\n                    <td style=\"\"><a href='https:\/\/magyarnemzet.hu\/belfold\/eltuntek-a-kisfiuk-es-a-kislanyok-a-halado-vacon-8720283\/' rel=' nofollow ' target='_blank'>https:\/\/magyarnemzet.hu\/belfold\/eltuntek-a-kisfiuk-es-a-kislanyok-a-halado-vacon-8720283\/<\/a><\/td>\n                    <td style=\"\">negat\u00edv<\/td>\n                    <td style=\"\"><\/td>\n                    <td style=\"\"><\/td>\n                    <td style=\"\"><\/td>\n                    <td style=\"\"><\/td>\n            <\/tr>\n            <tr id=\"table_2_row_32\">\n                    <td style=\"\">2020.09.27<\/td>\n                    <td style=\"\"><a href='https:\/\/www.facebook.com\/' rel=' nofollow ' target='_blank'>https:\/\/www.facebook.com\/<\/a><\/td>\n                    <td style=\"\">Drogriporter<\/td>\n                    <td style=\"\"><\/td>\n                    <td style=\"\">FB-poszt<\/td>\n                    <td style=\"\"><a href='https:\/\/www.facebook.com\/drogriporter\/photos\/a.382747466103\/10157488242391104\/?type=3&amp;theater' rel=' nofollow ' target='_blank'>https:\/\/www.facebook.com\/drogriporter\/photos\/a.382747466103\/10157488242391104\/?type=3&amp;theater<\/a><\/td>\n                    <td style=\"\">pozit\u00edv<\/td>\n                    <td style=\"\">fb<\/td>\n                    <td style=\"\"><\/td>\n                    <td style=\"\"><\/td>\n                    <td style=\"\"><\/td>\n            <\/tr>\n            <tr id=\"table_2_row_33\">\n                    <td style=\"\">2020.09.27<\/td>\n                    <td style=\"\"><a href='https:\/\/24.hu\/' rel=' nofollow ' target='_blank'>https:\/\/24.hu\/<\/a><\/td>\n                    <td style=\"\">M\u00e9sz\u00e1ros J\u00falia<\/td>\n                    <td style=\"\">Szab\u00f3 Andr\u00e1s Csuti D\u00far\u00f3 D\u00f3ra k\u00f6nyvdar\u00e1l\u00e1s\u00e1r\u00f3l: Ahol k\u00f6nyveket \u00e9getnek, ott v\u00e9g\u00fcl embereket is fognak<\/td>\n                    <td style=\"\">interj\u00fa<\/td>\n                    <td style=\"\"><a href='https:\/\/24.hu\/szorakozas\/2020\/09\/27\/szabo-andras-csuti-duro-dora-konyvdaralas-meseorszag-mindenkie\/' rel=' nofollow ' target='_blank'>https:\/\/24.hu\/szorakozas\/2020\/09\/27\/szabo-andras-csuti-duro-dora-konyvdaralas-meseorszag-mindenkie\/<\/a><\/td>\n                    <td style=\"\">pozit\u00edv<\/td>\n                    <td style=\"\"><\/td>\n                    <td style=\"\"><\/td>\n                    <td style=\"\"><\/td>\n                    <td style=\"\"><\/td>\n            <\/tr>\n            <tr id=\"table_2_row_34\">\n                    <td style=\"\">2020.09.27<\/td>\n                    <td style=\"\"><a href='https:\/\/www.szeretlekmagyarorszag.hu\/' rel=' nofollow ' target='_blank'>https:\/\/www.szeretlekmagyarorszag.hu\/<\/a><\/td>\n                    <td style=\"\"><\/td>\n                    <td style=\"\">D\u00far\u00f3 D\u00f3ra ledar\u00e1lt egy mesek\u00f6nyvet, mert homoszexu\u00e1lis \u00e9s transznem\u0171 szerepl\u0151k is vannak benne<\/td>\n                    <td style=\"\">h\u00edr, besz\u00e1mol\u00f3, r\u00f6vid cikk<\/td>\n                    <td style=\"\"><a href='https:\/\/www.szeretlekmagyarorszag.hu\/rekord-44-millio-forintra-buntette-a-krumplis-akcioja-miatt-jakab-petert-kover-laszlo\/' rel=' nofollow ' target='_blank'>https:\/\/www.szeretlekmagyarorszag.hu\/rekord-44-millio-forintra-buntette-a-krumplis-akcioja-miatt-jakab-petert-kover-laszlo\/<\/a><\/td>\n                    <td style=\"\">semleges<\/td>\n                    <td style=\"\"><\/td>\n                    <td style=\"\"><\/td>\n                    <td style=\"\"><\/td>\n                    <td style=\"\"><\/td>\n            <\/tr>\n            <tr id=\"table_2_row_35\">\n                    <td style=\"\">2020.09.27<\/td>\n                    <td style=\"\"><a href='https:\/\/www.facebook.com\/' rel=' nofollow ' target='_blank'>https:\/\/www.facebook.com\/<\/a><\/td>\n                    <td style=\"\">Moln\u00e1r Krisztina Rita<\/td>\n                    <td style=\"\">Ovidiust nem lehet ledar\u00e1lni<\/td>\n                    <td style=\"\">FB-poszt<\/td>\n                    <td style=\"\"><a href='https:\/\/www.facebook.com\/permalink.php?story_fbid=3361010587326110&amp;id=823251644435363' rel=' nofollow ' target='_blank'>https:\/\/www.facebook.com\/permalink.php?story_fbid=3361010587326110&amp;id=823251644435363<\/a><\/td>\n                    <td style=\"\">pozit\u00edv<\/td>\n                    <td style=\"\">fb<\/td>\n                    <td style=\"\"><\/td>\n                    <td style=\"\"><\/td>\n                    <td style=\"\"><\/td>\n            <\/tr>\n            <tr id=\"table_2_row_36\">\n                    <td style=\"\">2020.09.28<\/td>\n                    <td style=\"\"><a href='https:\/\/hubbyinfo.blogspot.com\/' rel=' nofollow ' target='_blank'>https:\/\/hubbyinfo.blogspot.com\/<\/a><\/td>\n                    <td style=\"\"><\/td>\n                    <td style=\"\">A HUBBY - Magyar Gyerekk\u00f6nyv F\u00f3rum \u00e1ll\u00e1sfoglal\u00e1sa a Meseorsz\u00e1g mindenki\u00e9 c\u00edm\u0171 k\u00f6nyv megjelen\u00e9se \u00e9s fogadtat\u00e1sa k\u00f6r\u00fcli sajn\u00e1latos esem\u00e9nyek kapcs\u00e1n<\/td>\n                    <td style=\"\">nyilatkozat<\/td>\n                    <td style=\"\"><a href='https:\/\/hubbyinfo.blogspot.com\/2020\/09\/a-hubby-magyar-gyerekkonyv-forum_28.html' rel=' nofollow ' target='_blank'>https:\/\/hubbyinfo.blogspot.com\/2020\/09\/a-hubby-magyar-gyerekkonyv-forum_28.html<\/a><\/td>\n                    <td style=\"\">pozit\u00edv<\/td>\n                    <td style=\"\"><\/td>\n                    <td style=\"\"><\/td>\n                    <td style=\"\"><\/td>\n                    <td style=\"\"><\/td>\n            <\/tr>\n            <tr id=\"table_2_row_37\">\n                    <td style=\"\">2020.09.28<\/td>\n                    <td style=\"\"><a href='https:\/\/mkke.hu\/' rel=' nofollow ' target='_blank'>https:\/\/mkke.hu\/<\/a><\/td>\n                    <td style=\"\"><\/td>\n                    <td style=\"\">K\u00f6zlem\u00e9ny<\/td>\n                    <td style=\"\">nyilatkozat<\/td>\n                    <td style=\"\"><a href='https:\/\/mkke.hu\/hirek_esemenyek\/kozlemeny' rel=' nofollow ' target='_blank'>https:\/\/mkke.hu\/hirek_esemenyek\/kozlemeny<\/a><\/td>\n                    <td style=\"\">pozit\u00edv<\/td>\n                    <td style=\"\"><\/td>\n                    <td style=\"\"><\/td>\n                    <td style=\"\"><\/td>\n                    <td style=\"\"><\/td>\n            <\/tr>\n            <tr id=\"table_2_row_38\">\n                    <td style=\"\">2020.09.28<\/td>\n                    <td style=\"\"><a href='https:\/\/24.hu\/' rel=' nofollow ' target='_blank'>https:\/\/24.hu\/<\/a><\/td>\n                    <td style=\"\">M\u00e9sz\u00e1ros J\u00falia<\/td>\n                    <td style=\"\">Fluor: Tele az orsz\u00e1g frusztr\u00e1ci\u00f3val, gy\u0171l\u00f6lettel, legal\u00e1bb az a kibaszott meseorsz\u00e1g hadd legyen mindenki\u00e9<\/td>\n                    <td style=\"\">interj\u00fa<\/td>\n                    <td style=\"\"><a href='https:\/\/24.hu\/szorakozas\/2020\/09\/28\/fluor-tomi-duro-dora-meseorszag-mindenkie-konyvdaralas\/' rel=' nofollow ' target='_blank'>https:\/\/24.hu\/szorakozas\/2020\/09\/28\/fluor-tomi-duro-dora-meseorszag-mindenkie-konyvdaralas\/<\/a><\/td>\n                    <td style=\"\">pozit\u00edv<\/td>\n                    <td style=\"\"><\/td>\n                    <td style=\"\"><\/td>\n                    <td style=\"\"><\/td>\n                    <td style=\"\"><\/td>\n            <\/tr>\n            <tr id=\"table_2_row_39\">\n                    <td style=\"\">2020.09.28<\/td>\n                    <td style=\"\"><a href='https:\/\/merce.hu\/' rel=' nofollow ' target='_blank'>https:\/\/merce.hu\/<\/a><\/td>\n                    <td style=\"\">Di\u00f3szegi-Horv\u00e1th N\u00f3ra<\/td>\n                    <td style=\"\">Tiltakozik a k\u00f6nyves szakma D\u00far\u00f3 D\u00f3ra mesek\u00f6nyvdar\u00e1l\u00e1sa miatt<\/td>\n                    <td style=\"\">h\u00edr, besz\u00e1mol\u00f3, r\u00f6vid cikk<\/td>\n                    <td style=\"\"><a href='https:\/\/merce.hu\/2020\/09\/28\/tiltakozik-a-konyves-szakma-duro-dora-mesekonyvdaralasa-miatt\/' rel=' nofollow ' target='_blank'>https:\/\/merce.hu\/2020\/09\/28\/tiltakozik-a-konyves-szakma-duro-dora-mesekonyvdaralasa-miatt\/<\/a><\/td>\n                    <td style=\"\">pozit\u00edv<\/td>\n                    <td style=\"\"><\/td>\n                    <td style=\"\"><\/td>\n                    <td style=\"\"><\/td>\n                    <td style=\"\"><\/td>\n            <\/tr>\n            <tr id=\"table_2_row_40\">\n                    <td style=\"\">2020.09.28<\/td>\n                    <td style=\"\"><a href='https:\/\/hvg.hu\/' rel=' nofollow ' target='_blank'>https:\/\/hvg.hu\/<\/a><\/td>\n                    <td style=\"\"><\/td>\n                    <td style=\"\">A k\u00f6nyvkiad\u00f3k D\u00far\u00f3 D\u00f3r\u00e1nak: El a kezekkel a k\u00f6nyvekt\u0151l!<\/td>\n                    <td style=\"\">h\u00edr, besz\u00e1mol\u00f3, r\u00f6vid cikk<\/td>\n                    <td style=\"\"><a href='https:\/\/hvg.hu\/elet\/20200928_A_konyvkiadok_Duro_Doranak_El_a_kezekkel_a_konyvektol' rel=' nofollow ' target='_blank'>https:\/\/hvg.hu\/elet\/20200928_A_konyvkiadok_Duro_Doranak_El_a_kezekkel_a_konyvektol<\/a><\/td>\n                    <td style=\"\">semleges<\/td>\n                    <td style=\"\"><\/td>\n                    <td style=\"\"><\/td>\n                    <td style=\"\"><\/td>\n                    <td style=\"\"><\/td>\n            <\/tr>\n            <tr id=\"table_2_row_41\">\n                    <td style=\"\">2020.09.28<\/td>\n                    <td style=\"\"><a href='https:\/\/www.szeretlekmagyarorszag.hu\/' rel=' nofollow ' target='_blank'>https:\/\/www.szeretlekmagyarorszag.hu\/<\/a><\/td>\n                    <td style=\"\"><\/td>\n                    <td style=\"\">\u201eA megsemmis\u00edt\u00e9s semmiben sem k\u00fcl\u00f6nb\u00f6zik a k\u00f6nyv\u00e9get\u00e9st\u0151l\u201d \u2013 Megsz\u00f3lalt Tompa Andrea, a sz\u00e9ls\u0151jobb \u00e1ltal ledar\u00e1lt mesek\u00f6nyv egyik szerz\u0151je<\/td>\n                    <td style=\"\">h\u00edr, besz\u00e1mol\u00f3, r\u00f6vid cikk<\/td>\n                    <td style=\"\"><a href='https:\/\/www.szeretlekmagyarorszag.hu\/a-megsemmisites-semmiben-sem-kulonbozik-a-konyvegetestol-megszolalt-tompa-andrea-a-szelsojobb-altal-ledaralt-mesekonyv-egyik-szerzoje\/?utm-source=kapcsolodo' rel=' nofollow ' target='_blank'>https:\/\/www.szeretlekmagyarorszag.hu\/a-megsemmisites-semmiben-sem-kulonbozik-a-konyvegetestol-megszolalt-tompa-andrea-a-szelsojobb-altal-ledaralt-mesekonyv-egyik-szerzoje\/?utm-source=kapcsolodo<\/a><\/td>\n                    <td style=\"\">pozit\u00edv<\/td>\n                    <td style=\"\"><\/td>\n                    <td style=\"\"><\/td>\n                    <td style=\"\"><\/td>\n                    <td style=\"\"><\/td>\n            <\/tr>\n            <tr id=\"table_2_row_42\">\n                    <td style=\"\">2020.09.28<\/td>\n                    <td style=\"\"><a href='https:\/\/www.szeretlekmagyarorszag.hu\/' rel=' nofollow ' target='_blank'>https:\/\/www.szeretlekmagyarorszag.hu\/<\/a><\/td>\n                    <td style=\"\"><\/td>\n                    <td style=\"\">\u201eLegal\u00e1bb az a kibaszott meseorsz\u00e1g hadd legyen mindenki\u00e9!\u201d \u2013 Fluor Tomi is megsz\u00f3lalt a ledar\u00e1lt mesek\u00f6nyv \u00fcgy\u00e9ben<\/td>\n                    <td style=\"\">h\u00edr, besz\u00e1mol\u00f3, r\u00f6vid cikk<\/td>\n                    <td style=\"\"><a href='https:\/\/www.szeretlekmagyarorszag.hu\/legalabb-az-a-kibaszott-meseorszag-hadd-legyen-mindenkie-fluor-tomi-is-megszolalt-a-ledaralt-mesekonyv-ugyeben\/' rel=' nofollow ' target='_blank'>https:\/\/www.szeretlekmagyarorszag.hu\/legalabb-az-a-kibaszott-meseorszag-hadd-legyen-mindenkie-fluor-tomi-is-megszolalt-a-ledaralt-mesekonyv-ugyeben\/<\/a><\/td>\n                    <td style=\"\">pozit\u00edv<\/td>\n                    <td style=\"\"><\/td>\n                    <td style=\"\"><\/td>\n                    <td style=\"\"><\/td>\n                    <td style=\"\"><\/td>\n            <\/tr>\n            <tr id=\"table_2_row_43\">\n                    <td style=\"\">2020.09.28<\/td>\n                    <td style=\"\"><a href='https:\/\/www.facebook.com\/' rel=' nofollow ' target='_blank'>https:\/\/www.facebook.com\/<\/a><\/td>\n                    <td style=\"\">Pagony<\/td>\n                    <td style=\"\"><\/td>\n                    <td style=\"\">nyilatkozat<\/td>\n                    <td style=\"\"><a href='https:\/\/www.facebook.com\/pagony\/posts\/10158752336452958' rel=' nofollow ' target='_blank'>https:\/\/www.facebook.com\/pagony\/posts\/10158752336452958<\/a><\/td>\n                    <td style=\"\">pozit\u00edv<\/td>\n                    <td style=\"\">fb<\/td>\n                    <td style=\"\"><\/td>\n                    <td style=\"\"><\/td>\n                    <td style=\"\"><\/td>\n            <\/tr>\n            <tr id=\"table_2_row_44\">\n                    <td style=\"\">2020.09.28<\/td>\n                    <td style=\"\"><a href='https:\/\/www.klubradio.hu\/' rel=' nofollow ' target='_blank'>https:\/\/www.klubradio.hu\/<\/a><\/td>\n                    <td style=\"\">D\u00e9si J\u00e1nos<\/td>\n                    <td style=\"\">K\u00f6nyvdar\u00e1l\u00e1s \u00e9s \u00f6n\u00e9get\u00e9s<\/td>\n                    <td style=\"\">publicisztika<\/td>\n                    <td style=\"\"><a href='https:\/\/www.klubradio.hu\/adasok\/konyvdaralas-es-onegetes-114103' rel=' nofollow ' target='_blank'>https:\/\/www.klubradio.hu\/adasok\/konyvdaralas-es-onegetes-114103<\/a><\/td>\n                    <td style=\"\">pozit\u00edv<\/td>\n                    <td style=\"\"><\/td>\n                    <td style=\"\"><\/td>\n                    <td style=\"\"><\/td>\n                    <td style=\"\"><\/td>\n            <\/tr>\n            <tr id=\"table_2_row_45\">\n                    <td style=\"\">2020.09.28<\/td>\n                    <td style=\"\"><a href='https:\/\/www.blikk.hu\/' rel=' nofollow ' target='_blank'>https:\/\/www.blikk.hu\/<\/a><\/td>\n                    <td style=\"\"><\/td>\n                    <td style=\"\">\u201eEr\u0151szak er\u0151szakot, a gy\u0171l\u00f6let gy\u0171l\u00f6letet sz\u00fcl\u201d \u2013 T\u00f3th Vera is megsz\u00f3lalt a k\u00f6nyvdar\u00e1l\u00f3s akci\u00f3 ut\u00e1n<\/td>\n                    <td style=\"\">h\u00edr, besz\u00e1mol\u00f3, r\u00f6vid cikk<\/td>\n                    <td style=\"\"><a href='https:\/\/www.blikk.hu\/sztarvilag\/sztarsztorik\/toth-vera-velemeny-duro-dora-mesekonyv-botrany\/cvwhlnl' rel=' nofollow ' target='_blank'>https:\/\/www.blikk.hu\/sztarvilag\/sztarsztorik\/toth-vera-velemeny-duro-dora-mesekonyv-botrany\/cvwhlnl<\/a><\/td>\n                    <td style=\"\">pozit\u00edv<\/td>\n                    <td style=\"\"><\/td>\n                    <td style=\"\"><\/td>\n                    <td style=\"\"><\/td>\n                    <td style=\"\"><\/td>\n            <\/tr>\n            <tr id=\"table_2_row_46\">\n                    <td style=\"\">2020.09.28<\/td>\n                    <td style=\"\"><a href='https:\/\/www.blikk.hu\/' rel=' nofollow ' target='_blank'>https:\/\/www.blikk.hu\/<\/a><\/td>\n                    <td style=\"\"><\/td>\n                    <td style=\"\">Kirobbant a k\u00f6nyves akci\u00f3 ut\u00e1n a h\u00e1bor\u00fa: l\u00e1zadnak ellene, s\u0151t, fenyeget\u00e9seket is kapott D\u00far\u00f3 D\u00f3ra<\/td>\n                    <td style=\"\">h\u00edr, besz\u00e1mol\u00f3, r\u00f6vid cikk<\/td>\n                    <td style=\"\"><a href='https:\/\/www.blikk.hu\/aktualis\/politika\/duro-dora-homoszexualitas-mesekonyv-ledaralasa\/pen1nxf' rel=' nofollow ' target='_blank'>https:\/\/www.blikk.hu\/aktualis\/politika\/duro-dora-homoszexualitas-mesekonyv-ledaralasa\/pen1nxf<\/a><\/td>\n                    <td style=\"\">pozit\u00edv<\/td>\n                    <td style=\"\"><\/td>\n                    <td style=\"\"><\/td>\n                    <td style=\"\"><\/td>\n                    <td style=\"\"><\/td>\n            <\/tr>\n            <tr id=\"table_2_row_47\">\n                    <td style=\"\">2020.09.28<\/td>\n                    <td style=\"\"><a href='https:\/\/coub.com\/' rel=' nofollow ' target='_blank'>https:\/\/coub.com\/<\/a><\/td>\n                    <td style=\"\"><\/td>\n                    <td style=\"\">D\u00far\u00f3 D\u00f3ra kinyomtatja a Meseorsz\u00e1g mindenki\u00e9 c. k\u00f6nyvet<\/td>\n                    <td style=\"\">egy\u00e9b<\/td>\n                    <td style=\"\"><a href='https:\/\/coub.com\/view\/2jsosh' rel=' nofollow ' target='_blank'>https:\/\/coub.com\/view\/2jsosh<\/a><\/td>\n                    <td style=\"\">semleges<\/td>\n                    <td style=\"\"><\/td>\n                    <td style=\"\"><\/td>\n                    <td style=\"\"><\/td>\n                    <td style=\"\">vicc<\/td>\n            <\/tr>\n            <tr id=\"table_2_row_48\">\n                    <td style=\"\">2020.09.28<\/td>\n                    <td style=\"\"><a href='https:\/\/konyvesmagazin.hu\/' rel=' nofollow ' target='_blank'>https:\/\/konyvesmagazin.hu\/<\/a><\/td>\n                    <td style=\"\"><\/td>\n                    <td style=\"\">A gyerekeknek nem a mese k\u00e1ros, hanem az er\u0151szak<\/td>\n                    <td style=\"\">h\u00edr, besz\u00e1mol\u00f3, r\u00f6vid cikk<\/td>\n                    <td style=\"\"><a href='https:\/\/konyvesmagazin.hu\/friss\/meseorszag_mindenkie.html' rel=' nofollow ' target='_blank'>https:\/\/konyvesmagazin.hu\/friss\/meseorszag_mindenkie.html<\/a><\/td>\n                    <td style=\"\">pozit\u00edv<\/td>\n                    <td style=\"\"><\/td>\n                    <td style=\"\"><\/td>\n                    <td style=\"\"><\/td>\n                    <td style=\"\"><\/td>\n            <\/tr>\n            <tr id=\"table_2_row_49\">\n                    <td style=\"\">2020.09.28<\/td>\n                    <td style=\"\"><a href='https:\/\/24.hu\/' rel=' nofollow ' target='_blank'>https:\/\/24.hu\/<\/a><\/td>\n                    <td style=\"\"><\/td>\n                    <td style=\"\">R\u00e1sk\u00f3 Eszter megmutatta, hogy am\u00fagy nagyon sok mese el\u00e9g para<\/td>\n                    <td style=\"\">egy\u00e9b<\/td>\n                    <td style=\"\"><a href='https:\/\/24.hu\/szorakozas\/2020\/09\/28\/rasko-eszter-duro-dora-mesekonyv-daralas' rel=' nofollow ' target='_blank'>https:\/\/24.hu\/szorakozas\/2020\/09\/28\/rasko-eszter-duro-dora-mesekonyv-daralas<\/a><\/td>\n                    <td style=\"\">pozit\u00edv<\/td>\n                    <td style=\"\"><\/td>\n                    <td style=\"\"><\/td>\n                    <td style=\"\"><\/td>\n                    <td style=\"\"><\/td>\n            <\/tr>\n            <tr id=\"table_2_row_50\">\n                    <td style=\"\">2020.09.28<\/td>\n                    <td style=\"\"><a href='http:\/\/www.kulter.hu\/' rel=' nofollow ' target='_blank'>http:\/\/www.kulter.hu\/<\/a><\/td>\n                    <td style=\"\"><\/td>\n                    <td style=\"\">El a kezekkel a k\u00f6nzvekt\u0151l!<\/td>\n                    <td style=\"\">h\u00edr, besz\u00e1mol\u00f3, r\u00f6vid cikk<\/td>\n                    <td style=\"\"><a href='http:\/\/www.kulter.hu\/2020\/09\/el-a-kezekkel-a-konyvektol\/' rel=' nofollow ' target='_blank'>http:\/\/www.kulter.hu\/2020\/09\/el-a-kezekkel-a-konyvektol\/<\/a><\/td>\n                    <td style=\"\">pozit\u00edv<\/td>\n                    <td style=\"\"><\/td>\n                    <td style=\"\"><\/td>\n                    <td style=\"\"><\/td>\n                    <td style=\"\"><\/td>\n            <\/tr>\n            <tr id=\"table_2_row_51\">\n                    <td style=\"\">2020.09.28<\/td>\n                    <td style=\"\"><a href='https:\/\/nyugatifeny.hu\/' rel=' nofollow ' target='_blank'>https:\/\/nyugatifeny.hu\/<\/a><\/td>\n                    <td style=\"\"><\/td>\n                    <td style=\"\">Az elad\u00e1si  toplista els\u0151 hely\u00e9re ugrott a mesek\u00f6nyv, amit D\u00far\u00f3 D\u00f3ra  ledar\u00e1lt<\/td>\n                    <td style=\"\">egy\u00e9b<\/td>\n                    <td style=\"\"><a href='https:\/\/nyugatifeny.hu\/2020\/09\/28\/hatalmas-siker-az-eladasi-toplista-elso-helyere-kerult-a-mesekonyv-amit-duro-dora-ledaralt' rel=' nofollow ' target='_blank'>https:\/\/nyugatifeny.hu\/2020\/09\/28\/hatalmas-siker-az-eladasi-toplista-elso-helyere-kerult-a-mesekonyv-amit-duro-dora-ledaralt<\/a><\/td>\n                    <td style=\"\">pozit\u00edv<\/td>\n                    <td style=\"\"><\/td>\n                    <td style=\"\"><\/td>\n                    <td style=\"\"><\/td>\n                    <td style=\"\"><\/td>\n            <\/tr>\n            <tr id=\"table_2_row_52\">\n                    <td style=\"\">2020.09.28<\/td>\n                    <td style=\"\"><a href='https:\/\/www.noklapja.hu\/' rel=' nofollow ' target='_blank'>https:\/\/www.noklapja.hu\/<\/a><\/td>\n                    <td style=\"\">Lami Juli<\/td>\n                    <td style=\"\">Meseorsz\u00e1g bez\u00fazva<\/td>\n                    <td style=\"\">publicisztika<\/td>\n                    <td style=\"\"><a href='https:\/\/www.noklapja.hu\/szerintem\/2020\/09\/28\/meseorszeg-mindenkie-velemeny-ajanlo' rel=' nofollow ' target='_blank'>https:\/\/www.noklapja.hu\/szerintem\/2020\/09\/28\/meseorszeg-mindenkie-velemeny-ajanlo<\/a><\/td>\n                    <td style=\"\">pozit\u00edv<\/td>\n                    <td style=\"\"><\/td>\n                    <td style=\"\"><\/td>\n                    <td style=\"\"><\/td>\n                    <td style=\"\"><\/td>\n            <\/tr>\n            <tr id=\"table_2_row_53\">\n                    <td style=\"\">2020.09.28<\/td>\n                    <td style=\"\"><a href='https:\/\/pecsaktual.hu\/' rel=' nofollow ' target='_blank'>https:\/\/pecsaktual.hu\/<\/a><\/td>\n                    <td style=\"\">KaG<\/td>\n                    <td style=\"\">Aber\u00e1lt mesek\u00f6nyvet dar\u00e1lt le D\u00far\u00f3 D\u00f3ra - Fluor kiakadt<\/td>\n                    <td style=\"\">h\u00edr, besz\u00e1mol\u00f3, r\u00f6vid cikk<\/td>\n                    <td style=\"\"><a href='https:\/\/pecsaktual.hu\/arc\/aberralt-mesekonyvet-daralt-le-duro-dora-fluor-kiakadt\/' rel=' nofollow ' target='_blank'>https:\/\/pecsaktual.hu\/arc\/aberralt-mesekonyvet-daralt-le-duro-dora-fluor-kiakadt\/<\/a><\/td>\n                    <td style=\"\">semleges<\/td>\n                    <td style=\"\"><\/td>\n                    <td style=\"\"><\/td>\n                    <td style=\"\"><\/td>\n                    <td style=\"\"><\/td>\n            <\/tr>\n            <tr id=\"table_2_row_54\">\n                    <td style=\"\">2020.09.28<\/td>\n                    <td style=\"\"><a href='https:\/\/egyetemistakmagazinja.hu\/' rel=' nofollow ' target='_blank'>https:\/\/egyetemistakmagazinja.hu\/<\/a><\/td>\n                    <td style=\"\">Ferenczi Fanni 'Fanka<\/td>\n                    <td style=\"\">Meseorsz\u00e1g mindenki\u00e9 \u2013 mi a baj azzal, hogy ezt nem \u00e9rti meg mindenki?<\/td>\n                    <td style=\"\">publicisztika<\/td>\n                    <td style=\"\"><a href='https:\/\/egyetemistakmagazinja.hu\/meseorszag-mindenkie\/' rel=' nofollow ' target='_blank'>https:\/\/egyetemistakmagazinja.hu\/meseorszag-mindenkie\/<\/a><\/td>\n                    <td style=\"\">pozit\u00edv<\/td>\n                    <td style=\"\"><\/td>\n                    <td style=\"\"><\/td>\n                    <td style=\"\"><\/td>\n                    <td style=\"\"><\/td>\n            <\/tr>\n            <tr id=\"table_2_row_55\">\n                    <td style=\"\">2020.09.28<\/td>\n                    <td style=\"\"><a href='https:\/\/www.magyarhirlap.hu\/' rel=' nofollow ' target='_blank'>https:\/\/www.magyarhirlap.hu\/<\/a><\/td>\n                    <td style=\"\">J\u00e1mbor-Miniska Zsejke<\/td>\n                    <td style=\"\">Hamupip\u0151ke nem meleg!<\/td>\n                    <td style=\"\">v\u00e9lem\u00e9ny<\/td>\n                    <td style=\"\"><a href='https:\/\/www.magyarhirlap.hu\/velemeny\/20200928-hamupipoke-nem-meleg' rel=' nofollow ' target='_blank'>https:\/\/www.magyarhirlap.hu\/velemeny\/20200928-hamupipoke-nem-meleg<\/a><\/td>\n                    <td style=\"\">negat\u00edv<\/td>\n                    <td style=\"\"><\/td>\n                    <td style=\"\"><\/td>\n                    <td style=\"\"><\/td>\n                    <td style=\"\"><\/td>\n            <\/tr>\n            <tr id=\"table_2_row_56\">\n                    <td style=\"\">2020.09.28<\/td>\n                    <td style=\"\"><a href='https:\/\/magyarjelen.hu\/' rel=' nofollow ' target='_blank'>https:\/\/magyarjelen.hu\/<\/a><\/td>\n                    <td style=\"\">Ir\u00e1nyi D\u00e1niel<\/td>\n                    <td style=\"\">Meseorsz\u00e1g mindenki\u00e9: a Pagony k\u00f6nyvkiad\u00f3 is megsz\u00f3lalt<\/td>\n                    <td style=\"\">h\u00edr, besz\u00e1mol\u00f3, r\u00f6vid cikk<\/td>\n                    <td style=\"\"><a href='https:\/\/magyarjelen.hu\/meseorszag-mindenkie-a-pagony-konyvkiado-is-megszolalt\/' rel=' nofollow ' target='_blank'>https:\/\/magyarjelen.hu\/meseorszag-mindenkie-a-pagony-konyvkiado-is-megszolalt\/<\/a><\/td>\n                    <td style=\"\">negat\u00edv<\/td>\n                    <td style=\"\"><\/td>\n                    <td style=\"\"><\/td>\n                    <td style=\"\"><\/td>\n                    <td style=\"\"><\/td>\n            <\/tr>\n            <tr id=\"table_2_row_57\">\n                    <td style=\"\">2020.09.28<\/td>\n                    <td style=\"\"><a href='https:\/\/www.facebook.com\/' rel=' nofollow ' target='_blank'>https:\/\/www.facebook.com\/<\/a><\/td>\n                    <td style=\"\">T\u00f3th Vera<\/td>\n                    <td style=\"\"><\/td>\n                    <td style=\"\">celeb-megsz\u00f3lal\u00e1s<\/td>\n                    <td style=\"\"><a href='https:\/\/www.facebook.com\/tothverabook\/posts\/3517138138307823\/' rel=' nofollow ' target='_blank'>https:\/\/www.facebook.com\/tothverabook\/posts\/3517138138307823\/<\/a><\/td>\n                    <td style=\"\">pozit\u00edv<\/td>\n                    <td style=\"\"><\/td>\n                    <td style=\"\"><\/td>\n                    <td style=\"\"><\/td>\n                    <td style=\"\"><\/td>\n            <\/tr>\n            <tr id=\"table_2_row_58\">\n                    <td style=\"\">2020.09.28<\/td>\n                    <td style=\"\"><a href='https:\/\/velvet.hu\/' rel=' nofollow ' target='_blank'>https:\/\/velvet.hu\/<\/a><\/td>\n                    <td style=\"\">Gyulai Bence<\/td>\n                    <td style=\"\">\u201eNem tudom elk\u00e9pzelni, hogy a gyerek\u00e9nek szeret\u0151 k\u00f6rnyezetet tud biztos\u00edtani\u201d \u2013 h\u00edress\u00e9gek a mesek\u00f6nyvdar\u00e1l\u00f3s botr\u00e1nyr\u00f3l<\/td>\n                    <td style=\"\">h\u00edr, besz\u00e1mol\u00f3, r\u00f6vid cikk<\/td>\n                    <td style=\"\"><a href='https:\/\/velvet.hu\/gumicukor\/2020\/09\/28\/duro_dora_homofob_reakcio\/' rel=' nofollow ' target='_blank'>https:\/\/velvet.hu\/gumicukor\/2020\/09\/28\/duro_dora_homofob_reakcio\/<\/a><\/td>\n                    <td style=\"\">pozit\u00edv<\/td>\n                    <td style=\"\"><\/td>\n                    <td style=\"\"><\/td>\n                    <td style=\"\"><\/td>\n                    <td style=\"\"><\/td>\n            <\/tr>\n            <tr id=\"table_2_row_59\">\n                    <td style=\"\">2020.09.29<\/td>\n                    <td style=\"\"><a href='https:\/\/hungarytoday.hu\/' rel=' nofollow ' target='_blank'>https:\/\/hungarytoday.hu\/<\/a><\/td>\n                    <td style=\"\">\u00c1brah\u00e1m Vass<\/td>\n                    <td style=\"\">Mi Haz\u00e1nk Politician Rips \u2018Homosexual Propaganda Children\u2019s Book\u2019 Apart, Reminds Publishers of Nazi Book Burnings<\/td>\n                    <td style=\"\">h\u00edr, besz\u00e1mol\u00f3, r\u00f6vid cikk<\/td>\n                    <td style=\"\"><a href='https:\/\/hungarytoday.hu\/mi-hazank-duro-homosexual-propaganda-childrens-book-nazi-burning\/' rel=' nofollow ' target='_blank'>https:\/\/hungarytoday.hu\/mi-hazank-duro-homosexual-propaganda-childrens-book-nazi-burning\/<\/a><\/td>\n                    <td style=\"\">pozit\u00edv<\/td>\n                    <td style=\"\"><\/td>\n                    <td style=\"\">igen<\/td>\n                    <td style=\"\">angol<\/td>\n                    <td style=\"\"><\/td>\n            <\/tr>\n            <tr id=\"table_2_row_60\">\n                    <td style=\"\">2020.09.29<\/td>\n                    <td style=\"\"><a href='https:\/\/contextus.hu\/' rel=' nofollow ' target='_blank'>https:\/\/contextus.hu\/<\/a><\/td>\n                    <td style=\"\"><\/td>\n                    <td style=\"\">Fluor Tomi: \"Most k\u00f6nyvet \u00e9get\u00fcnk, j\u00f6v\u0151 h\u00e9ten akasztani fogunk?\"<\/td>\n                    <td style=\"\">h\u00edr, besz\u00e1mol\u00f3, r\u00f6vid cikk<\/td>\n                    <td style=\"\"><a href='https:\/\/contextus.hu\/fluor-tomi-duro-dora-meseorszag-mindenkie-mesekonyv\/' rel=' nofollow ' target='_blank'>https:\/\/contextus.hu\/fluor-tomi-duro-dora-meseorszag-mindenkie-mesekonyv\/<\/a><\/td>\n                    <td style=\"\">pozit\u00edv<\/td>\n                    <td style=\"\"><\/td>\n                    <td style=\"\"><\/td>\n                    <td style=\"\"><\/td>\n                    <td style=\"\"><\/td>\n            <\/tr>\n            <tr id=\"table_2_row_61\">\n                    <td style=\"\">2020.09.29<\/td>\n                    <td style=\"\"><a href='https:\/\/www.facebook.com\/' rel=' nofollow ' target='_blank'>https:\/\/www.facebook.com\/<\/a><\/td>\n                    <td style=\"\">Nem tehetsz r\u00f3la tehetsz ellene<\/td>\n                    <td style=\"\"><\/td>\n                    <td style=\"\">h\u00edr, besz\u00e1mol\u00f3, r\u00f6vid cikk<\/td>\n                    <td style=\"\"><a href='https:\/\/www.facebook.com\/anemaznem\/photos\/a.310987735769886\/1448496825352299\/' rel=' nofollow ' target='_blank'>https:\/\/www.facebook.com\/anemaznem\/photos\/a.310987735769886\/1448496825352299\/<\/a><\/td>\n                    <td style=\"\">pozit\u00edv<\/td>\n                    <td style=\"\">fb<\/td>\n                    <td style=\"\"><\/td>\n                    <td style=\"\"><\/td>\n                    <td style=\"\"><\/td>\n            <\/tr>\n            <tr id=\"table_2_row_62\">\n                    <td style=\"\">2020.09.29<\/td>\n                    <td style=\"\"><a href='https:\/\/twitter.com\/' rel=' nofollow ' target='_blank'>https:\/\/twitter.com\/<\/a><\/td>\n                    <td style=\"\">Dr. Pam Alldred<\/td>\n                    <td style=\"\"><\/td>\n                    <td style=\"\">egy\u00e9b<\/td>\n                    <td style=\"\"><a href='https:\/\/twitter.com\/AllPam\/status\/1310918942722990080\/photo\/1' rel=' nofollow ' target='_blank'>https:\/\/twitter.com\/AllPam\/status\/1310918942722990080\/photo\/1<\/a><\/td>\n                    <td style=\"\">pozit\u00edv<\/td>\n                    <td style=\"\">twitter<\/td>\n                    <td style=\"\"><\/td>\n                    <td style=\"\"><\/td>\n                    <td style=\"\"><\/td>\n            <\/tr>\n            <tr id=\"table_2_row_63\">\n                    <td style=\"\">2020.09.29<\/td>\n                    <td style=\"\"><a href='https:\/\/noizz.hu\/' rel=' nofollow ' target='_blank'>https:\/\/noizz.hu\/<\/a><\/td>\n                    <td style=\"\">M\u00e9sz\u00e1ros Eszter<\/td>\n                    <td style=\"\">D\u00far\u00f3 D\u00f3ra nem k\u00e9r bocs\u00e1natot a k\u00f6nyvdar\u00e1l\u00e1s\u00e9rt; a mesek\u00f6nyv az elad\u00e1si lista tetej\u00e9re ker\u00fclt<\/td>\n                    <td style=\"\">h\u00edr, besz\u00e1mol\u00f3, r\u00f6vid cikk<\/td>\n                    <td style=\"\"><a href='https:\/\/noizz.hu\/most\/duro-dora-nem-ker-bocsanatot-a-konyvdaralasert-a-mesekonyv-az-eladasi-lista-tetejere\/73ljvyk' rel=' nofollow ' target='_blank'>https:\/\/noizz.hu\/most\/duro-dora-nem-ker-bocsanatot-a-konyvdaralasert-a-mesekonyv-az-eladasi-lista-tetejere\/73ljvyk<\/a><\/td>\n                    <td style=\"\">negat\u00edv<\/td>\n                    <td style=\"\"><\/td>\n                    <td style=\"\"><\/td>\n                    <td style=\"\"><\/td>\n                    <td style=\"\"><\/td>\n            <\/tr>\n            <tr id=\"table_2_row_64\">\n                    <td style=\"\">2020.09.29<\/td>\n                    <td style=\"\"><a href='https:\/\/wmn.hu\/' rel=' nofollow ' target='_blank'>https:\/\/wmn.hu\/<\/a><\/td>\n                    <td style=\"\">Both Gabi<\/td>\n                    <td style=\"\">Meseorsz\u00e1g az\u00e9, aki ledar\u00e1lja?- A tolerancia nem azt jelenti, hogy elfogadjuk a gy\u0171l\u00f6lk\u00f6d\u00e9st<\/td>\n                    <td style=\"\">egy\u00e9b<\/td>\n                    <td style=\"\"><a href='https:\/\/wmn.hu\/ugy\/53649-meseorszag-aze-aki-ledaralja--a-tolerancia-nem-azt-jelenti-hogy-elfogadjuk-a-gyulolkodest' rel=' nofollow ' target='_blank'>https:\/\/wmn.hu\/ugy\/53649-meseorszag-aze-aki-ledaralja--a-tolerancia-nem-azt-jelenti-hogy-elfogadjuk-a-gyulolkodest<\/a><\/td>\n                    <td style=\"\">pozit\u00edv<\/td>\n                    <td style=\"\"><\/td>\n                    <td style=\"\"><\/td>\n                    <td style=\"\"><\/td>\n                    <td style=\"\"><\/td>\n            <\/tr>\n            <tr id=\"table_2_row_65\">\n                    <td style=\"\">2020.09.29<\/td>\n                    <td style=\"\"><a href='https:\/\/24.hu\/' rel=' nofollow ' target='_blank'>https:\/\/24.hu\/<\/a><\/td>\n                    <td style=\"\">Bodn\u00e1r Judit Lola<\/td>\n                    <td style=\"\">D\u00far\u00f3 D\u00f3ra a sikerlista \u00e9l\u00e9re dar\u00e1lta a Meseorsz\u00e1g mindenki\u00e9 k\u00f6tetet, el is fogyott<\/td>\n                    <td style=\"\">h\u00edr, besz\u00e1mol\u00f3, r\u00f6vid cikk<\/td>\n                    <td style=\"\"><a href='https:\/\/24.hu\/kultura\/2020\/09\/29\/duro-dora-meseorszag-mindenkie-mesekonyv-sikerlista-elorendeles' rel=' nofollow ' target='_blank'>https:\/\/24.hu\/kultura\/2020\/09\/29\/duro-dora-meseorszag-mindenkie-mesekonyv-sikerlista-elorendeles<\/a><\/td>\n                    <td style=\"\">semleges<\/td>\n                    <td style=\"\"><\/td>\n                    <td style=\"\"><\/td>\n                    <td style=\"\"><\/td>\n                    <td style=\"\"><\/td>\n            <\/tr>\n            <tr id=\"table_2_row_66\">\n                    <td style=\"\">2020.09.29<\/td>\n                    <td style=\"\"><a href='https:\/\/index.hu\/' rel=' nofollow ' target='_blank'>https:\/\/index.hu\/<\/a><\/td>\n                    <td style=\"\">Szalai Szabolcs<\/td>\n                    <td style=\"\">D\u00far\u00f3 D\u00f3ra a k\u00f6nyvdar\u00e1l\u00e1sr\u00f3l: Az \u00e1lland\u00f3 n\u00e1ciz\u00e1s m\u00e1r unalmas<\/td>\n                    <td style=\"\">h\u00edr, besz\u00e1mol\u00f3, r\u00f6vid cikk<\/td>\n                    <td style=\"\"><a href='https:\/\/index.hu\/belfold\/2020\/09\/29\/duro-dora-mesekonyv-homoszexualitas\/' rel=' nofollow ' target='_blank'>https:\/\/index.hu\/belfold\/2020\/09\/29\/duro-dora-mesekonyv-homoszexualitas\/<\/a><\/td>\n                    <td style=\"\">semleges<\/td>\n                    <td style=\"\"><\/td>\n                    <td style=\"\"><\/td>\n                    <td style=\"\"><\/td>\n                    <td style=\"\"><\/td>\n            <\/tr>\n            <tr id=\"table_2_row_67\">\n                    <td style=\"\">2020.09.29<\/td>\n                    <td style=\"\"><a href='https:\/\/magyarnarancs.hu\/' rel=' nofollow ' target='_blank'>https:\/\/magyarnarancs.hu\/<\/a><\/td>\n                    <td style=\"\"><\/td>\n                    <td style=\"\">Sikerlista \u00e9l\u00e9re ugrott a k\u00f6nyv, amit D\u00far\u00f3 D\u00f3ra ledar\u00e1lt<\/td>\n                    <td style=\"\">h\u00edr, besz\u00e1mol\u00f3, r\u00f6vid cikk<\/td>\n                    <td style=\"\"><a href='https:\/\/magyarnarancs.hu\/belpol\/sikerlista-elere-ugrott-a-konyv-amit-duro-dora-ledaralt-133562' rel=' nofollow ' target='_blank'>https:\/\/magyarnarancs.hu\/belpol\/sikerlista-elere-ugrott-a-konyv-amit-duro-dora-ledaralt-133562<\/a><\/td>\n                    <td style=\"\">semleges<\/td>\n                    <td style=\"\"><\/td>\n                    <td style=\"\"><\/td>\n                    <td style=\"\"><\/td>\n                    <td style=\"\"><\/td>\n            <\/tr>\n            <tr id=\"table_2_row_68\">\n                    <td style=\"\">2020.09.29<\/td>\n                    <td style=\"\"><a href='https:\/\/olvassbele.com\/' rel=' nofollow ' target='_blank'>https:\/\/olvassbele.com\/<\/a><\/td>\n                    <td style=\"\"><\/td>\n                    <td style=\"\">Avarbarna, Trivadar, Batbaj\u00e1n \u00e9s a t\u00f6bbiek | Meseorsz\u00e1g mindenki\u00e9<\/td>\n                    <td style=\"\">recenzi\u00f3<\/td>\n                    <td style=\"\"><a href='https:\/\/olvassbele.com\/2020\/09\/29\/avarbarna-trivadar-batbajan-es-a-tobbiek-meseorszag-mindenkie\/' rel=' nofollow ' target='_blank'>https:\/\/olvassbele.com\/2020\/09\/29\/avarbarna-trivadar-batbajan-es-a-tobbiek-meseorszag-mindenkie\/<\/a><\/td>\n                    <td style=\"\">pozit\u00edv<\/td>\n                    <td style=\"\"><\/td>\n                    <td style=\"\"><\/td>\n                    <td style=\"\"><\/td>\n                    <td style=\"\"><\/td>\n            <\/tr>\n            <tr id=\"table_2_row_69\">\n                    <td style=\"\">2020.09.29<\/td>\n                    <td style=\"\"><a href='https:\/\/nlc.hu\/' rel=' nofollow ' target='_blank'>https:\/\/nlc.hu\/<\/a><\/td>\n                    <td style=\"\">Nem\u00e9nyi M\u00e1rton<\/td>\n                    <td style=\"\">Hamupip\u0151ke nemcsak fi\u00fa, meleg is \u2013 elolvastuk a Meseorsz\u00e1g mindenki\u00e9 c\u00edm\u0171 k\u00f6nyvet<\/td>\n                    <td style=\"\">publicisztika<\/td>\n                    <td style=\"\"><a href='https:\/\/nlc.hu\/baba\/20200929\/meseorszag-mindenkie-kritika\/' rel=' nofollow ' target='_blank'>https:\/\/nlc.hu\/baba\/20200929\/meseorszag-mindenkie-kritika\/<\/a><\/td>\n                    <td style=\"\">pozit\u00edv<\/td>\n                    <td style=\"\"><\/td>\n                    <td style=\"\"><\/td>\n                    <td style=\"\"><\/td>\n                    <td style=\"\"><\/td>\n            <\/tr>\n            <tr id=\"table_2_row_70\">\n                    <td style=\"\">2020.09.29<\/td>\n                    <td style=\"\"><a href='https:\/\/gay.hu\/' rel=' nofollow ' target='_blank'>https:\/\/gay.hu\/<\/a><\/td>\n                    <td style=\"\"><\/td>\n                    <td style=\"\">D\u00far\u00f3 D\u00f3ra a sikerlista \u00e9l\u00e9re dar\u00e1lta a Meseorsz\u00e1g mindenki\u00e9 k\u00f6tetet, el is fogyott<\/td>\n                    <td style=\"\">h\u00edr, besz\u00e1mol\u00f3, r\u00f6vid cikk<\/td>\n                    <td style=\"\"><a href='https:\/\/gay.hu\/2020\/09\/29\/duro-dora-a-sikerlista-elere-daralta-a-meseorszag-mindenkie-kotetet-el-is-fogyott' rel=' nofollow ' target='_blank'>https:\/\/gay.hu\/2020\/09\/29\/duro-dora-a-sikerlista-elere-daralta-a-meseorszag-mindenkie-kotetet-el-is-fogyott<\/a><\/td>\n                    <td style=\"\">semleges<\/td>\n                    <td style=\"\"><\/td>\n                    <td style=\"\"><\/td>\n                    <td style=\"\"><\/td>\n                    <td style=\"\"><\/td>\n            <\/tr>\n            <tr id=\"table_2_row_71\">\n                    <td style=\"\">2020.09.29<\/td>\n                    <td style=\"\"><a href='https:\/\/szeged.hu\/' rel=' nofollow ' target='_blank'>https:\/\/szeged.hu\/<\/a><\/td>\n                    <td style=\"\">Garai Szak\u00e1cs L\u00e1szl\u00f3<\/td>\n                    <td style=\"\">Garai Szak\u00e1cs L\u00e1szl\u00f3: Meseorsz\u00e1g t\u00e9nyleg mindenki\u00e9 lett, de ehhez kellett D\u00far\u00f3 D\u00f3ra v\u00e9gtelen ostobas\u00e1ga is<\/td>\n                    <td style=\"\">h\u00edr, besz\u00e1mol\u00f3, r\u00f6vid cikk<\/td>\n                    <td style=\"\"><a href='https:\/\/szeged.hu\/hirek\/37392\/garai-szakacs-laszlo-meseorszag-tenyleg-mindenkie-lett-de-ehhez-kellett-duro-dora-vegtelen-ostobasaga-is' rel=' nofollow ' target='_blank'>https:\/\/szeged.hu\/hirek\/37392\/garai-szakacs-laszlo-meseorszag-tenyleg-mindenkie-lett-de-ehhez-kellett-duro-dora-vegtelen-ostobasaga-is<\/a><\/td>\n                    <td style=\"\">pozit\u00edv<\/td>\n                    <td style=\"\"><\/td>\n                    <td style=\"\"><\/td>\n                    <td style=\"\"><\/td>\n                    <td style=\"\"><\/td>\n            <\/tr>\n            <tr id=\"table_2_row_72\">\n                    <td style=\"\">2020.09.29<\/td>\n                    <td style=\"\"><a href='https:\/\/www.facebook.com\/' rel=' nofollow ' target='_blank'>https:\/\/www.facebook.com\/<\/a><\/td>\n                    <td style=\"\">Sebesty\u00e9n Eszter<\/td>\n                    <td style=\"\">Mese<\/td>\n                    <td style=\"\">FB-poszt<\/td>\n                    <td style=\"\"><a href='https:\/\/www.facebook.com\/SebestyenEszterPszichologus\/posts\/1294407040896391' rel=' nofollow ' target='_blank'>https:\/\/www.facebook.com\/SebestyenEszterPszichologus\/posts\/1294407040896391<\/a><\/td>\n                    <td style=\"\">pozit\u00edv<\/td>\n                    <td style=\"\"><\/td>\n                    <td style=\"\"><\/td>\n                    <td style=\"\"><\/td>\n                    <td style=\"\"><\/td>\n            <\/tr>\n            <tr id=\"table_2_row_73\">\n                    <td style=\"\">2020.09.29<\/td>\n                    <td style=\"\"><a href='https:\/\/www.penzcentrum.hu\/' rel=' nofollow ' target='_blank'>https:\/\/www.penzcentrum.hu\/<\/a><\/td>\n                    <td style=\"\"><\/td>\n                    <td style=\"\">J\u00f3l siker\u00fclt D\u00far\u00f3 D\u00f3ra dar\u00e1l\u00e1sa: a sikerlist\u00e1k \u00e9l\u00e9n a Meseorsz\u00e1g mindenki\u00e9!<\/td>\n                    <td style=\"\">h\u00edr, besz\u00e1mol\u00f3, r\u00f6vid cikk<\/td>\n                    <td style=\"\"><a href='https:\/\/www.penzcentrum.hu\/otthon\/jol-sikerult-duro-dora-daralasa-a-sikerlistak-elen-a-meseorszag-mindenkie.1103334.html' rel=' nofollow ' target='_blank'>https:\/\/www.penzcentrum.hu\/otthon\/jol-sikerult-duro-dora-daralasa-a-sikerlistak-elen-a-meseorszag-mindenkie.1103334.html<\/a><\/td>\n                    <td style=\"\">pozit\u00edv<\/td>\n                    <td style=\"\"><\/td>\n                    <td style=\"\"><\/td>\n                    <td style=\"\"><\/td>\n                    <td style=\"\"><\/td>\n            <\/tr>\n            <tr id=\"table_2_row_74\">\n                    <td style=\"\">2020.09.29<\/td>\n                    <td style=\"\"><a href='https:\/\/propeller.hu\/' rel=' nofollow ' target='_blank'>https:\/\/propeller.hu\/<\/a><\/td>\n                    <td style=\"\"><\/td>\n                    <td style=\"\">Elkapkodt\u00e1k a Meseorsz\u00e1g mindenki\u00e9 c\u00edm\u0171 mesek\u00f6nyvet, amit kor\u00e1bban D\u00far\u00f3 D\u00f3ra nyilv\u00e1nosan ledar\u00e1lt<\/td>\n                    <td style=\"\">h\u00edr, besz\u00e1mol\u00f3, r\u00f6vid cikk<\/td>\n                    <td style=\"\"><a href='https:\/\/propeller.hu\/itthon\/3580720-elkapkodtak-meseorszag-mindenkie-cimu-mesekonyvet-amit-korabban-duro' rel=' nofollow ' target='_blank'>https:\/\/propeller.hu\/itthon\/3580720-elkapkodtak-meseorszag-mindenkie-cimu-mesekonyvet-amit-korabban-duro<\/a><\/td>\n                    <td style=\"\">semleges<\/td>\n                    <td style=\"\"><\/td>\n                    <td style=\"\"><\/td>\n                    <td style=\"\"><\/td>\n                    <td style=\"\"><\/td>\n            <\/tr>\n            <tr id=\"table_2_row_75\">\n                    <td style=\"\">2020.09.29<\/td>\n                    <td style=\"\"><a href='https:\/\/www.televizio.sk\/' rel=' nofollow ' target='_blank'>https:\/\/www.televizio.sk\/<\/a><\/td>\n                    <td style=\"\"><\/td>\n                    <td style=\"\">Meseorsz\u00e1g mindenki\u00e9<\/td>\n                    <td style=\"\">vide\u00f3<\/td>\n                    <td style=\"\"><a href='https:\/\/www.televizio.sk\/2020\/09\/meseorszag-mindenkie\/' rel=' nofollow ' target='_blank'>https:\/\/www.televizio.sk\/2020\/09\/meseorszag-mindenkie\/<\/a><\/td>\n                    <td style=\"\">semleges<\/td>\n                    <td style=\"\"><\/td>\n                    <td style=\"\"><\/td>\n                    <td style=\"\"><\/td>\n                    <td style=\"\">(a bemutat\u00f3 felv\u00e9tel\u00e9nek megoszt\u00e1sa)<\/td>\n            <\/tr>\n            <tr id=\"table_2_row_76\">\n                    <td style=\"\">2020.09.29<\/td>\n                    <td style=\"\"><a href='https:\/\/magyarnemzet.hu\/' rel=' nofollow ' target='_blank'>https:\/\/magyarnemzet.hu\/<\/a><\/td>\n                    <td style=\"\">Elek Nikoletta<\/td>\n                    <td style=\"\">K\u00f6zel 70 ezren tiltakoznak az LMBTQ-mesek\u00f6nyv terjeszt\u00e9se ellen<\/td>\n                    <td style=\"\">h\u00edr, r\u00f6vid cikk<\/td>\n                    <td style=\"\"><a href='https:\/\/magyarnemzet.hu\/belfold\/kozel-70-ezren-tiltakoznak-az-lmbtq-mesekonyv-terjesztese-ellen-8734956\/' rel=' nofollow ' target='_blank'>https:\/\/magyarnemzet.hu\/belfold\/kozel-70-ezren-tiltakoznak-az-lmbtq-mesekonyv-terjesztese-ellen-8734956\/<\/a><\/td>\n                    <td style=\"\">negat\u00edv<\/td>\n                    <td style=\"\"><\/td>\n                    <td style=\"\"><\/td>\n                    <td style=\"\"><\/td>\n                    <td style=\"\"><\/td>\n            <\/tr>\n            <tr id=\"table_2_row_77\">\n                    <td style=\"\">2020.09.29<\/td>\n                    <td style=\"\"><a href='https:\/\/hirado.hu\/' rel=' nofollow ' target='_blank'>https:\/\/hirado.hu\/<\/a><\/td>\n                    <td style=\"\"><\/td>\n                    <td style=\"\">Szavazhat: \u00d6n szerint van-e helye az LMBTQ-mesek\u00f6nyveknek a gyerekszob\u00e1kban?<\/td>\n                    <td style=\"\">h\u00edr, r\u00f6vid cikk<\/td>\n                    <td style=\"\"><a href='https:\/\/hirado.hu\/belfold\/kozelet\/cikk\/2020\/09\/29\/szavazhat-on-szerint-van-e-helye-az-lmbtq-mesekonyveknek-a-gyerekszobakban' rel=' nofollow ' target='_blank'>https:\/\/hirado.hu\/belfold\/kozelet\/cikk\/2020\/09\/29\/szavazhat-on-szerint-van-e-helye-az-lmbtq-mesekonyveknek-a-gyerekszobakban<\/a><\/td>\n                    <td style=\"\">negat\u00edv<\/td>\n                    <td style=\"\"><\/td>\n                    <td style=\"\"><\/td>\n                    <td style=\"\"><\/td>\n                    <td style=\"\"><\/td>\n            <\/tr>\n            <tr id=\"table_2_row_78\">\n                    <td style=\"\">2020.09.29<\/td>\n                    <td style=\"\"><a href='https:\/\/www.youtube.com\/' rel=' nofollow ' target='_blank'>https:\/\/www.youtube.com\/<\/a><\/td>\n                    <td style=\"\">Zsohwtime<\/td>\n                    <td style=\"\">D\u00far\u00f3 D\u00f3r\u00e1val dar\u00e1ltam d\u00fch\u00f6mben! A meg\u00e9lhet\u00e9si gy\u0171l\u00f6let<\/td>\n                    <td style=\"\">vide\u00f3<\/td>\n                    <td style=\"\"><a href='https:\/\/www.youtube.com\/watch?v=afBlWGka4TI' rel=' nofollow ' target='_blank'>https:\/\/www.youtube.com\/watch?v=afBlWGka4TI<\/a><\/td>\n                    <td style=\"\">pozit\u00edv<\/td>\n                    <td style=\"\">youtube<\/td>\n                    <td style=\"\"><\/td>\n                    <td style=\"\"><\/td>\n                    <td style=\"\"><\/td>\n            <\/tr>\n            <tr id=\"table_2_row_79\">\n                    <td style=\"\">2020.09.29<\/td>\n                    <td style=\"\"><a href='https:\/\/www.youtube.com\/' rel=' nofollow ' target='_blank'>https:\/\/www.youtube.com\/<\/a><\/td>\n                    <td style=\"\">Vega Gina<\/td>\n                    <td style=\"\">Meseorsz\u00e1g mindenki\u00e9!!!<\/td>\n                    <td style=\"\">vide\u00f3<\/td>\n                    <td style=\"\"><a href='https:\/\/www.youtube.com\/watch?v=v_-e1z2KxnE' rel=' nofollow ' target='_blank'>https:\/\/www.youtube.com\/watch?v=v_-e1z2KxnE<\/a><\/td>\n                    <td style=\"\">pozit\u00edv<\/td>\n                    <td style=\"\">youtube<\/td>\n                    <td style=\"\"><\/td>\n                    <td style=\"\"><\/td>\n                    <td style=\"\"><\/td>\n            <\/tr>\n            <tr id=\"table_2_row_80\">\n                    <td style=\"\">2020.09.29<\/td>\n                    <td style=\"\"><a href='https:\/\/youtu.be\/' rel=' nofollow ' target='_blank'>https:\/\/youtu.be\/<\/a><\/td>\n                    <td style=\"\">f\u00f3kuszcsoport<\/td>\n                    <td style=\"\">Adok \u00e9n nektek MELEGPROPAGAND\u00c1T!<\/td>\n                    <td style=\"\">vide\u00f3<\/td>\n                    <td style=\"\"><a href='https:\/\/youtu.be\/k7goDy0U9H4' rel=' nofollow ' target='_blank'>https:\/\/youtu.be\/k7goDy0U9H4<\/a><\/td>\n                    <td style=\"\">pozit\u00edv<\/td>\n                    <td style=\"\">youtube<\/td>\n                    <td style=\"\"><\/td>\n                    <td style=\"\"><\/td>\n                    <td style=\"\">f\u00f3kuszcsoport, \u201cmelegpropaganda\u201d<\/td>\n            <\/tr>\n            <tr id=\"table_2_row_81\">\n                    <td style=\"\">2020.09.30<\/td>\n                    <td style=\"\"><a href='https:\/\/dunszt.sk\/' rel=' nofollow ' target='_blank'>https:\/\/dunszt.sk\/<\/a><\/td>\n                    <td style=\"\">Ren\u00e1ta De\u00e1kov\u00e1<\/td>\n                    <td style=\"\">Ruky pre\u010d od kn\u00edh!<\/td>\n                    <td style=\"\">h\u00edr, besz\u00e1mol\u00f3, r\u00f6vid cikk<\/td>\n                    <td style=\"\"><a href='https:\/\/dunszt.sk\/2020\/09\/30\/ruky-prec-od-knih\/' rel=' nofollow ' target='_blank'>https:\/\/dunszt.sk\/2020\/09\/30\/ruky-prec-od-knih\/<\/a><\/td>\n                    <td style=\"\">pozit\u00edv<\/td>\n                    <td style=\"\"><\/td>\n                    <td style=\"\">igen<\/td>\n                    <td style=\"\">szlov\u00e1k<\/td>\n                    <td style=\"\"><\/td>\n            <\/tr>\n            <tr id=\"table_2_row_82\">\n                    <td style=\"\">2020.09.30<\/td>\n                    <td style=\"\"><a href='https:\/\/hvg.hu\/' rel=' nofollow ' target='_blank'>https:\/\/hvg.hu\/<\/a><\/td>\n                    <td style=\"\"><\/td>\n                    <td style=\"\">Fluor: \u201eMost k\u00f6nyvet \u00e9get\u00fcnk, j\u00f6v\u0151 h\u00e9ten akasztani fogunk? Mi a terv?\u201d<\/td>\n                    <td style=\"\">h\u00edr, besz\u00e1mol\u00f3, r\u00f6vid cikk<\/td>\n                    <td style=\"\"><a href='https:\/\/hvg.hu\/elet\/20200928_Fluor_Most_konyvet_egetunk_jovo_heten_akasztani_fogunk_Mi_a_terv' rel=' nofollow ' target='_blank'>https:\/\/hvg.hu\/elet\/20200928_Fluor_Most_konyvet_egetunk_jovo_heten_akasztani_fogunk_Mi_a_terv<\/a><\/td>\n                    <td style=\"\">pozit\u00edv<\/td>\n                    <td style=\"\"><\/td>\n                    <td style=\"\"><\/td>\n                    <td style=\"\"><\/td>\n                    <td style=\"\"><\/td>\n            <\/tr>\n            <tr id=\"table_2_row_83\">\n                    <td style=\"\">2020.09.30<\/td>\n                    <td style=\"\"><a href='https:\/\/ujnepszabadsag.com\/' rel=' nofollow ' target='_blank'>https:\/\/ujnepszabadsag.com\/<\/a><\/td>\n                    <td style=\"\"><\/td>\n                    <td style=\"\">Avarbarna, Trivadar, Batbaj\u00e1n \u00e9s a t\u00f6bbiek \u2013 Meseorsz\u00e1g mindenki<\/td>\n                    <td style=\"\">recenzi\u00f3<\/td>\n                    <td style=\"\"><a href='https:\/\/ujnepszabadsag.com\/2020\/09\/30\/avarbarna-trivadar-batbajan-es-a-tobbiek-meseorszag-mindenkie\/' rel=' nofollow ' target='_blank'>https:\/\/ujnepszabadsag.com\/2020\/09\/30\/avarbarna-trivadar-batbajan-es-a-tobbiek-meseorszag-mindenkie\/<\/a><\/td>\n                    <td style=\"\">pozit\u00edv<\/td>\n                    <td style=\"\"><\/td>\n                    <td style=\"\"><\/td>\n                    <td style=\"\"><\/td>\n                    <td style=\"\"><\/td>\n            <\/tr>\n            <tr id=\"table_2_row_84\">\n                    <td style=\"\">2020.09.30<\/td>\n                    <td style=\"\"><a href='https:\/\/index.hu\/' rel=' nofollow ' target='_blank'>https:\/\/index.hu\/<\/a><\/td>\n                    <td style=\"\">Kitzinger Szongja<\/td>\n                    <td style=\"\">Homoszexu\u00e1lis propaganda vagy a soksz\u00edn\u0171s\u00e9g dics\u00e9rete?<\/td>\n                    <td style=\"\">h\u00edr, besz\u00e1mol\u00f3, r\u00f6vid cikk<\/td>\n                    <td style=\"\"><a href='https:\/\/index.hu\/kultur\/2020\/09\/30\/meseorszag_mindenkie\/' rel=' nofollow ' target='_blank'>https:\/\/index.hu\/kultur\/2020\/09\/30\/meseorszag_mindenkie\/<\/a><\/td>\n                    <td style=\"\">semleges<\/td>\n                    <td style=\"\"><\/td>\n                    <td style=\"\"><\/td>\n                    <td style=\"\"><\/td>\n                    <td style=\"\"><\/td>\n            <\/tr>\n            <tr id=\"table_2_row_85\">\n                    <td style=\"\">2020.09.30<\/td>\n                    <td style=\"\"><a href='https:\/\/www.noklapja.hu\/' rel=' nofollow ' target='_blank'>https:\/\/www.noklapja.hu\/<\/a><\/td>\n                    <td style=\"\">S\u00e1ndor Anna<\/td>\n                    <td style=\"\">A mes\u00e9k mindig is ki\u00e1lltak az elnyomottak mellett<\/td>\n                    <td style=\"\">publicisztika<\/td>\n                    <td style=\"\"><a href='https:\/\/www.noklapja.hu\/szerintem\/2020\/09\/30\/meseorszag-mindenkie-nepmese-mesemondo-mitosz\/' rel=' nofollow ' target='_blank'>https:\/\/www.noklapja.hu\/szerintem\/2020\/09\/30\/meseorszag-mindenkie-nepmese-mesemondo-mitosz\/<\/a><\/td>\n                    <td style=\"\">pozit\u00edv<\/td>\n                    <td style=\"\"><\/td>\n                    <td style=\"\"><\/td>\n                    <td style=\"\"><\/td>\n                    <td style=\"\"><\/td>\n            <\/tr>\n            <tr id=\"table_2_row_86\">\n                    <td style=\"\">2020.09.30<\/td>\n                    <td style=\"\"><a href='https:\/\/jozsefvaros.hu\/' rel=' nofollow ' target='_blank'>https:\/\/jozsefvaros.hu\/<\/a><\/td>\n                    <td style=\"\">Gaal Ilona<\/td>\n                    <td style=\"\">Ki\u00e9 legyen Meseorsz\u00e1g?<\/td>\n                    <td style=\"\">publicisztika<\/td>\n                    <td style=\"\"><a href='https:\/\/jozsefvaros.hu\/hir\/75374\/kie-legyen-meseorszag' rel=' nofollow ' target='_blank'>https:\/\/jozsefvaros.hu\/hir\/75374\/kie-legyen-meseorszag<\/a><\/td>\n                    <td style=\"\">pozit\u00edv<\/td>\n                    <td style=\"\"><\/td>\n                    <td style=\"\"><\/td>\n                    <td style=\"\"><\/td>\n                    <td style=\"\"><\/td>\n            <\/tr>\n            <tr id=\"table_2_row_87\">\n                    <td style=\"\">2020.09.30<\/td>\n                    <td style=\"\"><a href='https:\/\/24.hu\/' rel=' nofollow ' target='_blank'>https:\/\/24.hu\/<\/a><\/td>\n                    <td style=\"\">Farkas Gy\u00f6rgy<\/td>\n                    <td style=\"\">Toroczkai durv\u00e1n r\u00e1rontott a D\u00far\u00f3 D\u00f3r\u00e1t b\u00edr\u00e1l\u00f3 celebekre<\/td>\n                    <td style=\"\">h\u00edr, besz\u00e1mol\u00f3, r\u00f6vid cikk<\/td>\n                    <td style=\"\"><a href='https:\/\/24.hu\/belfold\/2020\/09\/30\/toroczkai-durvan-rarontott-a-duro-dorat-biralo-celebekre\/' rel=' nofollow ' target='_blank'>https:\/\/24.hu\/belfold\/2020\/09\/30\/toroczkai-durvan-rarontott-a-duro-dorat-biralo-celebekre\/<\/a><\/td>\n                    <td style=\"\">semleges<\/td>\n                    <td style=\"\"><\/td>\n                    <td style=\"\"><\/td>\n                    <td style=\"\"><\/td>\n                    <td style=\"\"><\/td>\n            <\/tr>\n            <tr id=\"table_2_row_88\">\n                    <td style=\"\">2020.09.30<\/td>\n                    <td style=\"\"><a href='https:\/\/hvg.hu\/' rel=' nofollow ' target='_blank'>https:\/\/hvg.hu\/<\/a><\/td>\n                    <td style=\"\">T\u00f3ta W. \u00c1rp\u00e1d<\/td>\n                    <td style=\"\">Piroska \u00e9s a n\u00e1cik<\/td>\n                    <td style=\"\">publicisztika<\/td>\n                    <td style=\"\"><a href='https:\/\/hvg.hu\/360\/20200930_Piroska_es_a_nacik' rel=' nofollow ' target='_blank'>https:\/\/hvg.hu\/360\/20200930_Piroska_es_a_nacik<\/a><\/td>\n                    <td style=\"\">pozit\u00edv<\/td>\n                    <td style=\"\"><\/td>\n                    <td style=\"\"><\/td>\n                    <td style=\"\"><\/td>\n                    <td style=\"\"><\/td>\n            <\/tr>\n            <tr id=\"table_2_row_89\">\n                    <td style=\"\">2020.09.30<\/td>\n                    <td style=\"\"><a href='https:\/\/nepszava.hu\/' rel=' nofollow ' target='_blank'>https:\/\/nepszava.hu\/<\/a><\/td>\n                    <td style=\"\"><\/td>\n                    <td style=\"\">Sz\u00ednes mes\u00e9k mindenkinek<\/td>\n                    <td style=\"\">h\u00edr, besz\u00e1mol\u00f3, r\u00f6vid cikk<\/td>\n                    <td style=\"\"><a href='https:\/\/nepszava.hu\/3093780_szines-mesek-mindenkinek' rel=' nofollow ' target='_blank'>https:\/\/nepszava.hu\/3093780_szines-mesek-mindenkinek<\/a><\/td>\n                    <td style=\"\">pozit\u00edv<\/td>\n                    <td style=\"\"><\/td>\n                    <td style=\"\"><\/td>\n                    <td style=\"\"><\/td>\n                    <td style=\"\"><\/td>\n            <\/tr>\n            <tr id=\"table_2_row_90\">\n                    <td style=\"\">2020.09.30<\/td>\n                    <td style=\"\"><a href='https:\/\/www.szeretlekmagyarorszag.hu\/' rel=' nofollow ' target='_blank'>https:\/\/www.szeretlekmagyarorszag.hu\/<\/a><\/td>\n                    <td style=\"\">Petr\u00e1s Lilla<\/td>\n                    <td style=\"\">Vajon kevesebbet \u201eh\u00fclyebuziztunk\u201d volna, ha a magunk gyermeki szintj\u00e9n hallottunk volna meleg meseh\u0151s\u00f6kr\u0151l?<\/td>\n                    <td style=\"\">publicisztika<\/td>\n                    <td style=\"\"><a href='https:\/\/www.szeretlekmagyarorszag.hu\/meseorszag-mindenkie-konyvdaralas-velemeny-duro-dora\/' rel=' nofollow ' target='_blank'>https:\/\/www.szeretlekmagyarorszag.hu\/meseorszag-mindenkie-konyvdaralas-velemeny-duro-dora\/<\/a><\/td>\n                    <td style=\"\">pozit\u00edv<\/td>\n                    <td style=\"\"><\/td>\n                    <td style=\"\"><\/td>\n                    <td style=\"\"><\/td>\n                    <td style=\"\"><\/td>\n            <\/tr>\n            <tr id=\"table_2_row_91\">\n                    <td style=\"\">2020.09.30<\/td>\n                    <td style=\"\"><a href='https:\/\/humenonline.hu\/' rel=' nofollow ' target='_blank'>https:\/\/humenonline.hu\/<\/a><\/td>\n                    <td style=\"\">Waliduda D\u00e1niel<\/td>\n                    <td style=\"\">T\u00fcntet\u00e9st szervez a Meseorsz\u00e1g mindenki\u00e9 miatt a Mi Haz\u00e1nk<\/td>\n                    <td style=\"\">h\u00edr, besz\u00e1mol\u00f3, r\u00f6vid cikk<\/td>\n                    <td style=\"\"><a href='https:\/\/humenonline.hu\/tuntetest-szervez-a-meseorszag-mindenkie-miatt-a-mi-hazank\/' rel=' nofollow ' target='_blank'>https:\/\/humenonline.hu\/tuntetest-szervez-a-meseorszag-mindenkie-miatt-a-mi-hazank\/<\/a><\/td>\n                    <td style=\"\">pozit\u00edv<\/td>\n                    <td style=\"\"><\/td>\n                    <td style=\"\"><\/td>\n                    <td style=\"\"><\/td>\n                    <td style=\"\"><\/td>\n            <\/tr>\n            <tr id=\"table_2_row_92\">\n                    <td style=\"\">2020.09.30<\/td>\n                    <td style=\"\"><a href='https:\/\/marieclaire.hu\/' rel=' nofollow ' target='_blank'>https:\/\/marieclaire.hu\/<\/a><\/td>\n                    <td style=\"\">Bot\u00e1s Enik\u0151<\/td>\n                    <td style=\"\">\u201eEgyik mes\u00e9nk sem b\u00e1tor\u00edtja arra a gyerekeket, hogy legyenek transznem\u0171nek\u201d \u2013 interj\u00fa a Meseorsz\u00e1g mindenki\u00e9 szerkeszt\u0151j\u00e9vel<\/td>\n                    <td style=\"\">interj\u00fa<\/td>\n                    <td style=\"\"><a href='https:\/\/marieclaire.hu\/riporter\/2020\/09\/30\/meseorszag-mindenkie-mesekonyv-labrisz-interju\/' rel=' nofollow ' target='_blank'>https:\/\/marieclaire.hu\/riporter\/2020\/09\/30\/meseorszag-mindenkie-mesekonyv-labrisz-interju\/<\/a><\/td>\n                    <td style=\"\">pozit\u00edv<\/td>\n                    <td style=\"\"><\/td>\n                    <td style=\"\"><\/td>\n                    <td style=\"\"><\/td>\n                    <td style=\"\">Interj\u00fa Nagy Boldizs\u00e1rral<\/td>\n            <\/tr>\n            <tr id=\"table_2_row_93\">\n                    <td style=\"\">2020.09.30<\/td>\n                    <td style=\"\"><a href='https:\/\/dunszt.sk\/' rel=' nofollow ' target='_blank'>https:\/\/dunszt.sk\/<\/a><\/td>\n                    <td style=\"\"><\/td>\n                    <td style=\"\">A B\u00e1zis k\u00f6zlem\u00e9nye A meseorsz\u00e1g mindenki\u00e9 c\u00edm\u0171 k\u00f6nyv megsemmis\u00edt\u00e9s\u00e9r\u0151l<\/td>\n                    <td style=\"\">egy\u00e9b<\/td>\n                    <td style=\"\"><a href='https:\/\/dunszt.sk\/2020\/09\/30\/a-bazis-kozlemenye-a-meseorszag-mindenkie-cimu-konyv-megsemmisiteserol\/' rel=' nofollow ' target='_blank'>https:\/\/dunszt.sk\/2020\/09\/30\/a-bazis-kozlemenye-a-meseorszag-mindenkie-cimu-konyv-megsemmisiteserol\/<\/a><\/td>\n                    <td style=\"\">pozit\u00edv<\/td>\n                    <td style=\"\"><\/td>\n                    <td style=\"\"><\/td>\n                    <td style=\"\"><\/td>\n                    <td style=\"\"><\/td>\n            <\/tr>\n            <tr id=\"table_2_row_94\">\n                    <td style=\"\">2020.09.30<\/td>\n                    <td style=\"\"><a href='https:\/\/www.ohsuli.hu\/' rel=' nofollow ' target='_blank'>https:\/\/www.ohsuli.hu\/<\/a><\/td>\n                    <td style=\"\">szexsuli<\/td>\n                    <td style=\"\">N\u00e9h\u00e1ny mesek\u00f6nyv, hogy nyitott \u00e9s elfogad\u00f3 emberr\u00e9 v\u00e1ljon a gyereked<\/td>\n                    <td style=\"\">h\u00edr, besz\u00e1mol\u00f3, r\u00f6vid cikk<\/td>\n                    <td style=\"\"><a href='https:\/\/www.ohsuli.hu\/2020\/09\/30\/mesekonyv-a-szexualitasrol-meseorszag-mindenkie\/' rel=' nofollow ' target='_blank'>https:\/\/www.ohsuli.hu\/2020\/09\/30\/mesekonyv-a-szexualitasrol-meseorszag-mindenkie\/<\/a><\/td>\n                    <td style=\"\">pozit\u00edv<\/td>\n                    <td style=\"\"><\/td>\n                    <td style=\"\"><\/td>\n                    <td style=\"\"><\/td>\n                    <td style=\"\"><\/td>\n            <\/tr>\n            <tr id=\"table_2_row_95\">\n                    <td style=\"\">2020.09.30<\/td>\n                    <td style=\"\"><a href='https:\/\/kuruc.info\/' rel=' nofollow ' target='_blank'>https:\/\/kuruc.info\/<\/a><\/td>\n                    <td style=\"\"><\/td>\n                    <td style=\"\">Megv\u00e9dj\u00fck az \u00e9desany\u00e1kat az LMBTQP-sz\u00f6rnyekt\u0151l! - Toroczkai t\u00fcntet\u00e9sre h\u00edv<\/td>\n                    <td style=\"\">h\u00edr, r\u00f6vid cikk<\/td>\n                    <td style=\"\"><a href='https:\/\/kuruc.info\/r\/2\/218652\/' rel=' nofollow ' target='_blank'>https:\/\/kuruc.info\/r\/2\/218652\/<\/a><\/td>\n                    <td style=\"\">negat\u00edv<\/td>\n                    <td style=\"\"><\/td>\n                    <td style=\"\"><\/td>\n                    <td style=\"\"><\/td>\n                    <td style=\"\"><\/td>\n            <\/tr>\n            <tr id=\"table_2_row_96\">\n                    <td style=\"\">2020.09.30<\/td>\n                    <td style=\"\"><a href='https:\/\/pestisracok.hu\/' rel=' nofollow ' target='_blank'>https:\/\/pestisracok.hu\/<\/a><\/td>\n                    <td style=\"\"><\/td>\n                    <td style=\"\">Demonstr\u00e1ci\u00f3t szervez a Mi Haz\u00e1nk Mozgalom<\/td>\n                    <td style=\"\">h\u00edr, r\u00f6vid cikk<\/td>\n                    <td style=\"\"><a href='https:\/\/pestisracok.hu\/az-lmbtq-propaganda-ternyerese-ellen-szervez-tuntetest-a-mi-hazank' rel=' nofollow ' target='_blank'>https:\/\/pestisracok.hu\/az-lmbtq-propaganda-ternyerese-ellen-szervez-tuntetest-a-mi-hazank<\/a><\/td>\n                    <td style=\"\">negat\u00edv<\/td>\n                    <td style=\"\"><\/td>\n                    <td style=\"\"><\/td>\n                    <td style=\"\"><\/td>\n                    <td style=\"\"><\/td>\n            <\/tr>\n            <tr id=\"table_2_row_97\">\n                    <td style=\"\">2020.09.30<\/td>\n                    <td style=\"\"><a href='https:\/\/reformatus.hu\/' rel=' nofollow ' target='_blank'>https:\/\/reformatus.hu\/<\/a><\/td>\n                    <td style=\"\">K\u00f6nt\u00f6s L\u00e1szl\u00f3<\/td>\n                    <td style=\"\">Mese<\/td>\n                    <td style=\"\">v\u00e9lem\u00e9ny<\/td>\n                    <td style=\"\"><a href='https:\/\/reformatus.hu\/mediumok\/hirek\/mese\/' rel=' nofollow ' target='_blank'>https:\/\/reformatus.hu\/mediumok\/hirek\/mese\/<\/a><\/td>\n                    <td style=\"\">negat\u00edv<\/td>\n                    <td style=\"\"><\/td>\n                    <td style=\"\"><\/td>\n                    <td style=\"\"><\/td>\n                    <td style=\"\"><\/td>\n            <\/tr>\n            <tr id=\"table_2_row_98\">\n                    <td style=\"\">2020.09.30<\/td>\n                    <td style=\"\"><a href='https:\/\/tibiatya.blogstar.hu\/' rel=' nofollow ' target='_blank'>https:\/\/tibiatya.blogstar.hu\/<\/a><\/td>\n                    <td style=\"\">Tibiatya<\/td>\n                    <td style=\"\">CSILLAGSZEM\u0170 D\u00daR\u00d3 D\u00d3RA \u00c9S MELEG HAMUPIP\u0150KE TAL\u00c1LKOZ\u00c1SA EGY MESEK\u00d6NYVBEN<\/td>\n                    <td style=\"\">blogbejegyz\u00e9s<\/td>\n                    <td style=\"\"><a href='https:\/\/tibiatya.blogstar.hu\/2020\/09\/30\/csillagszemu-duro-dora-es-meleg-hamupipoke-talalkozasa-egy-mesekonyvben\/100798\/' rel=' nofollow ' target='_blank'>https:\/\/tibiatya.blogstar.hu\/2020\/09\/30\/csillagszemu-duro-dora-es-meleg-hamupipoke-talalkozasa-egy-mesekonyvben\/100798\/<\/a><\/td>\n                    <td style=\"\">pozit\u00edv<\/td>\n                    <td style=\"\"><\/td>\n                    <td style=\"\"><\/td>\n                    <td style=\"\"><\/td>\n                    <td style=\"\"><\/td>\n            <\/tr>\n            <tr id=\"table_2_row_99\">\n                    <td style=\"\">2020.09.30<\/td>\n                    <td style=\"\"><a href='https:\/\/pestisracok.hu\/' rel=' nofollow ' target='_blank'>https:\/\/pestisracok.hu\/<\/a><\/td>\n                    <td style=\"\">Pilh\u00e1l Tam\u00e1s<\/td>\n                    <td style=\"\">Bet\u00f6rtek az \u00f3vod\u00e1ba a gender-cukrosb\u00e1csik, s a gyermekeinket moleszt\u00e1lj\u00e1k<\/td>\n                    <td style=\"\">v\u00e9lem\u00e9ny<\/td>\n                    <td style=\"\"><a href='https:\/\/pestisracok.hu\/betortek-az-ovodaba-a-gender-cukrosbacsik-s-a-gyermekeinket-molesztaljak\/' rel=' nofollow ' target='_blank'>https:\/\/pestisracok.hu\/betortek-az-ovodaba-a-gender-cukrosbacsik-s-a-gyermekeinket-molesztaljak\/<\/a><\/td>\n                    <td style=\"\">negat\u00edv<\/td>\n                    <td style=\"\"><\/td>\n                    <td style=\"\"><\/td>\n                    <td style=\"\"><\/td>\n                    <td style=\"\"><\/td>\n            <\/tr>\n            <tr id=\"table_2_row_100\">\n                    <td style=\"\">2020.09.30<\/td>\n                    <td style=\"\"><a href='https:\/\/mandiner.hu\/' rel=' nofollow ' target='_blank'>https:\/\/mandiner.hu\/<\/a><\/td>\n                    <td style=\"\"><\/td>\n                    <td style=\"\">Demonstr\u00e1ci\u00f3t szervez a Mi Haz\u00e1nk az LMBTQ-k\u00f6z\u00f6ss\u00e9g fenyeget\u00e9sei ellen<\/td>\n                    <td style=\"\">h\u00edr, r\u00f6vid cikk<\/td>\n                    <td style=\"\"><a href='https:\/\/mandiner.hu\/cikk\/20200930_demonstraciot_szervez_a_mi_hazank_az_lmbtq_kozosseg_fenyegetesei_ellen' rel=' nofollow ' target='_blank'>https:\/\/mandiner.hu\/cikk\/20200930_demonstraciot_szervez_a_mi_hazank_az_lmbtq_kozosseg_fenyegetesei_ellen<\/a><\/td>\n                    <td style=\"\">negat\u00edv<\/td>\n                    <td style=\"\"><\/td>\n                    <td style=\"\"><\/td>\n                    <td style=\"\"><\/td>\n                    <td style=\"\"><\/td>\n            <\/tr>\n            <tr id=\"table_2_row_101\">\n                    <td style=\"\">2020.09.30<\/td>\n                    <td style=\"\"><a href='https:\/\/vadhajtasok.hu\/' rel=' nofollow ' target='_blank'>https:\/\/vadhajtasok.hu\/<\/a><\/td>\n                    <td style=\"\"><\/td>\n                    <td style=\"\">Bet\u00f6rtek az \u00f3vod\u00e1ba a gender-cukrosb\u00e1csik, s a gyermekeinket moleszt\u00e1lj\u00e1k<\/td>\n                    <td style=\"\">h\u00edr, r\u00f6vid cikk<\/td>\n                    <td style=\"\"><a href='https:\/\/vadhajtasok.hu\/2020\/09\/30\/betortek-az-ovodaba-a-gender-cukrosbacsik-s-a-gyermekeinket-molesztaljak' rel=' nofollow ' target='_blank'>https:\/\/vadhajtasok.hu\/2020\/09\/30\/betortek-az-ovodaba-a-gender-cukrosbacsik-s-a-gyermekeinket-molesztaljak<\/a><\/td>\n                    <td style=\"\">negat\u00edv<\/td>\n                    <td style=\"\"><\/td>\n                    <td style=\"\"><\/td>\n                    <td style=\"\"><\/td>\n                    <td style=\"\"><\/td>\n            <\/tr>\n            <tr id=\"table_2_row_102\">\n                    <td style=\"\">2020.09.30<\/td>\n                    <td style=\"\"><a href='https:\/\/24.hu\/' rel=' nofollow ' target='_blank'>https:\/\/24.hu\/<\/a><\/td>\n                    <td style=\"\">Cs\u00e1ka Eszter<\/td>\n                    <td style=\"\">Bauk\u00f3 \u00c9va: Mi ez a buzi propaganda?<\/td>\n                    <td style=\"\">celeb-megsz\u00f3lal\u00e1s<\/td>\n                    <td style=\"\"><a href='https:\/\/24.hu\/szorakozas\/2020\/09\/30\/bauko-eva-mi-ez-a-buzi-propaganda\/' rel=' nofollow ' target='_blank'>https:\/\/24.hu\/szorakozas\/2020\/09\/30\/bauko-eva-mi-ez-a-buzi-propaganda\/<\/a><\/td>\n                    <td style=\"\">pozit\u00edv<\/td>\n                    <td style=\"\"><\/td>\n                    <td style=\"\"><\/td>\n                    <td style=\"\"><\/td>\n                    <td style=\"\">Bauk\u00f3 \u00c9va v\u00e9lem\u00e9ny posztja<\/td>\n            <\/tr>\n            <tr id=\"table_2_row_103\">\n                    <td style=\"\">2020.09.30<\/td>\n                    <td style=\"\"><a href='https:\/\/pestisracok.hu\/' rel=' nofollow ' target='_blank'>https:\/\/pestisracok.hu\/<\/a><\/td>\n                    <td style=\"\"><\/td>\n                    <td style=\"\">Az LMBTQ-propaganda t\u00e9rnyer\u00e9se ellen szervez t\u00fcntet\u00e9st a Mi Haz\u00e1nk<\/td>\n                    <td style=\"\">h\u00edr, besz\u00e1mol\u00f3, r\u00f6vid cikk<\/td>\n                    <td style=\"\"><a href='https:\/\/pestisracok.hu\/az-lmbtq-propaganda-ternyerese-ellen-szervez-tuntetest-a-mi-hazank\/' rel=' nofollow ' target='_blank'>https:\/\/pestisracok.hu\/az-lmbtq-propaganda-ternyerese-ellen-szervez-tuntetest-a-mi-hazank\/<\/a><\/td>\n                    <td style=\"\">negat\u00edv<\/td>\n                    <td style=\"\"><\/td>\n                    <td style=\"\"><\/td>\n                    <td style=\"\"><\/td>\n                    <td style=\"\"><\/td>\n            <\/tr>\n            <tr id=\"table_2_row_104\">\n                    <td style=\"\">2020.09.30<\/td>\n                    <td style=\"\"><a href='https:\/\/pestisracok.hu\/' rel=' nofollow ' target='_blank'>https:\/\/pestisracok.hu\/<\/a><\/td>\n                    <td style=\"\">Pilh\u00e1l Tam\u00e1s<\/td>\n                    <td style=\"\">Bet\u00f6rtek az \u00f3vod\u00e1ba a gender-cukrosb\u00e1csik, s a gyermekeinket moleszt\u00e1lj\u00e1k<\/td>\n                    <td style=\"\">recenzi\u00f3<\/td>\n                    <td style=\"\"><a href='https:\/\/pestisracok.hu\/betortek-az-ovodaba-a-gender-cukrosbacsik-s-a-gyermekeinket-molesztaljak\/?utm_source=mandiner&amp;utm_medium=link&amp;utm_campaign=mandiner_202010' rel=' nofollow ' target='_blank'>https:\/\/pestisracok.hu\/betortek-az-ovodaba-a-gender-cukrosbacsik-s-a-gyermekeinket-molesztaljak\/?utm_source=mandiner&amp;utm_medium=link&amp;utm_campaign=mandiner_202010<\/a><\/td>\n                    <td style=\"\">negat\u00edv<\/td>\n                    <td style=\"\"><\/td>\n                    <td style=\"\"><\/td>\n                    <td style=\"\"><\/td>\n                    <td style=\"\"><\/td>\n            <\/tr>\n            <tr id=\"table_2_row_105\">\n                    <td style=\"\">2020.09.30<\/td>\n                    <td style=\"\"><a href='https:\/\/www.szeretlekmagyarorszag.hu\/' rel=' nofollow ' target='_blank'>https:\/\/www.szeretlekmagyarorszag.hu\/<\/a><\/td>\n                    <td style=\"\">Petr\u00e1s Lilla<\/td>\n                    <td style=\"\">Vajon kevesebbet \u201eh\u00fclyebuziztunk\u201d volna, ha a magunk gyermeki szintj\u00e9n hallottunk volna meleg meseh\u0151s\u00f6kr\u0151l?<\/td>\n                    <td style=\"\">v\u00e9lem\u00e9ny<\/td>\n                    <td style=\"\"><a href='https:\/\/www.szeretlekmagyarorszag.hu\/meseorszag-mindenkie-konyvdaralas-velemeny-duro-dora\/?utm-source=kapcsolodo' rel=' nofollow ' target='_blank'>https:\/\/www.szeretlekmagyarorszag.hu\/meseorszag-mindenkie-konyvdaralas-velemeny-duro-dora\/?utm-source=kapcsolodo<\/a><\/td>\n                    <td style=\"\">pozit\u00edv<\/td>\n                    <td style=\"\"><\/td>\n                    <td style=\"\"><\/td>\n                    <td style=\"\"><\/td>\n                    <td style=\"\"><\/td>\n            <\/tr>\n            <tr id=\"table_2_row_106\">\n                    <td style=\"\">2020.09.30<\/td>\n                    <td style=\"\"><a href='https:\/\/www.youtube.com\/' rel=' nofollow ' target='_blank'>https:\/\/www.youtube.com\/<\/a><\/td>\n                    <td style=\"\">Ramira<\/td>\n                    <td style=\"\">Meseorsz\u00e1g Mindenki\u00e9 Ratyk\u00f3 - Matyk\u00f3 Mes\u00e9k Gyerekeknek?!<\/td>\n                    <td style=\"\">vide\u00f3<\/td>\n                    <td style=\"\"><a href='https:\/\/www.youtube.com\/watch?v=Vx0rLB1VRyk' rel=' nofollow ' target='_blank'>https:\/\/www.youtube.com\/watch?v=Vx0rLB1VRyk<\/a><\/td>\n                    <td style=\"\">pozit\u00edv<\/td>\n                    <td style=\"\">youtube<\/td>\n                    <td style=\"\"><\/td>\n                    <td style=\"\"><\/td>\n                    <td style=\"\"><\/td>\n            <\/tr>\n            <tr id=\"table_2_row_107\">\n                    <td style=\"\">2020.09.30<\/td>\n                    <td style=\"\"><a href='https:\/\/pannonreggeli.podbean.com\/' rel=' nofollow ' target='_blank'>https:\/\/pannonreggeli.podbean.com\/<\/a><\/td>\n                    <td style=\"\"><\/td>\n                    <td style=\"\">Meseorsz\u00e1g mindenki\u00e9?!<\/td>\n                    <td style=\"\">podcast<\/td>\n                    <td style=\"\"><a href='https:\/\/pannonreggeli.podbean.com\/e\/meseorszag-mindenkie\/' rel=' nofollow ' target='_blank'>https:\/\/pannonreggeli.podbean.com\/e\/meseorszag-mindenkie\/<\/a><\/td>\n                    <td style=\"\">negat\u00edv<\/td>\n                    <td style=\"\"><\/td>\n                    <td style=\"\"><\/td>\n                    <td style=\"\"><\/td>\n                    <td style=\"\"><\/td>\n            <\/tr>\n            <tr id=\"table_2_row_108\">\n                    <td style=\"\">2020.09.30<\/td>\n                    <td style=\"\"><a href='https:\/\/ujszo.com\/' rel=' nofollow ' target='_blank'>https:\/\/ujszo.com\/<\/a><\/td>\n                    <td style=\"\">Juh\u00e1sz Katalin<\/td>\n                    <td style=\"\">Ledar\u00e1lt mesek\u00f6nyv<\/td>\n                    <td style=\"\">h\u00edr, besz\u00e1mol\u00f3, r\u00f6vid cikk<\/td>\n                    <td style=\"\"><a href='https:\/\/ujszo.com\/kultura\/ledaralt-mesekonyv' rel=' nofollow ' target='_blank'>https:\/\/ujszo.com\/kultura\/ledaralt-mesekonyv<\/a><\/td>\n                    <td style=\"\">semleges<\/td>\n                    <td style=\"\"><\/td>\n                    <td style=\"\">igen<\/td>\n                    <td style=\"\"><\/td>\n                    <td style=\"\"><\/td>\n            <\/tr>\n            <tr id=\"table_2_row_109\">\n                    <td style=\"\">2020.09.30<\/td>\n                    <td style=\"\"><a href='https:\/\/mediaklikk.hu\/' rel=' nofollow ' target='_blank'>https:\/\/mediaklikk.hu\/<\/a><\/td>\n                    <td style=\"\"><\/td>\n                    <td style=\"\">J\u00f3 reggelt, Magyarorsz\u00e1g<\/td>\n                    <td style=\"\">r\u00e1di\u00f3<\/td>\n                    <td style=\"\"><a href='https:\/\/mediaklikk.hu\/radio-lejatszo-kossuth\/?date=2020-09-30_06-00-00&amp;enddate=2020-09-30_09-00-00&amp;ch=mr1' rel=' nofollow ' target='_blank'>https:\/\/mediaklikk.hu\/radio-lejatszo-kossuth\/?date=2020-09-30_06-00-00&amp;enddate=2020-09-30_09-00-00&amp;ch=mr1<\/a><\/td>\n                    <td style=\"\">negat\u00edv<\/td>\n                    <td style=\"\"><\/td>\n                    <td style=\"\"><\/td>\n                    <td style=\"\"><\/td>\n                    <td style=\"\">7.52: Ledar\u00e1lta az LMBTQ mesek\u00f6nyvet \u2013 mi volt ezzel a c\u00e9lja? \u2013 D\u00far\u00f3 D\u00f3ra, a Mi Haz\u00e1nk Mozgalom orsz\u00e1ggy\u0171l\u00e9si k\u00e9pvisel\u0151je, eln\u00f6khelyettese<\/td>\n            <\/tr>\n            <tr id=\"table_2_row_110\">\n                    <td style=\"\">2020.10.01<\/td>\n                    <td style=\"\"><a href='https:\/\/magyarnarancs.hu\/' rel=' nofollow ' target='_blank'>https:\/\/magyarnarancs.hu\/<\/a><\/td>\n                    <td style=\"\"><\/td>\n                    <td style=\"\">A k\u00f6nyvdar\u00e1l\u00f3 D\u00far\u00f3 D\u00f3ra \u00e9s Szak\u00e1cs \u00c1rp\u00e1d megv\u00e9dik a megt\u00e1madott any\u00e1kat<\/td>\n                    <td style=\"\">h\u00edr, besz\u00e1mol\u00f3, r\u00f6vid cikk<\/td>\n                    <td style=\"\"><a href='https:\/\/magyarnarancs.hu\/feketelyuk\/a-konyvdaralo-duro-dora-es-szakacs-arpad-megvedik-a-megtamadott-anyakat-133654' rel=' nofollow ' target='_blank'>https:\/\/magyarnarancs.hu\/feketelyuk\/a-konyvdaralo-duro-dora-es-szakacs-arpad-megvedik-a-megtamadott-anyakat-133654<\/a><\/td>\n                    <td style=\"\">semleges<\/td>\n                    <td style=\"\"><\/td>\n                    <td style=\"\"><\/td>\n                    <td style=\"\"><\/td>\n                    <td style=\"\"><\/td>\n            <\/tr>\n            <tr id=\"table_2_row_111\">\n                    <td style=\"\">2020.10.01<\/td>\n                    <td style=\"\"><a href='https:\/\/www.youtube.com\/' rel=' nofollow ' target='_blank'>https:\/\/www.youtube.com\/<\/a><\/td>\n                    <td style=\"\">Gy\u00f6rgy Tekla<\/td>\n                    <td style=\"\">Meseorsz\u00e1g mindenki\u00e9: k\u00f6nyvdar\u00e1l\u00e1s, melegek, \u00e9s D\u00far\u00f3 D\u00f3ra k\u00f6nyvaj\u00e1nl\u00f3ja<\/td>\n                    <td style=\"\">vide\u00f3<\/td>\n                    <td style=\"\"><a href='https:\/\/www.youtube.com\/watch?v=L3Wiy8ZoBFE' rel=' nofollow ' target='_blank'>https:\/\/www.youtube.com\/watch?v=L3Wiy8ZoBFE<\/a><\/td>\n                    <td style=\"\">pozit\u00edv<\/td>\n                    <td style=\"\">youtube<\/td>\n                    <td style=\"\"><\/td>\n                    <td style=\"\"><\/td>\n                    <td style=\"\"><\/td>\n            <\/tr>\n            <tr id=\"table_2_row_112\">\n                    <td style=\"\">2020.10.01<\/td>\n                    <td style=\"\"><a href='https:\/\/m.hvg.hu\/' rel=' nofollow ' target='_blank'>https:\/\/m.hvg.hu\/<\/a><\/td>\n                    <td style=\"\">Czegl\u00e9di Fanni<\/td>\n                    <td style=\"\">Mit\u0151l olyan vesz\u00e9lyes egy mesek\u00f6nyv, hogy valaki ledar\u00e1lja?<\/td>\n                    <td style=\"\">publicisztika<\/td>\n                    <td style=\"\"><a href='https:\/\/m.hvg.hu\/elet\/20201001_Meseorszag_mindenkie_mesekonyv_Labrisz_Duro_Dora' rel=' nofollow ' target='_blank'>https:\/\/m.hvg.hu\/elet\/20201001_Meseorszag_mindenkie_mesekonyv_Labrisz_Duro_Dora<\/a><\/td>\n                    <td style=\"\">pozit\u00edv<\/td>\n                    <td style=\"\"><\/td>\n                    <td style=\"\"><\/td>\n                    <td style=\"\"><\/td>\n                    <td style=\"\">Sz\u00e9l D\u00e1vid \u00e9s Zalka Csenge Vir\u00e1g megsz\u00f3laltat\u00e1s\u00e1val<\/td>\n            <\/tr>\n            <tr id=\"table_2_row_113\">\n                    <td style=\"\">2020.10.01<\/td>\n                    <td style=\"\"><a href='https:\/\/hvg.hu\/' rel=' nofollow ' target='_blank'>https:\/\/hvg.hu\/<\/a><\/td>\n                    <td style=\"\">M. Kiss Csaba<\/td>\n                    <td style=\"\">Vall\u00e1sos emberek is t\u00e1mogat\u00e1sukr\u00f3l biztos\u00edtottak \u2013 Nagy Boldizs\u00e1r, a ledar\u00e1lt mesek\u00f6nyv szerkeszt\u0151je a HVG Teraszon<\/td>\n                    <td style=\"\">interj\u00fa<\/td>\n                    <td style=\"\"><a href='https:\/\/hvg.hu\/360\/20201001_Nagy_Boldizsar_a_HVG_Teraszon' rel=' nofollow ' target='_blank'>https:\/\/hvg.hu\/360\/20201001_Nagy_Boldizsar_a_HVG_Teraszon<\/a><\/td>\n                    <td style=\"\">pozit\u00edv<\/td>\n                    <td style=\"\"><\/td>\n                    <td style=\"\"><\/td>\n                    <td style=\"\"><\/td>\n                    <td style=\"\">Interj\u00fa Nagy Boldizs\u00e1rral<\/td>\n            <\/tr>\n            <tr id=\"table_2_row_114\">\n                    <td style=\"\">2020.10.01<\/td>\n                    <td style=\"\"><a href='https:\/\/168ora.hu\/' rel=' nofollow ' target='_blank'>https:\/\/168ora.hu\/<\/a><\/td>\n                    <td style=\"\"><\/td>\n                    <td style=\"\">M\u00e1r a C\u00d6F-\u00f6t is el\u00e9rte a D\u00far\u00f3 D\u00f3ra-f\u00e9le ledar\u00e1lt mesek\u00f6nyv p\u00e1nikja<\/td>\n                    <td style=\"\">h\u00edr, besz\u00e1mol\u00f3, r\u00f6vid cikk<\/td>\n                    <td style=\"\"><a href='https:\/\/168ora.hu\/kultura\/cof-lmbtq-duro-dora-meseorszag-mindenkie-192463' rel=' nofollow ' target='_blank'>https:\/\/168ora.hu\/kultura\/cof-lmbtq-duro-dora-meseorszag-mindenkie-192463<\/a><\/td>\n                    <td style=\"\">pozit\u00edv<\/td>\n                    <td style=\"\"><\/td>\n                    <td style=\"\"><\/td>\n                    <td style=\"\"><\/td>\n                    <td style=\"\">A C\u00d6F f\u00e1kly\u00e1smenet\u00e9r\u0151l<\/td>\n            <\/tr>\n            <tr id=\"table_2_row_115\">\n                    <td style=\"\">2020.10.01<\/td>\n                    <td style=\"\"><a href='https:\/\/www.blikk.hu\/' rel=' nofollow ' target='_blank'>https:\/\/www.blikk.hu\/<\/a><\/td>\n                    <td style=\"\"><\/td>\n                    <td style=\"\">Megsz\u00f3lalt a ledar\u00e1lt mesek\u00f6nyv 17 szerz\u0151j\u00e9nek egyike: ezt gondolja D\u00far\u00f3 D\u00f3ra akci\u00f3j\u00e1r\u00f3l \u2013 A k\u00f6nyvkiad\u00f3k egyes\u00fclete is \u00fczent<\/td>\n                    <td style=\"\">h\u00edr, r\u00f6vid cikk<\/td>\n                    <td style=\"\"><a href='https:\/\/www.blikk.hu\/aktualis\/belfold\/duro-dora-ledaralt-mesekonyv-iroja-megszolalt-konykiadok-egyesulete\/48mrfq5' rel=' nofollow ' target='_blank'>https:\/\/www.blikk.hu\/aktualis\/belfold\/duro-dora-ledaralt-mesekonyv-iroja-megszolalt-konykiadok-egyesulete\/48mrfq5<\/a><\/td>\n                    <td style=\"\">semleges<\/td>\n                    <td style=\"\"><\/td>\n                    <td style=\"\"><\/td>\n                    <td style=\"\"><\/td>\n                    <td style=\"\"><\/td>\n            <\/tr>\n            <tr id=\"table_2_row_116\">\n                    <td style=\"\">2020.10.01<\/td>\n                    <td style=\"\"><a href='https:\/\/konyvesmagazin.hu\/' rel=' nofollow ' target='_blank'>https:\/\/konyvesmagazin.hu\/<\/a><\/td>\n                    <td style=\"\">Valuska L\u00e1szl\u00f3<\/td>\n                    <td style=\"\">Meseorsz\u00e1g mindig is mindenki\u00e9 volt, csak err\u0151l nem tudott mindenki<\/td>\n                    <td style=\"\">interj\u00fa<\/td>\n                    <td style=\"\"><a href='https:\/\/konyvesmagazin.hu\/gyerekirodalom\/nagy_boldizsar_duro_dora_meseorszag_mindenkie.html' rel=' nofollow ' target='_blank'>https:\/\/konyvesmagazin.hu\/gyerekirodalom\/nagy_boldizsar_duro_dora_meseorszag_mindenkie.html<\/a><\/td>\n                    <td style=\"\">pozit\u00edv<\/td>\n                    <td style=\"\"><\/td>\n                    <td style=\"\"><\/td>\n                    <td style=\"\"><\/td>\n                    <td style=\"\">Interj\u00fa Nagy Boldizs\u00e1rral<\/td>\n            <\/tr>\n            <tr id=\"table_2_row_117\">\n                    <td style=\"\">2020.10.01<\/td>\n                    <td style=\"\"><a href='https:\/\/telex.hu\/' rel=' nofollow ' target='_blank'>https:\/\/telex.hu\/<\/a><\/td>\n                    <td style=\"\">Lengyel-Szab\u00f3 P\u00e9ter, Szil\u00e1gyi M\u00e1t\u00e9, F\u00f6ldes Andr\u00e1s, Szilli Tam\u00e1s<\/td>\n                    <td style=\"\">\u00cdme a mesek\u00f6nyv, ami kibor\u00edtotta az orsz\u00e1got<\/td>\n                    <td style=\"\">vide\u00f3<\/td>\n                    <td style=\"\"><a href='https:\/\/telex.hu\/video\/2020\/10\/01\/ime-a-mesekonyv-ami-kiboritotta-az-orszagot' rel=' nofollow ' target='_blank'>https:\/\/telex.hu\/video\/2020\/10\/01\/ime-a-mesekonyv-ami-kiboritotta-az-orszagot<\/a><\/td>\n                    <td style=\"\">pozit\u00edv<\/td>\n                    <td style=\"\"><\/td>\n                    <td style=\"\"><\/td>\n                    <td style=\"\"><\/td>\n                    <td style=\"\">Interj\u00fa Nagy Boldizs\u00e1rral, Peng\u0151 Edittel \u00e9s Sz\u0171cs Edittel<\/td>\n            <\/tr>\n            <tr id=\"table_2_row_118\">\n                    <td style=\"\">2020.10.01<\/td>\n                    <td style=\"\"><a href='https:\/\/www.youtube.com\/' rel=' nofollow ' target='_blank'>https:\/\/www.youtube.com\/<\/a><\/td>\n                    <td style=\"\"><\/td>\n                    <td style=\"\">Credo<\/td>\n                    <td style=\"\">r\u00e1di\u00f3<\/td>\n                    <td style=\"\"><a href='https:\/\/www.youtube.com\/watch?v=O1zp-rFXCAc' rel=' nofollow ' target='_blank'>https:\/\/www.youtube.com\/watch?v=O1zp-rFXCAc<\/a><\/td>\n                    <td style=\"\">negat\u00edv<\/td>\n                    <td style=\"\">youtube<\/td>\n                    <td style=\"\"><\/td>\n                    <td style=\"\"><\/td>\n                    <td style=\"\"><\/td>\n            <\/tr>\n            <tr id=\"table_2_row_119\">\n                    <td style=\"\">2020.10.01<\/td>\n                    <td style=\"\"><a href='https:\/\/www.youtube.com\/' rel=' nofollow ' target='_blank'>https:\/\/www.youtube.com\/<\/a><\/td>\n                    <td style=\"\"><\/td>\n                    <td style=\"\">Hetek<\/td>\n                    <td style=\"\">vide\u00f3<\/td>\n                    <td style=\"\"><a href='https:\/\/www.youtube.com\/watch?v=YjaZjFrXCGQ&amp;feature=emb_title' rel=' nofollow ' target='_blank'>https:\/\/www.youtube.com\/watch?v=YjaZjFrXCGQ&amp;feature=emb_title<\/a><\/td>\n                    <td style=\"\">negat\u00edv<\/td>\n                    <td style=\"\">youtube<\/td>\n                    <td style=\"\"><\/td>\n                    <td style=\"\"><\/td>\n                    <td style=\"\">podcast<\/td>\n            <\/tr>\n            <tr id=\"table_2_row_120\">\n                    <td style=\"\">2020.10.01<\/td>\n                    <td style=\"\"><a href='https:\/\/humenonline.hu\/' rel=' nofollow ' target='_blank'>https:\/\/humenonline.hu\/<\/a><\/td>\n                    <td style=\"\">Tegdes P\u00e9ter<\/td>\n                    <td style=\"\">\u201eEml\u00e9keztetni akartunk, hogy Meseorsz\u00e1g mindig is mindannyiunk\u00e9 volt\"<\/td>\n                    <td style=\"\">interj\u00fa<\/td>\n                    <td style=\"\"><a href='https:\/\/humenonline.hu\/emlekeztetni-akartunk-hogy-meseorszag-mindig-is-mindannyiunke-volt' rel=' nofollow ' target='_blank'>https:\/\/humenonline.hu\/emlekeztetni-akartunk-hogy-meseorszag-mindig-is-mindannyiunke-volt<\/a><\/td>\n                    <td style=\"\">pozit\u00edv<\/td>\n                    <td style=\"\"><\/td>\n                    <td style=\"\"><\/td>\n                    <td style=\"\"><\/td>\n                    <td style=\"\">Interj\u00fa Nagy Boldizs\u00e1rral<\/td>\n            <\/tr>\n            <tr id=\"table_2_row_121\">\n                    <td style=\"\">2020.10.01<\/td>\n                    <td style=\"\"><a href='https:\/\/csak-pozitivan-magazin.hu\/' rel=' nofollow ' target='_blank'>https:\/\/csak-pozitivan-magazin.hu\/<\/a><\/td>\n                    <td style=\"\">Kov\u00e1cs Brigitta Efi<\/td>\n                    <td style=\"\">Csak az igaz\u00e1n nagyok el\u00e9g nagyok ahhoz, hogy kicsik legyenek...<\/td>\n                    <td style=\"\">interj\u00fa<\/td>\n                    <td style=\"\"><a href='https:\/\/csak-pozitivan-magazin.hu\/_files\/200000207-d0d88d0d8c\/CsPM%2008%20%202020-10-30.pdf' rel=' nofollow ' target='_blank'>https:\/\/csak-pozitivan-magazin.hu\/_files\/200000207-d0d88d0d8c\/CsPM%2008%20%202020-10-30.pdf<\/a><\/td>\n                    <td style=\"\">pozit\u00edv<\/td>\n                    <td style=\"\"><\/td>\n                    <td style=\"\"><\/td>\n                    <td style=\"\"><\/td>\n                    <td style=\"\">Interj\u00fa R\u00e9dai Dorotty\u00e1val, 26-29. old.<\/td>\n            <\/tr>\n            <tr id=\"table_2_row_122\">\n                    <td style=\"\">2020.10.02<\/td>\n                    <td style=\"\"><a href='https:\/\/24.hu\/' rel=' nofollow ' target='_blank'>https:\/\/24.hu\/<\/a><\/td>\n                    <td style=\"\">Sz\u00e1nt\u00f3 Eszter<\/td>\n                    <td style=\"\">Nem befoly\u00e1solj\u00e1k a mes\u00e9k a szexu\u00e1lis orient\u00e1ci\u00f3t, viszont seg\u00edthetnek meg\u00e9rteni<\/td>\n                    <td style=\"\">publicisztika<\/td>\n                    <td style=\"\"><a href='https:\/\/24.hu\/kultura\/2020\/10\/02\/meseorszag-mindenkie-tompa-andrea-finy-petry-peer-krisztina-mese-pszichologia-terapia-onismeret\/' rel=' nofollow ' target='_blank'>https:\/\/24.hu\/kultura\/2020\/10\/02\/meseorszag-mindenkie-tompa-andrea-finy-petry-peer-krisztina-mese-pszichologia-terapia-onismeret\/<\/a><\/td>\n                    <td style=\"\">pozit\u00edv<\/td>\n                    <td style=\"\"><\/td>\n                    <td style=\"\"><\/td>\n                    <td style=\"\"><\/td>\n                    <td style=\"\"><\/td>\n            <\/tr>\n            <tr id=\"table_2_row_123\">\n                    <td style=\"\">2020.10.02<\/td>\n                    <td style=\"\"><a href='https:\/\/m.facebook.com\/' rel=' nofollow ' target='_blank'>https:\/\/m.facebook.com\/<\/a><\/td>\n                    <td style=\"\">Pik\u00f3 Andr\u00e1s<\/td>\n                    <td style=\"\">Pik\u00f3 Andr\u00e1s ny\u00edlt levele az LMBT sz\u00f6vets\u00e9ghez<\/td>\n                    <td style=\"\">fB-poszt<\/td>\n                    <td style=\"\"><a href='https:\/\/m.facebook.com\/story.php?story_fbid=671824763459617&amp;id=379369999371763' rel=' nofollow ' target='_blank'>https:\/\/m.facebook.com\/story.php?story_fbid=671824763459617&amp;id=379369999371763<\/a><\/td>\n                    <td style=\"\">pozit\u00edv<\/td>\n                    <td style=\"\"><\/td>\n                    <td style=\"\"><\/td>\n                    <td style=\"\"><\/td>\n                    <td style=\"\">Pik\u00f3 Andr\u00e1s nyilatkozat<\/td>\n            <\/tr>\n            <tr id=\"table_2_row_124\">\n                    <td style=\"\">2020.10.02<\/td>\n                    <td style=\"\"><a href='https:\/\/24.hu\/' rel=' nofollow ' target='_blank'>https:\/\/24.hu\/<\/a><\/td>\n                    <td style=\"\">Cs\u00e1ka Eszter<\/td>\n                    <td style=\"\">Geszti P\u00e9ter a k\u00f6nyvdar\u00e1l\u00e1sr\u00f3l: Egyet\u00e9rtek azzal, ami\u00e9rt Fluor Tomi is ki\u00e1llt<\/td>\n                    <td style=\"\">h\u00edr, besz\u00e1mol\u00f3, r\u00f6vid cikk<\/td>\n                    <td style=\"\"><a href='https:\/\/24.hu\/szorakozas\/2020\/10\/02\/geszti-peter-konyvdaralas-duro-dora-fluor-tomi-maradj-normalis\/' rel=' nofollow ' target='_blank'>https:\/\/24.hu\/szorakozas\/2020\/10\/02\/geszti-peter-konyvdaralas-duro-dora-fluor-tomi-maradj-normalis\/<\/a><\/td>\n                    <td style=\"\">pozit\u00edv<\/td>\n                    <td style=\"\"><\/td>\n                    <td style=\"\"><\/td>\n                    <td style=\"\"><\/td>\n                    <td style=\"\"><\/td>\n            <\/tr>\n            <tr id=\"table_2_row_125\">\n                    <td style=\"\">2020.10.02<\/td>\n                    <td style=\"\"><a href='https:\/\/budapestpride.hu\/' rel=' nofollow ' target='_blank'>https:\/\/budapestpride.hu\/<\/a><\/td>\n                    <td style=\"\"><\/td>\n                    <td style=\"\">\u00cdgy dolgozik D\u00far\u00f3 D\u00f3ra a Fidesz t\u00e1mogat\u00e1s\u00e1val<\/td>\n                    <td style=\"\">h\u00edr, r\u00f6vid cikk<\/td>\n                    <td style=\"\"><a href='https:\/\/budapestpride.hu\/hirek\/pacifista-lett-a-mi-hazank' rel=' nofollow ' target='_blank'>https:\/\/budapestpride.hu\/hirek\/pacifista-lett-a-mi-hazank<\/a><\/td>\n                    <td style=\"\">pozit\u00edv<\/td>\n                    <td style=\"\"><\/td>\n                    <td style=\"\"><\/td>\n                    <td style=\"\"><\/td>\n                    <td style=\"\"><\/td>\n            <\/tr>\n            <tr id=\"table_2_row_126\">\n                    <td style=\"\">2020.10.02<\/td>\n                    <td style=\"\"><a href='https:\/\/www.youtube.com\/' rel=' nofollow ' target='_blank'>https:\/\/www.youtube.com\/<\/a><\/td>\n                    <td style=\"\">Lakatos Zsolt<\/td>\n                    <td style=\"\">Besz\u00e9lj\u00fck meg: Kontraprodukt\u00edv radik\u00e1lisok (Meseorsz\u00e1g Mindenki\u00e9 \u00fcgy, D\u00far\u00f3 D\u00f3ra, Budah\u00e1zy Edda)<\/td>\n                    <td style=\"\">vide\u00f3<\/td>\n                    <td style=\"\"><a href='https:\/\/www.youtube.com\/watch?v=WpeCL6rHEMQ' rel=' nofollow ' target='_blank'>https:\/\/www.youtube.com\/watch?v=WpeCL6rHEMQ<\/a><\/td>\n                    <td style=\"\">negat\u00edv<\/td>\n                    <td style=\"\"><\/td>\n                    <td style=\"\"><\/td>\n                    <td style=\"\"><\/td>\n                    <td style=\"\">Lakatos Zsolt<\/td>\n            <\/tr>\n            <tr id=\"table_2_row_127\">\n                    <td style=\"\">2020.10.02<\/td>\n                    <td style=\"\"><a href='https:\/\/balkaninsight.com\/' rel=' nofollow ' target='_blank'>https:\/\/balkaninsight.com\/<\/a><\/td>\n                    <td style=\"\"><\/td>\n                    <td style=\"\">Culture wars<\/td>\n                    <td style=\"\">publicisztika<\/td>\n                    <td style=\"\"><a href='https:\/\/balkaninsight.com\/2020\/10\/02\/democracy-digest-states-of-emergency\/' rel=' nofollow ' target='_blank'>https:\/\/balkaninsight.com\/2020\/10\/02\/democracy-digest-states-of-emergency\/<\/a><\/td>\n                    <td style=\"\">pozit\u00edv<\/td>\n                    <td style=\"\"><\/td>\n                    <td style=\"\">igen<\/td>\n                    <td style=\"\">angol<\/td>\n                    <td style=\"\"><\/td>\n            <\/tr>\n            <tr id=\"table_2_row_128\">\n                    <td style=\"\">2020.10.02<\/td>\n                    <td style=\"\"><a href='https:\/\/www.facebook.com\/' rel=' nofollow ' target='_blank'>https:\/\/www.facebook.com\/<\/a><\/td>\n                    <td style=\"\"><\/td>\n                    <td style=\"\">a book24 h\u00edre, hogy ut\u00e1nnyom\u00e1s v\u00e1rhat\u00f3<\/td>\n                    <td style=\"\">fb-poszt<\/td>\n                    <td style=\"\"><a href='https:\/\/www.facebook.com\/book24hu\/photos\/a.1507744612836392\/2845112882432885\/' rel=' nofollow ' target='_blank'>https:\/\/www.facebook.com\/book24hu\/photos\/a.1507744612836392\/2845112882432885\/<\/a><\/td>\n                    <td style=\"\">pozit\u00edv<\/td>\n                    <td style=\"\">fb<\/td>\n                    <td style=\"\"><\/td>\n                    <td style=\"\"><\/td>\n                    <td style=\"\">a book24 h\u00edre, hogy ut\u00e1nnyom\u00e1s v\u00e1rhat\u00f3<\/td>\n            <\/tr>\n            <tr id=\"table_2_row_129\">\n                    <td style=\"\">2020.10.02<\/td>\n                    <td style=\"\"><a href='https:\/\/hirtv.hu\/' rel=' nofollow ' target='_blank'>https:\/\/hirtv.hu\/<\/a><\/td>\n                    <td style=\"\"><\/td>\n                    <td style=\"\">Vajon a k\u00f6nyvdar\u00e1l\u00e1s-e a megfelel\u0151 tiltakoz\u00e1s?<\/td>\n                    <td style=\"\">vide\u00f3<\/td>\n                    <td style=\"\"><a href='https:\/\/hirtv.hu\/cimlap_musor\/cimlap-vajon-a-konyvdaralas-e-a-megfelelo-tiltakozas-2509270' rel=' nofollow ' target='_blank'>https:\/\/hirtv.hu\/cimlap_musor\/cimlap-vajon-a-konyvdaralas-e-a-megfelelo-tiltakozas-2509270<\/a><\/td>\n                    <td style=\"\">negat\u00edv<\/td>\n                    <td style=\"\"><\/td>\n                    <td style=\"\"><\/td>\n                    <td style=\"\"><\/td>\n                    <td style=\"\"><\/td>\n            <\/tr>\n            <tr id=\"table_2_row_130\">\n                    <td style=\"\">2020.10.02<\/td>\n                    <td style=\"\"><a href='https:\/\/www.magyarhirlap.hu\/' rel=' nofollow ' target='_blank'>https:\/\/www.magyarhirlap.hu\/<\/a><\/td>\n                    <td style=\"\">Korompay Csilla<\/td>\n                    <td style=\"\">Meseorsz\u00e1g sut\u00e1i<\/td>\n                    <td style=\"\">v\u00e9lem\u00e9ny<\/td>\n                    <td style=\"\"><a href='https:\/\/www.magyarhirlap.hu\/velemeny\/20201002-meseorszag-sutai' rel=' nofollow ' target='_blank'>https:\/\/www.magyarhirlap.hu\/velemeny\/20201002-meseorszag-sutai<\/a><\/td>\n                    <td style=\"\">negat\u00edv<\/td>\n                    <td style=\"\"><\/td>\n                    <td style=\"\"><\/td>\n                    <td style=\"\"><\/td>\n                    <td style=\"\"><\/td>\n            <\/tr>\n            <tr id=\"table_2_row_131\">\n                    <td style=\"\">2020.10.02<\/td>\n                    <td style=\"\"><a href='https:\/\/www.magyarkurir.hu\/' rel=' nofollow ' target='_blank'>https:\/\/www.magyarkurir.hu\/<\/a><\/td>\n                    <td style=\"\">P\u00e9csi Rita<\/td>\n                    <td style=\"\">J\u00f3 \u00e9s rossz a mes\u00e9ben \u2013 avagy megtal\u00e1lni a rendet a z\u0171rzavarban<\/td>\n                    <td style=\"\">publicisztika<\/td>\n                    <td style=\"\"><a href='https:\/\/www.magyarkurir.hu\/hirek\/pecsi-rita-jo-es-rossz-meseben-avagy-megtalalni-rendet-zurzavarban' rel=' nofollow ' target='_blank'>https:\/\/www.magyarkurir.hu\/hirek\/pecsi-rita-jo-es-rossz-meseben-avagy-megtalalni-rendet-zurzavarban<\/a><\/td>\n                    <td style=\"\">negat\u00edv<\/td>\n                    <td style=\"\"><\/td>\n                    <td style=\"\"><\/td>\n                    <td style=\"\"><\/td>\n                    <td style=\"\"><\/td>\n            <\/tr>\n            <tr id=\"table_2_row_132\">\n                    <td style=\"\">2020.10.02<\/td>\n                    <td style=\"\"><a href='https:\/\/www.youtube.com\/' rel=' nofollow ' target='_blank'>https:\/\/www.youtube.com\/<\/a><\/td>\n                    <td style=\"\">Hetek<\/td>\n                    <td style=\"\">M\u00e1r az \u00f3vod\u00e1kba is betenn\u00e9 a l\u00e1b\u00e1t a genderpropaganda - Hetek Magazin<\/td>\n                    <td style=\"\">vide\u00f3 interj\u00fa<\/td>\n                    <td style=\"\"><a href='https:\/\/www.youtube.com\/watch?v=YjaZjFrXCGQ&amp;feature=emb_title' rel=' nofollow ' target='_blank'>https:\/\/www.youtube.com\/watch?v=YjaZjFrXCGQ&amp;feature=emb_title<\/a><\/td>\n                    <td style=\"\">negat\u00edv<\/td>\n                    <td style=\"\"><\/td>\n                    <td style=\"\"><\/td>\n                    <td style=\"\"><\/td>\n                    <td style=\"\">Schittl Eszter v\u00e9lem\u00e9nye a melegpropagand\u00e1r\u00f3l<\/td>\n            <\/tr>\n            <tr id=\"table_2_row_133\">\n                    <td style=\"\">2020.10.03<\/td>\n                    <td style=\"\"><a href='https:\/\/merce.hu\/' rel=' nofollow ' target='_blank'>https:\/\/merce.hu\/<\/a><\/td>\n                    <td style=\"\">T\u00f3th Csaba Tibor<\/td>\n                    <td style=\"\">Budah\u00e1zy\u00e9k fenyeget\u00e9se miatt k\u00f6z\u00f6ns\u00e9g n\u00e9lk\u00fcl tartj\u00e1k meg a Meseorsz\u00e1g Mindenki\u00e9-felolvas\u00e1st vas\u00e1rnap<\/td>\n                    <td style=\"\">h\u00edr, r\u00f6vid cikk<\/td>\n                    <td style=\"\"><a href='https:\/\/merce.hu\/2020\/10\/03\/budahazyek-fenyegetese-miatt-kozonseg-nelkul-tartjak-meg-a-meseorszag-mindekie-felolvasoestjet-vasarnap\/' rel=' nofollow ' target='_blank'>https:\/\/merce.hu\/2020\/10\/03\/budahazyek-fenyegetese-miatt-kozonseg-nelkul-tartjak-meg-a-meseorszag-mindekie-felolvasoestjet-vasarnap\/<\/a><\/td>\n                    <td style=\"\">semleges<\/td>\n                    <td style=\"\"><\/td>\n                    <td style=\"\"><\/td>\n                    <td style=\"\"><\/td>\n                    <td style=\"\"><\/td>\n            <\/tr>\n            <tr id=\"table_2_row_134\">\n                    <td style=\"\">2020.10.03<\/td>\n                    <td style=\"\"><a href='https:\/\/www.facebook.com\/' rel=' nofollow ' target='_blank'>https:\/\/www.facebook.com\/<\/a><\/td>\n                    <td style=\"\"><\/td>\n                    <td style=\"\">Mi Haz\u00e1nk t\u00fcntet\u00e9s okt. 3.<\/td>\n                    <td style=\"\">fB-poszt<\/td>\n                    <td style=\"\"><a href='https:\/\/www.facebook.com\/zsoka.incze\/videos\/3260262067361153' rel=' nofollow ' target='_blank'>https:\/\/www.facebook.com\/zsoka.incze\/videos\/3260262067361153<\/a><\/td>\n                    <td style=\"\">negat\u00edv<\/td>\n                    <td style=\"\"><\/td>\n                    <td style=\"\"><\/td>\n                    <td style=\"\"><\/td>\n                    <td style=\"\">Mi Haz\u00e1nk t\u00fcnt, okt. 3.<\/td>\n            <\/tr>\n            <tr id=\"table_2_row_135\">\n                    <td style=\"\">2020.10.03<\/td>\n                    <td style=\"\"><a href='https:\/\/merce.hu\/' rel=' nofollow ' target='_blank'>https:\/\/merce.hu\/<\/a><\/td>\n                    <td style=\"\">Bogatin Bence, Kiss Soma \u00c1brah\u00e1m<\/td>\n                    <td style=\"\">Diszk\u00f3hangulatot teremtett a Budapest Pride a Mi Haz\u00e1nk t\u00fcntet\u00e9s\u00e9n<\/td>\n                    <td style=\"\">h\u00edr, r\u00f6vid cikk<\/td>\n                    <td style=\"\"><a href='https:\/\/merce.hu\/2020\/10\/03\/diszkohangulatot-teremtett-a-budapest-pride-a-mi-hazank-tuntetesen' rel=' nofollow ' target='_blank'>https:\/\/merce.hu\/2020\/10\/03\/diszkohangulatot-teremtett-a-budapest-pride-a-mi-hazank-tuntetesen<\/a><\/td>\n                    <td style=\"\">semleges<\/td>\n                    <td style=\"\"><\/td>\n                    <td style=\"\"><\/td>\n                    <td style=\"\"><\/td>\n                    <td style=\"\"><\/td>\n            <\/tr>\n            <tr id=\"table_2_row_136\">\n                    <td style=\"\">2020.10.03<\/td>\n                    <td style=\"\"><a href='https:\/\/index.hu\/' rel=' nofollow ' target='_blank'>https:\/\/index.hu\/<\/a><\/td>\n                    <td style=\"\">G\u00e1ll Anna<\/td>\n                    <td style=\"\">Isten hozott \u00f6cs\u00e9m, ez a val\u00f3 vil\u00e1g!<\/td>\n                    <td style=\"\">h\u00edr, r\u00f6vid cikk<\/td>\n                    <td style=\"\"><a href='https:\/\/index.hu\/kultur\/2020\/10\/03\/isten_hozott_nalam_ocsem_ez_a_valo_vilag\/' rel=' nofollow ' target='_blank'>https:\/\/index.hu\/kultur\/2020\/10\/03\/isten_hozott_nalam_ocsem_ez_a_valo_vilag\/<\/a><\/td>\n                    <td style=\"\">pozit\u00edv<\/td>\n                    <td style=\"\"><\/td>\n                    <td style=\"\"><\/td>\n                    <td style=\"\"><\/td>\n                    <td style=\"\"><\/td>\n            <\/tr>\n            <tr id=\"table_2_row_137\">\n                    <td style=\"\">2020.10.03<\/td>\n                    <td style=\"\"><a href='https:\/\/index.hu\/' rel=' nofollow ' target='_blank'>https:\/\/index.hu\/<\/a><\/td>\n                    <td style=\"\">Kitzinger Szongja<\/td>\n                    <td style=\"\">Nem dar\u00e1lunk, mes\u00e9l\u00fcnk<\/td>\n                    <td style=\"\">h\u00edr, r\u00f6vid cikk<\/td>\n                    <td style=\"\"><a href='https:\/\/index.hu\/mindekozben\/poszt\/2020\/10\/03\/nem_daralunk_meselunk\/' rel=' nofollow ' target='_blank'>https:\/\/index.hu\/mindekozben\/poszt\/2020\/10\/03\/nem_daralunk_meselunk\/<\/a><\/td>\n                    <td style=\"\">pozit\u00edv<\/td>\n                    <td style=\"\"><\/td>\n                    <td style=\"\"><\/td>\n                    <td style=\"\"><\/td>\n                    <td style=\"\"><\/td>\n            <\/tr>\n            <tr id=\"table_2_row_138\">\n                    <td style=\"\">2020.10.03<\/td>\n                    <td style=\"\"><a href='https:\/\/www.instagram.com\/' rel=' nofollow ' target='_blank'>https:\/\/www.instagram.com\/<\/a><\/td>\n                    <td style=\"\">Marko Lakatos<\/td>\n                    <td style=\"\">Lakatos M\u00e1rk \u00e9s bar\u00e1tai felolvasnak<\/td>\n                    <td style=\"\">vide\u00f3<\/td>\n                    <td style=\"\"><a href='https:\/\/www.instagram.com\/tv\/CF5EQKjqbH1' rel=' nofollow ' target='_blank'>https:\/\/www.instagram.com\/tv\/CF5EQKjqbH1<\/a><\/td>\n                    <td style=\"\">pozit\u00edv<\/td>\n                    <td style=\"\"><\/td>\n                    <td style=\"\"><\/td>\n                    <td style=\"\"><\/td>\n                    <td style=\"\">Lakatos M\u00e1rk \u00e9s bar\u00e1tai felolvasnak, okt. 3.<\/td>\n            <\/tr>\n            <tr id=\"table_2_row_139\">\n                    <td style=\"\">2020.10.03<\/td>\n                    <td style=\"\"><a href='https:\/\/www.facebook.com\/' rel=' nofollow ' target='_blank'>https:\/\/www.facebook.com\/<\/a><\/td>\n                    <td style=\"\">P\u00e1l M\u00e1rton<\/td>\n                    <td style=\"\">P\u00e1l M\u00e1rton\u00e9k k\u00f6rbej\u00e1rt\u00e1k a Pagony-k\u00f6nyvesboltokat bonbonnal\u2026<\/td>\n                    <td style=\"\">FB-poszt<\/td>\n                    <td style=\"\"><a href='https:\/\/www.facebook.com\/photo?fbid=10159678674498539&amp;set=p.10159678674498539' rel=' nofollow ' target='_blank'>https:\/\/www.facebook.com\/photo?fbid=10159678674498539&amp;set=p.10159678674498539<\/a><\/td>\n                    <td style=\"\">pozit\u00edv<\/td>\n                    <td style=\"\">fb<\/td>\n                    <td style=\"\"><\/td>\n                    <td style=\"\"><\/td>\n                    <td style=\"\">P\u00e1l M\u00e1rton\u00e9k k\u00f6rbej\u00e1rt\u00e1k a Pagony-k\u00f6nyvesboltokat bonbonnal\u2026<\/td>\n            <\/tr>\n            <tr id=\"table_2_row_140\">\n                    <td style=\"\">2020.10.03<\/td>\n                    <td style=\"\"><a href='https:\/\/www.origo.hu\/' rel=' nofollow ' target='_blank'>https:\/\/www.origo.hu\/<\/a><\/td>\n                    <td style=\"\"><\/td>\n                    <td style=\"\">A Meseorsz\u00e1g mindenki\u00e9 egy Molotov-kokt\u00e9l a gyerekszob\u00e1ban<\/td>\n                    <td style=\"\">egy\u00e9b<\/td>\n                    <td style=\"\"><a href='https:\/\/www.origo.hu\/itthon\/20201003-meseorszagmindenkie-lmbtq-cimlap.html' rel=' nofollow ' target='_blank'>https:\/\/www.origo.hu\/itthon\/20201003-meseorszagmindenkie-lmbtq-cimlap.html<\/a><\/td>\n                    <td style=\"\">negat\u00edv<\/td>\n                    <td style=\"\"><\/td>\n                    <td style=\"\"><\/td>\n                    <td style=\"\"><\/td>\n                    <td style=\"\"><\/td>\n            <\/tr>\n            <tr id=\"table_2_row_141\">\n                    <td style=\"\">2020.10.03<\/td>\n                    <td style=\"\"><a href='https:\/\/magyarnemzet.hu\/' rel=' nofollow ' target='_blank'>https:\/\/magyarnemzet.hu\/<\/a><\/td>\n                    <td style=\"\">Ap\u00e1ti Bence<\/td>\n                    <td style=\"\">Meseorsz\u00e1g a genderpropagand\u00e1\u00e9<\/td>\n                    <td style=\"\">publicisztika<\/td>\n                    <td style=\"\"><a href='https:\/\/magyarnemzet.hu\/velemeny\/meseorszag-a-genderpropagandae-8753847\/' rel=' nofollow ' target='_blank'>https:\/\/magyarnemzet.hu\/velemeny\/meseorszag-a-genderpropagandae-8753847\/<\/a><\/td>\n                    <td style=\"\">negat\u00edv<\/td>\n                    <td style=\"\"><\/td>\n                    <td style=\"\"><\/td>\n                    <td style=\"\"><\/td>\n                    <td style=\"\"><\/td>\n            <\/tr>\n            <tr id=\"table_2_row_142\">\n                    <td style=\"\">2020.10.03<\/td>\n                    <td style=\"\"><a href='https:\/\/magyarnemzet.hu\/' rel=' nofollow ' target='_blank'>https:\/\/magyarnemzet.hu\/<\/a><\/td>\n                    <td style=\"\">Nagy Orsolya<\/td>\n                    <td style=\"\">\u201eEz h\u00e1bor\u00fa az eg\u00e9sz t\u00e1rsadalom ellen\u201d<\/td>\n                    <td style=\"\">h\u00edr, besz\u00e1mol\u00f3, r\u00f6vid cikk<\/td>\n                    <td style=\"\"><a href='https:\/\/magyarnemzet.hu\/belfold\/toroczkai-ez-egy-haboru-az-egesz-tarsadalom-ellen-8756178\/' rel=' nofollow ' target='_blank'>https:\/\/magyarnemzet.hu\/belfold\/toroczkai-ez-egy-haboru-az-egesz-tarsadalom-ellen-8756178\/<\/a><\/td>\n                    <td style=\"\"><\/td>\n                    <td style=\"\"><\/td>\n                    <td style=\"\"><\/td>\n                    <td style=\"\"><\/td>\n                    <td style=\"\"><\/td>\n            <\/tr>\n            <tr id=\"table_2_row_143\">\n                    <td style=\"\">2020.10.03<\/td>\n                    <td style=\"\"><a href='https:\/\/drot.eu\/' rel=' nofollow ' target='_blank'>https:\/\/drot.eu\/<\/a><\/td>\n                    <td style=\"\">H\u00e9tv\u00e1ri Andrea<\/td>\n                    <td style=\"\">Kellenek-e az \u00f3vod\u00e1soknak \u201emelegmes\u00e9k\u201d?<\/td>\n                    <td style=\"\">publicisztika<\/td>\n                    <td style=\"\"><a href='https:\/\/drot.eu\/kellenek-e-az-ovodasoknak-melegmesek' rel=' nofollow ' target='_blank'>https:\/\/drot.eu\/kellenek-e-az-ovodasoknak-melegmesek<\/a><\/td>\n                    <td style=\"\">semleges<\/td>\n                    <td style=\"\"><\/td>\n                    <td style=\"\"><\/td>\n                    <td style=\"\"><\/td>\n                    <td style=\"\"><\/td>\n            <\/tr>\n            <tr id=\"table_2_row_144\">\n                    <td style=\"\">2020.10.03<\/td>\n                    <td style=\"\"><a href='https:\/\/demokrata.hu\/' rel=' nofollow ' target='_blank'>https:\/\/demokrata.hu\/<\/a><\/td>\n                    <td style=\"\">Hern\u00e1di Zsuzsa<\/td>\n                    <td style=\"\">A herceg a herceget szereti<\/td>\n                    <td style=\"\">publicisztika<\/td>\n                    <td style=\"\"><a href='https:\/\/demokrata.hu\/magyarorszag\/a-herceg-a-herceget-szereti-297816\/' rel=' nofollow ' target='_blank'>https:\/\/demokrata.hu\/magyarorszag\/a-herceg-a-herceget-szereti-297816\/<\/a><\/td>\n                    <td style=\"\">negat\u00edv<\/td>\n                    <td style=\"\"><\/td>\n                    <td style=\"\"><\/td>\n                    <td style=\"\"><\/td>\n                    <td style=\"\"><\/td>\n            <\/tr>\n            <tr id=\"table_2_row_145\">\n                    <td style=\"\">2020.10.03<\/td>\n                    <td style=\"\"><a href='https:\/\/holdkatlan.hu\/' rel=' nofollow ' target='_blank'>https:\/\/holdkatlan.hu\/<\/a><\/td>\n                    <td style=\"\">Bene Adri\u00e1n<\/td>\n                    <td style=\"\">M\u00e1s mes\u00e9k tetej\u00e9n<\/td>\n                    <td style=\"\">recenzi\u00f3<\/td>\n                    <td style=\"\"><a href='https:\/\/holdkatlan.hu\/index.php\/publicisztika\/kritika\/10071-bene-adrian-mas-mesek-tejen-meseorszag-mindenkie-kritika' rel=' nofollow ' target='_blank'>https:\/\/holdkatlan.hu\/index.php\/publicisztika\/kritika\/10071-bene-adrian-mas-mesek-tejen-meseorszag-mindenkie-kritika<\/a><\/td>\n                    <td style=\"\">pozit\u00edv<\/td>\n                    <td style=\"\"><\/td>\n                    <td style=\"\"><\/td>\n                    <td style=\"\"><\/td>\n                    <td style=\"\"><\/td>\n            <\/tr>\n            <tr id=\"table_2_row_146\">\n                    <td style=\"\">2020.10.03<\/td>\n                    <td style=\"\"><a href='https:\/\/magyarnemzet.hu\/' rel=' nofollow ' target='_blank'>https:\/\/magyarnemzet.hu\/<\/a><\/td>\n                    <td style=\"\">Ap\u00e1ti Bence<\/td>\n                    <td style=\"\">Meseorsz\u00e1g a genderpropgand\u00e1\u00e9<\/td>\n                    <td style=\"\">recenzi\u00f3<\/td>\n                    <td style=\"\"><a href='https:\/\/magyarnemzet.hu\/velemeny\/meseorszag-a-genderpropagandae-8753847\/?utm_source=mandiner&amp;utm_medium=link&amp;utm_campaign=mandiner_202010' rel=' nofollow ' target='_blank'>https:\/\/magyarnemzet.hu\/velemeny\/meseorszag-a-genderpropagandae-8753847\/?utm_source=mandiner&amp;utm_medium=link&amp;utm_campaign=mandiner_202010<\/a><\/td>\n                    <td style=\"\">negat\u00edv<\/td>\n                    <td style=\"\"><\/td>\n                    <td style=\"\"><\/td>\n                    <td style=\"\"><\/td>\n                    <td style=\"\"><\/td>\n            <\/tr>\n            <tr id=\"table_2_row_147\">\n                    <td style=\"\">2020.10.03<\/td>\n                    <td style=\"\"><a href='https:\/\/www.facebook.com\/' rel=' nofollow ' target='_blank'>https:\/\/www.facebook.com\/<\/a><\/td>\n                    <td style=\"\">P\u00e1l M\u00e1rton<\/td>\n                    <td style=\"\">P\u00e1l M\u00e1rton fb posztja a pagony k\u00f6nyvesbolt<\/td>\n                    <td style=\"\">fb-poszt<\/td>\n                    <td style=\"\"><a href='https:\/\/www.facebook.com\/photo?fbid=10159678674498539&amp;set=p.10159678674498539' rel=' nofollow ' target='_blank'>https:\/\/www.facebook.com\/photo?fbid=10159678674498539&amp;set=p.10159678674498539<\/a><\/td>\n                    <td style=\"\">pozit\u00edv<\/td>\n                    <td style=\"\">fb<\/td>\n                    <td style=\"\"><\/td>\n                    <td style=\"\"><\/td>\n                    <td style=\"\"><\/td>\n            <\/tr>\n            <tr id=\"table_2_row_148\">\n                    <td style=\"\">2020.10.03<\/td>\n                    <td style=\"\"><a href='https:\/\/hirtv.hu\/' rel=' nofollow ' target='_blank'>https:\/\/hirtv.hu\/<\/a><\/td>\n                    <td style=\"\"><\/td>\n                    <td style=\"\">A Meseorsz\u00e1g mindenki\u00e9 c\u00edm\u0171 mesek\u00f6nyv miatt demonstr\u00e1lt a Mi Haz\u00e1nk<\/td>\n                    <td style=\"\">TV<\/td>\n                    <td style=\"\"><a href='https:\/\/hirtv.hu\/video\/240978' rel=' nofollow ' target='_blank'>https:\/\/hirtv.hu\/video\/240978<\/a><\/td>\n                    <td style=\"\">negat\u00edv<\/td>\n                    <td style=\"\"><\/td>\n                    <td style=\"\"><\/td>\n                    <td style=\"\"><\/td>\n                    <td style=\"\"><\/td>\n            <\/tr>\n            <tr id=\"table_2_row_149\">\n                    <td style=\"\">2020.10.04<\/td>\n                    <td style=\"\"><a href='https:\/\/www.facebook.com\/' rel=' nofollow ' target='_blank'>https:\/\/www.facebook.com\/<\/a><\/td>\n                    <td style=\"\"><\/td>\n                    <td style=\"\">Meseorsz\u00e1g mindenki\u00e9 - mesematin\u00e9<\/td>\n                    <td style=\"\">esem\u00e9ny<\/td>\n                    <td style=\"\"><a href='https:\/\/www.facebook.com\/events\/1052403188528402' rel=' nofollow ' target='_blank'>https:\/\/www.facebook.com\/events\/1052403188528402<\/a><\/td>\n                    <td style=\"\">semleges<\/td>\n                    <td style=\"\">fb<\/td>\n                    <td style=\"\"><\/td>\n                    <td style=\"\"><\/td>\n                    <td style=\"\">(Szalai Kriszta felolvas\u00e1s, \u00c1trium)<\/td>\n            <\/tr>\n            <tr id=\"table_2_row_150\">\n                    <td style=\"\">2020.10.04<\/td>\n                    <td style=\"\"><a href='https:\/\/www.identitas.co\/' rel=' nofollow ' target='_blank'>https:\/\/www.identitas.co\/<\/a><\/td>\n                    <td style=\"\"><\/td>\n                    <td style=\"\">Tiltakozik a DK mesek\u00f6nyv - dar\u00e1l\u00e1s \u00fcgyben<\/td>\n                    <td style=\"\">vide\u00f3<\/td>\n                    <td style=\"\"><a href='https:\/\/www.identitas.co\/post\/tiltakozik-a-dk-mesekonyv-daralas-ugyben' rel=' nofollow ' target='_blank'>https:\/\/www.identitas.co\/post\/tiltakozik-a-dk-mesekonyv-daralas-ugyben<\/a><\/td>\n                    <td style=\"\">pozit\u00edv<\/td>\n                    <td style=\"\"><\/td>\n                    <td style=\"\"><\/td>\n                    <td style=\"\"><\/td>\n                    <td style=\"\">A dk vide\u00f3\u00fczenete a Mi Haz\u00e1nkhoz<\/td>\n            <\/tr>\n            <tr id=\"table_2_row_151\">\n                    <td style=\"\">2020.10.04<\/td>\n                    <td style=\"\"><a href='https:\/\/merce.hu\/' rel=' nofollow ' target='_blank'>https:\/\/merce.hu\/<\/a><\/td>\n                    <td style=\"\">Kiss Soma \u00c1brah\u00e1m<\/td>\n                    <td style=\"\">Orb\u00e1n a r\u00e1di\u00f3ban hat\u00e1rvonalat h\u00fazott a \u201emagyarok\u201d \u00e9s a \u201ehomoszexu\u00e1lisok\u201d k\u00f6z\u00e9<\/td>\n                    <td style=\"\">h\u00edr, r\u00f6vid cikk<\/td>\n                    <td style=\"\"><a href='https:\/\/merce.hu\/2020\/10\/04\/orban-a-radioban-hatarvonalat-huzott-a-magyarok-es-a-homoszexualisok-koze\/' rel=' nofollow ' target='_blank'>https:\/\/merce.hu\/2020\/10\/04\/orban-a-radioban-hatarvonalat-huzott-a-magyarok-es-a-homoszexualisok-koze\/<\/a><\/td>\n                    <td style=\"\">semleges<\/td>\n                    <td style=\"\"><\/td>\n                    <td style=\"\"><\/td>\n                    <td style=\"\"><\/td>\n                    <td style=\"\"><\/td>\n            <\/tr>\n            <tr id=\"table_2_row_152\">\n                    <td style=\"\">2020.10.04<\/td>\n                    <td style=\"\"><a href='https:\/\/444.hu\/' rel=' nofollow ' target='_blank'>https:\/\/444.hu\/<\/a><\/td>\n                    <td style=\"\">Plankog<\/td>\n                    <td style=\"\">Orb\u00e1n: Magyarorsz\u00e1g t\u00fcrelmes a homoszexualit\u00e1ssal szemben, de hagyj\u00e1k b\u00e9k\u00e9n a gyerekeinket<\/td>\n                    <td style=\"\">h\u00edr, r\u00f6vid cikk<\/td>\n                    <td style=\"\"><a href='https:\/\/444.hu\/2020\/10\/04\/orban-magyarorszag-turelmes-a-homoszexualitassal-szemben-de-hagyjak-beken-a-gyerekeinket' rel=' nofollow ' target='_blank'>https:\/\/444.hu\/2020\/10\/04\/orban-magyarorszag-turelmes-a-homoszexualitassal-szemben-de-hagyjak-beken-a-gyerekeinket<\/a><\/td>\n                    <td style=\"\">semleges<\/td>\n                    <td style=\"\"><\/td>\n                    <td style=\"\"><\/td>\n                    <td style=\"\"><\/td>\n                    <td style=\"\"><\/td>\n            <\/tr>\n            <tr id=\"table_2_row_153\">\n                    <td style=\"\">2020.10.04<\/td>\n                    <td style=\"\"><a href='https:\/\/www.facebook.com\/' rel=' nofollow ' target='_blank'>https:\/\/www.facebook.com\/<\/a><\/td>\n                    <td style=\"\">MKKP<\/td>\n                    <td style=\"\">(a MKKP \u201cszeretethadj\u00e1rata\u201d a megfenyegetett felolvas\u00e1s hely\u00e9n-idej\u00e9n<\/td>\n                    <td style=\"\">esem\u00e9ny<\/td>\n                    <td style=\"\"><a href='https:\/\/www.facebook.com\/events\/351390102672830' rel=' nofollow ' target='_blank'>https:\/\/www.facebook.com\/events\/351390102672830<\/a><\/td>\n                    <td style=\"\">pozit\u00edv<\/td>\n                    <td style=\"\">fb<\/td>\n                    <td style=\"\"><\/td>\n                    <td style=\"\"><\/td>\n                    <td style=\"\">(a MKKP \u201cszeretethadj\u00e1rata\u201d a megfenyegetett felolvas\u00e1s hely\u00e9n-idej\u00e9n<\/td>\n            <\/tr>\n            <tr id=\"table_2_row_154\">\n                    <td style=\"\">2020.10.04<\/td>\n                    <td style=\"\"><a href='http:\/\/ejha-halozat.hu\/' rel=' nofollow ' target='_blank'>http:\/\/ejha-halozat.hu\/<\/a><\/td>\n                    <td style=\"\"><\/td>\n                    <td style=\"\">Meseorsz\u00e1g mindenki\u00e9! Az EJHA \u00e1ll\u00e1sfoglal\u00e1sa<\/td>\n                    <td style=\"\">nyilatkozat<\/td>\n                    <td style=\"\"><a href='http:\/\/ejha-halozat.hu\/index.php\/2020\/10\/04\/meseorszag-mindenkie-az-ejha-allasfoglalasa\/' rel=' nofollow ' target='_blank'>http:\/\/ejha-halozat.hu\/index.php\/2020\/10\/04\/meseorszag-mindenkie-az-ejha-allasfoglalasa\/<\/a><\/td>\n                    <td style=\"\">pozit\u00edv<\/td>\n                    <td style=\"\"><\/td>\n                    <td style=\"\"><\/td>\n                    <td style=\"\"><\/td>\n                    <td style=\"\"><\/td>\n            <\/tr>\n            <tr id=\"table_2_row_155\">\n                    <td style=\"\">2020.10.04<\/td>\n                    <td style=\"\"><a href='https:\/\/azonnali.hu\/' rel=' nofollow ' target='_blank'>https:\/\/azonnali.hu\/<\/a><\/td>\n                    <td style=\"\">Petr\u00f3czi Rafael<\/td>\n                    <td style=\"\">Hanyadrend\u0171 probl\u00e9ma a mihaz\u00e1nkosoknak a \u201emelegpropaganda\u201c?<\/td>\n                    <td style=\"\">vide\u00f3<\/td>\n                    <td style=\"\"><a href='https:\/\/azonnali.hu\/cikk\/20201004_hanyadrendu-problema-a-mihazankosoknak-a-melegpropaganda-' rel=' nofollow ' target='_blank'>https:\/\/azonnali.hu\/cikk\/20201004_hanyadrendu-problema-a-mihazankosoknak-a-melegpropaganda-<\/a><\/td>\n                    <td style=\"\">semleges<\/td>\n                    <td style=\"\"><\/td>\n                    <td style=\"\"><\/td>\n                    <td style=\"\"><\/td>\n                    <td style=\"\"><\/td>\n            <\/tr>\n            <tr id=\"table_2_row_156\">\n                    <td style=\"\">2020.10.04<\/td>\n                    <td style=\"\"><a href='https:\/\/www.youtube.com\/' rel=' nofollow ' target='_blank'>https:\/\/www.youtube.com\/<\/a><\/td>\n                    <td style=\"\">azonnali<\/td>\n                    <td style=\"\">Hanyadrend\u0171 probl\u00e9ma a mihaz\u00e1nkosoknak a \u201emelegpropaganda\u201c?<\/td>\n                    <td style=\"\">vide\u00f3<\/td>\n                    <td style=\"\"><a href='https:\/\/www.youtube.com\/watch?v=ClsKcFt4DCc&amp;feature=youtu.be' rel=' nofollow ' target='_blank'>https:\/\/www.youtube.com\/watch?v=ClsKcFt4DCc&amp;feature=youtu.be<\/a><\/td>\n                    <td style=\"\">semleges<\/td>\n                    <td style=\"\">youtube<\/td>\n                    <td style=\"\"><\/td>\n                    <td style=\"\"><\/td>\n                    <td style=\"\"><\/td>\n            <\/tr>\n            <tr id=\"table_2_row_157\">\n                    <td style=\"\">2020.10.04<\/td>\n                    <td style=\"\"><a href='https:\/\/humenonline.hu\/' rel=' nofollow ' target='_blank'>https:\/\/humenonline.hu\/<\/a><\/td>\n                    <td style=\"\">Kocsis G. J\u00e1nos<\/td>\n                    <td style=\"\">Budah\u00e1zy Edda 30 emberrel vonult fel a gyerekeknek sz\u00e1nt mesed\u00e9lut\u00e1n ellen<\/td>\n                    <td style=\"\">h\u00edr, r\u00f6vid cikk<\/td>\n                    <td style=\"\"><a href='https:\/\/humenonline.hu\/budahazy-edda-30-emberrel-vonult-fel-a-gyerekeknek-szant-mesedelutan-ellen\/' rel=' nofollow ' target='_blank'>https:\/\/humenonline.hu\/budahazy-edda-30-emberrel-vonult-fel-a-gyerekeknek-szant-mesedelutan-ellen\/<\/a><\/td>\n                    <td style=\"\">pozit\u00edv<\/td>\n                    <td style=\"\"><\/td>\n                    <td style=\"\"><\/td>\n                    <td style=\"\"><\/td>\n                    <td style=\"\"><\/td>\n            <\/tr>\n            <tr id=\"table_2_row_158\">\n                    <td style=\"\">2020.10.04<\/td>\n                    <td style=\"\"><a href='https:\/\/www.facebook.com\/' rel=' nofollow ' target='_blank'>https:\/\/www.facebook.com\/<\/a><\/td>\n                    <td style=\"\">Lakatos Levente<\/td>\n                    <td style=\"\">Lakatos Levente v\u00e9lem\u00e9nye a dar\u00e1l\u00e1sr\u00f3l<\/td>\n                    <td style=\"\">vide\u00f3<\/td>\n                    <td style=\"\"><a href='https:\/\/www.facebook.com\/lakatoslevente\/videos\/250021699761289' rel=' nofollow ' target='_blank'>https:\/\/www.facebook.com\/lakatoslevente\/videos\/250021699761289<\/a><\/td>\n                    <td style=\"\">pozit\u00edv<\/td>\n                    <td style=\"\">fb<\/td>\n                    <td style=\"\"><\/td>\n                    <td style=\"\"><\/td>\n                    <td style=\"\">Lakatos Levente v\u00e9lem\u00e9nye a dar\u00e1l\u00e1sr\u00f3l<\/td>\n            <\/tr>\n            <tr id=\"table_2_row_159\">\n                    <td style=\"\">2020.10.04<\/td>\n                    <td style=\"\"><a href='https:\/\/orulunkvincent.blog.hu\/' rel=' nofollow ' target='_blank'>https:\/\/orulunkvincent.blog.hu\/<\/a><\/td>\n                    <td style=\"\">\u00f6r\u00fcl\u00f6nk vincent<\/td>\n                    <td style=\"\">\u00f6r\u00fcl\u00fcnk vincent v\u00e9lem\u00e9nye a minisztereln\u00f6k szavair\u00f3l<\/td>\n                    <td style=\"\">blogbejegyz\u00e9s<\/td>\n                    <td style=\"\"><a href='https:\/\/orulunkvincent.blog.hu\/2020\/10\/04\/meseorszag_mindenkie' rel=' nofollow ' target='_blank'>https:\/\/orulunkvincent.blog.hu\/2020\/10\/04\/meseorszag_mindenkie<\/a><\/td>\n                    <td style=\"\">pozit\u00edv<\/td>\n                    <td style=\"\"><\/td>\n                    <td style=\"\"><\/td>\n                    <td style=\"\"><\/td>\n                    <td style=\"\">\u00f6r\u00fcl\u00fcnk vincent v\u00e9lem\u00e9nye a minisztereln\u00f6k szavair\u00f3l<\/td>\n            <\/tr>\n            <tr id=\"table_2_row_160\">\n                    <td style=\"\">2020.10.04<\/td>\n                    <td style=\"\"><a href='https:\/\/www.youtube.com\/' rel=' nofollow ' target='_blank'>https:\/\/www.youtube.com\/<\/a><\/td>\n                    <td style=\"\"><\/td>\n                    <td style=\"\">A k\u00f6nyvdar\u00e1l\u00e1st\u00f3l a bestsellerig - Mese a mesek\u00f6nyvr\u0151l, amely felr\u00e1zta a k\u00f6zbesz\u00e9det<\/td>\n                    <td style=\"\">vide\u00f3<\/td>\n                    <td style=\"\"><a href='https:\/\/www.youtube.com\/watch?v=41PWis8HVQY' rel=' nofollow ' target='_blank'>https:\/\/www.youtube.com\/watch?v=41PWis8HVQY<\/a><\/td>\n                    <td style=\"\">pozit\u00edv<\/td>\n                    <td style=\"\">youtube<\/td>\n                    <td style=\"\"><\/td>\n                    <td style=\"\"><\/td>\n                    <td style=\"\">Index vide\u00f3, okt. 4.<\/td>\n            <\/tr>\n            <tr id=\"table_2_row_161\">\n                    <td style=\"\">2020.10.04<\/td>\n                    <td style=\"\"><a href='http:\/\/www.amiidonk.hu\/' rel=' nofollow ' target='_blank'>http:\/\/www.amiidonk.hu\/<\/a><\/td>\n                    <td style=\"\"><\/td>\n                    <td style=\"\">Kimatric\u00e1ztuk a n\u00e1cik irod\u00e1j\u00e1t<\/td>\n                    <td style=\"\">h\u00edr, r\u00f6vid cikk<\/td>\n                    <td style=\"\"><a href='http:\/\/www.amiidonk.hu\/hirek\/belfold\/kimatricaztuk-a-nacik-irodajat\/' rel=' nofollow ' target='_blank'>http:\/\/www.amiidonk.hu\/hirek\/belfold\/kimatricaztuk-a-nacik-irodajat\/<\/a><\/td>\n                    <td style=\"\">pozit\u00edv<\/td>\n                    <td style=\"\"><\/td>\n                    <td style=\"\"><\/td>\n                    <td style=\"\"><\/td>\n                    <td style=\"\"><\/td>\n            <\/tr>\n            <tr id=\"table_2_row_162\">\n                    <td style=\"\">2020.10.04<\/td>\n                    <td style=\"\"><a href='https:\/\/budapestpride.com\/' rel=' nofollow ' target='_blank'>https:\/\/budapestpride.com\/<\/a><\/td>\n                    <td style=\"\"><\/td>\n                    <td style=\"\">Orb\u00e1n Joins Forces with the Far-Right on Anti-LGBTQ Propaganda<\/td>\n                    <td style=\"\">h\u00edr, besz\u00e1mol\u00f3, r\u00f6vid cikk<\/td>\n                    <td style=\"\"><a href='https:\/\/budapestpride.com\/news\/orban-joins-forces-with-the-far-righ-on-anti-lgbtq-propaganda' rel=' nofollow ' target='_blank'>https:\/\/budapestpride.com\/news\/orban-joins-forces-with-the-far-righ-on-anti-lgbtq-propaganda<\/a><\/td>\n                    <td style=\"\">pozit\u00edv<\/td>\n                    <td style=\"\"><\/td>\n                    <td style=\"\">igen<\/td>\n                    <td style=\"\">angol<\/td>\n                    <td style=\"\"><\/td>\n            <\/tr>\n            <tr id=\"table_2_row_163\">\n                    <td style=\"\">2020.10.04<\/td>\n                    <td style=\"\"><a href='https:\/\/magyarnemzet.hu\/' rel=' nofollow ' target='_blank'>https:\/\/magyarnemzet.hu\/<\/a><\/td>\n                    <td style=\"\">Nagy Orsolya<\/td>\n                    <td style=\"\">Kudarcba fulladt az LMBTQ-mesek\u00f6nyv felolvas\u00e1sa<\/td>\n                    <td style=\"\">h\u00edr, besz\u00e1mol\u00f3, r\u00f6vid cikk<\/td>\n                    <td style=\"\"><a href='https:\/\/magyarnemzet.hu\/belfold\/kudarcba-fulladt-az-lmbtq-mesekonyv-felolvasasa-8757264\/' rel=' nofollow ' target='_blank'>https:\/\/magyarnemzet.hu\/belfold\/kudarcba-fulladt-az-lmbtq-mesekonyv-felolvasasa-8757264\/<\/a><\/td>\n                    <td style=\"\"><\/td>\n                    <td style=\"\"><\/td>\n                    <td style=\"\"><\/td>\n                    <td style=\"\"><\/td>\n                    <td style=\"\"><\/td>\n            <\/tr>\n            <tr id=\"table_2_row_164\">\n                    <td style=\"\">2020.10.04<\/td>\n                    <td style=\"\"><a href='https:\/\/kuruc.info\/' rel=' nofollow ' target='_blank'>https:\/\/kuruc.info\/<\/a><\/td>\n                    <td style=\"\"><\/td>\n                    <td style=\"\">Toroczkai: ami Csurka Istv\u00e1nnak a zsid\u00f3k\u00e9rd\u00e9s volt, az nek\u00fcnk a devi\u00e1ns LMBTQ-lobbi<\/td>\n                    <td style=\"\">h\u00edr, besz\u00e1mol\u00f3, r\u00f6vid cikk<\/td>\n                    <td style=\"\"><a href='https:\/\/kuruc.info\/r\/2\/218796\/' rel=' nofollow ' target='_blank'>https:\/\/kuruc.info\/r\/2\/218796\/<\/a><\/td>\n                    <td style=\"\">negat\u00edv<\/td>\n                    <td style=\"\"><\/td>\n                    <td style=\"\"><\/td>\n                    <td style=\"\"><\/td>\n                    <td style=\"\"><\/td>\n            <\/tr>\n            <tr id=\"table_2_row_165\">\n                    <td style=\"\">2020.10.04<\/td>\n                    <td style=\"\"><a href='https:\/\/kepmas.hu\/' rel=' nofollow ' target='_blank'>https:\/\/kepmas.hu\/<\/a><\/td>\n                    <td style=\"\">Szal\u00f3ki \u00c1gi<\/td>\n                    <td style=\"\">Ne f\u00e9ljetek a mes\u00e9kt\u0151l! \u2013 A nagy port kavart \u201eMeseorsz\u00e1g mindenki\u00e9\u201d c. k\u00f6nyv kapcs\u00e1n<\/td>\n                    <td style=\"\">publicisztika<\/td>\n                    <td style=\"\"><a href='https:\/\/kepmas.hu\/ne-feljetek-mesektol-nagy-port-kavart-meseorszag-mindenkie-c-konyv-kapcsan' rel=' nofollow ' target='_blank'>https:\/\/kepmas.hu\/ne-feljetek-mesektol-nagy-port-kavart-meseorszag-mindenkie-c-konyv-kapcsan<\/a><\/td>\n                    <td style=\"\">pozit\u00edv<\/td>\n                    <td style=\"\"><\/td>\n                    <td style=\"\"><\/td>\n                    <td style=\"\"><\/td>\n                    <td style=\"\"><\/td>\n            <\/tr>\n            <tr id=\"table_2_row_166\">\n                    <td style=\"\">2020.10.04<\/td>\n                    <td style=\"\"><a href='https:\/\/www.facebook.com\/' rel=' nofollow ' target='_blank'>https:\/\/www.facebook.com\/<\/a><\/td>\n                    <td style=\"\">Orb\u00e1n Viktor<\/td>\n                    <td style=\"\"><\/td>\n                    <td style=\"\">FB-poszt<\/td>\n                    <td style=\"\"><a href='https:\/\/www.facebook.com\/FideszHU\/photos\/a.10150098801139307\/10160194364869307\/' rel=' nofollow ' target='_blank'>https:\/\/www.facebook.com\/FideszHU\/photos\/a.10150098801139307\/10160194364869307\/<\/a><\/td>\n                    <td style=\"\">negat\u00edv<\/td>\n                    <td style=\"\">fb<\/td>\n                    <td style=\"\"><\/td>\n                    <td style=\"\"><\/td>\n                    <td style=\"\"><\/td>\n            <\/tr>\n            <tr id=\"table_2_row_167\">\n                    <td style=\"\">2020.10.04<\/td>\n                    <td style=\"\"><a href='https:\/\/index.indavideo.hu\/' rel=' nofollow ' target='_blank'>https:\/\/index.indavideo.hu\/<\/a><\/td>\n                    <td style=\"\"><\/td>\n                    <td style=\"\">A k\u00f6nyvdar\u00e1l\u00e1st\u00f3l a bestsellerig -mese a mesek\u00f6nyvr\u0151l, mely felr\u00e1zta a k\u00f6zbesz\u00e9det<\/td>\n                    <td style=\"\">vide\u00f3<\/td>\n                    <td style=\"\"><a href='https:\/\/index.indavideo.hu\/video\/A_konyvdaralastol_a_bestsellerig_-mese_a_mesekonyvrol_mely_felrazta_a_kozbeszedet' rel=' nofollow ' target='_blank'>https:\/\/index.indavideo.hu\/video\/A_konyvdaralastol_a_bestsellerig_-mese_a_mesekonyvrol_mely_felrazta_a_kozbeszedet<\/a><\/td>\n                    <td style=\"\">pozit\u00edv<\/td>\n                    <td style=\"\"><\/td>\n                    <td style=\"\"><\/td>\n                    <td style=\"\"><\/td>\n                    <td style=\"\"><\/td>\n            <\/tr>\n            <tr id=\"table_2_row_168\">\n                    <td style=\"\">2020.10.04<\/td>\n                    <td style=\"\"><a href='https:\/\/www.ksta.de\/' rel=' nofollow ' target='_blank'>https:\/\/www.ksta.de\/<\/a><\/td>\n                    <td style=\"\"><\/td>\n                    <td style=\"\">Ungarns Pr\u00e4sident Orban zeigt Verst\u00e4ndnis f\u00fcr homophobe Aktion einer Rechtsradikalen<\/td>\n                    <td style=\"\">h\u00edr, besz\u00e1mol\u00f3, r\u00f6vid cikk<\/td>\n                    <td style=\"\"><a href='https:\/\/www.ksta.de\/politik\/ungarns-praesident-orban-zeigt-verstaendnis-fuer-homophobe-aktion-einer-rechtsradikalen--37433572' rel=' nofollow ' target='_blank'>https:\/\/www.ksta.de\/politik\/ungarns-praesident-orban-zeigt-verstaendnis-fuer-homophobe-aktion-einer-rechtsradikalen--37433572<\/a><\/td>\n                    <td style=\"\">semleges<\/td>\n                    <td style=\"\"><\/td>\n                    <td style=\"\">igen<\/td>\n                    <td style=\"\">n\u00e9met<\/td>\n                    <td style=\"\"><\/td>\n            <\/tr>\n            <tr id=\"table_2_row_169\">\n                    <td style=\"\">2020.10.04<\/td>\n                    <td style=\"\"><a href='https:\/\/demokrata.hu\/' rel=' nofollow ' target='_blank'>https:\/\/demokrata.hu\/<\/a><\/td>\n                    <td style=\"\">Franka Tibor<\/td>\n                    <td style=\"\">Meseorsz\u00e1g nem a melegek\u00e9<\/td>\n                    <td style=\"\">interj\u00fa<\/td>\n                    <td style=\"\"><a href='https:\/\/demokrata.hu\/magyarorszag\/meseorszag-nem-a-melegeke-297819\/' rel=' nofollow ' target='_blank'>https:\/\/demokrata.hu\/magyarorszag\/meseorszag-nem-a-melegeke-297819\/<\/a><\/td>\n                    <td style=\"\">negat\u00edv<\/td>\n                    <td style=\"\"><\/td>\n                    <td style=\"\"><\/td>\n                    <td style=\"\"><\/td>\n                    <td style=\"\">Interj\u00fa D\u00far\u00f3 D\u00f3r\u00e1val<\/td>\n            <\/tr>\n            <tr id=\"table_2_row_170\">\n                    <td style=\"\">2020.10.04<\/td>\n                    <td style=\"\"><a href='https:\/\/www.facebook.com\/' rel=' nofollow ' target='_blank'>https:\/\/www.facebook.com\/<\/a><\/td>\n                    <td style=\"\"><\/td>\n                    <td style=\"\">Hagyj\u00e1k b\u00e9k\u00e9n a gyerekeinket<\/td>\n                    <td style=\"\">m\u00e9m, k\u00e9p<\/td>\n                    <td style=\"\"><a href='https:\/\/www.facebook.com\/FideszHU\/photos\/a.10150098801139307\/10160194364869307\/?type=3' rel=' nofollow ' target='_blank'>https:\/\/www.facebook.com\/FideszHU\/photos\/a.10150098801139307\/10160194364869307\/?type=3<\/a><\/td>\n                    <td style=\"\">negat\u00edv<\/td>\n                    <td style=\"\"><\/td>\n                    <td style=\"\"><\/td>\n                    <td style=\"\"><\/td>\n                    <td style=\"\">fidesz fb oldal<\/td>\n            <\/tr>\n            <tr id=\"table_2_row_171\">\n                    <td style=\"\">2020.10.04<\/td>\n                    <td style=\"\"><a href='https:\/\/www.hetek.hu\/' rel=' nofollow ' target='_blank'>https:\/\/www.hetek.hu\/<\/a><\/td>\n                    <td style=\"\"><\/td>\n                    <td style=\"\">Van egy v\u00f6r\u00f6s vonal: hagyj\u00e1k b\u00e9k\u00e9n a gyerekeinket - Orb\u00e1n a gendermese-k\u00f6nyvr\u0151l<\/td>\n                    <td style=\"\">h\u00edr, besz\u00e1mol\u00f3, r\u00f6vid cikk<\/td>\n                    <td style=\"\"><a href='https:\/\/www.hetek.hu\/cikkek\/online\/van-egy-voros-vonal-hagyjak-beken-a-gyerekeinket-orban-a' rel=' nofollow ' target='_blank'>https:\/\/www.hetek.hu\/cikkek\/online\/van-egy-voros-vonal-hagyjak-beken-a-gyerekeinket-orban-a<\/a><\/td>\n                    <td style=\"\">negat\u00edv<\/td>\n                    <td style=\"\"><\/td>\n                    <td style=\"\"><\/td>\n                    <td style=\"\"><\/td>\n                    <td style=\"\"><\/td>\n            <\/tr>\n            <tr id=\"table_2_row_172\">\n                    <td style=\"\">2020.10.04<\/td>\n                    <td style=\"\"><a href='https:\/\/www.youtube.com\/' rel=' nofollow ' target='_blank'>https:\/\/www.youtube.com\/<\/a><\/td>\n                    <td style=\"\">bayer show<\/td>\n                    <td style=\"\">Bayer show<\/td>\n                    <td style=\"\">vide\u00f3 v\u00e9lem\u00e9ny<\/td>\n                    <td style=\"\"><a href='https:\/\/www.youtube.com\/watch?v=bsLi4u33OoY&amp;feature=emb_title' rel=' nofollow ' target='_blank'>https:\/\/www.youtube.com\/watch?v=bsLi4u33OoY&amp;feature=emb_title<\/a><\/td>\n                    <td style=\"\">negat\u00edv<\/td>\n                    <td style=\"\">youtube<\/td>\n                    <td style=\"\"><\/td>\n                    <td style=\"\"><\/td>\n                    <td style=\"\"><\/td>\n            <\/tr>\n            <tr id=\"table_2_row_173\">\n                    <td style=\"\">2020.10.04<\/td>\n                    <td style=\"\"><a href='https:\/\/www.youtube.com\/' rel=' nofollow ' target='_blank'>https:\/\/www.youtube.com\/<\/a><\/td>\n                    <td style=\"\">azonnali<\/td>\n                    <td style=\"\">H\u00e1nyadrend\u0171 probl\u00e9ma a melegppropaganda<\/td>\n                    <td style=\"\">vide\u00f3 v\u00e9lem\u00e9ny<\/td>\n                    <td style=\"\"><a href='https:\/\/www.youtube.com\/watch?v=ClsKcFt4DCc&amp;feature=youtu.be' rel=' nofollow ' target='_blank'>https:\/\/www.youtube.com\/watch?v=ClsKcFt4DCc&amp;feature=youtu.be<\/a><\/td>\n                    <td style=\"\">semleges<\/td>\n                    <td style=\"\">youtube<\/td>\n                    <td style=\"\"><\/td>\n                    <td style=\"\"><\/td>\n                    <td style=\"\">A Mi Haz\u00e1nk Mozgalom t\u00fcntet\u00e9se a k\u00f6nyv ellen<\/td>\n            <\/tr>\n            <tr id=\"table_2_row_174\">\n                    <td style=\"\">2020.10.04<\/td>\n                    <td style=\"\"><a href='https:\/\/hirtv.hu\/' rel=' nofollow ' target='_blank'>https:\/\/hirtv.hu\/<\/a><\/td>\n                    <td style=\"\"><\/td>\n                    <td style=\"\">\u00dajabb t\u00fcntet\u00e9s a Meseorsz\u00e1g mindenki\u00e9 c\u00edm\u0171 k\u00f6nyv miatt<\/td>\n                    <td style=\"\">TV<\/td>\n                    <td style=\"\"><a href='https:\/\/hirtv.hu\/ahirtvhirei\/ujabb-tuntetes-a-meseorszag-mindenkie-cimu-konyv-miatt-2509353' rel=' nofollow ' target='_blank'>https:\/\/hirtv.hu\/ahirtvhirei\/ujabb-tuntetes-a-meseorszag-mindenkie-cimu-konyv-miatt-2509353<\/a><\/td>\n                    <td style=\"\">negat\u00edv<\/td>\n                    <td style=\"\"><\/td>\n                    <td style=\"\"><\/td>\n                    <td style=\"\"><\/td>\n                    <td style=\"\"><\/td>\n            <\/tr>\n            <tr id=\"table_2_row_175\">\n                    <td style=\"\">2020.10.04<\/td>\n                    <td style=\"\"><a href='https:\/\/hirado.hu\/' rel=' nofollow ' target='_blank'>https:\/\/hirado.hu\/<\/a><\/td>\n                    <td style=\"\"><\/td>\n                    <td style=\"\">Orb\u00e1n Viktor korm\u00e1nyf\u0151 nyilatkozik a Vas\u00e1rnapi \u00fajsagban<\/td>\n                    <td style=\"\">TV<\/td>\n                    <td style=\"\"><a href='https:\/\/hirado.hu\/belfold\/kozelet\/cikk\/2020\/10\/04\/elo-orban-viktor-kormanyfo-nyilatkozik-a-vasarnapi-ujsagban' rel=' nofollow ' target='_blank'>https:\/\/hirado.hu\/belfold\/kozelet\/cikk\/2020\/10\/04\/elo-orban-viktor-kormanyfo-nyilatkozik-a-vasarnapi-ujsagban<\/a><\/td>\n                    <td style=\"\">negat\u00edv<\/td>\n                    <td style=\"\"><\/td>\n                    <td style=\"\"><\/td>\n                    <td style=\"\"><\/td>\n                    <td style=\"\"><\/td>\n            <\/tr>\n            <tr id=\"table_2_row_176\">\n                    <td style=\"\">2020.10.04<\/td>\n                    <td style=\"\"><a href='https:\/\/www.youtube.com\/' rel=' nofollow ' target='_blank'>https:\/\/www.youtube.com\/<\/a><\/td>\n                    <td style=\"\"><\/td>\n                    <td style=\"\">H\u00edr-TV, Bayer-Show<\/td>\n                    <td style=\"\">TV<\/td>\n                    <td style=\"\"><a href='https:\/\/www.youtube.com\/watch?v=bsLi4u33OoY&amp;feature=emb_title' rel=' nofollow ' target='_blank'>https:\/\/www.youtube.com\/watch?v=bsLi4u33OoY&amp;feature=emb_title<\/a><\/td>\n                    <td style=\"\">negat\u00edv<\/td>\n                    <td style=\"\"><\/td>\n                    <td style=\"\"><\/td>\n                    <td style=\"\"><\/td>\n                    <td style=\"\"><\/td>\n            <\/tr>\n            <tr id=\"table_2_row_177\">\n                    <td style=\"\">2020.10.05<\/td>\n                    <td style=\"\"><a href='https:\/\/www.malaymail.com\/' rel=' nofollow ' target='_blank'>https:\/\/www.malaymail.com\/<\/a><\/td>\n                    <td style=\"\">AFP<\/td>\n                    <td style=\"\">Hungary PM urges gays to 'leave our children alone'<\/td>\n                    <td style=\"\">h\u00edr, besz\u00e1mol\u00f3, r\u00f6vid cikk<\/td>\n                    <td style=\"\"><a href='https:\/\/www.malaymail.com\/news\/world\/2020\/10\/05\/hungary-pm-urges-gays-to-leave-our-children-alone\/1909614' rel=' nofollow ' target='_blank'>https:\/\/www.malaymail.com\/news\/world\/2020\/10\/05\/hungary-pm-urges-gays-to-leave-our-children-alone\/1909614<\/a><\/td>\n                    <td style=\"\">semleges<\/td>\n                    <td style=\"\"><\/td>\n                    <td style=\"\">igen<\/td>\n                    <td style=\"\">angol<\/td>\n                    <td style=\"\">Malajziai h\u00edrport\u00e1l<\/td>\n            <\/tr>\n            <tr id=\"table_2_row_178\">\n                    <td style=\"\">2020.10.05<\/td>\n                    <td style=\"\"><a href='https:\/\/dailynewshungary.com\/' rel=' nofollow ' target='_blank'>https:\/\/dailynewshungary.com\/<\/a><\/td>\n                    <td style=\"\"><\/td>\n                    <td style=\"\">Budapest Pride: Orb\u00e1n joins forces with far-right on anti-LGBTQ propaganda<\/td>\n                    <td style=\"\">h\u00edr, besz\u00e1mol\u00f3, r\u00f6vid cikk<\/td>\n                    <td style=\"\"><a href='https:\/\/dailynewshungary.com\/budapest-pride-orban-joins-forces-with-far-right-on-anti-lgbtq-propaganda\/' rel=' nofollow ' target='_blank'>https:\/\/dailynewshungary.com\/budapest-pride-orban-joins-forces-with-far-right-on-anti-lgbtq-propaganda\/<\/a><\/td>\n                    <td style=\"\">pozit\u00edv<\/td>\n                    <td style=\"\"><\/td>\n                    <td style=\"\"><\/td>\n                    <td style=\"\">angol<\/td>\n                    <td style=\"\"><\/td>\n            <\/tr>\n            <tr id=\"table_2_row_179\">\n                    <td style=\"\">2020.10.05<\/td>\n                    <td style=\"\"><a href='https:\/\/helsinkifigyelo.444.hu\/' rel=' nofollow ' target='_blank'>https:\/\/helsinkifigyelo.444.hu\/<\/a><\/td>\n                    <td style=\"\"><\/td>\n                    <td style=\"\">A rend\u0151rs\u00e9g semmit sem tett a Meseorsz\u00e1g-matin\u00e9 \u00e9s a gyerekek v\u00e9delm\u00e9ben<\/td>\n                    <td style=\"\">h\u00edr, r\u00f6vid cikk<\/td>\n                    <td style=\"\"><a href='https:\/\/helsinkifigyelo.444.hu\/2020\/10\/05\/a-rendorseg-semmit-sem-tett-a-meseorszag-matine-es-a-gyerekek-vedelmeben' rel=' nofollow ' target='_blank'>https:\/\/helsinkifigyelo.444.hu\/2020\/10\/05\/a-rendorseg-semmit-sem-tett-a-meseorszag-matine-es-a-gyerekek-vedelmeben<\/a><\/td>\n                    <td style=\"\">semleges<\/td>\n                    <td style=\"\"><\/td>\n                    <td style=\"\"><\/td>\n                    <td style=\"\"><\/td>\n                    <td style=\"\"><\/td>\n            <\/tr>\n            <tr id=\"table_2_row_180\">\n                    <td style=\"\">2020.10.05<\/td>\n                    <td style=\"\"><a href='https:\/\/www.facebook.com\/' rel=' nofollow ' target='_blank'>https:\/\/www.facebook.com\/<\/a><\/td>\n                    <td style=\"\">Don\u00e1th Anna<\/td>\n                    <td style=\"\">Hagyj\u00e1k b\u00e9k\u00e9n a gyerekeinket<\/td>\n                    <td style=\"\">fb-poszt<\/td>\n                    <td style=\"\"><a href='https:\/\/www.facebook.com\/donathannajulia.momentum\/photos\/a.298702440618818\/942058952949827\/' rel=' nofollow ' target='_blank'>https:\/\/www.facebook.com\/donathannajulia.momentum\/photos\/a.298702440618818\/942058952949827\/<\/a><\/td>\n                    <td style=\"\">pozit\u00edv<\/td>\n                    <td style=\"\"><\/td>\n                    <td style=\"\"><\/td>\n                    <td style=\"\"><\/td>\n                    <td style=\"\">Don\u00e1th Anna gondolatai a mesek\u00f6nyv kapcs\u00e1n<\/td>\n            <\/tr>\n            <tr id=\"table_2_row_181\">\n                    <td style=\"\">2020.10.05<\/td>\n                    <td style=\"\"><a href='https:\/\/www.maszol.ro\/' rel=' nofollow ' target='_blank'>https:\/\/www.maszol.ro\/<\/a><\/td>\n                    <td style=\"\">Zsizsmann Erika<\/td>\n                    <td style=\"\">Ezeket a h\u0151s\u00f6ket a szeretet k\u00e9pess\u00e9ge hat\u00e1rozza meg \u2013 a Meseorsz\u00e1g mindenki\u00e9 c\u00edm\u0171 k\u00f6tet szerz\u0151j\u00e9t k\u00e9rdezt\u00fck<\/td>\n                    <td style=\"\">interj\u00fa<\/td>\n                    <td style=\"\"><a href='https:\/\/www.maszol.ro\/index.php\/kultura\/132979-ezeket-a-h-soket-a-szeretet-kepessege-hatarozza-meg-a-meseorszag-mindenkie-cim-kotet-szerz-jet-kerdeztuk' rel=' nofollow ' target='_blank'>https:\/\/www.maszol.ro\/index.php\/kultura\/132979-ezeket-a-h-soket-a-szeretet-kepessege-hatarozza-meg-a-meseorszag-mindenkie-cim-kotet-szerz-jet-kerdeztuk<\/a><\/td>\n                    <td style=\"\">pozit\u00edv<\/td>\n                    <td style=\"\"><\/td>\n                    <td style=\"\">igen<\/td>\n                    <td style=\"\"><\/td>\n                    <td style=\"\">Interj\u00fa Kov\u00e1cs Brigitta Efivel<\/td>\n            <\/tr>\n            <tr id=\"table_2_row_182\">\n                    <td style=\"\">2020.10.05<\/td>\n                    <td style=\"\"><a href='https:\/\/hajdupress.hu\/' rel=' nofollow ' target='_blank'>https:\/\/hajdupress.hu\/<\/a><\/td>\n                    <td style=\"\">Papp Csilla<\/td>\n                    <td style=\"\">Mir\u0151l besz\u00e9l\u00fcnk? Meseorsz\u00e1g mindenki\u00e9?! Csak szeretn\u00e9nk ezt hinni\u2026<\/td>\n                    <td style=\"\">publicisztika<\/td>\n                    <td style=\"\"><a href='https:\/\/hajdupress.hu\/cikk\/mirol-beszelunk-meseorszag-mindenkie-csak-szeretnenk-ezt-hinni' rel=' nofollow ' target='_blank'>https:\/\/hajdupress.hu\/cikk\/mirol-beszelunk-meseorszag-mindenkie-csak-szeretnenk-ezt-hinni<\/a><\/td>\n                    <td style=\"\">pozit\u00edv<\/td>\n                    <td style=\"\"><\/td>\n                    <td style=\"\"><\/td>\n                    <td style=\"\"><\/td>\n                    <td style=\"\"><\/td>\n            <\/tr>\n            <tr id=\"table_2_row_183\">\n                    <td style=\"\">2020.10.05<\/td>\n                    <td style=\"\"><a href='https:\/\/hvg.hu\/' rel=' nofollow ' target='_blank'>https:\/\/hvg.hu\/<\/a><\/td>\n                    <td style=\"\">Hamvay P\u00e9ter<\/td>\n                    <td style=\"\">D\u00far\u00f3\u00e9kkal v\u00e9geztett\u00e9k el a piszkos munk\u00e1t a Fidesz leg\u00fajabb gy\u0171l\u00f6letkamp\u00e1ny\u00e1hoz<\/td>\n                    <td style=\"\">h\u00edr, r\u00f6vid cikk<\/td>\n                    <td style=\"\"><a href='https:\/\/hvg.hu\/360\/202042__politikai_homofobia__kampanytema__vaganybagoly__nem_mese' rel=' nofollow ' target='_blank'>https:\/\/hvg.hu\/360\/202042__politikai_homofobia__kampanytema__vaganybagoly__nem_mese<\/a><\/td>\n                    <td style=\"\">semleges<\/td>\n                    <td style=\"\"><\/td>\n                    <td style=\"\"><\/td>\n                    <td style=\"\"><\/td>\n                    <td style=\"\"><\/td>\n            <\/tr>\n            <tr id=\"table_2_row_184\">\n                    <td style=\"\">2020.10.05<\/td>\n                    <td style=\"\"><a href='https:\/\/magyarnemzet.hu\/' rel=' nofollow ' target='_blank'>https:\/\/magyarnemzet.hu\/<\/a><\/td>\n                    <td style=\"\">Gajdics Ott\u00f3<\/td>\n                    <td style=\"\">A gyerekeket ne!<\/td>\n                    <td style=\"\">publicisztika<\/td>\n                    <td style=\"\"><a href='https:\/\/magyarnemzet.hu\/ahelyzet\/a-gyerekeket-ne-8760195\/' rel=' nofollow ' target='_blank'>https:\/\/magyarnemzet.hu\/ahelyzet\/a-gyerekeket-ne-8760195\/<\/a><\/td>\n                    <td style=\"\">negat\u00edv<\/td>\n                    <td style=\"\"><\/td>\n                    <td style=\"\"><\/td>\n                    <td style=\"\"><\/td>\n                    <td style=\"\"><\/td>\n            <\/tr>\n            <tr id=\"table_2_row_185\">\n                    <td style=\"\">2020.10.05<\/td>\n                    <td style=\"\"><a href='https:\/\/www.youtube.com\/' rel=' nofollow ' target='_blank'>https:\/\/www.youtube.com\/<\/a><\/td>\n                    <td style=\"\">Bog\u00e1r L\u00e1szl\u00f3<\/td>\n                    <td style=\"\">Meseorsz\u00e1g NEM mindenki\u00e9!<\/td>\n                    <td style=\"\">vide\u00f3<\/td>\n                    <td style=\"\"><a href='https:\/\/www.youtube.com\/watch?v=Z1_eOcgvhec' rel=' nofollow ' target='_blank'>https:\/\/www.youtube.com\/watch?v=Z1_eOcgvhec<\/a><\/td>\n                    <td style=\"\">negat\u00edv<\/td>\n                    <td style=\"\">youtube<\/td>\n                    <td style=\"\"><\/td>\n                    <td style=\"\"><\/td>\n                    <td style=\"\"><\/td>\n            <\/tr>\n            <tr id=\"table_2_row_186\">\n                    <td style=\"\">2020.10.05<\/td>\n                    <td style=\"\"><a href='https:\/\/konyvesmagazin.hu\/' rel=' nofollow ' target='_blank'>https:\/\/konyvesmagazin.hu\/<\/a><\/td>\n                    <td style=\"\"><\/td>\n                    <td style=\"\">Sz\u00e9ls\u0151s\u00e9gesek kiab\u00e1l\u00e1ssal, k\u00e1nt\u00e1l\u00e1ssal zavart\u00e1k meg a Meseorsz\u00e1g-felolvas\u00e1st<\/td>\n                    <td style=\"\">h\u00edr, besz\u00e1mol\u00f3, r\u00f6vid cikk<\/td>\n                    <td style=\"\"><a href='https:\/\/konyvesmagazin.hu\/friss\/meseorszag_felolvasas_tuntetes.html' rel=' nofollow ' target='_blank'>https:\/\/konyvesmagazin.hu\/friss\/meseorszag_felolvasas_tuntetes.html<\/a><\/td>\n                    <td style=\"\">semleges<\/td>\n                    <td style=\"\"><\/td>\n                    <td style=\"\"><\/td>\n                    <td style=\"\"><\/td>\n                    <td style=\"\"><\/td>\n            <\/tr>\n            <tr id=\"table_2_row_187\">\n                    <td style=\"\">2020.10.05<\/td>\n                    <td style=\"\"><a href='https:\/\/www.patent.org.hu\/' rel=' nofollow ' target='_blank'>https:\/\/www.patent.org.hu\/<\/a><\/td>\n                    <td style=\"\"><\/td>\n                    <td style=\"\">N\u0151jogi h\u00edrsz\u00fcret 2020. szeptember 5. - 2020. okt\u00f3ber 5.<\/td>\n                    <td style=\"\">h\u00edr, besz\u00e1mol\u00f3, r\u00f6vid cikk<\/td>\n                    <td style=\"\"><a href='https:\/\/www.patent.org.hu\/item\/n\u0151jogi-h\u00edrsz\u00fcret-2020-09-05-2020-10-05' rel=' nofollow ' target='_blank'>https:\/\/www.patent.org.hu\/item\/n\u0151jogi-h\u00edrsz\u00fcret-2020-09-05-2020-10-05<\/a><\/td>\n                    <td style=\"\">semleges<\/td>\n                    <td style=\"\"><\/td>\n                    <td style=\"\"><\/td>\n                    <td style=\"\"><\/td>\n                    <td style=\"\"><\/td>\n            <\/tr>\n            <tr id=\"table_2_row_188\">\n                    <td style=\"\">2020.10.05<\/td>\n                    <td style=\"\"><a href='https:\/\/www.thenonbinarypolyhistor.com\/' rel=' nofollow ' target='_blank'>https:\/\/www.thenonbinarypolyhistor.com\/<\/a><\/td>\n                    <td style=\"\">Singer Eddie<\/td>\n                    <td style=\"\">Meseorsz\u00e1g: ahol \u00f6nmagad lehetsz - Szubjekt\u00edv review egy anyuka \u00e9s kort\u00e1rs gyerekk\u00f6nyves szem\u00e9vel<\/td>\n                    <td style=\"\">v\u00e9lem\u00e9ny<\/td>\n                    <td style=\"\"><a href='https:\/\/www.thenonbinarypolyhistor.com\/post\/meseorsz\u00e1g-ahol-\u00f6nmagad-lehetsz-szubjekt%C3%ADv-review-egy-anyuka-\u00e9s-kort\u00e1rs-gyerekk\u00f6nyves-szem\u00e9vel' rel=' nofollow ' target='_blank'>https:\/\/www.thenonbinarypolyhistor.com\/post\/meseorsz\u00e1g-ahol-\u00f6nmagad-lehetsz-szubjekt%C3%ADv-review-egy-anyuka-\u00e9s-kort\u00e1rs-gyerekk\u00f6nyves-szem\u00e9vel<\/a><\/td>\n                    <td style=\"\">pozit\u00edv<\/td>\n                    <td style=\"\"><\/td>\n                    <td style=\"\"><\/td>\n                    <td style=\"\"><\/td>\n                    <td style=\"\"><\/td>\n            <\/tr>\n            <tr id=\"table_2_row_189\">\n                    <td style=\"\">2020.10.06<\/td>\n                    <td style=\"\"><a href='https:\/\/litera.hu\/' rel=' nofollow ' target='_blank'>https:\/\/litera.hu\/<\/a><\/td>\n                    <td style=\"\">Gy\u0151ri Enik\u0151<\/td>\n                    <td style=\"\">Azt k\u00e9pzelt\u00fck, k\u00fczden\u00fcnk kell majd, hogy ismertt\u00e9 v\u00e1ljon. H\u00e1t, nem kellett...<\/td>\n                    <td style=\"\">interj\u00fa<\/td>\n                    <td style=\"\"><a href='https:\/\/litera.hu\/magazin\/interju\/meseorszag-mindenkie-interju.html' rel=' nofollow ' target='_blank'>https:\/\/litera.hu\/magazin\/interju\/meseorszag-mindenkie-interju.html<\/a><\/td>\n                    <td style=\"\">pozit\u00edv<\/td>\n                    <td style=\"\"><\/td>\n                    <td style=\"\"><\/td>\n                    <td style=\"\"><\/td>\n                    <td style=\"\">Interj\u00fa Borgos Ann\u00e1val<\/td>\n            <\/tr>\n            <tr id=\"table_2_row_190\">\n                    <td style=\"\">2020.10.06<\/td>\n                    <td style=\"\"><a href='https:\/\/litera.hu\/' rel=' nofollow ' target='_blank'>https:\/\/litera.hu\/<\/a><\/td>\n                    <td style=\"\">Kiss Judit \u00c1gnes<\/td>\n                    <td style=\"\">R\u00f3za a b\u00e1lban<\/td>\n                    <td style=\"\">mesek\u00f6zl\u00e9s<\/td>\n                    <td style=\"\"><a href='https:\/\/litera.hu\/irodalom\/konyvajanlo\/meseorszag-mindenkie-reszlet.html' rel=' nofollow ' target='_blank'>https:\/\/litera.hu\/irodalom\/konyvajanlo\/meseorszag-mindenkie-reszlet.html<\/a><\/td>\n                    <td style=\"\">semleges<\/td>\n                    <td style=\"\"><\/td>\n                    <td style=\"\"><\/td>\n                    <td style=\"\"><\/td>\n                    <td style=\"\"><\/td>\n            <\/tr>\n            <tr id=\"table_2_row_191\">\n                    <td style=\"\">2020.10.06<\/td>\n                    <td style=\"\"><a href='https:\/\/444.hu\/' rel=' nofollow ' target='_blank'>https:\/\/444.hu\/<\/a><\/td>\n                    <td style=\"\">plankog<\/td>\n                    <td style=\"\">Orb\u00e1nnak ellens\u00e9g kellett, \u00e9ppen egy mesek\u00f6nyv akadt a keze \u00fcgy\u00e9be<\/td>\n                    <td style=\"\">v\u00e9lem\u00e9ny<\/td>\n                    <td style=\"\"><a href='https:\/\/444.hu\/2020\/10\/06\/orbannak-ellenseg-kellett-eppen-egy-mesekonyv-akadt-a-keze-ugyebe' rel=' nofollow ' target='_blank'>https:\/\/444.hu\/2020\/10\/06\/orbannak-ellenseg-kellett-eppen-egy-mesekonyv-akadt-a-keze-ugyebe<\/a><\/td>\n                    <td style=\"\">pozit\u00edv<\/td>\n                    <td style=\"\"><\/td>\n                    <td style=\"\"><\/td>\n                    <td style=\"\"><\/td>\n                    <td style=\"\"><\/td>\n            <\/tr>\n            <tr id=\"table_2_row_192\">\n                    <td style=\"\">2020.10.06<\/td>\n                    <td style=\"\"><a href='https:\/\/www.facebook.com\/' rel=' nofollow ' target='_blank'>https:\/\/www.facebook.com\/<\/a><\/td>\n                    <td style=\"\"><\/td>\n                    <td style=\"\">a Mi Haz\u00e1nk plak\u00e1tja egy k\u00f6nyvesbolt kirakat\u00e1ban<\/td>\n                    <td style=\"\">fB-poszt<\/td>\n                    <td style=\"\"><a href='https:\/\/www.facebook.com\/dmagyarmuzsa\/photos\/a.208664306298966\/970343733464349\/?type=3&amp;theater' rel=' nofollow ' target='_blank'>https:\/\/www.facebook.com\/dmagyarmuzsa\/photos\/a.208664306298966\/970343733464349\/?type=3&amp;theater<\/a><\/td>\n                    <td style=\"\">pozit\u00edv<\/td>\n                    <td style=\"\"><\/td>\n                    <td style=\"\"><\/td>\n                    <td style=\"\"><\/td>\n                    <td style=\"\">a Mi Haz\u00e1nk plak\u00e1tja egy k\u00f6nyvesbolt kirakat\u00e1ban<\/td>\n            <\/tr>\n            <tr id=\"table_2_row_193\">\n                    <td style=\"\">2020.10.06<\/td>\n                    <td style=\"\"><a href='https:\/\/magyarnarancs.hu\/' rel=' nofollow ' target='_blank'>https:\/\/magyarnarancs.hu\/<\/a><\/td>\n                    <td style=\"\"><\/td>\n                    <td style=\"\">a Mi Haz\u00e1nk plak\u00e1tja egy k\u00f6nyvesbolt kirakat\u00e1ban<\/td>\n                    <td style=\"\">h\u00edr, r\u00f6vid cikk<\/td>\n                    <td style=\"\"><a href='https:\/\/magyarnarancs.hu\/belpol\/plakatokkal-belyegzik-meg-a-meseorszag-mindenkiet-arulo-boltokat-133775' rel=' nofollow ' target='_blank'>https:\/\/magyarnarancs.hu\/belpol\/plakatokkal-belyegzik-meg-a-meseorszag-mindenkiet-arulo-boltokat-133775<\/a><\/td>\n                    <td style=\"\">pozit\u00edv<\/td>\n                    <td style=\"\"><\/td>\n                    <td style=\"\"><\/td>\n                    <td style=\"\"><\/td>\n                    <td style=\"\">a Mi Haz\u00e1nk plak\u00e1tja egy k\u00f6nyvesbolt kirakat\u00e1ban<\/td>\n            <\/tr>\n            <tr id=\"table_2_row_194\">\n                    <td style=\"\">2020.10.06<\/td>\n                    <td style=\"\"><a href='https:\/\/24.hu\/' rel=' nofollow ' target='_blank'>https:\/\/24.hu\/<\/a><\/td>\n                    <td style=\"\">K\u00e1lm\u00e1n Attila<\/td>\n                    <td style=\"\">N\u00e1ci id\u0151ket id\u00e9z\u0151 plak\u00e1tot ragasztottak t\u00f6bb k\u00f6nyvesboltra<\/td>\n                    <td style=\"\">h\u00edr, r\u00f6vid cikk<\/td>\n                    <td style=\"\"><a href='https:\/\/24.hu\/belfold\/2020\/10\/06\/meseorszag-mindenkie-plakat\/' rel=' nofollow ' target='_blank'>https:\/\/24.hu\/belfold\/2020\/10\/06\/meseorszag-mindenkie-plakat\/<\/a><\/td>\n                    <td style=\"\">pozit\u00edv<\/td>\n                    <td style=\"\"><\/td>\n                    <td style=\"\"><\/td>\n                    <td style=\"\"><\/td>\n                    <td style=\"\"><\/td>\n            <\/tr>\n            <tr id=\"table_2_row_195\">\n                    <td style=\"\">2020.10.06<\/td>\n                    <td style=\"\"><a href='https:\/\/merce.hu\/' rel=' nofollow ' target='_blank'>https:\/\/merce.hu\/<\/a><\/td>\n                    <td style=\"\">Di\u00f3szegi-Horv\u00e1th N\u00f3ra<\/td>\n                    <td style=\"\">K\u00e9t perc gy\u0171l\u00f6let: mi\u00e9rt sz\u00e1llt be Orb\u00e1n a buziz\u00e1sba?<\/td>\n                    <td style=\"\">h\u00edr, r\u00f6vid cikk<\/td>\n                    <td style=\"\"><a href='https:\/\/merce.hu\/2020\/10\/06\/ket-perc-gyulolet-miert-szallt-be-orban-a-buzizasba\/' rel=' nofollow ' target='_blank'>https:\/\/merce.hu\/2020\/10\/06\/ket-perc-gyulolet-miert-szallt-be-orban-a-buzizasba\/<\/a><\/td>\n                    <td style=\"\">pozit\u00edv<\/td>\n                    <td style=\"\"><\/td>\n                    <td style=\"\"><\/td>\n                    <td style=\"\"><\/td>\n                    <td style=\"\"><\/td>\n            <\/tr>\n            <tr id=\"table_2_row_196\">\n                    <td style=\"\">2020.10.06<\/td>\n                    <td style=\"\"><a href='http:\/\/hatter.hu\/' rel=' nofollow ' target='_blank'>http:\/\/hatter.hu\/<\/a><\/td>\n                    <td style=\"\"><\/td>\n                    <td style=\"\">A H\u00e1tt\u00e9r T\u00e1rsas\u00e1g \u00e1ll\u00e1sfoglal\u00e1sa Orb\u00e1n Viktor nyilatkozata kapcs\u00e1n<\/td>\n                    <td style=\"\">nyilatkozat<\/td>\n                    <td style=\"\"><a href='http:\/\/hatter.hu\/hirek\/a-hatter-tarsasag-allasfoglalasa-orban-viktor-nyilatkozata-kapcsan' rel=' nofollow ' target='_blank'>http:\/\/hatter.hu\/hirek\/a-hatter-tarsasag-allasfoglalasa-orban-viktor-nyilatkozata-kapcsan<\/a><\/td>\n                    <td style=\"\">pozit\u00edv<\/td>\n                    <td style=\"\"><\/td>\n                    <td style=\"\"><\/td>\n                    <td style=\"\"><\/td>\n                    <td style=\"\"><\/td>\n            <\/tr>\n            <tr id=\"table_2_row_197\">\n                    <td style=\"\">2020.10.06<\/td>\n                    <td style=\"\"><a href='https:\/\/www.pinknews.co.uk\/' rel=' nofollow ' target='_blank'>https:\/\/www.pinknews.co.uk\/<\/a><\/td>\n                    <td style=\"\">Nick Duffy<\/td>\n                    <td style=\"\">Hungarian prime minister Viktor Orban demands gay people \u2018leave our children alone\u2019 in sinister attack on lesbian Cinderella book<\/td>\n                    <td style=\"\">h\u00edr, besz\u00e1mol\u00f3, r\u00f6vid cikk<\/td>\n                    <td style=\"\"><a href='https:\/\/www.pinknews.co.uk\/2020\/10\/06\/hungary-prime-minister-viktor-orban-gay-children-lesbian-cinderella-book\/' rel=' nofollow ' target='_blank'>https:\/\/www.pinknews.co.uk\/2020\/10\/06\/hungary-prime-minister-viktor-orban-gay-children-lesbian-cinderella-book\/<\/a><\/td>\n                    <td style=\"\">pozit\u00edv<\/td>\n                    <td style=\"\"><\/td>\n                    <td style=\"\"><\/td>\n                    <td style=\"\">angol<\/td>\n                    <td style=\"\"><\/td>\n            <\/tr>\n            <tr id=\"table_2_row_198\">\n                    <td style=\"\">2020.10.06<\/td>\n                    <td style=\"\"><a href='https:\/\/pestihirlap.hu\/' rel=' nofollow ' target='_blank'>https:\/\/pestihirlap.hu\/<\/a><\/td>\n                    <td style=\"\"><\/td>\n                    <td style=\"\">A legs\u00f6t\u00e9tebb n\u00e1ci id\u0151ket id\u00e9z\u0151 plak\u00e1t bukkant fel egy f\u0151v\u00e1rosi k\u00f6nyvesbolt ajtaj\u00e1n<\/td>\n                    <td style=\"\">h\u00edr, besz\u00e1mol\u00f3, r\u00f6vid cikk<\/td>\n                    <td style=\"\"><a href='https:\/\/pestihirlap.hu\/2020\/10\/06\/a-legsotetebb-naci-idoket-idezo-plakat-bukkant-fel-egy-fovarosi-konyvesbolt-ajtajan\/' rel=' nofollow ' target='_blank'>https:\/\/pestihirlap.hu\/2020\/10\/06\/a-legsotetebb-naci-idoket-idezo-plakat-bukkant-fel-egy-fovarosi-konyvesbolt-ajtajan\/<\/a><\/td>\n                    <td style=\"\">semleges<\/td>\n                    <td style=\"\"><\/td>\n                    <td style=\"\"><\/td>\n                    <td style=\"\"><\/td>\n                    <td style=\"\"><\/td>\n            <\/tr>\n            <tr id=\"table_2_row_199\">\n                    <td style=\"\">2020.10.06<\/td>\n                    <td style=\"\"><a href='https:\/\/merce.hu\/' rel=' nofollow ' target='_blank'>https:\/\/merce.hu\/<\/a><\/td>\n                    <td style=\"\">Gregor Anik\u00f3<\/td>\n                    <td style=\"\">Ha m\u00e1r dar\u00e1lni sincs mit: Meseorsz\u00e1g val\u00f3ban mindenki\u00e9?<\/td>\n                    <td style=\"\">h\u00edr, r\u00f6vid cikk<\/td>\n                    <td style=\"\"><a href='https:\/\/merce.hu\/2020\/10\/06\/ha-mar-daralni-sincs-mit-meseorszag-valoban-mindenkie\/' rel=' nofollow ' target='_blank'>https:\/\/merce.hu\/2020\/10\/06\/ha-mar-daralni-sincs-mit-meseorszag-valoban-mindenkie\/<\/a><\/td>\n                    <td style=\"\">pozit\u00edv<\/td>\n                    <td style=\"\"><\/td>\n                    <td style=\"\"><\/td>\n                    <td style=\"\"><\/td>\n                    <td style=\"\"><\/td>\n            <\/tr>\n            <tr id=\"table_2_row_200\">\n                    <td style=\"\">2020.10.06<\/td>\n                    <td style=\"\"><a href='https:\/\/www.facebook.com\/' rel=' nofollow ' target='_blank'>https:\/\/www.facebook.com\/<\/a><\/td>\n                    <td style=\"\">Sebesty\u00e9n Eszter<\/td>\n                    <td style=\"\">\u00c9n is f\u00e9ltem a gyerkeket<\/td>\n                    <td style=\"\">fB-poszt<\/td>\n                    <td style=\"\"><a href='https:\/\/www.facebook.com\/SebestyenEszterPszichologus\/posts\/1300578986945863' rel=' nofollow ' target='_blank'>https:\/\/www.facebook.com\/SebestyenEszterPszichologus\/posts\/1300578986945863<\/a><\/td>\n                    <td style=\"\">pozit\u00edv<\/td>\n                    <td style=\"\"><\/td>\n                    <td style=\"\"><\/td>\n                    <td style=\"\"><\/td>\n                    <td style=\"\"><\/td>\n            <\/tr>\n            <tr id=\"table_2_row_201\">\n                    <td style=\"\">2020.10.06<\/td>\n                    <td style=\"\"><a href='https:\/\/www.magyarhirlap.hu\/' rel=' nofollow ' target='_blank'>https:\/\/www.magyarhirlap.hu\/<\/a><\/td>\n                    <td style=\"\">Bog\u00e1r L\u00e1szl\u00f3<\/td>\n                    <td style=\"\">Nincs mese<\/td>\n                    <td style=\"\">publicisztika<\/td>\n                    <td style=\"\"><a href='https:\/\/www.magyarhirlap.hu\/velemeny\/20201006-nincs-mese' rel=' nofollow ' target='_blank'>https:\/\/www.magyarhirlap.hu\/velemeny\/20201006-nincs-mese<\/a><\/td>\n                    <td style=\"\">negat\u00edv<\/td>\n                    <td style=\"\"><\/td>\n                    <td style=\"\"><\/td>\n                    <td style=\"\"><\/td>\n                    <td style=\"\"><\/td>\n            <\/tr>\n            <tr id=\"table_2_row_202\">\n                    <td style=\"\">2020.10.06<\/td>\n                    <td style=\"\"><a href='https:\/\/alfahir.hu\/' rel=' nofollow ' target='_blank'>https:\/\/alfahir.hu\/<\/a><\/td>\n                    <td style=\"\">K\u00f6ller Krist\u00f3f<\/td>\n                    <td style=\"\">A korm\u00e1ny nem hagyn\u00e1, hogy gyermekeink politikai t\u00e1mad\u00e1s al\u00e1 ker\u00fcljenek, \u0151k m\u00e9gis el\u0151szeretettel kamp\u00e1nyolnak vel\u00fck<\/td>\n                    <td style=\"\">h\u00edr, besz\u00e1mol\u00f3, r\u00f6vid cikk<\/td>\n                    <td style=\"\"><a href='https:\/\/alfahir.hu\/2020\/10\/06\/meseorszag_mindenkie_kdnp_zsigo_robert_duro_dora_magyar_parlament_retvari_bence' rel=' nofollow ' target='_blank'>https:\/\/alfahir.hu\/2020\/10\/06\/meseorszag_mindenkie_kdnp_zsigo_robert_duro_dora_magyar_parlament_retvari_bence<\/a><\/td>\n                    <td style=\"\"><\/td>\n                    <td style=\"\"><\/td>\n                    <td style=\"\"><\/td>\n                    <td style=\"\"><\/td>\n                    <td style=\"\"><\/td>\n            <\/tr>\n            <tr id=\"table_2_row_203\">\n                    <td style=\"\">2020.10.06<\/td>\n                    <td style=\"\"><a href='https:\/\/magyarnemzet.hu\/' rel=' nofollow ' target='_blank'>https:\/\/magyarnemzet.hu\/<\/a><\/td>\n                    <td style=\"\">Nagy Orsolya<\/td>\n                    <td style=\"\">Melegpropaganda k\u00f6lt\u00f6zik az \u00f3budai \u00f3vod\u00e1kba<\/td>\n                    <td style=\"\">publicisztika<\/td>\n                    <td style=\"\"><a href='https:\/\/magyarnemzet.hu\/belfold\/melegpropaganda-koltozik-az-obudai-ovodakba-8767560\/' rel=' nofollow ' target='_blank'>https:\/\/magyarnemzet.hu\/belfold\/melegpropaganda-koltozik-az-obudai-ovodakba-8767560\/<\/a><\/td>\n                    <td style=\"\">negat\u00edv<\/td>\n                    <td style=\"\"><\/td>\n                    <td style=\"\"><\/td>\n                    <td style=\"\"><\/td>\n                    <td style=\"\"><\/td>\n            <\/tr>\n            <tr id=\"table_2_row_204\">\n                    <td style=\"\">2020.10.06<\/td>\n                    <td style=\"\"><a href='https:\/\/hirado.hu\/' rel=' nofollow ' target='_blank'>https:\/\/hirado.hu\/<\/a><\/td>\n                    <td style=\"\"><\/td>\n                    <td style=\"\">Pszichol\u00f3gus: Agresszi\u00f3 a gyerekek ellen a transzgender mesek\u00f6nyv<\/td>\n                    <td style=\"\">h\u00edr, besz\u00e1mol\u00f3, r\u00f6vid cikk<\/td>\n                    <td style=\"\"><a href='https:\/\/hirado.hu\/cikk\/2020\/10\/06\/pszichologus-agresszio-a-gyerekek-ellen-a-transzgender-mesekonyv' rel=' nofollow ' target='_blank'>https:\/\/hirado.hu\/cikk\/2020\/10\/06\/pszichologus-agresszio-a-gyerekek-ellen-a-transzgender-mesekonyv<\/a><\/td>\n                    <td style=\"\">negat\u00edv<\/td>\n                    <td style=\"\"><\/td>\n                    <td style=\"\"><\/td>\n                    <td style=\"\"><\/td>\n                    <td style=\"\"><\/td>\n            <\/tr>\n            <tr id=\"table_2_row_205\">\n                    <td style=\"\">2020.10.06<\/td>\n                    <td style=\"\"><a href='https:\/\/www.filologosz.hu\/' rel=' nofollow ' target='_blank'>https:\/\/www.filologosz.hu\/<\/a><\/td>\n                    <td style=\"\">Gy\u00f6rk\u00f6s G\u00e1bor<\/td>\n                    <td style=\"\">Nem csak Meseorsz\u00e1g mindenki\u00e9!<\/td>\n                    <td style=\"\">publicisztika<\/td>\n                    <td style=\"\"><a href='https:\/\/www.filologosz.hu\/nem-csak-meseorszag-mindenkie' rel=' nofollow ' target='_blank'>https:\/\/www.filologosz.hu\/nem-csak-meseorszag-mindenkie<\/a><\/td>\n                    <td style=\"\">pozit\u00edv<\/td>\n                    <td style=\"\"><\/td>\n                    <td style=\"\"><\/td>\n                    <td style=\"\"><\/td>\n                    <td style=\"\"><\/td>\n            <\/tr>\n            <tr id=\"table_2_row_206\">\n                    <td style=\"\">2020.10.06<\/td>\n                    <td style=\"\"><a href='https:\/\/bouvet.cafeblog.hu\/' rel=' nofollow ' target='_blank'>https:\/\/bouvet.cafeblog.hu\/<\/a><\/td>\n                    <td style=\"\">Bouvet<\/td>\n                    <td style=\"\">Ez a bajom a Meseorsz\u00e1g mindenki\u00e9 c\u00edm\u0171 k\u00f6nyv keltette orsz\u00e1gos botr\u00e1nnyal<\/td>\n                    <td style=\"\">blogbejegyz\u00e9s<\/td>\n                    <td style=\"\"><a href='https:\/\/bouvet.cafeblog.hu\/2020\/10\/06\/ez-a-bajom-a-meseorszag-mindenkie-cimu-konyv-keltette-orszagos-botranyrol\/' rel=' nofollow ' target='_blank'>https:\/\/bouvet.cafeblog.hu\/2020\/10\/06\/ez-a-bajom-a-meseorszag-mindenkie-cimu-konyv-keltette-orszagos-botranyrol\/<\/a><\/td>\n                    <td style=\"\">negat\u00edv<\/td>\n                    <td style=\"\"><\/td>\n                    <td style=\"\"><\/td>\n                    <td style=\"\"><\/td>\n                    <td style=\"\"><\/td>\n            <\/tr>\n            <tr id=\"table_2_row_207\">\n                    <td style=\"\">2020.10.06<\/td>\n                    <td style=\"\"><a href='https:\/\/www.evamagazin.hu\/' rel=' nofollow ' target='_blank'>https:\/\/www.evamagazin.hu\/<\/a><\/td>\n                    <td style=\"\">szexsuli<\/td>\n                    <td style=\"\">Mesek\u00f6nyvek, amik arra tan\u00edtj\u00e1k a gyereket, hogy fogadja el a m\u00e1ss\u00e1got<\/td>\n                    <td style=\"\">h\u00edr, besz\u00e1mol\u00f3, r\u00f6vid cikk<\/td>\n                    <td style=\"\"><a href='https:\/\/www.evamagazin.hu\/mesekonyvek-nyitott-es-elfogado-gyerekekert-18-133004' rel=' nofollow ' target='_blank'>https:\/\/www.evamagazin.hu\/mesekonyvek-nyitott-es-elfogado-gyerekekert-18-133004<\/a><\/td>\n                    <td style=\"\">pozit\u00edv<\/td>\n                    <td style=\"\"><\/td>\n                    <td style=\"\"><\/td>\n                    <td style=\"\"><\/td>\n                    <td style=\"\"><\/td>\n            <\/tr>\n            <tr id=\"table_2_row_208\">\n                    <td style=\"\">2020.10.06<\/td>\n                    <td style=\"\"><a href='https:\/\/www.facebook.com\/' rel=' nofollow ' target='_blank'>https:\/\/www.facebook.com\/<\/a><\/td>\n                    <td style=\"\"><\/td>\n                    <td style=\"\">Di\u00e9t\u00e1s Magyar M\u00fazsa k\u00e9pe egy k\u00f6nyvesbolt kirakatban<\/td>\n                    <td style=\"\">m\u00e9m, k\u00e9p<\/td>\n                    <td style=\"\"><a href='https:\/\/www.facebook.com\/dmagyarmuzsa\/photos\/a.208664306298966\/970343733464349\/?type=3&amp;theater' rel=' nofollow ' target='_blank'>https:\/\/www.facebook.com\/dmagyarmuzsa\/photos\/a.208664306298966\/970343733464349\/?type=3&amp;theater<\/a><\/td>\n                    <td style=\"\">pozit\u00edv<\/td>\n                    <td style=\"\"><\/td>\n                    <td style=\"\"><\/td>\n                    <td style=\"\"><\/td>\n                    <td style=\"\">Di\u00e9t\u00e1s Magyar M\u00fazsa k\u00e9pe egy k\u00f6nyvesbolt kirakatban<\/td>\n            <\/tr>\n            <tr id=\"table_2_row_209\">\n                    <td style=\"\">2020.10.06<\/td>\n                    <td style=\"\"><a href='https:\/\/indavideo.hu\/' rel=' nofollow ' target='_blank'>https:\/\/indavideo.hu\/<\/a><\/td>\n                    <td style=\"\">H\u00edrTV<\/td>\n                    <td style=\"\">\u00dajabb t\u00fcntet\u00e9s a Meseorsz\u00e1g mindenki\u00e9 c\u00edm\u0171 k\u00f6nyv miatt<\/td>\n                    <td style=\"\">vide\u00f3<\/td>\n                    <td style=\"\"><a href='https:\/\/indavideo.hu\/video\/Ujabb_tuntetes_a_Meseorszag_mindenkie_cimu_konyv_miatt' rel=' nofollow ' target='_blank'>https:\/\/indavideo.hu\/video\/Ujabb_tuntetes_a_Meseorszag_mindenkie_cimu_konyv_miatt<\/a><\/td>\n                    <td style=\"\">negat\u00edv<\/td>\n                    <td style=\"\"><\/td>\n                    <td style=\"\"><\/td>\n                    <td style=\"\"><\/td>\n                    <td style=\"\"><\/td>\n            <\/tr>\n            <tr id=\"table_2_row_210\">\n                    <td style=\"\">2020.10.06<\/td>\n                    <td style=\"\"><a href='https:\/\/www.youtube.com\/' rel=' nofollow ' target='_blank'>https:\/\/www.youtube.com\/<\/a><\/td>\n                    <td style=\"\">P\u00e9csi Rita<\/td>\n                    <td style=\"\">Er\u0151s szorong\u00e1st, p\u00e1nikbetegs\u00e9get okozhatnak az \u00e9rz\u00e9keny\u00edt\u0151 mes\u00e9k<\/td>\n                    <td style=\"\">r\u00e1di\u00f3<\/td>\n                    <td style=\"\"><a href='https:\/\/www.youtube.com\/watch?v=oUpHRKgtbdA' rel=' nofollow ' target='_blank'>https:\/\/www.youtube.com\/watch?v=oUpHRKgtbdA<\/a><\/td>\n                    <td style=\"\">negat\u00edv<\/td>\n                    <td style=\"\"><\/td>\n                    <td style=\"\"><\/td>\n                    <td style=\"\"><\/td>\n                    <td style=\"\"><\/td>\n            <\/tr>\n            <tr id=\"table_2_row_211\">\n                    <td style=\"\">2020.10.07<\/td>\n                    <td style=\"\"><a href='https:\/\/wmn.hu\/' rel=' nofollow ' target='_blank'>https:\/\/wmn.hu\/<\/a><\/td>\n                    <td style=\"\"><\/td>\n                    <td style=\"\">\u201eNemcsak a ny\u00edlt s\u00e9rteget\u00e9s k\u00e1ros, hanem az eltitkol\u00e1s, elhallgat\u00e1s, l\u00e1thatatlann\u00e1 tev\u00e9s is\" \u2013 A \u201emelegg\u00e9 v\u00e1l\u00e1s\u201d egy pszichol\u00f3gus szem\u00e9vel<\/td>\n                    <td style=\"\">interj\u00fa<\/td>\n                    <td style=\"\"><a href='https:\/\/wmn.hu\/ugy\/53699-nemcsak-a-nyilt-sertegetes-karos-hanem-az-eltitkolas-elhallgatas-lathatatlanna-teves-is---a-melegge-valas-egy-pszichologus-szemevel' rel=' nofollow ' target='_blank'>https:\/\/wmn.hu\/ugy\/53699-nemcsak-a-nyilt-sertegetes-karos-hanem-az-eltitkolas-elhallgatas-lathatatlanna-teves-is---a-melegge-valas-egy-pszichologus-szemevel<\/a><\/td>\n                    <td style=\"\">semleges<\/td>\n                    <td style=\"\"><\/td>\n                    <td style=\"\"><\/td>\n                    <td style=\"\"><\/td>\n                    <td style=\"\">Csepelyi Adrienn interj\u00faja a homof\u00f3bi\u00e1r\u00f3l, identit\u00e1sr\u00f3l \u00e9s m\u00e9g sok minden m\u00e1sr\u00f3l<\/td>\n            <\/tr>\n            <tr id=\"table_2_row_212\">\n                    <td style=\"\">2020.10.07<\/td>\n                    <td style=\"\"><a href='https:\/\/olvassbele.com\/' rel=' nofollow ' target='_blank'>https:\/\/olvassbele.com\/<\/a><\/td>\n                    <td style=\"\">Boldizs\u00e1r Ildik\u00f3<\/td>\n                    <td style=\"\">Boldizs\u00e1r Ildik\u00f3 gondolatai a k\u00f6nyvr\u0151l<\/td>\n                    <td style=\"\">nyilatkozat<\/td>\n                    <td style=\"\"><a href='https:\/\/olvassbele.com\/2020\/10\/07\/lehetoseg-felelosseg-eszkoz-meg-egyszer-a-meseorszag-mindenkie-kotetrol\/' rel=' nofollow ' target='_blank'>https:\/\/olvassbele.com\/2020\/10\/07\/lehetoseg-felelosseg-eszkoz-meg-egyszer-a-meseorszag-mindenkie-kotetrol\/<\/a><\/td>\n                    <td style=\"\">semleges<\/td>\n                    <td style=\"\"><\/td>\n                    <td style=\"\"><\/td>\n                    <td style=\"\"><\/td>\n                    <td style=\"\">Boldizs\u00e1r Ildik\u00f3 gondolatai a k\u00f6nyvr\u0151l<\/td>\n            <\/tr>\n            <tr id=\"table_2_row_213\">\n                    <td style=\"\">2020.10.07<\/td>\n                    <td style=\"\"><a href='https:\/\/konyvesmagazin.hu\/' rel=' nofollow ' target='_blank'>https:\/\/konyvesmagazin.hu\/<\/a><\/td>\n                    <td style=\"\">Boldizs\u00e1r Ildik\u00f3<\/td>\n                    <td style=\"\">Meseorsz\u00e1g val\u00f3ban mindenki\u00e9, mi d\u00f6ntj\u00fck el, hogy kit\/mit enged\u00fcnk onnan magunkhoz<\/td>\n                    <td style=\"\">FB-poszt<\/td>\n                    <td style=\"\"><a href='https:\/\/konyvesmagazin.hu\/friss\/boldizsar_ildiko_meseorszag_mindenkie.html' rel=' nofollow ' target='_blank'>https:\/\/konyvesmagazin.hu\/friss\/boldizsar_ildiko_meseorszag_mindenkie.html<\/a><\/td>\n                    <td style=\"\">pozit\u00edv<\/td>\n                    <td style=\"\"><\/td>\n                    <td style=\"\"><\/td>\n                    <td style=\"\"><\/td>\n                    <td style=\"\"><\/td>\n            <\/tr>\n            <tr id=\"table_2_row_214\">\n                    <td style=\"\">2020.10.07<\/td>\n                    <td style=\"\"><a href='https:\/\/www.instagram.com\/' rel=' nofollow ' target='_blank'>https:\/\/www.instagram.com\/<\/a><\/td>\n                    <td style=\"\"><\/td>\n                    <td style=\"\">nem akarok belesz\u00f3lni<\/td>\n                    <td style=\"\">vide\u00f3<\/td>\n                    <td style=\"\"><a href='https:\/\/www.instagram.com\/p\/CGBy3KXleic' rel=' nofollow ' target='_blank'>https:\/\/www.instagram.com\/p\/CGBy3KXleic<\/a><\/td>\n                    <td style=\"\">pozit\u00edv<\/td>\n                    <td style=\"\">insta<\/td>\n                    <td style=\"\"><\/td>\n                    <td style=\"\"><\/td>\n                    <td style=\"\"><\/td>\n            <\/tr>\n            <tr id=\"table_2_row_215\">\n                    <td style=\"\">2020.10.07<\/td>\n                    <td style=\"\"><a href='https:\/\/mkke.hu\/' rel=' nofollow ' target='_blank'>https:\/\/mkke.hu\/<\/a><\/td>\n                    <td style=\"\"><\/td>\n                    <td style=\"\">Az MKKE eln\u00f6ks\u00e9g\u00e9nek k\u00f6zlem\u00e9nye<\/td>\n                    <td style=\"\">nyilatkozat<\/td>\n                    <td style=\"\"><a href='https:\/\/mkke.hu\/hirek_esemenyek\/az_mkke_elnoksegenek_kozlemenye' rel=' nofollow ' target='_blank'>https:\/\/mkke.hu\/hirek_esemenyek\/az_mkke_elnoksegenek_kozlemenye<\/a><\/td>\n                    <td style=\"\">pozit\u00edv<\/td>\n                    <td style=\"\"><\/td>\n                    <td style=\"\"><\/td>\n                    <td style=\"\"><\/td>\n                    <td style=\"\">Az MKKE eln\u00f6ks\u00e9g\u00e9nek k\u00f6zlem\u00e9nye<\/td>\n            <\/tr>\n            <tr id=\"table_2_row_216\">\n                    <td style=\"\">2020.10.07<\/td>\n                    <td style=\"\"><a href='https:\/\/litera.hu\/' rel=' nofollow ' target='_blank'>https:\/\/litera.hu\/<\/a><\/td>\n                    <td style=\"\"><\/td>\n                    <td style=\"\">A MKKE tiltakozik a Meseorsz\u00e1g mindenki\u00e9 c\u00edm\u0171 k\u00f6nyvet \u00f6vez\u0151 politikai usz\u00edt\u00e1s miatt<\/td>\n                    <td style=\"\">h\u00edr, r\u00f6vid cikk<\/td>\n                    <td style=\"\"><a href='https:\/\/litera.hu\/hirek\/a-magyar-konyvkiadok-es-konyvterjesztok-egyesulese-elnoksegenek-tiltakozasa.html' rel=' nofollow ' target='_blank'>https:\/\/litera.hu\/hirek\/a-magyar-konyvkiadok-es-konyvterjesztok-egyesulese-elnoksegenek-tiltakozasa.html<\/a><\/td>\n                    <td style=\"\">pozit\u00edv<\/td>\n                    <td style=\"\"><\/td>\n                    <td style=\"\"><\/td>\n                    <td style=\"\"><\/td>\n                    <td style=\"\"><\/td>\n            <\/tr>\n            <tr id=\"table_2_row_217\">\n                    <td style=\"\">2020.10.07<\/td>\n                    <td style=\"\"><a href='https:\/\/multikult.transindex.ro\/' rel=' nofollow ' target='_blank'>https:\/\/multikult.transindex.ro\/<\/a><\/td>\n                    <td style=\"\">V.E.<\/td>\n                    <td style=\"\">Meseorsz\u00e1g mindenki\u00e9 \u2013 egy gyerekk\u00f6nyv k\u00f6r\u00fcli botr\u00e1ny kr\u00f3nik\u00e1ja&nbsp;- a Transindex.ro port\u00e1lr\u00f3l<\/td>\n                    <td style=\"\">h\u00edr, r\u00f6vid cikk<\/td>\n                    <td style=\"\"><a href='https:\/\/multikult.transindex.ro\/?cikk=28658&amp;meseorszag_mindenkie_8211_egy_gyerekkonyv_koruli_botrany_kronikaja' rel=' nofollow ' target='_blank'>https:\/\/multikult.transindex.ro\/?cikk=28658&amp;meseorszag_mindenkie_8211_egy_gyerekkonyv_koruli_botrany_kronikaja<\/a><\/td>\n                    <td style=\"\">pozit\u00edv<\/td>\n                    <td style=\"\"><\/td>\n                    <td style=\"\">igen<\/td>\n                    <td style=\"\"><\/td>\n                    <td style=\"\"><\/td>\n            <\/tr>\n            <tr id=\"table_2_row_218\">\n                    <td style=\"\">2020.10.07<\/td>\n                    <td style=\"\"><a href='https:\/\/rtl.hu\/' rel=' nofollow ' target='_blank'>https:\/\/rtl.hu\/<\/a><\/td>\n                    <td style=\"\">Moln\u00e1r Fruzsina<\/td>\n                    <td style=\"\">Matric\u00e1znak \u00e9s k\u00f6nyvesboltokat fenyegetnek sz\u00e9ls\u0151s\u00e9ges csoportok<\/td>\n                    <td style=\"\">h\u00edr, r\u00f6vid cikk<\/td>\n                    <td style=\"\"><a href='https:\/\/rtl.hu\/rtlklub\/hirek\/matricaznak-es-konyvesboltokat-fenyegetnek-szelsoseges-csoportok' rel=' nofollow ' target='_blank'>https:\/\/rtl.hu\/rtlklub\/hirek\/matricaznak-es-konyvesboltokat-fenyegetnek-szelsoseges-csoportok<\/a><\/td>\n                    <td style=\"\">pozit\u00edv<\/td>\n                    <td style=\"\"><\/td>\n                    <td style=\"\"><\/td>\n                    <td style=\"\"><\/td>\n                    <td style=\"\"><\/td>\n            <\/tr>\n            <tr id=\"table_2_row_219\">\n                    <td style=\"\">2020.10.07<\/td>\n                    <td style=\"\"><a href='https:\/\/www.facebook.com\/' rel=' nofollow ' target='_blank'>https:\/\/www.facebook.com\/<\/a><\/td>\n                    <td style=\"\">TASZ<\/td>\n                    <td style=\"\">Mesek\u00f6nyvet haszn\u00e1l fel kirekeszt\u0151 n\u00e9zetei hangoztat\u00e1s\u00e1ra a minisztereln\u00f6k<\/td>\n                    <td style=\"\">fb-poszt<\/td>\n                    <td style=\"\"><a href='https:\/\/www.facebook.com\/notes\/tasz\/mesek\u00f6nyvet-haszn\u00e1l-fel-kirekeszt\u0151-n\u00e9zetei-hangoztat\u00e1s\u00e1ra-a-minisztereln\u00f6k\/10220465346398729\/' rel=' nofollow ' target='_blank'>https:\/\/www.facebook.com\/notes\/tasz\/mesek\u00f6nyvet-haszn\u00e1l-fel-kirekeszt\u0151-n\u00e9zetei-hangoztat\u00e1s\u00e1ra-a-minisztereln\u00f6k\/10220465346398729\/<\/a><\/td>\n                    <td style=\"\">pozit\u00edv<\/td>\n                    <td style=\"\"><\/td>\n                    <td style=\"\"><\/td>\n                    <td style=\"\"><\/td>\n                    <td style=\"\">TASZ az ombudsmanhoz<\/td>\n            <\/tr>\n            <tr id=\"table_2_row_220\">\n                    <td style=\"\">2020.10.07<\/td>\n                    <td style=\"\"><a href='https:\/\/m.hvg.hu\/' rel=' nofollow ' target='_blank'>https:\/\/m.hvg.hu\/<\/a><\/td>\n                    <td style=\"\">M\u00e1trah\u00e1zi Zsuzsa<\/td>\n                    <td style=\"\">K\u0151v\u00e1ry Zolt\u00e1n: \"A mes\u00e9nek nem az a feladata, hogy cukorm\u00e1zas k\u00e9pet mutasson a vil\u00e1gr\u00f3l\"<\/td>\n                    <td style=\"\">interj\u00fa<\/td>\n                    <td style=\"\"><a href='https:\/\/m.hvg.hu\/360\/20201007_Kovary_Zoltan_Heves_erdeklodes' rel=' nofollow ' target='_blank'>https:\/\/m.hvg.hu\/360\/20201007_Kovary_Zoltan_Heves_erdeklodes<\/a><\/td>\n                    <td style=\"\">pozit\u00edv<\/td>\n                    <td style=\"\"><\/td>\n                    <td style=\"\"><\/td>\n                    <td style=\"\"><\/td>\n                    <td style=\"\">Interj\u00fa K\u0151v\u00e1ry Zolt\u00e1nnal<\/td>\n            <\/tr>\n            <tr id=\"table_2_row_221\">\n                    <td style=\"\">2020.10.07<\/td>\n                    <td style=\"\"><a href='https:\/\/hvg.hu\/' rel=' nofollow ' target='_blank'>https:\/\/hvg.hu\/<\/a><\/td>\n                    <td style=\"\">marabu<\/td>\n                    <td style=\"\">Marabu F\u00e9kny\u00faz: Gyerekekre vesz\u00e9lyes mesek\u00f6nyvek<\/td>\n                    <td style=\"\">h\u00edr, r\u00f6vid cikk<\/td>\n                    <td style=\"\"><a href='https:\/\/hvg.hu\/elet\/20201007_Marabu_Feknyuz_Gyerekekre_veszelyes_konyvek' rel=' nofollow ' target='_blank'>https:\/\/hvg.hu\/elet\/20201007_Marabu_Feknyuz_Gyerekekre_veszelyes_konyvek<\/a><\/td>\n                    <td style=\"\">pozit\u00edv<\/td>\n                    <td style=\"\"><\/td>\n                    <td style=\"\"><\/td>\n                    <td style=\"\"><\/td>\n                    <td style=\"\"><\/td>\n            <\/tr>\n            <tr id=\"table_2_row_222\">\n                    <td style=\"\">2020.10.07<\/td>\n                    <td style=\"\"><a href='https:\/\/www.facebook.com\/' rel=' nofollow ' target='_blank'>https:\/\/www.facebook.com\/<\/a><\/td>\n                    <td style=\"\"><\/td>\n                    <td style=\"\">Labrisz poszt<\/td>\n                    <td style=\"\">fb-poszt<\/td>\n                    <td style=\"\"><a href='https:\/\/www.facebook.com\/LabriszEgyesulet\/photos\/a.155674114001\/10158756292139002\/' rel=' nofollow ' target='_blank'>https:\/\/www.facebook.com\/LabriszEgyesulet\/photos\/a.155674114001\/10158756292139002\/<\/a><\/td>\n                    <td style=\"\">pozit\u00edv<\/td>\n                    <td style=\"\">fb<\/td>\n                    <td style=\"\"><\/td>\n                    <td style=\"\"><\/td>\n                    <td style=\"\">labrisz poszt<\/td>\n            <\/tr>\n            <tr id=\"table_2_row_223\">\n                    <td style=\"\">2020.10.07<\/td>\n                    <td style=\"\"><a href='https:\/\/magyarnemzet.hu\/' rel=' nofollow ' target='_blank'>https:\/\/magyarnemzet.hu\/<\/a><\/td>\n                    <td style=\"\">Karc FM<\/td>\n                    <td style=\"\">A genderlobbi c\u00e9lja, hogy a devianci\u00e1t norm\u00e1v\u00e1 tegy\u00e9k<\/td>\n                    <td style=\"\">egy\u00e9b<\/td>\n                    <td style=\"\"><a href='https:\/\/magyarnemzet.hu\/belfold\/a-genderlobbi-celja-hogy-a-devianciat-normava-tegyek-8775750\/' rel=' nofollow ' target='_blank'>https:\/\/magyarnemzet.hu\/belfold\/a-genderlobbi-celja-hogy-a-devianciat-normava-tegyek-8775750\/<\/a><\/td>\n                    <td style=\"\">negat\u00edv<\/td>\n                    <td style=\"\"><\/td>\n                    <td style=\"\"><\/td>\n                    <td style=\"\"><\/td>\n                    <td style=\"\"><\/td>\n            <\/tr>\n            <tr id=\"table_2_row_224\">\n                    <td style=\"\">2020.10.07<\/td>\n                    <td style=\"\"><a href='https:\/\/www.origo.hu\/' rel=' nofollow ' target='_blank'>https:\/\/www.origo.hu\/<\/a><\/td>\n                    <td style=\"\"><\/td>\n                    <td style=\"\">Kult\u00farharc, t\u00e9rfoglal\u00e1s vagy korszakos\u00edt\u00e1s zajlik?<\/td>\n                    <td style=\"\">h\u00edr, besz\u00e1mol\u00f3, r\u00f6vid cikk<\/td>\n                    <td style=\"\"><a href='https:\/\/www.origo.hu\/itthon\/20201007-m5-ez-itt-a-kerdes-oktober-6.html' rel=' nofollow ' target='_blank'>https:\/\/www.origo.hu\/itthon\/20201007-m5-ez-itt-a-kerdes-oktober-6.html<\/a><\/td>\n                    <td style=\"\"><\/td>\n                    <td style=\"\"><\/td>\n                    <td style=\"\"><\/td>\n                    <td style=\"\"><\/td>\n                    <td style=\"\"><\/td>\n            <\/tr>\n            <tr id=\"table_2_row_225\">\n                    <td style=\"\">2020.10.07<\/td>\n                    <td style=\"\"><a href='https:\/\/vasarnap.hu\/' rel=' nofollow ' target='_blank'>https:\/\/vasarnap.hu\/<\/a><\/td>\n                    <td style=\"\">De\u00e1k-S\u00e1rosi L\u00e1szl\u00f3<\/td>\n                    <td style=\"\">Hosszan lopakod\u00f3 \u00e9rz\u00e9keny\u00edt\u00e9s - Az els\u0151 magyarorsz\u00e1gi LMBTQ-mesek\u00f6nyv el\u0151zm\u00e9nyei<\/td>\n                    <td style=\"\">publicisztika<\/td>\n                    <td style=\"\"><a href='https:\/\/vasarnap.hu\/2020\/10\/07\/hosszan-lopakodo-erzekenyites\/' rel=' nofollow ' target='_blank'>https:\/\/vasarnap.hu\/2020\/10\/07\/hosszan-lopakodo-erzekenyites\/<\/a><\/td>\n                    <td style=\"\">negat\u00edv<\/td>\n                    <td style=\"\"><\/td>\n                    <td style=\"\"><\/td>\n                    <td style=\"\"><\/td>\n                    <td style=\"\"><\/td>\n            <\/tr>\n            <tr id=\"table_2_row_226\">\n                    <td style=\"\">2020.10.07<\/td>\n                    <td style=\"\"><a href='https:\/\/www.youtube.com\/' rel=' nofollow ' target='_blank'>https:\/\/www.youtube.com\/<\/a><\/td>\n                    <td style=\"\">All Inn<\/td>\n                    <td style=\"\">H\u00e1zasodik a kir\u00e1lyfi<\/td>\n                    <td style=\"\">vide\u00f3<\/td>\n                    <td style=\"\"><a href='https:\/\/www.youtube.com\/watch?reload=9&amp;v=Cgp17cxHL98' rel=' nofollow ' target='_blank'>https:\/\/www.youtube.com\/watch?reload=9&amp;v=Cgp17cxHL98<\/a><\/td>\n                    <td style=\"\">semleges<\/td>\n                    <td style=\"\">youtube<\/td>\n                    <td style=\"\"><\/td>\n                    <td style=\"\"><\/td>\n                    <td style=\"\"><\/td>\n            <\/tr>\n            <tr id=\"table_2_row_227\">\n                    <td style=\"\">2020.10.07<\/td>\n                    <td style=\"\"><a href='https:\/\/vasarnap.hu\/' rel=' nofollow ' target='_blank'>https:\/\/vasarnap.hu\/<\/a><\/td>\n                    <td style=\"\"><\/td>\n                    <td style=\"\">A Meseorsz\u00e1g mindenki\u00e9 \u201eagresszi\u00f3 a gyerekekkel szemben\u201d<\/td>\n                    <td style=\"\">h\u00edr, besz\u00e1mol\u00f3, r\u00f6vid cikk<\/td>\n                    <td style=\"\"><a href='https:\/\/vasarnap.hu\/2020\/10\/07\/a-meseorszag-mindenkie-agresszio-a-gyerekekkel-szemben\/' rel=' nofollow ' target='_blank'>https:\/\/vasarnap.hu\/2020\/10\/07\/a-meseorszag-mindenkie-agresszio-a-gyerekekkel-szemben\/<\/a><\/td>\n                    <td style=\"\">negat\u00edv<\/td>\n                    <td style=\"\"><\/td>\n                    <td style=\"\"><\/td>\n                    <td style=\"\"><\/td>\n                    <td style=\"\"><\/td>\n            <\/tr>\n            <tr id=\"table_2_row_228\">\n                    <td style=\"\">2020.10.07<\/td>\n                    <td style=\"\"><a href='https:\/\/www.maenner.media\/' rel=' nofollow ' target='_blank'>https:\/\/www.maenner.media\/<\/a><\/td>\n                    <td style=\"\">Leander Milbrecht<\/td>\n                    <td style=\"\">Orb\u00e1n warnt Homosexuelle: \u201eLassen Sie unsere Kinder in Ruhe!\u201c<\/td>\n                    <td style=\"\">h\u00edr, besz\u00e1mol\u00f3, r\u00f6vid cikk<\/td>\n                    <td style=\"\"><a href='https:\/\/www.maenner.media\/gesellschaft\/ausland\/orban-warnt-homosexuelle-lasst-unsere-kinder-in-ruhe\/' rel=' nofollow ' target='_blank'>https:\/\/www.maenner.media\/gesellschaft\/ausland\/orban-warnt-homosexuelle-lasst-unsere-kinder-in-ruhe\/<\/a><\/td>\n                    <td style=\"\">semleges<\/td>\n                    <td style=\"\"><\/td>\n                    <td style=\"\">igen<\/td>\n                    <td style=\"\">n\u00e9met<\/td>\n                    <td style=\"\"><\/td>\n            <\/tr>\n            <tr id=\"table_2_row_229\">\n                    <td style=\"\">2020.10.07<\/td>\n                    <td style=\"\"><a href='https:\/\/magyarnemzet.hu\/' rel=' nofollow ' target='_blank'>https:\/\/magyarnemzet.hu\/<\/a><\/td>\n                    <td style=\"\">Sz\u00e1nth\u00f3 Mikl\u00f3s<\/td>\n                    <td style=\"\">Mese a sziv\u00e1rv\u00e1nyos j\u00f6v\u0151r\u0151l<\/td>\n                    <td style=\"\">recenzi\u00f3<\/td>\n                    <td style=\"\"><a href='https:\/\/magyarnemzet.hu\/velemeny\/2020\/10\/mese-a-szivarvanyos-jovorol' rel=' nofollow ' target='_blank'>https:\/\/magyarnemzet.hu\/velemeny\/2020\/10\/mese-a-szivarvanyos-jovorol<\/a><\/td>\n                    <td style=\"\">negat\u00edv<\/td>\n                    <td style=\"\"><\/td>\n                    <td style=\"\"><\/td>\n                    <td style=\"\"><\/td>\n                    <td style=\"\"><\/td>\n            <\/tr>\n            <tr id=\"table_2_row_230\">\n                    <td style=\"\">2020.10.07<\/td>\n                    <td style=\"\"><a href='https:\/\/www.facebook.com\/' rel=' nofollow ' target='_blank'>https:\/\/www.facebook.com\/<\/a><\/td>\n                    <td style=\"\">TASZ<\/td>\n                    <td style=\"\">Mesek\u00f6nyvet haszn\u00e1l fel kirekeszt\u0151 n\u00e9zetei hangoztat\u00e1s\u00e1ra a minisztereln\u00f6k<\/td>\n                    <td style=\"\">fb-poszt<\/td>\n                    <td style=\"\"><a href='https:\/\/www.facebook.com\/notes\/tasz\/mesek%C3%B6nyvet-haszn%C3%A1l-fel-kirekeszt%C5%91-n%C3%A9zetei-hangoztat%C3%A1s%C3%A1ra-a-minisztereln%C3%B6k\/10220465346398729\/' rel=' nofollow ' target='_blank'>https:\/\/www.facebook.com\/notes\/tasz\/mesek%C3%B6nyvet-haszn%C3%A1l-fel-kirekeszt%C5%91-n%C3%A9zetei-hangoztat%C3%A1s%C3%A1ra-a-minisztereln%C3%B6k\/10220465346398729\/<\/a><\/td>\n                    <td style=\"\">pozit\u00edv<\/td>\n                    <td style=\"\"><\/td>\n                    <td style=\"\"><\/td>\n                    <td style=\"\"><\/td>\n                    <td style=\"\"><\/td>\n            <\/tr>\n            <tr id=\"table_2_row_231\">\n                    <td style=\"\">2020.10.07<\/td>\n                    <td style=\"\"><a href='https:\/\/www.facebook.com\/' rel=' nofollow ' target='_blank'>https:\/\/www.facebook.com\/<\/a><\/td>\n                    <td style=\"\">Sz\u00e9p\u00edr\u00f3k T\u00e1rsas\u00e1ga<\/td>\n                    <td style=\"\">Sz\u00e9p\u00edr\u00f3k T\u00e1rsas\u00e1g\u00e1nak \u00e1ll\u00e1sfoglal\u00e1sa<\/td>\n                    <td style=\"\">fb-poszt<\/td>\n                    <td style=\"\"><a href='https:\/\/www.facebook.com\/SzepirokTarsasaga\/photos\/a.123978214414489\/2249827238496232\/?type=3&amp;eid=ARBv4RTkrohvwTVZnUHAf6VUf3Fik1bAoZd9QumXSXNvCTyiGFBcTcqgZoJSelp9uEqW3YsUECcO01sO&amp;__tn__=EEHH-R' rel=' nofollow ' target='_blank'>https:\/\/www.facebook.com\/SzepirokTarsasaga\/photos\/a.123978214414489\/2249827238496232\/?type=3&amp;eid=ARBv4RTkrohvwTVZnUHAf6VUf3Fik1bAoZd9QumXSXNvCTyiGFBcTcqgZoJSelp9uEqW3YsUECcO01sO&amp;__tn__=EEHH-R<\/a><\/td>\n                    <td style=\"\">pozit\u00edv<\/td>\n                    <td style=\"\">fb<\/td>\n                    <td style=\"\"><\/td>\n                    <td style=\"\"><\/td>\n                    <td style=\"\"><\/td>\n            <\/tr>\n            <tr id=\"table_2_row_232\">\n                    <td style=\"\">2020.10.07<\/td>\n                    <td style=\"\"><a href='https:\/\/www.magyarhirlap.hu\/' rel=' nofollow ' target='_blank'>https:\/\/www.magyarhirlap.hu\/<\/a><\/td>\n                    <td style=\"\">Mezei K\u00e1roly<\/td>\n                    <td style=\"\">Nem \u00e9r a nevem<\/td>\n                    <td style=\"\">v\u00e9lem\u00e9ny<\/td>\n                    <td style=\"\"><a href='https:\/\/www.magyarhirlap.hu\/velemeny\/20201007-nem-er-a-nevem' rel=' nofollow ' target='_blank'>https:\/\/www.magyarhirlap.hu\/velemeny\/20201007-nem-er-a-nevem<\/a><\/td>\n                    <td style=\"\">negat\u00edv<\/td>\n                    <td style=\"\"><\/td>\n                    <td style=\"\"><\/td>\n                    <td style=\"\"><\/td>\n                    <td style=\"\">tiltakoz\u00e1sok a mesek\u00f6nyv ellen<\/td>\n            <\/tr>\n            <tr id=\"table_2_row_233\">\n                    <td style=\"\">2020.10.07<\/td>\n                    <td style=\"\"><a href='https:\/\/hvg.hu\/' rel=' nofollow ' target='_blank'>https:\/\/hvg.hu\/<\/a><\/td>\n                    <td style=\"\"><\/td>\n                    <td style=\"\">A Tasz az ombudsmanhoz fordul Orb\u00e1n szavai miatt<\/td>\n                    <td style=\"\">h\u00edr, r\u00f6vid cikk<\/td>\n                    <td style=\"\"><a href='https:\/\/hvg.hu\/itthon\/20201007_tasz_orban_viktor_meseorszag_mindenkie_mesekonyv_lmbtq_ombudsman' rel=' nofollow ' target='_blank'>https:\/\/hvg.hu\/itthon\/20201007_tasz_orban_viktor_meseorszag_mindenkie_mesekonyv_lmbtq_ombudsman<\/a><\/td>\n                    <td style=\"\">pozit\u00edv<\/td>\n                    <td style=\"\"><\/td>\n                    <td style=\"\"><\/td>\n                    <td style=\"\"><\/td>\n                    <td style=\"\">TASZ az ombudsmanhoz<\/td>\n            <\/tr>\n            <tr id=\"table_2_row_234\">\n                    <td style=\"\">2020.10.07<\/td>\n                    <td style=\"\"><a href='https:\/\/www.instagram.com\/' rel=' nofollow ' target='_blank'>https:\/\/www.instagram.com\/<\/a><\/td>\n                    <td style=\"\">Nemakarokbeleszolni<\/td>\n                    <td style=\"\">nemakarokbeleszolni insta oldal vide\u00f3s v\u00e9lem\u00e9ny<\/td>\n                    <td style=\"\">vide\u00f3<\/td>\n                    <td style=\"\"><a href='https:\/\/www.instagram.com\/p\/CGBy3KXleic\/d' rel=' nofollow ' target='_blank'>https:\/\/www.instagram.com\/p\/CGBy3KXleic\/d<\/a><\/td>\n                    <td style=\"\">pozit\u00edv<\/td>\n                    <td style=\"\">insta<\/td>\n                    <td style=\"\"><\/td>\n                    <td style=\"\"><\/td>\n                    <td style=\"\"><\/td>\n            <\/tr>\n            <tr id=\"table_2_row_235\">\n                    <td style=\"\">2020.10.08<\/td>\n                    <td style=\"\"><a href='https:\/\/time.com\/' rel=' nofollow ' target='_blank'>https:\/\/time.com\/<\/a><\/td>\n                    <td style=\"\">Suyin Haynes<\/td>\n                    <td style=\"\">Why a Children's Book Is Becoming a Symbol of Resistance in Hungary\u2019s Fight Over LGBT Rights<\/td>\n                    <td style=\"\">publicisztika<\/td>\n                    <td style=\"\"><a href='https:\/\/time.com\/5897312\/hungary-book-lgbt-rights\/' rel=' nofollow ' target='_blank'>https:\/\/time.com\/5897312\/hungary-book-lgbt-rights\/<\/a><\/td>\n                    <td style=\"\">pozit\u00edv<\/td>\n                    <td style=\"\"><\/td>\n                    <td style=\"\">igen<\/td>\n                    <td style=\"\">angol<\/td>\n                    <td style=\"\"><\/td>\n            <\/tr>\n            <tr id=\"table_2_row_236\">\n                    <td style=\"\">2020.10.08<\/td>\n                    <td style=\"\"><a href='https:\/\/www.reuters.com\/' rel=' nofollow ' target='_blank'>https:\/\/www.reuters.com\/<\/a><\/td>\n                    <td style=\"\">Krisztina Than<\/td>\n                    <td style=\"\">Hungarian government calls new children's book 'homosexual propaganda', causing stir<\/td>\n                    <td style=\"\">h\u00edr, besz\u00e1mol\u00f3, r\u00f6vid cikk<\/td>\n                    <td style=\"\"><a href='https:\/\/www.reuters.com\/article\/us-hungary-lgbt-book\/hungarian-government-calls-new-childrens-book-homosexual-propaganda-causing-stir-idUSKBN26T2WY?il=0' rel=' nofollow ' target='_blank'>https:\/\/www.reuters.com\/article\/us-hungary-lgbt-book\/hungarian-government-calls-new-childrens-book-homosexual-propaganda-causing-stir-idUSKBN26T2WY?il=0<\/a><\/td>\n                    <td style=\"\">semleges<\/td>\n                    <td style=\"\"><\/td>\n                    <td style=\"\">igen<\/td>\n                    <td style=\"\">angol<\/td>\n                    <td style=\"\"><\/td>\n            <\/tr>\n            <tr id=\"table_2_row_237\">\n                    <td style=\"\">2020.10.08<\/td>\n                    <td style=\"\"><a href='https:\/\/444.hu\/' rel=' nofollow ' target='_blank'>https:\/\/444.hu\/<\/a><\/td>\n                    <td style=\"\">\u00c1cs D\u00e1niel<\/td>\n                    <td style=\"\">Csepelen az \u00f6sszes \u00f3vod\u00e1ban betiltott\u00e1k a Meseorsz\u00e1g mindenki\u00e9 k\u00f6nyvet<\/td>\n                    <td style=\"\">h\u00edr, r\u00f6vid cikk<\/td>\n                    <td style=\"\"><a href='https:\/\/444.hu\/2020\/10\/08\/csepelen-az-osszes-ovodaban-betiltottak-a-meseorszag-mindenkie-konyvet' rel=' nofollow ' target='_blank'>https:\/\/444.hu\/2020\/10\/08\/csepelen-az-osszes-ovodaban-betiltottak-a-meseorszag-mindenkie-konyvet<\/a><\/td>\n                    <td style=\"\">pozit\u00edv<\/td>\n                    <td style=\"\"><\/td>\n                    <td style=\"\"><\/td>\n                    <td style=\"\"><\/td>\n                    <td style=\"\"><\/td>\n            <\/tr>\n            <tr id=\"table_2_row_238\">\n                    <td style=\"\">2020.10.08<\/td>\n                    <td style=\"\"><a href='https:\/\/telex.hu\/' rel=' nofollow ' target='_blank'>https:\/\/telex.hu\/<\/a><\/td>\n                    <td style=\"\">Presinszky Judit<\/td>\n                    <td style=\"\">Guly\u00e1s: Felmer\u00fclhet kiskor\u00fa vesz\u00e9lyeztet\u00e9se az \u00f3vod\u00e1kban, ahol bevezetik a Meseorsz\u00e1g mindenki\u00e9 c\u00edm\u0171 k\u00f6nyvet<\/td>\n                    <td style=\"\">h\u00edr, r\u00f6vid cikk<\/td>\n                    <td style=\"\"><a href='https:\/\/telex.hu\/belfold\/2020\/10\/08\/meseorszag-mindenkie-ovoda-gulyas-gergely-kiskoruak-veszelyeztetese' rel=' nofollow ' target='_blank'>https:\/\/telex.hu\/belfold\/2020\/10\/08\/meseorszag-mindenkie-ovoda-gulyas-gergely-kiskoruak-veszelyeztetese<\/a><\/td>\n                    <td style=\"\">pozit\u00edv<\/td>\n                    <td style=\"\"><\/td>\n                    <td style=\"\"><\/td>\n                    <td style=\"\"><\/td>\n                    <td style=\"\"><\/td>\n            <\/tr>\n            <tr id=\"table_2_row_239\">\n                    <td style=\"\">2020.10.08<\/td>\n                    <td style=\"\"><a href='https:\/\/hvg.hu\/' rel=' nofollow ' target='_blank'>https:\/\/hvg.hu\/<\/a><\/td>\n                    <td style=\"\"><\/td>\n                    <td style=\"\">Guly\u00e1s: Felmer\u00fclhet kiskor\u00fa vesz\u00e9lyeztet\u00e9se az \u00f3vod\u00e1kban, ahol bevezetik a Meseorsz\u00e1g mindenki\u00e9 c\u00edm\u0171 k\u00f6nyvet<\/td>\n                    <td style=\"\">h\u00edr, r\u00f6vid cikk<\/td>\n                    <td style=\"\"><a href='https:\/\/hvg.hu\/elet\/20201008_Gulyas_Gergely_A_Meseorszag_mindenkie_nem_erzekenyites_hanem_felveti_a_kiskoruak_veszelyeztetesenek_buncselekmenyet' rel=' nofollow ' target='_blank'>https:\/\/hvg.hu\/elet\/20201008_Gulyas_Gergely_A_Meseorszag_mindenkie_nem_erzekenyites_hanem_felveti_a_kiskoruak_veszelyeztetesenek_buncselekmenyet<\/a><\/td>\n                    <td style=\"\">pozit\u00edv<\/td>\n                    <td style=\"\"><\/td>\n                    <td style=\"\"><\/td>\n                    <td style=\"\"><\/td>\n                    <td style=\"\"><\/td>\n            <\/tr>\n            <tr id=\"table_2_row_240\">\n                    <td style=\"\">2020.10.08<\/td>\n                    <td style=\"\"><a href='https:\/\/www.klubradio.hu\/' rel=' nofollow ' target='_blank'>https:\/\/www.klubradio.hu\/<\/a><\/td>\n                    <td style=\"\"><\/td>\n                    <td style=\"\">Ezitta F\u00f3rum<\/td>\n                    <td style=\"\">r\u00e1di\u00f3<\/td>\n                    <td style=\"\"><a href='https:\/\/www.klubradio.hu\/archivum\/ezitta-forum-2020-oktober-08-csutortok-1215-13318' rel=' nofollow ' target='_blank'>https:\/\/www.klubradio.hu\/archivum\/ezitta-forum-2020-oktober-08-csutortok-1215-13318<\/a><\/td>\n                    <td style=\"\">pozit\u00edv<\/td>\n                    <td style=\"\"><\/td>\n                    <td style=\"\"><\/td>\n                    <td style=\"\"><\/td>\n                    <td style=\"\"><\/td>\n            <\/tr>\n            <tr id=\"table_2_row_241\">\n                    <td style=\"\">2020.10.08<\/td>\n                    <td style=\"\"><a href='https:\/\/magyarnarancs.hu\/' rel=' nofollow ' target='_blank'>https:\/\/magyarnarancs.hu\/<\/a><\/td>\n                    <td style=\"\">Karafi\u00e1th Orsolya<\/td>\n                    <td style=\"\">\u201eMert ezek val\u00f3ban mes\u00e9k.\u201d<\/td>\n                    <td style=\"\">interj\u00fa<\/td>\n                    <td style=\"\"><a href='https:\/\/magyarnarancs.hu\/konyv\/mert-ezek-valoban-mesek-133814' rel=' nofollow ' target='_blank'>https:\/\/magyarnarancs.hu\/konyv\/mert-ezek-valoban-mesek-133814<\/a><\/td>\n                    <td style=\"\">pozit\u00edv<\/td>\n                    <td style=\"\"><\/td>\n                    <td style=\"\"><\/td>\n                    <td style=\"\"><\/td>\n                    <td style=\"\">Karafi\u00e1th Orsolya interj\u00faja Borgos Ann\u00e1val \u00e9s K\u00f6vesi Gy\u00f6rgyivel.<\/td>\n            <\/tr>\n            <tr id=\"table_2_row_242\">\n                    <td style=\"\">2020.10.08<\/td>\n                    <td style=\"\"><a href='https:\/\/magyarnarancs.hu\/' rel=' nofollow ' target='_blank'>https:\/\/magyarnarancs.hu\/<\/a><\/td>\n                    <td style=\"\">Szekeres Nikoletta<\/td>\n                    <td style=\"\">Nem kell f\u00e9lni<\/td>\n                    <td style=\"\">recenzi\u00f3<\/td>\n                    <td style=\"\"><a href='https:\/\/magyarnarancs.hu\/konyv\/nem-kell-felni-133815' rel=' nofollow ' target='_blank'>https:\/\/magyarnarancs.hu\/konyv\/nem-kell-felni-133815<\/a><\/td>\n                    <td style=\"\">pozit\u00edv<\/td>\n                    <td style=\"\"><\/td>\n                    <td style=\"\"><\/td>\n                    <td style=\"\"><\/td>\n                    <td style=\"\"><\/td>\n            <\/tr>\n            <tr id=\"table_2_row_243\">\n                    <td style=\"\">2020.10.08<\/td>\n                    <td style=\"\"><a href='https:\/\/hatter.hu\/' rel=' nofollow ' target='_blank'>https:\/\/hatter.hu\/<\/a><\/td>\n                    <td style=\"\"><\/td>\n                    <td style=\"\">T\u00f6rv\u00e9nytelens\u00e9gre buzd\u00edtja a Minisztereln\u00f6ks\u00e9g az oktat\u00e1si int\u00e9zm\u00e9nyeket<\/td>\n                    <td style=\"\">h\u00edr, r\u00f6vid cikk<\/td>\n                    <td style=\"\"><a href='https:\/\/hatter.hu\/hirek\/torvenytelensegre-buzditja-a-miniszterelnokseg-az-oktatasi-intezmenyeket' rel=' nofollow ' target='_blank'>https:\/\/hatter.hu\/hirek\/torvenytelensegre-buzditja-a-miniszterelnokseg-az-oktatasi-intezmenyeket<\/a><\/td>\n                    <td style=\"\">pozit\u00edv<\/td>\n                    <td style=\"\"><\/td>\n                    <td style=\"\"><\/td>\n                    <td style=\"\"><\/td>\n                    <td style=\"\"><\/td>\n            <\/tr>\n            <tr id=\"table_2_row_244\">\n                    <td style=\"\">2020.10.08<\/td>\n                    <td style=\"\"><a href='https:\/\/merce.hu\/' rel=' nofollow ' target='_blank'>https:\/\/merce.hu\/<\/a><\/td>\n                    <td style=\"\">Kov\u00e1cs Blanka<\/td>\n                    <td style=\"\">H\u00e1tt\u00e9r T\u00e1rsas\u00e1g: Guly\u00e1s t\u00f6rv\u00e9nys\u00e9rt\u00e9sre sz\u00f3l\u00edtja fel a fenntart\u00f3kat azzal, hogy tilts\u00e1k be a Meseorsz\u00e1g mindenki\u00e9t<\/td>\n                    <td style=\"\">h\u00edr, r\u00f6vid cikk<\/td>\n                    <td style=\"\"><a href='https:\/\/merce.hu\/2020\/10\/08\/hatter-tarsasag-gulyas-torvenysertesre-szolitja-fel-a-fenntartokat-azzal-hogy-tiltsak-be-a-meseorszag-mindenkiet\/' rel=' nofollow ' target='_blank'>https:\/\/merce.hu\/2020\/10\/08\/hatter-tarsasag-gulyas-torvenysertesre-szolitja-fel-a-fenntartokat-azzal-hogy-tiltsak-be-a-meseorszag-mindenkiet\/<\/a><\/td>\n                    <td style=\"\">pozit\u00edv<\/td>\n                    <td style=\"\"><\/td>\n                    <td style=\"\"><\/td>\n                    <td style=\"\"><\/td>\n                    <td style=\"\"><\/td>\n            <\/tr>\n            <tr id=\"table_2_row_245\">\n                    <td style=\"\">2020.10.08<\/td>\n                    <td style=\"\"><a href='https:\/\/humenonline.hu\/' rel=' nofollow ' target='_blank'>https:\/\/humenonline.hu\/<\/a><\/td>\n                    <td style=\"\"><\/td>\n                    <td style=\"\">H\u00e1tt\u00e9r: A t\u00f6rv\u00e9nyek megszeg\u00e9s\u00e9re buzd\u00edt a Minisztereln\u00f6ks\u00e9g a mesek\u00f6nyv kapcs\u00e1n<\/td>\n                    <td style=\"\">h\u00edr, r\u00f6vid cikk<\/td>\n                    <td style=\"\"><a href='https:\/\/humenonline.hu\/hatter-a-torvenyek-megszegesere-buzdit-a-miniszterelnokseg-a-mesekonyv-kapcsan\/' rel=' nofollow ' target='_blank'>https:\/\/humenonline.hu\/hatter-a-torvenyek-megszegesere-buzdit-a-miniszterelnokseg-a-mesekonyv-kapcsan\/<\/a><\/td>\n                    <td style=\"\">pozit\u00edv<\/td>\n                    <td style=\"\"><\/td>\n                    <td style=\"\"><\/td>\n                    <td style=\"\"><\/td>\n                    <td style=\"\"><\/td>\n            <\/tr>\n            <tr id=\"table_2_row_246\">\n                    <td style=\"\">2020.10.08<\/td>\n                    <td style=\"\"><a href='https:\/\/www.vice.com\/' rel=' nofollow ' target='_blank'>https:\/\/www.vice.com\/<\/a><\/td>\n                    <td style=\"\">Tim Hume<\/td>\n                    <td style=\"\">Hungary's Prime Minister Says Gay Fairytale Characters Are a Threat to Children<\/td>\n                    <td style=\"\">h\u00edr, r\u00f6vid cikk<\/td>\n                    <td style=\"\"><a href='https:\/\/www.vice.com\/en\/article\/m7j884\/hungary-viktor-orban-gay-fairytale-characters' rel=' nofollow ' target='_blank'>https:\/\/www.vice.com\/en\/article\/m7j884\/hungary-viktor-orban-gay-fairytale-characters<\/a><\/td>\n                    <td style=\"\">semleges<\/td>\n                    <td style=\"\"><\/td>\n                    <td style=\"\">igen<\/td>\n                    <td style=\"\">angol<\/td>\n                    <td style=\"\"><\/td>\n            <\/tr>\n            <tr id=\"table_2_row_247\">\n                    <td style=\"\">2020.10.08<\/td>\n                    <td style=\"\"><a href='https:\/\/www.tiktok.com\/' rel=' nofollow ' target='_blank'>https:\/\/www.tiktok.com\/<\/a><\/td>\n                    <td style=\"\">apaapu, P\u00e1l Marci<\/td>\n                    <td style=\"\">Meseorsz\u00e1g mindenki\u00e9<\/td>\n                    <td style=\"\">tiktok poszt<\/td>\n                    <td style=\"\"><a href='https:\/\/www.tiktok.com\/@apaapu\/video\/6881349413948738818' rel=' nofollow ' target='_blank'>https:\/\/www.tiktok.com\/@apaapu\/video\/6881349413948738818<\/a><\/td>\n                    <td style=\"\">pozit\u00edv<\/td>\n                    <td style=\"\">tiktok<\/td>\n                    <td style=\"\"><\/td>\n                    <td style=\"\"><\/td>\n                    <td style=\"\">P\u00e1l Marci<\/td>\n            <\/tr>\n            <tr id=\"table_2_row_248\">\n                    <td style=\"\">2020.10.08<\/td>\n                    <td style=\"\"><a href='https:\/\/magyarnemzet.hu\/' rel=' nofollow ' target='_blank'>https:\/\/magyarnemzet.hu\/<\/a><\/td>\n                    <td style=\"\">Hertelendy G\u00e1bor<\/td>\n                    <td style=\"\">A Soroshoz k\u00f6thet\u0151 Ejha! \u00e9rz\u00e9keny\u00edten\u00e9 a gyerekeket<\/td>\n                    <td style=\"\">h\u00edr, besz\u00e1mol\u00f3, r\u00f6vid cikk<\/td>\n                    <td style=\"\"><a href='https:\/\/magyarnemzet.hu\/belfold\/a-soroshoz-kotheto-ejha-erzekenyitene-a-gyerekeket-8776578\/' rel=' nofollow ' target='_blank'>https:\/\/magyarnemzet.hu\/belfold\/a-soroshoz-kotheto-ejha-erzekenyitene-a-gyerekeket-8776578\/<\/a><\/td>\n                    <td style=\"\">negat\u00edv<\/td>\n                    <td style=\"\"><\/td>\n                    <td style=\"\"><\/td>\n                    <td style=\"\"><\/td>\n                    <td style=\"\"><\/td>\n            <\/tr>\n            <tr id=\"table_2_row_249\">\n                    <td style=\"\">2020.10.08<\/td>\n                    <td style=\"\"><a href='https:\/\/magyarnemzet.hu\/' rel=' nofollow ' target='_blank'>https:\/\/magyarnemzet.hu\/<\/a><\/td>\n                    <td style=\"\">Elek Nikoletta<\/td>\n                    <td style=\"\">Vesz\u00e9lyt jelentenek a kicsikre a gendermes\u00e9k<\/td>\n                    <td style=\"\">nyilatkozat<\/td>\n                    <td style=\"\"><a href='https:\/\/magyarnemzet.hu\/belfold\/veszelyt-jelentenek-a-kicsikre-a-gendermesek-8776743' rel=' nofollow ' target='_blank'>https:\/\/magyarnemzet.hu\/belfold\/veszelyt-jelentenek-a-kicsikre-a-gendermesek-8776743<\/a><\/td>\n                    <td style=\"\">negat\u00edv<\/td>\n                    <td style=\"\"><\/td>\n                    <td style=\"\"><\/td>\n                    <td style=\"\"><\/td>\n                    <td style=\"\"><\/td>\n            <\/tr>\n            <tr id=\"table_2_row_250\">\n                    <td style=\"\">2020.10.08<\/td>\n                    <td style=\"\"><a href='https:\/\/magyarnemzet.hu\/' rel=' nofollow ' target='_blank'>https:\/\/magyarnemzet.hu\/<\/a><\/td>\n                    <td style=\"\">Hertelendy G\u00e1bor<\/td>\n                    <td style=\"\">Csepel betiltotta az \u00f3vod\u00e1sokat \u00e9rz\u00e9keny\u00edt\u0151 mesek\u00f6nyvet<\/td>\n                    <td style=\"\">h\u00edr, besz\u00e1mol\u00f3, r\u00f6vid cikk<\/td>\n                    <td style=\"\"><a href='https:\/\/magyarnemzet.hu\/belfold\/csepel-elutasitja-az-ovodasokat-tamado-genderpropagandat-8778484\/' rel=' nofollow ' target='_blank'>https:\/\/magyarnemzet.hu\/belfold\/csepel-elutasitja-az-ovodasokat-tamado-genderpropagandat-8778484\/<\/a><\/td>\n                    <td style=\"\">negat\u00edv<\/td>\n                    <td style=\"\"><\/td>\n                    <td style=\"\"><\/td>\n                    <td style=\"\"><\/td>\n                    <td style=\"\"><\/td>\n            <\/tr>\n            <tr id=\"table_2_row_251\">\n                    <td style=\"\">2020.10.08<\/td>\n                    <td style=\"\"><a href='https:\/\/www.origo.hu\/' rel=' nofollow ' target='_blank'>https:\/\/www.origo.hu\/<\/a><\/td>\n                    <td style=\"\"><\/td>\n                    <td style=\"\">Mutatjuk a korm\u00e1ny leg\u00fajabb d\u00f6nt\u00e9seit - \u00e9l\u0151ben a Korm\u00e1nyinf\u00f3r\u00f3l<\/td>\n                    <td style=\"\">h\u00edr, besz\u00e1mol\u00f3, r\u00f6vid cikk<\/td>\n                    <td style=\"\"><a href='https:\/\/www.origo.hu\/itthon\/percrolpercre\/20201008-kormanyinfo-percrol-percre-2020-oktober-8.html' rel=' nofollow ' target='_blank'>https:\/\/www.origo.hu\/itthon\/percrolpercre\/20201008-kormanyinfo-percrol-percre-2020-oktober-8.html<\/a><\/td>\n                    <td style=\"\">negat\u00edv<\/td>\n                    <td style=\"\"><\/td>\n                    <td style=\"\"><\/td>\n                    <td style=\"\"><\/td>\n                    <td style=\"\"><\/td>\n            <\/tr>\n            <tr id=\"table_2_row_252\">\n                    <td style=\"\">2020.10.08<\/td>\n                    <td style=\"\"><a href='https:\/\/szemlelek.net\/' rel=' nofollow ' target='_blank'>https:\/\/szemlelek.net\/<\/a><\/td>\n                    <td style=\"\">Sz\u0151ke Tibor<\/td>\n                    <td style=\"\">Mit\u0151l v\u00e1lik egy mesek\u00f6nyv szellemi hormonkezel\u00e9ss\u00e9? \u2013 interj\u00fa P\u00e9csi Rita nevel\u00e9skutat\u00f3val<\/td>\n                    <td style=\"\">interj\u00fa<\/td>\n                    <td style=\"\"><a href='https:\/\/szemlelek.net\/2020\/10\/08\/mitol_valik_egy_mesekonyv_szellemi_hormonkezelesse_interju_pecsi_rita_neveleskutatoval' rel=' nofollow ' target='_blank'>https:\/\/szemlelek.net\/2020\/10\/08\/mitol_valik_egy_mesekonyv_szellemi_hormonkezelesse_interju_pecsi_rita_neveleskutatoval<\/a><\/td>\n                    <td style=\"\">negat\u00edv<\/td>\n                    <td style=\"\"><\/td>\n                    <td style=\"\"><\/td>\n                    <td style=\"\"><\/td>\n                    <td style=\"\"><\/td>\n            <\/tr>\n            <tr id=\"table_2_row_253\">\n                    <td style=\"\">2020.10.08<\/td>\n                    <td style=\"\"><a href='https:\/\/konyvesmagazin.hu\/' rel=' nofollow ' target='_blank'>https:\/\/konyvesmagazin.hu\/<\/a><\/td>\n                    <td style=\"\"><\/td>\n                    <td style=\"\">TIME: A Meseorsz\u00e1g mindenki\u00e9 az LMBTQ-jogok\u00e9rt val\u00f3 harc szimb\u00f3luma lett Magyarorsz\u00e1gon<\/td>\n                    <td style=\"\">h\u00edr, besz\u00e1mol\u00f3, r\u00f6vid cikk<\/td>\n                    <td style=\"\"><a href='https:\/\/konyvesmagazin.hu\/friss\/time_meseorszag_mindenkie_kulfold.html' rel=' nofollow ' target='_blank'>https:\/\/konyvesmagazin.hu\/friss\/time_meseorszag_mindenkie_kulfold.html<\/a><\/td>\n                    <td style=\"\">pozit\u00edv<\/td>\n                    <td style=\"\"><\/td>\n                    <td style=\"\"><\/td>\n                    <td style=\"\"><\/td>\n                    <td style=\"\"><\/td>\n            <\/tr>\n            <tr id=\"table_2_row_254\">\n                    <td style=\"\">2020.10.08<\/td>\n                    <td style=\"\"><a href='https:\/\/www.usnews.com\/' rel=' nofollow ' target='_blank'>https:\/\/www.usnews.com\/<\/a><\/td>\n                    <td style=\"\">Krisztina Than<\/td>\n                    <td style=\"\">Hungarian Government Calls New Children's Book 'Homosexual Propaganda', Causing Stir<\/td>\n                    <td style=\"\">h\u00edr, besz\u00e1mol\u00f3, r\u00f6vid cikk<\/td>\n                    <td style=\"\"><a href='https:\/\/www.usnews.com\/news\/world\/articles\/2020-10-08\/hungarian-government-calls-new-childrens-book-homosexual-propaganda-causing-stir' rel=' nofollow ' target='_blank'>https:\/\/www.usnews.com\/news\/world\/articles\/2020-10-08\/hungarian-government-calls-new-childrens-book-homosexual-propaganda-causing-stir<\/a><\/td>\n                    <td style=\"\">semleges<\/td>\n                    <td style=\"\"><\/td>\n                    <td style=\"\">igen<\/td>\n                    <td style=\"\">angol<\/td>\n                    <td style=\"\"><\/td>\n            <\/tr>\n            <tr id=\"table_2_row_255\">\n                    <td style=\"\">2020.10.08<\/td>\n                    <td style=\"\"><a href='https:\/\/www.openlynews.com\/' rel=' nofollow ' target='_blank'>https:\/\/www.openlynews.com\/<\/a><\/td>\n                    <td style=\"\">Krisztina Than<\/td>\n                    <td style=\"\">Hungarian government calls new children's book 'homosexual propaganda' causing stir<\/td>\n                    <td style=\"\">h\u00edr, besz\u00e1mol\u00f3, r\u00f6vid cikk<\/td>\n                    <td style=\"\"><a href='https:\/\/www.openlynews.com\/i\/?id=323b266f-f3ef-4ada-8136-d8af3a98ecad' rel=' nofollow ' target='_blank'>https:\/\/www.openlynews.com\/i\/?id=323b266f-f3ef-4ada-8136-d8af3a98ecad<\/a><\/td>\n                    <td style=\"\">semleges<\/td>\n                    <td style=\"\"><\/td>\n                    <td style=\"\">igen<\/td>\n                    <td style=\"\">angol<\/td>\n                    <td style=\"\"><\/td>\n            <\/tr>\n            <tr id=\"table_2_row_256\">\n                    <td style=\"\">2020.10.08<\/td>\n                    <td style=\"\"><a href='https:\/\/www.instagram.com\/' rel=' nofollow ' target='_blank'>https:\/\/www.instagram.com\/<\/a><\/td>\n                    <td style=\"\">Hlatky Schlichter Hubert<\/td>\n                    <td style=\"\"><\/td>\n                    <td style=\"\">vide\u00f3<\/td>\n                    <td style=\"\"><a href='https:\/\/www.instagram.com\/p\/CGE7-t-BxZ_\/' rel=' nofollow ' target='_blank'>https:\/\/www.instagram.com\/p\/CGE7-t-BxZ_\/<\/a><\/td>\n                    <td style=\"\">pozit\u00edv<\/td>\n                    <td style=\"\">insta<\/td>\n                    <td style=\"\"><\/td>\n                    <td style=\"\"><\/td>\n                    <td style=\"\">Hlatky Schlichter Hubert, ny\u00edltan meleg Michelin-csillagos \u00e9tteremtulajdonos<\/td>\n            <\/tr>\n            <tr id=\"table_2_row_257\">\n                    <td style=\"\">2020.10.08<\/td>\n                    <td style=\"\"><a href='https:\/\/media1.hu\/' rel=' nofollow ' target='_blank'>https:\/\/media1.hu\/<\/a><\/td>\n                    <td style=\"\"><\/td>\n                    <td style=\"\">B\u00fcntet\u0151feljelent\u00e9ssel r\u00e9misztgeti az Orb\u00e1n-korm\u00e1ny minisztere a Meseorsz\u00e1g mindenki\u00e9 c\u00edm\u0171 k\u00f6nyvet bevezet\u0151 \u00f3vod\u00e1k fenntart\u00f3it<\/td>\n                    <td style=\"\">h\u00edr, besz\u00e1mol\u00f3, r\u00f6vid cikk<\/td>\n                    <td style=\"\"><a href='https:\/\/media1.hu\/2020\/10\/08\/meseorszag-mindenkie-gulyas-gergely-fenyegetes-buntetougy\/' rel=' nofollow ' target='_blank'>https:\/\/media1.hu\/2020\/10\/08\/meseorszag-mindenkie-gulyas-gergely-fenyegetes-buntetougy\/<\/a><\/td>\n                    <td style=\"\">semleges<\/td>\n                    <td style=\"\"><\/td>\n                    <td style=\"\"><\/td>\n                    <td style=\"\"><\/td>\n                    <td style=\"\"><\/td>\n            <\/tr>\n            <tr id=\"table_2_row_258\">\n                    <td style=\"\">2020.10.08<\/td>\n                    <td style=\"\"><a href='https:\/\/kimittud.atlatszo.hu\/' rel=' nofollow ' target='_blank'>https:\/\/kimittud.atlatszo.hu\/<\/a><\/td>\n                    <td style=\"\"><\/td>\n                    <td style=\"\">Meseorsz\u00e1g mindenki\u00e9 betilt\u00e1sa<\/td>\n                    <td style=\"\">egy\u00e9b<\/td>\n                    <td style=\"\"><a href='https:\/\/kimittud.atlatszo.hu\/request\/meseorszag_mindenkie_betiltasa' rel=' nofollow ' target='_blank'>https:\/\/kimittud.atlatszo.hu\/request\/meseorszag_mindenkie_betiltasa<\/a><\/td>\n                    <td style=\"\">semleges<\/td>\n                    <td style=\"\"><\/td>\n                    <td style=\"\"><\/td>\n                    <td style=\"\"><\/td>\n                    <td style=\"\"><\/td>\n            <\/tr>\n            <tr id=\"table_2_row_259\">\n                    <td style=\"\">2020.10.08<\/td>\n                    <td style=\"\"><a href='https:\/\/www.origo.hu\/' rel=' nofollow ' target='_blank'>https:\/\/www.origo.hu\/<\/a><\/td>\n                    <td style=\"\">Kov\u00e1cs Andr\u00e1s<\/td>\n                    <td style=\"\">origo r\u00f6vid besz\u00e1mol\u00f3ja a korm\u00e1nyinf\u00f3r\u00f3l<\/td>\n                    <td style=\"\">h\u00edr, besz\u00e1mol\u00f3, r\u00f6vid cikk<\/td>\n                    <td style=\"\"><a href='https:\/\/www.origo.hu\/itthon\/percrolpercre\/20201008-kormanyinfo-percrol-percre-2020-oktober-8.html?item=202010081230310' rel=' nofollow ' target='_blank'>https:\/\/www.origo.hu\/itthon\/percrolpercre\/20201008-kormanyinfo-percrol-percre-2020-oktober-8.html?item=202010081230310<\/a><\/td>\n                    <td style=\"\">negat\u00edv<\/td>\n                    <td style=\"\"><\/td>\n                    <td style=\"\"><\/td>\n                    <td style=\"\"><\/td>\n                    <td style=\"\">Guly\u00e1s gondolatai a mag\u00e1n\u00fcgyr\u0151l \u00e9s a homoszexu\u00e1lis propagand\u00e1r\u00f3l<\/td>\n            <\/tr>\n            <tr id=\"table_2_row_260\">\n                    <td style=\"\">2020.10.08<\/td>\n                    <td style=\"\"><a href='https:\/\/www.spiegel.de\/' rel=' nofollow ' target='_blank'>https:\/\/www.spiegel.de\/<\/a><\/td>\n                    <td style=\"\">Jan Puhl<\/td>\n                    <td style=\"\">Viktor Orb\u00e1n und das lesbische Aschenputtel<\/td>\n                    <td style=\"\">hir r\u00f6vid cikk<\/td>\n                    <td style=\"\"><a href='https:\/\/www.spiegel.de\/politik\/ausland\/ungarn-warum-sich-viktor-orban-ueber-ein-lesbisches-aschenputtel-aufregt-a-fd296047-b9fb-46d9-989e-0e4d149813a6' rel=' nofollow ' target='_blank'>https:\/\/www.spiegel.de\/politik\/ausland\/ungarn-warum-sich-viktor-orban-ueber-ein-lesbisches-aschenputtel-aufregt-a-fd296047-b9fb-46d9-989e-0e4d149813a6<\/a><\/td>\n                    <td style=\"\">pozit\u00edv<\/td>\n                    <td style=\"\"><\/td>\n                    <td style=\"\">igen<\/td>\n                    <td style=\"\">n\u00e9met<\/td>\n                    <td style=\"\">O.V. Illib\u00e1r\u00e1lis demokr\u00e1ci\u00e1j\u00e1r\u00f3l, a mesek\u00f6nyv kapcs\u00e1n<\/td>\n            <\/tr>\n            <tr id=\"table_2_row_261\">\n                    <td style=\"\">2020.10.09<\/td>\n                    <td style=\"\"><a href='https:\/\/www.facebook.com\/' rel=' nofollow ' target='_blank'>https:\/\/www.facebook.com\/<\/a><\/td>\n                    <td style=\"\">Gondolkod\u00f3<\/td>\n                    <td style=\"\">Gond-olkod\u00f3<\/td>\n                    <td style=\"\">fb-poszt<\/td>\n                    <td style=\"\"><a href='https:\/\/www.facebook.com\/455897077948365\/photos\/a.455901087947964\/1634023873469007\/' rel=' nofollow ' target='_blank'>https:\/\/www.facebook.com\/455897077948365\/photos\/a.455901087947964\/1634023873469007\/<\/a><\/td>\n                    <td style=\"\">pozit\u00edv<\/td>\n                    <td style=\"\">fb<\/td>\n                    <td style=\"\"><\/td>\n                    <td style=\"\"><\/td>\n                    <td style=\"\">Apapara, Sz\u00e9l D\u00e1vid<\/td>\n            <\/tr>\n            <tr id=\"table_2_row_262\">\n                    <td style=\"\">2020.10.09<\/td>\n                    <td style=\"\"><a href='https:\/\/jelen.media\/' rel=' nofollow ' target='_blank'>https:\/\/jelen.media\/<\/a><\/td>\n                    <td style=\"\">Kanics\u00e1r \u00c1d\u00e1m Andr\u00e1s<\/td>\n                    <td style=\"\">Mesorsz\u00e1g mindenki\u00e9 lett<\/td>\n                    <td style=\"\">interj\u00fa<\/td>\n                    <td style=\"\"><a href='https:\/\/jelen.media\/interju\/meseorszag-mindenkie-lett-743' rel=' nofollow ' target='_blank'>https:\/\/jelen.media\/interju\/meseorszag-mindenkie-lett-743<\/a><\/td>\n                    <td style=\"\">pozit\u00edv<\/td>\n                    <td style=\"\"><\/td>\n                    <td style=\"\"><\/td>\n                    <td style=\"\"><\/td>\n                    <td style=\"\"><\/td>\n            <\/tr>\n            <tr id=\"table_2_row_263\">\n                    <td style=\"\">2020.10.09<\/td>\n                    <td style=\"\"><a href='https:\/\/www.es.hu\/' rel=' nofollow ' target='_blank'>https:\/\/www.es.hu\/<\/a><\/td>\n                    <td style=\"\">msz<\/td>\n                    <td style=\"\">Dar\u00e1l\u00f3<\/td>\n                    <td style=\"\">egy\u00e9b<\/td>\n                    <td style=\"\"><a href='https:\/\/www.es.hu\/cikk\/2020-10-09\/msz\/daralo.html' rel=' nofollow ' target='_blank'>https:\/\/www.es.hu\/cikk\/2020-10-09\/msz\/daralo.html<\/a><\/td>\n                    <td style=\"\">pozit\u00edv<\/td>\n                    <td style=\"\"><\/td>\n                    <td style=\"\"><\/td>\n                    <td style=\"\"><\/td>\n                    <td style=\"\"><\/td>\n            <\/tr>\n            <tr id=\"table_2_row_264\">\n                    <td style=\"\">2020.10.09<\/td>\n                    <td style=\"\"><a href='https:\/\/m.facebook.com\/' rel=' nofollow ' target='_blank'>https:\/\/m.facebook.com\/<\/a><\/td>\n                    <td style=\"\">Budapest Pride<\/td>\n                    <td style=\"\">Budapest Pride, vigy\u00fcnk k\u00f6nyvesboltoknak aj\u00e1nd\u00e9kot<\/td>\n                    <td style=\"\">fb-poszt<\/td>\n                    <td style=\"\"><a href='https:\/\/m.facebook.com\/story.php?story_fbid=10158834311628686&amp;id=76748198685' rel=' nofollow ' target='_blank'>https:\/\/m.facebook.com\/story.php?story_fbid=10158834311628686&amp;id=76748198685<\/a><\/td>\n                    <td style=\"\">pozit\u00edv<\/td>\n                    <td style=\"\">fb<\/td>\n                    <td style=\"\"><\/td>\n                    <td style=\"\"><\/td>\n                    <td style=\"\">Budapest Pride, vigy\u00fcnk k\u00f6nyvesboltoknak aj\u00e1nd\u00e9kot<\/td>\n            <\/tr>\n            <tr id=\"table_2_row_265\">\n                    <td style=\"\">2020.10.09<\/td>\n                    <td style=\"\"><a href='https:\/\/felszabter.blog.hu\/' rel=' nofollow ' target='_blank'>https:\/\/felszabter.blog.hu\/<\/a><\/td>\n                    <td style=\"\">Perintfalvi Rita<\/td>\n                    <td style=\"\">Hatalomf\u00fcgg\u0151 politikusok: hagyj\u00e1tok b\u00e9k\u00e9n a gyermekeinket! Itt a v\u00f6r\u00f6s vonal!<\/td>\n                    <td style=\"\">blogbejegyz\u00e9s<\/td>\n                    <td style=\"\"><a href='https:\/\/felszabter.blog.hu\/2020\/10\/09\/hatalomfuggo_politikusok_hagyjatok_beken_a_gyermekeinket_itt_a_voros_vonal' rel=' nofollow ' target='_blank'>https:\/\/felszabter.blog.hu\/2020\/10\/09\/hatalomfuggo_politikusok_hagyjatok_beken_a_gyermekeinket_itt_a_voros_vonal<\/a><\/td>\n                    <td style=\"\">pozit\u00edv<\/td>\n                    <td style=\"\"><\/td>\n                    <td style=\"\"><\/td>\n                    <td style=\"\"><\/td>\n                    <td style=\"\">Rita Perintfalvi \u00edr\u00e1sa<\/td>\n            <\/tr>\n            <tr id=\"table_2_row_266\">\n                    <td style=\"\">2020.10.09<\/td>\n                    <td style=\"\"><a href='https:\/\/24.hu\/' rel=' nofollow ' target='_blank'>https:\/\/24.hu\/<\/a><\/td>\n                    <td style=\"\">Vaskor M\u00e1t\u00e9<\/td>\n                    <td style=\"\">D\u00far\u00f3 D\u00f3ra sajt\u00f3t\u00e1j\u00e9koztat\u00f3n t\u00e9pett sz\u00e9t egy \u00fajabb mesek\u00f6nyvet<\/td>\n                    <td style=\"\">h\u00edr, r\u00f6vid cikk<\/td>\n                    <td style=\"\"><a href='https:\/\/24.hu\/belfold\/2020\/10\/09\/duro-dora-vaganybagoly-es-a-harmadik-a-mesekonyv-szettepes' rel=' nofollow ' target='_blank'>https:\/\/24.hu\/belfold\/2020\/10\/09\/duro-dora-vaganybagoly-es-a-harmadik-a-mesekonyv-szettepes<\/a><\/td>\n                    <td style=\"\">pozit\u00edv<\/td>\n                    <td style=\"\"><\/td>\n                    <td style=\"\"><\/td>\n                    <td style=\"\"><\/td>\n                    <td style=\"\"><\/td>\n            <\/tr>\n            <tr id=\"table_2_row_267\">\n                    <td style=\"\">2020.10.09<\/td>\n                    <td style=\"\"><a href='https:\/\/hvg.hu\/' rel=' nofollow ' target='_blank'>https:\/\/hvg.hu\/<\/a><\/td>\n                    <td style=\"\"><\/td>\n                    <td style=\"\">L\u00e1z\u00e1r Ervin az \u00faj c\u00e9lpont a Meseorsz\u00e1g mindenki\u00e9 ut\u00e1n<\/td>\n                    <td style=\"\">h\u00edr, r\u00f6vid cikk<\/td>\n                    <td style=\"\"><a href='https:\/\/hvg.hu\/elet\/20201009_Lazar_Ervin_az_uj_celpont_a_Meseorszag_mindenkie_konyv_utan' rel=' nofollow ' target='_blank'>https:\/\/hvg.hu\/elet\/20201009_Lazar_Ervin_az_uj_celpont_a_Meseorszag_mindenkie_konyv_utan<\/a><\/td>\n                    <td style=\"\">pozit\u00edv<\/td>\n                    <td style=\"\"><\/td>\n                    <td style=\"\"><\/td>\n                    <td style=\"\"><\/td>\n                    <td style=\"\"><\/td>\n            <\/tr>\n            <tr id=\"table_2_row_268\">\n                    <td style=\"\">2020.10.09<\/td>\n                    <td style=\"\"><a href='https:\/\/m.facebook.com\/' rel=' nofollow ' target='_blank'>https:\/\/m.facebook.com\/<\/a><\/td>\n                    <td style=\"\">Par\u00e1szka Bor\u00f3ka<\/td>\n                    <td style=\"\">Mire \"j\u00f3\" a k\u00f6nyvdar\u00e1l\u00e1s, nyilv\u00e1nos k\u00f6nyvt\u00e9p\u00e9s?<\/td>\n                    <td style=\"\">fb-poszt<\/td>\n                    <td style=\"\"><a href='https:\/\/m.facebook.com\/story.php?story_fbid=2935353106564098&amp;id=696808530418578' rel=' nofollow ' target='_blank'>https:\/\/m.facebook.com\/story.php?story_fbid=2935353106564098&amp;id=696808530418578<\/a><\/td>\n                    <td style=\"\">pozit\u00edv<\/td>\n                    <td style=\"\">fb<\/td>\n                    <td style=\"\"><\/td>\n                    <td style=\"\"><\/td>\n                    <td style=\"\">Par\u00e1szka Bor\u00f3ka v\u00e9lem\u00e9nye<\/td>\n            <\/tr>\n            <tr id=\"table_2_row_269\">\n                    <td style=\"\">2020.10.09<\/td>\n                    <td style=\"\"><a href='https:\/\/humenonline.hu\/' rel=' nofollow ' target='_blank'>https:\/\/humenonline.hu\/<\/a><\/td>\n                    <td style=\"\">Kocsis G. J\u00e1nos<\/td>\n                    <td style=\"\">Csokival a n\u00e1ci plak\u00e1tok \u00e9s a fenyeget\u0151z\u0151 homof\u00f3bok ellen<\/td>\n                    <td style=\"\">h\u00edr, r\u00f6vid cikk<\/td>\n                    <td style=\"\"><a href='https:\/\/humenonline.hu\/csokival-a-naci-plakatok-es-a-fenyegetozo-homofobok-ellen\/' rel=' nofollow ' target='_blank'>https:\/\/humenonline.hu\/csokival-a-naci-plakatok-es-a-fenyegetozo-homofobok-ellen\/<\/a><\/td>\n                    <td style=\"\">pozit\u00edv<\/td>\n                    <td style=\"\"><\/td>\n                    <td style=\"\"><\/td>\n                    <td style=\"\"><\/td>\n                    <td style=\"\"><\/td>\n            <\/tr>\n            <tr id=\"table_2_row_270\">\n                    <td style=\"\">2020.10.09<\/td>\n                    <td style=\"\"><a href='https:\/\/www.klubradio.hu\/' rel=' nofollow ' target='_blank'>https:\/\/www.klubradio.hu\/<\/a><\/td>\n                    <td style=\"\">V\u00e1radi J\u00falia<\/td>\n                    <td style=\"\">A k\u00e9zirat nem \u00e9g el<\/td>\n                    <td style=\"\">r\u00e1di\u00f3<\/td>\n                    <td style=\"\"><a href='https:\/\/www.klubradio.hu\/adasok\/a-kezirat-nem-eg-el-114210' rel=' nofollow ' target='_blank'>https:\/\/www.klubradio.hu\/adasok\/a-kezirat-nem-eg-el-114210<\/a><\/td>\n                    <td style=\"\">pozit\u00edv<\/td>\n                    <td style=\"\"><\/td>\n                    <td style=\"\"><\/td>\n                    <td style=\"\"><\/td>\n                    <td style=\"\"><\/td>\n            <\/tr>\n            <tr id=\"table_2_row_271\">\n                    <td style=\"\">2020.10.09<\/td>\n                    <td style=\"\"><a href='https:\/\/www.klubradio.hu\/' rel=' nofollow ' target='_blank'>https:\/\/www.klubradio.hu\/<\/a><\/td>\n                    <td style=\"\">V\u00e1radi J\u00falia<\/td>\n                    <td style=\"\">Caf\u00e9 p\u00e9ntek<\/td>\n                    <td style=\"\">r\u00e1di\u00f3<\/td>\n                    <td style=\"\"><a href='https:\/\/www.klubradio.hu\/archivum\/cafe-pentek-2020-oktober-09-pentek-2000-13355' rel=' nofollow ' target='_blank'>https:\/\/www.klubradio.hu\/archivum\/cafe-pentek-2020-oktober-09-pentek-2000-13355<\/a><\/td>\n                    <td style=\"\">pozit\u00edv<\/td>\n                    <td style=\"\"><\/td>\n                    <td style=\"\"><\/td>\n                    <td style=\"\"><\/td>\n                    <td style=\"\"><\/td>\n            <\/tr>\n            <tr id=\"table_2_row_272\">\n                    <td style=\"\">2020.10.09<\/td>\n                    <td style=\"\"><a href='https:\/\/magyarnarancs.hu\/' rel=' nofollow ' target='_blank'>https:\/\/magyarnarancs.hu\/<\/a><\/td>\n                    <td style=\"\"><\/td>\n                    <td style=\"\">Sz\u00e9p\u00edr\u00f3k T\u00e1rsas\u00e1ga: \u201eD\u00f3ra, el a kezekkel a k\u00f6nyvekt\u0151l!\u201d<\/td>\n                    <td style=\"\">h\u00edr, r\u00f6vid cikk<\/td>\n                    <td style=\"\"><a href='https:\/\/magyarnarancs.hu\/sorkoz\/szepirok-tarsasaga-dora-el-a-kezekkel-a-konyvektol-133901' rel=' nofollow ' target='_blank'>https:\/\/magyarnarancs.hu\/sorkoz\/szepirok-tarsasaga-dora-el-a-kezekkel-a-konyvektol-133901<\/a><\/td>\n                    <td style=\"\">pozit\u00edv<\/td>\n                    <td style=\"\"><\/td>\n                    <td style=\"\"><\/td>\n                    <td style=\"\"><\/td>\n                    <td style=\"\"><\/td>\n            <\/tr>\n            <tr id=\"table_2_row_273\">\n                    <td style=\"\">2020.10.09<\/td>\n                    <td style=\"\"><a href='https:\/\/444.hu\/' rel=' nofollow ' target='_blank'>https:\/\/444.hu\/<\/a><\/td>\n                    <td style=\"\">Horv\u00e1th Bence<\/td>\n                    <td style=\"\">A Magvet\u0151 Kiad\u00f3 ki\u00e1llt a ledar\u00e1lt k\u00f6nyvek szerz\u0151i \u00e9s a megfenyegetett k\u00f6nyvesboltosok mellett<\/td>\n                    <td style=\"\">h\u00edr, r\u00f6vid cikk<\/td>\n                    <td style=\"\"><a href='https:\/\/444.hu\/2020\/10\/09\/a-magveto-kiado-kiallt-a-ledaralt-konyvek-szerzoi-es-a-megfenyegetett-konyvesboltosok-mellett' rel=' nofollow ' target='_blank'>https:\/\/444.hu\/2020\/10\/09\/a-magveto-kiado-kiallt-a-ledaralt-konyvek-szerzoi-es-a-megfenyegetett-konyvesboltosok-mellett<\/a><\/td>\n                    <td style=\"\">pozit\u00edv<\/td>\n                    <td style=\"\"><\/td>\n                    <td style=\"\"><\/td>\n                    <td style=\"\"><\/td>\n                    <td style=\"\"><\/td>\n            <\/tr>\n            <tr id=\"table_2_row_274\">\n                    <td style=\"\">2020.10.09<\/td>\n                    <td style=\"\"><a href='https:\/\/telex.hu\/' rel=' nofollow ' target='_blank'>https:\/\/telex.hu\/<\/a><\/td>\n                    <td style=\"\">Nyilas Gergely<\/td>\n                    <td style=\"\">K\u00f6nyvkiad\u00f3k egyes\u00fclete: D\u00far\u00f3 D\u00f3ra mintha nem is tudn\u00e1, mi van a k\u00f6nyvekben, csak dar\u00e1l \u00e9s v\u00e1g<\/td>\n                    <td style=\"\">h\u00edr, besz\u00e1mol\u00f3, r\u00f6vid cikk<\/td>\n                    <td style=\"\"><a href='https:\/\/telex.hu\/kult\/2020\/10\/09\/konyvkiadok-egyesulete-duro-dora-mintha-nem-is-tudna-mi-van-a-konyvekben-csak-daral-es-vag' rel=' nofollow ' target='_blank'>https:\/\/telex.hu\/kult\/2020\/10\/09\/konyvkiadok-egyesulete-duro-dora-mintha-nem-is-tudna-mi-van-a-konyvekben-csak-daral-es-vag<\/a><\/td>\n                    <td style=\"\"><\/td>\n                    <td style=\"\"><\/td>\n                    <td style=\"\"><\/td>\n                    <td style=\"\"><\/td>\n                    <td style=\"\"><\/td>\n            <\/tr>\n            <tr id=\"table_2_row_275\">\n                    <td style=\"\">2020.10.09<\/td>\n                    <td style=\"\"><a href='https:\/\/litera.hu\/' rel=' nofollow ' target='_blank'>https:\/\/litera.hu\/<\/a><\/td>\n                    <td style=\"\"><\/td>\n                    <td style=\"\">\u00dajabb k\u00f6nyveket t\u00e1madnak, a Time is a magyar botr\u00e1nyr\u00f3l \u00edr<\/td>\n                    <td style=\"\">h\u00edr, r\u00f6vid cikk<\/td>\n                    <td style=\"\"><a href='https:\/\/litera.hu\/magazin\/osszeallitas\/mesorszag-lazar-ervin-ban-zsofia.html' rel=' nofollow ' target='_blank'>https:\/\/litera.hu\/magazin\/osszeallitas\/mesorszag-lazar-ervin-ban-zsofia.html<\/a><\/td>\n                    <td style=\"\">pozit\u00edv<\/td>\n                    <td style=\"\"><\/td>\n                    <td style=\"\"><\/td>\n                    <td style=\"\"><\/td>\n                    <td style=\"\"><\/td>\n            <\/tr>\n            <tr id=\"table_2_row_276\">\n                    <td style=\"\">2020.10.09<\/td>\n                    <td style=\"\"><a href='https:\/\/hircsarda.hu\/' rel=' nofollow ' target='_blank'>https:\/\/hircsarda.hu\/<\/a><\/td>\n                    <td style=\"\">Vidr\u00f3zki M\u00e1rton<\/td>\n                    <td style=\"\">A felcs\u00fati kisvas\u00fat ledar\u00e1l\u00e1s\u00e1val folytatja D\u00far\u00f3 D\u00f3ra<\/td>\n                    <td style=\"\">h\u00edr, r\u00f6vid cikk<\/td>\n                    <td style=\"\"><a href='https:\/\/hircsarda.hu\/2020\/10\/09\/a-felcsuti-kisvasut-ledaralasaval-folytatja-duro-dora\/' rel=' nofollow ' target='_blank'>https:\/\/hircsarda.hu\/2020\/10\/09\/a-felcsuti-kisvasut-ledaralasaval-folytatja-duro-dora\/<\/a><\/td>\n                    <td style=\"\">pozit\u00edv<\/td>\n                    <td style=\"\"><\/td>\n                    <td style=\"\"><\/td>\n                    <td style=\"\"><\/td>\n                    <td style=\"\"><\/td>\n            <\/tr>\n            <tr id=\"table_2_row_277\">\n                    <td style=\"\">2020.10.09<\/td>\n                    <td style=\"\"><a href='https:\/\/vadhajtasok.hu\/' rel=' nofollow ' target='_blank'>https:\/\/vadhajtasok.hu\/<\/a><\/td>\n                    <td style=\"\"><\/td>\n                    <td style=\"\">A Soros szervezet ki\u00e1ll az LMBTQ-mesek\u00f6nyv mellett: szerint\u00fck t\u00f6rv\u00e9nytelens\u00e9gre buzd\u00edt a Minisztereln\u00f6ks\u00e9g<\/td>\n                    <td style=\"\">egy\u00e9b<\/td>\n                    <td style=\"\"><a href='https:\/\/vadhajtasok.hu\/2020\/10\/09\/a-soros-szervezet-kiall-az-lmbtq-mesekonyv-mellett-szerintuk-torvenytelensegre-buzdit-a-miniszterelnokseg' rel=' nofollow ' target='_blank'>https:\/\/vadhajtasok.hu\/2020\/10\/09\/a-soros-szervezet-kiall-az-lmbtq-mesekonyv-mellett-szerintuk-torvenytelensegre-buzdit-a-miniszterelnokseg<\/a><\/td>\n                    <td style=\"\">negat\u00edv<\/td>\n                    <td style=\"\"><\/td>\n                    <td style=\"\"><\/td>\n                    <td style=\"\"><\/td>\n                    <td style=\"\"><\/td>\n            <\/tr>\n            <tr id=\"table_2_row_278\">\n                    <td style=\"\">2020.10.09<\/td>\n                    <td style=\"\"><a href='https:\/\/magyarnemzet.hu\/' rel=' nofollow ' target='_blank'>https:\/\/magyarnemzet.hu\/<\/a><\/td>\n                    <td style=\"\"><\/td>\n                    <td style=\"\">Soroshoz kapcsolhat\u00f3 h\u00e1l\u00f3zat \u00fcgyk\u00f6dik az iskolai LMBT-propaganda terjeszt\u00e9s\u00e9\u00e9rt?<\/td>\n                    <td style=\"\">h\u00edr, besz\u00e1mol\u00f3, r\u00f6vid cikk<\/td>\n                    <td style=\"\"><a href='https:\/\/magyarnemzet.hu\/belfold\/sorosekhoz-kapcsolhato-halozat-ugykodik-az-iskolai-lmbt-propaganda-terjeszteseert-8783525\/' rel=' nofollow ' target='_blank'>https:\/\/magyarnemzet.hu\/belfold\/sorosekhoz-kapcsolhato-halozat-ugykodik-az-iskolai-lmbt-propaganda-terjeszteseert-8783525\/<\/a><\/td>\n                    <td style=\"\"><\/td>\n                    <td style=\"\"><\/td>\n                    <td style=\"\"><\/td>\n                    <td style=\"\"><\/td>\n                    <td style=\"\"><\/td>\n            <\/tr>\n            <tr id=\"table_2_row_279\">\n                    <td style=\"\">2020.10.09<\/td>\n                    <td style=\"\"><a href='https:\/\/magyarnemzet.hu\/' rel=' nofollow ' target='_blank'>https:\/\/magyarnemzet.hu\/<\/a><\/td>\n                    <td style=\"\">Moln\u00e1r Bal\u00e1zs<\/td>\n                    <td style=\"\">Meseorsz\u00e1g a gyermekek\u00e9!<\/td>\n                    <td style=\"\">publicisztika<\/td>\n                    <td style=\"\"><a href='https:\/\/magyarnemzet.hu\/velemeny\/meseorszag-a-gyermekeke-8782790\/' rel=' nofollow ' target='_blank'>https:\/\/magyarnemzet.hu\/velemeny\/meseorszag-a-gyermekeke-8782790\/<\/a><\/td>\n                    <td style=\"\">negat\u00edv<\/td>\n                    <td style=\"\"><\/td>\n                    <td style=\"\"><\/td>\n                    <td style=\"\"><\/td>\n                    <td style=\"\"><\/td>\n            <\/tr>\n            <tr id=\"table_2_row_280\">\n                    <td style=\"\">2020.10.09<\/td>\n                    <td style=\"\"><a href='https:\/\/magyarnemzet.hu\/' rel=' nofollow ' target='_blank'>https:\/\/magyarnemzet.hu\/<\/a><\/td>\n                    <td style=\"\"><\/td>\n                    <td style=\"\">Az ellenz\u00e9k nem tiltan\u00e1 ki az LMBTQ-mesek\u00f6nyvet az \u00f3vod\u00e1kb\u00f3l<\/td>\n                    <td style=\"\">h\u00edr, besz\u00e1mol\u00f3, r\u00f6vid cikk<\/td>\n                    <td style=\"\"><a href='https:\/\/magyarnemzet.hu\/belfold\/az-ellenzeknek-nem-gond-a-gyerekeknek-szolo-lmbtq-propaganda-8787494\/' rel=' nofollow ' target='_blank'>https:\/\/magyarnemzet.hu\/belfold\/az-ellenzeknek-nem-gond-a-gyerekeknek-szolo-lmbtq-propaganda-8787494\/<\/a><\/td>\n                    <td style=\"\"><\/td>\n                    <td style=\"\"><\/td>\n                    <td style=\"\"><\/td>\n                    <td style=\"\"><\/td>\n                    <td style=\"\"><\/td>\n            <\/tr>\n            <tr id=\"table_2_row_281\">\n                    <td style=\"\">2020.10.09<\/td>\n                    <td style=\"\"><a href='https:\/\/midio.hu\/' rel=' nofollow ' target='_blank'>https:\/\/midio.hu\/<\/a><\/td>\n                    <td style=\"\">Szend\u00e9n\u00e9 Kiss N\u00f3ra<\/td>\n                    <td style=\"\">Megv\u00e1rom, hogy \u0151k k\u00e9rdezzenek\u2026 Egy anya gondolatai az elfogad\u00e1sra tan\u00edt\u00f3 mesek\u00f6nyv kapcs\u00e1n<\/td>\n                    <td style=\"\">blogbejegyz\u00e9s<\/td>\n                    <td style=\"\"><a href='https:\/\/midio.hu\/megvarom-hogy-ok-kerdezzenek-egy-anya-gondolatai-az-elfogadasra-tanito-mesekonyv-kapcsan\/' rel=' nofollow ' target='_blank'>https:\/\/midio.hu\/megvarom-hogy-ok-kerdezzenek-egy-anya-gondolatai-az-elfogadasra-tanito-mesekonyv-kapcsan\/<\/a><\/td>\n                    <td style=\"\">pozit\u00edv<\/td>\n                    <td style=\"\"><\/td>\n                    <td style=\"\"><\/td>\n                    <td style=\"\"><\/td>\n                    <td style=\"\"><\/td>\n            <\/tr>\n            <tr id=\"table_2_row_282\">\n                    <td style=\"\">2020.10.09<\/td>\n                    <td style=\"\"><a href='https:\/\/wmn.hu\/' rel=' nofollow ' target='_blank'>https:\/\/wmn.hu\/<\/a><\/td>\n                    <td style=\"\">Szentesi \u00c9va<\/td>\n                    <td style=\"\">Meseorsz\u00e1g is a ti\u00e9tek. Nesztek, vigy\u00e9tek!<\/td>\n                    <td style=\"\">publicisztika<\/td>\n                    <td style=\"\"><a href='https:\/\/wmn.hu\/ugy\/53716-szentesi-eva-meseorszag-is-a-tietek-nesztek-vigyetek' rel=' nofollow ' target='_blank'>https:\/\/wmn.hu\/ugy\/53716-szentesi-eva-meseorszag-is-a-tietek-nesztek-vigyetek<\/a><\/td>\n                    <td style=\"\">pozit\u00edv<\/td>\n                    <td style=\"\"><\/td>\n                    <td style=\"\"><\/td>\n                    <td style=\"\"><\/td>\n                    <td style=\"\"><\/td>\n            <\/tr>\n            <tr id=\"table_2_row_283\">\n                    <td style=\"\">2020.10.09<\/td>\n                    <td style=\"\"><a href='https:\/\/mannschaft.com\/' rel=' nofollow ' target='_blank'>https:\/\/mannschaft.com\/<\/a><\/td>\n                    <td style=\"\">Kriss Rudolph<\/td>\n                    <td style=\"\">M\u00e4rchen im Reisswolf \u2013 Ungarn geht gegen \u00abHomo-Propaganda\u00bb vor<\/td>\n                    <td style=\"\">h\u00edr, besz\u00e1mol\u00f3, r\u00f6vid cikk<\/td>\n                    <td style=\"\"><a href='https:\/\/mannschaft.com\/maerchen-im-reisswolf-ungarn-geht-gegen-homo-propaganda-vor\/' rel=' nofollow ' target='_blank'>https:\/\/mannschaft.com\/maerchen-im-reisswolf-ungarn-geht-gegen-homo-propaganda-vor\/<\/a><\/td>\n                    <td style=\"\">semleges<\/td>\n                    <td style=\"\"><\/td>\n                    <td style=\"\">igen<\/td>\n                    <td style=\"\">n\u00e9met<\/td>\n                    <td style=\"\"><\/td>\n            <\/tr>\n            <tr id=\"table_2_row_284\">\n                    <td style=\"\">2020.10.09<\/td>\n                    <td style=\"\"><a href='https:\/\/demokrata.hu\/' rel=' nofollow ' target='_blank'>https:\/\/demokrata.hu\/<\/a><\/td>\n                    <td style=\"\">P\u00e1rk\u00e1nyi Eszter<\/td>\n                    <td style=\"\">A gyermekek nem k\u00eds\u00e9rleti nyulak<\/td>\n                    <td style=\"\">publicisztika<\/td>\n                    <td style=\"\"><a href='https:\/\/demokrata.hu\/velemeny\/a-gyermekek-nem-kiserleti-nyulak-299959\/' rel=' nofollow ' target='_blank'>https:\/\/demokrata.hu\/velemeny\/a-gyermekek-nem-kiserleti-nyulak-299959\/<\/a><\/td>\n                    <td style=\"\">negat\u00edv<\/td>\n                    <td style=\"\"><\/td>\n                    <td style=\"\"><\/td>\n                    <td style=\"\"><\/td>\n                    <td style=\"\"><\/td>\n            <\/tr>\n            <tr id=\"table_2_row_285\">\n                    <td style=\"\">2020.10.10<\/td>\n                    <td style=\"\"><a href='https:\/\/mmreflexiok.blogspot.com\/' rel=' nofollow ' target='_blank'>https:\/\/mmreflexiok.blogspot.com\/<\/a><\/td>\n                    <td style=\"\">Macskamedve<\/td>\n                    <td style=\"\">Meseorsz\u00e1g senki\u00e9, avagy hogyan l\u00e9pett szintet a magyar vezet\u00e9s homof\u00f3bi\u00e1ja<\/td>\n                    <td style=\"\">blogbejegyz\u00e9s<\/td>\n                    <td style=\"\"><a href='https:\/\/mmreflexiok.blogspot.com\/2020\/10\/meseorszag-senkie-avagy-hogyan-lepett.html' rel=' nofollow ' target='_blank'>https:\/\/mmreflexiok.blogspot.com\/2020\/10\/meseorszag-senkie-avagy-hogyan-lepett.html<\/a><\/td>\n                    <td style=\"\">pozit\u00edv<\/td>\n                    <td style=\"\"><\/td>\n                    <td style=\"\"><\/td>\n                    <td style=\"\"><\/td>\n                    <td style=\"\"><\/td>\n            <\/tr>\n            <tr id=\"table_2_row_286\">\n                    <td style=\"\">2020.10.10<\/td>\n                    <td style=\"\"><a href='https:\/\/hvg.hu\/' rel=' nofollow ' target='_blank'>https:\/\/hvg.hu\/<\/a><\/td>\n                    <td style=\"\"><\/td>\n                    <td style=\"\">M\u00e1r t\u00f6bb mint \u00f6tsz\u00e1z pszichol\u00f3gus \u00e1ll ki a Meseorsz\u00e1g mindenki\u00e9 c\u00edm\u0171 k\u00f6nyv mellett<\/td>\n                    <td style=\"\">h\u00edr, r\u00f6vid cikk<\/td>\n                    <td style=\"\"><a href='https:\/\/hvg.hu\/elet\/20201010_Mar_tobb_mint_otszaz_pszichologus_all_ki_a_Meseorszag_mindenki_konyv_mellett' rel=' nofollow ' target='_blank'>https:\/\/hvg.hu\/elet\/20201010_Mar_tobb_mint_otszaz_pszichologus_all_ki_a_Meseorszag_mindenki_konyv_mellett<\/a><\/td>\n                    <td style=\"\">pozit\u00edv<\/td>\n                    <td style=\"\"><\/td>\n                    <td style=\"\"><\/td>\n                    <td style=\"\"><\/td>\n                    <td style=\"\"><\/td>\n            <\/tr>\n            <tr id=\"table_2_row_287\">\n                    <td style=\"\">2020.10.10<\/td>\n                    <td style=\"\"><a href='https:\/\/telex.hu\/' rel=' nofollow ' target='_blank'>https:\/\/telex.hu\/<\/a><\/td>\n                    <td style=\"\">Csat\u00e1ri Fl\u00f3ra D\u00f3ra<\/td>\n                    <td style=\"\">Nem vesz\u00e9lyes a gyerekekre a Meseorsz\u00e1g mindenki\u00e9, \u00e1ll\u00edtja t\u00f6bb sz\u00e1z pszichol\u00f3gus<\/td>\n                    <td style=\"\">h\u00edr, r\u00f6vid cikk<\/td>\n                    <td style=\"\"><a href='https:\/\/telex.hu\/belfold\/2020\/10\/10\/meseorszag-mindenkie-pszichologusok-allasfoglalasa-nem-veszelyes-a-gyerekekre-sem-a-tarsadalomra' rel=' nofollow ' target='_blank'>https:\/\/telex.hu\/belfold\/2020\/10\/10\/meseorszag-mindenkie-pszichologusok-allasfoglalasa-nem-veszelyes-a-gyerekekre-sem-a-tarsadalomra<\/a><\/td>\n                    <td style=\"\">pozit\u00edv<\/td>\n                    <td style=\"\"><\/td>\n                    <td style=\"\"><\/td>\n                    <td style=\"\"><\/td>\n                    <td style=\"\"><\/td>\n            <\/tr>\n            <tr id=\"table_2_row_288\">\n                    <td style=\"\">2020.10.10<\/td>\n                    <td style=\"\"><a href='https:\/\/litera.hu\/' rel=' nofollow ' target='_blank'>https:\/\/litera.hu\/<\/a><\/td>\n                    <td style=\"\">Keresztesi J\u00f3zsef<\/td>\n                    <td style=\"\">Keresztesi J\u00f3zsef: F\u00fcggel\u00e9k egy verses mes\u00e9hez<\/td>\n                    <td style=\"\">v\u00e9lem\u00e9ny<\/td>\n                    <td style=\"\"><a href='https:\/\/litera.hu\/irodalom\/elso-kozles\/keresztesi-jozsef-fuggelek-egy-verses-mesehez.html' rel=' nofollow ' target='_blank'>https:\/\/litera.hu\/irodalom\/elso-kozles\/keresztesi-jozsef-fuggelek-egy-verses-mesehez.html<\/a><\/td>\n                    <td style=\"\">pozit\u00edv<\/td>\n                    <td style=\"\"><\/td>\n                    <td style=\"\"><\/td>\n                    <td style=\"\"><\/td>\n                    <td style=\"\"><\/td>\n            <\/tr>\n            <tr id=\"table_2_row_289\">\n                    <td style=\"\">2020.10.10<\/td>\n                    <td style=\"\"><a href='https:\/\/skepman.hu\/' rel=' nofollow ' target='_blank'>https:\/\/skepman.hu\/<\/a><\/td>\n                    <td style=\"\">Skepman<\/td>\n                    <td style=\"\">Van-e okunk agg\u00f3dni a m\u00e1ss\u00e1gr\u00f3l sz\u00f3l\u00f3 mes\u00e9k miatt?<\/td>\n                    <td style=\"\">v\u00e9lem\u00e9ny<\/td>\n                    <td style=\"\"><a href='https:\/\/skepman.hu\/2020\/10\/10\/van-e-okunk-aggodni-a-massagrol-szolo-mesek-miatt\/' rel=' nofollow ' target='_blank'>https:\/\/skepman.hu\/2020\/10\/10\/van-e-okunk-aggodni-a-massagrol-szolo-mesek-miatt\/<\/a><\/td>\n                    <td style=\"\">pozit\u00edv<\/td>\n                    <td style=\"\"><\/td>\n                    <td style=\"\"><\/td>\n                    <td style=\"\"><\/td>\n                    <td style=\"\"><\/td>\n            <\/tr>\n            <tr id=\"table_2_row_290\">\n                    <td style=\"\">2020.10.10<\/td>\n                    <td style=\"\"><a href='https:\/\/magyarnemzet.hu\/' rel=' nofollow ' target='_blank'>https:\/\/magyarnemzet.hu\/<\/a><\/td>\n                    <td style=\"\">Bal\u00e1zs. D. Attila<\/td>\n                    <td style=\"\">A mese lett az \u00faj fegyver<\/td>\n                    <td style=\"\">publicisztika<\/td>\n                    <td style=\"\"><a href='https:\/\/magyarnemzet.hu\/velemeny\/a-mese-lett-az-uj-fegyver-8788250\/' rel=' nofollow ' target='_blank'>https:\/\/magyarnemzet.hu\/velemeny\/a-mese-lett-az-uj-fegyver-8788250\/<\/a><\/td>\n                    <td style=\"\">negat\u00edv<\/td>\n                    <td style=\"\"><\/td>\n                    <td style=\"\"><\/td>\n                    <td style=\"\"><\/td>\n                    <td style=\"\"><\/td>\n            <\/tr>\n            <tr id=\"table_2_row_291\">\n                    <td style=\"\">2020.10.10<\/td>\n                    <td style=\"\"><a href='https:\/\/www.youtube.com\/' rel=' nofollow ' target='_blank'>https:\/\/www.youtube.com\/<\/a><\/td>\n                    <td style=\"\">N\u00e9meth Eszter<\/td>\n                    <td style=\"\"><\/td>\n                    <td style=\"\">mesek\u00f6zl\u00e9s<\/td>\n                    <td style=\"\"><a href='https:\/\/www.youtube.com\/watch?v=apAu9jrT8vA&amp;feature=youtu.be&amp;fbclid=IwAR0JxqhKNTuHYz7kAhKr4ICZeMcrp5AMsSd4LTbs5vlfXYhe3vq4qwQoPKU' rel=' nofollow ' target='_blank'>https:\/\/www.youtube.com\/watch?v=apAu9jrT8vA&amp;feature=youtu.be&amp;fbclid=IwAR0JxqhKNTuHYz7kAhKr4ICZeMcrp5AMsSd4LTbs5vlfXYhe3vq4qwQoPKU<\/a><\/td>\n                    <td style=\"\">semleges<\/td>\n                    <td style=\"\">youtube<\/td>\n                    <td style=\"\"><\/td>\n                    <td style=\"\"><\/td>\n                    <td style=\"\">Gimesi D\u00f3ra: \u00d3ri\u00e1s\u00f6l\u0151 Margaret c. mes\u00e9j\u00e9t olvassa fel N\u00e9meth Eszter gyerekirodalm\u00e1r<\/td>\n            <\/tr>\n            <tr id=\"table_2_row_292\">\n                    <td style=\"\">2020.10.11<\/td>\n                    <td style=\"\"><a href='https:\/\/humenonline.hu\/' rel=' nofollow ' target='_blank'>https:\/\/humenonline.hu\/<\/a><\/td>\n                    <td style=\"\">Kocsis G. J\u00e1nos<\/td>\n                    <td style=\"\">800 pszichol\u00f3gus \u00e1ll ki a Meseorsz\u00e1g mindenki\u00e9 c\u00edm\u0171 k\u00f6tet mellett<\/td>\n                    <td style=\"\">h\u00edr, r\u00f6vid cikk<\/td>\n                    <td style=\"\"><a href='https:\/\/humenonline.hu\/800-pszichologus-all-ki-a-mesevilag-mindenkie-cimu-kotet-mellett\/' rel=' nofollow ' target='_blank'>https:\/\/humenonline.hu\/800-pszichologus-all-ki-a-mesevilag-mindenkie-cimu-kotet-mellett\/<\/a><\/td>\n                    <td style=\"\">pozit\u00edv<\/td>\n                    <td style=\"\"><\/td>\n                    <td style=\"\"><\/td>\n                    <td style=\"\"><\/td>\n                    <td style=\"\"><\/td>\n            <\/tr>\n            <tr id=\"table_2_row_293\">\n                    <td style=\"\">2020.10.11<\/td>\n                    <td style=\"\"><a href='https:\/\/www.magyarszerzokkonyveimagazin.hu\/' rel=' nofollow ' target='_blank'>https:\/\/www.magyarszerzokkonyveimagazin.hu\/<\/a><\/td>\n                    <td style=\"\">S.A.<\/td>\n                    <td style=\"\">\u00c9rt\u00e9kel\u00e9s a Meseorsz\u00e1g mindenki\u00e9 mesegy\u0171jtem\u00e9nyr\u0151l<\/td>\n                    <td style=\"\">recenzi\u00f3<\/td>\n                    <td style=\"\"><a href='https:\/\/www.magyarszerzokkonyveimagazin.hu\/2020\/10\/ertekeles-meseorszag-mindenkie.html' rel=' nofollow ' target='_blank'>https:\/\/www.magyarszerzokkonyveimagazin.hu\/2020\/10\/ertekeles-meseorszag-mindenkie.html<\/a><\/td>\n                    <td style=\"\">pozit\u00edv<\/td>\n                    <td style=\"\"><\/td>\n                    <td style=\"\"><\/td>\n                    <td style=\"\"><\/td>\n                    <td style=\"\"><\/td>\n            <\/tr>\n            <tr id=\"table_2_row_294\">\n                    <td style=\"\">2020.10.11<\/td>\n                    <td style=\"\"><a href='https:\/\/hvg.hu\/' rel=' nofollow ' target='_blank'>https:\/\/hvg.hu\/<\/a><\/td>\n                    <td style=\"\">Csatl\u00f3s Hanna<\/td>\n                    <td style=\"\">Demeter Szil\u00e1rd: Semmif\u00e9le k\u00f6nyvet nem \u00e9get\u00fcnk, nem dar\u00e1lunk<\/td>\n                    <td style=\"\">h\u00edr, r\u00f6vid cikk<\/td>\n                    <td style=\"\"><a href='https:\/\/hvg.hu\/kultura\/20201011_Demeter_Szilard_Semmifele_konyvet_nem_egetunk' rel=' nofollow ' target='_blank'>https:\/\/hvg.hu\/kultura\/20201011_Demeter_Szilard_Semmifele_konyvet_nem_egetunk<\/a><\/td>\n                    <td style=\"\">pozit\u00edv<\/td>\n                    <td style=\"\"><\/td>\n                    <td style=\"\"><\/td>\n                    <td style=\"\"><\/td>\n                    <td style=\"\"><\/td>\n            <\/tr>\n            <tr id=\"table_2_row_295\">\n                    <td style=\"\">2020.10.11<\/td>\n                    <td style=\"\"><a href='https:\/\/www.facebook.com\/' rel=' nofollow ' target='_blank'>https:\/\/www.facebook.com\/<\/a><\/td>\n                    <td style=\"\">nem tehetsz r\u00f3la tehetsz ellene<\/td>\n                    <td style=\"\">Bubor\u00e9kon t\u00fal - Ambr\u00f3zi Kata, pszichol\u00f3gus \u00f6sszegz\u00e9se<\/td>\n                    <td style=\"\">fb-poszt<\/td>\n                    <td style=\"\"><a href='https:\/\/www.facebook.com\/notes\/nem-tehetsz-r\u00f3la-tehetsz-ellene\/a-bubor\u00e9kon-t\u00fal-ambr\u00f3zi-kata-pszichol\u00f3gus-szakmai-\u00f6sszegz\u00e9se\/10224150319654551' rel=' nofollow ' target='_blank'>https:\/\/www.facebook.com\/notes\/nem-tehetsz-r\u00f3la-tehetsz-ellene\/a-bubor\u00e9kon-t\u00fal-ambr\u00f3zi-kata-pszichol\u00f3gus-szakmai-\u00f6sszegz\u00e9se\/10224150319654551<\/a><\/td>\n                    <td style=\"\">pozit\u00edv<\/td>\n                    <td style=\"\"><\/td>\n                    <td style=\"\"><\/td>\n                    <td style=\"\"><\/td>\n                    <td style=\"\"><\/td>\n            <\/tr>\n            <tr id=\"table_2_row_296\">\n                    <td style=\"\">2020.10.11<\/td>\n                    <td style=\"\"><a href='https:\/\/www.telex.hu\/' rel=' nofollow ' target='_blank'>https:\/\/www.telex.hu\/<\/a><\/td>\n                    <td style=\"\">Kl\u00e1g D\u00e1vid<\/td>\n                    <td style=\"\">Ahol m\u00e9g mindig cs\u00edpi az emberek szem\u00e9t egy \u00e1rtalmatlan mesek\u00f6nyv<\/td>\n                    <td style=\"\">h\u00edr, r\u00f6vid cikk<\/td>\n                    <td style=\"\"><a href='https:\/\/www.telex.hu\/kult\/2020\/10\/11\/meg-mindig-csipi-az-emberek-szemet-egy-artalmatlan-mesekonyv' rel=' nofollow ' target='_blank'>https:\/\/www.telex.hu\/kult\/2020\/10\/11\/meg-mindig-csipi-az-emberek-szemet-egy-artalmatlan-mesekonyv<\/a><\/td>\n                    <td style=\"\">pozit\u00edv<\/td>\n                    <td style=\"\"><\/td>\n                    <td style=\"\"><\/td>\n                    <td style=\"\"><\/td>\n                    <td style=\"\"><\/td>\n            <\/tr>\n            <tr id=\"table_2_row_297\">\n                    <td style=\"\">2020.10.11<\/td>\n                    <td style=\"\"><a href='https:\/\/magyarnemzet.hu\/' rel=' nofollow ' target='_blank'>https:\/\/magyarnemzet.hu\/<\/a><\/td>\n                    <td style=\"\">Elek Nikoletta<\/td>\n                    <td style=\"\">Hangosk\u00f6nyv \u00e9s t\u00e1rsasj\u00e1t\u00e9k is k\u00e9sz\u00fclhet az LMBTQ-mesek\u00f6nyvb\u0151l<\/td>\n                    <td style=\"\">h\u00edr, besz\u00e1mol\u00f3, r\u00f6vid cikk<\/td>\n                    <td style=\"\"><a href='https:\/\/magyarnemzet.hu\/belfold\/hangoskonyv-es-tarsasjatek-is-keszulhet-az-lmbtq-mesekonyvbol-8791946\/' rel=' nofollow ' target='_blank'>https:\/\/magyarnemzet.hu\/belfold\/hangoskonyv-es-tarsasjatek-is-keszulhet-az-lmbtq-mesekonyvbol-8791946\/<\/a><\/td>\n                    <td style=\"\">negat\u00edv<\/td>\n                    <td style=\"\"><\/td>\n                    <td style=\"\"><\/td>\n                    <td style=\"\"><\/td>\n                    <td style=\"\"><\/td>\n            <\/tr>\n            <tr id=\"table_2_row_298\">\n                    <td style=\"\">2020.10.11<\/td>\n                    <td style=\"\"><a href='https:\/\/mandiner.hu\/' rel=' nofollow ' target='_blank'>https:\/\/mandiner.hu\/<\/a><\/td>\n                    <td style=\"\">Vecz\u00e1n Zolt\u00e1n<\/td>\n                    <td style=\"\">K\u00f6nyveket m\u00e1rpedig nem dar\u00e1lunk<\/td>\n                    <td style=\"\">publicisztika<\/td>\n                    <td style=\"\"><a href='https:\/\/mandiner.hu\/cikk\/20201011_konyveket_marpedig_nem_daralunk' rel=' nofollow ' target='_blank'>https:\/\/mandiner.hu\/cikk\/20201011_konyveket_marpedig_nem_daralunk<\/a><\/td>\n                    <td style=\"\">semleges<\/td>\n                    <td style=\"\"><\/td>\n                    <td style=\"\"><\/td>\n                    <td style=\"\"><\/td>\n                    <td style=\"\"><\/td>\n            <\/tr>\n            <tr id=\"table_2_row_299\">\n                    <td style=\"\">2020.10.11<\/td>\n                    <td style=\"\"><a href='https:\/\/divinity.szabadosadam.hu\/' rel=' nofollow ' target='_blank'>https:\/\/divinity.szabadosadam.hu\/<\/a><\/td>\n                    <td style=\"\">Szabados \u00c1d\u00e1m<\/td>\n                    <td style=\"\">Pszichol\u00f3gusok Meseorsz\u00e1ga<\/td>\n                    <td style=\"\">blogbejegyz\u00e9s<\/td>\n                    <td style=\"\"><a href='https:\/\/divinity.szabadosadam.hu\/?p=26531' rel=' nofollow ' target='_blank'>https:\/\/divinity.szabadosadam.hu\/?p=26531<\/a><\/td>\n                    <td style=\"\">negat\u00edv<\/td>\n                    <td style=\"\"><\/td>\n                    <td style=\"\"><\/td>\n                    <td style=\"\"><\/td>\n                    <td style=\"\"><\/td>\n            <\/tr>\n            <tr id=\"table_2_row_300\">\n                    <td style=\"\">2020.10.11<\/td>\n                    <td style=\"\"><a href='https:\/\/www.magyar-iskola.sk\/' rel=' nofollow ' target='_blank'>https:\/\/www.magyar-iskola.sk\/<\/a><\/td>\n                    <td style=\"\">Maria<\/td>\n                    <td style=\"\">Pszichol\u00f3gusok \u00e1ll\u00e1sfoglal\u00e1sa a Meseorsz\u00e1g mindenki\u00e9 c. mesek\u00f6nyv kapcs\u00e1n<\/td>\n                    <td style=\"\">h\u00edr, besz\u00e1mol\u00f3, r\u00f6vid cikk<\/td>\n                    <td style=\"\"><a href='https:\/\/www.magyar-iskola.sk\/2020\/10\/pszichologusok-allasfoglalasa-a-meseorszag-mindenkie-c-mesekonyv-kapcsan\/' rel=' nofollow ' target='_blank'>https:\/\/www.magyar-iskola.sk\/2020\/10\/pszichologusok-allasfoglalasa-a-meseorszag-mindenkie-c-mesekonyv-kapcsan\/<\/a><\/td>\n                    <td style=\"\">pozit\u00edv<\/td>\n                    <td style=\"\"><\/td>\n                    <td style=\"\"><\/td>\n                    <td style=\"\"><\/td>\n                    <td style=\"\"><\/td>\n            <\/tr>\n            <tr id=\"table_2_row_301\">\n                    <td style=\"\">2020.10.11<\/td>\n                    <td style=\"\"><a href='https:\/\/www.hetek.hu\/' rel=' nofollow ' target='_blank'>https:\/\/www.hetek.hu\/<\/a><\/td>\n                    <td style=\"\">Kulfai M\u00e1t\u00e9<\/td>\n                    <td style=\"\">Rekl\u00e1mozzanak melegesk\u00fcv\u0151t a m\u00e1sodikosok! - Botr\u00e1nyos munkaf\u00fczet j\u00e1r a gendermesek\u00f6nyv mell\u00e9<\/td>\n                    <td style=\"\">publicisztika<\/td>\n                    <td style=\"\"><a href='https:\/\/www.hetek.hu\/cikkek\/online\/reklamozzanak-melegeskuvot-a-masodikosok-botranyos-munkafuzet-jar-a' rel=' nofollow ' target='_blank'>https:\/\/www.hetek.hu\/cikkek\/online\/reklamozzanak-melegeskuvot-a-masodikosok-botranyos-munkafuzet-jar-a<\/a><\/td>\n                    <td style=\"\">negat\u00edv<\/td>\n                    <td style=\"\"><\/td>\n                    <td style=\"\"><\/td>\n                    <td style=\"\"><\/td>\n                    <td style=\"\"><\/td>\n            <\/tr>\n            <tr id=\"table_2_row_302\">\n                    <td style=\"\">2020.10.12<\/td>\n                    <td style=\"\"><a href='https:\/\/blendle.com\/' rel=' nofollow ' target='_blank'>https:\/\/blendle.com\/<\/a><\/td>\n                    <td style=\"\">Roos van Hennekeler<\/td>\n                    <td style=\"\">Homo-Assepoester en een zwarte prins<\/td>\n                    <td style=\"\">h\u00edr, besz\u00e1mol\u00f3, r\u00f6vid cikk<\/td>\n                    <td style=\"\"><a href='https:\/\/blendle.com\/i\/het-parool\/homo-assepoester-en-een-zwarte-prins\/bnl-par-20201012-12365986' rel=' nofollow ' target='_blank'>https:\/\/blendle.com\/i\/het-parool\/homo-assepoester-en-een-zwarte-prins\/bnl-par-20201012-12365986<\/a><\/td>\n                    <td style=\"\">semleges<\/td>\n                    <td style=\"\"><\/td>\n                    <td style=\"\">igen<\/td>\n                    <td style=\"\">holland<\/td>\n                    <td style=\"\"><\/td>\n            <\/tr>\n            <tr id=\"table_2_row_303\">\n                    <td style=\"\">2020.10.12<\/td>\n                    <td style=\"\"><a href='https:\/\/www.identitas.co\/' rel=' nofollow ' target='_blank'>https:\/\/www.identitas.co\/<\/a><\/td>\n                    <td style=\"\">Macskamedve<\/td>\n                    <td style=\"\">Figyelemelterel\u00e9s volt a mesek\u00f6nyv k\u00f6r\u00fcli hercehurca?<\/td>\n                    <td style=\"\">h\u00edr, r\u00f6vid cikk<\/td>\n                    <td style=\"\"><a href='https:\/\/www.identitas.co\/post\/figyelemeltereles-volt-a-mesekonyv-koruli-hercehurca' rel=' nofollow ' target='_blank'>https:\/\/www.identitas.co\/post\/figyelemeltereles-volt-a-mesekonyv-koruli-hercehurca<\/a><\/td>\n                    <td style=\"\">pozit\u00edv<\/td>\n                    <td style=\"\"><\/td>\n                    <td style=\"\"><\/td>\n                    <td style=\"\"><\/td>\n                    <td style=\"\"><\/td>\n            <\/tr>\n            <tr id=\"table_2_row_304\">\n                    <td style=\"\">2020.10.12<\/td>\n                    <td style=\"\"><a href='https:\/\/hvg.hu\/' rel=' nofollow ' target='_blank'>https:\/\/hvg.hu\/<\/a><\/td>\n                    <td style=\"\"><\/td>\n                    <td style=\"\">Bagdy Em\u0151ke visszasz\u00f3lt t\u00f6bb mint ezer koll\u00e9g\u00e1j\u00e1nak<\/td>\n                    <td style=\"\">h\u00edr, r\u00f6vid cikk<\/td>\n                    <td style=\"\"><a href='https:\/\/hvg.hu\/elet\/20201012_Bagdy_Emoke_visszaszolt_tobb_mint_ezer_kollegajanak' rel=' nofollow ' target='_blank'>https:\/\/hvg.hu\/elet\/20201012_Bagdy_Emoke_visszaszolt_tobb_mint_ezer_kollegajanak<\/a><\/td>\n                    <td style=\"\">semleges<\/td>\n                    <td style=\"\"><\/td>\n                    <td style=\"\"><\/td>\n                    <td style=\"\"><\/td>\n                    <td style=\"\"><\/td>\n            <\/tr>\n            <tr id=\"table_2_row_305\">\n                    <td style=\"\">2020.10.12<\/td>\n                    <td style=\"\"><a href='https:\/\/hvg.hu\/' rel=' nofollow ' target='_blank'>https:\/\/hvg.hu\/<\/a><\/td>\n                    <td style=\"\"><\/td>\n                    <td style=\"\">Meseorsz\u00e1g mindenki\u00e9 a parlamentben: felolvast\u00e1k a t\u00f6rt\u00e9netet az egy p\u00e1rr\u00e1 v\u00e1l\u00f3 k\u00e9t kir\u00e1lyfir\u00f3l<\/td>\n                    <td style=\"\">h\u00edr, r\u00f6vid cikk<\/td>\n                    <td style=\"\"><a href='https:\/\/hvg.hu\/itthon\/20201012_parlament_sebian_petrovszki_laszlo_dk_meseorszag_mindekie_lmbtqi_felolvasas' rel=' nofollow ' target='_blank'>https:\/\/hvg.hu\/itthon\/20201012_parlament_sebian_petrovszki_laszlo_dk_meseorszag_mindekie_lmbtqi_felolvasas<\/a><\/td>\n                    <td style=\"\">pozit\u00edv<\/td>\n                    <td style=\"\"><\/td>\n                    <td style=\"\"><\/td>\n                    <td style=\"\"><\/td>\n                    <td style=\"\"><\/td>\n            <\/tr>\n            <tr id=\"table_2_row_306\">\n                    <td style=\"\">2020.10.12<\/td>\n                    <td style=\"\"><a href='https:\/\/wmn.hu\/' rel=' nofollow ' target='_blank'>https:\/\/wmn.hu\/<\/a><\/td>\n                    <td style=\"\"><\/td>\n                    <td style=\"\">MESEORSZ\u00c1G VS. MUGLIK VIL\u00c1GA \u2013 KI MONDTA: D\u00daR\u00d3 D\u00d3RA VAGY DOLORES UMBRIDGE? \u2013 RENDK\u00cdV\u00dcLI WMN-KV\u00cdZ<\/td>\n                    <td style=\"\">egy\u00e9b<\/td>\n                    <td style=\"\"><a href='https:\/\/wmn.hu\/wmn-play\/53733-meseorszag-vs-muglik-vilaga--ki-mondta-duro-dora-vagy-dolores-umbridge--rendkivuli-wmn-kviz' rel=' nofollow ' target='_blank'>https:\/\/wmn.hu\/wmn-play\/53733-meseorszag-vs-muglik-vilaga--ki-mondta-duro-dora-vagy-dolores-umbridge--rendkivuli-wmn-kviz<\/a><\/td>\n                    <td style=\"\">pozit\u00edv<\/td>\n                    <td style=\"\"><\/td>\n                    <td style=\"\"><\/td>\n                    <td style=\"\"><\/td>\n                    <td style=\"\"><\/td>\n            <\/tr>\n            <tr id=\"table_2_row_307\">\n                    <td style=\"\">2020.10.12<\/td>\n                    <td style=\"\"><a href='https:\/\/www.klubradio.hu\/' rel=' nofollow ' target='_blank'>https:\/\/www.klubradio.hu\/<\/a><\/td>\n                    <td style=\"\"><\/td>\n                    <td style=\"\">Esti gyors<\/td>\n                    <td style=\"\">r\u00e1di\u00f3<\/td>\n                    <td style=\"\"><a href='https:\/\/www.klubradio.hu\/archivum\/esti-gyors-2020-oktober-12-hetfo-1815-13388' rel=' nofollow ' target='_blank'>https:\/\/www.klubradio.hu\/archivum\/esti-gyors-2020-oktober-12-hetfo-1815-13388<\/a><\/td>\n                    <td style=\"\">pozit\u00edv<\/td>\n                    <td style=\"\"><\/td>\n                    <td style=\"\"><\/td>\n                    <td style=\"\"><\/td>\n                    <td style=\"\">D\u00e9si J\u00e1nos besz\u00e9lget Drely\u00f3 \u00c1gnes pszichol\u00f3gussal, 19:14-24:35<\/td>\n            <\/tr>\n            <tr id=\"table_2_row_308\">\n                    <td style=\"\">2020.10.12<\/td>\n                    <td style=\"\"><a href='https:\/\/magyarnemzet.hu\/' rel=' nofollow ' target='_blank'>https:\/\/magyarnemzet.hu\/<\/a><\/td>\n                    <td style=\"\">Bagdy Em\u0151ke<\/td>\n                    <td style=\"\">Bagdy Em\u0151ke: Kik\u00e9rem magamnak a szakmaiatlans\u00e1g v\u00e1dj\u00e1t!<\/td>\n                    <td style=\"\">nyilatkozat<\/td>\n                    <td style=\"\"><a href='https:\/\/magyarnemzet.hu\/belfold\/bagdy-emoke-kikerem-magamnak-a-szakmaiatlansagot-8796794\/' rel=' nofollow ' target='_blank'>https:\/\/magyarnemzet.hu\/belfold\/bagdy-emoke-kikerem-magamnak-a-szakmaiatlansagot-8796794\/<\/a><\/td>\n                    <td style=\"\">semleges<\/td>\n                    <td style=\"\"><\/td>\n                    <td style=\"\"><\/td>\n                    <td style=\"\"><\/td>\n                    <td style=\"\">Bagdy v\u00e9dekezik<\/td>\n            <\/tr>\n            <tr id=\"table_2_row_309\">\n                    <td style=\"\">2020.10.12<\/td>\n                    <td style=\"\"><a href='https:\/\/kepmas.hu\/' rel=' nofollow ' target='_blank'>https:\/\/kepmas.hu\/<\/a><\/td>\n                    <td style=\"\">J\u00e1mbor-Miniska Zsejke<\/td>\n                    <td style=\"\">Mennyit nyomnak a latban, akik elhat\u00e1rol\u00f3dnak Bagdy Em\u0151ke szakmai v\u00e9lem\u00e9ny\u00e9t\u0151l? \u2013 K\u00f6nyvdar\u00e1l\u00e1s \u00e9s a bestseller-jelens\u00e9g<\/td>\n                    <td style=\"\">h\u00edr, besz\u00e1mol\u00f3, r\u00f6vid cikk<\/td>\n                    <td style=\"\"><a href='https:\/\/kepmas.hu\/mennyit-nyomnak-latban-akik-elhatarolodnak-bagdy-emoke-szakmai-velemenyetol-konyvdaralas-es' rel=' nofollow ' target='_blank'>https:\/\/kepmas.hu\/mennyit-nyomnak-latban-akik-elhatarolodnak-bagdy-emoke-szakmai-velemenyetol-konyvdaralas-es<\/a><\/td>\n                    <td style=\"\">semleges<\/td>\n                    <td style=\"\"><\/td>\n                    <td style=\"\"><\/td>\n                    <td style=\"\"><\/td>\n                    <td style=\"\">Bagdyt v\u00e9dik<\/td>\n            <\/tr>\n            <tr id=\"table_2_row_310\">\n                    <td style=\"\">2020.10.12<\/td>\n                    <td style=\"\"><a href='https:\/\/www.peticiok.com\/' rel=' nofollow ' target='_blank'>https:\/\/www.peticiok.com\/<\/a><\/td>\n                    <td style=\"\">Pocsai Tam\u00e1s<\/td>\n                    <td style=\"\">Ki\u00e1llok Bagdy Em\u0151ke pszichol\u00f3gus professzor mellett!<\/td>\n                    <td style=\"\">egy\u00e9b<\/td>\n                    <td style=\"\"><a href='https:\/\/www.peticiok.com\/kiallok_bagdy_emke_pszichologus_professzor_mellett' rel=' nofollow ' target='_blank'>https:\/\/www.peticiok.com\/kiallok_bagdy_emke_pszichologus_professzor_mellett<\/a><\/td>\n                    <td style=\"\">semleges<\/td>\n                    <td style=\"\"><\/td>\n                    <td style=\"\"><\/td>\n                    <td style=\"\"><\/td>\n                    <td style=\"\">Bagdy mellett pet\u00edci\u00f3<\/td>\n            <\/tr>\n            <tr id=\"table_2_row_311\">\n                    <td style=\"\">2020.10.12<\/td>\n                    <td style=\"\"><a href='https:\/\/magyarnemzet.hu\/' rel=' nofollow ' target='_blank'>https:\/\/magyarnemzet.hu\/<\/a><\/td>\n                    <td style=\"\">Elek Nikoletta<\/td>\n                    <td style=\"\">T\u00e1mogat\u00f3 pet\u00edci\u00f3val kelnek Bagdy Em\u0151ke v\u00e9delm\u00e9re, szakmai munk\u00e1j\u00e1t m\u00e9ltatva<\/td>\n                    <td style=\"\">h\u00edr, besz\u00e1mol\u00f3, r\u00f6vid cikk<\/td>\n                    <td style=\"\"><a href='https:\/\/magyarnemzet.hu\/belfold\/tamogato-peticioval-kelnek-bagdy-emoke-vedelmere-szakmai-munkajat-meltatva-8798825' rel=' nofollow ' target='_blank'>https:\/\/magyarnemzet.hu\/belfold\/tamogato-peticioval-kelnek-bagdy-emoke-vedelmere-szakmai-munkajat-meltatva-8798825<\/a><\/td>\n                    <td style=\"\">negat\u00edv<\/td>\n                    <td style=\"\"><\/td>\n                    <td style=\"\"><\/td>\n                    <td style=\"\"><\/td>\n                    <td style=\"\">a pet\u00edci\u00f3r\u00f3l<\/td>\n            <\/tr>\n            <tr id=\"table_2_row_312\">\n                    <td style=\"\">2020.10.12<\/td>\n                    <td style=\"\"><a href='https:\/\/magyarnemzet.hu\/' rel=' nofollow ' target='_blank'>https:\/\/magyarnemzet.hu\/<\/a><\/td>\n                    <td style=\"\">Hertzmann R\u00f3bert<\/td>\n                    <td style=\"\">T\u00f6rv\u00e9nym\u00f3dos\u00edt\u00e1s a normalit\u00e1s meg\u0151rz\u00e9s\u00e9\u00e9rt<\/td>\n                    <td style=\"\">publicisztika<\/td>\n                    <td style=\"\"><a href='https:\/\/magyarnemzet.hu\/velemeny\/torvenymodositas-a-normalitas-megorzeseert-8794949\/' rel=' nofollow ' target='_blank'>https:\/\/magyarnemzet.hu\/velemeny\/torvenymodositas-a-normalitas-megorzeseert-8794949\/<\/a><\/td>\n                    <td style=\"\">negat\u00edv<\/td>\n                    <td style=\"\"><\/td>\n                    <td style=\"\"><\/td>\n                    <td style=\"\"><\/td>\n                    <td style=\"\"><\/td>\n            <\/tr>\n            <tr id=\"table_2_row_313\">\n                    <td style=\"\">2020.10.12<\/td>\n                    <td style=\"\"><a href='https:\/\/vadhajtasok.hu\/' rel=' nofollow ' target='_blank'>https:\/\/vadhajtasok.hu\/<\/a><\/td>\n                    <td style=\"\"><\/td>\n                    <td style=\"\">Meseorsz\u00e1g mindenki\u00e9? \u2013 \u00fajabb vide\u00f3, a hazafiak a gyermekmegront\u00f3 mesek\u00f6nyv ellen tiltakoztak<\/td>\n                    <td style=\"\">h\u00edr, besz\u00e1mol\u00f3, r\u00f6vid cikk<\/td>\n                    <td style=\"\"><a href='https:\/\/vadhajtasok.hu\/2020\/10\/12\/meseorszag-mindenkie-ujabb-video-a-hazafiak-a-gyermekmegronto-mesekonyv-ellen-tiltakoztak' rel=' nofollow ' target='_blank'>https:\/\/vadhajtasok.hu\/2020\/10\/12\/meseorszag-mindenkie-ujabb-video-a-hazafiak-a-gyermekmegronto-mesekonyv-ellen-tiltakoztak<\/a><\/td>\n                    <td style=\"\">negat\u00edv<\/td>\n                    <td style=\"\"><\/td>\n                    <td style=\"\"><\/td>\n                    <td style=\"\"><\/td>\n                    <td style=\"\">az \u00c1triumos t\u00fcntet\u00e9sr\u0151l<\/td>\n            <\/tr>\n            <tr id=\"table_2_row_314\">\n                    <td style=\"\">2020.10.12<\/td>\n                    <td style=\"\"><a href='https:\/\/vasarnap.hu\/' rel=' nofollow ' target='_blank'>https:\/\/vasarnap.hu\/<\/a><\/td>\n                    <td style=\"\"><\/td>\n                    <td style=\"\">Bagdy: Ha valaki, \u00e9n tudom, mi a m\u00e1ss\u00e1g, a kirekesztetts\u00e9g<\/td>\n                    <td style=\"\">nyilatkozat<\/td>\n                    <td style=\"\"><a href='https:\/\/vasarnap.hu\/2020\/10\/12\/bagdy-ha-valaki-en-tudom-mi-a-massag-a-kirekesztettseg\/' rel=' nofollow ' target='_blank'>https:\/\/vasarnap.hu\/2020\/10\/12\/bagdy-ha-valaki-en-tudom-mi-a-massag-a-kirekesztettseg\/<\/a><\/td>\n                    <td style=\"\">semleges<\/td>\n                    <td style=\"\"><\/td>\n                    <td style=\"\"><\/td>\n                    <td style=\"\"><\/td>\n                    <td style=\"\">Bagdy v\u00e9delm\u00e9ben<\/td>\n            <\/tr>\n            <tr id=\"table_2_row_315\">\n                    <td style=\"\">2020.10.12<\/td>\n                    <td style=\"\"><a href='https:\/\/demokrata.hu\/' rel=' nofollow ' target='_blank'>https:\/\/demokrata.hu\/<\/a><\/td>\n                    <td style=\"\"><\/td>\n                    <td style=\"\">Akik az \u00f6n gyermek\u00e9re vesz\u00e9lyesek lehetnek<\/td>\n                    <td style=\"\">h\u00edr, besz\u00e1mol\u00f3, r\u00f6vid cikk<\/td>\n                    <td style=\"\"><a href='https:\/\/demokrata.hu\/magyarorszag\/akik-az-on-gyermekere-veszelyesek-lehetnek-302444' rel=' nofollow ' target='_blank'>https:\/\/demokrata.hu\/magyarorszag\/akik-az-on-gyermekere-veszelyesek-lehetnek-302444<\/a><\/td>\n                    <td style=\"\">negat\u00edv<\/td>\n                    <td style=\"\"><\/td>\n                    <td style=\"\"><\/td>\n                    <td style=\"\"><\/td>\n                    <td style=\"\">Bagdy vs. Pszichol\u00f3gusok vita<\/td>\n            <\/tr>\n            <tr id=\"table_2_row_316\">\n                    <td style=\"\">2020.10.12<\/td>\n                    <td style=\"\"><a href='https:\/\/magyarnemzet.hu\/' rel=' nofollow ' target='_blank'>https:\/\/magyarnemzet.hu\/<\/a><\/td>\n                    <td style=\"\">N\u00e9meth Gy\u00f6rgy<\/td>\n                    <td style=\"\">Meseorsz\u00e1g: mit mond a tudom\u00e1ny?<\/td>\n                    <td style=\"\">egy\u00e9b<\/td>\n                    <td style=\"\"><a href='https:\/\/magyarnemzet.hu\/velemeny\/meseorszag-mit-mond-a-tudomany-8794952\/' rel=' nofollow ' target='_blank'>https:\/\/magyarnemzet.hu\/velemeny\/meseorszag-mit-mond-a-tudomany-8794952\/<\/a><\/td>\n                    <td style=\"\">negat\u00edv<\/td>\n                    <td style=\"\"><\/td>\n                    <td style=\"\"><\/td>\n                    <td style=\"\"><\/td>\n                    <td style=\"\"><\/td>\n            <\/tr>\n            <tr id=\"table_2_row_317\">\n                    <td style=\"\">2020.10.12<\/td>\n                    <td style=\"\"><a href='https:\/\/szeged.hu\/' rel=' nofollow ' target='_blank'>https:\/\/szeged.hu\/<\/a><\/td>\n                    <td style=\"\">Hunyadi Bulcs\u00fa<\/td>\n                    <td style=\"\">Ki is nem hagyja b\u00e9k\u00e9n a gyerekeinket? \u2013 A Political Capital elemz\u00e9se a mesek\u00f6nyvdar\u00e1l\u00e1s \u00e9s -t\u00e9p\u00e9s marg\u00f3j\u00e1ra<\/td>\n                    <td style=\"\">publicisztika<\/td>\n                    <td style=\"\"><a href='https:\/\/szeged.hu\/hirek\/37670\/ki-is-nem-hagyja-beken-a-gyerekeinket-a-political-capital-elemzese-a-mesekonyvdaralas-es-tepes-margojara' rel=' nofollow ' target='_blank'>https:\/\/szeged.hu\/hirek\/37670\/ki-is-nem-hagyja-beken-a-gyerekeinket-a-political-capital-elemzese-a-mesekonyvdaralas-es-tepes-margojara<\/a><\/td>\n                    <td style=\"\">pozit\u00edv<\/td>\n                    <td style=\"\"><\/td>\n                    <td style=\"\"><\/td>\n                    <td style=\"\"><\/td>\n                    <td style=\"\"><\/td>\n            <\/tr>\n            <tr id=\"table_2_row_318\">\n                    <td style=\"\">2020.10.12<\/td>\n                    <td style=\"\"><a href='https:\/\/f21.hu\/' rel=' nofollow ' target='_blank'>https:\/\/f21.hu\/<\/a><\/td>\n                    <td style=\"\">N\u00e9meth M\u00edra<\/td>\n                    <td style=\"\">Kisebbs\u00e9gek t\u00f6bbs\u00e9gben \u2013 Meseorsz\u00e1g mindenki\u00e9<\/td>\n                    <td style=\"\">recenzi\u00f3<\/td>\n                    <td style=\"\"><a href='https:\/\/f21.hu\/irodalom\/kisebbsegek-tobbsegben-meseorszag-mindenkie\/' rel=' nofollow ' target='_blank'>https:\/\/f21.hu\/irodalom\/kisebbsegek-tobbsegben-meseorszag-mindenkie\/<\/a><\/td>\n                    <td style=\"\">pozit\u00edv<\/td>\n                    <td style=\"\"><\/td>\n                    <td style=\"\"><\/td>\n                    <td style=\"\"><\/td>\n                    <td style=\"\"><\/td>\n            <\/tr>\n            <tr id=\"table_2_row_319\">\n                    <td style=\"\">2020.10.12<\/td>\n                    <td style=\"\"><a href='https:\/\/konyvesmagazin.hu\/' rel=' nofollow ' target='_blank'>https:\/\/konyvesmagazin.hu\/<\/a><\/td>\n                    <td style=\"\">Pszichol\u00f3gusok a Meseorsz\u00e1gr\u00f3l: Nem l\u00e9tezik olyan, hogy t\u00fal korai \u00e9rz\u00e9keny\u00edt\u00e9s<\/td>\n                    <td style=\"\"><\/td>\n                    <td style=\"\">h\u00edr, besz\u00e1mol\u00f3, r\u00f6vid cikk<\/td>\n                    <td style=\"\"><a href='https:\/\/konyvesmagazin.hu\/friss\/meseorszag_mindenkie_pszichologusok_allasfoglalasa.html' rel=' nofollow ' target='_blank'>https:\/\/konyvesmagazin.hu\/friss\/meseorszag_mindenkie_pszichologusok_allasfoglalasa.html<\/a><\/td>\n                    <td style=\"\">pozit\u00edv<\/td>\n                    <td style=\"\"><\/td>\n                    <td style=\"\"><\/td>\n                    <td style=\"\"><\/td>\n                    <td style=\"\"><\/td>\n            <\/tr>\n            <tr id=\"table_2_row_320\">\n                    <td style=\"\">2020.10.12<\/td>\n                    <td style=\"\"><a href='https:\/\/index.hu\/' rel=' nofollow ' target='_blank'>https:\/\/index.hu\/<\/a><\/td>\n                    <td style=\"\">KGYK<\/td>\n                    <td style=\"\">Meseorsz\u00e1g mindenki\u00e9: elhat\u00e1rol\u00f3dnak a pszichol\u00f3gusok Bagdy Em\u0151k\u00e9t\u0151l<\/td>\n                    <td style=\"\">h\u00edr, besz\u00e1mol\u00f3, r\u00f6vid cikk<\/td>\n                    <td style=\"\"><a href='https:\/\/index.hu\/belfold\/2020\/10\/12\/bagdy_emoke_meseorszag_mindenkie_lmbtq_homoszexualitas_romak_fogyatekkal_elok_gender_pszichologus\/' rel=' nofollow ' target='_blank'>https:\/\/index.hu\/belfold\/2020\/10\/12\/bagdy_emoke_meseorszag_mindenkie_lmbtq_homoszexualitas_romak_fogyatekkal_elok_gender_pszichologus\/<\/a><\/td>\n                    <td style=\"\">semleges<\/td>\n                    <td style=\"\"><\/td>\n                    <td style=\"\"><\/td>\n                    <td style=\"\"><\/td>\n                    <td style=\"\"><\/td>\n            <\/tr>\n            <tr id=\"table_2_row_321\">\n                    <td style=\"\">2020.10.12<\/td>\n                    <td style=\"\"><a href='https:\/\/777blog.hu\/' rel=' nofollow ' target='_blank'>https:\/\/777blog.hu\/<\/a><\/td>\n                    <td style=\"\">ifj. Pr\u00f3zsa Istv\u00e1n<\/td>\n                    <td style=\"\">A \u201eMeseorsz\u00e1g mindenki\u00e9\u201d-\u00fcgy marg\u00f3j\u00e1ra<\/td>\n                    <td style=\"\">publicisztika<\/td>\n                    <td style=\"\"><a href='https:\/\/777blog.hu\/2020\/10\/12\/a-meseorszag-mindenkie-ugy-margojara\/' rel=' nofollow ' target='_blank'>https:\/\/777blog.hu\/2020\/10\/12\/a-meseorszag-mindenkie-ugy-margojara\/<\/a><\/td>\n                    <td style=\"\">negat\u00edv<\/td>\n                    <td style=\"\"><\/td>\n                    <td style=\"\"><\/td>\n                    <td style=\"\"><\/td>\n                    <td style=\"\"><\/td>\n            <\/tr>\n            <tr id=\"table_2_row_322\">\n                    <td style=\"\">2020.10.12<\/td>\n                    <td style=\"\"><a href='https:\/\/ujegyensuly.hu\/' rel=' nofollow ' target='_blank'>https:\/\/ujegyensuly.hu\/<\/a><\/td>\n                    <td style=\"\">B. Sztanoj Anett<\/td>\n                    <td style=\"\">Meseorsz\u00e1g mindenki\u00e9 \u2013 Ez\u00e9rt van \u00f3ri\u00e1si sz\u00fcks\u00e9g erre a k\u00f6nyvre<\/td>\n                    <td style=\"\">publicisztika<\/td>\n                    <td style=\"\"><a href='https:\/\/ujegyensuly.hu\/helyem-a-vilagban\/meseorszag-mindenkie-ezert-van-oriasi-szukseg-erre-a-konyvre' rel=' nofollow ' target='_blank'>https:\/\/ujegyensuly.hu\/helyem-a-vilagban\/meseorszag-mindenkie-ezert-van-oriasi-szukseg-erre-a-konyvre<\/a><\/td>\n                    <td style=\"\">pozit\u00edv<\/td>\n                    <td style=\"\"><\/td>\n                    <td style=\"\"><\/td>\n                    <td style=\"\"><\/td>\n                    <td style=\"\"><\/td>\n            <\/tr>\n            <tr id=\"table_2_row_323\">\n                    <td style=\"\">2020.10.12<\/td>\n                    <td style=\"\"><a href='https:\/\/fidelio.hu\/' rel=' nofollow ' target='_blank'>https:\/\/fidelio.hu\/<\/a><\/td>\n                    <td style=\"\"><\/td>\n                    <td style=\"\">Ezern\u00e9l is t\u00f6bb pszichol\u00f3gus \u00e1ll ki Meseorsz\u00e1g mellett<\/td>\n                    <td style=\"\">h\u00edr, besz\u00e1mol\u00f3, r\u00f6vid cikk<\/td>\n                    <td style=\"\"><a href='https:\/\/fidelio.hu\/konyv\/ezernel-is-tobb-pszichologus-all-ki-meseorszag-mellett-158530.html' rel=' nofollow ' target='_blank'>https:\/\/fidelio.hu\/konyv\/ezernel-is-tobb-pszichologus-all-ki-meseorszag-mellett-158530.html<\/a><\/td>\n                    <td style=\"\">semleges<\/td>\n                    <td style=\"\"><\/td>\n                    <td style=\"\"><\/td>\n                    <td style=\"\"><\/td>\n                    <td style=\"\"><\/td>\n            <\/tr>\n            <tr id=\"table_2_row_324\">\n                    <td style=\"\">2020.10.12<\/td>\n                    <td style=\"\"><a href='https:\/\/demokrata.hu\/' rel=' nofollow ' target='_blank'>https:\/\/demokrata.hu\/<\/a><\/td>\n                    <td style=\"\"><\/td>\n                    <td style=\"\">AKIK AZ \u00d6N GYERMEK\u00c9RE VESZ\u00c9LYESEK LEHETNEK<\/td>\n                    <td style=\"\">v\u00e9lem\u00e9ny<\/td>\n                    <td style=\"\"><a href='https:\/\/demokrata.hu\/magyarorszag\/akik-az-on-gyermekere-veszelyesek-lehetnek-302444\/' rel=' nofollow ' target='_blank'>https:\/\/demokrata.hu\/magyarorszag\/akik-az-on-gyermekere-veszelyesek-lehetnek-302444\/<\/a><\/td>\n                    <td style=\"\">negat\u00edv<\/td>\n                    <td style=\"\"><\/td>\n                    <td style=\"\"><\/td>\n                    <td style=\"\"><\/td>\n                    <td style=\"\">ellenv\u00e9lem\u00e9ny a k\u00f6nyv hat\u00e1sair\u00f3l<\/td>\n            <\/tr>\n            <tr id=\"table_2_row_325\">\n                    <td style=\"\">2020.10.12<\/td>\n                    <td style=\"\"><a href='https:\/\/www.facebook.com\/' rel=' nofollow ' target='_blank'>https:\/\/www.facebook.com\/<\/a><\/td>\n                    <td style=\"\">Ps tv<\/td>\n                    <td style=\"\">Mi a fontosabb sz\u00e1modra?<\/td>\n                    <td style=\"\">vide\u00f3 v\u00e9lem\u00e9ny<\/td>\n                    <td style=\"\"><a href='https:\/\/www.facebook.com\/100299381703981\/posts\/176491014084817\/' rel=' nofollow ' target='_blank'>https:\/\/www.facebook.com\/100299381703981\/posts\/176491014084817\/<\/a><\/td>\n                    <td style=\"\">negat\u00edv<\/td>\n                    <td style=\"\"><\/td>\n                    <td style=\"\"><\/td>\n                    <td style=\"\"><\/td>\n                    <td style=\"\">Ps tv<\/td>\n            <\/tr>\n            <tr id=\"table_2_row_326\">\n                    <td style=\"\">2020.10.12<\/td>\n                    <td style=\"\"><a href='https:\/\/www.trouw.nl\/' rel=' nofollow ' target='_blank'>https:\/\/www.trouw.nl\/<\/a><\/td>\n                    <td style=\"\">Roos van Hennekeler<\/td>\n                    <td style=\"\">Boek over transgender drakendoder valt verkeerd in Hongarije. \u2018Homoseksuele propaganda\u2019<\/td>\n                    <td style=\"\">hir r\u00f6vid cikk<\/td>\n                    <td style=\"\"><a href='https:\/\/www.trouw.nl\/buitenland\/boek-over-transgender-drakendoder-valt-verkeerd-in-hongarije-homoseksuele-propaganda~be59ea88\/' rel=' nofollow ' target='_blank'>https:\/\/www.trouw.nl\/buitenland\/boek-over-transgender-drakendoder-valt-verkeerd-in-hongarije-homoseksuele-propaganda~be59ea88\/<\/a><\/td>\n                    <td style=\"\">pozit\u00edv<\/td>\n                    <td style=\"\"><\/td>\n                    <td style=\"\">igen<\/td>\n                    <td style=\"\">holland<\/td>\n                    <td style=\"\">h\u00edr a k\u00f6nyvr\u0151l \u00e9s a homoszexu\u00e1lis propagand\u00e1r\u00f3l Magyarorsz\u00e1gon<\/td>\n            <\/tr>\n            <tr id=\"table_2_row_327\">\n                    <td style=\"\">2020.10.12<\/td>\n                    <td style=\"\"><a href='https:\/\/www.facebook.com\/' rel=' nofollow ' target='_blank'>https:\/\/www.facebook.com\/<\/a><\/td>\n                    <td style=\"\"><\/td>\n                    <td style=\"\">Sebi\u00e1n-Petrovszki L\u00e1szl\u00f3 felolvas\u00e1sa a Parlamentben<\/td>\n                    <td style=\"\">fb-poszt<\/td>\n                    <td style=\"\"><a href='https:\/\/www.facebook.com\/sebiandk\/videos\/256095502487576\/' rel=' nofollow ' target='_blank'>https:\/\/www.facebook.com\/sebiandk\/videos\/256095502487576\/<\/a><\/td>\n                    <td style=\"\">pozit\u00edv<\/td>\n                    <td style=\"\">fb<\/td>\n                    <td style=\"\"><\/td>\n                    <td style=\"\"><\/td>\n                    <td style=\"\">Sebi\u00e1n-Petrivszki L\u00e1szl\u00f3 felolvas\u00e1sa a Parlamentben, okt. 12.<\/td>\n            <\/tr>\n            <tr id=\"table_2_row_328\">\n                    <td style=\"\">2020.10.13<\/td>\n                    <td style=\"\"><a href='https:\/\/merce.hu\/' rel=' nofollow ' target='_blank'>https:\/\/merce.hu\/<\/a><\/td>\n                    <td style=\"\">Di\u00f3szegi-Horv\u00e1th N\u00f3ra<\/td>\n                    <td style=\"\">Csepel ut\u00e1n Mez\u0151k\u00f6vesden is betiltott\u00e1k az ovikban a Meseorsz\u00e1g mindenki\u00e9t<\/td>\n                    <td style=\"\">h\u00edr, r\u00f6vid cikk<\/td>\n                    <td style=\"\"><a href='https:\/\/merce.hu\/2020\/10\/13\/csepel-utan-mezokovesden-is-betiltottak-az-ovikban-a-meseorszag-mindenkiet\/' rel=' nofollow ' target='_blank'>https:\/\/merce.hu\/2020\/10\/13\/csepel-utan-mezokovesden-is-betiltottak-az-ovikban-a-meseorszag-mindenkiet\/<\/a><\/td>\n                    <td style=\"\">pozit\u00edv<\/td>\n                    <td style=\"\"><\/td>\n                    <td style=\"\"><\/td>\n                    <td style=\"\"><\/td>\n                    <td style=\"\"><\/td>\n            <\/tr>\n            <tr id=\"table_2_row_329\">\n                    <td style=\"\">2020.10.13<\/td>\n                    <td style=\"\"><a href='https:\/\/litera.hu\/' rel=' nofollow ' target='_blank'>https:\/\/litera.hu\/<\/a><\/td>\n                    <td style=\"\"><\/td>\n                    <td style=\"\">Irodalmi \u00e9s m\u0171v\u00e9szeti szervezetek adtak ki nyilatkozatot a k\u00f6nyvek elleni t\u00e1mad\u00e1sok \u00fcgy\u00e9ben<\/td>\n                    <td style=\"\">h\u00edr, r\u00f6vid cikk<\/td>\n                    <td style=\"\"><a href='https:\/\/litera.hu\/hirek\/irodalmi-es-muveszeti-szervezetek-adtak-ki-nyilatkozatot-a-konyvek-elleni-tamadasok-ugyeben.html' rel=' nofollow ' target='_blank'>https:\/\/litera.hu\/hirek\/irodalmi-es-muveszeti-szervezetek-adtak-ki-nyilatkozatot-a-konyvek-elleni-tamadasok-ugyeben.html<\/a><\/td>\n                    <td style=\"\">pozit\u00edv<\/td>\n                    <td style=\"\"><\/td>\n                    <td style=\"\"><\/td>\n                    <td style=\"\"><\/td>\n                    <td style=\"\"><\/td>\n            <\/tr>\n            <tr id=\"table_2_row_330\">\n                    <td style=\"\">2020.10.13<\/td>\n                    <td style=\"\"><a href='https:\/\/444.hu\/' rel=' nofollow ' target='_blank'>https:\/\/444.hu\/<\/a><\/td>\n                    <td style=\"\">Sarkadi Zsolt<\/td>\n                    <td style=\"\">Nov\u00e1k El\u0151d szerint m\u00e1r vannak \u00f3vod\u00e1k, ahol k\u00fcls\u0151 nyom\u00e1sra n\u00e9pszer\u0171s\u00edtik a homoszexualit\u00e1st<\/td>\n                    <td style=\"\">h\u00edr, r\u00f6vid cikk<\/td>\n                    <td style=\"\"><a href='https:\/\/444.hu\/2020\/10\/13\/novak-elod-szerint-mar-vannak-ovodak-ahol-kulso-nyomasra-nepszerusitik-a-homoszexualitast' rel=' nofollow ' target='_blank'>https:\/\/444.hu\/2020\/10\/13\/novak-elod-szerint-mar-vannak-ovodak-ahol-kulso-nyomasra-nepszerusitik-a-homoszexualitast<\/a><\/td>\n                    <td style=\"\">pozit\u00edv<\/td>\n                    <td style=\"\"><\/td>\n                    <td style=\"\"><\/td>\n                    <td style=\"\"><\/td>\n                    <td style=\"\"><\/td>\n            <\/tr>\n            <tr id=\"table_2_row_331\">\n                    <td style=\"\">2020.10.13<\/td>\n                    <td style=\"\"><a href='https:\/\/szemlelodosziv.blog.hu\/' rel=' nofollow ' target='_blank'>https:\/\/szemlelodosziv.blog.hu\/<\/a><\/td>\n                    <td style=\"\">Szeml\u00e9l\u0151d\u0151 sz\u00edv<\/td>\n                    <td style=\"\">Meseorsz\u00e1g mindenki\u00e9 - ja, m\u00e9gsem...<\/td>\n                    <td style=\"\">blogbejegyz\u00e9s<\/td>\n                    <td style=\"\"><a href='https:\/\/szemlelodosziv.blog.hu\/2020\/10\/13\/_meseorszag_mindenkie_ja_megsem' rel=' nofollow ' target='_blank'>https:\/\/szemlelodosziv.blog.hu\/2020\/10\/13\/_meseorszag_mindenkie_ja_megsem<\/a><\/td>\n                    <td style=\"\">pozit\u00edv<\/td>\n                    <td style=\"\"><\/td>\n                    <td style=\"\"><\/td>\n                    <td style=\"\"><\/td>\n                    <td style=\"\"><\/td>\n            <\/tr>\n            <tr id=\"table_2_row_332\">\n                    <td style=\"\">2020.10.13<\/td>\n                    <td style=\"\"><a href='https:\/\/merce.hu\/' rel=' nofollow ' target='_blank'>https:\/\/merce.hu\/<\/a><\/td>\n                    <td style=\"\">J\u00e1vor Benedek<\/td>\n                    <td style=\"\">Merre tart Meseorsz\u00e1g?<\/td>\n                    <td style=\"\">publicisztika<\/td>\n                    <td style=\"\"><a href='https:\/\/merce.hu\/2020\/10\/13\/javor-benedek-merre-tart-meseorszag\/' rel=' nofollow ' target='_blank'>https:\/\/merce.hu\/2020\/10\/13\/javor-benedek-merre-tart-meseorszag\/<\/a><\/td>\n                    <td style=\"\">pozit\u00edv<\/td>\n                    <td style=\"\"><\/td>\n                    <td style=\"\"><\/td>\n                    <td style=\"\"><\/td>\n                    <td style=\"\"><\/td>\n            <\/tr>\n            <tr id=\"table_2_row_333\">\n                    <td style=\"\">2020.10.13<\/td>\n                    <td style=\"\"><a href='https:\/\/archive.tilos.hu\/' rel=' nofollow ' target='_blank'>https:\/\/archive.tilos.hu\/<\/a><\/td>\n                    <td style=\"\"><\/td>\n                    <td style=\"\">A tud\u00e1s (\u00e9s a) hatalom<\/td>\n                    <td style=\"\">r\u00e1di\u00f3<\/td>\n                    <td style=\"\"><a href='https:\/\/archive.tilos.hu\/cache\/tilos-20201013-180000-193000.mp3' rel=' nofollow ' target='_blank'>https:\/\/archive.tilos.hu\/cache\/tilos-20201013-180000-193000.mp3<\/a><\/td>\n                    <td style=\"\">pozit\u00edv<\/td>\n                    <td style=\"\"><\/td>\n                    <td style=\"\"><\/td>\n                    <td style=\"\"><\/td>\n                    <td style=\"\">L\u0151rincz Viktor \u00e9s Z\u00e1szkaliczky M\u00e1rton besz\u00e9lget Hermann Zolt\u00e1nnal \u00e9s Pompor Zolt\u00e1nnal mes\u00e9kr\u0151l \u00e9s gyermekirodalomr\u00f3l<\/td>\n            <\/tr>\n            <tr id=\"table_2_row_334\">\n                    <td style=\"\">2020.10.13<\/td>\n                    <td style=\"\"><a href='https:\/\/szabadnem.444.hu\/' rel=' nofollow ' target='_blank'>https:\/\/szabadnem.444.hu\/<\/a><\/td>\n                    <td style=\"\">Braunitzer G\u00e1bor<\/td>\n                    <td style=\"\">Al\u00e1sz\u00e1ll\u00e1s a pokolba, avagy a gyermekek szexu\u00e1lis befoly\u00e1sol\u00e1sa a \u201egendermes\u00e9kben\u201d<\/td>\n                    <td style=\"\">publicisztika<\/td>\n                    <td style=\"\"><a href='https:\/\/szabadnem.444.hu\/2020\/10\/13\/alaszallas-a-pokolba-avagy-a-gyermekek-szexualis-befolyasolasa-a-gendermesekben' rel=' nofollow ' target='_blank'>https:\/\/szabadnem.444.hu\/2020\/10\/13\/alaszallas-a-pokolba-avagy-a-gyermekek-szexualis-befolyasolasa-a-gendermesekben<\/a><\/td>\n                    <td style=\"\">pozit\u00edv<\/td>\n                    <td style=\"\"><\/td>\n                    <td style=\"\"><\/td>\n                    <td style=\"\"><\/td>\n                    <td style=\"\"><\/td>\n            <\/tr>\n            <tr id=\"table_2_row_335\">\n                    <td style=\"\">2020.10.13<\/td>\n                    <td style=\"\"><a href='https:\/\/www.peticiok.com\/' rel=' nofollow ' target='_blank'>https:\/\/www.peticiok.com\/<\/a><\/td>\n                    <td style=\"\">Kozma-Jo\u00f3 Viola<\/td>\n                    <td style=\"\">Ki\u00e1ll\u00e1s Bagdy Em\u0151ke eg\u00e9szs\u00e9ges pszichol\u00f3giai n\u00e9zetei mellett!<\/td>\n                    <td style=\"\">egy\u00e9b<\/td>\n                    <td style=\"\"><a href='https:\/\/www.peticiok.com\/kiallas_bagdy_emke_egeszseges_pszichologiai_nezetei_mellett' rel=' nofollow ' target='_blank'>https:\/\/www.peticiok.com\/kiallas_bagdy_emke_egeszseges_pszichologiai_nezetei_mellett<\/a><\/td>\n                    <td style=\"\">semleges<\/td>\n                    <td style=\"\"><\/td>\n                    <td style=\"\"><\/td>\n                    <td style=\"\"><\/td>\n                    <td style=\"\">Bagdy mellett pet\u00edci\u00f3 (r\u00e9gi)<\/td>\n            <\/tr>\n            <tr id=\"table_2_row_336\">\n                    <td style=\"\">2020.10.13<\/td>\n                    <td style=\"\"><a href='https:\/\/demokrata.hu\/' rel=' nofollow ' target='_blank'>https:\/\/demokrata.hu\/<\/a><\/td>\n                    <td style=\"\"><\/td>\n                    <td style=\"\">LMBTQ-propaganda az \u00f3vod\u00e1ban?<\/td>\n                    <td style=\"\">egy\u00e9b<\/td>\n                    <td style=\"\"><a href='https:\/\/demokrata.hu\/szavazas\/lmbtq-propaganda-az-ovodaban-302729' rel=' nofollow ' target='_blank'>https:\/\/demokrata.hu\/szavazas\/lmbtq-propaganda-az-ovodaban-302729<\/a><\/td>\n                    <td style=\"\">negat\u00edv<\/td>\n                    <td style=\"\"><\/td>\n                    <td style=\"\"><\/td>\n                    <td style=\"\"><\/td>\n                    <td style=\"\">szavaz\u00e1s<\/td>\n            <\/tr>\n            <tr id=\"table_2_row_337\">\n                    <td style=\"\">2020.10.13<\/td>\n                    <td style=\"\"><a href='https:\/\/vadhajtasok.hu\/' rel=' nofollow ' target='_blank'>https:\/\/vadhajtasok.hu\/<\/a><\/td>\n                    <td style=\"\"><\/td>\n                    <td style=\"\">A mez\u0151k\u00f6vesdi \u00f3vod\u00e1kban sem lesz Meseorsz\u00e1g<\/td>\n                    <td style=\"\">h\u00edr, besz\u00e1mol\u00f3, r\u00f6vid cikk<\/td>\n                    <td style=\"\"><a href='https:\/\/vadhajtasok.hu\/2020\/10\/13\/a-mezokovesdi-ovodakban-sem-lesz-meseorszag' rel=' nofollow ' target='_blank'>https:\/\/vadhajtasok.hu\/2020\/10\/13\/a-mezokovesdi-ovodakban-sem-lesz-meseorszag<\/a><\/td>\n                    <td style=\"\">negat\u00edv<\/td>\n                    <td style=\"\"><\/td>\n                    <td style=\"\"><\/td>\n                    <td style=\"\"><\/td>\n                    <td style=\"\"><\/td>\n            <\/tr>\n            <tr id=\"table_2_row_338\">\n                    <td style=\"\">2020.10.13<\/td>\n                    <td style=\"\"><a href='https:\/\/vasarnap.hu\/' rel=' nofollow ' target='_blank'>https:\/\/vasarnap.hu\/<\/a><\/td>\n                    <td style=\"\"><\/td>\n                    <td style=\"\">Teljes \u00e1tver\u00e9s: \u00edgy gy\u0171jtik a kamual\u00e1\u00edr\u00e1sokat Bagdy Em\u0151ke ellen<\/td>\n                    <td style=\"\">h\u00edr, besz\u00e1mol\u00f3, r\u00f6vid cikk<\/td>\n                    <td style=\"\"><a href='https:\/\/vasarnap.hu\/2020\/10\/13\/teljes-atveres-igy-gyujtik-a-kamualairasokat-bagdy-emoke-ellen' rel=' nofollow ' target='_blank'>https:\/\/vasarnap.hu\/2020\/10\/13\/teljes-atveres-igy-gyujtik-a-kamualairasokat-bagdy-emoke-ellen<\/a><\/td>\n                    <td style=\"\">semleges<\/td>\n                    <td style=\"\"><\/td>\n                    <td style=\"\"><\/td>\n                    <td style=\"\"><\/td>\n                    <td style=\"\">Bagdyt v\u00e9dik<\/td>\n            <\/tr>\n            <tr id=\"table_2_row_339\">\n                    <td style=\"\">2020.10.13<\/td>\n                    <td style=\"\"><a href='https:\/\/vasarnap.hu\/' rel=' nofollow ' target='_blank'>https:\/\/vasarnap.hu\/<\/a><\/td>\n                    <td style=\"\">Francesca Rivafinoli<\/td>\n                    <td style=\"\">M\u0171mes\u00e9k helyett \u00e9p csal\u00e1dokat!<\/td>\n                    <td style=\"\">publicisztika<\/td>\n                    <td style=\"\"><a href='https:\/\/vasarnap.hu\/2020\/10\/13\/mumesek-helyett-ep-csaladokat1' rel=' nofollow ' target='_blank'>https:\/\/vasarnap.hu\/2020\/10\/13\/mumesek-helyett-ep-csaladokat1<\/a><\/td>\n                    <td style=\"\">negat\u00edv<\/td>\n                    <td style=\"\"><\/td>\n                    <td style=\"\"><\/td>\n                    <td style=\"\"><\/td>\n                    <td style=\"\"><\/td>\n            <\/tr>\n            <tr id=\"table_2_row_340\">\n                    <td style=\"\">2020.10.13<\/td>\n                    <td style=\"\"><a href='https:\/\/antigender.org\/' rel=' nofollow ' target='_blank'>https:\/\/antigender.org\/<\/a><\/td>\n                    <td style=\"\"><\/td>\n                    <td style=\"\">Kisgyerekek LMBTQ propagand\u00e1val val\u00f3 agymos\u00e1s\u00e1t t\u00e1mogat\u00f3 pszichol\u00f3gusok list\u00e1ja<\/td>\n                    <td style=\"\">h\u00edr, besz\u00e1mol\u00f3, r\u00f6vid cikk<\/td>\n                    <td style=\"\"><a href='https:\/\/antigender.org\/2020\/lmbtq-pszichologusok\/amp\/' rel=' nofollow ' target='_blank'>https:\/\/antigender.org\/2020\/lmbtq-pszichologusok\/amp\/<\/a><\/td>\n                    <td style=\"\">negat\u00edv<\/td>\n                    <td style=\"\"><\/td>\n                    <td style=\"\"><\/td>\n                    <td style=\"\"><\/td>\n                    <td style=\"\">Bagdyt\u00f3l elhat\u00e1rol\u00f3d\u00f3 pszichol\u00f3gusok list\u00e1z\u00e1sa<\/td>\n            <\/tr>\n            <tr id=\"table_2_row_341\">\n                    <td style=\"\">2020.10.13<\/td>\n                    <td style=\"\"><a href='https:\/\/demokrata.hu\/' rel=' nofollow ' target='_blank'>https:\/\/demokrata.hu\/<\/a><\/td>\n                    <td style=\"\">MTI<\/td>\n                    <td style=\"\">Az \"\u00f3vodai LMBTQ-propaganda\" betilt\u00e1s\u00e1t k\u00f6veteli A Mi Haz\u00e1nk<\/td>\n                    <td style=\"\">h\u00edr, besz\u00e1mol\u00f3, r\u00f6vid cikk<\/td>\n                    <td style=\"\"><a href='https:\/\/demokrata.hu\/magyarorszag\/az-ovodai-lmbtq-propaganda-betiltasat-koveteli-a-mi-hazank-302718\/' rel=' nofollow ' target='_blank'>https:\/\/demokrata.hu\/magyarorszag\/az-ovodai-lmbtq-propaganda-betiltasat-koveteli-a-mi-hazank-302718\/<\/a><\/td>\n                    <td style=\"\">negat\u00edv<\/td>\n                    <td style=\"\"><\/td>\n                    <td style=\"\"><\/td>\n                    <td style=\"\"><\/td>\n                    <td style=\"\"><\/td>\n            <\/tr>\n            <tr id=\"table_2_row_342\">\n                    <td style=\"\">2020.10.13<\/td>\n                    <td style=\"\"><a href='https:\/\/nepszava.hu\/' rel=' nofollow ' target='_blank'>https:\/\/nepszava.hu\/<\/a><\/td>\n                    <td style=\"\">P. Szab\u00f3 D\u00e9nes<\/td>\n                    <td style=\"\">Egy mesebotr\u00e1ny st\u00e1ci\u00f3i l\u00e9p\u00e9sr\u0151l l\u00e9p\u00e9sre<\/td>\n                    <td style=\"\">publicisztika<\/td>\n                    <td style=\"\"><a href='https:\/\/nepszava.hu\/3095243_egy-mesebotrany-stacioi-lepesrol-lepesre' rel=' nofollow ' target='_blank'>https:\/\/nepszava.hu\/3095243_egy-mesebotrany-stacioi-lepesrol-lepesre<\/a><\/td>\n                    <td style=\"\">pozit\u00edv<\/td>\n                    <td style=\"\"><\/td>\n                    <td style=\"\"><\/td>\n                    <td style=\"\"><\/td>\n                    <td style=\"\"><\/td>\n            <\/tr>\n            <tr id=\"table_2_row_343\">\n                    <td style=\"\">2020.10.13<\/td>\n                    <td style=\"\"><a href='https:\/\/plakatmagany.transindex.ro\/' rel=' nofollow ' target='_blank'>https:\/\/plakatmagany.transindex.ro\/<\/a><\/td>\n                    <td style=\"\">Szab\u00f3 T. Csaba<\/td>\n                    <td style=\"\">Mire j\u00f3 a mese?<\/td>\n                    <td style=\"\">publicisztika<\/td>\n                    <td style=\"\"><a href='https:\/\/plakatmagany.transindex.ro\/mire-jo-a-mese-konyvdaralas-meseorszag-kulturtortenet-t-szabo-csaba\/' rel=' nofollow ' target='_blank'>https:\/\/plakatmagany.transindex.ro\/mire-jo-a-mese-konyvdaralas-meseorszag-kulturtortenet-t-szabo-csaba\/<\/a><\/td>\n                    <td style=\"\">pozit\u00edv<\/td>\n                    <td style=\"\"><\/td>\n                    <td style=\"\">igen<\/td>\n                    <td style=\"\"><\/td>\n                    <td style=\"\"><\/td>\n            <\/tr>\n            <tr id=\"table_2_row_344\">\n                    <td style=\"\">2020.10.13<\/td>\n                    <td style=\"\"><a href='https:\/\/liget.ro\/' rel=' nofollow ' target='_blank'>https:\/\/liget.ro\/<\/a><\/td>\n                    <td style=\"\">Hajnal Csilla<\/td>\n                    <td style=\"\">Meseorsz\u00e1g, val\u00f3s indulat n\u00e9lk\u00fcl(Ezt a cikket a Ligetr\u00f5l m\u00e1solt\u00e1k: https:\/\/liget.ro\/studio\/meseorszag-valos-indulat-nelkul#)<\/td>\n                    <td style=\"\">interj\u00fa<\/td>\n                    <td style=\"\"><a href='https:\/\/liget.ro\/studio\/meseorszag-valos-indulat-nelkul#' rel=' nofollow ' target='_blank'>https:\/\/liget.ro\/studio\/meseorszag-valos-indulat-nelkul#<\/a><\/td>\n                    <td style=\"\">pozit\u00edv<\/td>\n                    <td style=\"\"><\/td>\n                    <td style=\"\">igen<\/td>\n                    <td style=\"\"><\/td>\n                    <td style=\"\">Interj\u00fa K\u00e1d\u00e1r Annam\u00e1ria pszichol\u00f3gussal<\/td>\n            <\/tr>\n            <tr id=\"table_2_row_345\">\n                    <td style=\"\">2020.10.13<\/td>\n                    <td style=\"\"><a href='https:\/\/momentum.hu\/' rel=' nofollow ' target='_blank'>https:\/\/momentum.hu\/<\/a><\/td>\n                    <td style=\"\">P\u00e1ll G\u00e1bor<\/td>\n                    <td style=\"\">Meseorsz\u00e1g t\u00e9nyleg mindneki\u00e9?<\/td>\n                    <td style=\"\">publicisztika<\/td>\n                    <td style=\"\"><a href='https:\/\/momentum.hu\/meseorszag-tenyleg-mindenkie\/' rel=' nofollow ' target='_blank'>https:\/\/momentum.hu\/meseorszag-tenyleg-mindenkie\/<\/a><\/td>\n                    <td style=\"\">pozit\u00edv<\/td>\n                    <td style=\"\"><\/td>\n                    <td style=\"\"><\/td>\n                    <td style=\"\"><\/td>\n                    <td style=\"\"><\/td>\n            <\/tr>\n            <tr id=\"table_2_row_346\">\n                    <td style=\"\">2020.10.13<\/td>\n                    <td style=\"\"><a href='https:\/\/magyarnemzet.hu\/' rel=' nofollow ' target='_blank'>https:\/\/magyarnemzet.hu\/<\/a><\/td>\n                    <td style=\"\">Pataki Tam\u00e1s<\/td>\n                    <td style=\"\">A pszichol\u00f3gusok \u00e1rul\u00e1sa<\/td>\n                    <td style=\"\">publicisztika<\/td>\n                    <td style=\"\"><a href='https:\/\/magyarnemzet.hu\/ahelyzet\/a-pszichologusok-arulasa-8806544' rel=' nofollow ' target='_blank'>https:\/\/magyarnemzet.hu\/ahelyzet\/a-pszichologusok-arulasa-8806544<\/a><\/td>\n                    <td style=\"\">negat\u00edv<\/td>\n                    <td style=\"\"><\/td>\n                    <td style=\"\"><\/td>\n                    <td style=\"\"><\/td>\n                    <td style=\"\"><\/td>\n            <\/tr>\n            <tr id=\"table_2_row_347\">\n                    <td style=\"\">2020.10.13<\/td>\n                    <td style=\"\"><a href='https:\/\/pestisracok.hu\/' rel=' nofollow ' target='_blank'>https:\/\/pestisracok.hu\/<\/a><\/td>\n                    <td style=\"\"><\/td>\n                    <td style=\"\">Beismerte a Meseorsz\u00e1g mindenki\u00e9 szerkeszt\u0151je, hogy a k\u00f6nyv nem \u00f3vod\u00e1soknak val\u00f3<\/td>\n                    <td style=\"\">h\u00edr, besz\u00e1mol\u00f3, r\u00f6vid cikk<\/td>\n                    <td style=\"\"><a href='https:\/\/pestisracok.hu\/beismerte-a-meseorszag-mindenkie-szerkesztoje-hogy-a-konyv-nem-ovodasoknak-valo\/' rel=' nofollow ' target='_blank'>https:\/\/pestisracok.hu\/beismerte-a-meseorszag-mindenkie-szerkesztoje-hogy-a-konyv-nem-ovodasoknak-valo\/<\/a><\/td>\n                    <td style=\"\">negat\u00edv<\/td>\n                    <td style=\"\"><\/td>\n                    <td style=\"\"><\/td>\n                    <td style=\"\"><\/td>\n                    <td style=\"\"><\/td>\n            <\/tr>\n            <tr id=\"table_2_row_348\">\n                    <td style=\"\">2020.10.13<\/td>\n                    <td style=\"\"><a href='https:\/\/hirtv.hu\/' rel=' nofollow ' target='_blank'>https:\/\/hirtv.hu\/<\/a><\/td>\n                    <td style=\"\"><\/td>\n                    <td style=\"\">Mez\u0151k\u00f6vesd polg\u00e1rmestere is betiltotta a Meseorsz\u00e1g mindenki\u00e9 c\u00edm\u0171 k\u00f6nyvet<\/td>\n                    <td style=\"\">h\u00edr, besz\u00e1mol\u00f3, r\u00f6vid cikk<\/td>\n                    <td style=\"\"><a href='https:\/\/hirtv.hu\/ahirtvhirei\/mezokovesd-polgarmester-is-betiltotta-a-meseorszag-mindenkie-cimu-konyvet-2509938' rel=' nofollow ' target='_blank'>https:\/\/hirtv.hu\/ahirtvhirei\/mezokovesd-polgarmester-is-betiltotta-a-meseorszag-mindenkie-cimu-konyvet-2509938<\/a><\/td>\n                    <td style=\"\">semleges<\/td>\n                    <td style=\"\"><\/td>\n                    <td style=\"\"><\/td>\n                    <td style=\"\"><\/td>\n                    <td style=\"\"><\/td>\n            <\/tr>\n            <tr id=\"table_2_row_349\">\n                    <td style=\"\">2020.10.13<\/td>\n                    <td style=\"\"><a href='http:\/\/egriugyek.hu\/' rel=' nofollow ' target='_blank'>http:\/\/egriugyek.hu\/<\/a><\/td>\n                    <td style=\"\"><\/td>\n                    <td style=\"\">Eger szomsz\u00e9ds\u00e1g\u00e1ba is el\u00e9rt a mesek\u00f6nyv-hiszti, betiltott\u00e1k az \u00f3vod\u00e1kban<\/td>\n                    <td style=\"\">h\u00edr, besz\u00e1mol\u00f3, r\u00f6vid cikk<\/td>\n                    <td style=\"\"><a href='http:\/\/egriugyek.hu\/a-kornyek-ugye\/eger-szomszedsagaba-is-elert-a-mesekonyv-hiszti-betiltottak-az-ovodakban' rel=' nofollow ' target='_blank'>http:\/\/egriugyek.hu\/a-kornyek-ugye\/eger-szomszedsagaba-is-elert-a-mesekonyv-hiszti-betiltottak-az-ovodakban<\/a><\/td>\n                    <td style=\"\">semleges<\/td>\n                    <td style=\"\"><\/td>\n                    <td style=\"\"><\/td>\n                    <td style=\"\"><\/td>\n                    <td style=\"\"><\/td>\n            <\/tr>\n            <tr id=\"table_2_row_350\">\n                    <td style=\"\">2020.10.13<\/td>\n                    <td style=\"\"><a href='https:\/\/www.erdely.ma\/' rel=' nofollow ' target='_blank'>https:\/\/www.erdely.ma\/<\/a><\/td>\n                    <td style=\"\">Borb\u00e9ly Zsolt Attila<\/td>\n                    <td style=\"\">\u201eHagyj\u00e1k b\u00e9k\u00e9n a gyerekeinket!\u201d<\/td>\n                    <td style=\"\">v\u00e9lem\u00e9ny<\/td>\n                    <td style=\"\"><a href='https:\/\/www.erdely.ma\/hagyjak-beken-a-gyerekeinket\/' rel=' nofollow ' target='_blank'>https:\/\/www.erdely.ma\/hagyjak-beken-a-gyerekeinket\/<\/a><\/td>\n                    <td style=\"\">negat\u00edv<\/td>\n                    <td style=\"\"><\/td>\n                    <td style=\"\"><\/td>\n                    <td style=\"\"><\/td>\n                    <td style=\"\"><\/td>\n            <\/tr>\n            <tr id=\"table_2_row_351\">\n                    <td style=\"\">2020.10.14<\/td>\n                    <td style=\"\"><a href='https:\/\/tilos.hu\/' rel=' nofollow ' target='_blank'>https:\/\/tilos.hu\/<\/a><\/td>\n                    <td style=\"\"><\/td>\n                    <td style=\"\">Szappanopera helyett<\/td>\n                    <td style=\"\">r\u00e1di\u00f3<\/td>\n                    <td style=\"\"><a href='https:\/\/tilos.hu\/show\/szappanopera-helyett\/archive\/2020\/4' rel=' nofollow ' target='_blank'>https:\/\/tilos.hu\/show\/szappanopera-helyett\/archive\/2020\/4<\/a><\/td>\n                    <td style=\"\">pozit\u00edv<\/td>\n                    <td style=\"\"><\/td>\n                    <td style=\"\"><\/td>\n                    <td style=\"\"><\/td>\n                    <td style=\"\"><\/td>\n            <\/tr>\n            <tr id=\"table_2_row_352\">\n                    <td style=\"\">2020.10.14<\/td>\n                    <td style=\"\"><a href='https:\/\/magyarnemzet.hu\/' rel=' nofollow ' target='_blank'>https:\/\/magyarnemzet.hu\/<\/a><\/td>\n                    <td style=\"\">Hegyi Zolt\u00e1n<\/td>\n                    <td style=\"\">Megy-e k\u00f6nyvek \u00e1ltal?<\/td>\n                    <td style=\"\">h\u00edr, r\u00f6vid cikk<\/td>\n                    <td style=\"\"><a href='https:\/\/magyarnemzet.hu\/velemeny\/megy-e-konyvek-altal-8806130\/' rel=' nofollow ' target='_blank'>https:\/\/magyarnemzet.hu\/velemeny\/megy-e-konyvek-altal-8806130\/<\/a><\/td>\n                    <td style=\"\">negat\u00edv<\/td>\n                    <td style=\"\"><\/td>\n                    <td style=\"\"><\/td>\n                    <td style=\"\"><\/td>\n                    <td style=\"\"><\/td>\n            <\/tr>\n            <tr id=\"table_2_row_353\">\n                    <td style=\"\">2020.10.14<\/td>\n                    <td style=\"\"><a href='https:\/\/hvg.hu\/' rel=' nofollow ' target='_blank'>https:\/\/hvg.hu\/<\/a><\/td>\n                    <td style=\"\">Limp\u00e1r Ildik\u00f3<\/td>\n                    <td style=\"\">Kinek f\u00e1j, ha a H\u00e9tfej\u0171 T\u00fcnd\u00e9r szem\u00e9ben megl\u00e1tjuk szebbik \u00f6nmagunk?<\/td>\n                    <td style=\"\">h\u00edr, besz\u00e1mol\u00f3, r\u00f6vid cikk<\/td>\n                    <td style=\"\"><a href='https:\/\/hvg.hu\/360\/20201014_Kinek_faj_ha_a_Hetfeju_Tunder_szemeben_meglatjuk_szebbik_onmagunk' rel=' nofollow ' target='_blank'>https:\/\/hvg.hu\/360\/20201014_Kinek_faj_ha_a_Hetfeju_Tunder_szemeben_meglatjuk_szebbik_onmagunk<\/a><\/td>\n                    <td style=\"\"><\/td>\n                    <td style=\"\"><\/td>\n                    <td style=\"\"><\/td>\n                    <td style=\"\"><\/td>\n                    <td style=\"\"><\/td>\n            <\/tr>\n            <tr id=\"table_2_row_354\">\n                    <td style=\"\">2020.10.14<\/td>\n                    <td style=\"\"><a href='https:\/\/nokert.hu\/' rel=' nofollow ' target='_blank'>https:\/\/nokert.hu\/<\/a><\/td>\n                    <td style=\"\">Antoni Rita<\/td>\n                    <td style=\"\">Meseorsz\u00e1g mindenki\u00e9: most m\u00e1r az is baj, hogy n\u0151k \u00edrt\u00e1k<\/td>\n                    <td style=\"\">publicisztika<\/td>\n                    <td style=\"\"><a href='https:\/\/nokert.hu\/sze-20201014-2347\/3022\/6\/meseorszag-mindenkie-most-mar-az-baj-hogy-nok-irtak' rel=' nofollow ' target='_blank'>https:\/\/nokert.hu\/sze-20201014-2347\/3022\/6\/meseorszag-mindenkie-most-mar-az-baj-hogy-nok-irtak<\/a><\/td>\n                    <td style=\"\">pozit\u00edv<\/td>\n                    <td style=\"\"><\/td>\n                    <td style=\"\"><\/td>\n                    <td style=\"\"><\/td>\n                    <td style=\"\"><\/td>\n            <\/tr>\n            <tr id=\"table_2_row_355\">\n                    <td style=\"\">2020.10.14<\/td>\n                    <td style=\"\"><a href='https:\/\/f21.hu\/' rel=' nofollow ' target='_blank'>https:\/\/f21.hu\/<\/a><\/td>\n                    <td style=\"\"><\/td>\n                    <td style=\"\">Kultur\u00e1lis \u00f6sszefog\u00e1s a k\u00f6nyvek megsemmis\u00edt\u00e9se ellen<\/td>\n                    <td style=\"\">h\u00edr, besz\u00e1mol\u00f3, r\u00f6vid cikk<\/td>\n                    <td style=\"\"><a href='https:\/\/f21.hu\/irodalom\/kulturalis-osszefogas-a-konyvek-megsemmisitese-ellen\/' rel=' nofollow ' target='_blank'>https:\/\/f21.hu\/irodalom\/kulturalis-osszefogas-a-konyvek-megsemmisitese-ellen\/<\/a><\/td>\n                    <td style=\"\">semleges<\/td>\n                    <td style=\"\"><\/td>\n                    <td style=\"\"><\/td>\n                    <td style=\"\"><\/td>\n                    <td style=\"\"><\/td>\n            <\/tr>\n            <tr id=\"table_2_row_356\">\n                    <td style=\"\">2020.10.14<\/td>\n                    <td style=\"\"><a href='https:\/\/helsinkifigyelo.444.hu\/' rel=' nofollow ' target='_blank'>https:\/\/helsinkifigyelo.444.hu\/<\/a><\/td>\n                    <td style=\"\">presshelsinki<\/td>\n                    <td style=\"\">Meseh\u00e1bor\u00fa<\/td>\n                    <td style=\"\">publicisztika<\/td>\n                    <td style=\"\"><a href='https:\/\/helsinkifigyelo.444.hu\/2020\/10\/14\/mesehaboru' rel=' nofollow ' target='_blank'>https:\/\/helsinkifigyelo.444.hu\/2020\/10\/14\/mesehaboru<\/a><\/td>\n                    <td style=\"\">pozit\u00edv<\/td>\n                    <td style=\"\"><\/td>\n                    <td style=\"\"><\/td>\n                    <td style=\"\"><\/td>\n                    <td style=\"\"><\/td>\n            <\/tr>\n            <tr id=\"table_2_row_357\">\n                    <td style=\"\">2020.10.14<\/td>\n                    <td style=\"\"><a href='https:\/\/168ora.hu\/' rel=' nofollow ' target='_blank'>https:\/\/168ora.hu\/<\/a><\/td>\n                    <td style=\"\"><\/td>\n                    <td style=\"\">Szentesi Z\u00f6ldi csak a kuk\u00e1ba dobta volna a mesek\u00f6nyvet, nem dar\u00e1lta volna le<\/td>\n                    <td style=\"\">h\u00edr, besz\u00e1mol\u00f3, r\u00f6vid cikk<\/td>\n                    <td style=\"\"><a href='https:\/\/168ora.hu\/itthon\/szentesi-zoldi-csak-a-kukaba-dobta-volna-a-mesekonyvet-nem-daralta-volna-le-193350' rel=' nofollow ' target='_blank'>https:\/\/168ora.hu\/itthon\/szentesi-zoldi-csak-a-kukaba-dobta-volna-a-mesekonyvet-nem-daralta-volna-le-193350<\/a><\/td>\n                    <td style=\"\">semleges<\/td>\n                    <td style=\"\"><\/td>\n                    <td style=\"\"><\/td>\n                    <td style=\"\"><\/td>\n                    <td style=\"\"><\/td>\n            <\/tr>\n            <tr id=\"table_2_row_358\">\n                    <td style=\"\">2020.10.14<\/td>\n                    <td style=\"\"><a href='https:\/\/azonnali.hu\/' rel=' nofollow ' target='_blank'>https:\/\/azonnali.hu\/<\/a><\/td>\n                    <td style=\"\">\u00c1goston D\u00e1niel<\/td>\n                    <td style=\"\">Mi j\u00f6het a k\u00f6nyvdar\u00e1l\u00e1s ut\u00e1n<\/td>\n                    <td style=\"\">publicisztika<\/td>\n                    <td style=\"\"><a href='https:\/\/azonnali.hu\/cikk\/20201014_mi-johet-a-konyvdaralas-utan' rel=' nofollow ' target='_blank'>https:\/\/azonnali.hu\/cikk\/20201014_mi-johet-a-konyvdaralas-utan<\/a><\/td>\n                    <td style=\"\">pozit\u00edv<\/td>\n                    <td style=\"\"><\/td>\n                    <td style=\"\"><\/td>\n                    <td style=\"\"><\/td>\n                    <td style=\"\"><\/td>\n            <\/tr>\n            <tr id=\"table_2_row_359\">\n                    <td style=\"\">2020.10.14<\/td>\n                    <td style=\"\"><a href='https:\/\/www.facebook.com\/' rel=' nofollow ' target='_blank'>https:\/\/www.facebook.com\/<\/a><\/td>\n                    <td style=\"\">Szentesi Z\u00f6ldi L\u00e1szl\u00f3<\/td>\n                    <td style=\"\">K\u00f6nyv\u00e9get\u00e9s<\/td>\n                    <td style=\"\">FB-poszt<\/td>\n                    <td style=\"\"><a href='https:\/\/www.facebook.com\/szentesizoldi\/posts\/691756274792491' rel=' nofollow ' target='_blank'>https:\/\/www.facebook.com\/szentesizoldi\/posts\/691756274792491<\/a><\/td>\n                    <td style=\"\">negat\u00edv<\/td>\n                    <td style=\"\">fb<\/td>\n                    <td style=\"\"><\/td>\n                    <td style=\"\"><\/td>\n                    <td style=\"\"><\/td>\n            <\/tr>\n            <tr id=\"table_2_row_360\">\n                    <td style=\"\">2020.10.14<\/td>\n                    <td style=\"\"><a href='https:\/\/dunszt.sk\/' rel=' nofollow ' target='_blank'>https:\/\/dunszt.sk\/<\/a><\/td>\n                    <td style=\"\">Eva Andrej\u010d\u00e1kov\u00e1<\/td>\n                    <td style=\"\">Poslanky\u0148a za krajn\u00fa pravicu trh\u00e1 a skartuje rozpr\u00e1vkov\u00e9 knihy<\/td>\n                    <td style=\"\">publicisztika<\/td>\n                    <td style=\"\"><a href='https:\/\/dunszt.sk\/2020\/10\/14\/poslankyna-krajnej-pravice-trha-a-skartuje-rozpravkove-knihy\/' rel=' nofollow ' target='_blank'>https:\/\/dunszt.sk\/2020\/10\/14\/poslankyna-krajnej-pravice-trha-a-skartuje-rozpravkove-knihy\/<\/a><\/td>\n                    <td style=\"\">pozit\u00edv<\/td>\n                    <td style=\"\"><\/td>\n                    <td style=\"\">igen<\/td>\n                    <td style=\"\">szlov\u00e1k<\/td>\n                    <td style=\"\"><\/td>\n            <\/tr>\n            <tr id=\"table_2_row_361\">\n                    <td style=\"\">2020.10.14<\/td>\n                    <td style=\"\"><a href='https:\/\/www.feliciter.hu\/' rel=' nofollow ' target='_blank'>https:\/\/www.feliciter.hu\/<\/a><\/td>\n                    <td style=\"\"><\/td>\n                    <td style=\"\">Meseorsz\u00e1g mindenki\u00e9<\/td>\n                    <td style=\"\">h\u00edr, besz\u00e1mol\u00f3, r\u00f6vid cikk<\/td>\n                    <td style=\"\"><a href='https:\/\/www.feliciter.hu\/meseorszag-mindenkie' rel=' nofollow ' target='_blank'>https:\/\/www.feliciter.hu\/meseorszag-mindenkie<\/a><\/td>\n                    <td style=\"\">pozit\u00edv<\/td>\n                    <td style=\"\">fb<\/td>\n                    <td style=\"\"><\/td>\n                    <td style=\"\"><\/td>\n                    <td style=\"\"><\/td>\n            <\/tr>\n            <tr id=\"table_2_row_362\">\n                    <td style=\"\">2020.10.15<\/td>\n                    <td style=\"\"><a href='https:\/\/hvg.hu\/' rel=' nofollow ' target='_blank'>https:\/\/hvg.hu\/<\/a><\/td>\n                    <td style=\"\"><\/td>\n                    <td style=\"\">\u201eNe engedj\u00fck, hogy levad\u00e1ssz\u00e1k v\u00e9lem\u00e9nydikt\u00e1torok\u201d \u2013 Bagdy Em\u0151ke mellett indult pet\u00edci\u00f3<\/td>\n                    <td style=\"\">h\u00edr, besz\u00e1mol\u00f3, r\u00f6vid cikk<\/td>\n                    <td style=\"\"><a href='https:\/\/hvg.hu\/elet\/20201013_Ne_engedjuk_hogy_levadasszak_velemenydiktatorok__Bagdy_Emoke_mellett_indult_peticio' rel=' nofollow ' target='_blank'>https:\/\/hvg.hu\/elet\/20201013_Ne_engedjuk_hogy_levadasszak_velemenydiktatorok__Bagdy_Emoke_mellett_indult_peticio<\/a><\/td>\n                    <td style=\"\"><\/td>\n                    <td style=\"\"><\/td>\n                    <td style=\"\"><\/td>\n                    <td style=\"\"><\/td>\n                    <td style=\"\"><\/td>\n            <\/tr>\n            <tr id=\"table_2_row_363\">\n                    <td style=\"\">2020.10.15<\/td>\n                    <td style=\"\"><a href='https:\/\/hvg.hu\/' rel=' nofollow ' target='_blank'>https:\/\/hvg.hu\/<\/a><\/td>\n                    <td style=\"\"><\/td>\n                    <td style=\"\">Gyarmathy \u00c9va: A mes\u00e9k \u00e9s a k\u00e9sztet\u00e9sek hatalma<\/td>\n                    <td style=\"\">publicisztika<\/td>\n                    <td style=\"\"><a href='https:\/\/hvg.hu\/elet\/20201013_Gyarmathy_Eva_A_kesztetesek_hatalma' rel=' nofollow ' target='_blank'>https:\/\/hvg.hu\/elet\/20201013_Gyarmathy_Eva_A_kesztetesek_hatalma<\/a><\/td>\n                    <td style=\"\">pozit\u00edv<\/td>\n                    <td style=\"\"><\/td>\n                    <td style=\"\"><\/td>\n                    <td style=\"\"><\/td>\n                    <td style=\"\"><\/td>\n            <\/tr>\n            <tr id=\"table_2_row_364\">\n                    <td style=\"\">2020.10.15<\/td>\n                    <td style=\"\"><a href='https:\/\/hirklikk.hu\/' rel=' nofollow ' target='_blank'>https:\/\/hirklikk.hu\/<\/a><\/td>\n                    <td style=\"\">NVZS<\/td>\n                    <td style=\"\">Fortyog a pszichol\u00f3gus szakma, t\u00e1mad a korm\u00e1nyoldal<\/td>\n                    <td style=\"\">h\u00edr, r\u00f6vid cikk<\/td>\n                    <td style=\"\"><a href='https:\/\/hirklikk.hu\/kozelet\/fortyog-a-pszichologus-szakma-tamad-a-kormanyoldal\/371136' rel=' nofollow ' target='_blank'>https:\/\/hirklikk.hu\/kozelet\/fortyog-a-pszichologus-szakma-tamad-a-kormanyoldal\/371136<\/a><\/td>\n                    <td style=\"\">semleges<\/td>\n                    <td style=\"\"><\/td>\n                    <td style=\"\"><\/td>\n                    <td style=\"\"><\/td>\n                    <td style=\"\"><\/td>\n            <\/tr>\n            <tr id=\"table_2_row_365\">\n                    <td style=\"\">2020.10.15<\/td>\n                    <td style=\"\"><a href='https:\/\/www.klubradio.hu\/' rel=' nofollow ' target='_blank'>https:\/\/www.klubradio.hu\/<\/a><\/td>\n                    <td style=\"\"><\/td>\n                    <td style=\"\">Bonyolult dolgok<\/td>\n                    <td style=\"\">r\u00e1di\u00f3<\/td>\n                    <td style=\"\"><a href='https:\/\/www.klubradio.hu\/adasok\/mitol-lesz-egy-gyerek-elfogado-114265' rel=' nofollow ' target='_blank'>https:\/\/www.klubradio.hu\/adasok\/mitol-lesz-egy-gyerek-elfogado-114265<\/a><\/td>\n                    <td style=\"\">pozit\u00edv<\/td>\n                    <td style=\"\"><\/td>\n                    <td style=\"\"><\/td>\n                    <td style=\"\"><\/td>\n                    <td style=\"\"><\/td>\n            <\/tr>\n            <tr id=\"table_2_row_366\">\n                    <td style=\"\">2020.10.15<\/td>\n                    <td style=\"\"><a href='https:\/\/magyarnarancs.hu\/' rel=' nofollow ' target='_blank'>https:\/\/magyarnarancs.hu\/<\/a><\/td>\n                    <td style=\"\">Gerevich Andr\u00e1s<\/td>\n                    <td style=\"\">Gyerekkor mes\u00e9k n\u00e9lk\u00fcl. Megismerni, elfogadni \u00e9s meg\u00e9lni a homoszexualit\u00e1st<\/td>\n                    <td style=\"\">publicisztika<\/td>\n                    <td style=\"\"><a href='https:\/\/magyarnarancs.hu\/publicisztika\/gyerekkor-mesek-nelkul-134013' rel=' nofollow ' target='_blank'>https:\/\/magyarnarancs.hu\/publicisztika\/gyerekkor-mesek-nelkul-134013<\/a><\/td>\n                    <td style=\"\">pozit\u00edv<\/td>\n                    <td style=\"\"><\/td>\n                    <td style=\"\"><\/td>\n                    <td style=\"\"><\/td>\n                    <td style=\"\"><\/td>\n            <\/tr>\n            <tr id=\"table_2_row_367\">\n                    <td style=\"\">2020.10.15<\/td>\n                    <td style=\"\"><a href='https:\/\/magyarnarancs.hu\/' rel=' nofollow ' target='_blank'>https:\/\/magyarnarancs.hu\/<\/a><\/td>\n                    <td style=\"\">Pusk\u00e1s Panni<\/td>\n                    <td style=\"\">A v\u00f6r\u00f6s vonal<\/td>\n                    <td style=\"\">recenzi\u00f3<\/td>\n                    <td style=\"\"><a href='https:\/\/magyarnarancs.hu\/szinhaz2\/a-voros-vonal-134006' rel=' nofollow ' target='_blank'>https:\/\/magyarnarancs.hu\/szinhaz2\/a-voros-vonal-134006<\/a><\/td>\n                    <td style=\"\">pozit\u00edv<\/td>\n                    <td style=\"\"><\/td>\n                    <td style=\"\"><\/td>\n                    <td style=\"\"><\/td>\n                    <td style=\"\">A K2 Sz\u00ednh\u00e1z \"Meseorsz\u00e1g valakik\u00e9\" c. el\u0151ad\u00e1s\u00e1r\u00f3l<\/td>\n            <\/tr>\n            <tr id=\"table_2_row_368\">\n                    <td style=\"\">2020.10.15<\/td>\n                    <td style=\"\"><a href='https:\/\/www.veol.hu\/' rel=' nofollow ' target='_blank'>https:\/\/www.veol.hu\/<\/a><\/td>\n                    <td style=\"\"><\/td>\n                    <td style=\"\">A magyarok t\u00f6bbs\u00e9ge szerint nem val\u00f3 az \u00f3vod\u00e1kba \u00e9s az iskol\u00e1kba az LMBTQ-\u00e9rz\u00e9keny\u00edt\u00e9s<\/td>\n                    <td style=\"\">h\u00edr, besz\u00e1mol\u00f3, r\u00f6vid cikk<\/td>\n                    <td style=\"\"><a href='https:\/\/www.veol.hu\/orszag-vilag\/a-magyarok-tobbsege-szerint-nem-valo-az-ovodakba-es-az-iskolakba-az-lmbtq-erzekenyites-4111717\/' rel=' nofollow ' target='_blank'>https:\/\/www.veol.hu\/orszag-vilag\/a-magyarok-tobbsege-szerint-nem-valo-az-ovodakba-es-az-iskolakba-az-lmbtq-erzekenyites-4111717\/<\/a><\/td>\n                    <td style=\"\">negat\u00edv<\/td>\n                    <td style=\"\"><\/td>\n                    <td style=\"\"><\/td>\n                    <td style=\"\"><\/td>\n                    <td style=\"\"><\/td>\n            <\/tr>\n            <tr id=\"table_2_row_369\">\n                    <td style=\"\">2020.10.15<\/td>\n                    <td style=\"\"><a href='https:\/\/qlit.hu\/' rel=' nofollow ' target='_blank'>https:\/\/qlit.hu\/<\/a><\/td>\n                    <td style=\"\">Szl\u00e1vi Anna<\/td>\n                    <td style=\"\">Te is h\u0151s vagy! A qLit Meseorsz\u00e1gban j\u00e1rt<\/td>\n                    <td style=\"\">recenzi\u00f3<\/td>\n                    <td style=\"\"><a href='https:\/\/qlit.hu\/te-is-hos-vagy-meseorszag-mindenkie\/' rel=' nofollow ' target='_blank'>https:\/\/qlit.hu\/te-is-hos-vagy-meseorszag-mindenkie\/<\/a><\/td>\n                    <td style=\"\">pozit\u00edv<\/td>\n                    <td style=\"\"><\/td>\n                    <td style=\"\"><\/td>\n                    <td style=\"\"><\/td>\n                    <td style=\"\"><\/td>\n            <\/tr>\n            <tr id=\"table_2_row_370\">\n                    <td style=\"\">2020.10.15<\/td>\n                    <td style=\"\"><a href='https:\/\/magyarnemzet.hu\/' rel=' nofollow ' target='_blank'>https:\/\/magyarnemzet.hu\/<\/a><\/td>\n                    <td style=\"\">T\u00e1rk\u00e1nyi \u00c1kos<\/td>\n                    <td style=\"\">Politiz\u00e1l\u00f3 tudom\u00e1nyoss\u00e1g<\/td>\n                    <td style=\"\">publicisztika<\/td>\n                    <td style=\"\"><a href='https:\/\/magyarnemzet.hu\/velemeny\/politizalo-tudomanyossag-8811716\/' rel=' nofollow ' target='_blank'>https:\/\/magyarnemzet.hu\/velemeny\/politizalo-tudomanyossag-8811716\/<\/a><\/td>\n                    <td style=\"\">negat\u00edv<\/td>\n                    <td style=\"\"><\/td>\n                    <td style=\"\"><\/td>\n                    <td style=\"\"><\/td>\n                    <td style=\"\"><\/td>\n            <\/tr>\n            <tr id=\"table_2_row_371\">\n                    <td style=\"\">2020.10.15<\/td>\n                    <td style=\"\"><a href='https:\/\/magyarnemzet.hu\/' rel=' nofollow ' target='_blank'>https:\/\/magyarnemzet.hu\/<\/a><\/td>\n                    <td style=\"\"><\/td>\n                    <td style=\"\">Nov\u00e1k Katalin: Soha nem olvasn\u00e9k ilyen mesek\u00f6nyvb\u0151l a gyermekeimnek<\/td>\n                    <td style=\"\">interj\u00fa<\/td>\n                    <td style=\"\"><a href='https:\/\/magyarnemzet.hu\/belfold\/novak-katalin-soha-nem-olvasnek-ilyen-mesekonyvbol-a-gyermekeimnek-8813261\/' rel=' nofollow ' target='_blank'>https:\/\/magyarnemzet.hu\/belfold\/novak-katalin-soha-nem-olvasnek-ilyen-mesekonyvbol-a-gyermekeimnek-8813261\/<\/a><\/td>\n                    <td style=\"\">negat\u00edv<\/td>\n                    <td style=\"\"><\/td>\n                    <td style=\"\"><\/td>\n                    <td style=\"\"><\/td>\n                    <td style=\"\"><\/td>\n            <\/tr>\n            <tr id=\"table_2_row_372\">\n                    <td style=\"\">2020.10.15<\/td>\n                    <td style=\"\"><a href='https:\/\/hvg.hu\/' rel=' nofollow ' target='_blank'>https:\/\/hvg.hu\/<\/a><\/td>\n                    <td style=\"\">Szekeres Zsolt<\/td>\n                    <td style=\"\">Magyarorsz\u00e1g mindenki\u00e9, a melegek\u00e9 is, a val\u00f3s\u00e1got ledar\u00e1lni nem lehet<\/td>\n                    <td style=\"\">publicisztika<\/td>\n                    <td style=\"\"><a href='https:\/\/hvg.hu\/360\/202042_a_valosagot_ledaralni_nem_lehet' rel=' nofollow ' target='_blank'>https:\/\/hvg.hu\/360\/202042_a_valosagot_ledaralni_nem_lehet<\/a><\/td>\n                    <td style=\"\">pozit\u00edv<\/td>\n                    <td style=\"\"><\/td>\n                    <td style=\"\"><\/td>\n                    <td style=\"\"><\/td>\n                    <td style=\"\"><\/td>\n            <\/tr>\n            <tr id=\"table_2_row_373\">\n                    <td style=\"\">2020.10.15<\/td>\n                    <td style=\"\"><a href='https:\/\/www.debreciner.hu\/' rel=' nofollow ' target='_blank'>https:\/\/www.debreciner.hu\/<\/a><\/td>\n                    <td style=\"\">Polg\u00e1r T\u00f3th Tam\u00e1s<\/td>\n                    <td style=\"\">\u201eM\u00e9rgez\u0151 az a t\u00e1rsadalmi k\u00f6zeg, amely arra k\u00e9nyszer\u00edti tagjait, hogy tagadj\u00e1k meg \u00f6nmagukat\u201d \u2013 \u00c1fra J\u00e1nos a mesebotr\u00e1nyr\u00f3l<\/td>\n                    <td style=\"\">interj\u00fa<\/td>\n                    <td style=\"\"><a href='https:\/\/www.debreciner.hu\/cikk\/3700_mergezo_az_a_tarsadalmi_kozeg_amely_arra_kenyszeriti_a' rel=' nofollow ' target='_blank'>https:\/\/www.debreciner.hu\/cikk\/3700_mergezo_az_a_tarsadalmi_kozeg_amely_arra_kenyszeriti_a<\/a><\/td>\n                    <td style=\"\">pozit\u00edv<\/td>\n                    <td style=\"\"><\/td>\n                    <td style=\"\"><\/td>\n                    <td style=\"\"><\/td>\n                    <td style=\"\"><\/td>\n            <\/tr>\n            <tr id=\"table_2_row_374\">\n                    <td style=\"\">2020.10.15<\/td>\n                    <td style=\"\"><a href='https:\/\/ma7.sk\/' rel=' nofollow ' target='_blank'>https:\/\/ma7.sk\/<\/a><\/td>\n                    <td style=\"\">K\u00f6vesdi K\u00e1roly<\/td>\n                    <td style=\"\">Meleg\u00edtett mes\u00e9k<\/td>\n                    <td style=\"\">publicisztika<\/td>\n                    <td style=\"\"><a href='https:\/\/ma7.sk\/hethatar\/melegitett-mesek' rel=' nofollow ' target='_blank'>https:\/\/ma7.sk\/hethatar\/melegitett-mesek<\/a><\/td>\n                    <td style=\"\">negat\u00edv<\/td>\n                    <td style=\"\"><\/td>\n                    <td style=\"\"><\/td>\n                    <td style=\"\"><\/td>\n                    <td style=\"\"><\/td>\n            <\/tr>\n            <tr id=\"table_2_row_375\">\n                    <td style=\"\">2020.10.15<\/td>\n                    <td style=\"\"><a href='https:\/\/magyarnemzet.hu\/' rel=' nofollow ' target='_blank'>https:\/\/magyarnemzet.hu\/<\/a><\/td>\n                    <td style=\"\"><\/td>\n                    <td style=\"\">A magyarok t\u00f6bbs\u00e9ge szerint nem val\u00f3 az \u00f3vod\u00e1kba az LMBTQ-\u00e9rz\u00e9keny\u00edt\u00e9s<\/td>\n                    <td style=\"\">h\u00edr, besz\u00e1mol\u00f3, r\u00f6vid cikk<\/td>\n                    <td style=\"\"><a href='https:\/\/magyarnemzet.hu\/belfold\/a-magyarok-tobbsege-szerint-nem-valo-az-ovodakba-az-lmbtq-erzekenyites-8813522\/' rel=' nofollow ' target='_blank'>https:\/\/magyarnemzet.hu\/belfold\/a-magyarok-tobbsege-szerint-nem-valo-az-ovodakba-az-lmbtq-erzekenyites-8813522\/<\/a><\/td>\n                    <td style=\"\">negat\u00edv<\/td>\n                    <td style=\"\"><\/td>\n                    <td style=\"\"><\/td>\n                    <td style=\"\"><\/td>\n                    <td style=\"\"><\/td>\n            <\/tr>\n            <tr id=\"table_2_row_376\">\n                    <td style=\"\">2020.10.15<\/td>\n                    <td style=\"\"><a href='https:\/\/magyarnemzet.hu\/' rel=' nofollow ' target='_blank'>https:\/\/magyarnemzet.hu\/<\/a><\/td>\n                    <td style=\"\">Elek Nikoletta<\/td>\n                    <td style=\"\">Nem el\u0151sz\u00f6r t\u00e1madj\u00e1k a liber\u00e1lisok Bagdy Em\u0151k\u00e9t<\/td>\n                    <td style=\"\">h\u00edr, besz\u00e1mol\u00f3, r\u00f6vid cikk<\/td>\n                    <td style=\"\"><a href='https:\/\/magyarnemzet.hu\/belfold\/nem-eloszor-tamadjak-a-liberalisok-bagdy-emoket-8811551\/' rel=' nofollow ' target='_blank'>https:\/\/magyarnemzet.hu\/belfold\/nem-eloszor-tamadjak-a-liberalisok-bagdy-emoket-8811551\/<\/a><\/td>\n                    <td style=\"\">negat\u00edv<\/td>\n                    <td style=\"\"><\/td>\n                    <td style=\"\"><\/td>\n                    <td style=\"\"><\/td>\n                    <td style=\"\"><\/td>\n            <\/tr>\n            <tr id=\"table_2_row_377\">\n                    <td style=\"\">2020.10.16<\/td>\n                    <td style=\"\"><a href='https:\/\/www.es.hu\/' rel=' nofollow ' target='_blank'>https:\/\/www.es.hu\/<\/a><\/td>\n                    <td style=\"\">Lov\u00e1sz Andrea<\/td>\n                    <td style=\"\">\u201eEg\u00e9sz vil\u00e1g ellens\u00e9g\u00fcnk...\"<\/td>\n                    <td style=\"\">recenzi\u00f3<\/td>\n                    <td style=\"\"><a href='https:\/\/www.es.hu\/cikk\/2020-10-16\/lovasz-andrea\/egesz-vilag-ellensegunk.html' rel=' nofollow ' target='_blank'>https:\/\/www.es.hu\/cikk\/2020-10-16\/lovasz-andrea\/egesz-vilag-ellensegunk.html<\/a><\/td>\n                    <td style=\"\">negat\u00edv<\/td>\n                    <td style=\"\"><\/td>\n                    <td style=\"\"><\/td>\n                    <td style=\"\"><\/td>\n                    <td style=\"\"><\/td>\n            <\/tr>\n            <tr id=\"table_2_row_378\">\n                    <td style=\"\">2020.10.16<\/td>\n                    <td style=\"\"><a href='https:\/\/m.hvg.hu\/' rel=' nofollow ' target='_blank'>https:\/\/m.hvg.hu\/<\/a><\/td>\n                    <td style=\"\"><\/td>\n                    <td style=\"\">Bagdy Em\u0151ke elhat\u00e1rol\u00f3dik minden olyan cselekedett\u0151l, amely m\u00e1s emberek kirekeszt\u00e9s\u00e9hez vezet<\/td>\n                    <td style=\"\">h\u00edr, besz\u00e1mol\u00f3, r\u00f6vid cikk<\/td>\n                    <td style=\"\"><a href='https:\/\/m.hvg.hu\/elet\/20201016_Bagdy_Emoke_kozlemeny' rel=' nofollow ' target='_blank'>https:\/\/m.hvg.hu\/elet\/20201016_Bagdy_Emoke_kozlemeny<\/a><\/td>\n                    <td style=\"\">semleges<\/td>\n                    <td style=\"\"><\/td>\n                    <td style=\"\"><\/td>\n                    <td style=\"\"><\/td>\n                    <td style=\"\"><\/td>\n            <\/tr>\n            <tr id=\"table_2_row_379\">\n                    <td style=\"\">2020.10.16<\/td>\n                    <td style=\"\"><a href='https:\/\/hlo.hu\/' rel=' nofollow ' target='_blank'>https:\/\/hlo.hu\/<\/a><\/td>\n                    <td style=\"\">Gy\u0151ri Enik\u0151<\/td>\n                    <td style=\"\">Anna Borgos: It was important for children of different minorities to read heroes they can identify with<\/td>\n                    <td style=\"\">interj\u00fa<\/td>\n                    <td style=\"\"><a href='https:\/\/hlo.hu\/interview\/anna-borgos-heroes-with-whom-they-can-identify.html' rel=' nofollow ' target='_blank'>https:\/\/hlo.hu\/interview\/anna-borgos-heroes-with-whom-they-can-identify.html<\/a><\/td>\n                    <td style=\"\">pozit\u00edv<\/td>\n                    <td style=\"\"><\/td>\n                    <td style=\"\">igen<\/td>\n                    <td style=\"\">angol<\/td>\n                    <td style=\"\">a litera.hu-n okt. 6-\u00e1n megjelent interj\u00fa ford\u00edt\u00e1sa<\/td>\n            <\/tr>\n            <tr id=\"table_2_row_380\">\n                    <td style=\"\">2020.10.16<\/td>\n                    <td style=\"\"><a href='https:\/\/magyarnemzet.hu\/' rel=' nofollow ' target='_blank'>https:\/\/magyarnemzet.hu\/<\/a><\/td>\n                    <td style=\"\">Hertlendy G\u00e1bor<\/td>\n                    <td style=\"\">Er\u0151s kritika jelent meg az LMBTQ-k\u00f6nyvr\u0151l egy balos hetilapban<\/td>\n                    <td style=\"\">h\u00edr, besz\u00e1mol\u00f3, r\u00f6vid cikk<\/td>\n                    <td style=\"\"><a href='https:\/\/magyarnemzet.hu\/belfold\/eros-kritika-jelent-meg-az-lmbtq-konyvrol-egy-balos-hetilapban-8821796\/' rel=' nofollow ' target='_blank'>https:\/\/magyarnemzet.hu\/belfold\/eros-kritika-jelent-meg-az-lmbtq-konyvrol-egy-balos-hetilapban-8821796\/<\/a><\/td>\n                    <td style=\"\">negat\u00edv<\/td>\n                    <td style=\"\"><\/td>\n                    <td style=\"\"><\/td>\n                    <td style=\"\"><\/td>\n                    <td style=\"\"><\/td>\n            <\/tr>\n            <tr id=\"table_2_row_381\">\n                    <td style=\"\">2020.10.16<\/td>\n                    <td style=\"\"><a href='https:\/\/vasarnap.hu\/' rel=' nofollow ' target='_blank'>https:\/\/vasarnap.hu\/<\/a><\/td>\n                    <td style=\"\"><\/td>\n                    <td style=\"\">A magyarok nem k\u00e9rnek az LMBTQ-\u00e9rz\u00e9keny\u00edt\u00e9sb\u0151l<\/td>\n                    <td style=\"\">h\u00edr, besz\u00e1mol\u00f3, r\u00f6vid cikk<\/td>\n                    <td style=\"\"><a href='https:\/\/vasarnap.hu\/2020\/10\/16\/a-magyarok-nem-kernek-az-lmbtq-fele-erzekenyitesbol\/' rel=' nofollow ' target='_blank'>https:\/\/vasarnap.hu\/2020\/10\/16\/a-magyarok-nem-kernek-az-lmbtq-fele-erzekenyitesbol\/<\/a><\/td>\n                    <td style=\"\">negat\u00edv<\/td>\n                    <td style=\"\"><\/td>\n                    <td style=\"\"><\/td>\n                    <td style=\"\"><\/td>\n                    <td style=\"\"><\/td>\n            <\/tr>\n            <tr id=\"table_2_row_382\">\n                    <td style=\"\">2020.10.16<\/td>\n                    <td style=\"\"><a href='https:\/\/pestisracok.hu\/' rel=' nofollow ' target='_blank'>https:\/\/pestisracok.hu\/<\/a><\/td>\n                    <td style=\"\">Dr. K\u00e9kesi Raymund<\/td>\n                    <td style=\"\">Liber\u00e1lis mese \u00e9s s\u00f6t\u00e9t val\u00f3s\u00e1g: a felh\u00e1borod\u00e1s hat\u00e1s\u00e1ra gyorsan kih\u00fazt\u00e1k az \u00f3vod\u00e1sokat a c\u00e9lcsoportb\u00f3l!<\/td>\n                    <td style=\"\">publicisztika<\/td>\n                    <td style=\"\"><a href='https:\/\/pestisracok.hu\/liberalis-mese-es-sotet-valosag-a-felhaborodas-hatasara-gyorsan-kihuztak-az-ovodasokat-a-celcsoportbol\/' rel=' nofollow ' target='_blank'>https:\/\/pestisracok.hu\/liberalis-mese-es-sotet-valosag-a-felhaborodas-hatasara-gyorsan-kihuztak-az-ovodasokat-a-celcsoportbol\/<\/a><\/td>\n                    <td style=\"\">negat\u00edv<\/td>\n                    <td style=\"\"><\/td>\n                    <td style=\"\"><\/td>\n                    <td style=\"\"><\/td>\n                    <td style=\"\"><\/td>\n            <\/tr>\n            <tr id=\"table_2_row_383\">\n                    <td style=\"\">2020.10.16<\/td>\n                    <td style=\"\"><a href='https:\/\/paradigma.blog.hu\/' rel=' nofollow ' target='_blank'>https:\/\/paradigma.blog.hu\/<\/a><\/td>\n                    <td style=\"\">Demeter Andr\u00e1s<\/td>\n                    <td style=\"\">\u201eA pszichol\u00f3gia le\u00edrja a vil\u00e1gban l\u00e9tez\u0151 jelens\u00e9geket\u201d \u2013 interj\u00fa Ny\u00fal Bogl\u00e1rk\u00e1val, az ELTE PPK kutat\u00f3j\u00e1val, a pszichol\u00f3gusok \u00e1ll\u00e1sfoglal\u00e1sa kapcs\u00e1n<\/td>\n                    <td style=\"\">interj\u00fa<\/td>\n                    <td style=\"\"><a href='https:\/\/paradigma.blog.hu\/2020\/10\/16\/hjghfg' rel=' nofollow ' target='_blank'>https:\/\/paradigma.blog.hu\/2020\/10\/16\/hjghfg<\/a><\/td>\n                    <td style=\"\">pozit\u00edv<\/td>\n                    <td style=\"\"><\/td>\n                    <td style=\"\"><\/td>\n                    <td style=\"\"><\/td>\n                    <td style=\"\"><\/td>\n            <\/tr>\n            <tr id=\"table_2_row_384\">\n                    <td style=\"\">2020.10.16<\/td>\n                    <td style=\"\"><a href='https:\/\/egy.hu\/' rel=' nofollow ' target='_blank'>https:\/\/egy.hu\/<\/a><\/td>\n                    <td style=\"\">F\u00f6ldi \u00c1d\u00e1m<\/td>\n                    <td style=\"\">Meseorsz\u00e1g, avagy a megosztotts\u00e1g midnenki\u00e9<\/td>\n                    <td style=\"\">publicisztika<\/td>\n                    <td style=\"\"><a href='https:\/\/egy.hu\/megoszto\/meseorszag-avagy-a-megosztottsag-mindenkie-108082' rel=' nofollow ' target='_blank'>https:\/\/egy.hu\/megoszto\/meseorszag-avagy-a-megosztottsag-mindenkie-108082<\/a><\/td>\n                    <td style=\"\">semleges<\/td>\n                    <td style=\"\"><\/td>\n                    <td style=\"\"><\/td>\n                    <td style=\"\"><\/td>\n                    <td style=\"\"><\/td>\n            <\/tr>\n            <tr id=\"table_2_row_385\">\n                    <td style=\"\">2020.10.16<\/td>\n                    <td style=\"\"><a href='https:\/\/mandiner.hu\/' rel=' nofollow ' target='_blank'>https:\/\/mandiner.hu\/<\/a><\/td>\n                    <td style=\"\">Nagy Csomor Andr\u00e1s<\/td>\n                    <td style=\"\">Meseorsz\u00e1g Mindenki\u00e9: \u00e9rz\u00e9keny\u00edt\u00e9s vagy agymos\u00e1s?<\/td>\n                    <td style=\"\">egy\u00e9b<\/td>\n                    <td style=\"\"><a href='https:\/\/mandiner.hu\/cikk\/20201016_meseorszag_mindenkie_mandiner_podcast' rel=' nofollow ' target='_blank'>https:\/\/mandiner.hu\/cikk\/20201016_meseorszag_mindenkie_mandiner_podcast<\/a><\/td>\n                    <td style=\"\">negat\u00edv<\/td>\n                    <td style=\"\">podcast<\/td>\n                    <td style=\"\"><\/td>\n                    <td style=\"\"><\/td>\n                    <td style=\"\"><\/td>\n            <\/tr>\n            <tr id=\"table_2_row_386\">\n                    <td style=\"\">2020.10.16<\/td>\n                    <td style=\"\"><a href='https:\/\/index.hu\/' rel=' nofollow ' target='_blank'>https:\/\/index.hu\/<\/a><\/td>\n                    <td style=\"\">Hercsel Ad\u00e9l<\/td>\n                    <td style=\"\">Bagdy Em\u0151ke lez\u00e1rta a Meseorsz\u00e1g-\u00fcgyet: elhat\u00e1rol\u00f3dik a k\u00f6nyvek megsemmis\u00edt\u00e9s\u00e9t\u0151l<\/td>\n                    <td style=\"\">h\u00edr, besz\u00e1mol\u00f3, r\u00f6vid cikk<\/td>\n                    <td style=\"\"><a href='https:\/\/index.hu\/belfold\/2020\/10\/16\/bagdy_emoke_meseorszag_mindenkie_pszichologusok\/' rel=' nofollow ' target='_blank'>https:\/\/index.hu\/belfold\/2020\/10\/16\/bagdy_emoke_meseorszag_mindenkie_pszichologusok\/<\/a><\/td>\n                    <td style=\"\">semleges<\/td>\n                    <td style=\"\"><\/td>\n                    <td style=\"\"><\/td>\n                    <td style=\"\"><\/td>\n                    <td style=\"\"><\/td>\n            <\/tr>\n            <tr id=\"table_2_row_387\">\n                    <td style=\"\">2020.10.16<\/td>\n                    <td style=\"\"><a href='https:\/\/gondola.hu\/' rel=' nofollow ' target='_blank'>https:\/\/gondola.hu\/<\/a><\/td>\n                    <td style=\"\"><\/td>\n                    <td style=\"\">Meseorsz\u00e1g - V\u00e9lem\u00e9nyek a botr\u00e1nyos mesek\u00f6nyvr\u0151l - 1.<\/td>\n                    <td style=\"\">publicisztika<\/td>\n                    <td style=\"\"><a href='https:\/\/gondola.hu\/cikkek\/117757-Meseorszag_-_Velemenyek_a_botranyos_mesekonyvrol_-_1_.html' rel=' nofollow ' target='_blank'>https:\/\/gondola.hu\/cikkek\/117757-Meseorszag_-_Velemenyek_a_botranyos_mesekonyvrol_-_1_.html<\/a><\/td>\n                    <td style=\"\">negat\u00edv<\/td>\n                    <td style=\"\"><\/td>\n                    <td style=\"\"><\/td>\n                    <td style=\"\"><\/td>\n                    <td style=\"\"><\/td>\n            <\/tr>\n            <tr id=\"table_2_row_388\">\n                    <td style=\"\">2020.10.16<\/td>\n                    <td style=\"\"><a href='https:\/\/magyarnemzet.hu\/' rel=' nofollow ' target='_blank'>https:\/\/magyarnemzet.hu\/<\/a><\/td>\n                    <td style=\"\">pestisr\u00e1cok<\/td>\n                    <td style=\"\">Liber\u00e1lis mese \u2013 M\u00e9g mindig a gyerekek a c\u00e9lcsoport<\/td>\n                    <td style=\"\">publicisztika<\/td>\n                    <td style=\"\"><a href='https:\/\/magyarnemzet.hu\/belfold\/liberalis-mese-meg-mindig-a-gyerekek-a-celcsoport-8819108\/' rel=' nofollow ' target='_blank'>https:\/\/magyarnemzet.hu\/belfold\/liberalis-mese-meg-mindig-a-gyerekek-a-celcsoport-8819108\/<\/a><\/td>\n                    <td style=\"\">negat\u00edv<\/td>\n                    <td style=\"\"><\/td>\n                    <td style=\"\"><\/td>\n                    <td style=\"\"><\/td>\n                    <td style=\"\"><\/td>\n            <\/tr>\n            <tr id=\"table_2_row_389\">\n                    <td style=\"\">2020.10.16<\/td>\n                    <td style=\"\"><a href='https:\/\/444.hu\/' rel=' nofollow ' target='_blank'>https:\/\/444.hu\/<\/a><\/td>\n                    <td style=\"\">R\u00e9nyi P\u00e1l D\u00e1niel<\/td>\n                    <td style=\"\">Bagdy Em\u0151ke: Minden olyan cselekedett\u0151l, amely k\u00f6nyvek megsemmis\u00edt\u00e9s\u00e9hez, m\u00e1s emberek kirekeszt\u00e9s\u00e9hez vezet, elhat\u00e1rol\u00f3dom<\/td>\n                    <td style=\"\">nyilatkozat<\/td>\n                    <td style=\"\"><a href='https:\/\/444.hu\/2020\/10\/16\/bagdy-emoke-minden-olyan-cselekedettol-amely-konyvek-megsemmisitesehez-mas-emberek-kirekesztesehez-vezet-elhatarolodom' rel=' nofollow ' target='_blank'>https:\/\/444.hu\/2020\/10\/16\/bagdy-emoke-minden-olyan-cselekedettol-amely-konyvek-megsemmisitesehez-mas-emberek-kirekesztesehez-vezet-elhatarolodom<\/a><\/td>\n                    <td style=\"\">semleges<\/td>\n                    <td style=\"\"><\/td>\n                    <td style=\"\"><\/td>\n                    <td style=\"\"><\/td>\n                    <td style=\"\">Bagdy Em\u0151ke nyilatkozatai<\/td>\n            <\/tr>\n            <tr id=\"table_2_row_390\">\n                    <td style=\"\">2020.10.16<\/td>\n                    <td style=\"\"><a href='https:\/\/kdnp.hu\/' rel=' nofollow ' target='_blank'>https:\/\/kdnp.hu\/<\/a><\/td>\n                    <td style=\"\">kdnp fb oldal<\/td>\n                    <td style=\"\">A KDNP k\u00e9r\u00e9s\u00e9re Di\u00f3sdon nem lesz Meseorsz\u00e1g Mindenk\u00e9!<\/td>\n                    <td style=\"\">h\u00edr, besz\u00e1mol\u00f3, r\u00f6vid cikk<\/td>\n                    <td style=\"\"><a href='https:\/\/kdnp.hu\/hirek\/kdnp-keresere-diosdon-nem-lesz-meseorszag-mindenke' rel=' nofollow ' target='_blank'>https:\/\/kdnp.hu\/hirek\/kdnp-keresere-diosdon-nem-lesz-meseorszag-mindenke<\/a><\/td>\n                    <td style=\"\">negat\u00edv<\/td>\n                    <td style=\"\"><\/td>\n                    <td style=\"\"><\/td>\n                    <td style=\"\"><\/td>\n                    <td style=\"\"><\/td>\n            <\/tr>\n            <tr id=\"table_2_row_391\">\n                    <td style=\"\">2020.10.16<\/td>\n                    <td style=\"\"><a href='https:\/\/tibiatya.blogstar.hu\/' rel=' nofollow ' target='_blank'>https:\/\/tibiatya.blogstar.hu\/<\/a><\/td>\n                    <td style=\"\">Tibiatya<\/td>\n                    <td style=\"\">\u00c9LET \u00c9S IRODALOM: A \"MESEORSZ\u00c1G MINDENKI\u00c9\" K\u00cdNOS, TELE LOGIKAI HIB\u00c1KKAL \u00c9S ROSSZ MONDATOKKAL<\/td>\n                    <td style=\"\">blogbejegyz\u00e9s<\/td>\n                    <td style=\"\"><a href='https:\/\/tibiatya.blogstar.hu\/2020\/10\/16\/elet-es-irodalom-a-quot-meseorszag-mindenkie-quot-kinos-tele-logikai-hibakkal-es-rossz-mondatokkal\/101439\/' rel=' nofollow ' target='_blank'>https:\/\/tibiatya.blogstar.hu\/2020\/10\/16\/elet-es-irodalom-a-quot-meseorszag-mindenkie-quot-kinos-tele-logikai-hibakkal-es-rossz-mondatokkal\/101439\/<\/a><\/td>\n                    <td style=\"\">semleges<\/td>\n                    <td style=\"\"><\/td>\n                    <td style=\"\"><\/td>\n                    <td style=\"\"><\/td>\n                    <td style=\"\">tibi atya v\u00e9lem\u00e9nye az \u00e9let \u00e9s irodalom egyik cikk\u00e9r\u0151l<\/td>\n            <\/tr>\n            <tr id=\"table_2_row_392\">\n                    <td style=\"\">2020.10.17<\/td>\n                    <td style=\"\"><a href='https:\/\/www.margofeszt.hu\/' rel=' nofollow ' target='_blank'>https:\/\/www.margofeszt.hu\/<\/a><\/td>\n                    <td style=\"\"><\/td>\n                    <td style=\"\">Meseorsz\u00e1g mindenki\u00e9<\/td>\n                    <td style=\"\">esem\u00e9ny<\/td>\n                    <td style=\"\"><a href='https:\/\/www.margofeszt.hu\/hu\/fesztival\/program\/meseorszag' rel=' nofollow ' target='_blank'>https:\/\/www.margofeszt.hu\/hu\/fesztival\/program\/meseorszag<\/a><\/td>\n                    <td style=\"\">semleges<\/td>\n                    <td style=\"\"><\/td>\n                    <td style=\"\"><\/td>\n                    <td style=\"\"><\/td>\n                    <td style=\"\">besz\u00e9lget\u00e9s az alkot\u00f3kkal<\/td>\n            <\/tr>\n            <tr id=\"table_2_row_393\">\n                    <td style=\"\">2020.10.17<\/td>\n                    <td style=\"\"><a href='https:\/\/www.youtube.com\/' rel=' nofollow ' target='_blank'>https:\/\/www.youtube.com\/<\/a><\/td>\n                    <td style=\"\">Labrisz<\/td>\n                    <td style=\"\">Marg\u00f3 Irodalmi fesztiv\u00e1l k\u00f6nyvbemutat\u00f3<\/td>\n                    <td style=\"\">vide\u00f3<\/td>\n                    <td style=\"\"><a href='https:\/\/www.youtube.com\/watch?v=l8aatbNnI2A' rel=' nofollow ' target='_blank'>https:\/\/www.youtube.com\/watch?v=l8aatbNnI2A<\/a><\/td>\n                    <td style=\"\">pozit\u00edv<\/td>\n                    <td style=\"\">youtube<\/td>\n                    <td style=\"\"><\/td>\n                    <td style=\"\"><\/td>\n                    <td style=\"\">K\u00f6nyvbemutat\u00f3, Marg\u00f3feszt, V\u00e1rkert<\/td>\n            <\/tr>\n            <tr id=\"table_2_row_394\">\n                    <td style=\"\">2020.10.17<\/td>\n                    <td style=\"\"><a href='https:\/\/szabadnem.444.hu\/' rel=' nofollow ' target='_blank'>https:\/\/szabadnem.444.hu\/<\/a><\/td>\n                    <td style=\"\">Antoni Rita<\/td>\n                    <td style=\"\">A gyerekeink l\u00e9tez\u00e9se nem propaganda! \u2013 \u00fczenik az LMBTQ-emberek t\u00e1mogat\u00f3 sz\u00fclei<\/td>\n                    <td style=\"\">FB-poszt<\/td>\n                    <td style=\"\"><a href='https:\/\/szabadnem.444.hu\/2020\/10\/17\/a-gyerekeink-letezese-nem-propaganda-uzenik-meleg-es-transznemu-emberek-tamogato-szulei' rel=' nofollow ' target='_blank'>https:\/\/szabadnem.444.hu\/2020\/10\/17\/a-gyerekeink-letezese-nem-propaganda-uzenik-meleg-es-transznemu-emberek-tamogato-szulei<\/a><\/td>\n                    <td style=\"\">pozit\u00edv<\/td>\n                    <td style=\"\"><\/td>\n                    <td style=\"\"><\/td>\n                    <td style=\"\"><\/td>\n                    <td style=\"\"><\/td>\n            <\/tr>\n            <tr id=\"table_2_row_395\">\n                    <td style=\"\">2020.10.17<\/td>\n                    <td style=\"\"><a href='https:\/\/patria.rtvs.sk\/' rel=' nofollow ' target='_blank'>https:\/\/patria.rtvs.sk\/<\/a><\/td>\n                    <td style=\"\">Jakubecz L\u00e1szl\u00f3<\/td>\n                    <td style=\"\">\u00c9rz\u00e9keny\u00edt\u0151s mes\u00e9k - interj\u00fa Dr. B\u00e1tki Anna pszichol\u00f3gussal<\/td>\n                    <td style=\"\">r\u00e1di\u00f3<\/td>\n                    <td style=\"\"><a href='https:\/\/patria.rtvs.sk\/clanky\/hangado-popoludnie\/237242\/erzekenyitos-mesek-interju-dr-batki-anna-pszichologussal' rel=' nofollow ' target='_blank'>https:\/\/patria.rtvs.sk\/clanky\/hangado-popoludnie\/237242\/erzekenyitos-mesek-interju-dr-batki-anna-pszichologussal<\/a><\/td>\n                    <td style=\"\">pozit\u00edv<\/td>\n                    <td style=\"\"><\/td>\n                    <td style=\"\"><\/td>\n                    <td style=\"\"><\/td>\n                    <td style=\"\">szlov\u00e1kiai magyar r\u00e1di\u00f3, Hangad\u00f3 c. m\u0171sor, interj\u00fa B\u00e1tki Anna klinikai szakpszichol\u00f3gussal<\/td>\n            <\/tr>\n            <tr id=\"table_2_row_396\">\n                    <td style=\"\">2020.10.17<\/td>\n                    <td style=\"\"><a href='https:\/\/megegymagyart.com\/' rel=' nofollow ' target='_blank'>https:\/\/megegymagyart.com\/<\/a><\/td>\n                    <td style=\"\"><\/td>\n                    <td style=\"\">Isten hozz\u00e1d Meseorsz\u00e1g<\/td>\n                    <td style=\"\">h\u00edr, besz\u00e1mol\u00f3, r\u00f6vid cikk<\/td>\n                    <td style=\"\"><a href='https:\/\/megegymagyart.com\/isten-hozzad-meseorszag\/' rel=' nofollow ' target='_blank'>https:\/\/megegymagyart.com\/isten-hozzad-meseorszag\/<\/a><\/td>\n                    <td style=\"\">negat\u00edv<\/td>\n                    <td style=\"\"><\/td>\n                    <td style=\"\"><\/td>\n                    <td style=\"\"><\/td>\n                    <td style=\"\">Be\u00e1gyazva a Turul Telev\u00edzi\u00f3 vide\u00f3ja az \u00c1trium felolvas\u00e1s el\u0151tt \u00e9s a Polg\u00e1ri Mulat\u00f3 besz\u00e9lget\u00e9s\u00e9nek hangfelv\u00e9tele<\/td>\n            <\/tr>\n            <tr id=\"table_2_row_397\">\n                    <td style=\"\">2020.10.17<\/td>\n                    <td style=\"\"><a href='https:\/\/gondola.hu\/' rel=' nofollow ' target='_blank'>https:\/\/gondola.hu\/<\/a><\/td>\n                    <td style=\"\"><\/td>\n                    <td style=\"\">Meseorsz\u00e1g - V\u00e9lem\u00e9nyek a botr\u00e1nyos mesek\u00f6nyvr\u0151l - 2.<\/td>\n                    <td style=\"\">publicisztika<\/td>\n                    <td style=\"\"><a href='https:\/\/gondola.hu\/cikkek\/117758-Meseorszag_-_Velemenyek_a_botranyos_mesekonyvrol_-_2_.html' rel=' nofollow ' target='_blank'>https:\/\/gondola.hu\/cikkek\/117758-Meseorszag_-_Velemenyek_a_botranyos_mesekonyvrol_-_2_.html<\/a><\/td>\n                    <td style=\"\">negat\u00edv<\/td>\n                    <td style=\"\"><\/td>\n                    <td style=\"\"><\/td>\n                    <td style=\"\"><\/td>\n                    <td style=\"\"><\/td>\n            <\/tr>\n            <tr id=\"table_2_row_398\">\n                    <td style=\"\">2020.10.17<\/td>\n                    <td style=\"\"><a href='https:\/\/kecsup.hu\/' rel=' nofollow ' target='_blank'>https:\/\/kecsup.hu\/<\/a><\/td>\n                    <td style=\"\">Glossz\u00e1r Oliv\u00e9r<\/td>\n                    <td style=\"\">Egy nem szokv\u00e1nyos mesek\u00f6nyv \u00fatja: a szakmai vit\u00e1kon t\u00fal a politikai gyal\u00e1zkod\u00e1sig<\/td>\n                    <td style=\"\">h\u00edr, besz\u00e1mol\u00f3, r\u00f6vid cikk<\/td>\n                    <td style=\"\"><a href='https:\/\/kecsup.hu\/2020\/10\/egy-nem-szokvanyos-mesekonyv-utja-a-szakmai-vitakon-tul-a-politikai-gyalazkodasig\/' rel=' nofollow ' target='_blank'>https:\/\/kecsup.hu\/2020\/10\/egy-nem-szokvanyos-mesekonyv-utja-a-szakmai-vitakon-tul-a-politikai-gyalazkodasig\/<\/a><\/td>\n                    <td style=\"\">semleges<\/td>\n                    <td style=\"\"><\/td>\n                    <td style=\"\"><\/td>\n                    <td style=\"\"><\/td>\n                    <td style=\"\"><\/td>\n            <\/tr>\n            <tr id=\"table_2_row_399\">\n                    <td style=\"\">2020.10.17<\/td>\n                    <td style=\"\"><a href='https:\/\/megegymagyart.com\/' rel=' nofollow ' target='_blank'>https:\/\/megegymagyart.com\/<\/a><\/td>\n                    <td style=\"\">Budah\u00e1zy Edda<\/td>\n                    <td style=\"\">Isten hozz\u00e1d Meseorsz\u00e1g<\/td>\n                    <td style=\"\">recenzi\u00f3<\/td>\n                    <td style=\"\"><a href='https:\/\/megegymagyart.com\/isten-hozzad-meseorszag\/#' rel=' nofollow ' target='_blank'>https:\/\/megegymagyart.com\/isten-hozzad-meseorszag\/#<\/a><\/td>\n                    <td style=\"\">negat\u00edv<\/td>\n                    <td style=\"\"><\/td>\n                    <td style=\"\"><\/td>\n                    <td style=\"\"><\/td>\n                    <td style=\"\"><\/td>\n            <\/tr>\n            <tr id=\"table_2_row_400\">\n                    <td style=\"\">2020.10.17<\/td>\n                    <td style=\"\"><a href='https:\/\/www.facebook.com\/' rel=' nofollow ' target='_blank'>https:\/\/www.facebook.com\/<\/a><\/td>\n                    <td style=\"\">Labrisz<\/td>\n                    <td style=\"\">Labrisz Egyes\u00fclt fb oldala<\/td>\n                    <td style=\"\">fb-poszt<\/td>\n                    <td style=\"\"><a href='https:\/\/www.facebook.com\/LabriszEgyesulet\/photos\/a.155674114001\/10158785287334002\/' rel=' nofollow ' target='_blank'>https:\/\/www.facebook.com\/LabriszEgyesulet\/photos\/a.155674114001\/10158785287334002\/<\/a><\/td>\n                    <td style=\"\">pozit\u00edv<\/td>\n                    <td style=\"\"><\/td>\n                    <td style=\"\"><\/td>\n                    <td style=\"\"><\/td>\n                    <td style=\"\">Az egyes\u00fclet \u00e1ll\u00e1sfoglal\u00e1sa a k\u00f6nyv k\u00f6r\u00fcli politikai megnyilv\u00e1nul\u00e1sokkal kapcsolatban<\/td>\n            <\/tr>\n            <tr id=\"table_2_row_401\">\n                    <td style=\"\">2020.10.17<\/td>\n                    <td style=\"\"><a href='https:\/\/www.facebook.com\/' rel=' nofollow ' target='_blank'>https:\/\/www.facebook.com\/<\/a><\/td>\n                    <td style=\"\">Marg\u00f3feszt<\/td>\n                    <td style=\"\">Meseorsz\u00e1g mindenki\u00e9<\/td>\n                    <td style=\"\">esem\u00e9ny<\/td>\n                    <td style=\"\"><a href='https:\/\/www.facebook.com\/events\/779616609556312' rel=' nofollow ' target='_blank'>https:\/\/www.facebook.com\/events\/779616609556312<\/a><\/td>\n                    <td style=\"\">pozit\u00edv<\/td>\n                    <td style=\"\">fb<\/td>\n                    <td style=\"\"><\/td>\n                    <td style=\"\"><\/td>\n                    <td style=\"\">K\u00f6nyvbemutat\u00f3 a Marg\u00f3 fesztiv\u00e1lon<\/td>\n            <\/tr>\n            <tr id=\"table_2_row_402\">\n                    <td style=\"\">2020.10.18<\/td>\n                    <td style=\"\"><a href='https:\/\/magyarnarancs.hu\/' rel=' nofollow ' target='_blank'>https:\/\/magyarnarancs.hu\/<\/a><\/td>\n                    <td style=\"\">B\u00e9res M\u00e1t\u00e9<\/td>\n                    <td style=\"\">\u201eAzokat nem tudjuk meggy\u0151zni, akik k\u00f6nyveket dar\u00e1lnak\"<\/td>\n                    <td style=\"\">interj\u00fa<\/td>\n                    <td style=\"\"><a href='https:\/\/magyarnarancs.hu\/belpol\/annyi-tortenik-csupan-hogy-a-kiralyfi-es-a-kiralyfi-el-boldogan-amig-meg-nem-hal-134050' rel=' nofollow ' target='_blank'>https:\/\/magyarnarancs.hu\/belpol\/annyi-tortenik-csupan-hogy-a-kiralyfi-es-a-kiralyfi-el-boldogan-amig-meg-nem-hal-134050<\/a><\/td>\n                    <td style=\"\">pozit\u00edv<\/td>\n                    <td style=\"\"><\/td>\n                    <td style=\"\"><\/td>\n                    <td style=\"\"><\/td>\n                    <td style=\"\">Interj\u00fa Ny\u00fal Bogl\u00e1rka szoci\u00e1lpszichol\u00f3gussal<\/td>\n            <\/tr>\n            <tr id=\"table_2_row_403\">\n                    <td style=\"\">2020.10.18<\/td>\n                    <td style=\"\"><a href='https:\/\/777blog.hu\/' rel=' nofollow ' target='_blank'>https:\/\/777blog.hu\/<\/a><\/td>\n                    <td style=\"\">Bese Gerg\u0151 atya<\/td>\n                    <td style=\"\">\u201eA mi b\u0151r\u00fcnkre megy a v\u00e1s\u00e1r\" Bese Gerg\u0151 atya a Meseorsz\u00e1gr\u00f3l<\/td>\n                    <td style=\"\">blogbejegyz\u00e9s<\/td>\n                    <td style=\"\"><a href='https:\/\/777blog.hu\/2020\/10\/18\/a-mi-borunkre-megy-a-vasar-bese-gergo-atya-a-meseorszagrol\/' rel=' nofollow ' target='_blank'>https:\/\/777blog.hu\/2020\/10\/18\/a-mi-borunkre-megy-a-vasar-bese-gergo-atya-a-meseorszagrol\/<\/a><\/td>\n                    <td style=\"\">negat\u00edv<\/td>\n                    <td style=\"\"><\/td>\n                    <td style=\"\"><\/td>\n                    <td style=\"\"><\/td>\n                    <td style=\"\"><\/td>\n            <\/tr>\n            <tr id=\"table_2_row_404\">\n                    <td style=\"\">2020.10.18<\/td>\n                    <td style=\"\"><a href='https:\/\/m.facebook.com\/' rel=' nofollow ' target='_blank'>https:\/\/m.facebook.com\/<\/a><\/td>\n                    <td style=\"\">Tisza Kata<\/td>\n                    <td style=\"\"><\/td>\n                    <td style=\"\">FB-poszt<\/td>\n                    <td style=\"\"><a href='https:\/\/m.facebook.com\/story.php?story_fbid=1264390423915969&amp;id=100010350706826' rel=' nofollow ' target='_blank'>https:\/\/m.facebook.com\/story.php?story_fbid=1264390423915969&amp;id=100010350706826<\/a><\/td>\n                    <td style=\"\">pozit\u00edv<\/td>\n                    <td style=\"\">fb<\/td>\n                    <td style=\"\"><\/td>\n                    <td style=\"\"><\/td>\n                    <td style=\"\"><\/td>\n            <\/tr>\n            <tr id=\"table_2_row_405\">\n                    <td style=\"\">2020.10.18<\/td>\n                    <td style=\"\"><a href='https:\/\/nepszava.hu\/' rel=' nofollow ' target='_blank'>https:\/\/nepszava.hu\/<\/a><\/td>\n                    <td style=\"\">Szelestey Lajos<\/td>\n                    <td style=\"\">Szabad szemmel: a Meseorsz\u00e1g szerkeszt\u0151je nem k\u00e9sz\u00fclt dar\u00e1l\u00e1sra<\/td>\n                    <td style=\"\">h\u00edr, besz\u00e1mol\u00f3, r\u00f6vid cikk<\/td>\n                    <td style=\"\"><a href='https:\/\/nepszava.hu\/3095941_szabad-szemmel-a-meseorszag-szerkesztoje-nem-keszult-daralasra' rel=' nofollow ' target='_blank'>https:\/\/nepszava.hu\/3095941_szabad-szemmel-a-meseorszag-szerkesztoje-nem-keszult-daralasra<\/a><\/td>\n                    <td style=\"\">pozit\u00edv<\/td>\n                    <td style=\"\"><\/td>\n                    <td style=\"\"><\/td>\n                    <td style=\"\"><\/td>\n                    <td style=\"\">Nemzetk\u00f6zi sajt\u00f3szemle, k\u00f6zt\u00fck a Le Monde cikk\u00e9r\u0151l is Nagy Boldizs\u00e1r megsz\u00f3lal\u00e1s\u00e1val.<\/td>\n            <\/tr>\n            <tr id=\"table_2_row_406\">\n                    <td style=\"\">2020.10.18<\/td>\n                    <td style=\"\"><a href='https:\/\/nepszava.hu\/' rel=' nofollow ' target='_blank'>https:\/\/nepszava.hu\/<\/a><\/td>\n                    <td style=\"\">P. Szab\u00f3 D\u00e9nes<\/td>\n                    <td style=\"\">Meseorsz\u00e1g a Marg\u00f3n \u2013 K\u00f6nyvdar\u00e1l\u00e1s helyett \u00e9rdemi besz\u00e9lget\u00e9s zajlott<\/td>\n                    <td style=\"\">h\u00edr, besz\u00e1mol\u00f3, r\u00f6vid cikk<\/td>\n                    <td style=\"\"><a href='https:\/\/nepszava.hu\/3095940_meseorszag-a-margon--konyvdaralas-helyett-erdemi-beszelgetes-zajlott' rel=' nofollow ' target='_blank'>https:\/\/nepszava.hu\/3095940_meseorszag-a-margon--konyvdaralas-helyett-erdemi-beszelgetes-zajlott<\/a><\/td>\n                    <td style=\"\">pozit\u00edv<\/td>\n                    <td style=\"\"><\/td>\n                    <td style=\"\"><\/td>\n                    <td style=\"\"><\/td>\n                    <td style=\"\"><\/td>\n            <\/tr>\n            <tr id=\"table_2_row_407\">\n                    <td style=\"\">2020.10.18<\/td>\n                    <td style=\"\"><a href='https:\/\/konyvesmagazin.hu\/' rel=' nofollow ' target='_blank'>https:\/\/konyvesmagazin.hu\/<\/a><\/td>\n                    <td style=\"\">R\u00e1tkai Zs\u00f3fi<\/td>\n                    <td style=\"\">A Meseorsz\u00e1g mindenki\u00e9 azoknak ad hangot, akik ritk\u00e1n jutnak sz\u00f3hoz<\/td>\n                    <td style=\"\">h\u00edr, besz\u00e1mol\u00f3, r\u00f6vid cikk<\/td>\n                    <td style=\"\"><a href='https:\/\/konyvesmagazin.hu\/nagy\/meseorszag_mindenkie_margo2020.html' rel=' nofollow ' target='_blank'>https:\/\/konyvesmagazin.hu\/nagy\/meseorszag_mindenkie_margo2020.html<\/a><\/td>\n                    <td style=\"\">pozit\u00edv<\/td>\n                    <td style=\"\"><\/td>\n                    <td style=\"\"><\/td>\n                    <td style=\"\"><\/td>\n                    <td style=\"\">Besz\u00e1mol\u00f3 a Marg\u00f3feszt k\u00f6nyvbemutat\u00f3r\u00f3l<\/td>\n            <\/tr>\n            <tr id=\"table_2_row_408\">\n                    <td style=\"\">2020.10.19<\/td>\n                    <td style=\"\"><a href='https:\/\/magyarnemzet.hu\/' rel=' nofollow ' target='_blank'>https:\/\/magyarnemzet.hu\/<\/a><\/td>\n                    <td style=\"\">Cser\u00e9p Csongor<\/td>\n                    <td style=\"\">Coming out tetemreh\u00edv\u00e1s ut\u00e1n<\/td>\n                    <td style=\"\">h\u00edr, besz\u00e1mol\u00f3, r\u00f6vid cikk<\/td>\n                    <td style=\"\"><a href='https:\/\/magyarnemzet.hu\/velemeny\/coming-out-tetemrehivas-utan-8830370\/' rel=' nofollow ' target='_blank'>https:\/\/magyarnemzet.hu\/velemeny\/coming-out-tetemrehivas-utan-8830370\/<\/a><\/td>\n                    <td style=\"\">semleges<\/td>\n                    <td style=\"\"><\/td>\n                    <td style=\"\"><\/td>\n                    <td style=\"\"><\/td>\n                    <td style=\"\">Nem kimondottan a mesek\u00f6nyvr\u0151l sz\u00f3l. Azon pszichol\u00f3gusok nyilatkozat\u00e1r\u00f3l sz\u00f3l, akik elhat\u00e1rol\u00f3dnak Bagdy Em\u0151ke a mesek\u00f6nyvr\u0151l tett nyilatkozata ut\u00e1n<\/td>\n            <\/tr>\n            <tr id=\"table_2_row_409\">\n                    <td style=\"\">2020.10.19<\/td>\n                    <td style=\"\"><a href='https:\/\/888.hu\/' rel=' nofollow ' target='_blank'>https:\/\/888.hu\/<\/a><\/td>\n                    <td style=\"\">M. Kov\u00e1cs R\u00f3bert<\/td>\n                    <td style=\"\">Meseorsz\u00e1g mindenki\u00e9... kiv\u00e9ve a feh\u00e9r, heteroszexu\u00e1lis, kereszt\u00e9ny k\u00e9pz\u0151dm\u00e9nyeket<\/td>\n                    <td style=\"\">publicisztika<\/td>\n                    <td style=\"\"><a href='https:\/\/888.hu\/piszkostizenketto\/kiveve-a-feher-heteroszexualis-kereszteny-kepzodmenyeket-4278616\/' rel=' nofollow ' target='_blank'>https:\/\/888.hu\/piszkostizenketto\/kiveve-a-feher-heteroszexualis-kereszteny-kepzodmenyeket-4278616\/<\/a><\/td>\n                    <td style=\"\">negat\u00edv<\/td>\n                    <td style=\"\"><\/td>\n                    <td style=\"\"><\/td>\n                    <td style=\"\"><\/td>\n                    <td style=\"\"><\/td>\n            <\/tr>\n            <tr id=\"table_2_row_410\">\n                    <td style=\"\">2020.10.19<\/td>\n                    <td style=\"\"><a href='https:\/\/www.facebook.com\/' rel=' nofollow ' target='_blank'>https:\/\/www.facebook.com\/<\/a><\/td>\n                    <td style=\"\">F\u0171zfa Bal\u00e1zs<\/td>\n                    <td style=\"\"><\/td>\n                    <td style=\"\">FB-poszt<\/td>\n                    <td style=\"\"><a href='https:\/\/www.facebook.com\/photo?fbid=3556878017688892&amp;set=a.977006915676028' rel=' nofollow ' target='_blank'>https:\/\/www.facebook.com\/photo?fbid=3556878017688892&amp;set=a.977006915676028<\/a><\/td>\n                    <td style=\"\">pozit\u00edv<\/td>\n                    <td style=\"\">fb<\/td>\n                    <td style=\"\"><\/td>\n                    <td style=\"\"><\/td>\n                    <td style=\"\"><\/td>\n            <\/tr>\n            <tr id=\"table_2_row_411\">\n                    <td style=\"\">2020.10.19<\/td>\n                    <td style=\"\"><a href='https:\/\/hirado.hu\/' rel=' nofollow ' target='_blank'>https:\/\/hirado.hu\/<\/a><\/td>\n                    <td style=\"\"><\/td>\n                    <td style=\"\">Az \u00f3vod\u00e1sokra is szemet vetettek a nemv\u00e1lt\u00e1st propag\u00e1l\u00f3 LMBTQ-mesek\u00f6nyv szerz\u0151i<\/td>\n                    <td style=\"\">h\u00edr, besz\u00e1mol\u00f3, r\u00f6vid cikk<\/td>\n                    <td style=\"\"><a href='https:\/\/hirado.hu\/cikk\/2020\/10\/19\/az-ovodasokra-is-szemet-vetettek-a-nemvaltast-propagalo-lmbtq-mesekonyv-szerzoi' rel=' nofollow ' target='_blank'>https:\/\/hirado.hu\/cikk\/2020\/10\/19\/az-ovodasokra-is-szemet-vetettek-a-nemvaltast-propagalo-lmbtq-mesekonyv-szerzoi<\/a><\/td>\n                    <td style=\"\">pozit\u00edv<\/td>\n                    <td style=\"\">fb<\/td>\n                    <td style=\"\"><\/td>\n                    <td style=\"\"><\/td>\n                    <td style=\"\">Valaki elolvasta a k\u00f6nyvet. Pozit\u00edvan \u00e9rt\u00e9keli a mes\u00e9ket.<\/td>\n            <\/tr>\n            <tr id=\"table_2_row_412\">\n                    <td style=\"\">2020.10.19<\/td>\n                    <td style=\"\"><a href='https:\/\/reformatus.hu\/' rel=' nofollow ' target='_blank'>https:\/\/reformatus.hu\/<\/a><\/td>\n                    <td style=\"\">Heged\u0171s M\u00e1rk<\/td>\n                    <td style=\"\">Ki\u00e1llok az igazs\u00e1g\u00e9rt, m\u00e1sk\u00e9nt nem tehetek<\/td>\n                    <td style=\"\">interj\u00fa<\/td>\n                    <td style=\"\"><a href='https:\/\/reformatus.hu\/mediumok\/hirek\/kiallok-az-igazsagert-maskent-nem-tehetek\/' rel=' nofollow ' target='_blank'>https:\/\/reformatus.hu\/mediumok\/hirek\/kiallok-az-igazsagert-maskent-nem-tehetek\/<\/a><\/td>\n                    <td style=\"\">negat\u00edv<\/td>\n                    <td style=\"\"><\/td>\n                    <td style=\"\"><\/td>\n                    <td style=\"\"><\/td>\n                    <td style=\"\"><\/td>\n            <\/tr>\n            <tr id=\"table_2_row_413\">\n                    <td style=\"\">2020.10.19<\/td>\n                    <td style=\"\"><a href='https:\/\/vasarnap.hu\/' rel=' nofollow ' target='_blank'>https:\/\/vasarnap.hu\/<\/a><\/td>\n                    <td style=\"\">V\u00e1gv\u00f6lgyi Gergely<\/td>\n                    <td style=\"\">Jogszab\u00e1lyok v\u00e9den\u00e9k a gyerekeket az LMBTQ-tartalmakt\u00f3l: \u00e1tadt\u00e1k a pet\u00edci\u00f3t a korm\u00e1nynak<\/td>\n                    <td style=\"\">h\u00edr, besz\u00e1mol\u00f3, r\u00f6vid cikk<\/td>\n                    <td style=\"\"><a href='https:\/\/vasarnap.hu\/2020\/11\/19\/jogszabalyok-vedjek-a-gyerekeket-az-lmbtq-tartalmaktol-atadtak-a-peticiot-a-kormanynak\/' rel=' nofollow ' target='_blank'>https:\/\/vasarnap.hu\/2020\/11\/19\/jogszabalyok-vedjek-a-gyerekeket-az-lmbtq-tartalmaktol-atadtak-a-peticiot-a-kormanynak\/<\/a><\/td>\n                    <td style=\"\">negat\u00edv<\/td>\n                    <td style=\"\"><\/td>\n                    <td style=\"\"><\/td>\n                    <td style=\"\"><\/td>\n                    <td style=\"\"><\/td>\n            <\/tr>\n            <tr id=\"table_2_row_414\">\n                    <td style=\"\">2020.10.19<\/td>\n                    <td style=\"\"><a href='https:\/\/www.facebook.com\/' rel=' nofollow ' target='_blank'>https:\/\/www.facebook.com\/<\/a><\/td>\n                    <td style=\"\">F\u0171zfa Bal\u00e1zs<\/td>\n                    <td style=\"\">F\u0171zfa Bal\u00e1zs posztja arr\u00f3l, hogy elolvasta a k\u00f6nyvet \u00e9s az t\u00f6k rendben van<\/td>\n                    <td style=\"\">fb-poszt<\/td>\n                    <td style=\"\"><a href='https:\/\/www.facebook.com\/photo?fbid=3556878017688892&amp;set=a.977006915676028' rel=' nofollow ' target='_blank'>https:\/\/www.facebook.com\/photo?fbid=3556878017688892&amp;set=a.977006915676028<\/a><\/td>\n                    <td style=\"\">pozit\u00edv<\/td>\n                    <td style=\"\">fb<\/td>\n                    <td style=\"\"><\/td>\n                    <td style=\"\"><\/td>\n                    <td style=\"\"><\/td>\n            <\/tr>\n            <tr id=\"table_2_row_415\">\n                    <td style=\"\">2020.10.19<\/td>\n                    <td style=\"\"><a href='https:\/\/www.reuters.com\/' rel=' nofollow ' target='_blank'>https:\/\/www.reuters.com\/<\/a><\/td>\n                    <td style=\"\">Krisztina Than, Krisztina Fenyo<\/td>\n                    <td style=\"\">Row in Hungary around children's book fuels fears of rising homophobia<\/td>\n                    <td style=\"\">v\u00e9lem\u00e9ny<\/td>\n                    <td style=\"\"><a href='https:\/\/www.reuters.com\/article\/us-hungary-lgbt-book\/row-in-hungary-around-childrens-book-fuels-fears-of-rising-homophobia-idUSKBN2741A3' rel=' nofollow ' target='_blank'>https:\/\/www.reuters.com\/article\/us-hungary-lgbt-book\/row-in-hungary-around-childrens-book-fuels-fears-of-rising-homophobia-idUSKBN2741A3<\/a><\/td>\n                    <td style=\"\">semleges<\/td>\n                    <td style=\"\"><\/td>\n                    <td style=\"\">igen<\/td>\n                    <td style=\"\">angol<\/td>\n                    <td style=\"\">H\u00edr arr\u00f3l, hogy a k\u00f6nyv milyen hull\u00e1mokat ver itthon<\/td>\n            <\/tr>\n            <tr id=\"table_2_row_416\">\n                    <td style=\"\">2020.10.20<\/td>\n                    <td style=\"\"><a href='https:\/\/www.svt.se\/' rel=' nofollow ' target='_blank'>https:\/\/www.svt.se\/<\/a><\/td>\n                    <td style=\"\"><\/td>\n                    <td style=\"\">Ungerska nationalister vill f\u00f6rbjuda barnbok<\/td>\n                    <td style=\"\">h\u00edr, besz\u00e1mol\u00f3, r\u00f6vid cikk<\/td>\n                    <td style=\"\"><a href='https:\/\/www.svt.se\/kultur\/ungerska-nationalister-vill-forbjuda-barnbok' rel=' nofollow ' target='_blank'>https:\/\/www.svt.se\/kultur\/ungerska-nationalister-vill-forbjuda-barnbok<\/a><\/td>\n                    <td style=\"\">semleges<\/td>\n                    <td style=\"\"><\/td>\n                    <td style=\"\">igen<\/td>\n                    <td style=\"\">sv\u00e9d<\/td>\n                    <td style=\"\">???<\/td>\n            <\/tr>\n            <tr id=\"table_2_row_417\">\n                    <td style=\"\">2020.10.20<\/td>\n                    <td style=\"\"><a href='https:\/\/a2larm.cz\/' rel=' nofollow ' target='_blank'>https:\/\/a2larm.cz\/<\/a><\/td>\n                    <td style=\"\">Dagmar Krisov\u00e1<\/td>\n                    <td style=\"\">M\u016f\u017ee kniha spustit revoluci? Poh\u00e1dkov\u00e9 p\u0159\u00edb\u011bhy se v Ma\u010farsku staly symbolem protiorb\u00e1novsk\u00e9ho odporu<\/td>\n                    <td style=\"\">publicisztika<\/td>\n                    <td style=\"\"><a href='https:\/\/a2larm.cz\/2020\/10\/muze-kniha-spustit-revoluci-pohadkove-pribehy-se-v-madarsku-staly-symbolem-protiorbanovskeho-odporu\/' rel=' nofollow ' target='_blank'>https:\/\/a2larm.cz\/2020\/10\/muze-kniha-spustit-revoluci-pohadkove-pribehy-se-v-madarsku-staly-symbolem-protiorbanovskeho-odporu\/<\/a><\/td>\n                    <td style=\"\">pozit\u00edv<\/td>\n                    <td style=\"\"><\/td>\n                    <td style=\"\">igen<\/td>\n                    <td style=\"\">cseh<\/td>\n                    <td style=\"\"><\/td>\n            <\/tr>\n            <tr id=\"table_2_row_418\">\n                    <td style=\"\">2020.10.20<\/td>\n                    <td style=\"\"><a href='https:\/\/hvg.hu\/' rel=' nofollow ' target='_blank'>https:\/\/hvg.hu\/<\/a><\/td>\n                    <td style=\"\">R\u00f3th Elza<\/td>\n                    <td style=\"\">Meseorsz\u00e1g D\u00far\u00f3 D\u00f3r\u00e1\u00e9 is lehetett volna: egy m\u00e1sik Magyarorsz\u00e1g mes\u00e9je<\/td>\n                    <td style=\"\">publicisztika<\/td>\n                    <td style=\"\"><a href='https:\/\/hvg.hu\/360\/20201020_Meseorszag_Duro_Dorae_is_lehetett_volna_egy_masik_Magyarorszag_meseje' rel=' nofollow ' target='_blank'>https:\/\/hvg.hu\/360\/20201020_Meseorszag_Duro_Dorae_is_lehetett_volna_egy_masik_Magyarorszag_meseje<\/a><\/td>\n                    <td style=\"\">pozit\u00edv<\/td>\n                    <td style=\"\"><\/td>\n                    <td style=\"\"><\/td>\n                    <td style=\"\"><\/td>\n                    <td style=\"\"><\/td>\n            <\/tr>\n            <tr id=\"table_2_row_419\">\n                    <td style=\"\">2020.10.20<\/td>\n                    <td style=\"\"><a href='https:\/\/humenonline.hu\/' rel=' nofollow ' target='_blank'>https:\/\/humenonline.hu\/<\/a><\/td>\n                    <td style=\"\">Kocsis G. J\u00e1nos<\/td>\n                    <td style=\"\">A nap fot\u00f3ja: Meseorsz\u00e1g mindenhol<\/td>\n                    <td style=\"\">m\u00e9m, k\u00e9p<\/td>\n                    <td style=\"\"><a href='https:\/\/humenonline.hu\/a-nap-fotoja-meseorszag-mindenhol\/' rel=' nofollow ' target='_blank'>https:\/\/humenonline.hu\/a-nap-fotoja-meseorszag-mindenhol\/<\/a><\/td>\n                    <td style=\"\">pozit\u00edv<\/td>\n                    <td style=\"\"><\/td>\n                    <td style=\"\"><\/td>\n                    <td style=\"\"><\/td>\n                    <td style=\"\"><\/td>\n            <\/tr>\n            <tr id=\"table_2_row_420\">\n                    <td style=\"\">2020.10.20<\/td>\n                    <td style=\"\"><a href='https:\/\/divany.hu\/' rel=' nofollow ' target='_blank'>https:\/\/divany.hu\/<\/a><\/td>\n                    <td style=\"\">Milanovich Domi<\/td>\n                    <td style=\"\">T\u00e1mogatlak, te kis devi\u00e1ns, h\u00e1t nem \u00e9rzed? A Meseorsz\u00e1g marg\u00f3j\u00e1ra<\/td>\n                    <td style=\"\">publicisztika<\/td>\n                    <td style=\"\"><a href='https:\/\/divany.hu\/szuloseg\/2020\/10\/20\/meseorszag-mindenkie-velemeny' rel=' nofollow ' target='_blank'>https:\/\/divany.hu\/szuloseg\/2020\/10\/20\/meseorszag-mindenkie-velemeny<\/a><\/td>\n                    <td style=\"\">pozit\u00edv<\/td>\n                    <td style=\"\"><\/td>\n                    <td style=\"\"><\/td>\n                    <td style=\"\"><\/td>\n                    <td style=\"\"><\/td>\n            <\/tr>\n            <tr id=\"table_2_row_421\">\n                    <td style=\"\">2020.10.20<\/td>\n                    <td style=\"\"><a href='https:\/\/budapestpride.hu\/' rel=' nofollow ' target='_blank'>https:\/\/budapestpride.hu\/<\/a><\/td>\n                    <td style=\"\"><\/td>\n                    <td style=\"\">Mi t\u00f6rt\u00e9nt a korm\u00e1ny homof\u00f3b kamp\u00e1ny\u00e1ban a meseorsz\u00e1g ledar\u00e1l\u00e1sa \u00f3ta?<\/td>\n                    <td style=\"\">h\u00edr, besz\u00e1mol\u00f3, r\u00f6vid cikk<\/td>\n                    <td style=\"\"><a href='https:\/\/budapestpride.hu\/hirek\/mi-tortent-a-kormany-homofob-kampanyaban-a-meseorszag-ledaralasa-ota' rel=' nofollow ' target='_blank'>https:\/\/budapestpride.hu\/hirek\/mi-tortent-a-kormany-homofob-kampanyaban-a-meseorszag-ledaralasa-ota<\/a><\/td>\n                    <td style=\"\">semleges<\/td>\n                    <td style=\"\"><\/td>\n                    <td style=\"\"><\/td>\n                    <td style=\"\"><\/td>\n                    <td style=\"\">A weboldalon \u00f6sszefoglalj\u00e1k mi t\u00f6rt\u00e9nt a darl\u00e1s\u00e1 \u00f3ta, 2020.10.21-ig<\/td>\n            <\/tr>\n            <tr id=\"table_2_row_422\">\n                    <td style=\"\">2020.10.20<\/td>\n                    <td style=\"\"><a href='https:\/\/nepszava.hu\/' rel=' nofollow ' target='_blank'>https:\/\/nepszava.hu\/<\/a><\/td>\n                    <td style=\"\">Szelestey Lajos<\/td>\n                    <td style=\"\">Szabad szemmel: Orb\u00e1nt nem sok minden \u00f6szt\u00f6k\u00e9li arra, hogy \u00fcgyeljen a diplom\u00e1ciai l\u00e1tszatra<\/td>\n                    <td style=\"\">h\u00edr, besz\u00e1mol\u00f3, r\u00f6vid cikk<\/td>\n                    <td style=\"\"><a href='https:\/\/nepszava.hu\/3096138_szabad-szemmel-orbant-nem-sok-minden-osztokeli-arra-hogy-ugyeljen-a-diplomaciai-latszatra' rel=' nofollow ' target='_blank'>https:\/\/nepszava.hu\/3096138_szabad-szemmel-orbant-nem-sok-minden-osztokeli-arra-hogy-ugyeljen-a-diplomaciai-latszatra<\/a><\/td>\n                    <td style=\"\">pozit\u00edv<\/td>\n                    <td style=\"\"><\/td>\n                    <td style=\"\"><\/td>\n                    <td style=\"\"><\/td>\n                    <td style=\"\">Nemzetk\u00f6zi sajt\u00f3szemle, k\u00f6zt\u00fck a Reuters cikk\u00e9r\u0151l is Nagy Boldizs\u00e1r megsz\u00f3lal\u00e1s\u00e1val.<\/td>\n            <\/tr>\n            <tr id=\"table_2_row_423\">\n                    <td style=\"\">2020.10.20<\/td>\n                    <td style=\"\"><a href='https:\/\/www.mixonline.hu\/' rel=' nofollow ' target='_blank'>https:\/\/www.mixonline.hu\/<\/a><\/td>\n                    <td style=\"\"><\/td>\n                    <td style=\"\">Hungarikum lesz-e a Meseorsz\u00e1g mindenki\u00e9?<\/td>\n                    <td style=\"\">h\u00edr, besz\u00e1mol\u00f3, r\u00f6vid cikk<\/td>\n                    <td style=\"\"><a href='https:\/\/www.mixonline.hu\/Cikk.aspx?id=180070' rel=' nofollow ' target='_blank'>https:\/\/www.mixonline.hu\/Cikk.aspx?id=180070<\/a><\/td>\n                    <td style=\"\">semleges<\/td>\n                    <td style=\"\"><\/td>\n                    <td style=\"\"><\/td>\n                    <td style=\"\"><\/td>\n                    <td style=\"\">Csak egy egyszer\u0171 k\u00e9rd\u00e9sfelt\u00e9tel a bejegyz\u00e9s, hogy vajon lesz-e akkora sikere a k\u00f6nyvnek, mint a Magyar N\u00e9pmes\u00e9knek<\/td>\n            <\/tr>\n            <tr id=\"table_2_row_424\">\n                    <td style=\"\">2020.10.20<\/td>\n                    <td style=\"\"><a href='https:\/\/www.nyugat.hu\/' rel=' nofollow ' target='_blank'>https:\/\/www.nyugat.hu\/<\/a><\/td>\n                    <td style=\"\"><\/td>\n                    <td style=\"\">\u201eA Piroska \u00e9s a farkas sokkal durv\u00e1bb \u00e9s er\u0151szakosabb sz\u00f6veg, mint a Meseorsz\u00e1g mindenki\u00e9\u201d - \u00edrta F\u0171zfa Bal\u00e1zs<\/td>\n                    <td style=\"\">h\u00edr, besz\u00e1mol\u00f3, r\u00f6vid cikk<\/td>\n                    <td style=\"\"><a href='https:\/\/www.nyugat.hu\/cikk\/szombathely_fuzfa_balazs_velemeny_meseorszag_mindenkie' rel=' nofollow ' target='_blank'>https:\/\/www.nyugat.hu\/cikk\/szombathely_fuzfa_balazs_velemeny_meseorszag_mindenkie<\/a><\/td>\n                    <td style=\"\">semleges<\/td>\n                    <td style=\"\"><\/td>\n                    <td style=\"\"><\/td>\n                    <td style=\"\"><\/td>\n                    <td style=\"\">Vaalki cikkje a 400. link \u00edr\u00f3j\u00e1nak posztj\u00e1r\u00f3l, csak k\u00f6zli mit \u00edrt a facebokkon...<\/td>\n            <\/tr>\n            <tr id=\"table_2_row_425\">\n                    <td style=\"\">2020.10.20<\/td>\n                    <td style=\"\"><a href='https:\/\/www.tapolcaimedia.hu\/' rel=' nofollow ' target='_blank'>https:\/\/www.tapolcaimedia.hu\/<\/a><\/td>\n                    <td style=\"\">T\u00f6rkey L\u00e1szl\u00f3<\/td>\n                    <td style=\"\">Nem t\u0171rik az LMBTQ propagand\u00e1t, n\u00e9pszavaz\u00e1st szeretn\u00e9nek<\/td>\n                    <td style=\"\">h\u00edr, besz\u00e1mol\u00f3, r\u00f6vid cikk<\/td>\n                    <td style=\"\"><a href='https:\/\/www.tapolcaimedia.hu\/2020\/10\/nem-turik-az-lmbtq-propagandat-nepszavazast-surgetnek\/' rel=' nofollow ' target='_blank'>https:\/\/www.tapolcaimedia.hu\/2020\/10\/nem-turik-az-lmbtq-propagandat-nepszavazast-surgetnek\/<\/a><\/td>\n                    <td style=\"\">negat\u00edv<\/td>\n                    <td style=\"\"><\/td>\n                    <td style=\"\"><\/td>\n                    <td style=\"\"><\/td>\n                    <td style=\"\">Mi Haz\u00e1nk Mozgalom n\u00e9pszavaz\u00e1si kezdem\u00e9nyez\u00e9se, k\u00f6zint\u00e9zm\u00e9nyekben ne legyenek lmbtq kiadv\u00e1nyok<\/td>\n            <\/tr>\n            <tr id=\"table_2_row_426\">\n                    <td style=\"\">2020.10.20<\/td>\n                    <td style=\"\"><a href='http:\/\/ilovereading.blogger.hu\/' rel=' nofollow ' target='_blank'>http:\/\/ilovereading.blogger.hu\/<\/a><\/td>\n                    <td style=\"\">Nagy Boldizs\u00e1r<\/td>\n                    <td style=\"\">Meseorsz\u00e1g mindenki\u00e9<\/td>\n                    <td style=\"\">blogbejegyz\u00e9s<\/td>\n                    <td style=\"\"><a href='http:\/\/ilovereading.blogger.hu\/2020\/10\/03\/nagy-boldizsar-szerk-meseorszag-mindenkie' rel=' nofollow ' target='_blank'>http:\/\/ilovereading.blogger.hu\/2020\/10\/03\/nagy-boldizsar-szerk-meseorszag-mindenkie<\/a><\/td>\n                    <td style=\"\">pozit\u00edv<\/td>\n                    <td style=\"\"><\/td>\n                    <td style=\"\"><\/td>\n                    <td style=\"\"><\/td>\n                    <td style=\"\">Nagy Boldizs\u00e1r \u00edr\u00e1sa<\/td>\n            <\/tr>\n            <tr id=\"table_2_row_427\">\n                    <td style=\"\">2020.10.20<\/td>\n                    <td style=\"\"><a href='https:\/\/www.youtube.com\/' rel=' nofollow ' target='_blank'>https:\/\/www.youtube.com\/<\/a><\/td>\n                    <td style=\"\">N\u00e9meth Eszter<\/td>\n                    <td style=\"\">Gimesi D\u00f3ra: \u00d3ri\u00e1s\u00f6l\u0151 Marget<\/td>\n                    <td style=\"\">vide\u00f3<\/td>\n                    <td style=\"\"><a href='https:\/\/www.youtube.com\/watch?v=apAu9jrT8vA&amp;feature=youtu.be&amp;fbclid=IwAR0JxqhKNTuHYz7kAhKr4ICZeMcrp5AMsSd4LTbs5vlfXYhe3vq4qwQoPKU' rel=' nofollow ' target='_blank'>https:\/\/www.youtube.com\/watch?v=apAu9jrT8vA&amp;feature=youtu.be&amp;fbclid=IwAR0JxqhKNTuHYz7kAhKr4ICZeMcrp5AMsSd4LTbs5vlfXYhe3vq4qwQoPKU<\/a><\/td>\n                    <td style=\"\">pozit\u00edv<\/td>\n                    <td style=\"\">youtube<\/td>\n                    <td style=\"\"><\/td>\n                    <td style=\"\"><\/td>\n                    <td style=\"\">N\u00e9meth Eszter el\u0151ad\u00e1s\u00e1bn<\/td>\n            <\/tr>\n            <tr id=\"table_2_row_428\">\n                    <td style=\"\">2020.10.20<\/td>\n                    <td style=\"\"><a href='https:\/\/www.youtube.com\/' rel=' nofollow ' target='_blank'>https:\/\/www.youtube.com\/<\/a><\/td>\n                    <td style=\"\">vil\u00e1gj\u00e1r\u00f3k klubja b\u00e9cs<\/td>\n                    <td style=\"\">Bruci \u00c9va: Pszichol\u00f3gia, Tolerancia, Er\u0151s\u00edt\u00e9s - Ezek mi\u00e9rt fontosak az oktat\u00e1sban?<\/td>\n                    <td style=\"\">vide\u00f3<\/td>\n                    <td style=\"\"><a href='https:\/\/www.youtube.com\/watch?v=VLxNfnBQFJ0' rel=' nofollow ' target='_blank'>https:\/\/www.youtube.com\/watch?v=VLxNfnBQFJ0<\/a><\/td>\n                    <td style=\"\">pozit\u00edv<\/td>\n                    <td style=\"\">youtube<\/td>\n                    <td style=\"\"><\/td>\n                    <td style=\"\"><\/td>\n                    <td style=\"\">Bruci \u00c9va: Pszichol\u00f3gia, Tolerancia, Er\u0151s\u00edt\u00e9s - Ezek mi\u00e9rt fontosak az oktat\u00e1sban?<\/td>\n            <\/tr>\n            <tr id=\"table_2_row_429\">\n                    <td style=\"\">2020.10.21<\/td>\n                    <td style=\"\"><a href='https:\/\/plakatmagany.transindex.ro\/' rel=' nofollow ' target='_blank'>https:\/\/plakatmagany.transindex.ro\/<\/a><\/td>\n                    <td style=\"\">Kulcs\u00e1r \u00c1rp\u00e1d<\/td>\n                    <td style=\"\">D\u00far\u00f3 n\u00e9ni mes\u00e9je<\/td>\n                    <td style=\"\">publicisztika<\/td>\n                    <td style=\"\"><a href='https:\/\/plakatmagany.transindex.ro\/duro-neni-meseje-meseorszag-mindenkie\/' rel=' nofollow ' target='_blank'>https:\/\/plakatmagany.transindex.ro\/duro-neni-meseje-meseorszag-mindenkie\/<\/a><\/td>\n                    <td style=\"\">pozit\u00edv<\/td>\n                    <td style=\"\"><\/td>\n                    <td style=\"\">igen<\/td>\n                    <td style=\"\"><\/td>\n                    <td style=\"\"><\/td>\n            <\/tr>\n            <tr id=\"table_2_row_430\">\n                    <td style=\"\">2020.10.21<\/td>\n                    <td style=\"\"><a href='https:\/\/www.szabadeuropa.hu\/' rel=' nofollow ' target='_blank'>https:\/\/www.szabadeuropa.hu\/<\/a><\/td>\n                    <td style=\"\">Keller-Al\u00e1nt \u00c1kos<\/td>\n                    <td style=\"\">Nem j\u00f3, de fontos \u2013 Meseorsz\u00e1g Mindenki\u00e9 \u00e9s az \u00e9rz\u00e9keny\u00edt\u00e9s<\/td>\n                    <td style=\"\">publicisztika<\/td>\n                    <td style=\"\"><a href='https:\/\/www.szabadeuropa.hu\/a\/nem-jo-de-fontos-meseorszag-mindenkie-es-az-erzekenyites\/30904747.html' rel=' nofollow ' target='_blank'>https:\/\/www.szabadeuropa.hu\/a\/nem-jo-de-fontos-meseorszag-mindenkie-es-az-erzekenyites\/30904747.html<\/a><\/td>\n                    <td style=\"\">semleges<\/td>\n                    <td style=\"\"><\/td>\n                    <td style=\"\"><\/td>\n                    <td style=\"\"><\/td>\n                    <td style=\"\"><\/td>\n            <\/tr>\n            <tr id=\"table_2_row_431\">\n                    <td style=\"\">2020.10.21<\/td>\n                    <td style=\"\"><a href='https:\/\/alfahir.hu\/' rel=' nofollow ' target='_blank'>https:\/\/alfahir.hu\/<\/a><\/td>\n                    <td style=\"\"><\/td>\n                    <td style=\"\">A Fidesz \u00e9s a Mi Haz\u00e1nk \u00f6sszefog\u00e1s<\/td>\n                    <td style=\"\">publicisztika<\/td>\n                    <td style=\"\"><a href='https:\/\/alfahir.hu\/2020\/10\/21\/kommenttar_publicisztika_fidesz_mi_hazank_konyvdaralas' rel=' nofollow ' target='_blank'>https:\/\/alfahir.hu\/2020\/10\/21\/kommenttar_publicisztika_fidesz_mi_hazank_konyvdaralas<\/a><\/td>\n                    <td style=\"\">semleges<\/td>\n                    <td style=\"\"><\/td>\n                    <td style=\"\"><\/td>\n                    <td style=\"\"><\/td>\n                    <td style=\"\">Nem kimondottan a k\u00f6nyvr\u0151l sz\u00f3l: a Fidesz \u00e9s a Mi Haz\u00e1nk kapcsolat\u00e1t boncolgatja az \u00edr\u00f3<\/td>\n            <\/tr>\n            <tr id=\"table_2_row_432\">\n                    <td style=\"\">2020.10.21<\/td>\n                    <td style=\"\"><a href='https:\/\/telex.hu\/' rel=' nofollow ' target='_blank'>https:\/\/telex.hu\/<\/a><\/td>\n                    <td style=\"\">El\u0151d Fruzsina<\/td>\n                    <td style=\"\">A melegek lehetnek az \u00faj migr\u00e1nsok<\/td>\n                    <td style=\"\">publicisztika<\/td>\n                    <td style=\"\"><a href='https:\/\/telex.hu\/belfold\/2020\/10\/21\/gender-lmbtq-identitaspolitika-fidesz-2022-kampany-lengyelorszag' rel=' nofollow ' target='_blank'>https:\/\/telex.hu\/belfold\/2020\/10\/21\/gender-lmbtq-identitaspolitika-fidesz-2022-kampany-lengyelorszag<\/a><\/td>\n                    <td style=\"\">pozit\u00edv<\/td>\n                    <td style=\"\"><\/td>\n                    <td style=\"\"><\/td>\n                    <td style=\"\"><\/td>\n                    <td style=\"\"><\/td>\n            <\/tr>\n            <tr id=\"table_2_row_433\">\n                    <td style=\"\">2020.10.21<\/td>\n                    <td style=\"\"><a href='https:\/\/168ora.hu\/' rel=' nofollow ' target='_blank'>https:\/\/168ora.hu\/<\/a><\/td>\n                    <td style=\"\"><\/td>\n                    <td style=\"\">Nemcsak a gyerekeket, hanem saj\u00e1t mag\u00e1t is seg\u00edti a meseolvas\u00e1ssal<\/td>\n                    <td style=\"\">interj\u00fa<\/td>\n                    <td style=\"\"><a href='https:\/\/168ora.hu\/kultura\/nemcsak-a-gyerekeket-hanem-sajat-magat-is-segiti-a-meseolvasassal-193767' rel=' nofollow ' target='_blank'>https:\/\/168ora.hu\/kultura\/nemcsak-a-gyerekeket-hanem-sajat-magat-is-segiti-a-meseolvasassal-193767<\/a><\/td>\n                    <td style=\"\">pozit\u00edv<\/td>\n                    <td style=\"\"><\/td>\n                    <td style=\"\"><\/td>\n                    <td style=\"\"><\/td>\n                    <td style=\"\">Interj\u00fa Huzella J\u00fali\u00e1val<\/td>\n            <\/tr>\n            <tr id=\"table_2_row_434\">\n                    <td style=\"\">2020.10.21<\/td>\n                    <td style=\"\"><a href='https:\/\/168ora.hu\/' rel=' nofollow ' target='_blank'>https:\/\/168ora.hu\/<\/a><\/td>\n                    <td style=\"\">F\u00f6ld S. P\u00e9ter<\/td>\n                    <td style=\"\">V\u00f6r\u00f6s vonalak<\/td>\n                    <td style=\"\">publicisztika<\/td>\n                    <td style=\"\"><a href='https:\/\/168ora.hu\/velemeny\/fold-s-peter-voros-vonalak-193793' rel=' nofollow ' target='_blank'>https:\/\/168ora.hu\/velemeny\/fold-s-peter-voros-vonalak-193793<\/a><\/td>\n                    <td style=\"\">pozit\u00edv<\/td>\n                    <td style=\"\"><\/td>\n                    <td style=\"\"><\/td>\n                    <td style=\"\"><\/td>\n                    <td style=\"\"><\/td>\n            <\/tr>\n            <tr id=\"table_2_row_435\">\n                    <td style=\"\">2020.10.21<\/td>\n                    <td style=\"\"><a href='https:\/\/pestihirlap.hu\/' rel=' nofollow ' target='_blank'>https:\/\/pestihirlap.hu\/<\/a><\/td>\n                    <td style=\"\">Mohos M\u00e1t\u00e9<\/td>\n                    <td style=\"\">Nemcsak a gyerekeket, hanem saj\u00e1t mag\u00e1t is seg\u00edti a meseolvas\u00e1ssal<\/td>\n                    <td style=\"\">interj\u00fa<\/td>\n                    <td style=\"\"><a href='https:\/\/pestihirlap.hu\/2020\/10\/21\/nemcsak-a-gyerekeket-hanem-sajat-magat-is-segiti-a-meseolvasassal' rel=' nofollow ' target='_blank'>https:\/\/pestihirlap.hu\/2020\/10\/21\/nemcsak-a-gyerekeket-hanem-sajat-magat-is-segiti-a-meseolvasassal<\/a><\/td>\n                    <td style=\"\">pozit\u00edv<\/td>\n                    <td style=\"\"><\/td>\n                    <td style=\"\"><\/td>\n                    <td style=\"\"><\/td>\n                    <td style=\"\">Interj\u00fa Huzella J\u00falia sz\u00edn\u00e9szn\u0151vel<\/td>\n            <\/tr>\n            <tr id=\"table_2_row_436\">\n                    <td style=\"\">2020.10.21<\/td>\n                    <td style=\"\"><a href='https:\/\/www.lemonde.fr\/' rel=' nofollow ' target='_blank'>https:\/\/www.lemonde.fr\/<\/a><\/td>\n                    <td style=\"\">Jean-Baptiste Chastand<\/td>\n                    <td style=\"\">Il \u00e9tait une fois des contes \u00ab inclusifs \u00bb qui d\u00e9cha\u00eenaient l\u2019extr\u00eame droite hongroise<\/td>\n                    <td style=\"\">h\u00edr, besz\u00e1mol\u00f3, r\u00f6vid cikk<\/td>\n                    <td style=\"\"><a href='https:\/\/www.lemonde.fr\/m-le-mag\/article\/2020\/10\/21\/il-etait-une-fois-des-contes-inclusifs-qui-dechainaient-l-extreme-droite-hongroise_6056873_4500055.html' rel=' nofollow ' target='_blank'>https:\/\/www.lemonde.fr\/m-le-mag\/article\/2020\/10\/21\/il-etait-une-fois-des-contes-inclusifs-qui-dechainaient-l-extreme-droite-hongroise_6056873_4500055.html<\/a><\/td>\n                    <td style=\"\">pozit\u00edv<\/td>\n                    <td style=\"\"><\/td>\n                    <td style=\"\">igen<\/td>\n                    <td style=\"\">francia<\/td>\n                    <td style=\"\"><\/td>\n            <\/tr>\n            <tr id=\"table_2_row_437\">\n                    <td style=\"\">2020.10.22<\/td>\n                    <td style=\"\"><a href='http:\/\/konyvutca.blogspot.com\/' rel=' nofollow ' target='_blank'>http:\/\/konyvutca.blogspot.com\/<\/a><\/td>\n                    <td style=\"\">Bea<\/td>\n                    <td style=\"\">Nagy Boldizs\u00e1r (szerk.): Meseorsz\u00e1g mindenki\u00e9<\/td>\n                    <td style=\"\">blogbejegyz\u00e9s<\/td>\n                    <td style=\"\"><a href='http:\/\/konyvutca.blogspot.com\/2020\/10\/nagy-boldizsar-szerk-meseorszag.html' rel=' nofollow ' target='_blank'>http:\/\/konyvutca.blogspot.com\/2020\/10\/nagy-boldizsar-szerk-meseorszag.html<\/a><\/td>\n                    <td style=\"\">pozit\u00edv<\/td>\n                    <td style=\"\"><\/td>\n                    <td style=\"\"><\/td>\n                    <td style=\"\"><\/td>\n                    <td style=\"\"><\/td>\n            <\/tr>\n            <tr id=\"table_2_row_438\">\n                    <td style=\"\">2020.10.22<\/td>\n                    <td style=\"\"><a href='https:\/\/labrisz.hu\/' rel=' nofollow ' target='_blank'>https:\/\/labrisz.hu\/<\/a><\/td>\n                    <td style=\"\"><\/td>\n                    <td style=\"\">Sajt\u00f3k\u00f6zlem\u00e9ny: Orb\u00e1n gy\u0171l\u00f6letkelt\u0151 szavai miatt ombudsmanhoz fordult nyolc szervezet<\/td>\n                    <td style=\"\">h\u00edr, besz\u00e1mol\u00f3, r\u00f6vid cikk<\/td>\n                    <td style=\"\"><a href='https:\/\/labrisz.hu\/hirek\/sajtokozlemeny_orban_gyuloletkelto_szavai_miatt_ombudsmanhoz_fordult_nyolc_szervezet.837.html?pageid=58' rel=' nofollow ' target='_blank'>https:\/\/labrisz.hu\/hirek\/sajtokozlemeny_orban_gyuloletkelto_szavai_miatt_ombudsmanhoz_fordult_nyolc_szervezet.837.html?pageid=58<\/a><\/td>\n                    <td style=\"\">pozit\u00edv<\/td>\n                    <td style=\"\"><\/td>\n                    <td style=\"\"><\/td>\n                    <td style=\"\"><\/td>\n                    <td style=\"\">Szervezetek reag\u00e1l\u00e1sa Orb\u00e1n Viktor okt\u00f3ber 4-i besz\u00e9dj\u00e9re, az \u00c1triumban t\u00f6rt\u00e9nt incidens ut\u00e1n: k\u00e9rik az Ombudsmant, hogy sz\u00f3laljon meg az \u00fcgyben<\/td>\n            <\/tr>\n            <tr id=\"table_2_row_439\">\n                    <td style=\"\">2020.10.22<\/td>\n                    <td style=\"\"><a href='http:\/\/4liberty.eu\/' rel=' nofollow ' target='_blank'>http:\/\/4liberty.eu\/<\/a><\/td>\n                    <td style=\"\">Radv\u00e1nyi Vikt\u00f3ria<\/td>\n                    <td style=\"\">LGBTQ Community Became Viktor Orban\u2019s Latest Scapegoat<\/td>\n                    <td style=\"\">publicisztika<\/td>\n                    <td style=\"\"><a href='http:\/\/4liberty.eu\/lgbtq-community-became-viktor-orbans-latest-scapegoat' rel=' nofollow ' target='_blank'>http:\/\/4liberty.eu\/lgbtq-community-became-viktor-orbans-latest-scapegoat<\/a><\/td>\n                    <td style=\"\">semleges<\/td>\n                    <td style=\"\"><\/td>\n                    <td style=\"\">igen<\/td>\n                    <td style=\"\">angol<\/td>\n                    <td style=\"\"><\/td>\n            <\/tr>\n            <tr id=\"table_2_row_440\">\n                    <td style=\"\">2020.10.22<\/td>\n                    <td style=\"\"><a href='https:\/\/magyarnemzet.hu\/' rel=' nofollow ' target='_blank'>https:\/\/magyarnemzet.hu\/<\/a><\/td>\n                    <td style=\"\">Nagy Orsolya<\/td>\n                    <td style=\"\">Soros-szervezetek homof\u00f3bi\u00e1val t\u00e1madj\u00e1k Orb\u00e1n Viktort<\/td>\n                    <td style=\"\">h\u00edr, besz\u00e1mol\u00f3, r\u00f6vid cikk<\/td>\n                    <td style=\"\"><a href='https:\/\/magyarnemzet.hu\/belfold\/soros-szervezetek-homofobiaval-tamadjak-orban-viktort-8846711\/' rel=' nofollow ' target='_blank'>https:\/\/magyarnemzet.hu\/belfold\/soros-szervezetek-homofobiaval-tamadjak-orban-viktort-8846711\/<\/a><\/td>\n                    <td style=\"\">negat\u00edv<\/td>\n                    <td style=\"\"><\/td>\n                    <td style=\"\"><\/td>\n                    <td style=\"\"><\/td>\n                    <td style=\"\"><\/td>\n            <\/tr>\n            <tr id=\"table_2_row_441\">\n                    <td style=\"\">2020.10.22<\/td>\n                    <td style=\"\"><a href='https:\/\/www.facebook.com\/' rel=' nofollow ' target='_blank'>https:\/\/www.facebook.com\/<\/a><\/td>\n                    <td style=\"\">Csal\u00e1di K\u00f6nyvklub<\/td>\n                    <td style=\"\"><\/td>\n                    <td style=\"\">egy\u00e9b<\/td>\n                    <td style=\"\"><a href='https:\/\/www.facebook.com\/permalink.php?id=387555594650037&amp;story_fbid=4510458645693024' rel=' nofollow ' target='_blank'>https:\/\/www.facebook.com\/permalink.php?id=387555594650037&amp;story_fbid=4510458645693024<\/a><\/td>\n                    <td style=\"\">pozit\u00edv<\/td>\n                    <td style=\"\">fb<\/td>\n                    <td style=\"\"><\/td>\n                    <td style=\"\"><\/td>\n                    <td style=\"\"><\/td>\n            <\/tr>\n            <tr id=\"table_2_row_442\">\n                    <td style=\"\">2020.10.22<\/td>\n                    <td style=\"\"><a href='https:\/\/www.helsinki.hu\/' rel=' nofollow ' target='_blank'>https:\/\/www.helsinki.hu\/<\/a><\/td>\n                    <td style=\"\"><\/td>\n                    <td style=\"\">Orb\u00e1n gy\u0171l\u00f6letkelt\u0151 szavai miatt ombudsbanhoz fordult nyolc szervezet<\/td>\n                    <td style=\"\">h\u00edr, besz\u00e1mol\u00f3, r\u00f6vid cikk<\/td>\n                    <td style=\"\"><a href='https:\/\/www.helsinki.hu\/orban-gyuloletkelto-szavai-miatt-ombudsmanhoz-fordult-nyolc-szervezet\/' rel=' nofollow ' target='_blank'>https:\/\/www.helsinki.hu\/orban-gyuloletkelto-szavai-miatt-ombudsmanhoz-fordult-nyolc-szervezet\/<\/a><\/td>\n                    <td style=\"\">semleges<\/td>\n                    <td style=\"\"><\/td>\n                    <td style=\"\"><\/td>\n                    <td style=\"\"><\/td>\n                    <td style=\"\"><\/td>\n            <\/tr>\n            <tr id=\"table_2_row_443\">\n                    <td style=\"\">2020.10.22<\/td>\n                    <td style=\"\"><a href='https:\/\/merce.hu\/' rel=' nofollow ' target='_blank'>https:\/\/merce.hu\/<\/a><\/td>\n                    <td style=\"\">Kiss Soma \u00c1brah\u00e1m<\/td>\n                    <td style=\"\">Nyolc civil szervezet k\u00f6z\u00f6sen fordul ombudsmanhoz Orb\u00e1n homof\u00f3b kijelent\u00e9sei miatt<\/td>\n                    <td style=\"\">h\u00edr, besz\u00e1mol\u00f3, r\u00f6vid cikk<\/td>\n                    <td style=\"\"><a href='https:\/\/merce.hu\/2020\/10\/22\/nyolc-civil-szervezet-kozosen-fordul-ombudsmanhoz-orban-homofob-kijelentesei-miatt\/' rel=' nofollow ' target='_blank'>https:\/\/merce.hu\/2020\/10\/22\/nyolc-civil-szervezet-kozosen-fordul-ombudsmanhoz-orban-homofob-kijelentesei-miatt\/<\/a><\/td>\n                    <td style=\"\">pozit\u00edv<\/td>\n                    <td style=\"\"><\/td>\n                    <td style=\"\"><\/td>\n                    <td style=\"\"><\/td>\n                    <td style=\"\"><\/td>\n            <\/tr>\n            <tr id=\"table_2_row_444\">\n                    <td style=\"\">2020.10.23<\/td>\n                    <td style=\"\"><a href='https:\/\/azonnali.hu\/' rel=' nofollow ' target='_blank'>https:\/\/azonnali.hu\/<\/a><\/td>\n                    <td style=\"\">Kiss Brigi<\/td>\n                    <td style=\"\">Szoft buziz\u00e1ssal z\u00e1rta okt\u00f3ber 23-ai besz\u00e9d\u00e9t a KDNP n\u00f3gr\u00e1di eln\u00f6ke<\/td>\n                    <td style=\"\">h\u00edr, besz\u00e1mol\u00f3, r\u00f6vid cikk<\/td>\n                    <td style=\"\"><a href='https:\/\/azonnali.hu\/cikk\/20201023_szoft-buzizassal-zarta-oktober-23-ai-beszedet-a-kdnp-nogradi-elnoke' rel=' nofollow ' target='_blank'>https:\/\/azonnali.hu\/cikk\/20201023_szoft-buzizassal-zarta-oktober-23-ai-beszedet-a-kdnp-nogradi-elnoke<\/a><\/td>\n                    <td style=\"\">semleges<\/td>\n                    <td style=\"\"><\/td>\n                    <td style=\"\"><\/td>\n                    <td style=\"\"><\/td>\n                    <td style=\"\"><\/td>\n            <\/tr>\n            <tr id=\"table_2_row_445\">\n                    <td style=\"\">2020.10.23<\/td>\n                    <td style=\"\"><a href='https:\/\/telex.hu\/' rel=' nofollow ' target='_blank'>https:\/\/telex.hu\/<\/a><\/td>\n                    <td style=\"\">Pint\u00e9r Luca, Nyilas Gergely<\/td>\n                    <td style=\"\">Mi Haz\u00e1nk Mozgalom: K\u00f6nyvet \u00e9getni soha nem k\u00e9s\u0151<\/td>\n                    <td style=\"\">h\u00edr, besz\u00e1mol\u00f3, r\u00f6vid cikk<\/td>\n                    <td style=\"\"><a href='https:\/\/telex.hu\/belfold\/2020\/10\/23\/mi-hazank-mozgalom-56-os-megemlekezese' rel=' nofollow ' target='_blank'>https:\/\/telex.hu\/belfold\/2020\/10\/23\/mi-hazank-mozgalom-56-os-megemlekezese<\/a><\/td>\n                    <td style=\"\">semleges<\/td>\n                    <td style=\"\"><\/td>\n                    <td style=\"\"><\/td>\n                    <td style=\"\"><\/td>\n                    <td style=\"\"><\/td>\n            <\/tr>\n            <tr id=\"table_2_row_446\">\n                    <td style=\"\">2020.10.23<\/td>\n                    <td style=\"\"><a href='https:\/\/www.youtube.com\/' rel=' nofollow ' target='_blank'>https:\/\/www.youtube.com\/<\/a><\/td>\n                    <td style=\"\">K\u00f6nyvtolvaj<\/td>\n                    <td style=\"\">Meseorsz\u00e1g mindenki\u00e9 - k\u00f6nyvbemutat\u00f3<\/td>\n                    <td style=\"\">vide\u00f3<\/td>\n                    <td style=\"\"><a href='https:\/\/www.youtube.com\/watch?v=An44QpMARz4' rel=' nofollow ' target='_blank'>https:\/\/www.youtube.com\/watch?v=An44QpMARz4<\/a><\/td>\n                    <td style=\"\">pozit\u00edv<\/td>\n                    <td style=\"\">youtube<\/td>\n                    <td style=\"\"><\/td>\n                    <td style=\"\"><\/td>\n                    <td style=\"\"><\/td>\n            <\/tr>\n            <tr id=\"table_2_row_447\">\n                    <td style=\"\">2020.10.24<\/td>\n                    <td style=\"\"><a href='https:\/\/magyarnemzet.hu\/' rel=' nofollow ' target='_blank'>https:\/\/magyarnemzet.hu\/<\/a><\/td>\n                    <td style=\"\">Ap\u00e1ti Bence<\/td>\n                    <td style=\"\">A botr\u00e1nyos mesek\u00f6nyv csak az els\u0151 l\u00e9pcs\u0151fok<\/td>\n                    <td style=\"\">publicisztika<\/td>\n                    <td style=\"\"><a href='https:\/\/magyarnemzet.hu\/velemeny\/a-botranyos-mesekonyv-csak-az-elso-lepcsofok-8852987\/' rel=' nofollow ' target='_blank'>https:\/\/magyarnemzet.hu\/velemeny\/a-botranyos-mesekonyv-csak-az-elso-lepcsofok-8852987\/<\/a><\/td>\n                    <td style=\"\">negat\u00edv<\/td>\n                    <td style=\"\"><\/td>\n                    <td style=\"\"><\/td>\n                    <td style=\"\"><\/td>\n                    <td style=\"\"><\/td>\n            <\/tr>\n            <tr id=\"table_2_row_448\">\n                    <td style=\"\">2020.10.24<\/td>\n                    <td style=\"\"><a href='https:\/\/www.facebook.com\/' rel=' nofollow ' target='_blank'>https:\/\/www.facebook.com\/<\/a><\/td>\n                    <td style=\"\">Tompa Andrea<\/td>\n                    <td style=\"\">Vaslaci<\/td>\n                    <td style=\"\">mesek\u00f6zl\u00e9s<\/td>\n                    <td style=\"\"><a href='https:\/\/www.facebook.com\/battodui\/videos\/10222621266175585' rel=' nofollow ' target='_blank'>https:\/\/www.facebook.com\/battodui\/videos\/10222621266175585<\/a><\/td>\n                    <td style=\"\">semleges<\/td>\n                    <td style=\"\">fb<\/td>\n                    <td style=\"\"><\/td>\n                    <td style=\"\"><\/td>\n                    <td style=\"\">Bart\u00f3k Gyuri a fb-oldal\u00e1n estimes\u00e9t mond<\/td>\n            <\/tr>\n            <tr id=\"table_2_row_449\">\n                    <td style=\"\">2020.10.25<\/td>\n                    <td style=\"\"><a href='https:\/\/www.youtube.com\/' rel=' nofollow ' target='_blank'>https:\/\/www.youtube.com\/<\/a><\/td>\n                    <td style=\"\">Zs\u00e9dely T\u00edmea<\/td>\n                    <td style=\"\">L\u00e9lekb\u00fav\u00e1rok kult\u00far\u00e1k k\u00f6z\u00f6tt 4. Szexu\u00e1lis szabads\u00e1g \u00e9s \u00f6nismeret<\/td>\n                    <td style=\"\">vide\u00f3<\/td>\n                    <td style=\"\"><a href='https:\/\/www.youtube.com\/watch?v=T14qUjdwwhw' rel=' nofollow ' target='_blank'>https:\/\/www.youtube.com\/watch?v=T14qUjdwwhw<\/a><\/td>\n                    <td style=\"\">pozit\u00edv<\/td>\n                    <td style=\"\">youtube<\/td>\n                    <td style=\"\"><\/td>\n                    <td style=\"\"><\/td>\n                    <td style=\"\">Zs\u00e9dely T\u00edmea besz\u00e9lget Indries Kriszt\u00e1nnal, Ford No\u00e9mivel \u00e9s Borgos Ann\u00e1va<\/td>\n            <\/tr>\n            <tr id=\"table_2_row_450\">\n                    <td style=\"\">2020.10.25<\/td>\n                    <td style=\"\"><a href='https:\/\/index.hu\/' rel=' nofollow ' target='_blank'>https:\/\/index.hu\/<\/a><\/td>\n                    <td style=\"\">Fer\u00f3 Dalma<\/td>\n                    <td style=\"\">V\u00e9resen komoly mes\u00e9k: Alien vs. Predator Meseorsz\u00e1gban<\/td>\n                    <td style=\"\">publicisztika<\/td>\n                    <td style=\"\"><a href='https:\/\/index.hu\/velemeny\/2020\/10\/25\/veresen_komoly_mesek_meseorszag_alien_predator_didaktikus_pamfletirodalom\/' rel=' nofollow ' target='_blank'>https:\/\/index.hu\/velemeny\/2020\/10\/25\/veresen_komoly_mesek_meseorszag_alien_predator_didaktikus_pamfletirodalom\/<\/a><\/td>\n                    <td style=\"\">negat\u00edv<\/td>\n                    <td style=\"\"><\/td>\n                    <td style=\"\"><\/td>\n                    <td style=\"\"><\/td>\n                    <td style=\"\"><\/td>\n            <\/tr>\n            <tr id=\"table_2_row_451\">\n                    <td style=\"\">2020.10.26<\/td>\n                    <td style=\"\"><a href='https:\/\/tilos.hu\/' rel=' nofollow ' target='_blank'>https:\/\/tilos.hu\/<\/a><\/td>\n                    <td style=\"\">R\u00e9v\u00e9sz Ren\u00e1ta (m\u0171sorvez.)<\/td>\n                    <td style=\"\">Teszt \u00e9s l\u00e9lek: Meseorsz\u00e1g \u00e9s ami k\u00f6r\u00fcl\u00f6tte van, pszichol\u00f3gus szemmel<\/td>\n                    <td style=\"\">r\u00e1di\u00f3<\/td>\n                    <td style=\"\"><a href='https:\/\/tilos.hu\/episode\/teszt-es-lelek\/2020\/10\/26' rel=' nofollow ' target='_blank'>https:\/\/tilos.hu\/episode\/teszt-es-lelek\/2020\/10\/26<\/a><\/td>\n                    <td style=\"\">pozit\u00edv<\/td>\n                    <td style=\"\"><\/td>\n                    <td style=\"\"><\/td>\n                    <td style=\"\"><\/td>\n                    <td style=\"\">Besz\u00e9lget\u00e9s Ny\u00fal Bogl\u00e1rka szoc\u00e1lpszichol\u00f3gussal, L\u00e1szl\u00f3ffy Julianna klinikai szakpszichol\u00f3gussal, B\u00e1lint Eszter pszichol\u00f3gussal \u00e9s Borgos Anna pszichol\u00f3gussal<\/td>\n            <\/tr>\n            <tr id=\"table_2_row_452\">\n                    <td style=\"\">2020.10.26<\/td>\n                    <td style=\"\"><a href='https:\/\/index.hu\/' rel=' nofollow ' target='_blank'>https:\/\/index.hu\/<\/a><\/td>\n                    <td style=\"\">Forg\u00e1cs Marietta<\/td>\n                    <td style=\"\">Nemv\u00e1lt\u00e1s \u00e9s a k\u00e9t kir\u00e1lyfi esk\u00fcv\u0151j\u00e9nek rekl\u00e1mja \u2013 ilyen Meseorsz\u00e1g m\u00f3dszertana<\/td>\n                    <td style=\"\">publicisztika<\/td>\n                    <td style=\"\"><a href='https:\/\/index.hu\/belfold\/2020\/10\/26\/kiralyfik_eskuvoi_reklam_meseorszag_modszertana' rel=' nofollow ' target='_blank'>https:\/\/index.hu\/belfold\/2020\/10\/26\/kiralyfik_eskuvoi_reklam_meseorszag_modszertana<\/a><\/td>\n                    <td style=\"\">negat\u00edv<\/td>\n                    <td style=\"\"><\/td>\n                    <td style=\"\"><\/td>\n                    <td style=\"\"><\/td>\n                    <td style=\"\"><\/td>\n            <\/tr>\n            <tr id=\"table_2_row_453\">\n                    <td style=\"\">2020.10.26<\/td>\n                    <td style=\"\"><a href='https:\/\/www.facebook.com\/' rel=' nofollow ' target='_blank'>https:\/\/www.facebook.com\/<\/a><\/td>\n                    <td style=\"\">Sziv\u00e1rv\u00e1nyl\u00e1ny<\/td>\n                    <td style=\"\">Meseorsz\u00e1g midnenki\u00e9<\/td>\n                    <td style=\"\">FB-poszt<\/td>\n                    <td style=\"\"><a href='https:\/\/www.facebook.com\/permalink.php?story_fbid=706325983573648&amp;id=319508178922099' rel=' nofollow ' target='_blank'>https:\/\/www.facebook.com\/permalink.php?story_fbid=706325983573648&amp;id=319508178922099<\/a><\/td>\n                    <td style=\"\">pozit\u00edv<\/td>\n                    <td style=\"\">fb<\/td>\n                    <td style=\"\"><\/td>\n                    <td style=\"\"><\/td>\n                    <td style=\"\"><\/td>\n            <\/tr>\n            <tr id=\"table_2_row_454\">\n                    <td style=\"\">2020.10.26<\/td>\n                    <td style=\"\"><a href='https:\/\/magyarnemzet.hu\/' rel=' nofollow ' target='_blank'>https:\/\/magyarnemzet.hu\/<\/a><\/td>\n                    <td style=\"\">V4NA H\u00edr\u00fcgyn\u00f6ks\u00e9g<\/td>\n                    <td style=\"\">Bukott \u00fcgy a gyerekmes\u00e9kbe rejtett baloldali propaganda<\/td>\n                    <td style=\"\">interj\u00fa<\/td>\n                    <td style=\"\"><a href='https:\/\/magyarnemzet.hu\/kulfold\/bukott-ugy-a-gyerekmesekbe-rejtett-baloldali-propaganda-8863514\/' rel=' nofollow ' target='_blank'>https:\/\/magyarnemzet.hu\/kulfold\/bukott-ugy-a-gyerekmesekbe-rejtett-baloldali-propaganda-8863514\/<\/a><\/td>\n                    <td style=\"\">negat\u00edv<\/td>\n                    <td style=\"\"><\/td>\n                    <td style=\"\"><\/td>\n                    <td style=\"\"><\/td>\n                    <td style=\"\"><\/td>\n            <\/tr>\n            <tr id=\"table_2_row_455\">\n                    <td style=\"\">2020.10.26<\/td>\n                    <td style=\"\"><a href='https:\/\/www.magyarhirlap.hu\/' rel=' nofollow ' target='_blank'>https:\/\/www.magyarhirlap.hu\/<\/a><\/td>\n                    <td style=\"\">Vit\u00e9z Ferenc<\/td>\n                    <td style=\"\">Mese-mese a Toronyb\u00f3l<\/td>\n                    <td style=\"\">publicisztika<\/td>\n                    <td style=\"\"><a href='https:\/\/www.magyarhirlap.hu\/velemeny\/20201026-mese-mese-a-toronybol' rel=' nofollow ' target='_blank'>https:\/\/www.magyarhirlap.hu\/velemeny\/20201026-mese-mese-a-toronybol<\/a><\/td>\n                    <td style=\"\">negat\u00edv<\/td>\n                    <td style=\"\"><\/td>\n                    <td style=\"\"><\/td>\n                    <td style=\"\"><\/td>\n                    <td style=\"\"><\/td>\n            <\/tr>\n            <tr id=\"table_2_row_456\">\n                    <td style=\"\">2020.10.26<\/td>\n                    <td style=\"\"><a href='https:\/\/gondola.hu\/' rel=' nofollow ' target='_blank'>https:\/\/gondola.hu\/<\/a><\/td>\n                    <td style=\"\"><\/td>\n                    <td style=\"\">Meseorsz\u00e1g - V\u00e9lem\u00e9nyek a botr\u00e1nyos mesek\u00f6nyvr\u0151l - 6.<\/td>\n                    <td style=\"\">publicisztika<\/td>\n                    <td style=\"\"><a href='https:\/\/gondola.hu\/cikkek\/117831-Meseorszag_-_Velemenyek_a_botranyos_mesekonyvrol_-_6_.html' rel=' nofollow ' target='_blank'>https:\/\/gondola.hu\/cikkek\/117831-Meseorszag_-_Velemenyek_a_botranyos_mesekonyvrol_-_6_.html<\/a><\/td>\n                    <td style=\"\">negat\u00edv<\/td>\n                    <td style=\"\"><\/td>\n                    <td style=\"\"><\/td>\n                    <td style=\"\"><\/td>\n                    <td style=\"\"><\/td>\n            <\/tr>\n            <tr id=\"table_2_row_457\">\n                    <td style=\"\">2020.10.26<\/td>\n                    <td style=\"\"><a href='https:\/\/index.hu\/' rel=' nofollow ' target='_blank'>https:\/\/index.hu\/<\/a><\/td>\n                    <td style=\"\">Forg\u00e1cs Marietta<\/td>\n                    <td style=\"\">Nemv\u00e1lt\u00e1s \u00e9s a k\u00e9t kir\u00e1lyfi esk\u00fcv\u0151j\u00e9nek rekl\u00e1mja \u2013 ilyen Meseorsz\u00e1g m\u00f3dszertana<\/td>\n                    <td style=\"\">publicisztika<\/td>\n                    <td style=\"\"><a href='https:\/\/index.hu\/belfold\/2020\/10\/26\/kiralyfik_eskuvoi_reklam_meseorszag_modszertana\/' rel=' nofollow ' target='_blank'>https:\/\/index.hu\/belfold\/2020\/10\/26\/kiralyfik_eskuvoi_reklam_meseorszag_modszertana\/<\/a><\/td>\n                    <td style=\"\">negat\u00edv<\/td>\n                    <td style=\"\"><\/td>\n                    <td style=\"\"><\/td>\n                    <td style=\"\"><\/td>\n                    <td style=\"\">az index cikke a foglalkoz\u00e1stervek hat\u00e1sair\u00f3l<\/td>\n            <\/tr>\n            <tr id=\"table_2_row_458\">\n                    <td style=\"\">2020.10.27<\/td>\n                    <td style=\"\"><a href='https:\/\/www.facebook.com\/' rel=' nofollow ' target='_blank'>https:\/\/www.facebook.com\/<\/a><\/td>\n                    <td style=\"\">LMBTQ gyermekek sz\u00fclei \u00e9s t\u00e1mogat\u00f3i<\/td>\n                    <td style=\"\">Meseorsz\u00e1g mindenki\u00e9, besz\u00e9lget\u00e9s alkot\u00f3kkal \u00e9s szak\u00e9rt\u0151kkel<\/td>\n                    <td style=\"\">esem\u00e9ny<\/td>\n                    <td style=\"\"><a href='https:\/\/www.facebook.com\/events\/404925310668555\/' rel=' nofollow ' target='_blank'>https:\/\/www.facebook.com\/events\/404925310668555\/<\/a><\/td>\n                    <td style=\"\">pozit\u00edv<\/td>\n                    <td style=\"\">fb<\/td>\n                    <td style=\"\"><\/td>\n                    <td style=\"\"><\/td>\n                    <td style=\"\">Besz\u00e9lget\u00e9s K\u00f6vesi Gy\u00f6rgyivel, L\u0151rincz No\u00e9mivel \u00e9s Kov\u00e1cs Brigitt\u00e1val (Efi)<\/td>\n            <\/tr>\n            <tr id=\"table_2_row_459\">\n                    <td style=\"\">2020.10.27<\/td>\n                    <td style=\"\"><a href='https:\/\/168ora.hu\/' rel=' nofollow ' target='_blank'>https:\/\/168ora.hu\/<\/a><\/td>\n                    <td style=\"\">Sv\u00e9bis Bence<\/td>\n                    <td style=\"\">Pet\u00edci\u00f3k p\u00e1rbaja \u2013 Pszichol\u00f3giai s\u00edkon folytat\u00f3dik a ledar\u00e1lt mesek\u00f6nyv \u00fcgye<\/td>\n                    <td style=\"\">h\u00edr, besz\u00e1mol\u00f3, r\u00f6vid cikk<\/td>\n                    <td style=\"\"><a href='https:\/\/168ora.hu\/kultura\/peticiok-parbaja-pszichologiai-sikon-folytatodik-a-ledaralt-mesekonyv-ugye-194150' rel=' nofollow ' target='_blank'>https:\/\/168ora.hu\/kultura\/peticiok-parbaja-pszichologiai-sikon-folytatodik-a-ledaralt-mesekonyv-ugye-194150<\/a><\/td>\n                    <td style=\"\">pozit\u00edv<\/td>\n                    <td style=\"\"><\/td>\n                    <td style=\"\"><\/td>\n                    <td style=\"\"><\/td>\n                    <td style=\"\"><\/td>\n            <\/tr>\n            <tr id=\"table_2_row_460\">\n                    <td style=\"\">2020.10.27<\/td>\n                    <td style=\"\"><a href='https:\/\/magyarnemzet.hu\/' rel=' nofollow ' target='_blank'>https:\/\/magyarnemzet.hu\/<\/a><\/td>\n                    <td style=\"\">T\u00f3th I.<\/td>\n                    <td style=\"\">\u00c9rz\u00e9keny\u00edtve<\/td>\n                    <td style=\"\">publicisztika<\/td>\n                    <td style=\"\"><a href='https:\/\/magyarnemzet.hu\/lugas-rovat\/erzekenyitve-8866901\/' rel=' nofollow ' target='_blank'>https:\/\/magyarnemzet.hu\/lugas-rovat\/erzekenyitve-8866901\/<\/a><\/td>\n                    <td style=\"\">negat\u00edv<\/td>\n                    <td style=\"\"><\/td>\n                    <td style=\"\"><\/td>\n                    <td style=\"\"><\/td>\n                    <td style=\"\"><\/td>\n            <\/tr>\n            <tr id=\"table_2_row_461\">\n                    <td style=\"\">2020.10.27<\/td>\n                    <td style=\"\"><a href='https:\/\/www.origo.hu\/' rel=' nofollow ' target='_blank'>https:\/\/www.origo.hu\/<\/a><\/td>\n                    <td style=\"\"><\/td>\n                    <td style=\"\">Kelet-Eur\u00f3p\u00e1ban nem fog m\u0171k\u00f6dni a gyerekmes\u00e9kbe rejtett baloldali propaganda<\/td>\n                    <td style=\"\">h\u00edr, besz\u00e1mol\u00f3, r\u00f6vid cikk<\/td>\n                    <td style=\"\"><a href='https:\/\/www.origo.hu\/nagyvilag\/20201027-filip-furman-v4na.html' rel=' nofollow ' target='_blank'>https:\/\/www.origo.hu\/nagyvilag\/20201027-filip-furman-v4na.html<\/a><\/td>\n                    <td style=\"\">negat\u00edv<\/td>\n                    <td style=\"\"><\/td>\n                    <td style=\"\"><\/td>\n                    <td style=\"\"><\/td>\n                    <td style=\"\"><\/td>\n            <\/tr>\n            <tr id=\"table_2_row_462\">\n                    <td style=\"\">2020.10.27<\/td>\n                    <td style=\"\"><a href='https:\/\/www.vaconline.hu\/' rel=' nofollow ' target='_blank'>https:\/\/www.vaconline.hu\/<\/a><\/td>\n                    <td style=\"\"><\/td>\n                    <td style=\"\">Meseorsz\u00e1g mindenki\u00e9 vagy egyre ink\u00e1bb m\u00e1sok\u00e9?<\/td>\n                    <td style=\"\">egy\u00e9b<\/td>\n                    <td style=\"\"><a href='https:\/\/www.vaconline.hu\/2020\/10\/07\/meseorszag-mindenkie-vagy-egyre-inkabb-masoke\/' rel=' nofollow ' target='_blank'>https:\/\/www.vaconline.hu\/2020\/10\/07\/meseorszag-mindenkie-vagy-egyre-inkabb-masoke\/<\/a><\/td>\n                    <td style=\"\">negat\u00edv<\/td>\n                    <td style=\"\"><\/td>\n                    <td style=\"\"><\/td>\n                    <td style=\"\"><\/td>\n                    <td style=\"\"><\/td>\n            <\/tr>\n            <tr id=\"table_2_row_463\">\n                    <td style=\"\">2020.10.27<\/td>\n                    <td style=\"\"><a href='https:\/\/www.facebook.com\/' rel=' nofollow ' target='_blank'>https:\/\/www.facebook.com\/<\/a><\/td>\n                    <td style=\"\"><\/td>\n                    <td style=\"\">Drogriporter bejegyz\u00e9s<\/td>\n                    <td style=\"\">FB-poszt<\/td>\n                    <td style=\"\"><a href='https:\/\/www.facebook.com\/drogriporter\/photos\/a.382747466103\/10157488242391104\/?type=3&amp;theater' rel=' nofollow ' target='_blank'>https:\/\/www.facebook.com\/drogriporter\/photos\/a.382747466103\/10157488242391104\/?type=3&amp;theater<\/a><\/td>\n                    <td style=\"\">pozit\u00edv<\/td>\n                    <td style=\"\"><\/td>\n                    <td style=\"\"><\/td>\n                    <td style=\"\"><\/td>\n                    <td style=\"\">Drogriporter bejegyz\u00e9<\/td>\n            <\/tr>\n            <tr id=\"table_2_row_464\">\n                    <td style=\"\">2020.10.28<\/td>\n                    <td style=\"\"><a href='http:\/\/www.vasarhely24.com\/' rel=' nofollow ' target='_blank'>http:\/\/www.vasarhely24.com\/<\/a><\/td>\n                    <td style=\"\">\u00c1cs Helga<\/td>\n                    <td style=\"\">Meleg esk\u00fcv\u0151h\u00f6z iratn\u00e1nak rekl\u00e1mszlogeneket gyerekekkel<\/td>\n                    <td style=\"\">h\u00edr, besz\u00e1mol\u00f3, r\u00f6vid cikk<\/td>\n                    <td style=\"\"><a href='http:\/\/www.vasarhely24.com\/belfold\/meleg-eskuvokhoz-iratnanak-reklamszlogeneket-gyerekekkel' rel=' nofollow ' target='_blank'>http:\/\/www.vasarhely24.com\/belfold\/meleg-eskuvokhoz-iratnanak-reklamszlogeneket-gyerekekkel<\/a><\/td>\n                    <td style=\"\">negat\u00edv<\/td>\n                    <td style=\"\"><\/td>\n                    <td style=\"\"><\/td>\n                    <td style=\"\"><\/td>\n                    <td style=\"\"><\/td>\n            <\/tr>\n            <tr id=\"table_2_row_465\">\n                    <td style=\"\">2020.10.28<\/td>\n                    <td style=\"\"><a href='https:\/\/www.youtube.com\/' rel=' nofollow ' target='_blank'>https:\/\/www.youtube.com\/<\/a><\/td>\n                    <td style=\"\">Angry Geri<\/td>\n                    <td style=\"\">Angri Geri kiakad lmbtq mesek\u00f6nyv (meseorsz\u00e1g mindenki\u00e9) reupload<\/td>\n                    <td style=\"\">vide\u00f3<\/td>\n                    <td style=\"\"><a href='https:\/\/www.youtube.com\/watch?v=Rm9YBm7AoB4&amp;feature=emb_logo' rel=' nofollow ' target='_blank'>https:\/\/www.youtube.com\/watch?v=Rm9YBm7AoB4&amp;feature=emb_logo<\/a><\/td>\n                    <td style=\"\">negat\u00edv<\/td>\n                    <td style=\"\">youtube<\/td>\n                    <td style=\"\"><\/td>\n                    <td style=\"\"><\/td>\n                    <td style=\"\"><\/td>\n            <\/tr>\n            <tr id=\"table_2_row_466\">\n                    <td style=\"\">2020.10.28<\/td>\n                    <td style=\"\"><a href='https:\/\/www.pikaramagazine.com\/' rel=' nofollow ' target='_blank'>https:\/\/www.pikaramagazine.com\/<\/a><\/td>\n                    <td style=\"\">Jose a Cano<\/td>\n                    <td style=\"\">LGTBfobia para ganar votos en el reino de Orb\u00e1n<\/td>\n                    <td style=\"\">h\u00edr, besz\u00e1mol\u00f3, r\u00f6vid cikk<\/td>\n                    <td style=\"\"><a href='https:\/\/www.pikaramagazine.com\/2020\/10\/lgtbfobia-para-ganar-votos-en-el-reino-de-orban\/' rel=' nofollow ' target='_blank'>https:\/\/www.pikaramagazine.com\/2020\/10\/lgtbfobia-para-ganar-votos-en-el-reino-de-orban\/<\/a><\/td>\n                    <td style=\"\">pozit\u00edv<\/td>\n                    <td style=\"\"><\/td>\n                    <td style=\"\">igen<\/td>\n                    <td style=\"\">spanyol<\/td>\n                    <td style=\"\"><\/td>\n            <\/tr>\n            <tr id=\"table_2_row_467\">\n                    <td style=\"\">2020.10.28<\/td>\n                    <td style=\"\"><a href='https:\/\/www.facebook.com\/' rel=' nofollow ' target='_blank'>https:\/\/www.facebook.com\/<\/a><\/td>\n                    <td style=\"\"><\/td>\n                    <td style=\"\"><\/td>\n                    <td style=\"\">FB-poszt<\/td>\n                    <td style=\"\"><a href='https:\/\/www.facebook.com\/F%C3%BCggetlen-Szabad-Egyetem-106211634575475\/photos\/pcb.136756344854337\/136756084854363' rel=' nofollow ' target='_blank'>https:\/\/www.facebook.com\/F%C3%BCggetlen-Szabad-Egyetem-106211634575475\/photos\/pcb.136756344854337\/136756084854363<\/a><\/td>\n                    <td style=\"\">pozit\u00edv<\/td>\n                    <td style=\"\">fb<\/td>\n                    <td style=\"\"><\/td>\n                    <td style=\"\"><\/td>\n                    <td style=\"\">K\u00e9p: Az egyetemfoglal\u00e1s 57. napj\u00e1n 2 hallgat\u00f3 olvassa a Meseorsz\u00e1g mindenki\u00e9 c\u00edm\u0171 mesek\u00f6nyvet a Sz\u00ednh\u00e1z- \u00e9s Filmm\u0171v\u00e9szeti Egyetem bej\u00e1rat\u00e1n\u00e1l.<\/td>\n            <\/tr>\n            <tr id=\"table_2_row_468\">\n                    <td style=\"\">2020.10.28<\/td>\n                    <td style=\"\"><a href='https:\/\/www.facebook.com\/' rel=' nofollow ' target='_blank'>https:\/\/www.facebook.com\/<\/a><\/td>\n                    <td style=\"\"><\/td>\n                    <td style=\"\"><\/td>\n                    <td style=\"\">m\u00e9m, k\u00e9p<\/td>\n                    <td style=\"\"><a href='https:\/\/www.facebook.com\/F\u00fcggetlen-Szabad-Egyetem-106211634575475\/photos\/pcb.136756344854337\/136756084854363\/' rel=' nofollow ' target='_blank'>https:\/\/www.facebook.com\/F\u00fcggetlen-Szabad-Egyetem-106211634575475\/photos\/pcb.136756344854337\/136756084854363\/<\/a><\/td>\n                    <td style=\"\">pozit\u00edv<\/td>\n                    <td style=\"\">fb<\/td>\n                    <td style=\"\"><\/td>\n                    <td style=\"\"><\/td>\n                    <td style=\"\">k\u00e9t hallgat\u00f3 az egyetemfoglal\u00e1s k\u00f6zben meseorsz\u00e1g k\u00f6nyvet olvas<\/td>\n            <\/tr>\n            <tr id=\"table_2_row_469\">\n                    <td style=\"\">2020.10.29<\/td>\n                    <td style=\"\"><a href='https:\/\/www.youtube.com\/' rel=' nofollow ' target='_blank'>https:\/\/www.youtube.com\/<\/a><\/td>\n                    <td style=\"\"><\/td>\n                    <td style=\"\">Test\u00fcleti \u00fcl\u00e9s -- Le\u00e1nyfalu \u00d6nkorm\u00e1nyzata<\/td>\n                    <td style=\"\">TV<\/td>\n                    <td style=\"\"><a href='https:\/\/www.youtube.com\/watch?v=91NqhkmcjXI&amp;feature=youtu.be&amp;t=3218' rel=' nofollow ' target='_blank'>https:\/\/www.youtube.com\/watch?v=91NqhkmcjXI&amp;feature=youtu.be&amp;t=3218<\/a><\/td>\n                    <td style=\"\">semleges<\/td>\n                    <td style=\"\">youtube<\/td>\n                    <td style=\"\"><\/td>\n                    <td style=\"\"><\/td>\n                    <td style=\"\"><\/td>\n            <\/tr>\n            <tr id=\"table_2_row_470\">\n                    <td style=\"\">2020.10.29<\/td>\n                    <td style=\"\"><a href='https:\/\/barankovics.hu\/' rel=' nofollow ' target='_blank'>https:\/\/barankovics.hu\/<\/a><\/td>\n                    <td style=\"\">KMR<\/td>\n                    <td style=\"\">Meseorsz\u00e1g - sok(k)pontnulla<\/td>\n                    <td style=\"\">v\u00e9lem\u00e9ny<\/td>\n                    <td style=\"\"><a href='https:\/\/barankovics.hu\/meseorszag-sokkpontnulla\/' rel=' nofollow ' target='_blank'>https:\/\/barankovics.hu\/meseorszag-sokkpontnulla\/<\/a><\/td>\n                    <td style=\"\">pozit\u00edv<\/td>\n                    <td style=\"\"><\/td>\n                    <td style=\"\"><\/td>\n                    <td style=\"\"><\/td>\n                    <td style=\"\"><\/td>\n            <\/tr>\n            <tr id=\"table_2_row_471\">\n                    <td style=\"\">2020.10.30<\/td>\n                    <td style=\"\"><a href='https:\/\/vasarnap.hu\/' rel=' nofollow ' target='_blank'>https:\/\/vasarnap.hu\/<\/a><\/td>\n                    <td style=\"\">Hujbert Istv\u00e1n<\/td>\n                    <td style=\"\">Ami \u00e9rz\u00e9keny\u00edt\u00e9s c\u00edm\u00e9n zajlik, val\u00f3j\u00e1ban durva beavatkoz\u00e1s, ir\u00e1ny\u00edt\u00e1s \u2013 P\u00e9csi Rita a Vas\u00e1rnapnak<\/td>\n                    <td style=\"\">interj\u00fa<\/td>\n                    <td style=\"\"><a href='https:\/\/vasarnap.hu\/2020\/10\/30\/pecsi-rita-meseorszag-mindenkie-erzekenyites-mesekonyv\/' rel=' nofollow ' target='_blank'>https:\/\/vasarnap.hu\/2020\/10\/30\/pecsi-rita-meseorszag-mindenkie-erzekenyites-mesekonyv\/<\/a><\/td>\n                    <td style=\"\">negat\u00edv<\/td>\n                    <td style=\"\"><\/td>\n                    <td style=\"\"><\/td>\n                    <td style=\"\"><\/td>\n                    <td style=\"\"><\/td>\n            <\/tr>\n            <tr id=\"table_2_row_472\">\n                    <td style=\"\">2020.10.30<\/td>\n                    <td style=\"\"><a href='http:\/\/www.barkaonline.hu\/' rel=' nofollow ' target='_blank'>http:\/\/www.barkaonline.hu\/<\/a><\/td>\n                    <td style=\"\">M\u00e9sz\u00f6ly \u00c1gnes<\/td>\n                    <td style=\"\">Amir\u0151l nem besz\u00e9l\u00fcnk<\/td>\n                    <td style=\"\">recenzi\u00f3<\/td>\n                    <td style=\"\"><a href='http:\/\/www.barkaonline.hu\/futtyoges-es-nahatozas\/7430-meszoly-agnes--amir-l-nem-beszelunk' rel=' nofollow ' target='_blank'>http:\/\/www.barkaonline.hu\/futtyoges-es-nahatozas\/7430-meszoly-agnes--amir-l-nem-beszelunk<\/a><\/td>\n                    <td style=\"\">semleges<\/td>\n                    <td style=\"\"><\/td>\n                    <td style=\"\"><\/td>\n                    <td style=\"\"><\/td>\n                    <td style=\"\"><\/td>\n            <\/tr>\n            <tr id=\"table_2_row_473\">\n                    <td style=\"\">2020.10.30<\/td>\n                    <td style=\"\"><a href='https:\/\/www.facebook.com\/' rel=' nofollow ' target='_blank'>https:\/\/www.facebook.com\/<\/a><\/td>\n                    <td style=\"\"><\/td>\n                    <td style=\"\">Drama Queer Festival, Szlov\u00e1kia<\/td>\n                    <td style=\"\">vide\u00f3<\/td>\n                    <td style=\"\"><a href='https:\/\/www.facebook.com\/festivaldramaqueer\/videos\/268881857869237' rel=' nofollow ' target='_blank'>https:\/\/www.facebook.com\/festivaldramaqueer\/videos\/268881857869237<\/a><\/td>\n                    <td style=\"\">pozit\u00edv<\/td>\n                    <td style=\"\">fb<\/td>\n                    <td style=\"\">igen<\/td>\n                    <td style=\"\">szlov\u00e1k<\/td>\n                    <td style=\"\">A szlov\u00e1k Festival Drama Queer felolvas\u00e1sa<\/td>\n            <\/tr>\n            <tr id=\"table_2_row_474\">\n                    <td style=\"\">2020.10.31<\/td>\n                    <td style=\"\"><a href='https:\/\/nepszava.hu\/' rel=' nofollow ' target='_blank'>https:\/\/nepszava.hu\/<\/a><\/td>\n                    <td style=\"\">Juh\u00e1sz D\u00e1niel<\/td>\n                    <td style=\"\">\u201eA Meseorsz\u00e1g mindenki\u00e9 \u00fcgye egy felf\u00fajt lufi\u201d<\/td>\n                    <td style=\"\">interj\u00fa<\/td>\n                    <td style=\"\"><a href='https:\/\/nepszava.hu\/3097423_a-meseorszag-mindenkie-ugye-egy-felfujt-lufi' rel=' nofollow ' target='_blank'>https:\/\/nepszava.hu\/3097423_a-meseorszag-mindenkie-ugye-egy-felfujt-lufi<\/a><\/td>\n                    <td style=\"\">pozit\u00edv<\/td>\n                    <td style=\"\"><\/td>\n                    <td style=\"\"><\/td>\n                    <td style=\"\"><\/td>\n                    <td style=\"\">Interj\u00fa Gyarmathy \u00c9va pszichol\u00f3gussal<\/td>\n            <\/tr>\n            <tr id=\"table_2_row_475\">\n                    <td style=\"\">2020.10.31<\/td>\n                    <td style=\"\"><a href='https:\/\/www.youtube.com\/' rel=' nofollow ' target='_blank'>https:\/\/www.youtube.com\/<\/a><\/td>\n                    <td style=\"\"><\/td>\n                    <td style=\"\">Le\u00e1nyfalu \u00f6nkorm\u00e1nyzat\u00e1nak test\u00fcleti \u00fcl\u00e9se 2020.10.31.<\/td>\n                    <td style=\"\">vide\u00f3<\/td>\n                    <td style=\"\"><a href='https:\/\/www.youtube.com\/watch?v=91NqhkmcjXI&amp;feature=youtu.be&amp;t=3218' rel=' nofollow ' target='_blank'>https:\/\/www.youtube.com\/watch?v=91NqhkmcjXI&amp;feature=youtu.be&amp;t=3218<\/a><\/td>\n                    <td style=\"\"><\/td>\n                    <td style=\"\">youtube<\/td>\n                    <td style=\"\"><\/td>\n                    <td style=\"\"><\/td>\n                    <td style=\"\">Le\u00e1nyfalu \u00f6nkorm\u00e1nyzat\u00e1nak test\u00fcleti \u00fcl\u00e9se 2020.10.31.<\/td>\n            <\/tr>\n            <tr id=\"table_2_row_476\">\n                    <td style=\"\">2020.10.31<\/td>\n                    <td style=\"\"><a href='http:\/\/dramaqueer.sk\/' rel=' nofollow ' target='_blank'>http:\/\/dramaqueer.sk\/<\/a><\/td>\n                    <td style=\"\"><\/td>\n                    <td style=\"\">Drama Queer je divadeln\u00fd festival d\u00f4kladne vyberan\u00fdch performance dot\u00fdkaj\u00facich sa tematiky LGBTI+<\/td>\n                    <td style=\"\">egy\u00e9b<\/td>\n                    <td style=\"\"><a href='http:\/\/dramaqueer.sk\/?fbclid=IwAR3VL97pKu0QVPJqgVHb_3lSksrt2dRqlvI6cPvB8zMKuJQNTmhSXGHmtbo' rel=' nofollow ' target='_blank'>http:\/\/dramaqueer.sk\/?fbclid=IwAR3VL97pKu0QVPJqgVHb_3lSksrt2dRqlvI6cPvB8zMKuJQNTmhSXGHmtbo<\/a><\/td>\n                    <td style=\"\">pozit\u00edv<\/td>\n                    <td style=\"\"><\/td>\n                    <td style=\"\">igen<\/td>\n                    <td style=\"\">szlov\u00e1k<\/td>\n                    <td style=\"\">szlov\u00e1k sz\u00ednh\u00e1zi el\u0151ad\u00e1s<\/td>\n            <\/tr>\n            <tr id=\"table_2_row_477\">\n                    <td style=\"\"><\/td>\n                    <td style=\"\"><a href='https:\/\/docs.google.com\/' rel=' nofollow ' target='_blank'>https:\/\/docs.google.com\/<\/a><\/td>\n                    <td style=\"\"><\/td>\n                    <td style=\"\">Pszichol\u00f3gusok \u00e1ll\u00e1sfoglal\u00e1sa a Meseorsz\u00e1g mindenki\u00e9 c. mesek\u00f6nyv kapcs\u00e1n<\/td>\n                    <td style=\"\">egy\u00e9b<\/td>\n                    <td style=\"\"><a href='https:\/\/docs.google.com\/forms\/d\/e\/1FAIpQLSdPoFVjBdcWFHLrAY_kt21mkwMnynVkAO5IyYslL5CC8WJ9Fg\/viewform?gxids=7628' rel=' nofollow ' target='_blank'>https:\/\/docs.google.com\/forms\/d\/e\/1FAIpQLSdPoFVjBdcWFHLrAY_kt21mkwMnynVkAO5IyYslL5CC8WJ9Fg\/viewform?gxids=7628<\/a><\/td>\n                    <td style=\"\">pozit\u00edv<\/td>\n                    <td style=\"\"><\/td>\n                    <td style=\"\"><\/td>\n                    <td style=\"\"><\/td>\n                    <td style=\"\">pszichol\u00f3gusok \u00e1ll\u00e1sfoglal\u00e1sa<\/td>\n            <\/tr>\n            <tr id=\"table_2_row_478\">\n                    <td style=\"\">2020.11.01<\/td>\n                    <td style=\"\"><a href='https:\/\/cba.fro.at\/' rel=' nofollow ' target='_blank'>https:\/\/cba.fro.at\/<\/a><\/td>\n                    <td style=\"\">Tompa Andrea<\/td>\n                    <td style=\"\">Vaslaci<\/td>\n                    <td style=\"\">r\u00e1di\u00f3<\/td>\n                    <td style=\"\"><a href='https:\/\/cba.fro.at\/476705' rel=' nofollow ' target='_blank'>https:\/\/cba.fro.at\/476705<\/a><\/td>\n                    <td style=\"\">pozit\u00edv<\/td>\n                    <td style=\"\"><\/td>\n                    <td style=\"\">igen<\/td>\n                    <td style=\"\"><\/td>\n                    <td style=\"\">Huzella J\u00falia felolvas a HungaroStudio reggeli gyerekm\u0171sor\u00e1ban<\/td>\n            <\/tr>\n            <tr id=\"table_2_row_479\">\n                    <td style=\"\">2020.11.01<\/td>\n                    <td style=\"\"><a href='http:\/\/www.blogturneklub.com\/' rel=' nofollow ' target='_blank'>http:\/\/www.blogturneklub.com\/<\/a><\/td>\n                    <td style=\"\"><\/td>\n                    <td style=\"\">Meseorsz\u00e1g mindenki\u00e9<\/td>\n                    <td style=\"\">blogbejegyz\u00e9s<\/td>\n                    <td style=\"\"><a href='http:\/\/www.blogturneklub.com\/2020\/11\/meseorszag-mindenkie.html' rel=' nofollow ' target='_blank'>http:\/\/www.blogturneklub.com\/2020\/11\/meseorszag-mindenkie.html<\/a><\/td>\n                    <td style=\"\">pozit\u00edv<\/td>\n                    <td style=\"\"><\/td>\n                    <td style=\"\"><\/td>\n                    <td style=\"\"><\/td>\n                    <td style=\"\">Blogturn\u00e9 \u00e1llom\u00e1sai<\/td>\n            <\/tr>\n            <tr id=\"table_2_row_480\">\n                    <td style=\"\">2020.11.01<\/td>\n                    <td style=\"\"><a href='https:\/\/katolikus.ma\/' rel=' nofollow ' target='_blank'>https:\/\/katolikus.ma\/<\/a><\/td>\n                    <td style=\"\">Uzsalyn\u00e9 P\u00e9csi Rita PhD nevel\u00e9skutat\u00f3<\/td>\n                    <td style=\"\">Kik, \u00e9s mire \u00e9rz\u00e9keny\u00edthess\u00e9k \u00f3vod\u00e1sainkat? \u2013 Uzsalyn\u00e9 P\u00e9csi Rita nevel\u00e9skutat\u00f3 ny\u00edlt levele<\/td>\n                    <td style=\"\">recenzi\u00f3<\/td>\n                    <td style=\"\"><a href='https:\/\/katolikus.ma\/kik-es-mire-erzekenyithessek-ovodasainkat-uzsalyne-pecsi-rita-neveleskutato-nyilt-levele\/' rel=' nofollow ' target='_blank'>https:\/\/katolikus.ma\/kik-es-mire-erzekenyithessek-ovodasainkat-uzsalyne-pecsi-rita-neveleskutato-nyilt-levele\/<\/a><\/td>\n                    <td style=\"\">negat\u00edv<\/td>\n                    <td style=\"\"><\/td>\n                    <td style=\"\"><\/td>\n                    <td style=\"\"><\/td>\n                    <td style=\"\"><\/td>\n            <\/tr>\n            <tr id=\"table_2_row_481\">\n                    <td style=\"\">2020.11.02<\/td>\n                    <td style=\"\"><a href='https:\/\/hvg.hu\/' rel=' nofollow ' target='_blank'>https:\/\/hvg.hu\/<\/a><\/td>\n                    <td style=\"\"><\/td>\n                    <td style=\"\">Duma Aktu\u00e1l: Mi t\u00f6rt\u00e9nhetett Semj\u00e9n Zsolttal azon a p\u00e9nteken?<\/td>\n                    <td style=\"\">vide\u00f3<\/td>\n                    <td style=\"\"><a href='https:\/\/hvg.hu\/360\/20201102_Duma_Aktual_Meseorszag_mindenkie' rel=' nofollow ' target='_blank'>https:\/\/hvg.hu\/360\/20201102_Duma_Aktual_Meseorszag_mindenkie<\/a><\/td>\n                    <td style=\"\">semleges<\/td>\n                    <td style=\"\"><\/td>\n                    <td style=\"\"><\/td>\n                    <td style=\"\"><\/td>\n                    <td style=\"\"><\/td>\n            <\/tr>\n            <tr id=\"table_2_row_482\">\n                    <td style=\"\">2020.11.02<\/td>\n                    <td style=\"\"><a href='https:\/\/vasarnap.hu\/' rel=' nofollow ' target='_blank'>https:\/\/vasarnap.hu\/<\/a><\/td>\n                    <td style=\"\"><\/td>\n                    <td style=\"\">A Meseorsz\u00e1g mindenki\u00e9 csak a j\u00e9ghegy cs\u00facsa \u2013 P\u00e9csi Rita ny\u00edlt levele a sz\u00fcl\u0151kh\u00f6z<\/td>\n                    <td style=\"\">h\u00edr, besz\u00e1mol\u00f3, r\u00f6vid cikk<\/td>\n                    <td style=\"\"><a href='https:\/\/vasarnap.hu\/2020\/11\/02\/a-meseorszag-mindenkie-csak-a-jeghegy-csucsa-pecsi-rita-nyilt-levele-a-szulokhoz\/' rel=' nofollow ' target='_blank'>https:\/\/vasarnap.hu\/2020\/11\/02\/a-meseorszag-mindenkie-csak-a-jeghegy-csucsa-pecsi-rita-nyilt-levele-a-szulokhoz\/<\/a><\/td>\n                    <td style=\"\">negat\u00edv<\/td>\n                    <td style=\"\"><\/td>\n                    <td style=\"\"><\/td>\n                    <td style=\"\"><\/td>\n                    <td style=\"\"><\/td>\n            <\/tr>\n            <tr id=\"table_2_row_483\">\n                    <td style=\"\">2020.11.03<\/td>\n                    <td style=\"\"><a href='https:\/\/hvg.hu\/' rel=' nofollow ' target='_blank'>https:\/\/hvg.hu\/<\/a><\/td>\n                    <td style=\"\"><\/td>\n                    <td style=\"\">N\u00e9meth S\u00e1ndor: Ha nem v\u00e9dik a gyerekeket a homoszexu\u00e1lis propagand\u00e1t\u00f3l, meggondoland\u00f3, \u00e9rdemes-e gyereket v\u00e1llalni<\/td>\n                    <td style=\"\">h\u00edr, besz\u00e1mol\u00f3, r\u00f6vid cikk<\/td>\n                    <td style=\"\"><a href='https:\/\/hvg.hu\/itthon\/20201103_Nemeth_Sandor_propaganda_meseorszagmindenkie' rel=' nofollow ' target='_blank'>https:\/\/hvg.hu\/itthon\/20201103_Nemeth_Sandor_propaganda_meseorszagmindenkie<\/a><\/td>\n                    <td style=\"\">semleges<\/td>\n                    <td style=\"\"><\/td>\n                    <td style=\"\"><\/td>\n                    <td style=\"\"><\/td>\n                    <td style=\"\"><\/td>\n            <\/tr>\n            <tr id=\"table_2_row_484\">\n                    <td style=\"\">2020.11.03<\/td>\n                    <td style=\"\"><a href='https:\/\/revizoronline.com\/' rel=' nofollow ' target='_blank'>https:\/\/revizoronline.com\/<\/a><\/td>\n                    <td style=\"\">N\u00e1dori L\u00eddia<\/td>\n                    <td style=\"\">Meseorsz\u00e1g hat\u00e1r\u00e1n<\/td>\n                    <td style=\"\">recenzi\u00f3<\/td>\n                    <td style=\"\"><a href='https:\/\/revizoronline.com\/hu\/cikk\/8743\/meseorszag-mindenkie\/' rel=' nofollow ' target='_blank'>https:\/\/revizoronline.com\/hu\/cikk\/8743\/meseorszag-mindenkie\/<\/a><\/td>\n                    <td style=\"\">semleges<\/td>\n                    <td style=\"\"><\/td>\n                    <td style=\"\"><\/td>\n                    <td style=\"\"><\/td>\n                    <td style=\"\"><\/td>\n            <\/tr>\n            <tr id=\"table_2_row_485\">\n                    <td style=\"\">2020.11.03<\/td>\n                    <td style=\"\"><a href='https:\/\/www.indiegogo.com\/' rel=' nofollow ' target='_blank'>https:\/\/www.indiegogo.com\/<\/a><\/td>\n                    <td style=\"\"><\/td>\n                    <td style=\"\">T\u00far\u00f3 D\u00f3ra Dar\u00e1l\u00f3ja - a j\u00e1t\u00e9k<\/td>\n                    <td style=\"\">egy\u00e9b<\/td>\n                    <td style=\"\"><a href='https:\/\/www.indiegogo.com\/projects\/turo-dora-daraloja-a-jatek#' rel=' nofollow ' target='_blank'>https:\/\/www.indiegogo.com\/projects\/turo-dora-daraloja-a-jatek#<\/a><\/td>\n                    <td style=\"\">semleges<\/td>\n                    <td style=\"\"><\/td>\n                    <td style=\"\"><\/td>\n                    <td style=\"\"><\/td>\n                    <td style=\"\">t\u00e1rsasj\u00e1t\u00e9k crowdfunding<\/td>\n            <\/tr>\n            <tr id=\"table_2_row_486\">\n                    <td style=\"\">2020.11.03<\/td>\n                    <td style=\"\"><a href='https:\/\/humenonline.hu\/' rel=' nofollow ' target='_blank'>https:\/\/humenonline.hu\/<\/a><\/td>\n                    <td style=\"\">Waliduda D\u00e1niel<\/td>\n                    <td style=\"\">A Hit Gy\u00fclekezete vezet\u0151je is nekiment a Meseorsz\u00e1g mindenki\u00e9 k\u00f6nyvnek<\/td>\n                    <td style=\"\">h\u00edr, besz\u00e1mol\u00f3, r\u00f6vid cikk<\/td>\n                    <td style=\"\"><a href='https:\/\/humenonline.hu\/a-hit-gyulekezete-vezetoje-is-nekiment-a-meseorszag-mindenkie-konyvnek\/' rel=' nofollow ' target='_blank'>https:\/\/humenonline.hu\/a-hit-gyulekezete-vezetoje-is-nekiment-a-meseorszag-mindenkie-konyvnek\/<\/a><\/td>\n                    <td style=\"\">semleges<\/td>\n                    <td style=\"\"><\/td>\n                    <td style=\"\"><\/td>\n                    <td style=\"\"><\/td>\n                    <td style=\"\"><\/td>\n            <\/tr>\n            <tr id=\"table_2_row_487\">\n                    <td style=\"\">2020.11.04<\/td>\n                    <td style=\"\"><a href='https:\/\/www.facebook.com\/' rel=' nofollow ' target='_blank'>https:\/\/www.facebook.com\/<\/a><\/td>\n                    <td style=\"\">Internationale Jugendbibliothek, International Youth Library<\/td>\n                    <td style=\"\"><\/td>\n                    <td style=\"\">FB-poszt<\/td>\n                    <td style=\"\"><a href='https:\/\/www.facebook.com\/IntBib\/photos\/a.299970983349655\/3941577655855618\/' rel=' nofollow ' target='_blank'>https:\/\/www.facebook.com\/IntBib\/photos\/a.299970983349655\/3941577655855618\/<\/a><\/td>\n                    <td style=\"\">pozit\u00edv<\/td>\n                    <td style=\"\">fb<\/td>\n                    <td style=\"\">igen<\/td>\n                    <td style=\"\"><\/td>\n                    <td style=\"\"><\/td>\n            <\/tr>\n            <tr id=\"table_2_row_488\">\n                    <td style=\"\">2020.11.04<\/td>\n                    <td style=\"\"><a href='https:\/\/koroshircentrum.hu\/' rel=' nofollow ' target='_blank'>https:\/\/koroshircentrum.hu\/<\/a><\/td>\n                    <td style=\"\"><\/td>\n                    <td style=\"\">Gyermekbibli\u00e1kat \u00e9s klasszikus mesek\u00f6nyveket aj\u00e1nd\u00e9koz a b\u00e9k\u00e9si \u00f6nkorm\u00e1nyzat<\/td>\n                    <td style=\"\">h\u00edr, besz\u00e1mol\u00f3, r\u00f6vid cikk<\/td>\n                    <td style=\"\"><a href='https:\/\/koroshircentrum.hu\/2020\/11\/04\/gyermekbibliakat-es-klasszikus-mesekonyveket-ajandekoz-a-bekesi-onkormanyzat\/' rel=' nofollow ' target='_blank'>https:\/\/koroshircentrum.hu\/2020\/11\/04\/gyermekbibliakat-es-klasszikus-mesekonyveket-ajandekoz-a-bekesi-onkormanyzat\/<\/a><\/td>\n                    <td style=\"\">semleges<\/td>\n                    <td style=\"\"><\/td>\n                    <td style=\"\"><\/td>\n                    <td style=\"\"><\/td>\n                    <td style=\"\"><\/td>\n            <\/tr>\n            <tr id=\"table_2_row_489\">\n                    <td style=\"\">2020.11.05<\/td>\n                    <td style=\"\"><a href='https:\/\/www.facebook.com\/' rel=' nofollow ' target='_blank'>https:\/\/www.facebook.com\/<\/a><\/td>\n                    <td style=\"\">\u00cdr\u00f3k Boltja<\/td>\n                    <td style=\"\">okt\u00f3beri sikerlista<\/td>\n                    <td style=\"\">FB-poszt<\/td>\n                    <td style=\"\"><a href='https:\/\/www.facebook.com\/irokboltja\/photos\/a.129095817120415\/4011565452206746' rel=' nofollow ' target='_blank'>https:\/\/www.facebook.com\/irokboltja\/photos\/a.129095817120415\/4011565452206746<\/a><\/td>\n                    <td style=\"\">semleges<\/td>\n                    <td style=\"\">fb<\/td>\n                    <td style=\"\"><\/td>\n                    <td style=\"\"><\/td>\n                    <td style=\"\">\u00cdr\u00f3k Boltja 2020. okt\u00f3beri sikerlista<\/td>\n            <\/tr>\n            <tr id=\"table_2_row_490\">\n                    <td style=\"\">2020.11.05<\/td>\n                    <td style=\"\"><a href='https:\/\/www.facebook.com\/' rel=' nofollow ' target='_blank'>https:\/\/www.facebook.com\/<\/a><\/td>\n                    <td style=\"\">L. Rit\u00f3k N\u00f3ra<\/td>\n                    <td style=\"\">Most m\u00e1r nek\u00fcnk is van...<\/td>\n                    <td style=\"\">FB-poszt<\/td>\n                    <td style=\"\"><a href='https:\/\/www.facebook.com\/lritoknora\/posts\/1348757542123149' rel=' nofollow ' target='_blank'>https:\/\/www.facebook.com\/lritoknora\/posts\/1348757542123149<\/a><\/td>\n                    <td style=\"\">pozit\u00edv<\/td>\n                    <td style=\"\">fb<\/td>\n                    <td style=\"\"><\/td>\n                    <td style=\"\"><\/td>\n                    <td style=\"\">Vende\u0301gek: Sztanka M\u00f3nika, Botzheim Gy\u00f6rgy (EJHA), Faix-Prukner Csilla, Tompa Andrea<\/td>\n            <\/tr>\n            <tr id=\"table_2_row_491\">\n                    <td style=\"\">2020.11.05<\/td>\n                    <td style=\"\"><a href='https:\/\/mandiner.hu\/' rel=' nofollow ' target='_blank'>https:\/\/mandiner.hu\/<\/a><\/td>\n                    <td style=\"\">T\u00f6r\u00f6k Bern\u00e1t<\/td>\n                    <td style=\"\">P\u00e1rbesz\u00e9d helyett v\u00e1dbesz\u00e9d<\/td>\n                    <td style=\"\">publicisztika<\/td>\n                    <td style=\"\"><a href='https:\/\/mandiner.hu\/cikk\/20201105_parbeszed_helyett_vadbeszed' rel=' nofollow ' target='_blank'>https:\/\/mandiner.hu\/cikk\/20201105_parbeszed_helyett_vadbeszed<\/a><\/td>\n                    <td style=\"\">semleges<\/td>\n                    <td style=\"\"><\/td>\n                    <td style=\"\"><\/td>\n                    <td style=\"\"><\/td>\n                    <td style=\"\"><\/td>\n            <\/tr>\n            <tr id=\"table_2_row_492\">\n                    <td style=\"\">2020.11.06<\/td>\n                    <td style=\"\"><a href='https:\/\/woohoo.hu\/' rel=' nofollow ' target='_blank'>https:\/\/woohoo.hu\/<\/a><\/td>\n                    <td style=\"\">Barna Bori<\/td>\n                    <td style=\"\">Mi\u00e9rt ne lehetne Meseorsz\u00e1g mindenki\u00e9?<\/td>\n                    <td style=\"\">interj\u00fa<\/td>\n                    <td style=\"\"><a href='https:\/\/woohoo.hu\/meseorszag-mindenkie\/' rel=' nofollow ' target='_blank'>https:\/\/woohoo.hu\/meseorszag-mindenkie\/<\/a><\/td>\n                    <td style=\"\">pozit\u00edv<\/td>\n                    <td style=\"\"><\/td>\n                    <td style=\"\"><\/td>\n                    <td style=\"\"><\/td>\n                    <td style=\"\"><\/td>\n            <\/tr>\n            <tr id=\"table_2_row_493\">\n                    <td style=\"\">2020.11.06<\/td>\n                    <td style=\"\"><a href='https:\/\/humenonline.hu\/' rel=' nofollow ' target='_blank'>https:\/\/humenonline.hu\/<\/a><\/td>\n                    <td style=\"\">Waliduda D\u00e1niel<\/td>\n                    <td style=\"\">Nagyk\u00e1ta is betiltotta a Meseorsz\u00e1g mindenki\u00e9 k\u00f6nyvet<\/td>\n                    <td style=\"\">h\u00edr, besz\u00e1mol\u00f3, r\u00f6vid cikk<\/td>\n                    <td style=\"\"><a href='https:\/\/humenonline.hu\/nagykata-is-betiltotta-a-meseorszag-mindenkie-konyvet\/' rel=' nofollow ' target='_blank'>https:\/\/humenonline.hu\/nagykata-is-betiltotta-a-meseorszag-mindenkie-konyvet\/<\/a><\/td>\n                    <td style=\"\">semleges<\/td>\n                    <td style=\"\"><\/td>\n                    <td style=\"\"><\/td>\n                    <td style=\"\"><\/td>\n                    <td style=\"\"><\/td>\n            <\/tr>\n            <tr id=\"table_2_row_494\">\n                    <td style=\"\">2020.11.06<\/td>\n                    <td style=\"\"><a href='https:\/\/hvg.hu\/' rel=' nofollow ' target='_blank'>https:\/\/hvg.hu\/<\/a><\/td>\n                    <td style=\"\"><\/td>\n                    <td style=\"\">Betiltotta a Meseorsz\u00e1g mindenki\u00e9 c\u00edm\u0171 mesek\u00f6nyvet egy fideszes k\u00e9pvisel\u0151test\u00fclet<\/td>\n                    <td style=\"\">h\u00edr, besz\u00e1mol\u00f3, r\u00f6vid cikk<\/td>\n                    <td style=\"\"><a href='https:\/\/hvg.hu\/elet\/20201106_Betiltotta_a_Meseorszag_mindenkie_cimu_mesekonyvet_egy_fideszes_kepviselotestulet' rel=' nofollow ' target='_blank'>https:\/\/hvg.hu\/elet\/20201106_Betiltotta_a_Meseorszag_mindenkie_cimu_mesekonyvet_egy_fideszes_kepviselotestulet<\/a><\/td>\n                    <td style=\"\">semleges<\/td>\n                    <td style=\"\"><\/td>\n                    <td style=\"\"><\/td>\n                    <td style=\"\"><\/td>\n                    <td style=\"\"><\/td>\n            <\/tr>\n            <tr id=\"table_2_row_495\">\n                    <td style=\"\">2020.11.06<\/td>\n                    <td style=\"\"><a href='https:\/\/hundredmoors.com\/' rel=' nofollow ' target='_blank'>https:\/\/hundredmoors.com\/<\/a><\/td>\n                    <td style=\"\"><\/td>\n                    <td style=\"\">N\u00e9h\u00e1ny igaz mese minden Meseorsz\u00e1gok marg\u00f3j\u00e1ra<\/td>\n                    <td style=\"\">egy\u00e9b<\/td>\n                    <td style=\"\"><a href='https:\/\/hundredmoors.com\/2020\/11\/06\/nehany-igaz-mese-minden-meseorszagok-margojara\/' rel=' nofollow ' target='_blank'>https:\/\/hundredmoors.com\/2020\/11\/06\/nehany-igaz-mese-minden-meseorszagok-margojara\/<\/a><\/td>\n                    <td style=\"\">pozit\u00edv<\/td>\n                    <td style=\"\"><\/td>\n                    <td style=\"\"><\/td>\n                    <td style=\"\"><\/td>\n                    <td style=\"\"><\/td>\n            <\/tr>\n            <tr id=\"table_2_row_496\">\n                    <td style=\"\">2020.11.07<\/td>\n                    <td style=\"\"><a href='https:\/\/humenonline.hu\/' rel=' nofollow ' target='_blank'>https:\/\/humenonline.hu\/<\/a><\/td>\n                    <td style=\"\">Kocss G. J\u00e1nos<\/td>\n                    <td style=\"\">Tiltakoztak az \u00f3v\u00f3n\u0151k, nem siker\u00fclt betiltani a mesek\u00f6nyvet<\/td>\n                    <td style=\"\">h\u00edr, besz\u00e1mol\u00f3, r\u00f6vid cikk<\/td>\n                    <td style=\"\"><a href='https:\/\/humenonline.hu\/tiltakoztak-az-ovonok-nem-sikerult-betiltani-a-mesekonyvet\/' rel=' nofollow ' target='_blank'>https:\/\/humenonline.hu\/tiltakoztak-az-ovonok-nem-sikerult-betiltani-a-mesekonyvet\/<\/a><\/td>\n                    <td style=\"\">semleges<\/td>\n                    <td style=\"\"><\/td>\n                    <td style=\"\"><\/td>\n                    <td style=\"\"><\/td>\n                    <td style=\"\"><\/td>\n            <\/tr>\n            <tr id=\"table_2_row_497\">\n                    <td style=\"\">2020.11.07<\/td>\n                    <td style=\"\"><a href='https:\/\/24.hu\/' rel=' nofollow ' target='_blank'>https:\/\/24.hu\/<\/a><\/td>\n                    <td style=\"\">Balav\u00e1ny Gy\u00f6rgy<\/td>\n                    <td style=\"\">Meseorsz\u00e1g Mindenki\u00e9: hull\u00e1mz\u00f3 sz\u00ednvonal\u00fa mozgalmi r\u00f6pirat<\/td>\n                    <td style=\"\">recenzi\u00f3<\/td>\n                    <td style=\"\"><a href='https:\/\/24.hu\/kultura\/2020\/11\/07\/meseorszag-mindenkie-hullamzo-szinvonalu-mozgalmi-ropirat\/' rel=' nofollow ' target='_blank'>https:\/\/24.hu\/kultura\/2020\/11\/07\/meseorszag-mindenkie-hullamzo-szinvonalu-mozgalmi-ropirat\/<\/a><\/td>\n                    <td style=\"\">negat\u00edv<\/td>\n                    <td style=\"\"><\/td>\n                    <td style=\"\"><\/td>\n                    <td style=\"\"><\/td>\n                    <td style=\"\"><\/td>\n            <\/tr>\n            <tr id=\"table_2_row_498\">\n                    <td style=\"\">2020.11.07<\/td>\n                    <td style=\"\"><a href='https:\/\/moly.hu\/' rel=' nofollow ' target='_blank'>https:\/\/moly.hu\/<\/a><\/td>\n                    <td style=\"\">rainaki<\/td>\n                    <td style=\"\">Nagy Boldizs\u00e1r (szerk.): Meseorsz\u00e1g mindenki\u00e9<\/td>\n                    <td style=\"\">recenzi\u00f3<\/td>\n                    <td style=\"\"><a href='https:\/\/moly.hu\/ertekelesek\/4051908' rel=' nofollow ' target='_blank'>https:\/\/moly.hu\/ertekelesek\/4051908<\/a><\/td>\n                    <td style=\"\">pozit\u00edv<\/td>\n                    <td style=\"\"><\/td>\n                    <td style=\"\"><\/td>\n                    <td style=\"\"><\/td>\n                    <td style=\"\"><\/td>\n            <\/tr>\n            <tr id=\"table_2_row_499\">\n                    <td style=\"\">2020.11.07<\/td>\n                    <td style=\"\"><a href='https:\/\/mandiner.hu\/' rel=' nofollow ' target='_blank'>https:\/\/mandiner.hu\/<\/a><\/td>\n                    <td style=\"\">Constantinovits Mil\u00e1n<\/td>\n                    <td style=\"\">Tesze-tosza v\u00e1ros \u00e9s a feminista pomog\u00e1csok<\/td>\n                    <td style=\"\">publicisztika<\/td>\n                    <td style=\"\"><a href='https:\/\/mandiner.hu\/cikk\/20201107_tesze_tosza_varos_es_a_feminista_pomogacsok' rel=' nofollow ' target='_blank'>https:\/\/mandiner.hu\/cikk\/20201107_tesze_tosza_varos_es_a_feminista_pomogacsok<\/a><\/td>\n                    <td style=\"\">negat\u00edv<\/td>\n                    <td style=\"\"><\/td>\n                    <td style=\"\"><\/td>\n                    <td style=\"\"><\/td>\n                    <td style=\"\"><\/td>\n            <\/tr>\n            <tr id=\"table_2_row_500\">\n                    <td style=\"\">2020.11.07<\/td>\n                    <td style=\"\"><a href='https:\/\/444.hu\/' rel=' nofollow ' target='_blank'>https:\/\/444.hu\/<\/a><\/td>\n                    <td style=\"\">Szurovecz Ill\u00e9s<\/td>\n                    <td style=\"\">Tarl\u00f3s egykori helyettese betiltotta volna Le\u00e1nyfalun a Meseorsz\u00e1g mindenki\u00e9 k\u00f6nyvet, nem siker\u00fclt neki<\/td>\n                    <td style=\"\">h\u00edr, besz\u00e1mol\u00f3, r\u00f6vid cikk<\/td>\n                    <td style=\"\"><a href='https:\/\/444.hu\/2020\/11\/07\/tarlos-egykori-helyettese-betiltotta-volna-leanyfalun-a-meseorszag-mindenkie-konyvet-nem-sikerult-neki' rel=' nofollow ' target='_blank'>https:\/\/444.hu\/2020\/11\/07\/tarlos-egykori-helyettese-betiltotta-volna-leanyfalun-a-meseorszag-mindenkie-konyvet-nem-sikerult-neki<\/a><\/td>\n                    <td style=\"\">semleges<\/td>\n                    <td style=\"\"><\/td>\n                    <td style=\"\"><\/td>\n                    <td style=\"\"><\/td>\n                    <td style=\"\"><\/td>\n            <\/tr>\n            <tr id=\"table_2_row_501\">\n                    <td style=\"\">2020.11.08<\/td>\n                    <td style=\"\"><a href='https:\/\/www.hetek.hu\/' rel=' nofollow ' target='_blank'>https:\/\/www.hetek.hu\/<\/a><\/td>\n                    <td style=\"\"><\/td>\n                    <td style=\"\">Guly\u00e1s: Gyerekek el\u0151tt homoszexu\u00e1lis propagand\u00e1t folytatni k\u00e1ros, \u00e9s b\u0171ncselekm\u00e9ny gyan\u00faj\u00e1t veti fel<\/td>\n                    <td style=\"\">h\u00edr, besz\u00e1mol\u00f3, r\u00f6vid cikk<\/td>\n                    <td style=\"\"><a href='https:\/\/www.hetek.hu\/cikkek\/online\/gulyas-gyerekek-elott-homoszexualis-propagandat-folytatni-karos-es' rel=' nofollow ' target='_blank'>https:\/\/www.hetek.hu\/cikkek\/online\/gulyas-gyerekek-elott-homoszexualis-propagandat-folytatni-karos-es<\/a><\/td>\n                    <td style=\"\">negat\u00edv<\/td>\n                    <td style=\"\"><\/td>\n                    <td style=\"\"><\/td>\n                    <td style=\"\"><\/td>\n                    <td style=\"\"><\/td>\n            <\/tr>\n            <tr id=\"table_2_row_502\">\n                    <td style=\"\">2020.11.08<\/td>\n                    <td style=\"\"><a href='https:\/\/www.facebook.com\/' rel=' nofollow ' target='_blank'>https:\/\/www.facebook.com\/<\/a><\/td>\n                    <td style=\"\">Amnesty Youth Budapest<\/td>\n                    <td style=\"\">Besz\u00e9lgess\u00fcnk Meseorsz\u00e1gr\u00f3l!<\/td>\n                    <td style=\"\">esem\u00e9ny<\/td>\n                    <td style=\"\"><a href='https:\/\/www.facebook.com\/events\/3448700275222135' rel=' nofollow ' target='_blank'>https:\/\/www.facebook.com\/events\/3448700275222135<\/a><\/td>\n                    <td style=\"\">pozit\u00edv<\/td>\n                    <td style=\"\">fb<\/td>\n                    <td style=\"\"><\/td>\n                    <td style=\"\"><\/td>\n                    <td style=\"\"><\/td>\n            <\/tr>\n            <tr id=\"table_2_row_503\">\n                    <td style=\"\">2020.11.09<\/td>\n                    <td style=\"\"><a href='https:\/\/www.ekonyv.hu\/' rel=' nofollow ' target='_blank'>https:\/\/www.ekonyv.hu\/<\/a><\/td>\n                    <td style=\"\"><\/td>\n                    <td style=\"\"><\/td>\n                    <td style=\"\">egy\u00e9b<\/td>\n                    <td style=\"\"><a href='https:\/\/www.ekonyv.hu\/hu\/konyv-reszletei\/meseorszag-mindenkie?eid=67786' rel=' nofollow ' target='_blank'>https:\/\/www.ekonyv.hu\/hu\/konyv-reszletei\/meseorszag-mindenkie?eid=67786<\/a><\/td>\n                    <td style=\"\">semleges<\/td>\n                    <td style=\"\"><\/td>\n                    <td style=\"\"><\/td>\n                    <td style=\"\"><\/td>\n                    <td style=\"\">E-k\u00f6nyv<\/td>\n            <\/tr>\n            <tr id=\"table_2_row_504\">\n                    <td style=\"\">2020.11.09<\/td>\n                    <td style=\"\"><a href='https:\/\/tilos.hu\/' rel=' nofollow ' target='_blank'>https:\/\/tilos.hu\/<\/a><\/td>\n                    <td style=\"\">R\u00e9v\u00e9sz Ren\u00e1ta (m\u0171sorvez.)<\/td>\n                    <td style=\"\">Teszt \u00e9s l\u00e9lek: Meseorsz\u00e1g \u00e9s a gyerekek, pszichol\u00f3gus szemmel<\/td>\n                    <td style=\"\">r\u00e1di\u00f3<\/td>\n                    <td style=\"\"><a href='https:\/\/tilos.hu\/episode\/teszt-es-lelek\/2020\/11\/09' rel=' nofollow ' target='_blank'>https:\/\/tilos.hu\/episode\/teszt-es-lelek\/2020\/11\/09<\/a><\/td>\n                    <td style=\"\">pozit\u00edv<\/td>\n                    <td style=\"\"><\/td>\n                    <td style=\"\"><\/td>\n                    <td style=\"\"><\/td>\n                    <td style=\"\">Vend\u00e9gek: M\u00e1rkn\u00e9 Ribiczey N\u00f3ra \u00c9va pszichol\u00f3gus, B\u00e1tki Anna klinikai szakpszichol\u00f3gus, M\u00e9sz\u00e1ros Aranka iskolapszichol\u00f3gus<\/td>\n            <\/tr>\n            <tr id=\"table_2_row_505\">\n                    <td style=\"\">2020.11.09<\/td>\n                    <td style=\"\"><a href='https:\/\/ujpestmedia.hu\/' rel=' nofollow ' target='_blank'>https:\/\/ujpestmedia.hu\/<\/a><\/td>\n                    <td style=\"\"><\/td>\n                    <td style=\"\">Nagy Istv\u00e1n: Meseorsz\u00e1g mindenki\u00e9?<\/td>\n                    <td style=\"\">nyilatkozat<\/td>\n                    <td style=\"\"><a href='https:\/\/ujpestmedia.hu\/nagy-istvan-meseorszag-mindenkie\/' rel=' nofollow ' target='_blank'>https:\/\/ujpestmedia.hu\/nagy-istvan-meseorszag-mindenkie\/<\/a><\/td>\n                    <td style=\"\">negat\u00edv<\/td>\n                    <td style=\"\"><\/td>\n                    <td style=\"\"><\/td>\n                    <td style=\"\"><\/td>\n                    <td style=\"\"><\/td>\n            <\/tr>\n            <tr id=\"table_2_row_506\">\n                    <td style=\"\">2020.11.10<\/td>\n                    <td style=\"\"><a href='https:\/\/www.budapester.hu\/' rel=' nofollow ' target='_blank'>https:\/\/www.budapester.hu\/<\/a><\/td>\n                    <td style=\"\">Katrin Holtz<\/td>\n                    <td style=\"\">Geh\u00f6rt M\u00e4rchenland wirklich allen?<\/td>\n                    <td style=\"\">publicisztika<\/td>\n                    <td style=\"\"><a href='https:\/\/www.budapester.hu\/feuilleton\/gehoert-maerchenland-wirklich-allen\/' rel=' nofollow ' target='_blank'>https:\/\/www.budapester.hu\/feuilleton\/gehoert-maerchenland-wirklich-allen\/<\/a><\/td>\n                    <td style=\"\">pozit\u00edv<\/td>\n                    <td style=\"\"><\/td>\n                    <td style=\"\">igen<\/td>\n                    <td style=\"\">n\u00e9met<\/td>\n                    <td style=\"\"><\/td>\n            <\/tr>\n            <tr id=\"table_2_row_507\">\n                    <td style=\"\">2020.11.10<\/td>\n                    <td style=\"\"><a href='http:\/\/ujmisszio.hu\/' rel=' nofollow ' target='_blank'>http:\/\/ujmisszio.hu\/<\/a><\/td>\n                    <td style=\"\"><\/td>\n                    <td style=\"\">Mesebeli \u201e\u00e9des\" semmittev\u00e9s<\/td>\n                    <td style=\"\">vide\u00f3<\/td>\n                    <td style=\"\"><a href='http:\/\/ujmisszio.hu\/mesebeli-edes-semmitteves\/' rel=' nofollow ' target='_blank'>http:\/\/ujmisszio.hu\/mesebeli-edes-semmitteves\/<\/a><\/td>\n                    <td style=\"\">negat\u00edv<\/td>\n                    <td style=\"\"><\/td>\n                    <td style=\"\"><\/td>\n                    <td style=\"\"><\/td>\n                    <td style=\"\"><\/td>\n            <\/tr>\n            <tr id=\"table_2_row_508\">\n                    <td style=\"\">2020.11.10<\/td>\n                    <td style=\"\"><a href='https:\/\/www.youtube.com\/' rel=' nofollow ' target='_blank'>https:\/\/www.youtube.com\/<\/a><\/td>\n                    <td style=\"\">vil\u00e1gj\u00e1r\u00f3k klubja B\u00e9cs<\/td>\n                    <td style=\"\">Pszichoterapeuta v\u00e9lem\u00e9nye a Meseorsz\u00e1g mindenki\u00e9 mesek\u00f6nyvr\u0151l<\/td>\n                    <td style=\"\">vide\u00f3 v\u00e9lem\u00e9ny<\/td>\n                    <td style=\"\"><a href='https:\/\/www.youtube.com\/watch?v=qbPG5MCWyZs&amp;feature=youtu.be&amp;fbclid=IwAR1ZV1FfexppnCN4gw_3PtVxoOdendeg4q6ud40yaY9z29I99tOtbSQDCy0' rel=' nofollow ' target='_blank'>https:\/\/www.youtube.com\/watch?v=qbPG5MCWyZs&amp;feature=youtu.be&amp;fbclid=IwAR1ZV1FfexppnCN4gw_3PtVxoOdendeg4q6ud40yaY9z29I99tOtbSQDCy0<\/a><\/td>\n                    <td style=\"\">pozit\u00edv<\/td>\n                    <td style=\"\">youtube<\/td>\n                    <td style=\"\">igen<\/td>\n                    <td style=\"\"><\/td>\n                    <td style=\"\">Schelder Erik\u00e1val besz\u00e9lget\u00e9s<\/td>\n            <\/tr>\n            <tr id=\"table_2_row_509\">\n                    <td style=\"\">2020.11.11<\/td>\n                    <td style=\"\"><a href='https:\/\/www.youtube.com\/' rel=' nofollow ' target='_blank'>https:\/\/www.youtube.com\/<\/a><\/td>\n                    <td style=\"\">vil\u00e1gj\u00e1r\u00f3k klubja B\u00e9cs<\/td>\n                    <td style=\"\">Pszichoterapeuta v\u00e9lem\u00e9nye a Meseorsz\u00e1g Mindenki\u00e9 mesek\u00f6nyvr\u0151l<\/td>\n                    <td style=\"\">interj\u00fa<\/td>\n                    <td style=\"\"><a href='https:\/\/www.youtube.com\/watch?v=qbPG5MCWyZs&amp;feature=emb_logo' rel=' nofollow ' target='_blank'>https:\/\/www.youtube.com\/watch?v=qbPG5MCWyZs&amp;feature=emb_logo<\/a><\/td>\n                    <td style=\"\">pozit\u00edv<\/td>\n                    <td style=\"\">youtube<\/td>\n                    <td style=\"\">igen<\/td>\n                    <td style=\"\"><\/td>\n                    <td style=\"\"><\/td>\n            <\/tr>\n            <tr id=\"table_2_row_510\">\n                    <td style=\"\">2020.11.11<\/td>\n                    <td style=\"\"><a href='https:\/\/444.hu\/' rel=' nofollow ' target='_blank'>https:\/\/444.hu\/<\/a><\/td>\n                    <td style=\"\">Sarkadi Zsolt<\/td>\n                    <td style=\"\">Aki ezt korm\u00e1nyz\u00e1snak nevezi, az vagy h\u00fclye, vagy hazudik<\/td>\n                    <td style=\"\">publicisztika<\/td>\n                    <td style=\"\"><a href='https:\/\/444.hu\/2020\/11\/10\/aki-ezt-kormanyzasnak-nevezi-az-vagy-hulye-vagy-hazudik' rel=' nofollow ' target='_blank'>https:\/\/444.hu\/2020\/11\/10\/aki-ezt-kormanyzasnak-nevezi-az-vagy-hulye-vagy-hazudik<\/a><\/td>\n                    <td style=\"\">semleges<\/td>\n                    <td style=\"\"><\/td>\n                    <td style=\"\"><\/td>\n                    <td style=\"\"><\/td>\n                    <td style=\"\"><\/td>\n            <\/tr>\n            <tr id=\"table_2_row_511\">\n                    <td style=\"\">2020.11.11<\/td>\n                    <td style=\"\"><a href='https:\/\/telex.hu\/' rel=' nofollow ' target='_blank'>https:\/\/telex.hu\/<\/a><\/td>\n                    <td style=\"\">Presinszky Judit<\/td>\n                    <td style=\"\">D\u00far\u00f3 D\u00f3ra \u00f6r\u00fcl, hogy az Alapt\u00f6rv\u00e9nybe \u00edrn\u00e1k, a meleg p\u00e1rok nem fogadhatnak \u00f6r\u00f6kbe<\/td>\n                    <td style=\"\">h\u00edr, besz\u00e1mol\u00f3, r\u00f6vid cikk<\/td>\n                    <td style=\"\"><a href='https:\/\/telex.hu\/belfold\/2020\/11\/11\/duro-dora-gender-alaptorveny-orom' rel=' nofollow ' target='_blank'>https:\/\/telex.hu\/belfold\/2020\/11\/11\/duro-dora-gender-alaptorveny-orom<\/a><\/td>\n                    <td style=\"\">semleges<\/td>\n                    <td style=\"\"><\/td>\n                    <td style=\"\"><\/td>\n                    <td style=\"\"><\/td>\n                    <td style=\"\"><\/td>\n            <\/tr>\n            <tr id=\"table_2_row_512\">\n                    <td style=\"\">2020.11.11<\/td>\n                    <td style=\"\"><a href='https:\/\/www.asymptotejournal.com\/' rel=' nofollow ' target='_blank'>https:\/\/www.asymptotejournal.com\/<\/a><\/td>\n                    <td style=\"\">Jozefina Komporaly<\/td>\n                    <td style=\"\">Silencing Tales for Tolerance in Hungary: Wonderland Belongs to Everyone<\/td>\n                    <td style=\"\">publicisztika<\/td>\n                    <td style=\"\"><a href='https:\/\/www.asymptotejournal.com\/blog\/2020\/11\/11\/silencing-tales-for-tolerance-in-hungary-wonderland-belongs-to-everyone\/' rel=' nofollow ' target='_blank'>https:\/\/www.asymptotejournal.com\/blog\/2020\/11\/11\/silencing-tales-for-tolerance-in-hungary-wonderland-belongs-to-everyone\/<\/a><\/td>\n                    <td style=\"\">pozit\u00edv<\/td>\n                    <td style=\"\"><\/td>\n                    <td style=\"\">igen<\/td>\n                    <td style=\"\">angol<\/td>\n                    <td style=\"\"><\/td>\n            <\/tr>\n            <tr id=\"table_2_row_513\">\n                    <td style=\"\">2020.11.11<\/td>\n                    <td style=\"\"><a href='https:\/\/mandiner.hu\/' rel=' nofollow ' target='_blank'>https:\/\/mandiner.hu\/<\/a><\/td>\n                    <td style=\"\">Kacsoh D\u00e1niel<\/td>\n                    <td style=\"\">Hangulatkelt\u00e9s, hogy nehez\u00edten\u00e9nk a baloldali p\u00e1rtok dolg\u00e1t\u201d \u2013 Hollik Istv\u00e1n a Mandinernek<\/td>\n                    <td style=\"\">interj\u00fa<\/td>\n                    <td style=\"\"><a href='https:\/\/mandiner.hu\/cikk\/20201111_a_genderlobbit_nem_erdekli_a_valosag_hollik_istvan_a_mandinernek' rel=' nofollow ' target='_blank'>https:\/\/mandiner.hu\/cikk\/20201111_a_genderlobbit_nem_erdekli_a_valosag_hollik_istvan_a_mandinernek<\/a><\/td>\n                    <td style=\"\">negat\u00edv<\/td>\n                    <td style=\"\"><\/td>\n                    <td style=\"\"><\/td>\n                    <td style=\"\"><\/td>\n                    <td style=\"\">Interj\u00fa Hollik Istv\u00e1nnal<\/td>\n            <\/tr>\n            <tr id=\"table_2_row_514\">\n                    <td style=\"\">2020.11.11<\/td>\n                    <td style=\"\"><a href='https:\/\/telex.hu\/' rel=' nofollow ' target='_blank'>https:\/\/telex.hu\/<\/a><\/td>\n                    <td style=\"\">Presinszky Judit<\/td>\n                    <td style=\"\">Nov\u00e1k Katalin szerint a koronav\u00edrus-j\u00e1rv\u00e1ny miatt kell az Alapt\u00f6rv\u00e9nybe \u00edrni, hogy az anya n\u0151, az apa f\u00e9rfi<\/td>\n                    <td style=\"\">h\u00edr, besz\u00e1mol\u00f3, r\u00f6vid cikk<\/td>\n                    <td style=\"\"><a href='https:\/\/telex.hu\/belfold\/2020\/11\/11\/novak-katalin-szerint-a-jarvanyhelyzet-miatt-kell-alaptorvenybe-irni-hogy-az-anya-no-az-apa-ferfi' rel=' nofollow ' target='_blank'>https:\/\/telex.hu\/belfold\/2020\/11\/11\/novak-katalin-szerint-a-jarvanyhelyzet-miatt-kell-alaptorvenybe-irni-hogy-az-anya-no-az-apa-ferfi<\/a><\/td>\n                    <td style=\"\">semleges<\/td>\n                    <td style=\"\"><\/td>\n                    <td style=\"\"><\/td>\n                    <td style=\"\"><\/td>\n                    <td style=\"\"><\/td>\n            <\/tr>\n            <tr id=\"table_2_row_515\">\n                    <td style=\"\">2020.11.12<\/td>\n                    <td style=\"\"><a href='https:\/\/vasarnap.hu\/' rel=' nofollow ' target='_blank'>https:\/\/vasarnap.hu\/<\/a><\/td>\n                    <td style=\"\"><\/td>\n                    <td style=\"\">Veszpr\u00e9mben is betilthatj\u00e1k az LMBTQ-mesek\u00f6nyvet<\/td>\n                    <td style=\"\">h\u00edr, besz\u00e1mol\u00f3, r\u00f6vid cikk<\/td>\n                    <td style=\"\"><a href='https:\/\/vasarnap.hu\/2020\/11\/12\/veszpremben-is-betilthatjak-az-lmbtq-mesekonyvet\/' rel=' nofollow ' target='_blank'>https:\/\/vasarnap.hu\/2020\/11\/12\/veszpremben-is-betilthatjak-az-lmbtq-mesekonyvet\/<\/a><\/td>\n                    <td style=\"\">negat\u00edv<\/td>\n                    <td style=\"\"><\/td>\n                    <td style=\"\"><\/td>\n                    <td style=\"\"><\/td>\n                    <td style=\"\"><\/td>\n            <\/tr>\n            <tr id=\"table_2_row_516\">\n                    <td style=\"\">2020.11.12<\/td>\n                    <td style=\"\"><a href='https:\/\/vasarnap.hu\/' rel=' nofollow ' target='_blank'>https:\/\/vasarnap.hu\/<\/a><\/td>\n                    <td style=\"\"><\/td>\n                    <td style=\"\">A mes\u00e9t hallgat\u00f3 gyerek azonosul a f\u0151szerepl\u0151vel \u2013 figyelmeztet az LMBTQ-mesek\u00f6nyvvel kapcsolatban a pasztor\u00e1lpszichol\u00f3gus<\/td>\n                    <td style=\"\">publicisztika<\/td>\n                    <td style=\"\"><a href='https:\/\/vasarnap.hu\/2020\/11\/12\/a-meset-hallgato-gyerek-azonosul-a-foszereplovel-figyelmeztet-az-lmbtq-mesekonyvvel-kapcsolatban-a-pasztoralpszichologus\/' rel=' nofollow ' target='_blank'>https:\/\/vasarnap.hu\/2020\/11\/12\/a-meset-hallgato-gyerek-azonosul-a-foszereplovel-figyelmeztet-az-lmbtq-mesekonyvvel-kapcsolatban-a-pasztoralpszichologus\/<\/a><\/td>\n                    <td style=\"\">negat\u00edv<\/td>\n                    <td style=\"\"><\/td>\n                    <td style=\"\"><\/td>\n                    <td style=\"\"><\/td>\n                    <td style=\"\"><\/td>\n            <\/tr>\n            <tr id=\"table_2_row_517\">\n                    <td style=\"\">2020.11.12<\/td>\n                    <td style=\"\"><a href='https:\/\/mandiner.hu\/' rel=' nofollow ' target='_blank'>https:\/\/mandiner.hu\/<\/a><\/td>\n                    <td style=\"\">Kacsoh D\u00e1niel<\/td>\n                    <td style=\"\">Gyermekv\u00e9delem igen, genderpropaganda az nuku\u201d \u2013 Sz\u00e1nth\u00f3 Mikl\u00f3s a Mandinernek<\/td>\n                    <td style=\"\">interj\u00fa<\/td>\n                    <td style=\"\"><a href='https:\/\/mandiner.hu\/cikk\/20201112_gyermekvedelem_igen_genderpropaganda_az_nuku' rel=' nofollow ' target='_blank'>https:\/\/mandiner.hu\/cikk\/20201112_gyermekvedelem_igen_genderpropaganda_az_nuku<\/a><\/td>\n                    <td style=\"\">negat\u00edv<\/td>\n                    <td style=\"\"><\/td>\n                    <td style=\"\"><\/td>\n                    <td style=\"\"><\/td>\n                    <td style=\"\">Interj\u00fa Sz\u00e1nth\u00f3 Mikl\u00f3ssal<\/td>\n            <\/tr>\n            <tr id=\"table_2_row_518\">\n                    <td style=\"\">2020.11.12<\/td>\n                    <td style=\"\"><a href='https:\/\/hvg.hu\/' rel=' nofollow ' target='_blank'>https:\/\/hvg.hu\/<\/a><\/td>\n                    <td style=\"\">M\u00e1trah\u00e1zi Zsuzsa<\/td>\n                    <td style=\"\">B\u00e1n Zs\u00f3fia: A k\u00f6nyvrong\u00e1l\u00e1s \u00e9rtelmezhetetlen Eur\u00f3p\u00e1ban, a n\u00e1cizmust lesz\u00e1m\u00edtva<\/td>\n                    <td style=\"\">interj\u00fa<\/td>\n                    <td style=\"\"><a href='https:\/\/hvg.hu\/360\/202046_ban_zsofia' rel=' nofollow ' target='_blank'>https:\/\/hvg.hu\/360\/202046_ban_zsofia<\/a><\/td>\n                    <td style=\"\">pozit\u00edv<\/td>\n                    <td style=\"\"><\/td>\n                    <td style=\"\"><\/td>\n                    <td style=\"\"><\/td>\n                    <td style=\"\">Interj\u00fa B\u00e1n Zs\u00f3fi\u00e1val<\/td>\n            <\/tr>\n            <tr id=\"table_2_row_519\">\n                    <td style=\"\">2020.11.13<\/td>\n                    <td style=\"\"><a href='https:\/\/telex.hu\/' rel=' nofollow ' target='_blank'>https:\/\/telex.hu\/<\/a><\/td>\n                    <td style=\"\">Szil\u00e1gyi M\u00e1t\u00e9<\/td>\n                    <td style=\"\">\u00cdme, Magyarorsz\u00e1g leg-LMBTQ-mentesebb v\u00e1rosa<\/td>\n                    <td style=\"\">h\u00edr, besz\u00e1mol\u00f3, r\u00f6vid cikk<\/td>\n                    <td style=\"\"><a href='https:\/\/telex.hu\/video\/2020\/11\/13\/nagykata-betiltottak-az-lmbtq-propagandat-tiltas' rel=' nofollow ' target='_blank'>https:\/\/telex.hu\/video\/2020\/11\/13\/nagykata-betiltottak-az-lmbtq-propagandat-tiltas<\/a><\/td>\n                    <td style=\"\">semleges<\/td>\n                    <td style=\"\"><\/td>\n                    <td style=\"\"><\/td>\n                    <td style=\"\"><\/td>\n                    <td style=\"\">Vide\u00f3<\/td>\n            <\/tr>\n            <tr id=\"table_2_row_520\">\n                    <td style=\"\">2020.11.13<\/td>\n                    <td style=\"\"><a href='https:\/\/mandiner.hu\/' rel=' nofollow ' target='_blank'>https:\/\/mandiner.hu\/<\/a><\/td>\n                    <td style=\"\">Szalai Laura<\/td>\n                    <td style=\"\">\u00c9rz\u00e9keny\u00edt\u00e9s vagy propaganda?<\/td>\n                    <td style=\"\">interj\u00fa<\/td>\n                    <td style=\"\"><a href='https:\/\/mandiner.hu\/cikk\/20201112_erzekenyites_vagy_propaganda' rel=' nofollow ' target='_blank'>https:\/\/mandiner.hu\/cikk\/20201112_erzekenyites_vagy_propaganda<\/a><\/td>\n                    <td style=\"\">semleges<\/td>\n                    <td style=\"\"><\/td>\n                    <td style=\"\"><\/td>\n                    <td style=\"\"><\/td>\n                    <td style=\"\">Interj\u00fa B\u0151sz Anettel \u00e9s D\u00far\u00f3 D\u00f3r\u00e1val<\/td>\n            <\/tr>\n            <tr id=\"table_2_row_521\">\n                    <td style=\"\">2020.11.14<\/td>\n                    <td style=\"\"><a href='https:\/\/efimesel.wordpress.com\/' rel=' nofollow ' target='_blank'>https:\/\/efimesel.wordpress.com\/<\/a><\/td>\n                    <td style=\"\">Kov\u00e1cs Brigitta Efi<\/td>\n                    <td style=\"\">A soron k\u00edv\u00fclr\u0151l II. \u201eOlyan vil\u00e1g j\u00f6n\u2026\u201d<\/td>\n                    <td style=\"\">blogbejegyz\u00e9s<\/td>\n                    <td style=\"\"><a href='https:\/\/efimesel.wordpress.com\/2020\/11\/14\/a-soron-kivulrol-2-olyan-vilag-jon\/' rel=' nofollow ' target='_blank'>https:\/\/efimesel.wordpress.com\/2020\/11\/14\/a-soron-kivulrol-2-olyan-vilag-jon\/<\/a><\/td>\n                    <td style=\"\">pozit\u00edv<\/td>\n                    <td style=\"\"><\/td>\n                    <td style=\"\"><\/td>\n                    <td style=\"\"><\/td>\n                    <td style=\"\"><\/td>\n            <\/tr>\n            <tr id=\"table_2_row_522\">\n                    <td style=\"\">2020.11.15<\/td>\n                    <td style=\"\"><a href='https:\/\/elpais.com\/' rel=' nofollow ' target='_blank'>https:\/\/elpais.com\/<\/a><\/td>\n                    <td style=\"\">Mar\u00eda Herv\u00e1s<\/td>\n                    <td style=\"\">La comunidad LGTBI, el nuevo enemigo p\u00fablico para Orb\u00e1n<\/td>\n                    <td style=\"\">publicisztika<\/td>\n                    <td style=\"\"><a href='https:\/\/elpais.com\/internacional\/2020-11-14\/la-comunidad-lgtbi-el-nuevo-enemigo-publico-para-orban.html' rel=' nofollow ' target='_blank'>https:\/\/elpais.com\/internacional\/2020-11-14\/la-comunidad-lgtbi-el-nuevo-enemigo-publico-para-orban.html<\/a><\/td>\n                    <td style=\"\">semleges<\/td>\n                    <td style=\"\"><\/td>\n                    <td style=\"\">igen<\/td>\n                    <td style=\"\">spanyol<\/td>\n                    <td style=\"\"><\/td>\n            <\/tr>\n            <tr id=\"table_2_row_523\">\n                    <td style=\"\">2020.11.16<\/td>\n                    <td style=\"\"><a href='https:\/\/www.ard-wien.de\/' rel=' nofollow ' target='_blank'>https:\/\/www.ard-wien.de\/<\/a><\/td>\n                    <td style=\"\">Edit Inotai<\/td>\n                    <td style=\"\">Orban-Regierung plant Verfassungs\u00e4nderung. Ungarns Streit um ein M\u00e4rchenbuch<\/td>\n                    <td style=\"\">h\u00edr, besz\u00e1mol\u00f3, r\u00f6vid cikk<\/td>\n                    <td style=\"\"><a href='https:\/\/www.ard-wien.de\/2020\/11\/16\/orban-regierung-plant-verfassungsaenderung-ungarns-streit-um-ein-maerchenbuch\/' rel=' nofollow ' target='_blank'>https:\/\/www.ard-wien.de\/2020\/11\/16\/orban-regierung-plant-verfassungsaenderung-ungarns-streit-um-ein-maerchenbuch\/<\/a><\/td>\n                    <td style=\"\">semleges<\/td>\n                    <td style=\"\"><\/td>\n                    <td style=\"\">igen<\/td>\n                    <td style=\"\">n\u00e9met<\/td>\n                    <td style=\"\"><\/td>\n            <\/tr>\n            <tr id=\"table_2_row_524\">\n                    <td style=\"\">2020.11.17<\/td>\n                    <td style=\"\"><a href='https:\/\/magyarnemzet.hu\/' rel=' nofollow ' target='_blank'>https:\/\/magyarnemzet.hu\/<\/a><\/td>\n                    <td style=\"\">Elek Nikoletta<\/td>\n                    <td style=\"\">A szakember szerint kifejezetten \u00e1rthat a gyermekeknek a gendermese<\/td>\n                    <td style=\"\">h\u00edr, besz\u00e1mol\u00f3, r\u00f6vid cikk<\/td>\n                    <td style=\"\"><a href='https:\/\/magyarnemzet.hu\/belfold\/pasztoralpszichologus-a-gendermese-nem-termeszetes-es-nem-normalis-8964998\/' rel=' nofollow ' target='_blank'>https:\/\/magyarnemzet.hu\/belfold\/pasztoralpszichologus-a-gendermese-nem-termeszetes-es-nem-normalis-8964998\/<\/a><\/td>\n                    <td style=\"\">negat\u00edv<\/td>\n                    <td style=\"\"><\/td>\n                    <td style=\"\"><\/td>\n                    <td style=\"\"><\/td>\n                    <td style=\"\"><\/td>\n            <\/tr>\n            <tr id=\"table_2_row_525\">\n                    <td style=\"\">2020.11.17<\/td>\n                    <td style=\"\"><a href='http:\/\/sorok-kozott.hu\/' rel=' nofollow ' target='_blank'>http:\/\/sorok-kozott.hu\/<\/a><\/td>\n                    <td style=\"\">R\u00e1cz-Stef\u00e1n Tibor<\/td>\n                    <td style=\"\">Meseorsz\u00e1g mindenki\u00e9 \u2013  B\u00e1rcsak l\u00e9tezett volna ez a k\u00f6nyv, amikor \u00e9n voltam gyerek!<\/td>\n                    <td style=\"\">blogbejegyz\u00e9s<\/td>\n                    <td style=\"\"><a href='http:\/\/sorok-kozott.hu\/2020\/11\/meseorszag-mindenkie-barcsak-letezett-volna-ez-a-konyv-amikor-en-voltam-gyerek\/' rel=' nofollow ' target='_blank'>http:\/\/sorok-kozott.hu\/2020\/11\/meseorszag-mindenkie-barcsak-letezett-volna-ez-a-konyv-amikor-en-voltam-gyerek\/<\/a><\/td>\n                    <td style=\"\">pozit\u00edv<\/td>\n                    <td style=\"\"><\/td>\n                    <td style=\"\"><\/td>\n                    <td style=\"\"><\/td>\n                    <td style=\"\">Blogturn\u00e9<\/td>\n            <\/tr>\n            <tr id=\"table_2_row_526\">\n                    <td style=\"\">2020.11.18<\/td>\n                    <td style=\"\"><a href='https:\/\/magyarnemzet.hu\/' rel=' nofollow ' target='_blank'>https:\/\/magyarnemzet.hu\/<\/a><\/td>\n                    <td style=\"\">Bug\u00e1n Antal<\/td>\n                    <td style=\"\">A pszichol\u00f3gusszakma hitel\u00e9\u00e9rt<\/td>\n                    <td style=\"\">publicisztika<\/td>\n                    <td style=\"\"><a href='https:\/\/magyarnemzet.hu\/velemeny\/a-pszichologusszakma-hiteleert-8968283\/' rel=' nofollow ' target='_blank'>https:\/\/magyarnemzet.hu\/velemeny\/a-pszichologusszakma-hiteleert-8968283\/<\/a><\/td>\n                    <td style=\"\">negat\u00edv<\/td>\n                    <td style=\"\"><\/td>\n                    <td style=\"\"><\/td>\n                    <td style=\"\"><\/td>\n                    <td style=\"\"><\/td>\n            <\/tr>\n            <tr id=\"table_2_row_527\">\n                    <td style=\"\">2020.11.19<\/td>\n                    <td style=\"\"><a href='https:\/\/nemfelunkakonyvektol.hu\/' rel=' nofollow ' target='_blank'>https:\/\/nemfelunkakonyvektol.hu\/<\/a><\/td>\n                    <td style=\"\">Nikki<\/td>\n                    <td style=\"\">Nagy Boldizs\u00e1r (szerk.): Meseorsz\u00e1g mindenki\u00e9 + Nyerem\u00e9nyj\u00e1t\u00e9k<\/td>\n                    <td style=\"\">blogbejegyz\u00e9s<\/td>\n                    <td style=\"\"><a href='https:\/\/nemfelunkakonyvektol.hu\/2020\/11\/nagy-boldizsar-szerk-meseorszag-mindenkie-nyeremenyjatek\/' rel=' nofollow ' target='_blank'>https:\/\/nemfelunkakonyvektol.hu\/2020\/11\/nagy-boldizsar-szerk-meseorszag-mindenkie-nyeremenyjatek\/<\/a><\/td>\n                    <td style=\"\">pozit\u00edv<\/td>\n                    <td style=\"\"><\/td>\n                    <td style=\"\"><\/td>\n                    <td style=\"\"><\/td>\n                    <td style=\"\">Blogturn\u00e9<\/td>\n            <\/tr>\n            <tr id=\"table_2_row_528\">\n                    <td style=\"\">2020.11.20<\/td>\n                    <td style=\"\"><a href='https:\/\/readinspo.blogspot.com\/' rel=' nofollow ' target='_blank'>https:\/\/readinspo.blogspot.com\/<\/a><\/td>\n                    <td style=\"\">Sarah<\/td>\n                    <td style=\"\">Nagy Boldizs\u00e1r (szerk.): Meseorsz\u00e1g mindenki\u00e9<\/td>\n                    <td style=\"\">blogbejegyz\u00e9s<\/td>\n                    <td style=\"\"><a href='https:\/\/readinspo.blogspot.com\/2020\/11\/nagy-boldizsar-szerk-meseorszag.html' rel=' nofollow ' target='_blank'>https:\/\/readinspo.blogspot.com\/2020\/11\/nagy-boldizsar-szerk-meseorszag.html<\/a><\/td>\n                    <td style=\"\">pozit\u00edv<\/td>\n                    <td style=\"\"><\/td>\n                    <td style=\"\"><\/td>\n                    <td style=\"\"><\/td>\n                    <td style=\"\">Blogturn\u00e9<\/td>\n            <\/tr>\n            <tr id=\"table_2_row_529\">\n                    <td style=\"\">2020.11.20<\/td>\n                    <td style=\"\"><a href='http:\/\/www.kellylupiolvas.com\/' rel=' nofollow ' target='_blank'>http:\/\/www.kellylupiolvas.com\/<\/a><\/td>\n                    <td style=\"\">Kelly \u00e9s Lupi<\/td>\n                    <td style=\"\">Nagy Boldizs\u00e1r (szerk.): Meseorsz\u00e1g mindenki\u00e9<\/td>\n                    <td style=\"\">blogbejegyz\u00e9s<\/td>\n                    <td style=\"\"><a href='http:\/\/www.kellylupiolvas.com\/2020\/11\/nagy-boldizsar-szerk-meseorszag.html' rel=' nofollow ' target='_blank'>http:\/\/www.kellylupiolvas.com\/2020\/11\/nagy-boldizsar-szerk-meseorszag.html<\/a><\/td>\n                    <td style=\"\">pozit\u00edv<\/td>\n                    <td style=\"\"><\/td>\n                    <td style=\"\"><\/td>\n                    <td style=\"\"><\/td>\n                    <td style=\"\">Blogturn\u00e9<\/td>\n            <\/tr>\n            <tr id=\"table_2_row_530\">\n                    <td style=\"\">2020.11.20<\/td>\n                    <td style=\"\"><a href='https:\/\/www.facebook.com\/' rel=' nofollow ' target='_blank'>https:\/\/www.facebook.com\/<\/a><\/td>\n                    <td style=\"\">EuroCentralAsian Lesbian* Community<\/td>\n                    <td style=\"\"><\/td>\n                    <td style=\"\">esem\u00e9ny<\/td>\n                    <td style=\"\"><a href='https:\/\/www.facebook.com\/1860721560840038\/videos\/199112331842440\/' rel=' nofollow ' target='_blank'>https:\/\/www.facebook.com\/1860721560840038\/videos\/199112331842440\/<\/a><\/td>\n                    <td style=\"\">pozit\u00edv<\/td>\n                    <td style=\"\">fb<\/td>\n                    <td style=\"\"><\/td>\n                    <td style=\"\"><\/td>\n                    <td style=\"\"><\/td>\n            <\/tr>\n            <tr id=\"table_2_row_531\">\n                    <td style=\"\">2020.11.20<\/td>\n                    <td style=\"\"><a href='https:\/\/jovotv.hu\/' rel=' nofollow ' target='_blank'>https:\/\/jovotv.hu\/<\/a><\/td>\n                    <td style=\"\">Erdei R\u00f3bert Arnold<\/td>\n                    <td style=\"\">A melegek egy politikai j\u00e1tszma gyalogjai<\/td>\n                    <td style=\"\">vide\u00f3<\/td>\n                    <td style=\"\"><a href='https:\/\/jovotv.hu\/2020\/11\/20\/a-melegek-egy-politikai-jatszma-gyalogjai-video\/' rel=' nofollow ' target='_blank'>https:\/\/jovotv.hu\/2020\/11\/20\/a-melegek-egy-politikai-jatszma-gyalogjai-video\/<\/a><\/td>\n                    <td style=\"\">pozit\u00edv<\/td>\n                    <td style=\"\"><\/td>\n                    <td style=\"\"><\/td>\n                    <td style=\"\"><\/td>\n                    <td style=\"\"><\/td>\n            <\/tr>\n            <tr id=\"table_2_row_532\">\n                    <td style=\"\">2020.11.20<\/td>\n                    <td style=\"\"><a href='https:\/\/www.hetek.hu\/' rel=' nofollow ' target='_blank'>https:\/\/www.hetek.hu\/<\/a><\/td>\n                    <td style=\"\">Sebesty\u00e9n Istv\u00e1n, Kulifai M\u00e1t\u00e9<\/td>\n                    <td style=\"\">\u201eA kisebbs\u00e9gek v\u00e9delme nem jelenti azt, hogy a t\u00f6bbs\u00e9get megfosztjuk a jogait\u00f3l\u201d \u2013 Nov\u00e1k Katalin a Heteknek<\/td>\n                    <td style=\"\">interj\u00fa<\/td>\n                    <td style=\"\"><a href='https:\/\/www.hetek.hu\/cikkek\/belfold\/2020november\/brusszel-ideologiai-bortonbe-zarna-bennunket-novak-katalin-a' rel=' nofollow ' target='_blank'>https:\/\/www.hetek.hu\/cikkek\/belfold\/2020november\/brusszel-ideologiai-bortonbe-zarna-bennunket-novak-katalin-a<\/a><\/td>\n                    <td style=\"\">negat\u00edv<\/td>\n                    <td style=\"\"><\/td>\n                    <td style=\"\"><\/td>\n                    <td style=\"\"><\/td>\n                    <td style=\"\"><\/td>\n            <\/tr>\n            <tr id=\"table_2_row_533\">\n                    <td style=\"\">2020.11.20<\/td>\n                    <td style=\"\"><a href='https:\/\/novakkatalin.hu\/' rel=' nofollow ' target='_blank'>https:\/\/novakkatalin.hu\/<\/a><\/td>\n                    <td style=\"\">Sebesty\u00e9n Istv\u00e1n, Kulifai M\u00e1t\u00e9<\/td>\n                    <td style=\"\">Fi\u00fa, l\u00e1ny, a legbiztosabb pontok az \u00e9letben<\/td>\n                    <td style=\"\">interj\u00fa<\/td>\n                    <td style=\"\"><a href='https:\/\/novakkatalin.hu\/2020\/11\/20\/fiu-lany-a-legbiztosabb-pontok-az-eletben\/' rel=' nofollow ' target='_blank'>https:\/\/novakkatalin.hu\/2020\/11\/20\/fiu-lany-a-legbiztosabb-pontok-az-eletben\/<\/a><\/td>\n                    <td style=\"\">negat\u00edv<\/td>\n                    <td style=\"\"><\/td>\n                    <td style=\"\"><\/td>\n                    <td style=\"\"><\/td>\n                    <td style=\"\"><\/td>\n            <\/tr>\n            <tr id=\"table_2_row_534\">\n                    <td style=\"\">2020.11.20<\/td>\n                    <td style=\"\"><a href='http:\/\/benlacosta.blogspot.com\/' rel=' nofollow ' target='_blank'>http:\/\/benlacosta.blogspot.com\/<\/a><\/td>\n                    <td style=\"\">Ben<\/td>\n                    <td style=\"\">K\u00f6nyvaj\u00e1nl\u00f3: Meseorsz\u00e1g mindenki\u00e9<\/td>\n                    <td style=\"\">blogbejegyz\u00e9s<\/td>\n                    <td style=\"\"><a href='http:\/\/benlacosta.blogspot.com\/2020\/11\/konyvajanlo-meseorszag-mindenkie.html' rel=' nofollow ' target='_blank'>http:\/\/benlacosta.blogspot.com\/2020\/11\/konyvajanlo-meseorszag-mindenkie.html<\/a><\/td>\n                    <td style=\"\">pozit\u00edv<\/td>\n                    <td style=\"\"><\/td>\n                    <td style=\"\"><\/td>\n                    <td style=\"\"><\/td>\n                    <td style=\"\"><\/td>\n            <\/tr>\n            <tr id=\"table_2_row_535\">\n                    <td style=\"\">2020.11.21<\/td>\n                    <td style=\"\"><a href='https:\/\/konyvesmas.blogspot.com\/' rel=' nofollow ' target='_blank'>https:\/\/konyvesmas.blogspot.com\/<\/a><\/td>\n                    <td style=\"\">AniTiger<\/td>\n                    <td style=\"\">Meseorsz\u00e1g mindenki\u00e9 (\u00e9rt\u00e9kel\u00e9s \u00e9s nyerem\u00e9nyj\u00e1t\u00e9k)<\/td>\n                    <td style=\"\">blogbejegyz\u00e9s<\/td>\n                    <td style=\"\"><a href='https:\/\/konyvesmas.blogspot.com\/2020\/11\/meseorszag-mindenkie-ertekeles-es.html' rel=' nofollow ' target='_blank'>https:\/\/konyvesmas.blogspot.com\/2020\/11\/meseorszag-mindenkie-ertekeles-es.html<\/a><\/td>\n                    <td style=\"\">pozit\u00edv<\/td>\n                    <td style=\"\"><\/td>\n                    <td style=\"\"><\/td>\n                    <td style=\"\"><\/td>\n                    <td style=\"\">Blogturn\u00e9<\/td>\n            <\/tr>\n            <tr id=\"table_2_row_536\">\n                    <td style=\"\">2020.11.21<\/td>\n                    <td style=\"\"><a href='https:\/\/444.hu\/' rel=' nofollow ' target='_blank'>https:\/\/444.hu\/<\/a><\/td>\n                    <td style=\"\">Szurovecz Ill\u00e9s<\/td>\n                    <td style=\"\">Nov\u00e1k: Nem lehetetlen\u00edtj\u00fck el a homoszexu\u00e1lis p\u00e1rokat, csak bez\u00e1rtunk egy jogi kiskaput<\/td>\n                    <td style=\"\">h\u00edr, besz\u00e1mol\u00f3, r\u00f6vid cikk<\/td>\n                    <td style=\"\"><a href='https:\/\/444.hu\/2020\/11\/21\/novak-nem-lehetetlenitjuk-el-a-homoszexualis-parokat-csak-bezartunk-egy-jogi-kiskaput' rel=' nofollow ' target='_blank'>https:\/\/444.hu\/2020\/11\/21\/novak-nem-lehetetlenitjuk-el-a-homoszexualis-parokat-csak-bezartunk-egy-jogi-kiskaput<\/a><\/td>\n                    <td style=\"\">semleges<\/td>\n                    <td style=\"\"><\/td>\n                    <td style=\"\"><\/td>\n                    <td style=\"\"><\/td>\n                    <td style=\"\"><\/td>\n            <\/tr>\n            <tr id=\"table_2_row_537\">\n                    <td style=\"\">2020.11.21<\/td>\n                    <td style=\"\"><a href='https:\/\/www.facebook.com\/' rel=' nofollow ' target='_blank'>https:\/\/www.facebook.com\/<\/a><\/td>\n                    <td style=\"\"><\/td>\n                    <td style=\"\">Ungarn: M\u00e4rchenbuch geschreddert<\/td>\n                    <td style=\"\">vide\u00f3<\/td>\n                    <td style=\"\"><a href='https:\/\/www.facebook.com\/Weltspiegel\/videos\/828884414631678' rel=' nofollow ' target='_blank'>https:\/\/www.facebook.com\/Weltspiegel\/videos\/828884414631678<\/a><\/td>\n                    <td style=\"\">pozit\u00edv<\/td>\n                    <td style=\"\">fb<\/td>\n                    <td style=\"\">igen<\/td>\n                    <td style=\"\">n\u00e9met<\/td>\n                    <td style=\"\"><\/td>\n            <\/tr>\n            <tr id=\"table_2_row_538\">\n                    <td style=\"\">2020.11.22<\/td>\n                    <td style=\"\"><a href='https:\/\/hagyjatokolvasok.blogspot.com\/' rel=' nofollow ' target='_blank'>https:\/\/hagyjatokolvasok.blogspot.com\/<\/a><\/td>\n                    <td style=\"\"><\/td>\n                    <td style=\"\">Nagy Boldizs\u00e1r (szerk.) Meseorsz\u00e1g \u200bmindenki\u00e9 | Blogturn\u00e9 Klub aj\u00e1nl\u00f3<\/td>\n                    <td style=\"\">blogbejegyz\u00e9s<\/td>\n                    <td style=\"\"><a href='https:\/\/hagyjatokolvasok.blogspot.com\/2020\/11\/meseorszag-mindenkie.html' rel=' nofollow ' target='_blank'>https:\/\/hagyjatokolvasok.blogspot.com\/2020\/11\/meseorszag-mindenkie.html<\/a><\/td>\n                    <td style=\"\">pozit\u00edv<\/td>\n                    <td style=\"\"><\/td>\n                    <td style=\"\"><\/td>\n                    <td style=\"\"><\/td>\n                    <td style=\"\">Blogturn\u00e9<\/td>\n            <\/tr>\n            <tr id=\"table_2_row_539\">\n                    <td style=\"\">2020.11.22<\/td>\n                    <td style=\"\"><a href='https:\/\/www.youtube.com\/' rel=' nofollow ' target='_blank'>https:\/\/www.youtube.com\/<\/a><\/td>\n                    <td style=\"\">BENovelas Magazin<\/td>\n                    <td style=\"\">K\u00f6nyvaj\u00e1nl\u00f3: Meseorsz\u00e1g mindenki\u00e9<\/td>\n                    <td style=\"\">vide\u00f3<\/td>\n                    <td style=\"\"><a href='https:\/\/www.youtube.com\/watch?v=RN3G-dV7_qg' rel=' nofollow ' target='_blank'>https:\/\/www.youtube.com\/watch?v=RN3G-dV7_qg<\/a><\/td>\n                    <td style=\"\">pozit\u00edv<\/td>\n                    <td style=\"\">youtube<\/td>\n                    <td style=\"\"><\/td>\n                    <td style=\"\"><\/td>\n                    <td style=\"\"><\/td>\n            <\/tr>\n            <tr id=\"table_2_row_540\">\n                    <td style=\"\">2020.11.23<\/td>\n                    <td style=\"\"><a href='https:\/\/szofisztikaltmacska.hu\/' rel=' nofollow ' target='_blank'>https:\/\/szofisztikaltmacska.hu\/<\/a><\/td>\n                    <td style=\"\">Szofisztikaltmacska<\/td>\n                    <td style=\"\">Meseorsz\u00e1g mindenki\u00e9<\/td>\n                    <td style=\"\">blogbejegyz\u00e9s<\/td>\n                    <td style=\"\"><a href='https:\/\/szofisztikaltmacska.hu\/meseorszag-mindenkie\/' rel=' nofollow ' target='_blank'>https:\/\/szofisztikaltmacska.hu\/meseorszag-mindenkie\/<\/a><\/td>\n                    <td style=\"\">pozit\u00edv<\/td>\n                    <td style=\"\"><\/td>\n                    <td style=\"\"><\/td>\n                    <td style=\"\"><\/td>\n                    <td style=\"\">Blogturn\u00e9<\/td>\n            <\/tr>\n            <tr id=\"table_2_row_541\">\n                    <td style=\"\">2020.11.23<\/td>\n                    <td style=\"\"><a href='https:\/\/www.kulturcafe.hu\/' rel=' nofollow ' target='_blank'>https:\/\/www.kulturcafe.hu\/<\/a><\/td>\n                    <td style=\"\"><\/td>\n                    <td style=\"\">Mes\u00e9k mindenkinek<\/td>\n                    <td style=\"\">recenzi\u00f3<\/td>\n                    <td style=\"\"><a href='https:\/\/www.kulturcafe.hu\/konyv\/mesek-mindenkinek' rel=' nofollow ' target='_blank'>https:\/\/www.kulturcafe.hu\/konyv\/mesek-mindenkinek<\/a><\/td>\n                    <td style=\"\">pozit\u00edv<\/td>\n                    <td style=\"\"><\/td>\n                    <td style=\"\"><\/td>\n                    <td style=\"\"><\/td>\n                    <td style=\"\"><\/td>\n            <\/tr>\n            <tr id=\"table_2_row_542\">\n                    <td style=\"\">2020.11.23<\/td>\n                    <td style=\"\"><a href='http:\/\/szervatiusz.net\/' rel=' nofollow ' target='_blank'>http:\/\/szervatiusz.net\/<\/a><\/td>\n                    <td style=\"\"><\/td>\n                    <td style=\"\">Alkot\u00f3 tan\u00e1raink<\/td>\n                    <td style=\"\">h\u00edr, besz\u00e1mol\u00f3, r\u00f6vid cikk<\/td>\n                    <td style=\"\"><a href='http:\/\/szervatiusz.net\/index.php\/alkoto-tanaraink' rel=' nofollow ' target='_blank'>http:\/\/szervatiusz.net\/index.php\/alkoto-tanaraink<\/a><\/td>\n                    <td style=\"\">pozit\u00edv<\/td>\n                    <td style=\"\"><\/td>\n                    <td style=\"\"><\/td>\n                    <td style=\"\"><\/td>\n                    <td style=\"\">Alkot\u00f3 tan\u00e1raink: Kasza Krisztina<\/td>\n            <\/tr>\n            <tr id=\"table_2_row_543\">\n                    <td style=\"\">2020.11.23<\/td>\n                    <td style=\"\"><a href='https:\/\/www.nbcnews.com\/' rel=' nofollow ' target='_blank'>https:\/\/www.nbcnews.com\/<\/a><\/td>\n                    <td style=\"\">Dan Avery<\/td>\n                    <td style=\"\">As the pandemic rages, Hungary ramps up anti-LGBTQ legislation<\/td>\n                    <td style=\"\">h\u00edr, besz\u00e1mol\u00f3, r\u00f6vid cikk<\/td>\n                    <td style=\"\"><a href='https:\/\/www.nbcnews.com\/feature\/nbc-out\/pandemic-rages-hungary-ramps-anti-lgbtq-legislation-n1248659' rel=' nofollow ' target='_blank'>https:\/\/www.nbcnews.com\/feature\/nbc-out\/pandemic-rages-hungary-ramps-anti-lgbtq-legislation-n1248659<\/a><\/td>\n                    <td style=\"\">semleges<\/td>\n                    <td style=\"\"><\/td>\n                    <td style=\"\">igen<\/td>\n                    <td style=\"\">angol<\/td>\n                    <td style=\"\"><\/td>\n            <\/tr>\n            <tr id=\"table_2_row_544\">\n                    <td style=\"\">2020.11.24<\/td>\n                    <td style=\"\"><a href='https:\/\/www.utoszo.hu\/' rel=' nofollow ' target='_blank'>https:\/\/www.utoszo.hu\/<\/a><\/td>\n                    <td style=\"\"><\/td>\n                    <td style=\"\">Nagy Boldizs\u00e1r (szerk.): Meseorsz\u00e1g mindenki\u00e9<\/td>\n                    <td style=\"\">blogbejegyz\u00e9s<\/td>\n                    <td style=\"\"><a href='https:\/\/www.utoszo.hu\/2020\/11\/24\/nagy-boldizsar-szerk-meseorszag-mindenkie\/' rel=' nofollow ' target='_blank'>https:\/\/www.utoszo.hu\/2020\/11\/24\/nagy-boldizsar-szerk-meseorszag-mindenkie\/<\/a><\/td>\n                    <td style=\"\">pozit\u00edv<\/td>\n                    <td style=\"\"><\/td>\n                    <td style=\"\"><\/td>\n                    <td style=\"\"><\/td>\n                    <td style=\"\">Blogturn\u00e9<\/td>\n            <\/tr>\n            <tr id=\"table_2_row_545\">\n                    <td style=\"\">2020.11.24<\/td>\n                    <td style=\"\"><a href='https:\/\/partnershungary.hu\/' rel=' nofollow ' target='_blank'>https:\/\/partnershungary.hu\/<\/a><\/td>\n                    <td style=\"\">Partners Hungary<\/td>\n                    <td style=\"\">Gy\u0171l\u00f6letmentes ifj\u00fas\u00e1g\u00e9rt - online tal\u00e1lkoz\u00f3 fiatalokkal foglalkoz\u00f3 szakembereknek<\/td>\n                    <td style=\"\">esem\u00e9ny<\/td>\n                    <td style=\"\"><a href='https:\/\/partnershungary.hu\/events\/gyuloletmentes-ifjusagert-online-talalkozo' rel=' nofollow ' target='_blank'>https:\/\/partnershungary.hu\/events\/gyuloletmentes-ifjusagert-online-talalkozo<\/a><\/td>\n                    <td style=\"\">pozit\u00edv<\/td>\n                    <td style=\"\"><\/td>\n                    <td style=\"\"><\/td>\n                    <td style=\"\"><\/td>\n                    <td style=\"\"><\/td>\n            <\/tr>\n            <tr id=\"table_2_row_546\">\n                    <td style=\"\">2020.11.24<\/td>\n                    <td style=\"\"><a href='https:\/\/mandiner.hu\/' rel=' nofollow ' target='_blank'>https:\/\/mandiner.hu\/<\/a><\/td>\n                    <td style=\"\">P\u00e1l Gyula<\/td>\n                    <td style=\"\">Meseorsz\u00e1g ut\u00e1n \u2013 j\u00f6n-e m\u00e1r egy \u00faj paradigma?<\/td>\n                    <td style=\"\">publicisztika<\/td>\n                    <td style=\"\"><a href='https:\/\/mandiner.hu\/cikk\/20201124_meseorszag' rel=' nofollow ' target='_blank'>https:\/\/mandiner.hu\/cikk\/20201124_meseorszag<\/a><\/td>\n                    <td style=\"\">negat\u00edv<\/td>\n                    <td style=\"\"><\/td>\n                    <td style=\"\"><\/td>\n                    <td style=\"\"><\/td>\n                    <td style=\"\"><\/td>\n            <\/tr>\n            <tr id=\"table_2_row_547\">\n                    <td style=\"\">2020.11.24<\/td>\n                    <td style=\"\"><a href='https:\/\/www.facebook.com\/' rel=' nofollow ' target='_blank'>https:\/\/www.facebook.com\/<\/a><\/td>\n                    <td style=\"\"><\/td>\n                    <td style=\"\">Gy\u0171l\u00f6letmentes ifj\u00fas\u00e1g\u00e9rt - online tal\u00e1lkoz\u00f3 fiatalokkal foglalkoz\u00f3 szakembereknek<\/td>\n                    <td style=\"\">esem\u00e9ny<\/td>\n                    <td style=\"\"><a href='https:\/\/www.facebook.com\/events\/1051021338658322\/' rel=' nofollow ' target='_blank'>https:\/\/www.facebook.com\/events\/1051021338658322\/<\/a><\/td>\n                    <td style=\"\">pozit\u00edv<\/td>\n                    <td style=\"\"><\/td>\n                    <td style=\"\"><\/td>\n                    <td style=\"\"><\/td>\n                    <td style=\"\"><\/td>\n            <\/tr>\n            <tr id=\"table_2_row_548\">\n                    <td style=\"\">2020.11.24<\/td>\n                    <td style=\"\"><a href='https:\/\/partnershungary.hu\/' rel=' nofollow ' target='_blank'>https:\/\/partnershungary.hu\/<\/a><\/td>\n                    <td style=\"\"><\/td>\n                    <td style=\"\">Gy\u0171l\u00f6letmentes ifj\u00fas\u00e1g\u00e9rt \u2013 online tal\u00e1lkoz\u00f3 fiatalokkal foglalkoz\u00f3 szakembereknek<\/td>\n                    <td style=\"\">esem\u00e9ny<\/td>\n                    <td style=\"\"><a href='https:\/\/partnershungary.hu\/events\/gyuloletmentes-ifjusagert-online-talalkozo\/' rel=' nofollow ' target='_blank'>https:\/\/partnershungary.hu\/events\/gyuloletmentes-ifjusagert-online-talalkozo\/<\/a><\/td>\n                    <td style=\"\">semleges<\/td>\n                    <td style=\"\"><\/td>\n                    <td style=\"\"><\/td>\n                    <td style=\"\"><\/td>\n                    <td style=\"\">A CEE esem\u00e9ny felh\u00edv\u00e1sa<\/td>\n            <\/tr>\n            <tr id=\"table_2_row_549\">\n                    <td style=\"\">2020.11.25<\/td>\n                    <td style=\"\"><a href='http:\/\/spiritblissoldala.blogspot.com\/' rel=' nofollow ' target='_blank'>http:\/\/spiritblissoldala.blogspot.com\/<\/a><\/td>\n                    <td style=\"\">Spirit Bliss<\/td>\n                    <td style=\"\">Meseorsz\u00e1g mindenki\u00e9 \u2013 Blogturn\u00e9<\/td>\n                    <td style=\"\">blogbejegyz\u00e9s<\/td>\n                    <td style=\"\"><a href='http:\/\/spiritblissoldala.blogspot.com\/2020\/11\/meseorszag-mindenkie-blogturne.html' rel=' nofollow ' target='_blank'>http:\/\/spiritblissoldala.blogspot.com\/2020\/11\/meseorszag-mindenkie-blogturne.html<\/a><\/td>\n                    <td style=\"\">pozit\u00edv<\/td>\n                    <td style=\"\"><\/td>\n                    <td style=\"\"><\/td>\n                    <td style=\"\"><\/td>\n                    <td style=\"\">Blogturn\u00e9<\/td>\n            <\/tr>\n            <tr id=\"table_2_row_550\">\n                    <td style=\"\">2020.11.26<\/td>\n                    <td style=\"\"><a href='https:\/\/www.facebook.com\/' rel=' nofollow ' target='_blank'>https:\/\/www.facebook.com\/<\/a><\/td>\n                    <td style=\"\">Szabad Egyetem<\/td>\n                    <td style=\"\">Alt-Sex-Ed: Inkluz\u00edv szexu\u00e1lis felvil\u00e1gos\u00edt\u00e1s Magyarorsz\u00e1gon<\/td>\n                    <td style=\"\">esem\u00e9ny<\/td>\n                    <td style=\"\"><a href='https:\/\/www.facebook.com\/events\/2891814544365604' rel=' nofollow ' target='_blank'>https:\/\/www.facebook.com\/events\/2891814544365604<\/a><\/td>\n                    <td style=\"\">pozit\u00edv<\/td>\n                    <td style=\"\">fb<\/td>\n                    <td style=\"\"><\/td>\n                    <td style=\"\"><\/td>\n                    <td style=\"\"><\/td>\n            <\/tr>\n            <tr id=\"table_2_row_551\">\n                    <td style=\"\">2020.11.26<\/td>\n                    <td style=\"\"><a href='https:\/\/www.facebook.com\/' rel=' nofollow ' target='_blank'>https:\/\/www.facebook.com\/<\/a><\/td>\n                    <td style=\"\"><\/td>\n                    <td style=\"\">alt-sex-ed: Inkluz\u00edv szexu\u00e1lis felvil\u00e1gos\u00edt\u00e1s Magyarorsz\u00e1gon<\/td>\n                    <td style=\"\">esem\u00e9ny<\/td>\n                    <td style=\"\"><a href='https:\/\/www.facebook.com\/events\/2891814544365604\/' rel=' nofollow ' target='_blank'>https:\/\/www.facebook.com\/events\/2891814544365604\/<\/a><\/td>\n                    <td style=\"\">pozit\u00edv<\/td>\n                    <td style=\"\">fb<\/td>\n                    <td style=\"\"><\/td>\n                    <td style=\"\"><\/td>\n                    <td style=\"\"><\/td>\n            <\/tr>\n            <tr id=\"table_2_row_552\">\n                    <td style=\"\">2020.11.27<\/td>\n                    <td style=\"\"><a href='https:\/\/labrisz.hu\/' rel=' nofollow ' target='_blank'>https:\/\/labrisz.hu\/<\/a><\/td>\n                    <td style=\"\">Labrisz<\/td>\n                    <td style=\"\">Sz\u00edn\u00e9szek olvasnak a Meseorsz\u00e1g mindenki\u00e9 k\u00f6tetb\u0151l<\/td>\n                    <td style=\"\">h\u00edr, besz\u00e1mol\u00f3, r\u00f6vid cikk<\/td>\n                    <td style=\"\"><a href='https:\/\/labrisz.hu\/hirek\/szineszek_olvasnak_a_meseorszag_mindenkie_kotetbol.840.html?pageid=58' rel=' nofollow ' target='_blank'>https:\/\/labrisz.hu\/hirek\/szineszek_olvasnak_a_meseorszag_mindenkie_kotetbol.840.html?pageid=58<\/a><\/td>\n                    <td style=\"\">pozit\u00edv<\/td>\n                    <td style=\"\"><\/td>\n                    <td style=\"\"><\/td>\n                    <td style=\"\"><\/td>\n                    <td style=\"\"><\/td>\n            <\/tr>\n            <tr id=\"table_2_row_553\">\n                    <td style=\"\">2020.11.27<\/td>\n                    <td style=\"\"><a href='https:\/\/www.facebook.com\/' rel=' nofollow ' target='_blank'>https:\/\/www.facebook.com\/<\/a><\/td>\n                    <td style=\"\">Labrisz<\/td>\n                    <td style=\"\">\u00c1llami homof\u00f3bia, avagy a l\u00e9tez\u00e9s nem propaganda<\/td>\n                    <td style=\"\">esem\u00e9ny<\/td>\n                    <td style=\"\"><a href='https:\/\/www.facebook.com\/events\/297043601502400\/' rel=' nofollow ' target='_blank'>https:\/\/www.facebook.com\/events\/297043601502400\/<\/a><\/td>\n                    <td style=\"\">pozit\u00edv<\/td>\n                    <td style=\"\">fb<\/td>\n                    <td style=\"\"><\/td>\n                    <td style=\"\"><\/td>\n                    <td style=\"\"><\/td>\n            <\/tr>\n            <tr id=\"table_2_row_554\">\n                    <td style=\"\">2020.11.27<\/td>\n                    <td style=\"\"><a href='https:\/\/g7.hu\/' rel=' nofollow ' target='_blank'>https:\/\/g7.hu\/<\/a><\/td>\n                    <td style=\"\">Ercse Kriszta<\/td>\n                    <td style=\"\">Az eg\u00e9sz vil\u00e1g mindenki\u00e9 \u2013 egy mesek\u00f6nyv, amit mindenki kalap\u00e1csnak n\u00e9zett<\/td>\n                    <td style=\"\">publicisztika<\/td>\n                    <td style=\"\"><a href='https:\/\/g7.hu\/elet\/20201127\/az-egesz-vilag-mindenkie-egy-mesekonyv-amit-mindenki-kalapacsnak-nezett\/' rel=' nofollow ' target='_blank'>https:\/\/g7.hu\/elet\/20201127\/az-egesz-vilag-mindenkie-egy-mesekonyv-amit-mindenki-kalapacsnak-nezett\/<\/a><\/td>\n                    <td style=\"\">pozit\u00edv<\/td>\n                    <td style=\"\"><\/td>\n                    <td style=\"\"><\/td>\n                    <td style=\"\"><\/td>\n                    <td style=\"\"><\/td>\n            <\/tr>\n            <tr id=\"table_2_row_555\">\n                    <td style=\"\">2020.11.30<\/td>\n                    <td style=\"\"><a href='https:\/\/anyanyelvmegorzes.hu\/' rel=' nofollow ' target='_blank'>https:\/\/anyanyelvmegorzes.hu\/<\/a><\/td>\n                    <td style=\"\">Zs\u00e9dely T\u00edmea<\/td>\n                    <td style=\"\">Az \u00f6nismeret mindenki\u00e9, de m\u00e9gis hogyan?<\/td>\n                    <td style=\"\">blogbejegyz\u00e9s<\/td>\n                    <td style=\"\"><a href='https:\/\/anyanyelvmegorzes.hu\/az-onismeret-mindenkie-de-megis-hogyan\/' rel=' nofollow ' target='_blank'>https:\/\/anyanyelvmegorzes.hu\/az-onismeret-mindenkie-de-megis-hogyan\/<\/a><\/td>\n                    <td style=\"\">pozit\u00edv<\/td>\n                    <td style=\"\"><\/td>\n                    <td style=\"\"><\/td>\n                    <td style=\"\"><\/td>\n                    <td style=\"\"><\/td>\n            <\/tr>\n            <tr id=\"table_2_row_556\">\n                    <td style=\"\">2020.11.30<\/td>\n                    <td style=\"\"><a href='https:\/\/www.facebook.com\/' rel=' nofollow ' target='_blank'>https:\/\/www.facebook.com\/<\/a><\/td>\n                    <td style=\"\">Ian McKellen<\/td>\n                    <td style=\"\">I wish I could have read this book when I was a child.<\/td>\n                    <td style=\"\">FB-poszt<\/td>\n                    <td style=\"\"><a href='https:\/\/www.facebook.com\/ianmckellen\/posts\/10157818935693601' rel=' nofollow ' target='_blank'>https:\/\/www.facebook.com\/ianmckellen\/posts\/10157818935693601<\/a><\/td>\n                    <td style=\"\">pozit\u00edv<\/td>\n                    <td style=\"\">fb<\/td>\n                    <td style=\"\">igen<\/td>\n                    <td style=\"\">angol<\/td>\n                    <td style=\"\"><\/td>\n            <\/tr>\n            <tr id=\"table_2_row_557\">\n                    <td style=\"\">2020.11.30<\/td>\n                    <td style=\"\"><a href='https:\/\/444.hu\/' rel=' nofollow ' target='_blank'>https:\/\/444.hu\/<\/a><\/td>\n                    <td style=\"\">Herczeg M\u00e1rk<\/td>\n                    <td style=\"\">\u201eB\u00e1rcsak olvashattam volna ezt a k\u00f6nyvet gyerekkoromban\u201d \u2013 \u00edrta Ian McKellen a Meseorsz\u00e1g mindenki\u00e9r\u0151l<\/td>\n                    <td style=\"\">h\u00edr, besz\u00e1mol\u00f3, r\u00f6vid cikk<\/td>\n                    <td style=\"\"><a href='https:\/\/444.hu\/2020\/11\/30\/barcsak-olvashattam-volna-ezt-a-konyvet-gyerekkoromban-irta-ian-mckellen-a-meseorszag-mindenkierol' rel=' nofollow ' target='_blank'>https:\/\/444.hu\/2020\/11\/30\/barcsak-olvashattam-volna-ezt-a-konyvet-gyerekkoromban-irta-ian-mckellen-a-meseorszag-mindenkierol<\/a><\/td>\n                    <td style=\"\">semleges<\/td>\n                    <td style=\"\"><\/td>\n                    <td style=\"\"><\/td>\n                    <td style=\"\"><\/td>\n                    <td style=\"\"><\/td>\n            <\/tr>\n            <tr id=\"table_2_row_558\">\n                    <td style=\"\">2020.11.30<\/td>\n                    <td style=\"\"><a href='https:\/\/hvg.hu\/' rel=' nofollow ' target='_blank'>https:\/\/hvg.hu\/<\/a><\/td>\n                    <td style=\"\"><\/td>\n                    <td style=\"\">Ian McKellen a Meseorsz\u00e1g mindenki\u00e9r\u0151l: \u201eB\u00e1rcsak olvashattam volna ezt a k\u00f6nyvet gyerekk\u00e9nt\u201d<\/td>\n                    <td style=\"\">h\u00edr, besz\u00e1mol\u00f3, r\u00f6vid cikk<\/td>\n                    <td style=\"\"><a href='https:\/\/hvg.hu\/elet\/20201130_ian_mckellen_meseorszag_mindenkie_mesekonyv' rel=' nofollow ' target='_blank'>https:\/\/hvg.hu\/elet\/20201130_ian_mckellen_meseorszag_mindenkie_mesekonyv<\/a><\/td>\n                    <td style=\"\">semleges<\/td>\n                    <td style=\"\"><\/td>\n                    <td style=\"\"><\/td>\n                    <td style=\"\"><\/td>\n                    <td style=\"\"><\/td>\n            <\/tr>\n            <tr id=\"table_2_row_559\">\n                    <td style=\"\">2020.11.30<\/td>\n                    <td style=\"\"><a href='https:\/\/telex.hu\/' rel=' nofollow ' target='_blank'>https:\/\/telex.hu\/<\/a><\/td>\n                    <td style=\"\">Kov\u00e1cs D\u00e1vid<\/td>\n                    <td style=\"\">Ian McKellen sz\u00edvesen olvasta volna a ledar\u00e1lt magyar mesek\u00f6nyvet<\/td>\n                    <td style=\"\">h\u00edr, besz\u00e1mol\u00f3, r\u00f6vid cikk<\/td>\n                    <td style=\"\"><a href='https:\/\/telex.hu\/kult\/2020\/11\/30\/ian-mckellen-szivesen-olvasta-volna-a-ledaralt-magyar-mesekonyvet' rel=' nofollow ' target='_blank'>https:\/\/telex.hu\/kult\/2020\/11\/30\/ian-mckellen-szivesen-olvasta-volna-a-ledaralt-magyar-mesekonyvet<\/a><\/td>\n                    <td style=\"\">semleges<\/td>\n                    <td style=\"\"><\/td>\n                    <td style=\"\"><\/td>\n                    <td style=\"\"><\/td>\n                    <td style=\"\"><\/td>\n            <\/tr>\n            <tr id=\"table_2_row_560\">\n                    <td style=\"\">2020.12.01<\/td>\n                    <td style=\"\"><a href='https:\/\/www.facebook.com\/' rel=' nofollow ' target='_blank'>https:\/\/www.facebook.com\/<\/a><\/td>\n                    <td style=\"\">\u00cdr\u00f3k Boltja<\/td>\n                    <td style=\"\">novemberi sikerlista<\/td>\n                    <td style=\"\">FB-poszt<\/td>\n                    <td style=\"\"><a href='https:\/\/www.facebook.com\/irokboltja\/photos\/a.129095817120415\/4087703384592952\/' rel=' nofollow ' target='_blank'>https:\/\/www.facebook.com\/irokboltja\/photos\/a.129095817120415\/4087703384592952\/<\/a><\/td>\n                    <td style=\"\">semleges<\/td>\n                    <td style=\"\">fb<\/td>\n                    <td style=\"\"><\/td>\n                    <td style=\"\"><\/td>\n                    <td style=\"\">\u00cdr\u00f3k Boltja 2020. novemberi sikerlista, 1. a Meseorsz\u00e1g<\/td>\n            <\/tr>\n            <tr id=\"table_2_row_561\">\n                    <td style=\"\">2020.12.02<\/td>\n                    <td style=\"\"><a href='https:\/\/www.gcksbookreviewblog.com\/' rel=' nofollow ' target='_blank'>https:\/\/www.gcksbookreviewblog.com\/<\/a><\/td>\n                    <td style=\"\">Genevieve, Coeur \u00e9s Kikyo<\/td>\n                    <td style=\"\">2020 legszebb magyar bor\u00edt\u00f3i: m\u00e1sodik fordul\u00f3<\/td>\n                    <td style=\"\">blogbejegyz\u00e9s<\/td>\n                    <td style=\"\"><a href='https:\/\/www.gcksbookreviewblog.com\/2020\/12\/2020-legszebb-magyar-boritoi-masodik.html' rel=' nofollow ' target='_blank'>https:\/\/www.gcksbookreviewblog.com\/2020\/12\/2020-legszebb-magyar-boritoi-masodik.html<\/a><\/td>\n                    <td style=\"\">semleges<\/td>\n                    <td style=\"\"><\/td>\n                    <td style=\"\"><\/td>\n                    <td style=\"\"><\/td>\n                    <td style=\"\"><\/td>\n            <\/tr>\n            <tr id=\"table_2_row_562\">\n                    <td style=\"\">2020.12.04<\/td>\n                    <td style=\"\"><a href='https:\/\/telex.hu\/' rel=' nofollow ' target='_blank'>https:\/\/telex.hu\/<\/a><\/td>\n                    <td style=\"\">Lengyel-Szab\u00f3 P\u00e9ter, Szil\u00e1gyi M\u00e1t\u00e9, F\u00f6ldes Andr\u00e1s, Szilli Tam\u00e1s<\/td>\n                    <td style=\"\">The storybook that opened a rift in Hungary<\/td>\n                    <td style=\"\">h\u00edr, besz\u00e1mol\u00f3, r\u00f6vid cikk<\/td>\n                    <td style=\"\"><a href='https:\/\/telex.hu\/english\/2020\/12\/04\/the-storybook-that-turned-a-nation-on-its-head' rel=' nofollow ' target='_blank'>https:\/\/telex.hu\/english\/2020\/12\/04\/the-storybook-that-turned-a-nation-on-its-head<\/a><\/td>\n                    <td style=\"\">pozit\u00edv<\/td>\n                    <td style=\"\"><\/td>\n                    <td style=\"\">igen<\/td>\n                    <td style=\"\">angol<\/td>\n                    <td style=\"\">Az okt. 2-i cikk ford\u00edt\u00e1sa<\/td>\n            <\/tr>\n            <tr id=\"table_2_row_563\">\n                    <td style=\"\">2020.12.06<\/td>\n                    <td style=\"\"><a href='https:\/\/www.fro.at\/' rel=' nofollow ' target='_blank'>https:\/\/www.fro.at\/<\/a><\/td>\n                    <td style=\"\">Ecser Vera<\/td>\n                    <td style=\"\">Linzb\u0151lmese a feln\u0151tts\u00e9gr\u0151l<\/td>\n                    <td style=\"\">r\u00e1di\u00f3<\/td>\n                    <td style=\"\"><a href='https:\/\/www.fro.at\/linzbolmese-2\/' rel=' nofollow ' target='_blank'>https:\/\/www.fro.at\/linzbolmese-2\/<\/a><\/td>\n                    <td style=\"\">semleges<\/td>\n                    <td style=\"\"><\/td>\n                    <td style=\"\">igen<\/td>\n                    <td style=\"\"><\/td>\n                    <td style=\"\">Huzella J\u00falia felolvassa Kiss Judit \u00c1gnes \"R\u00f3za a b\u00e1lban\" c. mes\u00e9j\u00e9t, ut\u00e1na besz\u00e9lget\u00e9s szak\u00e9rt\u0151kkel \u00e9s a szerz\u0151vel<\/td>\n            <\/tr>\n            <tr id=\"table_2_row_564\">\n                    <td style=\"\">2020.12.07<\/td>\n                    <td style=\"\"><a href='https:\/\/litera.hu\/' rel=' nofollow ' target='_blank'>https:\/\/litera.hu\/<\/a><\/td>\n                    <td style=\"\"><\/td>\n                    <td style=\"\">Csehy Zolt\u00e1n<\/td>\n                    <td style=\"\">interj\u00fa<\/td>\n                    <td style=\"\"><a href='https:\/\/litera.hu\/magazin\/interju\/korkerdes-2020-csehy-zoltan.html' rel=' nofollow ' target='_blank'>https:\/\/litera.hu\/magazin\/interju\/korkerdes-2020-csehy-zoltan.html<\/a><\/td>\n                    <td style=\"\">semleges<\/td>\n                    <td style=\"\"><\/td>\n                    <td style=\"\"><\/td>\n                    <td style=\"\"><\/td>\n                    <td style=\"\"><\/td>\n            <\/tr>\n            <tr id=\"table_2_row_565\">\n                    <td style=\"\">2020.12.08<\/td>\n                    <td style=\"\"><a href='https:\/\/www.youtube.com\/' rel=' nofollow ' target='_blank'>https:\/\/www.youtube.com\/<\/a><\/td>\n                    <td style=\"\">BENovelas<\/td>\n                    <td style=\"\">Meseorsz\u00e1g t\u00e1mad\u00f3inak<\/td>\n                    <td style=\"\">vide\u00f3<\/td>\n                    <td style=\"\"><a href='https:\/\/www.youtube.com\/watch?v=IgYRHOXHQcI' rel=' nofollow ' target='_blank'>https:\/\/www.youtube.com\/watch?v=IgYRHOXHQcI<\/a><\/td>\n                    <td style=\"\">pozit\u00edv<\/td>\n                    <td style=\"\">youtube<\/td>\n                    <td style=\"\"><\/td>\n                    <td style=\"\"><\/td>\n                    <td style=\"\"><\/td>\n            <\/tr>\n            <tr id=\"table_2_row_566\">\n                    <td style=\"\">2020.12.09<\/td>\n                    <td style=\"\"><a href='https:\/\/www.youtube.com\/' rel=' nofollow ' target='_blank'>https:\/\/www.youtube.com\/<\/a><\/td>\n                    <td style=\"\">BENovelas<\/td>\n                    <td style=\"\">Lakatos Istv\u00e1n: A boszork\u00e1ny mes\u00e9je<\/td>\n                    <td style=\"\">vide\u00f3<\/td>\n                    <td style=\"\"><a href='https:\/\/www.youtube.com\/watch?v=DSXVMO0Ec_s&amp;t=8s' rel=' nofollow ' target='_blank'>https:\/\/www.youtube.com\/watch?v=DSXVMO0Ec_s&amp;t=8s<\/a><\/td>\n                    <td style=\"\">semleges<\/td>\n                    <td style=\"\">youtube<\/td>\n                    <td style=\"\"><\/td>\n                    <td style=\"\"><\/td>\n                    <td style=\"\"><\/td>\n            <\/tr>\n            <tr id=\"table_2_row_567\">\n                    <td style=\"\">2020.12.09<\/td>\n                    <td style=\"\"><a href='https:\/\/telex.hu\/' rel=' nofollow ' target='_blank'>https:\/\/telex.hu\/<\/a><\/td>\n                    <td style=\"\">Koroknai Gergely<\/td>\n                    <td style=\"\">Ismert magyar sz\u00edn\u00e9szek olvass\u00e1k fel a Meseorsz\u00e1g mindenki\u00e9 mes\u00e9it<\/td>\n                    <td style=\"\">h\u00edr, besz\u00e1mol\u00f3, r\u00f6vid cikk<\/td>\n                    <td style=\"\"><a href='https:\/\/telex.hu\/kult\/2020\/12\/09\/meseorszag-mindenkie-felolvasas-udvaros-dorottya-kovacs-patricia-fullajtar-andrea' rel=' nofollow ' target='_blank'>https:\/\/telex.hu\/kult\/2020\/12\/09\/meseorszag-mindenkie-felolvasas-udvaros-dorottya-kovacs-patricia-fullajtar-andrea<\/a><\/td>\n                    <td style=\"\">pozit\u00edv<\/td>\n                    <td style=\"\"><\/td>\n                    <td style=\"\"><\/td>\n                    <td style=\"\"><\/td>\n                    <td style=\"\"><\/td>\n            <\/tr>\n            <tr id=\"table_2_row_568\">\n                    <td style=\"\">2020.12.09<\/td>\n                    <td style=\"\"><a href='https:\/\/hvg.hu\/' rel=' nofollow ' target='_blank'>https:\/\/hvg.hu\/<\/a><\/td>\n                    <td style=\"\"><\/td>\n                    <td style=\"\">Ismert magyar sz\u00edn\u00e9szek olvasnak fel r\u00e9szeket a Meseorsz\u00e1g mindenki\u00e9b\u0151l<\/td>\n                    <td style=\"\">h\u00edr, besz\u00e1mol\u00f3, r\u00f6vid cikk<\/td>\n                    <td style=\"\"><a href='https:\/\/hvg.hu\/elet\/20201209_meseorszag_mindenkie_felolvasas_mesekonyv_magyar_szineszek' rel=' nofollow ' target='_blank'>https:\/\/hvg.hu\/elet\/20201209_meseorszag_mindenkie_felolvasas_mesekonyv_magyar_szineszek<\/a><\/td>\n                    <td style=\"\">pozit\u00edv<\/td>\n                    <td style=\"\"><\/td>\n                    <td style=\"\"><\/td>\n                    <td style=\"\"><\/td>\n                    <td style=\"\"><\/td>\n            <\/tr>\n            <tr id=\"table_2_row_569\">\n                    <td style=\"\">2020.12.09<\/td>\n                    <td style=\"\"><a href='https:\/\/pestihirlap.hu\/' rel=' nofollow ' target='_blank'>https:\/\/pestihirlap.hu\/<\/a><\/td>\n                    <td style=\"\"><\/td>\n                    <td style=\"\">Kov\u00e1cs Patr\u00edcia is felolvas a Meseorsz\u00e1g mindenki\u00e9-b\u0151l<\/td>\n                    <td style=\"\">h\u00edr, besz\u00e1mol\u00f3, r\u00f6vid cikk<\/td>\n                    <td style=\"\"><a href='https:\/\/pestihirlap.hu\/2020\/12\/09\/kovacs-patricia-is-felolvas-a-meseorszag-mindenkie-bol\/' rel=' nofollow ' target='_blank'>https:\/\/pestihirlap.hu\/2020\/12\/09\/kovacs-patricia-is-felolvas-a-meseorszag-mindenkie-bol\/<\/a><\/td>\n                    <td style=\"\">pozit\u00edv<\/td>\n                    <td style=\"\"><\/td>\n                    <td style=\"\"><\/td>\n                    <td style=\"\"><\/td>\n                    <td style=\"\"><\/td>\n            <\/tr>\n            <tr id=\"table_2_row_570\">\n                    <td style=\"\">2020.12.09<\/td>\n                    <td style=\"\"><a href='https:\/\/24.hu\/' rel=' nofollow ' target='_blank'>https:\/\/24.hu\/<\/a><\/td>\n                    <td style=\"\"><\/td>\n                    <td style=\"\">Kov\u00e1cs Patr\u00edcia \u00e9s Udvaros Dorottya is felolvasnak a Meseorsz\u00e1g mindenki\u00e9-b\u0151l<\/td>\n                    <td style=\"\">h\u00edr, besz\u00e1mol\u00f3, r\u00f6vid cikk<\/td>\n                    <td style=\"\"><a href='https:\/\/24.hu\/kultura\/2020\/12\/09\/meseorszag-mindenkie-felolvasas-kovacs-patricia-udvaros-dorottya\/' rel=' nofollow ' target='_blank'>https:\/\/24.hu\/kultura\/2020\/12\/09\/meseorszag-mindenkie-felolvasas-kovacs-patricia-udvaros-dorottya\/<\/a><\/td>\n                    <td style=\"\">semleges<\/td>\n                    <td style=\"\"><\/td>\n                    <td style=\"\"><\/td>\n                    <td style=\"\"><\/td>\n                    <td style=\"\"><\/td>\n            <\/tr>\n            <tr id=\"table_2_row_571\">\n                    <td style=\"\">2020.12.09<\/td>\n                    <td style=\"\"><a href='https:\/\/fidelio.hu\/' rel=' nofollow ' target='_blank'>https:\/\/fidelio.hu\/<\/a><\/td>\n                    <td style=\"\"><\/td>\n                    <td style=\"\">Sz\u00edn\u00e9szek olvass\u00e1k fel a Maeseorsz\u00e1g mindenki\u00e9 mes\u00e9it<\/td>\n                    <td style=\"\">h\u00edr, besz\u00e1mol\u00f3, r\u00f6vid cikk<\/td>\n                    <td style=\"\"><a href='https:\/\/fidelio.hu\/konyv\/szineszek-olvassak-fel-a-meseorszag-mindenkie-meseit-160303.html' rel=' nofollow ' target='_blank'>https:\/\/fidelio.hu\/konyv\/szineszek-olvassak-fel-a-meseorszag-mindenkie-meseit-160303.html<\/a><\/td>\n                    <td style=\"\">semleges<\/td>\n                    <td style=\"\"><\/td>\n                    <td style=\"\"><\/td>\n                    <td style=\"\"><\/td>\n                    <td style=\"\"><\/td>\n            <\/tr>\n            <tr id=\"table_2_row_572\">\n                    <td style=\"\">2020.12.09<\/td>\n                    <td style=\"\"><a href='https:\/\/contextus.hu\/' rel=' nofollow ' target='_blank'>https:\/\/contextus.hu\/<\/a><\/td>\n                    <td style=\"\">B\u00faza Blanka<\/td>\n                    <td style=\"\">Fullajt\u00e1r Andre\u00e1t\u00f3l Udvaros Dorotty\u00e1n \u00e1t Kov\u00e1cs Patr\u00edci\u00e1ig olvasnak fel a Meseorsz\u00e1g mindenki\u00e9 k\u00f6nyvb\u0151l<\/td>\n                    <td style=\"\">h\u00edr, besz\u00e1mol\u00f3, r\u00f6vid cikk<\/td>\n                    <td style=\"\"><a href='https:\/\/contextus.hu\/irodalom\/meseorszag-mindenkie-felolvasas-udvaros-dorottya-fullajtar-andrea\/' rel=' nofollow ' target='_blank'>https:\/\/contextus.hu\/irodalom\/meseorszag-mindenkie-felolvasas-udvaros-dorottya-fullajtar-andrea\/<\/a><\/td>\n                    <td style=\"\">semleges<\/td>\n                    <td style=\"\"><\/td>\n                    <td style=\"\"><\/td>\n                    <td style=\"\"><\/td>\n                    <td style=\"\"><\/td>\n            <\/tr>\n            <tr id=\"table_2_row_573\">\n                    <td style=\"\">2020.12.09<\/td>\n                    <td style=\"\"><a href='https:\/\/www.br.de\/' rel=' nofollow ' target='_blank'>https:\/\/www.br.de\/<\/a><\/td>\n                    <td style=\"\"><\/td>\n                    <td style=\"\">Ungarn streitet \u00fcber ein M\u00e4rchenbuch<\/td>\n                    <td style=\"\">h\u00edr, besz\u00e1mol\u00f3, r\u00f6vid cikk<\/td>\n                    <td style=\"\"><a href='https:\/\/www.br.de\/nachrichten\/deutschland-welt\/ungarn-streitet-ueber-ein-maerchenbuch,SIfB4Kh' rel=' nofollow ' target='_blank'>https:\/\/www.br.de\/nachrichten\/deutschland-welt\/ungarn-streitet-ueber-ein-maerchenbuch,SIfB4Kh<\/a><\/td>\n                    <td style=\"\">semleges<\/td>\n                    <td style=\"\"><\/td>\n                    <td style=\"\">igen<\/td>\n                    <td style=\"\">n\u00e9met<\/td>\n                    <td style=\"\"><\/td>\n            <\/tr>\n            <tr id=\"table_2_row_574\">\n                    <td style=\"\">2020.12.09<\/td>\n                    <td style=\"\"><a href='https:\/\/www.youtube.com\/' rel=' nofollow ' target='_blank'>https:\/\/www.youtube.com\/<\/a><\/td>\n                    <td style=\"\">BENovelas<\/td>\n                    <td style=\"\">Meseorsz\u00e1g mindenki\u00e9: A boszork\u00e1ny mes\u00e9je<\/td>\n                    <td style=\"\">vide\u00f3<\/td>\n                    <td style=\"\"><a href='https:\/\/www.youtube.com\/watch?v=DSXVMO0Ec_s&amp;t=8s' rel=' nofollow ' target='_blank'>https:\/\/www.youtube.com\/watch?v=DSXVMO0Ec_s&amp;t=8s<\/a><\/td>\n                    <td style=\"\">semleges<\/td>\n                    <td style=\"\"><\/td>\n                    <td style=\"\"><\/td>\n                    <td style=\"\"><\/td>\n                    <td style=\"\">BENovelas1TV felolvas egy mes\u00e9t<\/td>\n            <\/tr>\n            <tr id=\"table_2_row_575\">\n                    <td style=\"\">2020.12.10<\/td>\n                    <td style=\"\"><a href='https:\/\/humenonline.hu\/' rel=' nofollow ' target='_blank'>https:\/\/humenonline.hu\/<\/a><\/td>\n                    <td style=\"\">Waliduda D\u00e1niel<\/td>\n                    <td style=\"\">A Meseorsz\u00e1g mindenki\u00e9 mes\u00e9it olvass\u00e1k fel magyar sz\u00edn\u00e9szek<\/td>\n                    <td style=\"\">h\u00edr, besz\u00e1mol\u00f3, r\u00f6vid cikk<\/td>\n                    <td style=\"\"><a href='https:\/\/humenonline.hu\/a-meseorszag-mindenkie-meseit-olvassak-fel-magyar-szineszek\/' rel=' nofollow ' target='_blank'>https:\/\/humenonline.hu\/a-meseorszag-mindenkie-meseit-olvassak-fel-magyar-szineszek\/<\/a><\/td>\n                    <td style=\"\">pozit\u00edv<\/td>\n                    <td style=\"\"><\/td>\n                    <td style=\"\"><\/td>\n                    <td style=\"\"><\/td>\n                    <td style=\"\"><\/td>\n            <\/tr>\n            <tr id=\"table_2_row_576\">\n                    <td style=\"\">2020.12.11<\/td>\n                    <td style=\"\"><a href='https:\/\/vasarnap.hu\/' rel=' nofollow ' target='_blank'>https:\/\/vasarnap.hu\/<\/a><\/td>\n                    <td style=\"\">M\u00e9sz\u00e1ros J\u00f3zsef<\/td>\n                    <td style=\"\">Homo-promo kicsiknek \u2013 Udvaros Dorotty\u00e1\u00e9kt\u00f3l<\/td>\n                    <td style=\"\">h\u00edr, besz\u00e1mol\u00f3, r\u00f6vid cikk<\/td>\n                    <td style=\"\"><a href='https:\/\/vasarnap.hu\/2020\/12\/11\/homo-promo-kicsiknek-udvaros-dorottyaektol\/' rel=' nofollow ' target='_blank'>https:\/\/vasarnap.hu\/2020\/12\/11\/homo-promo-kicsiknek-udvaros-dorottyaektol\/<\/a><\/td>\n                    <td style=\"\">negat\u00edv<\/td>\n                    <td style=\"\"><\/td>\n                    <td style=\"\"><\/td>\n                    <td style=\"\"><\/td>\n                    <td style=\"\"><\/td>\n            <\/tr>\n            <tr id=\"table_2_row_577\">\n                    <td style=\"\">2020.12.13<\/td>\n                    <td style=\"\"><a href='https:\/\/www.youtube.com\/' rel=' nofollow ' target='_blank'>https:\/\/www.youtube.com\/<\/a><\/td>\n                    <td style=\"\">HEVI LGBTI<\/td>\n                    <td style=\"\">S\u0131n\u0131r \u00d6tesi- Hevi LGBT\u0130'nin, Macaristan'dan Labrisz Lesbian Association ile ger\u00e7ekle\u015ftirdi\u011fi g\u00f6r\u00fc\u015fme<\/td>\n                    <td style=\"\">vide\u00f3<\/td>\n                    <td style=\"\"><a href='https:\/\/www.youtube.com\/watch?v=EcANmk5a0EQ' rel=' nofollow ' target='_blank'>https:\/\/www.youtube.com\/watch?v=EcANmk5a0EQ<\/a><\/td>\n                    <td style=\"\">pozit\u00edv<\/td>\n                    <td style=\"\">youtube<\/td>\n                    <td style=\"\"><\/td>\n                    <td style=\"\"><\/td>\n                    <td style=\"\">A HEVI LGBTI t\u00f6r\u00f6k szervezet besz\u00e9lget\u00e9se R\u00e9dai D\u00f3rival a magyar LMBT helyzetr\u0151l, benne a Meseorsz\u00e1ggal<\/td>\n            <\/tr>\n            <tr id=\"table_2_row_578\">\n                    <td style=\"\">2020.12.13<\/td>\n                    <td style=\"\"><a href='https:\/\/telex.hu\/' rel=' nofollow ' target='_blank'>https:\/\/telex.hu\/<\/a><\/td>\n                    <td style=\"\"><\/td>\n                    <td style=\"\">Sz\u00e1jer ut\u00e1n nehezebb lesz a kereszt\u00e9ny szabads\u00e1gr\u00f3l mes\u00e9lni<\/td>\n                    <td style=\"\">vide\u00f3<\/td>\n                    <td style=\"\"><a href='https:\/\/telex.hu\/video\/2020\/12\/13\/szajer-jozsef-kereszteny-szabadsag-orgia-magyarazo' rel=' nofollow ' target='_blank'>https:\/\/telex.hu\/video\/2020\/12\/13\/szajer-jozsef-kereszteny-szabadsag-orgia-magyarazo<\/a><\/td>\n                    <td style=\"\">pozit\u00edv<\/td>\n                    <td style=\"\"><\/td>\n                    <td style=\"\"><\/td>\n                    <td style=\"\"><\/td>\n                    <td style=\"\">telex magyar\u00e1z\u00f3<\/td>\n            <\/tr>\n            <tr id=\"table_2_row_579\">\n                    <td style=\"\">2020.12.14<\/td>\n                    <td style=\"\"><a href='https:\/\/www.facebook.com\/' rel=' nofollow ' target='_blank'>https:\/\/www.facebook.com\/<\/a><\/td>\n                    <td style=\"\">N\u0151i \u00c9rdek<\/td>\n                    <td style=\"\">Together We Can do it\/Csak k\u00f6z\u00f6sen siker\u00fclhet<\/td>\n                    <td style=\"\">esem\u00e9ny<\/td>\n                    <td style=\"\"><a href='https:\/\/www.facebook.com\/Meseorsz%C3%A1g-mindenki%C3%A9-105372071350118' rel=' nofollow ' target='_blank'>https:\/\/www.facebook.com\/Meseorsz%C3%A1g-mindenki%C3%A9-105372071350118<\/a><\/td>\n                    <td style=\"\">semleges<\/td>\n                    <td style=\"\">fb<\/td>\n                    <td style=\"\"><\/td>\n                    <td style=\"\"><\/td>\n                    <td style=\"\"><\/td>\n            <\/tr>\n            <tr id=\"table_2_row_580\">\n                    <td style=\"\">2020.12.14<\/td>\n                    <td style=\"\"><a href='https:\/\/www.facebook.com\/' rel=' nofollow ' target='_blank'>https:\/\/www.facebook.com\/<\/a><\/td>\n                    <td style=\"\"><\/td>\n                    <td style=\"\">online zoom konferencia cseh, szlov\u00e1k, lengyel r\u00e9sztvev\u0151kkel a gender k\u00e9rd\u00e9sr\u0151l<\/td>\n                    <td style=\"\">esem\u00e9ny<\/td>\n                    <td style=\"\"><a href='https:\/\/www.facebook.com\/events\/722188268678677\/' rel=' nofollow ' target='_blank'>https:\/\/www.facebook.com\/events\/722188268678677\/<\/a><\/td>\n                    <td style=\"\">pozit\u00edv<\/td>\n                    <td style=\"\">fb<\/td>\n                    <td style=\"\">igen<\/td>\n                    <td style=\"\">angol<\/td>\n                    <td style=\"\"><\/td>\n            <\/tr>\n            <tr id=\"table_2_row_581\">\n                    <td style=\"\">2020.12.15<\/td>\n                    <td style=\"\"><a href='https:\/\/litera.hu\/' rel=' nofollow ' target='_blank'>https:\/\/litera.hu\/<\/a><\/td>\n                    <td style=\"\"><\/td>\n                    <td style=\"\">Visy Beatrix<\/td>\n                    <td style=\"\">interj\u00fa<\/td>\n                    <td style=\"\"><a href='https:\/\/litera.hu\/magazin\/interju\/korkerdes-2020-visy-beatrix.html' rel=' nofollow ' target='_blank'>https:\/\/litera.hu\/magazin\/interju\/korkerdes-2020-visy-beatrix.html<\/a><\/td>\n                    <td style=\"\">semleges<\/td>\n                    <td style=\"\"><\/td>\n                    <td style=\"\"><\/td>\n                    <td style=\"\"><\/td>\n                    <td style=\"\"><\/td>\n            <\/tr>\n            <tr id=\"table_2_row_582\">\n                    <td style=\"\">2020.12.15<\/td>\n                    <td style=\"\"><a href='https:\/\/uk.news.yahoo.com\/' rel=' nofollow ' target='_blank'>https:\/\/uk.news.yahoo.com\/<\/a><\/td>\n                    <td style=\"\">Peter Murphy<\/td>\n                    <td style=\"\">Hostile climate has LGBT Hungarians eyeing emigration<\/td>\n                    <td style=\"\">h\u00edr, besz\u00e1mol\u00f3, r\u00f6vid cikk<\/td>\n                    <td style=\"\"><a href='https:\/\/uk.news.yahoo.com\/hostile-climate-lgbt-hungarians-eyeing-184846355.html' rel=' nofollow ' target='_blank'>https:\/\/uk.news.yahoo.com\/hostile-climate-lgbt-hungarians-eyeing-184846355.html<\/a><\/td>\n                    <td style=\"\">semleges<\/td>\n                    <td style=\"\"><\/td>\n                    <td style=\"\">igen<\/td>\n                    <td style=\"\">angol<\/td>\n                    <td style=\"\"><\/td>\n            <\/tr>\n            <tr id=\"table_2_row_583\">\n                    <td style=\"\">2020.12.16<\/td>\n                    <td style=\"\"><a href='https:\/\/rtl.hu\/' rel=' nofollow ' target='_blank'>https:\/\/rtl.hu\/<\/a><\/td>\n                    <td style=\"\">Horv\u00e1th N\u00e1ndor<\/td>\n                    <td style=\"\">RTL H\u00edrad\u00f3: Egyre t\u00f6bb h\u00edress\u00e9g \u00e1ll ki a csal\u00e1dok soksz\u00edn\u0171s\u00e9ge mellett<\/td>\n                    <td style=\"\">TV<\/td>\n                    <td style=\"\"><a href='https:\/\/rtl.hu\/rtlklub\/hirek\/egyre-tobb-hiresseg-all-ki-a-csaladok-sokszinusege-mellett' rel=' nofollow ' target='_blank'>https:\/\/rtl.hu\/rtlklub\/hirek\/egyre-tobb-hiresseg-all-ki-a-csaladok-sokszinusege-mellett<\/a><\/td>\n                    <td style=\"\">pozit\u00edv<\/td>\n                    <td style=\"\"><\/td>\n                    <td style=\"\"><\/td>\n                    <td style=\"\"><\/td>\n                    <td style=\"\">Benne Nagy M. Boldizs\u00e1r<\/td>\n            <\/tr>\n            <tr id=\"table_2_row_584\">\n                    <td style=\"\">2020.12.16<\/td>\n                    <td style=\"\"><a href='https:\/\/rtl.hu\/' rel=' nofollow ' target='_blank'>https:\/\/rtl.hu\/<\/a><\/td>\n                    <td style=\"\">G\u00e1l Petra<\/td>\n                    <td style=\"\">F\u00f3kusz: Nyitottak vagyunk: a soksz\u00edn\u0171s\u00e9get, az elfogad\u00e1st hirdetik, mert a vil\u00e1g mindenki\u00e9<\/td>\n                    <td style=\"\">TV<\/td>\n                    <td style=\"\"><a href='https:\/\/rtl.hu\/rtlklub\/fokusz\/nyitottak-vagyunk-a-sokszinuseget-az-elfogadast-hirdetik-mert-a-vilag-mindenkie' rel=' nofollow ' target='_blank'>https:\/\/rtl.hu\/rtlklub\/fokusz\/nyitottak-vagyunk-a-sokszinuseget-az-elfogadast-hirdetik-mert-a-vilag-mindenkie<\/a><\/td>\n                    <td style=\"\">pozit\u00edv<\/td>\n                    <td style=\"\"><\/td>\n                    <td style=\"\"><\/td>\n                    <td style=\"\"><\/td>\n                    <td style=\"\">Interj\u00fa Nagy M. Boldizs\u00e1rral<\/td>\n            <\/tr>\n            <tr id=\"table_2_row_585\">\n                    <td style=\"\">2020.12.16<\/td>\n                    <td style=\"\"><a href='https:\/\/www.france24.com\/' rel=' nofollow ' target='_blank'>https:\/\/www.france24.com\/<\/a><\/td>\n                    <td style=\"\"><\/td>\n                    <td style=\"\">Hostile climate has LGBT Hungarians eyeing emigration<\/td>\n                    <td style=\"\">r\u00f6vid cikk<\/td>\n                    <td style=\"\"><a href='https:\/\/www.france24.com\/en\/live-news\/20201216-hostile-climate-has-lgbt-hungarians-eyeing-emigration' rel=' nofollow ' target='_blank'>https:\/\/www.france24.com\/en\/live-news\/20201216-hostile-climate-has-lgbt-hungarians-eyeing-emigration<\/a><\/td>\n                    <td style=\"\">pozit\u00edv<\/td>\n                    <td style=\"\"><\/td>\n                    <td style=\"\">igen<\/td>\n                    <td style=\"\">angol<\/td>\n                    <td style=\"\">r\u00f6vid cikk arr\u00f3l, mennyi lmbtq ember hagyja el MO-t<\/td>\n            <\/tr>\n            <tr id=\"table_2_row_586\">\n                    <td style=\"\">2020.12.18<\/td>\n                    <td style=\"\"><a href='https:\/\/444.hu\/' rel=' nofollow ' target='_blank'>https:\/\/444.hu\/<\/a><\/td>\n                    <td style=\"\">Neuberger Eszter<\/td>\n                    <td style=\"\">Elkasz\u00e1lta a korm\u00e1nyhivatal a \u201eMeseorsz\u00e1g mindenki\u00e9\u201d k\u00f6nyvet betilt\u00f3 mez\u0151k\u00f6vesdi rendeletet<\/td>\n                    <td style=\"\">h\u00edr, besz\u00e1mol\u00f3, r\u00f6vid cikk<\/td>\n                    <td style=\"\"><a href='https:\/\/444.hu\/2020\/12\/18\/elkaszalta-a-kormanyhivatal-a-meseorszag-mindenkie-konyvet-betilto-mezokovesdi-rendeletet' rel=' nofollow ' target='_blank'>https:\/\/444.hu\/2020\/12\/18\/elkaszalta-a-kormanyhivatal-a-meseorszag-mindenkie-konyvet-betilto-mezokovesdi-rendeletet<\/a><\/td>\n                    <td style=\"\">pozit\u00edv<\/td>\n                    <td style=\"\"><\/td>\n                    <td style=\"\"><\/td>\n                    <td style=\"\"><\/td>\n                    <td style=\"\"><\/td>\n            <\/tr>\n            <tr id=\"table_2_row_587\">\n                    <td style=\"\">2020.12.18<\/td>\n                    <td style=\"\"><a href='https:\/\/telex.hu\/' rel=' nofollow ' target='_blank'>https:\/\/telex.hu\/<\/a><\/td>\n                    <td style=\"\">N\u00e9met Tam\u00e1s<\/td>\n                    <td style=\"\">A korm\u00e1nyhivatal szerint jogs\u00e9rt\u0151 a Meseorsz\u00e1g mindenki\u00e9 c\u00edm\u0171 k\u00f6nyv betilt\u00e1sa Mez\u0151k\u00f6vesden<\/td>\n                    <td style=\"\">h\u00edr, besz\u00e1mol\u00f3, r\u00f6vid cikk<\/td>\n                    <td style=\"\"><a href='https:\/\/telex.hu\/belfold\/2020\/12\/18\/a-kormanyhivatal-szerint-jogserto-a-meseorszag-mindenkie-cimu-konyv-betiltasa-mezokovesden' rel=' nofollow ' target='_blank'>https:\/\/telex.hu\/belfold\/2020\/12\/18\/a-kormanyhivatal-szerint-jogserto-a-meseorszag-mindenkie-cimu-konyv-betiltasa-mezokovesden<\/a><\/td>\n                    <td style=\"\">pozit\u00edv<\/td>\n                    <td style=\"\"><\/td>\n                    <td style=\"\"><\/td>\n                    <td style=\"\"><\/td>\n                    <td style=\"\"><\/td>\n            <\/tr>\n            <tr id=\"table_2_row_588\">\n                    <td style=\"\">2020.12.18<\/td>\n                    <td style=\"\"><a href='https:\/\/mandiner.hu\/' rel=' nofollow ' target='_blank'>https:\/\/mandiner.hu\/<\/a><\/td>\n                    <td style=\"\"><\/td>\n                    <td style=\"\">A korm\u00e1nyhivatal nem engedte betiltani Mez\u0151k\u00f6vesden a Meseorsz\u00e1g mindenki\u00e9t<\/td>\n                    <td style=\"\">h\u00edr, besz\u00e1mol\u00f3, r\u00f6vid cikk<\/td>\n                    <td style=\"\"><a href='https:\/\/mandiner.hu\/cikk\/20201218_a_kormanyhivatal_nem_engedte_betiltani_mezokovesden_a_meseorszag_mindenkiet' rel=' nofollow ' target='_blank'>https:\/\/mandiner.hu\/cikk\/20201218_a_kormanyhivatal_nem_engedte_betiltani_mezokovesden_a_meseorszag_mindenkiet<\/a><\/td>\n                    <td style=\"\">semleges<\/td>\n                    <td style=\"\"><\/td>\n                    <td style=\"\"><\/td>\n                    <td style=\"\"><\/td>\n                    <td style=\"\"><\/td>\n            <\/tr>\n            <tr id=\"table_2_row_589\">\n                    <td style=\"\">2020.12.18<\/td>\n                    <td style=\"\"><a href='https:\/\/www.youtube.com\/' rel=' nofollow ' target='_blank'>https:\/\/www.youtube.com\/<\/a><\/td>\n                    <td style=\"\">D\u00e9:Nash<\/td>\n                    <td style=\"\">Dar\u00e1l\u00f3 Eldor\u00e1d\u00f3 ft. T\u00e9kozl\u00f3 Fi\u00fa &amp; The H\u00edzlalt Borj\u00faz<\/td>\n                    <td style=\"\">vide\u00f3<\/td>\n                    <td style=\"\"><a href='https:\/\/www.youtube.com\/watch?v=eaRLhDqFG8s' rel=' nofollow ' target='_blank'>https:\/\/www.youtube.com\/watch?v=eaRLhDqFG8s<\/a><\/td>\n                    <td style=\"\">pozit\u00edv<\/td>\n                    <td style=\"\">youtube<\/td>\n                    <td style=\"\"><\/td>\n                    <td style=\"\"><\/td>\n                    <td style=\"\"><\/td>\n            <\/tr>\n            <tr id=\"table_2_row_590\">\n                    <td style=\"\">2020.12.19<\/td>\n                    <td style=\"\"><a href='https:\/\/humenonline.hu\/' rel=' nofollow ' target='_blank'>https:\/\/humenonline.hu\/<\/a><\/td>\n                    <td style=\"\">Humen<\/td>\n                    <td style=\"\">Aj\u00e1nd\u00e9kozz sziv\u00e1rv\u00e1nyos k\u00f6nyvet kar\u00e1csonyra!<\/td>\n                    <td style=\"\">h\u00edr, besz\u00e1mol\u00f3, r\u00f6vid cikk<\/td>\n                    <td style=\"\"><a href='https:\/\/humenonline.hu\/ajandekozz-konyvet-karacsonyra\/' rel=' nofollow ' target='_blank'>https:\/\/humenonline.hu\/ajandekozz-konyvet-karacsonyra\/<\/a><\/td>\n                    <td style=\"\">pozit\u00edv<\/td>\n                    <td style=\"\"><\/td>\n                    <td style=\"\"><\/td>\n                    <td style=\"\"><\/td>\n                    <td style=\"\"><\/td>\n            <\/tr>\n            <tr id=\"table_2_row_591\">\n                    <td style=\"\">2020.12.20<\/td>\n                    <td style=\"\"><a href='https:\/\/labrisz.hu\/' rel=' nofollow ' target='_blank'>https:\/\/labrisz.hu\/<\/a><\/td>\n                    <td style=\"\">Labrisz<\/td>\n                    <td style=\"\">\u00dajabb felolvas\u00e1sok a Meseorsz\u00e1g mindneki\u00e9 k\u00f6tetb\u0151l<\/td>\n                    <td style=\"\">h\u00edr, besz\u00e1mol\u00f3, r\u00f6vid cikk<\/td>\n                    <td style=\"\"><a href='https:\/\/labrisz.hu\/hirek\/ujabb_felolvasasok_a_meseorszag_mindenkie_kotetbol.843.html?pageid=58' rel=' nofollow ' target='_blank'>https:\/\/labrisz.hu\/hirek\/ujabb_felolvasasok_a_meseorszag_mindenkie_kotetbol.843.html?pageid=58<\/a><\/td>\n                    <td style=\"\">pozit\u00edv<\/td>\n                    <td style=\"\"><\/td>\n                    <td style=\"\"><\/td>\n                    <td style=\"\"><\/td>\n                    <td style=\"\"><\/td>\n            <\/tr>\n            <tr id=\"table_2_row_592\">\n                    <td style=\"\">2020.12.20<\/td>\n                    <td style=\"\"><a href='https:\/\/www.vadhajtasok.hu\/' rel=' nofollow ' target='_blank'>https:\/\/www.vadhajtasok.hu\/<\/a><\/td>\n                    <td style=\"\"><\/td>\n                    <td style=\"\">A Meseorsz\u00e1g mindenki\u00e9 c\u00edm\u0171 k\u00f6nyvet kiad\u00f3 egyes\u00fclet leforgatta az els\u0151 magyar leszbikus websorozatot<\/td>\n                    <td style=\"\">h\u00edr, besz\u00e1mol\u00f3, r\u00f6vid cikk<\/td>\n                    <td style=\"\"><a href='https:\/\/www.vadhajtasok.hu\/2020\/12\/20\/meseorszag-mindenkie-cimu-konyvet-kiado-egyesulet-leforgatta-az-elso-magyar-leszbikus-websorozatot\/' rel=' nofollow ' target='_blank'>https:\/\/www.vadhajtasok.hu\/2020\/12\/20\/meseorszag-mindenkie-cimu-konyvet-kiado-egyesulet-leforgatta-az-elso-magyar-leszbikus-websorozatot\/<\/a><\/td>\n                    <td style=\"\">negat\u00edv<\/td>\n                    <td style=\"\"><\/td>\n                    <td style=\"\"><\/td>\n                    <td style=\"\"><\/td>\n                    <td style=\"\"><\/td>\n            <\/tr>\n            <tr id=\"table_2_row_593\">\n                    <td style=\"\">2020.12.20<\/td>\n                    <td style=\"\"><a href='https:\/\/psychoanalysis.hu\/' rel=' nofollow ' target='_blank'>https:\/\/psychoanalysis.hu\/<\/a><\/td>\n                    <td style=\"\">Magyar Pszichoanalitikus Egyes\u00fclet<\/td>\n                    <td style=\"\">Egyes\u00fcleti \u00c1ll\u00e1sfoglal\u00e1s<\/td>\n                    <td style=\"\">nyilatkozat<\/td>\n                    <td style=\"\"><a href='https:\/\/psychoanalysis.hu\/egyesuleti_allasfoglalas' rel=' nofollow ' target='_blank'>https:\/\/psychoanalysis.hu\/egyesuleti_allasfoglalas<\/a><\/td>\n                    <td style=\"\">pozit\u00edv<\/td>\n                    <td style=\"\"><\/td>\n                    <td style=\"\"><\/td>\n                    <td style=\"\"><\/td>\n                    <td style=\"\"><\/td>\n            <\/tr>\n            <tr id=\"table_2_row_594\">\n                    <td style=\"\">2021.01.01<\/td>\n                    <td style=\"\"><a href='https:\/\/ng.24.hu\/' rel=' nofollow ' target='_blank'>https:\/\/ng.24.hu\/<\/a><\/td>\n                    <td style=\"\">National Geographic<\/td>\n                    <td style=\"\">Mesek\u00f6nyv a dar\u00e1l\u00f3ban<\/td>\n                    <td style=\"\">h\u00edr, besz\u00e1mol\u00f3, r\u00f6vid cikk<\/td>\n                    <td style=\"\"><a href='https:\/\/ng.24.hu\/magazin\/2020_december' rel=' nofollow ' target='_blank'>https:\/\/ng.24.hu\/magazin\/2020_december<\/a><\/td>\n                    <td style=\"\">semleges<\/td>\n                    <td style=\"\"><\/td>\n                    <td style=\"\"><\/td>\n                    <td style=\"\"><\/td>\n                    <td style=\"\"><\/td>\n            <\/tr>\n            <tr id=\"table_2_row_595\">\n                    <td style=\"\">2021.01.01<\/td>\n                    <td style=\"\"><a href='https:\/\/sozialmarie.org\/' rel=' nofollow ' target='_blank'>https:\/\/sozialmarie.org\/<\/a><\/td>\n                    <td style=\"\"><\/td>\n                    <td style=\"\">Meseorsz\u00e1g mindenki\u00e9<\/td>\n                    <td style=\"\">egy\u00e9b<\/td>\n                    <td style=\"\"><a href='https:\/\/sozialmarie.org\/hu\/projects\/8310' rel=' nofollow ' target='_blank'>https:\/\/sozialmarie.org\/hu\/projects\/8310<\/a><\/td>\n                    <td style=\"\">semleges<\/td>\n                    <td style=\"\"><\/td>\n                    <td style=\"\"><\/td>\n                    <td style=\"\"><\/td>\n                    <td style=\"\"><\/td>\n            <\/tr>\n            <tr id=\"table_2_row_596\">\n                    <td style=\"\">2021.01.01<\/td>\n                    <td style=\"\"><a href='https:\/\/www.ilga-europe.org\/' rel=' nofollow ' target='_blank'>https:\/\/www.ilga-europe.org\/<\/a><\/td>\n                    <td style=\"\"><\/td>\n                    <td style=\"\">ILGA-Europe\u2019s Annual Review of the Human Rights Situation of Lesbian, Gay, Bisexual, Trans and Intersex People covering events that occurred in Europe and Central Asia between January-December 2020. Hungary<\/td>\n                    <td style=\"\">h\u00edr, besz\u00e1mol\u00f3, r\u00f6vid cikk<\/td>\n                    <td style=\"\"><a href='https:\/\/www.ilga-europe.org\/sites\/default\/files\/2021\/hungary.pdf' rel=' nofollow ' target='_blank'>https:\/\/www.ilga-europe.org\/sites\/default\/files\/2021\/hungary.pdf<\/a><\/td>\n                    <td style=\"\">semleges<\/td>\n                    <td style=\"\"><\/td>\n                    <td style=\"\">igen<\/td>\n                    <td style=\"\">angol<\/td>\n                    <td style=\"\">ILGA-Europe \u00e9ves jelent\u00e9s, 2020<\/td>\n            <\/tr>\n            <tr id=\"table_2_row_597\">\n                    <td style=\"\">2021.01.01<\/td>\n                    <td style=\"\"><a href='https:\/\/mozgovilag.hu\/' rel=' nofollow ' target='_blank'>https:\/\/mozgovilag.hu\/<\/a><\/td>\n                    <td style=\"\">Sz\u00e9l D\u00e1vid<\/td>\n                    <td style=\"\">Magas labda<\/td>\n                    <td style=\"\">publicisztika<\/td>\n                    <td style=\"\"><a href='https:\/\/mozgovilag.hu\/2021\/03\/19\/szel-david-magas-labda\/' rel=' nofollow ' target='_blank'>https:\/\/mozgovilag.hu\/2021\/03\/19\/szel-david-magas-labda\/<\/a><\/td>\n                    <td style=\"\">pozit\u00edv<\/td>\n                    <td style=\"\"><\/td>\n                    <td style=\"\"><\/td>\n                    <td style=\"\"><\/td>\n                    <td style=\"\"><\/td>\n            <\/tr>\n            <tr id=\"table_2_row_598\">\n                    <td style=\"\">2021.01.04<\/td>\n                    <td style=\"\"><a href='http:\/\/konyvepitok.hu\/' rel=' nofollow ' target='_blank'>http:\/\/konyvepitok.hu\/<\/a><\/td>\n                    <td style=\"\">Feh\u00e9r G\u00e1bor<\/td>\n                    <td style=\"\">Meseorsz\u00e1g mindenki\u00e9 \u2013 Nagy M. Boldizs\u00e1r szerkeszt\u0151<\/td>\n                    <td style=\"\">r\u00e1di\u00f3<\/td>\n                    <td style=\"\"><a href='http:\/\/konyvepitok.hu\/2021\/01\/04\/meseorszag-mindenkie-nagy-m-boldizsar-szerkeszto\/' rel=' nofollow ' target='_blank'>http:\/\/konyvepitok.hu\/2021\/01\/04\/meseorszag-mindenkie-nagy-m-boldizsar-szerkeszto\/<\/a><\/td>\n                    <td style=\"\">pozit\u00edv<\/td>\n                    <td style=\"\"><\/td>\n                    <td style=\"\"><\/td>\n                    <td style=\"\"><\/td>\n                    <td style=\"\">podcast<\/td>\n            <\/tr>\n            <tr id=\"table_2_row_599\">\n                    <td style=\"\">2021.01.04<\/td>\n                    <td style=\"\"><a href='https:\/\/www.facebook.com\/' rel=' nofollow ' target='_blank'>https:\/\/www.facebook.com\/<\/a><\/td>\n                    <td style=\"\">\u00cdr\u00f3k Boltja<\/td>\n                    <td style=\"\">Decemberi sikerlist\u00e1<\/td>\n                    <td style=\"\">FB-poszt<\/td>\n                    <td style=\"\"><a href='https:\/\/www.facebook.com\/irokboltja\/photos\/a.976643005699021\/4178931698803453\/' rel=' nofollow ' target='_blank'>https:\/\/www.facebook.com\/irokboltja\/photos\/a.976643005699021\/4178931698803453\/<\/a><\/td>\n                    <td style=\"\">semleges<\/td>\n                    <td style=\"\">fb<\/td>\n                    <td style=\"\"><\/td>\n                    <td style=\"\"><\/td>\n                    <td style=\"\">\u00cdr\u00f3k Boltja 2020. decemberi sikerlista<\/td>\n            <\/tr>\n            <tr id=\"table_2_row_600\">\n                    <td style=\"\">2021.01.04<\/td>\n                    <td style=\"\"><a href='https:\/\/www.facebook.com\/' rel=' nofollow ' target='_blank'>https:\/\/www.facebook.com\/<\/a><\/td>\n                    <td style=\"\"><\/td>\n                    <td style=\"\">\u00edr\u00f3k boltja<\/td>\n                    <td style=\"\">fb-poszt<\/td>\n                    <td style=\"\"><a href='https:\/\/www.facebook.com\/irokboltja\/photos\/4178931698803453' rel=' nofollow ' target='_blank'>https:\/\/www.facebook.com\/irokboltja\/photos\/4178931698803453<\/a><\/td>\n                    <td style=\"\">pozit\u00edv<\/td>\n                    <td style=\"\">fb<\/td>\n                    <td style=\"\"><\/td>\n                    <td style=\"\"><\/td>\n                    <td style=\"\">\u00edrok boltja k\u00e9p a k\u00f6nyv sikerlist\u00e1r\u00f3l, 4. meseorsz\u00e1g<\/td>\n            <\/tr>\n            <tr id=\"table_2_row_601\">\n                    <td style=\"\">2021.01.05<\/td>\n                    <td style=\"\"><a href='https:\/\/pecsiegyetemistakmagazinja.hu\/' rel=' nofollow ' target='_blank'>https:\/\/pecsiegyetemistakmagazinja.hu\/<\/a><\/td>\n                    <td style=\"\">Burka Eszter<\/td>\n                    <td style=\"\">Ez volt 2020-ban a 10 legn\u00e9pszer\u0171bb k\u00f6nyv a p\u00e9csi egyetemist\u00e1k szerint<\/td>\n                    <td style=\"\">h\u00edr, besz\u00e1mol\u00f3, r\u00f6vid cikk<\/td>\n                    <td style=\"\"><a href='https:\/\/pecsiegyetemistakmagazinja.hu\/ez-volt-2020-ban-a-10-legnepszerubb-konyv-a-pecsi-egyetemistak-szerint\/' rel=' nofollow ' target='_blank'>https:\/\/pecsiegyetemistakmagazinja.hu\/ez-volt-2020-ban-a-10-legnepszerubb-konyv-a-pecsi-egyetemistak-szerint\/<\/a><\/td>\n                    <td style=\"\">pozit\u00edv<\/td>\n                    <td style=\"\"><\/td>\n                    <td style=\"\"><\/td>\n                    <td style=\"\"><\/td>\n                    <td style=\"\"><\/td>\n            <\/tr>\n            <tr id=\"table_2_row_602\">\n                    <td style=\"\">2021.01.10<\/td>\n                    <td style=\"\"><a href='https:\/\/magyarnemzet.hu\/' rel=' nofollow ' target='_blank'>https:\/\/magyarnemzet.hu\/<\/a><\/td>\n                    <td style=\"\">Elek Nikoletta<\/td>\n                    <td style=\"\">Leszbikus websorozat k\u00f6veti az els\u0151 magyar LMBTQ-mesek\u00f6nyvet<\/td>\n                    <td style=\"\">h\u00edr, besz\u00e1mol\u00f3, r\u00f6vid cikk<\/td>\n                    <td style=\"\"><a href='https:\/\/magyarnemzet.hu\/belfold\/leszbikus-websorozat-koveti-az-elso-magyar-lmbtq-mesekonyvet-9201875\/' rel=' nofollow ' target='_blank'>https:\/\/magyarnemzet.hu\/belfold\/leszbikus-websorozat-koveti-az-elso-magyar-lmbtq-mesekonyvet-9201875\/<\/a><\/td>\n                    <td style=\"\">negat\u00edv<\/td>\n                    <td style=\"\"><\/td>\n                    <td style=\"\"><\/td>\n                    <td style=\"\"><\/td>\n                    <td style=\"\"><\/td>\n            <\/tr>\n            <tr id=\"table_2_row_603\">\n                    <td style=\"\">2021.01.13<\/td>\n                    <td style=\"\"><a href='https:\/\/www.helsinki.hu\/' rel=' nofollow ' target='_blank'>https:\/\/www.helsinki.hu\/<\/a><\/td>\n                    <td style=\"\"><\/td>\n                    <td style=\"\">Meseorsz\u00e1g-\u00fcgy: a Labrisz beperelte a Magyar Nemzetet<\/td>\n                    <td style=\"\">h\u00edr, besz\u00e1mol\u00f3, r\u00f6vid cikk<\/td>\n                    <td style=\"\"><a href='https:\/\/www.helsinki.hu\/meseorszag-ugy-a-labrisz-beperelte-a-magyar-nemzetet\/' rel=' nofollow ' target='_blank'>https:\/\/www.helsinki.hu\/meseorszag-ugy-a-labrisz-beperelte-a-magyar-nemzetet\/<\/a><\/td>\n                    <td style=\"\">semleges<\/td>\n                    <td style=\"\"><\/td>\n                    <td style=\"\"><\/td>\n                    <td style=\"\"><\/td>\n                    <td style=\"\"><\/td>\n            <\/tr>\n            <tr id=\"table_2_row_604\">\n                    <td style=\"\">2021.01.13<\/td>\n                    <td style=\"\"><a href='https:\/\/humenonline.hu\/' rel=' nofollow ' target='_blank'>https:\/\/humenonline.hu\/<\/a><\/td>\n                    <td style=\"\">Kocsis G. J\u00e1nos<\/td>\n                    <td style=\"\">Pert ind\u00edtott a Labrisz a Magyar Nemzet ellen<\/td>\n                    <td style=\"\">h\u00edr, besz\u00e1mol\u00f3, r\u00f6vid cikk<\/td>\n                    <td style=\"\"><a href='https:\/\/humenonline.hu\/pert-inditott-a-labrisz-a-magyar-nemzet-ellen\/' rel=' nofollow ' target='_blank'>https:\/\/humenonline.hu\/pert-inditott-a-labrisz-a-magyar-nemzet-ellen\/<\/a><\/td>\n                    <td style=\"\">semleges<\/td>\n                    <td style=\"\"><\/td>\n                    <td style=\"\"><\/td>\n                    <td style=\"\"><\/td>\n                    <td style=\"\"><\/td>\n            <\/tr>\n            <tr id=\"table_2_row_605\">\n                    <td style=\"\">2021.01.13<\/td>\n                    <td style=\"\"><a href='https:\/\/magyarnemzet.hu\/' rel=' nofollow ' target='_blank'>https:\/\/magyarnemzet.hu\/<\/a><\/td>\n                    <td style=\"\">Elek Nikoletta<\/td>\n                    <td style=\"\">Soros szervezete m\u00e1r h\u00fasz \u00e9ve \u00e9rz\u00e9keny\u00edt az iskol\u00e1kban<\/td>\n                    <td style=\"\">h\u00edr, besz\u00e1mol\u00f3, r\u00f6vid cikk<\/td>\n                    <td style=\"\"><a href='https:\/\/magyarnemzet.hu\/belfold\/soros-szervezete-immar-20-eve-erzekenyit-az-iskolakban-9215420\/' rel=' nofollow ' target='_blank'>https:\/\/magyarnemzet.hu\/belfold\/soros-szervezete-immar-20-eve-erzekenyit-az-iskolakban-9215420\/<\/a><\/td>\n                    <td style=\"\">negat\u00edv<\/td>\n                    <td style=\"\"><\/td>\n                    <td style=\"\"><\/td>\n                    <td style=\"\"><\/td>\n                    <td style=\"\"><\/td>\n            <\/tr>\n            <tr id=\"table_2_row_606\">\n                    <td style=\"\">2021.01.14<\/td>\n                    <td style=\"\"><a href='https:\/\/www.identitas.co\/' rel=' nofollow ' target='_blank'>https:\/\/www.identitas.co\/<\/a><\/td>\n                    <td style=\"\">Jakab Istv\u00e1n<\/td>\n                    <td style=\"\">\u00c1llam\u00e9rdekb\u0151l \u00fcld\u00f6zik a melegeket Magyarorsz\u00e1gon?<\/td>\n                    <td style=\"\">publicisztika<\/td>\n                    <td style=\"\"><a href='https:\/\/www.identitas.co\/post\/allamerdekbol-uldozik-a-melegeket-magyarorszagon' rel=' nofollow ' target='_blank'>https:\/\/www.identitas.co\/post\/allamerdekbol-uldozik-a-melegeket-magyarorszagon<\/a><\/td>\n                    <td style=\"\">pozit\u00edv<\/td>\n                    <td style=\"\"><\/td>\n                    <td style=\"\"><\/td>\n                    <td style=\"\"><\/td>\n                    <td style=\"\"><\/td>\n            <\/tr>\n            <tr id=\"table_2_row_607\">\n                    <td style=\"\">2021.01.15<\/td>\n                    <td style=\"\"><a href='https:\/\/labrisz.hu\/' rel=' nofollow ' target='_blank'>https:\/\/labrisz.hu\/<\/a><\/td>\n                    <td style=\"\"><\/td>\n                    <td style=\"\">Labrisz kontra Magyar Nemzet Meseorsz\u00e1g-\u00fcgyben<\/td>\n                    <td style=\"\">h\u00edr, besz\u00e1mol\u00f3, r\u00f6vid cikk<\/td>\n                    <td style=\"\"><a href='https:\/\/labrisz.hu\/hirek\/labrisz_kontra_magyar_nemzet_meseorszag-ugyben.844.html?pageid=58' rel=' nofollow ' target='_blank'>https:\/\/labrisz.hu\/hirek\/labrisz_kontra_magyar_nemzet_meseorszag-ugyben.844.html?pageid=58<\/a><\/td>\n                    <td style=\"\">semleges<\/td>\n                    <td style=\"\"><\/td>\n                    <td style=\"\"><\/td>\n                    <td style=\"\"><\/td>\n                    <td style=\"\"><\/td>\n            <\/tr>\n            <tr id=\"table_2_row_608\">\n                    <td style=\"\">2021.01.15<\/td>\n                    <td style=\"\"><a href='https:\/\/igyic.hu\/' rel=' nofollow ' target='_blank'>https:\/\/igyic.hu\/<\/a><\/td>\n                    <td style=\"\">Gesztelyi Hermina<\/td>\n                    <td style=\"\">K\u00f6rk\u00e9rd\u00e9s a tavalyi \u00e9v legfontosabb gyerekirodalmi t\u00f6rt\u00e9n\u00e9seir\u0151l<\/td>\n                    <td style=\"\">interj\u00fa<\/td>\n                    <td style=\"\"><a href='https:\/\/igyic.hu\/mesecentrum-interjuk\/korkerdes-a-tavalyi-ev-legfontosabb-gyerekirodalmi-torteneseirol-3.html' rel=' nofollow ' target='_blank'>https:\/\/igyic.hu\/mesecentrum-interjuk\/korkerdes-a-tavalyi-ev-legfontosabb-gyerekirodalmi-torteneseirol-3.html<\/a><\/td>\n                    <td style=\"\">semleges<\/td>\n                    <td style=\"\"><\/td>\n                    <td style=\"\"><\/td>\n                    <td style=\"\"><\/td>\n                    <td style=\"\"><\/td>\n            <\/tr>\n            <tr id=\"table_2_row_609\">\n                    <td style=\"\">2021.01.15<\/td>\n                    <td style=\"\"><a href='https:\/\/igyic.hu\/' rel=' nofollow ' target='_blank'>https:\/\/igyic.hu\/<\/a><\/td>\n                    <td style=\"\"><\/td>\n                    <td style=\"\">K\u00d6RK\u00c9RD\u00c9S A TAVALYI \u00c9V LEGFONTOSABB GYEREKIRODALMI T\u00d6RT\u00c9N\u00c9SEIR\u0150L<\/td>\n                    <td style=\"\">interj\u00fa<\/td>\n                    <td style=\"\"><a href='https:\/\/igyic.hu\/mediatar\/interjuk\/korkerdes-a-tavalyi-ev-legfontosabb-gyerekirodalmi-torteneseirol-3.html' rel=' nofollow ' target='_blank'>https:\/\/igyic.hu\/mediatar\/interjuk\/korkerdes-a-tavalyi-ev-legfontosabb-gyerekirodalmi-torteneseirol-3.html<\/a><\/td>\n                    <td style=\"\">pozit\u00edv<\/td>\n                    <td style=\"\"><\/td>\n                    <td style=\"\"><\/td>\n                    <td style=\"\"><\/td>\n                    <td style=\"\">gyermekirodalmi szakemberrel besz\u00e9lget\u00e9s<\/td>\n            <\/tr>\n            <tr id=\"table_2_row_610\">\n                    <td style=\"\">2021.01.17<\/td>\n                    <td style=\"\"><a href='https:\/\/mmreflexiok.blogspot.com\/' rel=' nofollow ' target='_blank'>https:\/\/mmreflexiok.blogspot.com\/<\/a><\/td>\n                    <td style=\"\">B\u00e9res-De\u00e1k Rita<\/td>\n                    <td style=\"\">A boszork\u00e1ny mes\u00e9je (meg a Tom \u00e9s Jerry, meg a Harry Potter)<\/td>\n                    <td style=\"\">blogbejegyz\u00e9s<\/td>\n                    <td style=\"\"><a href='https:\/\/mmreflexiok.blogspot.com\/2021\/01\/a-boszorkany-meseje-meg-tom-es-jerry.html' rel=' nofollow ' target='_blank'>https:\/\/mmreflexiok.blogspot.com\/2021\/01\/a-boszorkany-meseje-meg-tom-es-jerry.html<\/a><\/td>\n                    <td style=\"\">pozit\u00edv<\/td>\n                    <td style=\"\"><\/td>\n                    <td style=\"\"><\/td>\n                    <td style=\"\"><\/td>\n                    <td style=\"\"><\/td>\n            <\/tr>\n            <tr id=\"table_2_row_611\">\n                    <td style=\"\">2021.01.18<\/td>\n                    <td style=\"\"><a href='https:\/\/www.gcksbookreviewblog.com\/' rel=' nofollow ' target='_blank'>https:\/\/www.gcksbookreviewblog.com\/<\/a><\/td>\n                    <td style=\"\">Genevieve, Coeur \u00e9s Kikyo<\/td>\n                    <td style=\"\">2020 legszebb magyar bor\u00edt\u00f3i: harmadik fordul\u00f3<\/td>\n                    <td style=\"\">blogbejegyz\u00e9s<\/td>\n                    <td style=\"\"><a href='https:\/\/www.gcksbookreviewblog.com\/2021\/01\/2020-legszebb-magyar-boritoi-harmadik.html?m=1' rel=' nofollow ' target='_blank'>https:\/\/www.gcksbookreviewblog.com\/2021\/01\/2020-legszebb-magyar-boritoi-harmadik.html?m=1<\/a><\/td>\n                    <td style=\"\">semleges<\/td>\n                    <td style=\"\"><\/td>\n                    <td style=\"\"><\/td>\n                    <td style=\"\"><\/td>\n                    <td style=\"\"><\/td>\n            <\/tr>\n            <tr id=\"table_2_row_612\">\n                    <td style=\"\">2021.01.18<\/td>\n                    <td style=\"\"><a href='https:\/\/igyic.hu\/' rel=' nofollow ' target='_blank'>https:\/\/igyic.hu\/<\/a><\/td>\n                    <td style=\"\">K\u00e9rchy Anna<\/td>\n                    <td style=\"\">K\u00f6rk\u00e9rd\u00e9s a tavalyi \u00e9v legfontosabb gyerekirodalmi t\u00f6rt\u00e9n\u00e9seir\u0151l<\/td>\n                    <td style=\"\">interj\u00fa<\/td>\n                    <td style=\"\"><a href='https:\/\/igyic.hu\/mesecentrum-interjuk\/korkerdes-a-tavalyi-ev-legfontosabb-torteneseirol.html' rel=' nofollow ' target='_blank'>https:\/\/igyic.hu\/mesecentrum-interjuk\/korkerdes-a-tavalyi-ev-legfontosabb-torteneseirol.html<\/a><\/td>\n                    <td style=\"\">semleges<\/td>\n                    <td style=\"\"><\/td>\n                    <td style=\"\"><\/td>\n                    <td style=\"\"><\/td>\n                    <td style=\"\"><\/td>\n            <\/tr>\n            <tr id=\"table_2_row_613\">\n                    <td style=\"\">2021.01.19<\/td>\n                    <td style=\"\"><a href='https:\/\/www.kormanyhivatal.hu\/' rel=' nofollow ' target='_blank'>https:\/\/www.kormanyhivatal.hu\/<\/a><\/td>\n                    <td style=\"\">S\u00e1ra Botond<\/td>\n                    <td style=\"\">Tisztess\u00e9gtelen kereskedelmi gyakorlatot folytat a Labrisz Egyes\u00fclet a Meseorsz\u00e1g mindenki\u00e9 c\u00edm\u0171 k\u00f6nyv \u00e9rt\u00e9kes\u00edt\u00e9sekor<\/td>\n                    <td style=\"\">h\u00edr, besz\u00e1mol\u00f3, r\u00f6vid cikk<\/td>\n                    <td style=\"\"><a href='https:\/\/www.kormanyhivatal.hu\/hu\/budapest\/hirek\/tisztessegtelen-kereskedelmi-gyakorlatot-folytat-a-labrisz-egyesulet-a-meseorszag-mindenkie-cimu-konyv-ertekesitesekor' rel=' nofollow ' target='_blank'>https:\/\/www.kormanyhivatal.hu\/hu\/budapest\/hirek\/tisztessegtelen-kereskedelmi-gyakorlatot-folytat-a-labrisz-egyesulet-a-meseorszag-mindenkie-cimu-konyv-ertekesitesekor<\/a><\/td>\n                    <td style=\"\">negat\u00edv<\/td>\n                    <td style=\"\"><\/td>\n                    <td style=\"\"><\/td>\n                    <td style=\"\"><\/td>\n                    <td style=\"\"><\/td>\n            <\/tr>\n            <tr id=\"table_2_row_614\">\n                    <td style=\"\">2021.01.19<\/td>\n                    <td style=\"\"><a href='https:\/\/magyarnarancs.hu\/' rel=' nofollow ' target='_blank'>https:\/\/magyarnarancs.hu\/<\/a><\/td>\n                    <td style=\"\"><\/td>\n                    <td style=\"\">Korm\u00e1nyhivatal: Fel kell t\u00fcntetni a Meseorsz\u00e1g mindenki\u00e9n, hogy nem hagyom\u00e1nyos mesek\u00f6nyv<\/td>\n                    <td style=\"\">h\u00edr, besz\u00e1mol\u00f3, r\u00f6vid cikk<\/td>\n                    <td style=\"\"><a href='https:\/\/magyarnarancs.hu\/belpol\/kormanyhivatal-fel-kell-tuntetni-a-meseorszag-mindenkien-hogy-nem-hagyomanyos-mesekonyv-235223' rel=' nofollow ' target='_blank'>https:\/\/magyarnarancs.hu\/belpol\/kormanyhivatal-fel-kell-tuntetni-a-meseorszag-mindenkien-hogy-nem-hagyomanyos-mesekonyv-235223<\/a><\/td>\n                    <td style=\"\">semleges<\/td>\n                    <td style=\"\"><\/td>\n                    <td style=\"\"><\/td>\n                    <td style=\"\"><\/td>\n                    <td style=\"\"><\/td>\n            <\/tr>\n            <tr id=\"table_2_row_615\">\n                    <td style=\"\">2021.01.19<\/td>\n                    <td style=\"\"><a href='https:\/\/hvg.hu\/' rel=' nofollow ' target='_blank'>https:\/\/hvg.hu\/<\/a><\/td>\n                    <td style=\"\"><\/td>\n                    <td style=\"\">A f\u0151v\u00e1rosi korm\u00e1nyhivatal elmeszelte a Meseorsz\u00e1g mindenki\u00e9 c\u00edm\u0171 k\u00f6nyv kiad\u00f3j\u00e1t<\/td>\n                    <td style=\"\">h\u00edr, besz\u00e1mol\u00f3, r\u00f6vid cikk<\/td>\n                    <td style=\"\"><a href='https:\/\/hvg.hu\/kultura\/20210119_fovarosi_kormanyhivatal_meseorszag_mindenkie' rel=' nofollow ' target='_blank'>https:\/\/hvg.hu\/kultura\/20210119_fovarosi_kormanyhivatal_meseorszag_mindenkie<\/a><\/td>\n                    <td style=\"\">semleges<\/td>\n                    <td style=\"\"><\/td>\n                    <td style=\"\"><\/td>\n                    <td style=\"\"><\/td>\n                    <td style=\"\"><\/td>\n            <\/tr>\n            <tr id=\"table_2_row_616\">\n                    <td style=\"\">2021.01.19<\/td>\n                    <td style=\"\"><a href='https:\/\/telex.hu\/' rel=' nofollow ' target='_blank'>https:\/\/telex.hu\/<\/a><\/td>\n                    <td style=\"\">Bozzay Bal\u00e1zs<\/td>\n                    <td style=\"\">A Meseorsz\u00e1g mindenki\u00e9 kiad\u00f3ja tisztess\u00e9gtelen kereskedelmi gyakorlatot folytat a korm\u00e1nyhivatal szerint<\/td>\n                    <td style=\"\">h\u00edr, besz\u00e1mol\u00f3, r\u00f6vid cikk<\/td>\n                    <td style=\"\"><a href='https:\/\/telex.hu\/kult\/2021\/01\/19\/meseorszag-mindenkie-labrisz-kormanyhivatal-tisztessegtelen-kereskedelmi-gyakorlat' rel=' nofollow ' target='_blank'>https:\/\/telex.hu\/kult\/2021\/01\/19\/meseorszag-mindenkie-labrisz-kormanyhivatal-tisztessegtelen-kereskedelmi-gyakorlat<\/a><\/td>\n                    <td style=\"\">semleges<\/td>\n                    <td style=\"\"><\/td>\n                    <td style=\"\"><\/td>\n                    <td style=\"\"><\/td>\n                    <td style=\"\"><\/td>\n            <\/tr>\n            <tr id=\"table_2_row_617\">\n                    <td style=\"\">2021.01.19<\/td>\n                    <td style=\"\"><a href='https:\/\/444.hu\/' rel=' nofollow ' target='_blank'>https:\/\/444.hu\/<\/a><\/td>\n                    <td style=\"\">Horv\u00e1th Bence<\/td>\n                    <td style=\"\">A budapesti korm\u00e1nyhivatal szerint tisztess\u00e9gtelen gyakorlat volt mesek\u00f6nyvk\u00e9nt \u00e1rulni a Meseorsz\u00e1g Mindenki\u00e9 c\u00edm\u0171 k\u00f6nyvet<\/td>\n                    <td style=\"\">h\u00edr, besz\u00e1mol\u00f3, r\u00f6vid cikk<\/td>\n                    <td style=\"\"><a href='https:\/\/444.hu\/2021\/01\/19\/a-budapesti-kormanyhivatal-szerint-tisztessegtelen-gyakorlat-volt-mesekonyvkent-arulni-a-meseorszag-mindenkie-cimu-konyvet' rel=' nofollow ' target='_blank'>https:\/\/444.hu\/2021\/01\/19\/a-budapesti-kormanyhivatal-szerint-tisztessegtelen-gyakorlat-volt-mesekonyvkent-arulni-a-meseorszag-mindenkie-cimu-konyvet<\/a><\/td>\n                    <td style=\"\">semleges<\/td>\n                    <td style=\"\"><\/td>\n                    <td style=\"\"><\/td>\n                    <td style=\"\"><\/td>\n                    <td style=\"\"><\/td>\n            <\/tr>\n            <tr id=\"table_2_row_618\">\n                    <td style=\"\">2021.01.19<\/td>\n                    <td style=\"\"><a href='https:\/\/merce.hu\/' rel=' nofollow ' target='_blank'>https:\/\/merce.hu\/<\/a><\/td>\n                    <td style=\"\">Pap Szil\u00e1rd Istv\u00e1n<\/td>\n                    <td style=\"\">A korm\u00e1nyhivatal tisztess\u00e9gtelen \u00fczleti gyakorlattal v\u00e1dolja a Meseorsz\u00e1g mindenki\u00e9 k\u00f6nyvet kiad\u00f3 egyes\u00fcletet<\/td>\n                    <td style=\"\">h\u00edr, besz\u00e1mol\u00f3, r\u00f6vid cikk<\/td>\n                    <td style=\"\"><a href='https:\/\/merce.hu\/2021\/01\/19\/a-kormanyhivatal-tisztessegtelen-uzleti-gyakorlattal-vadolja-a-meseorszag-mindenkie-konyvet-kiado-egyesuletet\/' rel=' nofollow ' target='_blank'>https:\/\/merce.hu\/2021\/01\/19\/a-kormanyhivatal-tisztessegtelen-uzleti-gyakorlattal-vadolja-a-meseorszag-mindenkie-konyvet-kiado-egyesuletet\/<\/a><\/td>\n                    <td style=\"\">pozit\u00edv<\/td>\n                    <td style=\"\"><\/td>\n                    <td style=\"\"><\/td>\n                    <td style=\"\"><\/td>\n                    <td style=\"\"><\/td>\n            <\/tr>\n            <tr id=\"table_2_row_619\">\n                    <td style=\"\">2021.01.19<\/td>\n                    <td style=\"\"><a href='https:\/\/mandiner.hu\/' rel=' nofollow ' target='_blank'>https:\/\/mandiner.hu\/<\/a><\/td>\n                    <td style=\"\">MTI-OS<\/td>\n                    <td style=\"\">Tisztess\u00e9gtelen\u00fcl \u00e1rulj\u00e1k a Meseorsz\u00e1g mindenki\u00e9 c\u00edm\u0171 k\u00f6nyvet<\/td>\n                    <td style=\"\">h\u00edr, besz\u00e1mol\u00f3, r\u00f6vid cikk<\/td>\n                    <td style=\"\"><a href='https:\/\/mandiner.hu\/cikk\/20210119_tisztessegtelenul_aruljak_a_meseorszag_mindenkie_cimu_konyvet' rel=' nofollow ' target='_blank'>https:\/\/mandiner.hu\/cikk\/20210119_tisztessegtelenul_aruljak_a_meseorszag_mindenkie_cimu_konyvet<\/a><\/td>\n                    <td style=\"\">semleges<\/td>\n                    <td style=\"\"><\/td>\n                    <td style=\"\"><\/td>\n                    <td style=\"\"><\/td>\n                    <td style=\"\"><\/td>\n            <\/tr>\n            <tr id=\"table_2_row_620\">\n                    <td style=\"\">2021.01.19<\/td>\n                    <td style=\"\"><a href='https:\/\/hatter.hu\/' rel=' nofollow ' target='_blank'>https:\/\/hatter.hu\/<\/a><\/td>\n                    <td style=\"\"><\/td>\n                    <td style=\"\">Billogot \u00fctne a fogyaszt\u00f3v\u00e9delem az LMBTQI szerepl\u0151ket is bemutat\u00f3 k\u00f6nyvekre<\/td>\n                    <td style=\"\">nyilatkozat<\/td>\n                    <td style=\"\"><a href='https:\/\/hatter.hu\/hirek\/billogot-utne-a-fogyasztovedelem-az-lmbtqi-szereploket-is-bemutato-konyvekre' rel=' nofollow ' target='_blank'>https:\/\/hatter.hu\/hirek\/billogot-utne-a-fogyasztovedelem-az-lmbtqi-szereploket-is-bemutato-konyvekre<\/a><\/td>\n                    <td style=\"\">pozit\u00edv<\/td>\n                    <td style=\"\"><\/td>\n                    <td style=\"\"><\/td>\n                    <td style=\"\"><\/td>\n                    <td style=\"\"><\/td>\n            <\/tr>\n            <tr id=\"table_2_row_621\">\n                    <td style=\"\">2021.01.19<\/td>\n                    <td style=\"\"><a href='https:\/\/humenonline.hu\/' rel=' nofollow ' target='_blank'>https:\/\/humenonline.hu\/<\/a><\/td>\n                    <td style=\"\"><\/td>\n                    <td style=\"\">A fogyaszt\u00f3v\u00e9delem mai d\u00f6nt\u00e9se minden LMBTQ k\u00f6nyvet indexre<\/td>\n                    <td style=\"\">h\u00edr, besz\u00e1mol\u00f3, r\u00f6vid cikk<\/td>\n                    <td style=\"\"><a href='https:\/\/humenonline.hu\/a-fogyasztovedelem-dontese-minden-lmbtq-konyvet-indexre-tenne\/' rel=' nofollow ' target='_blank'>https:\/\/humenonline.hu\/a-fogyasztovedelem-dontese-minden-lmbtq-konyvet-indexre-tenne\/<\/a><\/td>\n                    <td style=\"\">pozit\u00edv<\/td>\n                    <td style=\"\"><\/td>\n                    <td style=\"\"><\/td>\n                    <td style=\"\"><\/td>\n                    <td style=\"\"><\/td>\n            <\/tr>\n            <tr id=\"table_2_row_622\">\n                    <td style=\"\">2021.01.19<\/td>\n                    <td style=\"\"><a href='https:\/\/vikiolvas.blogspot.com\/' rel=' nofollow ' target='_blank'>https:\/\/vikiolvas.blogspot.com\/<\/a><\/td>\n                    <td style=\"\">Bod\u00f3 Vikt\u00f3ria<\/td>\n                    <td style=\"\">Meseorsz\u00e1g mindneki\u00e9<\/td>\n                    <td style=\"\">blogbejegyz\u00e9s<\/td>\n                    <td style=\"\"><a href='https:\/\/vikiolvas.blogspot.com\/2021\/01\/meseorszag-mindenkie.html' rel=' nofollow ' target='_blank'>https:\/\/vikiolvas.blogspot.com\/2021\/01\/meseorszag-mindenkie.html<\/a><\/td>\n                    <td style=\"\">pozit\u00edv<\/td>\n                    <td style=\"\"><\/td>\n                    <td style=\"\"><\/td>\n                    <td style=\"\"><\/td>\n                    <td style=\"\"><\/td>\n            <\/tr>\n            <tr id=\"table_2_row_623\">\n                    <td style=\"\">2021.01.19<\/td>\n                    <td style=\"\"><a href='https:\/\/labrisz.hu\/' rel=' nofollow ' target='_blank'>https:\/\/labrisz.hu\/<\/a><\/td>\n                    <td style=\"\"><\/td>\n                    <td style=\"\">Billogot \u00fctne a fogyaszt\u00f3v\u00e9delem az LMBTQI szerepl\u0151ket is bemutat\u00f3 k\u00f6nyvekre<\/td>\n                    <td style=\"\">h\u00edr, besz\u00e1mol\u00f3, r\u00f6vid cikk<\/td>\n                    <td style=\"\"><a href='https:\/\/labrisz.hu\/hirek\/billogot_utne_a_fogyasztovedelem_az_lmbtqi_szereploket_is_bemutato_konyvekre.846.html?pageid=58' rel=' nofollow ' target='_blank'>https:\/\/labrisz.hu\/hirek\/billogot_utne_a_fogyasztovedelem_az_lmbtqi_szereploket_is_bemutato_konyvekre.846.html?pageid=58<\/a><\/td>\n                    <td style=\"\">pozit\u00edv<\/td>\n                    <td style=\"\"><\/td>\n                    <td style=\"\"><\/td>\n                    <td style=\"\"><\/td>\n                    <td style=\"\"><\/td>\n            <\/tr>\n            <tr id=\"table_2_row_624\">\n                    <td style=\"\">2021.01.19<\/td>\n                    <td style=\"\"><a href='https:\/\/www.reuters.com\/' rel=' nofollow ' target='_blank'>https:\/\/www.reuters.com\/<\/a><\/td>\n                    <td style=\"\">Marton Dunai<\/td>\n                    <td style=\"\">Hungary's government orders disclaimers on books with gay content<\/td>\n                    <td style=\"\">h\u00edr, besz\u00e1mol\u00f3, r\u00f6vid cikk<\/td>\n                    <td style=\"\"><a href='https:\/\/www.reuters.com\/article\/hungary-lgbt-books-idUSL1N2JU1LD' rel=' nofollow ' target='_blank'>https:\/\/www.reuters.com\/article\/hungary-lgbt-books-idUSL1N2JU1LD<\/a><\/td>\n                    <td style=\"\">semleges<\/td>\n                    <td style=\"\"><\/td>\n                    <td style=\"\">igen<\/td>\n                    <td style=\"\">angol<\/td>\n                    <td style=\"\"><\/td>\n            <\/tr>\n            <tr id=\"table_2_row_625\">\n                    <td style=\"\">2021.01.19<\/td>\n                    <td style=\"\"><a href='https:\/\/www.bloomberg.com\/' rel=' nofollow ' target='_blank'>https:\/\/www.bloomberg.com\/<\/a><\/td>\n                    <td style=\"\">Marton Eder<\/td>\n                    <td style=\"\">Hungary Targets Pro-LGBTQ Children\u2019s Book in Orban Campaign<\/td>\n                    <td style=\"\">h\u00edr, besz\u00e1mol\u00f3, r\u00f6vid cikk<\/td>\n                    <td style=\"\"><a href='https:\/\/www.bloomberg.com\/news\/articles\/2021-01-19\/hungary-targets-pro-lgbtq-children-s-book-in-orban-campaign' rel=' nofollow ' target='_blank'>https:\/\/www.bloomberg.com\/news\/articles\/2021-01-19\/hungary-targets-pro-lgbtq-children-s-book-in-orban-campaign<\/a><\/td>\n                    <td style=\"\">semleges<\/td>\n                    <td style=\"\"><\/td>\n                    <td style=\"\">igen<\/td>\n                    <td style=\"\">angol<\/td>\n                    <td style=\"\"><\/td>\n            <\/tr>\n            <tr id=\"table_2_row_626\">\n                    <td style=\"\">2021.01.19<\/td>\n                    <td style=\"\"><a href='https:\/\/szentkoronaradio.com\/' rel=' nofollow ' target='_blank'>https:\/\/szentkoronaradio.com\/<\/a><\/td>\n                    <td style=\"\"><\/td>\n                    <td style=\"\">Ezent\u00fal fel kell t\u00fcntetni a Meseorsz\u00e1g mindenki\u00e9 botr\u00e1nyk\u00f6nyv\u00f6n, hogy nem a normalit\u00e1st k\u00e9pviseli<\/td>\n                    <td style=\"\">h\u00edr, besz\u00e1mol\u00f3, r\u00f6vid cikk<\/td>\n                    <td style=\"\"><a href='https:\/\/szentkoronaradio.com\/blog\/2021\/01\/19\/ezentul-fel-kell-tuntetni-a-meseorszag-mindenkie-botranykonyvon-hogy-nem-a-normalitast-kepviseli\/' rel=' nofollow ' target='_blank'>https:\/\/szentkoronaradio.com\/blog\/2021\/01\/19\/ezentul-fel-kell-tuntetni-a-meseorszag-mindenkie-botranykonyvon-hogy-nem-a-normalitast-kepviseli\/<\/a><\/td>\n                    <td style=\"\">negat\u00edv<\/td>\n                    <td style=\"\"><\/td>\n                    <td style=\"\"><\/td>\n                    <td style=\"\"><\/td>\n                    <td style=\"\"><\/td>\n            <\/tr>\n            <tr id=\"table_2_row_627\">\n                    <td style=\"\">2021.01.19<\/td>\n                    <td style=\"\"><a href='https:\/\/www.facebook.com\/' rel=' nofollow ' target='_blank'>https:\/\/www.facebook.com\/<\/a><\/td>\n                    <td style=\"\">Ny\u00e1ry Kriszti\u00e1n<\/td>\n                    <td style=\"\">Ny\u00e1ry Krisztian sajt\u00f3k\u00f6zlem\u00e9nye a Grimm testv\u00e9rek mesek\u00f6nyv\u00e9r\u0151l<\/td>\n                    <td style=\"\">fb-poszt<\/td>\n                    <td style=\"\"><a href='https:\/\/www.facebook.com\/photo\/?fbid=10159011780444855&amp;set=a.165101444854' rel=' nofollow ' target='_blank'>https:\/\/www.facebook.com\/photo\/?fbid=10159011780444855&amp;set=a.165101444854<\/a><\/td>\n                    <td style=\"\">pozit\u00edv<\/td>\n                    <td style=\"\">fb<\/td>\n                    <td style=\"\"><\/td>\n                    <td style=\"\"><\/td>\n                    <td style=\"\"><\/td>\n            <\/tr>\n            <tr id=\"table_2_row_628\">\n                    <td style=\"\">2021.01.20<\/td>\n                    <td style=\"\"><a href='https:\/\/www.klubradio.hu\/' rel=' nofollow ' target='_blank'>https:\/\/www.klubradio.hu\/<\/a><\/td>\n                    <td style=\"\">Panxnotded Mikl\u00f3s<\/td>\n                    <td style=\"\">Reggeli gyors<\/td>\n                    <td style=\"\">r\u00e1di\u00f3<\/td>\n                    <td style=\"\"><a href='https:\/\/www.klubradio.hu\/archivum\/reggeli-gyors-2021-januar-20-szerda-0600-15218' rel=' nofollow ' target='_blank'>https:\/\/www.klubradio.hu\/archivum\/reggeli-gyors-2021-januar-20-szerda-0600-15218<\/a><\/td>\n                    <td style=\"\">pozit\u00edv<\/td>\n                    <td style=\"\"><\/td>\n                    <td style=\"\"><\/td>\n                    <td style=\"\"><\/td>\n                    <td style=\"\">Interj\u00fa R\u00e9dai D\u00f3rival (128-136. perc)<\/td>\n            <\/tr>\n            <tr id=\"table_2_row_629\">\n                    <td style=\"\">2021.01.20<\/td>\n                    <td style=\"\"><a href='https:\/\/www.identitas.co\/' rel=' nofollow ' target='_blank'>https:\/\/www.identitas.co\/<\/a><\/td>\n                    <td style=\"\">Jakab Istv\u00e1n<\/td>\n                    <td style=\"\">Bepereli a fogyaszt\u00f3v\u00e9delmi hat\u00f3s\u00e1got a Labrisz<\/td>\n                    <td style=\"\">h\u00edr, besz\u00e1mol\u00f3, r\u00f6vid cikk<\/td>\n                    <td style=\"\"><a href='https:\/\/www.identitas.co\/post\/bepereli-a-fogyasztovedelmi-hatosagot-a-labrisz' rel=' nofollow ' target='_blank'>https:\/\/www.identitas.co\/post\/bepereli-a-fogyasztovedelmi-hatosagot-a-labrisz<\/a><\/td>\n                    <td style=\"\">pozit\u00edv<\/td>\n                    <td style=\"\"><\/td>\n                    <td style=\"\"><\/td>\n                    <td style=\"\"><\/td>\n                    <td style=\"\"><\/td>\n            <\/tr>\n            <tr id=\"table_2_row_630\">\n                    <td style=\"\">2021.01.20<\/td>\n                    <td style=\"\"><a href='https:\/\/www.theguardian.com\/' rel=' nofollow ' target='_blank'>https:\/\/www.theguardian.com\/<\/a><\/td>\n                    <td style=\"\">Sian Cain<\/td>\n                    <td style=\"\">Hungary orders LGBT publisher to print disclaimers on children's book<\/td>\n                    <td style=\"\">h\u00edr, besz\u00e1mol\u00f3, r\u00f6vid cikk<\/td>\n                    <td style=\"\"><a href='https:\/\/www.theguardian.com\/books\/2021\/jan\/20\/hungary-orders-lgbt-publisher-to-print-disclaimers-on-childrens-book' rel=' nofollow ' target='_blank'>https:\/\/www.theguardian.com\/books\/2021\/jan\/20\/hungary-orders-lgbt-publisher-to-print-disclaimers-on-childrens-book<\/a><\/td>\n                    <td style=\"\">pozit\u00edv<\/td>\n                    <td style=\"\"><\/td>\n                    <td style=\"\">igen<\/td>\n                    <td style=\"\">angol<\/td>\n                    <td style=\"\"><\/td>\n            <\/tr>\n            <tr id=\"table_2_row_631\">\n                    <td style=\"\">2021.01.20<\/td>\n                    <td style=\"\"><a href='https:\/\/labrisz.hu\/' rel=' nofollow ' target='_blank'>https:\/\/labrisz.hu\/<\/a><\/td>\n                    <td style=\"\"><\/td>\n                    <td style=\"\">Bambit\u00f3l Vukig: jelents\u00fck az \u00f6sszes megt\u00e9veszt\u0151 mes\u00e9t!<\/td>\n                    <td style=\"\">egy\u00e9b<\/td>\n                    <td style=\"\"><a href='https:\/\/labrisz.hu\/hirek\/bambitol_vukig_jelentsuk_az_osszes_megteveszto_meset.847.html?pageid=58' rel=' nofollow ' target='_blank'>https:\/\/labrisz.hu\/hirek\/bambitol_vukig_jelentsuk_az_osszes_megteveszto_meset.847.html?pageid=58<\/a><\/td>\n                    <td style=\"\">pozit\u00edv<\/td>\n                    <td style=\"\"><\/td>\n                    <td style=\"\"><\/td>\n                    <td style=\"\"><\/td>\n                    <td style=\"\"><\/td>\n            <\/tr>\n            <tr id=\"table_2_row_632\">\n                    <td style=\"\">2021.01.20<\/td>\n                    <td style=\"\"><a href='https:\/\/hvg.hu\/' rel=' nofollow ' target='_blank'>https:\/\/hvg.hu\/<\/a><\/td>\n                    <td style=\"\">Balla Istv\u00e1n<\/td>\n                    <td style=\"\">Meseorsz\u00e1g-\u00fcgy: Ilyen er\u0151vel vicces fiatalok feljelenthetn\u00e9k a Macbethet is<\/td>\n                    <td style=\"\">h\u00edr, besz\u00e1mol\u00f3, r\u00f6vid cikk<\/td>\n                    <td style=\"\"><a href='https:\/\/hvg.hu\/elet\/20210120_Meseorszagugy_Ilyen_erovel_vicces_kedvu_fiatalok_feljelenthetnek_a_Macbethet' rel=' nofollow ' target='_blank'>https:\/\/hvg.hu\/elet\/20210120_Meseorszagugy_Ilyen_erovel_vicces_kedvu_fiatalok_feljelenthetnek_a_Macbethet<\/a><\/td>\n                    <td style=\"\">pozit\u00edv<\/td>\n                    <td style=\"\"><\/td>\n                    <td style=\"\"><\/td>\n                    <td style=\"\"><\/td>\n                    <td style=\"\"><\/td>\n            <\/tr>\n            <tr id=\"table_2_row_633\">\n                    <td style=\"\">2021.01.20<\/td>\n                    <td style=\"\"><a href='https:\/\/hvg.hu\/' rel=' nofollow ' target='_blank'>https:\/\/hvg.hu\/<\/a><\/td>\n                    <td style=\"\"><\/td>\n                    <td style=\"\">Labrisz: Jelents\u00e9k az \u00f6sszes megt\u00e9veszt\u0151 mes\u00e9t a fogyaszt\u00f3v\u00e9delemnek<\/td>\n                    <td style=\"\">h\u00edr, besz\u00e1mol\u00f3, r\u00f6vid cikk<\/td>\n                    <td style=\"\"><a href='https:\/\/hvg.hu\/kultura\/20210120_labrisz_meseorszag_mindenkie_felhivas' rel=' nofollow ' target='_blank'>https:\/\/hvg.hu\/kultura\/20210120_labrisz_meseorszag_mindenkie_felhivas<\/a><\/td>\n                    <td style=\"\">pozit\u00edv<\/td>\n                    <td style=\"\"><\/td>\n                    <td style=\"\"><\/td>\n                    <td style=\"\"><\/td>\n                    <td style=\"\"><\/td>\n            <\/tr>\n            <tr id=\"table_2_row_634\">\n                    <td style=\"\">2021.01.20<\/td>\n                    <td style=\"\"><a href='https:\/\/www.klubradio.hu\/' rel=' nofollow ' target='_blank'>https:\/\/www.klubradio.hu\/<\/a><\/td>\n                    <td style=\"\">szg<\/td>\n                    <td style=\"\">Meseorsz\u00e1g-\u00fcgy: a kiad\u00f3 szerint teljes nonszensz a korm\u00e1nyhivatal d\u00f6nt\u00e9se<\/td>\n                    <td style=\"\">h\u00edr, besz\u00e1mol\u00f3, r\u00f6vid cikk<\/td>\n                    <td style=\"\"><a href='https:\/\/www.klubradio.hu\/adasok\/meseorszag-ugy-a-kiado-szerint-teljes-nonszensz-a-kormanyhivatal-dontese-115820' rel=' nofollow ' target='_blank'>https:\/\/www.klubradio.hu\/adasok\/meseorszag-ugy-a-kiado-szerint-teljes-nonszensz-a-kormanyhivatal-dontese-115820<\/a><\/td>\n                    <td style=\"\">semleges<\/td>\n                    <td style=\"\"><\/td>\n                    <td style=\"\"><\/td>\n                    <td style=\"\"><\/td>\n                    <td style=\"\"><\/td>\n            <\/tr>\n            <tr id=\"table_2_row_635\">\n                    <td style=\"\">2021.01.20<\/td>\n                    <td style=\"\"><a href='https:\/\/www.magyarhirlap.hu\/' rel=' nofollow ' target='_blank'>https:\/\/www.magyarhirlap.hu\/<\/a><\/td>\n                    <td style=\"\">KCs<\/td>\n                    <td style=\"\">\u00daj bor\u00edt\u00f3t kell k\u00e9sz\u00edteni az LMBTQ-mesek\u00f6nyvnek<\/td>\n                    <td style=\"\">h\u00edr, besz\u00e1mol\u00f3, r\u00f6vid cikk<\/td>\n                    <td style=\"\"><a href='https:\/\/www.magyarhirlap.hu\/belfold\/20210120-uj-boritot-kell-kesziteni-az-lmbtq-mesekonyvnek' rel=' nofollow ' target='_blank'>https:\/\/www.magyarhirlap.hu\/belfold\/20210120-uj-boritot-kell-kesziteni-az-lmbtq-mesekonyvnek<\/a><\/td>\n                    <td style=\"\">negat\u00edv<\/td>\n                    <td style=\"\"><\/td>\n                    <td style=\"\"><\/td>\n                    <td style=\"\"><\/td>\n                    <td style=\"\"><\/td>\n            <\/tr>\n            <tr id=\"table_2_row_636\">\n                    <td style=\"\">2021.01.21<\/td>\n                    <td style=\"\"><a href='https:\/\/www.svtplay.se\/' rel=' nofollow ' target='_blank'>https:\/\/www.svtplay.se\/<\/a><\/td>\n                    <td style=\"\"><\/td>\n                    <td style=\"\">Kulturnyheterna<\/td>\n                    <td style=\"\">TV<\/td>\n                    <td style=\"\"><a href='https:\/\/www.svtplay.se\/video\/29710094\/kulturnyheterna\/kulturnyheterna-21-jan-18-15-5?start=auto' rel=' nofollow ' target='_blank'>https:\/\/www.svtplay.se\/video\/29710094\/kulturnyheterna\/kulturnyheterna-21-jan-18-15-5?start=auto<\/a><\/td>\n                    <td style=\"\">pozit\u00edv<\/td>\n                    <td style=\"\"><\/td>\n                    <td style=\"\">igen<\/td>\n                    <td style=\"\">sv\u00e9d, angol<\/td>\n                    <td style=\"\">interj\u00fa R\u00e9dai D\u00f3rival 8:30-10:00<\/td>\n            <\/tr>\n            <tr id=\"table_2_row_637\">\n                    <td style=\"\">2021.01.21<\/td>\n                    <td style=\"\"><a href='https:\/\/www.svt.se\/' rel=' nofollow ' target='_blank'>https:\/\/www.svt.se\/<\/a><\/td>\n                    <td style=\"\"><\/td>\n                    <td style=\"\">Regeringens bokkrig fick motsatt effekt: ungerska barnboken sluts\u00e5ld<\/td>\n                    <td style=\"\">h\u00edr, besz\u00e1mol\u00f3, r\u00f6vid cikk<\/td>\n                    <td style=\"\"><a href='https:\/\/www.svt.se\/kultur\/orb-n-fairyland-is-for-everyone-barnbok-hbtq-ungern' rel=' nofollow ' target='_blank'>https:\/\/www.svt.se\/kultur\/orb-n-fairyland-is-for-everyone-barnbok-hbtq-ungern<\/a><\/td>\n                    <td style=\"\">semleges<\/td>\n                    <td style=\"\"><\/td>\n                    <td style=\"\">igen<\/td>\n                    <td style=\"\">sv\u00e9d<\/td>\n                    <td style=\"\"><\/td>\n            <\/tr>\n            <tr id=\"table_2_row_638\">\n                    <td style=\"\">2021.01.21<\/td>\n                    <td style=\"\"><a href='https:\/\/www.hs.fi\/' rel=' nofollow ' target='_blank'>https:\/\/www.hs.fi\/<\/a><\/td>\n                    <td style=\"\">Essi Sutinen<\/td>\n                    <td style=\"\">Lesbo\u00adaktivistisen ryhm\u00e4n lastenkirja sai Unkarin hallituksen reagoimaan \u201dperinteisiin suku\u00adpuoli\u00adrooleihin sopimattomaan sis\u00e4lt\u00f6\u00f6n\u201d<\/td>\n                    <td style=\"\">h\u00edr, besz\u00e1mol\u00f3, r\u00f6vid cikk<\/td>\n                    <td style=\"\"><a href='https:\/\/www.hs.fi\/ulkomaat\/art-2000007754031.html' rel=' nofollow ' target='_blank'>https:\/\/www.hs.fi\/ulkomaat\/art-2000007754031.html<\/a><\/td>\n                    <td style=\"\">semleges<\/td>\n                    <td style=\"\"><\/td>\n                    <td style=\"\">igen<\/td>\n                    <td style=\"\">finn<\/td>\n                    <td style=\"\"><\/td>\n            <\/tr>\n            <tr id=\"table_2_row_639\">\n                    <td style=\"\">2021.01.21<\/td>\n                    <td style=\"\"><a href='https:\/\/denikn.cz\/' rel=' nofollow ' target='_blank'>https:\/\/denikn.cz\/<\/a><\/td>\n                    <td style=\"\">Mark\u00e9ta Boub\u00ednov\u00e1<\/td>\n                    <td style=\"\">Vydavatel ma\u010farsk\u00e9 knihy poh\u00e1dek mus\u00ed \u010dten\u00e1\u0159e varovat p\u0159ed \u201ejin\u00fdm ne\u017e tradi\u010dn\u00edm genderov\u00fdm chov\u00e1n\u00edm\u201c<\/td>\n                    <td style=\"\">h\u00edr, besz\u00e1mol\u00f3, r\u00f6vid cikk<\/td>\n                    <td style=\"\"><a href='https:\/\/denikn.cz\/542787\/vydavatel-madarske-knihy-pohadek-musi-ctenare-varovat-pred-jinym-nez-tradicnim-genderovym-chovanim\/' rel=' nofollow ' target='_blank'>https:\/\/denikn.cz\/542787\/vydavatel-madarske-knihy-pohadek-musi-ctenare-varovat-pred-jinym-nez-tradicnim-genderovym-chovanim\/<\/a><\/td>\n                    <td style=\"\">pozit\u00edv<\/td>\n                    <td style=\"\"><\/td>\n                    <td style=\"\">igen<\/td>\n                    <td style=\"\">cseh<\/td>\n                    <td style=\"\"><\/td>\n            <\/tr>\n            <tr id=\"table_2_row_640\">\n                    <td style=\"\">2021.01.21<\/td>\n                    <td style=\"\"><a href='https:\/\/www.dnevnik.si\/' rel=' nofollow ' target='_blank'>https:\/\/www.dnevnik.si\/<\/a><\/td>\n                    <td style=\"\">Maja Grobel\u0161ek<\/td>\n                    <td style=\"\">Zbirka pravljic o zaj\u010dkih s tremi uhlji, \u010drni Snegulj\u010dici in dveh princih, ki se imata rada, vznemirja Orbana<\/td>\n                    <td style=\"\">h\u00edr, besz\u00e1mol\u00f3, r\u00f6vid cikk<\/td>\n                    <td style=\"\"><a href='https:\/\/www.dnevnik.si\/1042947608\/svet\/zbirka-pravljic-o-zajckih-s-tremi-uhlji-crni-sneguljcici-in-dveh-princih-ki-se-imata-rada-vznemirja-orbana' rel=' nofollow ' target='_blank'>https:\/\/www.dnevnik.si\/1042947608\/svet\/zbirka-pravljic-o-zajckih-s-tremi-uhlji-crni-sneguljcici-in-dveh-princih-ki-se-imata-rada-vznemirja-orbana<\/a><\/td>\n                    <td style=\"\">pozit\u00edv<\/td>\n                    <td style=\"\"><\/td>\n                    <td style=\"\">igen<\/td>\n                    <td style=\"\">szlov\u00e9n<\/td>\n                    <td style=\"\"><\/td>\n            <\/tr>\n            <tr id=\"table_2_row_641\">\n                    <td style=\"\">2021.01.23<\/td>\n                    <td style=\"\"><a href='https:\/\/rtl.hu\/' rel=' nofollow ' target='_blank'>https:\/\/rtl.hu\/<\/a><\/td>\n                    <td style=\"\">RTL H\u00edrad\u00f3<\/td>\n                    <td style=\"\">\u201eJelents\u00e9k az \u00f6sszes megt\u00e9veszt\u0151 mes\u00e9t\u201d<\/td>\n                    <td style=\"\">TV<\/td>\n                    <td style=\"\"><a href='https:\/\/rtl.hu\/rtlklub\/hirek\/-jelentsek-az-osszes-megteveszto-meset-harom-lmbtq-szervezet-jogvedok-fovarosi-kormanyhivatal' rel=' nofollow ' target='_blank'>https:\/\/rtl.hu\/rtlklub\/hirek\/-jelentsek-az-osszes-megteveszto-meset-harom-lmbtq-szervezet-jogvedok-fovarosi-kormanyhivatal<\/a><\/td>\n                    <td style=\"\">pozit\u00edv<\/td>\n                    <td style=\"\"><\/td>\n                    <td style=\"\"><\/td>\n                    <td style=\"\"><\/td>\n                    <td style=\"\"><\/td>\n            <\/tr>\n            <tr id=\"table_2_row_642\">\n                    <td style=\"\">2021.01.24<\/td>\n                    <td style=\"\"><a href='https:\/\/magyarnemzet.hu\/' rel=' nofollow ' target='_blank'>https:\/\/magyarnemzet.hu\/<\/a><\/td>\n                    <td style=\"\">Elek Nikoletta<\/td>\n                    <td style=\"\">Perel, \u00e9s a legismertebb mes\u00e9k ellen kamp\u00e1nyol a Labrisz egyes\u00fclet<\/td>\n                    <td style=\"\">h\u00edr, besz\u00e1mol\u00f3, r\u00f6vid cikk<\/td>\n                    <td style=\"\"><a href='https:\/\/magyarnemzet.hu\/belfold\/perel-es-a-legismertebb-mesek-ellen-kampanyol-a-labrisz-egyesulet-9269252\/' rel=' nofollow ' target='_blank'>https:\/\/magyarnemzet.hu\/belfold\/perel-es-a-legismertebb-mesek-ellen-kampanyol-a-labrisz-egyesulet-9269252\/<\/a><\/td>\n                    <td style=\"\">negat\u00edv<\/td>\n                    <td style=\"\"><\/td>\n                    <td style=\"\"><\/td>\n                    <td style=\"\"><\/td>\n                    <td style=\"\"><\/td>\n            <\/tr>\n            <tr id=\"table_2_row_643\">\n                    <td style=\"\">2021.01.25<\/td>\n                    <td style=\"\"><a href='https:\/\/www.dw.com\/' rel=' nofollow ' target='_blank'>https:\/\/www.dw.com\/<\/a><\/td>\n                    <td style=\"\">Felix Schlagwein<\/td>\n                    <td style=\"\">Ungarn: Regierung warnt vor LGBTQ-Kinderbuch<\/td>\n                    <td style=\"\">h\u00edr, besz\u00e1mol\u00f3, r\u00f6vid cikk<\/td>\n                    <td style=\"\"><a href='https:\/\/www.dw.com\/de\/ungarn-regierung-warnt-vor-lgbtq-kinderbuch\/a-56336237' rel=' nofollow ' target='_blank'>https:\/\/www.dw.com\/de\/ungarn-regierung-warnt-vor-lgbtq-kinderbuch\/a-56336237<\/a><\/td>\n                    <td style=\"\">pozit\u00edv<\/td>\n                    <td style=\"\"><\/td>\n                    <td style=\"\">igen<\/td>\n                    <td style=\"\">n\u00e9met<\/td>\n                    <td style=\"\"><\/td>\n            <\/tr>\n            <tr id=\"table_2_row_644\">\n                    <td style=\"\">2021.01.25<\/td>\n                    <td style=\"\"><a href='https:\/\/jungefreiheit.de\/' rel=' nofollow ' target='_blank'>https:\/\/jungefreiheit.de\/<\/a><\/td>\n                    <td style=\"\">Zita Tipold<\/td>\n                    <td style=\"\">Kinderbuch mit Warnhinweis: Orb\u00e1n geht gegen Gender-M\u00e4rchen vor<\/td>\n                    <td style=\"\">h\u00edr, besz\u00e1mol\u00f3, r\u00f6vid cikk<\/td>\n                    <td style=\"\"><a href='https:\/\/jungefreiheit.de\/politik\/ausland\/2021\/orban-marchenbuch\/' rel=' nofollow ' target='_blank'>https:\/\/jungefreiheit.de\/politik\/ausland\/2021\/orban-marchenbuch\/<\/a><\/td>\n                    <td style=\"\">negat\u00edv<\/td>\n                    <td style=\"\"><\/td>\n                    <td style=\"\">igen<\/td>\n                    <td style=\"\">n\u00e9met<\/td>\n                    <td style=\"\"><\/td>\n            <\/tr>\n            <tr id=\"table_2_row_645\">\n                    <td style=\"\">2021.01.26<\/td>\n                    <td style=\"\"><a href='http:\/\/mpt.hu\/' rel=' nofollow ' target='_blank'>http:\/\/mpt.hu\/<\/a><\/td>\n                    <td style=\"\">MPT-MP\u00c9E Etikai Bizotts\u00e1g<\/td>\n                    <td style=\"\">\u00c1ll\u00e1sfoglal\u00e1s<\/td>\n                    <td style=\"\">nyilatkozat<\/td>\n                    <td style=\"\"><a href='http:\/\/mpt.hu\/2021\/01\/26\/allasfoglalas\/' rel=' nofollow ' target='_blank'>http:\/\/mpt.hu\/2021\/01\/26\/allasfoglalas\/<\/a><\/td>\n                    <td style=\"\">pozit\u00edv<\/td>\n                    <td style=\"\"><\/td>\n                    <td style=\"\"><\/td>\n                    <td style=\"\"><\/td>\n                    <td style=\"\"><\/td>\n            <\/tr>\n            <tr id=\"table_2_row_646\">\n                    <td style=\"\">2021.01.29<\/td>\n                    <td style=\"\"><a href='https:\/\/24.hu\/' rel=' nofollow ' target='_blank'>https:\/\/24.hu\/<\/a><\/td>\n                    <td style=\"\">Bodn\u00e1r Judit Lola<\/td>\n                    <td style=\"\">Ha a Meseorsz\u00e1g mindenki\u00e9 probl\u00e9m\u00e1s a nem hagyom\u00e1nyos nemi szerepek miatt, rengeteg m\u00e1s k\u00f6nyv is az<\/td>\n                    <td style=\"\">h\u00edr, besz\u00e1mol\u00f3, r\u00f6vid cikk<\/td>\n                    <td style=\"\"><a href='https:\/\/24.hu\/kultura\/2021\/01\/19\/meseorszag-mindenkie-labrisz-egyesulet-fogyasztovedelem\/' rel=' nofollow ' target='_blank'>https:\/\/24.hu\/kultura\/2021\/01\/19\/meseorszag-mindenkie-labrisz-egyesulet-fogyasztovedelem\/<\/a><\/td>\n                    <td style=\"\">pozit\u00edv<\/td>\n                    <td style=\"\"><\/td>\n                    <td style=\"\"><\/td>\n                    <td style=\"\"><\/td>\n                    <td style=\"\"><\/td>\n            <\/tr>\n            <tr id=\"table_2_row_647\">\n                    <td style=\"\">2021.02.01<\/td>\n                    <td style=\"\"><a href='https:\/\/www.youtube.com\/' rel=' nofollow ' target='_blank'>https:\/\/www.youtube.com\/<\/a><\/td>\n                    <td style=\"\"><\/td>\n                    <td style=\"\">A Mi Haz\u00e1nk sajt\u00f3t\u00e1j\u00e9koztat\u00f3ja a Pozsonyi Pagony k\u00f6nyvesbolt el\u0151tt<\/td>\n                    <td style=\"\">vide\u00f3<\/td>\n                    <td style=\"\"><a href='https:\/\/www.youtube.com\/watch?v=LNo5Fb7PwH0' rel=' nofollow ' target='_blank'>https:\/\/www.youtube.com\/watch?v=LNo5Fb7PwH0<\/a><\/td>\n                    <td style=\"\">negat\u00edv<\/td>\n                    <td style=\"\">youtube<\/td>\n                    <td style=\"\"><\/td>\n                    <td style=\"\"><\/td>\n                    <td style=\"\"><\/td>\n            <\/tr>\n            <tr id=\"table_2_row_648\">\n                    <td style=\"\">2021.02.01<\/td>\n                    <td style=\"\"><a href='http:\/\/godot.hu\/' rel=' nofollow ' target='_blank'>http:\/\/godot.hu\/<\/a><\/td>\n                    <td style=\"\"><\/td>\n                    <td style=\"\">Barcza R\u00e9ka: Falv\u00e9d\u0151k karant\u00e9n idej\u00e9re<\/td>\n                    <td style=\"\">esem\u00e9ny<\/td>\n                    <td style=\"\"><a href='http:\/\/godot.hu\/exhibition\/barcza-reka-falvedok-karanten-idejere\/' rel=' nofollow ' target='_blank'>http:\/\/godot.hu\/exhibition\/barcza-reka-falvedok-karanten-idejere\/<\/a><\/td>\n                    <td style=\"\">pozit\u00edv<\/td>\n                    <td style=\"\"><\/td>\n                    <td style=\"\"><\/td>\n                    <td style=\"\"><\/td>\n                    <td style=\"\">Ki\u00e1ll\u00edt\u00e1s, k\u00f6zte egy Meseorsz\u00e1gra is utal\u00f3 k\u00e9ppel<\/td>\n            <\/tr>\n            <tr id=\"table_2_row_649\">\n                    <td style=\"\">2021.02.02<\/td>\n                    <td style=\"\"><a href='https:\/\/magyarnemzet.hu\/' rel=' nofollow ' target='_blank'>https:\/\/magyarnemzet.hu\/<\/a><\/td>\n                    <td style=\"\">Elek Nikoletta<\/td>\n                    <td style=\"\">Nem hajland\u00f3k megk\u00fcl\u00f6nb\u00f6ztet\u0151 jelz\u00e9ssel ell\u00e1tni az LMBTQ-mesek\u00f6nyvet<\/td>\n                    <td style=\"\">h\u00edr, besz\u00e1mol\u00f3, r\u00f6vid cikk<\/td>\n                    <td style=\"\"><a href='https:\/\/magyarnemzet.hu\/belfold\/nem-hajlandok-megkulonbozteto-jelzessel-ellatni-az-lmbtq-mesekonyvet-9311309\/' rel=' nofollow ' target='_blank'>https:\/\/magyarnemzet.hu\/belfold\/nem-hajlandok-megkulonbozteto-jelzessel-ellatni-az-lmbtq-mesekonyvet-9311309\/<\/a><\/td>\n                    <td style=\"\">negat\u00edv<\/td>\n                    <td style=\"\"><\/td>\n                    <td style=\"\"><\/td>\n                    <td style=\"\"><\/td>\n                    <td style=\"\"><\/td>\n            <\/tr>\n            <tr id=\"table_2_row_650\">\n                    <td style=\"\">2021.02.02<\/td>\n                    <td style=\"\"><a href='https:\/\/magyarnemzet.hu\/' rel=' nofollow ' target='_blank'>https:\/\/magyarnemzet.hu\/<\/a><\/td>\n                    <td style=\"\">Elek Nikoletta<\/td>\n                    <td style=\"\">Nem hajland\u00f3k megk\u00fcl\u00f6nb\u00f6ztet\u0151 jelz\u00e9ssel ell\u00e1tni az LMBTQ-mesek\u00f6nyvet<\/td>\n                    <td style=\"\">h\u00edr, besz\u00e1mol\u00f3, r\u00f6vid cikk<\/td>\n                    <td style=\"\"><a href='https:\/\/magyarnemzet.hu\/belfold\/nem-hajlandok-megkulonbozteto-jelzessel-ellatni-az-lmbtq-mesekonyvet-9311309' rel=' nofollow ' target='_blank'>https:\/\/magyarnemzet.hu\/belfold\/nem-hajlandok-megkulonbozteto-jelzessel-ellatni-az-lmbtq-mesekonyvet-9311309<\/a><\/td>\n                    <td style=\"\">negat\u00edv<\/td>\n                    <td style=\"\"><\/td>\n                    <td style=\"\"><\/td>\n                    <td style=\"\"><\/td>\n                    <td style=\"\"><\/td>\n            <\/tr>\n            <tr id=\"table_2_row_651\">\n                    <td style=\"\">2021.02.02<\/td>\n                    <td style=\"\"><a href='https:\/\/www.oxfordstudent.com\/' rel=' nofollow ' target='_blank'>https:\/\/www.oxfordstudent.com\/<\/a><\/td>\n                    <td style=\"\">Deborah Lemke<\/td>\n                    <td style=\"\">Warning! Queer Content<\/td>\n                    <td style=\"\">h\u00edr, besz\u00e1mol\u00f3, r\u00f6vid cikk<\/td>\n                    <td style=\"\"><a href='https:\/\/www.oxfordstudent.com\/2021\/02\/02\/warning-queer-content\/' rel=' nofollow ' target='_blank'>https:\/\/www.oxfordstudent.com\/2021\/02\/02\/warning-queer-content\/<\/a><\/td>\n                    <td style=\"\">pozit\u00edv<\/td>\n                    <td style=\"\"><\/td>\n                    <td style=\"\">igen<\/td>\n                    <td style=\"\">angol<\/td>\n                    <td style=\"\"><\/td>\n            <\/tr>\n            <tr id=\"table_2_row_652\">\n                    <td style=\"\">2021.02.02<\/td>\n                    <td style=\"\"><a href='https:\/\/www.facebook.com\/' rel=' nofollow ' target='_blank'>https:\/\/www.facebook.com\/<\/a><\/td>\n                    <td style=\"\"><\/td>\n                    <td style=\"\">\u00edr\u00f3k boltja<\/td>\n                    <td style=\"\">fb-poszt<\/td>\n                    <td style=\"\"><a href='https:\/\/www.facebook.com\/irokboltja\/photos\/4262466153783340' rel=' nofollow ' target='_blank'>https:\/\/www.facebook.com\/irokboltja\/photos\/4262466153783340<\/a><\/td>\n                    <td style=\"\">pozit\u00edv<\/td>\n                    <td style=\"\">fb<\/td>\n                    <td style=\"\"><\/td>\n                    <td style=\"\"><\/td>\n                    <td style=\"\">\u00cdr\u00f3k Boltja 2021 janu\u00e1ri sikerlista, 5. a Meseorsz\u00e1g<\/td>\n            <\/tr>\n            <tr id=\"table_2_row_653\">\n                    <td style=\"\">2021.02.04<\/td>\n                    <td style=\"\"><a href='https:\/\/telex.hu\/' rel=' nofollow ' target='_blank'>https:\/\/telex.hu\/<\/a><\/td>\n                    <td style=\"\">Jo\u00f3b S\u00e1ndor, Kl\u00e1g D\u00e1vid<\/td>\n                    <td style=\"\">Egy n\u00e9met lap feltette Orb\u00e1nnak a k\u00e9rd\u00e9st, mi lenne, ha meleg lenne a gyereke<\/td>\n                    <td style=\"\">h\u00edr, besz\u00e1mol\u00f3, r\u00f6vid cikk<\/td>\n                    <td style=\"\"><a href='https:\/\/telex.hu\/belfold\/2021\/02\/04\/orban-stern-interju-kimaradt-kerdes-muszlim-lany-meleg-fiu' rel=' nofollow ' target='_blank'>https:\/\/telex.hu\/belfold\/2021\/02\/04\/orban-stern-interju-kimaradt-kerdes-muszlim-lany-meleg-fiu<\/a><\/td>\n                    <td style=\"\">semleges<\/td>\n                    <td style=\"\"><\/td>\n                    <td style=\"\"><\/td>\n                    <td style=\"\"><\/td>\n                    <td style=\"\"><\/td>\n            <\/tr>\n            <tr id=\"table_2_row_654\">\n                    <td style=\"\">2021.02.04<\/td>\n                    <td style=\"\"><a href='https:\/\/www.stern.de\/' rel=' nofollow ' target='_blank'>https:\/\/www.stern.de\/<\/a><\/td>\n                    <td style=\"\">Dominik Stawski, Jan Boris Wintzenburg<\/td>\n                    <td style=\"\">Was w\u00e4re, wenn Ihre Tochter einen muslimischen Freund h\u00e4tte, Herr Orb\u00e1n?<\/td>\n                    <td style=\"\">interj\u00fa<\/td>\n                    <td style=\"\"><a href='https:\/\/www.stern.de\/p\/plus\/politik\/viktor-orb%C3%A1n-im-interview-mit-dem-stern-30360300.html' rel=' nofollow ' target='_blank'>https:\/\/www.stern.de\/p\/plus\/politik\/viktor-orb%C3%A1n-im-interview-mit-dem-stern-30360300.html<\/a><\/td>\n                    <td style=\"\">semleges<\/td>\n                    <td style=\"\"><\/td>\n                    <td style=\"\">igen<\/td>\n                    <td style=\"\">n\u00e9met<\/td>\n                    <td style=\"\"><\/td>\n            <\/tr>\n            <tr id=\"table_2_row_655\">\n                    <td style=\"\">2021.02.08<\/td>\n                    <td style=\"\"><a href='http:\/\/www.nollendorfblog.de\/' rel=' nofollow ' target='_blank'>http:\/\/www.nollendorfblog.de\/<\/a><\/td>\n                    <td style=\"\">Kristina Kocyba<\/td>\n                    <td style=\"\">Ungarn: Queeres Kinderbuch provoziert Regierung Orb\u00e1n<\/td>\n                    <td style=\"\">interj\u00fa<\/td>\n                    <td style=\"\"><a href='http:\/\/www.nollendorfblog.de\/?p=12494' rel=' nofollow ' target='_blank'>http:\/\/www.nollendorfblog.de\/?p=12494<\/a><\/td>\n                    <td style=\"\">pozit\u00edv<\/td>\n                    <td style=\"\"><\/td>\n                    <td style=\"\">igen<\/td>\n                    <td style=\"\">n\u00e9met<\/td>\n                    <td style=\"\"><\/td>\n            <\/tr>\n            <tr id=\"table_2_row_656\">\n                    <td style=\"\">2021.02.18<\/td>\n                    <td style=\"\"><a href='https:\/\/nlc.hu\/' rel=' nofollow ' target='_blank'>https:\/\/nlc.hu\/<\/a><\/td>\n                    <td style=\"\">Fencsik Tam\u00e1s<\/td>\n                    <td style=\"\">Riad\u00f3! T\u00e1madnak a melegek, a rom\u00e1k, a n\u00e1cik \u00e9s a homof\u00f3bok!<\/td>\n                    <td style=\"\">publicisztika<\/td>\n                    <td style=\"\"><a href='https:\/\/nlc.hu\/ezvan\/20210218\/meseorszag-mindenkie-libri-pagony-labrisz\/' rel=' nofollow ' target='_blank'>https:\/\/nlc.hu\/ezvan\/20210218\/meseorszag-mindenkie-libri-pagony-labrisz\/<\/a><\/td>\n                    <td style=\"\">pozit\u00edv<\/td>\n                    <td style=\"\"><\/td>\n                    <td style=\"\"><\/td>\n                    <td style=\"\"><\/td>\n                    <td style=\"\"><\/td>\n            <\/tr>\n            <tr id=\"table_2_row_657\">\n                    <td style=\"\">2021.02.18<\/td>\n                    <td style=\"\"><a href='https:\/\/action.allout.org\/' rel=' nofollow ' target='_blank'>https:\/\/action.allout.org\/<\/a><\/td>\n                    <td style=\"\">Labrisz<\/td>\n                    <td style=\"\">Hungary: Stop stigmatizing works on marginalized groups<\/td>\n                    <td style=\"\">nyilatkozat<\/td>\n                    <td style=\"\"><a href='https:\/\/action.allout.org\/en\/m\/5dba2f15\/' rel=' nofollow ' target='_blank'>https:\/\/action.allout.org\/en\/m\/5dba2f15\/<\/a><\/td>\n                    <td style=\"\">pozit\u00edv<\/td>\n                    <td style=\"\"><\/td>\n                    <td style=\"\">igen<\/td>\n                    <td style=\"\">angol<\/td>\n                    <td style=\"\"><\/td>\n            <\/tr>\n            <tr id=\"table_2_row_658\">\n                    <td style=\"\">2021.02.19<\/td>\n                    <td style=\"\"><a href='https:\/\/www.mladina.si\/' rel=' nofollow ' target='_blank'>https:\/\/www.mladina.si\/<\/a><\/td>\n                    <td style=\"\">Maja Pan<\/td>\n                    <td style=\"\">Ker pravlji\u010dni svet ni za vse<\/td>\n                    <td style=\"\">publicisztika<\/td>\n                    <td style=\"\"><a href='https:\/\/www.mladina.si\/205217\/ker-pravljicni-svet-ni-za-vse\/' rel=' nofollow ' target='_blank'>https:\/\/www.mladina.si\/205217\/ker-pravljicni-svet-ni-za-vse\/<\/a><\/td>\n                    <td style=\"\">pozit\u00edv<\/td>\n                    <td style=\"\"><\/td>\n                    <td style=\"\">igen<\/td>\n                    <td style=\"\">szlov\u00e9n<\/td>\n                    <td style=\"\"><\/td>\n            <\/tr>\n            <tr id=\"table_2_row_659\">\n                    <td style=\"\">2021.02.22<\/td>\n                    <td style=\"\"><a href='https:\/\/dajer.hu\/' rel=' nofollow ' target='_blank'>https:\/\/dajer.hu\/<\/a><\/td>\n                    <td style=\"\">Csosz\u00f3 Gabriella<\/td>\n                    <td style=\"\">\u00c9n h\u0151s\u00f6m: Anett \u00e9s Erik. Fot\u00f3sorozat<\/td>\n                    <td style=\"\">interj\u00fa<\/td>\n                    <td style=\"\"><a href='https:\/\/dajer.hu\/en-hosom-anett-es-erik-fotosorozat' rel=' nofollow ' target='_blank'>https:\/\/dajer.hu\/en-hosom-anett-es-erik-fotosorozat<\/a><\/td>\n                    <td style=\"\">pozit\u00edv<\/td>\n                    <td style=\"\"><\/td>\n                    <td style=\"\"><\/td>\n                    <td style=\"\"><\/td>\n                    <td style=\"\">Csosz\u00f3 Gabi interj\u00faja Csord\u00e1s Anettel + fot\u00f3sorozat<\/td>\n            <\/tr>\n            <tr id=\"table_2_row_660\">\n                    <td style=\"\">2021.02.25<\/td>\n                    <td style=\"\"><a href='https:\/\/sozialmarie.org\/' rel=' nofollow ' target='_blank'>https:\/\/sozialmarie.org\/<\/a><\/td>\n                    <td style=\"\"><\/td>\n                    <td style=\"\">2021 Jel\u00f6lt Projektek<\/td>\n                    <td style=\"\">h\u00edr, besz\u00e1mol\u00f3, r\u00f6vid cikk<\/td>\n                    <td style=\"\"><a href='https:\/\/sozialmarie.org\/hu\/news\/5641' rel=' nofollow ' target='_blank'>https:\/\/sozialmarie.org\/hu\/news\/5641<\/a><\/td>\n                    <td style=\"\">pozit\u00edv<\/td>\n                    <td style=\"\"><\/td>\n                    <td style=\"\"><\/td>\n                    <td style=\"\"><\/td>\n                    <td style=\"\"><\/td>\n            <\/tr>\n            <tr id=\"table_2_row_661\">\n                    <td style=\"\">2021.02.25<\/td>\n                    <td style=\"\"><a href='https:\/\/sozialmarie.org\/' rel=' nofollow ' target='_blank'>https:\/\/sozialmarie.org\/<\/a><\/td>\n                    <td style=\"\"><\/td>\n                    <td style=\"\">Nominees 2021<\/td>\n                    <td style=\"\">h\u00edr, besz\u00e1mol\u00f3, r\u00f6vid cikk<\/td>\n                    <td style=\"\"><a href='https:\/\/sozialmarie.org\/en\/news\/5641' rel=' nofollow ' target='_blank'>https:\/\/sozialmarie.org\/en\/news\/5641<\/a><\/td>\n                    <td style=\"\">pozit\u00edv<\/td>\n                    <td style=\"\"><\/td>\n                    <td style=\"\">igen<\/td>\n                    <td style=\"\">angol<\/td>\n                    <td style=\"\"><\/td>\n            <\/tr>\n            <tr id=\"table_2_row_662\">\n                    <td style=\"\">2021.02.28<\/td>\n                    <td style=\"\"><a href='https:\/\/magyarnemzet.hu\/' rel=' nofollow ' target='_blank'>https:\/\/magyarnemzet.hu\/<\/a><\/td>\n                    <td style=\"\">Elek Nikoletta<\/td>\n                    <td style=\"\">Nemzetk\u00f6zi kamp\u00e1nyt hirdetve tiltakozik a Labrisz egyes\u00fclet<\/td>\n                    <td style=\"\">h\u00edr, besz\u00e1mol\u00f3, r\u00f6vid cikk<\/td>\n                    <td style=\"\"><a href='https:\/\/magyarnemzet.hu\/belfold\/nemzetkozi-kampanyt-hirdetve-tiltakozik-a-labrisz-egyesulet-9441281\/' rel=' nofollow ' target='_blank'>https:\/\/magyarnemzet.hu\/belfold\/nemzetkozi-kampanyt-hirdetve-tiltakozik-a-labrisz-egyesulet-9441281\/<\/a><\/td>\n                    <td style=\"\">negat\u00edv<\/td>\n                    <td style=\"\"><\/td>\n                    <td style=\"\"><\/td>\n                    <td style=\"\"><\/td>\n                    <td style=\"\"><\/td>\n            <\/tr>\n            <tr id=\"table_2_row_663\">\n                    <td style=\"\">2021.03.04<\/td>\n                    <td style=\"\"><a href='https:\/\/www.zeit.de\/' rel=' nofollow ' target='_blank'>https:\/\/www.zeit.de\/<\/a><\/td>\n                    <td style=\"\">Kristina Kocyba<\/td>\n                    <td style=\"\">Zwischen Schredder und Bestsellerliste<\/td>\n                    <td style=\"\">h\u00edr, besz\u00e1mol\u00f3, r\u00f6vid cikk<\/td>\n                    <td style=\"\"><a href='https:\/\/www.zeit.de\/2021\/10\/maerchenland-fuer-alle-queer-maerchenbuch-ungarn-diskriminierung' rel=' nofollow ' target='_blank'>https:\/\/www.zeit.de\/2021\/10\/maerchenland-fuer-alle-queer-maerchenbuch-ungarn-diskriminierung<\/a><\/td>\n                    <td style=\"\">pozit\u00edv<\/td>\n                    <td style=\"\"><\/td>\n                    <td style=\"\">igen<\/td>\n                    <td style=\"\">n\u00e9met<\/td>\n                    <td style=\"\">R\u00e9sztvev\u0151k: Ny\u00fal Bogl\u00e1rka, R\u00e9dai Dorottya, Moln\u00e1r Krisztina Rita<\/td>\n            <\/tr>\n            <tr id=\"table_2_row_664\">\n                    <td style=\"\">2021.03.04<\/td>\n                    <td style=\"\"><a href='https:\/\/www.facebook.com\/' rel=' nofollow ' target='_blank'>https:\/\/www.facebook.com\/<\/a><\/td>\n                    <td style=\"\">European Parliament Intergroup on LGBTI Rights<\/td>\n                    <td style=\"\">LGBTI event on Hungary<\/td>\n                    <td style=\"\">vide\u00f3<\/td>\n                    <td style=\"\"><a href='https:\/\/www.facebook.com\/LGBTIintergroup\/videos\/1938428159645929\/' rel=' nofollow ' target='_blank'>https:\/\/www.facebook.com\/LGBTIintergroup\/videos\/1938428159645929\/<\/a><\/td>\n                    <td style=\"\">pozit\u00edv<\/td>\n                    <td style=\"\"><\/td>\n                    <td style=\"\"><\/td>\n                    <td style=\"\"><\/td>\n                    <td style=\"\"><\/td>\n            <\/tr>\n            <tr id=\"table_2_row_665\">\n                    <td style=\"\">2021.03.05<\/td>\n                    <td style=\"\"><a href='https:\/\/www.facebook.com\/' rel=' nofollow ' target='_blank'>https:\/\/www.facebook.com\/<\/a><\/td>\n                    <td style=\"\">R\u00e1sk\u00f3 Eszter<\/td>\n                    <td style=\"\">A politika az politika<\/td>\n                    <td style=\"\">vide\u00f3<\/td>\n                    <td style=\"\"><a href='https:\/\/www.facebook.com\/eszterrasko\/videos\/258348272541938\/' rel=' nofollow ' target='_blank'>https:\/\/www.facebook.com\/eszterrasko\/videos\/258348272541938\/<\/a><\/td>\n                    <td style=\"\">pozit\u00edv<\/td>\n                    <td style=\"\">fb<\/td>\n                    <td style=\"\"><\/td>\n                    <td style=\"\"><\/td>\n                    <td style=\"\">R\u00e1sk\u00f3 Eszter<\/td>\n            <\/tr>\n            <tr id=\"table_2_row_666\">\n                    <td style=\"\">2021.03.06<\/td>\n                    <td style=\"\"><a href='https:\/\/vasarnap.hu\/' rel=' nofollow ' target='_blank'>https:\/\/vasarnap.hu\/<\/a><\/td>\n                    <td style=\"\"><\/td>\n                    <td style=\"\">Darabjaira szedt\u00e9k a genderelm\u00e9letet a Credo leg\u00fajabb ad\u00e1s\u00e1ban<\/td>\n                    <td style=\"\">h\u00edr, besz\u00e1mol\u00f3, r\u00f6vid cikk<\/td>\n                    <td style=\"\"><a href='https:\/\/vasarnap.hu\/2021\/03\/06\/darabjaira-szedtek-a-genderelmeletet-a-credo-legujabb-adasaban\/' rel=' nofollow ' target='_blank'>https:\/\/vasarnap.hu\/2021\/03\/06\/darabjaira-szedtek-a-genderelmeletet-a-credo-legujabb-adasaban\/<\/a><\/td>\n                    <td style=\"\">negat\u00edv<\/td>\n                    <td style=\"\"><\/td>\n                    <td style=\"\"><\/td>\n                    <td style=\"\"><\/td>\n                    <td style=\"\">egy h\u00edr tv-s besz\u00e9lget\u00e9sr\u0151l r\u00f6vid besz\u00e1mol\u00f3<\/td>\n            <\/tr>\n            <tr id=\"table_2_row_667\">\n                    <td style=\"\">2021.03.12<\/td>\n                    <td style=\"\"><a href='https:\/\/www.stern.de\/' rel=' nofollow ' target='_blank'>https:\/\/www.stern.de\/<\/a><\/td>\n                    <td style=\"\"><\/td>\n                    <td style=\"\">Der stern holt Ungarns umstrittenes Kinderbuch \"Ein M\u00e4rchenland f\u00fcr alle\" nach Deutschland<\/td>\n                    <td style=\"\">hir r\u00f6vid cikk<\/td>\n                    <td style=\"\"><a href='https:\/\/www.stern.de\/politik\/ausland\/der-stern-holt-umstrittenes-maerchenbuch-aus-ungarn-nach-deutschland-30977660.html' rel=' nofollow ' target='_blank'>https:\/\/www.stern.de\/politik\/ausland\/der-stern-holt-umstrittenes-maerchenbuch-aus-ungarn-nach-deutschland-30977660.html<\/a><\/td>\n                    <td style=\"\">pozit\u00edv<\/td>\n                    <td style=\"\"><\/td>\n                    <td style=\"\">igen<\/td>\n                    <td style=\"\">n\u00e9met<\/td>\n                    <td style=\"\">h\u00edr a k\u00f6nyv n\u00e9met megjelen\u00e9s\u00e9r\u0151l<\/td>\n            <\/tr>\n            <tr id=\"table_2_row_668\">\n                    <td style=\"\">2021.03.15<\/td>\n                    <td style=\"\"><a href='https:\/\/www.facebook.com\/' rel=' nofollow ' target='_blank'>https:\/\/www.facebook.com\/<\/a><\/td>\n                    <td style=\"\">nem tehetsz r\u00f3la, tehetsz ellene<\/td>\n                    <td style=\"\">Meseorsz\u00e1g beborult - de nem \u00f6r\u00f6kre<\/td>\n                    <td style=\"\">fb-poszt<\/td>\n                    <td style=\"\"><a href='https:\/\/www.facebook.com\/notes\/nem-tehetsz-r%C3%B3la-tehetsz-ellene\/meseorsz%C3%A1g-beborult-de-nem-%C3%B6r%C3%B6kre\/10224091727909794' rel=' nofollow ' target='_blank'>https:\/\/www.facebook.com\/notes\/nem-tehetsz-r%C3%B3la-tehetsz-ellene\/meseorsz%C3%A1g-beborult-de-nem-%C3%B6r%C3%B6kre\/10224091727909794<\/a><\/td>\n                    <td style=\"\">pozit\u00edv<\/td>\n                    <td style=\"\">fb<\/td>\n                    <td style=\"\"><\/td>\n                    <td style=\"\"><\/td>\n                    <td style=\"\"><\/td>\n            <\/tr>\n            <tr id=\"table_2_row_669\">\n                    <td style=\"\">2021.03.16<\/td>\n                    <td style=\"\"><a href='https:\/\/www.facebook.com\/' rel=' nofollow ' target='_blank'>https:\/\/www.facebook.com\/<\/a><\/td>\n                    <td style=\"\"><\/td>\n                    <td style=\"\">Egyenl\u00edt\u0151 Hard Talks az elfogad\u00e1sr\u00f3l<\/td>\n                    <td style=\"\">esem\u00e9ny<\/td>\n                    <td style=\"\"><a href='https:\/\/www.facebook.com\/events\/2927300910924310' rel=' nofollow ' target='_blank'>https:\/\/www.facebook.com\/events\/2927300910924310<\/a><\/td>\n                    <td style=\"\">pozit\u00edv<\/td>\n                    <td style=\"\"><\/td>\n                    <td style=\"\"><\/td>\n                    <td style=\"\"><\/td>\n                    <td style=\"\"><\/td>\n            <\/tr>\n            <tr id=\"table_2_row_670\">\n                    <td style=\"\">2021.03.17<\/td>\n                    <td style=\"\"><a href='https:\/\/24.hu\/' rel=' nofollow ' target='_blank'>https:\/\/24.hu\/<\/a><\/td>\n                    <td style=\"\">Farkas Gy\u00f6rgy<\/td>\n                    <td style=\"\">Vadai hi\u00e1ba k\u00e9rdezett Shrek nemi szerepeir\u0151l<\/td>\n                    <td style=\"\">h\u00edr, besz\u00e1mol\u00f3, r\u00f6vid cikk<\/td>\n                    <td style=\"\"><a href='https:\/\/24.hu\/belfold\/2021\/03\/17\/vadai-hiaba-kerdezett-shrek-nemi-szerepeirol\/' rel=' nofollow ' target='_blank'>https:\/\/24.hu\/belfold\/2021\/03\/17\/vadai-hiaba-kerdezett-shrek-nemi-szerepeirol\/<\/a><\/td>\n                    <td style=\"\">pozit\u00edv<\/td>\n                    <td style=\"\"><\/td>\n                    <td style=\"\"><\/td>\n                    <td style=\"\"><\/td>\n                    <td style=\"\"><\/td>\n            <\/tr>\n            <tr id=\"table_2_row_671\">\n                    <td style=\"\">2021.03.19<\/td>\n                    <td style=\"\"><a href='https:\/\/www.kulter.hu\/' rel=' nofollow ' target='_blank'>https:\/\/www.kulter.hu\/<\/a><\/td>\n                    <td style=\"\">Kir\u00e1ly Anna<\/td>\n                    <td style=\"\">A j\u00f3 gyermekirodalom mindenkihez sz\u00f3l. Interj\u00fa Dr. Harmath Artemisszel, az Ifj\u00fas\u00e1gi \u00e9s Gyermekirodalmi Centrum igazgat\u00f3j\u00e1val<\/td>\n                    <td style=\"\">interj\u00fa<\/td>\n                    <td style=\"\"><a href='https:\/\/www.kulter.hu\/2021\/03\/interju-harmath-artemisz-igyic\/' rel=' nofollow ' target='_blank'>https:\/\/www.kulter.hu\/2021\/03\/interju-harmath-artemisz-igyic\/<\/a><\/td>\n                    <td style=\"\">negat\u00edv<\/td>\n                    <td style=\"\"><\/td>\n                    <td style=\"\"><\/td>\n                    <td style=\"\"><\/td>\n                    <td style=\"\"><\/td>\n            <\/tr>\n            <tr id=\"table_2_row_672\">\n                    <td style=\"\">2021.03.22<\/td>\n                    <td style=\"\"><a href='https:\/\/baxtale.tv\/' rel=' nofollow ' target='_blank'>https:\/\/baxtale.tv\/<\/a><\/td>\n                    <td style=\"\">Nagy M. Boldizs\u00e1r<\/td>\n                    <td style=\"\">A Meseorsz\u00e1g mindenki\u00e9 kritik\u00e1j\u00e1b\u00f3l kider\u00fcl, milyen a rendes roma<\/td>\n                    <td style=\"\">publicisztika<\/td>\n                    <td style=\"\"><a href='https:\/\/baxtale.tv\/ame-panzh\/a-meseorszag-mindenkie-kritikajabol-kiderul-milyen-a-rendes-roma' rel=' nofollow ' target='_blank'>https:\/\/baxtale.tv\/ame-panzh\/a-meseorszag-mindenkie-kritikajabol-kiderul-milyen-a-rendes-roma<\/a><\/td>\n                    <td style=\"\">pozit\u00edv<\/td>\n                    <td style=\"\"><\/td>\n                    <td style=\"\"><\/td>\n                    <td style=\"\"><\/td>\n                    <td style=\"\"><\/td>\n            <\/tr>\n            <tr id=\"table_2_row_673\">\n                    <td style=\"\">2021.03.31<\/td>\n                    <td style=\"\"><a href='https:\/\/magyarnemzet.hu\/' rel=' nofollow ' target='_blank'>https:\/\/magyarnemzet.hu\/<\/a><\/td>\n                    <td style=\"\">Sz\u00e1nth\u00f3 Mikl\u00f3s<\/td>\n                    <td style=\"\">Begy\u0171r\u0171z\u0151 elmebaj<\/td>\n                    <td style=\"\">recenzi\u00f3<\/td>\n                    <td style=\"\"><a href='https:\/\/magyarnemzet.hu\/velemeny\/begyuruzo-elmebaj-9593801\/' rel=' nofollow ' target='_blank'>https:\/\/magyarnemzet.hu\/velemeny\/begyuruzo-elmebaj-9593801\/<\/a><\/td>\n                    <td style=\"\">negat\u00edv<\/td>\n                    <td style=\"\"><\/td>\n                    <td style=\"\"><\/td>\n                    <td style=\"\"><\/td>\n                    <td style=\"\"><\/td>\n            <\/tr>\n            <tr id=\"table_2_row_674\">\n                    <td style=\"\">2021.04.07<\/td>\n                    <td style=\"\"><a href='https:\/\/hubbyinfo.blogspot.com\/' rel=' nofollow ' target='_blank'>https:\/\/hubbyinfo.blogspot.com\/<\/a><\/td>\n                    <td style=\"\">Hubby<\/td>\n                    <td style=\"\">\u00c9v Gyerekk\u00f6nyve D\u00edj - Leginnovat\u00edvabb k\u00f6nyv shortlistes k\u00f6nyvei<\/td>\n                    <td style=\"\">h\u00edr, besz\u00e1mol\u00f3, r\u00f6vid cikk<\/td>\n                    <td style=\"\"><a href='https:\/\/hubbyinfo.blogspot.com\/2021\/04\/az-ev-gyerekkonyve-dij-ket-kategoriaval.html' rel=' nofollow ' target='_blank'>https:\/\/hubbyinfo.blogspot.com\/2021\/04\/az-ev-gyerekkonyve-dij-ket-kategoriaval.html<\/a><\/td>\n                    <td style=\"\">pozit\u00edv<\/td>\n                    <td style=\"\"><\/td>\n                    <td style=\"\"><\/td>\n                    <td style=\"\"><\/td>\n                    <td style=\"\"><\/td>\n            <\/tr>\n            <tr id=\"table_2_row_675\">\n                    <td style=\"\">2021.05.15<\/td>\n                    <td style=\"\"><a href='https:\/\/vasarnap.hu\/' rel=' nofollow ' target='_blank'>https:\/\/vasarnap.hu\/<\/a><\/td>\n                    <td style=\"\"><\/td>\n                    <td style=\"\">Liber\u00e1lis szervezetek m\u00e1r az \u00e1ltal\u00e1nos iskol\u00e1sokat is az LMBTQ-ideol\u00f3gi\u00e1ra neveln\u00e9k<\/td>\n                    <td style=\"\">publicisztika<\/td>\n                    <td style=\"\"><a href='https:\/\/vasarnap.hu\/2021\/05\/15\/liberalis-szervezetek-mar-az-altalanos-iskolasokat-is-az-lmbtq-ideologiara-nevelnek\/' rel=' nofollow ' target='_blank'>https:\/\/vasarnap.hu\/2021\/05\/15\/liberalis-szervezetek-mar-az-altalanos-iskolasokat-is-az-lmbtq-ideologiara-nevelnek\/<\/a><\/td>\n                    <td style=\"\">negat\u00edv<\/td>\n                    <td style=\"\"><\/td>\n                    <td style=\"\"><\/td>\n                    <td style=\"\"><\/td>\n                    <td style=\"\"><\/td>\n            <\/tr>\n            <tr id=\"table_2_row_676\">\n                    <td style=\"\">2021.05.16<\/td>\n                    <td style=\"\"><a href='https:\/\/mandiner.hu\/' rel=' nofollow ' target='_blank'>https:\/\/mandiner.hu\/<\/a><\/td>\n                    <td style=\"\"><\/td>\n                    <td style=\"\">Egy egyes\u00fclet a kisiskol\u00e1sokat is az LMBTQ-ideol\u00f3gi\u00e1ra neveln\u00e9<\/td>\n                    <td style=\"\">h\u00edr, besz\u00e1mol\u00f3, r\u00f6vid cikk<\/td>\n                    <td style=\"\"><a href='https:\/\/mandiner.hu\/cikk\/20210516_egy_egyesulet_a_kisiskolasokat_is_az_lmbtq_ideologiara_nevelne' rel=' nofollow ' target='_blank'>https:\/\/mandiner.hu\/cikk\/20210516_egy_egyesulet_a_kisiskolasokat_is_az_lmbtq_ideologiara_nevelne<\/a><\/td>\n                    <td style=\"\">negat\u00edv<\/td>\n                    <td style=\"\"><\/td>\n                    <td style=\"\"><\/td>\n                    <td style=\"\"><\/td>\n                    <td style=\"\"><\/td>\n            <\/tr>\n            <tr id=\"table_2_row_677\">\n                    <td style=\"\">2021.05.17<\/td>\n                    <td style=\"\"><a href='https:\/\/magyarnemzet.hu\/' rel=' nofollow ' target='_blank'>https:\/\/magyarnemzet.hu\/<\/a><\/td>\n                    <td style=\"\">Kincses Krisztina<\/td>\n                    <td style=\"\">A kisiskol\u00e1sokat t\u00e1madn\u00e1 az LMBTQ-lobbi<\/td>\n                    <td style=\"\">publicisztika<\/td>\n                    <td style=\"\"><a href='https:\/\/magyarnemzet.hu\/poszt-trauma\/a-kisiskolasokat-tamadna-az-lmbtq-lobbi-9812381\/' rel=' nofollow ' target='_blank'>https:\/\/magyarnemzet.hu\/poszt-trauma\/a-kisiskolasokat-tamadna-az-lmbtq-lobbi-9812381\/<\/a><\/td>\n                    <td style=\"\">negat\u00edv<\/td>\n                    <td style=\"\"><\/td>\n                    <td style=\"\"><\/td>\n                    <td style=\"\"><\/td>\n                    <td style=\"\"><\/td>\n            <\/tr>\n            <tr id=\"table_2_row_678\">\n                    <td style=\"\">2021.05.17<\/td>\n                    <td style=\"\"><a href='https:\/\/magyarnemzet.hu\/' rel=' nofollow ' target='_blank'>https:\/\/magyarnemzet.hu\/<\/a><\/td>\n                    <td style=\"\">Kincses Krisztina<\/td>\n                    <td style=\"\">Szakemberekkel \u00e9rz\u00e9keny\u00edten\u00e9k a kisiskol\u00e1sokat<\/td>\n                    <td style=\"\">publicisztika<\/td>\n                    <td style=\"\"><a href='https:\/\/magyarnemzet.hu\/belfold\/szakemberekkel-erzekenyitenek-a-kisiskolasokat-9813920\/' rel=' nofollow ' target='_blank'>https:\/\/magyarnemzet.hu\/belfold\/szakemberekkel-erzekenyitenek-a-kisiskolasokat-9813920\/<\/a><\/td>\n                    <td style=\"\">negat\u00edv<\/td>\n                    <td style=\"\"><\/td>\n                    <td style=\"\"><\/td>\n                    <td style=\"\"><\/td>\n                    <td style=\"\"><\/td>\n            <\/tr>\n            <tr id=\"table_2_row_679\">\n                    <td style=\"\">2021.05.19<\/td>\n                    <td style=\"\"><a href='https:\/\/humenonline.hu\/' rel=' nofollow ' target='_blank'>https:\/\/humenonline.hu\/<\/a><\/td>\n                    <td style=\"\">Kanics\u00e1r \u00c1d\u00e1m Andr\u00e1s<\/td>\n                    <td style=\"\">Mesemester \u2013 Interj\u00fa Nagy M. Boldizs\u00e1r szerkeszt\u0151vel \u00e9s kritikussal<\/td>\n                    <td style=\"\">interj\u00fa<\/td>\n                    <td style=\"\"><a href='https:\/\/humenonline.hu\/mesemester-interju-nagy-m-boldizsar-szerkesztovel-es-kritikussal\/' rel=' nofollow ' target='_blank'>https:\/\/humenonline.hu\/mesemester-interju-nagy-m-boldizsar-szerkesztovel-es-kritikussal\/<\/a><\/td>\n                    <td style=\"\">pozit\u00edv<\/td>\n                    <td style=\"\"><\/td>\n                    <td style=\"\"><\/td>\n                    <td style=\"\"><\/td>\n                    <td style=\"\">Interj\u00fa Nagy M. Boldizs\u00e1rral a Humen Magazin febru\u00e1ri sz\u00e1m\u00e1b\u00f3l<\/td>\n            <\/tr>\n            <tr id=\"table_2_row_680\">\n                    <td style=\"\">2021.05.19<\/td>\n                    <td style=\"\"><a href='https:\/\/humenonline.hu\/' rel=' nofollow ' target='_blank'>https:\/\/humenonline.hu\/<\/a><\/td>\n                    <td style=\"\">Kanics\u00e1r \u00c1d\u00e1m Andr\u00e1s<\/td>\n                    <td style=\"\">The Fable Master \u2013 Interview with editor and literary critic Boldizs\u00e1r M. Nagy<\/td>\n                    <td style=\"\">interj\u00fa<\/td>\n                    <td style=\"\"><a href='https:\/\/humenonline.hu\/the-fable-master-interview-with-editor-and-literary-critic-boldizsar-m-nagy\/' rel=' nofollow ' target='_blank'>https:\/\/humenonline.hu\/the-fable-master-interview-with-editor-and-literary-critic-boldizsar-m-nagy\/<\/a><\/td>\n                    <td style=\"\">pozit\u00edv<\/td>\n                    <td style=\"\"><\/td>\n                    <td style=\"\">igen<\/td>\n                    <td style=\"\">angol<\/td>\n                    <td style=\"\">Interj\u00fa Nagy M. Boldizs\u00e1rral, a fenti interj\u00fa ford\u00edt\u00e1sa<\/td>\n            <\/tr>\n            <tr id=\"table_2_row_681\">\n                    <td style=\"\">2021.05.24<\/td>\n                    <td style=\"\"><a href='https:\/\/telex.hu\/' rel=' nofollow ' target='_blank'>https:\/\/telex.hu\/<\/a><\/td>\n                    <td style=\"\"><\/td>\n                    <td style=\"\">Az elnyomott heter\u00f3, feh\u00e9r f\u00e9rfi \u00e9s a genderfluid \u00f3vod\u00e1sok: hogyan v\u00e1lt identit\u00e1sok harc\u00e1v\u00e1 a politika?<\/td>\n                    <td style=\"\">vide\u00f3<\/td>\n                    <td style=\"\"><a href='https:\/\/telex.hu\/video\/2021\/05\/24\/telexikon-identitaspolitika-gender-lmbtq-harc-animacio' rel=' nofollow ' target='_blank'>https:\/\/telex.hu\/video\/2021\/05\/24\/telexikon-identitaspolitika-gender-lmbtq-harc-animacio<\/a><\/td>\n                    <td style=\"\">pozit\u00edv<\/td>\n                    <td style=\"\"><\/td>\n                    <td style=\"\"><\/td>\n                    <td style=\"\"><\/td>\n                    <td style=\"\">telexikon<\/td>\n            <\/tr>\n            <tr id=\"table_2_row_682\">\n                    <td style=\"\">2021.05.25<\/td>\n                    <td style=\"\"><a href='https:\/\/magyarnemzet.hu\/' rel=' nofollow ' target='_blank'>https:\/\/magyarnemzet.hu\/<\/a><\/td>\n                    <td style=\"\">N\u00e9meth Gy\u00f6rgy<\/td>\n                    <td style=\"\">A 444 \u00e9s a laposf\u00f6ldelm\u00e9let<\/td>\n                    <td style=\"\">publicisztika<\/td>\n                    <td style=\"\"><a href='https:\/\/magyarnemzet.hu\/velemeny\/a-444-es-a-laposfoldelmelet-9843803\/' rel=' nofollow ' target='_blank'>https:\/\/magyarnemzet.hu\/velemeny\/a-444-es-a-laposfoldelmelet-9843803\/<\/a><\/td>\n                    <td style=\"\">negat\u00edv<\/td>\n                    <td style=\"\"><\/td>\n                    <td style=\"\"><\/td>\n                    <td style=\"\"><\/td>\n                    <td style=\"\"><\/td>\n            <\/tr>\n            <tr id=\"table_2_row_683\">\n                    <td style=\"\">2021.05.26<\/td>\n                    <td style=\"\"><a href='https:\/\/konyvesmagazin.hu\/' rel=' nofollow ' target='_blank'>https:\/\/konyvesmagazin.hu\/<\/a><\/td>\n                    <td style=\"\">ro<\/td>\n                    <td style=\"\">Ezek a k\u00f6nyvek es\u00e9lyesek az \u00c9v Gyerekk\u00f6nyve D\u00edjra!<\/td>\n                    <td style=\"\">h\u00edr, besz\u00e1mol\u00f3, r\u00f6vid cikk<\/td>\n                    <td style=\"\"><a href='https:\/\/konyvesmagazin.hu\/gyerekirodalom\/hubby_ev_gyerekkonyve_dij_shortlist_1.html' rel=' nofollow ' target='_blank'>https:\/\/konyvesmagazin.hu\/gyerekirodalom\/hubby_ev_gyerekkonyve_dij_shortlist_1.html<\/a><\/td>\n                    <td style=\"\">pozit\u00edv<\/td>\n                    <td style=\"\"><\/td>\n                    <td style=\"\"><\/td>\n                    <td style=\"\"><\/td>\n                    <td style=\"\"><\/td>\n            <\/tr>\n            <tr id=\"table_2_row_684\">\n                    <td style=\"\">2021.05.26<\/td>\n                    <td style=\"\"><a href='http:\/\/gyermekirodalom.hu\/' rel=' nofollow ' target='_blank'>http:\/\/gyermekirodalom.hu\/<\/a><\/td>\n                    <td style=\"\">Wittmann Ildik\u00f3<\/td>\n                    <td style=\"\">Minden id\u0151k legjelent\u0151sebb magyar r\u00e9szv\u00e9tele v\u00e1rhat\u00f3 az idei Pozsonyi Illusztr\u00e1ci\u00f3s Bienn\u00e1l\u00e9n<\/td>\n                    <td style=\"\">h\u00edr, besz\u00e1mol\u00f3, r\u00f6vid cikk<\/td>\n                    <td style=\"\"><a href='http:\/\/gyermekirodalom.hu\/?p=12444' rel=' nofollow ' target='_blank'>http:\/\/gyermekirodalom.hu\/?p=12444<\/a><\/td>\n                    <td style=\"\">pozit\u00edv<\/td>\n                    <td style=\"\"><\/td>\n                    <td style=\"\"><\/td>\n                    <td style=\"\"><\/td>\n                    <td style=\"\"><\/td>\n            <\/tr>\n            <tr id=\"table_2_row_685\">\n                    <td style=\"\">2021.05.28<\/td>\n                    <td style=\"\"><a href='https:\/\/vasarnap.hu\/' rel=' nofollow ' target='_blank'>https:\/\/vasarnap.hu\/<\/a><\/td>\n                    <td style=\"\">Francesca Capoccia<\/td>\n                    <td style=\"\">Pride h\u00f3nap a gyerekszob\u00e1ban<\/td>\n                    <td style=\"\">v\u00e9lem\u00e9ny<\/td>\n                    <td style=\"\"><a href='https:\/\/vasarnap.hu\/2021\/05\/28\/francesca-rivafinoli-pride-honap-a-gyerekszobaban\/' rel=' nofollow ' target='_blank'>https:\/\/vasarnap.hu\/2021\/05\/28\/francesca-rivafinoli-pride-honap-a-gyerekszobaban\/<\/a><\/td>\n                    <td style=\"\">negat\u00edv<\/td>\n                    <td style=\"\"><\/td>\n                    <td style=\"\"><\/td>\n                    <td style=\"\"><\/td>\n                    <td style=\"\"><\/td>\n            <\/tr>\n            <tr id=\"table_2_row_686\">\n                    <td style=\"\">2021.05.30<\/td>\n                    <td style=\"\"><a href='https:\/\/444.hu\/' rel=' nofollow ' target='_blank'>https:\/\/444.hu\/<\/a><\/td>\n                    <td style=\"\">F\u0151di Kitti<\/td>\n                    <td style=\"\">Megjelent az els\u0151, sziv\u00e1rv\u00e1nycsal\u00e1dokr\u00f3l sz\u00f3l\u00f3 mesek\u00f6nyv<\/td>\n                    <td style=\"\">h\u00edr, besz\u00e1mol\u00f3, r\u00f6vid cikk<\/td>\n                    <td style=\"\"><a href='https:\/\/444.hu\/2021\/05\/30\/megjelent-az-elso-szivarvanycsaladokrol-szolo-mesekonyv' rel=' nofollow ' target='_blank'>https:\/\/444.hu\/2021\/05\/30\/megjelent-az-elso-szivarvanycsaladokrol-szolo-mesekonyv<\/a><\/td>\n                    <td style=\"\">pozit\u00edv<\/td>\n                    <td style=\"\"><\/td>\n                    <td style=\"\"><\/td>\n                    <td style=\"\"><\/td>\n                    <td style=\"\"><\/td>\n            <\/tr>\n            <tr id=\"table_2_row_687\">\n                    <td style=\"\">2021.05.30<\/td>\n                    <td style=\"\"><a href='https:\/\/magyarnarancs.hu\/' rel=' nofollow ' target='_blank'>https:\/\/magyarnarancs.hu\/<\/a><\/td>\n                    <td style=\"\"><\/td>\n                    <td style=\"\">Megjelent az orsz\u00e1g els\u0151 sziv\u00e1rv\u00e1nycsal\u00e1dos mesek\u00f6nyve, Micsoda csal\u00e1d! c\u00edmmel<\/td>\n                    <td style=\"\">h\u00edr, besz\u00e1mol\u00f3, r\u00f6vid cikk<\/td>\n                    <td style=\"\"><a href='https:\/\/magyarnarancs.hu\/belpol\/megjelent-az-orszag-elso-szivarvanycsalados-mesekonyve-micsoda-csalad-cimmel-238875' rel=' nofollow ' target='_blank'>https:\/\/magyarnarancs.hu\/belpol\/megjelent-az-orszag-elso-szivarvanycsalados-mesekonyve-micsoda-csalad-cimmel-238875<\/a><\/td>\n                    <td style=\"\">pozit\u00edv<\/td>\n                    <td style=\"\"><\/td>\n                    <td style=\"\"><\/td>\n                    <td style=\"\"><\/td>\n                    <td style=\"\"><\/td>\n            <\/tr>\n            <tr id=\"table_2_row_688\">\n                    <td style=\"\">2021.05.30<\/td>\n                    <td style=\"\"><a href='https:\/\/telex.hu\/' rel=' nofollow ' target='_blank'>https:\/\/telex.hu\/<\/a><\/td>\n                    <td style=\"\">Nyilas Gergely<\/td>\n                    <td style=\"\">A Meseorsz\u00e1g mindenki\u00e9 ut\u00e1n \u00fajabb sziv\u00e1rv\u00e1nyos mesek\u00f6nyv jelent meg<\/td>\n                    <td style=\"\">h\u00edr, besz\u00e1mol\u00f3, r\u00f6vid cikk<\/td>\n                    <td style=\"\"><a href='https:\/\/telex.hu\/szorakozas\/2021\/05\/30\/a-meseorszag-mindenkie-utan-ujabb-szivarvanyos-mesekonyv-jelent-meg' rel=' nofollow ' target='_blank'>https:\/\/telex.hu\/szorakozas\/2021\/05\/30\/a-meseorszag-mindenkie-utan-ujabb-szivarvanyos-mesekonyv-jelent-meg<\/a><\/td>\n                    <td style=\"\">pozit\u00edv<\/td>\n                    <td style=\"\"><\/td>\n                    <td style=\"\"><\/td>\n                    <td style=\"\"><\/td>\n                    <td style=\"\"><\/td>\n            <\/tr>\n            <tr id=\"table_2_row_689\">\n                    <td style=\"\">2021.05.30<\/td>\n                    <td style=\"\"><a href='https:\/\/magyarnemzet.hu\/' rel=' nofollow ' target='_blank'>https:\/\/magyarnemzet.hu\/<\/a><\/td>\n                    <td style=\"\"><\/td>\n                    <td style=\"\">A gyereknapon jelent meg az \u00faj LMBTQ-mesek\u00f6nyv<\/td>\n                    <td style=\"\">h\u00edr, besz\u00e1mol\u00f3, r\u00f6vid cikk<\/td>\n                    <td style=\"\"><a href='https:\/\/magyarnemzet.hu\/belfold\/gyereknapon-jelent-meg-az-uj-lmbtq-mesekonyv-9867143\/' rel=' nofollow ' target='_blank'>https:\/\/magyarnemzet.hu\/belfold\/gyereknapon-jelent-meg-az-uj-lmbtq-mesekonyv-9867143\/<\/a><\/td>\n                    <td style=\"\">negat\u00edv<\/td>\n                    <td style=\"\"><\/td>\n                    <td style=\"\"><\/td>\n                    <td style=\"\"><\/td>\n                    <td style=\"\"><\/td>\n            <\/tr>\n            <tr id=\"table_2_row_690\">\n                    <td style=\"\">2021.06.01<\/td>\n                    <td style=\"\"><a href='https:\/\/magyarnemzet.hu\/' rel=' nofollow ' target='_blank'>https:\/\/magyarnemzet.hu\/<\/a><\/td>\n                    <td style=\"\">Kincses Krisztina<\/td>\n                    <td style=\"\">Micsoda csal\u00e1d! \u2013 \u00fajabb mesek\u00f6nyvvel \u00e9rz\u00e9keny\u00edtene az LMBTQ-lobbi<\/td>\n                    <td style=\"\">h\u00edr, besz\u00e1mol\u00f3, r\u00f6vid cikk<\/td>\n                    <td style=\"\"><a href='https:\/\/magyarnemzet.hu\/belfold\/micsoda-csalad-ujabb-mesekonyvvel-erzekenyitene-az-lmbtq-lobbi-9873302\/' rel=' nofollow ' target='_blank'>https:\/\/magyarnemzet.hu\/belfold\/micsoda-csalad-ujabb-mesekonyvvel-erzekenyitene-az-lmbtq-lobbi-9873302\/<\/a><\/td>\n                    <td style=\"\">negat\u00edv<\/td>\n                    <td style=\"\"><\/td>\n                    <td style=\"\"><\/td>\n                    <td style=\"\"><\/td>\n                    <td style=\"\"><\/td>\n            <\/tr>\n            <tr id=\"table_2_row_691\">\n                    <td style=\"\">2021.06.01<\/td>\n                    <td style=\"\"><a href='https:\/\/vasarnap.hu\/' rel=' nofollow ' target='_blank'>https:\/\/vasarnap.hu\/<\/a><\/td>\n                    <td style=\"\"><\/td>\n                    <td style=\"\">Schittl Eszter: A genderlobbi visszaford\u00edthatatlan k\u00e1rokat okozhat a gyerekekben<\/td>\n                    <td style=\"\">v\u00e9lem\u00e9ny<\/td>\n                    <td style=\"\"><a href='https:\/\/vasarnap.hu\/2021\/06\/01\/schittl-eszter-a-genderlobbi-visszafordithatatlan-karokat-okozhat-a-gyerekekben\/' rel=' nofollow ' target='_blank'>https:\/\/vasarnap.hu\/2021\/06\/01\/schittl-eszter-a-genderlobbi-visszafordithatatlan-karokat-okozhat-a-gyerekekben\/<\/a><\/td>\n                    <td style=\"\">negat\u00edv<\/td>\n                    <td style=\"\"><\/td>\n                    <td style=\"\"><\/td>\n                    <td style=\"\"><\/td>\n                    <td style=\"\">Schittl Eszter konferenci\u00e1n elhangzott v\u00e9lem\u00e9nye<\/td>\n            <\/tr>\n            <tr id=\"table_2_row_692\">\n                    <td style=\"\">2021.06.02<\/td>\n                    <td style=\"\"><a href='https:\/\/alfahir.hu\/' rel=' nofollow ' target='_blank'>https:\/\/alfahir.hu\/<\/a><\/td>\n                    <td style=\"\">K\u00f6ller Krist\u00f3f<\/td>\n                    <td style=\"\">Egy mesek\u00f6nyv, ami megmutatja, nem mese: az azonos nem\u0171ek is \u00fagy \u00e9lnek, mint a heteroszexu\u00e1lis csal\u00e1dok<\/td>\n                    <td style=\"\">interj\u00fa<\/td>\n                    <td style=\"\"><a href='https:\/\/alfahir.hu\/2021\/06\/02\/micsoda_csalad_mesekonyv_kultura_interju_meseorszag_mindenkie_lmbtq_szivarvanycsaladok' rel=' nofollow ' target='_blank'>https:\/\/alfahir.hu\/2021\/06\/02\/micsoda_csalad_mesekonyv_kultura_interju_meseorszag_mindenkie_lmbtq_szivarvanycsaladok<\/a><\/td>\n                    <td style=\"\">pozit\u00edv<\/td>\n                    <td style=\"\"><\/td>\n                    <td style=\"\"><\/td>\n                    <td style=\"\"><\/td>\n                    <td style=\"\">Interj\u00fa Nagy M. Boldizs\u00e1rral<\/td>\n            <\/tr>\n            <tr id=\"table_2_row_693\">\n                    <td style=\"\">2021.06.03<\/td>\n                    <td style=\"\"><a href='https:\/\/eletforma.hu\/' rel=' nofollow ' target='_blank'>https:\/\/eletforma.hu\/<\/a><\/td>\n                    <td style=\"\">Balogh Edina<\/td>\n                    <td style=\"\">\u201eElhitette velem a rendszer, hogy a melegs\u00e9g mellett, m\u00e9g a cig\u00e1nys\u00e1g miatt is als\u00f3bbrend\u0171bbnek kell \u00e9reznem magam\u201d<\/td>\n                    <td style=\"\">interj\u00fa<\/td>\n                    <td style=\"\"><a href='https:\/\/eletforma.hu\/kul-tour\/elhitette-velem-a-rendszer-hogy-a-melegseg-mellett-meg-a-ciganysag-miatt-is-alsobbrendubbnek-kell-ereznem-magam\/' rel=' nofollow ' target='_blank'>https:\/\/eletforma.hu\/kul-tour\/elhitette-velem-a-rendszer-hogy-a-melegseg-mellett-meg-a-ciganysag-miatt-is-alsobbrendubbnek-kell-ereznem-magam\/<\/a><\/td>\n                    <td style=\"\">pozit\u00edv<\/td>\n                    <td style=\"\"><\/td>\n                    <td style=\"\"><\/td>\n                    <td style=\"\"><\/td>\n                    <td style=\"\">Interj\u00fa Nagy M. Boldizs\u00e1rral<\/td>\n            <\/tr>\n            <tr id=\"table_2_row_694\">\n                    <td style=\"\">2021.06.04<\/td>\n                    <td style=\"\"><a href='https:\/\/www.facebook.com\/' rel=' nofollow ' target='_blank'>https:\/\/www.facebook.com\/<\/a><\/td>\n                    <td style=\"\">Sziv\u00e1rv\u00e1nycsal\u00e1dok\u00e9rt Alap\u00edtv\u00e1ny<\/td>\n                    <td style=\"\">Micsoda csal\u00e1d k\u00f6nyvbemutat\u00f3<\/td>\n                    <td style=\"\">vide\u00f3<\/td>\n                    <td style=\"\"><a href='https:\/\/www.facebook.com\/szivarvanycsaladokert\/videos\/166047218865434\/' rel=' nofollow ' target='_blank'>https:\/\/www.facebook.com\/szivarvanycsaladokert\/videos\/166047218865434\/<\/a><\/td>\n                    <td style=\"\">pozit\u00edv<\/td>\n                    <td style=\"\">fb<\/td>\n                    <td style=\"\"><\/td>\n                    <td style=\"\"><\/td>\n                    <td style=\"\"><\/td>\n            <\/tr>\n            <tr id=\"table_2_row_695\">\n                    <td style=\"\">2021.06.08<\/td>\n                    <td style=\"\"><a href='https:\/\/magyarnarancs.hu\/' rel=' nofollow ' target='_blank'>https:\/\/magyarnarancs.hu\/<\/a><\/td>\n                    <td style=\"\"><\/td>\n                    <td style=\"\">Nemcsak Meseorsz\u00e1g, az online t\u00e1rskeres\u00e9s is mindenki\u00e9<\/td>\n                    <td style=\"\">h\u00edr, besz\u00e1mol\u00f3, r\u00f6vid cikk<\/td>\n                    <td style=\"\"><a href='https:\/\/magyarnarancs.hu\/mikrofilm\/nemcsak-meseorszag-az-online-tarskereses-is-mindenkie-239107' rel=' nofollow ' target='_blank'>https:\/\/magyarnarancs.hu\/mikrofilm\/nemcsak-meseorszag-az-online-tarskereses-is-mindenkie-239107<\/a><\/td>\n                    <td style=\"\">pozit\u00edv<\/td>\n                    <td style=\"\"><\/td>\n                    <td style=\"\"><\/td>\n                    <td style=\"\"><\/td>\n                    <td style=\"\"><\/td>\n            <\/tr>\n            <tr id=\"table_2_row_696\">\n                    <td style=\"\">2021.06.10<\/td>\n                    <td style=\"\"><a href='https:\/\/telex.hu\/' rel=' nofollow ' target='_blank'>https:\/\/telex.hu\/<\/a><\/td>\n                    <td style=\"\">Jo\u00f3b S\u00e1ndor, Janecsk\u00f3 Kata<\/td>\n                    <td style=\"\">\u00daj korm\u00e1nyp\u00e1rti javaslatok a pedofilt\u00f6rv\u00e9nyhez: tilos lenne 18 \u00e9ven aluliaknak bemutatni a homoszexualit\u00e1st \u00e9s a nemv\u00e1lt\u00e1st<\/td>\n                    <td style=\"\">h\u00edr, besz\u00e1mol\u00f3, r\u00f6vid cikk<\/td>\n                    <td style=\"\"><a href='https:\/\/telex.hu\/belfold\/2021\/06\/10\/pedofil-ellenes-torvenyjavaslat-homoszexualitas-lmbtq-felvilagositas-szuletesi-nem-nemvaltoztatas' rel=' nofollow ' target='_blank'>https:\/\/telex.hu\/belfold\/2021\/06\/10\/pedofil-ellenes-torvenyjavaslat-homoszexualitas-lmbtq-felvilagositas-szuletesi-nem-nemvaltoztatas<\/a><\/td>\n                    <td style=\"\">pozit\u00edv<\/td>\n                    <td style=\"\"><\/td>\n                    <td style=\"\"><\/td>\n                    <td style=\"\"><\/td>\n                    <td style=\"\"><\/td>\n            <\/tr>\n            <tr id=\"table_2_row_697\">\n                    <td style=\"\">2021.06.11<\/td>\n                    <td style=\"\"><a href='https:\/\/magyarnemzet.hu\/' rel=' nofollow ' target='_blank'>https:\/\/magyarnemzet.hu\/<\/a><\/td>\n                    <td style=\"\">Horv\u00e1th J\u00f3zsef<\/td>\n                    <td style=\"\">Az \u00fagynevezett \u00e9rz\u00e9keny\u00edt\u00e9s az \u00e1llam immunrendszer\u00e9nek a t\u00f6nkret\u00e9tele<\/td>\n                    <td style=\"\">publicisztika<\/td>\n                    <td style=\"\"><a href='https:\/\/magyarnemzet.hu\/velemeny\/az-ugynevezett-erzekenyites-az-allam-immunrendszerenek-a-tonkretetele-9924131\/' rel=' nofollow ' target='_blank'>https:\/\/magyarnemzet.hu\/velemeny\/az-ugynevezett-erzekenyites-az-allam-immunrendszerenek-a-tonkretetele-9924131\/<\/a><\/td>\n                    <td style=\"\">negat\u00edv<\/td>\n                    <td style=\"\"><\/td>\n                    <td style=\"\"><\/td>\n                    <td style=\"\"><\/td>\n                    <td style=\"\"><\/td>\n            <\/tr>\n            <tr id=\"table_2_row_698\">\n                    <td style=\"\">2021.06.16<\/td>\n                    <td style=\"\"><a href='https:\/\/xtramagazine.com\/' rel=' nofollow ' target='_blank'>https:\/\/xtramagazine.com\/<\/a><\/td>\n                    <td style=\"\">Paul Gallant<\/td>\n                    <td style=\"\">When a right-winger in Hungary ripped up a book of inclusive fairy tales, she sent it straight up the bestsellers list<\/td>\n                    <td style=\"\">v\u00e9lem\u00e9ny<\/td>\n                    <td style=\"\"><a href='https:\/\/xtramagazine.com\/culture\/books\/fairy-tales-for-everyone-controversy-202844' rel=' nofollow ' target='_blank'>https:\/\/xtramagazine.com\/culture\/books\/fairy-tales-for-everyone-controversy-202844<\/a><\/td>\n                    <td style=\"\">pozit\u00edv<\/td>\n                    <td style=\"\"><\/td>\n                    <td style=\"\">igen<\/td>\n                    <td style=\"\">angol<\/td>\n                    <td style=\"\">a Magyar korm\u00e1ny lmbtq+ ellenes politik\u00e1j\u00e1r\u00f3l<\/td>\n            <\/tr>\n            <tr id=\"table_2_row_699\">\n                    <td style=\"\">2021.06.18<\/td>\n                    <td style=\"\"><a href='https:\/\/konyvesmagazin.hu\/' rel=' nofollow ' target='_blank'>https:\/\/konyvesmagazin.hu\/<\/a><\/td>\n                    <td style=\"\">sa<\/td>\n                    <td style=\"\">F\u00e9lelemr\u0151l \u00e9s t\u00e1mogat\u00e1sr\u00f3l \u00edrt a Micsoda csal\u00e1d! szerz\u0151je a magyar homof\u00f3b korl\u00e1toz\u00e1sok miatt<\/td>\n                    <td style=\"\">h\u00edr, besz\u00e1mol\u00f3, r\u00f6vid cikk<\/td>\n                    <td style=\"\"><a href='https:\/\/konyvesmagazin.hu\/friss\/micsoda_csalad_homofob_torveny_lawrence_schimel_sikerlista.html' rel=' nofollow ' target='_blank'>https:\/\/konyvesmagazin.hu\/friss\/micsoda_csalad_homofob_torveny_lawrence_schimel_sikerlista.html<\/a><\/td>\n                    <td style=\"\">pozit\u00edv<\/td>\n                    <td style=\"\"><\/td>\n                    <td style=\"\"><\/td>\n                    <td style=\"\"><\/td>\n                    <td style=\"\"><\/td>\n            <\/tr>\n            <tr id=\"table_2_row_700\">\n                    <td style=\"\">2021.06.28<\/td>\n                    <td style=\"\"><a href='https:\/\/www.hs.fi\/' rel=' nofollow ' target='_blank'>https:\/\/www.hs.fi\/<\/a><\/td>\n                    <td style=\"\">Matilda Jokinen<\/td>\n                    <td style=\"\">Unkari kielt\u00e4\u00e4 kertomasta homoudesta lapsille osana \u201dpedofilialakia\u201d \u2013 Dorottya R\u00e9dainin lastenkirjaa myyd\u00e4\u00e4n loppuun ja revit\u00e4\u00e4n suorassa l\u00e4hetyksess\u00e4<\/td>\n                    <td style=\"\">interj\u00fa<\/td>\n                    <td style=\"\"><a href='https:\/\/www.hs.fi\/ulkomaat\/art-2000008077985.html' rel=' nofollow ' target='_blank'>https:\/\/www.hs.fi\/ulkomaat\/art-2000008077985.html<\/a><\/td>\n                    <td style=\"\">pozit\u00edv<\/td>\n                    <td style=\"\"><\/td>\n                    <td style=\"\">igen<\/td>\n                    <td style=\"\">finn<\/td>\n                    <td style=\"\">R\u00e9dai D\u00f3ri interj\u00fa<\/td>\n            <\/tr>\n            <tr id=\"table_2_row_701\">\n                    <td style=\"\">2021.07.01<\/td>\n                    <td style=\"\"><a href='https:\/\/www.csdmuenchen.de\/' rel=' nofollow ' target='_blank'>https:\/\/www.csdmuenchen.de\/<\/a><\/td>\n                    <td style=\"\">Anita Koziol<\/td>\n                    <td style=\"\">CSD Munich 2021 Livestream<\/td>\n                    <td style=\"\">vide\u00f3<\/td>\n                    <td style=\"\"><a href='https:\/\/www.csdmuenchen.de\/de\/' rel=' nofollow ' target='_blank'>https:\/\/www.csdmuenchen.de\/de\/<\/a><\/td>\n                    <td style=\"\">pozit\u00edv<\/td>\n                    <td style=\"\"><\/td>\n                    <td style=\"\">igen<\/td>\n                    <td style=\"\">angol, n\u00e9met<\/td>\n                    <td style=\"\">01:21:25 -- 01:22:20 k\u00f6z\u00f6tt n\u00e9h\u00e1ny mondat Magyarorsz\u00e1gr\u00f3l a Meseorsz\u00e1ggal<\/td>\n            <\/tr>\n            <tr id=\"table_2_row_702\">\n                    <td style=\"\">2021.07.01<\/td>\n                    <td style=\"\"><a href='https:\/\/ahea.pitt.edu\/' rel=' nofollow ' target='_blank'>https:\/\/ahea.pitt.edu\/<\/a><\/td>\n                    <td style=\"\">Anna Bentley<\/td>\n                    <td style=\"\">The Fortunes of Hungarian Children\u2019s Literature at Home and in the English-Speaking World<\/td>\n                    <td style=\"\">egy\u00e9b<\/td>\n                    <td style=\"\"><a href='https:\/\/ahea.pitt.edu\/ojs\/index.php\/ahea\/article\/view\/433\/782' rel=' nofollow ' target='_blank'>https:\/\/ahea.pitt.edu\/ojs\/index.php\/ahea\/article\/view\/433\/782<\/a><\/td>\n                    <td style=\"\">pozit\u00edv<\/td>\n                    <td style=\"\"><\/td>\n                    <td style=\"\">igen<\/td>\n                    <td style=\"\">angol<\/td>\n                    <td style=\"\">tanulm\u00e1ny<\/td>\n            <\/tr>\n            <tr id=\"table_2_row_703\">\n                    <td style=\"\">2021.07.01<\/td>\n                    <td style=\"\"><a href='https:\/\/www.facebook.com\/' rel=' nofollow ' target='_blank'>https:\/\/www.facebook.com\/<\/a><\/td>\n                    <td style=\"\">Kov\u00e1cs Brigitta Efi<\/td>\n                    <td style=\"\">Csak az igaz\u00e1n nagyok el\u00e9g nagyok ahhoz, hogy kicsik legyenek...<\/td>\n                    <td style=\"\">interj\u00fa<\/td>\n                    <td style=\"\"><a href='https:\/\/www.facebook.com\/kovacsbrigittaefi\/photos\/pcb.1072497636614026\/1072497566614033' rel=' nofollow ' target='_blank'>https:\/\/www.facebook.com\/kovacsbrigittaefi\/photos\/pcb.1072497636614026\/1072497566614033<\/a><\/td>\n                    <td style=\"\">pozit\u00edv<\/td>\n                    <td style=\"\"><\/td>\n                    <td style=\"\"><\/td>\n                    <td style=\"\"><\/td>\n                    <td style=\"\">R\u00e9dai D\u00f3ri interj\u00fa<\/td>\n            <\/tr>\n            <tr id=\"table_2_row_704\">\n                    <td style=\"\">2021.07.07<\/td>\n                    <td style=\"\"><a href='https:\/\/telex.hu\/' rel=' nofollow ' target='_blank'>https:\/\/telex.hu\/<\/a><\/td>\n                    <td style=\"\">Iv\u00e1n-Nagy Szilvia<\/td>\n                    <td style=\"\">250 ezer forintra b\u00fcntett\u00e9k egy LMBTQ-mesek\u00f6nyv egyik forgalmaz\u00f3j\u00e1t<\/td>\n                    <td style=\"\">h\u00edr, besz\u00e1mol\u00f3, r\u00f6vid cikk<\/td>\n                    <td style=\"\"><a href='https:\/\/telex.hu\/belfold\/2021\/07\/07\/mesekonyv-micsoda-csalad-buntetes-tisztessegtelen-kereskedelmi-gyakorlat' rel=' nofollow ' target='_blank'>https:\/\/telex.hu\/belfold\/2021\/07\/07\/mesekonyv-micsoda-csalad-buntetes-tisztessegtelen-kereskedelmi-gyakorlat<\/a><\/td>\n                    <td style=\"\">semleges<\/td>\n                    <td style=\"\"><\/td>\n                    <td style=\"\"><\/td>\n                    <td style=\"\"><\/td>\n                    <td style=\"\"><\/td>\n            <\/tr>\n            <tr id=\"table_2_row_705\">\n                    <td style=\"\">2021.07.07<\/td>\n                    <td style=\"\"><a href='https:\/\/hvg.hu\/' rel=' nofollow ' target='_blank'>https:\/\/hvg.hu\/<\/a><\/td>\n                    <td style=\"\"><\/td>\n                    <td style=\"\">Megb\u00fcntett\u00e9k egy \u00fajabb sziv\u00e1rv\u00e1nyos mesek\u00f6nyv forgalmaz\u00f3j\u00e1t<\/td>\n                    <td style=\"\">h\u00edr, besz\u00e1mol\u00f3, r\u00f6vid cikk<\/td>\n                    <td style=\"\"><a href='https:\/\/hvg.hu\/elet\/20210707_Megbuntettek_egy_ujabb_szivarvanyos_mesekonyv_forgalmazojat' rel=' nofollow ' target='_blank'>https:\/\/hvg.hu\/elet\/20210707_Megbuntettek_egy_ujabb_szivarvanyos_mesekonyv_forgalmazojat<\/a><\/td>\n                    <td style=\"\">semleges<\/td>\n                    <td style=\"\"><\/td>\n                    <td style=\"\"><\/td>\n                    <td style=\"\"><\/td>\n                    <td style=\"\"><\/td>\n            <\/tr>\n            <tr id=\"table_2_row_706\">\n                    <td style=\"\">2021.07.07<\/td>\n                    <td style=\"\"><a href='https:\/\/thebottomup.it\/' rel=' nofollow ' target='_blank'>https:\/\/thebottomup.it\/<\/a><\/td>\n                    <td style=\"\">Francesca Capoccia<\/td>\n                    <td style=\"\">Ungheria: libert\u00e0 di espressione e diritti LGBT+ sono sempre pi\u00f9 in pericolo<\/td>\n                    <td style=\"\">publicisztika<\/td>\n                    <td style=\"\"><a href='https:\/\/thebottomup.it\/2021\/07\/07\/ungheria-liberta-espressione-stampa-lgbt-intervista' rel=' nofollow ' target='_blank'>https:\/\/thebottomup.it\/2021\/07\/07\/ungheria-liberta-espressione-stampa-lgbt-intervista<\/a><\/td>\n                    <td style=\"\">pozit\u00edv<\/td>\n                    <td style=\"\"><\/td>\n                    <td style=\"\">igen<\/td>\n                    <td style=\"\">olasz<\/td>\n                    <td style=\"\">a gyermekv\u00e9delmi tv nyom\u00e1n, Borgos Ann\u00e1val k\u00e9sz\u00fclt interj\u00faval<\/td>\n            <\/tr>\n            <tr id=\"table_2_row_707\">\n                    <td style=\"\">2021.07.08<\/td>\n                    <td style=\"\"><a href='https:\/\/bit.ly\/' rel=' nofollow ' target='_blank'>https:\/\/bit.ly\/<\/a><\/td>\n                    <td style=\"\">Tagesschau24<\/td>\n                    <td style=\"\">Ungarn macht Ernst: Umstrittenes Anti-Homosexuellen-Gesetz in Kraft<\/td>\n                    <td style=\"\">TV<\/td>\n                    <td style=\"\"><a href='https:\/\/bit.ly\/2UyHd50' rel=' nofollow ' target='_blank'>https:\/\/bit.ly\/2UyHd50<\/a><\/td>\n                    <td style=\"\">pozit\u00edv<\/td>\n                    <td style=\"\"><\/td>\n                    <td style=\"\">igen<\/td>\n                    <td style=\"\">n\u00e9met<\/td>\n                    <td style=\"\">ARD H\u00edrad\u00f3, benne Nagy M. Boldizs\u00e1r, Gergely Vera<\/td>\n            <\/tr>\n            <tr id=\"table_2_row_708\">\n                    <td style=\"\">2021.07.08<\/td>\n                    <td style=\"\"><a href='https:\/\/www.6play.fr\/' rel=' nofollow ' target='_blank'>https:\/\/www.6play.fr\/<\/a><\/td>\n                    <td style=\"\">Le 1245<\/td>\n                    <td style=\"\">Vague d'indignation: La Hongrie adopte une loi anti-LGBT<\/td>\n                    <td style=\"\">TV<\/td>\n                    <td style=\"\"><a href='https:\/\/www.6play.fr\/le-1245-p_1056\/12-45-du-jeudi-08-juillet-c_12880479' rel=' nofollow ' target='_blank'>https:\/\/www.6play.fr\/le-1245-p_1056\/12-45-du-jeudi-08-juillet-c_12880479<\/a><\/td>\n                    <td style=\"\">semleges<\/td>\n                    <td style=\"\"><\/td>\n                    <td style=\"\">igen<\/td>\n                    <td style=\"\">francia<\/td>\n                    <td style=\"\">Benne R\u00e9dai D\u00f3ri nyilatkozik<\/td>\n            <\/tr>\n            <tr id=\"table_2_row_709\">\n                    <td style=\"\">2021.07.08<\/td>\n                    <td style=\"\"><a href='https:\/\/www.irokboltja.hu\/' rel=' nofollow ' target='_blank'>https:\/\/www.irokboltja.hu\/<\/a><\/td>\n                    <td style=\"\"><\/td>\n                    <td style=\"\"><\/td>\n                    <td style=\"\">egy\u00e9b<\/td>\n                    <td style=\"\"><a href='https:\/\/www.irokboltja.hu\/?t=productoverview&amp;kod=11207292' rel=' nofollow ' target='_blank'>https:\/\/www.irokboltja.hu\/?t=productoverview&amp;kod=11207292<\/a><\/td>\n                    <td style=\"\">semleges<\/td>\n                    <td style=\"\"><\/td>\n                    <td style=\"\"><\/td>\n                    <td style=\"\"><\/td>\n                    <td style=\"\">felc\u00edmk\u00e9z\u00e9s<\/td>\n            <\/tr>\n            <tr id=\"table_2_row_710\">\n                    <td style=\"\">2021.07.10<\/td>\n                    <td style=\"\"><a href='https:\/\/telex.hu\/' rel=' nofollow ' target='_blank'>https:\/\/telex.hu\/<\/a><\/td>\n                    <td style=\"\"><\/td>\n                    <td style=\"\">Ez nem gumicsont, hanem a Fidesz-g\u00e9p \u00fczemanyagtart\u00e1lya<\/td>\n                    <td style=\"\">vide\u00f3<\/td>\n                    <td style=\"\"><a href='https:\/\/telex.hu\/video\/2021\/07\/10\/pedofilellenes-melegellenes-torveny-lmbtq-tiltakozas-magyarazo' rel=' nofollow ' target='_blank'>https:\/\/telex.hu\/video\/2021\/07\/10\/pedofilellenes-melegellenes-torveny-lmbtq-tiltakozas-magyarazo<\/a><\/td>\n                    <td style=\"\">pozit\u00edv<\/td>\n                    <td style=\"\"><\/td>\n                    <td style=\"\"><\/td>\n                    <td style=\"\"><\/td>\n                    <td style=\"\">vide\u00f3 a pedofil t\u00f6rv\u00e9nyr\u0151l<\/td>\n            <\/tr>\n            <tr id=\"table_2_row_711\">\n                    <td style=\"\">2021.07.12<\/td>\n                    <td style=\"\"><a href='https:\/\/news.trust.org\/' rel=' nofollow ' target='_blank'>https:\/\/news.trust.org\/<\/a><\/td>\n                    <td style=\"\">Hugo Greenhalgh<\/td>\n                    <td style=\"\">Children's books editor to leave Hungary over anti-LGBT+ law<\/td>\n                    <td style=\"\">h\u00edr, besz\u00e1mol\u00f3, r\u00f6vid cikk<\/td>\n                    <td style=\"\"><a href='https:\/\/news.trust.org\/item\/20210712131550-90k1l\/' rel=' nofollow ' target='_blank'>https:\/\/news.trust.org\/item\/20210712131550-90k1l\/<\/a><\/td>\n                    <td style=\"\">semleges<\/td>\n                    <td style=\"\"><\/td>\n                    <td style=\"\">igen<\/td>\n                    <td style=\"\">angol<\/td>\n                    <td style=\"\">Nagy M. Boldizs\u00e1r megsz\u00f3lal\u00e1saival<\/td>\n            <\/tr>\n            <tr id=\"table_2_row_712\">\n                    <td style=\"\">2021.07.13<\/td>\n                    <td style=\"\"><a href='https:\/\/24.hu\/' rel=' nofollow ' target='_blank'>https:\/\/24.hu\/<\/a><\/td>\n                    <td style=\"\">Jankovics M\u00e1rton<\/td>\n                    <td style=\"\">A Meseorsz\u00e1g mindenki\u00e9 szerkeszt\u0151je nem \u00e9rzi mag\u00e1t biztons\u00e1gban, elhagyja Magyarorsz\u00e1got<\/td>\n                    <td style=\"\">h\u00edr, besz\u00e1mol\u00f3, r\u00f6vid cikk<\/td>\n                    <td style=\"\"><a href='https:\/\/24.hu\/kultura\/2021\/07\/13\/meseorszag-mindenkie-nagy-boldizsar-elhagyja-az-orszagot-melegellenes-torveny\/' rel=' nofollow ' target='_blank'>https:\/\/24.hu\/kultura\/2021\/07\/13\/meseorszag-mindenkie-nagy-boldizsar-elhagyja-az-orszagot-melegellenes-torveny\/<\/a><\/td>\n                    <td style=\"\">semleges<\/td>\n                    <td style=\"\"><\/td>\n                    <td style=\"\"><\/td>\n                    <td style=\"\"><\/td>\n                    <td style=\"\"><\/td>\n            <\/tr>\n            <tr id=\"table_2_row_713\">\n                    <td style=\"\">2021.07.13<\/td>\n                    <td style=\"\"><a href='https:\/\/hvg.hu\/' rel=' nofollow ' target='_blank'>https:\/\/hvg.hu\/<\/a><\/td>\n                    <td style=\"\"><\/td>\n                    <td style=\"\">A Meseorsz\u00e1g mindenki\u00e9 szerkeszt\u0151je, Nagy Boldizs\u00e1r elhagyja Magyarorsz\u00e1go<\/td>\n                    <td style=\"\">h\u00edr, besz\u00e1mol\u00f3, r\u00f6vid cikk<\/td>\n                    <td style=\"\"><a href='https:\/\/hvg.hu\/kultura\/20210713_A_Meseorszag_mindenkie_szerkesztoje_Nagy_Boldizsar_elhagyja_Magyarorszagot' rel=' nofollow ' target='_blank'>https:\/\/hvg.hu\/kultura\/20210713_A_Meseorszag_mindenkie_szerkesztoje_Nagy_Boldizsar_elhagyja_Magyarorszagot<\/a><\/td>\n                    <td style=\"\">semleges<\/td>\n                    <td style=\"\"><\/td>\n                    <td style=\"\"><\/td>\n                    <td style=\"\"><\/td>\n                    <td style=\"\"><\/td>\n            <\/tr>\n            <tr id=\"table_2_row_714\">\n                    <td style=\"\">2021.07.13<\/td>\n                    <td style=\"\"><a href='https:\/\/444.hu\/' rel=' nofollow ' target='_blank'>https:\/\/444.hu\/<\/a><\/td>\n                    <td style=\"\">F\u0151di Kitti<\/td>\n                    <td style=\"\">Elhagyja az orsz\u00e1got a Meseorsz\u00e1g mindenki\u00e9 c\u00edm\u0171 k\u00f6nyv szerkeszt\u0151je<\/td>\n                    <td style=\"\">h\u00edr, besz\u00e1mol\u00f3, r\u00f6vid cikk<\/td>\n                    <td style=\"\"><a href='https:\/\/444.hu\/2021\/07\/13\/elhagyja-az-orszagot-a-meseorszag-mindenkie-cimu-konyv-szerkesztoje-a-halalos-fenyegetesek-miatt' rel=' nofollow ' target='_blank'>https:\/\/444.hu\/2021\/07\/13\/elhagyja-az-orszagot-a-meseorszag-mindenkie-cimu-konyv-szerkesztoje-a-halalos-fenyegetesek-miatt<\/a><\/td>\n                    <td style=\"\">semleges<\/td>\n                    <td style=\"\"><\/td>\n                    <td style=\"\"><\/td>\n                    <td style=\"\"><\/td>\n                    <td style=\"\"><\/td>\n            <\/tr>\n            <tr id=\"table_2_row_715\">\n                    <td style=\"\">2021.07.13<\/td>\n                    <td style=\"\"><a href='https:\/\/www.sueddeutsche.de\/' rel=' nofollow ' target='_blank'>https:\/\/www.sueddeutsche.de\/<\/a><\/td>\n                    <td style=\"\">Von Sarah Zapf<\/td>\n                    <td style=\"\">Kinderbuch-Redakteur verl\u00e4sst Ungarn<\/td>\n                    <td style=\"\">hir r\u00f6vid cikk<\/td>\n                    <td style=\"\"><a href='https:\/\/www.sueddeutsche.de\/kultur\/ungarn-homosexualitaet-kinderbuch-informationsgesetz-1.5350943' rel=' nofollow ' target='_blank'>https:\/\/www.sueddeutsche.de\/kultur\/ungarn-homosexualitaet-kinderbuch-informationsgesetz-1.5350943<\/a><\/td>\n                    <td style=\"\">pozit\u00edv<\/td>\n                    <td style=\"\"><\/td>\n                    <td style=\"\">igen<\/td>\n                    <td style=\"\">n\u00e9met<\/td>\n                    <td style=\"\">h\u00edr arr\u00f3l, hogy a gyerekk\u00f6nyv szerkeszt\u0151je elhagyja Magyarorsz\u00e1got<\/td>\n            <\/tr>\n            <tr id=\"table_2_row_716\">\n                    <td style=\"\">2021.07.15<\/td>\n                    <td style=\"\"><a href='https:\/\/www.instagram.com\/' rel=' nofollow ' target='_blank'>https:\/\/www.instagram.com\/<\/a><\/td>\n                    <td style=\"\">ttt - titel thesen temperamente<\/td>\n                    <td style=\"\">LGBTQ in Ungarn: Kinderbuch-Redakteur verl\u00e4sst das Land<\/td>\n                    <td style=\"\">egy\u00e9b<\/td>\n                    <td style=\"\"><a href='https:\/\/www.instagram.com\/p\/CRWe6VAqJfW\/' rel=' nofollow ' target='_blank'>https:\/\/www.instagram.com\/p\/CRWe6VAqJfW\/<\/a><\/td>\n                    <td style=\"\">pozit\u00edv<\/td>\n                    <td style=\"\">insta<\/td>\n                    <td style=\"\">igen<\/td>\n                    <td style=\"\">n\u00e9met<\/td>\n                    <td style=\"\"><\/td>\n            <\/tr>\n            <tr id=\"table_2_row_717\">\n                    <td style=\"\">2021.07.15<\/td>\n                    <td style=\"\"><a href='https:\/\/www.facebook.com\/' rel=' nofollow ' target='_blank'>https:\/\/www.facebook.com\/<\/a><\/td>\n                    <td style=\"\">ttt - titel thesen temperamente<\/td>\n                    <td style=\"\">Ungarn: F\u00fcr LGBTQ-Personen nicht mehr sicher? Der Kinderbuch-Redakteur Boldizs\u00e1r Nagy und sein Partner verlassen ihre Heimat.<\/td>\n                    <td style=\"\">FB-poszt<\/td>\n                    <td style=\"\"><a href='https:\/\/www.facebook.com\/TitelThesenTemperamente\/photos\/a.140070936029067\/4070019443034177\/' rel=' nofollow ' target='_blank'>https:\/\/www.facebook.com\/TitelThesenTemperamente\/photos\/a.140070936029067\/4070019443034177\/<\/a><\/td>\n                    <td style=\"\">pozit\u00edv<\/td>\n                    <td style=\"\">fb<\/td>\n                    <td style=\"\">igen<\/td>\n                    <td style=\"\">n\u00e9met<\/td>\n                    <td style=\"\"><\/td>\n            <\/tr>\n            <tr id=\"table_2_row_718\">\n                    <td style=\"\">2021.07.15<\/td>\n                    <td style=\"\"><a href='https:\/\/ec.europa.eu\/' rel=' nofollow ' target='_blank'>https:\/\/ec.europa.eu\/<\/a><\/td>\n                    <td style=\"\">Christian Wigand<\/td>\n                    <td style=\"\">Az Eur\u00f3pai Uni\u00f3 alapvet\u0151 \u00e9rt\u00e9kei: a Bizotts\u00e1g jogi l\u00e9p\u00e9seket tesz Magyarorsz\u00e1g \u00e9s Lengyelorsz\u00e1g ellen a LMBTIQ-szem\u00e9lyek alapvet\u0151 jogainak megs\u00e9rt\u00e9se miatt<\/td>\n                    <td style=\"\">h\u00edr, besz\u00e1mol\u00f3, r\u00f6vid cikk<\/td>\n                    <td style=\"\"><a href='https:\/\/ec.europa.eu\/commission\/presscorner\/detail\/hu\/ip_21_3668' rel=' nofollow ' target='_blank'>https:\/\/ec.europa.eu\/commission\/presscorner\/detail\/hu\/ip_21_3668<\/a><\/td>\n                    <td style=\"\">semleges<\/td>\n                    <td style=\"\"><\/td>\n                    <td style=\"\">igen<\/td>\n                    <td style=\"\">angol<\/td>\n                    <td style=\"\"><\/td>\n            <\/tr>\n            <tr id=\"table_2_row_719\">\n                    <td style=\"\">2021.07.15<\/td>\n                    <td style=\"\"><a href='https:\/\/444.hu\/' rel=' nofollow ' target='_blank'>https:\/\/444.hu\/<\/a><\/td>\n                    <td style=\"\">M\u00e9sz\u00e1ros Juli<\/td>\n                    <td style=\"\">Jogs\u00e9rt\u00e9si elj\u00e1r\u00e1s indult Magyarorsz\u00e1ggal szemben a homof\u00f3b m\u00f3dos\u00edt\u00f3kkal tele\u00edrt pedofilt\u00f6rv\u00e9ny miatt<\/td>\n                    <td style=\"\">h\u00edr, besz\u00e1mol\u00f3, r\u00f6vid cikk<\/td>\n                    <td style=\"\"><a href='https:\/\/444.hu\/2021\/07\/15\/jogsertesi-eljaras-indult-magyarorszaggal-szemben-a-homofob-modositokkal-teleirt-pedofiltorveny-miatt' rel=' nofollow ' target='_blank'>https:\/\/444.hu\/2021\/07\/15\/jogsertesi-eljaras-indult-magyarorszaggal-szemben-a-homofob-modositokkal-teleirt-pedofiltorveny-miatt<\/a><\/td>\n                    <td style=\"\">semleges<\/td>\n                    <td style=\"\"><\/td>\n                    <td style=\"\"><\/td>\n                    <td style=\"\"><\/td>\n                    <td style=\"\">Az EU \u00e1ll\u00e1sfoglal\u00e1sa a pedofil t\u00f6rv\u00e9nyr\u0151l<\/td>\n            <\/tr>\n            <tr id=\"table_2_row_720\">\n                    <td style=\"\">2021.07.20<\/td>\n                    <td style=\"\"><a href='https:\/\/www.sn.at\/' rel=' nofollow ' target='_blank'>https:\/\/www.sn.at\/<\/a><\/td>\n                    <td style=\"\">Gudrun Doringer<\/td>\n                    <td style=\"\">H\u00e4ndchen halten oder nicht? Wie es ist, in Ungarn schwul zu sein<\/td>\n                    <td style=\"\">interj\u00fa<\/td>\n                    <td style=\"\"><a href='https:\/\/www.sn.at\/politik\/weltpolitik\/haendchen-halten-oder-nicht-wie-es-ist-in-ungarn-schwul-zu-sein-106860538' rel=' nofollow ' target='_blank'>https:\/\/www.sn.at\/politik\/weltpolitik\/haendchen-halten-oder-nicht-wie-es-ist-in-ungarn-schwul-zu-sein-106860538<\/a><\/td>\n                    <td style=\"\">pozit\u00edv<\/td>\n                    <td style=\"\"><\/td>\n                    <td style=\"\">igen<\/td>\n                    <td style=\"\">n\u00e9met<\/td>\n                    <td style=\"\">Interj\u00fa Nagy M. Boldizs\u00e1rral<\/td>\n            <\/tr>\n            <tr id=\"table_2_row_721\">\n                    <td style=\"\">2021.07.21<\/td>\n                    <td style=\"\"><a href='https:\/\/www.etc.se\/' rel=' nofollow ' target='_blank'>https:\/\/www.etc.se\/<\/a><\/td>\n                    <td style=\"\">Adolfo Diaz<\/td>\n                    <td style=\"\">Flyr Ungern \u2013 men \u00e4r hoppfull om framtiden<\/td>\n                    <td style=\"\">interj\u00fa<\/td>\n                    <td style=\"\"><a href='https:\/\/www.etc.se\/kultur-noje\/han-flyr-men-ar-hoppfull-om-framtiden' rel=' nofollow ' target='_blank'>https:\/\/www.etc.se\/kultur-noje\/han-flyr-men-ar-hoppfull-om-framtiden<\/a><\/td>\n                    <td style=\"\">pozit\u00edv<\/td>\n                    <td style=\"\"><\/td>\n                    <td style=\"\">igen<\/td>\n                    <td style=\"\">sv\u00e9d<\/td>\n                    <td style=\"\">Interj\u00fa Nagy M. Boldizs\u00e1rral<\/td>\n            <\/tr>\n            <tr id=\"table_2_row_722\">\n                    <td style=\"\">2021.07.22<\/td>\n                    <td style=\"\"><a href='https:\/\/www.dw.com\/' rel=' nofollow ' target='_blank'>https:\/\/www.dw.com\/<\/a><\/td>\n                    <td style=\"\">Felix Schlagwein<\/td>\n                    <td style=\"\">Hungary's LGBTQ community: 'We are afraid of losing everything'<\/td>\n                    <td style=\"\">publicisztika<\/td>\n                    <td style=\"\"><a href='https:\/\/www.dw.com\/en\/hungarys-lgbtq-community-we-are-afraid-of-losing-everything\/a-58587007' rel=' nofollow ' target='_blank'>https:\/\/www.dw.com\/en\/hungarys-lgbtq-community-we-are-afraid-of-losing-everything\/a-58587007<\/a><\/td>\n                    <td style=\"\">pozit\u00edv<\/td>\n                    <td style=\"\"><\/td>\n                    <td style=\"\">igen<\/td>\n                    <td style=\"\">angol<\/td>\n                    <td style=\"\"><\/td>\n            <\/tr>\n            <tr id=\"table_2_row_723\">\n                    <td style=\"\">2021.07.22<\/td>\n                    <td style=\"\"><a href='https:\/\/news.sky.com\/' rel=' nofollow ' target='_blank'>https:\/\/news.sky.com\/<\/a><\/td>\n                    <td style=\"\">Dermot Murnaghan<\/td>\n                    <td style=\"\">Can homophobic policies win elections?<\/td>\n                    <td style=\"\">interj\u00fa<\/td>\n                    <td style=\"\"><a href='https:\/\/news.sky.com\/story\/can-homophobic-policies-win-elections-12360637' rel=' nofollow ' target='_blank'>https:\/\/news.sky.com\/story\/can-homophobic-policies-win-elections-12360637<\/a><\/td>\n                    <td style=\"\">pozit\u00edv<\/td>\n                    <td style=\"\"><\/td>\n                    <td style=\"\">igen<\/td>\n                    <td style=\"\">angol<\/td>\n                    <td style=\"\">Podcast, benne Nagy M. Boldizs\u00e1r<\/td>\n            <\/tr>\n            <tr id=\"table_2_row_724\">\n                    <td style=\"\">2021.07.23<\/td>\n                    <td style=\"\"><a href='https:\/\/www.bloomberg.com\/' rel=' nofollow ' target='_blank'>https:\/\/www.bloomberg.com\/<\/a><\/td>\n                    <td style=\"\">Veronika Gulyas, Flavia Krause-Jackson, Zoltan Simon<\/td>\n                    <td style=\"\">How LGBTQ Rights Forced Hungary Into a Moment of Reckoning<\/td>\n                    <td style=\"\">publicisztika<\/td>\n                    <td style=\"\"><a href='https:\/\/www.bloomberg.com\/news\/features\/2021-07-23\/lgbtq-rights-force-hungary-into-moment-of-reckoning-at-pride-march' rel=' nofollow ' target='_blank'>https:\/\/www.bloomberg.com\/news\/features\/2021-07-23\/lgbtq-rights-force-hungary-into-moment-of-reckoning-at-pride-march<\/a><\/td>\n                    <td style=\"\">pozit\u00edv<\/td>\n                    <td style=\"\"><\/td>\n                    <td style=\"\">igen<\/td>\n                    <td style=\"\">angol<\/td>\n                    <td style=\"\"><\/td>\n            <\/tr>\n            <tr id=\"table_2_row_725\">\n                    <td style=\"\">2021.07.23<\/td>\n                    <td style=\"\"><a href='https:\/\/444.hu\/' rel=' nofollow ' target='_blank'>https:\/\/444.hu\/<\/a><\/td>\n                    <td style=\"\">Botos Tam\u00e1s<\/td>\n                    <td style=\"\">Orb\u00e1n: Ismerem azokat a mesek\u00f6nyveket, amikben a herceg megmenti a kir\u00e1lyfit<\/td>\n                    <td style=\"\">h\u00edr, besz\u00e1mol\u00f3, r\u00f6vid cikk<\/td>\n                    <td style=\"\"><a href='https:\/\/444.hu\/2021\/07\/23\/orban-ismerem-azokat-a-mesekonyveket-amikben-a-herceg-megmenti-a-kiralyfit' rel=' nofollow ' target='_blank'>https:\/\/444.hu\/2021\/07\/23\/orban-ismerem-azokat-a-mesekonyveket-amikben-a-herceg-megmenti-a-kiralyfit<\/a><\/td>\n                    <td style=\"\">semleges<\/td>\n                    <td style=\"\"><\/td>\n                    <td style=\"\"><\/td>\n                    <td style=\"\"><\/td>\n                    <td style=\"\"><\/td>\n            <\/tr>\n            <tr id=\"table_2_row_726\">\n                    <td style=\"\">2021.07.23<\/td>\n                    <td style=\"\"><a href='https:\/\/www.livreshebdo.fr\/' rel=' nofollow ' target='_blank'>https:\/\/www.livreshebdo.fr\/<\/a><\/td>\n                    <td style=\"\">Dahlia Girgis<\/td>\n                    <td style=\"\">Hongrie : \"Des chefs-d'\u0153uvre de la litt\u00e9rature mondiale et hongroise peuvent \u00eatre interdits\"<\/td>\n                    <td style=\"\">h\u00edr, besz\u00e1mol\u00f3, r\u00f6vid cikk<\/td>\n                    <td style=\"\"><a href='https:\/\/www.livreshebdo.fr\/article\/hongrie-des-chefs-doeuvre-de-la-litterature-mondiale-et-hongroise-peuvent-etre-interdits' rel=' nofollow ' target='_blank'>https:\/\/www.livreshebdo.fr\/article\/hongrie-des-chefs-doeuvre-de-la-litterature-mondiale-et-hongroise-peuvent-etre-interdits<\/a><\/td>\n                    <td style=\"\">pozit\u00edv<\/td>\n                    <td style=\"\"><\/td>\n                    <td style=\"\">igen<\/td>\n                    <td style=\"\">francia<\/td>\n                    <td style=\"\"><\/td>\n            <\/tr>\n            <tr id=\"table_2_row_727\">\n                    <td style=\"\">2021.07.23<\/td>\n                    <td style=\"\"><a href='https:\/\/enbudapestem.hu\/' rel=' nofollow ' target='_blank'>https:\/\/enbudapestem.hu\/<\/a><\/td>\n                    <td style=\"\">Veress D\u00f3ra, Gell\u00e9rt G\u00e1bor<\/td>\n                    <td style=\"\">Most musz\u00e1j kimenni saj\u00e1t magunk\u00e9rt\u2026<\/td>\n                    <td style=\"\">interj\u00fa<\/td>\n                    <td style=\"\"><a href='https:\/\/enbudapestem.hu\/2021\/07\/most-muszaj-kimenni-sajat-magunkert\/' rel=' nofollow ' target='_blank'>https:\/\/enbudapestem.hu\/2021\/07\/most-muszaj-kimenni-sajat-magunkert\/<\/a><\/td>\n                    <td style=\"\">pozit\u00edv<\/td>\n                    <td style=\"\"><\/td>\n                    <td style=\"\"><\/td>\n                    <td style=\"\"><\/td>\n                    <td style=\"\">Podcast, m\u00e1sodik fel\u00e9ben interj\u00fa Borgos Ann\u00e1val<\/td>\n            <\/tr>\n            <tr id=\"table_2_row_728\">\n                    <td style=\"\">2021.07.24<\/td>\n                    <td style=\"\"><a href='https:\/\/magyarnemzet.hu\/' rel=' nofollow ' target='_blank'>https:\/\/magyarnemzet.hu\/<\/a><\/td>\n                    <td style=\"\">Nagy Orsolya<\/td>\n                    <td style=\"\">Elmarad a gyermekek Pride-ja<\/td>\n                    <td style=\"\">h\u00edr, besz\u00e1mol\u00f3, r\u00f6vid cikk<\/td>\n                    <td style=\"\"><a href='https:\/\/magyarnemzet.hu\/belfold\/elmarad-a-gyermekek-pride-ja-10120499\/' rel=' nofollow ' target='_blank'>https:\/\/magyarnemzet.hu\/belfold\/elmarad-a-gyermekek-pride-ja-10120499\/<\/a><\/td>\n                    <td style=\"\">negat\u00edv<\/td>\n                    <td style=\"\"><\/td>\n                    <td style=\"\"><\/td>\n                    <td style=\"\"><\/td>\n                    <td style=\"\"><\/td>\n            <\/tr>\n            <tr id=\"table_2_row_729\">\n                    <td style=\"\">2021.07.24<\/td>\n                    <td style=\"\"><a href='https:\/\/magyarnemzet.hu\/' rel=' nofollow ' target='_blank'>https:\/\/magyarnemzet.hu\/<\/a><\/td>\n                    <td style=\"\">Nagy Orsolya<\/td>\n                    <td style=\"\">Az iskol\u00e1kban tart \u00e9rz\u00e9keny\u00edt\u0151 el\u0151ad\u00e1sokat az LMBTQ-szervezet<\/td>\n                    <td style=\"\">h\u00edr, besz\u00e1mol\u00f3, r\u00f6vid cikk<\/td>\n                    <td style=\"\"><a href='https:\/\/magyarnemzet.hu\/belfold\/az-iskolakban-tart-erzekenyito-eloadasokat-az-lmbtq-szervezet-10122965\/' rel=' nofollow ' target='_blank'>https:\/\/magyarnemzet.hu\/belfold\/az-iskolakban-tart-erzekenyito-eloadasokat-az-lmbtq-szervezet-10122965\/<\/a><\/td>\n                    <td style=\"\">negat\u00edv<\/td>\n                    <td style=\"\"><\/td>\n                    <td style=\"\"><\/td>\n                    <td style=\"\"><\/td>\n                    <td style=\"\"><\/td>\n            <\/tr>\n            <tr id=\"table_2_row_730\">\n                    <td style=\"\">2021.07.24<\/td>\n                    <td style=\"\"><a href='https:\/\/www.facebook.com\/' rel=' nofollow ' target='_blank'>https:\/\/www.facebook.com\/<\/a><\/td>\n                    <td style=\"\">Kov\u00e1cs Brigitta Efi<\/td>\n                    <td style=\"\">Kov\u00e1cs Brigitta Efi oldala<\/td>\n                    <td style=\"\">fb-poszt<\/td>\n                    <td style=\"\"><a href='https:\/\/www.facebook.com\/kovacsbrigittaefi\/photos\/pcb.1072497636614026\/1072497566614033\/' rel=' nofollow ' target='_blank'>https:\/\/www.facebook.com\/kovacsbrigittaefi\/photos\/pcb.1072497636614026\/1072497566614033\/<\/a><\/td>\n                    <td style=\"\">pozit\u00edv<\/td>\n                    <td style=\"\">fb<\/td>\n                    <td style=\"\"><\/td>\n                    <td style=\"\"><\/td>\n                    <td style=\"\"><\/td>\n            <\/tr>\n            <tr id=\"table_2_row_731\">\n                    <td style=\"\">2021.07.24<\/td>\n                    <td style=\"\"><a href='https:\/\/www.klubradio.hu\/' rel=' nofollow ' target='_blank'>https:\/\/www.klubradio.hu\/<\/a><\/td>\n                    <td style=\"\">Klubr\u00e1di\u00f3<\/td>\n                    <td style=\"\">Nagy Boldizs\u00e1r \u00edr\u00f3 elhagyja Magyarorsz\u00e1got, mert munk\u00e1i miatt fenyeget\u00e9seket kapott<\/td>\n                    <td style=\"\">r\u00e1di\u00f3<\/td>\n                    <td style=\"\"><a href='https:\/\/www.klubradio.hu\/archivum\/klubdelelott-2021-julius-24-szombat-0900-18796' rel=' nofollow ' target='_blank'>https:\/\/www.klubradio.hu\/archivum\/klubdelelott-2021-julius-24-szombat-0900-18796<\/a><\/td>\n                    <td style=\"\">pozit\u00edv<\/td>\n                    <td style=\"\"><\/td>\n                    <td style=\"\"><\/td>\n                    <td style=\"\"><\/td>\n                    <td style=\"\"><\/td>\n            <\/tr>\n            <tr id=\"table_2_row_732\">\n                    <td style=\"\">2021.07.26<\/td>\n                    <td style=\"\"><a href='https:\/\/luce.lanazione.it\/' rel=' nofollow ' target='_blank'>https:\/\/luce.lanazione.it\/<\/a><\/td>\n                    <td style=\"\">Sofia Francioni<\/td>\n                    <td style=\"\">Libro di fiabe messo all\u2019indice da Orban. L\u2019editore a Luce!: \u201cLe migliori coscienze unite per difendere il testo. Ma io voglio lasciare l\u2019Ungheria\u201d<\/td>\n                    <td style=\"\">publicisztika<\/td>\n                    <td style=\"\"><a href='https:\/\/luce.lanazione.it\/libro-di-fiabe-messo-allindice-da-orban-lautore-a-luce-le-migliori-coscienze-unite-per-difendere-il-testo-ma-io-voglio-lasciare-lungheria\/' rel=' nofollow ' target='_blank'>https:\/\/luce.lanazione.it\/libro-di-fiabe-messo-allindice-da-orban-lautore-a-luce-le-migliori-coscienze-unite-per-difendere-il-testo-ma-io-voglio-lasciare-lungheria\/<\/a><\/td>\n                    <td style=\"\">pozit\u00edv<\/td>\n                    <td style=\"\"><\/td>\n                    <td style=\"\">igen<\/td>\n                    <td style=\"\">olasz<\/td>\n                    <td style=\"\">Benne Nagy M. Boldizs\u00e1r<\/td>\n            <\/tr>\n            <tr id=\"table_2_row_733\">\n                    <td style=\"\">2021.08.04<\/td>\n                    <td style=\"\"><a href='https:\/\/hvg.hu\/' rel=' nofollow ' target='_blank'>https:\/\/hvg.hu\/<\/a><\/td>\n                    <td style=\"\"><\/td>\n                    <td style=\"\">T\u00f6bb eur\u00f3pai orsz\u00e1gban is kiadj\u00e1k a Meseorsz\u00e1g mindenki\u00e9t<\/td>\n                    <td style=\"\">h\u00edr, besz\u00e1mol\u00f3, r\u00f6vid cikk<\/td>\n                    <td style=\"\"><a href='https:\/\/hvg.hu\/elet\/20210804_meseorszag_mindenkie_konyvkiadas_konyv' rel=' nofollow ' target='_blank'>https:\/\/hvg.hu\/elet\/20210804_meseorszag_mindenkie_konyvkiadas_konyv<\/a><\/td>\n                    <td style=\"\">pozit\u00edv<\/td>\n                    <td style=\"\"><\/td>\n                    <td style=\"\"><\/td>\n                    <td style=\"\"><\/td>\n                    <td style=\"\"><\/td>\n            <\/tr>\n            <tr id=\"table_2_row_734\">\n                    <td style=\"\">2021.08.04<\/td>\n                    <td style=\"\"><a href='https:\/\/www.klubradio.hu\/' rel=' nofollow ' target='_blank'>https:\/\/www.klubradio.hu\/<\/a><\/td>\n                    <td style=\"\">Klubr\u00e1di\u00f3<\/td>\n                    <td style=\"\">Lengyel\u00fcl is kiadj\u00e1k a Meseorsz\u00e1g mindenki\u00e9t<\/td>\n                    <td style=\"\">h\u00edr, besz\u00e1mol\u00f3, r\u00f6vid cikk<\/td>\n                    <td style=\"\"><a href='https:\/\/www.klubradio.hu\/hirek\/lengyelul-is-kiadjak-a-meseorszag-mindenkiet-119942' rel=' nofollow ' target='_blank'>https:\/\/www.klubradio.hu\/hirek\/lengyelul-is-kiadjak-a-meseorszag-mindenkiet-119942<\/a><\/td>\n                    <td style=\"\">pozit\u00edv<\/td>\n                    <td style=\"\"><\/td>\n                    <td style=\"\"><\/td>\n                    <td style=\"\"><\/td>\n                    <td style=\"\"><\/td>\n            <\/tr>\n            <tr id=\"table_2_row_735\">\n                    <td style=\"\">2021.08.04<\/td>\n                    <td style=\"\"><a href='https:\/\/168.hu\/' rel=' nofollow ' target='_blank'>https:\/\/168.hu\/<\/a><\/td>\n                    <td style=\"\">Erdei R\u00f3bert Arnold<\/td>\n                    <td style=\"\">A vil\u00e1g egyik legnagyobb k\u00f6nyviad\u00f3ja vette meg a Meseorsz\u00e1g mindenki\u00e9t<\/td>\n                    <td style=\"\">h\u00edr, besz\u00e1mol\u00f3, r\u00f6vid cikk<\/td>\n                    <td style=\"\"><a href='https:\/\/168.hu\/itthon\/nemzetkozi-konyvkiado-meseorszag-mindenkie-labrisz-209732' rel=' nofollow ' target='_blank'>https:\/\/168.hu\/itthon\/nemzetkozi-konyvkiado-meseorszag-mindenkie-labrisz-209732<\/a><\/td>\n                    <td style=\"\">pozit\u00edv<\/td>\n                    <td style=\"\"><\/td>\n                    <td style=\"\"><\/td>\n                    <td style=\"\"><\/td>\n                    <td style=\"\"><\/td>\n            <\/tr>\n            <tr id=\"table_2_row_736\">\n                    <td style=\"\">2021.08.04<\/td>\n                    <td style=\"\"><a href='https:\/\/mandiner.hu\/' rel=' nofollow ' target='_blank'>https:\/\/mandiner.hu\/<\/a><\/td>\n                    <td style=\"\"><\/td>\n                    <td style=\"\">T\u00f6bb nyelven is kiadj\u00e1k a Meseorsz\u00e1g mindenki\u00e9 c\u00edm\u0171 k\u00f6nyvet<\/td>\n                    <td style=\"\">h\u00edr, besz\u00e1mol\u00f3, r\u00f6vid cikk<\/td>\n                    <td style=\"\"><a href='https:\/\/mandiner.hu\/cikk\/20210804_tobb_nyelven_is_kiadjak_a_meseorszag_mindenkie_konyvet' rel=' nofollow ' target='_blank'>https:\/\/mandiner.hu\/cikk\/20210804_tobb_nyelven_is_kiadjak_a_meseorszag_mindenkie_konyvet<\/a><\/td>\n                    <td style=\"\">semleges<\/td>\n                    <td style=\"\"><\/td>\n                    <td style=\"\"><\/td>\n                    <td style=\"\"><\/td>\n                    <td style=\"\"><\/td>\n            <\/tr>\n            <tr id=\"table_2_row_737\">\n                    <td style=\"\">2021.08.04<\/td>\n                    <td style=\"\"><a href='https:\/\/hang.hu\/' rel=' nofollow ' target='_blank'>https:\/\/hang.hu\/<\/a><\/td>\n                    <td style=\"\">Moln\u00e1r Csaba<\/td>\n                    <td style=\"\">A homof\u00f3b t\u00e1mad\u00e1sok ellen\u00e9re (vagy \u00e9pp az\u00e9rt) vil\u00e1gh\u00f3d\u00edt\u00f3 \u00fatra indul a Meseorsz\u00e1g mindenki\u00e9<\/td>\n                    <td style=\"\">h\u00edr, besz\u00e1mol\u00f3, r\u00f6vid cikk<\/td>\n                    <td style=\"\"><a href='https:\/\/hang.hu\/belfold\/a-homofob-tamadasok-ellenere-vagy-epp-azert-vilaghodito-utra-indul-a-meseorszag-mindenkie-128836' rel=' nofollow ' target='_blank'>https:\/\/hang.hu\/belfold\/a-homofob-tamadasok-ellenere-vagy-epp-azert-vilaghodito-utra-indul-a-meseorszag-mindenkie-128836<\/a><\/td>\n                    <td style=\"\">pozit\u00edv<\/td>\n                    <td style=\"\"><\/td>\n                    <td style=\"\"><\/td>\n                    <td style=\"\"><\/td>\n                    <td style=\"\"><\/td>\n            <\/tr>\n            <tr id=\"table_2_row_738\">\n                    <td style=\"\">2021.08.04<\/td>\n                    <td style=\"\"><a href='https:\/\/hajdupress.hu\/' rel=' nofollow ' target='_blank'>https:\/\/hajdupress.hu\/<\/a><\/td>\n                    <td style=\"\">Hut\u00f3czki-Orosz \u00c9va<\/td>\n                    <td style=\"\">Nemzetk\u00f6zi siker k\u00fcsz\u00f6b\u00e9n a Meseorsz\u00e1g mindenki\u00e9<\/td>\n                    <td style=\"\">h\u00edr, besz\u00e1mol\u00f3, r\u00f6vid cikk<\/td>\n                    <td style=\"\"><a href='https:\/\/hajdupress.hu\/cikk\/nemzetkozi-siker-kuszoben-a-meseorszag-mindenkie' rel=' nofollow ' target='_blank'>https:\/\/hajdupress.hu\/cikk\/nemzetkozi-siker-kuszoben-a-meseorszag-mindenkie<\/a><\/td>\n                    <td style=\"\">pozit\u00edv<\/td>\n                    <td style=\"\"><\/td>\n                    <td style=\"\"><\/td>\n                    <td style=\"\"><\/td>\n                    <td style=\"\"><\/td>\n            <\/tr>\n            <tr id=\"table_2_row_739\">\n                    <td style=\"\">2021.08.04<\/td>\n                    <td style=\"\"><a href='https:\/\/kuruc.info\/' rel=' nofollow ' target='_blank'>https:\/\/kuruc.info\/<\/a><\/td>\n                    <td style=\"\"><\/td>\n                    <td style=\"\">Buziorsz\u00e1g f\u00e9l Eur\u00f3p\u00e1\u00e9 (lesz) - a ballib sajt\u00f3 most b\u00fcszke lehet arra, hogy devi\u00e1nspropagand\u00e1t export\u00e1lunk<\/td>\n                    <td style=\"\">h\u00edr, besz\u00e1mol\u00f3, r\u00f6vid cikk<\/td>\n                    <td style=\"\"><a href='https:\/\/kuruc.info\/r\/2\/231895\/' rel=' nofollow ' target='_blank'>https:\/\/kuruc.info\/r\/2\/231895\/<\/a><\/td>\n                    <td style=\"\">negat\u00edv<\/td>\n                    <td style=\"\"><\/td>\n                    <td style=\"\"><\/td>\n                    <td style=\"\"><\/td>\n                    <td style=\"\"><\/td>\n            <\/tr>\n            <tr id=\"table_2_row_740\">\n                    <td style=\"\">2021.08.04<\/td>\n                    <td style=\"\"><a href='https:\/\/www.blikk.hu\/' rel=' nofollow ' target='_blank'>https:\/\/www.blikk.hu\/<\/a><\/td>\n                    <td style=\"\"><\/td>\n                    <td style=\"\">Eml\u00e9kszik m\u00e9g a k\u00f6nyvre, amit D\u00far\u00f3 D\u00f3ra tavaly ledar\u00e1lt? Most t\u00f6bb orsz\u00e1gban is kiadj\u00e1k a Meseorsz\u00e1g mindenki\u00e9 antol\u00f3gi\u00e1t<\/td>\n                    <td style=\"\">h\u00edr, besz\u00e1mol\u00f3, r\u00f6vid cikk<\/td>\n                    <td style=\"\"><a href='https:\/\/www.blikk.hu\/aktualis\/belfold\/meseorszag-mindenkie-konyvdaralas-duro-dora-europai-kiadasok\/6ycme04' rel=' nofollow ' target='_blank'>https:\/\/www.blikk.hu\/aktualis\/belfold\/meseorszag-mindenkie-konyvdaralas-duro-dora-europai-kiadasok\/6ycme04<\/a><\/td>\n                    <td style=\"\">semleges<\/td>\n                    <td style=\"\"><\/td>\n                    <td style=\"\"><\/td>\n                    <td style=\"\"><\/td>\n                    <td style=\"\"><\/td>\n            <\/tr>\n            <tr id=\"table_2_row_741\">\n                    <td style=\"\">2021.08.04<\/td>\n                    <td style=\"\"><a href='https:\/\/media1.hu\/' rel=' nofollow ' target='_blank'>https:\/\/media1.hu\/<\/a><\/td>\n                    <td style=\"\">Horv\u00e1th \u00c1d\u00e1m Tam\u00e1s<\/td>\n                    <td style=\"\">T\u00f6bb nyelvre is leford\u00edtj\u00e1k \u00e9s sz\u00e1mos eur\u00f3pai orsz\u00e1gban kiadj\u00e1k a Meseorsz\u00e1g mindenki\u00e9 c\u00edm\u0171 mesek\u00f6nyvet<\/td>\n                    <td style=\"\">h\u00edr, besz\u00e1mol\u00f3, r\u00f6vid cikk<\/td>\n                    <td style=\"\"><a href='https:\/\/media1.hu\/2021\/08\/04\/meseorszag-mindenkie-europai-orszagokban-kiadjak-leforditjak\/' rel=' nofollow ' target='_blank'>https:\/\/media1.hu\/2021\/08\/04\/meseorszag-mindenkie-europai-orszagokban-kiadjak-leforditjak\/<\/a><\/td>\n                    <td style=\"\">semleges<\/td>\n                    <td style=\"\"><\/td>\n                    <td style=\"\"><\/td>\n                    <td style=\"\"><\/td>\n                    <td style=\"\"><\/td>\n            <\/tr>\n            <tr id=\"table_2_row_742\">\n                    <td style=\"\">2021.08.04<\/td>\n                    <td style=\"\"><a href='https:\/\/www.hirstart.hu\/' rel=' nofollow ' target='_blank'>https:\/\/www.hirstart.hu\/<\/a><\/td>\n                    <td style=\"\"><\/td>\n                    <td style=\"\">Ford\u00edtva s\u00fclt el a k\u00f6nyvdar\u00e1l\u00e1s: t\u00f6bb eur\u00f3pai orsz\u00e1gban kiadj\u00e1k a Meseorsz\u00e1g mindenki\u00e9t<\/td>\n                    <td style=\"\">h\u00edr, besz\u00e1mol\u00f3, r\u00f6vid cikk<\/td>\n                    <td style=\"\"><a href='https:\/\/www.hirstart.hu\/hk\/20210804_tobb_europai_orszagban_is_kiadjak_a_meseorszag_mindenkiet' rel=' nofollow ' target='_blank'>https:\/\/www.hirstart.hu\/hk\/20210804_tobb_europai_orszagban_is_kiadjak_a_meseorszag_mindenkiet<\/a><\/td>\n                    <td style=\"\">pozit\u00edv<\/td>\n                    <td style=\"\"><\/td>\n                    <td style=\"\"><\/td>\n                    <td style=\"\"><\/td>\n                    <td style=\"\"><\/td>\n            <\/tr>\n            <tr id=\"table_2_row_743\">\n                    <td style=\"\">2021.08.04<\/td>\n                    <td style=\"\"><a href='https:\/\/konyvesmagazin.hu\/' rel=' nofollow ' target='_blank'>https:\/\/konyvesmagazin.hu\/<\/a><\/td>\n                    <td style=\"\">sa<\/td>\n                    <td style=\"\">Eur\u00f3pai turn\u00e9ra indul a Meseorsz\u00e1g mindenki\u00e9, hat nyelven m\u00e1r biztos megjelenik<\/td>\n                    <td style=\"\">h\u00edr, besz\u00e1mol\u00f3, r\u00f6vid cikk<\/td>\n                    <td style=\"\"><a href='https:\/\/konyvesmagazin.hu\/friss\/meseorszag_mindenkie_kulfoldi_kiadas.html' rel=' nofollow ' target='_blank'>https:\/\/konyvesmagazin.hu\/friss\/meseorszag_mindenkie_kulfoldi_kiadas.html<\/a><\/td>\n                    <td style=\"\">pozit\u00edv<\/td>\n                    <td style=\"\"><\/td>\n                    <td style=\"\"><\/td>\n                    <td style=\"\"><\/td>\n                    <td style=\"\"><\/td>\n            <\/tr>\n            <tr id=\"table_2_row_744\">\n                    <td style=\"\">2021.08.04<\/td>\n                    <td style=\"\"><a href='https:\/\/magyarnarancs.hu\/' rel=' nofollow ' target='_blank'>https:\/\/magyarnarancs.hu\/<\/a><\/td>\n                    <td style=\"\"><\/td>\n                    <td style=\"\">T\u00f6bb nyelven is megjelenik a Meseorsz\u00e1g mindenki\u00e9 c\u00edm\u0171 k\u00f6nyv<\/td>\n                    <td style=\"\">h\u00edr, besz\u00e1mol\u00f3, r\u00f6vid cikk<\/td>\n                    <td style=\"\"><a href='https:\/\/magyarnarancs.hu\/sorkoz\/tobb-nyelven-is-megjelenik-a-meseorszag-mindenkie-konyv-240688' rel=' nofollow ' target='_blank'>https:\/\/magyarnarancs.hu\/sorkoz\/tobb-nyelven-is-megjelenik-a-meseorszag-mindenkie-konyv-240688<\/a><\/td>\n                    <td style=\"\">pozit\u00edv<\/td>\n                    <td style=\"\"><\/td>\n                    <td style=\"\"><\/td>\n                    <td style=\"\"><\/td>\n                    <td style=\"\"><\/td>\n            <\/tr>\n            <tr id=\"table_2_row_745\">\n                    <td style=\"\">2021.08.05<\/td>\n                    <td style=\"\"><a href='https:\/\/alfahir.hu\/' rel=' nofollow ' target='_blank'>https:\/\/alfahir.hu\/<\/a><\/td>\n                    <td style=\"\">K\u00f6ller Krist\u00f3f<\/td>\n                    <td style=\"\">Visszanyalt a korm\u00e1ny fagyija: a Meseorsz\u00e1g mindenki\u00e9 jogait megvette a vil\u00e1g egyik legnagyobb k\u00f6nyvkiad\u00f3ja<\/td>\n                    <td style=\"\">h\u00edr, besz\u00e1mol\u00f3, r\u00f6vid cikk<\/td>\n                    <td style=\"\"><a href='https:\/\/alfahir.hu\/2021\/08\/05\/meseorszag_mindenkie_nagy_m_boldizsar_duro_dora_kiadok_jogok_felvasarlasa_europai' rel=' nofollow ' target='_blank'>https:\/\/alfahir.hu\/2021\/08\/05\/meseorszag_mindenkie_nagy_m_boldizsar_duro_dora_kiadok_jogok_felvasarlasa_europai<\/a><\/td>\n                    <td style=\"\">pozit\u00edv<\/td>\n                    <td style=\"\"><\/td>\n                    <td style=\"\"><\/td>\n                    <td style=\"\"><\/td>\n                    <td style=\"\"><\/td>\n            <\/tr>\n            <tr id=\"table_2_row_746\">\n                    <td style=\"\">2021.08.06<\/td>\n                    <td style=\"\"><a href='https:\/\/www.publishersweekly.com\/' rel=' nofollow ' target='_blank'>https:\/\/www.publishersweekly.com\/<\/a><\/td>\n                    <td style=\"\">Ed Nawotka<\/td>\n                    <td style=\"\">Censorship on the Rise Worldwide<\/td>\n                    <td style=\"\">publicisztika<\/td>\n                    <td style=\"\"><a href='https:\/\/www.publishersweekly.com\/pw\/by-topic\/industry-news\/publisher-news\/article\/87097-censorship-on-the-rise-worldwide.html' rel=' nofollow ' target='_blank'>https:\/\/www.publishersweekly.com\/pw\/by-topic\/industry-news\/publisher-news\/article\/87097-censorship-on-the-rise-worldwide.html<\/a><\/td>\n                    <td style=\"\">pozit\u00edv<\/td>\n                    <td style=\"\"><\/td>\n                    <td style=\"\">igen<\/td>\n                    <td style=\"\">angol<\/td>\n                    <td style=\"\"><\/td>\n            <\/tr>\n            <tr id=\"table_2_row_747\">\n                    <td style=\"\">2021.08.06<\/td>\n                    <td style=\"\"><a href='https:\/\/www.pbs.org\/' rel=' nofollow ' target='_blank'>https:\/\/www.pbs.org\/<\/a><\/td>\n                    <td style=\"\">Lucy Hough, Ali Rogin<\/td>\n                    <td style=\"\">Hungary\u2019s crackdown on its LGBTQ community prompts condemnation from European leaders<\/td>\n                    <td style=\"\">vide\u00f3<\/td>\n                    <td style=\"\"><a href='https:\/\/www.pbs.org\/newshour\/show\/hungarys-crackdown-on-its-lgbtq-community-prompts-condemnation-from-european-leaders' rel=' nofollow ' target='_blank'>https:\/\/www.pbs.org\/newshour\/show\/hungarys-crackdown-on-its-lgbtq-community-prompts-condemnation-from-european-leaders<\/a><\/td>\n                    <td style=\"\">pozit\u00edv<\/td>\n                    <td style=\"\"><\/td>\n                    <td style=\"\">igen<\/td>\n                    <td style=\"\">angol<\/td>\n                    <td style=\"\">Benne Nagy M. Boldizs\u00e1r<\/td>\n            <\/tr>\n            <tr id=\"table_2_row_748\">\n                    <td style=\"\">2021.08.06<\/td>\n                    <td style=\"\"><a href='https:\/\/refresher.sk\/' rel=' nofollow ' target='_blank'>https:\/\/refresher.sk\/<\/a><\/td>\n                    <td style=\"\">Richard Bonde<\/td>\n                    <td style=\"\">Ma\u010farsk\u00e1 kniha s homosexu\u00e1lnym princom a v\u00edlami lesbi\u010dkami vyjde aj na Slovensku. Viktora Orb\u00e1na pob\u00farila, zmenil pre \u0148u \u00fastavu<\/td>\n                    <td style=\"\">hir r\u00f6vid cikk<\/td>\n                    <td style=\"\"><a href='https:\/\/refresher.sk\/101661-Madarska-kniha-s-homosexualnym-princom-a-vilami-lesbickami-vyjde-aj-na-Slovensku-Viktora-Orbana-poburila-zmenil-pre-nu-ustavu' rel=' nofollow ' target='_blank'>https:\/\/refresher.sk\/101661-Madarska-kniha-s-homosexualnym-princom-a-vilami-lesbickami-vyjde-aj-na-Slovensku-Viktora-Orbana-poburila-zmenil-pre-nu-ustavu<\/a><\/td>\n                    <td style=\"\">semleges<\/td>\n                    <td style=\"\"><\/td>\n                    <td style=\"\">igen<\/td>\n                    <td style=\"\">szlov\u00e1k<\/td>\n                    <td style=\"\">A szlov\u00e1k kiaad\u00e1sr\u00f3l<\/td>\n            <\/tr>\n            <tr id=\"table_2_row_749\">\n                    <td style=\"\">2021.08.07<\/td>\n                    <td style=\"\"><a href='https:\/\/www.facebook.com\/' rel=' nofollow ' target='_blank'>https:\/\/www.facebook.com\/<\/a><\/td>\n                    <td style=\"\">\u00cdr\u00f3k Boltja<\/td>\n                    <td style=\"\">Az \u00cdr\u00f3k Boltja 2021. j\u00faliusi toplist\u00e1ja<\/td>\n                    <td style=\"\">FB-poszt<\/td>\n                    <td style=\"\"><a href='https:\/\/www.facebook.com\/irokboltja\/posts\/4827472507282699' rel=' nofollow ' target='_blank'>https:\/\/www.facebook.com\/irokboltja\/posts\/4827472507282699<\/a><\/td>\n                    <td style=\"\">semleges<\/td>\n                    <td style=\"\">fb<\/td>\n                    <td style=\"\"><\/td>\n                    <td style=\"\"><\/td>\n                    <td style=\"\">\u00cdr\u00f3k Boltja 2021. j\u00faliusi sikerlista<\/td>\n            <\/tr>\n            <tr id=\"table_2_row_750\">\n                    <td style=\"\">2021.08.09<\/td>\n                    <td style=\"\"><a href='https:\/\/konyvesmagazin.hu\/' rel=' nofollow ' target='_blank'>https:\/\/konyvesmagazin.hu\/<\/a><\/td>\n                    <td style=\"\">sa<\/td>\n                    <td style=\"\">Magyarorsz\u00e1g is p\u00e9lda a cenz\u00fara vil\u00e1gszint\u0171 n\u00f6veked\u00e9s\u00e9re<\/td>\n                    <td style=\"\">h\u00edr, besz\u00e1mol\u00f3, r\u00f6vid cikk<\/td>\n                    <td style=\"\"><a href='https:\/\/konyvesmagazin.hu\/friss\/cenzura_magyarorszag_konyvkiadas.html' rel=' nofollow ' target='_blank'>https:\/\/konyvesmagazin.hu\/friss\/cenzura_magyarorszag_konyvkiadas.html<\/a><\/td>\n                    <td style=\"\">pozit\u00edv<\/td>\n                    <td style=\"\"><\/td>\n                    <td style=\"\"><\/td>\n                    <td style=\"\"><\/td>\n                    <td style=\"\"><\/td>\n            <\/tr>\n            <tr id=\"table_2_row_751\">\n                    <td style=\"\">2021.08.09<\/td>\n                    <td style=\"\"><a href='https:\/\/www.livreshebdo.fr\/' rel=' nofollow ' target='_blank'>https:\/\/www.livreshebdo.fr\/<\/a><\/td>\n                    <td style=\"\">C\u00e9cilia Lacour<\/td>\n                    <td style=\"\">Hongrie : censure plus s\u00e9v\u00e8re pour les livres jeunesse LGBTQIA+<\/td>\n                    <td style=\"\">h\u00edr, besz\u00e1mol\u00f3, r\u00f6vid cikk<\/td>\n                    <td style=\"\"><a href='https:\/\/www.livreshebdo.fr\/article\/hongrie-censure-plus-severe-pour-les-livres-jeunesse-lgbtqia' rel=' nofollow ' target='_blank'>https:\/\/www.livreshebdo.fr\/article\/hongrie-censure-plus-severe-pour-les-livres-jeunesse-lgbtqia<\/a><\/td>\n                    <td style=\"\">pozit\u00edv<\/td>\n                    <td style=\"\"><\/td>\n                    <td style=\"\">igen<\/td>\n                    <td style=\"\">francia<\/td>\n                    <td style=\"\"><\/td>\n            <\/tr>\n            <tr id=\"table_2_row_752\">\n                    <td style=\"\">2021.08.10<\/td>\n                    <td style=\"\"><a href='https:\/\/telex.hu\/' rel=' nofollow ' target='_blank'>https:\/\/telex.hu\/<\/a><\/td>\n                    <td style=\"\">El\u0151d Fruzsina<\/td>\n                    <td style=\"\">F\u00f3li\u00e1zni k\u00e9ne a vil\u00e1girodalom egy r\u00e9sz\u00e9t? \u00c9rtelmezhetetlen, mit v\u00e1r el a keresked\u0151kt\u0151l a melegellenes t\u00f6rv\u00e9ny?<\/td>\n                    <td style=\"\">h\u00edr, besz\u00e1mol\u00f3, r\u00f6vid cikk<\/td>\n                    <td style=\"\"><a href='https:\/\/telex.hu\/belfold\/2021\/08\/10\/melegellenes-torveny-vegrehajtasi-rendelet-konyvesboltok' rel=' nofollow ' target='_blank'>https:\/\/telex.hu\/belfold\/2021\/08\/10\/melegellenes-torveny-vegrehajtasi-rendelet-konyvesboltok<\/a><\/td>\n                    <td style=\"\">pozit\u00edv<\/td>\n                    <td style=\"\"><\/td>\n                    <td style=\"\"><\/td>\n                    <td style=\"\"><\/td>\n                    <td style=\"\"><\/td>\n            <\/tr>\n            <tr id=\"table_2_row_753\">\n                    <td style=\"\">2021.08.10<\/td>\n                    <td style=\"\"><a href='https:\/\/www.coc.nl\/' rel=' nofollow ' target='_blank'>https:\/\/www.coc.nl\/<\/a><\/td>\n                    <td style=\"\"><\/td>\n                    <td style=\"\">Sprookjesland is van iedereen!<\/td>\n                    <td style=\"\">h\u00edr, besz\u00e1mol\u00f3, r\u00f6vid cikk<\/td>\n                    <td style=\"\"><a href='https:\/\/www.coc.nl\/algemeen\/sprookjesland-is-van-iedereen' rel=' nofollow ' target='_blank'>https:\/\/www.coc.nl\/algemeen\/sprookjesland-is-van-iedereen<\/a><\/td>\n                    <td style=\"\">pozit\u00edv<\/td>\n                    <td style=\"\"><\/td>\n                    <td style=\"\">igen<\/td>\n                    <td style=\"\">holland<\/td>\n                    <td style=\"\"><\/td>\n            <\/tr>\n            <tr id=\"table_2_row_754\">\n                    <td style=\"\">2021.08.25<\/td>\n                    <td style=\"\"><a href='https:\/\/www.ifla.org\/' rel=' nofollow ' target='_blank'>https:\/\/www.ifla.org\/<\/a><\/td>\n                    <td style=\"\">Gerald Leitner<\/td>\n                    <td style=\"\">Information without Discrimination: IFLA Statement on Hungarian laws on LGBTQ+ content<\/td>\n                    <td style=\"\">nyilatkozat<\/td>\n                    <td style=\"\"><a href='https:\/\/www.ifla.org\/news\/information-without-discrimination-ifla-statement-on-hungarian-laws-on-lgbtq-content\/' rel=' nofollow ' target='_blank'>https:\/\/www.ifla.org\/news\/information-without-discrimination-ifla-statement-on-hungarian-laws-on-lgbtq-content\/<\/a><\/td>\n                    <td style=\"\">pozit\u00edv<\/td>\n                    <td style=\"\"><\/td>\n                    <td style=\"\">igen<\/td>\n                    <td style=\"\">angol<\/td>\n                    <td style=\"\"><\/td>\n            <\/tr>\n            <tr id=\"table_2_row_755\">\n                    <td style=\"\">2021.08.28<\/td>\n                    <td style=\"\"><a href='https:\/\/litera.hu\/' rel=' nofollow ' target='_blank'>https:\/\/litera.hu\/<\/a><\/td>\n                    <td style=\"\"><\/td>\n                    <td style=\"\">A k\u00f6nyvek \u00edgy vagy \u00fagy, de eljutnak az emberekhez<\/td>\n                    <td style=\"\">h\u00edr, besz\u00e1mol\u00f3, r\u00f6vid cikk<\/td>\n                    <td style=\"\"><a href='https:\/\/litera.hu\/magazin\/tudositas\/a-konyvek-igy-vagy-ugy-de-eljutnak-az-emberekhez.html' rel=' nofollow ' target='_blank'>https:\/\/litera.hu\/magazin\/tudositas\/a-konyvek-igy-vagy-ugy-de-eljutnak-az-emberekhez.html<\/a><\/td>\n                    <td style=\"\">pozit\u00edv<\/td>\n                    <td style=\"\"><\/td>\n                    <td style=\"\"><\/td>\n                    <td style=\"\"><\/td>\n                    <td style=\"\"><\/td>\n            <\/tr>\n            <tr id=\"table_2_row_756\">\n                    <td style=\"\">2021.09.03<\/td>\n                    <td style=\"\"><a href='https:\/\/portal.ktep.hu\/' rel=' nofollow ' target='_blank'>https:\/\/portal.ktep.hu\/<\/a><\/td>\n                    <td style=\"\"><\/td>\n                    <td style=\"\">Az iskolai k\u00f6nyvt\u00e1ri \u00e1llom\u00e1ny tartalmi \u00f6sszet\u00e9tel\u00e9r\u0151l, a gyermekek inform\u00e1ci\u00f3hoz val\u00f3 jog\u00e1r\u00f3l<\/td>\n                    <td style=\"\">nyilatkozat<\/td>\n                    <td style=\"\"><a href='https:\/\/portal.ktep.hu\/sites\/default\/files\/KTE_allasfoglal_allomany_gyjog_2021.pdf' rel=' nofollow ' target='_blank'>https:\/\/portal.ktep.hu\/sites\/default\/files\/KTE_allasfoglal_allomany_gyjog_2021.pdf<\/a><\/td>\n                    <td style=\"\">pozit\u00edv<\/td>\n                    <td style=\"\"><\/td>\n                    <td style=\"\"><\/td>\n                    <td style=\"\"><\/td>\n                    <td style=\"\">A K\u00f6nyvt\u00e1rostan\u00e1rok Egyes\u00fclete \u00e1ll\u00e1sfoglal\u00e1sa<\/td>\n            <\/tr>\n            <tr id=\"table_2_row_757\">\n                    <td style=\"\">2021.09.06<\/td>\n                    <td style=\"\"><a href='https:\/\/www.livreshebdo.fr\/' rel=' nofollow ' target='_blank'>https:\/\/www.livreshebdo.fr\/<\/a><\/td>\n                    <td style=\"\">Pauline Gabinari<\/td>\n                    <td style=\"\">Loi anti-LGBTQ+ en Hongrie : comment le monde du livre r\u00e9siste<\/td>\n                    <td style=\"\">h\u00edr, besz\u00e1mol\u00f3, r\u00f6vid cikk<\/td>\n                    <td style=\"\"><a href='https:\/\/www.livreshebdo.fr\/article\/loi-anti-lgbtq-en-hongrie-comment-le-monde-du-livre-resiste' rel=' nofollow ' target='_blank'>https:\/\/www.livreshebdo.fr\/article\/loi-anti-lgbtq-en-hongrie-comment-le-monde-du-livre-resiste<\/a><\/td>\n                    <td style=\"\">pozit\u00edv<\/td>\n                    <td style=\"\"><\/td>\n                    <td style=\"\">igen<\/td>\n                    <td style=\"\">francia<\/td>\n                    <td style=\"\"><\/td>\n            <\/tr>\n            <tr id=\"table_2_row_758\">\n                    <td style=\"\">2021.09.08<\/td>\n                    <td style=\"\"><a href='https:\/\/www.facebook.com\/' rel=' nofollow ' target='_blank'>https:\/\/www.facebook.com\/<\/a><\/td>\n                    <td style=\"\"><\/td>\n                    <td style=\"\">Az Atlantisz K\u00f6nyvsziget k\u00f6nyvheti sikerlist\u00e1ja<\/td>\n                    <td style=\"\">FB-poszt<\/td>\n                    <td style=\"\"><a href='https:\/\/www.facebook.com\/atlantiszkonyvsziget\/posts\/5370568309625620' rel=' nofollow ' target='_blank'>https:\/\/www.facebook.com\/atlantiszkonyvsziget\/posts\/5370568309625620<\/a><\/td>\n                    <td style=\"\">pozit\u00edv<\/td>\n                    <td style=\"\">fb<\/td>\n                    <td style=\"\"><\/td>\n                    <td style=\"\"><\/td>\n                    <td style=\"\"><\/td>\n            <\/tr>\n            <tr id=\"table_2_row_759\">\n                    <td style=\"\">2021.09.09<\/td>\n                    <td style=\"\"><a href='https:\/\/www.facebook.com\/' rel=' nofollow ' target='_blank'>https:\/\/www.facebook.com\/<\/a><\/td>\n                    <td style=\"\">Stowarzyszenie Pracownia Etnograficzna<\/td>\n                    <td style=\"\">Oppression and resistance: LGBT+ activism in Poland and Hungary<\/td>\n                    <td style=\"\">vide\u00f3<\/td>\n                    <td style=\"\"><a href='https:\/\/www.facebook.com\/StowarzyszeniePracowniaEtnograficzna\/videos\/216143043889838' rel=' nofollow ' target='_blank'>https:\/\/www.facebook.com\/StowarzyszeniePracowniaEtnograficzna\/videos\/216143043889838<\/a><\/td>\n                    <td style=\"\">pozit\u00edv<\/td>\n                    <td style=\"\">fb<\/td>\n                    <td style=\"\">igen<\/td>\n                    <td style=\"\">angol<\/td>\n                    <td style=\"\">Benne R\u00e9dai D\u00f3ri a Meseorsz\u00e1gr\u00f3l is<\/td>\n            <\/tr>\n            <tr id=\"table_2_row_760\">\n                    <td style=\"\">2021.09.13<\/td>\n                    <td style=\"\"><a href='https:\/\/www.facebook.com\/' rel=' nofollow ' target='_blank'>https:\/\/www.facebook.com\/<\/a><\/td>\n                    <td style=\"\">Nem tehetsz r\u00f3la tehetsz ellene<\/td>\n                    <td style=\"\">Meseorsz\u00e1g beborult, de nem \u00f6r\u00f6kre<\/td>\n                    <td style=\"\">FB-poszt<\/td>\n                    <td style=\"\"><a href='https:\/\/www.facebook.com\/notes\/nem-tehetsz-r\u00f3la-tehetsz-ellene\/meseorsz\u00e1g-beborult-de-nem-\u00f6r\u00f6kre\/10224091727909794' rel=' nofollow ' target='_blank'>https:\/\/www.facebook.com\/notes\/nem-tehetsz-r\u00f3la-tehetsz-ellene\/meseorsz\u00e1g-beborult-de-nem-\u00f6r\u00f6kre\/10224091727909794<\/a><\/td>\n                    <td style=\"\">pozit\u00edv<\/td>\n                    <td style=\"\">fb<\/td>\n                    <td style=\"\"><\/td>\n                    <td style=\"\"><\/td>\n                    <td style=\"\">Szalai Kriszta felolv t\u00e1mad\u00e1s<\/td>\n            <\/tr>\n            <tr id=\"table_2_row_761\">\n                    <td style=\"\">2021.09.15<\/td>\n                    <td style=\"\"><a href='https:\/\/time.com\/' rel=' nofollow ' target='_blank'>https:\/\/time.com\/<\/a><\/td>\n                    <td style=\"\"><\/td>\n                    <td style=\"\">TIME100 most influential people 2021<\/td>\n                    <td style=\"\">h\u00edr, besz\u00e1mol\u00f3, r\u00f6vid cikk<\/td>\n                    <td style=\"\"><a href='https:\/\/time.com\/collection\/100-most-influential-people-2021\/' rel=' nofollow ' target='_blank'>https:\/\/time.com\/collection\/100-most-influential-people-2021\/<\/a><\/td>\n                    <td style=\"\">pozit\u00edv<\/td>\n                    <td style=\"\"><\/td>\n                    <td style=\"\">igen<\/td>\n                    <td style=\"\">angol<\/td>\n                    <td style=\"\"><\/td>\n            <\/tr>\n            <tr id=\"table_2_row_762\">\n                    <td style=\"\">2021.09.15<\/td>\n                    <td style=\"\"><a href='https:\/\/time.com\/' rel=' nofollow ' target='_blank'>https:\/\/time.com\/<\/a><\/td>\n                    <td style=\"\">Terry Reintke<\/td>\n                    <td style=\"\">Dorottya Redai<\/td>\n                    <td style=\"\">h\u00edr, besz\u00e1mol\u00f3, r\u00f6vid cikk<\/td>\n                    <td style=\"\"><a href='https:\/\/time.com\/collection\/100-most-influential-people-2021\/6095809\/dorottya-redai\/' rel=' nofollow ' target='_blank'>https:\/\/time.com\/collection\/100-most-influential-people-2021\/6095809\/dorottya-redai\/<\/a><\/td>\n                    <td style=\"\">pozit\u00edv<\/td>\n                    <td style=\"\"><\/td>\n                    <td style=\"\">igen<\/td>\n                    <td style=\"\">angol<\/td>\n                    <td style=\"\"><\/td>\n            <\/tr>\n            <tr id=\"table_2_row_763\">\n                    <td style=\"\">2021.09.15<\/td>\n                    <td style=\"\"><a href='https:\/\/telex.hu\/' rel=' nofollow ' target='_blank'>https:\/\/telex.hu\/<\/a><\/td>\n                    <td style=\"\">Koroknai Gergely<\/td>\n                    <td style=\"\">Karik\u00f3 Katalin \u00e9s a Meseorsz\u00e1g mindenki\u00e9 projektkoordin\u00e1tora is a Time sz\u00e1z legbefoly\u00e1sosabb embere list\u00e1j\u00e1n<\/td>\n                    <td style=\"\">h\u00edr, besz\u00e1mol\u00f3, r\u00f6vid cikk<\/td>\n                    <td style=\"\"><a href='https:\/\/telex.hu\/kult\/2021\/09\/15\/a-vilag-szaz-legbefolyasosabb-embere-koze-valasztotta-a-time-a-ceu-kutatojat' rel=' nofollow ' target='_blank'>https:\/\/telex.hu\/kult\/2021\/09\/15\/a-vilag-szaz-legbefolyasosabb-embere-koze-valasztotta-a-time-a-ceu-kutatojat<\/a><\/td>\n                    <td style=\"\">pozit\u00edv<\/td>\n                    <td style=\"\"><\/td>\n                    <td style=\"\"><\/td>\n                    <td style=\"\"><\/td>\n                    <td style=\"\"><\/td>\n            <\/tr>\n            <tr id=\"table_2_row_764\">\n                    <td style=\"\">2021.09.15<\/td>\n                    <td style=\"\"><a href='https:\/\/magyarnarancs.hu\/' rel=' nofollow ' target='_blank'>https:\/\/magyarnarancs.hu\/<\/a><\/td>\n                    <td style=\"\"><\/td>\n                    <td style=\"\">Felker\u00fclt a TIME 100-as list\u00e1j\u00e1ra a Meseorsz\u00e1g mindenki\u00e9 alkot\u00f3ja<\/td>\n                    <td style=\"\">h\u00edr, besz\u00e1mol\u00f3, r\u00f6vid cikk<\/td>\n                    <td style=\"\"><a href='https:\/\/magyarnarancs.hu\/sorkoz\/felkerult-a-time-100-as-listajara-a-meseorszag-mindenkie-alkotoja-241804' rel=' nofollow ' target='_blank'>https:\/\/magyarnarancs.hu\/sorkoz\/felkerult-a-time-100-as-listajara-a-meseorszag-mindenkie-alkotoja-241804<\/a><\/td>\n                    <td style=\"\">pozit\u00edv<\/td>\n                    <td style=\"\"><\/td>\n                    <td style=\"\"><\/td>\n                    <td style=\"\"><\/td>\n                    <td style=\"\"><\/td>\n            <\/tr>\n            <tr id=\"table_2_row_765\">\n                    <td style=\"\">2021.09.15<\/td>\n                    <td style=\"\"><a href='https:\/\/hvg.hu\/' rel=' nofollow ' target='_blank'>https:\/\/hvg.hu\/<\/a><\/td>\n                    <td style=\"\"><\/td>\n                    <td style=\"\">A vil\u00e1g 100 legbefoly\u00e1sosabb embere k\u00f6z\u00e9 sorolta a Time a Meseorsz\u00e1g mindenki\u00e9 projektkoordin\u00e1tor\u00e1t<\/td>\n                    <td style=\"\">h\u00edr, besz\u00e1mol\u00f3, r\u00f6vid cikk<\/td>\n                    <td style=\"\"><a href='https:\/\/hvg.hu\/kultura\/20210915_Time100_Redai_Dorottya_Meseorszag_mindenkie' rel=' nofollow ' target='_blank'>https:\/\/hvg.hu\/kultura\/20210915_Time100_Redai_Dorottya_Meseorszag_mindenkie<\/a><\/td>\n                    <td style=\"\">pozit\u00edv<\/td>\n                    <td style=\"\"><\/td>\n                    <td style=\"\"><\/td>\n                    <td style=\"\"><\/td>\n                    <td style=\"\"><\/td>\n            <\/tr>\n            <tr id=\"table_2_row_766\">\n                    <td style=\"\">2021.09.15<\/td>\n                    <td style=\"\"><a href='https:\/\/444.hu\/' rel=' nofollow ' target='_blank'>https:\/\/444.hu\/<\/a><\/td>\n                    <td style=\"\">Herczeg M\u00e1rk<\/td>\n                    <td style=\"\">A Time a Meseorsz\u00e1g mindenki\u00e9 c\u00edm\u0171 mesek\u00f6nyv\u00e9rt a vil\u00e1g 100 legbefoly\u00e1sosabb embere k\u00f6z\u00e9 sorolta R\u00e9dai Dorotty\u00e1t<\/td>\n                    <td style=\"\">h\u00edr, besz\u00e1mol\u00f3, r\u00f6vid cikk<\/td>\n                    <td style=\"\"><a href='https:\/\/444.hu\/2021\/09\/15\/a-time-a-meseorszag-mindenkie-cimu-mesekonyvert-a-vilag-100-legbefolyasosabb-embere-koze-sorolta-redai-dorottyat' rel=' nofollow ' target='_blank'>https:\/\/444.hu\/2021\/09\/15\/a-time-a-meseorszag-mindenkie-cimu-mesekonyvert-a-vilag-100-legbefolyasosabb-embere-koze-sorolta-redai-dorottyat<\/a><\/td>\n                    <td style=\"\">pozit\u00edv<\/td>\n                    <td style=\"\"><\/td>\n                    <td style=\"\"><\/td>\n                    <td style=\"\"><\/td>\n                    <td style=\"\"><\/td>\n            <\/tr>\n            <tr id=\"table_2_row_767\">\n                    <td style=\"\">2021.09.15<\/td>\n                    <td style=\"\"><a href='https:\/\/labrisz.hu\/' rel=' nofollow ' target='_blank'>https:\/\/labrisz.hu\/<\/a><\/td>\n                    <td style=\"\"><\/td>\n                    <td style=\"\">R\u00e9dai Dorottya  Time idei list\u00e1j\u00e1n a vil\u00e1g 100 legbefoly\u00e1sosabb embere k\u00f6z\u00f6tt<\/td>\n                    <td style=\"\">h\u00edr, besz\u00e1mol\u00f3, r\u00f6vid cikk<\/td>\n                    <td style=\"\"><a href='https:\/\/labrisz.hu\/hirek\/redai_dorottya_a_time_idei_listajan_a_vilag_100_legbefolyasosabb_embere_kozott.858.html?pageid=58' rel=' nofollow ' target='_blank'>https:\/\/labrisz.hu\/hirek\/redai_dorottya_a_time_idei_listajan_a_vilag_100_legbefolyasosabb_embere_kozott.858.html?pageid=58<\/a><\/td>\n                    <td style=\"\">pozit\u00edv<\/td>\n                    <td style=\"\"><\/td>\n                    <td style=\"\"><\/td>\n                    <td style=\"\"><\/td>\n                    <td style=\"\"><\/td>\n            <\/tr>\n            <tr id=\"table_2_row_768\">\n                    <td style=\"\">2021.09.15<\/td>\n                    <td style=\"\"><a href='https:\/\/humenonline.hu\/' rel=' nofollow ' target='_blank'>https:\/\/humenonline.hu\/<\/a><\/td>\n                    <td style=\"\">Waliduda D\u00e1niel<\/td>\n                    <td style=\"\">A TIME a vil\u00e1g legbefoly\u00e1sosabb emberei k\u00f6z\u00e9 v\u00e1lasztotta a Meseorsz\u00e1g Mindenki\u00e9 egyik meg\u00e1lmod\u00f3j\u00e1t<\/td>\n                    <td style=\"\">h\u00edr, besz\u00e1mol\u00f3, r\u00f6vid cikk<\/td>\n                    <td style=\"\"><a href='https:\/\/humenonline.hu\/a-time-a-vilag-legbefolyasosabb-emberei-koze-valasztotta-a-meseorszag-mindenkie-egyik-megalmodojat\/' rel=' nofollow ' target='_blank'>https:\/\/humenonline.hu\/a-time-a-vilag-legbefolyasosabb-emberei-koze-valasztotta-a-meseorszag-mindenkie-egyik-megalmodojat\/<\/a><\/td>\n                    <td style=\"\">pozit\u00edv<\/td>\n                    <td style=\"\"><\/td>\n                    <td style=\"\"><\/td>\n                    <td style=\"\"><\/td>\n                    <td style=\"\"><\/td>\n            <\/tr>\n            <tr id=\"table_2_row_769\">\n                    <td style=\"\">2021.09.15<\/td>\n                    <td style=\"\"><a href='https:\/\/www.coc.nl\/' rel=' nofollow ' target='_blank'>https:\/\/www.coc.nl\/<\/a><\/td>\n                    <td style=\"\"><\/td>\n                    <td style=\"\">Bedenker Dorotyya uitverkoren door TIME Magazine<\/td>\n                    <td style=\"\">interj\u00fa<\/td>\n                    <td style=\"\"><a href='https:\/\/www.coc.nl\/algemeen\/bedenker-dorotyya-uitverkoren-door-time-magazine' rel=' nofollow ' target='_blank'>https:\/\/www.coc.nl\/algemeen\/bedenker-dorotyya-uitverkoren-door-time-magazine<\/a><\/td>\n                    <td style=\"\">pozit\u00edv<\/td>\n                    <td style=\"\"><\/td>\n                    <td style=\"\">igen<\/td>\n                    <td style=\"\">holland<\/td>\n                    <td style=\"\"><\/td>\n            <\/tr>\n            <tr id=\"table_2_row_770\">\n                    <td style=\"\">2021.09.16<\/td>\n                    <td style=\"\"><a href='https:\/\/www.ceu.edu\/' rel=' nofollow ' target='_blank'>https:\/\/www.ceu.edu\/<\/a><\/td>\n                    <td style=\"\"><\/td>\n                    <td style=\"\">CEU Academic Dorottya Redai Named to TIME100<\/td>\n                    <td style=\"\">h\u00edr, besz\u00e1mol\u00f3, r\u00f6vid cikk<\/td>\n                    <td style=\"\"><a href='https:\/\/www.ceu.edu\/article\/2021-09-16\/ceu-academic-dorottya-redai-named-time100-most-influential-people-world' rel=' nofollow ' target='_blank'>https:\/\/www.ceu.edu\/article\/2021-09-16\/ceu-academic-dorottya-redai-named-time100-most-influential-people-world<\/a><\/td>\n                    <td style=\"\">pozit\u00edv<\/td>\n                    <td style=\"\"><\/td>\n                    <td style=\"\">igen<\/td>\n                    <td style=\"\">angol<\/td>\n                    <td style=\"\"><\/td>\n            <\/tr>\n            <tr id=\"table_2_row_771\">\n                    <td style=\"\">2021.09.16<\/td>\n                    <td style=\"\"><a href='https:\/\/www.vaconline.hu\/' rel=' nofollow ' target='_blank'>https:\/\/www.vaconline.hu\/<\/a><\/td>\n                    <td style=\"\">Hujbert Istv\u00e1n<\/td>\n                    <td style=\"\">El\u00e9rte a Dunakanyart: LMBTQ propaganda egy k\u00f6nyvt\u00e1r gyermekpolc\u00e1n<\/td>\n                    <td style=\"\">h\u00edr, besz\u00e1mol\u00f3, r\u00f6vid cikk<\/td>\n                    <td style=\"\"><a href='https:\/\/www.vaconline.hu\/2021\/09\/16\/elerte-a-dunakanyart-lmbtq-propaganda-egy-konyvtar-gyermekpolcan\/' rel=' nofollow ' target='_blank'>https:\/\/www.vaconline.hu\/2021\/09\/16\/elerte-a-dunakanyart-lmbtq-propaganda-egy-konyvtar-gyermekpolcan\/<\/a><\/td>\n                    <td style=\"\">negat\u00edv<\/td>\n                    <td style=\"\"><\/td>\n                    <td style=\"\"><\/td>\n                    <td style=\"\"><\/td>\n                    <td style=\"\"><\/td>\n            <\/tr>\n            <tr id=\"table_2_row_772\">\n                    <td style=\"\">2021.09.17<\/td>\n                    <td style=\"\"><a href='https:\/\/444.hu\/' rel=' nofollow ' target='_blank'>https:\/\/444.hu\/<\/a><\/td>\n                    <td style=\"\">F\u0151di Kitti<\/td>\n                    <td style=\"\">Az olvas\u00f3k feljelent\u00e9se alapj\u00e1n egy dunakanyari telep\u00fcl\u00e9s polg\u00e1rmestere leszedette a Meseorsz\u00e1g mindenki\u00e9t a helyi k\u00f6nyvt\u00e1r polc\u00e1r\u00f3l<\/td>\n                    <td style=\"\">h\u00edr, besz\u00e1mol\u00f3, r\u00f6vid cikk<\/td>\n                    <td style=\"\"><a href='https:\/\/444.hu\/2021\/09\/17\/az-olvasok-feljelentese-alapjan-egy-dunakanyari-telepules-polgarmestere-leszedette-a-meseorszag-mindenkiet-a-helyi-konyvtar-polcarol' rel=' nofollow ' target='_blank'>https:\/\/444.hu\/2021\/09\/17\/az-olvasok-feljelentese-alapjan-egy-dunakanyari-telepules-polgarmestere-leszedette-a-meseorszag-mindenkiet-a-helyi-konyvtar-polcarol<\/a><\/td>\n                    <td style=\"\">semleges<\/td>\n                    <td style=\"\"><\/td>\n                    <td style=\"\"><\/td>\n                    <td style=\"\"><\/td>\n                    <td style=\"\"><\/td>\n            <\/tr>\n            <tr id=\"table_2_row_773\">\n                    <td style=\"\">2021.09.17<\/td>\n                    <td style=\"\"><a href='https:\/\/444.hu\/' rel=' nofollow ' target='_blank'>https:\/\/444.hu\/<\/a><\/td>\n                    <td style=\"\">Sarkadi Zsolt<\/td>\n                    <td style=\"\">A nagymarosi k\u00f6nyvt\u00e1ros nem tudja, ki \u00e9s mi\u00e9rt jelenthette fel a Meseorsz\u00e1g mindenki\u00e9 miatt<\/td>\n                    <td style=\"\">h\u00edr, besz\u00e1mol\u00f3, r\u00f6vid cikk<\/td>\n                    <td style=\"\"><a href='https:\/\/444.hu\/2021\/09\/17\/a-nagymarosi-konyvtaros-nem-tudja-ki-es-miert-jelenthette-fel-a-meseorszag-mindenkie-miatt' rel=' nofollow ' target='_blank'>https:\/\/444.hu\/2021\/09\/17\/a-nagymarosi-konyvtaros-nem-tudja-ki-es-miert-jelenthette-fel-a-meseorszag-mindenkie-miatt<\/a><\/td>\n                    <td style=\"\">semleges<\/td>\n                    <td style=\"\"><\/td>\n                    <td style=\"\"><\/td>\n                    <td style=\"\"><\/td>\n                    <td style=\"\"><\/td>\n            <\/tr>\n            <tr id=\"table_2_row_774\">\n                    <td style=\"\">2021.09.17<\/td>\n                    <td style=\"\"><a href='https:\/\/merce.hu\/' rel=' nofollow ' target='_blank'>https:\/\/merce.hu\/<\/a><\/td>\n                    <td style=\"\">Csengel Karina<\/td>\n                    <td style=\"\">Nem \u00e9rtett egyet Nagymaros polg\u00e1rmester\u00e9vel a k\u00f6nyvt\u00e1ros, akinek le kellett vennie a polcr\u00f3l a Meseorsz\u00e1g mindenki\u00e9t<\/td>\n                    <td style=\"\">h\u00edr, besz\u00e1mol\u00f3, r\u00f6vid cikk<\/td>\n                    <td style=\"\"><a href='https:\/\/merce.hu\/2021\/09\/17\/nem-ertett-egyet-nagymaros-polgarmesterevel-a-konyvtaros-akinek-le-kellett-vennie-a-polcrol-a-meseorszag-mindenkiet' rel=' nofollow ' target='_blank'>https:\/\/merce.hu\/2021\/09\/17\/nem-ertett-egyet-nagymaros-polgarmesterevel-a-konyvtaros-akinek-le-kellett-vennie-a-polcrol-a-meseorszag-mindenkiet<\/a><\/td>\n                    <td style=\"\">pozit\u00edv<\/td>\n                    <td style=\"\"><\/td>\n                    <td style=\"\"><\/td>\n                    <td style=\"\"><\/td>\n                    <td style=\"\"><\/td>\n            <\/tr>\n            <tr id=\"table_2_row_775\">\n                    <td style=\"\">2021.09.17<\/td>\n                    <td style=\"\"><a href='https:\/\/litera.hu\/' rel=' nofollow ' target='_blank'>https:\/\/litera.hu\/<\/a><\/td>\n                    <td style=\"\"><\/td>\n                    <td style=\"\">Leszedt\u00e9k egy dunakanyari telep\u00fcl\u00e9s k\u00f6nyvt\u00e1r\u00e1nak polc\u00e1r\u00f3l a Meseorsz\u00e1g mindenki\u00e9 c\u00edm\u0171 k\u00f6nyvet<\/td>\n                    <td style=\"\">h\u00edr, besz\u00e1mol\u00f3, r\u00f6vid cikk<\/td>\n                    <td style=\"\"><a href='https:\/\/litera.hu\/hirek\/leszedtek-egy-dunantuli-telepules-konyvtaranak-polcarol-a-meseorszag-mindenkie-cimu-konyvet.html' rel=' nofollow ' target='_blank'>https:\/\/litera.hu\/hirek\/leszedtek-egy-dunantuli-telepules-konyvtaranak-polcarol-a-meseorszag-mindenkie-cimu-konyvet.html<\/a><\/td>\n                    <td style=\"\">semleges<\/td>\n                    <td style=\"\"><\/td>\n                    <td style=\"\"><\/td>\n                    <td style=\"\"><\/td>\n                    <td style=\"\"><\/td>\n            <\/tr>\n            <tr id=\"table_2_row_776\">\n                    <td style=\"\">2021.09.17<\/td>\n                    <td style=\"\"><a href='https:\/\/litera.hu\/' rel=' nofollow ' target='_blank'>https:\/\/litera.hu\/<\/a><\/td>\n                    <td style=\"\"><\/td>\n                    <td style=\"\">T\u00f3th Kinga a Pompidouban, R\u00e9dai Dorottya a 100 legbefoly\u00e1sosabb ember k\u00f6z\u00f6tt \u00e9s a Booker sz\u0171k\u00edtett list\u00e1ja<\/td>\n                    <td style=\"\">h\u00edr, besz\u00e1mol\u00f3, r\u00f6vid cikk<\/td>\n                    <td style=\"\"><a href='https:\/\/litera.hu\/magazin\/osszeallitas\/toth-kinga-a-pompidouban-redai-dorottya-a-100-legbefolyasosabb-ember-kozott-es-a-booker-szukitett-listaja.html' rel=' nofollow ' target='_blank'>https:\/\/litera.hu\/magazin\/osszeallitas\/toth-kinga-a-pompidouban-redai-dorottya-a-100-legbefolyasosabb-ember-kozott-es-a-booker-szukitett-listaja.html<\/a><\/td>\n                    <td style=\"\">pozit\u00edv<\/td>\n                    <td style=\"\"><\/td>\n                    <td style=\"\"><\/td>\n                    <td style=\"\"><\/td>\n                    <td style=\"\"><\/td>\n            <\/tr>\n            <tr id=\"table_2_row_777\">\n                    <td style=\"\">2021.09.17<\/td>\n                    <td style=\"\"><a href='https:\/\/merce.hu\/' rel=' nofollow ' target='_blank'>https:\/\/merce.hu\/<\/a><\/td>\n                    <td style=\"\">Csengel Karina<\/td>\n                    <td style=\"\">Nem \u00e9rtett egyet Nagymaros polg\u00e1rmester\u00e9vel a k\u00f6nyvt\u00e1ros, akinek le kellett vennie a polcr\u00f3l a Meseorsz\u00e1g mindenki\u00e9t<\/td>\n                    <td style=\"\">h\u00edr, besz\u00e1mol\u00f3, r\u00f6vid cikk<\/td>\n                    <td style=\"\"><a href='https:\/\/merce.hu\/2021\/09\/17\/nem-ertett-egyet-nagymaros-polgarmesterevel-a-konyvtaros-akinek-le-kellett-vennie-a-polcrol-a-meseorszag-mindenkiet\/' rel=' nofollow ' target='_blank'>https:\/\/merce.hu\/2021\/09\/17\/nem-ertett-egyet-nagymaros-polgarmesterevel-a-konyvtaros-akinek-le-kellett-vennie-a-polcrol-a-meseorszag-mindenkiet\/<\/a><\/td>\n                    <td style=\"\">semleges<\/td>\n                    <td style=\"\"><\/td>\n                    <td style=\"\"><\/td>\n                    <td style=\"\"><\/td>\n                    <td style=\"\"><\/td>\n            <\/tr>\n            <tr id=\"table_2_row_778\">\n                    <td style=\"\">2021.09.20<\/td>\n                    <td style=\"\"><a href='https:\/\/www.klubradio.hu\/' rel=' nofollow ' target='_blank'>https:\/\/www.klubradio.hu\/<\/a><\/td>\n                    <td style=\"\"><\/td>\n                    <td style=\"\">A k\u00f6nyvt\u00e1rakat is \u00f6ncenz\u00far\u00e1ra k\u00e9nyszer\u00edtik<\/td>\n                    <td style=\"\">r\u00e1di\u00f3<\/td>\n                    <td style=\"\"><a href='https:\/\/www.klubradio.hu\/adasok\/a-konyvtarakat-is-oncenzurara-kenyszeritik-121005' rel=' nofollow ' target='_blank'>https:\/\/www.klubradio.hu\/adasok\/a-konyvtarakat-is-oncenzurara-kenyszeritik-121005<\/a><\/td>\n                    <td style=\"\">pozit\u00edv<\/td>\n                    <td style=\"\"><\/td>\n                    <td style=\"\"><\/td>\n                    <td style=\"\"><\/td>\n                    <td style=\"\">Reggeli gyors, interj\u00fa Demeter \u00c1ronnal<\/td>\n            <\/tr>\n            <tr id=\"table_2_row_779\">\n                    <td style=\"\">2021.09.20<\/td>\n                    <td style=\"\"><a href='https:\/\/nepszava.hu\/' rel=' nofollow ' target='_blank'>https:\/\/nepszava.hu\/<\/a><\/td>\n                    <td style=\"\"><\/td>\n                    <td style=\"\">\u00d6ncenz\u00far\u00e1ra k\u00e9nyszer\u00fclhetnek a k\u00f6nyvt\u00e1rak az Amnesty International szerint<\/td>\n                    <td style=\"\">h\u00edr, besz\u00e1mol\u00f3, r\u00f6vid cikk<\/td>\n                    <td style=\"\"><a href='https:\/\/nepszava.hu\/3132717_oncenzurara-kenyszerulhetnek-a-konyvtarak-az-amnesty-international-szerint' rel=' nofollow ' target='_blank'>https:\/\/nepszava.hu\/3132717_oncenzurara-kenyszerulhetnek-a-konyvtarak-az-amnesty-international-szerint<\/a><\/td>\n                    <td style=\"\">semleges<\/td>\n                    <td style=\"\"><\/td>\n                    <td style=\"\"><\/td>\n                    <td style=\"\"><\/td>\n                    <td style=\"\"><\/td>\n            <\/tr>\n            <tr id=\"table_2_row_780\">\n                    <td style=\"\">2021.09.22<\/td>\n                    <td style=\"\"><a href='https:\/\/issuu.com\/' rel=' nofollow ' target='_blank'>https:\/\/issuu.com\/<\/a><\/td>\n                    <td style=\"\"><\/td>\n                    <td style=\"\">Sprookjesland is voor iedereen, hier alvast een indruk<\/td>\n                    <td style=\"\">mesek\u00f6zl\u00e9s<\/td>\n                    <td style=\"\"><a href='https:\/\/issuu.com\/opzijmagazine\/docs\/bladerversie' rel=' nofollow ' target='_blank'>https:\/\/issuu.com\/opzijmagazine\/docs\/bladerversie<\/a><\/td>\n                    <td style=\"\">semleges<\/td>\n                    <td style=\"\"><\/td>\n                    <td style=\"\">igen<\/td>\n                    <td style=\"\">holland<\/td>\n                    <td style=\"\">A holland kiad\u00e1s r\u00e9szlete<\/td>\n            <\/tr>\n            <tr id=\"table_2_row_781\">\n                    <td style=\"\">2021.09.22<\/td>\n                    <td style=\"\"><a href='https:\/\/hirnyolc.hu\/' rel=' nofollow ' target='_blank'>https:\/\/hirnyolc.hu\/<\/a><\/td>\n                    <td style=\"\"><\/td>\n                    <td style=\"\">Kedvezm\u00e9nyesen b\u00e9relheti b\u00e1zis\u00e1t az \u00f6nkorm\u00e1nyzatt\u00f3l egy LMBTQ szervezet<\/td>\n                    <td style=\"\">h\u00edr, besz\u00e1mol\u00f3, r\u00f6vid cikk<\/td>\n                    <td style=\"\"><a href='https:\/\/hirnyolc.hu\/jozsefvaros\/kedvezmenyesen-berelheti-bazisat-az-onkormanyzattol-egy-lmbtq-szervezet-4834\/' rel=' nofollow ' target='_blank'>https:\/\/hirnyolc.hu\/jozsefvaros\/kedvezmenyesen-berelheti-bazisat-az-onkormanyzattol-egy-lmbtq-szervezet-4834\/<\/a><\/td>\n                    <td style=\"\">semleges<\/td>\n                    <td style=\"\"><\/td>\n                    <td style=\"\"><\/td>\n                    <td style=\"\"><\/td>\n                    <td style=\"\">h\u00edr arr\u00f3l, hogy a nyolcker adott helyis\u00e9get a Labrisznak<\/td>\n            <\/tr>\n            <tr id=\"table_2_row_782\">\n                    <td style=\"\">2021.09.23<\/td>\n                    <td style=\"\"><a href='https:\/\/vasarnap.hu\/' rel=' nofollow ' target='_blank'>https:\/\/vasarnap.hu\/<\/a><\/td>\n                    <td style=\"\"><\/td>\n                    <td style=\"\">Kev\u00e9s nagyobb aljass\u00e1g van, amit el lehet elk\u00f6vetni a gyerekek ellen<\/td>\n                    <td style=\"\">v\u00e9lem\u00e9ny<\/td>\n                    <td style=\"\"><a href='https:\/\/vasarnap.hu\/2021\/09\/23\/keves-nagyobb-aljassagot-lehet-elkovetni-a-gyerekek-ellen\/' rel=' nofollow ' target='_blank'>https:\/\/vasarnap.hu\/2021\/09\/23\/keves-nagyobb-aljassagot-lehet-elkovetni-a-gyerekek-ellen\/<\/a><\/td>\n                    <td style=\"\">negat\u00edv<\/td>\n                    <td style=\"\"><\/td>\n                    <td style=\"\"><\/td>\n                    <td style=\"\"><\/td>\n                    <td style=\"\">szexu\u00e1lis \u00e1tnevel\u00e9sr\u0151l \u00edrja a v\u00e9lem\u00e9ny\u00e9t a n\u00e9vtelen szerz\u0151<\/td>\n            <\/tr>\n            <tr id=\"table_2_row_783\">\n                    <td style=\"\">2021.09.23<\/td>\n                    <td style=\"\"><a href='https:\/\/vasarnap.hu\/' rel=' nofollow ' target='_blank'>https:\/\/vasarnap.hu\/<\/a><\/td>\n                    <td style=\"\"><\/td>\n                    <td style=\"\">Pet\u00edci\u00f3 indult: V\u00e9dj\u00e9k meg a polg\u00e1rmesterek telep\u00fcl\u00e9s\u00fck gyermekeit az LMBTQ-\u00e1tnevel\u0151propagand\u00e1t\u00f3l!<\/td>\n                    <td style=\"\">h\u00edr, besz\u00e1mol\u00f3, r\u00f6vid cikk<\/td>\n                    <td style=\"\"><a href='https:\/\/vasarnap.hu\/2021\/09\/23\/peticio-indult-vedjek-meg-a-polgarmesterek-telepulesuk-gyermekeit-az-lmbt-atnevelopropagandatol\/' rel=' nofollow ' target='_blank'>https:\/\/vasarnap.hu\/2021\/09\/23\/peticio-indult-vedjek-meg-a-polgarmesterek-telepulesuk-gyermekeit-az-lmbt-atnevelopropagandatol\/<\/a><\/td>\n                    <td style=\"\">negat\u00edv<\/td>\n                    <td style=\"\"><\/td>\n                    <td style=\"\"><\/td>\n                    <td style=\"\"><\/td>\n                    <td style=\"\"><\/td>\n            <\/tr>\n            <tr id=\"table_2_row_784\">\n                    <td style=\"\">2021.09.24<\/td>\n                    <td style=\"\"><a href='https:\/\/rtl.hu\/' rel=' nofollow ' target='_blank'>https:\/\/rtl.hu\/<\/a><\/td>\n                    <td style=\"\"><\/td>\n                    <td style=\"\">A 100 legbefoly\u00e1sosabb ember k\u00f6z\u00e9 sorolta a Time a Meseorsz\u00e1g mindenki\u00e9 projektkoordin\u00e1tor\u00e1t<\/td>\n                    <td style=\"\">TV<\/td>\n                    <td style=\"\"><a href='https:\/\/rtl.hu\/reggeli\/2021\/09\/24\/a-100-legbefolyasosabb-ember-koze-sorolta-a-time-a-meseorszag-mindenkie-projektkoordinatorat' rel=' nofollow ' target='_blank'>https:\/\/rtl.hu\/reggeli\/2021\/09\/24\/a-100-legbefolyasosabb-ember-koze-sorolta-a-time-a-meseorszag-mindenkie-projektkoordinatorat<\/a><\/td>\n                    <td style=\"\">pozit\u00edv<\/td>\n                    <td style=\"\"><\/td>\n                    <td style=\"\"><\/td>\n                    <td style=\"\"><\/td>\n                    <td style=\"\">Reggeli, interj\u00fa R\u00e9dai D\u00f3rival<\/td>\n            <\/tr>\n            <tr id=\"table_2_row_785\">\n                    <td style=\"\">2021.09.26<\/td>\n                    <td style=\"\"><a href='https:\/\/magyarnemzet.hu\/' rel=' nofollow ' target='_blank'>https:\/\/magyarnemzet.hu\/<\/a><\/td>\n                    <td style=\"\">Nagy Orsolya<\/td>\n                    <td style=\"\">Pik\u00f3 Andr\u00e1s kedvezm\u00e9nyt biztos\u00edt a Labrisz Leszbikus Egyes\u00fcletnek<\/td>\n                    <td style=\"\">h\u00edr, besz\u00e1mol\u00f3, r\u00f6vid cikk<\/td>\n                    <td style=\"\"><a href='https:\/\/magyarnemzet.hu\/belfold\/2021\/09\/piko-andras-kedvezmenyt-biztosit-a-labrisz-leszbikus-egyesuletnek' rel=' nofollow ' target='_blank'>https:\/\/magyarnemzet.hu\/belfold\/2021\/09\/piko-andras-kedvezmenyt-biztosit-a-labrisz-leszbikus-egyesuletnek<\/a><\/td>\n                    <td style=\"\">negat\u00edv<\/td>\n                    <td style=\"\"><\/td>\n                    <td style=\"\"><\/td>\n                    <td style=\"\"><\/td>\n                    <td style=\"\"><\/td>\n            <\/tr>\n            <tr id=\"table_2_row_786\">\n                    <td style=\"\">2021.09.27<\/td>\n                    <td style=\"\"><a href='https:\/\/rebellive.net\/' rel=' nofollow ' target='_blank'>https:\/\/rebellive.net\/<\/a><\/td>\n                    <td style=\"\">Mihucza Niki<\/td>\n                    <td style=\"\">\u201eEz az elismer\u00e9s a k\u00f6z\u00f6ss\u00e9gnek sz\u00f3l\u201d \u2013 R\u00e9dai Dorotty\u00e1val besz\u00e9lgett\u00fcnk<\/td>\n                    <td style=\"\">interj\u00fa<\/td>\n                    <td style=\"\"><a href='https:\/\/rebellive.net\/?p=2512' rel=' nofollow ' target='_blank'>https:\/\/rebellive.net\/?p=2512<\/a><\/td>\n                    <td style=\"\">pozit\u00edv<\/td>\n                    <td style=\"\"><\/td>\n                    <td style=\"\"><\/td>\n                    <td style=\"\"><\/td>\n                    <td style=\"\">Mihucza Niki interj\u00faja R\u00e9dai D\u00f3rival<\/td>\n            <\/tr>\n            <tr id=\"table_2_row_787\">\n                    <td style=\"\">2021.09.28<\/td>\n                    <td style=\"\"><a href='https:\/\/hvg.hu\/' rel=' nofollow ' target='_blank'>https:\/\/hvg.hu\/<\/a><\/td>\n                    <td style=\"\"><\/td>\n                    <td style=\"\">A Meseorsz\u00e1g mindenki\u00e9t sokan az\u00e9rt vett\u00e9k meg, hogy tiltakozzanak az ellens\u00e9gesked\u00e9s, kirekeszt\u00e9s ellen<\/td>\n                    <td style=\"\">interj\u00fa<\/td>\n                    <td style=\"\"><a href='https:\/\/hvg.hu\/elet\/20210928_Redai_Dorottya_Meseorszag_mindenkie_konyv' rel=' nofollow ' target='_blank'>https:\/\/hvg.hu\/elet\/20210928_Redai_Dorottya_Meseorszag_mindenkie_konyv<\/a><\/td>\n                    <td style=\"\">pozit\u00edv<\/td>\n                    <td style=\"\"><\/td>\n                    <td style=\"\"><\/td>\n                    <td style=\"\"><\/td>\n                    <td style=\"\">A Rebellive interj\u00fa r\u00e9szlete<\/td>\n            <\/tr>\n            <tr id=\"table_2_row_788\">\n                    <td style=\"\">2021.09.29<\/td>\n                    <td style=\"\"><a href='https:\/\/www.klubradio.hu\/' rel=' nofollow ' target='_blank'>https:\/\/www.klubradio.hu\/<\/a><\/td>\n                    <td style=\"\">V\u00e1radi J\u00falia<\/td>\n                    <td style=\"\">Meseorsz\u00e1g kir\u00e1lyn\u0151je a Time magazinban<\/td>\n                    <td style=\"\">r\u00e1di\u00f3<\/td>\n                    <td style=\"\"><a href='https:\/\/www.klubradio.hu\/adasok\/meseorszag-kiralynoje-a-time-magazinban-121219' rel=' nofollow ' target='_blank'>https:\/\/www.klubradio.hu\/adasok\/meseorszag-kiralynoje-a-time-magazinban-121219<\/a><\/td>\n                    <td style=\"\">pozit\u00edv<\/td>\n                    <td style=\"\"><\/td>\n                    <td style=\"\"><\/td>\n                    <td style=\"\"><\/td>\n                    <td style=\"\">Dobszerda, V\u00e1radi J\u00falia interj\u00faja R\u00e9dai D\u00f3rival<\/td>\n            <\/tr>\n            <tr id=\"table_2_row_789\">\n                    <td style=\"\">2021.09.29<\/td>\n                    <td style=\"\"><a href='https:\/\/www.youtube.com\/' rel=' nofollow ' target='_blank'>https:\/\/www.youtube.com\/<\/a><\/td>\n                    <td style=\"\">V\u00e1radi J\u00falia<\/td>\n                    <td style=\"\">Dobszerda: R\u00e9dai Dorottya<\/td>\n                    <td style=\"\">vide\u00f3<\/td>\n                    <td style=\"\"><a href='https:\/\/www.youtube.com\/watch?v=2W0AdcbN1jg' rel=' nofollow ' target='_blank'>https:\/\/www.youtube.com\/watch?v=2W0AdcbN1jg<\/a><\/td>\n                    <td style=\"\">pozit\u00edv<\/td>\n                    <td style=\"\">youtube<\/td>\n                    <td style=\"\"><\/td>\n                    <td style=\"\"><\/td>\n                    <td style=\"\">Dobszerda interj\u00fa vide\u00f3n<\/td>\n            <\/tr>\n            <tr id=\"table_2_row_790\">\n                    <td style=\"\">2021.09.30<\/td>\n                    <td style=\"\"><a href='https:\/\/sites.rutgers.edu\/' rel=' nofollow ' target='_blank'>https:\/\/sites.rutgers.edu\/<\/a><\/td>\n                    <td style=\"\">Judit Hajnal Ward<\/td>\n                    <td style=\"\">New Hungarian Law Challenges Librarians<\/td>\n                    <td style=\"\">h\u00edr, besz\u00e1mol\u00f3, r\u00f6vid cikk<\/td>\n                    <td style=\"\"><a href='https:\/\/sites.rutgers.edu\/books-we-read\/banned-books-hungary\/' rel=' nofollow ' target='_blank'>https:\/\/sites.rutgers.edu\/books-we-read\/banned-books-hungary\/<\/a><\/td>\n                    <td style=\"\">pozit\u00edv<\/td>\n                    <td style=\"\"><\/td>\n                    <td style=\"\">igen<\/td>\n                    <td style=\"\">angol<\/td>\n                    <td style=\"\"><\/td>\n            <\/tr>\n            <tr id=\"table_2_row_791\">\n                    <td style=\"\">2021.10.01<\/td>\n                    <td style=\"\"><a href='https:\/\/www.startlab.sk\/' rel=' nofollow ' target='_blank'>https:\/\/www.startlab.sk\/<\/a><\/td>\n                    <td style=\"\"><\/td>\n                    <td style=\"\">Rozpr\u00e1vkov\u00e1 krajina pre v\u0161etk\u00fdch: \u0161\u0165astn\u00e9 konce pre v\u0161etky deti<\/td>\n                    <td style=\"\">egy\u00e9b<\/td>\n                    <td style=\"\"><a href='https:\/\/www.startlab.sk\/projekty\/2363-rozpravkova-krajina-pre-vsetkych-stastne-konce-pre-vsetky-d' rel=' nofollow ' target='_blank'>https:\/\/www.startlab.sk\/projekty\/2363-rozpravkova-krajina-pre-vsetkych-stastne-konce-pre-vsetky-d<\/a><\/td>\n                    <td style=\"\">pozit\u00edv<\/td>\n                    <td style=\"\"><\/td>\n                    <td style=\"\">igen<\/td>\n                    <td style=\"\">szlov\u00e1k<\/td>\n                    <td style=\"\">Adom\u00e1nygy\u0171jt\u00e9s a szlov\u00e1k kiad\u00e1shoz<\/td>\n            <\/tr>\n            <tr id=\"table_2_row_792\">\n                    <td style=\"\">2021.10.01<\/td>\n                    <td style=\"\"><a href='https:\/\/www.independent.co.uk\/' rel=' nofollow ' target='_blank'>https:\/\/www.independent.co.uk\/<\/a><\/td>\n                    <td style=\"\">Justin Spike<\/td>\n                    <td style=\"\">Hungarian LGBT activist among Time's 100 most influential<\/td>\n                    <td style=\"\">h\u00edr, besz\u00e1mol\u00f3, r\u00f6vid cikk<\/td>\n                    <td style=\"\"><a href='https:\/\/www.independent.co.uk\/news\/budapest-central-european-viktor-orban-roma-european-union-b1930756.html' rel=' nofollow ' target='_blank'>https:\/\/www.independent.co.uk\/news\/budapest-central-european-viktor-orban-roma-european-union-b1930756.html<\/a><\/td>\n                    <td style=\"\">pozit\u00edv<\/td>\n                    <td style=\"\"><\/td>\n                    <td style=\"\">igen<\/td>\n                    <td style=\"\">angol<\/td>\n                    <td style=\"\"><\/td>\n            <\/tr>\n            <tr id=\"table_2_row_793\">\n                    <td style=\"\">2021.10.01<\/td>\n                    <td style=\"\"><a href='https:\/\/www.dailymail.co.uk\/' rel=' nofollow ' target='_blank'>https:\/\/www.dailymail.co.uk\/<\/a><\/td>\n                    <td style=\"\">Justin Spike<\/td>\n                    <td style=\"\">Hungarian LGBT activist among Time's 100 most influential<\/td>\n                    <td style=\"\">h\u00edr, besz\u00e1mol\u00f3, r\u00f6vid cikk<\/td>\n                    <td style=\"\"><a href='https:\/\/www.dailymail.co.uk\/wires\/ap\/article-10049631\/Hungarian-LGBT-activist-Times-100-influential.html' rel=' nofollow ' target='_blank'>https:\/\/www.dailymail.co.uk\/wires\/ap\/article-10049631\/Hungarian-LGBT-activist-Times-100-influential.html<\/a><\/td>\n                    <td style=\"\">pozit\u00edv<\/td>\n                    <td style=\"\"><\/td>\n                    <td style=\"\">igen<\/td>\n                    <td style=\"\">angol<\/td>\n                    <td style=\"\"><\/td>\n            <\/tr>\n            <tr id=\"table_2_row_794\">\n                    <td style=\"\">2021.10.01<\/td>\n                    <td style=\"\"><a href='https:\/\/www.bloomberg.com\/' rel=' nofollow ' target='_blank'>https:\/\/www.bloomberg.com\/<\/a><\/td>\n                    <td style=\"\">Justin Spike<\/td>\n                    <td style=\"\">Hungarian LGBTQ Activist Among Time\u2019s 100 Most Influential<\/td>\n                    <td style=\"\">h\u00edr, besz\u00e1mol\u00f3, r\u00f6vid cikk<\/td>\n                    <td style=\"\"><a href='https:\/\/www.bloomberg.com\/news\/articles\/2021-10-01\/hungarian-lgbt-activist-among-time-s-100-most-influential' rel=' nofollow ' target='_blank'>https:\/\/www.bloomberg.com\/news\/articles\/2021-10-01\/hungarian-lgbt-activist-among-time-s-100-most-influential<\/a><\/td>\n                    <td style=\"\">pozit\u00edv<\/td>\n                    <td style=\"\"><\/td>\n                    <td style=\"\">igen<\/td>\n                    <td style=\"\">angol<\/td>\n                    <td style=\"\"><\/td>\n            <\/tr>\n            <tr id=\"table_2_row_795\">\n                    <td style=\"\">2021.10.03<\/td>\n                    <td style=\"\"><a href='http:\/\/www.kithirlevel.hu\/' rel=' nofollow ' target='_blank'>http:\/\/www.kithirlevel.hu\/<\/a><\/td>\n                    <td style=\"\"><\/td>\n                    <td style=\"\">Magyar tartalom a betiltott k\u00f6nyvek het\u00e9n - Az idei rendezv\u00e9ny a Rutgers Egyetemen (USA)<\/td>\n                    <td style=\"\">h\u00edr, besz\u00e1mol\u00f3, r\u00f6vid cikk<\/td>\n                    <td style=\"\"><a href='http:\/\/www.kithirlevel.hu\/index.php?kh=magyar_tartalom_a_betiltott_konyvek_heten_-_az_idei_rendezveny_a_rutgers_egyetemen_usa' rel=' nofollow ' target='_blank'>http:\/\/www.kithirlevel.hu\/index.php?kh=magyar_tartalom_a_betiltott_konyvek_heten_-_az_idei_rendezveny_a_rutgers_egyetemen_usa<\/a><\/td>\n                    <td style=\"\">pozit\u00edv<\/td>\n                    <td style=\"\"><\/td>\n                    <td style=\"\"><\/td>\n                    <td style=\"\"><\/td>\n                    <td style=\"\">Az okt. 4-i rutgers.edu cikk szeml\u00e9z\u00e9se<\/td>\n            <\/tr>\n            <tr id=\"table_2_row_796\">\n                    <td style=\"\">2021.10.04<\/td>\n                    <td style=\"\"><a href='https:\/\/sites.rutgers.edu\/' rel=' nofollow ' target='_blank'>https:\/\/sites.rutgers.edu\/<\/a><\/td>\n                    <td style=\"\">Judit Hajnal Ward<\/td>\n                    <td style=\"\">Just Say Yes to Banned Books Week outside the United States!<\/td>\n                    <td style=\"\">h\u00edr, besz\u00e1mol\u00f3, r\u00f6vid cikk<\/td>\n                    <td style=\"\"><a href='https:\/\/sites.rutgers.edu\/books-we-read\/banned-books-outside-us\/' rel=' nofollow ' target='_blank'>https:\/\/sites.rutgers.edu\/books-we-read\/banned-books-outside-us\/<\/a><\/td>\n                    <td style=\"\">pozit\u00edv<\/td>\n                    <td style=\"\"><\/td>\n                    <td style=\"\">igen<\/td>\n                    <td style=\"\">angol<\/td>\n                    <td style=\"\"><\/td>\n            <\/tr>\n            <tr id=\"table_2_row_797\">\n                    <td style=\"\">2021.10.04<\/td>\n                    <td style=\"\"><a href='http:\/\/www.kithirlevel.hu\/' rel=' nofollow ' target='_blank'>http:\/\/www.kithirlevel.hu\/<\/a><\/td>\n                    <td style=\"\"><\/td>\n                    <td style=\"\">Nagy sz\u00fcks\u00e9g volt a Meseorsz\u00e1g mindenki\u00e9 c. k\u00f6nyvre<\/td>\n                    <td style=\"\">h\u00edr, besz\u00e1mol\u00f3, r\u00f6vid cikk<\/td>\n                    <td style=\"\"><a href='http:\/\/www.kithirlevel.hu\/index.php?kh=nagy_szukseg_volt_a_meseorszag_mindenkie_c._konyvre' rel=' nofollow ' target='_blank'>http:\/\/www.kithirlevel.hu\/index.php?kh=nagy_szukseg_volt_a_meseorszag_mindenkie_c._konyvre<\/a><\/td>\n                    <td style=\"\">pozit\u00edv<\/td>\n                    <td style=\"\"><\/td>\n                    <td style=\"\"><\/td>\n                    <td style=\"\"><\/td>\n                    <td style=\"\">A szept. 28-as HVG-cikk szeml\u00e9z\u00e9se<\/td>\n            <\/tr>\n            <tr id=\"table_2_row_798\">\n                    <td style=\"\">2021.10.05<\/td>\n                    <td style=\"\"><a href='https:\/\/ateizmus.hu\/' rel=' nofollow ' target='_blank'>https:\/\/ateizmus.hu\/<\/a><\/td>\n                    <td style=\"\">Waldmann Tam\u00e1s<\/td>\n                    <td style=\"\">Ha&nbsp;el\u00e9g r\u00e9gi a mesek\u00f6nyv, akkor b\u00e1rmi szerepelhet benne<\/td>\n                    <td style=\"\">nyilatkozat<\/td>\n                    <td style=\"\"><a href='https:\/\/ateizmus.hu\/index.php\/blog\/ha-eleg-regi-mesekonyv-akkor-barmi-szerepelhet-benne' rel=' nofollow ' target='_blank'>https:\/\/ateizmus.hu\/index.php\/blog\/ha-eleg-regi-mesekonyv-akkor-barmi-szerepelhet-benne<\/a><\/td>\n                    <td style=\"\">pozit\u00edv<\/td>\n                    <td style=\"\"><\/td>\n                    <td style=\"\"><\/td>\n                    <td style=\"\"><\/td>\n                    <td style=\"\">K\u00f6z\u00e9rdek\u0171 bejelnt\u00e9s aBibli\u00e1r\u00f3l, mely szint\u00e9n nem a hagyom\u00e1nyos szereeket mutatja be<\/td>\n            <\/tr>\n            <tr id=\"table_2_row_799\">\n                    <td style=\"\">2021.10.06<\/td>\n                    <td style=\"\"><a href='https:\/\/www.athenaeum.nl\/' rel=' nofollow ' target='_blank'>https:\/\/www.athenaeum.nl\/<\/a><\/td>\n                    <td style=\"\"><\/td>\n                    <td style=\"\">Sprookjesland is van iedereen<\/td>\n                    <td style=\"\">egy\u00e9b<\/td>\n                    <td style=\"\"><a href='https:\/\/www.athenaeum.nl\/boek?authortitle=boldizsar-m-nagy\/sprookjesland-is-van-iedereen--9789090348827' rel=' nofollow ' target='_blank'>https:\/\/www.athenaeum.nl\/boek?authortitle=boldizsar-m-nagy\/sprookjesland-is-van-iedereen--9789090348827<\/a><\/td>\n                    <td style=\"\">semleges<\/td>\n                    <td style=\"\"><\/td>\n                    <td style=\"\">igen<\/td>\n                    <td style=\"\">holland<\/td>\n                    <td style=\"\">holland kiad\u00e1s, k\u00f6ynvesbolt hirdet\u00e9s<\/td>\n            <\/tr>\n            <tr id=\"table_2_row_800\">\n                    <td style=\"\">2021.10.06<\/td>\n                    <td style=\"\"><a href='https:\/\/www.boekhandelburger.nl\/' rel=' nofollow ' target='_blank'>https:\/\/www.boekhandelburger.nl\/<\/a><\/td>\n                    <td style=\"\"><\/td>\n                    <td style=\"\">Sprookjesland is van iedereen<\/td>\n                    <td style=\"\">egy\u00e9b<\/td>\n                    <td style=\"\"><a href='https:\/\/www.boekhandelburger.nl\/9789090348827\/sprookjesland-is-van-iedereen\/' rel=' nofollow ' target='_blank'>https:\/\/www.boekhandelburger.nl\/9789090348827\/sprookjesland-is-van-iedereen\/<\/a><\/td>\n                    <td style=\"\">semleges<\/td>\n                    <td style=\"\"><\/td>\n                    <td style=\"\">igen<\/td>\n                    <td style=\"\">holland<\/td>\n                    <td style=\"\">holland kiad\u00e1s, k\u00f6ynvesbolt hirdet\u00e9s<\/td>\n            <\/tr>\n            <tr id=\"table_2_row_801\">\n                    <td style=\"\">2021.10.09<\/td>\n                    <td style=\"\"><a href='https:\/\/psychoanalysis.hu\/' rel=' nofollow ' target='_blank'>https:\/\/psychoanalysis.hu\/<\/a><\/td>\n                    <td style=\"\">Csizmadia R\u00e1hel, K\u0151v\u00e1ry Zolt\u00e1n<\/td>\n                    <td style=\"\">Diverz meseh\u0151s\u00f6k hozz\u00e1j\u00e1rul\u00e1sa az inkluz\u00edv nemi identit\u00e1shoz<\/td>\n                    <td style=\"\">esem\u00e9ny<\/td>\n                    <td style=\"\"><a href='https:\/\/psychoanalysis.hu\/absztraktfuzet_2021' rel=' nofollow ' target='_blank'>https:\/\/psychoanalysis.hu\/absztraktfuzet_2021<\/a><\/td>\n                    <td style=\"\">pozit\u00edv<\/td>\n                    <td style=\"\"><\/td>\n                    <td style=\"\"><\/td>\n                    <td style=\"\"><\/td>\n                    <td style=\"\">El\u0151ad\u00e1s a Magyar Pszichoanalitikus Egyes\u00fclet XXVII. konferenci\u00e1j\u00e1n<\/td>\n            <\/tr>\n            <tr id=\"table_2_row_802\">\n                    <td style=\"\">2021.10.14<\/td>\n                    <td style=\"\"><a href='https:\/\/www.frauenkultur-leipzig.de\/' rel=' nofollow ' target='_blank'>https:\/\/www.frauenkultur-leipzig.de\/<\/a><\/td>\n                    <td style=\"\"><\/td>\n                    <td style=\"\">Das 28. Leipziger Lesben*Treffen | Das LeLeTre 2021<\/td>\n                    <td style=\"\">egy\u00e9b<\/td>\n                    <td style=\"\"><a href='https:\/\/www.frauenkultur-leipzig.de\/angebote\/aktuelle-projekte\/leletre-leipziger-lesbentreffen\/' rel=' nofollow ' target='_blank'>https:\/\/www.frauenkultur-leipzig.de\/angebote\/aktuelle-projekte\/leletre-leipziger-lesbentreffen\/<\/a><\/td>\n                    <td style=\"\">pozit\u00edv<\/td>\n                    <td style=\"\"><\/td>\n                    <td style=\"\">igen<\/td>\n                    <td style=\"\">n\u00e9met, angol<\/td>\n                    <td style=\"\">Konferencia: benne R\u00e9dai D\u00f3ri el\u0151ad\u00e1sa: Ungarn unter dem Regenbogen<\/td>\n            <\/tr>\n            <tr id=\"table_2_row_803\">\n                    <td style=\"\">2021.10.14<\/td>\n                    <td style=\"\"><a href='https:\/\/www.volkskrant.nl\/' rel=' nofollow ' target='_blank'>https:\/\/www.volkskrant.nl\/<\/a><\/td>\n                    <td style=\"\">Olaf Tempelman<\/td>\n                    <td style=\"\"><\/td>\n                    <td style=\"\">hir r\u00f6vid cikk<\/td>\n                    <td style=\"\"><a href='https:\/\/www.volkskrant.nl\/cultuur-media\/er-was-eens-een-land-waar-de-premier-niets-van-lhbti-ers-moest-hebben~bb4ee2f0\/' rel=' nofollow ' target='_blank'>https:\/\/www.volkskrant.nl\/cultuur-media\/er-was-eens-een-land-waar-de-premier-niets-van-lhbti-ers-moest-hebben~bb4ee2f0\/<\/a><\/td>\n                    <td style=\"\">semleges<\/td>\n                    <td style=\"\"><\/td>\n                    <td style=\"\">igen<\/td>\n                    <td style=\"\">holland<\/td>\n                    <td style=\"\">H\u00edr a holland ford\u00edt\u00e1sr\u00f3l<\/td>\n            <\/tr>\n            <tr id=\"table_2_row_804\">\n                    <td style=\"\">2021.10.15<\/td>\n                    <td style=\"\"><a href='https:\/\/lithub.com\/' rel=' nofollow ' target='_blank'>https:\/\/lithub.com\/<\/a><\/td>\n                    <td style=\"\">keen On<\/td>\n                    <td style=\"\">Dorottya R\u00e9dai on the Importance of LGBTQ Fairy Tales<\/td>\n                    <td style=\"\">interj\u00fa<\/td>\n                    <td style=\"\"><a href='https:\/\/lithub.com\/dorottya-redai-on-the-importance-of-lgbtq-fairy-tales\/' rel=' nofollow ' target='_blank'>https:\/\/lithub.com\/dorottya-redai-on-the-importance-of-lgbtq-fairy-tales\/<\/a><\/td>\n                    <td style=\"\">semleges<\/td>\n                    <td style=\"\"><\/td>\n                    <td style=\"\">igen<\/td>\n                    <td style=\"\">angol<\/td>\n                    <td style=\"\"><\/td>\n            <\/tr>\n            <tr id=\"table_2_row_805\">\n                    <td style=\"\">2021.10.15<\/td>\n                    <td style=\"\"><a href='https:\/\/www.demorgen.be\/' rel=' nofollow ' target='_blank'>https:\/\/www.demorgen.be\/<\/a><\/td>\n                    <td style=\"\"><\/td>\n                    <td style=\"\">Een politica haalde het door de versnipperaar, en toch werd dit Hongaarse sprookjesboek met lgbtq+-personages een bestseller<\/td>\n                    <td style=\"\">interj\u00fa<\/td>\n                    <td style=\"\"><a href='https:\/\/www.demorgen.be\/politiek\/een-politica-haalde-het-door-de-versnipperaar-en-toch-werd-dit-hongaarse-sprookjesboek-met-lgbtq-personages-een-bestseller~b1cc27ab\/' rel=' nofollow ' target='_blank'>https:\/\/www.demorgen.be\/politiek\/een-politica-haalde-het-door-de-versnipperaar-en-toch-werd-dit-hongaarse-sprookjesboek-met-lgbtq-personages-een-bestseller~b1cc27ab\/<\/a><\/td>\n                    <td style=\"\">pozit\u00edv<\/td>\n                    <td style=\"\"><\/td>\n                    <td style=\"\">igen<\/td>\n                    <td style=\"\">holland<\/td>\n                    <td style=\"\">Interj\u00fa Nagy Boldizs\u00e1rral<\/td>\n            <\/tr>\n            <tr id=\"table_2_row_806\">\n                    <td style=\"\">2021.10.21<\/td>\n                    <td style=\"\"><a href='https:\/\/trinambai.se\/' rel=' nofollow ' target='_blank'>https:\/\/trinambai.se\/<\/a><\/td>\n                    <td style=\"\"><\/td>\n                    <td style=\"\">Trinambai ger ut den internationellt uppm\u00e4rksammade barnboken Sagolandet tillh\u00f6r alla<\/td>\n                    <td style=\"\">h\u00edr, besz\u00e1mol\u00f3, r\u00f6vid cikk<\/td>\n                    <td style=\"\"><a href='https:\/\/trinambai.se\/trinambai-ger-ut-den-internationellt-uppmarksammade-barnboken-sagolandet-tillhor-alla\/' rel=' nofollow ' target='_blank'>https:\/\/trinambai.se\/trinambai-ger-ut-den-internationellt-uppmarksammade-barnboken-sagolandet-tillhor-alla\/<\/a><\/td>\n                    <td style=\"\">semleges<\/td>\n                    <td style=\"\"><\/td>\n                    <td style=\"\">sv\u00e9d<\/td>\n                    <td style=\"\">a sv\u00e9d kiad\u00e1sr\u00f3l<\/td>\n                    <td style=\"\"><\/td>\n            <\/tr>\n            <tr id=\"table_2_row_807\">\n                    <td style=\"\">2021.10.31<\/td>\n                    <td style=\"\"><a href='https:\/\/magyarszalon.nl\/' rel=' nofollow ' target='_blank'>https:\/\/magyarszalon.nl\/<\/a><\/td>\n                    <td style=\"\"><\/td>\n                    <td style=\"\">H\u00e1rmas k\u00f6nyvbemutat\u00f3<\/td>\n                    <td style=\"\">esem\u00e9ny<\/td>\n                    <td style=\"\"><a href='https:\/\/magyarszalon.nl\/2021\/11\/11\/harmas-konyvbemutato\/' rel=' nofollow ' target='_blank'>https:\/\/magyarszalon.nl\/2021\/11\/11\/harmas-konyvbemutato\/<\/a><\/td>\n                    <td style=\"\">pozit\u00edv<\/td>\n                    <td style=\"\"><\/td>\n                    <td style=\"\">igen<\/td>\n                    <td style=\"\">holland<\/td>\n                    <td style=\"\">A k\u00f6nyv holland kiad\u00f3j\u00e1val, Simone Jacobsszal, \u00e9s ford\u00edt\u00f3j\u00e1val, Alf\u00f6ldy Marival besz\u00e9lget R\u00e9thelyi Orsolya.<\/td>\n            <\/tr>\n            <tr id=\"table_2_row_808\">\n                    <td style=\"\">2021.10.31<\/td>\n                    <td style=\"\"><a href='https:\/\/www.ijb.de\/' rel=' nofollow ' target='_blank'>https:\/\/www.ijb.de\/<\/a><\/td>\n                    <td style=\"\"><\/td>\n                    <td style=\"\">The White Ravens 2021<\/td>\n                    <td style=\"\">egy\u00e9b<\/td>\n                    <td style=\"\"><a href='https:\/\/www.ijb.de\/en\/publications\/single\/the-white-ravens-2021' rel=' nofollow ' target='_blank'>https:\/\/www.ijb.de\/en\/publications\/single\/the-white-ravens-2021<\/a><\/td>\n                    <td style=\"\">pozit\u00edv<\/td>\n                    <td style=\"\"><\/td>\n                    <td style=\"\">igen<\/td>\n                    <td style=\"\">angol<\/td>\n                    <td style=\"\">The White Ravens 2021 katal\u00f3gus<\/td>\n            <\/tr>\n            <tr id=\"table_2_row_809\">\n                    <td style=\"\">2021.10.31<\/td>\n                    <td style=\"\"><a href='https:\/\/whiteravens.ijb.de\/' rel=' nofollow ' target='_blank'>https:\/\/whiteravens.ijb.de\/<\/a><\/td>\n                    <td style=\"\"><\/td>\n                    <td style=\"\">The White Ravens Database<\/td>\n                    <td style=\"\">egy\u00e9b<\/td>\n                    <td style=\"\"><a href='https:\/\/whiteravens.ijb.de\/book\/2132' rel=' nofollow ' target='_blank'>https:\/\/whiteravens.ijb.de\/book\/2132<\/a><\/td>\n                    <td style=\"\">pozit\u00edv<\/td>\n                    <td style=\"\"><\/td>\n                    <td style=\"\">igen<\/td>\n                    <td style=\"\">angol<\/td>\n                    <td style=\"\">Meseorsz\u00e1g a The White Ravens 2021 katal\u00f3gusban<\/td>\n            <\/tr>\n            <tr id=\"table_2_row_810\">\n                    <td style=\"\">2021.11.03<\/td>\n                    <td style=\"\"><a href='https:\/\/24.hu\/' rel=' nofollow ' target='_blank'>https:\/\/24.hu\/<\/a><\/td>\n                    <td style=\"\">Benke \u00c1gnes<\/td>\n                    <td style=\"\">Egymilli\u00f3s s\u00e9relemd\u00edjat kell fizetnie a Mediaworksnek a Meseorsz\u00e1g mindenki\u00e9 c\u00edm\u0171 k\u00f6nyvet kiad\u00f3 egyes\u00fclet sz\u00e1m\u00e1ra<\/td>\n                    <td style=\"\">h\u00edr, besz\u00e1mol\u00f3, r\u00f6vid cikk<\/td>\n                    <td style=\"\"><a href='https:\/\/24.hu\/belfold\/2021\/11\/03\/meseorszag-mindenkie-serelemdij-magyar-nemzet-labrisz-egyesulet\/' rel=' nofollow ' target='_blank'>https:\/\/24.hu\/belfold\/2021\/11\/03\/meseorszag-mindenkie-serelemdij-magyar-nemzet-labrisz-egyesulet\/<\/a><\/td>\n                    <td style=\"\">pozit\u00edv<\/td>\n                    <td style=\"\"><\/td>\n                    <td style=\"\"><\/td>\n                    <td style=\"\"><\/td>\n                    <td style=\"\">h\u00edr arr\u00f3l, hogy s\u00e9relemd\u00edjra jogosult az egyes\u00fclet<\/td>\n            <\/tr>\n            <tr id=\"table_2_row_811\">\n                    <td style=\"\">2021.11.03<\/td>\n                    <td style=\"\"><a href='https:\/\/helsinki.hu\/' rel=' nofollow ' target='_blank'>https:\/\/helsinki.hu\/<\/a><\/td>\n                    <td style=\"\"><\/td>\n                    <td style=\"\">Hazugs\u00e1got terjesztett a Magyar Nemzet, s\u00e9relemd\u00edjat kell fizetnie a Labrisznak<\/td>\n                    <td style=\"\">h\u00edr, besz\u00e1mol\u00f3, r\u00f6vid cikk<\/td>\n                    <td style=\"\"><a href='https:\/\/helsinki.hu\/hazug-ragalmat-terjesztett-a-magyar-nemzet-serelemdijat-kell-fizetnie-a-labrisznak\/' rel=' nofollow ' target='_blank'>https:\/\/helsinki.hu\/hazug-ragalmat-terjesztett-a-magyar-nemzet-serelemdijat-kell-fizetnie-a-labrisznak\/<\/a><\/td>\n                    <td style=\"\">semleges<\/td>\n                    <td style=\"\"><\/td>\n                    <td style=\"\"><\/td>\n                    <td style=\"\"><\/td>\n                    <td style=\"\">a nem joger\u0151s \u00edt\u00e9letr\u0151l sz\u00f3l\u00f3 h\u00edr<\/td>\n            <\/tr>\n            <tr id=\"table_2_row_812\">\n                    <td style=\"\">2021.11.03<\/td>\n                    <td style=\"\"><a href='https:\/\/hvg.hu\/' rel=' nofollow ' target='_blank'>https:\/\/hvg.hu\/<\/a><\/td>\n                    <td style=\"\"><\/td>\n                    <td style=\"\">Meseoraz\u00e1d Mindenki\u00e9 -\u00fcgy : A Magyar Nemzet egymilli\u00f3t fizethet s\u00e9relemd\u00edjk\u00e9nt<\/td>\n                    <td style=\"\">h\u00edr, besz\u00e1mol\u00f3, r\u00f6vid cikk<\/td>\n                    <td style=\"\"><a href='https:\/\/hvg.hu\/elet\/20211103_magyar_nemzet_meseorszag_mindenkie_mediaworks_labrisz' rel=' nofollow ' target='_blank'>https:\/\/hvg.hu\/elet\/20211103_magyar_nemzet_meseorszag_mindenkie_mediaworks_labrisz<\/a><\/td>\n                    <td style=\"\">pozit\u00edv<\/td>\n                    <td style=\"\"><\/td>\n                    <td style=\"\"><\/td>\n                    <td style=\"\"><\/td>\n                    <td style=\"\"><\/td>\n            <\/tr>\n            <tr id=\"table_2_row_813\">\n                    <td style=\"\">2021.11.03<\/td>\n                    <td style=\"\"><a href='https:\/\/telex.hu\/' rel=' nofollow ' target='_blank'>https:\/\/telex.hu\/<\/a><\/td>\n                    <td style=\"\">Moln\u00e1r R\u00e9ka<\/td>\n                    <td style=\"\">Egymilli\u00f3 forintot kell fizetnie a Magyar Nemzetnek, ami\u00e9rt cikk\u00fckben pedof\u00edli\u00e1nak nevezt\u00e9k a Meseorsz\u00e1g Mindenki\u00e9-t<\/td>\n                    <td style=\"\">h\u00edr, besz\u00e1mol\u00f3, r\u00f6vid cikk<\/td>\n                    <td style=\"\"><a href='https:\/\/telex.hu\/belfold\/2021\/11\/03\/magyar-nemzet-helsinki-bizottsag' rel=' nofollow ' target='_blank'>https:\/\/telex.hu\/belfold\/2021\/11\/03\/magyar-nemzet-helsinki-bizottsag<\/a><\/td>\n                    <td style=\"\">semleges<\/td>\n                    <td style=\"\"><\/td>\n                    <td style=\"\"><\/td>\n                    <td style=\"\"><\/td>\n                    <td style=\"\"><\/td>\n            <\/tr>\n            <tr id=\"table_2_row_814\">\n                    <td style=\"\">2021.11.04<\/td>\n                    <td style=\"\"><a href='https:\/\/szentkoronaradio.com\/' rel=' nofollow ' target='_blank'>https:\/\/szentkoronaradio.com\/<\/a><\/td>\n                    <td style=\"\"><\/td>\n                    <td style=\"\">LMBTQP szervezet kap haz\u00e1nkban milli\u00f3s s\u00e9relemd\u00edjat a korm\u00e1nym\u00e9di\u00e1t\u00f3l<\/td>\n                    <td style=\"\">h\u00edr, besz\u00e1mol\u00f3, r\u00f6vid cikk<\/td>\n                    <td style=\"\"><a href='https:\/\/szentkoronaradio.com\/blog\/2021\/11\/04\/lmbtqp-szervezet-kap-hazankban-millios-serelemdijat-a-kormanymediatol\/' rel=' nofollow ' target='_blank'>https:\/\/szentkoronaradio.com\/blog\/2021\/11\/04\/lmbtqp-szervezet-kap-hazankban-millios-serelemdijat-a-kormanymediatol\/<\/a><\/td>\n                    <td style=\"\">negat\u00edv<\/td>\n                    <td style=\"\"><\/td>\n                    <td style=\"\"><\/td>\n                    <td style=\"\"><\/td>\n                    <td style=\"\"><\/td>\n            <\/tr>\n            <tr id=\"table_2_row_815\">\n                    <td style=\"\">2021.11.15<\/td>\n                    <td style=\"\"><a href='https:\/\/missy-magazine.de\/' rel=' nofollow ' target='_blank'>https:\/\/missy-magazine.de\/<\/a><\/td>\n                    <td style=\"\">Katrin Kremmeler<\/td>\n                    <td style=\"\">Kein Happy End<\/td>\n                    <td style=\"\">hir r\u00f6vid cikk<\/td>\n                    <td style=\"\"><a href='https:\/\/missy-magazine.de\/blog\/2021\/11\/15\/kein-happy-end\/' rel=' nofollow ' target='_blank'>https:\/\/missy-magazine.de\/blog\/2021\/11\/15\/kein-happy-end\/<\/a><\/td>\n                    <td style=\"\">pozit\u00edv<\/td>\n                    <td style=\"\"><\/td>\n                    <td style=\"\">igen<\/td>\n                    <td style=\"\">n\u00e9met<\/td>\n                    <td style=\"\"><\/td>\n            <\/tr>\n            <tr id=\"table_2_row_816\">\n                    <td style=\"\">2021.11.20<\/td>\n                    <td style=\"\"><a href='https:\/\/szemlelek.net\/' rel=' nofollow ' target='_blank'>https:\/\/szemlelek.net\/<\/a><\/td>\n                    <td style=\"\">Koroknai Zolt\u00e1n<\/td>\n                    <td style=\"\">Koronkai Zolt\u00e1n: Az LMBT-propaganda sok esetben nemcsak az \u00f6nelfogad\u00e1st hirdeti<\/td>\n                    <td style=\"\">recenzi\u00f3<\/td>\n                    <td style=\"\"><a href='https:\/\/szemlelek.net\/koronkai-zoltan-lmbt\/' rel=' nofollow ' target='_blank'>https:\/\/szemlelek.net\/koronkai-zoltan-lmbt\/<\/a><\/td>\n                    <td style=\"\">negat\u00edv<\/td>\n                    <td style=\"\"><\/td>\n                    <td style=\"\"><\/td>\n                    <td style=\"\"><\/td>\n                    <td style=\"\"><\/td>\n            <\/tr>\n            <tr id=\"table_2_row_817\">\n                    <td style=\"\">2021.12.03<\/td>\n                    <td style=\"\"><a href='https:\/\/buchmarkt.de\/' rel=' nofollow ' target='_blank'>https:\/\/buchmarkt.de\/<\/a><\/td>\n                    <td style=\"\"><\/td>\n                    <td style=\"\">\u201eM\u00e4rchenland f\u00fcr alle\u201c erscheint im Fr\u00fchjahr als STERN-Buch<\/td>\n                    <td style=\"\">hir r\u00f6vid cikk<\/td>\n                    <td style=\"\"><a href='https:\/\/buchmarkt.de\/meldungen\/maerchenland-fuer-alle-erscheint-im-fruehjahr-als-stern-buch\/' rel=' nofollow ' target='_blank'>https:\/\/buchmarkt.de\/meldungen\/maerchenland-fuer-alle-erscheint-im-fruehjahr-als-stern-buch\/<\/a><\/td>\n                    <td style=\"\">pozit\u00edv<\/td>\n                    <td style=\"\"><\/td>\n                    <td style=\"\">igen<\/td>\n                    <td style=\"\">n\u00e9met<\/td>\n                    <td style=\"\">n\u00e9met kiad\u00e1s<\/td>\n            <\/tr>\n            <tr id=\"table_2_row_818\">\n                    <td style=\"\">2021.12.03<\/td>\n                    <td style=\"\"><a href='https:\/\/mannschaft.com\/' rel=' nofollow ' target='_blank'>https:\/\/mannschaft.com\/<\/a><\/td>\n                    <td style=\"\">Kriss Rudolph<\/td>\n                    <td style=\"\">Von Viktor Orb\u00e1n gef\u00fcrchtet: M\u00e4rchenbuch erscheint auf Deutsch<\/td>\n                    <td style=\"\">hir r\u00f6vid cikk<\/td>\n                    <td style=\"\"><a href='https:\/\/mannschaft.com\/von-viktor-orban-gefuerchtet-maerchenbuch-erscheint-auf-deutsch\/' rel=' nofollow ' target='_blank'>https:\/\/mannschaft.com\/von-viktor-orban-gefuerchtet-maerchenbuch-erscheint-auf-deutsch\/<\/a><\/td>\n                    <td style=\"\">pozit\u00edv<\/td>\n                    <td style=\"\"><\/td>\n                    <td style=\"\">igen<\/td>\n                    <td style=\"\">n\u00e9met<\/td>\n                    <td style=\"\"><\/td>\n            <\/tr>\n            <tr id=\"table_2_row_819\">\n                    <td style=\"\">2021.12.06<\/td>\n                    <td style=\"\"><a href='https:\/\/www.lesering.de\/' rel=' nofollow ' target='_blank'>https:\/\/www.lesering.de\/<\/a><\/td>\n                    <td style=\"\"><\/td>\n                    <td style=\"\">Umstrittenes Kinderbuch \"M\u00e4rchenland f\u00fcr alle\" kommt nach Deutschland<\/td>\n                    <td style=\"\">hir r\u00f6vid cikk<\/td>\n                    <td style=\"\"><a href='https:\/\/www.lesering.de\/id\/4904075\/Umstrittenes-Kinderbuch-Marchenland-fur-alle-kommt-nach-Deutschland\/' rel=' nofollow ' target='_blank'>https:\/\/www.lesering.de\/id\/4904075\/Umstrittenes-Kinderbuch-Marchenland-fur-alle-kommt-nach-Deutschland\/<\/a><\/td>\n                    <td style=\"\">semleges<\/td>\n                    <td style=\"\"><\/td>\n                    <td style=\"\">igen<\/td>\n                    <td style=\"\">n\u00e9met<\/td>\n                    <td style=\"\">h\u00edr a n\u00e9met kiad\u00e1sr\u00f3l<\/td>\n            <\/tr>\n            <tr id=\"table_2_row_820\">\n                    <td style=\"\">2021.12.08<\/td>\n                    <td style=\"\"><a href='https:\/\/www.facebook.com\/' rel=' nofollow ' target='_blank'>https:\/\/www.facebook.com\/<\/a><\/td>\n                    <td style=\"\"><\/td>\n                    <td style=\"\">Besz\u00e9lget\u00e9s Lengyelorsz\u00e1gban a Mayar helyzetr\u0151l a mesek\u00f6nyv kapcs\u00e1n<\/td>\n                    <td style=\"\">esem\u00e9ny<\/td>\n                    <td style=\"\"><a href='https:\/\/www.facebook.com\/events\/294365929246584' rel=' nofollow ' target='_blank'>https:\/\/www.facebook.com\/events\/294365929246584<\/a><\/td>\n                    <td style=\"\">pozit\u00edv<\/td>\n                    <td style=\"\">fb<\/td>\n                    <td style=\"\"><\/td>\n                    <td style=\"\"><\/td>\n                    <td style=\"\"><\/td>\n            <\/tr>\n            <tr id=\"table_2_row_821\">\n                    <td style=\"\">2021.12.14<\/td>\n                    <td style=\"\"><a href='https:\/\/duhovyrok.sk\/' rel=' nofollow ' target='_blank'>https:\/\/duhovyrok.sk\/<\/a><\/td>\n                    <td style=\"\">Dominika Chrastov\u00e1<\/td>\n                    <td style=\"\">Boldizs\u00e1r Nagy: Kni\u017eka mi pomohla \u010deli\u0165 internalizovanej homof\u00f3bii<\/td>\n                    <td style=\"\">interj\u00fa<\/td>\n                    <td style=\"\"><a href='https:\/\/duhovyrok.sk\/qys\/boldizsar-nagy-knizka-mi-pomohla-celit-internalizovanej-homofobii\/' rel=' nofollow ' target='_blank'>https:\/\/duhovyrok.sk\/qys\/boldizsar-nagy-knizka-mi-pomohla-celit-internalizovanej-homofobii\/<\/a><\/td>\n                    <td style=\"\">pozit\u00edv<\/td>\n                    <td style=\"\"><\/td>\n                    <td style=\"\">igen<\/td>\n                    <td style=\"\">szlov\u00e1k<\/td>\n                    <td style=\"\">Interj\u00fa Nagy Boldizs\u00e1rral<\/td>\n            <\/tr>\n            <tr id=\"table_2_row_822\">\n                    <td style=\"\">2021.12.17<\/td>\n                    <td style=\"\"><a href='https:\/\/br-fr.facebook.com\/' rel=' nofollow ' target='_blank'>https:\/\/br-fr.facebook.com\/<\/a><\/td>\n                    <td style=\"\"><\/td>\n                    <td style=\"\">Sz\u00ednh\u00e1z: Meseorsz\u00e1g nem midenki\u00e9<\/td>\n                    <td style=\"\">esem\u00e9ny<\/td>\n                    <td style=\"\"><a href='https:\/\/br-fr.facebook.com\/events\/3808863452673023\/' rel=' nofollow ' target='_blank'>https:\/\/br-fr.facebook.com\/events\/3808863452673023\/<\/a><\/td>\n                    <td style=\"\">pozit\u00edv<\/td>\n                    <td style=\"\">fb<\/td>\n                    <td style=\"\"><\/td>\n                    <td style=\"\"><\/td>\n                    <td style=\"\">bemutat\u00f3<\/td>\n            <\/tr>\n            <tr id=\"table_2_row_823\">\n                    <td style=\"\">2021.12.20<\/td>\n                    <td style=\"\"><a href='https:\/\/www.facebook.com\/' rel=' nofollow ' target='_blank'>https:\/\/www.facebook.com\/<\/a><\/td>\n                    <td style=\"\"><\/td>\n                    <td style=\"\">szlov\u00e9n fesztiv\u00e1lon besz\u00e9lget\u00e9s a mesek\u00f6nyvr\u0151l<\/td>\n                    <td style=\"\">esem\u00e9ny<\/td>\n                    <td style=\"\"><a href='https:\/\/www.facebook.com\/events\/464067501826729\/' rel=' nofollow ' target='_blank'>https:\/\/www.facebook.com\/events\/464067501826729\/<\/a><\/td>\n                    <td style=\"\">pozit\u00edv<\/td>\n                    <td style=\"\">fb<\/td>\n                    <td style=\"\"><\/td>\n                    <td style=\"\"><\/td>\n                    <td style=\"\"><\/td>\n            <\/tr>\n            <tr id=\"table_2_row_824\">\n                    <td style=\"\">2021.12.21<\/td>\n                    <td style=\"\"><a href='https:\/\/www.facebook.com\/' rel=' nofollow ' target='_blank'>https:\/\/www.facebook.com\/<\/a><\/td>\n                    <td style=\"\">Brane Mozetic<\/td>\n                    <td style=\"\">Brane Mozetic \u00e9ppen most fot\u00f3ja a SKUC gallery k\u00e9p<\/td>\n                    <td style=\"\">fb-poszt<\/td>\n                    <td style=\"\"><a href='https:\/\/www.facebook.com\/photo?fbid=10160455727873094&amp;set=a.104592168093' rel=' nofollow ' target='_blank'>https:\/\/www.facebook.com\/photo?fbid=10160455727873094&amp;set=a.104592168093<\/a><\/td>\n                    <td style=\"\">pozit\u00edv<\/td>\n                    <td style=\"\">fb<\/td>\n                    <td style=\"\"><\/td>\n                    <td style=\"\"><\/td>\n                    <td style=\"\"><\/td>\n            <\/tr>\n            <tr id=\"table_2_row_825\">\n                    <td style=\"\">2021.12.21<\/td>\n                    <td style=\"\"><a href='https:\/\/www.englishpen.org\/' rel=' nofollow ' target='_blank'>https:\/\/www.englishpen.org\/<\/a><\/td>\n                    <td style=\"\"><\/td>\n                    <td style=\"\">PEN Translates awards announced<\/td>\n                    <td style=\"\">egy\u00e9b<\/td>\n                    <td style=\"\"><a href='https:\/\/www.englishpen.org\/posts\/news\/pen-translates-awards-announced-3\/' rel=' nofollow ' target='_blank'>https:\/\/www.englishpen.org\/posts\/news\/pen-translates-awards-announced-3\/<\/a><\/td>\n                    <td style=\"\">pozit\u00edv<\/td>\n                    <td style=\"\"><\/td>\n                    <td style=\"\">igen<\/td>\n                    <td style=\"\">holland<\/td>\n                    <td style=\"\">kih\u00edrdett\u00e9k a PEN translates d\u00edjat<\/td>\n            <\/tr>\n            <tr id=\"table_2_row_826\">\n                    <td style=\"\">2021.12.31<\/td>\n                    <td style=\"\"><a href='https:\/\/diverse-kinderbucher.simplecast.com\/' rel=' nofollow ' target='_blank'>https:\/\/diverse-kinderbucher.simplecast.com\/<\/a><\/td>\n                    <td style=\"\">podcastwerkstatt<\/td>\n                    <td style=\"\">Queere kinderb\u00fccher<\/td>\n                    <td style=\"\">podcast<\/td>\n                    <td style=\"\"><a href='https:\/\/diverse-kinderbucher.simplecast.com\/episodes\/bonus-16-queere-kinderbucher' rel=' nofollow ' target='_blank'>https:\/\/diverse-kinderbucher.simplecast.com\/episodes\/bonus-16-queere-kinderbucher<\/a><\/td>\n                    <td style=\"\">pozit\u00edv<\/td>\n                    <td style=\"\"><\/td>\n                    <td style=\"\">igen<\/td>\n                    <td style=\"\">n\u00e9met<\/td>\n                    <td style=\"\">Carla gyerekk\u00f6nyvekr\u0151l besz\u00e9l a podcastban<\/td>\n            <\/tr>\n            <tr id=\"table_2_row_827\">\n                    <td style=\"\">2022.01.01<\/td>\n                    <td style=\"\"><a href='https:\/\/' rel=' nofollow ' target='_blank'>https:\/\/<\/a><\/td>\n                    <td style=\"\">Katona Nikolas<\/td>\n                    <td style=\"\">Sz\u00fcks\u00e9g\u00fcnk van-e modern mes\u00e9kre?<\/td>\n                    <td style=\"\">recenzi\u00f3<\/td>\n                    <td style=\"\"><a href='https:\/\/katedra.sk\/Folyoirat\/29\/05\/index.html#p=19' rel=' nofollow ' target='_blank'>https:\/\/katedra.sk\/Folyoirat\/29\/05\/index.html#p=19<\/a><\/td>\n                    <td style=\"\">pozit\u00edv<\/td>\n                    <td style=\"\"><\/td>\n                    <td style=\"\">igen<\/td>\n                    <td style=\"\"><\/td>\n                    <td style=\"\"><\/td>\n            <\/tr>\n            <tr id=\"table_2_row_828\">\n                    <td style=\"\">2022.01.02<\/td>\n                    <td style=\"\"><a href='https:\/\/www.instagram.com\/' rel=' nofollow ' target='_blank'>https:\/\/www.instagram.com\/<\/a><\/td>\n                    <td style=\"\">buuu.ch<\/td>\n                    <td style=\"\">k\u00e9p \u00e9s le\u00edr\u00e1s a k\u00f6nyvr\u0151l<\/td>\n                    <td style=\"\">instagram poszt<\/td>\n                    <td style=\"\"><a href='https:\/\/www.instagram.com\/p\/CYPB3teMY5s' rel=' nofollow ' target='_blank'>https:\/\/www.instagram.com\/p\/CYPB3teMY5s<\/a><\/td>\n                    <td style=\"\">pozit\u00edv<\/td>\n                    <td style=\"\"><\/td>\n                    <td style=\"\">igen<\/td>\n                    <td style=\"\">n\u00e9met (sv\u00e1jci)<\/td>\n                    <td style=\"\">k\u00f6nyvesbolt posztja<\/td>\n            <\/tr>\n            <tr id=\"table_2_row_829\">\n                    <td style=\"\">2022.01.19<\/td>\n                    <td style=\"\"><a href='https:\/\/alturi.org\/' rel=' nofollow ' target='_blank'>https:\/\/alturi.org\/<\/a><\/td>\n                    <td style=\"\">Sarah Leistico<\/td>\n                    <td style=\"\">Dorottya Redai \u2014 A Fairy Tale for Everyone, Hungary<\/td>\n                    <td style=\"\">interj\u00fa<\/td>\n                    <td style=\"\"><a href='https:\/\/alturi.org\/feature_items\/dorottya-redai-a-fairy-tale-for-everyone-hungary\/' rel=' nofollow ' target='_blank'>https:\/\/alturi.org\/feature_items\/dorottya-redai-a-fairy-tale-for-everyone-hungary\/<\/a><\/td>\n                    <td style=\"\">pozit\u00edv<\/td>\n                    <td style=\"\"><\/td>\n                    <td style=\"\">igen<\/td>\n                    <td style=\"\">angol<\/td>\n                    <td style=\"\">Besz\u00e9lget\u00e9s R\u00e9dai Dorotty\u00e1val<\/td>\n            <\/tr>\n            <tr id=\"table_2_row_830\">\n                    <td style=\"\">2022.02.01<\/td>\n                    <td style=\"\"><a href='https:\/\/helsinki.hu\/' rel=' nofollow ' target='_blank'>https:\/\/helsinki.hu\/<\/a><\/td>\n                    <td style=\"\"><\/td>\n                    <td style=\"\">A korm\u00e1nyf\u0151 hamis sz\u00f6vege perd\u00f6nt\u0151nek bizonyult egy mai perben<\/td>\n                    <td style=\"\">h\u00edr, besz\u00e1mol\u00f3, r\u00f6vid cikk<\/td>\n                    <td style=\"\"><a href='https:\/\/helsinki.hu\/a-kormanyfo-hamis-szovege-perdontonek-bizonyult-egy-mai-perben\/' rel=' nofollow ' target='_blank'>https:\/\/helsinki.hu\/a-kormanyfo-hamis-szovege-perdontonek-bizonyult-egy-mai-perben\/<\/a><\/td>\n                    <td style=\"\">semleges<\/td>\n                    <td style=\"\"><\/td>\n                    <td style=\"\"><\/td>\n                    <td style=\"\"><\/td>\n                    <td style=\"\"><\/td>\n            <\/tr>\n            <tr id=\"table_2_row_831\">\n                    <td style=\"\">2022.02.01<\/td>\n                    <td style=\"\"><a href='https:\/\/magyarnemzet.hu\/' rel=' nofollow ' target='_blank'>https:\/\/magyarnemzet.hu\/<\/a><\/td>\n                    <td style=\"\">Szem\u00e1n L\u00e1szl\u00f3 J\u00e1nos<\/td>\n                    <td style=\"\">A Labrisz Leszbikus Egyes\u00fclet m\u00e1sodfokon pert vesztett a Mediaworks ellen<\/td>\n                    <td style=\"\">h\u00edr, besz\u00e1mol\u00f3, r\u00f6vid cikk<\/td>\n                    <td style=\"\"><a href='https:\/\/magyarnemzet.hu\/belfold\/2022\/02\/a-labrisz-leszbikus-egyesulet-masodfokon-pert-vesztett-a-mediaworks-ellen' rel=' nofollow ' target='_blank'>https:\/\/magyarnemzet.hu\/belfold\/2022\/02\/a-labrisz-leszbikus-egyesulet-masodfokon-pert-vesztett-a-mediaworks-ellen<\/a><\/td>\n                    <td style=\"\">negat\u00edv<\/td>\n                    <td style=\"\"><\/td>\n                    <td style=\"\"><\/td>\n                    <td style=\"\"><\/td>\n                    <td style=\"\"><\/td>\n            <\/tr>\n            <tr id=\"table_2_row_832\">\n                    <td style=\"\">2022.02.01<\/td>\n                    <td style=\"\"><a href='https:\/\/www.youtube.com\/' rel=' nofollow ' target='_blank'>https:\/\/www.youtube.com\/<\/a><\/td>\n                    <td style=\"\">Labrisz<\/td>\n                    <td style=\"\">Lepedofilozt\u00e1k a Labriszt - v\u00e9lem\u00e9ny\u00fcnk az \u00edt\u00e9letr\u0151l<\/td>\n                    <td style=\"\">vide\u00f3<\/td>\n                    <td style=\"\"><a href='https:\/\/www.youtube.com\/watch?v=MC59JKOVM7g' rel=' nofollow ' target='_blank'>https:\/\/www.youtube.com\/watch?v=MC59JKOVM7g<\/a><\/td>\n                    <td style=\"\">pozit\u00edv<\/td>\n                    <td style=\"\">youtube<\/td>\n                    <td style=\"\"><\/td>\n                    <td style=\"\"><\/td>\n                    <td style=\"\">A F\u0151v\u00e1rosi \u00cdt\u00e9l\u0151t\u00e1bla \u00cdt\u00e9lete ut\u00e1n a labrisz v\u00e9lem\u00e9nye az \u00edt\u00e9letr\u0151l<\/td>\n            <\/tr>\n            <tr id=\"table_2_row_833\">\n                    <td style=\"\">2022.02.01<\/td>\n                    <td style=\"\"><a href='https:\/\/labrisz.hu\/' rel=' nofollow ' target='_blank'>https:\/\/labrisz.hu\/<\/a><\/td>\n                    <td style=\"\">Labrisz<\/td>\n                    <td style=\"\">M\u00e1sodfok\u00fa d\u00f6nt\u00e9s a Magyar Nemzet pedofiloz\u00e1sa \u00fcgy\u00e9ben<\/td>\n                    <td style=\"\">h\u00edr, besz\u00e1mol\u00f3, r\u00f6vid cikk<\/td>\n                    <td style=\"\"><a href='https:\/\/labrisz.hu\/hirek\/masodfoku_dontes_a_magyar_nemzet_pedofilozasa_ugyeben.865.html?pageid=58' rel=' nofollow ' target='_blank'>https:\/\/labrisz.hu\/hirek\/masodfoku_dontes_a_magyar_nemzet_pedofilozasa_ugyeben.865.html?pageid=58<\/a><\/td>\n                    <td style=\"\">semleges<\/td>\n                    <td style=\"\"><\/td>\n                    <td style=\"\"><\/td>\n                    <td style=\"\"><\/td>\n                    <td style=\"\">h\u00edr a m\u00e1sodfok\u00fa d\u00f6nt\u00e9sr\u0151l<\/td>\n            <\/tr>\n            <tr id=\"table_2_row_834\">\n                    <td style=\"\">2022.02.02<\/td>\n                    <td style=\"\"><a href='https:\/\/444.hu\/' rel=' nofollow ' target='_blank'>https:\/\/444.hu\/<\/a><\/td>\n                    <td style=\"\">Boros Juli<\/td>\n                    <td style=\"\">A F\u0151v\u00e1rosi \u00cdt\u00e9l\u0151t\u00e1bla szerint m\u00e9gis lehet pedofilozni a Meseorsz\u00e1g Mindenki\u00e9 kiad\u00f3j\u00e1t<\/td>\n                    <td style=\"\">h\u00edr, besz\u00e1mol\u00f3, r\u00f6vid cikk<\/td>\n                    <td style=\"\"><a href='https:\/\/444.hu\/2022\/02\/02\/a-fovarosi-itelotabla-szerint-megis-lehet-pedofilozni-a-meseorszag-mindenkie-kiadojat' rel=' nofollow ' target='_blank'>https:\/\/444.hu\/2022\/02\/02\/a-fovarosi-itelotabla-szerint-megis-lehet-pedofilozni-a-meseorszag-mindenkie-kiadojat<\/a><\/td>\n                    <td style=\"\">pozit\u00edv<\/td>\n                    <td style=\"\"><\/td>\n                    <td style=\"\"><\/td>\n                    <td style=\"\"><\/td>\n                    <td style=\"\">A F\u0151v\u00e1rosi \u00cdt\u00e9l\u0151t\u00e1bla \u00edt\u00e9lete<\/td>\n            <\/tr>\n            <tr id=\"table_2_row_835\">\n                    <td style=\"\">2022.02.02<\/td>\n                    <td style=\"\"><a href='https:\/\/konyvesmagazin.hu\/' rel=' nofollow ' target='_blank'>https:\/\/konyvesmagazin.hu\/<\/a><\/td>\n                    <td style=\"\">sa<\/td>\n                    <td style=\"\">Orb\u00e1n Viktorra is hivatkozott a b\u00edr\u00f3i tan\u00e1cs a Labrisz Egyes\u00fclet ellen\u00e9ben<\/td>\n                    <td style=\"\">h\u00edr, besz\u00e1mol\u00f3, r\u00f6vid cikk<\/td>\n                    <td style=\"\"><a href='https:\/\/konyvesmagazin.hu\/friss\/meseorszag_mindenkie_labrisz_magyar_nemzet.html' rel=' nofollow ' target='_blank'>https:\/\/konyvesmagazin.hu\/friss\/meseorszag_mindenkie_labrisz_magyar_nemzet.html<\/a><\/td>\n                    <td style=\"\">pozit\u00edv<\/td>\n                    <td style=\"\"><\/td>\n                    <td style=\"\"><\/td>\n                    <td style=\"\"><\/td>\n                    <td style=\"\">A helsinki bizotts\u00e1g \u00e9s a labrisz \u00fcgy\u00e9nek bemutat\u00e1sa, mert ov \u00f6sszemosta a pedof\u00edli\u00e1t \u00e9s a k\u00f6nyvet<\/td>\n            <\/tr>\n            <tr id=\"table_2_row_836\">\n                    <td style=\"\">2022.02.02<\/td>\n                    <td style=\"\"><a href='https:\/\/telex.hu\/' rel=' nofollow ' target='_blank'>https:\/\/telex.hu\/<\/a><\/td>\n                    <td style=\"\">N\u00e9met Tam\u00e1s<\/td>\n                    <td style=\"\">M\u00e9gis pedofilozhatja a Meseorsz\u00e1g mindenki\u00e9 kiad\u00f3j\u00e1t a korm\u00e1nylap<\/td>\n                    <td style=\"\">h\u00edr, besz\u00e1mol\u00f3, r\u00f6vid cikk<\/td>\n                    <td style=\"\"><a href='https:\/\/telex.hu\/belfold\/2022\/02\/02\/orban-pedofiliat-es-homoszexualitast-osszemoso-mondatat-is-hasznalta-iteleteben-a-birosag-megis-pedofilozhatja-a-meseorszag-mindenkie-kiadojat-a-kormanylap' rel=' nofollow ' target='_blank'>https:\/\/telex.hu\/belfold\/2022\/02\/02\/orban-pedofiliat-es-homoszexualitast-osszemoso-mondatat-is-hasznalta-iteleteben-a-birosag-megis-pedofilozhatja-a-meseorszag-mindenkie-kiadojat-a-kormanylap<\/a><\/td>\n                    <td style=\"\">pozit\u00edv<\/td>\n                    <td style=\"\"><\/td>\n                    <td style=\"\"><\/td>\n                    <td style=\"\"><\/td>\n                    <td style=\"\"><\/td>\n            <\/tr>\n            <tr id=\"table_2_row_837\">\n                    <td style=\"\">2022.02.02<\/td>\n                    <td style=\"\"><a href='https:\/\/www.klubradio.hu\/' rel=' nofollow ' target='_blank'>https:\/\/www.klubradio.hu\/<\/a><\/td>\n                    <td style=\"\">szg<\/td>\n                    <td style=\"\">Meseorsz\u00e1g-\u00fcgy: \"primit\u00edv bunk\u00f3sbot-m\u00f3dszerrel\" forgathatja a korm\u00e1ny ezt az \u00edt\u00e9letet a kamp\u00e1nyban<\/td>\n                    <td style=\"\">h\u00edr, besz\u00e1mol\u00f3, r\u00f6vid cikk<\/td>\n                    <td style=\"\"><a href='https:\/\/www.klubradio.hu\/adasok\/meseorszag-ugy-primitiv-bunkosbot-modszerrel-forgathatja-a-kormany-ezt-az-iteletet-a-kampanyban-123981' rel=' nofollow ' target='_blank'>https:\/\/www.klubradio.hu\/adasok\/meseorszag-ugy-primitiv-bunkosbot-modszerrel-forgathatja-a-kormany-ezt-az-iteletet-a-kampanyban-123981<\/a><\/td>\n                    <td style=\"\">pozit\u00edv<\/td>\n                    <td style=\"\"><\/td>\n                    <td style=\"\"><\/td>\n                    <td style=\"\"><\/td>\n                    <td style=\"\"><\/td>\n            <\/tr>\n            <tr id=\"table_2_row_838\">\n                    <td style=\"\">2022.02.02<\/td>\n                    <td style=\"\"><a href='https:\/\/www.klubradio.hu\/' rel=' nofollow ' target='_blank'>https:\/\/www.klubradio.hu\/<\/a><\/td>\n                    <td style=\"\">Klubr\u00e1di\u00f3<\/td>\n                    <td style=\"\">F\u0151v\u00e1rosi \u00cdt\u00e9l\u0151t\u00e1bla: le lehet pedofilozni a Labrisz Leszbikus Egyes\u00fcletet<\/td>\n                    <td style=\"\">h\u00edr, besz\u00e1mol\u00f3, r\u00f6vid cikk<\/td>\n                    <td style=\"\"><a href='https:\/\/www.klubradio.hu\/hirek\/fovarosi-itelotabla-le-lehet-pedofilozni-a-labrisz-leszbikus-egyesuletet-123982' rel=' nofollow ' target='_blank'>https:\/\/www.klubradio.hu\/hirek\/fovarosi-itelotabla-le-lehet-pedofilozni-a-labrisz-leszbikus-egyesuletet-123982<\/a><\/td>\n                    <td style=\"\">pozit\u00edv<\/td>\n                    <td style=\"\"><\/td>\n                    <td style=\"\"><\/td>\n                    <td style=\"\"><\/td>\n                    <td style=\"\"><\/td>\n            <\/tr>\n            <tr id=\"table_2_row_839\">\n                    <td style=\"\">2022.02.03<\/td>\n                    <td style=\"\"><a href='https:\/\/168.hu\/' rel=' nofollow ' target='_blank'>https:\/\/168.hu\/<\/a><\/td>\n                    <td style=\"\">Fiala J\u00e1nos<\/td>\n                    <td style=\"\">\u201eLe lett\u00fcnk pedofilozva\u201d a minisztereln\u00f6kre hivatkozva<\/td>\n                    <td style=\"\">interj\u00fa<\/td>\n                    <td style=\"\"><a href='https:\/\/168.hu\/itthon\/le-lettunk-pedofilozva-a-miniszterelnokre-hivatkozva-225455' rel=' nofollow ' target='_blank'>https:\/\/168.hu\/itthon\/le-lettunk-pedofilozva-a-miniszterelnokre-hivatkozva-225455<\/a><\/td>\n                    <td style=\"\">pozit\u00edv<\/td>\n                    <td style=\"\"><\/td>\n                    <td style=\"\"><\/td>\n                    <td style=\"\"><\/td>\n                    <td style=\"\">Interj\u00fa Tim\u00e1r Magdival<\/td>\n            <\/tr>\n            <tr id=\"table_2_row_840\">\n                    <td style=\"\">2022.02.03<\/td>\n                    <td style=\"\"><a href='https:\/\/fovarosiitelotabla.birosag.hu\/' rel=' nofollow ' target='_blank'>https:\/\/fovarosiitelotabla.birosag.hu\/<\/a><\/td>\n                    <td style=\"\"><\/td>\n                    <td style=\"\">D\u00f6nt\u00e9s a www.magyarnemzet.hu internetes oldalon \"Meseorsz\u00e1g: Mit mond a tudom\u00e1ny?\"c\u00edmmel megjelent cikk miatt indult szem\u00e9lyis\u00e9gi jogi perben<\/td>\n                    <td style=\"\">egy\u00e9b<\/td>\n                    <td style=\"\"><a href='https:\/\/fovarosiitelotabla.birosag.hu\/sajtokozlemeny\/20220203\/dontes-wwwmagyarnemzethu-internetes-oldalon-meseorszag-mit-mond-tudomany' rel=' nofollow ' target='_blank'>https:\/\/fovarosiitelotabla.birosag.hu\/sajtokozlemeny\/20220203\/dontes-wwwmagyarnemzethu-internetes-oldalon-meseorszag-mit-mond-tudomany<\/a><\/td>\n                    <td style=\"\">semleges<\/td>\n                    <td style=\"\"><\/td>\n                    <td style=\"\"><\/td>\n                    <td style=\"\"><\/td>\n                    <td style=\"\">az \u00edt\u00e9l\u0151t\u00e1bla k\u00f6zlem\u00e9nye az els\u0151fok\u00fa \u00edt\u00e9letr\u0151l<\/td>\n            <\/tr>\n            <tr id=\"table_2_row_841\">\n                    <td style=\"\">2022.02.03<\/td>\n                    <td style=\"\"><a href='https:\/\/www.youtube.com\/' rel=' nofollow ' target='_blank'>https:\/\/www.youtube.com\/<\/a><\/td>\n                    <td style=\"\">KeLfeLjancsi<\/td>\n                    <td style=\"\">Tim\u00e1r Magdival besz\u00e9lget\u00e9s<\/td>\n                    <td style=\"\">vide\u00f3<\/td>\n                    <td style=\"\"><a href='https:\/\/www.youtube.com\/watch?v=mgFNJ42UTwI' rel=' nofollow ' target='_blank'>https:\/\/www.youtube.com\/watch?v=mgFNJ42UTwI<\/a><\/td>\n                    <td style=\"\">pozit\u00edv<\/td>\n                    <td style=\"\">youtube<\/td>\n                    <td style=\"\"><\/td>\n                    <td style=\"\"><\/td>\n                    <td style=\"\">nem hallgattam v\u00e9gig \u00e9s nincs a le\u00edr\u00e1sban, sz\u00f3val nem tudom...<\/td>\n            <\/tr>\n            <tr id=\"table_2_row_842\">\n                    <td style=\"\">2022.02.04<\/td>\n                    <td style=\"\"><a href='https:\/\/helsinki.hu\/' rel=' nofollow ' target='_blank'>https:\/\/helsinki.hu\/<\/a><\/td>\n                    <td style=\"\"><\/td>\n                    <td style=\"\">A f\u0151v\u00e1rosi \u00edt\u00e9l\u0151t\u00e1bla k\u00f6zlem\u00e9nyben magyar\u00e1zza \u00edt\u00e9lelt\u00e9t<\/td>\n                    <td style=\"\">h\u00edr, besz\u00e1mol\u00f3, r\u00f6vid cikk<\/td>\n                    <td style=\"\"><a href='https:\/\/helsinki.hu\/a-fovarosi-itelotabla-kozlemenyben-magyarazza-iteletet\/' rel=' nofollow ' target='_blank'>https:\/\/helsinki.hu\/a-fovarosi-itelotabla-kozlemenyben-magyarazza-iteletet\/<\/a><\/td>\n                    <td style=\"\">pozit\u00edv<\/td>\n                    <td style=\"\"><\/td>\n                    <td style=\"\"><\/td>\n                    <td style=\"\"><\/td>\n                    <td style=\"\">a b\u00edr\u00f3s\u00e1g els\u0151fok\u00fa \u00edt\u00e9let\u00e9nek megv\u00e1ltoztat\u00e1s\u00e1nak indokl\u00e1sa<\/td>\n            <\/tr>\n            <tr id=\"table_2_row_843\">\n                    <td style=\"\">2022.02.04<\/td>\n                    <td style=\"\"><a href='https:\/\/www.facebook.com\/' rel=' nofollow ' target='_blank'>https:\/\/www.facebook.com\/<\/a><\/td>\n                    <td style=\"\">Talents Hauts \u00c9ditions<\/td>\n                    <td style=\"\">A francia kiad\u00e1sr\u00f3l fb poszt<\/td>\n                    <td style=\"\">fb-poszt<\/td>\n                    <td style=\"\"><a href='https:\/\/www.facebook.com\/talentshauts\/photos\/a.169399359915750\/1774314872757516\/' rel=' nofollow ' target='_blank'>https:\/\/www.facebook.com\/talentshauts\/photos\/a.169399359915750\/1774314872757516\/<\/a><\/td>\n                    <td style=\"\">pozit\u00edv<\/td>\n                    <td style=\"\">fb<\/td>\n                    <td style=\"\"><\/td>\n                    <td style=\"\"><\/td>\n                    <td style=\"\"><\/td>\n            <\/tr>\n            <tr id=\"table_2_row_844\">\n                    <td style=\"\">2022.02.07<\/td>\n                    <td style=\"\"><a href='https:\/\/www.youtube.com\/' rel=' nofollow ' target='_blank'>https:\/\/www.youtube.com\/<\/a><\/td>\n                    <td style=\"\">KeLfeLjancsi (Fiala J\u00e1nos)<\/td>\n                    <td style=\"\">Besz\u00e9lget\u00e9s dr. Fazekas Tam\u00e1ssal (TASZ)<\/td>\n                    <td style=\"\">vide\u00f3 interj\u00fa<\/td>\n                    <td style=\"\"><a href='https:\/\/www.youtube.com\/watch?v=Uq-UFUm6mLY' rel=' nofollow ' target='_blank'>https:\/\/www.youtube.com\/watch?v=Uq-UFUm6mLY<\/a><\/td>\n                    <td style=\"\">semleges<\/td>\n                    <td style=\"\">youtube<\/td>\n                    <td style=\"\"><\/td>\n                    <td style=\"\"><\/td>\n                    <td style=\"\">Besz\u00e9lhet\u00e9s Dr. Fazekas Tam\u00e1ssal (TASZ)<\/td>\n            <\/tr>\n            <tr id=\"table_2_row_845\">\n                    <td style=\"\">2022.02.10<\/td>\n                    <td style=\"\"><a href='https:\/\/magyarnemzet.hu\/' rel=' nofollow ' target='_blank'>https:\/\/magyarnemzet.hu\/<\/a><\/td>\n                    <td style=\"\">N\u00e9meth Gy\u00f6rgy<\/td>\n                    <td style=\"\">Esetem a Labrisz Leszbikus Egyes\u00fclettel<\/td>\n                    <td style=\"\">recenzi\u00f3<\/td>\n                    <td style=\"\"><a href='https:\/\/magyarnemzet.hu\/velemeny\/2022\/02\/esetem-a-labrisz-leszbikus-egyesulettel' rel=' nofollow ' target='_blank'>https:\/\/magyarnemzet.hu\/velemeny\/2022\/02\/esetem-a-labrisz-leszbikus-egyesulettel<\/a><\/td>\n                    <td style=\"\">negat\u00edv<\/td>\n                    <td style=\"\"><\/td>\n                    <td style=\"\"><\/td>\n                    <td style=\"\"><\/td>\n                    <td style=\"\"><\/td>\n            <\/tr>\n            <tr id=\"table_2_row_846\">\n                    <td style=\"\">2022.02.14<\/td>\n                    <td style=\"\"><a href='https:\/\/telex.hu\/' rel=' nofollow ' target='_blank'>https:\/\/telex.hu\/<\/a><\/td>\n                    <td style=\"\">N\u00e9met Tam\u00e1s<\/td>\n                    <td style=\"\">Bagdy Em\u0151ke klinikai szakpszichol\u00f3gus N\u00e9meth Szil\u00e1rdot aj\u00e1nlja a v\u00e1laszt\u00f3knak<\/td>\n                    <td style=\"\">h\u00edr, besz\u00e1mol\u00f3, r\u00f6vid cikk<\/td>\n                    <td style=\"\"><a href='https:\/\/telex.hu\/belfold\/2022\/02\/14\/bagdy-emoke-klinikai-szakpszichologus-nemeth-szilardot-ajanlja-a-valasztoknak' rel=' nofollow ' target='_blank'>https:\/\/telex.hu\/belfold\/2022\/02\/14\/bagdy-emoke-klinikai-szakpszichologus-nemeth-szilardot-ajanlja-a-valasztoknak<\/a><\/td>\n                    <td style=\"\">semleges<\/td>\n                    <td style=\"\"><\/td>\n                    <td style=\"\"><\/td>\n                    <td style=\"\"><\/td>\n                    <td style=\"\"><\/td>\n            <\/tr>\n            <tr id=\"table_2_row_847\">\n                    <td style=\"\">2022.02.15<\/td>\n                    <td style=\"\"><a href='https:\/\/www.hrw.org\/' rel=' nofollow ' target='_blank'>https:\/\/www.hrw.org\/<\/a><\/td>\n                    <td style=\"\">Ryan Thoreson<\/td>\n                    <td style=\"\">LGBT Rights Under Renewed Pressure in HungaryChildren Harmed in the Name of Protection<\/td>\n                    <td style=\"\">r\u00f6vid cikk<\/td>\n                    <td style=\"\"><a href='https:\/\/www.hrw.org\/news\/2022\/02\/15\/lgbt-rights-under-renewed-pressure-hungary' rel=' nofollow ' target='_blank'>https:\/\/www.hrw.org\/news\/2022\/02\/15\/lgbt-rights-under-renewed-pressure-hungary<\/a><\/td>\n                    <td style=\"\">pozit\u00edv<\/td>\n                    <td style=\"\"><\/td>\n                    <td style=\"\">igen<\/td>\n                    <td style=\"\">angol<\/td>\n                    <td style=\"\">r\u00f6vid cikk arr\u00f3l, hogy az lmbt jogok meg\u00fajult nyom\u00e1s alatt van<\/td>\n            <\/tr>\n            <tr id=\"table_2_row_848\">\n                    <td style=\"\">2022.03.04<\/td>\n                    <td style=\"\"><a href='https:\/\/444.hu\/' rel=' nofollow ' target='_blank'>https:\/\/444.hu\/<\/a><\/td>\n                    <td style=\"\">M\u00e9sz\u00e1ros Juli<\/td>\n                    <td style=\"\">Pert nyert a Labrisz a korm\u00e1nyhivatal \u00e9s a rend\u0151rs\u00e9g ellen<\/td>\n                    <td style=\"\">h\u00edr, besz\u00e1mol\u00f3, r\u00f6vid cikk<\/td>\n                    <td style=\"\"><a href='https:\/\/444.hu\/2022\/03\/04\/pert-nyert-a-labrisz-a-kormanyhivatal-es-a-rendorseg-ellen' rel=' nofollow ' target='_blank'>https:\/\/444.hu\/2022\/03\/04\/pert-nyert-a-labrisz-a-kormanyhivatal-es-a-rendorseg-ellen<\/a><\/td>\n                    <td style=\"\">pozit\u00edv<\/td>\n                    <td style=\"\"><\/td>\n                    <td style=\"\"><\/td>\n                    <td style=\"\"><\/td>\n                    <td style=\"\">H\u00edr arr\u00f3l, hogy k\u00e9t perben is a Meseorsz\u00e1g jav\u00e1ra d\u00f6nt\u00f6ttek<\/td>\n            <\/tr>\n            <tr id=\"table_2_row_849\">\n                    <td style=\"\">2022.03.04<\/td>\n                    <td style=\"\"><a href='https:\/\/helsinki.hu\/' rel=' nofollow ' target='_blank'>https:\/\/helsinki.hu\/<\/a><\/td>\n                    <td style=\"\"><\/td>\n                    <td style=\"\">Meseorsz\u00e1g: pert nyert a Labrisz a korm\u00e1nyhivatal \u00e9s a rend\u0151rs\u00e9g ellen is<\/td>\n                    <td style=\"\">h\u00edr, besz\u00e1mol\u00f3, r\u00f6vid cikk<\/td>\n                    <td style=\"\"><a href='https:\/\/helsinki.hu\/meseorszag-pert-nyert-a-labrisz-a-kormanyhivatal-es-a-rendorseg-ellen-is\/' rel=' nofollow ' target='_blank'>https:\/\/helsinki.hu\/meseorszag-pert-nyert-a-labrisz-a-kormanyhivatal-es-a-rendorseg-ellen-is\/<\/a><\/td>\n                    <td style=\"\">semleges<\/td>\n                    <td style=\"\"><\/td>\n                    <td style=\"\"><\/td>\n                    <td style=\"\"><\/td>\n                    <td style=\"\">besz\u00e1mol\u00f3 mindk\u00e9t per r\u00e9szleteir\u0151l<\/td>\n            <\/tr>\n            <tr id=\"table_2_row_850\">\n                    <td style=\"\">2022.03.04<\/td>\n                    <td style=\"\"><a href='https:\/\/hirklikk.hu\/' rel=' nofollow ' target='_blank'>https:\/\/hirklikk.hu\/<\/a><\/td>\n                    <td style=\"\"><\/td>\n                    <td style=\"\">M\u00e1rcius 17-\u00e9n jelenik meg N\u00e9metorsz\u00e1gban a Meseorsz\u00e1g mindenki\u00e9<\/td>\n                    <td style=\"\">h\u00edr, besz\u00e1mol\u00f3, r\u00f6vid cikk<\/td>\n                    <td style=\"\"><a href='https:\/\/hirklikk.hu\/kozelet\/marcius-17-en-jelenik-meg-nemetorszagban-a-meseorszag-mindenkie\/394710' rel=' nofollow ' target='_blank'>https:\/\/hirklikk.hu\/kozelet\/marcius-17-en-jelenik-meg-nemetorszagban-a-meseorszag-mindenkie\/394710<\/a><\/td>\n                    <td style=\"\">semleges<\/td>\n                    <td style=\"\"><\/td>\n                    <td style=\"\"><\/td>\n                    <td style=\"\"><\/td>\n                    <td style=\"\">a n\u00e9met nyelv\u0171 megjelen\u00e9sr\u0151l tud\u00f3s\u00edt a cikk<\/td>\n            <\/tr>\n            <tr id=\"table_2_row_851\">\n                    <td style=\"\">2022.03.04<\/td>\n                    <td style=\"\"><a href='https:\/\/telex.hu\/' rel=' nofollow ' target='_blank'>https:\/\/telex.hu\/<\/a><\/td>\n                    <td style=\"\">\u00c1ghassai Attila<\/td>\n                    <td style=\"\">Meseorsz\u00e1g mindenki\u00e9: pert nyert a Labrisz a korm\u00e1nyhivatal \u00e9s a rend\u0151rs\u00e9g ellen is<\/td>\n                    <td style=\"\">h\u00edr, besz\u00e1mol\u00f3, r\u00f6vid cikk<\/td>\n                    <td style=\"\"><a href='https:\/\/telex.hu\/belfold\/2022\/03\/04\/meseorszag-mindenkie-perek-rendorseg-kormanyhivatal' rel=' nofollow ' target='_blank'>https:\/\/telex.hu\/belfold\/2022\/03\/04\/meseorszag-mindenkie-perek-rendorseg-kormanyhivatal<\/a><\/td>\n                    <td style=\"\">semleges<\/td>\n                    <td style=\"\"><\/td>\n                    <td style=\"\"><\/td>\n                    <td style=\"\"><\/td>\n                    <td style=\"\"><\/td>\n            <\/tr>\n            <tr id=\"table_2_row_852\">\n                    <td style=\"\">2022.03.04<\/td>\n                    <td style=\"\"><a href='https:\/\/labrisz.hu\/' rel=' nofollow ' target='_blank'>https:\/\/labrisz.hu\/<\/a><\/td>\n                    <td style=\"\"><\/td>\n                    <td style=\"\">Meseorsz\u00e1g: pert nyert a Labrisz a korm\u00e1nyhivatal \u00e9s a rend\u0151rs\u00e9g ellen is<\/td>\n                    <td style=\"\">h\u00edr, besz\u00e1mol\u00f3, r\u00f6vid cikk<\/td>\n                    <td style=\"\"><a href='https:\/\/labrisz.hu\/hirek\/meseorszag_pert_nyert_a_labrisz_a_kormanyhivatal_es_a_rendorseg_ellen_is.870.html?pageid=58' rel=' nofollow ' target='_blank'>https:\/\/labrisz.hu\/hirek\/meseorszag_pert_nyert_a_labrisz_a_kormanyhivatal_es_a_rendorseg_ellen_is.870.html?pageid=58<\/a><\/td>\n                    <td style=\"\">semleges<\/td>\n                    <td style=\"\"><\/td>\n                    <td style=\"\"><\/td>\n                    <td style=\"\"><\/td>\n                    <td style=\"\"><\/td>\n            <\/tr>\n            <tr id=\"table_2_row_853\">\n                    <td style=\"\">2022.03.15<\/td>\n                    <td style=\"\"><a href='https:\/\/www.queer.de\/' rel=' nofollow ' target='_blank'>https:\/\/www.queer.de\/<\/a><\/td>\n                    <td style=\"\"><\/td>\n                    <td style=\"\">In Ungarn bek\u00e4mpftes Kinderbuch \"M\u00e4rchenland f\u00fcr alle\" erscheint auf Deutsch<\/td>\n                    <td style=\"\">hir r\u00f6vid cikk<\/td>\n                    <td style=\"\"><a href='https:\/\/www.queer.de\/detail.php?article_id=41455' rel=' nofollow ' target='_blank'>https:\/\/www.queer.de\/detail.php?article_id=41455<\/a><\/td>\n                    <td style=\"\">semleges<\/td>\n                    <td style=\"\"><\/td>\n                    <td style=\"\">igen<\/td>\n                    <td style=\"\">n\u00e9met<\/td>\n                    <td style=\"\">H\u00edr arr\u00f3l, hogy a boltokban el\u00e9rhet\u0151 a k\u00f6nyv<\/td>\n            <\/tr>\n            <tr id=\"table_2_row_854\">\n                    <td style=\"\">2022.03.15<\/td>\n                    <td style=\"\"><a href='https:\/\/www.stern.de\/' rel=' nofollow ' target='_blank'>https:\/\/www.stern.de\/<\/a><\/td>\n                    <td style=\"\">David Baum<\/td>\n                    <td style=\"\">Es war einmal \u2026 ein schwuler Prinz: Der stern ver\u00f6ffentlicht umstrittenes M\u00e4rchenbuch aus Ungarn<\/td>\n                    <td style=\"\">h\u00edr, besz\u00e1mol\u00f3, r\u00f6vid cikk<\/td>\n                    <td style=\"\"><a href='https:\/\/www.stern.de\/kultur\/maerchenland-fuer-alle--der-stern-veroeffentlicht-umstrittenes-maerchenbuch-aus-ungarn--31703342.html' rel=' nofollow ' target='_blank'>https:\/\/www.stern.de\/kultur\/maerchenland-fuer-alle--der-stern-veroeffentlicht-umstrittenes-maerchenbuch-aus-ungarn--31703342.html<\/a><\/td>\n                    <td style=\"\">pozit\u00edv<\/td>\n                    <td style=\"\"><\/td>\n                    <td style=\"\">igen<\/td>\n                    <td style=\"\">n\u00e9met<\/td>\n                    <td style=\"\">a gyermekv\u00e9delmi szavaz\u00e1s kapcs\u00e1n besz\u00e9lnek a k\u00f6nyvr\u0151l<\/td>\n            <\/tr>\n            <tr id=\"table_2_row_855\">\n                    <td style=\"\">2022.03.16<\/td>\n                    <td style=\"\"><a href='https:\/\/m.bild.de\/' rel=' nofollow ' target='_blank'>https:\/\/m.bild.de\/<\/a><\/td>\n                    <td style=\"\">Marco Schenk<\/td>\n                    <td style=\"\">M\u00e4rchenland f\u00fcr alle\u201c erscheint jetzt auf Deutsch<\/td>\n                    <td style=\"\">h\u00edr, besz\u00e1mol\u00f3, r\u00f6vid cikk<\/td>\n                    <td style=\"\"><a href='https:\/\/m.bild.de\/lgbt\/2022\/lgbt\/umstrittenes-ungarn-kinderbuch-maerchenland-fuer-alle-erscheint-auf-deutsch-79473402.bildMobile.html?t_ref=https%3A%2F%2Fwww.bild.de%2Flgbt%2F2022%2Flgbt%2Fumstrittenes-ungarn-kinderbuch-maerchenland-fuer-alle-erscheint-auf-deutsch-79473402.bild.html' rel=' nofollow ' target='_blank'>https:\/\/m.bild.de\/lgbt\/2022\/lgbt\/umstrittenes-ungarn-kinderbuch-maerchenland-fuer-alle-erscheint-auf-deutsch-79473402.bildMobile.html?t_ref=https%3A%2F%2Fwww.bild.de%2Flgbt%2F2022%2Flgbt%2Fumstrittenes-ungarn-kinderbuch-maerchenland-fuer-alle-erscheint-auf-deutsch-79473402.bild.html<\/a><\/td>\n                    <td style=\"\">pozit\u00edv<\/td>\n                    <td style=\"\"><\/td>\n                    <td style=\"\">igen<\/td>\n                    <td style=\"\">n\u00e9met<\/td>\n                    <td style=\"\">a n\u00e9met nyelv\u0171 kiad\u00e1s m\u00e9ltat\u00e1sa<\/td>\n            <\/tr>\n            <tr id=\"table_2_row_856\">\n                    <td style=\"\">2022.03.16<\/td>\n                    <td style=\"\"><a href='https:\/\/www.nau.ch\/' rel=' nofollow ' target='_blank'>https:\/\/www.nau.ch\/<\/a><\/td>\n                    <td style=\"\"><\/td>\n                    <td style=\"\">Umstrittenes Kinderbuch \u00abM\u00e4rchenland f\u00fcr alle\u00bb erscheint auf Deutsch<\/td>\n                    <td style=\"\">h\u00edr, besz\u00e1mol\u00f3, r\u00f6vid cikk<\/td>\n                    <td style=\"\"><a href='https:\/\/www.nau.ch\/news\/europa\/umstrittenes-kinderbuch-marchenland-fur-alle-erscheint-auf-deutsch-66132726?utm_campaign=amp_article&amp;utm_source=66132726_comments#commens' rel=' nofollow ' target='_blank'>https:\/\/www.nau.ch\/news\/europa\/umstrittenes-kinderbuch-marchenland-fur-alle-erscheint-auf-deutsch-66132726?utm_campaign=amp_article&amp;utm_source=66132726_comments#commens<\/a><\/td>\n                    <td style=\"\">pozit\u00edv<\/td>\n                    <td style=\"\"><\/td>\n                    <td style=\"\">igen<\/td>\n                    <td style=\"\">n\u00e9met<\/td>\n                    <td style=\"\">h\u00edr a n\u00e9met megjelen\u00e9sr\u0151l<\/td>\n            <\/tr>\n            <tr id=\"table_2_row_857\">\n                    <td style=\"\">2022.03.16<\/td>\n                    <td style=\"\"><a href='https:\/\/www.n-tv.de\/' rel=' nofollow ' target='_blank'>https:\/\/www.n-tv.de\/<\/a><\/td>\n                    <td style=\"\"><\/td>\n                    <td style=\"\">Gef\u00e4hrliches M\u00e4rchenbuch wird in Ungarn Bestseller<\/td>\n                    <td style=\"\">h\u00edr, besz\u00e1mol\u00f3, r\u00f6vid cikk<\/td>\n                    <td style=\"\"><a href='https:\/\/www.n-tv.de\/mediathek\/videos\/panorama\/Gefaehrliches-Maerchenbuch-wird-in-Ungarn-Bestseller-article23198865.html' rel=' nofollow ' target='_blank'>https:\/\/www.n-tv.de\/mediathek\/videos\/panorama\/Gefaehrliches-Maerchenbuch-wird-in-Ungarn-Bestseller-article23198865.html<\/a><\/td>\n                    <td style=\"\">pozit\u00edv<\/td>\n                    <td style=\"\"><\/td>\n                    <td style=\"\">igen<\/td>\n                    <td style=\"\">n\u00e9met<\/td>\n                    <td style=\"\">h\u00edr arr\u00f3l, hogy a mesek\u00f6nyv bestseller lett \u00e9s a cenz\u00farat\u00f6rv\u00e9nnyel akarj\u00e1k szab\u00e1lyozni<\/td>\n            <\/tr>\n            <tr id=\"table_2_row_858\">\n                    <td style=\"\">2022.03.16<\/td>\n                    <td style=\"\"><a href='https:\/\/www.presseportal.de\/' rel=' nofollow ' target='_blank'>https:\/\/www.presseportal.de\/<\/a><\/td>\n                    <td style=\"\"><\/td>\n                    <td style=\"\">Ungarns umstrittenstes Kinderbuch \"M\u00e4rchenland f\u00fcr alle\" erscheint in Deutschland, \u00d6sterreich und der Schweiz<\/td>\n                    <td style=\"\">hir r\u00f6vid cikk<\/td>\n                    <td style=\"\"><a href='https:\/\/www.presseportal.de\/pm\/6329\/5167142' rel=' nofollow ' target='_blank'>https:\/\/www.presseportal.de\/pm\/6329\/5167142<\/a><\/td>\n                    <td style=\"\">semleges<\/td>\n                    <td style=\"\"><\/td>\n                    <td style=\"\">igen<\/td>\n                    <td style=\"\">n\u00e9met<\/td>\n                    <td style=\"\">H\u00edr arr\u00f3l, hogy N\u00e9metorsz\u00e1gban, Auszti\u00e1ban \u00e9s Sv\u00e1jcban megjelenik a k\u00f6nyv<\/td>\n            <\/tr>\n            <tr id=\"table_2_row_859\">\n                    <td style=\"\">2022.03.16<\/td>\n                    <td style=\"\"><a href='https:\/\/www.rtl.de\/' rel=' nofollow ' target='_blank'>https:\/\/www.rtl.de\/<\/a><\/td>\n                    <td style=\"\">David Baum<\/td>\n                    <td style=\"\">Umstrittenes M\u00e4rchenbuch aus Ungarn kommt in deutschen Handel<\/td>\n                    <td style=\"\">vide\u00f3<\/td>\n                    <td style=\"\"><a href='https:\/\/www.rtl.de\/cms\/es-war-einmal-ein-schwuler-prinz-umstrittenes-maerchenbuch-aus-ungarn-kommt-in-deutschen-handel-4936453.html' rel=' nofollow ' target='_blank'>https:\/\/www.rtl.de\/cms\/es-war-einmal-ein-schwuler-prinz-umstrittenes-maerchenbuch-aus-ungarn-kommt-in-deutschen-handel-4936453.html<\/a><\/td>\n                    <td style=\"\">pozit\u00edv<\/td>\n                    <td style=\"\"><\/td>\n                    <td style=\"\">igen<\/td>\n                    <td style=\"\">n\u00e9met<\/td>\n                    <td style=\"\">v\u00e9lem\u00e9ny a gyermekv\u00e9delmi szavaz\u00e1s kapcs\u00e1n<\/td>\n            <\/tr>\n            <tr id=\"table_2_row_860\">\n                    <td style=\"\">2022.03.16<\/td>\n                    <td style=\"\"><a href='https:\/\/www.stern.de\/' rel=' nofollow ' target='_blank'>https:\/\/www.stern.de\/<\/a><\/td>\n                    <td style=\"\"><\/td>\n                    <td style=\"\">Das ist Queerfeminismus \u2013 und darum gibt es Debatten dar\u00fcber<\/td>\n                    <td style=\"\">publicisztika<\/td>\n                    <td style=\"\"><a href='https:\/\/www.stern.de\/gesellschaft\/queerfeminismus--das-ist-er-und-darum-gibt-es-debatten-darueber-31669650.html' rel=' nofollow ' target='_blank'>https:\/\/www.stern.de\/gesellschaft\/queerfeminismus--das-ist-er-und-darum-gibt-es-debatten-darueber-31669650.html<\/a><\/td>\n                    <td style=\"\">pozit\u00edv<\/td>\n                    <td style=\"\"><\/td>\n                    <td style=\"\">igen<\/td>\n                    <td style=\"\">n\u00e9met<\/td>\n                    <td style=\"\">a k\u00f6nyv \u00e9s a feminizmus kapcsolata<\/td>\n            <\/tr>\n            <tr id=\"table_2_row_861\">\n                    <td style=\"\">2022.03.16<\/td>\n                    <td style=\"\"><a href='https:\/\/www.stern.de\/' rel=' nofollow ' target='_blank'>https:\/\/www.stern.de\/<\/a><\/td>\n                    <td style=\"\">David Baum<\/td>\n                    <td style=\"\">Ursula Strauss: \"Man kann gar nicht fr\u00fch genug anfangen, \u00fcber Sexualit\u00e4t und all ihre Auswirkungen zu sprechen\"<\/td>\n                    <td style=\"\">interj\u00fa<\/td>\n                    <td style=\"\"><a href='https:\/\/www.stern.de\/p\/plus\/gesellschaft\/ursula-strauss-im-interview-ueber-sexualitaet--diversitaet-und-das--normale---31707550.html' rel=' nofollow ' target='_blank'>https:\/\/www.stern.de\/p\/plus\/gesellschaft\/ursula-strauss-im-interview-ueber-sexualitaet--diversitaet-und-das--normale---31707550.html<\/a><\/td>\n                    <td style=\"\">pozit\u00edv<\/td>\n                    <td style=\"\"><\/td>\n                    <td style=\"\">igen<\/td>\n                    <td style=\"\">n\u00e9met<\/td>\n                    <td style=\"\">besz\u00e9lget\u00e9s Ursula Strauss szin\u00e9szn\u0151vel<\/td>\n            <\/tr>\n            <tr id=\"table_2_row_862\">\n                    <td style=\"\">2022.03.17<\/td>\n                    <td style=\"\"><a href='https:\/\/www.tagesspiegel.de\/' rel=' nofollow ' target='_blank'>https:\/\/www.tagesspiegel.de\/<\/a><\/td>\n                    <td style=\"\"><\/td>\n                    <td style=\"\">Queeres Kinderbuch aus Ungarn:\u201eM\u00e4rchenland f\u00fcr alle\u201c erscheint auf Deutsch<\/td>\n                    <td style=\"\">hir r\u00f6vid cikk<\/td>\n                    <td style=\"\"><a href='https:\/\/www.tagesspiegel.de\/gesellschaft\/queerspiegel\/queeres-kinderbuch-aus-ungarn-maerchenland-fuer-alle-erscheint-auf-deutsch\/28172800.html' rel=' nofollow ' target='_blank'>https:\/\/www.tagesspiegel.de\/gesellschaft\/queerspiegel\/queeres-kinderbuch-aus-ungarn-maerchenland-fuer-alle-erscheint-auf-deutsch\/28172800.html<\/a><\/td>\n                    <td style=\"\">pozit\u00edv<\/td>\n                    <td style=\"\"><\/td>\n                    <td style=\"\">igen<\/td>\n                    <td style=\"\">n\u00e9met<\/td>\n                    <td style=\"\">h\u00edr a n\u00e9met megjelen\u00e9sr\u0151l<\/td>\n            <\/tr>\n            <tr id=\"table_2_row_863\">\n                    <td style=\"\">2022.03.18<\/td>\n                    <td style=\"\"><a href='https:\/\/mandiner.hu\/' rel=' nofollow ' target='_blank'>https:\/\/mandiner.hu\/<\/a><\/td>\n                    <td style=\"\"><\/td>\n                    <td style=\"\">Megjelent n\u00e9met\u00fcl a Meseorsz\u00e1g mindenki\u00e9 c\u00edm\u0171 k\u00f6nyv<\/td>\n                    <td style=\"\">h\u00edr, besz\u00e1mol\u00f3, r\u00f6vid cikk<\/td>\n                    <td style=\"\"><a href='https:\/\/mandiner.hu\/cikk\/20220318_megjelent_nemetul_a_meseorszag_mindenkie_cimu_konyv' rel=' nofollow ' target='_blank'>https:\/\/mandiner.hu\/cikk\/20220318_megjelent_nemetul_a_meseorszag_mindenkie_cimu_konyv<\/a><\/td>\n                    <td style=\"\">negat\u00edv<\/td>\n                    <td style=\"\"><\/td>\n                    <td style=\"\"><\/td>\n                    <td style=\"\"><\/td>\n                    <td style=\"\"><\/td>\n            <\/tr>\n            <tr id=\"table_2_row_864\">\n                    <td style=\"\">2022.03.23<\/td>\n                    <td style=\"\"><a href='http:\/\/hubbyinfo.blogspot.com\/' rel=' nofollow ' target='_blank'>http:\/\/hubbyinfo.blogspot.com\/<\/a><\/td>\n                    <td style=\"\">Hubby<\/td>\n                    <td style=\"\">Bologna Children's Book Fair - 2022 - els\u0151 h\u00edreink<\/td>\n                    <td style=\"\">blogbejegyz\u00e9s<\/td>\n                    <td style=\"\"><a href='http:\/\/hubbyinfo.blogspot.com\/2022\/03\/bologna-childrens-book-fair-2022.html' rel=' nofollow ' target='_blank'>http:\/\/hubbyinfo.blogspot.com\/2022\/03\/bologna-childrens-book-fair-2022.html<\/a><\/td>\n                    <td style=\"\">semleges<\/td>\n                    <td style=\"\"><\/td>\n                    <td style=\"\"><\/td>\n                    <td style=\"\"><\/td>\n                    <td style=\"\">A HUBBY d\u00edjakr\u00f3l<\/td>\n            <\/tr>\n            <tr id=\"table_2_row_865\">\n                    <td style=\"\">2022.03.23<\/td>\n                    <td style=\"\"><a href='https:\/\/www.srf.ch\/' rel=' nofollow ' target='_blank'>https:\/\/www.srf.ch\/<\/a><\/td>\n                    <td style=\"\">Noemi Gradwohl<\/td>\n                    <td style=\"\">Wie eine Transgender-Prinzessin Ungarns Politik irritierte<\/td>\n                    <td style=\"\">hir r\u00f6vid cikk<\/td>\n                    <td style=\"\"><a href='https:\/\/www.srf.ch\/kultur\/literatur\/maerchen-anders-erzaehlt-wie-eine-transgender-prinzessin-ungarns-politik-irritierte' rel=' nofollow ' target='_blank'>https:\/\/www.srf.ch\/kultur\/literatur\/maerchen-anders-erzaehlt-wie-eine-transgender-prinzessin-ungarns-politik-irritierte<\/a><\/td>\n                    <td style=\"\">pozit\u00edv<\/td>\n                    <td style=\"\"><\/td>\n                    <td style=\"\">igen<\/td>\n                    <td style=\"\">n\u00e9met<\/td>\n                    <td style=\"\">Cikk arr\u00f3l, hogy a mesek\u00f6nyvet betiltott\u00e1k<\/td>\n            <\/tr>\n            <tr id=\"table_2_row_866\">\n                    <td style=\"\">2022.03.27<\/td>\n                    <td style=\"\"><a href='https:\/\/nepszava.hu\/' rel=' nofollow ' target='_blank'>https:\/\/nepszava.hu\/<\/a><\/td>\n                    <td style=\"\">P.Szab\u00f3 D\u00e9nes<\/td>\n                    <td style=\"\">Az \u00e9rz\u00e9keny\u00edt\u00e9s nem \u00e1tnevel\u00e9s \u2013 A sokf\u00e9les\u00e9g\u00fcnket bemutat\u00f3 mes\u00e9kre a vil\u00e1gon minden\u00fctt n\u0151 az ig\u00e9ny<\/td>\n                    <td style=\"\">recenzi\u00f3<\/td>\n                    <td style=\"\"><a href='https:\/\/nepszava.hu\/3151242_az-erzekenyites-nem-atneveles-a-sokfeleseget-bemutato-mesekre-a-vilagon-mindenutt-no-az-igeny' rel=' nofollow ' target='_blank'>https:\/\/nepszava.hu\/3151242_az-erzekenyites-nem-atneveles-a-sokfeleseget-bemutato-mesekre-a-vilagon-mindenutt-no-az-igeny<\/a><\/td>\n                    <td style=\"\">negat\u00edv<\/td>\n                    <td style=\"\"><\/td>\n                    <td style=\"\"><\/td>\n                    <td style=\"\"><\/td>\n                    <td style=\"\"><\/td>\n            <\/tr>\n            <tr id=\"table_2_row_867\">\n                    <td style=\"\">2022.03.28<\/td>\n                    <td style=\"\"><a href='http:\/\/gomag.com\/' rel=' nofollow ' target='_blank'>http:\/\/gomag.com\/<\/a><\/td>\n                    <td style=\"\">Robin Kish<\/td>\n                    <td style=\"\">Conservative Politicians In Hungary Are Terrified of a Queer Children\u2019s Fairy Tale<\/td>\n                    <td style=\"\">interj\u00fa<\/td>\n                    <td style=\"\"><a href='http:\/\/gomag.com\/article\/conservative-politicians-in-hungary-are-terrified-of-a-queer-childrens-fairy-tale\/' rel=' nofollow ' target='_blank'>http:\/\/gomag.com\/article\/conservative-politicians-in-hungary-are-terrified-of-a-queer-childrens-fairy-tale\/<\/a><\/td>\n                    <td style=\"\">pozit\u00edv<\/td>\n                    <td style=\"\"><\/td>\n                    <td style=\"\">igen<\/td>\n                    <td style=\"\">angol<\/td>\n                    <td style=\"\">Interj\u00fa R\u00e9dai D\u00f3rival, Borgos Ann\u00e1val \u00e9s Krist\u00f3fy M\u00e1ri\u00e1val a magyar anti-LMBT politik\u00e1r\u00f3l<\/td>\n            <\/tr>\n            <tr id=\"table_2_row_868\">\n                    <td style=\"\">2022.03.29<\/td>\n                    <td style=\"\"><a href='https:\/\/politiken.dk\/' rel=' nofollow ' target='_blank'>https:\/\/politiken.dk\/<\/a><\/td>\n                    <td style=\"\"><\/td>\n                    <td style=\"\">Den ungarske influencer Jennifer Szomjas vil ikke finde sig i kun at v\u00e6re lesbisk derhejemme<\/td>\n                    <td style=\"\">interj\u00fa<\/td>\n                    <td style=\"\"><a href='https:\/\/politiken.dk\/udland\/art8655676\/%C2%BBJeg-ser-et-h%C3%A5b-her.-Der-er-en-gruppe-der-bliver-st%C3%B8rre-og-st%C3%B8rre%C2%AB' rel=' nofollow ' target='_blank'>https:\/\/politiken.dk\/udland\/art8655676\/%C2%BBJeg-ser-et-h%C3%A5b-her.-Der-er-en-gruppe-der-bliver-st%C3%B8rre-og-st%C3%B8rre%C2%AB<\/a><\/td>\n                    <td style=\"\">pozit\u00edv<\/td>\n                    <td style=\"\"><\/td>\n                    <td style=\"\">igen<\/td>\n                    <td style=\"\">d\u00e1n<\/td>\n                    <td style=\"\">Szomjas Jennifer \u00e9s R\u00e9dai D\u00f3ri interj\u00fa<\/td>\n            <\/tr>\n            <tr id=\"table_2_row_869\">\n                    <td style=\"\">2022.03.31<\/td>\n                    <td style=\"\"><a href='https:\/\/edition.cnn.com\/' rel=' nofollow ' target='_blank'>https:\/\/edition.cnn.com\/<\/a><\/td>\n                    <td style=\"\"><\/td>\n                    <td style=\"\">How children became a tool in Orban\u2019s anti-LGBTQ propaganda<\/td>\n                    <td style=\"\">v\u00e9lem\u00e9ny<\/td>\n                    <td style=\"\"><a href='https:\/\/edition.cnn.com\/2022\/03\/31\/opinions\/hungary-orban-lgbtq-referendum-redai\/index.html' rel=' nofollow ' target='_blank'>https:\/\/edition.cnn.com\/2022\/03\/31\/opinions\/hungary-orban-lgbtq-referendum-redai\/index.html<\/a><\/td>\n                    <td style=\"\">semleges<\/td>\n                    <td style=\"\"><\/td>\n                    <td style=\"\">igen<\/td>\n                    <td style=\"\">angol<\/td>\n                    <td style=\"\">R\u00e9dai D\u00f3ri \u00edr\u00e1sa a gyermekv\u00e9delmi t\u00f6rv\u00e9ny kapcs\u00e1n<\/td>\n            <\/tr>\n            <tr id=\"table_2_row_870\">\n                    <td style=\"\">2022.04.01<\/td>\n                    <td style=\"\"><a href='https:\/\/www.tv4play.se\/' rel=' nofollow ' target='_blank'>https:\/\/www.tv4play.se\/<\/a><\/td>\n                    <td style=\"\"><\/td>\n                    <td style=\"\">Folkomr\u00f6stning om HBTQ-fr\u00e5gor i Ungern ses som skamlig<\/td>\n                    <td style=\"\">vide\u00f3<\/td>\n                    <td style=\"\"><a href='https:\/\/www.tv4play.se\/program\/nyheterna\/folkomr%C3%B6stning-om-hbtq-fr%C3%A5gor-i-ungern-ses-som-skamlig\/13758621' rel=' nofollow ' target='_blank'>https:\/\/www.tv4play.se\/program\/nyheterna\/folkomr%C3%B6stning-om-hbtq-fr%C3%A5gor-i-ungern-ses-som-skamlig\/13758621<\/a><\/td>\n                    <td style=\"\">pozit\u00edv<\/td>\n                    <td style=\"\"><\/td>\n                    <td style=\"\">igen<\/td>\n                    <td style=\"\">sv\u00e9d<\/td>\n                    <td style=\"\">a gyermekv\u00e9delmi szavaz\u00e1st sz\u00e9gyenletesnek \u00edt\u00e9li az eu<\/td>\n            <\/tr>\n            <tr id=\"table_2_row_871\">\n                    <td style=\"\">2022.04.02<\/td>\n                    <td style=\"\"><a href='https:\/\/444.hu\/' rel=' nofollow ' target='_blank'>https:\/\/444.hu\/<\/a><\/td>\n                    <td style=\"\">R\u00e9nyi P\u00e1l D\u00e1niel<\/td>\n                    <td style=\"\">Korrupt, \u00e1lszent, lesajn\u00e1lt ban\u00e1nk\u00f6zt\u00e1rsas\u00e1gk\u00e9nt r\u00f6h\u00f6gnek Orb\u00e1n Magyarorsz\u00e1g\u00e1n a n\u00e9met k\u00f6zszolg\u00e1lati t\u00e9v\u00e9ben<\/td>\n                    <td style=\"\">vide\u00f3<\/td>\n                    <td style=\"\"><a href='https:\/\/444.hu\/2022\/04\/02\/korrupt-alszent-lesajnalt-banankoztarsasagkent-rohognek-orban-magyarorszagan-a-nemet-kozszolgalati-teveben' rel=' nofollow ' target='_blank'>https:\/\/444.hu\/2022\/04\/02\/korrupt-alszent-lesajnalt-banankoztarsasagkent-rohognek-orban-magyarorszagan-a-nemet-kozszolgalati-teveben<\/a><\/td>\n                    <td style=\"\">pozit\u00edv<\/td>\n                    <td style=\"\"><\/td>\n                    <td style=\"\"><\/td>\n                    <td style=\"\"><\/td>\n                    <td style=\"\">a ZDF showm\u0171sora vide\u00f3 elemz\u00e9s<\/td>\n            <\/tr>\n            <tr id=\"table_2_row_872\">\n                    <td style=\"\">2022.04.03<\/td>\n                    <td style=\"\"><a href='https:\/\/www.cbc.ca\/' rel=' nofollow ' target='_blank'>https:\/\/www.cbc.ca\/<\/a><\/td>\n                    <td style=\"\">Megan Williams<\/td>\n                    <td style=\"\">Hungarians openly challenged authoritarian rule in election campaign, but can they unseat PM?<\/td>\n                    <td style=\"\">interj\u00fa<\/td>\n                    <td style=\"\"><a href='https:\/\/www.cbc.ca\/news\/world\/hungary-election-orban-1.6406455' rel=' nofollow ' target='_blank'>https:\/\/www.cbc.ca\/news\/world\/hungary-election-orban-1.6406455<\/a><\/td>\n                    <td style=\"\">pozit\u00edv<\/td>\n                    <td style=\"\"><\/td>\n                    <td style=\"\">igen<\/td>\n                    <td style=\"\">angol<\/td>\n                    <td style=\"\">benne interj\u00fa R\u00e9dai D\u00f3rival<\/td>\n            <\/tr>\n            <tr id=\"table_2_row_873\">\n                    <td style=\"\">2022.04.20<\/td>\n                    <td style=\"\"><a href='https:\/\/www.youtube.com\/' rel=' nofollow ' target='_blank'>https:\/\/www.youtube.com\/<\/a><\/td>\n                    <td style=\"\">The Daily Show<\/td>\n                    <td style=\"\">The Woke Wars: Jordan Klepper Previews His Trip to Hungary | The Daily Show<\/td>\n                    <td style=\"\">vide\u00f3 v\u00e9lem\u00e9ny<\/td>\n                    <td style=\"\"><a href='https:\/\/www.youtube.com\/watch?v=-qfopkMItug&amp;t=224s' rel=' nofollow ' target='_blank'>https:\/\/www.youtube.com\/watch?v=-qfopkMItug&amp;t=224s<\/a><\/td>\n                    <td style=\"\"><\/td>\n                    <td style=\"\">youtube<\/td>\n                    <td style=\"\"><\/td>\n                    <td style=\"\"><\/td>\n                    <td style=\"\">The Woke Wars: Jordan Klepper Previews His Trip to Hungary | The Daily Show<\/td>\n            <\/tr>\n            <tr id=\"table_2_row_874\">\n                    <td style=\"\">2022.04.20<\/td>\n                    <td style=\"\"><a href='https:\/\/veronikamolnar.com\/' rel=' nofollow ' target='_blank'>https:\/\/veronikamolnar.com\/<\/a><\/td>\n                    <td style=\"\">Veronika Molnar<\/td>\n                    <td style=\"\">Strategic Stillness<\/td>\n                    <td style=\"\">egy\u00e9b<\/td>\n                    <td style=\"\"><a href='https:\/\/veronikamolnar.com\/strategic-stillness' rel=' nofollow ' target='_blank'>https:\/\/veronikamolnar.com\/strategic-stillness<\/a><\/td>\n                    <td style=\"\">pozit\u00edv<\/td>\n                    <td style=\"\"><\/td>\n                    <td style=\"\"><\/td>\n                    <td style=\"\"><\/td>\n                    <td style=\"\">ki\u00e1ll\u00edt\u00e1s<\/td>\n            <\/tr>\n            <tr id=\"table_2_row_875\">\n                    <td style=\"\">2022.04.26<\/td>\n                    <td style=\"\"><a href='https:\/\/www.facebook.com\/' rel=' nofollow ' target='_blank'>https:\/\/www.facebook.com\/<\/a><\/td>\n                    <td style=\"\"><\/td>\n                    <td style=\"\">Nyitottak vagyunk esem\u00e9nye<\/td>\n                    <td style=\"\">esem\u00e9ny<\/td>\n                    <td style=\"\"><a href='https:\/\/www.facebook.com\/events\/387794363213165' rel=' nofollow ' target='_blank'>https:\/\/www.facebook.com\/events\/387794363213165<\/a><\/td>\n                    <td style=\"\">pozit\u00edv<\/td>\n                    <td style=\"\">fb<\/td>\n                    <td style=\"\"><\/td>\n                    <td style=\"\"><\/td>\n                    <td style=\"\"><\/td>\n            <\/tr>\n            <tr id=\"table_2_row_876\">\n                    <td style=\"\">2022.05.03<\/td>\n                    <td style=\"\"><a href='https:\/\/www.stern.de\/' rel=' nofollow ' target='_blank'>https:\/\/www.stern.de\/<\/a><\/td>\n                    <td style=\"\"><\/td>\n                    <td style=\"\">Das Kinderbuch, das Viktor Orb\u00e1n zum Feindbild erkl\u00e4rt hat \u2013 Live-Lesung und Diskussion<\/td>\n                    <td style=\"\">vide\u00f3<\/td>\n                    <td style=\"\"><a href='https:\/\/www.stern.de\/kultur\/buecher\/-maerchenland-fuer-alle----lesung-und-gespraech-mit-urheberinnen-und-urhebern-31822788.html' rel=' nofollow ' target='_blank'>https:\/\/www.stern.de\/kultur\/buecher\/-maerchenland-fuer-alle----lesung-und-gespraech-mit-urheberinnen-und-urhebern-31822788.html<\/a><\/td>\n                    <td style=\"\">pozit\u00edv<\/td>\n                    <td style=\"\"><\/td>\n                    <td style=\"\">igen<\/td>\n                    <td style=\"\">n\u00e9met<\/td>\n                    <td style=\"\">besz\u00e9lget\u00e9s \u00e9s felolvas\u00e1s a k\u00f6nyvb\u0151l egy \u00e9l\u0151 ad\u00e1sban<\/td>\n            <\/tr>\n            <tr id=\"table_2_row_877\">\n                    <td style=\"\">2022.05.16<\/td>\n                    <td style=\"\"><a href='https:\/\/www.facebook.com\/' rel=' nofollow ' target='_blank'>https:\/\/www.facebook.com\/<\/a><\/td>\n                    <td style=\"\">page 28<\/td>\n                    <td style=\"\"><\/td>\n                    <td style=\"\">FB-poszt<\/td>\n                    <td style=\"\"><a href='https:\/\/www.facebook.com\/pagekulturscen\/photos\/a.107976584347427\/503075401504208\/' rel=' nofollow ' target='_blank'>https:\/\/www.facebook.com\/pagekulturscen\/photos\/a.107976584347427\/503075401504208\/<\/a><\/td>\n                    <td style=\"\">pozit\u00edv<\/td>\n                    <td style=\"\">fb<\/td>\n                    <td style=\"\"><\/td>\n                    <td style=\"\"><\/td>\n                    <td style=\"\"><\/td>\n            <\/tr>\n            <tr id=\"table_2_row_878\">\n                    <td style=\"\">2022.05.17<\/td>\n                    <td style=\"\"><a href='https:\/\/www.vogue.pt\/' rel=' nofollow ' target='_blank'>https:\/\/www.vogue.pt\/<\/a><\/td>\n                    <td style=\"\">Pedro Vasconcelos<\/td>\n                    <td style=\"\">Rainbow<\/td>\n                    <td style=\"\">publicisztika<\/td>\n                    <td style=\"\"><a href='https:\/\/www.vogue.pt\/english-version-queer-fairytale-issue' rel=' nofollow ' target='_blank'>https:\/\/www.vogue.pt\/english-version-queer-fairytale-issue<\/a><\/td>\n                    <td style=\"\">pozit\u00edv<\/td>\n                    <td style=\"\"><\/td>\n                    <td style=\"\">igen<\/td>\n                    <td style=\"\">angol<\/td>\n                    <td style=\"\">cikk a k\u00f6nyvr\u0151l \u00e9s a magyar politikai helyzetr\u0151l<\/td>\n            <\/tr>\n            <tr id=\"table_2_row_879\">\n                    <td style=\"\">2022.05.24<\/td>\n                    <td style=\"\"><a href='https:\/\/24.hu\/' rel=' nofollow ' target='_blank'>https:\/\/24.hu\/<\/a><\/td>\n                    <td style=\"\"><\/td>\n                    <td style=\"\">T\u00edz nyelvre ford\u00edtj\u00e1k le a Meseorsz\u00e1g mindenki\u00e9t<\/td>\n                    <td style=\"\">h\u00edr, besz\u00e1mol\u00f3, r\u00f6vid cikk<\/td>\n                    <td style=\"\"><a href='https:\/\/24.hu\/kultura\/2022\/05\/24\/tiz-nyelvre-forditjak-le-a-meseorszag-mindenkie\/' rel=' nofollow ' target='_blank'>https:\/\/24.hu\/kultura\/2022\/05\/24\/tiz-nyelvre-forditjak-le-a-meseorszag-mindenkie\/<\/a><\/td>\n                    <td style=\"\">pozit\u00edv<\/td>\n                    <td style=\"\"><\/td>\n                    <td style=\"\"><\/td>\n                    <td style=\"\"><\/td>\n                    <td style=\"\"><\/td>\n            <\/tr>\n            <tr id=\"table_2_row_880\">\n                    <td style=\"\">2022.05.24<\/td>\n                    <td style=\"\"><a href='https:\/\/444.hu\/' rel=' nofollow ' target='_blank'>https:\/\/444.hu\/<\/a><\/td>\n                    <td style=\"\">Sz\u00e1sz Zs\u00f3fia<\/td>\n                    <td style=\"\">T\u00edz nyelvre ford\u00edtj\u00e1k le a Meseorsz\u00e1g mindenki\u00e9-t<\/td>\n                    <td style=\"\">h\u00edr, besz\u00e1mol\u00f3, r\u00f6vid cikk<\/td>\n                    <td style=\"\"><a href='https:\/\/444.hu\/2022\/05\/24\/tiz-nyelvre-forditjak-le-a-meseorszag-mindenkiet' rel=' nofollow ' target='_blank'>https:\/\/444.hu\/2022\/05\/24\/tiz-nyelvre-forditjak-le-a-meseorszag-mindenkiet<\/a><\/td>\n                    <td style=\"\">pozit\u00edv<\/td>\n                    <td style=\"\"><\/td>\n                    <td style=\"\"><\/td>\n                    <td style=\"\"><\/td>\n                    <td style=\"\">Tompa Andrea fb posztja a ford\u00edt\u00e1s h\u00edr\u00e9r\u0151l<\/td>\n            <\/tr>\n            <tr id=\"table_2_row_881\">\n                    <td style=\"\">2022.05.24<\/td>\n                    <td style=\"\"><a href='https:\/\/hvg.hu\/' rel=' nofollow ' target='_blank'>https:\/\/hvg.hu\/<\/a><\/td>\n                    <td style=\"\"><\/td>\n                    <td style=\"\">Meseorsz\u00e1g mindenki\u00e9: itthon ledar\u00e1lt\u00e1k, egy sor nyelvre leford\u00edtott\u00e1k<\/td>\n                    <td style=\"\">h\u00edr, besz\u00e1mol\u00f3, r\u00f6vid cikk<\/td>\n                    <td style=\"\"><a href='https:\/\/hvg.hu\/elet\/20220524_Meseorszag_mindenkie_Itthon_ledaraltak_egy_sor_nyelvre_leforditottak' rel=' nofollow ' target='_blank'>https:\/\/hvg.hu\/elet\/20220524_Meseorszag_mindenkie_Itthon_ledaraltak_egy_sor_nyelvre_leforditottak<\/a><\/td>\n                    <td style=\"\">pozit\u00edv<\/td>\n                    <td style=\"\"><\/td>\n                    <td style=\"\"><\/td>\n                    <td style=\"\"><\/td>\n                    <td style=\"\">h\u00edr arr\u00f3l mennyire sok nyleven megjelent m\u00e1r a k\u00f6nyv<\/td>\n            <\/tr>\n            <tr id=\"table_2_row_882\">\n                    <td style=\"\">2022.05.24<\/td>\n                    <td style=\"\"><a href='https:\/\/magyarnarancs.hu\/' rel=' nofollow ' target='_blank'>https:\/\/magyarnarancs.hu\/<\/a><\/td>\n                    <td style=\"\"><\/td>\n                    <td style=\"\">T\u00edz nyelvre ford\u00edtj\u00e1k le le a D\u00far\u00f3 D\u00f3ra \u00e1ltal ledar\u00e1lt Meseorsz\u00e1g mindenki\u00e9 c\u00edm\u0171 k\u00f6nyvet<\/td>\n                    <td style=\"\">h\u00edr, besz\u00e1mol\u00f3, r\u00f6vid cikk<\/td>\n                    <td style=\"\"><a href='https:\/\/magyarnarancs.hu\/belpol\/tiz-nyelvre-forditjak-le-le-a-duro-dora-altal-ledaralt-meseorszag-mindenkie-cimu-konyvet-249077' rel=' nofollow ' target='_blank'>https:\/\/magyarnarancs.hu\/belpol\/tiz-nyelvre-forditjak-le-le-a-duro-dora-altal-ledaralt-meseorszag-mindenkie-cimu-konyvet-249077<\/a><\/td>\n                    <td style=\"\">semleges<\/td>\n                    <td style=\"\"><\/td>\n                    <td style=\"\"><\/td>\n                    <td style=\"\"><\/td>\n                    <td style=\"\"><\/td>\n            <\/tr>\n            <tr id=\"table_2_row_883\">\n                    <td style=\"\">2022.05.24<\/td>\n                    <td style=\"\"><a href='https:\/\/telex.hu\/' rel=' nofollow ' target='_blank'>https:\/\/telex.hu\/<\/a><\/td>\n                    <td style=\"\">\u00c1ghassai Attila<\/td>\n                    <td style=\"\">T\u00edz nyelvre ford\u00edtott\u00e1k le azt a mesek\u00f6nyvet, amit D\u00far\u00f3 D\u00f3ra ledar\u00e1lt<\/td>\n                    <td style=\"\">h\u00edr, besz\u00e1mol\u00f3, r\u00f6vid cikk<\/td>\n                    <td style=\"\"><a href='https:\/\/telex.hu\/kult\/2022\/05\/24\/meseorszag-mindenkie-idegen-nyelvek' rel=' nofollow ' target='_blank'>https:\/\/telex.hu\/kult\/2022\/05\/24\/meseorszag-mindenkie-idegen-nyelvek<\/a><\/td>\n                    <td style=\"\">semleges<\/td>\n                    <td style=\"\"><\/td>\n                    <td style=\"\"><\/td>\n                    <td style=\"\"><\/td>\n                    <td style=\"\"><\/td>\n            <\/tr>\n            <tr id=\"table_2_row_884\">\n                    <td style=\"\">2022.05.31<\/td>\n                    <td style=\"\"><a href='https:\/\/stayhappening.com\/' rel=' nofollow ' target='_blank'>https:\/\/stayhappening.com\/<\/a><\/td>\n                    <td style=\"\"><\/td>\n                    <td style=\"\">Sagolandet tillh\u00f6r alla - Boksl\u00e4pp och samtal med Dorottya R\u00e9dai<\/td>\n                    <td style=\"\">interj\u00fa<\/td>\n                    <td style=\"\"><a href='https:\/\/stayhappening.com\/e\/sagolandet-tillh\u00f6r-alla-boksl%C3%A4pp-och-samtal-med-dorottya-r\u00e9dai-E2ISUH3MIBF' rel=' nofollow ' target='_blank'>https:\/\/stayhappening.com\/e\/sagolandet-tillh\u00f6r-alla-boksl%C3%A4pp-och-samtal-med-dorottya-r\u00e9dai-E2ISUH3MIBF<\/a><\/td>\n                    <td style=\"\">pozit\u00edv<\/td>\n                    <td style=\"\"><\/td>\n                    <td style=\"\">igen<\/td>\n                    <td style=\"\">sv\u00e9d<\/td>\n                    <td style=\"\">Interj\u00fa R\u00e9dai Dorotty\u00e1val<\/td>\n            <\/tr>\n            <tr id=\"table_2_row_885\">\n                    <td style=\"\">2022.05.31<\/td>\n                    <td style=\"\"><a href='https:\/\/allevents.in\/' rel=' nofollow ' target='_blank'>https:\/\/allevents.in\/<\/a><\/td>\n                    <td style=\"\"><\/td>\n                    <td style=\"\">Sagolandet tillh\u00f6r alla - Boksl\u00e4pp och samtal med Dorottya R\u00e9dai<\/td>\n                    <td style=\"\">egy\u00e9b<\/td>\n                    <td style=\"\"><a href='https:\/\/allevents.in\/malm\u00f6\/sagolandet-tillh\u00f6r-alla-boksl\u00e4pp-och-samtal-med-dorottya-r\u00e9dai\/200022580995700' rel=' nofollow ' target='_blank'>https:\/\/allevents.in\/malm\u00f6\/sagolandet-tillh\u00f6r-alla-boksl\u00e4pp-och-samtal-med-dorottya-r\u00e9dai\/200022580995700<\/a><\/td>\n                    <td style=\"\">pozit\u00edv<\/td>\n                    <td style=\"\"><\/td>\n                    <td style=\"\">igen<\/td>\n                    <td style=\"\">sv\u00e9d<\/td>\n                    <td style=\"\">Besz\u00e9lget\u00e9s R\u00e9dai Dorotty\u00e1val a sv\u00e9d kiad\u00e1s kapcs\u00e1n<\/td>\n            <\/tr>\n            <tr id=\"table_2_row_886\">\n                    <td style=\"\">2022.06.01<\/td>\n                    <td style=\"\"><a href='https:\/\/www.youtube.com\/' rel=' nofollow ' target='_blank'>https:\/\/www.youtube.com\/<\/a><\/td>\n                    <td style=\"\">DK Verlag<\/td>\n                    <td style=\"\">DK Verlag bemutat\u00f3 vide\u00f3ja a Meseorsz\u00e1g k\u00f6nyvr\u0151l<\/td>\n                    <td style=\"\">vide\u00f3<\/td>\n                    <td style=\"\"><a href='https:\/\/www.youtube.com\/watch?v=YxqxyuOLTJ0' rel=' nofollow ' target='_blank'>https:\/\/www.youtube.com\/watch?v=YxqxyuOLTJ0<\/a><\/td>\n                    <td style=\"\">pozit\u00edv<\/td>\n                    <td style=\"\">youtube<\/td>\n                    <td style=\"\"><\/td>\n                    <td style=\"\"><\/td>\n                    <td style=\"\">DK Verlag bemutat\u00f3 vide\u00f3ja a Meseorsz\u00e1g k\u00f6nyvr\u0151l<\/td>\n            <\/tr>\n            <tr id=\"table_2_row_887\">\n                    <td style=\"\">2022.06.02<\/td>\n                    <td style=\"\"><a href='https:\/\/abfstockholm.se\/' rel=' nofollow ' target='_blank'>https:\/\/abfstockholm.se\/<\/a><\/td>\n                    <td style=\"\"><\/td>\n                    <td style=\"\">Sagoboken som f\u00f6rd\u00f6mdes av Orb\u00e1n \u2013 det svenska boksl\u00e4ppet<\/td>\n                    <td style=\"\">hir r\u00f6vid cikk<\/td>\n                    <td style=\"\"><a href='https:\/\/abfstockholm.se\/evenemang\/sagoboken-som-fordomdes-av-orban-det-svenska-bokslappet\/' rel=' nofollow ' target='_blank'>https:\/\/abfstockholm.se\/evenemang\/sagoboken-som-fordomdes-av-orban-det-svenska-bokslappet\/<\/a><\/td>\n                    <td style=\"\">pozit\u00edv<\/td>\n                    <td style=\"\"><\/td>\n                    <td style=\"\">igen<\/td>\n                    <td style=\"\">sv\u00e9d<\/td>\n                    <td style=\"\">a sv\u00e9d kiad\u00e1sr\u00f3l<\/td>\n            <\/tr>\n            <tr id=\"table_2_row_888\">\n                    <td style=\"\">2022.06.02<\/td>\n                    <td style=\"\"><a href='https:\/\/lesbiskmakt.nu\/' rel=' nofollow ' target='_blank'>https:\/\/lesbiskmakt.nu\/<\/a><\/td>\n                    <td style=\"\"><\/td>\n                    <td style=\"\">V\u00e4lkomna till \u00e5rets boksl\u00e4pp med Labrisz Lesbian Association och ABF<\/td>\n                    <td style=\"\">esem\u00e9ny<\/td>\n                    <td style=\"\"><a href='https:\/\/lesbiskmakt.nu\/bokslapp-sagolandet-tillhor-alla' rel=' nofollow ' target='_blank'>https:\/\/lesbiskmakt.nu\/bokslapp-sagolandet-tillhor-alla<\/a><\/td>\n                    <td style=\"\">semleges<\/td>\n                    <td style=\"\"><\/td>\n                    <td style=\"\">igen<\/td>\n                    <td style=\"\">sv\u00e9d<\/td>\n                    <td style=\"\">a sv\u00e9d kiad\u00e1sr\u00f3l<\/td>\n            <\/tr>\n            <tr id=\"table_2_row_889\">\n                    <td style=\"\">2022.06.10<\/td>\n                    <td style=\"\"><a href='https:\/\/litera.hu\/' rel=' nofollow ' target='_blank'>https:\/\/litera.hu\/<\/a><\/td>\n                    <td style=\"\"><\/td>\n                    <td style=\"\">Tak\u00e1cs Zsuzsa az \u00e9v ifj\u00fas\u00e1gi \u00edr\u00f3ja \u2013 Kihirdett\u00e9k az \u00c9v Gyerekk\u00f6nyve-d\u00edjasokat<\/td>\n                    <td style=\"\">h\u00edr, besz\u00e1mol\u00f3, r\u00f6vid cikk<\/td>\n                    <td style=\"\"><a href='https:\/\/litera.hu\/hirek\/takacs-zsuzsa-az-ev-ifjusagi-iroja-kihirdettek-az-ev-gyerekkonyve-dijasokat.html' rel=' nofollow ' target='_blank'>https:\/\/litera.hu\/hirek\/takacs-zsuzsa-az-ev-ifjusagi-iroja-kihirdettek-az-ev-gyerekkonyve-dijasokat.html<\/a><\/td>\n                    <td style=\"\">semleges<\/td>\n                    <td style=\"\"><\/td>\n                    <td style=\"\"><\/td>\n                    <td style=\"\"><\/td>\n                    <td style=\"\">hubby d\u00edj<\/td>\n            <\/tr>\n            <tr id=\"table_2_row_890\">\n                    <td style=\"\">2022.06.13<\/td>\n                    <td style=\"\"><a href='https:\/\/hvg.hu\/' rel=' nofollow ' target='_blank'>https:\/\/hvg.hu\/<\/a><\/td>\n                    <td style=\"\"><\/td>\n                    <td style=\"\">Angolul Sir Ian McKellen aj\u00e1nl\u00e1s\u00e1val adj\u00e1k ki a Meseorsz\u00e1g mindenki\u00e9t<\/td>\n                    <td style=\"\">h\u00edr, besz\u00e1mol\u00f3, r\u00f6vid cikk<\/td>\n                    <td style=\"\"><a href='https:\/\/hvg.hu\/kultura\/20220613_ian_mckellen_meseorszag_mindenkie_konyv_konyvkiadas' rel=' nofollow ' target='_blank'>https:\/\/hvg.hu\/kultura\/20220613_ian_mckellen_meseorszag_mindenkie_konyv_konyvkiadas<\/a><\/td>\n                    <td style=\"\">pozit\u00edv<\/td>\n                    <td style=\"\"><\/td>\n                    <td style=\"\"><\/td>\n                    <td style=\"\"><\/td>\n                    <td style=\"\">a hvg cikke a k\u00f6tet k\u00fclf\u00f6ldi fogadtat\u00e1s\u00e1r\u00f3l<\/td>\n            <\/tr>\n            <tr id=\"table_2_row_891\">\n                    <td style=\"\">2022.06.13<\/td>\n                    <td style=\"\"><a href='https:\/\/rtl.hu\/' rel=' nofollow ' target='_blank'>https:\/\/rtl.hu\/<\/a><\/td>\n                    <td style=\"\">Bal\u00e1zs Barbara<\/td>\n                    <td style=\"\">Ideol\u00f3giai fesz\u00fclts\u00e9g kell\u0151s k\u00f6zep\u00e9be cs\u00f6ppentek a Meseorsz\u00e1g mindenki\u00e9 eur\u00f3pai kiad\u00e1sai<\/td>\n                    <td style=\"\">interj\u00fa<\/td>\n                    <td style=\"\"><a href='https:\/\/rtl.hu\/kultura\/2022\/06\/13\/meseorszag-mindenkie-kulfoldi-kiadasok-nagy-m-boldizsar-interju' rel=' nofollow ' target='_blank'>https:\/\/rtl.hu\/kultura\/2022\/06\/13\/meseorszag-mindenkie-kulfoldi-kiadasok-nagy-m-boldizsar-interju<\/a><\/td>\n                    <td style=\"\">semleges<\/td>\n                    <td style=\"\"><\/td>\n                    <td style=\"\"><\/td>\n                    <td style=\"\"><\/td>\n                    <td style=\"\">Interj\u00fa Nagy Boldizs\u00e1rral<\/td>\n            <\/tr>\n            <tr id=\"table_2_row_892\">\n                    <td style=\"\">2022.06.14<\/td>\n                    <td style=\"\"><a href='https:\/\/konyvesmagazin.hu\/' rel=' nofollow ' target='_blank'>https:\/\/konyvesmagazin.hu\/<\/a><\/td>\n                    <td style=\"\"><\/td>\n                    <td style=\"\">Kiosztott\u00e1k az \u00c9v Gyerekk\u00f6nyve D\u00edjakat!<\/td>\n                    <td style=\"\">h\u00edr, besz\u00e1mol\u00f3, r\u00f6vid cikk<\/td>\n                    <td style=\"\"><a href='https:\/\/konyvesmagazin.hu\/bookline_kids_gyerek\/hubby_ev_gyerekkonyve_dij_1.html' rel=' nofollow ' target='_blank'>https:\/\/konyvesmagazin.hu\/bookline_kids_gyerek\/hubby_ev_gyerekkonyve_dij_1.html<\/a><\/td>\n                    <td style=\"\">semleges<\/td>\n                    <td style=\"\"><\/td>\n                    <td style=\"\"><\/td>\n                    <td style=\"\"><\/td>\n                    <td style=\"\">Meseorsz\u00e1g innov\u00e1ci\u00f3s d\u00edj\u00e1nak megjelen\u00e9se<\/td>\n            <\/tr>\n            <tr id=\"table_2_row_893\">\n                    <td style=\"\">2022.06.16<\/td>\n                    <td style=\"\"><a href='https:\/\/magyarnemzet.hu\/' rel=' nofollow ' target='_blank'>https:\/\/magyarnemzet.hu\/<\/a><\/td>\n                    <td style=\"\"><\/td>\n                    <td style=\"\">Furcsa eredet\u0171 d\u00edjat kapott a mesek\u00f6nyv\u00e9re a Labrisz<\/td>\n                    <td style=\"\">h\u00edr, besz\u00e1mol\u00f3, r\u00f6vid cikk<\/td>\n                    <td style=\"\"><a href='https:\/\/magyarnemzet.hu\/belfold\/2022\/06\/furcsa-eredetu-dijat-kapott-a-mesekonyvere-a-labrisz' rel=' nofollow ' target='_blank'>https:\/\/magyarnemzet.hu\/belfold\/2022\/06\/furcsa-eredetu-dijat-kapott-a-mesekonyvere-a-labrisz<\/a><\/td>\n                    <td style=\"\">negat\u00edv<\/td>\n                    <td style=\"\"><\/td>\n                    <td style=\"\"><\/td>\n                    <td style=\"\"><\/td>\n                    <td style=\"\"><\/td>\n            <\/tr>\n            <tr id=\"table_2_row_894\">\n                    <td style=\"\">2022.06.24<\/td>\n                    <td style=\"\"><a href='https:\/\/www.stern.de\/' rel=' nofollow ' target='_blank'>https:\/\/www.stern.de\/<\/a><\/td>\n                    <td style=\"\"><\/td>\n                    <td style=\"\">Auszug aus dem diversen Kinderbuch \"M\u00e4rchenland f\u00fcr alle\"<\/td>\n                    <td style=\"\">egy\u00e9b<\/td>\n                    <td style=\"\"><a href='https:\/\/www.stern.de\/kultur\/maerchenland-fuer-alle--hier-koennen-sie-einen-auszug-aus-dem-diversen-maerchenbuch-lesen-31703068.html' rel=' nofollow ' target='_blank'>https:\/\/www.stern.de\/kultur\/maerchenland-fuer-alle--hier-koennen-sie-einen-auszug-aus-dem-diversen-maerchenbuch-lesen-31703068.html<\/a><\/td>\n                    <td style=\"\">semleges<\/td>\n                    <td style=\"\"><\/td>\n                    <td style=\"\">igen<\/td>\n                    <td style=\"\">n\u00e9met<\/td>\n                    <td style=\"\">r\u00e9szletek a mesek\u00f6nyvb\u0151l<\/td>\n            <\/tr>\n            <tr id=\"table_2_row_895\">\n                    <td style=\"\">2022.06.30<\/td>\n                    <td style=\"\"><a href='https:\/\/www.thebookseller.com\/' rel=' nofollow ' target='_blank'>https:\/\/www.thebookseller.com\/<\/a><\/td>\n                    <td style=\"\">Sian Bayley<\/td>\n                    <td style=\"\">Farshore scoops 'joyful' LGBTQ+ fairytale collection<\/td>\n                    <td style=\"\">hir r\u00f6vid cikk<\/td>\n                    <td style=\"\"><a href='https:\/\/www.thebookseller.com\/rights\/farshore-scoops-joyful-lgbtq-fairytale-collection' rel=' nofollow ' target='_blank'>https:\/\/www.thebookseller.com\/rights\/farshore-scoops-joyful-lgbtq-fairytale-collection<\/a><\/td>\n                    <td style=\"\">pozit\u00edv<\/td>\n                    <td style=\"\"><\/td>\n                    <td style=\"\">igen<\/td>\n                    <td style=\"\">angol<\/td>\n                    <td style=\"\">a cikket csak regisztr\u00e1ci\u00f3val, vagy fizet\u0151esen lehet elolvasni<\/td>\n            <\/tr>\n            <tr id=\"table_2_row_896\">\n                    <td style=\"\">2022.07.07<\/td>\n                    <td style=\"\"><a href='https:\/\/www.facebook.com\/' rel=' nofollow ' target='_blank'>https:\/\/www.facebook.com\/<\/a><\/td>\n                    <td style=\"\">Trinambai<\/td>\n                    <td style=\"\">K\u00f6nyvmegjelen\u00e9sr\u0151l f\u00e9nyk\u00e9p<\/td>\n                    <td style=\"\">fb-poszt<\/td>\n                    <td style=\"\"><a href='https:\/\/www.facebook.com\/trinambai\/photos\/pcb.5814074845276500\/5814043085279676' rel=' nofollow ' target='_blank'>https:\/\/www.facebook.com\/trinambai\/photos\/pcb.5814074845276500\/5814043085279676<\/a><\/td>\n                    <td style=\"\">pozit\u00edv<\/td>\n                    <td style=\"\">fb<\/td>\n                    <td style=\"\"><\/td>\n                    <td style=\"\"><\/td>\n                    <td style=\"\"><\/td>\n            <\/tr>\n            <tr id=\"table_2_row_897\">\n                    <td style=\"\">2022.07.12<\/td>\n                    <td style=\"\"><a href='https:\/\/pekarnamm.org\/' rel=' nofollow ' target='_blank'>https:\/\/pekarnamm.org\/<\/a><\/td>\n                    <td style=\"\">Pekarna Magdalenske<\/td>\n                    <td style=\"\">Knji\u017enica tete Rose: So pravljice za vse?<\/td>\n                    <td style=\"\">hir r\u00f6vid cikk<\/td>\n                    <td style=\"\"><a href='https:\/\/pekarnamm.org\/17335' rel=' nofollow ' target='_blank'>https:\/\/pekarnamm.org\/17335<\/a><\/td>\n                    <td style=\"\">pozit\u00edv<\/td>\n                    <td style=\"\"><\/td>\n                    <td style=\"\">igen<\/td>\n                    <td style=\"\">szlov\u00e9n<\/td>\n                    <td style=\"\"><\/td>\n            <\/tr>\n            <tr id=\"table_2_row_898\">\n                    <td style=\"\">2022.07.15<\/td>\n                    <td style=\"\"><a href='https:\/\/telex.hu\/' rel=' nofollow ' target='_blank'>https:\/\/telex.hu\/<\/a><\/td>\n                    <td style=\"\">Aradi Hanga Zs\u00f3fia<\/td>\n                    <td style=\"\">H\u00e1rom \u00fcgyben is beperelte Magyarorsz\u00e1got az Eur\u00f3pai Bizotts\u00e1g<\/td>\n                    <td style=\"\">h\u00edr, besz\u00e1mol\u00f3, r\u00f6vid cikk<\/td>\n                    <td style=\"\"><a href='https:\/\/telex.hu\/belfold\/2022\/07\/15\/harom-ugyben-is-beperelte-magyarorszagot-az-europai-bizottsag' rel=' nofollow ' target='_blank'>https:\/\/telex.hu\/belfold\/2022\/07\/15\/harom-ugyben-is-beperelte-magyarorszagot-az-europai-bizottsag<\/a><\/td>\n                    <td style=\"\">negat\u00edv<\/td>\n                    <td style=\"\"><\/td>\n                    <td style=\"\"><\/td>\n                    <td style=\"\"><\/td>\n                    <td style=\"\"><\/td>\n            <\/tr>\n            <tr id=\"table_2_row_899\">\n                    <td style=\"\">2022.09.09<\/td>\n                    <td style=\"\"><a href='https:\/\/www.facebook.com\/' rel=' nofollow ' target='_blank'>https:\/\/www.facebook.com\/<\/a><\/td>\n                    <td style=\"\">Alapjogok\u00e9rt k\u00f6zpont<\/td>\n                    <td style=\"\">Kevesebb drag queen t\u00f6bb chuck norris<\/td>\n                    <td style=\"\">m\u00e9m, k\u00e9p<\/td>\n                    <td style=\"\"><a href='https:\/\/www.facebook.com\/alapjogokert\/photos\/a.769799143052160\/5731615776870447\/' rel=' nofollow ' target='_blank'>https:\/\/www.facebook.com\/alapjogokert\/photos\/a.769799143052160\/5731615776870447\/<\/a><\/td>\n                    <td style=\"\">negat\u00edv<\/td>\n                    <td style=\"\"><\/td>\n                    <td style=\"\"><\/td>\n                    <td style=\"\"><\/td>\n                    <td style=\"\"><\/td>\n            <\/tr>\n            <tr id=\"table_2_row_900\">\n                    <td style=\"\"><\/td>\n                    <td style=\"\"><a href='https:\/\/www.ooom.com\/' rel=' nofollow ' target='_blank'>https:\/\/www.ooom.com\/<\/a><\/td>\n                    <td style=\"\">George Kindel<\/td>\n                    <td style=\"\">OOOM 100: The World's Most Inspiring People<\/td>\n                    <td style=\"\">h\u00edr, besz\u00e1mol\u00f3, r\u00f6vid cikk<\/td>\n                    <td style=\"\"><a href='https:\/\/www.ooom.com\/digital\/ooom100eng\/' rel=' nofollow ' target='_blank'>https:\/\/www.ooom.com\/digital\/ooom100eng\/<\/a><\/td>\n                    <td style=\"\">pozit\u00edv<\/td>\n                    <td style=\"\"><\/td>\n                    <td style=\"\">igen<\/td>\n                    <td style=\"\">angol<\/td>\n                    <td style=\"\">h\u00edr a Time100 leginspir\u00e1l\u00f3bb emberr\u0151l<\/td>\n            <\/tr>\n            <tr id=\"table_2_row_901\">\n                    <td style=\"\">2022.10.03<\/td>\n                    <td style=\"\"><a href='https:\/\/igyic.hu\/' rel=' nofollow ' target='_blank'>https:\/\/igyic.hu\/<\/a><\/td>\n                    <td style=\"\">Sz\u0151ke D\u00e1vid<\/td>\n                    <td style=\"\">Mesemond\u00e1s \u00e9s emp\u00e1tia<\/td>\n                    <td style=\"\">publicisztika<\/td>\n                    <td style=\"\"><a href='https:\/\/igyic.hu\/esszektanulmanyok\/mesemondas-es-empatia.html' rel=' nofollow ' target='_blank'>https:\/\/igyic.hu\/esszektanulmanyok\/mesemondas-es-empatia.html<\/a><\/td>\n                    <td style=\"\">pozit\u00edv<\/td>\n                    <td style=\"\"><\/td>\n                    <td style=\"\"><\/td>\n                    <td style=\"\"><\/td>\n                    <td style=\"\">Sz\u0151ke D\u00e1vid tanul\u00e1m\u00e1nya<\/td>\n            <\/tr>\n            <tr id=\"table_2_row_902\">\n                    <td style=\"\">2022.10.19<\/td>\n                    <td style=\"\"><a href='https:\/\/www.lesoir.be\/' rel=' nofollow ' target='_blank'>https:\/\/www.lesoir.be\/<\/a><\/td>\n                    <td style=\"\">Fanny Declercq<\/td>\n                    <td style=\"\">Dorottya Redai, prix de la citoyennet\u00e9: \u00abLa cause LGBT fait pleinement partie de la d\u00e9mocratie<\/td>\n                    <td style=\"\">hir r\u00f6vid cikk<\/td>\n                    <td style=\"\"><a href='https:\/\/www.lesoir.be\/471953\/article\/2022-10-19\/dorottya-redai-prix-de-la-citoyennete-la-cause-lgbt-fait-pleinement-partie-de-la' rel=' nofollow ' target='_blank'>https:\/\/www.lesoir.be\/471953\/article\/2022-10-19\/dorottya-redai-prix-de-la-citoyennete-la-cause-lgbt-fait-pleinement-partie-de-la<\/a><\/td>\n                    <td style=\"\">pozit\u00edv<\/td>\n                    <td style=\"\"><\/td>\n                    <td style=\"\">igen<\/td>\n                    <td style=\"\">francia<\/td>\n                    <td style=\"\">H\u00edr arr\u00f3l, hogy Dorottya kapja a P&amp;V Alap\u00edtv\u00e1ny t\u00e1rsadalmi d\u00edj\u00e1t<\/td>\n            <\/tr>\n            <tr id=\"table_2_row_903\">\n                    <td style=\"\">2022.10.19<\/td>\n                    <td style=\"\"><a href='https:\/\/www.mo.be\/' rel=' nofollow ' target='_blank'>https:\/\/www.mo.be\/<\/a><\/td>\n                    <td style=\"\">Gie Goris<\/td>\n                    <td style=\"\">Dorottya R\u00e9dai: \u2018Dictators vrezen sprookjes meer dan betogingen\u2019<\/td>\n                    <td style=\"\">interj\u00fa<\/td>\n                    <td style=\"\"><a href='https:\/\/www.mo.be\/reportage\/dorottya-r-dai-dictators-vrezen-sprookjes-meer-dan-betogingen%20%20' rel=' nofollow ' target='_blank'>https:\/\/www.mo.be\/reportage\/dorottya-r-dai-dictators-vrezen-sprookjes-meer-dan-betogingen%20%20<\/a><\/td>\n                    <td style=\"\">pozit\u00edv<\/td>\n                    <td style=\"\"><\/td>\n                    <td style=\"\">igen<\/td>\n                    <td style=\"\">holland<\/td>\n                    <td style=\"\">Interj\u00fa R\u00e9dai Dorotty\u00e1val a Time magazin d\u00edja ut\u00e1n<\/td>\n            <\/tr>\n            <tr id=\"table_2_row_904\">\n                    <td style=\"\">2022.10.26<\/td>\n                    <td style=\"\"><a href='https:\/\/m.hvg.hu\/' rel=' nofollow ' target='_blank'>https:\/\/m.hvg.hu\/<\/a><\/td>\n                    <td style=\"\">Galicza Dorina<\/td>\n                    <td style=\"\">Egy h\u00f3nap m\u00falva lesz \u00edt\u00e9let a leszbikus jogv\u00e9d\u0151ket pedofiloz\u00f3 Magyar Nemzet-cikk \u00fcgy\u00e9ben<\/td>\n                    <td style=\"\">h\u00edr, besz\u00e1mol\u00f3, r\u00f6vid cikk<\/td>\n                    <td style=\"\"><a href='https:\/\/m.hvg.hu\/itthon\/20221026_Meseorszag_mindenkie_Labrisz_Mediaworks_per' rel=' nofollow ' target='_blank'>https:\/\/m.hvg.hu\/itthon\/20221026_Meseorszag_mindenkie_Labrisz_Mediaworks_per<\/a><\/td>\n                    <td style=\"\">pozit\u00edv<\/td>\n                    <td style=\"\"><\/td>\n                    <td style=\"\"><\/td>\n                    <td style=\"\"><\/td>\n                    <td style=\"\"><\/td>\n            <\/tr>\n            <tr id=\"table_2_row_905\">\n                    <td style=\"\">2022.10.26<\/td>\n                    <td style=\"\"><a href='https:\/\/www.instagram.com\/' rel=' nofollow ' target='_blank'>https:\/\/www.instagram.com\/<\/a><\/td>\n                    <td style=\"\">Talentshauts<\/td>\n                    <td style=\"\">a francia kiad\u00e1s vide\u00f3s k\u00f6nyvbemutat\u00e1sa<\/td>\n                    <td style=\"\">vide\u00f3<\/td>\n                    <td style=\"\"><a href='https:\/\/www.instagram.com\/reel\/CkLrlvCKdBh\/' rel=' nofollow ' target='_blank'>https:\/\/www.instagram.com\/reel\/CkLrlvCKdBh\/<\/a><\/td>\n                    <td style=\"\">pozit\u00edv<\/td>\n                    <td style=\"\">insta<\/td>\n                    <td style=\"\">igen<\/td>\n                    <td style=\"\">francia<\/td>\n                    <td style=\"\">francia kiad\u00e1s bemutat\u00e1sa<\/td>\n            <\/tr>\n            <tr id=\"table_2_row_906\">\n                    <td style=\"\">2022.11.07<\/td>\n                    <td style=\"\"><a href='https:\/\/rebellive.net\/' rel=' nofollow ' target='_blank'>https:\/\/rebellive.net\/<\/a><\/td>\n                    <td style=\"\">Mihucza Niki<\/td>\n                    <td style=\"\">Meseorsz\u00e1g akkor \u00e9s most \u2013 Nagy M. Boldizs\u00e1rral besz\u00e9lgett\u00fcnk<\/td>\n                    <td style=\"\">interj\u00fa<\/td>\n                    <td style=\"\"><a href='https:\/\/rebellive.net\/2022\/11\/07\/meseorszag-akkor-es-most-nagy-m-boldizsarral-beszelgettunk\/' rel=' nofollow ' target='_blank'>https:\/\/rebellive.net\/2022\/11\/07\/meseorszag-akkor-es-most-nagy-m-boldizsarral-beszelgettunk\/<\/a><\/td>\n                    <td style=\"\">pozit\u00edv<\/td>\n                    <td style=\"\"><\/td>\n                    <td style=\"\"><\/td>\n                    <td style=\"\"><\/td>\n                    <td style=\"\"><\/td>\n            <\/tr>\n            <tr id=\"table_2_row_907\">\n                    <td style=\"\">2022.11.10<\/td>\n                    <td style=\"\"><a href='https:\/\/mandiner.hu\/' rel=' nofollow ' target='_blank'>https:\/\/mandiner.hu\/<\/a><\/td>\n                    <td style=\"\"><\/td>\n                    <td style=\"\">A magyarellenes orsz\u00e1gjelent\u00e9st \u00edr\u00f3 EP-k\u00e9pvisel\u0151 invit\u00e1l a Meseorsz\u00e1g mindenki\u00e9 LMBTQ-k\u00f6nyv br\u00fcsszeli bemutat\u00f3j\u00e1ra<\/td>\n                    <td style=\"\">h\u00edr, besz\u00e1mol\u00f3, r\u00f6vid cikk<\/td>\n                    <td style=\"\"><a href='https:\/\/mandiner.hu\/cikk\/20221109_a_magyarellenes_orszagjelentest_iro_ep_kepviselo_invital_a_meseorszag_mindenkie_lmbtq_konyv_brusszeli_bemutatojara' rel=' nofollow ' target='_blank'>https:\/\/mandiner.hu\/cikk\/20221109_a_magyarellenes_orszagjelentest_iro_ep_kepviselo_invital_a_meseorszag_mindenkie_lmbtq_konyv_brusszeli_bemutatojara<\/a><\/td>\n                    <td style=\"\">negat\u00edv<\/td>\n                    <td style=\"\"><\/td>\n                    <td style=\"\"><\/td>\n                    <td style=\"\"><\/td>\n                    <td style=\"\"><\/td>\n            <\/tr>\n            <tr id=\"table_2_row_908\">\n                    <td style=\"\">2022.11.12<\/td>\n                    <td style=\"\"><a href='https:\/\/volksgruppen.orf.at\/' rel=' nofollow ' target='_blank'>https:\/\/volksgruppen.orf.at\/<\/a><\/td>\n                    <td style=\"\"><\/td>\n                    <td style=\"\">\u00daj kamaraprodukci\u00f3val k\u00e9sz\u00fcl a SVUNG B\u00e9csben<\/td>\n                    <td style=\"\">h\u00edr, besz\u00e1mol\u00f3, r\u00f6vid cikk<\/td>\n                    <td style=\"\"><a href='https:\/\/volksgruppen.orf.at\/magyarok\/stories\/3185934\/' rel=' nofollow ' target='_blank'>https:\/\/volksgruppen.orf.at\/magyarok\/stories\/3185934\/<\/a><\/td>\n                    <td style=\"\">semleges<\/td>\n                    <td style=\"\"><\/td>\n                    <td style=\"\"><\/td>\n                    <td style=\"\"><\/td>\n                    <td style=\"\"><\/td>\n            <\/tr>\n            <tr id=\"table_2_row_909\">\n                    <td style=\"\">2022.11.15<\/td>\n                    <td style=\"\"><a href='https:\/\/hirado.hu\/' rel=' nofollow ' target='_blank'>https:\/\/hirado.hu\/<\/a><\/td>\n                    <td style=\"\"><\/td>\n                    <td style=\"\">A fekete sell\u0151fi\u00fa \u00e9s a v\u00f6r\u00f6s haj\u00fa hal\u00e1sz szerelme \u2013 a Meseorsz\u00e1g mindenki\u00e9 szerkeszt\u0151j\u00e9nek aj\u00e1nl\u00e1s\u00e1val<\/td>\n                    <td style=\"\">egy\u00e9b<\/td>\n                    <td style=\"\"><a href='https:\/\/hirado.hu\/cikk\/2022\/11\/15\/a-fekete-sellofiu-es-a-voros-haju-halasz-szerelme-a-meseorszag-mindenkie-szerkesztojenek-ajanlasaval' rel=' nofollow ' target='_blank'>https:\/\/hirado.hu\/cikk\/2022\/11\/15\/a-fekete-sellofiu-es-a-voros-haju-halasz-szerelme-a-meseorszag-mindenkie-szerkesztojenek-ajanlasaval<\/a><\/td>\n                    <td style=\"\">semleges<\/td>\n                    <td style=\"\"><\/td>\n                    <td style=\"\"><\/td>\n                    <td style=\"\"><\/td>\n                    <td style=\"\">fb posztr\u00f3l sz\u00e1mol be a hirado<\/td>\n            <\/tr>\n            <tr id=\"table_2_row_910\">\n                    <td style=\"\">2022.11.15<\/td>\n                    <td style=\"\"><a href='https:\/\/twitter.com\/' rel=' nofollow ' target='_blank'>https:\/\/twitter.com\/<\/a><\/td>\n                    <td style=\"\">EL*C<\/td>\n                    <td style=\"\"><\/td>\n                    <td style=\"\">twitter post<\/td>\n                    <td style=\"\"><a href='https:\/\/twitter.com\/EuroLesbianCon\/status\/1592489190369136640' rel=' nofollow ' target='_blank'>https:\/\/twitter.com\/EuroLesbianCon\/status\/1592489190369136640<\/a><\/td>\n                    <td style=\"\">pozit\u00edv<\/td>\n                    <td style=\"\">twitter<\/td>\n                    <td style=\"\">igen<\/td>\n                    <td style=\"\">angol<\/td>\n                    <td style=\"\">Az EuroCentralAsian Lesbian* Community twitter posztjaAz EP bemutat\u00f3r\u00f3l<\/td>\n            <\/tr>\n            <tr id=\"table_2_row_911\">\n                    <td style=\"\">2022.11.15<\/td>\n                    <td style=\"\"><a href='https:\/\/twitter.com\/' rel=' nofollow ' target='_blank'>https:\/\/twitter.com\/<\/a><\/td>\n                    <td style=\"\">Gwendoline Delbos-Corfield<\/td>\n                    <td style=\"\"><\/td>\n                    <td style=\"\">twitter post<\/td>\n                    <td style=\"\"><a href='https:\/\/twitter.com\/GDelbosCorfield\/status\/1592488470429437956\/photo\/1' rel=' nofollow ' target='_blank'>https:\/\/twitter.com\/GDelbosCorfield\/status\/1592488470429437956\/photo\/1<\/a><\/td>\n                    <td style=\"\">pozit\u00edv<\/td>\n                    <td style=\"\">twitter<\/td>\n                    <td style=\"\">igen<\/td>\n                    <td style=\"\">angol<\/td>\n                    <td style=\"\">Gwendoline Delbos-Corfield EP k\u00e9pvisel\u0151 twitter posztja a bemmutat\u00f3r\u00f3l<\/td>\n            <\/tr>\n            <tr id=\"table_2_row_912\">\n                    <td style=\"\">2022.11.16<\/td>\n                    <td style=\"\"><a href='https:\/\/www.facebook.com\/' rel=' nofollow ' target='_blank'>https:\/\/www.facebook.com\/<\/a><\/td>\n                    <td style=\"\">Tompa Andrea<\/td>\n                    <td style=\"\">Tompa Andrea posztja Br\u00fcsszelben a k\u00f6nyv bemutat\u00f3j\u00e1n<\/td>\n                    <td style=\"\">fb-poszt<\/td>\n                    <td style=\"\"><a href='https:\/\/www.facebook.com\/photo\/?fbid=578582327604865&amp;set=a.472554428207656' rel=' nofollow ' target='_blank'>https:\/\/www.facebook.com\/photo\/?fbid=578582327604865&amp;set=a.472554428207656<\/a><\/td>\n                    <td style=\"\">pozit\u00edv<\/td>\n                    <td style=\"\">fb<\/td>\n                    <td style=\"\"><\/td>\n                    <td style=\"\"><\/td>\n                    <td style=\"\"><\/td>\n            <\/tr>\n            <tr id=\"table_2_row_913\">\n                    <td style=\"\">2022.11.17<\/td>\n                    <td style=\"\"><a href='https:\/\/www.nuvol.com\/' rel=' nofollow ' target='_blank'>https:\/\/www.nuvol.com\/<\/a><\/td>\n                    <td style=\"\"><\/td>\n                    <td style=\"\">Tiny Books, premi Petit PEN<\/td>\n                    <td style=\"\">h\u00edr, besz\u00e1mol\u00f3, r\u00f6vid cikk<\/td>\n                    <td style=\"\"><a href='https:\/\/www.nuvol.com\/llibres\/tiny-books-premi-petit-pen-288190' rel=' nofollow ' target='_blank'>https:\/\/www.nuvol.com\/llibres\/tiny-books-premi-petit-pen-288190<\/a><\/td>\n                    <td style=\"\">pozit\u00edv<\/td>\n                    <td style=\"\"><\/td>\n                    <td style=\"\">igen<\/td>\n                    <td style=\"\">katal\u00e1n<\/td>\n                    <td style=\"\">Petit PEN-d\u00edj a Labrisznak, a PEN kiemelte a magyar szervezet b\u00e1tors\u00e1g\u00e1t a mesek\u00f6nyv kapcs\u00e1n<\/td>\n            <\/tr>\n            <tr id=\"table_2_row_914\">\n                    <td style=\"\">2022.11.20<\/td>\n                    <td style=\"\"><a href='https:\/\/magyarnemzet.hu\/' rel=' nofollow ' target='_blank'>https:\/\/magyarnemzet.hu\/<\/a><\/td>\n                    <td style=\"\">Elek Nikoletta<\/td>\n                    <td style=\"\">Br\u00fcsszelben \u00fcnnepelt\u00e9k a magyar LMBTQ-mesek\u00f6nyvet<\/td>\n                    <td style=\"\">h\u00edr, besz\u00e1mol\u00f3, r\u00f6vid cikk<\/td>\n                    <td style=\"\"><a href='https:\/\/magyarnemzet.hu\/belfold\/2022\/11\/brusszelben-unnepeltek-a-magyar-lmbtq-mesekonyvet' rel=' nofollow ' target='_blank'>https:\/\/magyarnemzet.hu\/belfold\/2022\/11\/brusszelben-unnepeltek-a-magyar-lmbtq-mesekonyvet<\/a><\/td>\n                    <td style=\"\">negat\u00edv<\/td>\n                    <td style=\"\"><\/td>\n                    <td style=\"\"><\/td>\n                    <td style=\"\"><\/td>\n                    <td style=\"\"><\/td>\n            <\/tr>\n            <tr id=\"table_2_row_915\">\n                    <td style=\"\">2022.11.22<\/td>\n                    <td style=\"\"><a href='https:\/\/labrisz.hu\/' rel=' nofollow ' target='_blank'>https:\/\/labrisz.hu\/<\/a><\/td>\n                    <td style=\"\">Labrisz<\/td>\n                    <td style=\"\">Petit Pen Prize a Labrisznak<\/td>\n                    <td style=\"\">h\u00edr, besz\u00e1mol\u00f3, r\u00f6vid cikk<\/td>\n                    <td style=\"\"><a href='https:\/\/labrisz.hu\/hirek\/petite_pen_prize_a_labrisznak.893.html' rel=' nofollow ' target='_blank'>https:\/\/labrisz.hu\/hirek\/petite_pen_prize_a_labrisznak.893.html<\/a><\/td>\n                    <td style=\"\">pozit\u00edv<\/td>\n                    <td style=\"\"><\/td>\n                    <td style=\"\"><\/td>\n                    <td style=\"\"><\/td>\n                    <td style=\"\"><\/td>\n            <\/tr>\n            <tr id=\"table_2_row_916\">\n                    <td style=\"\">2022.11.23<\/td>\n                    <td style=\"\"><a href='https:\/\/hang.hu\/' rel=' nofollow ' target='_blank'>https:\/\/hang.hu\/<\/a><\/td>\n                    <td style=\"\"><\/td>\n                    <td style=\"\">Mindenki meseorsz\u00e1ga: pedofilozhatj\u00e1k a Labrisz Egyes\u00fcletet<\/td>\n                    <td style=\"\">publicisztika<\/td>\n                    <td style=\"\"><a href='https:\/\/hang.hu\/tag\/meseorszag-mindenkie\/' rel=' nofollow ' target='_blank'>https:\/\/hang.hu\/tag\/meseorszag-mindenkie\/<\/a><\/td>\n                    <td style=\"\">semleges<\/td>\n                    <td style=\"\"><\/td>\n                    <td style=\"\"><\/td>\n                    <td style=\"\"><\/td>\n                    <td style=\"\"><\/td>\n            <\/tr>\n            <tr id=\"table_2_row_917\">\n                    <td style=\"\">2022.11.23<\/td>\n                    <td style=\"\"><a href='https:\/\/444.hu\/' rel=' nofollow ' target='_blank'>https:\/\/444.hu\/<\/a><\/td>\n                    <td style=\"\">F\u0151di Kitti<\/td>\n                    <td style=\"\">A K\u00faria szerint nem jogs\u00e9rt\u0151 a Meseorsz\u00e1g mindenki\u00e9t kiad\u00f3 Labrisz Egyes\u00fcletet pedofil szervezethez hasonl\u00edtani<\/td>\n                    <td style=\"\">h\u00edr, besz\u00e1mol\u00f3, r\u00f6vid cikk<\/td>\n                    <td style=\"\"><a href='https:\/\/444.hu\/2022\/11\/23\/a-kuria-szerint-nem-jogserto-a-meseorszag-mindenkiet-kiado-labrisz-egyesuletet-pedofil-szervezethez-hasonlitani' rel=' nofollow ' target='_blank'>https:\/\/444.hu\/2022\/11\/23\/a-kuria-szerint-nem-jogserto-a-meseorszag-mindenkiet-kiado-labrisz-egyesuletet-pedofil-szervezethez-hasonlitani<\/a><\/td>\n                    <td style=\"\">semleges<\/td>\n                    <td style=\"\"><\/td>\n                    <td style=\"\"><\/td>\n                    <td style=\"\"><\/td>\n                    <td style=\"\">besz\u00e1mol\u00f3 a K\u00faria \u00edt\u00e9let\u00e9r\u0151l<\/td>\n            <\/tr>\n            <tr id=\"table_2_row_918\">\n                    <td style=\"\">2022.11.23<\/td>\n                    <td style=\"\"><a href='https:\/\/telex.hu\/' rel=' nofollow ' target='_blank'>https:\/\/telex.hu\/<\/a><\/td>\n                    <td style=\"\">Iv\u00e1n-Nagy Szilvia<\/td>\n                    <td style=\"\">A Mediaworksnek adott igazat a K\u00faria, pedofil szervezethez hasonl\u00edthatja a Meseorsz\u00e1g mindenki\u00e9 kiad\u00f3j\u00e1t a korm\u00e1nylap<\/td>\n                    <td style=\"\">h\u00edr, besz\u00e1mol\u00f3, r\u00f6vid cikk<\/td>\n                    <td style=\"\"><a href='https:\/\/telex.hu\/belfold\/2022\/11\/23\/meseorszag-mindenkie-kuria-itelet' rel=' nofollow ' target='_blank'>https:\/\/telex.hu\/belfold\/2022\/11\/23\/meseorszag-mindenkie-kuria-itelet<\/a><\/td>\n                    <td style=\"\">semleges<\/td>\n                    <td style=\"\"><\/td>\n                    <td style=\"\"><\/td>\n                    <td style=\"\"><\/td>\n                    <td style=\"\"><\/td>\n            <\/tr>\n            <tr id=\"table_2_row_919\">\n                    <td style=\"\">2022.11.25<\/td>\n                    <td style=\"\"><a href='https:\/\/www.klubradio.hu\/' rel=' nofollow ' target='_blank'>https:\/\/www.klubradio.hu\/<\/a><\/td>\n                    <td style=\"\">Klubr\u00e1di\u00f3<\/td>\n                    <td style=\"\">Besz\u00e1mol\u00f3 arr\u00f3l, hogy a K\u00faria \u00edt\u00e9lete hogyan alakult<\/td>\n                    <td style=\"\">r\u00e1di\u00f3<\/td>\n                    <td style=\"\"><a href='https:\/\/www.klubradio.hu\/archivum\/reggeli-gyors-2022-november-25-pentek-0600-29239' rel=' nofollow ' target='_blank'>https:\/\/www.klubradio.hu\/archivum\/reggeli-gyors-2022-november-25-pentek-0600-29239<\/a><\/td>\n                    <td style=\"\">pozit\u00edv<\/td>\n                    <td style=\"\"><\/td>\n                    <td style=\"\"><\/td>\n                    <td style=\"\"><\/td>\n                    <td style=\"\"><\/td>\n            <\/tr>\n            <tr id=\"table_2_row_920\">\n                    <td style=\"\">2022.11.28<\/td>\n                    <td style=\"\"><a href='https:\/\/www.dn.se\/' rel=' nofollow ' target='_blank'>https:\/\/www.dn.se\/<\/a><\/td>\n                    <td style=\"\"><\/td>\n                    <td style=\"\">Sagoboken som blev symbol i Ungerns kulturkrig<\/td>\n                    <td style=\"\">h\u00edr, besz\u00e1mol\u00f3, r\u00f6vid cikk<\/td>\n                    <td style=\"\"><a href='https:\/\/www.dn.se\/varlden\/sagoboken-som-blev-symbol-i-ungerns-kulturkrig\/' rel=' nofollow ' target='_blank'>https:\/\/www.dn.se\/varlden\/sagoboken-som-blev-symbol-i-ungerns-kulturkrig\/<\/a><\/td>\n                    <td style=\"\">pozit\u00edv<\/td>\n                    <td style=\"\"><\/td>\n                    <td style=\"\">igen<\/td>\n                    <td style=\"\">sv\u00e9d<\/td>\n                    <td style=\"\"><\/td>\n            <\/tr>\n            <tr id=\"table_2_row_921\">\n                    <td style=\"\">2022.12.01<\/td>\n                    <td style=\"\"><a href='https:\/\/katedra.sk\/' rel=' nofollow ' target='_blank'>https:\/\/katedra.sk\/<\/a><\/td>\n                    <td style=\"\">K\u00f6vesi Gy\u00f6rgyi<\/td>\n                    <td style=\"\">Homof\u00f3bia \u00e9s gyermekv\u00e9delem, avagy: mit\u0151l (nem) f\u00e9ltj\u00fck igaz\u00e1n a gyermekeinket<\/td>\n                    <td style=\"\">recenzi\u00f3<\/td>\n                    <td style=\"\"><a href='https:\/\/katedra.sk\/wp-content\/uploads\/2022\/12\/Katedra-folyoirat_30_05_28-29.pdf' rel=' nofollow ' target='_blank'>https:\/\/katedra.sk\/wp-content\/uploads\/2022\/12\/Katedra-folyoirat_30_05_28-29.pdf<\/a><\/td>\n                    <td style=\"\">pozit\u00edv<\/td>\n                    <td style=\"\"><\/td>\n                    <td style=\"\">igen<\/td>\n                    <td style=\"\"><\/td>\n                    <td style=\"\">K\u00f6vesi Gy\u00f6rgyi \u00edr\u00e1sa<\/td>\n            <\/tr>\n            <tr id=\"table_2_row_922\">\n                    <td style=\"\">2022.12.02<\/td>\n                    <td style=\"\"><a href='https:\/\/konyvesmagazin.hu\/' rel=' nofollow ' target='_blank'>https:\/\/konyvesmagazin.hu\/<\/a><\/td>\n                    <td style=\"\">F.K.<\/td>\n                    <td style=\"\">Tompa Andrea: A Meseorsz\u00e1g Mindenki\u00e9 egy \u00fcgy, egy szimb\u00f3lum lett<\/td>\n                    <td style=\"\">h\u00edr, besz\u00e1mol\u00f3, r\u00f6vid cikk<\/td>\n                    <td style=\"\"><a href='https:\/\/konyvesmagazin.hu\/friss\/meseorszag_mindenkie_europai_parlament_konyvbemutato.html' rel=' nofollow ' target='_blank'>https:\/\/konyvesmagazin.hu\/friss\/meseorszag_mindenkie_europai_parlament_konyvbemutato.html<\/a><\/td>\n                    <td style=\"\">semleges<\/td>\n                    <td style=\"\"><\/td>\n                    <td style=\"\"><\/td>\n                    <td style=\"\"><\/td>\n                    <td style=\"\">Eur\u00f3pai Parlamenti k\u00f6nyvbemutat\u00f3<\/td>\n            <\/tr>\n            <tr id=\"table_2_row_923\">\n                    <td style=\"\">2022.12.03<\/td>\n                    <td style=\"\"><a href='https:\/\/magyarnemzet.hu\/' rel=' nofollow ' target='_blank'>https:\/\/magyarnemzet.hu\/<\/a><\/td>\n                    <td style=\"\">N\u00e9meth Gy\u00f6rgy<\/td>\n                    <td style=\"\">Nem nyugszik a Labrisz Egyes\u00fclet<\/td>\n                    <td style=\"\">recenzi\u00f3<\/td>\n                    <td style=\"\"><a href='https:\/\/magyarnemzet.hu\/velemeny\/2022\/12\/nem-nyugszik-a-labrisz-egyesulet' rel=' nofollow ' target='_blank'>https:\/\/magyarnemzet.hu\/velemeny\/2022\/12\/nem-nyugszik-a-labrisz-egyesulet<\/a><\/td>\n                    <td style=\"\">negat\u00edv<\/td>\n                    <td style=\"\"><\/td>\n                    <td style=\"\"><\/td>\n                    <td style=\"\"><\/td>\n                    <td style=\"\"><\/td>\n            <\/tr>\n            <tr id=\"table_2_row_924\">\n                    <td style=\"\">2022.12.05<\/td>\n                    <td style=\"\"><a href='https:\/\/xpatloop.com\/' rel=' nofollow ' target='_blank'>https:\/\/xpatloop.com\/<\/a><\/td>\n                    <td style=\"\">Marrion Merrick<\/td>\n                    <td style=\"\">Surprising Expats: Anna Bentley, Literary Translator &amp; English Teacher<\/td>\n                    <td style=\"\">interj\u00fa<\/td>\n                    <td style=\"\"><a href='https:\/\/xpatloop.com\/interviews\/2022\/12\/surprising-expats-anna-bentley-literary-translator-and-english-teacher.html' rel=' nofollow ' target='_blank'>https:\/\/xpatloop.com\/interviews\/2022\/12\/surprising-expats-anna-bentley-literary-translator-and-english-teacher.html<\/a><\/td>\n                    <td style=\"\">pozit\u00edv<\/td>\n                    <td style=\"\"><\/td>\n                    <td style=\"\">igen<\/td>\n                    <td style=\"\">angol<\/td>\n                    <td style=\"\">Interj\u00fa Anna Bentley m\u0171ford\u00edt\u00f3val<\/td>\n            <\/tr>\n            <tr id=\"table_2_row_925\">\n                    <td style=\"\">2022.12.07<\/td>\n                    <td style=\"\"><a href='https:\/\/www.facebook.com\/' rel=' nofollow ' target='_blank'>https:\/\/www.facebook.com\/<\/a><\/td>\n                    <td style=\"\">Pekarna Magdalenske<\/td>\n                    <td style=\"\">Knjiznica tete Rose: So pravljice za vse?<\/td>\n                    <td style=\"\">esem\u00e9ny<\/td>\n                    <td style=\"\"><a href='https:\/\/www.facebook.com\/events\/2452887648207747' rel=' nofollow ' target='_blank'>https:\/\/www.facebook.com\/events\/2452887648207747<\/a><\/td>\n                    <td style=\"\">pozit\u00edv<\/td>\n                    <td style=\"\">fb<\/td>\n                    <td style=\"\">igen<\/td>\n                    <td style=\"\">szlov\u00e9n<\/td>\n                    <td style=\"\">szlov\u00e9n besz\u00e9lget\u0151s esem\u00e9ny<\/td>\n            <\/tr>\n            <tr id=\"table_2_row_926\">\n                    <td style=\"\">2022.12.08<\/td>\n                    <td style=\"\"><a href='https:\/\/24.hu\/' rel=' nofollow ' target='_blank'>https:\/\/24.hu\/<\/a><\/td>\n                    <td style=\"\">24.hu<\/td>\n                    <td style=\"\">F\u00e9lnek a hazai sz\u00ednh\u00e1zak a t\u00e1mogat\u00e1sok megvon\u00e1s\u00e1t\u00f3l, ez\u00e9rt B\u00e9csben mutatj\u00e1k be a Meseorsz\u00e1g mindenki\u00e9-sz\u00edndarabot<\/td>\n                    <td style=\"\">h\u00edr, besz\u00e1mol\u00f3, r\u00f6vid cikk<\/td>\n                    <td style=\"\"><a href='https:\/\/24.hu\/kultura\/2022\/12\/08\/meseorszag-mindenkie-becs-szinhaz-szindarab-svung\/' rel=' nofollow ' target='_blank'>https:\/\/24.hu\/kultura\/2022\/12\/08\/meseorszag-mindenkie-becs-szinhaz-szindarab-svung\/<\/a><\/td>\n                    <td style=\"\">pozit\u00edv<\/td>\n                    <td style=\"\"><\/td>\n                    <td style=\"\"><\/td>\n                    <td style=\"\"><\/td>\n                    <td style=\"\">h\u00edr arr\u00f3l B\u00e9csben kell bemutatni a darabot<\/td>\n            <\/tr>\n            <tr id=\"table_2_row_927\">\n                    <td style=\"\">2022.12.08<\/td>\n                    <td style=\"\"><a href='https:\/\/hvg.hu\/' rel=' nofollow ' target='_blank'>https:\/\/hvg.hu\/<\/a><\/td>\n                    <td style=\"\"><\/td>\n                    <td style=\"\">Sz\u00ednh\u00e1zi el\u0151ad\u00e1s k\u00e9sz\u00fcl a Meseorsz\u00e1g mindenki\u00e9 c\u00edm\u0171 k\u00f6nyvb\u0151l, de nem Magyarorsz\u00e1gon<\/td>\n                    <td style=\"\">h\u00edr, besz\u00e1mol\u00f3, r\u00f6vid cikk<\/td>\n                    <td style=\"\"><a href='https:\/\/hvg.hu\/kultura\/20221208_Szinhazi_eloadas_Meseorszag_mindenkie_becs_svung' rel=' nofollow ' target='_blank'>https:\/\/hvg.hu\/kultura\/20221208_Szinhazi_eloadas_Meseorszag_mindenkie_becs_svung<\/a><\/td>\n                    <td style=\"\">semleges<\/td>\n                    <td style=\"\"><\/td>\n                    <td style=\"\"><\/td>\n                    <td style=\"\"><\/td>\n                    <td style=\"\"><\/td>\n            <\/tr>\n            <tr id=\"table_2_row_928\">\n                    <td style=\"\">2022.12.08<\/td>\n                    <td style=\"\"><a href='https:\/\/nepszava.hu\/' rel=' nofollow ' target='_blank'>https:\/\/nepszava.hu\/<\/a><\/td>\n                    <td style=\"\">\u00c1.Z.<\/td>\n                    <td style=\"\">F\u00e9lnek az itthoni sz\u00ednh\u00e1zak, Budapest helyett B\u00e9csben mutatj\u00e1k be magyarul a Meseorsz\u00e1g mindenki\u00e9t<\/td>\n                    <td style=\"\">h\u00edr, besz\u00e1mol\u00f3, r\u00f6vid cikk<\/td>\n                    <td style=\"\"><a href='https:\/\/nepszava.hu\/3178118_meseorszag-mindenkie-szinhaz-babjatek-budapest-becs' rel=' nofollow ' target='_blank'>https:\/\/nepszava.hu\/3178118_meseorszag-mindenkie-szinhaz-babjatek-budapest-becs<\/a><\/td>\n                    <td style=\"\">semleges<\/td>\n                    <td style=\"\"><\/td>\n                    <td style=\"\"><\/td>\n                    <td style=\"\"><\/td>\n                    <td style=\"\"><\/td>\n            <\/tr>\n            <tr id=\"table_2_row_929\">\n                    <td style=\"\">2022.12.09<\/td>\n                    <td style=\"\"><a href='https:\/\/index.hu\/' rel=' nofollow ' target='_blank'>https:\/\/index.hu\/<\/a><\/td>\n                    <td style=\"\">Krcsmrs<\/td>\n                    <td style=\"\">Nem merik bemutatni a hazai sz\u00ednh\u00e1zak a Meseorsz\u00e1g mindenki\u00e9 sz\u00edndarabot<\/td>\n                    <td style=\"\">h\u00edr, besz\u00e1mol\u00f3, r\u00f6vid cikk<\/td>\n                    <td style=\"\"><a href='https:\/\/index.hu\/kultur\/2022\/12\/09\/meseorszag-mindenkie-szinhaz-becs-svung-szindarab-bemutato\/' rel=' nofollow ' target='_blank'>https:\/\/index.hu\/kultur\/2022\/12\/09\/meseorszag-mindenkie-szinhaz-becs-svung-szindarab-bemutato\/<\/a><\/td>\n                    <td style=\"\">semleges<\/td>\n                    <td style=\"\"><\/td>\n                    <td style=\"\"><\/td>\n                    <td style=\"\"><\/td>\n                    <td style=\"\">cikk a b\u00e9csi bemutat\u00f3r\u00f3l<\/td>\n            <\/tr>\n            <tr id=\"table_2_row_930\">\n                    <td style=\"\">2022.12.12<\/td>\n                    <td style=\"\"><a href='https:\/\/www.bigissue.com\/' rel=' nofollow ' target='_blank'>https:\/\/www.bigissue.com\/<\/a><\/td>\n                    <td style=\"\">Jane Graham<\/td>\n                    <td style=\"\">The best children\u2019s books of 2022\u2026 from Oliver Jeffers to Dara McAnulty and more<\/td>\n                    <td style=\"\">egy\u00e9b<\/td>\n                    <td style=\"\"><a href='https:\/\/www.bigissue.com\/culture\/books\/best-childrens-books-2022\/' rel=' nofollow ' target='_blank'>https:\/\/www.bigissue.com\/culture\/books\/best-childrens-books-2022\/<\/a><\/td>\n                    <td style=\"\">semleges<\/td>\n                    <td style=\"\"><\/td>\n                    <td style=\"\">igen<\/td>\n                    <td style=\"\">angol<\/td>\n                    <td style=\"\">2022 legjobb gyerekk\u00f6nyvei<\/td>\n            <\/tr>\n            <tr id=\"table_2_row_931\">\n                    <td style=\"\">2022.12.17<\/td>\n                    <td style=\"\"><a href='https:\/\/litera.hu\/' rel=' nofollow ' target='_blank'>https:\/\/litera.hu\/<\/a><\/td>\n                    <td style=\"\"><\/td>\n                    <td style=\"\">Thomas Pynchon eladta az arch\u00edvum\u00e1t, a Meseorsz\u00e1g mindenki\u00e9 az \u00e9v legjobb gyerekk\u00f6nyvei k\u00f6z\u00f6tt<\/td>\n                    <td style=\"\">h\u00edr, besz\u00e1mol\u00f3, r\u00f6vid cikk<\/td>\n                    <td style=\"\"><a href='https:\/\/litera.hu\/magazin\/osszeallitas\/thomas-pynchon-eladta-az-archivumat-a-meseorszag-mindenkie-az-ev-legjobb-gyerekkonyvei-kozott-gyukics-gabor-a-szofa-palyazatanak-nyertese.html' rel=' nofollow ' target='_blank'>https:\/\/litera.hu\/magazin\/osszeallitas\/thomas-pynchon-eladta-az-archivumat-a-meseorszag-mindenkie-az-ev-legjobb-gyerekkonyvei-kozott-gyukics-gabor-a-szofa-palyazatanak-nyertese.html<\/a><\/td>\n                    <td style=\"\">semleges<\/td>\n                    <td style=\"\"><\/td>\n                    <td style=\"\"><\/td>\n                    <td style=\"\"><\/td>\n                    <td style=\"\"><\/td>\n            <\/tr>\n            <tr id=\"table_2_row_932\">\n                    <td style=\"\">2022.12.22<\/td>\n                    <td style=\"\"><a href='https:\/\/www.es.hu\/' rel=' nofollow ' target='_blank'>https:\/\/www.es.hu\/<\/a><\/td>\n                    <td style=\"\">Gad\u00f3 G\u00e1bor<\/td>\n                    <td style=\"\">Meseorsz\u00e1g<\/td>\n                    <td style=\"\">publicisztika<\/td>\n                    <td style=\"\"><a href='https:\/\/www.es.hu\/cikk\/2022-12-22\/gado-gabor\/meseorszag.html' rel=' nofollow ' target='_blank'>https:\/\/www.es.hu\/cikk\/2022-12-22\/gado-gabor\/meseorszag.html<\/a><\/td>\n                    <td style=\"\">negat\u00edv<\/td>\n                    <td style=\"\"><\/td>\n                    <td style=\"\"><\/td>\n                    <td style=\"\"><\/td>\n                    <td style=\"\"><\/td>\n            <\/tr>\n            <tr id=\"table_2_row_933\">\n                    <td style=\"\">2022.12.22<\/td>\n                    <td style=\"\"><a href='https:\/\/newmedia.calcalist.co.il\/' rel=' nofollow ' target='_blank'>https:\/\/newmedia.calcalist.co.il\/<\/a><\/td>\n                    <td style=\"\">\u05de\u05d5\u05e1\u05e3 \u05db\u05dc\u05db\u05dc\u05d9\u05e1\u05d8<\/td>\n                    <td style=\"\">\u05d0\u05ea \u05de\u05ea\u05e2\u05d5\u05e8\u05e8\u05ea \u05d1\u05d5\u05e7\u05e8 \u05d0\u05d7\u05d3 \u05d5\u05d9\u05e9\u05d7\u05d5\u05e7 \u05e9\u05de\u05d5\u05d7\u05e7 \u05d0\u05ea \u05d4\u05e7\u05d9\u05d5\u05dd \u05e9\u05dc\u05da<\/td>\n                    <td style=\"\">interj\u00fa<\/td>\n                    <td style=\"\"><a href='https:\/\/newmedia.calcalist.co.il\/magazine-22-12-22\/m02.html' rel=' nofollow ' target='_blank'>https:\/\/newmedia.calcalist.co.il\/magazine-22-12-22\/m02.html<\/a><\/td>\n                    <td style=\"\">pozit\u00edv<\/td>\n                    <td style=\"\"><\/td>\n                    <td style=\"\">igen<\/td>\n                    <td style=\"\">h\u00e9ber<\/td>\n                    <td style=\"\">Interj\u00fa R\u00e9dai Dorotty\u00e1val<\/td>\n            <\/tr>\n            <tr id=\"table_2_row_934\">\n                    <td style=\"\">2022.12.27<\/td>\n                    <td style=\"\"><a href='https:\/\/telex.hu\/' rel=' nofollow ' target='_blank'>https:\/\/telex.hu\/<\/a><\/td>\n                    <td style=\"\">Janecsk\u00f3 Kata<\/td>\n                    <td style=\"\">N\u00e9ha a vissz\u00e1j\u00e1ra s\u00fcl el az anti-LMBT+ politika<\/td>\n                    <td style=\"\">interj\u00fa<\/td>\n                    <td style=\"\"><a href='https:\/\/telex.hu\/belfold\/2022\/12\/27\/radai-dorottya-interju-labrisz-meseorszag-mindenkie' rel=' nofollow ' target='_blank'>https:\/\/telex.hu\/belfold\/2022\/12\/27\/radai-dorottya-interju-labrisz-meseorszag-mindenkie<\/a><\/td>\n                    <td style=\"\">semleges<\/td>\n                    <td style=\"\"><\/td>\n                    <td style=\"\"><\/td>\n                    <td style=\"\"><\/td>\n                    <td style=\"\">R\u00e9dai Dorottya interj\u00fa<\/td>\n            <\/tr>\n            <tr id=\"table_2_row_935\">\n                    <td style=\"\">2023.01.01<\/td>\n                    <td style=\"\"><a href='https:\/\/socio.hu\/' rel=' nofollow ' target='_blank'>https:\/\/socio.hu\/<\/a><\/td>\n                    <td style=\"\">Annus Szabolcs, V\u00e1radi Bendeg\u00faz<\/td>\n                    <td style=\"\">\u201eEgyszer volt, hol nem volt\u2026\u201d Kommentek \u00e9s v\u00e9lem\u00e9nyek a Meseorsz\u00e1g mindenki\u00e9 c\u00edm\u0171 mesek\u00f6nyvr\u0151l<\/td>\n                    <td style=\"\">tanulm\u00e1ny<\/td>\n                    <td style=\"\"><a href='https:\/\/socio.hu\/index.php\/so\/article\/view\/1015\/945' rel=' nofollow ' target='_blank'>https:\/\/socio.hu\/index.php\/so\/article\/view\/1015\/945<\/a><\/td>\n                    <td style=\"\">semleges<\/td>\n                    <td style=\"\"><\/td>\n                    <td style=\"\"><\/td>\n                    <td style=\"\"><\/td>\n                    <td style=\"\"><\/td>\n            <\/tr>\n            <tr id=\"table_2_row_936\">\n                    <td style=\"\">2023.01.03<\/td>\n                    <td style=\"\"><a href='https:\/\/magyarnemzet.hu\/' rel=' nofollow ' target='_blank'>https:\/\/magyarnemzet.hu\/<\/a><\/td>\n                    <td style=\"\">Elek Nikoletta<\/td>\n                    <td style=\"\">Sz\u00fcl\u0151ket \u00e9s tan\u00e1rokat akar \u201e\u00e9rz\u00e9keny\u00edteni\u201d a Labrisz<\/td>\n                    <td style=\"\">h\u00edr, besz\u00e1mol\u00f3, r\u00f6vid cikk<\/td>\n                    <td style=\"\"><a href='https:\/\/magyarnemzet.hu\/belfold\/2023\/01\/szuloket-es-tanarokat-akar-erzekenyiteni-a-labrisz' rel=' nofollow ' target='_blank'>https:\/\/magyarnemzet.hu\/belfold\/2023\/01\/szuloket-es-tanarokat-akar-erzekenyiteni-a-labrisz<\/a><\/td>\n                    <td style=\"\">negat\u00edv<\/td>\n                    <td style=\"\"><\/td>\n                    <td style=\"\"><\/td>\n                    <td style=\"\"><\/td>\n                    <td style=\"\"><\/td>\n            <\/tr>\n            <tr id=\"table_2_row_937\">\n                    <td style=\"\">2023.01.03<\/td>\n                    <td style=\"\"><a href='https:\/\/mandiner.hu\/' rel=' nofollow ' target='_blank'>https:\/\/mandiner.hu\/<\/a><\/td>\n                    <td style=\"\"><\/td>\n                    <td style=\"\">A Nagyk\u00f6r\u00faton t\u00falra, vid\u00e9kre terjeszkedn\u00e9nek a magyarorsz\u00e1gi LMBTQI-lobbi nagy\u00e1gy\u00fai<\/td>\n                    <td style=\"\">h\u00edr, besz\u00e1mol\u00f3, r\u00f6vid cikk<\/td>\n                    <td style=\"\"><a href='https:\/\/mandiner.hu\/cikk\/20230103_lmbtqi_erzekenyites_iskola_labrisz_leszbikus_egyesulet_amnesty_international_magyarorszag_hatter_tarsasag' rel=' nofollow ' target='_blank'>https:\/\/mandiner.hu\/cikk\/20230103_lmbtqi_erzekenyites_iskola_labrisz_leszbikus_egyesulet_amnesty_international_magyarorszag_hatter_tarsasag<\/a><\/td>\n                    <td style=\"\">negat\u00edv<\/td>\n                    <td style=\"\"><\/td>\n                    <td style=\"\"><\/td>\n                    <td style=\"\"><\/td>\n                    <td style=\"\"><\/td>\n            <\/tr>\n            <tr id=\"table_2_row_938\">\n                    <td style=\"\">2023.01.04<\/td>\n                    <td style=\"\"><a href='https:\/\/kurier.at\/' rel=' nofollow ' target='_blank'>https:\/\/kurier.at\/<\/a><\/td>\n                    <td style=\"\">Nina Oberbucher<\/td>\n                    <td style=\"\">In Ungarn bek\u00e4mpfte queere M\u00e4rchen kommen in Wien auf die B\u00fchne<\/td>\n                    <td style=\"\">hir r\u00f6vid cikk<\/td>\n                    <td style=\"\"><a href='https:\/\/kurier.at\/kultur\/in-ungarn-bekaempfte-queere-maerchen-kommen-in-wien-auf-die-buehne\/402386837' rel=' nofollow ' target='_blank'>https:\/\/kurier.at\/kultur\/in-ungarn-bekaempfte-queere-maerchen-kommen-in-wien-auf-die-buehne\/402386837<\/a><\/td>\n                    <td style=\"\">pozit\u00edv<\/td>\n                    <td style=\"\"><\/td>\n                    <td style=\"\">igen<\/td>\n                    <td style=\"\">n\u00e9met<\/td>\n                    <td style=\"\">A b\u00e9csi bemutat\u00f3r\u00f3l<\/td>\n            <\/tr>\n            <tr id=\"table_2_row_939\">\n                    <td style=\"\">2023.01.06<\/td>\n                    <td style=\"\"><a href='https:\/\/www.thebookseller.com\/' rel=' nofollow ' target='_blank'>https:\/\/www.thebookseller.com\/<\/a><\/td>\n                    <td style=\"\">Dorottya R\u00e9dai<\/td>\n                    <td style=\"\">A children\u2019s story anthology has helped shift attitudes to LGBTQ+ people in Hungary. Here\u2019s how<\/td>\n                    <td style=\"\">hir r\u00f6vid cikk<\/td>\n                    <td style=\"\"><a href='https:\/\/www.thebookseller.com\/comment\/the-queer-book-that-could' rel=' nofollow ' target='_blank'>https:\/\/www.thebookseller.com\/comment\/the-queer-book-that-could<\/a><\/td>\n                    <td style=\"\">pozit\u00edv<\/td>\n                    <td style=\"\"><\/td>\n                    <td style=\"\">igen<\/td>\n                    <td style=\"\">angol<\/td>\n                    <td style=\"\">a cikk k\u00f6rbej\u00e1rja mi t\u00f6rt\u00e9nt a mesek\u00f6nyvel<\/td>\n            <\/tr>\n            <tr id=\"table_2_row_940\">\n                    <td style=\"\">2023.01.10<\/td>\n                    <td style=\"\"><a href='https:\/\/m.hvg.hu\/' rel=' nofollow ' target='_blank'>https:\/\/m.hvg.hu\/<\/a><\/td>\n                    <td style=\"\"><\/td>\n                    <td style=\"\">LMBT-propagand\u00e1t ki\u00e1ltott R\u00e9tv\u00e1ri, t\u00e1mogat\u00f3i fenyegetnek, usz\u00edtanak, \u00e9s a pedag\u00f3gus-szakszervezetet is betiltan\u00e1k<\/td>\n                    <td style=\"\">h\u00edr, besz\u00e1mol\u00f3, r\u00f6vid cikk<\/td>\n                    <td style=\"\"><a href='https:\/\/m.hvg.hu\/itthon\/20230110_LMBTQpropagandat_kialtott_az_allamtitkar_tamogatoi_fenyegetnek_es_uszitanak' rel=' nofollow ' target='_blank'>https:\/\/m.hvg.hu\/itthon\/20230110_LMBTQpropagandat_kialtott_az_allamtitkar_tamogatoi_fenyegetnek_es_uszitanak<\/a><\/td>\n                    <td style=\"\">semleges<\/td>\n                    <td style=\"\"><\/td>\n                    <td style=\"\"><\/td>\n                    <td style=\"\"><\/td>\n                    <td style=\"\"><\/td>\n            <\/tr>\n            <tr id=\"table_2_row_941\">\n                    <td style=\"\">2023.01.20<\/td>\n                    <td style=\"\"><a href='https:\/\/m.hvg.hu\/' rel=' nofollow ' target='_blank'>https:\/\/m.hvg.hu\/<\/a><\/td>\n                    <td style=\"\"><\/td>\n                    <td style=\"\">Orosz \"Meseorsz\u00e1g\": m\u00e1ris les\u00fajtott egy k\u00f6nyvkiad\u00f3ra Putyin \u00faj LMBTQ-ellenes t\u00f6rv\u00e9nye<\/td>\n                    <td style=\"\">h\u00edr, besz\u00e1mol\u00f3, r\u00f6vid cikk<\/td>\n                    <td style=\"\"><a href='https:\/\/m.hvg.hu\/360\/20230120_Oroszorszag_homofobtorveny_cenzura_konyv_kiado_eljaras_LMBT' rel=' nofollow ' target='_blank'>https:\/\/m.hvg.hu\/360\/20230120_Oroszorszag_homofobtorveny_cenzura_konyv_kiado_eljaras_LMBT<\/a><\/td>\n                    <td style=\"\">semleges<\/td>\n                    <td style=\"\"><\/td>\n                    <td style=\"\"><\/td>\n                    <td style=\"\"><\/td>\n                    <td style=\"\"><\/td>\n            <\/tr>\n            <tr id=\"table_2_row_942\">\n                    <td style=\"\">2023.02.06<\/td>\n                    <td style=\"\"><a href='https:\/\/fidelio.hu\/' rel=' nofollow ' target='_blank'>https:\/\/fidelio.hu\/<\/a><\/td>\n                    <td style=\"\"><\/td>\n                    <td style=\"\">B\u00e9csig kell annak menni, aki sz\u00ednpadon akarja l\u00e1tni a Meseorsz\u00e1g mindenki\u00e9 c\u00edm\u0171 mesek\u00f6nyvet<\/td>\n                    <td style=\"\">h\u00edr, besz\u00e1mol\u00f3, r\u00f6vid cikk<\/td>\n                    <td style=\"\"><a href='https:\/\/fidelio.hu\/szinhaz\/becsig-kell-annak-menni-aki-szinpadon-akarja-latni-a-meseorszag-mindenkie-cimu-mesekonyvet-177274.html' rel=' nofollow ' target='_blank'>https:\/\/fidelio.hu\/szinhaz\/becsig-kell-annak-menni-aki-szinpadon-akarja-latni-a-meseorszag-mindenkie-cimu-mesekonyvet-177274.html<\/a><\/td>\n                    <td style=\"\">pozit\u00edv<\/td>\n                    <td style=\"\"><\/td>\n                    <td style=\"\"><\/td>\n                    <td style=\"\"><\/td>\n                    <td style=\"\"><\/td>\n            <\/tr>\n            <tr id=\"table_2_row_943\">\n                    <td style=\"\">2023.03.01<\/td>\n                    <td style=\"\"><a href='https:\/\/www.youtube.com\/' rel=' nofollow ' target='_blank'>https:\/\/www.youtube.com\/<\/a><\/td>\n                    <td style=\"\">vil\u00e1gj\u00e1r\u00f3k klubja B\u00e9cs<\/td>\n                    <td style=\"\">B\u00e1bel\u0151ad\u00e1s bemutat\u00f3 B\u00e9csben a Meseorsz\u00e1g mindenki\u00e9 mesek\u00f6nyvb\u0151l: 2023.03.18. (mont\u00e1zs video)<\/td>\n                    <td style=\"\">vide\u00f3<\/td>\n                    <td style=\"\"><a href='https:\/\/www.youtube.com\/watch?v=Qn2Udh9hYwQ' rel=' nofollow ' target='_blank'>https:\/\/www.youtube.com\/watch?v=Qn2Udh9hYwQ<\/a><\/td>\n                    <td style=\"\">pozit\u00edv<\/td>\n                    <td style=\"\">youtube<\/td>\n                    <td style=\"\">igen<\/td>\n                    <td style=\"\"><\/td>\n                    <td style=\"\"><\/td>\n            <\/tr>\n            <tr id=\"table_2_row_944\">\n                    <td style=\"\">2023.03.02<\/td>\n                    <td style=\"\"><a href='https:\/\/www.youtube.com\/' rel=' nofollow ' target='_blank'>https:\/\/www.youtube.com\/<\/a><\/td>\n                    <td style=\"\">vil\u00e1gj\u00e1r\u00f3k klubja B\u00e9cs<\/td>\n                    <td style=\"\">Podcast Pille Tam\u00e1ssal \u00e9s Pohl Bal\u00e1zzsal a Meseorsz\u00e1g mindenki\u00e9 b\u00e1bel\u0151ad\u00e1s \u0151sbemutat\u00f3ja kapcs\u00e1n<\/td>\n                    <td style=\"\">vide\u00f3 interj\u00fa<\/td>\n                    <td style=\"\"><a href='https:\/\/www.youtube.com\/watch?v=Oj-GMBQk1eY' rel=' nofollow ' target='_blank'>https:\/\/www.youtube.com\/watch?v=Oj-GMBQk1eY<\/a><\/td>\n                    <td style=\"\">pozit\u00edv<\/td>\n                    <td style=\"\">youtube<\/td>\n                    <td style=\"\">igen<\/td>\n                    <td style=\"\"><\/td>\n                    <td style=\"\">Pille Tam\u00e1s \u00e9s Pohl Bal\u00e1zs besz\u00e9lget<\/td>\n            <\/tr>\n            <tr id=\"table_2_row_945\">\n                    <td style=\"\">2023.03.02<\/td>\n                    <td style=\"\"><a href='https:\/\/www.vanityfair.it\/' rel=' nofollow ' target='_blank'>https:\/\/www.vanityfair.it\/<\/a><\/td>\n                    <td style=\"\">Di Nina Verdelli<\/td>\n                    <td style=\"\">Il libro di fiabe che spaventa Orb\u00e0n \u00e8 arrivato anche in ItaliaIn Ungheria<\/td>\n                    <td style=\"\">hir r\u00f6vid cikk<\/td>\n                    <td style=\"\"><a href='https:\/\/www.vanityfair.it\/article\/libro-di-fiabe-ungheresi-diversita-orban-omofobia-lgbtq' rel=' nofollow ' target='_blank'>https:\/\/www.vanityfair.it\/article\/libro-di-fiabe-ungheresi-diversita-orban-omofobia-lgbtq<\/a><\/td>\n                    <td style=\"\">pozit\u00edv<\/td>\n                    <td style=\"\"><\/td>\n                    <td style=\"\">igen<\/td>\n                    <td style=\"\">olasz<\/td>\n                    <td style=\"\">Az olasz kiad\u00e1s kapcs\u00e1n k\u00f6rk\u00e9p a k\u00f6nyr\u0151l<\/td>\n            <\/tr>\n            <tr id=\"table_2_row_946\">\n                    <td style=\"\">2023.03.03<\/td>\n                    <td style=\"\"><a href='https:\/\/magyarnemzet.hu\/' rel=' nofollow ' target='_blank'>https:\/\/magyarnemzet.hu\/<\/a><\/td>\n                    <td style=\"\"><\/td>\n                    <td style=\"\">Feloszlatja a Pet\u0151fi Kultur\u00e1lis \u00dcgyn\u00f6ks\u00e9g egyik kurat\u00f3rium\u00e1t Demeter Szil\u00e1rd<\/td>\n                    <td style=\"\">h\u00edr, besz\u00e1mol\u00f3, r\u00f6vid cikk<\/td>\n                    <td style=\"\"><a href='https:\/\/magyarnemzet.hu\/belfold\/2023\/03\/feloszlatja-a-petofi-kulturalis-ugynokseg-egyik-kuratoriumat-demeter-szilard' rel=' nofollow ' target='_blank'>https:\/\/magyarnemzet.hu\/belfold\/2023\/03\/feloszlatja-a-petofi-kulturalis-ugynokseg-egyik-kuratoriumat-demeter-szilard<\/a><\/td>\n                    <td style=\"\">semleges<\/td>\n                    <td style=\"\"><\/td>\n                    <td style=\"\"><\/td>\n                    <td style=\"\"><\/td>\n                    <td style=\"\"><\/td>\n            <\/tr>\n            <tr id=\"table_2_row_947\">\n                    <td style=\"\">2023.03.13<\/td>\n                    <td style=\"\"><a href='https:\/\/444.hu\/' rel=' nofollow ' target='_blank'>https:\/\/444.hu\/<\/a><\/td>\n                    <td style=\"\">Dienes G\u00e1briel<\/td>\n                    <td style=\"\">Demeter Szil\u00e1rd k\u00f6nyves standr\u00f3l \u00e9rtes\u00fclt, hogy \u00fcgyn\u00f6ks\u00e9ge p\u00e9nzt adott a Meseorsz\u00e1g Mindenki\u00e9 ford\u00edt\u00e1s\u00e1ra<\/td>\n                    <td style=\"\">h\u00edr, besz\u00e1mol\u00f3, r\u00f6vid cikk<\/td>\n                    <td style=\"\"><a href='https:\/\/444.hu\/2023\/03\/13\/demeter-szilard-konyves-standrol-ertesult-hogy-ugynoksege-penzt-adott-a-meseorszag-mindenkie-forditasara' rel=' nofollow ' target='_blank'>https:\/\/444.hu\/2023\/03\/13\/demeter-szilard-konyves-standrol-ertesult-hogy-ugynoksege-penzt-adott-a-meseorszag-mindenkie-forditasara<\/a><\/td>\n                    <td style=\"\">semleges<\/td>\n                    <td style=\"\"><\/td>\n                    <td style=\"\"><\/td>\n                    <td style=\"\"><\/td>\n                    <td style=\"\">Demeter agymen\u00e9se<\/td>\n            <\/tr>\n            <tr id=\"table_2_row_948\">\n                    <td style=\"\">2023.03.13<\/td>\n                    <td style=\"\"><a href='https:\/\/hvg.hu\/' rel=' nofollow ' target='_blank'>https:\/\/hvg.hu\/<\/a><\/td>\n                    <td style=\"\"><\/td>\n                    <td style=\"\">Demeter Szil\u00e1rd \u201ea maga r\u00e9sz\u00e9r\u0151l\u201d nem szeretne cenz\u00far\u00e1t, de feloszlat egy kurat\u00f3riumot a Meseorsz\u00e1g mindenki\u00e9 t\u00e1mogat\u00e1sa miatt<\/td>\n                    <td style=\"\">h\u00edr, besz\u00e1mol\u00f3, r\u00f6vid cikk<\/td>\n                    <td style=\"\"><a href='https:\/\/hvg.hu\/elet\/20230313_Demeter_Szilard_a_maga_reszerol_nem_szeretne_cenzurat_de_feloszlat_egy_kuratoriumot_a_Meseorszag_mindenkie_tamogatasa_miatt' rel=' nofollow ' target='_blank'>https:\/\/hvg.hu\/elet\/20230313_Demeter_Szilard_a_maga_reszerol_nem_szeretne_cenzurat_de_feloszlat_egy_kuratoriumot_a_Meseorszag_mindenkie_tamogatasa_miatt<\/a><\/td>\n                    <td style=\"\">semleges<\/td>\n                    <td style=\"\"><\/td>\n                    <td style=\"\"><\/td>\n                    <td style=\"\"><\/td>\n                    <td style=\"\">Demeter ellenint\u00e9zked\u00e9seir\u0151l sz\u00f3l\u00f3 h\u00edr<\/td>\n            <\/tr>\n            <tr id=\"table_2_row_949\">\n                    <td style=\"\">2023.03.13<\/td>\n                    <td style=\"\"><a href='https:\/\/mandiner.hu\/' rel=' nofollow ' target='_blank'>https:\/\/mandiner.hu\/<\/a><\/td>\n                    <td style=\"\">F\u00f6ldh\u00e1zi \u00c1rp\u00e1d<\/td>\n                    <td style=\"\">Feloszlatja a Pet\u0151fi Kultur\u00e1lis \u00dcgyn\u00f6ks\u00e9g ford\u00edt\u00e1st\u00e1mogat\u00e1si kurat\u00f3rium\u00e1t Demeter Szil\u00e1rd<\/td>\n                    <td style=\"\">recenzi\u00f3<\/td>\n                    <td style=\"\"><a href='https:\/\/mandiner.hu\/cikk\/20230313_belfold_kultura_velemeny_konyv_demeter_szilard_vendegszerzo' rel=' nofollow ' target='_blank'>https:\/\/mandiner.hu\/cikk\/20230313_belfold_kultura_velemeny_konyv_demeter_szilard_vendegszerzo<\/a><\/td>\n                    <td style=\"\">negat\u00edv<\/td>\n                    <td style=\"\"><\/td>\n                    <td style=\"\"><\/td>\n                    <td style=\"\"><\/td>\n                    <td style=\"\"><\/td>\n            <\/tr>\n            <tr id=\"table_2_row_950\">\n                    <td style=\"\">2023.03.13<\/td>\n                    <td style=\"\"><a href='https:\/\/nepszava.hu\/' rel=' nofollow ' target='_blank'>https:\/\/nepszava.hu\/<\/a><\/td>\n                    <td style=\"\">\u00c1.B.<\/td>\n                    <td style=\"\">Demeter Szil\u00e1rd feloszlatja a Pet\u0151fi Kultur\u00e1lis \u00dcgyn\u00f6ks\u00e9g egyik kurat\u00f3rium\u00e1t, miut\u00e1n t\u00e1mogatt\u00e1k a Meseorsz\u00e1g mindenki\u00e9 ford\u00edt\u00e1s\u00e1t<\/td>\n                    <td style=\"\">h\u00edr, besz\u00e1mol\u00f3, r\u00f6vid cikk<\/td>\n                    <td style=\"\"><a href='https:\/\/nepszava.hu\/3187777_demeter-szilard-meseorszag-mindenkie-petofi-kulturalis-ugynokseg' rel=' nofollow ' target='_blank'>https:\/\/nepszava.hu\/3187777_demeter-szilard-meseorszag-mindenkie-petofi-kulturalis-ugynokseg<\/a><\/td>\n                    <td style=\"\">semleges<\/td>\n                    <td style=\"\"><\/td>\n                    <td style=\"\"><\/td>\n                    <td style=\"\"><\/td>\n                    <td style=\"\"><\/td>\n            <\/tr>\n            <tr id=\"table_2_row_951\">\n                    <td style=\"\">2023.03.18<\/td>\n                    <td style=\"\"><a href='https:\/\/csinaljunkmeset.hu\/' rel=' nofollow ' target='_blank'>https:\/\/csinaljunkmeset.hu\/<\/a><\/td>\n                    <td style=\"\"><\/td>\n                    <td style=\"\">A SVUNG \u2013 B\u00e9csi Magyar Sz\u00ednh\u00e1z bemutatja a Meseorsz\u00e1g mindenki\u00e9 c. k\u00f6nyv alapj\u00e1n k\u00e9sz\u00fclt b\u00e1bel\u0151ad\u00e1s\u00e1t.<\/td>\n                    <td style=\"\">esem\u00e9ny<\/td>\n                    <td style=\"\"><a href='https:\/\/csinaljunkmeset.hu\/' rel=' nofollow ' target='_blank'>https:\/\/csinaljunkmeset.hu\/<\/a><\/td>\n                    <td style=\"\">semleges<\/td>\n                    <td style=\"\"><\/td>\n                    <td style=\"\"><\/td>\n                    <td style=\"\"><\/td>\n                    <td style=\"\">az esem\u00e9ny megh\u00edrdet\u00e9se<\/td>\n            <\/tr>\n            <tr id=\"table_2_row_952\">\n                    <td style=\"\">2023.03.19<\/td>\n                    <td style=\"\"><a href='https:\/\/hvg.hu\/' rel=' nofollow ' target='_blank'>https:\/\/hvg.hu\/<\/a><\/td>\n                    <td style=\"\"><\/td>\n                    <td style=\"\">Bemutatt\u00e1k a D\u00far\u00f3 D\u00f3ra \u00e1ltal ledar\u00e1lt mesek\u00f6nyvb\u0151l k\u00e9sz\u00fclt darabot magyarul - B\u00e9csben<\/td>\n                    <td style=\"\">h\u00edr, besz\u00e1mol\u00f3, r\u00f6vid cikk<\/td>\n                    <td style=\"\"><a href='https:\/\/hvg.hu\/elet\/20230319_Bemutattak_a_Meseorszag_mindenkie_cimu_darabot_magyarul__Becsben' rel=' nofollow ' target='_blank'>https:\/\/hvg.hu\/elet\/20230319_Bemutattak_a_Meseorszag_mindenkie_cimu_darabot_magyarul__Becsben<\/a><\/td>\n                    <td style=\"\">semleges<\/td>\n                    <td style=\"\"><\/td>\n                    <td style=\"\"><\/td>\n                    <td style=\"\"><\/td>\n                    <td style=\"\">cikk a b\u00e9csi bemutat\u00f3r\u00f3l<\/td>\n            <\/tr>\n            <tr id=\"table_2_row_953\">\n                    <td style=\"\">2023.03.19<\/td>\n                    <td style=\"\"><a href='https:\/\/telex.hu\/' rel=' nofollow ' target='_blank'>https:\/\/telex.hu\/<\/a><\/td>\n                    <td style=\"\">Vincze Barbara<\/td>\n                    <td style=\"\">Meseorsz\u00e1g egyel\u0151re csak B\u00e9csben mindenki\u00e9<\/td>\n                    <td style=\"\">h\u00edr, besz\u00e1mol\u00f3, r\u00f6vid cikk<\/td>\n                    <td style=\"\"><a href='https:\/\/telex.hu\/kult\/2023\/03\/19\/meseorszag-mindenkie-becs-premier-svung' rel=' nofollow ' target='_blank'>https:\/\/telex.hu\/kult\/2023\/03\/19\/meseorszag-mindenkie-becs-premier-svung<\/a><\/td>\n                    <td style=\"\">pozit\u00edv<\/td>\n                    <td style=\"\"><\/td>\n                    <td style=\"\"><\/td>\n                    <td style=\"\"><\/td>\n                    <td style=\"\">cikk a b\u00e9csi bemutat\u00f3r\u00f3l<\/td>\n            <\/tr>\n            <tr id=\"table_2_row_954\">\n                    <td style=\"\">2023.03.21<\/td>\n                    <td style=\"\"><a href='https:\/\/nalunk.ujszo.com\/' rel=' nofollow ' target='_blank'>https:\/\/nalunk.ujszo.com\/<\/a><\/td>\n                    <td style=\"\"><\/td>\n                    <td style=\"\">Meseorsz\u00e1g mindenki\u00e9 - B\u00e9csben val\u00f3ban<\/td>\n                    <td style=\"\">h\u00edr, besz\u00e1mol\u00f3, r\u00f6vid cikk<\/td>\n                    <td style=\"\"><a href='https:\/\/nalunk.ujszo.com\/kozelet\/kultura\/meseorszag-mindenkie-becsben-valoban' rel=' nofollow ' target='_blank'>https:\/\/nalunk.ujszo.com\/kozelet\/kultura\/meseorszag-mindenkie-becsben-valoban<\/a><\/td>\n                    <td style=\"\">pozit\u00edv<\/td>\n                    <td style=\"\"><\/td>\n                    <td style=\"\"><\/td>\n                    <td style=\"\"><\/td>\n                    <td style=\"\"><\/td>\n            <\/tr>\n            <tr id=\"table_2_row_955\">\n                    <td style=\"\">2023.03.25<\/td>\n                    <td style=\"\"><a href='https:\/\/www.klubradio.hu\/' rel=' nofollow ' target='_blank'>https:\/\/www.klubradio.hu\/<\/a><\/td>\n                    <td style=\"\"><\/td>\n                    <td style=\"\">A m\u0171sorban sz\u00f3 esik a meseorsz\u00e1g b\u00e9csi sikereir\u0151l<\/td>\n                    <td style=\"\">r\u00e1di\u00f3<\/td>\n                    <td style=\"\"><a href='https:\/\/www.klubradio.hu\/archivum\/hetes-studio-2023-marcius-25-szombat-1500-31917' rel=' nofollow ' target='_blank'>https:\/\/www.klubradio.hu\/archivum\/hetes-studio-2023-marcius-25-szombat-1500-31917<\/a><\/td>\n                    <td style=\"\">pozit\u00edv<\/td>\n                    <td style=\"\"><\/td>\n                    <td style=\"\"><\/td>\n                    <td style=\"\"><\/td>\n                    <td style=\"\"><\/td>\n            <\/tr>\n            <tr id=\"table_2_row_956\">\n                    <td style=\"\">2023.05.03<\/td>\n                    <td style=\"\"><a href='https:\/\/magyarnemzet.hu\/' rel=' nofollow ' target='_blank'>https:\/\/magyarnemzet.hu\/<\/a><\/td>\n                    <td style=\"\"><\/td>\n                    <td style=\"\">M\u00e1r az iskol\u00e1kban is felbukkanhat a Meseorsz\u00e1g<\/td>\n                    <td style=\"\">h\u00edr, besz\u00e1mol\u00f3, r\u00f6vid cikk<\/td>\n                    <td style=\"\"><a href='https:\/\/magyarnemzet.hu\/belfold\/2023\/05\/mar-az-iskolakban-is-felbukkanhat-a-meseorszag' rel=' nofollow ' target='_blank'>https:\/\/magyarnemzet.hu\/belfold\/2023\/05\/mar-az-iskolakban-is-felbukkanhat-a-meseorszag<\/a><\/td>\n                    <td style=\"\">negat\u00edv<\/td>\n                    <td style=\"\"><\/td>\n                    <td style=\"\"><\/td>\n                    <td style=\"\"><\/td>\n                    <td style=\"\"><\/td>\n            <\/tr>\n            <tr id=\"table_2_row_957\">\n                    <td style=\"\">2023.05.16<\/td>\n                    <td style=\"\"><a href='https:\/\/www.youtube.com\/' rel=' nofollow ' target='_blank'>https:\/\/www.youtube.com\/<\/a><\/td>\n                    <td style=\"\">Oxfam Italia<\/td>\n                    <td style=\"\">Oxfam Festiv\u00e1l<\/td>\n                    <td style=\"\">vide\u00f3<\/td>\n                    <td style=\"\"><a href='https:\/\/www.youtube.com\/watch?v=EFnJCtyCaC0' rel=' nofollow ' target='_blank'>https:\/\/www.youtube.com\/watch?v=EFnJCtyCaC0<\/a><\/td>\n                    <td style=\"\">semleges<\/td>\n                    <td style=\"\"><\/td>\n                    <td style=\"\"><\/td>\n                    <td style=\"\"><\/td>\n                    <td style=\"\">Oxfam Festiv\u00e1l felolvas\u00e1s<\/td>\n            <\/tr>\n            <tr id=\"table_2_row_958\">\n                    <td style=\"\">2023.06.11<\/td>\n                    <td style=\"\"><a href='https:\/\/www.instagram.com\/' rel=' nofollow ' target='_blank'>https:\/\/www.instagram.com\/<\/a><\/td>\n                    <td style=\"\">the periodoff \u00e9s Mariella Martucci<\/td>\n                    <td style=\"\">Il libro per bambini accusato di propaganda omosessuale diventa un successo editoriale<\/td>\n                    <td style=\"\">instagram poszt<\/td>\n                    <td style=\"\"><a href='https:\/\/www.instagram.com\/p\/CtV4HpkMnv0\/' rel=' nofollow ' target='_blank'>https:\/\/www.instagram.com\/p\/CtV4HpkMnv0\/<\/a><\/td>\n                    <td style=\"\">pozit\u00edv<\/td>\n                    <td style=\"\">insta<\/td>\n                    <td style=\"\">igen<\/td>\n                    <td style=\"\">olasz<\/td>\n                    <td style=\"\">m\u00e9m k\u00e9p arr\u00f3l, hogy kiad\u00f3i siker lesz a mesek\u00f6nyv<\/td>\n            <\/tr>\n            <tr id=\"table_2_row_959\">\n                    <td style=\"\">2023.07.04<\/td>\n                    <td style=\"\"><a href='https:\/\/labrisz.hu\/' rel=' nofollow ' target='_blank'>https:\/\/labrisz.hu\/<\/a><\/td>\n                    <td style=\"\">Labrisz<\/td>\n                    <td style=\"\">\u00d3ri\u00e1s\u00f6l\u0151 Margaret \u2013 T\u00e1rsadalmi szerepek \u00e9s a szavak hat\u00e1sa<\/td>\n                    <td style=\"\">esem\u00e9ny<\/td>\n                    <td style=\"\"><a href='https:\/\/labrisz.hu\/programok\/oriasolo_margaret__tarsadalmi_szerepek_es_a_szavak_hatasa.917.html?pageid=62' rel=' nofollow ' target='_blank'>https:\/\/labrisz.hu\/programok\/oriasolo_margaret__tarsadalmi_szerepek_es_a_szavak_hatasa.917.html?pageid=62<\/a><\/td>\n                    <td style=\"\">semleges<\/td>\n                    <td style=\"\"><\/td>\n                    <td style=\"\"><\/td>\n                    <td style=\"\"><\/td>\n                    <td style=\"\">h\u00edr a labrisz oldal\u00e1n az esem\u00e9nyr\u0151l<\/td>\n            <\/tr>\n            <tr id=\"table_2_row_960\">\n                    <td style=\"\">2023.07.05<\/td>\n                    <td style=\"\"><a href='https:\/\/www.facebook.com\/' rel=' nofollow ' target='_blank'>https:\/\/www.facebook.com\/<\/a><\/td>\n                    <td style=\"\">apapara<\/td>\n                    <td style=\"\">Apapara posztja a libri sikerlista alapj\u00e1n<\/td>\n                    <td style=\"\">fb-poszt<\/td>\n                    <td style=\"\"><a href='https:\/\/www.facebook.com\/photo\/?fbid=595916255860534&amp;set=a.113004957485002' rel=' nofollow ' target='_blank'>https:\/\/www.facebook.com\/photo\/?fbid=595916255860534&amp;set=a.113004957485002<\/a><\/td>\n                    <td style=\"\">pozit\u00edv<\/td>\n                    <td style=\"\">fb<\/td>\n                    <td style=\"\"><\/td>\n                    <td style=\"\"><\/td>\n                    <td style=\"\"><\/td>\n            <\/tr>\n            <tr id=\"table_2_row_961\">\n                    <td style=\"\">2023.07.07<\/td>\n                    <td style=\"\"><a href='https:\/\/labrisz.hu\/' rel=' nofollow ' target='_blank'>https:\/\/labrisz.hu\/<\/a><\/td>\n                    <td style=\"\">Labrisz<\/td>\n                    <td style=\"\">Meseorsz\u00e1g mindenki\u00e9 \u2013 interakt\u00edv m\u0171hely, besz\u00e9lget\u00e9s a Kincs\u0151 \u00e9s Karola c. mes\u00e9r\u0151l<\/td>\n                    <td style=\"\">esem\u00e9ny<\/td>\n                    <td style=\"\"><a href='https:\/\/labrisz.hu\/programok\/meseorszag_mindenkie__interaktiv_muhely_beszelgetes_a_kincso_es_karola_c._meserol.918.html?pageid=62' rel=' nofollow ' target='_blank'>https:\/\/labrisz.hu\/programok\/meseorszag_mindenkie__interaktiv_muhely_beszelgetes_a_kincso_es_karola_c._meserol.918.html?pageid=62<\/a><\/td>\n                    <td style=\"\">semleges<\/td>\n                    <td style=\"\"><\/td>\n                    <td style=\"\"><\/td>\n                    <td style=\"\"><\/td>\n                    <td style=\"\"><\/td>\n            <\/tr>\n            <tr id=\"table_2_row_962\">\n                    <td style=\"\">2023.07.14<\/td>\n                    <td style=\"\"><a href='https:\/\/pestisracok.hu\/' rel=' nofollow ' target='_blank'>https:\/\/pestisracok.hu\/<\/a><\/td>\n                    <td style=\"\">F\u00fcssy Ang\u00e9la<\/td>\n                    <td style=\"\">Als\u00f3s di\u00e1koknak tervezett bemutat\u00f3 \u00f3r\u00e1t tart a Labrisz \u2013 Orsz\u00e1gszerte k\u00e9pzik a tan\u00e1rokat is az LMBTQ-anyagok iskolai terjeszt\u00e9s\u00e9re<\/td>\n                    <td style=\"\">recenzi\u00f3<\/td>\n                    <td style=\"\"><a href='https:\/\/pestisracok.hu\/alsos-diakoknak-tervezett-bemutato-orat-tart-a-labrisz-orszagszerte-kepzik-a-tanarokat-is-az-lmbtq-anyagok-iskolai-terjesztesere\/' rel=' nofollow ' target='_blank'>https:\/\/pestisracok.hu\/alsos-diakoknak-tervezett-bemutato-orat-tart-a-labrisz-orszagszerte-kepzik-a-tanarokat-is-az-lmbtq-anyagok-iskolai-terjesztesere\/<\/a><\/td>\n                    <td style=\"\">negat\u00edv<\/td>\n                    <td style=\"\"><\/td>\n                    <td style=\"\"><\/td>\n                    <td style=\"\"><\/td>\n                    <td style=\"\"><\/td>\n            <\/tr>\n            <tr id=\"table_2_row_963\">\n                    <td style=\"\">2023.07.14<\/td>\n                    <td style=\"\"><a href='https:\/\/labrisz.hu\/' rel=' nofollow ' target='_blank'>https:\/\/labrisz.hu\/<\/a><\/td>\n                    <td style=\"\">Labrisz<\/td>\n                    <td style=\"\">Meseorsz\u00e1g mindenki\u00e9 \u2013 \u00e9rz\u00e9keny\u00edt\u0151 foglalkoz\u00e1s a mese erej\u00e9vel<\/td>\n                    <td style=\"\">esem\u00e9ny<\/td>\n                    <td style=\"\"><a href='https:\/\/labrisz.hu\/programok\/meseorszag_mindenkie__erzekenyito_foglalkozas_a_mese_erejevel.919.html?pageid=62' rel=' nofollow ' target='_blank'>https:\/\/labrisz.hu\/programok\/meseorszag_mindenkie__erzekenyito_foglalkozas_a_mese_erejevel.919.html?pageid=62<\/a><\/td>\n                    <td style=\"\">semleges<\/td>\n                    <td style=\"\"><\/td>\n                    <td style=\"\"><\/td>\n                    <td style=\"\"><\/td>\n                    <td style=\"\"><\/td>\n            <\/tr>\n            <tr id=\"table_2_row_964\">\n                    <td style=\"\">2023.07.15<\/td>\n                    <td style=\"\"><a href='https:\/\/telex.hu\/' rel=' nofollow ' target='_blank'>https:\/\/telex.hu\/<\/a><\/td>\n                    <td style=\"\">Lengyel Szab\u00f3 P\u00e9ter<\/td>\n                    <td style=\"\">Csak egy mesek\u00f6nyvr\u0151l akartak besz\u00e9lgetni, de napokig gyomorg\u00f6rcs\u00fck volt<\/td>\n                    <td style=\"\">publicisztika<\/td>\n                    <td style=\"\"><a href='https:\/\/telex.hu\/belfold\/2023\/07\/15\/labrisz-leszbikus-egyesulet-meseorszag-mindenkie-foglalkozas' rel=' nofollow ' target='_blank'>https:\/\/telex.hu\/belfold\/2023\/07\/15\/labrisz-leszbikus-egyesulet-meseorszag-mindenkie-foglalkozas<\/a><\/td>\n                    <td style=\"\">pozit\u00edv<\/td>\n                    <td style=\"\"><\/td>\n                    <td style=\"\"><\/td>\n                    <td style=\"\"><\/td>\n                    <td style=\"\"><\/td>\n            <\/tr>\n            <tr id=\"table_2_row_965\">\n                    <td style=\"\">2023.08.17<\/td>\n                    <td style=\"\"><a href='https:\/\/www.klubradio.hu\/' rel=' nofollow ' target='_blank'>https:\/\/www.klubradio.hu\/<\/a><\/td>\n                    <td style=\"\">Iv\u00e1nkai M\u00e1rk<\/td>\n                    <td style=\"\">M\u00e9giscsak megjelentek f\u00f3lia n\u00e9lk\u00fcl a korm\u00e1ny \u00e1ltal ki\u00e1tkozott Meseorsz\u00e1g szerepl\u0151i Budapesten<\/td>\n                    <td style=\"\">h\u00edr, besz\u00e1mol\u00f3, r\u00f6vid cikk<\/td>\n                    <td style=\"\"><a href='https:\/\/www.klubradio.hu\/adasok\/megiscsak-megjelentek-folia-nelkul-a-kormany-altal-kiatkozott-meseorszag-szereploi-budapesten-137783' rel=' nofollow ' target='_blank'>https:\/\/www.klubradio.hu\/adasok\/megiscsak-megjelentek-folia-nelkul-a-kormany-altal-kiatkozott-meseorszag-szereploi-budapesten-137783<\/a><\/td>\n                    <td style=\"\">semleges<\/td>\n                    <td style=\"\"><\/td>\n                    <td style=\"\"><\/td>\n                    <td style=\"\"><\/td>\n                    <td style=\"\"><\/td>\n            <\/tr>\n            <tr id=\"table_2_row_966\">\n                    <td style=\"\">2023.08.20<\/td>\n                    <td style=\"\"><a href='https:\/\/www.youtube.com\/' rel=' nofollow ' target='_blank'>https:\/\/www.youtube.com\/<\/a><\/td>\n                    <td style=\"\">Klubr\u00e1di\u00f3<\/td>\n                    <td style=\"\">Let\u00e9pt\u00e9k f\u00f3li\u00e1jukat a Meseorsz\u00e1g szereol\u0151i<\/td>\n                    <td style=\"\">vide\u00f3<\/td>\n                    <td style=\"\"><a href='https:\/\/www.youtube.com\/watch?v=6SifWjl4cqA' rel=' nofollow ' target='_blank'>https:\/\/www.youtube.com\/watch?v=6SifWjl4cqA<\/a><\/td>\n                    <td style=\"\">pozit\u00edv<\/td>\n                    <td style=\"\"><\/td>\n                    <td style=\"\"><\/td>\n                    <td style=\"\"><\/td>\n                    <td style=\"\">Klubr\u00e1di\u00f3 vide\u00f3 ad\u00e1s a VDSZ sz\u00e9kh\u00e1z ki\u00e1ll\u00edt\u00e1s\u00e1r\u00f3l<\/td>\n            <\/tr>\n            <tr id=\"table_2_row_967\">\n                    <td style=\"\">2023.09.05<\/td>\n                    <td style=\"\"><a href='https:\/\/telex.hu\/' rel=' nofollow ' target='_blank'>https:\/\/telex.hu\/<\/a><\/td>\n                    <td style=\"\">Sz\u0171cs D\u00e1niel<\/td>\n                    <td style=\"\">A kir\u00fagott szegedi t\u00e9v\u00e9s \u00fcgy\u00e9ben keveredik a Mi Haz\u00e1nk, az egyetem \u00e9s m\u00e9g a Meseorsz\u00e1g mindenki\u00e9 is<\/td>\n                    <td style=\"\">publicisztika<\/td>\n                    <td style=\"\"><a href='https:\/\/telex.hu\/belfold\/2023\/09\/05\/egyetem-tv-tikvicki-dora-elbocsatas-lukacs-adorjan-szucs-edit-meseorszag-mindenkie-szte-szeged' rel=' nofollow ' target='_blank'>https:\/\/telex.hu\/belfold\/2023\/09\/05\/egyetem-tv-tikvicki-dora-elbocsatas-lukacs-adorjan-szucs-edit-meseorszag-mindenkie-szte-szeged<\/a><\/td>\n                    <td style=\"\">pozit\u00edv<\/td>\n                    <td style=\"\"><\/td>\n                    <td style=\"\"><\/td>\n                    <td style=\"\"><\/td>\n                    <td style=\"\"><\/td>\n            <\/tr>\n            <tr id=\"table_2_row_968\">\n                    <td style=\"\">2023.09.07<\/td>\n                    <td style=\"\"><a href='https:\/\/jelen.media\/' rel=' nofollow ' target='_blank'>https:\/\/jelen.media\/<\/a><\/td>\n                    <td style=\"\">Szab\u00f3 T\u00edbor Benjamin<\/td>\n                    <td style=\"\">A hatalom tezauruszai<\/td>\n                    <td style=\"\">recenzi\u00f3<\/td>\n                    <td style=\"\"><a href='https:\/\/jelen.media\/kozelet\/a-hatalom-tezauruszai\/' rel=' nofollow ' target='_blank'>https:\/\/jelen.media\/kozelet\/a-hatalom-tezauruszai\/<\/a><\/td>\n                    <td style=\"\">semleges<\/td>\n                    <td style=\"\"><\/td>\n                    <td style=\"\"><\/td>\n                    <td style=\"\"><\/td>\n                    <td style=\"\"><\/td>\n            <\/tr>\n            <tr id=\"table_2_row_969\">\n                    <td style=\"\">2023.09.08<\/td>\n                    <td style=\"\"><a href='https:\/\/24.hu\/' rel=' nofollow ' target='_blank'>https:\/\/24.hu\/<\/a><\/td>\n                    <td style=\"\">Bodn\u00e1r Judit Lola<\/td>\n                    <td style=\"\">T\u00e9nyleg t\u00f6bb fogy a bef\u00f3li\u00e1zott k\u00f6nyvekb\u0151l?<\/td>\n                    <td style=\"\">h\u00edr, besz\u00e1mol\u00f3, r\u00f6vid cikk<\/td>\n                    <td style=\"\"><a href='https:\/\/24.hu\/kultura\/2023\/09\/08\/heartstopper-meseorszag-mindenkie-konyv-folia-konyvkereskedelem-libertine-lira-animus-bookup-libri-irok-boltja\/' rel=' nofollow ' target='_blank'>https:\/\/24.hu\/kultura\/2023\/09\/08\/heartstopper-meseorszag-mindenkie-konyv-folia-konyvkereskedelem-libertine-lira-animus-bookup-libri-irok-boltja\/<\/a><\/td>\n                    <td style=\"\">pozit\u00edv<\/td>\n                    <td style=\"\"><\/td>\n                    <td style=\"\"><\/td>\n                    <td style=\"\"><\/td>\n                    <td style=\"\"><\/td>\n            <\/tr>\n            <tr id=\"table_2_row_970\">\n                    <td style=\"\">2023.10.05<\/td>\n                    <td style=\"\"><a href='https:\/\/www.illibraio.it\/' rel=' nofollow ' target='_blank'>https:\/\/www.illibraio.it\/<\/a><\/td>\n                    <td style=\"\">Eva Luna Mascolino<\/td>\n                    <td style=\"\">\u201cC\u2019\u00e8 una fiaba anche per te\u201d, la raccolta ungherese (osteggiata in patria) che ripensa i personaggi tradizional<\/td>\n                    <td style=\"\">v\u00e9lem\u00e9ny<\/td>\n                    <td style=\"\"><a href='https:\/\/www.illibraio.it\/news\/narrativa\/c-e-una-fiaba-anche-per-te-1439463\/' rel=' nofollow ' target='_blank'>https:\/\/www.illibraio.it\/news\/narrativa\/c-e-una-fiaba-anche-per-te-1439463\/<\/a><\/td>\n                    <td style=\"\">pozit\u00edv<\/td>\n                    <td style=\"\"><\/td>\n                    <td style=\"\">igen<\/td>\n                    <td style=\"\">olasz<\/td>\n                    <td style=\"\">olaszul a k\u00f6nyvr\u0151l<\/td>\n            <\/tr>\n            <tr id=\"table_2_row_971\">\n                    <td style=\"\">2023.10.08<\/td>\n                    <td style=\"\"><a href='https:\/\/szeged.hu\/' rel=' nofollow ' target='_blank'>https:\/\/szeged.hu\/<\/a><\/td>\n                    <td style=\"\">Holl\u00f3si Zsolt<\/td>\n                    <td style=\"\">Meseorsz\u00e1g t\u00e9nyleg mindenki\u00e9?<\/td>\n                    <td style=\"\">h\u00edr, besz\u00e1mol\u00f3, r\u00f6vid cikk<\/td>\n                    <td style=\"\"><a href='https:\/\/szeged.hu\/cikk\/meseorszag-becsben-tenyleg-mindenkie' rel=' nofollow ' target='_blank'>https:\/\/szeged.hu\/cikk\/meseorszag-becsben-tenyleg-mindenkie<\/a><\/td>\n                    <td style=\"\">semleges<\/td>\n                    <td style=\"\"><\/td>\n                    <td style=\"\"><\/td>\n                    <td style=\"\"><\/td>\n                    <td style=\"\"><\/td>\n            <\/tr>\n            <tr id=\"table_2_row_972\">\n                    <td style=\"\">2023.11.05<\/td>\n                    <td style=\"\"><a href='https:\/\/euobserver.com\/' rel=' nofollow ' target='_blank'>https:\/\/euobserver.com\/<\/a><\/td>\n                    <td style=\"\">Eszter Zalan<\/td>\n                    <td style=\"\">Budapest ruling seen as normalising anti-LGBTI sentiment<\/td>\n                    <td style=\"\">hir r\u00f6vid cikk<\/td>\n                    <td style=\"\"><a href='https:\/\/euobserver.com\/democracy\/154275' rel=' nofollow ' target='_blank'>https:\/\/euobserver.com\/democracy\/154275<\/a><\/td>\n                    <td style=\"\">pozit\u00edv<\/td>\n                    <td style=\"\"><\/td>\n                    <td style=\"\">igen<\/td>\n                    <td style=\"\">angol<\/td>\n                    <td style=\"\">A F\u0151v\u00e1rosi B\u00edr\u00f3s\u00e1g \u00edt\u00e9let\u00e9r\u0151l<\/td>\n            <\/tr>\n            <tr id=\"table_2_row_973\">\n                    <td style=\"\">2023.11.15<\/td>\n                    <td style=\"\"><a href='https:\/\/www.magyarkurir.hu\/' rel=' nofollow ' target='_blank'>https:\/\/www.magyarkurir.hu\/<\/a><\/td>\n                    <td style=\"\">Lip\u00f3t, Rich\u00e1rd<\/td>\n                    <td style=\"\">P\u00e9csi Rita: J\u00f3 \u00e9s rossz a mes\u00e9ben \u2013 avagy megtal\u00e1lni a rendet a z\u0171rzavarban<\/td>\n                    <td style=\"\">v\u00e9lem\u00e9ny<\/td>\n                    <td style=\"\"><a href='https:\/\/www.magyarkurir.hu\/hirek\/pecsi-rita-jo-es-rossz-meseben-avagy-megtalalni-rendet-zurzavarban?fbclid=IwAR2iaA4cb-dc70V8cOR6honBO2Pp7Pl1qbKqqAw3nV5f-s2VmLWlJfaxAjE' rel=' nofollow ' target='_blank'>https:\/\/www.magyarkurir.hu\/hirek\/pecsi-rita-jo-es-rossz-meseben-avagy-megtalalni-rendet-zurzavarban?fbclid=IwAR2iaA4cb-dc70V8cOR6honBO2Pp7Pl1qbKqqAw3nV5f-s2VmLWlJfaxAjE<\/a><\/td>\n                    <td style=\"\">negat\u00edv<\/td>\n                    <td style=\"\"><\/td>\n                    <td style=\"\"><\/td>\n                    <td style=\"\"><\/td>\n                    <td style=\"\">v\u00e9lem\u00e9ny arr\u00f3l, hogy a mes\u00e9k nem gyerekeknek val\u00f3k<\/td>\n            <\/tr>\n            <tr id=\"table_2_row_974\">\n                    <td style=\"\">2023.12.06<\/td>\n                    <td style=\"\"><a href='https:\/\/www.sololibri.net\/' rel=' nofollow ' target='_blank'>https:\/\/www.sololibri.net\/<\/a><\/td>\n                    <td style=\"\">Alice Figini<\/td>\n                    <td style=\"\">\u201cC\u2019\u00e8 una fiaba anche per te\u201d: il libro per bambini censurato in Ungheria<\/td>\n                    <td style=\"\">h\u00edr, besz\u00e1mol\u00f3, r\u00f6vid cikk<\/td>\n                    <td style=\"\"><a href='https:\/\/www.sololibri.net\/C-e-una-fiaba-anche-per-te-libro-per-bambini-censurato-Ungheria.html' rel=' nofollow ' target='_blank'>https:\/\/www.sololibri.net\/C-e-una-fiaba-anche-per-te-libro-per-bambini-censurato-Ungheria.html<\/a><\/td>\n                    <td style=\"\">pozit\u00edv<\/td>\n                    <td style=\"\"><\/td>\n                    <td style=\"\">igen<\/td>\n                    <td style=\"\">olasz<\/td>\n                    <td style=\"\">Az olasz kiad\u00e1s kapcs\u00e1n k\u00f6rk\u00e9p a k\u00f6nyr\u0151l<\/td>\n            <\/tr>\n            <tr id=\"table_2_row_975\">\n                    <td style=\"\">2023.10.01<\/td>\n                    <td style=\"\"><a href='https:\/\/kindredspirit.co.uk' rel=' nofollow ' target='_blank'>https:\/\/kindredspirit.co.uk<\/a><\/td>\n                    <td style=\"\">Boldizs\u00e1r Nagy M.<\/td>\n                    <td style=\"\">Witchcraft and Activism<\/td>\n                    <td style=\"\">publicisztika<\/td>\n                    <td style=\"\"><a href='https:\/\/kindredspirit.co.uk\/product\/autumn-2023-issue-188\/' rel=' nofollow ' target='_blank'>https:\/\/kindredspirit.co.uk\/product\/autumn-2023-issue-188\/<\/a><\/td>\n                    <td style=\"\">pozit\u00edv<\/td>\n                    <td style=\"\"><\/td>\n                    <td style=\"\">igen<\/td>\n                    <td style=\"\">angol<\/td>\n                    <td style=\"\">A Kindred Spirit foly\u00f3irat cikke<\/td>\n            <\/tr>\n            <tr id=\"table_2_row_976\">\n                    <td style=\"\">2023.10.14<\/td>\n                    <td style=\"\"><a href='https:\/\/bazis.me\/' rel=' nofollow ' target='_blank'>https:\/\/bazis.me\/<\/a><\/td>\n                    <td style=\"\">Csehy Zolt\u00e1n, Gerevich Andr\u00e1s, Kiss Tibor No\u00e9, N\u00e9meth Zolt\u00e1n<\/td>\n                    <td style=\"\">A m\u00e1ss\u00e1g m\u0171v\u00e9szete<\/td>\n                    <td style=\"\">vide\u00f3<\/td>\n                    <td style=\"\"><a href='https:\/\/bazis.me\/video\/iii-bazis-fesztival-a-massag-muveszete-kiss-tibor-noe-gerevich-andras-csehy-zoltan-nemeth-zoltan' rel=' nofollow ' target='_blank'>https:\/\/bazis.me\/video\/iii-bazis-fesztival-a-massag-muveszete-kiss-tibor-noe-gerevich-andras-csehy-zoltan-nemeth-zoltan<\/a><\/td>\n                    <td style=\"\">pozit\u00edv<\/td>\n                    <td style=\"\"><\/td>\n                    <td style=\"\">igen<\/td>\n                    <td style=\"\"><\/td>\n                    <td style=\"\">B\u00e1zis Fesztiv\u00e1l, Pozsony, 33:10-36:40 Csehy Zolt\u00e1n a Meseorsz\u00e1gr\u00f3l<\/td>\n            <\/tr>\n            <tr id=\"table_2_row_977\">\n                    <td style=\"\">2023.10.29<\/td>\n                    <td style=\"\"><a href='https:\/\/magyarnarancs.hu' rel=' nofollow ' target='_blank'>https:\/\/magyarnarancs.hu<\/a><\/td>\n                    <td style=\"\">G\u00e1bor \u00c1ron, Tak\u00e1cs M\u00e1ria<\/td>\n                    <td style=\"\">Neh\u00e9z itthon felv\u00e1llalni a m\u00e1ss\u00e1gunkat, neh\u00e9z err\u0151l filmet k\u00e9sz\u00edteni<\/td>\n                    <td style=\"\">interj\u00fa<\/td>\n                    <td style=\"\"><a href='https:\/\/magyarnarancs.hu\/mikrofilm\/takacs-maria-rendezo-nehez-itthon-felvallalni-a-massagunkat-nehez-errol-filmet-kesziteni-262929' rel=' nofollow ' target='_blank'>https:\/\/magyarnarancs.hu\/mikrofilm\/takacs-maria-rendezo-nehez-itthon-felvallalni-a-massagunkat-nehez-errol-filmet-kesziteni-262929<\/a><\/td>\n                    <td style=\"\">pozit\u00edv<\/td>\n                    <td style=\"\"><\/td>\n                    <td style=\"\"><\/td>\n                    <td style=\"\"><\/td>\n                    <td style=\"\">Interj\u00fa Tak\u00e1cs M\u00e1ri\u00e1val A m\u00e1sodik aranykorr\u00f3l<\/td>\n            <\/tr>\n            <tr id=\"table_2_row_978\">\n                    <td style=\"\">2023.11.09<\/td>\n                    <td style=\"\"><a href='https:\/\/meseorszagmindenkie.hu\/' rel=' nofollow ' target='_blank'>https:\/\/meseorszagmindenkie.hu\/<\/a><\/td>\n                    <td style=\"\">Labrisz<\/td>\n                    <td style=\"\">Meseorsz\u00e1g mindenki\u00e9: formabont\u00f3 mes\u00e9k az elfogad\u00e1sr\u00f3l<\/td>\n                    <td style=\"\">honlap<\/td>\n                    <td style=\"\"><a href='https:\/\/meseorszagmindenkie.hu\/' rel=' nofollow ' target='_blank'>https:\/\/meseorszagmindenkie.hu\/<\/a><\/td>\n                    <td style=\"\">pozit\u00edv<\/td>\n                    <td style=\"\"><\/td>\n                    <td style=\"\"><\/td>\n                    <td style=\"\"><\/td>\n                    <td style=\"\">A Meseorsz\u00e1g mindenki\u00e9 honlapja<\/td>\n            <\/tr>\n            <tr id=\"table_2_row_979\">\n                    <td style=\"\">2023.11.12<\/td>\n                    <td style=\"\"><a href='https:\/\/labrisz.hu\/' rel=' nofollow ' target='_blank'>https:\/\/labrisz.hu\/<\/a><\/td>\n                    <td style=\"\">Labrisz<\/td>\n                    <td style=\"\">Elk\u00e9sz\u00fclt a Meseorsz\u00e1g mindenki\u00e9 honlapja<\/td>\n                    <td style=\"\">h\u00edr, besz\u00e1mol\u00f3, r\u00f6vid cikk<\/td>\n                    <td style=\"\"><a href='https:\/\/labrisz.hu\/hirek\/elkeszult_a_meseorszag_mindenkie_honlapja.934.html?pageid=58' rel=' nofollow ' target='_blank'>https:\/\/labrisz.hu\/hirek\/elkeszult_a_meseorszag_mindenkie_honlapja.934.html?pageid=58<\/a><\/td>\n                    <td style=\"\">pozit\u00edv<\/td>\n                    <td style=\"\"><\/td>\n                    <td style=\"\"><\/td>\n                    <td style=\"\"><\/td>\n                    <td style=\"\"><\/td>\n            <\/tr>\n            <tr id=\"table_2_row_980\">\n                    <td style=\"\">2023.11.13<\/td>\n                    <td style=\"\"><a href='https:\/\/24.hu\/' rel=' nofollow ' target='_blank'>https:\/\/24.hu\/<\/a><\/td>\n                    <td style=\"\">Vincze Mikl\u00f3s<\/td>\n                    <td style=\"\">Honlapot kapott a Meseorsz\u00e1g mindenki\u00e9, amin h\u00edress\u00e9gek olvasnak fel a k\u00f6tet mes\u00e9ib\u0151l<\/td>\n                    <td style=\"\">h\u00edr, besz\u00e1mol\u00f3, r\u00f6vid cikk<\/td>\n                    <td style=\"\"><a href='https:\/\/24.hu\/kultura\/2023\/11\/13\/meseorszag-mindenkie-honlap-labrisz-leszbikus-egyesulet-duro-dora-daralas-mese-felolvasas-csuja-imre-kovacs-patricia-udvaros-dorottya' rel=' nofollow ' target='_blank'>https:\/\/24.hu\/kultura\/2023\/11\/13\/meseorszag-mindenkie-honlap-labrisz-leszbikus-egyesulet-duro-dora-daralas-mese-felolvasas-csuja-imre-kovacs-patricia-udvaros-dorottya<\/a><\/td>\n                    <td style=\"\">pozit\u00edv<\/td>\n                    <td style=\"\"><\/td>\n                    <td style=\"\"><\/td>\n                    <td style=\"\"><\/td>\n                    <td style=\"\"><\/td>\n            <\/tr>\n            <tr id=\"table_2_row_981\">\n                    <td style=\"\">2023.11.14<\/td>\n                    <td style=\"\"><a href='https:\/\/humenonline.hu\/' rel=' nofollow ' target='_blank'>https:\/\/humenonline.hu\/<\/a><\/td>\n                    <td style=\"\">Waliduda D\u00e1niel<\/td>\n                    <td style=\"\">Saj\u00e1t honlapot kapott a Meseorsz\u00e1g mindenki\u00e9<\/td>\n                    <td style=\"\">h\u00edr, besz\u00e1mol\u00f3, r\u00f6vid cikk<\/td>\n                    <td style=\"\"><a href='https:\/\/humenonline.hu\/sajat-honlapot-kapott-a-meseorszag-mindenkie' rel=' nofollow ' target='_blank'>https:\/\/humenonline.hu\/sajat-honlapot-kapott-a-meseorszag-mindenkie<\/a><\/td>\n                    <td style=\"\">pozit\u00edv<\/td>\n                    <td style=\"\"><\/td>\n                    <td style=\"\"><\/td>\n                    <td style=\"\"><\/td>\n                    <td style=\"\"><\/td>\n            <\/tr>\n            <tr id=\"table_2_row_982\">\n                    <td style=\"\">2023.12.05<\/td>\n                    <td style=\"\"><a href='https:\/\/labrisz.hu\/' rel=' nofollow ' target='_blank'>https:\/\/labrisz.hu\/<\/a><\/td>\n                    <td style=\"\">Labrisz<\/td>\n                    <td style=\"\">Mes\u00e9kkel az emberi jogi nevel\u00e9s\u00e9rt -- \u00f6nk\u00e9pz\u0151 m\u0171hely<\/td>\n                    <td style=\"\">esem\u00e9ny<\/td>\n                    <td style=\"\"><a href='https:\/\/labrisz.hu\/programok\/mesekkel_az_emberi_jogi_nevelesert_--_onkepzo_muhely.932.html?pageid=62' rel=' nofollow ' target='_blank'>https:\/\/labrisz.hu\/programok\/mesekkel_az_emberi_jogi_nevelesert_--_onkepzo_muhely.932.html?pageid=62<\/a><\/td>\n                    <td style=\"\">pozit\u00edv<\/td>\n                    <td style=\"\"><\/td>\n                    <td style=\"\"><\/td>\n                    <td style=\"\"><\/td>\n                    <td style=\"\"><\/td>\n            <\/tr>\n            <tr id=\"table_2_row_983\">\n                    <td style=\"\"><\/td>\n                    <td style=\"\"><\/td>\n                    <td style=\"\"><\/td>\n                    <td style=\"\"><\/td>\n                    <td style=\"\"><\/td>\n                    <td style=\"\"><\/td>\n                    <td style=\"\"><\/td>\n                    <td style=\"\"><\/td>\n                    <td style=\"\"><\/td>\n                    <td style=\"\"><\/td>\n                    <td style=\"\"><\/td>\n            <\/tr>\n            <tr id=\"table_2_row_984\">\n                    <td style=\"\"><\/td>\n                    <td style=\"\"><a href='https:\/\/moly.hu\/' rel=' nofollow ' target='_blank'>https:\/\/moly.hu\/<\/a><\/td>\n                    <td style=\"\"><\/td>\n                    <td style=\"\">Meseorsz\u00e1g mindenki\u00e9<\/td>\n                    <td style=\"\">recenzi\u00f3<\/td>\n                    <td style=\"\"><a href='https:\/\/moly.hu\/konyvek\/nagy-boldizsar-szerk-meseorszag-mindenkie' rel=' nofollow ' target='_blank'>https:\/\/moly.hu\/konyvek\/nagy-boldizsar-szerk-meseorszag-mindenkie<\/a><\/td>\n                    <td style=\"\">semleges<\/td>\n                    <td style=\"\"><\/td>\n                    <td style=\"\"><\/td>\n                    <td style=\"\"><\/td>\n                    <td style=\"\">Moly.hu reakci\u00f3k<\/td>\n            <\/tr>\n            <tr id=\"table_2_row_985\">\n                    <td style=\"\"><\/td>\n                    <td style=\"\"><a href='https:\/\/www.konyvklub.sk\/' rel=' nofollow ' target='_blank'>https:\/\/www.konyvklub.sk\/<\/a><\/td>\n                    <td style=\"\">Csal\u00e1di K\u00f6nyvklub<\/td>\n                    <td style=\"\">Meseorsz\u00e1g mindenki\u00e9<\/td>\n                    <td style=\"\">nyilatkozat<\/td>\n                    <td style=\"\"><a href='https:\/\/www.konyvklub.sk\/meseorszag-mindenkie' rel=' nofollow ' target='_blank'>https:\/\/www.konyvklub.sk\/meseorszag-mindenkie<\/a><\/td>\n                    <td style=\"\">pozit\u00edv<\/td>\n                    <td style=\"\"><\/td>\n                    <td style=\"\">igen<\/td>\n                    <td style=\"\"><\/td>\n                    <td style=\"\"><\/td>\n            <\/tr>\n            <tr id=\"table_2_row_986\">\n                    <td style=\"\"><\/td>\n                    <td style=\"\"><a href='https:\/\/hu.wikipedia.org\/' rel=' nofollow ' target='_blank'>https:\/\/hu.wikipedia.org\/<\/a><\/td>\n                    <td style=\"\"><\/td>\n                    <td style=\"\">Meseorsz\u00e1g mindenki\u00e9<\/td>\n                    <td style=\"\">egy\u00e9b<\/td>\n                    <td style=\"\"><a href='https:\/\/hu.wikipedia.org\/wiki\/Meseorsz\u00e1g_mindenki\u00e9' rel=' nofollow ' target='_blank'>https:\/\/hu.wikipedia.org\/wiki\/Meseorsz\u00e1g_mindenki\u00e9<\/a><\/td>\n                    <td style=\"\">semleges<\/td>\n                    <td style=\"\"><\/td>\n                    <td style=\"\"><\/td>\n                    <td style=\"\"><\/td>\n                    <td style=\"\"><\/td>\n            <\/tr>\n            <tr id=\"table_2_row_987\">\n                    <td style=\"\"><\/td>\n                    <td style=\"\"><a href='http:\/\/holdkatlan.hu\/' rel=' nofollow ' target='_blank'>http:\/\/holdkatlan.hu\/<\/a><\/td>\n                    <td style=\"\"><\/td>\n                    <td style=\"\">Meseorsz\u00e1g mindenki\u00e9<\/td>\n                    <td style=\"\">h\u00edr, besz\u00e1mol\u00f3, r\u00f6vid cikk<\/td>\n                    <td style=\"\"><a href='http:\/\/holdkatlan.hu\/index.php\/publicisztika\/egyeb\/10052-meseorszag-mindenkie' rel=' nofollow ' target='_blank'>http:\/\/holdkatlan.hu\/index.php\/publicisztika\/egyeb\/10052-meseorszag-mindenkie<\/a><\/td>\n                    <td style=\"\">semleges<\/td>\n                    <td style=\"\"><\/td>\n                    <td style=\"\"><\/td>\n                    <td style=\"\"><\/td>\n                    <td style=\"\"><\/td>\n            <\/tr>\n            <tr id=\"table_2_row_988\">\n                    <td style=\"\"><\/td>\n                    <td style=\"\"><a href='http:\/\/www.anyapara.hu\/' rel=' nofollow ' target='_blank'>http:\/\/www.anyapara.hu\/<\/a><\/td>\n                    <td style=\"\"><\/td>\n                    <td style=\"\">A l\u00e1nyom tov\u00e1bbra is Alexba szerelmes<\/td>\n                    <td style=\"\">celeb-megsz\u00f3lal\u00e1s<\/td>\n                    <td style=\"\"><a href='http:\/\/www.anyapara.hu\/a-lanyom-tovabbra-is-alexba-szerelmes' rel=' nofollow ' target='_blank'>http:\/\/www.anyapara.hu\/a-lanyom-tovabbra-is-alexba-szerelmes<\/a><\/td>\n                    <td style=\"\">pozit\u00edv<\/td>\n                    <td style=\"\"><\/td>\n                    <td style=\"\"><\/td>\n                    <td style=\"\"><\/td>\n                    <td style=\"\"><\/td>\n            <\/tr>\n            <tr id=\"table_2_row_989\">\n                    <td style=\"\"><\/td>\n                    <td style=\"\"><a href='https:\/\/www.gyakorikerdesek.hu\/' rel=' nofollow ' target='_blank'>https:\/\/www.gyakorikerdesek.hu\/<\/a><\/td>\n                    <td style=\"\"><\/td>\n                    <td style=\"\">A Meseorsz\u00e1g mindenki\u00e9 c. mesek\u00f6nyvet olvast\u00e1tok m\u00e1r?<\/td>\n                    <td style=\"\">egy\u00e9b<\/td>\n                    <td style=\"\"><a href='https:\/\/www.gyakorikerdesek.hu\/szorakozas__konyvek__10715467-a-meseorszag-mindenkie-c-mesekonyvet-olvastatok-mar-ha-igen-leirnatok-par-szo' rel=' nofollow ' target='_blank'>https:\/\/www.gyakorikerdesek.hu\/szorakozas__konyvek__10715467-a-meseorszag-mindenkie-c-mesekonyvet-olvastatok-mar-ha-igen-leirnatok-par-szo<\/a><\/td>\n                    <td style=\"\">semleges<\/td>\n                    <td style=\"\"><\/td>\n                    <td style=\"\"><\/td>\n                    <td style=\"\"><\/td>\n                    <td style=\"\">Gyakori k\u00e9rd\u00e9sek<\/td>\n            <\/tr>\n            <tr id=\"table_2_row_990\">\n                    <td style=\"\"><\/td>\n                    <td style=\"\"><a href='http:\/\/kimondottigazsagok.com\/' rel=' nofollow ' target='_blank'>http:\/\/kimondottigazsagok.com\/<\/a><\/td>\n                    <td style=\"\"><\/td>\n                    <td style=\"\">Ferenc p\u00e1pa megsz\u00f3lalt a \u201cMeseorsz\u00e1g mindenki\u00e9\u201d \u00fcgyben<\/td>\n                    <td style=\"\">h\u00edr, besz\u00e1mol\u00f3, r\u00f6vid cikk<\/td>\n                    <td style=\"\"><a href='http:\/\/kimondottigazsagok.com\/ferenc-papa-megszolalt-a-meseorszag-mindenkie-ugyben\/' rel=' nofollow ' target='_blank'>http:\/\/kimondottigazsagok.com\/ferenc-papa-megszolalt-a-meseorszag-mindenkie-ugyben\/<\/a><\/td>\n                    <td style=\"\">semleges<\/td>\n                    <td style=\"\"><\/td>\n                    <td style=\"\"><\/td>\n                    <td style=\"\"><\/td>\n                    <td style=\"\"><\/td>\n            <\/tr>\n            <tr id=\"table_2_row_991\">\n                    <td style=\"\"><\/td>\n                    <td style=\"\"><a href='https:\/\/moly.hu\/' rel=' nofollow ' target='_blank'>https:\/\/moly.hu\/<\/a><\/td>\n                    <td style=\"\">Nagy Boldizs\u00e1r<\/td>\n                    <td style=\"\">A \u200bFairytale for Everyone<\/td>\n                    <td style=\"\">h\u00edr, besz\u00e1mol\u00f3, r\u00f6vid cikk<\/td>\n                    <td style=\"\"><a href='https:\/\/moly.hu\/konyvek\/boldizsar-m-nagy-szerk-a-fairytale-for-everyone' rel=' nofollow ' target='_blank'>https:\/\/moly.hu\/konyvek\/boldizsar-m-nagy-szerk-a-fairytale-for-everyone<\/a><\/td>\n                    <td style=\"\">pozit\u00edv<\/td>\n                    <td style=\"\"><\/td>\n                    <td style=\"\"><\/td>\n                    <td style=\"\"><\/td>\n                    <td style=\"\"><\/td>\n            <\/tr>\n            <tr id=\"table_2_row_992\">\n                    <td style=\"\"><\/td>\n                    <td style=\"\"><a href='https:\/\/szimpladesign.com\/' rel=' nofollow ' target='_blank'>https:\/\/szimpladesign.com\/<\/a><\/td>\n                    <td style=\"\"><\/td>\n                    <td style=\"\">Meseorsz\u00e1g mindenki\u00e9<\/td>\n                    <td style=\"\">egy\u00e9b<\/td>\n                    <td style=\"\"><a href='https:\/\/szimpladesign.com\/termek-hu\/meseorszag-mindenkie-formabonto-mesek-az-elfogadasrol\/' rel=' nofollow ' target='_blank'>https:\/\/szimpladesign.com\/termek-hu\/meseorszag-mindenkie-formabonto-mesek-az-elfogadasrol\/<\/a><\/td>\n                    <td style=\"\">semleges<\/td>\n                    <td style=\"\"><\/td>\n                    <td style=\"\"><\/td>\n                    <td style=\"\"><\/td>\n                    <td style=\"\">k\u00f6nyvrendel\u0151s oldal<\/td>\n            <\/tr>\n            <tr id=\"table_2_row_993\">\n                    <td style=\"\"><\/td>\n                    <td style=\"\"><a href='https:\/\/www.martinus.sk\/' rel=' nofollow ' target='_blank'>https:\/\/www.martinus.sk\/<\/a><\/td>\n                    <td style=\"\"><\/td>\n                    <td style=\"\">Rozpr\u00e1vkov\u00e1 krajina pre v\u0161etk\u00fdch<\/td>\n                    <td style=\"\">egy\u00e9b<\/td>\n                    <td style=\"\"><a href='https:\/\/www.martinus.sk\/?uItem=1257785' rel=' nofollow ' target='_blank'>https:\/\/www.martinus.sk\/?uItem=1257785<\/a><\/td>\n                    <td style=\"\">semleges<\/td>\n                    <td style=\"\"><\/td>\n                    <td style=\"\">igen<\/td>\n                    <td style=\"\">szlov\u00e1k<\/td>\n                    <td style=\"\">szlov\u00e1k k\u00f6nyvrendel\u0151s oldal<\/td>\n            <\/tr>\n            <tr id=\"table_2_row_994\">\n                    <td style=\"\"><\/td>\n                    <td style=\"\"><a href='https:\/\/www.instagram.com\/' rel=' nofollow ' target='_blank'>https:\/\/www.instagram.com\/<\/a><\/td>\n                    <td style=\"\">Nemakarokbeleszolni<\/td>\n                    <td style=\"\">nemakarokbeleszolni insta oldal m\u00e9m k\u00e9pek<\/td>\n                    <td style=\"\">instagram poszt<\/td>\n                    <td style=\"\"><a href='https:\/\/www.instagram.com\/nemakarokbeleszolni' rel=' nofollow ' target='_blank'>https:\/\/www.instagram.com\/nemakarokbeleszolni<\/a><\/td>\n                    <td style=\"\">pozit\u00edv<\/td>\n                    <td style=\"\">insta<\/td>\n                    <td style=\"\"><\/td>\n                    <td style=\"\"><\/td>\n                    <td style=\"\">nem lehet els\u0151re l\u00e1tni, melyik k\u00e9p van idelinkelve<\/td>\n            <\/tr>\n            <tr id=\"table_2_row_995\">\n                    <td style=\"\"><\/td>\n                    <td style=\"\"><a href='https:\/\/www.instagram.com\/' rel=' nofollow ' target='_blank'>https:\/\/www.instagram.com\/<\/a><\/td>\n                    <td style=\"\">Meseorsz\u00e1g mindenki\u00e9<\/td>\n                    <td style=\"\">#meseorszagmindenkie<\/td>\n                    <td style=\"\">instagram poszt<\/td>\n                    <td style=\"\"><a href='https:\/\/www.instagram.com\/explore\/tags\/meseorsz%C3%A1gmindenki%C3%A9\/' rel=' nofollow ' target='_blank'>https:\/\/www.instagram.com\/explore\/tags\/meseorsz%C3%A1gmindenki%C3%A9\/<\/a><\/td>\n                    <td style=\"\">pozit\u00edv<\/td>\n                    <td style=\"\">insta<\/td>\n                    <td style=\"\"><\/td>\n                    <td style=\"\"><\/td>\n                    <td style=\"\">Meseorsz\u00e1g k\u00e9pek<\/td>\n            <\/tr>\n            <tr id=\"table_2_row_996\">\n                    <td style=\"\"><\/td>\n                    <td style=\"\"><a href='https:\/\/www.youtube.com\/' rel=' nofollow ' target='_blank'>https:\/\/www.youtube.com\/<\/a><\/td>\n                    <td style=\"\"><\/td>\n                    <td style=\"\">Youtube lej\u00e1tsz\u00e1si lista a Meseorsz\u00e1g mindenki\u00e9 c\u00edmsz\u00f3ra<\/td>\n                    <td style=\"\">vide\u00f3<\/td>\n                    <td style=\"\"><a href='https:\/\/www.youtube.com\/results?search_query=%22meseorsz%C3%A1g+mindenki%C3%A9' rel=' nofollow ' target='_blank'>https:\/\/www.youtube.com\/results?search_query=%22meseorsz%C3%A1g+mindenki%C3%A9<\/a><\/td>\n                    <td style=\"\">semleges<\/td>\n                    <td style=\"\">youtube<\/td>\n                    <td style=\"\"><\/td>\n                    <td style=\"\"><\/td>\n                    <td style=\"\">Youtube lej\u00e1tsz\u00e1si lista a Meseorsz\u00e1g mindenki\u00e9 c\u00edmsz\u00f3ra<\/td>\n            <\/tr>\n            <tr id=\"table_2_row_997\">\n                    <td style=\"\"><\/td>\n                    <td style=\"\"><a href='https:\/\/trinambai.se\/' rel=' nofollow ' target='_blank'>https:\/\/trinambai.se\/<\/a><\/td>\n                    <td style=\"\"><\/td>\n                    <td style=\"\">Sagolandet tillh\u00f6r alla<\/td>\n                    <td style=\"\">egy\u00e9b<\/td>\n                    <td style=\"\"><a href='https:\/\/trinambai.se\/bocker\/sagolandet-tillhor-alla\/' rel=' nofollow ' target='_blank'>https:\/\/trinambai.se\/bocker\/sagolandet-tillhor-alla\/<\/a><\/td>\n                    <td style=\"\">semleges<\/td>\n                    <td style=\"\"><\/td>\n                    <td style=\"\">igen<\/td>\n                    <td style=\"\">sv\u00e9d<\/td>\n                    <td style=\"\">sv\u00e9d k\u00f6nyvrendel\u0151s oldal<\/td>\n            <\/tr>\n            <tr id=\"table_2_row_998\">\n                    <td style=\"\"><\/td>\n                    <td style=\"\"><a href='https:\/\/www.amazon.de\/' rel=' nofollow ' target='_blank'>https:\/\/www.amazon.de\/<\/a><\/td>\n                    <td style=\"\"><\/td>\n                    <td style=\"\">Best Sellers<\/td>\n                    <td style=\"\">egy\u00e9b<\/td>\n                    <td style=\"\"><a href='https:\/\/www.amazon.de\/-\/en\/gp\/bestsellers\/books\/5452736031\/ref=zg_mg_tab' rel=' nofollow ' target='_blank'>https:\/\/www.amazon.de\/-\/en\/gp\/bestsellers\/books\/5452736031\/ref=zg_mg_tab<\/a><\/td>\n                    <td style=\"\">semleges<\/td>\n                    <td style=\"\"><\/td>\n                    <td style=\"\">igen<\/td>\n                    <td style=\"\">n\u00e9met<\/td>\n                    <td style=\"\">a n\u00e9met amazon sikerlist\u00e1ja<\/td>\n            <\/tr>\n            <tr id=\"table_2_row_999\">\n                    <td style=\"\"><\/td>\n                    <td style=\"\"><a href='https:\/\/www.athenaeum.nl\/' rel=' nofollow ' target='_blank'>https:\/\/www.athenaeum.nl\/<\/a><\/td>\n                    <td style=\"\"><\/td>\n                    <td style=\"\">Sprookjesland is van iedereen<\/td>\n                    <td style=\"\">egy\u00e9b<\/td>\n                    <td style=\"\"><a href='https:\/\/www.athenaeum.nl\/boek\/?authortitle=boldizsar-m-nagy\/sprookjesland-is-van-iedereen--9789090348827' rel=' nofollow ' target='_blank'>https:\/\/www.athenaeum.nl\/boek\/?authortitle=boldizsar-m-nagy\/sprookjesland-is-van-iedereen--9789090348827<\/a><\/td>\n                    <td style=\"\">semleges<\/td>\n                    <td style=\"\"><\/td>\n                    <td style=\"\">igen<\/td>\n                    <td style=\"\">holland<\/td>\n                    <td style=\"\">holland k\u00f6nyvrendel\u0151s oldal<\/td>\n            <\/tr>\n            <tr id=\"table_2_row_1000\">\n                    <td style=\"\"><\/td>\n                    <td style=\"\"><a href='https:\/\/www.dorlingkindersley.de\/' rel=' nofollow ' target='_blank'>https:\/\/www.dorlingkindersley.de\/<\/a><\/td>\n                    <td style=\"\"><\/td>\n                    <td style=\"\">Inklusiv und divers erz\u00e4hlte M\u00e4rchen f\u00fcr Kinder ab 6 Jahren ver\u00f6ffentlicht vom Stern<\/td>\n                    <td style=\"\">egy\u00e9b<\/td>\n                    <td style=\"\"><a href='https:\/\/www.dorlingkindersley.de\/buch\/lilla-boelecz-boldizsar-m-nagy-maerchenland-fuer-alle-9783831045099' rel=' nofollow ' target='_blank'>https:\/\/www.dorlingkindersley.de\/buch\/lilla-boelecz-boldizsar-m-nagy-maerchenland-fuer-alle-9783831045099<\/a><\/td>\n                    <td style=\"\">semleges<\/td>\n                    <td style=\"\"><\/td>\n                    <td style=\"\">igen<\/td>\n                    <td style=\"\">n\u00e9met<\/td>\n                    <td style=\"\">n\u00e9met k\u00f6nyvrendel\u0151s oldal<\/td>\n            <\/tr>\n            <tr id=\"table_2_row_1001\">\n                    <td style=\"\"><\/td>\n                    <td style=\"\"><a href='https:\/\/www.startlab.sk\/' rel=' nofollow ' target='_blank'>https:\/\/www.startlab.sk\/<\/a><\/td>\n                    <td style=\"\"><\/td>\n                    <td style=\"\">Rozpr\u00e1vkov\u00e1 krajina pre v\u0161etk\u00fdch: \u0161\u0165astn\u00e9 konce pre deti, ktor\u00e9 sa c\u00edtia by\u0165 in\u00e9<\/td>\n                    <td style=\"\">egy\u00e9b<\/td>\n                    <td style=\"\"><a href='https:\/\/www.startlab.sk\/projekty\/2363-rozpravkova-krajina-pre-vsetkych-stastne-konce-pre-vsetky-d\/' rel=' nofollow ' target='_blank'>https:\/\/www.startlab.sk\/projekty\/2363-rozpravkova-krajina-pre-vsetkych-stastne-konce-pre-vsetky-d\/<\/a><\/td>\n                    <td style=\"\">semleges<\/td>\n                    <td style=\"\"><\/td>\n                    <td style=\"\">igen<\/td>\n                    <td style=\"\">szlov\u00e1k<\/td>\n                    <td style=\"\">oldal, ahol gy\u0171jtenek a szlov\u00e1k kiad\u00e1sra<\/td>\n            <\/tr>\n            <tr id=\"table_2_row_1002\">\n                    <td style=\"\"><\/td>\n                    <td style=\"\"><a href='https:\/\/www.wsoy.fi\/' rel=' nofollow ' target='_blank'>https:\/\/www.wsoy.fi\/<\/a><\/td>\n                    <td style=\"\">Lue Lisaa<\/td>\n                    <td style=\"\">Satumaa kuuluu kaikille<\/td>\n                    <td style=\"\">h\u00edr, besz\u00e1mol\u00f3, r\u00f6vid cikk<\/td>\n                    <td style=\"\"><a href='https:\/\/www.wsoy.fi\/kirja\/judit-b.-toth\/satumaa-kuuluu-kaikille\/9789510483060' rel=' nofollow ' target='_blank'>https:\/\/www.wsoy.fi\/kirja\/judit-b.-toth\/satumaa-kuuluu-kaikille\/9789510483060<\/a><\/td>\n                    <td style=\"\">pozit\u00edv<\/td>\n                    <td style=\"\"><\/td>\n                    <td style=\"\">igen<\/td>\n                    <td style=\"\">finn<\/td>\n                    <td style=\"\">finn terjeszt\u0151 ismertet\u0151je a k\u00f6nyvr\u0151l<\/td>\n            <\/tr>\n            <tr id=\"table_2_row_1003\">\n                    <td style=\"\"><\/td>\n                    <td style=\"\"><a href='https:\/\/wydawnictwo.krytykapolityczna.pl' rel=' nofollow ' target='_blank'>https:\/\/wydawnictwo.krytykapolityczna.pl<\/a><\/td>\n                    <td style=\"\">Krytyka Polityczna<\/td>\n                    <td style=\"\">Kraina ba\u015bni jest dla wszystkich<\/td>\n                    <td style=\"\">egy\u00e9b<\/td>\n                    <td style=\"\"><a href='https:\/\/wydawnictwo.krytykapolityczna.pl\/kraina-basni-jest-dla-wszystkich-965' rel=' nofollow ' target='_blank'>https:\/\/wydawnictwo.krytykapolityczna.pl\/kraina-basni-jest-dla-wszystkich-965<\/a><\/td>\n                    <td style=\"\">semleges<\/td>\n                    <td style=\"\"><\/td>\n                    <td style=\"\">igen<\/td>\n                    <td style=\"\">lengyel<\/td>\n                    <td style=\"\">lengyel k\u00f6nyvrendel\u0151s oldal<\/td>\n            <\/tr>\n    <\/tbody>        <!-- \/Table body -->\n\n        \n    <\/table>\n\n        \n<\/div><style>\ntable.wpDataTable { table-layout: fixed !important; }\ntable.wpDataTable td.numdata { text-align: right !important; }\n<\/style>\n[\/et_pb_text][\/et_pb_column][\/et_pb_row][\/et_pb_section]<\/p>\n","protected":false},"excerpt":{"rendered":"<p>M\u00e9diavisszhang Meseorsz\u00e1g sajt\u00f32020. szeptember \u2013 2023. december(Gy\u0171jt\u00f6tte: Borgos Anna)\n    <div class=\"wpdt-c \">\n    \n<input type=\"hidden\" id=\"wdtNonceFrontendEdit\" name=\"wdtNonceFrontendEdit\" value=\"4b1adb030b\" \/><input type=\"hidden\" name=\"_wp_http_referer\" value=\"\/en\/wp-json\/wp\/v2\/pages\/39\" \/>    <input type=\"hidden\" id=\"table_2_desc\" value='{\"tableId\":\"table_2\",\"tableType\":\"csv\",\"selector\":\"#table_2\",\"responsive\":true,\"responsiveAction\":\"icon\",\"infoBlock\":true,\"pagination\":1,\"paginationAlign\":\"right\",\"paginationLayout\":\"full_numbers\",\"paginationLayoutMobile\":\"simple\",\"file_location\":\"wp_media_lib\",\"table_wcag\":0,\"simple_template_id\":0,\"scrollable\":false,\"globalSearch\":true,\"showRowsPerPage\":true,\"hideBeforeLoad\":true,\"pagination_top\":0,\"number_format\":1,\"decimalPlaces\":2,\"spinnerSrc\":\"https:\\\/\\\/meseorszagmindenkie.hu\\\/wp-content\\\/plugins\\\/wpdatatables\\\/assets\\\/\\\/img\\\/spinner.gif\",\"groupingEnabled\":false,\"tableWpId\":2,\"dataTableParams\":{\"sDom\":\"BT\\u003C\\u0027clear\\u0027\\u003Elftip\",\"bSortCellsTop\":false,\"bPaginate\":true,\"sPaginationType\":\"full_numbers\",\"aLengthMenu\":[[1,5,10,25,50,100,-1],[1,5,10,25,50,100,\"All\"]],\"iDisplayLength\":50,\"columnDefs\":[{\"sType\":\"date-custom\",\"wdtType\":\"date\",\"bVisible\":true,\"orderable\":true,\"searchable\":true,\"InputType\":\"text\",\"name\":\"megjelen\\u00e9s d\\u00e1tuma\",\"origHeader\":\"megjelen\\u00e9s d\\u00e1tuma\",\"notNull\":false,\"conditionalFormattingRules\":[],\"className\":\" column-megjelens-dtuma\",\"aTargets\":[0]},{\"sType\":\"string\",\"wdtType\":\"link\",\"bVisible\":false,\"orderable\":true,\"searchable\":true,\"InputType\":\"text\",\"name\":\"m\\u00e9dium\",\"origHeader\":\"m\\u00e9dium\",\"notNull\":false,\"conditionalFormattingRules\":[],\"className\":\" column-mdium\",\"aTargets\":[1]},{\"sType\":\"string\",\"wdtType\":\"string\",\"bVisible\":true,\"orderable\":true,\"searchable\":true,\"InputType\":\"text\",\"name\":\"szerz\\u0151\",\"origHeader\":\"szerz\\u0151\",\"notNull\":false,\"conditionalFormattingRules\":[],\"className\":\" column-szerz\",\"aTargets\":[2]},{\"sType\":\"string\",\"wdtType\":\"string\",\"bVisible\":true,\"orderable\":false,\"searchable\":true,\"InputType\":\"text\",\"name\":\"c\\u00edm\",\"origHeader\":\"c\\u00edm\",\"notNull\":false,\"conditionalFormattingRules\":[],\"className\":\" column-cm\",\"aTargets\":[3]},{\"sType\":\"string\",\"wdtType\":\"string\",\"bVisible\":true,\"orderable\":true,\"searchable\":true,\"InputType\":\"text\",\"name\":\"kateg\\u00f3ria\",\"origHeader\":\"kateg\\u00f3ria\",\"notNull\":false,\"conditionalFormattingRules\":[],\"className\":\" column-kategria\",\"aTargets\":[4]},{\"sType\":\"string\",\"wdtType\":\"link\",\"bVisible\":true,\"orderable\":false,\"searchable\":true,\"InputType\":\"text\",\"name\":\"link\",\"origHeader\":\"link\",\"notNull\":false,\"conditionalFormattingRules\":[],\"className\":\" column-link\",\"aTargets\":[5]},{\"sType\":\"string\",\"wdtType\":\"string\",\"bVisible\":false,\"orderable\":true,\"searchable\":true,\"InputType\":\"text\",\"name\":\"hangnem\",\"origHeader\":\"hangnem\",\"notNull\":false,\"conditionalFormattingRules\":[],\"className\":\" column-hangnem\",\"aTargets\":[6]},{\"sType\":\"string\",\"wdtType\":\"string\",\"bVisible\":false,\"orderable\":true,\"searchable\":true,\"InputType\":\"text\",\"name\":\"k\\u00f6z\\u00f6ss\\u00e9gi m\\u00e9dia platform?\",\"origHeader\":\"k\\u00f6z\\u00f6ss\\u00e9gi m\\u00e9dia platform?\",\"notNull\":false,\"conditionalFormattingRules\":[],\"className\":\" column-kzssgi-mdia-platform\",\"aTargets\":[7]},{\"sType\":\"string\",\"wdtType\":\"string\",\"bVisible\":false,\"orderable\":true,\"searchable\":true,\"InputType\":\"text\",\"name\":\"k\\u00fclf\\u00f6ldi?\",\"origHeader\":\"k\\u00fclf\\u00f6ldi?\",\"notNull\":false,\"conditionalFormattingRules\":[],\"className\":\" column-klfldi\",\"aTargets\":[8]},{\"sType\":\"string\",\"wdtType\":\"string\",\"bVisible\":true,\"orderable\":true,\"searchable\":true,\"InputType\":\"text\",\"name\":\"nyelv ha nem magyar\",\"origHeader\":\"nyelv ha nem magyar\",\"notNull\":false,\"conditionalFormattingRules\":[],\"className\":\" column-nyelv-ha-nem-magyar\",\"aTargets\":[9]},{\"sType\":\"string\",\"wdtType\":\"string\",\"bVisible\":false,\"orderable\":true,\"searchable\":true,\"InputType\":\"text\",\"name\":\"megjegyz\\u00e9s\",\"origHeader\":\"megjegyz\\u00e9s\",\"notNull\":false,\"conditionalFormattingRules\":[],\"className\":\" column-megjegyzs\",\"aTargets\":[10]}],\"bAutoWidth\":false,\"order\":[[0,\"asc\"]],\"ordering\":true,\"oLanguage\":{\"sProcessing\":\"Feldolgoz\\u00e1s...\",\"sLengthMenu\":\"_MENU_ tal\\u00e1lat oldalank\\u00e9nt\",\"sZeroRecords\":\"Nincs a keres\\u00e9snek megfelel\\u0151 tal\\u00e1lat\",\"sInfo\":\"Tal\\u00e1latok: _START_ - _END_ \\u00d6sszesen: _TOTAL_\",\"sInfoEmpty\":\"Nulla tal\\u00e1lat\",\"sInfoFiltered\":\"(_MAX_ \\u00f6sszes rekord k\\u00f6z\\u00fcl sz\\u0171rve)\",\"sInfoPostFix\":\"\",\"sSearch\":\"Keres\\u00e9s:\",\"sUrl\":\"\",\"oPaginate\":{\"sFirst\":\"Els\\u0151\",\"sPrevious\":\"El\\u0151z\\u0151\",\"sNext\":\"K\\u00f6vetkez\\u0151\",\"sLast\":\"Utols\\u00f3\"}},\"buttons\":[{\"extend\":\"print\",\"exportOptions\":{\"columns\":\":visible\",\"stripHtml\":true},\"className\":\"DTTT_button DTTT_button_print\",\"title\":\"meseorszagsajto1\",\"text\":\"Print\"},{\"extend\":\"excelHtml5\",\"exportOptions\":{\"columns\":\":visible\",\"stripHtml\":true},\"className\":\"DTTT_button DTTT_button_xls\",\"filename\":\"meseorszagsajto1\",\"title\":null,\"text\":\"Excel\"},{\"extend\":\"csvHtml5\",\"exportOptions\":{\"columns\":\":visible\",\"stripHtml\":true},\"className\":\"DTTT_button DTTT_button_csv\",\"title\":\"meseorszagsajto1\",\"text\":\"CSV\"},{\"extend\":\"copyHtml5\",\"exportOptions\":{\"columns\":\":visible\",\"stripHtml\":true},\"className\":\"DTTT_button DTTT_button_copy\",\"filename\":\"meseorszagsajto1\",\"title\":null,\"text\":\"Copy\"},{\"extend\":\"pdfHtml5\",\"exportOptions\":{\"columns\":\":visible\"},\"className\":\"DTTT_button DTTT_button_pdf\",\"orientation\":\"portrait\",\"pageSize\":\"A4\",\"title\":\"meseorszagsajto1\",\"text\":\"PDF\"}],\"oSearch\":{\"bSmart\":false,\"bRegex\":false,\"sSearch\":\"\"}},\"currentSkin\":\"skin1\",\"tabletWidth\":\"1024\",\"mobileWidth\":\"480\",\"columnsFixed\":0,\"timeFormat\":\"H:i\",\"datepickFormat\":\"yy.mm.dd\"}'\/>\n\n    <table id=\"table_2\"\n           class=\"           responsive           display nowrap data-t wpDataTable wpDataTableID-2\"\n           style=\"display: none; \"\n           data-described-by='table_2_desc'\n           data-wpdatatable_id=\"2\">\n        \n        <!-- Table header -->\n        \n<thead>\n<tr>\n                    <th\n        data-class=\"expand\"                class=\" wdtheader sort \"\n        style=\"\">Megjelen\u00e9s<\/th>        <th\n                data-hide=\"phone\"        class=\"phone wdtheader sort \"\n        style=\"\">m\u00e9dium<\/th>        <th\n                data-hide=\"phone\"        class=\"phone wdtheader sort \"\n        style=\"\">Szerz\u0151<\/th>        <th\n                data-hide=\"phone\"        class=\"phone wdtheader \"\n        style=\"\">C\u00edm<\/th>        <th\n                data-hide=\"phone\"        class=\"phone wdtheader sort \"\n        style=\"\">Kateg\u00f3ria<\/th>        <th\n                        class=\" wdtheader \"\n        style=\"\">link<\/th>        <th\n                data-hide=\"phone\"        class=\"phone wdtheader sort \"\n        style=\"\">hangnem<\/th>        <th\n                data-hide=\"phone\"        class=\"phone wdtheader sort \"\n        style=\"\">k\u00f6z\u00f6ss\u00e9gi m\u00e9dia platform?<\/th>        <th\n                data-hide=\"phone\"        class=\"phone wdtheader sort \"\n        style=\"\">k\u00fclf\u00f6ldi?<\/th>        <th\n                data-hide=\"phone\"        class=\"phone wdtheader sort \"\n        style=\"\">nyelv ha nem magyar<\/th>        <th\n                        class=\" wdtheader sort \"\n        style=\"\">megjegyz\u00e9s<\/th>    <\/tr>\n<\/thead>\n        <!-- \/Table header -->\n\n        <!-- Table body -->\n        \n<tbody>\n        <tr id=\"table_2_row_0\">\n                    <td style=\"\">2020.09.11<\/td>\n                    <td style=\"\"><a href='http:\/\/sorok-kozott.hu\/' rel=' nofollow ' target='_blank'>http:\/\/sorok-kozott.hu\/<\/a><\/td>\n                    <td style=\"\"><\/td>\n                    <td style=\"\">Meleg hamupip\u0151ke \u00e9s roma P\u00f6tt\u00f6m Panna is szerepel az \u00faj mesek\u00f6nyvben!<\/td>\n                    <td style=\"\">h\u00edr, besz\u00e1mol\u00f3, r\u00f6vid cikk<\/td>\n                    <td style=\"\"><a href='http:\/\/sorok-kozott.hu\/2020\/09\/meleg-hamupipoke-es-roma-pottom-panna-lesz-az-uj-mesekonyv-hosnoje\/' rel=' nofollow ' target='_blank'>http:\/\/sorok-kozott.hu\/2020\/09\/meleg-hamupipoke-es-roma-pottom-panna-lesz-az-uj-mesekonyv-hosnoje\/<\/a><\/td>\n                    <td style=\"\">pozit\u00edv<\/td>\n                    <td style=\"\"><\/td>\n                    <td style=\"\"><\/td>\n                    <td style=\"\"><\/td>\n                    <td style=\"\"><\/td>\n            <\/tr>\n            <tr id=\"table_2_row_1\">\n                    <td style=\"\">2020.09.11<\/td>\n                    <td style=\"\"><a href='https:\/\/www.kritikusvagyok.hu\/' rel=' nofollow ' target='_blank'>https:\/\/www.kritikusvagyok.hu\/<\/a><\/td>\n                    <td style=\"\">Nagy Boldizs\u00e1r<\/td>\n                    <td style=\"\">Mes\u00e9k k\u00fcl\u00f6nb\u00f6z\u0151 gyerekeknek<\/td>\n                    <td style=\"\">blogbejegyz\u00e9s<\/td>\n                    <td style=\"\"><a href='https:\/\/www.kritikusvagyok.hu\/post\/mes\u00e9k-k\u00fcl\u00f6nb\u00f6z\u0151-gyerekeknek' rel=' nofollow ' target='_blank'>https:\/\/www.kritikusvagyok.hu\/post\/mes\u00e9k-k\u00fcl\u00f6nb\u00f6z\u0151-gyerekeknek<\/a><\/td>\n                    <td style=\"\">pozit\u00edv<\/td>\n                    <td style=\"\"><\/td>\n                    <td style=\"\"><\/td>\n                    <td style=\"\"><\/td>\n                    <td style=\"\"><\/td>\n            <\/tr>\n            <tr id=\"table_2_row_2\">\n                    <td style=\"\">2020.09.14<\/td>\n                    <td style=\"\"><a href='https:\/\/orokbe.hu\/' rel=' nofollow ' target='_blank'>https:\/\/orokbe.hu\/<\/a><\/td>\n                    <td style=\"\">Tompa Andrea<\/td>\n                    <td style=\"\">Vaslaci<\/td>\n                    <td style=\"\">mesek\u00f6zl\u00e9s<\/td>\n                    <td style=\"\"><a href='https:\/\/orokbe.hu\/2020\/09\/14\/tompa-andrea-vaslaci\/' rel=' nofollow ' target='_blank'>https:\/\/orokbe.hu\/2020\/09\/14\/tompa-andrea-vaslaci\/<\/a><\/td>\n                    <td style=\"\">semleges<\/td>\n                    <td style=\"\"><\/td>\n                    <td style=\"\"><\/td>\n                    <td style=\"\"><\/td>\n                    <td style=\"\"><\/td>\n            <\/tr>\n            <tr id=\"table_2_row_3\">\n                    <td style=\"\">2020.09.16<\/td>\n                    <td style=\"\"><a href='https:\/\/24.hu\/' rel=' nofollow ' target='_blank'>https:\/\/24.hu\/<\/a><\/td>\n                    <td style=\"\"><\/td>\n                    <td style=\"\">Bagdy Em\u0151ke: Mindent\u0151l, ami k\u00f6nyvek megsemmis\u00edt\u00e9s\u00e9hez, m\u00e1s emberek kirekeszt\u00e9s\u00e9hez vezet, elhat\u00e1rol\u00f3dom<\/td>\n                    <td style=\"\">h\u00edr, besz\u00e1mol\u00f3, r\u00f6vid cikk<\/td>\n                    <td style=\"\"><a href='https:\/\/24.hu\/tag\/meseorszag-mindenkie\/' rel=' nofollow ' target='_blank'>https:\/\/24.hu\/tag\/meseorszag-mindenkie\/<\/a><\/td>\n                    <td style=\"\">pozit\u00edv<\/td>\n                    <td style=\"\"><\/td>\n                    <td style=\"\"><\/td>\n                    <td style=\"\"><\/td>\n                    <td style=\"\"><\/td>\n            <\/tr>\n            <tr id=\"table_2_row_4\">\n                    <td style=\"\">2020.09.17<\/td>\n                    <td style=\"\"><a href='https:\/\/www.kritikusvagyok.hu\/' rel=' nofollow ' target='_blank'>https:\/\/www.kritikusvagyok.hu\/<\/a><\/td>\n                    <td style=\"\">Nagy Boldizs\u00e1r<\/td>\n                    <td style=\"\">A Meseorsz\u00e1g mindenki\u00e9 illusztr\u00e1ci\u00f3i<\/td>\n                    <td style=\"\">blogbejegyz\u00e9s<\/td>\n                    <td style=\"\"><a href='https:\/\/www.kritikusvagyok.hu\/post\/a-meseorsz%C3%A1g-mindenki%C3%A9-illusztr%C3%A1ci%C3%B3i' rel=' nofollow ' target='_blank'>https:\/\/www.kritikusvagyok.hu\/post\/a-meseorsz%C3%A1g-mindenki%C3%A9-illusztr%C3%A1ci%C3%B3i<\/a><\/td>\n                    <td style=\"\">pozit\u00edv<\/td>\n                    <td style=\"\"><\/td>\n                    <td style=\"\"><\/td>\n                    <td style=\"\"><\/td>\n                    <td style=\"\">Nagy Boldizs\u00e1r gondolatai a mesek\u00f6nyvr\u0151l<\/td>\n            <\/tr>\n            <tr id=\"table_2_row_5\">\n                    <td style=\"\">2020.09.18<\/td>\n                    <td style=\"\"><a href='https:\/\/labrisz.hu\/' rel=' nofollow ' target='_blank'>https:\/\/labrisz.hu\/<\/a><\/td>\n                    <td style=\"\"><\/td>\n                    <td style=\"\">Megjelent a meseorsz\u00e1g mindenki\u00e9 k\u00f6tet<\/td>\n                    <td style=\"\">egy\u00e9b<\/td>\n                    <td style=\"\"><a href='https:\/\/labrisz.hu\/hirek\/megjelent_a_meseorszag_mindenkie_kotet.831.html?pageid=58' rel=' nofollow ' target='_blank'>https:\/\/labrisz.hu\/hirek\/megjelent_a_meseorszag_mindenkie_kotet.831.html?pageid=58<\/a><\/td>\n                    <td style=\"\">semleges<\/td>\n                    <td style=\"\"><\/td>\n                    <td style=\"\"><\/td>\n                    <td style=\"\"><\/td>\n                    <td style=\"\"><\/td>\n            <\/tr>\n            <tr id=\"table_2_row_6\">\n                    <td style=\"\">2020.09.18<\/td>\n                    <td style=\"\"><a href='https:\/\/www.facebook.com\/' rel=' nofollow ' target='_blank'>https:\/\/www.facebook.com\/<\/a><\/td>\n                    <td style=\"\"><\/td>\n                    <td style=\"\">Sz\u00e9p\u00edr\u00f3k T\u00e1rsas\u00e1ga k\u00f6zli az MKKE \u00fajabb nyilatkozat\u00e1t<\/td>\n                    <td style=\"\">h\u00edr, r\u00f6vid cikk<\/td>\n                    <td style=\"\"><a href='https:\/\/www.facebook.com\/SzepirokTarsasaga\/photos\/a.123978214414489\/2249827238496232\/' rel=' nofollow ' target='_blank'>https:\/\/www.facebook.com\/SzepirokTarsasaga\/photos\/a.123978214414489\/2249827238496232\/<\/a><\/td>\n                    <td style=\"\">pozit\u00edv<\/td>\n                    <td style=\"\">fb<\/td>\n                    <td style=\"\"><\/td>\n                    <td style=\"\"><\/td>\n                    <td style=\"\">Sz\u00e9p\u00edr\u00f3k T\u00e1rsas\u00e1ga k\u00f6zli az MKKE \u00fajabb nyilatkozat\u00e1t<\/td>\n            <\/tr>\n            <tr id=\"table_2_row_7\">\n                    <td style=\"\">2020.09.19<\/td>\n                    <td style=\"\"><a href='https:\/\/prizma.blogstar.hu\/' rel=' nofollow ' target='_blank'>https:\/\/prizma.blogstar.hu\/<\/a><\/td>\n                    <td style=\"\">Tam\u00e1s<\/td>\n                    <td style=\"\">Itt a meleg Hamupip\u0151ke -- Megjelent az els\u0151 magyar LMBTQ mesek\u00f6nyv<\/td>\n                    <td style=\"\">blogbejegyz\u00e9s<\/td>\n                    <td style=\"\"><a href='https:\/\/prizma.blogstar.hu\/2020\/09\/19\/itt-a-meleg-hamupipoke-megjelent-az-elso-magyar-lmbtq-mesekonyv\/100353\/' rel=' nofollow ' target='_blank'>https:\/\/prizma.blogstar.hu\/2020\/09\/19\/itt-a-meleg-hamupipoke-megjelent-az-elso-magyar-lmbtq-mesekonyv\/100353\/<\/a><\/td>\n                    <td style=\"\">pozit\u00edv<\/td>\n                    <td style=\"\"><\/td>\n                    <td style=\"\"><\/td>\n                    <td style=\"\"><\/td>\n                    <td style=\"\"><\/td>\n            <\/tr>\n            <tr id=\"table_2_row_8\">\n                    <td style=\"\">2020.09.20<\/td>\n                    <td style=\"\"><a href='https:\/\/www.youtube.com\/' rel=' nofollow ' target='_blank'>https:\/\/www.youtube.com\/<\/a><\/td>\n                    <td style=\"\">Labrisz<\/td>\n                    <td style=\"\">Meseorsz\u00e1g mindenki\u00e9 - k\u00f6nyvbemutat\u00f3<\/td>\n                    <td style=\"\">vide\u00f3<\/td>\n                    <td style=\"\"><a href='https:\/\/www.youtube.com\/watch?v=fR3ZecdgR68' rel=' nofollow ' target='_blank'>https:\/\/www.youtube.com\/watch?v=fR3ZecdgR68<\/a><\/td>\n                    <td style=\"\">pozit\u00edv<\/td>\n                    <td style=\"\">youtube<\/td>\n                    <td style=\"\"><\/td>\n                    <td style=\"\"><\/td>\n                    <td style=\"\">K\u00f6nyvbemutat\u00f3, Massolit K\u00f6nyvesbolt<\/td>\n            <\/tr>\n            <tr id=\"table_2_row_9\">\n                    <td style=\"\">2020.09.20<\/td>\n                    <td style=\"\"><a href='https:\/\/vadhajtasok.hu\/' rel=' nofollow ' target='_blank'>https:\/\/vadhajtasok.hu\/<\/a><\/td>\n                    <td style=\"\"><\/td>\n                    <td style=\"\">Meg\u00e9rkezett a leszbikus Hamupip\u0151ke - kiadt\u00e1k az els\u0151 LMBTQ mesek\u00f6nyvet<\/td>\n                    <td style=\"\">v\u00e9lem\u00e9ny<\/td>\n                    <td style=\"\"><a href='https:\/\/vadhajtasok.hu\/2020\/09\/20\/megerkezett-a-leszbikus-hamupipoke-kiadtak-az-elso-lmbtq-mesekonyvet' rel=' nofollow ' target='_blank'>https:\/\/vadhajtasok.hu\/2020\/09\/20\/megerkezett-a-leszbikus-hamupipoke-kiadtak-az-elso-lmbtq-mesekonyvet<\/a><\/td>\n                    <td style=\"\">negat\u00edv<\/td>\n                    <td style=\"\"><\/td>\n                    <td style=\"\"><\/td>\n                    <td style=\"\"><\/td>\n                    <td style=\"\"><\/td>\n            <\/tr>\n            <tr id=\"table_2_row_10\">\n                    <td style=\"\">2020.09.20<\/td>\n                    <td style=\"\"><a href='https:\/\/kuruc.info\/' rel=' nofollow ' target='_blank'>https:\/\/kuruc.info\/<\/a><\/td>\n                    <td style=\"\"><\/td>\n                    <td style=\"\">Meseorsz\u00e1g mindenki\u00e9? \u2013 Heti progresszi\u00f3 (XLVI. r\u00e9sz)<\/td>\n                    <td style=\"\">v\u00e9lem\u00e9ny<\/td>\n                    <td style=\"\"><a href='https:\/\/kuruc.info\/r\/6\/218234\/' rel=' nofollow ' target='_blank'>https:\/\/kuruc.info\/r\/6\/218234\/<\/a><\/td>\n                    <td style=\"\">negat\u00edv<\/td>\n                    <td style=\"\"><\/td>\n                    <td style=\"\"><\/td>\n                    <td style=\"\"><\/td>\n                    <td style=\"\"><\/td>\n            <\/tr>\n            <tr id=\"table_2_row_11\">\n                    <td style=\"\">2020.09.20<\/td>\n                    <td style=\"\"><a href='https:\/\/888.hu\/' rel=' nofollow ' target='_blank'>https:\/\/888.hu\/<\/a><\/td>\n                    <td style=\"\">Horv\u00e1th Tam\u00e1s<\/td>\n                    <td style=\"\">Megjelent az els\u0151 magyar LMBTQ-mesek\u00f6nyv<\/td>\n                    <td style=\"\">h\u00edr, r\u00f6vid cikk<\/td>\n                    <td style=\"\"><a href='https:\/\/888.hu\/kinyilott-a-pitypang\/megjelent-az-elso-magyar-lmbtq-mesekonyv-4273423\/' rel=' nofollow ' target='_blank'>https:\/\/888.hu\/kinyilott-a-pitypang\/megjelent-az-elso-magyar-lmbtq-mesekonyv-4273423\/<\/a><\/td>\n                    <td style=\"\">negat\u00edv<\/td>\n                    <td style=\"\"><\/td>\n                    <td style=\"\"><\/td>\n                    <td style=\"\"><\/td>\n                    <td style=\"\"><\/td>\n            <\/tr>\n            <tr id=\"table_2_row_12\">\n                    <td style=\"\">2020.09.20<\/td>\n                    <td style=\"\"><a href='https:\/\/www.szilajcsiko.hu\/' rel=' nofollow ' target='_blank'>https:\/\/www.szilajcsiko.hu\/<\/a><\/td>\n                    <td style=\"\">Tam\u00e1s<\/td>\n                    <td style=\"\">Itt a meleg Hamupip\u0151ke \u2013 Megjelent az els\u0151 magyar LMBTQ mesek\u00f6nyv<\/td>\n                    <td style=\"\">blogbejegyz\u00e9s<\/td>\n                    <td style=\"\"><a href='https:\/\/www.szilajcsiko.hu\/single-post\/2020\/09\/20\/ITT-A-MELEG-HAMUPIP\u0150KE-\u2013-MEGJELENT-AZ-ELS\u0150-MAGYAR-LMBTQ-MESEK\u00d6NYV' rel=' nofollow ' target='_blank'>https:\/\/www.szilajcsiko.hu\/single-post\/2020\/09\/20\/ITT-A-MELEG-HAMUPIP\u0150KE-\u2013-MEGJELENT-AZ-ELS\u0150-MAGYAR-LMBTQ-MESEK\u00d6NYV<\/a><\/td>\n                    <td style=\"\">negat\u00edv<\/td>\n                    <td style=\"\"><\/td>\n                    <td style=\"\"><\/td>\n                    <td style=\"\"><\/td>\n                    <td style=\"\"><\/td>\n            <\/tr>\n            <tr id=\"table_2_row_13\">\n                    <td style=\"\">2020.09.21<\/td>\n                    <td style=\"\"><a href='https:\/\/tilos.hu\/' rel=' nofollow ' target='_blank'>https:\/\/tilos.hu\/<\/a><\/td>\n                    <td style=\"\">D\u00e1vid Ferenc<\/td>\n                    <td style=\"\">7t\u00e9r\u00edt\u0151<\/td>\n                    <td style=\"\">r\u00e1di\u00f3<\/td>\n                    <td style=\"\"><a href='https:\/\/tilos.hu\/episode\/7terito\/2020\/09\/21' rel=' nofollow ' target='_blank'>https:\/\/tilos.hu\/episode\/7terito\/2020\/09\/21<\/a><\/td>\n                    <td style=\"\">pozit\u00edv<\/td>\n                    <td style=\"\"><\/td>\n                    <td style=\"\"><\/td>\n                    <td style=\"\"><\/td>\n                    <td style=\"\">(k\u00f6nyvbemutat\u00f3r\u00f3l, 1:22-1:27)<\/td>\n            <\/tr>\n            <tr id=\"table_2_row_14\">\n                    <td style=\"\">2020.09.22<\/td>\n                    <td style=\"\"><a href='https:\/\/civishir.hu\/' rel=' nofollow ' target='_blank'>https:\/\/civishir.hu\/<\/a><\/td>\n                    <td style=\"\"><\/td>\n                    <td style=\"\">Amikor a herceg nem a kir\u00e1lyl\u00e1nyba szeret bele, hanem a bar\u00e1tj\u00e1ba<\/td>\n                    <td style=\"\">h\u00edr, besz\u00e1mol\u00f3, r\u00f6vid cikk<\/td>\n                    <td style=\"\"><a href='https:\/\/civishir.hu\/kozelet\/2020\/09\/amikor-a-herceg-nem-a-kiralylanyba-szeret-bele-hanem-a-baratjaba' rel=' nofollow ' target='_blank'>https:\/\/civishir.hu\/kozelet\/2020\/09\/amikor-a-herceg-nem-a-kiralylanyba-szeret-bele-hanem-a-baratjaba<\/a><\/td>\n                    <td style=\"\">semleges<\/td>\n                    <td style=\"\"><\/td>\n                    <td style=\"\"><\/td>\n                    <td style=\"\"><\/td>\n                    <td style=\"\">uaz<\/td>\n            <\/tr>\n            <tr id=\"table_2_row_15\">\n                    <td style=\"\">2020.09.22<\/td>\n                    <td style=\"\"><a href='https:\/\/borsodihir.hu\/' rel=' nofollow ' target='_blank'>https:\/\/borsodihir.hu\/<\/a><\/td>\n                    <td style=\"\"><\/td>\n                    <td style=\"\">Megjelent az els\u0151 magyar LMBTQ mesek\u00f6nyv<\/td>\n                    <td style=\"\">h\u00edr, besz\u00e1mol\u00f3, r\u00f6vid cikk<\/td>\n                    <td style=\"\"><a href='https:\/\/borsodihir.hu\/kozelet\/2020\/09\/amikor-a-herceg-nem-a-kiralylanyba-szeret-bele-hanem-a-baratjaba' rel=' nofollow ' target='_blank'>https:\/\/borsodihir.hu\/kozelet\/2020\/09\/amikor-a-herceg-nem-a-kiralylanyba-szeret-bele-hanem-a-baratjaba<\/a><\/td>\n                    <td style=\"\">semleges<\/td>\n                    <td style=\"\"><\/td>\n                    <td style=\"\"><\/td>\n                    <td style=\"\"><\/td>\n                    <td style=\"\">uaz<\/td>\n            <\/tr>\n            <tr id=\"table_2_row_16\">\n                    <td style=\"\">2020.09.22<\/td>\n                    <td style=\"\"><a href='https:\/\/magyarjelen.hu\/' rel=' nofollow ' target='_blank'>https:\/\/magyarjelen.hu\/<\/a><\/td>\n                    <td style=\"\"><\/td>\n                    <td style=\"\">M\u00e1r mesek\u00f6nyvben is diszkrimin\u00e1lj\u00e1k a normalit\u00e1st<\/td>\n                    <td style=\"\">v\u00e9lem\u00e9ny<\/td>\n                    <td style=\"\"><a href='https:\/\/magyarjelen.hu\/mar-mesekonyven-is-diszkriminaljak-a-normalitast\/' rel=' nofollow ' target='_blank'>https:\/\/magyarjelen.hu\/mar-mesekonyven-is-diszkriminaljak-a-normalitast\/<\/a><\/td>\n                    <td style=\"\">negat\u00edv<\/td>\n                    <td style=\"\"><\/td>\n                    <td style=\"\"><\/td>\n                    <td style=\"\"><\/td>\n                    <td style=\"\"><\/td>\n            <\/tr>\n            <tr id=\"table_2_row_17\">\n                    <td style=\"\">2020.09.22<\/td>\n                    <td style=\"\"><a href='http:\/\/www.ma.hu\/' rel=' nofollow ' target='_blank'>http:\/\/www.ma.hu\/<\/a><\/td>\n                    <td style=\"\"><\/td>\n                    <td style=\"\">Megjelent az els\u0151 magyar LMBTQ mesek\u00f6nyv<\/td>\n                    <td style=\"\">h\u00edr, r\u00f6vid cikk<\/td>\n                    <td style=\"\"><a href='http:\/\/www.ma.hu\/eletmod.hu\/351514\/Megjelent_az_elso_magyar_LMBTQ_mesekonyv' rel=' nofollow ' target='_blank'>http:\/\/www.ma.hu\/eletmod.hu\/351514\/Megjelent_az_elso_magyar_LMBTQ_mesekonyv<\/a><\/td>\n                    <td style=\"\">negat\u00edv<\/td>\n                    <td style=\"\"><\/td>\n                    <td style=\"\"><\/td>\n                    <td style=\"\"><\/td>\n                    <td style=\"\"><\/td>\n            <\/tr>\n            <tr id=\"table_2_row_18\">\n                    <td style=\"\">2020.09.22<\/td>\n                    <td style=\"\"><a href='https:\/\/hirado.hu\/' rel=' nofollow ' target='_blank'>https:\/\/hirado.hu\/<\/a><\/td>\n                    <td style=\"\"><\/td>\n                    <td style=\"\">LMBTQ-mes\u00e9k \u2013 Amikor a gy\u00f6ny\u00f6r\u0171 kir\u00e1lyl\u00e1ny \u00e9s a boszorka egym\u00e1sba szeret<\/td>\n                    <td style=\"\">h\u00edr, r\u00f6vid cikk<\/td>\n                    <td style=\"\"><a href='https:\/\/hirado.hu\/belfold\/kozelet\/cikk\/2020\/09\/22\/atirt-mesek-megjelent-az-elso-magyar-lmbtq-mesekonyv' rel=' nofollow ' target='_blank'>https:\/\/hirado.hu\/belfold\/kozelet\/cikk\/2020\/09\/22\/atirt-mesek-megjelent-az-elso-magyar-lmbtq-mesekonyv<\/a><\/td>\n                    <td style=\"\">negat\u00edv<\/td>\n                    <td style=\"\"><\/td>\n                    <td style=\"\"><\/td>\n                    <td style=\"\"><\/td>\n                    <td style=\"\"><\/td>\n            <\/tr>\n            <tr id=\"table_2_row_19\">\n                    <td style=\"\">2020.09.23<\/td>\n                    <td style=\"\"><a href='https:\/\/index.hu\/' rel=' nofollow ' target='_blank'>https:\/\/index.hu\/<\/a><\/td>\n                    <td style=\"\">Ambrus Bal\u00e1zs<\/td>\n                    <td style=\"\">Gendermes\u00e9k magyarul<\/td>\n                    <td style=\"\">h\u00edr, besz\u00e1mol\u00f3, r\u00f6vid cikk<\/td>\n                    <td style=\"\"><a href='https:\/\/index.hu\/belfold\/2020\/09\/23\/meleg_transznemu_es_leszbikus_hosok_az_uj_mesekonyvben\/' rel=' nofollow ' target='_blank'>https:\/\/index.hu\/belfold\/2020\/09\/23\/meleg_transznemu_es_leszbikus_hosok_az_uj_mesekonyvben\/<\/a><\/td>\n                    <td style=\"\">semleges<\/td>\n                    <td style=\"\"><\/td>\n                    <td style=\"\"><\/td>\n                    <td style=\"\"><\/td>\n                    <td style=\"\"><\/td>\n            <\/tr>\n            <tr id=\"table_2_row_20\">\n                    <td style=\"\">2020.09.23<\/td>\n                    <td style=\"\"><a href='https:\/\/vasarnap.hu\/' rel=' nofollow ' target='_blank'>https:\/\/vasarnap.hu\/<\/a><\/td>\n                    <td style=\"\"><\/td>\n                    <td style=\"\">Megjelent az els\u0151 LMBTQ-mesek\u00f6nyv<\/td>\n                    <td style=\"\">h\u00edr, r\u00f6vid cikk<\/td>\n                    <td style=\"\"><a href='https:\/\/vasarnap.hu\/2020\/09\/23\/megjelent-az-elso-lmbtq-mesekonyv\/' rel=' nofollow ' target='_blank'>https:\/\/vasarnap.hu\/2020\/09\/23\/megjelent-az-elso-lmbtq-mesekonyv\/<\/a><\/td>\n                    <td style=\"\">negat\u00edv<\/td>\n                    <td style=\"\"><\/td>\n                    <td style=\"\"><\/td>\n                    <td style=\"\"><\/td>\n                    <td style=\"\"><\/td>\n            <\/tr>\n            <tr id=\"table_2_row_21\">\n                    <td style=\"\">2020.09.23<\/td>\n                    <td style=\"\"><a href='https:\/\/citizengo.org\/' rel=' nofollow ' target='_blank'>https:\/\/citizengo.org\/<\/a><\/td>\n                    <td style=\"\">Schittl eszter<\/td>\n                    <td style=\"\">Vegye le k\u00edn\u00e1lat\u00e1b\u00f3l az LMBTQ-propaganda mesek\u00f6nyvet a Pagony gyerekk\u00f6nyvesbolt \u00e9s a t\u00f6bbi \u00e1rus\u00edt\u00f3hely!<\/td>\n                    <td style=\"\">h\u00edr, r\u00f6vid cikk<\/td>\n                    <td style=\"\"><a href='https:\/\/citizengo.org\/hu\/fm\/182339-vegye-le-kinalatabol-az-lmbtq-mesekonyvet-pagony-gyerekkonyvesbolt-tobbi-arusitohely' rel=' nofollow ' target='_blank'>https:\/\/citizengo.org\/hu\/fm\/182339-vegye-le-kinalatabol-az-lmbtq-mesekonyvet-pagony-gyerekkonyvesbolt-tobbi-arusitohely<\/a><\/td>\n                    <td style=\"\">negat\u00edv<\/td>\n                    <td style=\"\"><\/td>\n                    <td style=\"\"><\/td>\n                    <td style=\"\"><\/td>\n                    <td style=\"\"><\/td>\n            <\/tr>\n            <tr id=\"table_2_row_22\">\n                    <td style=\"\">2020.09.24<\/td>\n                    <td style=\"\"><a href='https:\/\/www.identitas.co\/' rel=' nofollow ' target='_blank'>https:\/\/www.identitas.co\/<\/a><\/td>\n                    <td style=\"\">Jakab Istv\u00e1n<\/td>\n                    <td style=\"\">Mesek\u00f6nyv \u00e9get\u00e9sre k\u00e9sz\u00fcl a Mi Haz\u00e1nk?<\/td>\n                    <td style=\"\">h\u00edr, besz\u00e1mol\u00f3, r\u00f6vid cikk<\/td>\n                    <td style=\"\"><a href='https:\/\/www.identitas.co\/post\/mesekonyvegetesre-keszul-a-mi-hazank' rel=' nofollow ' target='_blank'>https:\/\/www.identitas.co\/post\/mesekonyvegetesre-keszul-a-mi-hazank<\/a><\/td>\n                    <td style=\"\">pozit\u00edv<\/td>\n                    <td style=\"\"><\/td>\n                    <td style=\"\"><\/td>\n                    <td style=\"\"><\/td>\n                    <td style=\"\"><\/td>\n            <\/tr>\n            <tr id=\"table_2_row_23\">\n                    <td style=\"\">2020.09.24<\/td>\n                    <td style=\"\"><a href='http:\/\/szentkoronaradio.com\/' rel=' nofollow ' target='_blank'>http:\/\/szentkoronaradio.com\/<\/a><\/td>\n                    <td style=\"\"><\/td>\n                    <td style=\"\">Csipkej\u00f3zsika \u00e9s a Cs\u00e1sz\u00e1r \u00faj szokny\u00e1ja \u2013 LMBTQP mesek\u00f6nyv a Labrisz gondoz\u00e1s\u00e1ban<\/td>\n                    <td style=\"\">h\u00edr, r\u00f6vid cikk<\/td>\n                    <td style=\"\"><a href='http:\/\/szentkoronaradio.com\/blog\/2020\/09\/24\/csipkejozsika-es-a-csaszar-uj-szoknyaja-lmbtqp-mesekonyv-a-labrisz-gondozasaban\/' rel=' nofollow ' target='_blank'>http:\/\/szentkoronaradio.com\/blog\/2020\/09\/24\/csipkejozsika-es-a-csaszar-uj-szoknyaja-lmbtqp-mesekonyv-a-labrisz-gondozasaban\/<\/a><\/td>\n                    <td style=\"\">negat\u00edv<\/td>\n                    <td style=\"\"><\/td>\n                    <td style=\"\"><\/td>\n                    <td style=\"\"><\/td>\n                    <td style=\"\"><\/td>\n            <\/tr>\n            <tr id=\"table_2_row_24\">\n                    <td style=\"\">2020.09.24<\/td>\n                    <td style=\"\"><a href='https:\/\/magyarnemzet.hu\/' rel=' nofollow ' target='_blank'>https:\/\/magyarnemzet.hu\/<\/a><\/td>\n                    <td style=\"\">Pataki Tam\u00e1s<\/td>\n                    <td style=\"\">Utaz\u00e1s Mesetan\u00e1csk\u00f6zt\u00e1rsas\u00e1gba<\/td>\n                    <td style=\"\">v\u00e9lem\u00e9ny<\/td>\n                    <td style=\"\"><a href='https:\/\/magyarnemzet.hu\/poszt-trauma\/utazas-mesetanacskoztarsasagba-8709927\/' rel=' nofollow ' target='_blank'>https:\/\/magyarnemzet.hu\/poszt-trauma\/utazas-mesetanacskoztarsasagba-8709927\/<\/a><\/td>\n                    <td style=\"\">negat\u00edv<\/td>\n                    <td style=\"\"><\/td>\n                    <td style=\"\"><\/td>\n                    <td style=\"\"><\/td>\n                    <td style=\"\"><\/td>\n            <\/tr>\n            <tr id=\"table_2_row_25\">\n                    <td style=\"\">2020.09.24<\/td>\n                    <td style=\"\"><a href='https:\/\/www.identitas.co\/' rel=' nofollow ' target='_blank'>https:\/\/www.identitas.co\/<\/a><\/td>\n                    <td style=\"\">Jakab Istv\u00e1n<\/td>\n                    <td style=\"\">Mesek\u00f6nyv\u00e9get\u00e9sre k\u00e9sz\u00fcl a Mi Haz\u00e1nk?<\/td>\n                    <td style=\"\">h\u00edr, besz\u00e1mol\u00f3, r\u00f6vid cikk<\/td>\n                    <td style=\"\"><a href='https:\/\/www.identitas.co\/post\/mesekonyvegetesre-keszul-a-mi-hazank?fbclid=IwAR0Z3dWWMmOG4nhO5BYr3WwFowQHQA_Fv-XwdT0nq1eOXFqofzuAaa5iyyc' rel=' nofollow ' target='_blank'>https:\/\/www.identitas.co\/post\/mesekonyvegetesre-keszul-a-mi-hazank?fbclid=IwAR0Z3dWWMmOG4nhO5BYr3WwFowQHQA_Fv-XwdT0nq1eOXFqofzuAaa5iyyc<\/a><\/td>\n                    <td style=\"\">pozit\u00edv<\/td>\n                    <td style=\"\"><\/td>\n                    <td style=\"\"><\/td>\n                    <td style=\"\"><\/td>\n                    <td style=\"\"><\/td>\n            <\/tr>\n            <tr id=\"table_2_row_26\">\n                    <td style=\"\">2020.09.25<\/td>\n                    <td style=\"\"><a href='https:\/\/magyarnarancs.hu\/' rel=' nofollow ' target='_blank'>https:\/\/magyarnarancs.hu\/<\/a><\/td>\n                    <td style=\"\"><\/td>\n                    <td style=\"\">D\u00far\u00f3 D\u00f3ra ledar\u00e1lt egy mesek\u00f6nyvet, mert szerinte meseorsz\u00e1g nem az aberr\u00e1ltak\u00e9<\/td>\n                    <td style=\"\">h\u00edr, besz\u00e1mol\u00f3, r\u00f6vid cikk<\/td>\n                    <td style=\"\"><a href='https:\/\/magyarnarancs.hu\/feketelyuk\/duro-dora-ledaralt-egy-mesekonyvet-mert-szerinte-meseorszag-nem-az-aberraltake-133498' rel=' nofollow ' target='_blank'>https:\/\/magyarnarancs.hu\/feketelyuk\/duro-dora-ledaralt-egy-mesekonyvet-mert-szerinte-meseorszag-nem-az-aberraltake-133498<\/a><\/td>\n                    <td style=\"\">pozit\u00edv<\/td>\n                    <td style=\"\"><\/td>\n                    <td style=\"\"><\/td>\n                    <td style=\"\"><\/td>\n                    <td style=\"\"><\/td>\n            <\/tr>\n            <tr id=\"table_2_row_27\">\n                    <td style=\"\">2020.09.25<\/td>\n                    <td style=\"\"><a href='https:\/\/humenonline.hu\/' rel=' nofollow ' target='_blank'>https:\/\/humenonline.hu\/<\/a><\/td>\n                    <td style=\"\">Kocsis G. J\u00e1nos<\/td>\n                    <td style=\"\">Meseorsz\u00e1g nem az aberr\u00e1ltak\u00e9 \u2013 D\u00far\u00f3 D\u00f3ra ledar\u00e1lt egy mesek\u00f6nyvet<\/td>\n                    <td style=\"\">h\u00edr, besz\u00e1mol\u00f3, r\u00f6vid cikk<\/td>\n                    <td style=\"\"><a href='https:\/\/humenonline.hu\/meseorszag-nem-az-aberraltake-duro-dora-ledaralt-egy-mesekonyvet' rel=' nofollow ' target='_blank'>https:\/\/humenonline.hu\/meseorszag-nem-az-aberraltake-duro-dora-ledaralt-egy-mesekonyvet<\/a><\/td>\n                    <td style=\"\">pozit\u00edv<\/td>\n                    <td style=\"\"><\/td>\n                    <td style=\"\"><\/td>\n                    <td style=\"\"><\/td>\n                    <td style=\"\"><\/td>\n            <\/tr>\n            <tr id=\"table_2_row_28\">\n                    <td style=\"\">2020.09.26<\/td>\n                    <td style=\"\"><a href='https:\/\/www.facebook.com\/' rel=' nofollow ' target='_blank'>https:\/\/www.facebook.com\/<\/a><\/td>\n                    <td style=\"\">Tompa Andrea<\/td>\n                    <td style=\"\">#k\u00e9ziratnem\u00e9gel<\/td>\n                    <td style=\"\">FB-poszt<\/td>\n                    <td style=\"\"><a href='https:\/\/www.facebook.com\/tompa.andrea.writer\/photos\/a.879253565454766\/3410871838959580\/' rel=' nofollow ' target='_blank'>https:\/\/www.facebook.com\/tompa.andrea.writer\/photos\/a.879253565454766\/3410871838959580\/<\/a><\/td>\n                    <td style=\"\">pozit\u00edv<\/td>\n                    <td style=\"\">fb<\/td>\n                    <td style=\"\"><\/td>\n                    <td style=\"\"><\/td>\n                    <td style=\"\"><\/td>\n            <\/tr>\n            <tr id=\"table_2_row_29\">\n                    <td style=\"\">2020.09.26<\/td>\n                    <td style=\"\"><a href='https:\/\/www.facebook.com\/' rel=' nofollow ' target='_blank'>https:\/\/www.facebook.com\/<\/a><\/td>\n                    <td style=\"\">Konok P\u00e9ter<\/td>\n                    <td style=\"\"><\/td>\n                    <td style=\"\">FB-poszt<\/td>\n                    <td style=\"\"><a href='https:\/\/www.facebook.com\/konokp\/photos\/a.139021966836603\/813011619437631' rel=' nofollow ' target='_blank'>https:\/\/www.facebook.com\/konokp\/photos\/a.139021966836603\/813011619437631<\/a><\/td>\n                    <td style=\"\">pozit\u00edv<\/td>\n                    <td style=\"\">fb<\/td>\n                    <td style=\"\"><\/td>\n                    <td style=\"\"><\/td>\n                    <td style=\"\"><\/td>\n            <\/tr>\n            <tr id=\"table_2_row_30\">\n                    <td style=\"\">2020.09.26<\/td>\n                    <td style=\"\"><a href='https:\/\/24.hu\/' rel=' nofollow ' target='_blank'>https:\/\/24.hu\/<\/a><\/td>\n                    <td style=\"\">Bodn\u00e1r Judit Lola<\/td>\n                    <td style=\"\">A h\u00e1romf\u00fcl\u0171 nyuszi, a gy\u00e1szol\u00f3 gonosz mostoha, \u00e9s H\u00fcvelyk Panna, akinek a v\u00e1l\u00e1s lett a happy end<\/td>\n                    <td style=\"\">publicisztika<\/td>\n                    <td style=\"\"><a href='https:\/\/24.hu\/kultura\/2020\/09\/26\/meseorszag-mindenkie-mesekonyv-gyerekkonyv-labrisz-ejha-konyv\/' rel=' nofollow ' target='_blank'>https:\/\/24.hu\/kultura\/2020\/09\/26\/meseorszag-mindenkie-mesekonyv-gyerekkonyv-labrisz-ejha-konyv\/<\/a><\/td>\n                    <td style=\"\">pozit\u00edv<\/td>\n                    <td style=\"\"><\/td>\n                    <td style=\"\"><\/td>\n                    <td style=\"\"><\/td>\n                    <td style=\"\"><\/td>\n            <\/tr>\n            <tr id=\"table_2_row_31\">\n                    <td style=\"\">2020.09.26<\/td>\n                    <td style=\"\"><a href='https:\/\/magyarnemzet.hu\/' rel=' nofollow ' target='_blank'>https:\/\/magyarnemzet.hu\/<\/a><\/td>\n                    <td style=\"\">Nagy Orsolya<\/td>\n                    <td style=\"\">Elt\u0171ntek a kisfi\u00fak \u00e9s a kisl\u00e1nyok a halad\u00f3 V\u00e1con&nbsp;<\/td>\n                    <td style=\"\">h\u00edr, r\u00f6vid cikk<\/td>\n                    <td style=\"\"><a href='https:\/\/magyarnemzet.hu\/belfold\/eltuntek-a-kisfiuk-es-a-kislanyok-a-halado-vacon-8720283\/' rel=' nofollow ' target='_blank'>https:\/\/magyarnemzet.hu\/belfold\/eltuntek-a-kisfiuk-es-a-kislanyok-a-halado-vacon-8720283\/<\/a><\/td>\n                    <td style=\"\">negat\u00edv<\/td>\n                    <td style=\"\"><\/td>\n                    <td style=\"\"><\/td>\n                    <td style=\"\"><\/td>\n                    <td style=\"\"><\/td>\n            <\/tr>\n            <tr id=\"table_2_row_32\">\n                    <td style=\"\">2020.09.27<\/td>\n                    <td style=\"\"><a href='https:\/\/www.facebook.com\/' rel=' nofollow ' target='_blank'>https:\/\/www.facebook.com\/<\/a><\/td>\n                    <td style=\"\">Drogriporter<\/td>\n                    <td style=\"\"><\/td>\n                    <td style=\"\">FB-poszt<\/td>\n                    <td style=\"\"><a href='https:\/\/www.facebook.com\/drogriporter\/photos\/a.382747466103\/10157488242391104\/?type=3&amp;theater' rel=' nofollow ' target='_blank'>https:\/\/www.facebook.com\/drogriporter\/photos\/a.382747466103\/10157488242391104\/?type=3&amp;theater<\/a><\/td>\n                    <td style=\"\">pozit\u00edv<\/td>\n                    <td style=\"\">fb<\/td>\n                    <td style=\"\"><\/td>\n                    <td style=\"\"><\/td>\n                    <td style=\"\"><\/td>\n            <\/tr>\n            <tr id=\"table_2_row_33\">\n                    <td style=\"\">2020.09.27<\/td>\n                    <td style=\"\"><a href='https:\/\/24.hu\/' rel=' nofollow ' target='_blank'>https:\/\/24.hu\/<\/a><\/td>\n                    <td style=\"\">M\u00e9sz\u00e1ros J\u00falia<\/td>\n                    <td style=\"\">Szab\u00f3 Andr\u00e1s Csuti D\u00far\u00f3 D\u00f3ra k\u00f6nyvdar\u00e1l\u00e1s\u00e1r\u00f3l: Ahol k\u00f6nyveket \u00e9getnek, ott v\u00e9g\u00fcl embereket is fognak<\/td>\n                    <td style=\"\">interj\u00fa<\/td>\n                    <td style=\"\"><a href='https:\/\/24.hu\/szorakozas\/2020\/09\/27\/szabo-andras-csuti-duro-dora-konyvdaralas-meseorszag-mindenkie\/' rel=' nofollow ' target='_blank'>https:\/\/24.hu\/szorakozas\/2020\/09\/27\/szabo-andras-csuti-duro-dora-konyvdaralas-meseorszag-mindenkie\/<\/a><\/td>\n                    <td style=\"\">pozit\u00edv<\/td>\n                    <td style=\"\"><\/td>\n                    <td style=\"\"><\/td>\n                    <td style=\"\"><\/td>\n                    <td style=\"\"><\/td>\n            <\/tr>\n            <tr id=\"table_2_row_34\">\n                    <td style=\"\">2020.09.27<\/td>\n                    <td style=\"\"><a href='https:\/\/www.szeretlekmagyarorszag.hu\/' rel=' nofollow ' target='_blank'>https:\/\/www.szeretlekmagyarorszag.hu\/<\/a><\/td>\n                    <td style=\"\"><\/td>\n                    <td style=\"\">D\u00far\u00f3 D\u00f3ra ledar\u00e1lt egy mesek\u00f6nyvet, mert homoszexu\u00e1lis \u00e9s transznem\u0171 szerepl\u0151k is vannak benne<\/td>\n                    <td style=\"\">h\u00edr, besz\u00e1mol\u00f3, r\u00f6vid cikk<\/td>\n                    <td style=\"\"><a href='https:\/\/www.szeretlekmagyarorszag.hu\/rekord-44-millio-forintra-buntette-a-krumplis-akcioja-miatt-jakab-petert-kover-laszlo\/' rel=' nofollow ' target='_blank'>https:\/\/www.szeretlekmagyarorszag.hu\/rekord-44-millio-forintra-buntette-a-krumplis-akcioja-miatt-jakab-petert-kover-laszlo\/<\/a><\/td>\n                    <td style=\"\">semleges<\/td>\n                    <td style=\"\"><\/td>\n                    <td style=\"\"><\/td>\n                    <td style=\"\"><\/td>\n                    <td style=\"\"><\/td>\n            <\/tr>\n            <tr id=\"table_2_row_35\">\n                    <td style=\"\">2020.09.27<\/td>\n                    <td style=\"\"><a href='https:\/\/www.facebook.com\/' rel=' nofollow ' target='_blank'>https:\/\/www.facebook.com\/<\/a><\/td>\n                    <td style=\"\">Moln\u00e1r Krisztina Rita<\/td>\n                    <td style=\"\">Ovidiust nem lehet ledar\u00e1lni<\/td>\n                    <td style=\"\">FB-poszt<\/td>\n                    <td style=\"\"><a href='https:\/\/www.facebook.com\/permalink.php?story_fbid=3361010587326110&amp;id=823251644435363' rel=' nofollow ' target='_blank'>https:\/\/www.facebook.com\/permalink.php?story_fbid=3361010587326110&amp;id=823251644435363<\/a><\/td>\n                    <td style=\"\">pozit\u00edv<\/td>\n                    <td style=\"\">fb<\/td>\n                    <td style=\"\"><\/td>\n                    <td style=\"\"><\/td>\n                    <td style=\"\"><\/td>\n            <\/tr>\n            <tr id=\"table_2_row_36\">\n                    <td style=\"\">2020.09.28<\/td>\n                    <td style=\"\"><a href='https:\/\/hubbyinfo.blogspot.com\/' rel=' nofollow ' target='_blank'>https:\/\/hubbyinfo.blogspot.com\/<\/a><\/td>\n                    <td style=\"\"><\/td>\n                    <td style=\"\">A HUBBY - Magyar Gyerekk\u00f6nyv F\u00f3rum \u00e1ll\u00e1sfoglal\u00e1sa a Meseorsz\u00e1g mindenki\u00e9 c\u00edm\u0171 k\u00f6nyv megjelen\u00e9se \u00e9s fogadtat\u00e1sa k\u00f6r\u00fcli sajn\u00e1latos esem\u00e9nyek kapcs\u00e1n<\/td>\n                    <td style=\"\">nyilatkozat<\/td>\n                    <td style=\"\"><a href='https:\/\/hubbyinfo.blogspot.com\/2020\/09\/a-hubby-magyar-gyerekkonyv-forum_28.html' rel=' nofollow ' target='_blank'>https:\/\/hubbyinfo.blogspot.com\/2020\/09\/a-hubby-magyar-gyerekkonyv-forum_28.html<\/a><\/td>\n                    <td style=\"\">pozit\u00edv<\/td>\n                    <td style=\"\"><\/td>\n                    <td style=\"\"><\/td>\n                    <td style=\"\"><\/td>\n                    <td style=\"\"><\/td>\n            <\/tr>\n            <tr id=\"table_2_row_37\">\n                    <td style=\"\">2020.09.28<\/td>\n                    <td style=\"\"><a href='https:\/\/mkke.hu\/' rel=' nofollow ' target='_blank'>https:\/\/mkke.hu\/<\/a><\/td>\n                    <td style=\"\"><\/td>\n                    <td style=\"\">K\u00f6zlem\u00e9ny<\/td>\n                    <td style=\"\">nyilatkozat<\/td>\n                    <td style=\"\"><a href='https:\/\/mkke.hu\/hirek_esemenyek\/kozlemeny' rel=' nofollow ' target='_blank'>https:\/\/mkke.hu\/hirek_esemenyek\/kozlemeny<\/a><\/td>\n                    <td style=\"\">pozit\u00edv<\/td>\n                    <td style=\"\"><\/td>\n                    <td style=\"\"><\/td>\n                    <td style=\"\"><\/td>\n                    <td style=\"\"><\/td>\n            <\/tr>\n            <tr id=\"table_2_row_38\">\n                    <td style=\"\">2020.09.28<\/td>\n                    <td style=\"\"><a href='https:\/\/24.hu\/' rel=' nofollow ' target='_blank'>https:\/\/24.hu\/<\/a><\/td>\n                    <td style=\"\">M\u00e9sz\u00e1ros J\u00falia<\/td>\n                    <td style=\"\">Fluor: Tele az orsz\u00e1g frusztr\u00e1ci\u00f3val, gy\u0171l\u00f6lettel, legal\u00e1bb az a kibaszott meseorsz\u00e1g hadd legyen mindenki\u00e9<\/td>\n                    <td style=\"\">interj\u00fa<\/td>\n                    <td style=\"\"><a href='https:\/\/24.hu\/szorakozas\/2020\/09\/28\/fluor-tomi-duro-dora-meseorszag-mindenkie-konyvdaralas\/' rel=' nofollow ' target='_blank'>https:\/\/24.hu\/szorakozas\/2020\/09\/28\/fluor-tomi-duro-dora-meseorszag-mindenkie-konyvdaralas\/<\/a><\/td>\n                    <td style=\"\">pozit\u00edv<\/td>\n                    <td style=\"\"><\/td>\n                    <td style=\"\"><\/td>\n                    <td style=\"\"><\/td>\n                    <td style=\"\"><\/td>\n            <\/tr>\n            <tr id=\"table_2_row_39\">\n                    <td style=\"\">2020.09.28<\/td>\n                    <td style=\"\"><a href='https:\/\/merce.hu\/' rel=' nofollow ' target='_blank'>https:\/\/merce.hu\/<\/a><\/td>\n                    <td style=\"\">Di\u00f3szegi-Horv\u00e1th N\u00f3ra<\/td>\n                    <td style=\"\">Tiltakozik a k\u00f6nyves szakma D\u00far\u00f3 D\u00f3ra mesek\u00f6nyvdar\u00e1l\u00e1sa miatt<\/td>\n                    <td style=\"\">h\u00edr, besz\u00e1mol\u00f3, r\u00f6vid cikk<\/td>\n                    <td style=\"\"><a href='https:\/\/merce.hu\/2020\/09\/28\/tiltakozik-a-konyves-szakma-duro-dora-mesekonyvdaralasa-miatt\/' rel=' nofollow ' target='_blank'>https:\/\/merce.hu\/2020\/09\/28\/tiltakozik-a-konyves-szakma-duro-dora-mesekonyvdaralasa-miatt\/<\/a><\/td>\n                    <td style=\"\">pozit\u00edv<\/td>\n                    <td style=\"\"><\/td>\n                    <td style=\"\"><\/td>\n                    <td style=\"\"><\/td>\n                    <td style=\"\"><\/td>\n            <\/tr>\n            <tr id=\"table_2_row_40\">\n                    <td style=\"\">2020.09.28<\/td>\n                    <td style=\"\"><a href='https:\/\/hvg.hu\/' rel=' nofollow ' target='_blank'>https:\/\/hvg.hu\/<\/a><\/td>\n                    <td style=\"\"><\/td>\n                    <td style=\"\">A k\u00f6nyvkiad\u00f3k D\u00far\u00f3 D\u00f3r\u00e1nak: El a kezekkel a k\u00f6nyvekt\u0151l!<\/td>\n                    <td style=\"\">h\u00edr, besz\u00e1mol\u00f3, r\u00f6vid cikk<\/td>\n                    <td style=\"\"><a href='https:\/\/hvg.hu\/elet\/20200928_A_konyvkiadok_Duro_Doranak_El_a_kezekkel_a_konyvektol' rel=' nofollow ' target='_blank'>https:\/\/hvg.hu\/elet\/20200928_A_konyvkiadok_Duro_Doranak_El_a_kezekkel_a_konyvektol<\/a><\/td>\n                    <td style=\"\">semleges<\/td>\n                    <td style=\"\"><\/td>\n                    <td style=\"\"><\/td>\n                    <td style=\"\"><\/td>\n                    <td style=\"\"><\/td>\n            <\/tr>\n            <tr id=\"table_2_row_41\">\n                    <td style=\"\">2020.09.28<\/td>\n                    <td style=\"\"><a href='https:\/\/www.szeretlekmagyarorszag.hu\/' rel=' nofollow ' target='_blank'>https:\/\/www.szeretlekmagyarorszag.hu\/<\/a><\/td>\n                    <td style=\"\"><\/td>\n                    <td style=\"\">\u201eA megsemmis\u00edt\u00e9s semmiben sem k\u00fcl\u00f6nb\u00f6zik a k\u00f6nyv\u00e9get\u00e9st\u0151l\u201d \u2013 Megsz\u00f3lalt Tompa Andrea, a sz\u00e9ls\u0151jobb \u00e1ltal ledar\u00e1lt mesek\u00f6nyv egyik szerz\u0151je<\/td>\n                    <td style=\"\">h\u00edr, besz\u00e1mol\u00f3, r\u00f6vid cikk<\/td>\n                    <td style=\"\"><a href='https:\/\/www.szeretlekmagyarorszag.hu\/a-megsemmisites-semmiben-sem-kulonbozik-a-konyvegetestol-megszolalt-tompa-andrea-a-szelsojobb-altal-ledaralt-mesekonyv-egyik-szerzoje\/?utm-source=kapcsolodo' rel=' nofollow ' target='_blank'>https:\/\/www.szeretlekmagyarorszag.hu\/a-megsemmisites-semmiben-sem-kulonbozik-a-konyvegetestol-megszolalt-tompa-andrea-a-szelsojobb-altal-ledaralt-mesekonyv-egyik-szerzoje\/?utm-source=kapcsolodo<\/a><\/td>\n                    <td style=\"\">pozit\u00edv<\/td>\n                    <td style=\"\"><\/td>\n                    <td style=\"\"><\/td>\n                    <td style=\"\"><\/td>\n                    <td style=\"\"><\/td>\n            <\/tr>\n            <tr id=\"table_2_row_42\">\n                    <td style=\"\">2020.09.28<\/td>\n                    <td style=\"\"><a href='https:\/\/www.szeretlekmagyarorszag.hu\/' rel=' nofollow ' target='_blank'>https:\/\/www.szeretlekmagyarorszag.hu\/<\/a><\/td>\n                    <td style=\"\"><\/td>\n                    <td style=\"\">\u201eLegal\u00e1bb az a kibaszott meseorsz\u00e1g hadd legyen mindenki\u00e9!\u201d \u2013 Fluor Tomi is megsz\u00f3lalt a ledar\u00e1lt mesek\u00f6nyv \u00fcgy\u00e9ben<\/td>\n                    <td style=\"\">h\u00edr, besz\u00e1mol\u00f3, r\u00f6vid cikk<\/td>\n                    <td style=\"\"><a href='https:\/\/www.szeretlekmagyarorszag.hu\/legalabb-az-a-kibaszott-meseorszag-hadd-legyen-mindenkie-fluor-tomi-is-megszolalt-a-ledaralt-mesekonyv-ugyeben\/' rel=' nofollow ' target='_blank'>https:\/\/www.szeretlekmagyarorszag.hu\/legalabb-az-a-kibaszott-meseorszag-hadd-legyen-mindenkie-fluor-tomi-is-megszolalt-a-ledaralt-mesekonyv-ugyeben\/<\/a><\/td>\n                    <td style=\"\">pozit\u00edv<\/td>\n                    <td style=\"\"><\/td>\n                    <td style=\"\"><\/td>\n                    <td style=\"\"><\/td>\n                    <td style=\"\"><\/td>\n            <\/tr>\n            <tr id=\"table_2_row_43\">\n                    <td style=\"\">2020.09.28<\/td>\n                    <td style=\"\"><a href='https:\/\/www.facebook.com\/' rel=' nofollow ' target='_blank'>https:\/\/www.facebook.com\/<\/a><\/td>\n                    <td style=\"\">Pagony<\/td>\n                    <td style=\"\"><\/td>\n                    <td style=\"\">nyilatkozat<\/td>\n                    <td style=\"\"><a href='https:\/\/www.facebook.com\/pagony\/posts\/10158752336452958' rel=' nofollow ' target='_blank'>https:\/\/www.facebook.com\/pagony\/posts\/10158752336452958<\/a><\/td>\n                    <td style=\"\">pozit\u00edv<\/td>\n                    <td style=\"\">fb<\/td>\n                    <td style=\"\"><\/td>\n                    <td style=\"\"><\/td>\n                    <td style=\"\"><\/td>\n            <\/tr>\n            <tr id=\"table_2_row_44\">\n                    <td style=\"\">2020.09.28<\/td>\n                    <td style=\"\"><a href='https:\/\/www.klubradio.hu\/' rel=' nofollow ' target='_blank'>https:\/\/www.klubradio.hu\/<\/a><\/td>\n                    <td style=\"\">D\u00e9si J\u00e1nos<\/td>\n                    <td style=\"\">K\u00f6nyvdar\u00e1l\u00e1s \u00e9s \u00f6n\u00e9get\u00e9s<\/td>\n                    <td style=\"\">publicisztika<\/td>\n                    <td style=\"\"><a href='https:\/\/www.klubradio.hu\/adasok\/konyvdaralas-es-onegetes-114103' rel=' nofollow ' target='_blank'>https:\/\/www.klubradio.hu\/adasok\/konyvdaralas-es-onegetes-114103<\/a><\/td>\n                    <td style=\"\">pozit\u00edv<\/td>\n                    <td style=\"\"><\/td>\n                    <td style=\"\"><\/td>\n                    <td style=\"\"><\/td>\n                    <td style=\"\"><\/td>\n            <\/tr>\n            <tr id=\"table_2_row_45\">\n                    <td style=\"\">2020.09.28<\/td>\n                    <td style=\"\"><a href='https:\/\/www.blikk.hu\/' rel=' nofollow ' target='_blank'>https:\/\/www.blikk.hu\/<\/a><\/td>\n                    <td style=\"\"><\/td>\n                    <td style=\"\">\u201eEr\u0151szak er\u0151szakot, a gy\u0171l\u00f6let gy\u0171l\u00f6letet sz\u00fcl\u201d \u2013 T\u00f3th Vera is megsz\u00f3lalt a k\u00f6nyvdar\u00e1l\u00f3s akci\u00f3 ut\u00e1n<\/td>\n                    <td style=\"\">h\u00edr, besz\u00e1mol\u00f3, r\u00f6vid cikk<\/td>\n                    <td style=\"\"><a href='https:\/\/www.blikk.hu\/sztarvilag\/sztarsztorik\/toth-vera-velemeny-duro-dora-mesekonyv-botrany\/cvwhlnl' rel=' nofollow ' target='_blank'>https:\/\/www.blikk.hu\/sztarvilag\/sztarsztorik\/toth-vera-velemeny-duro-dora-mesekonyv-botrany\/cvwhlnl<\/a><\/td>\n                    <td style=\"\">pozit\u00edv<\/td>\n                    <td style=\"\"><\/td>\n                    <td style=\"\"><\/td>\n                    <td style=\"\"><\/td>\n                    <td style=\"\"><\/td>\n            <\/tr>\n            <tr id=\"table_2_row_46\">\n                    <td style=\"\">2020.09.28<\/td>\n                    <td style=\"\"><a href='https:\/\/www.blikk.hu\/' rel=' nofollow ' target='_blank'>https:\/\/www.blikk.hu\/<\/a><\/td>\n                    <td style=\"\"><\/td>\n                    <td style=\"\">Kirobbant a k\u00f6nyves akci\u00f3 ut\u00e1n a h\u00e1bor\u00fa: l\u00e1zadnak ellene, s\u0151t, fenyeget\u00e9seket is kapott D\u00far\u00f3 D\u00f3ra<\/td>\n                    <td style=\"\">h\u00edr, besz\u00e1mol\u00f3, r\u00f6vid cikk<\/td>\n                    <td style=\"\"><a href='https:\/\/www.blikk.hu\/aktualis\/politika\/duro-dora-homoszexualitas-mesekonyv-ledaralasa\/pen1nxf' rel=' nofollow ' target='_blank'>https:\/\/www.blikk.hu\/aktualis\/politika\/duro-dora-homoszexualitas-mesekonyv-ledaralasa\/pen1nxf<\/a><\/td>\n                    <td style=\"\">pozit\u00edv<\/td>\n                    <td style=\"\"><\/td>\n                    <td style=\"\"><\/td>\n                    <td style=\"\"><\/td>\n                    <td style=\"\"><\/td>\n            <\/tr>\n            <tr id=\"table_2_row_47\">\n                    <td style=\"\">2020.09.28<\/td>\n                    <td style=\"\"><a href='https:\/\/coub.com\/' rel=' nofollow ' target='_blank'>https:\/\/coub.com\/<\/a><\/td>\n                    <td style=\"\"><\/td>\n                    <td style=\"\">D\u00far\u00f3 D\u00f3ra kinyomtatja a Meseorsz\u00e1g mindenki\u00e9 c. k\u00f6nyvet<\/td>\n                    <td style=\"\">egy\u00e9b<\/td>\n                    <td style=\"\"><a href='https:\/\/coub.com\/view\/2jsosh' rel=' nofollow ' target='_blank'>https:\/\/coub.com\/view\/2jsosh<\/a><\/td>\n                    <td style=\"\">semleges<\/td>\n                    <td style=\"\"><\/td>\n                    <td style=\"\"><\/td>\n                    <td style=\"\"><\/td>\n                    <td style=\"\">vicc<\/td>\n            <\/tr>\n            <tr id=\"table_2_row_48\">\n                    <td style=\"\">2020.09.28<\/td>\n                    <td style=\"\"><a href='https:\/\/konyvesmagazin.hu\/' rel=' nofollow ' target='_blank'>https:\/\/konyvesmagazin.hu\/<\/a><\/td>\n                    <td style=\"\"><\/td>\n                    <td style=\"\">A gyerekeknek nem a mese k\u00e1ros, hanem az er\u0151szak<\/td>\n                    <td style=\"\">h\u00edr, besz\u00e1mol\u00f3, r\u00f6vid cikk<\/td>\n                    <td style=\"\"><a href='https:\/\/konyvesmagazin.hu\/friss\/meseorszag_mindenkie.html' rel=' nofollow ' target='_blank'>https:\/\/konyvesmagazin.hu\/friss\/meseorszag_mindenkie.html<\/a><\/td>\n                    <td style=\"\">pozit\u00edv<\/td>\n                    <td style=\"\"><\/td>\n                    <td style=\"\"><\/td>\n                    <td style=\"\"><\/td>\n                    <td style=\"\"><\/td>\n            <\/tr>\n            <tr id=\"table_2_row_49\">\n                    <td style=\"\">2020.09.28<\/td>\n                    <td style=\"\"><a href='https:\/\/24.hu\/' rel=' nofollow ' target='_blank'>https:\/\/24.hu\/<\/a><\/td>\n                    <td style=\"\"><\/td>\n                    <td style=\"\">R\u00e1sk\u00f3 Eszter megmutatta, hogy am\u00fagy nagyon sok mese el\u00e9g para<\/td>\n                    <td style=\"\">egy\u00e9b<\/td>\n                    <td style=\"\"><a href='https:\/\/24.hu\/szorakozas\/2020\/09\/28\/rasko-eszter-duro-dora-mesekonyv-daralas' rel=' nofollow ' target='_blank'>https:\/\/24.hu\/szorakozas\/2020\/09\/28\/rasko-eszter-duro-dora-mesekonyv-daralas<\/a><\/td>\n                    <td style=\"\">pozit\u00edv<\/td>\n                    <td style=\"\"><\/td>\n                    <td style=\"\"><\/td>\n                    <td style=\"\"><\/td>\n                    <td style=\"\"><\/td>\n            <\/tr>\n            <tr id=\"table_2_row_50\">\n                    <td style=\"\">2020.09.28<\/td>\n                    <td style=\"\"><a href='http:\/\/www.kulter.hu\/' rel=' nofollow ' target='_blank'>http:\/\/www.kulter.hu\/<\/a><\/td>\n                    <td style=\"\"><\/td>\n                    <td style=\"\">El a kezekkel a k\u00f6nzvekt\u0151l!<\/td>\n                    <td style=\"\">h\u00edr, besz\u00e1mol\u00f3, r\u00f6vid cikk<\/td>\n                    <td style=\"\"><a href='http:\/\/www.kulter.hu\/2020\/09\/el-a-kezekkel-a-konyvektol\/' rel=' nofollow ' target='_blank'>http:\/\/www.kulter.hu\/2020\/09\/el-a-kezekkel-a-konyvektol\/<\/a><\/td>\n                    <td style=\"\">pozit\u00edv<\/td>\n                    <td style=\"\"><\/td>\n                    <td style=\"\"><\/td>\n                    <td style=\"\"><\/td>\n                    <td style=\"\"><\/td>\n            <\/tr>\n            <tr id=\"table_2_row_51\">\n                    <td style=\"\">2020.09.28<\/td>\n                    <td style=\"\"><a href='https:\/\/nyugatifeny.hu\/' rel=' nofollow ' target='_blank'>https:\/\/nyugatifeny.hu\/<\/a><\/td>\n                    <td style=\"\"><\/td>\n                    <td style=\"\">Az elad\u00e1si  toplista els\u0151 hely\u00e9re ugrott a mesek\u00f6nyv, amit D\u00far\u00f3 D\u00f3ra  ledar\u00e1lt<\/td>\n                    <td style=\"\">egy\u00e9b<\/td>\n                    <td style=\"\"><a href='https:\/\/nyugatifeny.hu\/2020\/09\/28\/hatalmas-siker-az-eladasi-toplista-elso-helyere-kerult-a-mesekonyv-amit-duro-dora-ledaralt' rel=' nofollow ' target='_blank'>https:\/\/nyugatifeny.hu\/2020\/09\/28\/hatalmas-siker-az-eladasi-toplista-elso-helyere-kerult-a-mesekonyv-amit-duro-dora-ledaralt<\/a><\/td>\n                    <td style=\"\">pozit\u00edv<\/td>\n                    <td style=\"\"><\/td>\n                    <td style=\"\"><\/td>\n                    <td style=\"\"><\/td>\n                    <td style=\"\"><\/td>\n            <\/tr>\n            <tr id=\"table_2_row_52\">\n                    <td style=\"\">2020.09.28<\/td>\n                    <td style=\"\"><a href='https:\/\/www.noklapja.hu\/' rel=' nofollow ' target='_blank'>https:\/\/www.noklapja.hu\/<\/a><\/td>\n                    <td style=\"\">Lami Juli<\/td>\n                    <td style=\"\">Meseorsz\u00e1g bez\u00fazva<\/td>\n                    <td style=\"\">publicisztika<\/td>\n                    <td style=\"\"><a href='https:\/\/www.noklapja.hu\/szerintem\/2020\/09\/28\/meseorszeg-mindenkie-velemeny-ajanlo' rel=' nofollow ' target='_blank'>https:\/\/www.noklapja.hu\/szerintem\/2020\/09\/28\/meseorszeg-mindenkie-velemeny-ajanlo<\/a><\/td>\n                    <td style=\"\">pozit\u00edv<\/td>\n                    <td style=\"\"><\/td>\n                    <td style=\"\"><\/td>\n                    <td style=\"\"><\/td>\n                    <td style=\"\"><\/td>\n            <\/tr>\n            <tr id=\"table_2_row_53\">\n                    <td style=\"\">2020.09.28<\/td>\n                    <td style=\"\"><a href='https:\/\/pecsaktual.hu\/' rel=' nofollow ' target='_blank'>https:\/\/pecsaktual.hu\/<\/a><\/td>\n                    <td style=\"\">KaG<\/td>\n                    <td style=\"\">Aber\u00e1lt mesek\u00f6nyvet dar\u00e1lt le D\u00far\u00f3 D\u00f3ra - Fluor kiakadt<\/td>\n                    <td style=\"\">h\u00edr, besz\u00e1mol\u00f3, r\u00f6vid cikk<\/td>\n                    <td style=\"\"><a href='https:\/\/pecsaktual.hu\/arc\/aberralt-mesekonyvet-daralt-le-duro-dora-fluor-kiakadt\/' rel=' nofollow ' target='_blank'>https:\/\/pecsaktual.hu\/arc\/aberralt-mesekonyvet-daralt-le-duro-dora-fluor-kiakadt\/<\/a><\/td>\n                    <td style=\"\">semleges<\/td>\n                    <td style=\"\"><\/td>\n                    <td style=\"\"><\/td>\n                    <td style=\"\"><\/td>\n                    <td style=\"\"><\/td>\n            <\/tr>\n            <tr id=\"table_2_row_54\">\n                    <td style=\"\">2020.09.28<\/td>\n                    <td style=\"\"><a href='https:\/\/egyetemistakmagazinja.hu\/' rel=' nofollow ' target='_blank'>https:\/\/egyetemistakmagazinja.hu\/<\/a><\/td>\n                    <td style=\"\">Ferenczi Fanni 'Fanka<\/td>\n                    <td style=\"\">Meseorsz\u00e1g mindenki\u00e9 \u2013 mi a baj azzal, hogy ezt nem \u00e9rti meg mindenki?<\/td>\n                    <td style=\"\">publicisztika<\/td>\n                    <td style=\"\"><a href='https:\/\/egyetemistakmagazinja.hu\/meseorszag-mindenkie\/' rel=' nofollow ' target='_blank'>https:\/\/egyetemistakmagazinja.hu\/meseorszag-mindenkie\/<\/a><\/td>\n                    <td style=\"\">pozit\u00edv<\/td>\n                    <td style=\"\"><\/td>\n                    <td style=\"\"><\/td>\n                    <td style=\"\"><\/td>\n                    <td style=\"\"><\/td>\n            <\/tr>\n            <tr id=\"table_2_row_55\">\n                    <td style=\"\">2020.09.28<\/td>\n                    <td style=\"\"><a href='https:\/\/www.magyarhirlap.hu\/' rel=' nofollow ' target='_blank'>https:\/\/www.magyarhirlap.hu\/<\/a><\/td>\n                    <td style=\"\">J\u00e1mbor-Miniska Zsejke<\/td>\n                    <td style=\"\">Hamupip\u0151ke nem meleg!<\/td>\n                    <td style=\"\">v\u00e9lem\u00e9ny<\/td>\n                    <td style=\"\"><a href='https:\/\/www.magyarhirlap.hu\/velemeny\/20200928-hamupipoke-nem-meleg' rel=' nofollow ' target='_blank'>https:\/\/www.magyarhirlap.hu\/velemeny\/20200928-hamupipoke-nem-meleg<\/a><\/td>\n                    <td style=\"\">negat\u00edv<\/td>\n                    <td style=\"\"><\/td>\n                    <td style=\"\"><\/td>\n                    <td style=\"\"><\/td>\n                    <td style=\"\"><\/td>\n            <\/tr>\n            <tr id=\"table_2_row_56\">\n                    <td style=\"\">2020.09.28<\/td>\n                    <td style=\"\"><a href='https:\/\/magyarjelen.hu\/' rel=' nofollow ' target='_blank'>https:\/\/magyarjelen.hu\/<\/a><\/td>\n                    <td style=\"\">Ir\u00e1nyi D\u00e1niel<\/td>\n                    <td style=\"\">Meseorsz\u00e1g mindenki\u00e9: a Pagony k\u00f6nyvkiad\u00f3 is megsz\u00f3lalt<\/td>\n                    <td style=\"\">h\u00edr, besz\u00e1mol\u00f3, r\u00f6vid cikk<\/td>\n                    <td style=\"\"><a href='https:\/\/magyarjelen.hu\/meseorszag-mindenkie-a-pagony-konyvkiado-is-megszolalt\/' rel=' nofollow ' target='_blank'>https:\/\/magyarjelen.hu\/meseorszag-mindenkie-a-pagony-konyvkiado-is-megszolalt\/<\/a><\/td>\n                    <td style=\"\">negat\u00edv<\/td>\n                    <td style=\"\"><\/td>\n                    <td style=\"\"><\/td>\n                    <td style=\"\"><\/td>\n                    <td style=\"\"><\/td>\n            <\/tr>\n            <tr id=\"table_2_row_57\">\n                    <td style=\"\">2020.09.28<\/td>\n                    <td style=\"\"><a href='https:\/\/www.facebook.com\/' rel=' nofollow ' target='_blank'>https:\/\/www.facebook.com\/<\/a><\/td>\n                    <td style=\"\">T\u00f3th Vera<\/td>\n                    <td style=\"\"><\/td>\n                    <td style=\"\">celeb-megsz\u00f3lal\u00e1s<\/td>\n                    <td style=\"\"><a href='https:\/\/www.facebook.com\/tothverabook\/posts\/3517138138307823\/' rel=' nofollow ' target='_blank'>https:\/\/www.facebook.com\/tothverabook\/posts\/3517138138307823\/<\/a><\/td>\n                    <td style=\"\">pozit\u00edv<\/td>\n                    <td style=\"\"><\/td>\n                    <td style=\"\"><\/td>\n                    <td style=\"\"><\/td>\n                    <td style=\"\"><\/td>\n            <\/tr>\n            <tr id=\"table_2_row_58\">\n                    <td style=\"\">2020.09.28<\/td>\n                    <td style=\"\"><a href='https:\/\/velvet.hu\/' rel=' nofollow ' target='_blank'>https:\/\/velvet.hu\/<\/a><\/td>\n                    <td style=\"\">Gyulai Bence<\/td>\n                    <td style=\"\">\u201eNem tudom elk\u00e9pzelni, hogy a gyerek\u00e9nek szeret\u0151 k\u00f6rnyezetet tud biztos\u00edtani\u201d \u2013 h\u00edress\u00e9gek a mesek\u00f6nyvdar\u00e1l\u00f3s botr\u00e1nyr\u00f3l<\/td>\n                    <td style=\"\">h\u00edr, besz\u00e1mol\u00f3, r\u00f6vid cikk<\/td>\n                    <td style=\"\"><a href='https:\/\/velvet.hu\/gumicukor\/2020\/09\/28\/duro_dora_homofob_reakcio\/' rel=' nofollow ' target='_blank'>https:\/\/velvet.hu\/gumicukor\/2020\/09\/28\/duro_dora_homofob_reakcio\/<\/a><\/td>\n                    <td style=\"\">pozit\u00edv<\/td>\n                    <td style=\"\"><\/td>\n                    <td style=\"\"><\/td>\n                    <td style=\"\"><\/td>\n                    <td style=\"\"><\/td>\n            <\/tr>\n            <tr id=\"table_2_row_59\">\n                    <td style=\"\">2020.09.29<\/td>\n                    <td style=\"\"><a href='https:\/\/hungarytoday.hu\/' rel=' nofollow ' target='_blank'>https:\/\/hungarytoday.hu\/<\/a><\/td>\n                    <td style=\"\">\u00c1brah\u00e1m Vass<\/td>\n                    <td style=\"\">Mi Haz\u00e1nk Politician Rips \u2018Homosexual Propaganda Children\u2019s Book\u2019 Apart, Reminds Publishers of Nazi Book Burnings<\/td>\n                    <td style=\"\">h\u00edr, besz\u00e1mol\u00f3, r\u00f6vid cikk<\/td>\n                    <td style=\"\"><a href='https:\/\/hungarytoday.hu\/mi-hazank-duro-homosexual-propaganda-childrens-book-nazi-burning\/' rel=' nofollow ' target='_blank'>https:\/\/hungarytoday.hu\/mi-hazank-duro-homosexual-propaganda-childrens-book-nazi-burning\/<\/a><\/td>\n                    <td style=\"\">pozit\u00edv<\/td>\n                    <td style=\"\"><\/td>\n                    <td style=\"\">igen<\/td>\n                    <td style=\"\">angol<\/td>\n                    <td style=\"\"><\/td>\n            <\/tr>\n            <tr id=\"table_2_row_60\">\n                    <td style=\"\">2020.09.29<\/td>\n                    <td style=\"\"><a href='https:\/\/contextus.hu\/' rel=' nofollow ' target='_blank'>https:\/\/contextus.hu\/<\/a><\/td>\n                    <td style=\"\"><\/td>\n                    <td style=\"\">Fluor Tomi: \"Most k\u00f6nyvet \u00e9get\u00fcnk, j\u00f6v\u0151 h\u00e9ten akasztani fogunk?\"<\/td>\n                    <td style=\"\">h\u00edr, besz\u00e1mol\u00f3, r\u00f6vid cikk<\/td>\n                    <td style=\"\"><a href='https:\/\/contextus.hu\/fluor-tomi-duro-dora-meseorszag-mindenkie-mesekonyv\/' rel=' nofollow ' target='_blank'>https:\/\/contextus.hu\/fluor-tomi-duro-dora-meseorszag-mindenkie-mesekonyv\/<\/a><\/td>\n                    <td style=\"\">pozit\u00edv<\/td>\n                    <td style=\"\"><\/td>\n                    <td style=\"\"><\/td>\n                    <td style=\"\"><\/td>\n                    <td style=\"\"><\/td>\n            <\/tr>\n            <tr id=\"table_2_row_61\">\n                    <td style=\"\">2020.09.29<\/td>\n                    <td style=\"\"><a href='https:\/\/www.facebook.com\/' rel=' nofollow ' target='_blank'>https:\/\/www.facebook.com\/<\/a><\/td>\n                    <td style=\"\">Nem tehetsz r\u00f3la tehetsz ellene<\/td>\n                    <td style=\"\"><\/td>\n                    <td style=\"\">h\u00edr, besz\u00e1mol\u00f3, r\u00f6vid cikk<\/td>\n                    <td style=\"\"><a href='https:\/\/www.facebook.com\/anemaznem\/photos\/a.310987735769886\/1448496825352299\/' rel=' nofollow ' target='_blank'>https:\/\/www.facebook.com\/anemaznem\/photos\/a.310987735769886\/1448496825352299\/<\/a><\/td>\n                    <td style=\"\">pozit\u00edv<\/td>\n                    <td style=\"\">fb<\/td>\n                    <td style=\"\"><\/td>\n                    <td style=\"\"><\/td>\n                    <td style=\"\"><\/td>\n            <\/tr>\n            <tr id=\"table_2_row_62\">\n                    <td style=\"\">2020.09.29<\/td>\n                    <td style=\"\"><a href='https:\/\/twitter.com\/' rel=' nofollow ' target='_blank'>https:\/\/twitter.com\/<\/a><\/td>\n                    <td style=\"\">Dr. Pam Alldred<\/td>\n                    <td style=\"\"><\/td>\n                    <td style=\"\">egy\u00e9b<\/td>\n                    <td style=\"\"><a href='https:\/\/twitter.com\/AllPam\/status\/1310918942722990080\/photo\/1' rel=' nofollow ' target='_blank'>https:\/\/twitter.com\/AllPam\/status\/1310918942722990080\/photo\/1<\/a><\/td>\n                    <td style=\"\">pozit\u00edv<\/td>\n                    <td style=\"\">twitter<\/td>\n                    <td style=\"\"><\/td>\n                    <td style=\"\"><\/td>\n                    <td style=\"\"><\/td>\n            <\/tr>\n            <tr id=\"table_2_row_63\">\n                    <td style=\"\">2020.09.29<\/td>\n                    <td style=\"\"><a href='https:\/\/noizz.hu\/' rel=' nofollow ' target='_blank'>https:\/\/noizz.hu\/<\/a><\/td>\n                    <td style=\"\">M\u00e9sz\u00e1ros Eszter<\/td>\n                    <td style=\"\">D\u00far\u00f3 D\u00f3ra nem k\u00e9r bocs\u00e1natot a k\u00f6nyvdar\u00e1l\u00e1s\u00e9rt; a mesek\u00f6nyv az elad\u00e1si lista tetej\u00e9re ker\u00fclt<\/td>\n                    <td style=\"\">h\u00edr, besz\u00e1mol\u00f3, r\u00f6vid cikk<\/td>\n                    <td style=\"\"><a href='https:\/\/noizz.hu\/most\/duro-dora-nem-ker-bocsanatot-a-konyvdaralasert-a-mesekonyv-az-eladasi-lista-tetejere\/73ljvyk' rel=' nofollow ' target='_blank'>https:\/\/noizz.hu\/most\/duro-dora-nem-ker-bocsanatot-a-konyvdaralasert-a-mesekonyv-az-eladasi-lista-tetejere\/73ljvyk<\/a><\/td>\n                    <td style=\"\">negat\u00edv<\/td>\n                    <td style=\"\"><\/td>\n                    <td style=\"\"><\/td>\n                    <td style=\"\"><\/td>\n                    <td style=\"\"><\/td>\n            <\/tr>\n            <tr id=\"table_2_row_64\">\n                    <td style=\"\">2020.09.29<\/td>\n                    <td style=\"\"><a href='https:\/\/wmn.hu\/' rel=' nofollow ' target='_blank'>https:\/\/wmn.hu\/<\/a><\/td>\n                    <td style=\"\">Both Gabi<\/td>\n                    <td style=\"\">Meseorsz\u00e1g az\u00e9, aki ledar\u00e1lja?- A tolerancia nem azt jelenti, hogy elfogadjuk a gy\u0171l\u00f6lk\u00f6d\u00e9st<\/td>\n                    <td style=\"\">egy\u00e9b<\/td>\n                    <td style=\"\"><a href='https:\/\/wmn.hu\/ugy\/53649-meseorszag-aze-aki-ledaralja--a-tolerancia-nem-azt-jelenti-hogy-elfogadjuk-a-gyulolkodest' rel=' nofollow ' target='_blank'>https:\/\/wmn.hu\/ugy\/53649-meseorszag-aze-aki-ledaralja--a-tolerancia-nem-azt-jelenti-hogy-elfogadjuk-a-gyulolkodest<\/a><\/td>\n                    <td style=\"\">pozit\u00edv<\/td>\n                    <td style=\"\"><\/td>\n                    <td style=\"\"><\/td>\n                    <td style=\"\"><\/td>\n                    <td style=\"\"><\/td>\n            <\/tr>\n            <tr id=\"table_2_row_65\">\n                    <td style=\"\">2020.09.29<\/td>\n                    <td style=\"\"><a href='https:\/\/24.hu\/' rel=' nofollow ' target='_blank'>https:\/\/24.hu\/<\/a><\/td>\n                    <td style=\"\">Bodn\u00e1r Judit Lola<\/td>\n                    <td style=\"\">D\u00far\u00f3 D\u00f3ra a sikerlista \u00e9l\u00e9re dar\u00e1lta a Meseorsz\u00e1g mindenki\u00e9 k\u00f6tetet, el is fogyott<\/td>\n                    <td style=\"\">h\u00edr, besz\u00e1mol\u00f3, r\u00f6vid cikk<\/td>\n                    <td style=\"\"><a href='https:\/\/24.hu\/kultura\/2020\/09\/29\/duro-dora-meseorszag-mindenkie-mesekonyv-sikerlista-elorendeles' rel=' nofollow ' target='_blank'>https:\/\/24.hu\/kultura\/2020\/09\/29\/duro-dora-meseorszag-mindenkie-mesekonyv-sikerlista-elorendeles<\/a><\/td>\n                    <td style=\"\">semleges<\/td>\n                    <td style=\"\"><\/td>\n                    <td style=\"\"><\/td>\n                    <td style=\"\"><\/td>\n                    <td style=\"\"><\/td>\n            <\/tr>\n            <tr id=\"table_2_row_66\">\n                    <td style=\"\">2020.09.29<\/td>\n                    <td style=\"\"><a href='https:\/\/index.hu\/' rel=' nofollow ' target='_blank'>https:\/\/index.hu\/<\/a><\/td>\n                    <td style=\"\">Szalai Szabolcs<\/td>\n                    <td style=\"\">D\u00far\u00f3 D\u00f3ra a k\u00f6nyvdar\u00e1l\u00e1sr\u00f3l: Az \u00e1lland\u00f3 n\u00e1ciz\u00e1s m\u00e1r unalmas<\/td>\n                    <td style=\"\">h\u00edr, besz\u00e1mol\u00f3, r\u00f6vid cikk<\/td>\n                    <td style=\"\"><a href='https:\/\/index.hu\/belfold\/2020\/09\/29\/duro-dora-mesekonyv-homoszexualitas\/' rel=' nofollow ' target='_blank'>https:\/\/index.hu\/belfold\/2020\/09\/29\/duro-dora-mesekonyv-homoszexualitas\/<\/a><\/td>\n                    <td style=\"\">semleges<\/td>\n                    <td style=\"\"><\/td>\n                    <td style=\"\"><\/td>\n                    <td style=\"\"><\/td>\n                    <td style=\"\"><\/td>\n            <\/tr>\n            <tr id=\"table_2_row_67\">\n                    <td style=\"\">2020.09.29<\/td>\n                    <td style=\"\"><a href='https:\/\/magyarnarancs.hu\/' rel=' nofollow ' target='_blank'>https:\/\/magyarnarancs.hu\/<\/a><\/td>\n                    <td style=\"\"><\/td>\n                    <td style=\"\">Sikerlista \u00e9l\u00e9re ugrott a k\u00f6nyv, amit D\u00far\u00f3 D\u00f3ra ledar\u00e1lt<\/td>\n                    <td style=\"\">h\u00edr, besz\u00e1mol\u00f3, r\u00f6vid cikk<\/td>\n                    <td style=\"\"><a href='https:\/\/magyarnarancs.hu\/belpol\/sikerlista-elere-ugrott-a-konyv-amit-duro-dora-ledaralt-133562' rel=' nofollow ' target='_blank'>https:\/\/magyarnarancs.hu\/belpol\/sikerlista-elere-ugrott-a-konyv-amit-duro-dora-ledaralt-133562<\/a><\/td>\n                    <td style=\"\">semleges<\/td>\n                    <td style=\"\"><\/td>\n                    <td style=\"\"><\/td>\n                    <td style=\"\"><\/td>\n                    <td style=\"\"><\/td>\n            <\/tr>\n            <tr id=\"table_2_row_68\">\n                    <td style=\"\">2020.09.29<\/td>\n                    <td style=\"\"><a href='https:\/\/olvassbele.com\/' rel=' nofollow ' target='_blank'>https:\/\/olvassbele.com\/<\/a><\/td>\n                    <td style=\"\"><\/td>\n                    <td style=\"\">Avarbarna, Trivadar, Batbaj\u00e1n \u00e9s a t\u00f6bbiek | Meseorsz\u00e1g mindenki\u00e9<\/td>\n                    <td style=\"\">recenzi\u00f3<\/td>\n                    <td style=\"\"><a href='https:\/\/olvassbele.com\/2020\/09\/29\/avarbarna-trivadar-batbajan-es-a-tobbiek-meseorszag-mindenkie\/' rel=' nofollow ' target='_blank'>https:\/\/olvassbele.com\/2020\/09\/29\/avarbarna-trivadar-batbajan-es-a-tobbiek-meseorszag-mindenkie\/<\/a><\/td>\n                    <td style=\"\">pozit\u00edv<\/td>\n                    <td style=\"\"><\/td>\n                    <td style=\"\"><\/td>\n                    <td style=\"\"><\/td>\n                    <td style=\"\"><\/td>\n            <\/tr>\n            <tr id=\"table_2_row_69\">\n                    <td style=\"\">2020.09.29<\/td>\n                    <td style=\"\"><a href='https:\/\/nlc.hu\/' rel=' nofollow ' target='_blank'>https:\/\/nlc.hu\/<\/a><\/td>\n                    <td style=\"\">Nem\u00e9nyi M\u00e1rton<\/td>\n                    <td style=\"\">Hamupip\u0151ke nemcsak fi\u00fa, meleg is \u2013 elolvastuk a Meseorsz\u00e1g mindenki\u00e9 c\u00edm\u0171 k\u00f6nyvet<\/td>\n                    <td style=\"\">publicisztika<\/td>\n                    <td style=\"\"><a href='https:\/\/nlc.hu\/baba\/20200929\/meseorszag-mindenkie-kritika\/' rel=' nofollow ' target='_blank'>https:\/\/nlc.hu\/baba\/20200929\/meseorszag-mindenkie-kritika\/<\/a><\/td>\n                    <td style=\"\">pozit\u00edv<\/td>\n                    <td style=\"\"><\/td>\n                    <td style=\"\"><\/td>\n                    <td style=\"\"><\/td>\n                    <td style=\"\"><\/td>\n            <\/tr>\n            <tr id=\"table_2_row_70\">\n                    <td style=\"\">2020.09.29<\/td>\n                    <td style=\"\"><a href='https:\/\/gay.hu\/' rel=' nofollow ' target='_blank'>https:\/\/gay.hu\/<\/a><\/td>\n                    <td style=\"\"><\/td>\n                    <td style=\"\">D\u00far\u00f3 D\u00f3ra a sikerlista \u00e9l\u00e9re dar\u00e1lta a Meseorsz\u00e1g mindenki\u00e9 k\u00f6tetet, el is fogyott<\/td>\n                    <td style=\"\">h\u00edr, besz\u00e1mol\u00f3, r\u00f6vid cikk<\/td>\n                    <td style=\"\"><a href='https:\/\/gay.hu\/2020\/09\/29\/duro-dora-a-sikerlista-elere-daralta-a-meseorszag-mindenkie-kotetet-el-is-fogyott' rel=' nofollow ' target='_blank'>https:\/\/gay.hu\/2020\/09\/29\/duro-dora-a-sikerlista-elere-daralta-a-meseorszag-mindenkie-kotetet-el-is-fogyott<\/a><\/td>\n                    <td style=\"\">semleges<\/td>\n                    <td style=\"\"><\/td>\n                    <td style=\"\"><\/td>\n                    <td style=\"\"><\/td>\n                    <td style=\"\"><\/td>\n            <\/tr>\n            <tr id=\"table_2_row_71\">\n                    <td style=\"\">2020.09.29<\/td>\n                    <td style=\"\"><a href='https:\/\/szeged.hu\/' rel=' nofollow ' target='_blank'>https:\/\/szeged.hu\/<\/a><\/td>\n                    <td style=\"\">Garai Szak\u00e1cs L\u00e1szl\u00f3<\/td>\n                    <td style=\"\">Garai Szak\u00e1cs L\u00e1szl\u00f3: Meseorsz\u00e1g t\u00e9nyleg mindenki\u00e9 lett, de ehhez kellett D\u00far\u00f3 D\u00f3ra v\u00e9gtelen ostobas\u00e1ga is<\/td>\n                    <td style=\"\">h\u00edr, besz\u00e1mol\u00f3, r\u00f6vid cikk<\/td>\n                    <td style=\"\"><a href='https:\/\/szeged.hu\/hirek\/37392\/garai-szakacs-laszlo-meseorszag-tenyleg-mindenkie-lett-de-ehhez-kellett-duro-dora-vegtelen-ostobasaga-is' rel=' nofollow ' target='_blank'>https:\/\/szeged.hu\/hirek\/37392\/garai-szakacs-laszlo-meseorszag-tenyleg-mindenkie-lett-de-ehhez-kellett-duro-dora-vegtelen-ostobasaga-is<\/a><\/td>\n                    <td style=\"\">pozit\u00edv<\/td>\n                    <td style=\"\"><\/td>\n                    <td style=\"\"><\/td>\n                    <td style=\"\"><\/td>\n                    <td style=\"\"><\/td>\n            <\/tr>\n            <tr id=\"table_2_row_72\">\n                    <td style=\"\">2020.09.29<\/td>\n                    <td style=\"\"><a href='https:\/\/www.facebook.com\/' rel=' nofollow ' target='_blank'>https:\/\/www.facebook.com\/<\/a><\/td>\n                    <td style=\"\">Sebesty\u00e9n Eszter<\/td>\n                    <td style=\"\">Mese<\/td>\n                    <td style=\"\">FB-poszt<\/td>\n                    <td style=\"\"><a href='https:\/\/www.facebook.com\/SebestyenEszterPszichologus\/posts\/1294407040896391' rel=' nofollow ' target='_blank'>https:\/\/www.facebook.com\/SebestyenEszterPszichologus\/posts\/1294407040896391<\/a><\/td>\n                    <td style=\"\">pozit\u00edv<\/td>\n                    <td style=\"\"><\/td>\n                    <td style=\"\"><\/td>\n                    <td style=\"\"><\/td>\n                    <td style=\"\"><\/td>\n            <\/tr>\n            <tr id=\"table_2_row_73\">\n                    <td style=\"\">2020.09.29<\/td>\n                    <td style=\"\"><a href='https:\/\/www.penzcentrum.hu\/' rel=' nofollow ' target='_blank'>https:\/\/www.penzcentrum.hu\/<\/a><\/td>\n                    <td style=\"\"><\/td>\n                    <td style=\"\">J\u00f3l siker\u00fclt D\u00far\u00f3 D\u00f3ra dar\u00e1l\u00e1sa: a sikerlist\u00e1k \u00e9l\u00e9n a Meseorsz\u00e1g mindenki\u00e9!<\/td>\n                    <td style=\"\">h\u00edr, besz\u00e1mol\u00f3, r\u00f6vid cikk<\/td>\n                    <td style=\"\"><a href='https:\/\/www.penzcentrum.hu\/otthon\/jol-sikerult-duro-dora-daralasa-a-sikerlistak-elen-a-meseorszag-mindenkie.1103334.html' rel=' nofollow ' target='_blank'>https:\/\/www.penzcentrum.hu\/otthon\/jol-sikerult-duro-dora-daralasa-a-sikerlistak-elen-a-meseorszag-mindenkie.1103334.html<\/a><\/td>\n                    <td style=\"\">pozit\u00edv<\/td>\n                    <td style=\"\"><\/td>\n                    <td style=\"\"><\/td>\n                    <td style=\"\"><\/td>\n                    <td style=\"\"><\/td>\n            <\/tr>\n            <tr id=\"table_2_row_74\">\n                    <td style=\"\">2020.09.29<\/td>\n                    <td style=\"\"><a href='https:\/\/propeller.hu\/' rel=' nofollow ' target='_blank'>https:\/\/propeller.hu\/<\/a><\/td>\n                    <td style=\"\"><\/td>\n                    <td style=\"\">Elkapkodt\u00e1k a Meseorsz\u00e1g mindenki\u00e9 c\u00edm\u0171 mesek\u00f6nyvet, amit kor\u00e1bban D\u00far\u00f3 D\u00f3ra nyilv\u00e1nosan ledar\u00e1lt<\/td>\n                    <td style=\"\">h\u00edr, besz\u00e1mol\u00f3, r\u00f6vid cikk<\/td>\n                    <td style=\"\"><a href='https:\/\/propeller.hu\/itthon\/3580720-elkapkodtak-meseorszag-mindenkie-cimu-mesekonyvet-amit-korabban-duro' rel=' nofollow ' target='_blank'>https:\/\/propeller.hu\/itthon\/3580720-elkapkodtak-meseorszag-mindenkie-cimu-mesekonyvet-amit-korabban-duro<\/a><\/td>\n                    <td style=\"\">semleges<\/td>\n                    <td style=\"\"><\/td>\n                    <td style=\"\"><\/td>\n                    <td style=\"\"><\/td>\n                    <td style=\"\"><\/td>\n            <\/tr>\n            <tr id=\"table_2_row_75\">\n                    <td style=\"\">2020.09.29<\/td>\n                    <td style=\"\"><a href='https:\/\/www.televizio.sk\/' rel=' nofollow ' target='_blank'>https:\/\/www.televizio.sk\/<\/a><\/td>\n                    <td style=\"\"><\/td>\n                    <td style=\"\">Meseorsz\u00e1g mindenki\u00e9<\/td>\n                    <td style=\"\">vide\u00f3<\/td>\n                    <td style=\"\"><a href='https:\/\/www.televizio.sk\/2020\/09\/meseorszag-mindenkie\/' rel=' nofollow ' target='_blank'>https:\/\/www.televizio.sk\/2020\/09\/meseorszag-mindenkie\/<\/a><\/td>\n                    <td style=\"\">semleges<\/td>\n                    <td style=\"\"><\/td>\n                    <td style=\"\"><\/td>\n                    <td style=\"\"><\/td>\n                    <td style=\"\">(a bemutat\u00f3 felv\u00e9tel\u00e9nek megoszt\u00e1sa)<\/td>\n            <\/tr>\n            <tr id=\"table_2_row_76\">\n                    <td style=\"\">2020.09.29<\/td>\n                    <td style=\"\"><a href='https:\/\/magyarnemzet.hu\/' rel=' nofollow ' target='_blank'>https:\/\/magyarnemzet.hu\/<\/a><\/td>\n                    <td style=\"\">Elek Nikoletta<\/td>\n                    <td style=\"\">K\u00f6zel 70 ezren tiltakoznak az LMBTQ-mesek\u00f6nyv terjeszt\u00e9se ellen<\/td>\n                    <td style=\"\">h\u00edr, r\u00f6vid cikk<\/td>\n                    <td style=\"\"><a href='https:\/\/magyarnemzet.hu\/belfold\/kozel-70-ezren-tiltakoznak-az-lmbtq-mesekonyv-terjesztese-ellen-8734956\/' rel=' nofollow ' target='_blank'>https:\/\/magyarnemzet.hu\/belfold\/kozel-70-ezren-tiltakoznak-az-lmbtq-mesekonyv-terjesztese-ellen-8734956\/<\/a><\/td>\n                    <td style=\"\">negat\u00edv<\/td>\n                    <td style=\"\"><\/td>\n                    <td style=\"\"><\/td>\n                    <td style=\"\"><\/td>\n                    <td style=\"\"><\/td>\n            <\/tr>\n            <tr id=\"table_2_row_77\">\n                    <td style=\"\">2020.09.29<\/td>\n                    <td style=\"\"><a href='https:\/\/hirado.hu\/' rel=' nofollow ' target='_blank'>https:\/\/hirado.hu\/<\/a><\/td>\n                    <td style=\"\"><\/td>\n                    <td style=\"\">Szavazhat: \u00d6n szerint van-e helye az LMBTQ-mesek\u00f6nyveknek a gyerekszob\u00e1kban?<\/td>\n                    <td style=\"\">h\u00edr, r\u00f6vid cikk<\/td>\n                    <td style=\"\"><a href='https:\/\/hirado.hu\/belfold\/kozelet\/cikk\/2020\/09\/29\/szavazhat-on-szerint-van-e-helye-az-lmbtq-mesekonyveknek-a-gyerekszobakban' rel=' nofollow ' target='_blank'>https:\/\/hirado.hu\/belfold\/kozelet\/cikk\/2020\/09\/29\/szavazhat-on-szerint-van-e-helye-az-lmbtq-mesekonyveknek-a-gyerekszobakban<\/a><\/td>\n                    <td style=\"\">negat\u00edv<\/td>\n                    <td style=\"\"><\/td>\n                    <td style=\"\"><\/td>\n                    <td style=\"\"><\/td>\n                    <td style=\"\"><\/td>\n            <\/tr>\n            <tr id=\"table_2_row_78\">\n                    <td style=\"\">2020.09.29<\/td>\n                    <td style=\"\"><a href='https:\/\/www.youtube.com\/' rel=' nofollow ' target='_blank'>https:\/\/www.youtube.com\/<\/a><\/td>\n                    <td style=\"\">Zsohwtime<\/td>\n                    <td style=\"\">D\u00far\u00f3 D\u00f3r\u00e1val dar\u00e1ltam d\u00fch\u00f6mben! A meg\u00e9lhet\u00e9si gy\u0171l\u00f6let<\/td>\n                    <td style=\"\">vide\u00f3<\/td>\n                    <td style=\"\"><a href='https:\/\/www.youtube.com\/watch?v=afBlWGka4TI' rel=' nofollow ' target='_blank'>https:\/\/www.youtube.com\/watch?v=afBlWGka4TI<\/a><\/td>\n                    <td style=\"\">pozit\u00edv<\/td>\n                    <td style=\"\">youtube<\/td>\n                    <td style=\"\"><\/td>\n                    <td style=\"\"><\/td>\n                    <td style=\"\"><\/td>\n            <\/tr>\n            <tr id=\"table_2_row_79\">\n                    <td style=\"\">2020.09.29<\/td>\n                    <td style=\"\"><a href='https:\/\/www.youtube.com\/' rel=' nofollow ' target='_blank'>https:\/\/www.youtube.com\/<\/a><\/td>\n                    <td style=\"\">Vega Gina<\/td>\n                    <td style=\"\">Meseorsz\u00e1g mindenki\u00e9!!!<\/td>\n                    <td style=\"\">vide\u00f3<\/td>\n                    <td style=\"\"><a href='https:\/\/www.youtube.com\/watch?v=v_-e1z2KxnE' rel=' nofollow ' target='_blank'>https:\/\/www.youtube.com\/watch?v=v_-e1z2KxnE<\/a><\/td>\n                    <td style=\"\">pozit\u00edv<\/td>\n                    <td style=\"\">youtube<\/td>\n                    <td style=\"\"><\/td>\n                    <td style=\"\"><\/td>\n                    <td style=\"\"><\/td>\n            <\/tr>\n            <tr id=\"table_2_row_80\">\n                    <td style=\"\">2020.09.29<\/td>\n                    <td style=\"\"><a href='https:\/\/youtu.be\/' rel=' nofollow ' target='_blank'>https:\/\/youtu.be\/<\/a><\/td>\n                    <td style=\"\">f\u00f3kuszcsoport<\/td>\n                    <td style=\"\">Adok \u00e9n nektek MELEGPROPAGAND\u00c1T!<\/td>\n                    <td style=\"\">vide\u00f3<\/td>\n                    <td style=\"\"><a href='https:\/\/youtu.be\/k7goDy0U9H4' rel=' nofollow ' target='_blank'>https:\/\/youtu.be\/k7goDy0U9H4<\/a><\/td>\n                    <td style=\"\">pozit\u00edv<\/td>\n                    <td style=\"\">youtube<\/td>\n                    <td style=\"\"><\/td>\n                    <td style=\"\"><\/td>\n                    <td style=\"\">f\u00f3kuszcsoport, \u201cmelegpropaganda\u201d<\/td>\n            <\/tr>\n            <tr id=\"table_2_row_81\">\n                    <td style=\"\">2020.09.30<\/td>\n                    <td style=\"\"><a href='https:\/\/dunszt.sk\/' rel=' nofollow ' target='_blank'>https:\/\/dunszt.sk\/<\/a><\/td>\n                    <td style=\"\">Ren\u00e1ta De\u00e1kov\u00e1<\/td>\n                    <td style=\"\">Ruky pre\u010d od kn\u00edh!<\/td>\n                    <td style=\"\">h\u00edr, besz\u00e1mol\u00f3, r\u00f6vid cikk<\/td>\n                    <td style=\"\"><a href='https:\/\/dunszt.sk\/2020\/09\/30\/ruky-prec-od-knih\/' rel=' nofollow ' target='_blank'>https:\/\/dunszt.sk\/2020\/09\/30\/ruky-prec-od-knih\/<\/a><\/td>\n                    <td style=\"\">pozit\u00edv<\/td>\n                    <td style=\"\"><\/td>\n                    <td style=\"\">igen<\/td>\n                    <td style=\"\">szlov\u00e1k<\/td>\n                    <td style=\"\"><\/td>\n            <\/tr>\n            <tr id=\"table_2_row_82\">\n                    <td style=\"\">2020.09.30<\/td>\n                    <td style=\"\"><a href='https:\/\/hvg.hu\/' rel=' nofollow ' target='_blank'>https:\/\/hvg.hu\/<\/a><\/td>\n                    <td style=\"\"><\/td>\n                    <td style=\"\">Fluor: \u201eMost k\u00f6nyvet \u00e9get\u00fcnk, j\u00f6v\u0151 h\u00e9ten akasztani fogunk? Mi a terv?\u201d<\/td>\n                    <td style=\"\">h\u00edr, besz\u00e1mol\u00f3, r\u00f6vid cikk<\/td>\n                    <td style=\"\"><a href='https:\/\/hvg.hu\/elet\/20200928_Fluor_Most_konyvet_egetunk_jovo_heten_akasztani_fogunk_Mi_a_terv' rel=' nofollow ' target='_blank'>https:\/\/hvg.hu\/elet\/20200928_Fluor_Most_konyvet_egetunk_jovo_heten_akasztani_fogunk_Mi_a_terv<\/a><\/td>\n                    <td style=\"\">pozit\u00edv<\/td>\n                    <td style=\"\"><\/td>\n                    <td style=\"\"><\/td>\n                    <td style=\"\"><\/td>\n                    <td style=\"\"><\/td>\n            <\/tr>\n            <tr id=\"table_2_row_83\">\n                    <td style=\"\">2020.09.30<\/td>\n                    <td style=\"\"><a href='https:\/\/ujnepszabadsag.com\/' rel=' nofollow ' target='_blank'>https:\/\/ujnepszabadsag.com\/<\/a><\/td>\n                    <td style=\"\"><\/td>\n                    <td style=\"\">Avarbarna, Trivadar, Batbaj\u00e1n \u00e9s a t\u00f6bbiek \u2013 Meseorsz\u00e1g mindenki<\/td>\n                    <td style=\"\">recenzi\u00f3<\/td>\n                    <td style=\"\"><a href='https:\/\/ujnepszabadsag.com\/2020\/09\/30\/avarbarna-trivadar-batbajan-es-a-tobbiek-meseorszag-mindenkie\/' rel=' nofollow ' target='_blank'>https:\/\/ujnepszabadsag.com\/2020\/09\/30\/avarbarna-trivadar-batbajan-es-a-tobbiek-meseorszag-mindenkie\/<\/a><\/td>\n                    <td style=\"\">pozit\u00edv<\/td>\n                    <td style=\"\"><\/td>\n                    <td style=\"\"><\/td>\n                    <td style=\"\"><\/td>\n                    <td style=\"\"><\/td>\n            <\/tr>\n            <tr id=\"table_2_row_84\">\n                    <td style=\"\">2020.09.30<\/td>\n                    <td style=\"\"><a href='https:\/\/index.hu\/' rel=' nofollow ' target='_blank'>https:\/\/index.hu\/<\/a><\/td>\n                    <td style=\"\">Kitzinger Szongja<\/td>\n                    <td style=\"\">Homoszexu\u00e1lis propaganda vagy a soksz\u00edn\u0171s\u00e9g dics\u00e9rete?<\/td>\n                    <td style=\"\">h\u00edr, besz\u00e1mol\u00f3, r\u00f6vid cikk<\/td>\n                    <td style=\"\"><a href='https:\/\/index.hu\/kultur\/2020\/09\/30\/meseorszag_mindenkie\/' rel=' nofollow ' target='_blank'>https:\/\/index.hu\/kultur\/2020\/09\/30\/meseorszag_mindenkie\/<\/a><\/td>\n                    <td style=\"\">semleges<\/td>\n                    <td style=\"\"><\/td>\n                    <td style=\"\"><\/td>\n                    <td style=\"\"><\/td>\n                    <td style=\"\"><\/td>\n            <\/tr>\n            <tr id=\"table_2_row_85\">\n                    <td style=\"\">2020.09.30<\/td>\n                    <td style=\"\"><a href='https:\/\/www.noklapja.hu\/' rel=' nofollow ' target='_blank'>https:\/\/www.noklapja.hu\/<\/a><\/td>\n                    <td style=\"\">S\u00e1ndor Anna<\/td>\n                    <td style=\"\">A mes\u00e9k mindig is ki\u00e1lltak az elnyomottak mellett<\/td>\n                    <td style=\"\">publicisztika<\/td>\n                    <td style=\"\"><a href='https:\/\/www.noklapja.hu\/szerintem\/2020\/09\/30\/meseorszag-mindenkie-nepmese-mesemondo-mitosz\/' rel=' nofollow ' target='_blank'>https:\/\/www.noklapja.hu\/szerintem\/2020\/09\/30\/meseorszag-mindenkie-nepmese-mesemondo-mitosz\/<\/a><\/td>\n                    <td style=\"\">pozit\u00edv<\/td>\n                    <td style=\"\"><\/td>\n                    <td style=\"\"><\/td>\n                    <td style=\"\"><\/td>\n                    <td style=\"\"><\/td>\n            <\/tr>\n            <tr id=\"table_2_row_86\">\n                    <td style=\"\">2020.09.30<\/td>\n                    <td style=\"\"><a href='https:\/\/jozsefvaros.hu\/' rel=' nofollow ' target='_blank'>https:\/\/jozsefvaros.hu\/<\/a><\/td>\n                    <td style=\"\">Gaal Ilona<\/td>\n                    <td style=\"\">Ki\u00e9 legyen Meseorsz\u00e1g?<\/td>\n                    <td style=\"\">publicisztika<\/td>\n                    <td style=\"\"><a href='https:\/\/jozsefvaros.hu\/hir\/75374\/kie-legyen-meseorszag' rel=' nofollow ' target='_blank'>https:\/\/jozsefvaros.hu\/hir\/75374\/kie-legyen-meseorszag<\/a><\/td>\n                    <td style=\"\">pozit\u00edv<\/td>\n                    <td style=\"\"><\/td>\n                    <td style=\"\"><\/td>\n                    <td style=\"\"><\/td>\n                    <td style=\"\"><\/td>\n            <\/tr>\n            <tr id=\"table_2_row_87\">\n                    <td style=\"\">2020.09.30<\/td>\n                    <td style=\"\"><a href='https:\/\/24.hu\/' rel=' nofollow ' target='_blank'>https:\/\/24.hu\/<\/a><\/td>\n                    <td style=\"\">Farkas Gy\u00f6rgy<\/td>\n                    <td style=\"\">Toroczkai durv\u00e1n r\u00e1rontott a D\u00far\u00f3 D\u00f3r\u00e1t b\u00edr\u00e1l\u00f3 celebekre<\/td>\n                    <td style=\"\">h\u00edr, besz\u00e1mol\u00f3, r\u00f6vid cikk<\/td>\n                    <td style=\"\"><a href='https:\/\/24.hu\/belfold\/2020\/09\/30\/toroczkai-durvan-rarontott-a-duro-dorat-biralo-celebekre\/' rel=' nofollow ' target='_blank'>https:\/\/24.hu\/belfold\/2020\/09\/30\/toroczkai-durvan-rarontott-a-duro-dorat-biralo-celebekre\/<\/a><\/td>\n                    <td style=\"\">semleges<\/td>\n                    <td style=\"\"><\/td>\n                    <td style=\"\"><\/td>\n                    <td style=\"\"><\/td>\n                    <td style=\"\"><\/td>\n            <\/tr>\n            <tr id=\"table_2_row_88\">\n                    <td style=\"\">2020.09.30<\/td>\n                    <td style=\"\"><a href='https:\/\/hvg.hu\/' rel=' nofollow ' target='_blank'>https:\/\/hvg.hu\/<\/a><\/td>\n                    <td style=\"\">T\u00f3ta W. \u00c1rp\u00e1d<\/td>\n                    <td style=\"\">Piroska \u00e9s a n\u00e1cik<\/td>\n                    <td style=\"\">publicisztika<\/td>\n                    <td style=\"\"><a href='https:\/\/hvg.hu\/360\/20200930_Piroska_es_a_nacik' rel=' nofollow ' target='_blank'>https:\/\/hvg.hu\/360\/20200930_Piroska_es_a_nacik<\/a><\/td>\n                    <td style=\"\">pozit\u00edv<\/td>\n                    <td style=\"\"><\/td>\n                    <td style=\"\"><\/td>\n                    <td style=\"\"><\/td>\n                    <td style=\"\"><\/td>\n            <\/tr>\n            <tr id=\"table_2_row_89\">\n                    <td style=\"\">2020.09.30<\/td>\n                    <td style=\"\"><a href='https:\/\/nepszava.hu\/' rel=' nofollow ' target='_blank'>https:\/\/nepszava.hu\/<\/a><\/td>\n                    <td style=\"\"><\/td>\n                    <td style=\"\">Sz\u00ednes mes\u00e9k mindenkinek<\/td>\n                    <td style=\"\">h\u00edr, besz\u00e1mol\u00f3, r\u00f6vid cikk<\/td>\n                    <td style=\"\"><a href='https:\/\/nepszava.hu\/3093780_szines-mesek-mindenkinek' rel=' nofollow ' target='_blank'>https:\/\/nepszava.hu\/3093780_szines-mesek-mindenkinek<\/a><\/td>\n                    <td style=\"\">pozit\u00edv<\/td>\n                    <td style=\"\"><\/td>\n                    <td style=\"\"><\/td>\n                    <td style=\"\"><\/td>\n                    <td style=\"\"><\/td>\n            <\/tr>\n            <tr id=\"table_2_row_90\">\n                    <td style=\"\">2020.09.30<\/td>\n                    <td style=\"\"><a href='https:\/\/www.szeretlekmagyarorszag.hu\/' rel=' nofollow ' target='_blank'>https:\/\/www.szeretlekmagyarorszag.hu\/<\/a><\/td>\n                    <td style=\"\">Petr\u00e1s Lilla<\/td>\n                    <td style=\"\">Vajon kevesebbet \u201eh\u00fclyebuziztunk\u201d volna, ha a magunk gyermeki szintj\u00e9n hallottunk volna meleg meseh\u0151s\u00f6kr\u0151l?<\/td>\n                    <td style=\"\">publicisztika<\/td>\n                    <td style=\"\"><a href='https:\/\/www.szeretlekmagyarorszag.hu\/meseorszag-mindenkie-konyvdaralas-velemeny-duro-dora\/' rel=' nofollow ' target='_blank'>https:\/\/www.szeretlekmagyarorszag.hu\/meseorszag-mindenkie-konyvdaralas-velemeny-duro-dora\/<\/a><\/td>\n                    <td style=\"\">pozit\u00edv<\/td>\n                    <td style=\"\"><\/td>\n                    <td style=\"\"><\/td>\n                    <td style=\"\"><\/td>\n                    <td style=\"\"><\/td>\n            <\/tr>\n            <tr id=\"table_2_row_91\">\n                    <td style=\"\">2020.09.30<\/td>\n                    <td style=\"\"><a href='https:\/\/humenonline.hu\/' rel=' nofollow ' target='_blank'>https:\/\/humenonline.hu\/<\/a><\/td>\n                    <td style=\"\">Waliduda D\u00e1niel<\/td>\n                    <td style=\"\">T\u00fcntet\u00e9st szervez a Meseorsz\u00e1g mindenki\u00e9 miatt a Mi Haz\u00e1nk<\/td>\n                    <td style=\"\">h\u00edr, besz\u00e1mol\u00f3, r\u00f6vid cikk<\/td>\n                    <td style=\"\"><a href='https:\/\/humenonline.hu\/tuntetest-szervez-a-meseorszag-mindenkie-miatt-a-mi-hazank\/' rel=' nofollow ' target='_blank'>https:\/\/humenonline.hu\/tuntetest-szervez-a-meseorszag-mindenkie-miatt-a-mi-hazank\/<\/a><\/td>\n                    <td style=\"\">pozit\u00edv<\/td>\n                    <td style=\"\"><\/td>\n                    <td style=\"\"><\/td>\n                    <td style=\"\"><\/td>\n                    <td style=\"\"><\/td>\n            <\/tr>\n            <tr id=\"table_2_row_92\">\n                    <td style=\"\">2020.09.30<\/td>\n                    <td style=\"\"><a href='https:\/\/marieclaire.hu\/' rel=' nofollow ' target='_blank'>https:\/\/marieclaire.hu\/<\/a><\/td>\n                    <td style=\"\">Bot\u00e1s Enik\u0151<\/td>\n                    <td style=\"\">\u201eEgyik mes\u00e9nk sem b\u00e1tor\u00edtja arra a gyerekeket, hogy legyenek transznem\u0171nek\u201d \u2013 interj\u00fa a Meseorsz\u00e1g mindenki\u00e9 szerkeszt\u0151j\u00e9vel<\/td>\n                    <td style=\"\">interj\u00fa<\/td>\n                    <td style=\"\"><a href='https:\/\/marieclaire.hu\/riporter\/2020\/09\/30\/meseorszag-mindenkie-mesekonyv-labrisz-interju\/' rel=' nofollow ' target='_blank'>https:\/\/marieclaire.hu\/riporter\/2020\/09\/30\/meseorszag-mindenkie-mesekonyv-labrisz-interju\/<\/a><\/td>\n                    <td style=\"\">pozit\u00edv<\/td>\n                    <td style=\"\"><\/td>\n                    <td style=\"\"><\/td>\n                    <td style=\"\"><\/td>\n                    <td style=\"\">Interj\u00fa Nagy Boldizs\u00e1rral<\/td>\n            <\/tr>\n            <tr id=\"table_2_row_93\">\n                    <td style=\"\">2020.09.30<\/td>\n                    <td style=\"\"><a href='https:\/\/dunszt.sk\/' rel=' nofollow ' target='_blank'>https:\/\/dunszt.sk\/<\/a><\/td>\n                    <td style=\"\"><\/td>\n                    <td style=\"\">A B\u00e1zis k\u00f6zlem\u00e9nye A meseorsz\u00e1g mindenki\u00e9 c\u00edm\u0171 k\u00f6nyv megsemmis\u00edt\u00e9s\u00e9r\u0151l<\/td>\n                    <td style=\"\">egy\u00e9b<\/td>\n                    <td style=\"\"><a href='https:\/\/dunszt.sk\/2020\/09\/30\/a-bazis-kozlemenye-a-meseorszag-mindenkie-cimu-konyv-megsemmisiteserol\/' rel=' nofollow ' target='_blank'>https:\/\/dunszt.sk\/2020\/09\/30\/a-bazis-kozlemenye-a-meseorszag-mindenkie-cimu-konyv-megsemmisiteserol\/<\/a><\/td>\n                    <td style=\"\">pozit\u00edv<\/td>\n                    <td style=\"\"><\/td>\n                    <td style=\"\"><\/td>\n                    <td style=\"\"><\/td>\n                    <td style=\"\"><\/td>\n            <\/tr>\n            <tr id=\"table_2_row_94\">\n                    <td style=\"\">2020.09.30<\/td>\n                    <td style=\"\"><a href='https:\/\/www.ohsuli.hu\/' rel=' nofollow ' target='_blank'>https:\/\/www.ohsuli.hu\/<\/a><\/td>\n                    <td style=\"\">szexsuli<\/td>\n                    <td style=\"\">N\u00e9h\u00e1ny mesek\u00f6nyv, hogy nyitott \u00e9s elfogad\u00f3 emberr\u00e9 v\u00e1ljon a gyereked<\/td>\n                    <td style=\"\">h\u00edr, besz\u00e1mol\u00f3, r\u00f6vid cikk<\/td>\n                    <td style=\"\"><a href='https:\/\/www.ohsuli.hu\/2020\/09\/30\/mesekonyv-a-szexualitasrol-meseorszag-mindenkie\/' rel=' nofollow ' target='_blank'>https:\/\/www.ohsuli.hu\/2020\/09\/30\/mesekonyv-a-szexualitasrol-meseorszag-mindenkie\/<\/a><\/td>\n                    <td style=\"\">pozit\u00edv<\/td>\n                    <td style=\"\"><\/td>\n                    <td style=\"\"><\/td>\n                    <td style=\"\"><\/td>\n                    <td style=\"\"><\/td>\n            <\/tr>\n            <tr id=\"table_2_row_95\">\n                    <td style=\"\">2020.09.30<\/td>\n                    <td style=\"\"><a href='https:\/\/kuruc.info\/' rel=' nofollow ' target='_blank'>https:\/\/kuruc.info\/<\/a><\/td>\n                    <td style=\"\"><\/td>\n                    <td style=\"\">Megv\u00e9dj\u00fck az \u00e9desany\u00e1kat az LMBTQP-sz\u00f6rnyekt\u0151l! - Toroczkai t\u00fcntet\u00e9sre h\u00edv<\/td>\n                    <td style=\"\">h\u00edr, r\u00f6vid cikk<\/td>\n                    <td style=\"\"><a href='https:\/\/kuruc.info\/r\/2\/218652\/' rel=' nofollow ' target='_blank'>https:\/\/kuruc.info\/r\/2\/218652\/<\/a><\/td>\n                    <td style=\"\">negat\u00edv<\/td>\n                    <td style=\"\"><\/td>\n                    <td style=\"\"><\/td>\n                    <td style=\"\"><\/td>\n                    <td style=\"\"><\/td>\n            <\/tr>\n            <tr id=\"table_2_row_96\">\n                    <td style=\"\">2020.09.30<\/td>\n                    <td style=\"\"><a href='https:\/\/pestisracok.hu\/' rel=' nofollow ' target='_blank'>https:\/\/pestisracok.hu\/<\/a><\/td>\n                    <td style=\"\"><\/td>\n                    <td style=\"\">Demonstr\u00e1ci\u00f3t szervez a Mi Haz\u00e1nk Mozgalom<\/td>\n                    <td style=\"\">h\u00edr, r\u00f6vid cikk<\/td>\n                    <td style=\"\"><a href='https:\/\/pestisracok.hu\/az-lmbtq-propaganda-ternyerese-ellen-szervez-tuntetest-a-mi-hazank' rel=' nofollow ' target='_blank'>https:\/\/pestisracok.hu\/az-lmbtq-propaganda-ternyerese-ellen-szervez-tuntetest-a-mi-hazank<\/a><\/td>\n                    <td style=\"\">negat\u00edv<\/td>\n                    <td style=\"\"><\/td>\n                    <td style=\"\"><\/td>\n                    <td style=\"\"><\/td>\n                    <td style=\"\"><\/td>\n            <\/tr>\n            <tr id=\"table_2_row_97\">\n                    <td style=\"\">2020.09.30<\/td>\n                    <td style=\"\"><a href='https:\/\/reformatus.hu\/' rel=' nofollow ' target='_blank'>https:\/\/reformatus.hu\/<\/a><\/td>\n                    <td style=\"\">K\u00f6nt\u00f6s L\u00e1szl\u00f3<\/td>\n                    <td style=\"\">Mese<\/td>\n                    <td style=\"\">v\u00e9lem\u00e9ny<\/td>\n                    <td style=\"\"><a href='https:\/\/reformatus.hu\/mediumok\/hirek\/mese\/' rel=' nofollow ' target='_blank'>https:\/\/reformatus.hu\/mediumok\/hirek\/mese\/<\/a><\/td>\n                    <td style=\"\">negat\u00edv<\/td>\n                    <td style=\"\"><\/td>\n                    <td style=\"\"><\/td>\n                    <td style=\"\"><\/td>\n                    <td style=\"\"><\/td>\n            <\/tr>\n            <tr id=\"table_2_row_98\">\n                    <td style=\"\">2020.09.30<\/td>\n                    <td style=\"\"><a href='https:\/\/tibiatya.blogstar.hu\/' rel=' nofollow ' target='_blank'>https:\/\/tibiatya.blogstar.hu\/<\/a><\/td>\n                    <td style=\"\">Tibiatya<\/td>\n                    <td style=\"\">CSILLAGSZEM\u0170 D\u00daR\u00d3 D\u00d3RA \u00c9S MELEG HAMUPIP\u0150KE TAL\u00c1LKOZ\u00c1SA EGY MESEK\u00d6NYVBEN<\/td>\n                    <td style=\"\">blogbejegyz\u00e9s<\/td>\n                    <td style=\"\"><a href='https:\/\/tibiatya.blogstar.hu\/2020\/09\/30\/csillagszemu-duro-dora-es-meleg-hamupipoke-talalkozasa-egy-mesekonyvben\/100798\/' rel=' nofollow ' target='_blank'>https:\/\/tibiatya.blogstar.hu\/2020\/09\/30\/csillagszemu-duro-dora-es-meleg-hamupipoke-talalkozasa-egy-mesekonyvben\/100798\/<\/a><\/td>\n                    <td style=\"\">pozit\u00edv<\/td>\n                    <td style=\"\"><\/td>\n                    <td style=\"\"><\/td>\n                    <td style=\"\"><\/td>\n                    <td style=\"\"><\/td>\n            <\/tr>\n            <tr id=\"table_2_row_99\">\n                    <td style=\"\">2020.09.30<\/td>\n                    <td style=\"\"><a href='https:\/\/pestisracok.hu\/' rel=' nofollow ' target='_blank'>https:\/\/pestisracok.hu\/<\/a><\/td>\n                    <td style=\"\">Pilh\u00e1l Tam\u00e1s<\/td>\n                    <td style=\"\">Bet\u00f6rtek az \u00f3vod\u00e1ba a gender-cukrosb\u00e1csik, s a gyermekeinket moleszt\u00e1lj\u00e1k<\/td>\n                    <td style=\"\">v\u00e9lem\u00e9ny<\/td>\n                    <td style=\"\"><a href='https:\/\/pestisracok.hu\/betortek-az-ovodaba-a-gender-cukrosbacsik-s-a-gyermekeinket-molesztaljak\/' rel=' nofollow ' target='_blank'>https:\/\/pestisracok.hu\/betortek-az-ovodaba-a-gender-cukrosbacsik-s-a-gyermekeinket-molesztaljak\/<\/a><\/td>\n                    <td style=\"\">negat\u00edv<\/td>\n                    <td style=\"\"><\/td>\n                    <td style=\"\"><\/td>\n                    <td style=\"\"><\/td>\n                    <td style=\"\"><\/td>\n            <\/tr>\n            <tr id=\"table_2_row_100\">\n                    <td style=\"\">2020.09.30<\/td>\n                    <td style=\"\"><a href='https:\/\/mandiner.hu\/' rel=' nofollow ' target='_blank'>https:\/\/mandiner.hu\/<\/a><\/td>\n                    <td style=\"\"><\/td>\n                    <td style=\"\">Demonstr\u00e1ci\u00f3t szervez a Mi Haz\u00e1nk az LMBTQ-k\u00f6z\u00f6ss\u00e9g fenyeget\u00e9sei ellen<\/td>\n                    <td style=\"\">h\u00edr, r\u00f6vid cikk<\/td>\n                    <td style=\"\"><a href='https:\/\/mandiner.hu\/cikk\/20200930_demonstraciot_szervez_a_mi_hazank_az_lmbtq_kozosseg_fenyegetesei_ellen' rel=' nofollow ' target='_blank'>https:\/\/mandiner.hu\/cikk\/20200930_demonstraciot_szervez_a_mi_hazank_az_lmbtq_kozosseg_fenyegetesei_ellen<\/a><\/td>\n                    <td style=\"\">negat\u00edv<\/td>\n                    <td style=\"\"><\/td>\n                    <td style=\"\"><\/td>\n                    <td style=\"\"><\/td>\n                    <td style=\"\"><\/td>\n            <\/tr>\n            <tr id=\"table_2_row_101\">\n                    <td style=\"\">2020.09.30<\/td>\n                    <td style=\"\"><a href='https:\/\/vadhajtasok.hu\/' rel=' nofollow ' target='_blank'>https:\/\/vadhajtasok.hu\/<\/a><\/td>\n                    <td style=\"\"><\/td>\n                    <td style=\"\">Bet\u00f6rtek az \u00f3vod\u00e1ba a gender-cukrosb\u00e1csik, s a gyermekeinket moleszt\u00e1lj\u00e1k<\/td>\n                    <td style=\"\">h\u00edr, r\u00f6vid cikk<\/td>\n                    <td style=\"\"><a href='https:\/\/vadhajtasok.hu\/2020\/09\/30\/betortek-az-ovodaba-a-gender-cukrosbacsik-s-a-gyermekeinket-molesztaljak' rel=' nofollow ' target='_blank'>https:\/\/vadhajtasok.hu\/2020\/09\/30\/betortek-az-ovodaba-a-gender-cukrosbacsik-s-a-gyermekeinket-molesztaljak<\/a><\/td>\n                    <td style=\"\">negat\u00edv<\/td>\n                    <td style=\"\"><\/td>\n                    <td style=\"\"><\/td>\n                    <td style=\"\"><\/td>\n                    <td style=\"\"><\/td>\n            <\/tr>\n            <tr id=\"table_2_row_102\">\n                    <td style=\"\">2020.09.30<\/td>\n                    <td style=\"\"><a href='https:\/\/24.hu\/' rel=' nofollow ' target='_blank'>https:\/\/24.hu\/<\/a><\/td>\n                    <td style=\"\">Cs\u00e1ka Eszter<\/td>\n                    <td style=\"\">Bauk\u00f3 \u00c9va: Mi ez a buzi propaganda?<\/td>\n                    <td style=\"\">celeb-megsz\u00f3lal\u00e1s<\/td>\n                    <td style=\"\"><a href='https:\/\/24.hu\/szorakozas\/2020\/09\/30\/bauko-eva-mi-ez-a-buzi-propaganda\/' rel=' nofollow ' target='_blank'>https:\/\/24.hu\/szorakozas\/2020\/09\/30\/bauko-eva-mi-ez-a-buzi-propaganda\/<\/a><\/td>\n                    <td style=\"\">pozit\u00edv<\/td>\n                    <td style=\"\"><\/td>\n                    <td style=\"\"><\/td>\n                    <td style=\"\"><\/td>\n                    <td style=\"\">Bauk\u00f3 \u00c9va v\u00e9lem\u00e9ny posztja<\/td>\n            <\/tr>\n            <tr id=\"table_2_row_103\">\n                    <td style=\"\">2020.09.30<\/td>\n                    <td style=\"\"><a href='https:\/\/pestisracok.hu\/' rel=' nofollow ' target='_blank'>https:\/\/pestisracok.hu\/<\/a><\/td>\n                    <td style=\"\"><\/td>\n                    <td style=\"\">Az LMBTQ-propaganda t\u00e9rnyer\u00e9se ellen szervez t\u00fcntet\u00e9st a Mi Haz\u00e1nk<\/td>\n                    <td style=\"\">h\u00edr, besz\u00e1mol\u00f3, r\u00f6vid cikk<\/td>\n                    <td style=\"\"><a href='https:\/\/pestisracok.hu\/az-lmbtq-propaganda-ternyerese-ellen-szervez-tuntetest-a-mi-hazank\/' rel=' nofollow ' target='_blank'>https:\/\/pestisracok.hu\/az-lmbtq-propaganda-ternyerese-ellen-szervez-tuntetest-a-mi-hazank\/<\/a><\/td>\n                    <td style=\"\">negat\u00edv<\/td>\n                    <td style=\"\"><\/td>\n                    <td style=\"\"><\/td>\n                    <td style=\"\"><\/td>\n                    <td style=\"\"><\/td>\n            <\/tr>\n            <tr id=\"table_2_row_104\">\n                    <td style=\"\">2020.09.30<\/td>\n                    <td style=\"\"><a href='https:\/\/pestisracok.hu\/' rel=' nofollow ' target='_blank'>https:\/\/pestisracok.hu\/<\/a><\/td>\n                    <td style=\"\">Pilh\u00e1l Tam\u00e1s<\/td>\n                    <td style=\"\">Bet\u00f6rtek az \u00f3vod\u00e1ba a gender-cukrosb\u00e1csik, s a gyermekeinket moleszt\u00e1lj\u00e1k<\/td>\n                    <td style=\"\">recenzi\u00f3<\/td>\n                    <td style=\"\"><a href='https:\/\/pestisracok.hu\/betortek-az-ovodaba-a-gender-cukrosbacsik-s-a-gyermekeinket-molesztaljak\/?utm_source=mandiner&amp;utm_medium=link&amp;utm_campaign=mandiner_202010' rel=' nofollow ' target='_blank'>https:\/\/pestisracok.hu\/betortek-az-ovodaba-a-gender-cukrosbacsik-s-a-gyermekeinket-molesztaljak\/?utm_source=mandiner&amp;utm_medium=link&amp;utm_campaign=mandiner_202010<\/a><\/td>\n                    <td style=\"\">negat\u00edv<\/td>\n                    <td style=\"\"><\/td>\n                    <td style=\"\"><\/td>\n                    <td style=\"\"><\/td>\n                    <td style=\"\"><\/td>\n            <\/tr>\n            <tr id=\"table_2_row_105\">\n                    <td style=\"\">2020.09.30<\/td>\n                    <td style=\"\"><a href='https:\/\/www.szeretlekmagyarorszag.hu\/' rel=' nofollow ' target='_blank'>https:\/\/www.szeretlekmagyarorszag.hu\/<\/a><\/td>\n                    <td style=\"\">Petr\u00e1s Lilla<\/td>\n                    <td style=\"\">Vajon kevesebbet \u201eh\u00fclyebuziztunk\u201d volna, ha a magunk gyermeki szintj\u00e9n hallottunk volna meleg meseh\u0151s\u00f6kr\u0151l?<\/td>\n                    <td style=\"\">v\u00e9lem\u00e9ny<\/td>\n                    <td style=\"\"><a href='https:\/\/www.szeretlekmagyarorszag.hu\/meseorszag-mindenkie-konyvdaralas-velemeny-duro-dora\/?utm-source=kapcsolodo' rel=' nofollow ' target='_blank'>https:\/\/www.szeretlekmagyarorszag.hu\/meseorszag-mindenkie-konyvdaralas-velemeny-duro-dora\/?utm-source=kapcsolodo<\/a><\/td>\n                    <td style=\"\">pozit\u00edv<\/td>\n                    <td style=\"\"><\/td>\n                    <td style=\"\"><\/td>\n                    <td style=\"\"><\/td>\n                    <td style=\"\"><\/td>\n            <\/tr>\n            <tr id=\"table_2_row_106\">\n                    <td style=\"\">2020.09.30<\/td>\n                    <td style=\"\"><a href='https:\/\/www.youtube.com\/' rel=' nofollow ' target='_blank'>https:\/\/www.youtube.com\/<\/a><\/td>\n                    <td style=\"\">Ramira<\/td>\n                    <td style=\"\">Meseorsz\u00e1g Mindenki\u00e9 Ratyk\u00f3 - Matyk\u00f3 Mes\u00e9k Gyerekeknek?!<\/td>\n                    <td style=\"\">vide\u00f3<\/td>\n                    <td style=\"\"><a href='https:\/\/www.youtube.com\/watch?v=Vx0rLB1VRyk' rel=' nofollow ' target='_blank'>https:\/\/www.youtube.com\/watch?v=Vx0rLB1VRyk<\/a><\/td>\n                    <td style=\"\">pozit\u00edv<\/td>\n                    <td style=\"\">youtube<\/td>\n                    <td style=\"\"><\/td>\n                    <td style=\"\"><\/td>\n                    <td style=\"\"><\/td>\n            <\/tr>\n            <tr id=\"table_2_row_107\">\n                    <td style=\"\">2020.09.30<\/td>\n                    <td style=\"\"><a href='https:\/\/pannonreggeli.podbean.com\/' rel=' nofollow ' target='_blank'>https:\/\/pannonreggeli.podbean.com\/<\/a><\/td>\n                    <td style=\"\"><\/td>\n                    <td style=\"\">Meseorsz\u00e1g mindenki\u00e9?!<\/td>\n                    <td style=\"\">podcast<\/td>\n                    <td style=\"\"><a href='https:\/\/pannonreggeli.podbean.com\/e\/meseorszag-mindenkie\/' rel=' nofollow ' target='_blank'>https:\/\/pannonreggeli.podbean.com\/e\/meseorszag-mindenkie\/<\/a><\/td>\n                    <td style=\"\">negat\u00edv<\/td>\n                    <td style=\"\"><\/td>\n                    <td style=\"\"><\/td>\n                    <td style=\"\"><\/td>\n                    <td style=\"\"><\/td>\n            <\/tr>\n            <tr id=\"table_2_row_108\">\n                    <td style=\"\">2020.09.30<\/td>\n                    <td style=\"\"><a href='https:\/\/ujszo.com\/' rel=' nofollow ' target='_blank'>https:\/\/ujszo.com\/<\/a><\/td>\n                    <td style=\"\">Juh\u00e1sz Katalin<\/td>\n                    <td style=\"\">Ledar\u00e1lt mesek\u00f6nyv<\/td>\n                    <td style=\"\">h\u00edr, besz\u00e1mol\u00f3, r\u00f6vid cikk<\/td>\n                    <td style=\"\"><a href='https:\/\/ujszo.com\/kultura\/ledaralt-mesekonyv' rel=' nofollow ' target='_blank'>https:\/\/ujszo.com\/kultura\/ledaralt-mesekonyv<\/a><\/td>\n                    <td style=\"\">semleges<\/td>\n                    <td style=\"\"><\/td>\n                    <td style=\"\">igen<\/td>\n                    <td style=\"\"><\/td>\n                    <td style=\"\"><\/td>\n            <\/tr>\n            <tr id=\"table_2_row_109\">\n                    <td style=\"\">2020.09.30<\/td>\n                    <td style=\"\"><a href='https:\/\/mediaklikk.hu\/' rel=' nofollow ' target='_blank'>https:\/\/mediaklikk.hu\/<\/a><\/td>\n                    <td style=\"\"><\/td>\n                    <td style=\"\">J\u00f3 reggelt, Magyarorsz\u00e1g<\/td>\n                    <td style=\"\">r\u00e1di\u00f3<\/td>\n                    <td style=\"\"><a href='https:\/\/mediaklikk.hu\/radio-lejatszo-kossuth\/?date=2020-09-30_06-00-00&amp;enddate=2020-09-30_09-00-00&amp;ch=mr1' rel=' nofollow ' target='_blank'>https:\/\/mediaklikk.hu\/radio-lejatszo-kossuth\/?date=2020-09-30_06-00-00&amp;enddate=2020-09-30_09-00-00&amp;ch=mr1<\/a><\/td>\n                    <td style=\"\">negat\u00edv<\/td>\n                    <td style=\"\"><\/td>\n                    <td style=\"\"><\/td>\n                    <td style=\"\"><\/td>\n                    <td style=\"\">7.52: Ledar\u00e1lta az LMBTQ mesek\u00f6nyvet \u2013 mi volt ezzel a c\u00e9lja? \u2013 D\u00far\u00f3 D\u00f3ra, a Mi Haz\u00e1nk Mozgalom orsz\u00e1ggy\u0171l\u00e9si k\u00e9pvisel\u0151je, eln\u00f6khelyettese<\/td>\n            <\/tr>\n            <tr id=\"table_2_row_110\">\n                    <td style=\"\">2020.10.01<\/td>\n                    <td style=\"\"><a href='https:\/\/magyarnarancs.hu\/' rel=' nofollow ' target='_blank'>https:\/\/magyarnarancs.hu\/<\/a><\/td>\n                    <td style=\"\"><\/td>\n                    <td style=\"\">A k\u00f6nyvdar\u00e1l\u00f3 D\u00far\u00f3 D\u00f3ra \u00e9s Szak\u00e1cs \u00c1rp\u00e1d megv\u00e9dik a megt\u00e1madott any\u00e1kat<\/td>\n                    <td style=\"\">h\u00edr, besz\u00e1mol\u00f3, r\u00f6vid cikk<\/td>\n                    <td style=\"\"><a href='https:\/\/magyarnarancs.hu\/feketelyuk\/a-konyvdaralo-duro-dora-es-szakacs-arpad-megvedik-a-megtamadott-anyakat-133654' rel=' nofollow ' target='_blank'>https:\/\/magyarnarancs.hu\/feketelyuk\/a-konyvdaralo-duro-dora-es-szakacs-arpad-megvedik-a-megtamadott-anyakat-133654<\/a><\/td>\n                    <td style=\"\">semleges<\/td>\n                    <td style=\"\"><\/td>\n                    <td style=\"\"><\/td>\n                    <td style=\"\"><\/td>\n                    <td style=\"\"><\/td>\n            <\/tr>\n            <tr id=\"table_2_row_111\">\n                    <td style=\"\">2020.10.01<\/td>\n                    <td style=\"\"><a href='https:\/\/www.youtube.com\/' rel=' nofollow ' target='_blank'>https:\/\/www.youtube.com\/<\/a><\/td>\n                    <td style=\"\">Gy\u00f6rgy Tekla<\/td>\n                    <td style=\"\">Meseorsz\u00e1g mindenki\u00e9: k\u00f6nyvdar\u00e1l\u00e1s, melegek, \u00e9s D\u00far\u00f3 D\u00f3ra k\u00f6nyvaj\u00e1nl\u00f3ja<\/td>\n                    <td style=\"\">vide\u00f3<\/td>\n                    <td style=\"\"><a href='https:\/\/www.youtube.com\/watch?v=L3Wiy8ZoBFE' rel=' nofollow ' target='_blank'>https:\/\/www.youtube.com\/watch?v=L3Wiy8ZoBFE<\/a><\/td>\n                    <td style=\"\">pozit\u00edv<\/td>\n                    <td style=\"\">youtube<\/td>\n                    <td style=\"\"><\/td>\n                    <td style=\"\"><\/td>\n                    <td style=\"\"><\/td>\n            <\/tr>\n            <tr id=\"table_2_row_112\">\n                    <td style=\"\">2020.10.01<\/td>\n                    <td style=\"\"><a href='https:\/\/m.hvg.hu\/' rel=' nofollow ' target='_blank'>https:\/\/m.hvg.hu\/<\/a><\/td>\n                    <td style=\"\">Czegl\u00e9di Fanni<\/td>\n                    <td style=\"\">Mit\u0151l olyan vesz\u00e9lyes egy mesek\u00f6nyv, hogy valaki ledar\u00e1lja?<\/td>\n                    <td style=\"\">publicisztika<\/td>\n                    <td style=\"\"><a href='https:\/\/m.hvg.hu\/elet\/20201001_Meseorszag_mindenkie_mesekonyv_Labrisz_Duro_Dora' rel=' nofollow ' target='_blank'>https:\/\/m.hvg.hu\/elet\/20201001_Meseorszag_mindenkie_mesekonyv_Labrisz_Duro_Dora<\/a><\/td>\n                    <td style=\"\">pozit\u00edv<\/td>\n                    <td style=\"\"><\/td>\n                    <td style=\"\"><\/td>\n                    <td style=\"\"><\/td>\n                    <td style=\"\">Sz\u00e9l D\u00e1vid \u00e9s Zalka Csenge Vir\u00e1g megsz\u00f3laltat\u00e1s\u00e1val<\/td>\n            <\/tr>\n            <tr id=\"table_2_row_113\">\n                    <td style=\"\">2020.10.01<\/td>\n                    <td style=\"\"><a href='https:\/\/hvg.hu\/' rel=' nofollow ' target='_blank'>https:\/\/hvg.hu\/<\/a><\/td>\n                    <td style=\"\">M. Kiss Csaba<\/td>\n                    <td style=\"\">Vall\u00e1sos emberek is t\u00e1mogat\u00e1sukr\u00f3l biztos\u00edtottak \u2013 Nagy Boldizs\u00e1r, a ledar\u00e1lt mesek\u00f6nyv szerkeszt\u0151je a HVG Teraszon<\/td>\n                    <td style=\"\">interj\u00fa<\/td>\n                    <td style=\"\"><a href='https:\/\/hvg.hu\/360\/20201001_Nagy_Boldizsar_a_HVG_Teraszon' rel=' nofollow ' target='_blank'>https:\/\/hvg.hu\/360\/20201001_Nagy_Boldizsar_a_HVG_Teraszon<\/a><\/td>\n                    <td style=\"\">pozit\u00edv<\/td>\n                    <td style=\"\"><\/td>\n                    <td style=\"\"><\/td>\n                    <td style=\"\"><\/td>\n                    <td style=\"\">Interj\u00fa Nagy Boldizs\u00e1rral<\/td>\n            <\/tr>\n            <tr id=\"table_2_row_114\">\n                    <td style=\"\">2020.10.01<\/td>\n                    <td style=\"\"><a href='https:\/\/168ora.hu\/' rel=' nofollow ' target='_blank'>https:\/\/168ora.hu\/<\/a><\/td>\n                    <td style=\"\"><\/td>\n                    <td style=\"\">M\u00e1r a C\u00d6F-\u00f6t is el\u00e9rte a D\u00far\u00f3 D\u00f3ra-f\u00e9le ledar\u00e1lt mesek\u00f6nyv p\u00e1nikja<\/td>\n                    <td style=\"\">h\u00edr, besz\u00e1mol\u00f3, r\u00f6vid cikk<\/td>\n                    <td style=\"\"><a href='https:\/\/168ora.hu\/kultura\/cof-lmbtq-duro-dora-meseorszag-mindenkie-192463' rel=' nofollow ' target='_blank'>https:\/\/168ora.hu\/kultura\/cof-lmbtq-duro-dora-meseorszag-mindenkie-192463<\/a><\/td>\n                    <td style=\"\">pozit\u00edv<\/td>\n                    <td style=\"\"><\/td>\n                    <td style=\"\"><\/td>\n                    <td style=\"\"><\/td>\n                    <td style=\"\">A C\u00d6F f\u00e1kly\u00e1smenet\u00e9r\u0151l<\/td>\n            <\/tr>\n            <tr id=\"table_2_row_115\">\n                    <td style=\"\">2020.10.01<\/td>\n                    <td style=\"\"><a href='https:\/\/www.blikk.hu\/' rel=' nofollow ' target='_blank'>https:\/\/www.blikk.hu\/<\/a><\/td>\n                    <td style=\"\"><\/td>\n                    <td style=\"\">Megsz\u00f3lalt a ledar\u00e1lt mesek\u00f6nyv 17 szerz\u0151j\u00e9nek egyike: ezt gondolja D\u00far\u00f3 D\u00f3ra akci\u00f3j\u00e1r\u00f3l \u2013 A k\u00f6nyvkiad\u00f3k egyes\u00fclete is \u00fczent<\/td>\n                    <td style=\"\">h\u00edr, r\u00f6vid cikk<\/td>\n                    <td style=\"\"><a href='https:\/\/www.blikk.hu\/aktualis\/belfold\/duro-dora-ledaralt-mesekonyv-iroja-megszolalt-konykiadok-egyesulete\/48mrfq5' rel=' nofollow ' target='_blank'>https:\/\/www.blikk.hu\/aktualis\/belfold\/duro-dora-ledaralt-mesekonyv-iroja-megszolalt-konykiadok-egyesulete\/48mrfq5<\/a><\/td>\n                    <td style=\"\">semleges<\/td>\n                    <td style=\"\"><\/td>\n                    <td style=\"\"><\/td>\n                    <td style=\"\"><\/td>\n                    <td style=\"\"><\/td>\n            <\/tr>\n            <tr id=\"table_2_row_116\">\n                    <td style=\"\">2020.10.01<\/td>\n                    <td style=\"\"><a href='https:\/\/konyvesmagazin.hu\/' rel=' nofollow ' target='_blank'>https:\/\/konyvesmagazin.hu\/<\/a><\/td>\n                    <td style=\"\">Valuska L\u00e1szl\u00f3<\/td>\n                    <td style=\"\">Meseorsz\u00e1g mindig is mindenki\u00e9 volt, csak err\u0151l nem tudott mindenki<\/td>\n                    <td style=\"\">interj\u00fa<\/td>\n                    <td style=\"\"><a href='https:\/\/konyvesmagazin.hu\/gyerekirodalom\/nagy_boldizsar_duro_dora_meseorszag_mindenkie.html' rel=' nofollow ' target='_blank'>https:\/\/konyvesmagazin.hu\/gyerekirodalom\/nagy_boldizsar_duro_dora_meseorszag_mindenkie.html<\/a><\/td>\n                    <td style=\"\">pozit\u00edv<\/td>\n                    <td style=\"\"><\/td>\n                    <td style=\"\"><\/td>\n                    <td style=\"\"><\/td>\n                    <td style=\"\">Interj\u00fa Nagy Boldizs\u00e1rral<\/td>\n            <\/tr>\n            <tr id=\"table_2_row_117\">\n                    <td style=\"\">2020.10.01<\/td>\n                    <td style=\"\"><a href='https:\/\/telex.hu\/' rel=' nofollow ' target='_blank'>https:\/\/telex.hu\/<\/a><\/td>\n                    <td style=\"\">Lengyel-Szab\u00f3 P\u00e9ter, Szil\u00e1gyi M\u00e1t\u00e9, F\u00f6ldes Andr\u00e1s, Szilli Tam\u00e1s<\/td>\n                    <td style=\"\">\u00cdme a mesek\u00f6nyv, ami kibor\u00edtotta az orsz\u00e1got<\/td>\n                    <td style=\"\">vide\u00f3<\/td>\n                    <td style=\"\"><a href='https:\/\/telex.hu\/video\/2020\/10\/01\/ime-a-mesekonyv-ami-kiboritotta-az-orszagot' rel=' nofollow ' target='_blank'>https:\/\/telex.hu\/video\/2020\/10\/01\/ime-a-mesekonyv-ami-kiboritotta-az-orszagot<\/a><\/td>\n                    <td style=\"\">pozit\u00edv<\/td>\n                    <td style=\"\"><\/td>\n                    <td style=\"\"><\/td>\n                    <td style=\"\"><\/td>\n                    <td style=\"\">Interj\u00fa Nagy Boldizs\u00e1rral, Peng\u0151 Edittel \u00e9s Sz\u0171cs Edittel<\/td>\n            <\/tr>\n            <tr id=\"table_2_row_118\">\n                    <td style=\"\">2020.10.01<\/td>\n                    <td style=\"\"><a href='https:\/\/www.youtube.com\/' rel=' nofollow ' target='_blank'>https:\/\/www.youtube.com\/<\/a><\/td>\n                    <td style=\"\"><\/td>\n                    <td style=\"\">Credo<\/td>\n                    <td style=\"\">r\u00e1di\u00f3<\/td>\n                    <td style=\"\"><a href='https:\/\/www.youtube.com\/watch?v=O1zp-rFXCAc' rel=' nofollow ' target='_blank'>https:\/\/www.youtube.com\/watch?v=O1zp-rFXCAc<\/a><\/td>\n                    <td style=\"\">negat\u00edv<\/td>\n                    <td style=\"\">youtube<\/td>\n                    <td style=\"\"><\/td>\n                    <td style=\"\"><\/td>\n                    <td style=\"\"><\/td>\n            <\/tr>\n            <tr id=\"table_2_row_119\">\n                    <td style=\"\">2020.10.01<\/td>\n                    <td style=\"\"><a href='https:\/\/www.youtube.com\/' rel=' nofollow ' target='_blank'>https:\/\/www.youtube.com\/<\/a><\/td>\n                    <td style=\"\"><\/td>\n                    <td style=\"\">Hetek<\/td>\n                    <td style=\"\">vide\u00f3<\/td>\n                    <td style=\"\"><a href='https:\/\/www.youtube.com\/watch?v=YjaZjFrXCGQ&amp;feature=emb_title' rel=' nofollow ' target='_blank'>https:\/\/www.youtube.com\/watch?v=YjaZjFrXCGQ&amp;feature=emb_title<\/a><\/td>\n                    <td style=\"\">negat\u00edv<\/td>\n                    <td style=\"\">youtube<\/td>\n                    <td style=\"\"><\/td>\n                    <td style=\"\"><\/td>\n                    <td style=\"\">podcast<\/td>\n            <\/tr>\n            <tr id=\"table_2_row_120\">\n                    <td style=\"\">2020.10.01<\/td>\n                    <td style=\"\"><a href='https:\/\/humenonline.hu\/' rel=' nofollow ' target='_blank'>https:\/\/humenonline.hu\/<\/a><\/td>\n                    <td style=\"\">Tegdes P\u00e9ter<\/td>\n                    <td style=\"\">\u201eEml\u00e9keztetni akartunk, hogy Meseorsz\u00e1g mindig is mindannyiunk\u00e9 volt\"<\/td>\n                    <td style=\"\">interj\u00fa<\/td>\n                    <td style=\"\"><a href='https:\/\/humenonline.hu\/emlekeztetni-akartunk-hogy-meseorszag-mindig-is-mindannyiunke-volt' rel=' nofollow ' target='_blank'>https:\/\/humenonline.hu\/emlekeztetni-akartunk-hogy-meseorszag-mindig-is-mindannyiunke-volt<\/a><\/td>\n                    <td style=\"\">pozit\u00edv<\/td>\n                    <td style=\"\"><\/td>\n                    <td style=\"\"><\/td>\n                    <td style=\"\"><\/td>\n                    <td style=\"\">Interj\u00fa Nagy Boldizs\u00e1rral<\/td>\n            <\/tr>\n            <tr id=\"table_2_row_121\">\n                    <td style=\"\">2020.10.01<\/td>\n                    <td style=\"\"><a href='https:\/\/csak-pozitivan-magazin.hu\/' rel=' nofollow ' target='_blank'>https:\/\/csak-pozitivan-magazin.hu\/<\/a><\/td>\n                    <td style=\"\">Kov\u00e1cs Brigitta Efi<\/td>\n                    <td style=\"\">Csak az igaz\u00e1n nagyok el\u00e9g nagyok ahhoz, hogy kicsik legyenek...<\/td>\n                    <td style=\"\">interj\u00fa<\/td>\n                    <td style=\"\"><a href='https:\/\/csak-pozitivan-magazin.hu\/_files\/200000207-d0d88d0d8c\/CsPM%2008%20%202020-10-30.pdf' rel=' nofollow ' target='_blank'>https:\/\/csak-pozitivan-magazin.hu\/_files\/200000207-d0d88d0d8c\/CsPM%2008%20%202020-10-30.pdf<\/a><\/td>\n                    <td style=\"\">pozit\u00edv<\/td>\n                    <td style=\"\"><\/td>\n                    <td style=\"\"><\/td>\n                    <td style=\"\"><\/td>\n                    <td style=\"\">Interj\u00fa R\u00e9dai Dorotty\u00e1val, 26-29. old.<\/td>\n            <\/tr>\n            <tr id=\"table_2_row_122\">\n                    <td style=\"\">2020.10.02<\/td>\n                    <td style=\"\"><a href='https:\/\/24.hu\/' rel=' nofollow ' target='_blank'>https:\/\/24.hu\/<\/a><\/td>\n                    <td style=\"\">Sz\u00e1nt\u00f3 Eszter<\/td>\n                    <td style=\"\">Nem befoly\u00e1solj\u00e1k a mes\u00e9k a szexu\u00e1lis orient\u00e1ci\u00f3t, viszont seg\u00edthetnek meg\u00e9rteni<\/td>\n                    <td style=\"\">publicisztika<\/td>\n                    <td style=\"\"><a href='https:\/\/24.hu\/kultura\/2020\/10\/02\/meseorszag-mindenkie-tompa-andrea-finy-petry-peer-krisztina-mese-pszichologia-terapia-onismeret\/' rel=' nofollow ' target='_blank'>https:\/\/24.hu\/kultura\/2020\/10\/02\/meseorszag-mindenkie-tompa-andrea-finy-petry-peer-krisztina-mese-pszichologia-terapia-onismeret\/<\/a><\/td>\n                    <td style=\"\">pozit\u00edv<\/td>\n                    <td style=\"\"><\/td>\n                    <td style=\"\"><\/td>\n                    <td style=\"\"><\/td>\n                    <td style=\"\"><\/td>\n            <\/tr>\n            <tr id=\"table_2_row_123\">\n                    <td style=\"\">2020.10.02<\/td>\n                    <td style=\"\"><a href='https:\/\/m.facebook.com\/' rel=' nofollow ' target='_blank'>https:\/\/m.facebook.com\/<\/a><\/td>\n                    <td style=\"\">Pik\u00f3 Andr\u00e1s<\/td>\n                    <td style=\"\">Pik\u00f3 Andr\u00e1s ny\u00edlt levele az LMBT sz\u00f6vets\u00e9ghez<\/td>\n                    <td style=\"\">fB-poszt<\/td>\n                    <td style=\"\"><a href='https:\/\/m.facebook.com\/story.php?story_fbid=671824763459617&amp;id=379369999371763' rel=' nofollow ' target='_blank'>https:\/\/m.facebook.com\/story.php?story_fbid=671824763459617&amp;id=379369999371763<\/a><\/td>\n                    <td style=\"\">pozit\u00edv<\/td>\n                    <td style=\"\"><\/td>\n                    <td style=\"\"><\/td>\n                    <td style=\"\"><\/td>\n                    <td style=\"\">Pik\u00f3 Andr\u00e1s nyilatkozat<\/td>\n            <\/tr>\n            <tr id=\"table_2_row_124\">\n                    <td style=\"\">2020.10.02<\/td>\n                    <td style=\"\"><a href='https:\/\/24.hu\/' rel=' nofollow ' target='_blank'>https:\/\/24.hu\/<\/a><\/td>\n                    <td style=\"\">Cs\u00e1ka Eszter<\/td>\n                    <td style=\"\">Geszti P\u00e9ter a k\u00f6nyvdar\u00e1l\u00e1sr\u00f3l: Egyet\u00e9rtek azzal, ami\u00e9rt Fluor Tomi is ki\u00e1llt<\/td>\n                    <td style=\"\">h\u00edr, besz\u00e1mol\u00f3, r\u00f6vid cikk<\/td>\n                    <td style=\"\"><a href='https:\/\/24.hu\/szorakozas\/2020\/10\/02\/geszti-peter-konyvdaralas-duro-dora-fluor-tomi-maradj-normalis\/' rel=' nofollow ' target='_blank'>https:\/\/24.hu\/szorakozas\/2020\/10\/02\/geszti-peter-konyvdaralas-duro-dora-fluor-tomi-maradj-normalis\/<\/a><\/td>\n                    <td style=\"\">pozit\u00edv<\/td>\n                    <td style=\"\"><\/td>\n                    <td style=\"\"><\/td>\n                    <td style=\"\"><\/td>\n                    <td style=\"\"><\/td>\n            <\/tr>\n            <tr id=\"table_2_row_125\">\n                    <td style=\"\">2020.10.02<\/td>\n                    <td style=\"\"><a href='https:\/\/budapestpride.hu\/' rel=' nofollow ' target='_blank'>https:\/\/budapestpride.hu\/<\/a><\/td>\n                    <td style=\"\"><\/td>\n                    <td style=\"\">\u00cdgy dolgozik D\u00far\u00f3 D\u00f3ra a Fidesz t\u00e1mogat\u00e1s\u00e1val<\/td>\n                    <td style=\"\">h\u00edr, r\u00f6vid cikk<\/td>\n                    <td style=\"\"><a href='https:\/\/budapestpride.hu\/hirek\/pacifista-lett-a-mi-hazank' rel=' nofollow ' target='_blank'>https:\/\/budapestpride.hu\/hirek\/pacifista-lett-a-mi-hazank<\/a><\/td>\n                    <td style=\"\">pozit\u00edv<\/td>\n                    <td style=\"\"><\/td>\n                    <td style=\"\"><\/td>\n                    <td style=\"\"><\/td>\n                    <td style=\"\"><\/td>\n            <\/tr>\n            <tr id=\"table_2_row_126\">\n                    <td style=\"\">2020.10.02<\/td>\n                    <td style=\"\"><a href='https:\/\/www.youtube.com\/' rel=' nofollow ' target='_blank'>https:\/\/www.youtube.com\/<\/a><\/td>\n                    <td style=\"\">Lakatos Zsolt<\/td>\n                    <td style=\"\">Besz\u00e9lj\u00fck meg: Kontraprodukt\u00edv radik\u00e1lisok (Meseorsz\u00e1g Mindenki\u00e9 \u00fcgy, D\u00far\u00f3 D\u00f3ra, Budah\u00e1zy Edda)<\/td>\n                    <td style=\"\">vide\u00f3<\/td>\n                    <td style=\"\"><a href='https:\/\/www.youtube.com\/watch?v=WpeCL6rHEMQ' rel=' nofollow ' target='_blank'>https:\/\/www.youtube.com\/watch?v=WpeCL6rHEMQ<\/a><\/td>\n                    <td style=\"\">negat\u00edv<\/td>\n                    <td style=\"\"><\/td>\n                    <td style=\"\"><\/td>\n                    <td style=\"\"><\/td>\n                    <td style=\"\">Lakatos Zsolt<\/td>\n            <\/tr>\n            <tr id=\"table_2_row_127\">\n                    <td style=\"\">2020.10.02<\/td>\n                    <td style=\"\"><a href='https:\/\/balkaninsight.com\/' rel=' nofollow ' target='_blank'>https:\/\/balkaninsight.com\/<\/a><\/td>\n                    <td style=\"\"><\/td>\n                    <td style=\"\">Culture wars<\/td>\n                    <td style=\"\">publicisztika<\/td>\n                    <td style=\"\"><a href='https:\/\/balkaninsight.com\/2020\/10\/02\/democracy-digest-states-of-emergency\/' rel=' nofollow ' target='_blank'>https:\/\/balkaninsight.com\/2020\/10\/02\/democracy-digest-states-of-emergency\/<\/a><\/td>\n                    <td style=\"\">pozit\u00edv<\/td>\n                    <td style=\"\"><\/td>\n                    <td style=\"\">igen<\/td>\n                    <td style=\"\">angol<\/td>\n                    <td style=\"\"><\/td>\n            <\/tr>\n            <tr id=\"table_2_row_128\">\n                    <td style=\"\">2020.10.02<\/td>\n                    <td style=\"\"><a href='https:\/\/www.facebook.com\/' rel=' nofollow ' target='_blank'>https:\/\/www.facebook.com\/<\/a><\/td>\n                    <td style=\"\"><\/td>\n                    <td style=\"\">a book24 h\u00edre, hogy ut\u00e1nnyom\u00e1s v\u00e1rhat\u00f3<\/td>\n                    <td style=\"\">fb-poszt<\/td>\n                    <td style=\"\"><a href='https:\/\/www.facebook.com\/book24hu\/photos\/a.1507744612836392\/2845112882432885\/' rel=' nofollow ' target='_blank'>https:\/\/www.facebook.com\/book24hu\/photos\/a.1507744612836392\/2845112882432885\/<\/a><\/td>\n                    <td style=\"\">pozit\u00edv<\/td>\n                    <td style=\"\">fb<\/td>\n                    <td style=\"\"><\/td>\n                    <td style=\"\"><\/td>\n                    <td style=\"\">a book24 h\u00edre, hogy ut\u00e1nnyom\u00e1s v\u00e1rhat\u00f3<\/td>\n            <\/tr>\n            <tr id=\"table_2_row_129\">\n                    <td style=\"\">2020.10.02<\/td>\n                    <td style=\"\"><a href='https:\/\/hirtv.hu\/' rel=' nofollow ' target='_blank'>https:\/\/hirtv.hu\/<\/a><\/td>\n                    <td style=\"\"><\/td>\n                    <td style=\"\">Vajon a k\u00f6nyvdar\u00e1l\u00e1s-e a megfelel\u0151 tiltakoz\u00e1s?<\/td>\n                    <td style=\"\">vide\u00f3<\/td>\n                    <td style=\"\"><a href='https:\/\/hirtv.hu\/cimlap_musor\/cimlap-vajon-a-konyvdaralas-e-a-megfelelo-tiltakozas-2509270' rel=' nofollow ' target='_blank'>https:\/\/hirtv.hu\/cimlap_musor\/cimlap-vajon-a-konyvdaralas-e-a-megfelelo-tiltakozas-2509270<\/a><\/td>\n                    <td style=\"\">negat\u00edv<\/td>\n                    <td style=\"\"><\/td>\n                    <td style=\"\"><\/td>\n                    <td style=\"\"><\/td>\n                    <td style=\"\"><\/td>\n            <\/tr>\n            <tr id=\"table_2_row_130\">\n                    <td style=\"\">2020.10.02<\/td>\n                    <td style=\"\"><a href='https:\/\/www.magyarhirlap.hu\/' rel=' nofollow ' target='_blank'>https:\/\/www.magyarhirlap.hu\/<\/a><\/td>\n                    <td style=\"\">Korompay Csilla<\/td>\n                    <td style=\"\">Meseorsz\u00e1g sut\u00e1i<\/td>\n                    <td style=\"\">v\u00e9lem\u00e9ny<\/td>\n                    <td style=\"\"><a href='https:\/\/www.magyarhirlap.hu\/velemeny\/20201002-meseorszag-sutai' rel=' nofollow ' target='_blank'>https:\/\/www.magyarhirlap.hu\/velemeny\/20201002-meseorszag-sutai<\/a><\/td>\n                    <td style=\"\">negat\u00edv<\/td>\n                    <td style=\"\"><\/td>\n                    <td style=\"\"><\/td>\n                    <td style=\"\"><\/td>\n                    <td style=\"\"><\/td>\n            <\/tr>\n            <tr id=\"table_2_row_131\">\n                    <td style=\"\">2020.10.02<\/td>\n                    <td style=\"\"><a href='https:\/\/www.magyarkurir.hu\/' rel=' nofollow ' target='_blank'>https:\/\/www.magyarkurir.hu\/<\/a><\/td>\n                    <td style=\"\">P\u00e9csi Rita<\/td>\n                    <td style=\"\">J\u00f3 \u00e9s rossz a mes\u00e9ben \u2013 avagy megtal\u00e1lni a rendet a z\u0171rzavarban<\/td>\n                    <td style=\"\">publicisztika<\/td>\n                    <td style=\"\"><a href='https:\/\/www.magyarkurir.hu\/hirek\/pecsi-rita-jo-es-rossz-meseben-avagy-megtalalni-rendet-zurzavarban' rel=' nofollow ' target='_blank'>https:\/\/www.magyarkurir.hu\/hirek\/pecsi-rita-jo-es-rossz-meseben-avagy-megtalalni-rendet-zurzavarban<\/a><\/td>\n                    <td style=\"\">negat\u00edv<\/td>\n                    <td style=\"\"><\/td>\n                    <td style=\"\"><\/td>\n                    <td style=\"\"><\/td>\n                    <td style=\"\"><\/td>\n            <\/tr>\n            <tr id=\"table_2_row_132\">\n                    <td style=\"\">2020.10.02<\/td>\n                    <td style=\"\"><a href='https:\/\/www.youtube.com\/' rel=' nofollow ' target='_blank'>https:\/\/www.youtube.com\/<\/a><\/td>\n                    <td style=\"\">Hetek<\/td>\n                    <td style=\"\">M\u00e1r az \u00f3vod\u00e1kba is betenn\u00e9 a l\u00e1b\u00e1t a genderpropaganda - Hetek Magazin<\/td>\n                    <td style=\"\">vide\u00f3 interj\u00fa<\/td>\n                    <td style=\"\"><a href='https:\/\/www.youtube.com\/watch?v=YjaZjFrXCGQ&amp;feature=emb_title' rel=' nofollow ' target='_blank'>https:\/\/www.youtube.com\/watch?v=YjaZjFrXCGQ&amp;feature=emb_title<\/a><\/td>\n                    <td style=\"\">negat\u00edv<\/td>\n                    <td style=\"\"><\/td>\n                    <td style=\"\"><\/td>\n                    <td style=\"\"><\/td>\n                    <td style=\"\">Schittl Eszter v\u00e9lem\u00e9nye a melegpropagand\u00e1r\u00f3l<\/td>\n            <\/tr>\n            <tr id=\"table_2_row_133\">\n                    <td style=\"\">2020.10.03<\/td>\n                    <td style=\"\"><a href='https:\/\/merce.hu\/' rel=' nofollow ' target='_blank'>https:\/\/merce.hu\/<\/a><\/td>\n                    <td style=\"\">T\u00f3th Csaba Tibor<\/td>\n                    <td style=\"\">Budah\u00e1zy\u00e9k fenyeget\u00e9se miatt k\u00f6z\u00f6ns\u00e9g n\u00e9lk\u00fcl tartj\u00e1k meg a Meseorsz\u00e1g Mindenki\u00e9-felolvas\u00e1st vas\u00e1rnap<\/td>\n                    <td style=\"\">h\u00edr, r\u00f6vid cikk<\/td>\n                    <td style=\"\"><a href='https:\/\/merce.hu\/2020\/10\/03\/budahazyek-fenyegetese-miatt-kozonseg-nelkul-tartjak-meg-a-meseorszag-mindekie-felolvasoestjet-vasarnap\/' rel=' nofollow ' target='_blank'>https:\/\/merce.hu\/2020\/10\/03\/budahazyek-fenyegetese-miatt-kozonseg-nelkul-tartjak-meg-a-meseorszag-mindekie-felolvasoestjet-vasarnap\/<\/a><\/td>\n                    <td style=\"\">semleges<\/td>\n                    <td style=\"\"><\/td>\n                    <td style=\"\"><\/td>\n                    <td style=\"\"><\/td>\n                    <td style=\"\"><\/td>\n            <\/tr>\n            <tr id=\"table_2_row_134\">\n                    <td style=\"\">2020.10.03<\/td>\n                    <td style=\"\"><a href='https:\/\/www.facebook.com\/' rel=' nofollow ' target='_blank'>https:\/\/www.facebook.com\/<\/a><\/td>\n                    <td style=\"\"><\/td>\n                    <td style=\"\">Mi Haz\u00e1nk t\u00fcntet\u00e9s okt. 3.<\/td>\n                    <td style=\"\">fB-poszt<\/td>\n                    <td style=\"\"><a href='https:\/\/www.facebook.com\/zsoka.incze\/videos\/3260262067361153' rel=' nofollow ' target='_blank'>https:\/\/www.facebook.com\/zsoka.incze\/videos\/3260262067361153<\/a><\/td>\n                    <td style=\"\">negat\u00edv<\/td>\n                    <td style=\"\"><\/td>\n                    <td style=\"\"><\/td>\n                    <td style=\"\"><\/td>\n                    <td style=\"\">Mi Haz\u00e1nk t\u00fcnt, okt. 3.<\/td>\n            <\/tr>\n            <tr id=\"table_2_row_135\">\n                    <td style=\"\">2020.10.03<\/td>\n                    <td style=\"\"><a href='https:\/\/merce.hu\/' rel=' nofollow ' target='_blank'>https:\/\/merce.hu\/<\/a><\/td>\n                    <td style=\"\">Bogatin Bence, Kiss Soma \u00c1brah\u00e1m<\/td>\n                    <td style=\"\">Diszk\u00f3hangulatot teremtett a Budapest Pride a Mi Haz\u00e1nk t\u00fcntet\u00e9s\u00e9n<\/td>\n                    <td style=\"\">h\u00edr, r\u00f6vid cikk<\/td>\n                    <td style=\"\"><a href='https:\/\/merce.hu\/2020\/10\/03\/diszkohangulatot-teremtett-a-budapest-pride-a-mi-hazank-tuntetesen' rel=' nofollow ' target='_blank'>https:\/\/merce.hu\/2020\/10\/03\/diszkohangulatot-teremtett-a-budapest-pride-a-mi-hazank-tuntetesen<\/a><\/td>\n                    <td style=\"\">semleges<\/td>\n                    <td style=\"\"><\/td>\n                    <td style=\"\"><\/td>\n                    <td style=\"\"><\/td>\n                    <td style=\"\"><\/td>\n            <\/tr>\n            <tr id=\"table_2_row_136\">\n                    <td style=\"\">2020.10.03<\/td>\n                    <td style=\"\"><a href='https:\/\/index.hu\/' rel=' nofollow ' target='_blank'>https:\/\/index.hu\/<\/a><\/td>\n                    <td style=\"\">G\u00e1ll Anna<\/td>\n                    <td style=\"\">Isten hozott \u00f6cs\u00e9m, ez a val\u00f3 vil\u00e1g!<\/td>\n                    <td style=\"\">h\u00edr, r\u00f6vid cikk<\/td>\n                    <td style=\"\"><a href='https:\/\/index.hu\/kultur\/2020\/10\/03\/isten_hozott_nalam_ocsem_ez_a_valo_vilag\/' rel=' nofollow ' target='_blank'>https:\/\/index.hu\/kultur\/2020\/10\/03\/isten_hozott_nalam_ocsem_ez_a_valo_vilag\/<\/a><\/td>\n                    <td style=\"\">pozit\u00edv<\/td>\n                    <td style=\"\"><\/td>\n                    <td style=\"\"><\/td>\n                    <td style=\"\"><\/td>\n                    <td style=\"\"><\/td>\n            <\/tr>\n            <tr id=\"table_2_row_137\">\n                    <td style=\"\">2020.10.03<\/td>\n                    <td style=\"\"><a href='https:\/\/index.hu\/' rel=' nofollow ' target='_blank'>https:\/\/index.hu\/<\/a><\/td>\n                    <td style=\"\">Kitzinger Szongja<\/td>\n                    <td style=\"\">Nem dar\u00e1lunk, mes\u00e9l\u00fcnk<\/td>\n                    <td style=\"\">h\u00edr, r\u00f6vid cikk<\/td>\n                    <td style=\"\"><a href='https:\/\/index.hu\/mindekozben\/poszt\/2020\/10\/03\/nem_daralunk_meselunk\/' rel=' nofollow ' target='_blank'>https:\/\/index.hu\/mindekozben\/poszt\/2020\/10\/03\/nem_daralunk_meselunk\/<\/a><\/td>\n                    <td style=\"\">pozit\u00edv<\/td>\n                    <td style=\"\"><\/td>\n                    <td style=\"\"><\/td>\n                    <td style=\"\"><\/td>\n                    <td style=\"\"><\/td>\n            <\/tr>\n            <tr id=\"table_2_row_138\">\n                    <td style=\"\">2020.10.03<\/td>\n                    <td style=\"\"><a href='https:\/\/www.instagram.com\/' rel=' nofollow ' target='_blank'>https:\/\/www.instagram.com\/<\/a><\/td>\n                    <td style=\"\">Marko Lakatos<\/td>\n                    <td style=\"\">Lakatos M\u00e1rk \u00e9s bar\u00e1tai felolvasnak<\/td>\n                    <td style=\"\">vide\u00f3<\/td>\n                    <td style=\"\"><a href='https:\/\/www.instagram.com\/tv\/CF5EQKjqbH1' rel=' nofollow ' target='_blank'>https:\/\/www.instagram.com\/tv\/CF5EQKjqbH1<\/a><\/td>\n                    <td style=\"\">pozit\u00edv<\/td>\n                    <td style=\"\"><\/td>\n                    <td style=\"\"><\/td>\n                    <td style=\"\"><\/td>\n                    <td style=\"\">Lakatos M\u00e1rk \u00e9s bar\u00e1tai felolvasnak, okt. 3.<\/td>\n            <\/tr>\n            <tr id=\"table_2_row_139\">\n                    <td style=\"\">2020.10.03<\/td>\n                    <td style=\"\"><a href='https:\/\/www.facebook.com\/' rel=' nofollow ' target='_blank'>https:\/\/www.facebook.com\/<\/a><\/td>\n                    <td style=\"\">P\u00e1l M\u00e1rton<\/td>\n                    <td style=\"\">P\u00e1l M\u00e1rton\u00e9k k\u00f6rbej\u00e1rt\u00e1k a Pagony-k\u00f6nyvesboltokat bonbonnal\u2026<\/td>\n                    <td style=\"\">FB-poszt<\/td>\n                    <td style=\"\"><a href='https:\/\/www.facebook.com\/photo?fbid=10159678674498539&amp;set=p.10159678674498539' rel=' nofollow ' target='_blank'>https:\/\/www.facebook.com\/photo?fbid=10159678674498539&amp;set=p.10159678674498539<\/a><\/td>\n                    <td style=\"\">pozit\u00edv<\/td>\n                    <td style=\"\">fb<\/td>\n                    <td style=\"\"><\/td>\n                    <td style=\"\"><\/td>\n                    <td style=\"\">P\u00e1l M\u00e1rton\u00e9k k\u00f6rbej\u00e1rt\u00e1k a Pagony-k\u00f6nyvesboltokat bonbonnal\u2026<\/td>\n            <\/tr>\n            <tr id=\"table_2_row_140\">\n                    <td style=\"\">2020.10.03<\/td>\n                    <td style=\"\"><a href='https:\/\/www.origo.hu\/' rel=' nofollow ' target='_blank'>https:\/\/www.origo.hu\/<\/a><\/td>\n                    <td style=\"\"><\/td>\n                    <td style=\"\">A Meseorsz\u00e1g mindenki\u00e9 egy Molotov-kokt\u00e9l a gyerekszob\u00e1ban<\/td>\n                    <td style=\"\">egy\u00e9b<\/td>\n                    <td style=\"\"><a href='https:\/\/www.origo.hu\/itthon\/20201003-meseorszagmindenkie-lmbtq-cimlap.html' rel=' nofollow ' target='_blank'>https:\/\/www.origo.hu\/itthon\/20201003-meseorszagmindenkie-lmbtq-cimlap.html<\/a><\/td>\n                    <td style=\"\">negat\u00edv<\/td>\n                    <td style=\"\"><\/td>\n                    <td style=\"\"><\/td>\n                    <td style=\"\"><\/td>\n                    <td style=\"\"><\/td>\n            <\/tr>\n            <tr id=\"table_2_row_141\">\n                    <td style=\"\">2020.10.03<\/td>\n                    <td style=\"\"><a href='https:\/\/magyarnemzet.hu\/' rel=' nofollow ' target='_blank'>https:\/\/magyarnemzet.hu\/<\/a><\/td>\n                    <td style=\"\">Ap\u00e1ti Bence<\/td>\n                    <td style=\"\">Meseorsz\u00e1g a genderpropagand\u00e1\u00e9<\/td>\n                    <td style=\"\">publicisztika<\/td>\n                    <td style=\"\"><a href='https:\/\/magyarnemzet.hu\/velemeny\/meseorszag-a-genderpropagandae-8753847\/' rel=' nofollow ' target='_blank'>https:\/\/magyarnemzet.hu\/velemeny\/meseorszag-a-genderpropagandae-8753847\/<\/a><\/td>\n                    <td style=\"\">negat\u00edv<\/td>\n                    <td style=\"\"><\/td>\n                    <td style=\"\"><\/td>\n                    <td style=\"\"><\/td>\n                    <td style=\"\"><\/td>\n            <\/tr>\n            <tr id=\"table_2_row_142\">\n                    <td style=\"\">2020.10.03<\/td>\n                    <td style=\"\"><a href='https:\/\/magyarnemzet.hu\/' rel=' nofollow ' target='_blank'>https:\/\/magyarnemzet.hu\/<\/a><\/td>\n                    <td style=\"\">Nagy Orsolya<\/td>\n                    <td style=\"\">\u201eEz h\u00e1bor\u00fa az eg\u00e9sz t\u00e1rsadalom ellen\u201d<\/td>\n                    <td style=\"\">h\u00edr, besz\u00e1mol\u00f3, r\u00f6vid cikk<\/td>\n                    <td style=\"\"><a href='https:\/\/magyarnemzet.hu\/belfold\/toroczkai-ez-egy-haboru-az-egesz-tarsadalom-ellen-8756178\/' rel=' nofollow ' target='_blank'>https:\/\/magyarnemzet.hu\/belfold\/toroczkai-ez-egy-haboru-az-egesz-tarsadalom-ellen-8756178\/<\/a><\/td>\n                    <td style=\"\"><\/td>\n                    <td style=\"\"><\/td>\n                    <td style=\"\"><\/td>\n                    <td style=\"\"><\/td>\n                    <td style=\"\"><\/td>\n            <\/tr>\n            <tr id=\"table_2_row_143\">\n                    <td style=\"\">2020.10.03<\/td>\n                    <td style=\"\"><a href='https:\/\/drot.eu\/' rel=' nofollow ' target='_blank'>https:\/\/drot.eu\/<\/a><\/td>\n                    <td style=\"\">H\u00e9tv\u00e1ri Andrea<\/td>\n                    <td style=\"\">Kellenek-e az \u00f3vod\u00e1soknak \u201emelegmes\u00e9k\u201d?<\/td>\n                    <td style=\"\">publicisztika<\/td>\n                    <td style=\"\"><a href='https:\/\/drot.eu\/kellenek-e-az-ovodasoknak-melegmesek' rel=' nofollow ' target='_blank'>https:\/\/drot.eu\/kellenek-e-az-ovodasoknak-melegmesek<\/a><\/td>\n                    <td style=\"\">semleges<\/td>\n                    <td style=\"\"><\/td>\n                    <td style=\"\"><\/td>\n                    <td style=\"\"><\/td>\n                    <td style=\"\"><\/td>\n            <\/tr>\n            <tr id=\"table_2_row_144\">\n                    <td style=\"\">2020.10.03<\/td>\n                    <td style=\"\"><a href='https:\/\/demokrata.hu\/' rel=' nofollow ' target='_blank'>https:\/\/demokrata.hu\/<\/a><\/td>\n                    <td style=\"\">Hern\u00e1di Zsuzsa<\/td>\n                    <td style=\"\">A herceg a herceget szereti<\/td>\n                    <td style=\"\">publicisztika<\/td>\n                    <td style=\"\"><a href='https:\/\/demokrata.hu\/magyarorszag\/a-herceg-a-herceget-szereti-297816\/' rel=' nofollow ' target='_blank'>https:\/\/demokrata.hu\/magyarorszag\/a-herceg-a-herceget-szereti-297816\/<\/a><\/td>\n                    <td style=\"\">negat\u00edv<\/td>\n                    <td style=\"\"><\/td>\n                    <td style=\"\"><\/td>\n                    <td style=\"\"><\/td>\n                    <td style=\"\"><\/td>\n            <\/tr>\n            <tr id=\"table_2_row_145\">\n                    <td style=\"\">2020.10.03<\/td>\n                    <td style=\"\"><a href='https:\/\/holdkatlan.hu\/' rel=' nofollow ' target='_blank'>https:\/\/holdkatlan.hu\/<\/a><\/td>\n                    <td style=\"\">Bene Adri\u00e1n<\/td>\n                    <td style=\"\">M\u00e1s mes\u00e9k tetej\u00e9n<\/td>\n                    <td style=\"\">recenzi\u00f3<\/td>\n                    <td style=\"\"><a href='https:\/\/holdkatlan.hu\/index.php\/publicisztika\/kritika\/10071-bene-adrian-mas-mesek-tejen-meseorszag-mindenkie-kritika' rel=' nofollow ' target='_blank'>https:\/\/holdkatlan.hu\/index.php\/publicisztika\/kritika\/10071-bene-adrian-mas-mesek-tejen-meseorszag-mindenkie-kritika<\/a><\/td>\n                    <td style=\"\">pozit\u00edv<\/td>\n                    <td style=\"\"><\/td>\n                    <td style=\"\"><\/td>\n                    <td style=\"\"><\/td>\n                    <td style=\"\"><\/td>\n            <\/tr>\n            <tr id=\"table_2_row_146\">\n                    <td style=\"\">2020.10.03<\/td>\n                    <td style=\"\"><a href='https:\/\/magyarnemzet.hu\/' rel=' nofollow ' target='_blank'>https:\/\/magyarnemzet.hu\/<\/a><\/td>\n                    <td style=\"\">Ap\u00e1ti Bence<\/td>\n                    <td style=\"\">Meseorsz\u00e1g a genderpropgand\u00e1\u00e9<\/td>\n                    <td style=\"\">recenzi\u00f3<\/td>\n                    <td style=\"\"><a href='https:\/\/magyarnemzet.hu\/velemeny\/meseorszag-a-genderpropagandae-8753847\/?utm_source=mandiner&amp;utm_medium=link&amp;utm_campaign=mandiner_202010' rel=' nofollow ' target='_blank'>https:\/\/magyarnemzet.hu\/velemeny\/meseorszag-a-genderpropagandae-8753847\/?utm_source=mandiner&amp;utm_medium=link&amp;utm_campaign=mandiner_202010<\/a><\/td>\n                    <td style=\"\">negat\u00edv<\/td>\n                    <td style=\"\"><\/td>\n                    <td style=\"\"><\/td>\n                    <td style=\"\"><\/td>\n                    <td style=\"\"><\/td>\n            <\/tr>\n            <tr id=\"table_2_row_147\">\n                    <td style=\"\">2020.10.03<\/td>\n                    <td style=\"\"><a href='https:\/\/www.facebook.com\/' rel=' nofollow ' target='_blank'>https:\/\/www.facebook.com\/<\/a><\/td>\n                    <td style=\"\">P\u00e1l M\u00e1rton<\/td>\n                    <td style=\"\">P\u00e1l M\u00e1rton fb posztja a pagony k\u00f6nyvesbolt<\/td>\n                    <td style=\"\">fb-poszt<\/td>\n                    <td style=\"\"><a href='https:\/\/www.facebook.com\/photo?fbid=10159678674498539&amp;set=p.10159678674498539' rel=' nofollow ' target='_blank'>https:\/\/www.facebook.com\/photo?fbid=10159678674498539&amp;set=p.10159678674498539<\/a><\/td>\n                    <td style=\"\">pozit\u00edv<\/td>\n                    <td style=\"\">fb<\/td>\n                    <td style=\"\"><\/td>\n                    <td style=\"\"><\/td>\n                    <td style=\"\"><\/td>\n            <\/tr>\n            <tr id=\"table_2_row_148\">\n                    <td style=\"\">2020.10.03<\/td>\n                    <td style=\"\"><a href='https:\/\/hirtv.hu\/' rel=' nofollow ' target='_blank'>https:\/\/hirtv.hu\/<\/a><\/td>\n                    <td style=\"\"><\/td>\n                    <td style=\"\">A Meseorsz\u00e1g mindenki\u00e9 c\u00edm\u0171 mesek\u00f6nyv miatt demonstr\u00e1lt a Mi Haz\u00e1nk<\/td>\n                    <td style=\"\">TV<\/td>\n                    <td style=\"\"><a href='https:\/\/hirtv.hu\/video\/240978' rel=' nofollow ' target='_blank'>https:\/\/hirtv.hu\/video\/240978<\/a><\/td>\n                    <td style=\"\">negat\u00edv<\/td>\n                    <td style=\"\"><\/td>\n                    <td style=\"\"><\/td>\n                    <td style=\"\"><\/td>\n                    <td style=\"\"><\/td>\n            <\/tr>\n            <tr id=\"table_2_row_149\">\n                    <td style=\"\">2020.10.04<\/td>\n                    <td style=\"\"><a href='https:\/\/www.facebook.com\/' rel=' nofollow ' target='_blank'>https:\/\/www.facebook.com\/<\/a><\/td>\n                    <td style=\"\"><\/td>\n                    <td style=\"\">Meseorsz\u00e1g mindenki\u00e9 - mesematin\u00e9<\/td>\n                    <td style=\"\">esem\u00e9ny<\/td>\n                    <td style=\"\"><a href='https:\/\/www.facebook.com\/events\/1052403188528402' rel=' nofollow ' target='_blank'>https:\/\/www.facebook.com\/events\/1052403188528402<\/a><\/td>\n                    <td style=\"\">semleges<\/td>\n                    <td style=\"\">fb<\/td>\n                    <td style=\"\"><\/td>\n                    <td style=\"\"><\/td>\n                    <td style=\"\">(Szalai Kriszta felolvas\u00e1s, \u00c1trium)<\/td>\n            <\/tr>\n            <tr id=\"table_2_row_150\">\n                    <td style=\"\">2020.10.04<\/td>\n                    <td style=\"\"><a href='https:\/\/www.identitas.co\/' rel=' nofollow ' target='_blank'>https:\/\/www.identitas.co\/<\/a><\/td>\n                    <td style=\"\"><\/td>\n                    <td style=\"\">Tiltakozik a DK mesek\u00f6nyv - dar\u00e1l\u00e1s \u00fcgyben<\/td>\n                    <td style=\"\">vide\u00f3<\/td>\n                    <td style=\"\"><a href='https:\/\/www.identitas.co\/post\/tiltakozik-a-dk-mesekonyv-daralas-ugyben' rel=' nofollow ' target='_blank'>https:\/\/www.identitas.co\/post\/tiltakozik-a-dk-mesekonyv-daralas-ugyben<\/a><\/td>\n                    <td style=\"\">pozit\u00edv<\/td>\n                    <td style=\"\"><\/td>\n                    <td style=\"\"><\/td>\n                    <td style=\"\"><\/td>\n                    <td style=\"\">A dk vide\u00f3\u00fczenete a Mi Haz\u00e1nkhoz<\/td>\n            <\/tr>\n            <tr id=\"table_2_row_151\">\n                    <td style=\"\">2020.10.04<\/td>\n                    <td style=\"\"><a href='https:\/\/merce.hu\/' rel=' nofollow ' target='_blank'>https:\/\/merce.hu\/<\/a><\/td>\n                    <td style=\"\">Kiss Soma \u00c1brah\u00e1m<\/td>\n                    <td style=\"\">Orb\u00e1n a r\u00e1di\u00f3ban hat\u00e1rvonalat h\u00fazott a \u201emagyarok\u201d \u00e9s a \u201ehomoszexu\u00e1lisok\u201d k\u00f6z\u00e9<\/td>\n                    <td style=\"\">h\u00edr, r\u00f6vid cikk<\/td>\n                    <td style=\"\"><a href='https:\/\/merce.hu\/2020\/10\/04\/orban-a-radioban-hatarvonalat-huzott-a-magyarok-es-a-homoszexualisok-koze\/' rel=' nofollow ' target='_blank'>https:\/\/merce.hu\/2020\/10\/04\/orban-a-radioban-hatarvonalat-huzott-a-magyarok-es-a-homoszexualisok-koze\/<\/a><\/td>\n                    <td style=\"\">semleges<\/td>\n                    <td style=\"\"><\/td>\n                    <td style=\"\"><\/td>\n                    <td style=\"\"><\/td>\n                    <td style=\"\"><\/td>\n            <\/tr>\n            <tr id=\"table_2_row_152\">\n                    <td style=\"\">2020.10.04<\/td>\n                    <td style=\"\"><a href='https:\/\/444.hu\/' rel=' nofollow ' target='_blank'>https:\/\/444.hu\/<\/a><\/td>\n                    <td style=\"\">Plankog<\/td>\n                    <td style=\"\">Orb\u00e1n: Magyarorsz\u00e1g t\u00fcrelmes a homoszexualit\u00e1ssal szemben, de hagyj\u00e1k b\u00e9k\u00e9n a gyerekeinket<\/td>\n                    <td style=\"\">h\u00edr, r\u00f6vid cikk<\/td>\n                    <td style=\"\"><a href='https:\/\/444.hu\/2020\/10\/04\/orban-magyarorszag-turelmes-a-homoszexualitassal-szemben-de-hagyjak-beken-a-gyerekeinket' rel=' nofollow ' target='_blank'>https:\/\/444.hu\/2020\/10\/04\/orban-magyarorszag-turelmes-a-homoszexualitassal-szemben-de-hagyjak-beken-a-gyerekeinket<\/a><\/td>\n                    <td style=\"\">semleges<\/td>\n                    <td style=\"\"><\/td>\n                    <td style=\"\"><\/td>\n                    <td style=\"\"><\/td>\n                    <td style=\"\"><\/td>\n            <\/tr>\n            <tr id=\"table_2_row_153\">\n                    <td style=\"\">2020.10.04<\/td>\n                    <td style=\"\"><a href='https:\/\/www.facebook.com\/' rel=' nofollow ' target='_blank'>https:\/\/www.facebook.com\/<\/a><\/td>\n                    <td style=\"\">MKKP<\/td>\n                    <td style=\"\">(a MKKP \u201cszeretethadj\u00e1rata\u201d a megfenyegetett felolvas\u00e1s hely\u00e9n-idej\u00e9n<\/td>\n                    <td style=\"\">esem\u00e9ny<\/td>\n                    <td style=\"\"><a href='https:\/\/www.facebook.com\/events\/351390102672830' rel=' nofollow ' target='_blank'>https:\/\/www.facebook.com\/events\/351390102672830<\/a><\/td>\n                    <td style=\"\">pozit\u00edv<\/td>\n                    <td style=\"\">fb<\/td>\n                    <td style=\"\"><\/td>\n                    <td style=\"\"><\/td>\n                    <td style=\"\">(a MKKP \u201cszeretethadj\u00e1rata\u201d a megfenyegetett felolvas\u00e1s hely\u00e9n-idej\u00e9n<\/td>\n            <\/tr>\n            <tr id=\"table_2_row_154\">\n                    <td style=\"\">2020.10.04<\/td>\n                    <td style=\"\"><a href='http:\/\/ejha-halozat.hu\/' rel=' nofollow ' target='_blank'>http:\/\/ejha-halozat.hu\/<\/a><\/td>\n                    <td style=\"\"><\/td>\n                    <td style=\"\">Meseorsz\u00e1g mindenki\u00e9! Az EJHA \u00e1ll\u00e1sfoglal\u00e1sa<\/td>\n                    <td style=\"\">nyilatkozat<\/td>\n                    <td style=\"\"><a href='http:\/\/ejha-halozat.hu\/index.php\/2020\/10\/04\/meseorszag-mindenkie-az-ejha-allasfoglalasa\/' rel=' nofollow ' target='_blank'>http:\/\/ejha-halozat.hu\/index.php\/2020\/10\/04\/meseorszag-mindenkie-az-ejha-allasfoglalasa\/<\/a><\/td>\n                    <td style=\"\">pozit\u00edv<\/td>\n                    <td style=\"\"><\/td>\n                    <td style=\"\"><\/td>\n                    <td style=\"\"><\/td>\n                    <td style=\"\"><\/td>\n            <\/tr>\n            <tr id=\"table_2_row_155\">\n                    <td style=\"\">2020.10.04<\/td>\n                    <td style=\"\"><a href='https:\/\/azonnali.hu\/' rel=' nofollow ' target='_blank'>https:\/\/azonnali.hu\/<\/a><\/td>\n                    <td style=\"\">Petr\u00f3czi Rafael<\/td>\n                    <td style=\"\">Hanyadrend\u0171 probl\u00e9ma a mihaz\u00e1nkosoknak a \u201emelegpropaganda\u201c?<\/td>\n                    <td style=\"\">vide\u00f3<\/td>\n                    <td style=\"\"><a href='https:\/\/azonnali.hu\/cikk\/20201004_hanyadrendu-problema-a-mihazankosoknak-a-melegpropaganda-' rel=' nofollow ' target='_blank'>https:\/\/azonnali.hu\/cikk\/20201004_hanyadrendu-problema-a-mihazankosoknak-a-melegpropaganda-<\/a><\/td>\n                    <td style=\"\">semleges<\/td>\n                    <td style=\"\"><\/td>\n                    <td style=\"\"><\/td>\n                    <td style=\"\"><\/td>\n                    <td style=\"\"><\/td>\n            <\/tr>\n            <tr id=\"table_2_row_156\">\n                    <td style=\"\">2020.10.04<\/td>\n                    <td style=\"\"><a href='https:\/\/www.youtube.com\/' rel=' nofollow ' target='_blank'>https:\/\/www.youtube.com\/<\/a><\/td>\n                    <td style=\"\">azonnali<\/td>\n                    <td style=\"\">Hanyadrend\u0171 probl\u00e9ma a mihaz\u00e1nkosoknak a \u201emelegpropaganda\u201c?<\/td>\n                    <td style=\"\">vide\u00f3<\/td>\n                    <td style=\"\"><a href='https:\/\/www.youtube.com\/watch?v=ClsKcFt4DCc&amp;feature=youtu.be' rel=' nofollow ' target='_blank'>https:\/\/www.youtube.com\/watch?v=ClsKcFt4DCc&amp;feature=youtu.be<\/a><\/td>\n                    <td style=\"\">semleges<\/td>\n                    <td style=\"\">youtube<\/td>\n                    <td style=\"\"><\/td>\n                    <td style=\"\"><\/td>\n                    <td style=\"\"><\/td>\n            <\/tr>\n            <tr id=\"table_2_row_157\">\n                    <td style=\"\">2020.10.04<\/td>\n                    <td style=\"\"><a href='https:\/\/humenonline.hu\/' rel=' nofollow ' target='_blank'>https:\/\/humenonline.hu\/<\/a><\/td>\n                    <td style=\"\">Kocsis G. J\u00e1nos<\/td>\n                    <td style=\"\">Budah\u00e1zy Edda 30 emberrel vonult fel a gyerekeknek sz\u00e1nt mesed\u00e9lut\u00e1n ellen<\/td>\n                    <td style=\"\">h\u00edr, r\u00f6vid cikk<\/td>\n                    <td style=\"\"><a href='https:\/\/humenonline.hu\/budahazy-edda-30-emberrel-vonult-fel-a-gyerekeknek-szant-mesedelutan-ellen\/' rel=' nofollow ' target='_blank'>https:\/\/humenonline.hu\/budahazy-edda-30-emberrel-vonult-fel-a-gyerekeknek-szant-mesedelutan-ellen\/<\/a><\/td>\n                    <td style=\"\">pozit\u00edv<\/td>\n                    <td style=\"\"><\/td>\n                    <td style=\"\"><\/td>\n                    <td style=\"\"><\/td>\n                    <td style=\"\"><\/td>\n            <\/tr>\n            <tr id=\"table_2_row_158\">\n                    <td style=\"\">2020.10.04<\/td>\n                    <td style=\"\"><a href='https:\/\/www.facebook.com\/' rel=' nofollow ' target='_blank'>https:\/\/www.facebook.com\/<\/a><\/td>\n                    <td style=\"\">Lakatos Levente<\/td>\n                    <td style=\"\">Lakatos Levente v\u00e9lem\u00e9nye a dar\u00e1l\u00e1sr\u00f3l<\/td>\n                    <td style=\"\">vide\u00f3<\/td>\n                    <td style=\"\"><a href='https:\/\/www.facebook.com\/lakatoslevente\/videos\/250021699761289' rel=' nofollow ' target='_blank'>https:\/\/www.facebook.com\/lakatoslevente\/videos\/250021699761289<\/a><\/td>\n                    <td style=\"\">pozit\u00edv<\/td>\n                    <td style=\"\">fb<\/td>\n                    <td style=\"\"><\/td>\n                    <td style=\"\"><\/td>\n                    <td style=\"\">Lakatos Levente v\u00e9lem\u00e9nye a dar\u00e1l\u00e1sr\u00f3l<\/td>\n            <\/tr>\n            <tr id=\"table_2_row_159\">\n                    <td style=\"\">2020.10.04<\/td>\n                    <td style=\"\"><a href='https:\/\/orulunkvincent.blog.hu\/' rel=' nofollow ' target='_blank'>https:\/\/orulunkvincent.blog.hu\/<\/a><\/td>\n                    <td style=\"\">\u00f6r\u00fcl\u00f6nk vincent<\/td>\n                    <td style=\"\">\u00f6r\u00fcl\u00fcnk vincent v\u00e9lem\u00e9nye a minisztereln\u00f6k szavair\u00f3l<\/td>\n                    <td style=\"\">blogbejegyz\u00e9s<\/td>\n                    <td style=\"\"><a href='https:\/\/orulunkvincent.blog.hu\/2020\/10\/04\/meseorszag_mindenkie' rel=' nofollow ' target='_blank'>https:\/\/orulunkvincent.blog.hu\/2020\/10\/04\/meseorszag_mindenkie<\/a><\/td>\n                    <td style=\"\">pozit\u00edv<\/td>\n                    <td style=\"\"><\/td>\n                    <td style=\"\"><\/td>\n                    <td style=\"\"><\/td>\n                    <td style=\"\">\u00f6r\u00fcl\u00fcnk vincent v\u00e9lem\u00e9nye a minisztereln\u00f6k szavair\u00f3l<\/td>\n            <\/tr>\n            <tr id=\"table_2_row_160\">\n                    <td style=\"\">2020.10.04<\/td>\n                    <td style=\"\"><a href='https:\/\/www.youtube.com\/' rel=' nofollow ' target='_blank'>https:\/\/www.youtube.com\/<\/a><\/td>\n                    <td style=\"\"><\/td>\n                    <td style=\"\">A k\u00f6nyvdar\u00e1l\u00e1st\u00f3l a bestsellerig - Mese a mesek\u00f6nyvr\u0151l, amely felr\u00e1zta a k\u00f6zbesz\u00e9det<\/td>\n                    <td style=\"\">vide\u00f3<\/td>\n                    <td style=\"\"><a href='https:\/\/www.youtube.com\/watch?v=41PWis8HVQY' rel=' nofollow ' target='_blank'>https:\/\/www.youtube.com\/watch?v=41PWis8HVQY<\/a><\/td>\n                    <td style=\"\">pozit\u00edv<\/td>\n                    <td style=\"\">youtube<\/td>\n                    <td style=\"\"><\/td>\n                    <td style=\"\"><\/td>\n                    <td style=\"\">Index vide\u00f3, okt. 4.<\/td>\n            <\/tr>\n            <tr id=\"table_2_row_161\">\n                    <td style=\"\">2020.10.04<\/td>\n                    <td style=\"\"><a href='http:\/\/www.amiidonk.hu\/' rel=' nofollow ' target='_blank'>http:\/\/www.amiidonk.hu\/<\/a><\/td>\n                    <td style=\"\"><\/td>\n                    <td style=\"\">Kimatric\u00e1ztuk a n\u00e1cik irod\u00e1j\u00e1t<\/td>\n                    <td style=\"\">h\u00edr, r\u00f6vid cikk<\/td>\n                    <td style=\"\"><a href='http:\/\/www.amiidonk.hu\/hirek\/belfold\/kimatricaztuk-a-nacik-irodajat\/' rel=' nofollow ' target='_blank'>http:\/\/www.amiidonk.hu\/hirek\/belfold\/kimatricaztuk-a-nacik-irodajat\/<\/a><\/td>\n                    <td style=\"\">pozit\u00edv<\/td>\n                    <td style=\"\"><\/td>\n                    <td style=\"\"><\/td>\n                    <td style=\"\"><\/td>\n                    <td style=\"\"><\/td>\n            <\/tr>\n            <tr id=\"table_2_row_162\">\n                    <td style=\"\">2020.10.04<\/td>\n                    <td style=\"\"><a href='https:\/\/budapestpride.com\/' rel=' nofollow ' target='_blank'>https:\/\/budapestpride.com\/<\/a><\/td>\n                    <td style=\"\"><\/td>\n                    <td style=\"\">Orb\u00e1n Joins Forces with the Far-Right on Anti-LGBTQ Propaganda<\/td>\n                    <td style=\"\">h\u00edr, besz\u00e1mol\u00f3, r\u00f6vid cikk<\/td>\n                    <td style=\"\"><a href='https:\/\/budapestpride.com\/news\/orban-joins-forces-with-the-far-righ-on-anti-lgbtq-propaganda' rel=' nofollow ' target='_blank'>https:\/\/budapestpride.com\/news\/orban-joins-forces-with-the-far-righ-on-anti-lgbtq-propaganda<\/a><\/td>\n                    <td style=\"\">pozit\u00edv<\/td>\n                    <td style=\"\"><\/td>\n                    <td style=\"\">igen<\/td>\n                    <td style=\"\">angol<\/td>\n                    <td style=\"\"><\/td>\n            <\/tr>\n            <tr id=\"table_2_row_163\">\n                    <td style=\"\">2020.10.04<\/td>\n                    <td style=\"\"><a href='https:\/\/magyarnemzet.hu\/' rel=' nofollow ' target='_blank'>https:\/\/magyarnemzet.hu\/<\/a><\/td>\n                    <td style=\"\">Nagy Orsolya<\/td>\n                    <td style=\"\">Kudarcba fulladt az LMBTQ-mesek\u00f6nyv felolvas\u00e1sa<\/td>\n                    <td style=\"\">h\u00edr, besz\u00e1mol\u00f3, r\u00f6vid cikk<\/td>\n                    <td style=\"\"><a href='https:\/\/magyarnemzet.hu\/belfold\/kudarcba-fulladt-az-lmbtq-mesekonyv-felolvasasa-8757264\/' rel=' nofollow ' target='_blank'>https:\/\/magyarnemzet.hu\/belfold\/kudarcba-fulladt-az-lmbtq-mesekonyv-felolvasasa-8757264\/<\/a><\/td>\n                    <td style=\"\"><\/td>\n                    <td style=\"\"><\/td>\n                    <td style=\"\"><\/td>\n                    <td style=\"\"><\/td>\n                    <td style=\"\"><\/td>\n            <\/tr>\n            <tr id=\"table_2_row_164\">\n                    <td style=\"\">2020.10.04<\/td>\n                    <td style=\"\"><a href='https:\/\/kuruc.info\/' rel=' nofollow ' target='_blank'>https:\/\/kuruc.info\/<\/a><\/td>\n                    <td style=\"\"><\/td>\n                    <td style=\"\">Toroczkai: ami Csurka Istv\u00e1nnak a zsid\u00f3k\u00e9rd\u00e9s volt, az nek\u00fcnk a devi\u00e1ns LMBTQ-lobbi<\/td>\n                    <td style=\"\">h\u00edr, besz\u00e1mol\u00f3, r\u00f6vid cikk<\/td>\n                    <td style=\"\"><a href='https:\/\/kuruc.info\/r\/2\/218796\/' rel=' nofollow ' target='_blank'>https:\/\/kuruc.info\/r\/2\/218796\/<\/a><\/td>\n                    <td style=\"\">negat\u00edv<\/td>\n                    <td style=\"\"><\/td>\n                    <td style=\"\"><\/td>\n                    <td style=\"\"><\/td>\n                    <td style=\"\"><\/td>\n            <\/tr>\n            <tr id=\"table_2_row_165\">\n                    <td style=\"\">2020.10.04<\/td>\n                    <td style=\"\"><a href='https:\/\/kepmas.hu\/' rel=' nofollow ' target='_blank'>https:\/\/kepmas.hu\/<\/a><\/td>\n                    <td style=\"\">Szal\u00f3ki \u00c1gi<\/td>\n                    <td style=\"\">Ne f\u00e9ljetek a mes\u00e9kt\u0151l! \u2013 A nagy port kavart \u201eMeseorsz\u00e1g mindenki\u00e9\u201d c. k\u00f6nyv kapcs\u00e1n<\/td>\n                    <td style=\"\">publicisztika<\/td>\n                    <td style=\"\"><a href='https:\/\/kepmas.hu\/ne-feljetek-mesektol-nagy-port-kavart-meseorszag-mindenkie-c-konyv-kapcsan' rel=' nofollow ' target='_blank'>https:\/\/kepmas.hu\/ne-feljetek-mesektol-nagy-port-kavart-meseorszag-mindenkie-c-konyv-kapcsan<\/a><\/td>\n                    <td style=\"\">pozit\u00edv<\/td>\n                    <td style=\"\"><\/td>\n                    <td style=\"\"><\/td>\n                    <td style=\"\"><\/td>\n                    <td style=\"\"><\/td>\n            <\/tr>\n            <tr id=\"table_2_row_166\">\n                    <td style=\"\">2020.10.04<\/td>\n                    <td style=\"\"><a href='https:\/\/www.facebook.com\/' rel=' nofollow ' target='_blank'>https:\/\/www.facebook.com\/<\/a><\/td>\n                    <td style=\"\">Orb\u00e1n Viktor<\/td>\n                    <td style=\"\"><\/td>\n                    <td style=\"\">FB-poszt<\/td>\n                    <td style=\"\"><a href='https:\/\/www.facebook.com\/FideszHU\/photos\/a.10150098801139307\/10160194364869307\/' rel=' nofollow ' target='_blank'>https:\/\/www.facebook.com\/FideszHU\/photos\/a.10150098801139307\/10160194364869307\/<\/a><\/td>\n                    <td style=\"\">negat\u00edv<\/td>\n                    <td style=\"\">fb<\/td>\n                    <td style=\"\"><\/td>\n                    <td style=\"\"><\/td>\n                    <td style=\"\"><\/td>\n            <\/tr>\n            <tr id=\"table_2_row_167\">\n                    <td style=\"\">2020.10.04<\/td>\n                    <td style=\"\"><a href='https:\/\/index.indavideo.hu\/' rel=' nofollow ' target='_blank'>https:\/\/index.indavideo.hu\/<\/a><\/td>\n                    <td style=\"\"><\/td>\n                    <td style=\"\">A k\u00f6nyvdar\u00e1l\u00e1st\u00f3l a bestsellerig -mese a mesek\u00f6nyvr\u0151l, mely felr\u00e1zta a k\u00f6zbesz\u00e9det<\/td>\n                    <td style=\"\">vide\u00f3<\/td>\n                    <td style=\"\"><a href='https:\/\/index.indavideo.hu\/video\/A_konyvdaralastol_a_bestsellerig_-mese_a_mesekonyvrol_mely_felrazta_a_kozbeszedet' rel=' nofollow ' target='_blank'>https:\/\/index.indavideo.hu\/video\/A_konyvdaralastol_a_bestsellerig_-mese_a_mesekonyvrol_mely_felrazta_a_kozbeszedet<\/a><\/td>\n                    <td style=\"\">pozit\u00edv<\/td>\n                    <td style=\"\"><\/td>\n                    <td style=\"\"><\/td>\n                    <td style=\"\"><\/td>\n                    <td style=\"\"><\/td>\n            <\/tr>\n            <tr id=\"table_2_row_168\">\n                    <td style=\"\">2020.10.04<\/td>\n                    <td style=\"\"><a href='https:\/\/www.ksta.de\/' rel=' nofollow ' target='_blank'>https:\/\/www.ksta.de\/<\/a><\/td>\n                    <td style=\"\"><\/td>\n                    <td style=\"\">Ungarns Pr\u00e4sident Orban zeigt Verst\u00e4ndnis f\u00fcr homophobe Aktion einer Rechtsradikalen<\/td>\n                    <td style=\"\">h\u00edr, besz\u00e1mol\u00f3, r\u00f6vid cikk<\/td>\n                    <td style=\"\"><a href='https:\/\/www.ksta.de\/politik\/ungarns-praesident-orban-zeigt-verstaendnis-fuer-homophobe-aktion-einer-rechtsradikalen--37433572' rel=' nofollow ' target='_blank'>https:\/\/www.ksta.de\/politik\/ungarns-praesident-orban-zeigt-verstaendnis-fuer-homophobe-aktion-einer-rechtsradikalen--37433572<\/a><\/td>\n                    <td style=\"\">semleges<\/td>\n                    <td style=\"\"><\/td>\n                    <td style=\"\">igen<\/td>\n                    <td style=\"\">n\u00e9met<\/td>\n                    <td style=\"\"><\/td>\n            <\/tr>\n            <tr id=\"table_2_row_169\">\n                    <td style=\"\">2020.10.04<\/td>\n                    <td style=\"\"><a href='https:\/\/demokrata.hu\/' rel=' nofollow ' target='_blank'>https:\/\/demokrata.hu\/<\/a><\/td>\n                    <td style=\"\">Franka Tibor<\/td>\n                    <td style=\"\">Meseorsz\u00e1g nem a melegek\u00e9<\/td>\n                    <td style=\"\">interj\u00fa<\/td>\n                    <td style=\"\"><a href='https:\/\/demokrata.hu\/magyarorszag\/meseorszag-nem-a-melegeke-297819\/' rel=' nofollow ' target='_blank'>https:\/\/demokrata.hu\/magyarorszag\/meseorszag-nem-a-melegeke-297819\/<\/a><\/td>\n                    <td style=\"\">negat\u00edv<\/td>\n                    <td style=\"\"><\/td>\n                    <td style=\"\"><\/td>\n                    <td style=\"\"><\/td>\n                    <td style=\"\">Interj\u00fa D\u00far\u00f3 D\u00f3r\u00e1val<\/td>\n            <\/tr>\n            <tr id=\"table_2_row_170\">\n                    <td style=\"\">2020.10.04<\/td>\n                    <td style=\"\"><a href='https:\/\/www.facebook.com\/' rel=' nofollow ' target='_blank'>https:\/\/www.facebook.com\/<\/a><\/td>\n                    <td style=\"\"><\/td>\n                    <td style=\"\">Hagyj\u00e1k b\u00e9k\u00e9n a gyerekeinket<\/td>\n                    <td style=\"\">m\u00e9m, k\u00e9p<\/td>\n                    <td style=\"\"><a href='https:\/\/www.facebook.com\/FideszHU\/photos\/a.10150098801139307\/10160194364869307\/?type=3' rel=' nofollow ' target='_blank'>https:\/\/www.facebook.com\/FideszHU\/photos\/a.10150098801139307\/10160194364869307\/?type=3<\/a><\/td>\n                    <td style=\"\">negat\u00edv<\/td>\n                    <td style=\"\"><\/td>\n                    <td style=\"\"><\/td>\n                    <td style=\"\"><\/td>\n                    <td style=\"\">fidesz fb oldal<\/td>\n            <\/tr>\n            <tr id=\"table_2_row_171\">\n                    <td style=\"\">2020.10.04<\/td>\n                    <td style=\"\"><a href='https:\/\/www.hetek.hu\/' rel=' nofollow ' target='_blank'>https:\/\/www.hetek.hu\/<\/a><\/td>\n                    <td style=\"\"><\/td>\n                    <td style=\"\">Van egy v\u00f6r\u00f6s vonal: hagyj\u00e1k b\u00e9k\u00e9n a gyerekeinket - Orb\u00e1n a gendermese-k\u00f6nyvr\u0151l<\/td>\n                    <td style=\"\">h\u00edr, besz\u00e1mol\u00f3, r\u00f6vid cikk<\/td>\n                    <td style=\"\"><a href='https:\/\/www.hetek.hu\/cikkek\/online\/van-egy-voros-vonal-hagyjak-beken-a-gyerekeinket-orban-a' rel=' nofollow ' target='_blank'>https:\/\/www.hetek.hu\/cikkek\/online\/van-egy-voros-vonal-hagyjak-beken-a-gyerekeinket-orban-a<\/a><\/td>\n                    <td style=\"\">negat\u00edv<\/td>\n                    <td style=\"\"><\/td>\n                    <td style=\"\"><\/td>\n                    <td style=\"\"><\/td>\n                    <td style=\"\"><\/td>\n            <\/tr>\n            <tr id=\"table_2_row_172\">\n                    <td style=\"\">2020.10.04<\/td>\n                    <td style=\"\"><a href='https:\/\/www.youtube.com\/' rel=' nofollow ' target='_blank'>https:\/\/www.youtube.com\/<\/a><\/td>\n                    <td style=\"\">bayer show<\/td>\n                    <td style=\"\">Bayer show<\/td>\n                    <td style=\"\">vide\u00f3 v\u00e9lem\u00e9ny<\/td>\n                    <td style=\"\"><a href='https:\/\/www.youtube.com\/watch?v=bsLi4u33OoY&amp;feature=emb_title' rel=' nofollow ' target='_blank'>https:\/\/www.youtube.com\/watch?v=bsLi4u33OoY&amp;feature=emb_title<\/a><\/td>\n                    <td style=\"\">negat\u00edv<\/td>\n                    <td style=\"\">youtube<\/td>\n                    <td style=\"\"><\/td>\n                    <td style=\"\"><\/td>\n                    <td style=\"\"><\/td>\n            <\/tr>\n            <tr id=\"table_2_row_173\">\n                    <td style=\"\">2020.10.04<\/td>\n                    <td style=\"\"><a href='https:\/\/www.youtube.com\/' rel=' nofollow ' target='_blank'>https:\/\/www.youtube.com\/<\/a><\/td>\n                    <td style=\"\">azonnali<\/td>\n                    <td style=\"\">H\u00e1nyadrend\u0171 probl\u00e9ma a melegppropaganda<\/td>\n                    <td style=\"\">vide\u00f3 v\u00e9lem\u00e9ny<\/td>\n                    <td style=\"\"><a href='https:\/\/www.youtube.com\/watch?v=ClsKcFt4DCc&amp;feature=youtu.be' rel=' nofollow ' target='_blank'>https:\/\/www.youtube.com\/watch?v=ClsKcFt4DCc&amp;feature=youtu.be<\/a><\/td>\n                    <td style=\"\">semleges<\/td>\n                    <td style=\"\">youtube<\/td>\n                    <td style=\"\"><\/td>\n                    <td style=\"\"><\/td>\n                    <td style=\"\">A Mi Haz\u00e1nk Mozgalom t\u00fcntet\u00e9se a k\u00f6nyv ellen<\/td>\n            <\/tr>\n            <tr id=\"table_2_row_174\">\n                    <td style=\"\">2020.10.04<\/td>\n                    <td style=\"\"><a href='https:\/\/hirtv.hu\/' rel=' nofollow ' target='_blank'>https:\/\/hirtv.hu\/<\/a><\/td>\n                    <td style=\"\"><\/td>\n                    <td style=\"\">\u00dajabb t\u00fcntet\u00e9s a Meseorsz\u00e1g mindenki\u00e9 c\u00edm\u0171 k\u00f6nyv miatt<\/td>\n                    <td style=\"\">TV<\/td>\n                    <td style=\"\"><a href='https:\/\/hirtv.hu\/ahirtvhirei\/ujabb-tuntetes-a-meseorszag-mindenkie-cimu-konyv-miatt-2509353' rel=' nofollow ' target='_blank'>https:\/\/hirtv.hu\/ahirtvhirei\/ujabb-tuntetes-a-meseorszag-mindenkie-cimu-konyv-miatt-2509353<\/a><\/td>\n                    <td style=\"\">negat\u00edv<\/td>\n                    <td style=\"\"><\/td>\n                    <td style=\"\"><\/td>\n                    <td style=\"\"><\/td>\n                    <td style=\"\"><\/td>\n            <\/tr>\n            <tr id=\"table_2_row_175\">\n                    <td style=\"\">2020.10.04<\/td>\n                    <td style=\"\"><a href='https:\/\/hirado.hu\/' rel=' nofollow ' target='_blank'>https:\/\/hirado.hu\/<\/a><\/td>\n                    <td style=\"\"><\/td>\n                    <td style=\"\">Orb\u00e1n Viktor korm\u00e1nyf\u0151 nyilatkozik a Vas\u00e1rnapi \u00fajsagban<\/td>\n                    <td style=\"\">TV<\/td>\n                    <td style=\"\"><a href='https:\/\/hirado.hu\/belfold\/kozelet\/cikk\/2020\/10\/04\/elo-orban-viktor-kormanyfo-nyilatkozik-a-vasarnapi-ujsagban' rel=' nofollow ' target='_blank'>https:\/\/hirado.hu\/belfold\/kozelet\/cikk\/2020\/10\/04\/elo-orban-viktor-kormanyfo-nyilatkozik-a-vasarnapi-ujsagban<\/a><\/td>\n                    <td style=\"\">negat\u00edv<\/td>\n                    <td style=\"\"><\/td>\n                    <td style=\"\"><\/td>\n                    <td style=\"\"><\/td>\n                    <td style=\"\"><\/td>\n            <\/tr>\n            <tr id=\"table_2_row_176\">\n                    <td style=\"\">2020.10.04<\/td>\n                    <td style=\"\"><a href='https:\/\/www.youtube.com\/' rel=' nofollow ' target='_blank'>https:\/\/www.youtube.com\/<\/a><\/td>\n                    <td style=\"\"><\/td>\n                    <td style=\"\">H\u00edr-TV, Bayer-Show<\/td>\n                    <td style=\"\">TV<\/td>\n                    <td style=\"\"><a href='https:\/\/www.youtube.com\/watch?v=bsLi4u33OoY&amp;feature=emb_title' rel=' nofollow ' target='_blank'>https:\/\/www.youtube.com\/watch?v=bsLi4u33OoY&amp;feature=emb_title<\/a><\/td>\n                    <td style=\"\">negat\u00edv<\/td>\n                    <td style=\"\"><\/td>\n                    <td style=\"\"><\/td>\n                    <td style=\"\"><\/td>\n                    <td style=\"\"><\/td>\n            <\/tr>\n            <tr id=\"table_2_row_177\">\n                    <td style=\"\">2020.10.05<\/td>\n                    <td style=\"\"><a href='https:\/\/www.malaymail.com\/' rel=' nofollow ' target='_blank'>https:\/\/www.malaymail.com\/<\/a><\/td>\n                    <td style=\"\">AFP<\/td>\n                    <td style=\"\">Hungary PM urges gays to 'leave our children alone'<\/td>\n                    <td style=\"\">h\u00edr, besz\u00e1mol\u00f3, r\u00f6vid cikk<\/td>\n                    <td style=\"\"><a href='https:\/\/www.malaymail.com\/news\/world\/2020\/10\/05\/hungary-pm-urges-gays-to-leave-our-children-alone\/1909614' rel=' nofollow ' target='_blank'>https:\/\/www.malaymail.com\/news\/world\/2020\/10\/05\/hungary-pm-urges-gays-to-leave-our-children-alone\/1909614<\/a><\/td>\n                    <td style=\"\">semleges<\/td>\n                    <td style=\"\"><\/td>\n                    <td style=\"\">igen<\/td>\n                    <td style=\"\">angol<\/td>\n                    <td style=\"\">Malajziai h\u00edrport\u00e1l<\/td>\n            <\/tr>\n            <tr id=\"table_2_row_178\">\n                    <td style=\"\">2020.10.05<\/td>\n                    <td style=\"\"><a href='https:\/\/dailynewshungary.com\/' rel=' nofollow ' target='_blank'>https:\/\/dailynewshungary.com\/<\/a><\/td>\n                    <td style=\"\"><\/td>\n                    <td style=\"\">Budapest Pride: Orb\u00e1n joins forces with far-right on anti-LGBTQ propaganda<\/td>\n                    <td style=\"\">h\u00edr, besz\u00e1mol\u00f3, r\u00f6vid cikk<\/td>\n                    <td style=\"\"><a href='https:\/\/dailynewshungary.com\/budapest-pride-orban-joins-forces-with-far-right-on-anti-lgbtq-propaganda\/' rel=' nofollow ' target='_blank'>https:\/\/dailynewshungary.com\/budapest-pride-orban-joins-forces-with-far-right-on-anti-lgbtq-propaganda\/<\/a><\/td>\n                    <td style=\"\">pozit\u00edv<\/td>\n                    <td style=\"\"><\/td>\n                    <td style=\"\"><\/td>\n                    <td style=\"\">angol<\/td>\n                    <td style=\"\"><\/td>\n            <\/tr>\n            <tr id=\"table_2_row_179\">\n                    <td style=\"\">2020.10.05<\/td>\n                    <td style=\"\"><a href='https:\/\/helsinkifigyelo.444.hu\/' rel=' nofollow ' target='_blank'>https:\/\/helsinkifigyelo.444.hu\/<\/a><\/td>\n                    <td style=\"\"><\/td>\n                    <td style=\"\">A rend\u0151rs\u00e9g semmit sem tett a Meseorsz\u00e1g-matin\u00e9 \u00e9s a gyerekek v\u00e9delm\u00e9ben<\/td>\n                    <td style=\"\">h\u00edr, r\u00f6vid cikk<\/td>\n                    <td style=\"\"><a href='https:\/\/helsinkifigyelo.444.hu\/2020\/10\/05\/a-rendorseg-semmit-sem-tett-a-meseorszag-matine-es-a-gyerekek-vedelmeben' rel=' nofollow ' target='_blank'>https:\/\/helsinkifigyelo.444.hu\/2020\/10\/05\/a-rendorseg-semmit-sem-tett-a-meseorszag-matine-es-a-gyerekek-vedelmeben<\/a><\/td>\n                    <td style=\"\">semleges<\/td>\n                    <td style=\"\"><\/td>\n                    <td style=\"\"><\/td>\n                    <td style=\"\"><\/td>\n                    <td style=\"\"><\/td>\n            <\/tr>\n            <tr id=\"table_2_row_180\">\n                    <td style=\"\">2020.10.05<\/td>\n                    <td style=\"\"><a href='https:\/\/www.facebook.com\/' rel=' nofollow ' target='_blank'>https:\/\/www.facebook.com\/<\/a><\/td>\n                    <td style=\"\">Don\u00e1th Anna<\/td>\n                    <td style=\"\">Hagyj\u00e1k b\u00e9k\u00e9n a gyerekeinket<\/td>\n                    <td style=\"\">fb-poszt<\/td>\n                    <td style=\"\"><a href='https:\/\/www.facebook.com\/donathannajulia.momentum\/photos\/a.298702440618818\/942058952949827\/' rel=' nofollow ' target='_blank'>https:\/\/www.facebook.com\/donathannajulia.momentum\/photos\/a.298702440618818\/942058952949827\/<\/a><\/td>\n                    <td style=\"\">pozit\u00edv<\/td>\n                    <td style=\"\"><\/td>\n                    <td style=\"\"><\/td>\n                    <td style=\"\"><\/td>\n                    <td style=\"\">Don\u00e1th Anna gondolatai a mesek\u00f6nyv kapcs\u00e1n<\/td>\n            <\/tr>\n            <tr id=\"table_2_row_181\">\n                    <td style=\"\">2020.10.05<\/td>\n                    <td style=\"\"><a href='https:\/\/www.maszol.ro\/' rel=' nofollow ' target='_blank'>https:\/\/www.maszol.ro\/<\/a><\/td>\n                    <td style=\"\">Zsizsmann Erika<\/td>\n                    <td style=\"\">Ezeket a h\u0151s\u00f6ket a szeretet k\u00e9pess\u00e9ge hat\u00e1rozza meg \u2013 a Meseorsz\u00e1g mindenki\u00e9 c\u00edm\u0171 k\u00f6tet szerz\u0151j\u00e9t k\u00e9rdezt\u00fck<\/td>\n                    <td style=\"\">interj\u00fa<\/td>\n                    <td style=\"\"><a href='https:\/\/www.maszol.ro\/index.php\/kultura\/132979-ezeket-a-h-soket-a-szeretet-kepessege-hatarozza-meg-a-meseorszag-mindenkie-cim-kotet-szerz-jet-kerdeztuk' rel=' nofollow ' target='_blank'>https:\/\/www.maszol.ro\/index.php\/kultura\/132979-ezeket-a-h-soket-a-szeretet-kepessege-hatarozza-meg-a-meseorszag-mindenkie-cim-kotet-szerz-jet-kerdeztuk<\/a><\/td>\n                    <td style=\"\">pozit\u00edv<\/td>\n                    <td style=\"\"><\/td>\n                    <td style=\"\">igen<\/td>\n                    <td style=\"\"><\/td>\n                    <td style=\"\">Interj\u00fa Kov\u00e1cs Brigitta Efivel<\/td>\n            <\/tr>\n            <tr id=\"table_2_row_182\">\n                    <td style=\"\">2020.10.05<\/td>\n                    <td style=\"\"><a href='https:\/\/hajdupress.hu\/' rel=' nofollow ' target='_blank'>https:\/\/hajdupress.hu\/<\/a><\/td>\n                    <td style=\"\">Papp Csilla<\/td>\n                    <td style=\"\">Mir\u0151l besz\u00e9l\u00fcnk? Meseorsz\u00e1g mindenki\u00e9?! Csak szeretn\u00e9nk ezt hinni\u2026<\/td>\n                    <td style=\"\">publicisztika<\/td>\n                    <td style=\"\"><a href='https:\/\/hajdupress.hu\/cikk\/mirol-beszelunk-meseorszag-mindenkie-csak-szeretnenk-ezt-hinni' rel=' nofollow ' target='_blank'>https:\/\/hajdupress.hu\/cikk\/mirol-beszelunk-meseorszag-mindenkie-csak-szeretnenk-ezt-hinni<\/a><\/td>\n                    <td style=\"\">pozit\u00edv<\/td>\n                    <td style=\"\"><\/td>\n                    <td style=\"\"><\/td>\n                    <td style=\"\"><\/td>\n                    <td style=\"\"><\/td>\n            <\/tr>\n            <tr id=\"table_2_row_183\">\n                    <td style=\"\">2020.10.05<\/td>\n                    <td style=\"\"><a href='https:\/\/hvg.hu\/' rel=' nofollow ' target='_blank'>https:\/\/hvg.hu\/<\/a><\/td>\n                    <td style=\"\">Hamvay P\u00e9ter<\/td>\n                    <td style=\"\">D\u00far\u00f3\u00e9kkal v\u00e9geztett\u00e9k el a piszkos munk\u00e1t a Fidesz leg\u00fajabb gy\u0171l\u00f6letkamp\u00e1ny\u00e1hoz<\/td>\n                    <td style=\"\">h\u00edr, r\u00f6vid cikk<\/td>\n                    <td style=\"\"><a href='https:\/\/hvg.hu\/360\/202042__politikai_homofobia__kampanytema__vaganybagoly__nem_mese' rel=' nofollow ' target='_blank'>https:\/\/hvg.hu\/360\/202042__politikai_homofobia__kampanytema__vaganybagoly__nem_mese<\/a><\/td>\n                    <td style=\"\">semleges<\/td>\n                    <td style=\"\"><\/td>\n                    <td style=\"\"><\/td>\n                    <td style=\"\"><\/td>\n                    <td style=\"\"><\/td>\n            <\/tr>\n            <tr id=\"table_2_row_184\">\n                    <td style=\"\">2020.10.05<\/td>\n                    <td style=\"\"><a href='https:\/\/magyarnemzet.hu\/' rel=' nofollow ' target='_blank'>https:\/\/magyarnemzet.hu\/<\/a><\/td>\n                    <td style=\"\">Gajdics Ott\u00f3<\/td>\n                    <td style=\"\">A gyerekeket ne!<\/td>\n                    <td style=\"\">publicisztika<\/td>\n                    <td style=\"\"><a href='https:\/\/magyarnemzet.hu\/ahelyzet\/a-gyerekeket-ne-8760195\/' rel=' nofollow ' target='_blank'>https:\/\/magyarnemzet.hu\/ahelyzet\/a-gyerekeket-ne-8760195\/<\/a><\/td>\n                    <td style=\"\">negat\u00edv<\/td>\n                    <td style=\"\"><\/td>\n                    <td style=\"\"><\/td>\n                    <td style=\"\"><\/td>\n                    <td style=\"\"><\/td>\n            <\/tr>\n            <tr id=\"table_2_row_185\">\n                    <td style=\"\">2020.10.05<\/td>\n                    <td style=\"\"><a href='https:\/\/www.youtube.com\/' rel=' nofollow ' target='_blank'>https:\/\/www.youtube.com\/<\/a><\/td>\n                    <td style=\"\">Bog\u00e1r L\u00e1szl\u00f3<\/td>\n                    <td style=\"\">Meseorsz\u00e1g NEM mindenki\u00e9!<\/td>\n                    <td style=\"\">vide\u00f3<\/td>\n                    <td style=\"\"><a href='https:\/\/www.youtube.com\/watch?v=Z1_eOcgvhec' rel=' nofollow ' target='_blank'>https:\/\/www.youtube.com\/watch?v=Z1_eOcgvhec<\/a><\/td>\n                    <td style=\"\">negat\u00edv<\/td>\n                    <td style=\"\">youtube<\/td>\n                    <td style=\"\"><\/td>\n                    <td style=\"\"><\/td>\n                    <td style=\"\"><\/td>\n            <\/tr>\n            <tr id=\"table_2_row_186\">\n                    <td style=\"\">2020.10.05<\/td>\n                    <td style=\"\"><a href='https:\/\/konyvesmagazin.hu\/' rel=' nofollow ' target='_blank'>https:\/\/konyvesmagazin.hu\/<\/a><\/td>\n                    <td style=\"\"><\/td>\n                    <td style=\"\">Sz\u00e9ls\u0151s\u00e9gesek kiab\u00e1l\u00e1ssal, k\u00e1nt\u00e1l\u00e1ssal zavart\u00e1k meg a Meseorsz\u00e1g-felolvas\u00e1st<\/td>\n                    <td style=\"\">h\u00edr, besz\u00e1mol\u00f3, r\u00f6vid cikk<\/td>\n                    <td style=\"\"><a href='https:\/\/konyvesmagazin.hu\/friss\/meseorszag_felolvasas_tuntetes.html' rel=' nofollow ' target='_blank'>https:\/\/konyvesmagazin.hu\/friss\/meseorszag_felolvasas_tuntetes.html<\/a><\/td>\n                    <td style=\"\">semleges<\/td>\n                    <td style=\"\"><\/td>\n                    <td style=\"\"><\/td>\n                    <td style=\"\"><\/td>\n                    <td style=\"\"><\/td>\n            <\/tr>\n            <tr id=\"table_2_row_187\">\n                    <td style=\"\">2020.10.05<\/td>\n                    <td style=\"\"><a href='https:\/\/www.patent.org.hu\/' rel=' nofollow ' target='_blank'>https:\/\/www.patent.org.hu\/<\/a><\/td>\n                    <td style=\"\"><\/td>\n                    <td style=\"\">N\u0151jogi h\u00edrsz\u00fcret 2020. szeptember 5. - 2020. okt\u00f3ber 5.<\/td>\n                    <td style=\"\">h\u00edr, besz\u00e1mol\u00f3, r\u00f6vid cikk<\/td>\n                    <td style=\"\"><a href='https:\/\/www.patent.org.hu\/item\/n\u0151jogi-h\u00edrsz\u00fcret-2020-09-05-2020-10-05' rel=' nofollow ' target='_blank'>https:\/\/www.patent.org.hu\/item\/n\u0151jogi-h\u00edrsz\u00fcret-2020-09-05-2020-10-05<\/a><\/td>\n                    <td style=\"\">semleges<\/td>\n                    <td style=\"\"><\/td>\n                    <td style=\"\"><\/td>\n                    <td style=\"\"><\/td>\n                    <td style=\"\"><\/td>\n            <\/tr>\n            <tr id=\"table_2_row_188\">\n                    <td style=\"\">2020.10.05<\/td>\n                    <td style=\"\"><a href='https:\/\/www.thenonbinarypolyhistor.com\/' rel=' nofollow ' target='_blank'>https:\/\/www.thenonbinarypolyhistor.com\/<\/a><\/td>\n                    <td style=\"\">Singer Eddie<\/td>\n                    <td style=\"\">Meseorsz\u00e1g: ahol \u00f6nmagad lehetsz - Szubjekt\u00edv review egy anyuka \u00e9s kort\u00e1rs gyerekk\u00f6nyves szem\u00e9vel<\/td>\n                    <td style=\"\">v\u00e9lem\u00e9ny<\/td>\n                    <td style=\"\"><a href='https:\/\/www.thenonbinarypolyhistor.com\/post\/meseorsz\u00e1g-ahol-\u00f6nmagad-lehetsz-szubjekt%C3%ADv-review-egy-anyuka-\u00e9s-kort\u00e1rs-gyerekk\u00f6nyves-szem\u00e9vel' rel=' nofollow ' target='_blank'>https:\/\/www.thenonbinarypolyhistor.com\/post\/meseorsz\u00e1g-ahol-\u00f6nmagad-lehetsz-szubjekt%C3%ADv-review-egy-anyuka-\u00e9s-kort\u00e1rs-gyerekk\u00f6nyves-szem\u00e9vel<\/a><\/td>\n                    <td style=\"\">pozit\u00edv<\/td>\n                    <td style=\"\"><\/td>\n                    <td style=\"\"><\/td>\n                    <td style=\"\"><\/td>\n                    <td style=\"\"><\/td>\n            <\/tr>\n            <tr id=\"table_2_row_189\">\n                    <td style=\"\">2020.10.06<\/td>\n                    <td style=\"\"><a href='https:\/\/litera.hu\/' rel=' nofollow ' target='_blank'>https:\/\/litera.hu\/<\/a><\/td>\n                    <td style=\"\">Gy\u0151ri Enik\u0151<\/td>\n                    <td style=\"\">Azt k\u00e9pzelt\u00fck, k\u00fczden\u00fcnk kell majd, hogy ismertt\u00e9 v\u00e1ljon. H\u00e1t, nem kellett...<\/td>\n                    <td style=\"\">interj\u00fa<\/td>\n                    <td style=\"\"><a href='https:\/\/litera.hu\/magazin\/interju\/meseorszag-mindenkie-interju.html' rel=' nofollow ' target='_blank'>https:\/\/litera.hu\/magazin\/interju\/meseorszag-mindenkie-interju.html<\/a><\/td>\n                    <td style=\"\">pozit\u00edv<\/td>\n                    <td style=\"\"><\/td>\n                    <td style=\"\"><\/td>\n                    <td style=\"\"><\/td>\n                    <td style=\"\">Interj\u00fa Borgos Ann\u00e1val<\/td>\n            <\/tr>\n            <tr id=\"table_2_row_190\">\n                    <td style=\"\">2020.10.06<\/td>\n                    <td style=\"\"><a href='https:\/\/litera.hu\/' rel=' nofollow ' target='_blank'>https:\/\/litera.hu\/<\/a><\/td>\n                    <td style=\"\">Kiss Judit \u00c1gnes<\/td>\n                    <td style=\"\">R\u00f3za a b\u00e1lban<\/td>\n                    <td style=\"\">mesek\u00f6zl\u00e9s<\/td>\n                    <td style=\"\"><a href='https:\/\/litera.hu\/irodalom\/konyvajanlo\/meseorszag-mindenkie-reszlet.html' rel=' nofollow ' target='_blank'>https:\/\/litera.hu\/irodalom\/konyvajanlo\/meseorszag-mindenkie-reszlet.html<\/a><\/td>\n                    <td style=\"\">semleges<\/td>\n                    <td style=\"\"><\/td>\n                    <td style=\"\"><\/td>\n                    <td style=\"\"><\/td>\n                    <td style=\"\"><\/td>\n            <\/tr>\n            <tr id=\"table_2_row_191\">\n                    <td style=\"\">2020.10.06<\/td>\n                    <td style=\"\"><a href='https:\/\/444.hu\/' rel=' nofollow ' target='_blank'>https:\/\/444.hu\/<\/a><\/td>\n                    <td style=\"\">plankog<\/td>\n                    <td style=\"\">Orb\u00e1nnak ellens\u00e9g kellett, \u00e9ppen egy mesek\u00f6nyv akadt a keze \u00fcgy\u00e9be<\/td>\n                    <td style=\"\">v\u00e9lem\u00e9ny<\/td>\n                    <td style=\"\"><a href='https:\/\/444.hu\/2020\/10\/06\/orbannak-ellenseg-kellett-eppen-egy-mesekonyv-akadt-a-keze-ugyebe' rel=' nofollow ' target='_blank'>https:\/\/444.hu\/2020\/10\/06\/orbannak-ellenseg-kellett-eppen-egy-mesekonyv-akadt-a-keze-ugyebe<\/a><\/td>\n                    <td style=\"\">pozit\u00edv<\/td>\n                    <td style=\"\"><\/td>\n                    <td style=\"\"><\/td>\n                    <td style=\"\"><\/td>\n                    <td style=\"\"><\/td>\n            <\/tr>\n            <tr id=\"table_2_row_192\">\n                    <td style=\"\">2020.10.06<\/td>\n                    <td style=\"\"><a href='https:\/\/www.facebook.com\/' rel=' nofollow ' target='_blank'>https:\/\/www.facebook.com\/<\/a><\/td>\n                    <td style=\"\"><\/td>\n                    <td style=\"\">a Mi Haz\u00e1nk plak\u00e1tja egy k\u00f6nyvesbolt kirakat\u00e1ban<\/td>\n                    <td style=\"\">fB-poszt<\/td>\n                    <td style=\"\"><a href='https:\/\/www.facebook.com\/dmagyarmuzsa\/photos\/a.208664306298966\/970343733464349\/?type=3&amp;theater' rel=' nofollow ' target='_blank'>https:\/\/www.facebook.com\/dmagyarmuzsa\/photos\/a.208664306298966\/970343733464349\/?type=3&amp;theater<\/a><\/td>\n                    <td style=\"\">pozit\u00edv<\/td>\n                    <td style=\"\"><\/td>\n                    <td style=\"\"><\/td>\n                    <td style=\"\"><\/td>\n                    <td style=\"\">a Mi Haz\u00e1nk plak\u00e1tja egy k\u00f6nyvesbolt kirakat\u00e1ban<\/td>\n            <\/tr>\n            <tr id=\"table_2_row_193\">\n                    <td style=\"\">2020.10.06<\/td>\n                    <td style=\"\"><a href='https:\/\/magyarnarancs.hu\/' rel=' nofollow ' target='_blank'>https:\/\/magyarnarancs.hu\/<\/a><\/td>\n                    <td style=\"\"><\/td>\n                    <td style=\"\">a Mi Haz\u00e1nk plak\u00e1tja egy k\u00f6nyvesbolt kirakat\u00e1ban<\/td>\n                    <td style=\"\">h\u00edr, r\u00f6vid cikk<\/td>\n                    <td style=\"\"><a href='https:\/\/magyarnarancs.hu\/belpol\/plakatokkal-belyegzik-meg-a-meseorszag-mindenkiet-arulo-boltokat-133775' rel=' nofollow ' target='_blank'>https:\/\/magyarnarancs.hu\/belpol\/plakatokkal-belyegzik-meg-a-meseorszag-mindenkiet-arulo-boltokat-133775<\/a><\/td>\n                    <td style=\"\">pozit\u00edv<\/td>\n                    <td style=\"\"><\/td>\n                    <td style=\"\"><\/td>\n                    <td style=\"\"><\/td>\n                    <td style=\"\">a Mi Haz\u00e1nk plak\u00e1tja egy k\u00f6nyvesbolt kirakat\u00e1ban<\/td>\n            <\/tr>\n            <tr id=\"table_2_row_194\">\n                    <td style=\"\">2020.10.06<\/td>\n                    <td style=\"\"><a href='https:\/\/24.hu\/' rel=' nofollow ' target='_blank'>https:\/\/24.hu\/<\/a><\/td>\n                    <td style=\"\">K\u00e1lm\u00e1n Attila<\/td>\n                    <td style=\"\">N\u00e1ci id\u0151ket id\u00e9z\u0151 plak\u00e1tot ragasztottak t\u00f6bb k\u00f6nyvesboltra<\/td>\n                    <td style=\"\">h\u00edr, r\u00f6vid cikk<\/td>\n                    <td style=\"\"><a href='https:\/\/24.hu\/belfold\/2020\/10\/06\/meseorszag-mindenkie-plakat\/' rel=' nofollow ' target='_blank'>https:\/\/24.hu\/belfold\/2020\/10\/06\/meseorszag-mindenkie-plakat\/<\/a><\/td>\n                    <td style=\"\">pozit\u00edv<\/td>\n                    <td style=\"\"><\/td>\n                    <td style=\"\"><\/td>\n                    <td style=\"\"><\/td>\n                    <td style=\"\"><\/td>\n            <\/tr>\n            <tr id=\"table_2_row_195\">\n                    <td style=\"\">2020.10.06<\/td>\n                    <td style=\"\"><a href='https:\/\/merce.hu\/' rel=' nofollow ' target='_blank'>https:\/\/merce.hu\/<\/a><\/td>\n                    <td style=\"\">Di\u00f3szegi-Horv\u00e1th N\u00f3ra<\/td>\n                    <td style=\"\">K\u00e9t perc gy\u0171l\u00f6let: mi\u00e9rt sz\u00e1llt be Orb\u00e1n a buziz\u00e1sba?<\/td>\n                    <td style=\"\">h\u00edr, r\u00f6vid cikk<\/td>\n                    <td style=\"\"><a href='https:\/\/merce.hu\/2020\/10\/06\/ket-perc-gyulolet-miert-szallt-be-orban-a-buzizasba\/' rel=' nofollow ' target='_blank'>https:\/\/merce.hu\/2020\/10\/06\/ket-perc-gyulolet-miert-szallt-be-orban-a-buzizasba\/<\/a><\/td>\n                    <td style=\"\">pozit\u00edv<\/td>\n                    <td style=\"\"><\/td>\n                    <td style=\"\"><\/td>\n                    <td style=\"\"><\/td>\n                    <td style=\"\"><\/td>\n            <\/tr>\n            <tr id=\"table_2_row_196\">\n                    <td style=\"\">2020.10.06<\/td>\n                    <td style=\"\"><a href='http:\/\/hatter.hu\/' rel=' nofollow ' target='_blank'>http:\/\/hatter.hu\/<\/a><\/td>\n                    <td style=\"\"><\/td>\n                    <td style=\"\">A H\u00e1tt\u00e9r T\u00e1rsas\u00e1g \u00e1ll\u00e1sfoglal\u00e1sa Orb\u00e1n Viktor nyilatkozata kapcs\u00e1n<\/td>\n                    <td style=\"\">nyilatkozat<\/td>\n                    <td style=\"\"><a href='http:\/\/hatter.hu\/hirek\/a-hatter-tarsasag-allasfoglalasa-orban-viktor-nyilatkozata-kapcsan' rel=' nofollow ' target='_blank'>http:\/\/hatter.hu\/hirek\/a-hatter-tarsasag-allasfoglalasa-orban-viktor-nyilatkozata-kapcsan<\/a><\/td>\n                    <td style=\"\">pozit\u00edv<\/td>\n                    <td style=\"\"><\/td>\n                    <td style=\"\"><\/td>\n                    <td style=\"\"><\/td>\n                    <td style=\"\"><\/td>\n            <\/tr>\n            <tr id=\"table_2_row_197\">\n                    <td style=\"\">2020.10.06<\/td>\n                    <td style=\"\"><a href='https:\/\/www.pinknews.co.uk\/' rel=' nofollow ' target='_blank'>https:\/\/www.pinknews.co.uk\/<\/a><\/td>\n                    <td style=\"\">Nick Duffy<\/td>\n                    <td style=\"\">Hungarian prime minister Viktor Orban demands gay people \u2018leave our children alone\u2019 in sinister attack on lesbian Cinderella book<\/td>\n                    <td style=\"\">h\u00edr, besz\u00e1mol\u00f3, r\u00f6vid cikk<\/td>\n                    <td style=\"\"><a href='https:\/\/www.pinknews.co.uk\/2020\/10\/06\/hungary-prime-minister-viktor-orban-gay-children-lesbian-cinderella-book\/' rel=' nofollow ' target='_blank'>https:\/\/www.pinknews.co.uk\/2020\/10\/06\/hungary-prime-minister-viktor-orban-gay-children-lesbian-cinderella-book\/<\/a><\/td>\n                    <td style=\"\">pozit\u00edv<\/td>\n                    <td style=\"\"><\/td>\n                    <td style=\"\"><\/td>\n                    <td style=\"\">angol<\/td>\n                    <td style=\"\"><\/td>\n            <\/tr>\n            <tr id=\"table_2_row_198\">\n                    <td style=\"\">2020.10.06<\/td>\n                    <td style=\"\"><a href='https:\/\/pestihirlap.hu\/' rel=' nofollow ' target='_blank'>https:\/\/pestihirlap.hu\/<\/a><\/td>\n                    <td style=\"\"><\/td>\n                    <td style=\"\">A legs\u00f6t\u00e9tebb n\u00e1ci id\u0151ket id\u00e9z\u0151 plak\u00e1t bukkant fel egy f\u0151v\u00e1rosi k\u00f6nyvesbolt ajtaj\u00e1n<\/td>\n                    <td style=\"\">h\u00edr, besz\u00e1mol\u00f3, r\u00f6vid cikk<\/td>\n                    <td style=\"\"><a href='https:\/\/pestihirlap.hu\/2020\/10\/06\/a-legsotetebb-naci-idoket-idezo-plakat-bukkant-fel-egy-fovarosi-konyvesbolt-ajtajan\/' rel=' nofollow ' target='_blank'>https:\/\/pestihirlap.hu\/2020\/10\/06\/a-legsotetebb-naci-idoket-idezo-plakat-bukkant-fel-egy-fovarosi-konyvesbolt-ajtajan\/<\/a><\/td>\n                    <td style=\"\">semleges<\/td>\n                    <td style=\"\"><\/td>\n                    <td style=\"\"><\/td>\n                    <td style=\"\"><\/td>\n                    <td style=\"\"><\/td>\n            <\/tr>\n            <tr id=\"table_2_row_199\">\n                    <td style=\"\">2020.10.06<\/td>\n                    <td style=\"\"><a href='https:\/\/merce.hu\/' rel=' nofollow ' target='_blank'>https:\/\/merce.hu\/<\/a><\/td>\n                    <td style=\"\">Gregor Anik\u00f3<\/td>\n                    <td style=\"\">Ha m\u00e1r dar\u00e1lni sincs mit: Meseorsz\u00e1g val\u00f3ban mindenki\u00e9?<\/td>\n                    <td style=\"\">h\u00edr, r\u00f6vid cikk<\/td>\n                    <td style=\"\"><a href='https:\/\/merce.hu\/2020\/10\/06\/ha-mar-daralni-sincs-mit-meseorszag-valoban-mindenkie\/' rel=' nofollow ' target='_blank'>https:\/\/merce.hu\/2020\/10\/06\/ha-mar-daralni-sincs-mit-meseorszag-valoban-mindenkie\/<\/a><\/td>\n                    <td style=\"\">pozit\u00edv<\/td>\n                    <td style=\"\"><\/td>\n                    <td style=\"\"><\/td>\n                    <td style=\"\"><\/td>\n                    <td style=\"\"><\/td>\n            <\/tr>\n            <tr id=\"table_2_row_200\">\n                    <td style=\"\">2020.10.06<\/td>\n                    <td style=\"\"><a href='https:\/\/www.facebook.com\/' rel=' nofollow ' target='_blank'>https:\/\/www.facebook.com\/<\/a><\/td>\n                    <td style=\"\">Sebesty\u00e9n Eszter<\/td>\n                    <td style=\"\">\u00c9n is f\u00e9ltem a gyerkeket<\/td>\n                    <td style=\"\">fB-poszt<\/td>\n                    <td style=\"\"><a href='https:\/\/www.facebook.com\/SebestyenEszterPszichologus\/posts\/1300578986945863' rel=' nofollow ' target='_blank'>https:\/\/www.facebook.com\/SebestyenEszterPszichologus\/posts\/1300578986945863<\/a><\/td>\n                    <td style=\"\">pozit\u00edv<\/td>\n                    <td style=\"\"><\/td>\n                    <td style=\"\"><\/td>\n                    <td style=\"\"><\/td>\n                    <td style=\"\"><\/td>\n            <\/tr>\n            <tr id=\"table_2_row_201\">\n                    <td style=\"\">2020.10.06<\/td>\n                    <td style=\"\"><a href='https:\/\/www.magyarhirlap.hu\/' rel=' nofollow ' target='_blank'>https:\/\/www.magyarhirlap.hu\/<\/a><\/td>\n                    <td style=\"\">Bog\u00e1r L\u00e1szl\u00f3<\/td>\n                    <td style=\"\">Nincs mese<\/td>\n                    <td style=\"\">publicisztika<\/td>\n                    <td style=\"\"><a href='https:\/\/www.magyarhirlap.hu\/velemeny\/20201006-nincs-mese' rel=' nofollow ' target='_blank'>https:\/\/www.magyarhirlap.hu\/velemeny\/20201006-nincs-mese<\/a><\/td>\n                    <td style=\"\">negat\u00edv<\/td>\n                    <td style=\"\"><\/td>\n                    <td style=\"\"><\/td>\n                    <td style=\"\"><\/td>\n                    <td style=\"\"><\/td>\n            <\/tr>\n            <tr id=\"table_2_row_202\">\n                    <td style=\"\">2020.10.06<\/td>\n                    <td style=\"\"><a href='https:\/\/alfahir.hu\/' rel=' nofollow ' target='_blank'>https:\/\/alfahir.hu\/<\/a><\/td>\n                    <td style=\"\">K\u00f6ller Krist\u00f3f<\/td>\n                    <td style=\"\">A korm\u00e1ny nem hagyn\u00e1, hogy gyermekeink politikai t\u00e1mad\u00e1s al\u00e1 ker\u00fcljenek, \u0151k m\u00e9gis el\u0151szeretettel kamp\u00e1nyolnak vel\u00fck<\/td>\n                    <td style=\"\">h\u00edr, besz\u00e1mol\u00f3, r\u00f6vid cikk<\/td>\n                    <td style=\"\"><a href='https:\/\/alfahir.hu\/2020\/10\/06\/meseorszag_mindenkie_kdnp_zsigo_robert_duro_dora_magyar_parlament_retvari_bence' rel=' nofollow ' target='_blank'>https:\/\/alfahir.hu\/2020\/10\/06\/meseorszag_mindenkie_kdnp_zsigo_robert_duro_dora_magyar_parlament_retvari_bence<\/a><\/td>\n                    <td style=\"\"><\/td>\n                    <td style=\"\"><\/td>\n                    <td style=\"\"><\/td>\n                    <td style=\"\"><\/td>\n                    <td style=\"\"><\/td>\n            <\/tr>\n            <tr id=\"table_2_row_203\">\n                    <td style=\"\">2020.10.06<\/td>\n                    <td style=\"\"><a href='https:\/\/magyarnemzet.hu\/' rel=' nofollow ' target='_blank'>https:\/\/magyarnemzet.hu\/<\/a><\/td>\n                    <td style=\"\">Nagy Orsolya<\/td>\n                    <td style=\"\">Melegpropaganda k\u00f6lt\u00f6zik az \u00f3budai \u00f3vod\u00e1kba<\/td>\n                    <td style=\"\">publicisztika<\/td>\n                    <td style=\"\"><a href='https:\/\/magyarnemzet.hu\/belfold\/melegpropaganda-koltozik-az-obudai-ovodakba-8767560\/' rel=' nofollow ' target='_blank'>https:\/\/magyarnemzet.hu\/belfold\/melegpropaganda-koltozik-az-obudai-ovodakba-8767560\/<\/a><\/td>\n                    <td style=\"\">negat\u00edv<\/td>\n                    <td style=\"\"><\/td>\n                    <td style=\"\"><\/td>\n                    <td style=\"\"><\/td>\n                    <td style=\"\"><\/td>\n            <\/tr>\n            <tr id=\"table_2_row_204\">\n                    <td style=\"\">2020.10.06<\/td>\n                    <td style=\"\"><a href='https:\/\/hirado.hu\/' rel=' nofollow ' target='_blank'>https:\/\/hirado.hu\/<\/a><\/td>\n                    <td style=\"\"><\/td>\n                    <td style=\"\">Pszichol\u00f3gus: Agresszi\u00f3 a gyerekek ellen a transzgender mesek\u00f6nyv<\/td>\n                    <td style=\"\">h\u00edr, besz\u00e1mol\u00f3, r\u00f6vid cikk<\/td>\n                    <td style=\"\"><a href='https:\/\/hirado.hu\/cikk\/2020\/10\/06\/pszichologus-agresszio-a-gyerekek-ellen-a-transzgender-mesekonyv' rel=' nofollow ' target='_blank'>https:\/\/hirado.hu\/cikk\/2020\/10\/06\/pszichologus-agresszio-a-gyerekek-ellen-a-transzgender-mesekonyv<\/a><\/td>\n                    <td style=\"\">negat\u00edv<\/td>\n                    <td style=\"\"><\/td>\n                    <td style=\"\"><\/td>\n                    <td style=\"\"><\/td>\n                    <td style=\"\"><\/td>\n            <\/tr>\n            <tr id=\"table_2_row_205\">\n                    <td style=\"\">2020.10.06<\/td>\n                    <td style=\"\"><a href='https:\/\/www.filologosz.hu\/' rel=' nofollow ' target='_blank'>https:\/\/www.filologosz.hu\/<\/a><\/td>\n                    <td style=\"\">Gy\u00f6rk\u00f6s G\u00e1bor<\/td>\n                    <td style=\"\">Nem csak Meseorsz\u00e1g mindenki\u00e9!<\/td>\n                    <td style=\"\">publicisztika<\/td>\n                    <td style=\"\"><a href='https:\/\/www.filologosz.hu\/nem-csak-meseorszag-mindenkie' rel=' nofollow ' target='_blank'>https:\/\/www.filologosz.hu\/nem-csak-meseorszag-mindenkie<\/a><\/td>\n                    <td style=\"\">pozit\u00edv<\/td>\n                    <td style=\"\"><\/td>\n                    <td style=\"\"><\/td>\n                    <td style=\"\"><\/td>\n                    <td style=\"\"><\/td>\n            <\/tr>\n            <tr id=\"table_2_row_206\">\n                    <td style=\"\">2020.10.06<\/td>\n                    <td style=\"\"><a href='https:\/\/bouvet.cafeblog.hu\/' rel=' nofollow ' target='_blank'>https:\/\/bouvet.cafeblog.hu\/<\/a><\/td>\n                    <td style=\"\">Bouvet<\/td>\n                    <td style=\"\">Ez a bajom a Meseorsz\u00e1g mindenki\u00e9 c\u00edm\u0171 k\u00f6nyv keltette orsz\u00e1gos botr\u00e1nnyal<\/td>\n                    <td style=\"\">blogbejegyz\u00e9s<\/td>\n                    <td style=\"\"><a href='https:\/\/bouvet.cafeblog.hu\/2020\/10\/06\/ez-a-bajom-a-meseorszag-mindenkie-cimu-konyv-keltette-orszagos-botranyrol\/' rel=' nofollow ' target='_blank'>https:\/\/bouvet.cafeblog.hu\/2020\/10\/06\/ez-a-bajom-a-meseorszag-mindenkie-cimu-konyv-keltette-orszagos-botranyrol\/<\/a><\/td>\n                    <td style=\"\">negat\u00edv<\/td>\n                    <td style=\"\"><\/td>\n                    <td style=\"\"><\/td>\n                    <td style=\"\"><\/td>\n                    <td style=\"\"><\/td>\n            <\/tr>\n            <tr id=\"table_2_row_207\">\n                    <td style=\"\">2020.10.06<\/td>\n                    <td style=\"\"><a href='https:\/\/www.evamagazin.hu\/' rel=' nofollow ' target='_blank'>https:\/\/www.evamagazin.hu\/<\/a><\/td>\n                    <td style=\"\">szexsuli<\/td>\n                    <td style=\"\">Mesek\u00f6nyvek, amik arra tan\u00edtj\u00e1k a gyereket, hogy fogadja el a m\u00e1ss\u00e1got<\/td>\n                    <td style=\"\">h\u00edr, besz\u00e1mol\u00f3, r\u00f6vid cikk<\/td>\n                    <td style=\"\"><a href='https:\/\/www.evamagazin.hu\/mesekonyvek-nyitott-es-elfogado-gyerekekert-18-133004' rel=' nofollow ' target='_blank'>https:\/\/www.evamagazin.hu\/mesekonyvek-nyitott-es-elfogado-gyerekekert-18-133004<\/a><\/td>\n                    <td style=\"\">pozit\u00edv<\/td>\n                    <td style=\"\"><\/td>\n                    <td style=\"\"><\/td>\n                    <td style=\"\"><\/td>\n                    <td style=\"\"><\/td>\n            <\/tr>\n            <tr id=\"table_2_row_208\">\n                    <td style=\"\">2020.10.06<\/td>\n                    <td style=\"\"><a href='https:\/\/www.facebook.com\/' rel=' nofollow ' target='_blank'>https:\/\/www.facebook.com\/<\/a><\/td>\n                    <td style=\"\"><\/td>\n                    <td style=\"\">Di\u00e9t\u00e1s Magyar M\u00fazsa k\u00e9pe egy k\u00f6nyvesbolt kirakatban<\/td>\n                    <td style=\"\">m\u00e9m, k\u00e9p<\/td>\n                    <td style=\"\"><a href='https:\/\/www.facebook.com\/dmagyarmuzsa\/photos\/a.208664306298966\/970343733464349\/?type=3&amp;theater' rel=' nofollow ' target='_blank'>https:\/\/www.facebook.com\/dmagyarmuzsa\/photos\/a.208664306298966\/970343733464349\/?type=3&amp;theater<\/a><\/td>\n                    <td style=\"\">pozit\u00edv<\/td>\n                    <td style=\"\"><\/td>\n                    <td style=\"\"><\/td>\n                    <td style=\"\"><\/td>\n                    <td style=\"\">Di\u00e9t\u00e1s Magyar M\u00fazsa k\u00e9pe egy k\u00f6nyvesbolt kirakatban<\/td>\n            <\/tr>\n            <tr id=\"table_2_row_209\">\n                    <td style=\"\">2020.10.06<\/td>\n                    <td style=\"\"><a href='https:\/\/indavideo.hu\/' rel=' nofollow ' target='_blank'>https:\/\/indavideo.hu\/<\/a><\/td>\n                    <td style=\"\">H\u00edrTV<\/td>\n                    <td style=\"\">\u00dajabb t\u00fcntet\u00e9s a Meseorsz\u00e1g mindenki\u00e9 c\u00edm\u0171 k\u00f6nyv miatt<\/td>\n                    <td style=\"\">vide\u00f3<\/td>\n                    <td style=\"\"><a href='https:\/\/indavideo.hu\/video\/Ujabb_tuntetes_a_Meseorszag_mindenkie_cimu_konyv_miatt' rel=' nofollow ' target='_blank'>https:\/\/indavideo.hu\/video\/Ujabb_tuntetes_a_Meseorszag_mindenkie_cimu_konyv_miatt<\/a><\/td>\n                    <td style=\"\">negat\u00edv<\/td>\n                    <td style=\"\"><\/td>\n                    <td style=\"\"><\/td>\n                    <td style=\"\"><\/td>\n                    <td style=\"\"><\/td>\n            <\/tr>\n            <tr id=\"table_2_row_210\">\n                    <td style=\"\">2020.10.06<\/td>\n                    <td style=\"\"><a href='https:\/\/www.youtube.com\/' rel=' nofollow ' target='_blank'>https:\/\/www.youtube.com\/<\/a><\/td>\n                    <td style=\"\">P\u00e9csi Rita<\/td>\n                    <td style=\"\">Er\u0151s szorong\u00e1st, p\u00e1nikbetegs\u00e9get okozhatnak az \u00e9rz\u00e9keny\u00edt\u0151 mes\u00e9k<\/td>\n                    <td style=\"\">r\u00e1di\u00f3<\/td>\n                    <td style=\"\"><a href='https:\/\/www.youtube.com\/watch?v=oUpHRKgtbdA' rel=' nofollow ' target='_blank'>https:\/\/www.youtube.com\/watch?v=oUpHRKgtbdA<\/a><\/td>\n                    <td style=\"\">negat\u00edv<\/td>\n                    <td style=\"\"><\/td>\n                    <td style=\"\"><\/td>\n                    <td style=\"\"><\/td>\n                    <td style=\"\"><\/td>\n            <\/tr>\n            <tr id=\"table_2_row_211\">\n                    <td style=\"\">2020.10.07<\/td>\n                    <td style=\"\"><a href='https:\/\/wmn.hu\/' rel=' nofollow ' target='_blank'>https:\/\/wmn.hu\/<\/a><\/td>\n                    <td style=\"\"><\/td>\n                    <td style=\"\">\u201eNemcsak a ny\u00edlt s\u00e9rteget\u00e9s k\u00e1ros, hanem az eltitkol\u00e1s, elhallgat\u00e1s, l\u00e1thatatlann\u00e1 tev\u00e9s is\" \u2013 A \u201emelegg\u00e9 v\u00e1l\u00e1s\u201d egy pszichol\u00f3gus szem\u00e9vel<\/td>\n                    <td style=\"\">interj\u00fa<\/td>\n                    <td style=\"\"><a href='https:\/\/wmn.hu\/ugy\/53699-nemcsak-a-nyilt-sertegetes-karos-hanem-az-eltitkolas-elhallgatas-lathatatlanna-teves-is---a-melegge-valas-egy-pszichologus-szemevel' rel=' nofollow ' target='_blank'>https:\/\/wmn.hu\/ugy\/53699-nemcsak-a-nyilt-sertegetes-karos-hanem-az-eltitkolas-elhallgatas-lathatatlanna-teves-is---a-melegge-valas-egy-pszichologus-szemevel<\/a><\/td>\n                    <td style=\"\">semleges<\/td>\n                    <td style=\"\"><\/td>\n                    <td style=\"\"><\/td>\n                    <td style=\"\"><\/td>\n                    <td style=\"\">Csepelyi Adrienn interj\u00faja a homof\u00f3bi\u00e1r\u00f3l, identit\u00e1sr\u00f3l \u00e9s m\u00e9g sok minden m\u00e1sr\u00f3l<\/td>\n            <\/tr>\n            <tr id=\"table_2_row_212\">\n                    <td style=\"\">2020.10.07<\/td>\n                    <td style=\"\"><a href='https:\/\/olvassbele.com\/' rel=' nofollow ' target='_blank'>https:\/\/olvassbele.com\/<\/a><\/td>\n                    <td style=\"\">Boldizs\u00e1r Ildik\u00f3<\/td>\n                    <td style=\"\">Boldizs\u00e1r Ildik\u00f3 gondolatai a k\u00f6nyvr\u0151l<\/td>\n                    <td style=\"\">nyilatkozat<\/td>\n                    <td style=\"\"><a href='https:\/\/olvassbele.com\/2020\/10\/07\/lehetoseg-felelosseg-eszkoz-meg-egyszer-a-meseorszag-mindenkie-kotetrol\/' rel=' nofollow ' target='_blank'>https:\/\/olvassbele.com\/2020\/10\/07\/lehetoseg-felelosseg-eszkoz-meg-egyszer-a-meseorszag-mindenkie-kotetrol\/<\/a><\/td>\n                    <td style=\"\">semleges<\/td>\n                    <td style=\"\"><\/td>\n                    <td style=\"\"><\/td>\n                    <td style=\"\"><\/td>\n                    <td style=\"\">Boldizs\u00e1r Ildik\u00f3 gondolatai a k\u00f6nyvr\u0151l<\/td>\n            <\/tr>\n            <tr id=\"table_2_row_213\">\n                    <td style=\"\">2020.10.07<\/td>\n                    <td style=\"\"><a href='https:\/\/konyvesmagazin.hu\/' rel=' nofollow ' target='_blank'>https:\/\/konyvesmagazin.hu\/<\/a><\/td>\n                    <td style=\"\">Boldizs\u00e1r Ildik\u00f3<\/td>\n                    <td style=\"\">Meseorsz\u00e1g val\u00f3ban mindenki\u00e9, mi d\u00f6ntj\u00fck el, hogy kit\/mit enged\u00fcnk onnan magunkhoz<\/td>\n                    <td style=\"\">FB-poszt<\/td>\n                    <td style=\"\"><a href='https:\/\/konyvesmagazin.hu\/friss\/boldizsar_ildiko_meseorszag_mindenkie.html' rel=' nofollow ' target='_blank'>https:\/\/konyvesmagazin.hu\/friss\/boldizsar_ildiko_meseorszag_mindenkie.html<\/a><\/td>\n                    <td style=\"\">pozit\u00edv<\/td>\n                    <td style=\"\"><\/td>\n                    <td style=\"\"><\/td>\n                    <td style=\"\"><\/td>\n                    <td style=\"\"><\/td>\n            <\/tr>\n            <tr id=\"table_2_row_214\">\n                    <td style=\"\">2020.10.07<\/td>\n                    <td style=\"\"><a href='https:\/\/www.instagram.com\/' rel=' nofollow ' target='_blank'>https:\/\/www.instagram.com\/<\/a><\/td>\n                    <td style=\"\"><\/td>\n                    <td style=\"\">nem akarok belesz\u00f3lni<\/td>\n                    <td style=\"\">vide\u00f3<\/td>\n                    <td style=\"\"><a href='https:\/\/www.instagram.com\/p\/CGBy3KXleic' rel=' nofollow ' target='_blank'>https:\/\/www.instagram.com\/p\/CGBy3KXleic<\/a><\/td>\n                    <td style=\"\">pozit\u00edv<\/td>\n                    <td style=\"\">insta<\/td>\n                    <td style=\"\"><\/td>\n                    <td style=\"\"><\/td>\n                    <td style=\"\"><\/td>\n            <\/tr>\n            <tr id=\"table_2_row_215\">\n                    <td style=\"\">2020.10.07<\/td>\n                    <td style=\"\"><a href='https:\/\/mkke.hu\/' rel=' nofollow ' target='_blank'>https:\/\/mkke.hu\/<\/a><\/td>\n                    <td style=\"\"><\/td>\n                    <td style=\"\">Az MKKE eln\u00f6ks\u00e9g\u00e9nek k\u00f6zlem\u00e9nye<\/td>\n                    <td style=\"\">nyilatkozat<\/td>\n                    <td style=\"\"><a href='https:\/\/mkke.hu\/hirek_esemenyek\/az_mkke_elnoksegenek_kozlemenye' rel=' nofollow ' target='_blank'>https:\/\/mkke.hu\/hirek_esemenyek\/az_mkke_elnoksegenek_kozlemenye<\/a><\/td>\n                    <td style=\"\">pozit\u00edv<\/td>\n                    <td style=\"\"><\/td>\n                    <td style=\"\"><\/td>\n                    <td style=\"\"><\/td>\n                    <td style=\"\">Az MKKE eln\u00f6ks\u00e9g\u00e9nek k\u00f6zlem\u00e9nye<\/td>\n            <\/tr>\n            <tr id=\"table_2_row_216\">\n                    <td style=\"\">2020.10.07<\/td>\n                    <td style=\"\"><a href='https:\/\/litera.hu\/' rel=' nofollow ' target='_blank'>https:\/\/litera.hu\/<\/a><\/td>\n                    <td style=\"\"><\/td>\n                    <td style=\"\">A MKKE tiltakozik a Meseorsz\u00e1g mindenki\u00e9 c\u00edm\u0171 k\u00f6nyvet \u00f6vez\u0151 politikai usz\u00edt\u00e1s miatt<\/td>\n                    <td style=\"\">h\u00edr, r\u00f6vid cikk<\/td>\n                    <td style=\"\"><a href='https:\/\/litera.hu\/hirek\/a-magyar-konyvkiadok-es-konyvterjesztok-egyesulese-elnoksegenek-tiltakozasa.html' rel=' nofollow ' target='_blank'>https:\/\/litera.hu\/hirek\/a-magyar-konyvkiadok-es-konyvterjesztok-egyesulese-elnoksegenek-tiltakozasa.html<\/a><\/td>\n                    <td style=\"\">pozit\u00edv<\/td>\n                    <td style=\"\"><\/td>\n                    <td style=\"\"><\/td>\n                    <td style=\"\"><\/td>\n                    <td style=\"\"><\/td>\n            <\/tr>\n            <tr id=\"table_2_row_217\">\n                    <td style=\"\">2020.10.07<\/td>\n                    <td style=\"\"><a href='https:\/\/multikult.transindex.ro\/' rel=' nofollow ' target='_blank'>https:\/\/multikult.transindex.ro\/<\/a><\/td>\n                    <td style=\"\">V.E.<\/td>\n                    <td style=\"\">Meseorsz\u00e1g mindenki\u00e9 \u2013 egy gyerekk\u00f6nyv k\u00f6r\u00fcli botr\u00e1ny kr\u00f3nik\u00e1ja&nbsp;- a Transindex.ro port\u00e1lr\u00f3l<\/td>\n                    <td style=\"\">h\u00edr, r\u00f6vid cikk<\/td>\n                    <td style=\"\"><a href='https:\/\/multikult.transindex.ro\/?cikk=28658&amp;meseorszag_mindenkie_8211_egy_gyerekkonyv_koruli_botrany_kronikaja' rel=' nofollow ' target='_blank'>https:\/\/multikult.transindex.ro\/?cikk=28658&amp;meseorszag_mindenkie_8211_egy_gyerekkonyv_koruli_botrany_kronikaja<\/a><\/td>\n                    <td style=\"\">pozit\u00edv<\/td>\n                    <td style=\"\"><\/td>\n                    <td style=\"\">igen<\/td>\n                    <td style=\"\"><\/td>\n                    <td style=\"\"><\/td>\n            <\/tr>\n            <tr id=\"table_2_row_218\">\n                    <td style=\"\">2020.10.07<\/td>\n                    <td style=\"\"><a href='https:\/\/rtl.hu\/' rel=' nofollow ' target='_blank'>https:\/\/rtl.hu\/<\/a><\/td>\n                    <td style=\"\">Moln\u00e1r Fruzsina<\/td>\n                    <td style=\"\">Matric\u00e1znak \u00e9s k\u00f6nyvesboltokat fenyegetnek sz\u00e9ls\u0151s\u00e9ges csoportok<\/td>\n                    <td style=\"\">h\u00edr, r\u00f6vid cikk<\/td>\n                    <td style=\"\"><a href='https:\/\/rtl.hu\/rtlklub\/hirek\/matricaznak-es-konyvesboltokat-fenyegetnek-szelsoseges-csoportok' rel=' nofollow ' target='_blank'>https:\/\/rtl.hu\/rtlklub\/hirek\/matricaznak-es-konyvesboltokat-fenyegetnek-szelsoseges-csoportok<\/a><\/td>\n                    <td style=\"\">pozit\u00edv<\/td>\n                    <td style=\"\"><\/td>\n                    <td style=\"\"><\/td>\n                    <td style=\"\"><\/td>\n                    <td style=\"\"><\/td>\n            <\/tr>\n            <tr id=\"table_2_row_219\">\n                    <td style=\"\">2020.10.07<\/td>\n                    <td style=\"\"><a href='https:\/\/www.facebook.com\/' rel=' nofollow ' target='_blank'>https:\/\/www.facebook.com\/<\/a><\/td>\n                    <td style=\"\">TASZ<\/td>\n                    <td style=\"\">Mesek\u00f6nyvet haszn\u00e1l fel kirekeszt\u0151 n\u00e9zetei hangoztat\u00e1s\u00e1ra a minisztereln\u00f6k<\/td>\n                    <td style=\"\">fb-poszt<\/td>\n                    <td style=\"\"><a href='https:\/\/www.facebook.com\/notes\/tasz\/mesek\u00f6nyvet-haszn\u00e1l-fel-kirekeszt\u0151-n\u00e9zetei-hangoztat\u00e1s\u00e1ra-a-minisztereln\u00f6k\/10220465346398729\/' rel=' nofollow ' target='_blank'>https:\/\/www.facebook.com\/notes\/tasz\/mesek\u00f6nyvet-haszn\u00e1l-fel-kirekeszt\u0151-n\u00e9zetei-hangoztat\u00e1s\u00e1ra-a-minisztereln\u00f6k\/10220465346398729\/<\/a><\/td>\n                    <td style=\"\">pozit\u00edv<\/td>\n                    <td style=\"\"><\/td>\n                    <td style=\"\"><\/td>\n                    <td style=\"\"><\/td>\n                    <td style=\"\">TASZ az ombudsmanhoz<\/td>\n            <\/tr>\n            <tr id=\"table_2_row_220\">\n                    <td style=\"\">2020.10.07<\/td>\n                    <td style=\"\"><a href='https:\/\/m.hvg.hu\/' rel=' nofollow ' target='_blank'>https:\/\/m.hvg.hu\/<\/a><\/td>\n                    <td style=\"\">M\u00e1trah\u00e1zi Zsuzsa<\/td>\n                    <td style=\"\">K\u0151v\u00e1ry Zolt\u00e1n: \"A mes\u00e9nek nem az a feladata, hogy cukorm\u00e1zas k\u00e9pet mutasson a vil\u00e1gr\u00f3l\"<\/td>\n                    <td style=\"\">interj\u00fa<\/td>\n                    <td style=\"\"><a href='https:\/\/m.hvg.hu\/360\/20201007_Kovary_Zoltan_Heves_erdeklodes' rel=' nofollow ' target='_blank'>https:\/\/m.hvg.hu\/360\/20201007_Kovary_Zoltan_Heves_erdeklodes<\/a><\/td>\n                    <td style=\"\">pozit\u00edv<\/td>\n                    <td style=\"\"><\/td>\n                    <td style=\"\"><\/td>\n                    <td style=\"\"><\/td>\n                    <td style=\"\">Interj\u00fa K\u0151v\u00e1ry Zolt\u00e1nnal<\/td>\n            <\/tr>\n            <tr id=\"table_2_row_221\">\n                    <td style=\"\">2020.10.07<\/td>\n                    <td style=\"\"><a href='https:\/\/hvg.hu\/' rel=' nofollow ' target='_blank'>https:\/\/hvg.hu\/<\/a><\/td>\n                    <td style=\"\">marabu<\/td>\n                    <td style=\"\">Marabu F\u00e9kny\u00faz: Gyerekekre vesz\u00e9lyes mesek\u00f6nyvek<\/td>\n                    <td style=\"\">h\u00edr, r\u00f6vid cikk<\/td>\n                    <td style=\"\"><a href='https:\/\/hvg.hu\/elet\/20201007_Marabu_Feknyuz_Gyerekekre_veszelyes_konyvek' rel=' nofollow ' target='_blank'>https:\/\/hvg.hu\/elet\/20201007_Marabu_Feknyuz_Gyerekekre_veszelyes_konyvek<\/a><\/td>\n                    <td style=\"\">pozit\u00edv<\/td>\n                    <td style=\"\"><\/td>\n                    <td style=\"\"><\/td>\n                    <td style=\"\"><\/td>\n                    <td style=\"\"><\/td>\n            <\/tr>\n            <tr id=\"table_2_row_222\">\n                    <td style=\"\">2020.10.07<\/td>\n                    <td style=\"\"><a href='https:\/\/www.facebook.com\/' rel=' nofollow ' target='_blank'>https:\/\/www.facebook.com\/<\/a><\/td>\n                    <td style=\"\"><\/td>\n                    <td style=\"\">Labrisz poszt<\/td>\n                    <td style=\"\">fb-poszt<\/td>\n                    <td style=\"\"><a href='https:\/\/www.facebook.com\/LabriszEgyesulet\/photos\/a.155674114001\/10158756292139002\/' rel=' nofollow ' target='_blank'>https:\/\/www.facebook.com\/LabriszEgyesulet\/photos\/a.155674114001\/10158756292139002\/<\/a><\/td>\n                    <td style=\"\">pozit\u00edv<\/td>\n                    <td style=\"\">fb<\/td>\n                    <td style=\"\"><\/td>\n                    <td style=\"\"><\/td>\n                    <td style=\"\">labrisz poszt<\/td>\n            <\/tr>\n            <tr id=\"table_2_row_223\">\n                    <td style=\"\">2020.10.07<\/td>\n                    <td style=\"\"><a href='https:\/\/magyarnemzet.hu\/' rel=' nofollow ' target='_blank'>https:\/\/magyarnemzet.hu\/<\/a><\/td>\n                    <td style=\"\">Karc FM<\/td>\n                    <td style=\"\">A genderlobbi c\u00e9lja, hogy a devianci\u00e1t norm\u00e1v\u00e1 tegy\u00e9k<\/td>\n                    <td style=\"\">egy\u00e9b<\/td>\n                    <td style=\"\"><a href='https:\/\/magyarnemzet.hu\/belfold\/a-genderlobbi-celja-hogy-a-devianciat-normava-tegyek-8775750\/' rel=' nofollow ' target='_blank'>https:\/\/magyarnemzet.hu\/belfold\/a-genderlobbi-celja-hogy-a-devianciat-normava-tegyek-8775750\/<\/a><\/td>\n                    <td style=\"\">negat\u00edv<\/td>\n                    <td style=\"\"><\/td>\n                    <td style=\"\"><\/td>\n                    <td style=\"\"><\/td>\n                    <td style=\"\"><\/td>\n            <\/tr>\n            <tr id=\"table_2_row_224\">\n                    <td style=\"\">2020.10.07<\/td>\n                    <td style=\"\"><a href='https:\/\/www.origo.hu\/' rel=' nofollow ' target='_blank'>https:\/\/www.origo.hu\/<\/a><\/td>\n                    <td style=\"\"><\/td>\n                    <td style=\"\">Kult\u00farharc, t\u00e9rfoglal\u00e1s vagy korszakos\u00edt\u00e1s zajlik?<\/td>\n                    <td style=\"\">h\u00edr, besz\u00e1mol\u00f3, r\u00f6vid cikk<\/td>\n                    <td style=\"\"><a href='https:\/\/www.origo.hu\/itthon\/20201007-m5-ez-itt-a-kerdes-oktober-6.html' rel=' nofollow ' target='_blank'>https:\/\/www.origo.hu\/itthon\/20201007-m5-ez-itt-a-kerdes-oktober-6.html<\/a><\/td>\n                    <td style=\"\"><\/td>\n                    <td style=\"\"><\/td>\n                    <td style=\"\"><\/td>\n                    <td style=\"\"><\/td>\n                    <td style=\"\"><\/td>\n            <\/tr>\n            <tr id=\"table_2_row_225\">\n                    <td style=\"\">2020.10.07<\/td>\n                    <td style=\"\"><a href='https:\/\/vasarnap.hu\/' rel=' nofollow ' target='_blank'>https:\/\/vasarnap.hu\/<\/a><\/td>\n                    <td style=\"\">De\u00e1k-S\u00e1rosi L\u00e1szl\u00f3<\/td>\n                    <td style=\"\">Hosszan lopakod\u00f3 \u00e9rz\u00e9keny\u00edt\u00e9s - Az els\u0151 magyarorsz\u00e1gi LMBTQ-mesek\u00f6nyv el\u0151zm\u00e9nyei<\/td>\n                    <td style=\"\">publicisztika<\/td>\n                    <td style=\"\"><a href='https:\/\/vasarnap.hu\/2020\/10\/07\/hosszan-lopakodo-erzekenyites\/' rel=' nofollow ' target='_blank'>https:\/\/vasarnap.hu\/2020\/10\/07\/hosszan-lopakodo-erzekenyites\/<\/a><\/td>\n                    <td style=\"\">negat\u00edv<\/td>\n                    <td style=\"\"><\/td>\n                    <td style=\"\"><\/td>\n                    <td style=\"\"><\/td>\n                    <td style=\"\"><\/td>\n            <\/tr>\n            <tr id=\"table_2_row_226\">\n                    <td style=\"\">2020.10.07<\/td>\n                    <td style=\"\"><a href='https:\/\/www.youtube.com\/' rel=' nofollow ' target='_blank'>https:\/\/www.youtube.com\/<\/a><\/td>\n                    <td style=\"\">All Inn<\/td>\n                    <td style=\"\">H\u00e1zasodik a kir\u00e1lyfi<\/td>\n                    <td style=\"\">vide\u00f3<\/td>\n                    <td style=\"\"><a href='https:\/\/www.youtube.com\/watch?reload=9&amp;v=Cgp17cxHL98' rel=' nofollow ' target='_blank'>https:\/\/www.youtube.com\/watch?reload=9&amp;v=Cgp17cxHL98<\/a><\/td>\n                    <td style=\"\">semleges<\/td>\n                    <td style=\"\">youtube<\/td>\n                    <td style=\"\"><\/td>\n                    <td style=\"\"><\/td>\n                    <td style=\"\"><\/td>\n            <\/tr>\n            <tr id=\"table_2_row_227\">\n                    <td style=\"\">2020.10.07<\/td>\n                    <td style=\"\"><a href='https:\/\/vasarnap.hu\/' rel=' nofollow ' target='_blank'>https:\/\/vasarnap.hu\/<\/a><\/td>\n                    <td style=\"\"><\/td>\n                    <td style=\"\">A Meseorsz\u00e1g mindenki\u00e9 \u201eagresszi\u00f3 a gyerekekkel szemben\u201d<\/td>\n                    <td style=\"\">h\u00edr, besz\u00e1mol\u00f3, r\u00f6vid cikk<\/td>\n                    <td style=\"\"><a href='https:\/\/vasarnap.hu\/2020\/10\/07\/a-meseorszag-mindenkie-agresszio-a-gyerekekkel-szemben\/' rel=' nofollow ' target='_blank'>https:\/\/vasarnap.hu\/2020\/10\/07\/a-meseorszag-mindenkie-agresszio-a-gyerekekkel-szemben\/<\/a><\/td>\n                    <td style=\"\">negat\u00edv<\/td>\n                    <td style=\"\"><\/td>\n                    <td style=\"\"><\/td>\n                    <td style=\"\"><\/td>\n                    <td style=\"\"><\/td>\n            <\/tr>\n            <tr id=\"table_2_row_228\">\n                    <td style=\"\">2020.10.07<\/td>\n                    <td style=\"\"><a href='https:\/\/www.maenner.media\/' rel=' nofollow ' target='_blank'>https:\/\/www.maenner.media\/<\/a><\/td>\n                    <td style=\"\">Leander Milbrecht<\/td>\n                    <td style=\"\">Orb\u00e1n warnt Homosexuelle: \u201eLassen Sie unsere Kinder in Ruhe!\u201c<\/td>\n                    <td style=\"\">h\u00edr, besz\u00e1mol\u00f3, r\u00f6vid cikk<\/td>\n                    <td style=\"\"><a href='https:\/\/www.maenner.media\/gesellschaft\/ausland\/orban-warnt-homosexuelle-lasst-unsere-kinder-in-ruhe\/' rel=' nofollow ' target='_blank'>https:\/\/www.maenner.media\/gesellschaft\/ausland\/orban-warnt-homosexuelle-lasst-unsere-kinder-in-ruhe\/<\/a><\/td>\n                    <td style=\"\">semleges<\/td>\n                    <td style=\"\"><\/td>\n                    <td style=\"\">igen<\/td>\n                    <td style=\"\">n\u00e9met<\/td>\n                    <td style=\"\"><\/td>\n            <\/tr>\n            <tr id=\"table_2_row_229\">\n                    <td style=\"\">2020.10.07<\/td>\n                    <td style=\"\"><a href='https:\/\/magyarnemzet.hu\/' rel=' nofollow ' target='_blank'>https:\/\/magyarnemzet.hu\/<\/a><\/td>\n                    <td style=\"\">Sz\u00e1nth\u00f3 Mikl\u00f3s<\/td>\n                    <td style=\"\">Mese a sziv\u00e1rv\u00e1nyos j\u00f6v\u0151r\u0151l<\/td>\n                    <td style=\"\">recenzi\u00f3<\/td>\n                    <td style=\"\"><a href='https:\/\/magyarnemzet.hu\/velemeny\/2020\/10\/mese-a-szivarvanyos-jovorol' rel=' nofollow ' target='_blank'>https:\/\/magyarnemzet.hu\/velemeny\/2020\/10\/mese-a-szivarvanyos-jovorol<\/a><\/td>\n                    <td style=\"\">negat\u00edv<\/td>\n                    <td style=\"\"><\/td>\n                    <td style=\"\"><\/td>\n                    <td style=\"\"><\/td>\n                    <td style=\"\"><\/td>\n            <\/tr>\n            <tr id=\"table_2_row_230\">\n                    <td style=\"\">2020.10.07<\/td>\n                    <td style=\"\"><a href='https:\/\/www.facebook.com\/' rel=' nofollow ' target='_blank'>https:\/\/www.facebook.com\/<\/a><\/td>\n                    <td style=\"\">TASZ<\/td>\n                    <td style=\"\">Mesek\u00f6nyvet haszn\u00e1l fel kirekeszt\u0151 n\u00e9zetei hangoztat\u00e1s\u00e1ra a minisztereln\u00f6k<\/td>\n                    <td style=\"\">fb-poszt<\/td>\n                    <td style=\"\"><a href='https:\/\/www.facebook.com\/notes\/tasz\/mesek%C3%B6nyvet-haszn%C3%A1l-fel-kirekeszt%C5%91-n%C3%A9zetei-hangoztat%C3%A1s%C3%A1ra-a-minisztereln%C3%B6k\/10220465346398729\/' rel=' nofollow ' target='_blank'>https:\/\/www.facebook.com\/notes\/tasz\/mesek%C3%B6nyvet-haszn%C3%A1l-fel-kirekeszt%C5%91-n%C3%A9zetei-hangoztat%C3%A1s%C3%A1ra-a-minisztereln%C3%B6k\/10220465346398729\/<\/a><\/td>\n                    <td style=\"\">pozit\u00edv<\/td>\n                    <td style=\"\"><\/td>\n                    <td style=\"\"><\/td>\n                    <td style=\"\"><\/td>\n                    <td style=\"\"><\/td>\n            <\/tr>\n            <tr id=\"table_2_row_231\">\n                    <td style=\"\">2020.10.07<\/td>\n                    <td style=\"\"><a href='https:\/\/www.facebook.com\/' rel=' nofollow ' target='_blank'>https:\/\/www.facebook.com\/<\/a><\/td>\n                    <td style=\"\">Sz\u00e9p\u00edr\u00f3k T\u00e1rsas\u00e1ga<\/td>\n                    <td style=\"\">Sz\u00e9p\u00edr\u00f3k T\u00e1rsas\u00e1g\u00e1nak \u00e1ll\u00e1sfoglal\u00e1sa<\/td>\n                    <td style=\"\">fb-poszt<\/td>\n                    <td style=\"\"><a href='https:\/\/www.facebook.com\/SzepirokTarsasaga\/photos\/a.123978214414489\/2249827238496232\/?type=3&amp;eid=ARBv4RTkrohvwTVZnUHAf6VUf3Fik1bAoZd9QumXSXNvCTyiGFBcTcqgZoJSelp9uEqW3YsUECcO01sO&amp;__tn__=EEHH-R' rel=' nofollow ' target='_blank'>https:\/\/www.facebook.com\/SzepirokTarsasaga\/photos\/a.123978214414489\/2249827238496232\/?type=3&amp;eid=ARBv4RTkrohvwTVZnUHAf6VUf3Fik1bAoZd9QumXSXNvCTyiGFBcTcqgZoJSelp9uEqW3YsUECcO01sO&amp;__tn__=EEHH-R<\/a><\/td>\n                    <td style=\"\">pozit\u00edv<\/td>\n                    <td style=\"\">fb<\/td>\n                    <td style=\"\"><\/td>\n                    <td style=\"\"><\/td>\n                    <td style=\"\"><\/td>\n            <\/tr>\n            <tr id=\"table_2_row_232\">\n                    <td style=\"\">2020.10.07<\/td>\n                    <td style=\"\"><a href='https:\/\/www.magyarhirlap.hu\/' rel=' nofollow ' target='_blank'>https:\/\/www.magyarhirlap.hu\/<\/a><\/td>\n                    <td style=\"\">Mezei K\u00e1roly<\/td>\n                    <td style=\"\">Nem \u00e9r a nevem<\/td>\n                    <td style=\"\">v\u00e9lem\u00e9ny<\/td>\n                    <td style=\"\"><a href='https:\/\/www.magyarhirlap.hu\/velemeny\/20201007-nem-er-a-nevem' rel=' nofollow ' target='_blank'>https:\/\/www.magyarhirlap.hu\/velemeny\/20201007-nem-er-a-nevem<\/a><\/td>\n                    <td style=\"\">negat\u00edv<\/td>\n                    <td style=\"\"><\/td>\n                    <td style=\"\"><\/td>\n                    <td style=\"\"><\/td>\n                    <td style=\"\">tiltakoz\u00e1sok a mesek\u00f6nyv ellen<\/td>\n            <\/tr>\n            <tr id=\"table_2_row_233\">\n                    <td style=\"\">2020.10.07<\/td>\n                    <td style=\"\"><a href='https:\/\/hvg.hu\/' rel=' nofollow ' target='_blank'>https:\/\/hvg.hu\/<\/a><\/td>\n                    <td style=\"\"><\/td>\n                    <td style=\"\">A Tasz az ombudsmanhoz fordul Orb\u00e1n szavai miatt<\/td>\n                    <td style=\"\">h\u00edr, r\u00f6vid cikk<\/td>\n                    <td style=\"\"><a href='https:\/\/hvg.hu\/itthon\/20201007_tasz_orban_viktor_meseorszag_mindenkie_mesekonyv_lmbtq_ombudsman' rel=' nofollow ' target='_blank'>https:\/\/hvg.hu\/itthon\/20201007_tasz_orban_viktor_meseorszag_mindenkie_mesekonyv_lmbtq_ombudsman<\/a><\/td>\n                    <td style=\"\">pozit\u00edv<\/td>\n                    <td style=\"\"><\/td>\n                    <td style=\"\"><\/td>\n                    <td style=\"\"><\/td>\n                    <td style=\"\">TASZ az ombudsmanhoz<\/td>\n            <\/tr>\n            <tr id=\"table_2_row_234\">\n                    <td style=\"\">2020.10.07<\/td>\n                    <td style=\"\"><a href='https:\/\/www.instagram.com\/' rel=' nofollow ' target='_blank'>https:\/\/www.instagram.com\/<\/a><\/td>\n                    <td style=\"\">Nemakarokbeleszolni<\/td>\n                    <td style=\"\">nemakarokbeleszolni insta oldal vide\u00f3s v\u00e9lem\u00e9ny<\/td>\n                    <td style=\"\">vide\u00f3<\/td>\n                    <td style=\"\"><a href='https:\/\/www.instagram.com\/p\/CGBy3KXleic\/d' rel=' nofollow ' target='_blank'>https:\/\/www.instagram.com\/p\/CGBy3KXleic\/d<\/a><\/td>\n                    <td style=\"\">pozit\u00edv<\/td>\n                    <td style=\"\">insta<\/td>\n                    <td style=\"\"><\/td>\n                    <td style=\"\"><\/td>\n                    <td style=\"\"><\/td>\n            <\/tr>\n            <tr id=\"table_2_row_235\">\n                    <td style=\"\">2020.10.08<\/td>\n                    <td style=\"\"><a href='https:\/\/time.com\/' rel=' nofollow ' target='_blank'>https:\/\/time.com\/<\/a><\/td>\n                    <td style=\"\">Suyin Haynes<\/td>\n                    <td style=\"\">Why a Children's Book Is Becoming a Symbol of Resistance in Hungary\u2019s Fight Over LGBT Rights<\/td>\n                    <td style=\"\">publicisztika<\/td>\n                    <td style=\"\"><a href='https:\/\/time.com\/5897312\/hungary-book-lgbt-rights\/' rel=' nofollow ' target='_blank'>https:\/\/time.com\/5897312\/hungary-book-lgbt-rights\/<\/a><\/td>\n                    <td style=\"\">pozit\u00edv<\/td>\n                    <td style=\"\"><\/td>\n                    <td style=\"\">igen<\/td>\n                    <td style=\"\">angol<\/td>\n                    <td style=\"\"><\/td>\n            <\/tr>\n            <tr id=\"table_2_row_236\">\n                    <td style=\"\">2020.10.08<\/td>\n                    <td style=\"\"><a href='https:\/\/www.reuters.com\/' rel=' nofollow ' target='_blank'>https:\/\/www.reuters.com\/<\/a><\/td>\n                    <td style=\"\">Krisztina Than<\/td>\n                    <td style=\"\">Hungarian government calls new children's book 'homosexual propaganda', causing stir<\/td>\n                    <td style=\"\">h\u00edr, besz\u00e1mol\u00f3, r\u00f6vid cikk<\/td>\n                    <td style=\"\"><a href='https:\/\/www.reuters.com\/article\/us-hungary-lgbt-book\/hungarian-government-calls-new-childrens-book-homosexual-propaganda-causing-stir-idUSKBN26T2WY?il=0' rel=' nofollow ' target='_blank'>https:\/\/www.reuters.com\/article\/us-hungary-lgbt-book\/hungarian-government-calls-new-childrens-book-homosexual-propaganda-causing-stir-idUSKBN26T2WY?il=0<\/a><\/td>\n                    <td style=\"\">semleges<\/td>\n                    <td style=\"\"><\/td>\n                    <td style=\"\">igen<\/td>\n                    <td style=\"\">angol<\/td>\n                    <td style=\"\"><\/td>\n            <\/tr>\n            <tr id=\"table_2_row_237\">\n                    <td style=\"\">2020.10.08<\/td>\n                    <td style=\"\"><a href='https:\/\/444.hu\/' rel=' nofollow ' target='_blank'>https:\/\/444.hu\/<\/a><\/td>\n                    <td style=\"\">\u00c1cs D\u00e1niel<\/td>\n                    <td style=\"\">Csepelen az \u00f6sszes \u00f3vod\u00e1ban betiltott\u00e1k a Meseorsz\u00e1g mindenki\u00e9 k\u00f6nyvet<\/td>\n                    <td style=\"\">h\u00edr, r\u00f6vid cikk<\/td>\n                    <td style=\"\"><a href='https:\/\/444.hu\/2020\/10\/08\/csepelen-az-osszes-ovodaban-betiltottak-a-meseorszag-mindenkie-konyvet' rel=' nofollow ' target='_blank'>https:\/\/444.hu\/2020\/10\/08\/csepelen-az-osszes-ovodaban-betiltottak-a-meseorszag-mindenkie-konyvet<\/a><\/td>\n                    <td style=\"\">pozit\u00edv<\/td>\n                    <td style=\"\"><\/td>\n                    <td style=\"\"><\/td>\n                    <td style=\"\"><\/td>\n                    <td style=\"\"><\/td>\n            <\/tr>\n            <tr id=\"table_2_row_238\">\n                    <td style=\"\">2020.10.08<\/td>\n                    <td style=\"\"><a href='https:\/\/telex.hu\/' rel=' nofollow ' target='_blank'>https:\/\/telex.hu\/<\/a><\/td>\n                    <td style=\"\">Presinszky Judit<\/td>\n                    <td style=\"\">Guly\u00e1s: Felmer\u00fclhet kiskor\u00fa vesz\u00e9lyeztet\u00e9se az \u00f3vod\u00e1kban, ahol bevezetik a Meseorsz\u00e1g mindenki\u00e9 c\u00edm\u0171 k\u00f6nyvet<\/td>\n                    <td style=\"\">h\u00edr, r\u00f6vid cikk<\/td>\n                    <td style=\"\"><a href='https:\/\/telex.hu\/belfold\/2020\/10\/08\/meseorszag-mindenkie-ovoda-gulyas-gergely-kiskoruak-veszelyeztetese' rel=' nofollow ' target='_blank'>https:\/\/telex.hu\/belfold\/2020\/10\/08\/meseorszag-mindenkie-ovoda-gulyas-gergely-kiskoruak-veszelyeztetese<\/a><\/td>\n                    <td style=\"\">pozit\u00edv<\/td>\n                    <td style=\"\"><\/td>\n                    <td style=\"\"><\/td>\n                    <td style=\"\"><\/td>\n                    <td style=\"\"><\/td>\n            <\/tr>\n            <tr id=\"table_2_row_239\">\n                    <td style=\"\">2020.10.08<\/td>\n                    <td style=\"\"><a href='https:\/\/hvg.hu\/' rel=' nofollow ' target='_blank'>https:\/\/hvg.hu\/<\/a><\/td>\n                    <td style=\"\"><\/td>\n                    <td style=\"\">Guly\u00e1s: Felmer\u00fclhet kiskor\u00fa vesz\u00e9lyeztet\u00e9se az \u00f3vod\u00e1kban, ahol bevezetik a Meseorsz\u00e1g mindenki\u00e9 c\u00edm\u0171 k\u00f6nyvet<\/td>\n                    <td style=\"\">h\u00edr, r\u00f6vid cikk<\/td>\n                    <td style=\"\"><a href='https:\/\/hvg.hu\/elet\/20201008_Gulyas_Gergely_A_Meseorszag_mindenkie_nem_erzekenyites_hanem_felveti_a_kiskoruak_veszelyeztetesenek_buncselekmenyet' rel=' nofollow ' target='_blank'>https:\/\/hvg.hu\/elet\/20201008_Gulyas_Gergely_A_Meseorszag_mindenkie_nem_erzekenyites_hanem_felveti_a_kiskoruak_veszelyeztetesenek_buncselekmenyet<\/a><\/td>\n                    <td style=\"\">pozit\u00edv<\/td>\n                    <td style=\"\"><\/td>\n                    <td style=\"\"><\/td>\n                    <td style=\"\"><\/td>\n                    <td style=\"\"><\/td>\n            <\/tr>\n            <tr id=\"table_2_row_240\">\n                    <td style=\"\">2020.10.08<\/td>\n                    <td style=\"\"><a href='https:\/\/www.klubradio.hu\/' rel=' nofollow ' target='_blank'>https:\/\/www.klubradio.hu\/<\/a><\/td>\n                    <td style=\"\"><\/td>\n                    <td style=\"\">Ezitta F\u00f3rum<\/td>\n                    <td style=\"\">r\u00e1di\u00f3<\/td>\n                    <td style=\"\"><a href='https:\/\/www.klubradio.hu\/archivum\/ezitta-forum-2020-oktober-08-csutortok-1215-13318' rel=' nofollow ' target='_blank'>https:\/\/www.klubradio.hu\/archivum\/ezitta-forum-2020-oktober-08-csutortok-1215-13318<\/a><\/td>\n                    <td style=\"\">pozit\u00edv<\/td>\n                    <td style=\"\"><\/td>\n                    <td style=\"\"><\/td>\n                    <td style=\"\"><\/td>\n                    <td style=\"\"><\/td>\n            <\/tr>\n            <tr id=\"table_2_row_241\">\n                    <td style=\"\">2020.10.08<\/td>\n                    <td style=\"\"><a href='https:\/\/magyarnarancs.hu\/' rel=' nofollow ' target='_blank'>https:\/\/magyarnarancs.hu\/<\/a><\/td>\n                    <td style=\"\">Karafi\u00e1th Orsolya<\/td>\n                    <td style=\"\">\u201eMert ezek val\u00f3ban mes\u00e9k.\u201d<\/td>\n                    <td style=\"\">interj\u00fa<\/td>\n                    <td style=\"\"><a href='https:\/\/magyarnarancs.hu\/konyv\/mert-ezek-valoban-mesek-133814' rel=' nofollow ' target='_blank'>https:\/\/magyarnarancs.hu\/konyv\/mert-ezek-valoban-mesek-133814<\/a><\/td>\n                    <td style=\"\">pozit\u00edv<\/td>\n                    <td style=\"\"><\/td>\n                    <td style=\"\"><\/td>\n                    <td style=\"\"><\/td>\n                    <td style=\"\">Karafi\u00e1th Orsolya interj\u00faja Borgos Ann\u00e1val \u00e9s K\u00f6vesi Gy\u00f6rgyivel.<\/td>\n            <\/tr>\n            <tr id=\"table_2_row_242\">\n                    <td style=\"\">2020.10.08<\/td>\n                    <td style=\"\"><a href='https:\/\/magyarnarancs.hu\/' rel=' nofollow ' target='_blank'>https:\/\/magyarnarancs.hu\/<\/a><\/td>\n                    <td style=\"\">Szekeres Nikoletta<\/td>\n                    <td style=\"\">Nem kell f\u00e9lni<\/td>\n                    <td style=\"\">recenzi\u00f3<\/td>\n                    <td style=\"\"><a href='https:\/\/magyarnarancs.hu\/konyv\/nem-kell-felni-133815' rel=' nofollow ' target='_blank'>https:\/\/magyarnarancs.hu\/konyv\/nem-kell-felni-133815<\/a><\/td>\n                    <td style=\"\">pozit\u00edv<\/td>\n                    <td style=\"\"><\/td>\n                    <td style=\"\"><\/td>\n                    <td style=\"\"><\/td>\n                    <td style=\"\"><\/td>\n            <\/tr>\n            <tr id=\"table_2_row_243\">\n                    <td style=\"\">2020.10.08<\/td>\n                    <td style=\"\"><a href='https:\/\/hatter.hu\/' rel=' nofollow ' target='_blank'>https:\/\/hatter.hu\/<\/a><\/td>\n                    <td style=\"\"><\/td>\n                    <td style=\"\">T\u00f6rv\u00e9nytelens\u00e9gre buzd\u00edtja a Minisztereln\u00f6ks\u00e9g az oktat\u00e1si int\u00e9zm\u00e9nyeket<\/td>\n                    <td style=\"\">h\u00edr, r\u00f6vid cikk<\/td>\n                    <td style=\"\"><a href='https:\/\/hatter.hu\/hirek\/torvenytelensegre-buzditja-a-miniszterelnokseg-az-oktatasi-intezmenyeket' rel=' nofollow ' target='_blank'>https:\/\/hatter.hu\/hirek\/torvenytelensegre-buzditja-a-miniszterelnokseg-az-oktatasi-intezmenyeket<\/a><\/td>\n                    <td style=\"\">pozit\u00edv<\/td>\n                    <td style=\"\"><\/td>\n                    <td style=\"\"><\/td>\n                    <td style=\"\"><\/td>\n                    <td style=\"\"><\/td>\n            <\/tr>\n            <tr id=\"table_2_row_244\">\n                    <td style=\"\">2020.10.08<\/td>\n                    <td style=\"\"><a href='https:\/\/merce.hu\/' rel=' nofollow ' target='_blank'>https:\/\/merce.hu\/<\/a><\/td>\n                    <td style=\"\">Kov\u00e1cs Blanka<\/td>\n                    <td style=\"\">H\u00e1tt\u00e9r T\u00e1rsas\u00e1g: Guly\u00e1s t\u00f6rv\u00e9nys\u00e9rt\u00e9sre sz\u00f3l\u00edtja fel a fenntart\u00f3kat azzal, hogy tilts\u00e1k be a Meseorsz\u00e1g mindenki\u00e9t<\/td>\n                    <td style=\"\">h\u00edr, r\u00f6vid cikk<\/td>\n                    <td style=\"\"><a href='https:\/\/merce.hu\/2020\/10\/08\/hatter-tarsasag-gulyas-torvenysertesre-szolitja-fel-a-fenntartokat-azzal-hogy-tiltsak-be-a-meseorszag-mindenkiet\/' rel=' nofollow ' target='_blank'>https:\/\/merce.hu\/2020\/10\/08\/hatter-tarsasag-gulyas-torvenysertesre-szolitja-fel-a-fenntartokat-azzal-hogy-tiltsak-be-a-meseorszag-mindenkiet\/<\/a><\/td>\n                    <td style=\"\">pozit\u00edv<\/td>\n                    <td style=\"\"><\/td>\n                    <td style=\"\"><\/td>\n                    <td style=\"\"><\/td>\n                    <td style=\"\"><\/td>\n            <\/tr>\n            <tr id=\"table_2_row_245\">\n                    <td style=\"\">2020.10.08<\/td>\n                    <td style=\"\"><a href='https:\/\/humenonline.hu\/' rel=' nofollow ' target='_blank'>https:\/\/humenonline.hu\/<\/a><\/td>\n                    <td style=\"\"><\/td>\n                    <td style=\"\">H\u00e1tt\u00e9r: A t\u00f6rv\u00e9nyek megszeg\u00e9s\u00e9re buzd\u00edt a Minisztereln\u00f6ks\u00e9g a mesek\u00f6nyv kapcs\u00e1n<\/td>\n                    <td style=\"\">h\u00edr, r\u00f6vid cikk<\/td>\n                    <td style=\"\"><a href='https:\/\/humenonline.hu\/hatter-a-torvenyek-megszegesere-buzdit-a-miniszterelnokseg-a-mesekonyv-kapcsan\/' rel=' nofollow ' target='_blank'>https:\/\/humenonline.hu\/hatter-a-torvenyek-megszegesere-buzdit-a-miniszterelnokseg-a-mesekonyv-kapcsan\/<\/a><\/td>\n                    <td style=\"\">pozit\u00edv<\/td>\n                    <td style=\"\"><\/td>\n                    <td style=\"\"><\/td>\n                    <td style=\"\"><\/td>\n                    <td style=\"\"><\/td>\n            <\/tr>\n            <tr id=\"table_2_row_246\">\n                    <td style=\"\">2020.10.08<\/td>\n                    <td style=\"\"><a href='https:\/\/www.vice.com\/' rel=' nofollow ' target='_blank'>https:\/\/www.vice.com\/<\/a><\/td>\n                    <td style=\"\">Tim Hume<\/td>\n                    <td style=\"\">Hungary's Prime Minister Says Gay Fairytale Characters Are a Threat to Children<\/td>\n                    <td style=\"\">h\u00edr, r\u00f6vid cikk<\/td>\n                    <td style=\"\"><a href='https:\/\/www.vice.com\/en\/article\/m7j884\/hungary-viktor-orban-gay-fairytale-characters' rel=' nofollow ' target='_blank'>https:\/\/www.vice.com\/en\/article\/m7j884\/hungary-viktor-orban-gay-fairytale-characters<\/a><\/td>\n                    <td style=\"\">semleges<\/td>\n                    <td style=\"\"><\/td>\n                    <td style=\"\">igen<\/td>\n                    <td style=\"\">angol<\/td>\n                    <td style=\"\"><\/td>\n            <\/tr>\n            <tr id=\"table_2_row_247\">\n                    <td style=\"\">2020.10.08<\/td>\n                    <td style=\"\"><a href='https:\/\/www.tiktok.com\/' rel=' nofollow ' target='_blank'>https:\/\/www.tiktok.com\/<\/a><\/td>\n                    <td style=\"\">apaapu, P\u00e1l Marci<\/td>\n                    <td style=\"\">Meseorsz\u00e1g mindenki\u00e9<\/td>\n                    <td style=\"\">tiktok poszt<\/td>\n                    <td style=\"\"><a href='https:\/\/www.tiktok.com\/@apaapu\/video\/6881349413948738818' rel=' nofollow ' target='_blank'>https:\/\/www.tiktok.com\/@apaapu\/video\/6881349413948738818<\/a><\/td>\n                    <td style=\"\">pozit\u00edv<\/td>\n                    <td style=\"\">tiktok<\/td>\n                    <td style=\"\"><\/td>\n                    <td style=\"\"><\/td>\n                    <td style=\"\">P\u00e1l Marci<\/td>\n            <\/tr>\n            <tr id=\"table_2_row_248\">\n                    <td style=\"\">2020.10.08<\/td>\n                    <td style=\"\"><a href='https:\/\/magyarnemzet.hu\/' rel=' nofollow ' target='_blank'>https:\/\/magyarnemzet.hu\/<\/a><\/td>\n                    <td style=\"\">Hertelendy G\u00e1bor<\/td>\n                    <td style=\"\">A Soroshoz k\u00f6thet\u0151 Ejha! \u00e9rz\u00e9keny\u00edten\u00e9 a gyerekeket<\/td>\n                    <td style=\"\">h\u00edr, besz\u00e1mol\u00f3, r\u00f6vid cikk<\/td>\n                    <td style=\"\"><a href='https:\/\/magyarnemzet.hu\/belfold\/a-soroshoz-kotheto-ejha-erzekenyitene-a-gyerekeket-8776578\/' rel=' nofollow ' target='_blank'>https:\/\/magyarnemzet.hu\/belfold\/a-soroshoz-kotheto-ejha-erzekenyitene-a-gyerekeket-8776578\/<\/a><\/td>\n                    <td style=\"\">negat\u00edv<\/td>\n                    <td style=\"\"><\/td>\n                    <td style=\"\"><\/td>\n                    <td style=\"\"><\/td>\n                    <td style=\"\"><\/td>\n            <\/tr>\n            <tr id=\"table_2_row_249\">\n                    <td style=\"\">2020.10.08<\/td>\n                    <td style=\"\"><a href='https:\/\/magyarnemzet.hu\/' rel=' nofollow ' target='_blank'>https:\/\/magyarnemzet.hu\/<\/a><\/td>\n                    <td style=\"\">Elek Nikoletta<\/td>\n                    <td style=\"\">Vesz\u00e9lyt jelentenek a kicsikre a gendermes\u00e9k<\/td>\n                    <td style=\"\">nyilatkozat<\/td>\n                    <td style=\"\"><a href='https:\/\/magyarnemzet.hu\/belfold\/veszelyt-jelentenek-a-kicsikre-a-gendermesek-8776743' rel=' nofollow ' target='_blank'>https:\/\/magyarnemzet.hu\/belfold\/veszelyt-jelentenek-a-kicsikre-a-gendermesek-8776743<\/a><\/td>\n                    <td style=\"\">negat\u00edv<\/td>\n                    <td style=\"\"><\/td>\n                    <td style=\"\"><\/td>\n                    <td style=\"\"><\/td>\n                    <td style=\"\"><\/td>\n            <\/tr>\n            <tr id=\"table_2_row_250\">\n                    <td style=\"\">2020.10.08<\/td>\n                    <td style=\"\"><a href='https:\/\/magyarnemzet.hu\/' rel=' nofollow ' target='_blank'>https:\/\/magyarnemzet.hu\/<\/a><\/td>\n                    <td style=\"\">Hertelendy G\u00e1bor<\/td>\n                    <td style=\"\">Csepel betiltotta az \u00f3vod\u00e1sokat \u00e9rz\u00e9keny\u00edt\u0151 mesek\u00f6nyvet<\/td>\n                    <td style=\"\">h\u00edr, besz\u00e1mol\u00f3, r\u00f6vid cikk<\/td>\n                    <td style=\"\"><a href='https:\/\/magyarnemzet.hu\/belfold\/csepel-elutasitja-az-ovodasokat-tamado-genderpropagandat-8778484\/' rel=' nofollow ' target='_blank'>https:\/\/magyarnemzet.hu\/belfold\/csepel-elutasitja-az-ovodasokat-tamado-genderpropagandat-8778484\/<\/a><\/td>\n                    <td style=\"\">negat\u00edv<\/td>\n                    <td style=\"\"><\/td>\n                    <td style=\"\"><\/td>\n                    <td style=\"\"><\/td>\n                    <td style=\"\"><\/td>\n            <\/tr>\n            <tr id=\"table_2_row_251\">\n                    <td style=\"\">2020.10.08<\/td>\n                    <td style=\"\"><a href='https:\/\/www.origo.hu\/' rel=' nofollow ' target='_blank'>https:\/\/www.origo.hu\/<\/a><\/td>\n                    <td style=\"\"><\/td>\n                    <td style=\"\">Mutatjuk a korm\u00e1ny leg\u00fajabb d\u00f6nt\u00e9seit - \u00e9l\u0151ben a Korm\u00e1nyinf\u00f3r\u00f3l<\/td>\n                    <td style=\"\">h\u00edr, besz\u00e1mol\u00f3, r\u00f6vid cikk<\/td>\n                    <td style=\"\"><a href='https:\/\/www.origo.hu\/itthon\/percrolpercre\/20201008-kormanyinfo-percrol-percre-2020-oktober-8.html' rel=' nofollow ' target='_blank'>https:\/\/www.origo.hu\/itthon\/percrolpercre\/20201008-kormanyinfo-percrol-percre-2020-oktober-8.html<\/a><\/td>\n                    <td style=\"\">negat\u00edv<\/td>\n                    <td style=\"\"><\/td>\n                    <td style=\"\"><\/td>\n                    <td style=\"\"><\/td>\n                    <td style=\"\"><\/td>\n            <\/tr>\n            <tr id=\"table_2_row_252\">\n                    <td style=\"\">2020.10.08<\/td>\n                    <td style=\"\"><a href='https:\/\/szemlelek.net\/' rel=' nofollow ' target='_blank'>https:\/\/szemlelek.net\/<\/a><\/td>\n                    <td style=\"\">Sz\u0151ke Tibor<\/td>\n                    <td style=\"\">Mit\u0151l v\u00e1lik egy mesek\u00f6nyv szellemi hormonkezel\u00e9ss\u00e9? \u2013 interj\u00fa P\u00e9csi Rita nevel\u00e9skutat\u00f3val<\/td>\n                    <td style=\"\">interj\u00fa<\/td>\n                    <td style=\"\"><a href='https:\/\/szemlelek.net\/2020\/10\/08\/mitol_valik_egy_mesekonyv_szellemi_hormonkezelesse_interju_pecsi_rita_neveleskutatoval' rel=' nofollow ' target='_blank'>https:\/\/szemlelek.net\/2020\/10\/08\/mitol_valik_egy_mesekonyv_szellemi_hormonkezelesse_interju_pecsi_rita_neveleskutatoval<\/a><\/td>\n                    <td style=\"\">negat\u00edv<\/td>\n                    <td style=\"\"><\/td>\n                    <td style=\"\"><\/td>\n                    <td style=\"\"><\/td>\n                    <td style=\"\"><\/td>\n            <\/tr>\n            <tr id=\"table_2_row_253\">\n                    <td style=\"\">2020.10.08<\/td>\n                    <td style=\"\"><a href='https:\/\/konyvesmagazin.hu\/' rel=' nofollow ' target='_blank'>https:\/\/konyvesmagazin.hu\/<\/a><\/td>\n                    <td style=\"\"><\/td>\n                    <td style=\"\">TIME: A Meseorsz\u00e1g mindenki\u00e9 az LMBTQ-jogok\u00e9rt val\u00f3 harc szimb\u00f3luma lett Magyarorsz\u00e1gon<\/td>\n                    <td style=\"\">h\u00edr, besz\u00e1mol\u00f3, r\u00f6vid cikk<\/td>\n                    <td style=\"\"><a href='https:\/\/konyvesmagazin.hu\/friss\/time_meseorszag_mindenkie_kulfold.html' rel=' nofollow ' target='_blank'>https:\/\/konyvesmagazin.hu\/friss\/time_meseorszag_mindenkie_kulfold.html<\/a><\/td>\n                    <td style=\"\">pozit\u00edv<\/td>\n                    <td style=\"\"><\/td>\n                    <td style=\"\"><\/td>\n                    <td style=\"\"><\/td>\n                    <td style=\"\"><\/td>\n            <\/tr>\n            <tr id=\"table_2_row_254\">\n                    <td style=\"\">2020.10.08<\/td>\n                    <td style=\"\"><a href='https:\/\/www.usnews.com\/' rel=' nofollow ' target='_blank'>https:\/\/www.usnews.com\/<\/a><\/td>\n                    <td style=\"\">Krisztina Than<\/td>\n                    <td style=\"\">Hungarian Government Calls New Children's Book 'Homosexual Propaganda', Causing Stir<\/td>\n                    <td style=\"\">h\u00edr, besz\u00e1mol\u00f3, r\u00f6vid cikk<\/td>\n                    <td style=\"\"><a href='https:\/\/www.usnews.com\/news\/world\/articles\/2020-10-08\/hungarian-government-calls-new-childrens-book-homosexual-propaganda-causing-stir' rel=' nofollow ' target='_blank'>https:\/\/www.usnews.com\/news\/world\/articles\/2020-10-08\/hungarian-government-calls-new-childrens-book-homosexual-propaganda-causing-stir<\/a><\/td>\n                    <td style=\"\">semleges<\/td>\n                    <td style=\"\"><\/td>\n                    <td style=\"\">igen<\/td>\n                    <td style=\"\">angol<\/td>\n                    <td style=\"\"><\/td>\n            <\/tr>\n            <tr id=\"table_2_row_255\">\n                    <td style=\"\">2020.10.08<\/td>\n                    <td style=\"\"><a href='https:\/\/www.openlynews.com\/' rel=' nofollow ' target='_blank'>https:\/\/www.openlynews.com\/<\/a><\/td>\n                    <td style=\"\">Krisztina Than<\/td>\n                    <td style=\"\">Hungarian government calls new children's book 'homosexual propaganda' causing stir<\/td>\n                    <td style=\"\">h\u00edr, besz\u00e1mol\u00f3, r\u00f6vid cikk<\/td>\n                    <td style=\"\"><a href='https:\/\/www.openlynews.com\/i\/?id=323b266f-f3ef-4ada-8136-d8af3a98ecad' rel=' nofollow ' target='_blank'>https:\/\/www.openlynews.com\/i\/?id=323b266f-f3ef-4ada-8136-d8af3a98ecad<\/a><\/td>\n                    <td style=\"\">semleges<\/td>\n                    <td style=\"\"><\/td>\n                    <td style=\"\">igen<\/td>\n                    <td style=\"\">angol<\/td>\n                    <td style=\"\"><\/td>\n            <\/tr>\n            <tr id=\"table_2_row_256\">\n                    <td style=\"\">2020.10.08<\/td>\n                    <td style=\"\"><a href='https:\/\/www.instagram.com\/' rel=' nofollow ' target='_blank'>https:\/\/www.instagram.com\/<\/a><\/td>\n                    <td style=\"\">Hlatky Schlichter Hubert<\/td>\n                    <td style=\"\"><\/td>\n                    <td style=\"\">vide\u00f3<\/td>\n                    <td style=\"\"><a href='https:\/\/www.instagram.com\/p\/CGE7-t-BxZ_\/' rel=' nofollow ' target='_blank'>https:\/\/www.instagram.com\/p\/CGE7-t-BxZ_\/<\/a><\/td>\n                    <td style=\"\">pozit\u00edv<\/td>\n                    <td style=\"\">insta<\/td>\n                    <td style=\"\"><\/td>\n                    <td style=\"\"><\/td>\n                    <td style=\"\">Hlatky Schlichter Hubert, ny\u00edltan meleg Michelin-csillagos \u00e9tteremtulajdonos<\/td>\n            <\/tr>\n            <tr id=\"table_2_row_257\">\n                    <td style=\"\">2020.10.08<\/td>\n                    <td style=\"\"><a href='https:\/\/media1.hu\/' rel=' nofollow ' target='_blank'>https:\/\/media1.hu\/<\/a><\/td>\n                    <td style=\"\"><\/td>\n                    <td style=\"\">B\u00fcntet\u0151feljelent\u00e9ssel r\u00e9misztgeti az Orb\u00e1n-korm\u00e1ny minisztere a Meseorsz\u00e1g mindenki\u00e9 c\u00edm\u0171 k\u00f6nyvet bevezet\u0151 \u00f3vod\u00e1k fenntart\u00f3it<\/td>\n                    <td style=\"\">h\u00edr, besz\u00e1mol\u00f3, r\u00f6vid cikk<\/td>\n                    <td style=\"\"><a href='https:\/\/media1.hu\/2020\/10\/08\/meseorszag-mindenkie-gulyas-gergely-fenyegetes-buntetougy\/' rel=' nofollow ' target='_blank'>https:\/\/media1.hu\/2020\/10\/08\/meseorszag-mindenkie-gulyas-gergely-fenyegetes-buntetougy\/<\/a><\/td>\n                    <td style=\"\">semleges<\/td>\n                    <td style=\"\"><\/td>\n                    <td style=\"\"><\/td>\n                    <td style=\"\"><\/td>\n                    <td style=\"\"><\/td>\n            <\/tr>\n            <tr id=\"table_2_row_258\">\n                    <td style=\"\">2020.10.08<\/td>\n                    <td style=\"\"><a href='https:\/\/kimittud.atlatszo.hu\/' rel=' nofollow ' target='_blank'>https:\/\/kimittud.atlatszo.hu\/<\/a><\/td>\n                    <td style=\"\"><\/td>\n                    <td style=\"\">Meseorsz\u00e1g mindenki\u00e9 betilt\u00e1sa<\/td>\n                    <td style=\"\">egy\u00e9b<\/td>\n                    <td style=\"\"><a href='https:\/\/kimittud.atlatszo.hu\/request\/meseorszag_mindenkie_betiltasa' rel=' nofollow ' target='_blank'>https:\/\/kimittud.atlatszo.hu\/request\/meseorszag_mindenkie_betiltasa<\/a><\/td>\n                    <td style=\"\">semleges<\/td>\n                    <td style=\"\"><\/td>\n                    <td style=\"\"><\/td>\n                    <td style=\"\"><\/td>\n                    <td style=\"\"><\/td>\n            <\/tr>\n            <tr id=\"table_2_row_259\">\n                    <td style=\"\">2020.10.08<\/td>\n                    <td style=\"\"><a href='https:\/\/www.origo.hu\/' rel=' nofollow ' target='_blank'>https:\/\/www.origo.hu\/<\/a><\/td>\n                    <td style=\"\">Kov\u00e1cs Andr\u00e1s<\/td>\n                    <td style=\"\">origo r\u00f6vid besz\u00e1mol\u00f3ja a korm\u00e1nyinf\u00f3r\u00f3l<\/td>\n                    <td style=\"\">h\u00edr, besz\u00e1mol\u00f3, r\u00f6vid cikk<\/td>\n                    <td style=\"\"><a href='https:\/\/www.origo.hu\/itthon\/percrolpercre\/20201008-kormanyinfo-percrol-percre-2020-oktober-8.html?item=202010081230310' rel=' nofollow ' target='_blank'>https:\/\/www.origo.hu\/itthon\/percrolpercre\/20201008-kormanyinfo-percrol-percre-2020-oktober-8.html?item=202010081230310<\/a><\/td>\n                    <td style=\"\">negat\u00edv<\/td>\n                    <td style=\"\"><\/td>\n                    <td style=\"\"><\/td>\n                    <td style=\"\"><\/td>\n                    <td style=\"\">Guly\u00e1s gondolatai a mag\u00e1n\u00fcgyr\u0151l \u00e9s a homoszexu\u00e1lis propagand\u00e1r\u00f3l<\/td>\n            <\/tr>\n            <tr id=\"table_2_row_260\">\n                    <td style=\"\">2020.10.08<\/td>\n                    <td style=\"\"><a href='https:\/\/www.spiegel.de\/' rel=' nofollow ' target='_blank'>https:\/\/www.spiegel.de\/<\/a><\/td>\n                    <td style=\"\">Jan Puhl<\/td>\n                    <td style=\"\">Viktor Orb\u00e1n und das lesbische Aschenputtel<\/td>\n                    <td style=\"\">hir r\u00f6vid cikk<\/td>\n                    <td style=\"\"><a href='https:\/\/www.spiegel.de\/politik\/ausland\/ungarn-warum-sich-viktor-orban-ueber-ein-lesbisches-aschenputtel-aufregt-a-fd296047-b9fb-46d9-989e-0e4d149813a6' rel=' nofollow ' target='_blank'>https:\/\/www.spiegel.de\/politik\/ausland\/ungarn-warum-sich-viktor-orban-ueber-ein-lesbisches-aschenputtel-aufregt-a-fd296047-b9fb-46d9-989e-0e4d149813a6<\/a><\/td>\n                    <td style=\"\">pozit\u00edv<\/td>\n                    <td style=\"\"><\/td>\n                    <td style=\"\">igen<\/td>\n                    <td style=\"\">n\u00e9met<\/td>\n                    <td style=\"\">O.V. Illib\u00e1r\u00e1lis demokr\u00e1ci\u00e1j\u00e1r\u00f3l, a mesek\u00f6nyv kapcs\u00e1n<\/td>\n            <\/tr>\n            <tr id=\"table_2_row_261\">\n                    <td style=\"\">2020.10.09<\/td>\n                    <td style=\"\"><a href='https:\/\/www.facebook.com\/' rel=' nofollow ' target='_blank'>https:\/\/www.facebook.com\/<\/a><\/td>\n                    <td style=\"\">Gondolkod\u00f3<\/td>\n                    <td style=\"\">Gond-olkod\u00f3<\/td>\n                    <td style=\"\">fb-poszt<\/td>\n                    <td style=\"\"><a href='https:\/\/www.facebook.com\/455897077948365\/photos\/a.455901087947964\/1634023873469007\/' rel=' nofollow ' target='_blank'>https:\/\/www.facebook.com\/455897077948365\/photos\/a.455901087947964\/1634023873469007\/<\/a><\/td>\n                    <td style=\"\">pozit\u00edv<\/td>\n                    <td style=\"\">fb<\/td>\n                    <td style=\"\"><\/td>\n                    <td style=\"\"><\/td>\n                    <td style=\"\">Apapara, Sz\u00e9l D\u00e1vid<\/td>\n            <\/tr>\n            <tr id=\"table_2_row_262\">\n                    <td style=\"\">2020.10.09<\/td>\n                    <td style=\"\"><a href='https:\/\/jelen.media\/' rel=' nofollow ' target='_blank'>https:\/\/jelen.media\/<\/a><\/td>\n                    <td style=\"\">Kanics\u00e1r \u00c1d\u00e1m Andr\u00e1s<\/td>\n                    <td style=\"\">Mesorsz\u00e1g mindenki\u00e9 lett<\/td>\n                    <td style=\"\">interj\u00fa<\/td>\n                    <td style=\"\"><a href='https:\/\/jelen.media\/interju\/meseorszag-mindenkie-lett-743' rel=' nofollow ' target='_blank'>https:\/\/jelen.media\/interju\/meseorszag-mindenkie-lett-743<\/a><\/td>\n                    <td style=\"\">pozit\u00edv<\/td>\n                    <td style=\"\"><\/td>\n                    <td style=\"\"><\/td>\n                    <td style=\"\"><\/td>\n                    <td style=\"\"><\/td>\n            <\/tr>\n            <tr id=\"table_2_row_263\">\n                    <td style=\"\">2020.10.09<\/td>\n                    <td style=\"\"><a href='https:\/\/www.es.hu\/' rel=' nofollow ' target='_blank'>https:\/\/www.es.hu\/<\/a><\/td>\n                    <td style=\"\">msz<\/td>\n                    <td style=\"\">Dar\u00e1l\u00f3<\/td>\n                    <td style=\"\">egy\u00e9b<\/td>\n                    <td style=\"\"><a href='https:\/\/www.es.hu\/cikk\/2020-10-09\/msz\/daralo.html' rel=' nofollow ' target='_blank'>https:\/\/www.es.hu\/cikk\/2020-10-09\/msz\/daralo.html<\/a><\/td>\n                    <td style=\"\">pozit\u00edv<\/td>\n                    <td style=\"\"><\/td>\n                    <td style=\"\"><\/td>\n                    <td style=\"\"><\/td>\n                    <td style=\"\"><\/td>\n            <\/tr>\n            <tr id=\"table_2_row_264\">\n                    <td style=\"\">2020.10.09<\/td>\n                    <td style=\"\"><a href='https:\/\/m.facebook.com\/' rel=' nofollow ' target='_blank'>https:\/\/m.facebook.com\/<\/a><\/td>\n                    <td style=\"\">Budapest Pride<\/td>\n                    <td style=\"\">Budapest Pride, vigy\u00fcnk k\u00f6nyvesboltoknak aj\u00e1nd\u00e9kot<\/td>\n                    <td style=\"\">fb-poszt<\/td>\n                    <td style=\"\"><a href='https:\/\/m.facebook.com\/story.php?story_fbid=10158834311628686&amp;id=76748198685' rel=' nofollow ' target='_blank'>https:\/\/m.facebook.com\/story.php?story_fbid=10158834311628686&amp;id=76748198685<\/a><\/td>\n                    <td style=\"\">pozit\u00edv<\/td>\n                    <td style=\"\">fb<\/td>\n                    <td style=\"\"><\/td>\n                    <td style=\"\"><\/td>\n                    <td style=\"\">Budapest Pride, vigy\u00fcnk k\u00f6nyvesboltoknak aj\u00e1nd\u00e9kot<\/td>\n            <\/tr>\n            <tr id=\"table_2_row_265\">\n                    <td style=\"\">2020.10.09<\/td>\n                    <td style=\"\"><a href='https:\/\/felszabter.blog.hu\/' rel=' nofollow ' target='_blank'>https:\/\/felszabter.blog.hu\/<\/a><\/td>\n                    <td style=\"\">Perintfalvi Rita<\/td>\n                    <td style=\"\">Hatalomf\u00fcgg\u0151 politikusok: hagyj\u00e1tok b\u00e9k\u00e9n a gyermekeinket! Itt a v\u00f6r\u00f6s vonal!<\/td>\n                    <td style=\"\">blogbejegyz\u00e9s<\/td>\n                    <td style=\"\"><a href='https:\/\/felszabter.blog.hu\/2020\/10\/09\/hatalomfuggo_politikusok_hagyjatok_beken_a_gyermekeinket_itt_a_voros_vonal' rel=' nofollow ' target='_blank'>https:\/\/felszabter.blog.hu\/2020\/10\/09\/hatalomfuggo_politikusok_hagyjatok_beken_a_gyermekeinket_itt_a_voros_vonal<\/a><\/td>\n                    <td style=\"\">pozit\u00edv<\/td>\n                    <td style=\"\"><\/td>\n                    <td style=\"\"><\/td>\n                    <td style=\"\"><\/td>\n                    <td style=\"\">Rita Perintfalvi \u00edr\u00e1sa<\/td>\n            <\/tr>\n            <tr id=\"table_2_row_266\">\n                    <td style=\"\">2020.10.09<\/td>\n                    <td style=\"\"><a href='https:\/\/24.hu\/' rel=' nofollow ' target='_blank'>https:\/\/24.hu\/<\/a><\/td>\n                    <td style=\"\">Vaskor M\u00e1t\u00e9<\/td>\n                    <td style=\"\">D\u00far\u00f3 D\u00f3ra sajt\u00f3t\u00e1j\u00e9koztat\u00f3n t\u00e9pett sz\u00e9t egy \u00fajabb mesek\u00f6nyvet<\/td>\n                    <td style=\"\">h\u00edr, r\u00f6vid cikk<\/td>\n                    <td style=\"\"><a href='https:\/\/24.hu\/belfold\/2020\/10\/09\/duro-dora-vaganybagoly-es-a-harmadik-a-mesekonyv-szettepes' rel=' nofollow ' target='_blank'>https:\/\/24.hu\/belfold\/2020\/10\/09\/duro-dora-vaganybagoly-es-a-harmadik-a-mesekonyv-szettepes<\/a><\/td>\n                    <td style=\"\">pozit\u00edv<\/td>\n                    <td style=\"\"><\/td>\n                    <td style=\"\"><\/td>\n                    <td style=\"\"><\/td>\n                    <td style=\"\"><\/td>\n            <\/tr>\n            <tr id=\"table_2_row_267\">\n                    <td style=\"\">2020.10.09<\/td>\n                    <td style=\"\"><a href='https:\/\/hvg.hu\/' rel=' nofollow ' target='_blank'>https:\/\/hvg.hu\/<\/a><\/td>\n                    <td style=\"\"><\/td>\n                    <td style=\"\">L\u00e1z\u00e1r Ervin az \u00faj c\u00e9lpont a Meseorsz\u00e1g mindenki\u00e9 ut\u00e1n<\/td>\n                    <td style=\"\">h\u00edr, r\u00f6vid cikk<\/td>\n                    <td style=\"\"><a href='https:\/\/hvg.hu\/elet\/20201009_Lazar_Ervin_az_uj_celpont_a_Meseorszag_mindenkie_konyv_utan' rel=' nofollow ' target='_blank'>https:\/\/hvg.hu\/elet\/20201009_Lazar_Ervin_az_uj_celpont_a_Meseorszag_mindenkie_konyv_utan<\/a><\/td>\n                    <td style=\"\">pozit\u00edv<\/td>\n                    <td style=\"\"><\/td>\n                    <td style=\"\"><\/td>\n                    <td style=\"\"><\/td>\n                    <td style=\"\"><\/td>\n            <\/tr>\n            <tr id=\"table_2_row_268\">\n                    <td style=\"\">2020.10.09<\/td>\n                    <td style=\"\"><a href='https:\/\/m.facebook.com\/' rel=' nofollow ' target='_blank'>https:\/\/m.facebook.com\/<\/a><\/td>\n                    <td style=\"\">Par\u00e1szka Bor\u00f3ka<\/td>\n                    <td style=\"\">Mire \"j\u00f3\" a k\u00f6nyvdar\u00e1l\u00e1s, nyilv\u00e1nos k\u00f6nyvt\u00e9p\u00e9s?<\/td>\n                    <td style=\"\">fb-poszt<\/td>\n                    <td style=\"\"><a href='https:\/\/m.facebook.com\/story.php?story_fbid=2935353106564098&amp;id=696808530418578' rel=' nofollow ' target='_blank'>https:\/\/m.facebook.com\/story.php?story_fbid=2935353106564098&amp;id=696808530418578<\/a><\/td>\n                    <td style=\"\">pozit\u00edv<\/td>\n                    <td style=\"\">fb<\/td>\n                    <td style=\"\"><\/td>\n                    <td style=\"\"><\/td>\n                    <td style=\"\">Par\u00e1szka Bor\u00f3ka v\u00e9lem\u00e9nye<\/td>\n            <\/tr>\n            <tr id=\"table_2_row_269\">\n                    <td style=\"\">2020.10.09<\/td>\n                    <td style=\"\"><a href='https:\/\/humenonline.hu\/' rel=' nofollow ' target='_blank'>https:\/\/humenonline.hu\/<\/a><\/td>\n                    <td style=\"\">Kocsis G. J\u00e1nos<\/td>\n                    <td style=\"\">Csokival a n\u00e1ci plak\u00e1tok \u00e9s a fenyeget\u0151z\u0151 homof\u00f3bok ellen<\/td>\n                    <td style=\"\">h\u00edr, r\u00f6vid cikk<\/td>\n                    <td style=\"\"><a href='https:\/\/humenonline.hu\/csokival-a-naci-plakatok-es-a-fenyegetozo-homofobok-ellen\/' rel=' nofollow ' target='_blank'>https:\/\/humenonline.hu\/csokival-a-naci-plakatok-es-a-fenyegetozo-homofobok-ellen\/<\/a><\/td>\n                    <td style=\"\">pozit\u00edv<\/td>\n                    <td style=\"\"><\/td>\n                    <td style=\"\"><\/td>\n                    <td style=\"\"><\/td>\n                    <td style=\"\"><\/td>\n            <\/tr>\n            <tr id=\"table_2_row_270\">\n                    <td style=\"\">2020.10.09<\/td>\n                    <td style=\"\"><a href='https:\/\/www.klubradio.hu\/' rel=' nofollow ' target='_blank'>https:\/\/www.klubradio.hu\/<\/a><\/td>\n                    <td style=\"\">V\u00e1radi J\u00falia<\/td>\n                    <td style=\"\">A k\u00e9zirat nem \u00e9g el<\/td>\n                    <td style=\"\">r\u00e1di\u00f3<\/td>\n                    <td style=\"\"><a href='https:\/\/www.klubradio.hu\/adasok\/a-kezirat-nem-eg-el-114210' rel=' nofollow ' target='_blank'>https:\/\/www.klubradio.hu\/adasok\/a-kezirat-nem-eg-el-114210<\/a><\/td>\n                    <td style=\"\">pozit\u00edv<\/td>\n                    <td style=\"\"><\/td>\n                    <td style=\"\"><\/td>\n                    <td style=\"\"><\/td>\n                    <td style=\"\"><\/td>\n            <\/tr>\n            <tr id=\"table_2_row_271\">\n                    <td style=\"\">2020.10.09<\/td>\n                    <td style=\"\"><a href='https:\/\/www.klubradio.hu\/' rel=' nofollow ' target='_blank'>https:\/\/www.klubradio.hu\/<\/a><\/td>\n                    <td style=\"\">V\u00e1radi J\u00falia<\/td>\n                    <td style=\"\">Caf\u00e9 p\u00e9ntek<\/td>\n                    <td style=\"\">r\u00e1di\u00f3<\/td>\n                    <td style=\"\"><a href='https:\/\/www.klubradio.hu\/archivum\/cafe-pentek-2020-oktober-09-pentek-2000-13355' rel=' nofollow ' target='_blank'>https:\/\/www.klubradio.hu\/archivum\/cafe-pentek-2020-oktober-09-pentek-2000-13355<\/a><\/td>\n                    <td style=\"\">pozit\u00edv<\/td>\n                    <td style=\"\"><\/td>\n                    <td style=\"\"><\/td>\n                    <td style=\"\"><\/td>\n                    <td style=\"\"><\/td>\n            <\/tr>\n            <tr id=\"table_2_row_272\">\n                    <td style=\"\">2020.10.09<\/td>\n                    <td style=\"\"><a href='https:\/\/magyarnarancs.hu\/' rel=' nofollow ' target='_blank'>https:\/\/magyarnarancs.hu\/<\/a><\/td>\n                    <td style=\"\"><\/td>\n                    <td style=\"\">Sz\u00e9p\u00edr\u00f3k T\u00e1rsas\u00e1ga: \u201eD\u00f3ra, el a kezekkel a k\u00f6nyvekt\u0151l!\u201d<\/td>\n                    <td style=\"\">h\u00edr, r\u00f6vid cikk<\/td>\n                    <td style=\"\"><a href='https:\/\/magyarnarancs.hu\/sorkoz\/szepirok-tarsasaga-dora-el-a-kezekkel-a-konyvektol-133901' rel=' nofollow ' target='_blank'>https:\/\/magyarnarancs.hu\/sorkoz\/szepirok-tarsasaga-dora-el-a-kezekkel-a-konyvektol-133901<\/a><\/td>\n                    <td style=\"\">pozit\u00edv<\/td>\n                    <td style=\"\"><\/td>\n                    <td style=\"\"><\/td>\n                    <td style=\"\"><\/td>\n                    <td style=\"\"><\/td>\n            <\/tr>\n            <tr id=\"table_2_row_273\">\n                    <td style=\"\">2020.10.09<\/td>\n                    <td style=\"\"><a href='https:\/\/444.hu\/' rel=' nofollow ' target='_blank'>https:\/\/444.hu\/<\/a><\/td>\n                    <td style=\"\">Horv\u00e1th Bence<\/td>\n                    <td style=\"\">A Magvet\u0151 Kiad\u00f3 ki\u00e1llt a ledar\u00e1lt k\u00f6nyvek szerz\u0151i \u00e9s a megfenyegetett k\u00f6nyvesboltosok mellett<\/td>\n                    <td style=\"\">h\u00edr, r\u00f6vid cikk<\/td>\n                    <td style=\"\"><a href='https:\/\/444.hu\/2020\/10\/09\/a-magveto-kiado-kiallt-a-ledaralt-konyvek-szerzoi-es-a-megfenyegetett-konyvesboltosok-mellett' rel=' nofollow ' target='_blank'>https:\/\/444.hu\/2020\/10\/09\/a-magveto-kiado-kiallt-a-ledaralt-konyvek-szerzoi-es-a-megfenyegetett-konyvesboltosok-mellett<\/a><\/td>\n                    <td style=\"\">pozit\u00edv<\/td>\n                    <td style=\"\"><\/td>\n                    <td style=\"\"><\/td>\n                    <td style=\"\"><\/td>\n                    <td style=\"\"><\/td>\n            <\/tr>\n            <tr id=\"table_2_row_274\">\n                    <td style=\"\">2020.10.09<\/td>\n                    <td style=\"\"><a href='https:\/\/telex.hu\/' rel=' nofollow ' target='_blank'>https:\/\/telex.hu\/<\/a><\/td>\n                    <td style=\"\">Nyilas Gergely<\/td>\n                    <td style=\"\">K\u00f6nyvkiad\u00f3k egyes\u00fclete: D\u00far\u00f3 D\u00f3ra mintha nem is tudn\u00e1, mi van a k\u00f6nyvekben, csak dar\u00e1l \u00e9s v\u00e1g<\/td>\n                    <td style=\"\">h\u00edr, besz\u00e1mol\u00f3, r\u00f6vid cikk<\/td>\n                    <td style=\"\"><a href='https:\/\/telex.hu\/kult\/2020\/10\/09\/konyvkiadok-egyesulete-duro-dora-mintha-nem-is-tudna-mi-van-a-konyvekben-csak-daral-es-vag' rel=' nofollow ' target='_blank'>https:\/\/telex.hu\/kult\/2020\/10\/09\/konyvkiadok-egyesulete-duro-dora-mintha-nem-is-tudna-mi-van-a-konyvekben-csak-daral-es-vag<\/a><\/td>\n                    <td style=\"\"><\/td>\n                    <td style=\"\"><\/td>\n                    <td style=\"\"><\/td>\n                    <td style=\"\"><\/td>\n                    <td style=\"\"><\/td>\n            <\/tr>\n            <tr id=\"table_2_row_275\">\n                    <td style=\"\">2020.10.09<\/td>\n                    <td style=\"\"><a href='https:\/\/litera.hu\/' rel=' nofollow ' target='_blank'>https:\/\/litera.hu\/<\/a><\/td>\n                    <td style=\"\"><\/td>\n                    <td style=\"\">\u00dajabb k\u00f6nyveket t\u00e1madnak, a Time is a magyar botr\u00e1nyr\u00f3l \u00edr<\/td>\n                    <td style=\"\">h\u00edr, r\u00f6vid cikk<\/td>\n                    <td style=\"\"><a href='https:\/\/litera.hu\/magazin\/osszeallitas\/mesorszag-lazar-ervin-ban-zsofia.html' rel=' nofollow ' target='_blank'>https:\/\/litera.hu\/magazin\/osszeallitas\/mesorszag-lazar-ervin-ban-zsofia.html<\/a><\/td>\n                    <td style=\"\">pozit\u00edv<\/td>\n                    <td style=\"\"><\/td>\n                    <td style=\"\"><\/td>\n                    <td style=\"\"><\/td>\n                    <td style=\"\"><\/td>\n            <\/tr>\n            <tr id=\"table_2_row_276\">\n                    <td style=\"\">2020.10.09<\/td>\n                    <td style=\"\"><a href='https:\/\/hircsarda.hu\/' rel=' nofollow ' target='_blank'>https:\/\/hircsarda.hu\/<\/a><\/td>\n                    <td style=\"\">Vidr\u00f3zki M\u00e1rton<\/td>\n                    <td style=\"\">A felcs\u00fati kisvas\u00fat ledar\u00e1l\u00e1s\u00e1val folytatja D\u00far\u00f3 D\u00f3ra<\/td>\n                    <td style=\"\">h\u00edr, r\u00f6vid cikk<\/td>\n                    <td style=\"\"><a href='https:\/\/hircsarda.hu\/2020\/10\/09\/a-felcsuti-kisvasut-ledaralasaval-folytatja-duro-dora\/' rel=' nofollow ' target='_blank'>https:\/\/hircsarda.hu\/2020\/10\/09\/a-felcsuti-kisvasut-ledaralasaval-folytatja-duro-dora\/<\/a><\/td>\n                    <td style=\"\">pozit\u00edv<\/td>\n                    <td style=\"\"><\/td>\n                    <td style=\"\"><\/td>\n                    <td style=\"\"><\/td>\n                    <td style=\"\"><\/td>\n            <\/tr>\n            <tr id=\"table_2_row_277\">\n                    <td style=\"\">2020.10.09<\/td>\n                    <td style=\"\"><a href='https:\/\/vadhajtasok.hu\/' rel=' nofollow ' target='_blank'>https:\/\/vadhajtasok.hu\/<\/a><\/td>\n                    <td style=\"\"><\/td>\n                    <td style=\"\">A Soros szervezet ki\u00e1ll az LMBTQ-mesek\u00f6nyv mellett: szerint\u00fck t\u00f6rv\u00e9nytelens\u00e9gre buzd\u00edt a Minisztereln\u00f6ks\u00e9g<\/td>\n                    <td style=\"\">egy\u00e9b<\/td>\n                    <td style=\"\"><a href='https:\/\/vadhajtasok.hu\/2020\/10\/09\/a-soros-szervezet-kiall-az-lmbtq-mesekonyv-mellett-szerintuk-torvenytelensegre-buzdit-a-miniszterelnokseg' rel=' nofollow ' target='_blank'>https:\/\/vadhajtasok.hu\/2020\/10\/09\/a-soros-szervezet-kiall-az-lmbtq-mesekonyv-mellett-szerintuk-torvenytelensegre-buzdit-a-miniszterelnokseg<\/a><\/td>\n                    <td style=\"\">negat\u00edv<\/td>\n                    <td style=\"\"><\/td>\n                    <td style=\"\"><\/td>\n                    <td style=\"\"><\/td>\n                    <td style=\"\"><\/td>\n            <\/tr>\n            <tr id=\"table_2_row_278\">\n                    <td style=\"\">2020.10.09<\/td>\n                    <td style=\"\"><a href='https:\/\/magyarnemzet.hu\/' rel=' nofollow ' target='_blank'>https:\/\/magyarnemzet.hu\/<\/a><\/td>\n                    <td style=\"\"><\/td>\n                    <td style=\"\">Soroshoz kapcsolhat\u00f3 h\u00e1l\u00f3zat \u00fcgyk\u00f6dik az iskolai LMBT-propaganda terjeszt\u00e9s\u00e9\u00e9rt?<\/td>\n                    <td style=\"\">h\u00edr, besz\u00e1mol\u00f3, r\u00f6vid cikk<\/td>\n                    <td style=\"\"><a href='https:\/\/magyarnemzet.hu\/belfold\/sorosekhoz-kapcsolhato-halozat-ugykodik-az-iskolai-lmbt-propaganda-terjeszteseert-8783525\/' rel=' nofollow ' target='_blank'>https:\/\/magyarnemzet.hu\/belfold\/sorosekhoz-kapcsolhato-halozat-ugykodik-az-iskolai-lmbt-propaganda-terjeszteseert-8783525\/<\/a><\/td>\n                    <td style=\"\"><\/td>\n                    <td style=\"\"><\/td>\n                    <td style=\"\"><\/td>\n                    <td style=\"\"><\/td>\n                    <td style=\"\"><\/td>\n            <\/tr>\n            <tr id=\"table_2_row_279\">\n                    <td style=\"\">2020.10.09<\/td>\n                    <td style=\"\"><a href='https:\/\/magyarnemzet.hu\/' rel=' nofollow ' target='_blank'>https:\/\/magyarnemzet.hu\/<\/a><\/td>\n                    <td style=\"\">Moln\u00e1r Bal\u00e1zs<\/td>\n                    <td style=\"\">Meseorsz\u00e1g a gyermekek\u00e9!<\/td>\n                    <td style=\"\">publicisztika<\/td>\n                    <td style=\"\"><a href='https:\/\/magyarnemzet.hu\/velemeny\/meseorszag-a-gyermekeke-8782790\/' rel=' nofollow ' target='_blank'>https:\/\/magyarnemzet.hu\/velemeny\/meseorszag-a-gyermekeke-8782790\/<\/a><\/td>\n                    <td style=\"\">negat\u00edv<\/td>\n                    <td style=\"\"><\/td>\n                    <td style=\"\"><\/td>\n                    <td style=\"\"><\/td>\n                    <td style=\"\"><\/td>\n            <\/tr>\n            <tr id=\"table_2_row_280\">\n                    <td style=\"\">2020.10.09<\/td>\n                    <td style=\"\"><a href='https:\/\/magyarnemzet.hu\/' rel=' nofollow ' target='_blank'>https:\/\/magyarnemzet.hu\/<\/a><\/td>\n                    <td style=\"\"><\/td>\n                    <td style=\"\">Az ellenz\u00e9k nem tiltan\u00e1 ki az LMBTQ-mesek\u00f6nyvet az \u00f3vod\u00e1kb\u00f3l<\/td>\n                    <td style=\"\">h\u00edr, besz\u00e1mol\u00f3, r\u00f6vid cikk<\/td>\n                    <td style=\"\"><a href='https:\/\/magyarnemzet.hu\/belfold\/az-ellenzeknek-nem-gond-a-gyerekeknek-szolo-lmbtq-propaganda-8787494\/' rel=' nofollow ' target='_blank'>https:\/\/magyarnemzet.hu\/belfold\/az-ellenzeknek-nem-gond-a-gyerekeknek-szolo-lmbtq-propaganda-8787494\/<\/a><\/td>\n                    <td style=\"\"><\/td>\n                    <td style=\"\"><\/td>\n                    <td style=\"\"><\/td>\n                    <td style=\"\"><\/td>\n                    <td style=\"\"><\/td>\n            <\/tr>\n            <tr id=\"table_2_row_281\">\n                    <td style=\"\">2020.10.09<\/td>\n                    <td style=\"\"><a href='https:\/\/midio.hu\/' rel=' nofollow ' target='_blank'>https:\/\/midio.hu\/<\/a><\/td>\n                    <td style=\"\">Szend\u00e9n\u00e9 Kiss N\u00f3ra<\/td>\n                    <td style=\"\">Megv\u00e1rom, hogy \u0151k k\u00e9rdezzenek\u2026 Egy anya gondolatai az elfogad\u00e1sra tan\u00edt\u00f3 mesek\u00f6nyv kapcs\u00e1n<\/td>\n                    <td style=\"\">blogbejegyz\u00e9s<\/td>\n                    <td style=\"\"><a href='https:\/\/midio.hu\/megvarom-hogy-ok-kerdezzenek-egy-anya-gondolatai-az-elfogadasra-tanito-mesekonyv-kapcsan\/' rel=' nofollow ' target='_blank'>https:\/\/midio.hu\/megvarom-hogy-ok-kerdezzenek-egy-anya-gondolatai-az-elfogadasra-tanito-mesekonyv-kapcsan\/<\/a><\/td>\n                    <td style=\"\">pozit\u00edv<\/td>\n                    <td style=\"\"><\/td>\n                    <td style=\"\"><\/td>\n                    <td style=\"\"><\/td>\n                    <td style=\"\"><\/td>\n            <\/tr>\n            <tr id=\"table_2_row_282\">\n                    <td style=\"\">2020.10.09<\/td>\n                    <td style=\"\"><a href='https:\/\/wmn.hu\/' rel=' nofollow ' target='_blank'>https:\/\/wmn.hu\/<\/a><\/td>\n                    <td style=\"\">Szentesi \u00c9va<\/td>\n                    <td style=\"\">Meseorsz\u00e1g is a ti\u00e9tek. Nesztek, vigy\u00e9tek!<\/td>\n                    <td style=\"\">publicisztika<\/td>\n                    <td style=\"\"><a href='https:\/\/wmn.hu\/ugy\/53716-szentesi-eva-meseorszag-is-a-tietek-nesztek-vigyetek' rel=' nofollow ' target='_blank'>https:\/\/wmn.hu\/ugy\/53716-szentesi-eva-meseorszag-is-a-tietek-nesztek-vigyetek<\/a><\/td>\n                    <td style=\"\">pozit\u00edv<\/td>\n                    <td style=\"\"><\/td>\n                    <td style=\"\"><\/td>\n                    <td style=\"\"><\/td>\n                    <td style=\"\"><\/td>\n            <\/tr>\n            <tr id=\"table_2_row_283\">\n                    <td style=\"\">2020.10.09<\/td>\n                    <td style=\"\"><a href='https:\/\/mannschaft.com\/' rel=' nofollow ' target='_blank'>https:\/\/mannschaft.com\/<\/a><\/td>\n                    <td style=\"\">Kriss Rudolph<\/td>\n                    <td style=\"\">M\u00e4rchen im Reisswolf \u2013 Ungarn geht gegen \u00abHomo-Propaganda\u00bb vor<\/td>\n                    <td style=\"\">h\u00edr, besz\u00e1mol\u00f3, r\u00f6vid cikk<\/td>\n                    <td style=\"\"><a href='https:\/\/mannschaft.com\/maerchen-im-reisswolf-ungarn-geht-gegen-homo-propaganda-vor\/' rel=' nofollow ' target='_blank'>https:\/\/mannschaft.com\/maerchen-im-reisswolf-ungarn-geht-gegen-homo-propaganda-vor\/<\/a><\/td>\n                    <td style=\"\">semleges<\/td>\n                    <td style=\"\"><\/td>\n                    <td style=\"\">igen<\/td>\n                    <td style=\"\">n\u00e9met<\/td>\n                    <td style=\"\"><\/td>\n            <\/tr>\n            <tr id=\"table_2_row_284\">\n                    <td style=\"\">2020.10.09<\/td>\n                    <td style=\"\"><a href='https:\/\/demokrata.hu\/' rel=' nofollow ' target='_blank'>https:\/\/demokrata.hu\/<\/a><\/td>\n                    <td style=\"\">P\u00e1rk\u00e1nyi Eszter<\/td>\n                    <td style=\"\">A gyermekek nem k\u00eds\u00e9rleti nyulak<\/td>\n                    <td style=\"\">publicisztika<\/td>\n                    <td style=\"\"><a href='https:\/\/demokrata.hu\/velemeny\/a-gyermekek-nem-kiserleti-nyulak-299959\/' rel=' nofollow ' target='_blank'>https:\/\/demokrata.hu\/velemeny\/a-gyermekek-nem-kiserleti-nyulak-299959\/<\/a><\/td>\n                    <td style=\"\">negat\u00edv<\/td>\n                    <td style=\"\"><\/td>\n                    <td style=\"\"><\/td>\n                    <td style=\"\"><\/td>\n                    <td style=\"\"><\/td>\n            <\/tr>\n            <tr id=\"table_2_row_285\">\n                    <td style=\"\">2020.10.10<\/td>\n                    <td style=\"\"><a href='https:\/\/mmreflexiok.blogspot.com\/' rel=' nofollow ' target='_blank'>https:\/\/mmreflexiok.blogspot.com\/<\/a><\/td>\n                    <td style=\"\">Macskamedve<\/td>\n                    <td style=\"\">Meseorsz\u00e1g senki\u00e9, avagy hogyan l\u00e9pett szintet a magyar vezet\u00e9s homof\u00f3bi\u00e1ja<\/td>\n                    <td style=\"\">blogbejegyz\u00e9s<\/td>\n                    <td style=\"\"><a href='https:\/\/mmreflexiok.blogspot.com\/2020\/10\/meseorszag-senkie-avagy-hogyan-lepett.html' rel=' nofollow ' target='_blank'>https:\/\/mmreflexiok.blogspot.com\/2020\/10\/meseorszag-senkie-avagy-hogyan-lepett.html<\/a><\/td>\n                    <td style=\"\">pozit\u00edv<\/td>\n                    <td style=\"\"><\/td>\n                    <td style=\"\"><\/td>\n                    <td style=\"\"><\/td>\n                    <td style=\"\"><\/td>\n            <\/tr>\n            <tr id=\"table_2_row_286\">\n                    <td style=\"\">2020.10.10<\/td>\n                    <td style=\"\"><a href='https:\/\/hvg.hu\/' rel=' nofollow ' target='_blank'>https:\/\/hvg.hu\/<\/a><\/td>\n                    <td style=\"\"><\/td>\n                    <td style=\"\">M\u00e1r t\u00f6bb mint \u00f6tsz\u00e1z pszichol\u00f3gus \u00e1ll ki a Meseorsz\u00e1g mindenki\u00e9 c\u00edm\u0171 k\u00f6nyv mellett<\/td>\n                    <td style=\"\">h\u00edr, r\u00f6vid cikk<\/td>\n                    <td style=\"\"><a href='https:\/\/hvg.hu\/elet\/20201010_Mar_tobb_mint_otszaz_pszichologus_all_ki_a_Meseorszag_mindenki_konyv_mellett' rel=' nofollow ' target='_blank'>https:\/\/hvg.hu\/elet\/20201010_Mar_tobb_mint_otszaz_pszichologus_all_ki_a_Meseorszag_mindenki_konyv_mellett<\/a><\/td>\n                    <td style=\"\">pozit\u00edv<\/td>\n                    <td style=\"\"><\/td>\n                    <td style=\"\"><\/td>\n                    <td style=\"\"><\/td>\n                    <td style=\"\"><\/td>\n            <\/tr>\n            <tr id=\"table_2_row_287\">\n                    <td style=\"\">2020.10.10<\/td>\n                    <td style=\"\"><a href='https:\/\/telex.hu\/' rel=' nofollow ' target='_blank'>https:\/\/telex.hu\/<\/a><\/td>\n                    <td style=\"\">Csat\u00e1ri Fl\u00f3ra D\u00f3ra<\/td>\n                    <td style=\"\">Nem vesz\u00e9lyes a gyerekekre a Meseorsz\u00e1g mindenki\u00e9, \u00e1ll\u00edtja t\u00f6bb sz\u00e1z pszichol\u00f3gus<\/td>\n                    <td style=\"\">h\u00edr, r\u00f6vid cikk<\/td>\n                    <td style=\"\"><a href='https:\/\/telex.hu\/belfold\/2020\/10\/10\/meseorszag-mindenkie-pszichologusok-allasfoglalasa-nem-veszelyes-a-gyerekekre-sem-a-tarsadalomra' rel=' nofollow ' target='_blank'>https:\/\/telex.hu\/belfold\/2020\/10\/10\/meseorszag-mindenkie-pszichologusok-allasfoglalasa-nem-veszelyes-a-gyerekekre-sem-a-tarsadalomra<\/a><\/td>\n                    <td style=\"\">pozit\u00edv<\/td>\n                    <td style=\"\"><\/td>\n                    <td style=\"\"><\/td>\n                    <td style=\"\"><\/td>\n                    <td style=\"\"><\/td>\n            <\/tr>\n            <tr id=\"table_2_row_288\">\n                    <td style=\"\">2020.10.10<\/td>\n                    <td style=\"\"><a href='https:\/\/litera.hu\/' rel=' nofollow ' target='_blank'>https:\/\/litera.hu\/<\/a><\/td>\n                    <td style=\"\">Keresztesi J\u00f3zsef<\/td>\n                    <td style=\"\">Keresztesi J\u00f3zsef: F\u00fcggel\u00e9k egy verses mes\u00e9hez<\/td>\n                    <td style=\"\">v\u00e9lem\u00e9ny<\/td>\n                    <td style=\"\"><a href='https:\/\/litera.hu\/irodalom\/elso-kozles\/keresztesi-jozsef-fuggelek-egy-verses-mesehez.html' rel=' nofollow ' target='_blank'>https:\/\/litera.hu\/irodalom\/elso-kozles\/keresztesi-jozsef-fuggelek-egy-verses-mesehez.html<\/a><\/td>\n                    <td style=\"\">pozit\u00edv<\/td>\n                    <td style=\"\"><\/td>\n                    <td style=\"\"><\/td>\n                    <td style=\"\"><\/td>\n                    <td style=\"\"><\/td>\n            <\/tr>\n            <tr id=\"table_2_row_289\">\n                    <td style=\"\">2020.10.10<\/td>\n                    <td style=\"\"><a href='https:\/\/skepman.hu\/' rel=' nofollow ' target='_blank'>https:\/\/skepman.hu\/<\/a><\/td>\n                    <td style=\"\">Skepman<\/td>\n                    <td style=\"\">Van-e okunk agg\u00f3dni a m\u00e1ss\u00e1gr\u00f3l sz\u00f3l\u00f3 mes\u00e9k miatt?<\/td>\n                    <td style=\"\">v\u00e9lem\u00e9ny<\/td>\n                    <td style=\"\"><a href='https:\/\/skepman.hu\/2020\/10\/10\/van-e-okunk-aggodni-a-massagrol-szolo-mesek-miatt\/' rel=' nofollow ' target='_blank'>https:\/\/skepman.hu\/2020\/10\/10\/van-e-okunk-aggodni-a-massagrol-szolo-mesek-miatt\/<\/a><\/td>\n                    <td style=\"\">pozit\u00edv<\/td>\n                    <td style=\"\"><\/td>\n                    <td style=\"\"><\/td>\n                    <td style=\"\"><\/td>\n                    <td style=\"\"><\/td>\n            <\/tr>\n            <tr id=\"table_2_row_290\">\n                    <td style=\"\">2020.10.10<\/td>\n                    <td style=\"\"><a href='https:\/\/magyarnemzet.hu\/' rel=' nofollow ' target='_blank'>https:\/\/magyarnemzet.hu\/<\/a><\/td>\n                    <td style=\"\">Bal\u00e1zs. D. Attila<\/td>\n                    <td style=\"\">A mese lett az \u00faj fegyver<\/td>\n                    <td style=\"\">publicisztika<\/td>\n                    <td style=\"\"><a href='https:\/\/magyarnemzet.hu\/velemeny\/a-mese-lett-az-uj-fegyver-8788250\/' rel=' nofollow ' target='_blank'>https:\/\/magyarnemzet.hu\/velemeny\/a-mese-lett-az-uj-fegyver-8788250\/<\/a><\/td>\n                    <td style=\"\">negat\u00edv<\/td>\n                    <td style=\"\"><\/td>\n                    <td style=\"\"><\/td>\n                    <td style=\"\"><\/td>\n                    <td style=\"\"><\/td>\n            <\/tr>\n            <tr id=\"table_2_row_291\">\n                    <td style=\"\">2020.10.10<\/td>\n                    <td style=\"\"><a href='https:\/\/www.youtube.com\/' rel=' nofollow ' target='_blank'>https:\/\/www.youtube.com\/<\/a><\/td>\n                    <td style=\"\">N\u00e9meth Eszter<\/td>\n                    <td style=\"\"><\/td>\n                    <td style=\"\">mesek\u00f6zl\u00e9s<\/td>\n                    <td style=\"\"><a href='https:\/\/www.youtube.com\/watch?v=apAu9jrT8vA&amp;feature=youtu.be&amp;fbclid=IwAR0JxqhKNTuHYz7kAhKr4ICZeMcrp5AMsSd4LTbs5vlfXYhe3vq4qwQoPKU' rel=' nofollow ' target='_blank'>https:\/\/www.youtube.com\/watch?v=apAu9jrT8vA&amp;feature=youtu.be&amp;fbclid=IwAR0JxqhKNTuHYz7kAhKr4ICZeMcrp5AMsSd4LTbs5vlfXYhe3vq4qwQoPKU<\/a><\/td>\n                    <td style=\"\">semleges<\/td>\n                    <td style=\"\">youtube<\/td>\n                    <td style=\"\"><\/td>\n                    <td style=\"\"><\/td>\n                    <td style=\"\">Gimesi D\u00f3ra: \u00d3ri\u00e1s\u00f6l\u0151 Margaret c. mes\u00e9j\u00e9t olvassa fel N\u00e9meth Eszter gyerekirodalm\u00e1r<\/td>\n            <\/tr>\n            <tr id=\"table_2_row_292\">\n                    <td style=\"\">2020.10.11<\/td>\n                    <td style=\"\"><a href='https:\/\/humenonline.hu\/' rel=' nofollow ' target='_blank'>https:\/\/humenonline.hu\/<\/a><\/td>\n                    <td style=\"\">Kocsis G. J\u00e1nos<\/td>\n                    <td style=\"\">800 pszichol\u00f3gus \u00e1ll ki a Meseorsz\u00e1g mindenki\u00e9 c\u00edm\u0171 k\u00f6tet mellett<\/td>\n                    <td style=\"\">h\u00edr, r\u00f6vid cikk<\/td>\n                    <td style=\"\"><a href='https:\/\/humenonline.hu\/800-pszichologus-all-ki-a-mesevilag-mindenkie-cimu-kotet-mellett\/' rel=' nofollow ' target='_blank'>https:\/\/humenonline.hu\/800-pszichologus-all-ki-a-mesevilag-mindenkie-cimu-kotet-mellett\/<\/a><\/td>\n                    <td style=\"\">pozit\u00edv<\/td>\n                    <td style=\"\"><\/td>\n                    <td style=\"\"><\/td>\n                    <td style=\"\"><\/td>\n                    <td style=\"\"><\/td>\n            <\/tr>\n            <tr id=\"table_2_row_293\">\n                    <td style=\"\">2020.10.11<\/td>\n                    <td style=\"\"><a href='https:\/\/www.magyarszerzokkonyveimagazin.hu\/' rel=' nofollow ' target='_blank'>https:\/\/www.magyarszerzokkonyveimagazin.hu\/<\/a><\/td>\n                    <td style=\"\">S.A.<\/td>\n                    <td style=\"\">\u00c9rt\u00e9kel\u00e9s a Meseorsz\u00e1g mindenki\u00e9 mesegy\u0171jtem\u00e9nyr\u0151l<\/td>\n                    <td style=\"\">recenzi\u00f3<\/td>\n                    <td style=\"\"><a href='https:\/\/www.magyarszerzokkonyveimagazin.hu\/2020\/10\/ertekeles-meseorszag-mindenkie.html' rel=' nofollow ' target='_blank'>https:\/\/www.magyarszerzokkonyveimagazin.hu\/2020\/10\/ertekeles-meseorszag-mindenkie.html<\/a><\/td>\n                    <td style=\"\">pozit\u00edv<\/td>\n                    <td style=\"\"><\/td>\n                    <td style=\"\"><\/td>\n                    <td style=\"\"><\/td>\n                    <td style=\"\"><\/td>\n            <\/tr>\n            <tr id=\"table_2_row_294\">\n                    <td style=\"\">2020.10.11<\/td>\n                    <td style=\"\"><a href='https:\/\/hvg.hu\/' rel=' nofollow ' target='_blank'>https:\/\/hvg.hu\/<\/a><\/td>\n                    <td style=\"\">Csatl\u00f3s Hanna<\/td>\n                    <td style=\"\">Demeter Szil\u00e1rd: Semmif\u00e9le k\u00f6nyvet nem \u00e9get\u00fcnk, nem dar\u00e1lunk<\/td>\n                    <td style=\"\">h\u00edr, r\u00f6vid cikk<\/td>\n                    <td style=\"\"><a href='https:\/\/hvg.hu\/kultura\/20201011_Demeter_Szilard_Semmifele_konyvet_nem_egetunk' rel=' nofollow ' target='_blank'>https:\/\/hvg.hu\/kultura\/20201011_Demeter_Szilard_Semmifele_konyvet_nem_egetunk<\/a><\/td>\n                    <td style=\"\">pozit\u00edv<\/td>\n                    <td style=\"\"><\/td>\n                    <td style=\"\"><\/td>\n                    <td style=\"\"><\/td>\n                    <td style=\"\"><\/td>\n            <\/tr>\n            <tr id=\"table_2_row_295\">\n                    <td style=\"\">2020.10.11<\/td>\n                    <td style=\"\"><a href='https:\/\/www.facebook.com\/' rel=' nofollow ' target='_blank'>https:\/\/www.facebook.com\/<\/a><\/td>\n                    <td style=\"\">nem tehetsz r\u00f3la tehetsz ellene<\/td>\n                    <td style=\"\">Bubor\u00e9kon t\u00fal - Ambr\u00f3zi Kata, pszichol\u00f3gus \u00f6sszegz\u00e9se<\/td>\n                    <td style=\"\">fb-poszt<\/td>\n                    <td style=\"\"><a href='https:\/\/www.facebook.com\/notes\/nem-tehetsz-r\u00f3la-tehetsz-ellene\/a-bubor\u00e9kon-t\u00fal-ambr\u00f3zi-kata-pszichol\u00f3gus-szakmai-\u00f6sszegz\u00e9se\/10224150319654551' rel=' nofollow ' target='_blank'>https:\/\/www.facebook.com\/notes\/nem-tehetsz-r\u00f3la-tehetsz-ellene\/a-bubor\u00e9kon-t\u00fal-ambr\u00f3zi-kata-pszichol\u00f3gus-szakmai-\u00f6sszegz\u00e9se\/10224150319654551<\/a><\/td>\n                    <td style=\"\">pozit\u00edv<\/td>\n                    <td style=\"\"><\/td>\n                    <td style=\"\"><\/td>\n                    <td style=\"\"><\/td>\n                    <td style=\"\"><\/td>\n            <\/tr>\n            <tr id=\"table_2_row_296\">\n                    <td style=\"\">2020.10.11<\/td>\n                    <td style=\"\"><a href='https:\/\/www.telex.hu\/' rel=' nofollow ' target='_blank'>https:\/\/www.telex.hu\/<\/a><\/td>\n                    <td style=\"\">Kl\u00e1g D\u00e1vid<\/td>\n                    <td style=\"\">Ahol m\u00e9g mindig cs\u00edpi az emberek szem\u00e9t egy \u00e1rtalmatlan mesek\u00f6nyv<\/td>\n                    <td style=\"\">h\u00edr, r\u00f6vid cikk<\/td>\n                    <td style=\"\"><a href='https:\/\/www.telex.hu\/kult\/2020\/10\/11\/meg-mindig-csipi-az-emberek-szemet-egy-artalmatlan-mesekonyv' rel=' nofollow ' target='_blank'>https:\/\/www.telex.hu\/kult\/2020\/10\/11\/meg-mindig-csipi-az-emberek-szemet-egy-artalmatlan-mesekonyv<\/a><\/td>\n                    <td style=\"\">pozit\u00edv<\/td>\n                    <td style=\"\"><\/td>\n                    <td style=\"\"><\/td>\n                    <td style=\"\"><\/td>\n                    <td style=\"\"><\/td>\n            <\/tr>\n            <tr id=\"table_2_row_297\">\n                    <td style=\"\">2020.10.11<\/td>\n                    <td style=\"\"><a href='https:\/\/magyarnemzet.hu\/' rel=' nofollow ' target='_blank'>https:\/\/magyarnemzet.hu\/<\/a><\/td>\n                    <td style=\"\">Elek Nikoletta<\/td>\n                    <td style=\"\">Hangosk\u00f6nyv \u00e9s t\u00e1rsasj\u00e1t\u00e9k is k\u00e9sz\u00fclhet az LMBTQ-mesek\u00f6nyvb\u0151l<\/td>\n                    <td style=\"\">h\u00edr, besz\u00e1mol\u00f3, r\u00f6vid cikk<\/td>\n                    <td style=\"\"><a href='https:\/\/magyarnemzet.hu\/belfold\/hangoskonyv-es-tarsasjatek-is-keszulhet-az-lmbtq-mesekonyvbol-8791946\/' rel=' nofollow ' target='_blank'>https:\/\/magyarnemzet.hu\/belfold\/hangoskonyv-es-tarsasjatek-is-keszulhet-az-lmbtq-mesekonyvbol-8791946\/<\/a><\/td>\n                    <td style=\"\">negat\u00edv<\/td>\n                    <td style=\"\"><\/td>\n                    <td style=\"\"><\/td>\n                    <td style=\"\"><\/td>\n                    <td style=\"\"><\/td>\n            <\/tr>\n            <tr id=\"table_2_row_298\">\n                    <td style=\"\">2020.10.11<\/td>\n                    <td style=\"\"><a href='https:\/\/mandiner.hu\/' rel=' nofollow ' target='_blank'>https:\/\/mandiner.hu\/<\/a><\/td>\n                    <td style=\"\">Vecz\u00e1n Zolt\u00e1n<\/td>\n                    <td style=\"\">K\u00f6nyveket m\u00e1rpedig nem dar\u00e1lunk<\/td>\n                    <td style=\"\">publicisztika<\/td>\n                    <td style=\"\"><a href='https:\/\/mandiner.hu\/cikk\/20201011_konyveket_marpedig_nem_daralunk' rel=' nofollow ' target='_blank'>https:\/\/mandiner.hu\/cikk\/20201011_konyveket_marpedig_nem_daralunk<\/a><\/td>\n                    <td style=\"\">semleges<\/td>\n                    <td style=\"\"><\/td>\n                    <td style=\"\"><\/td>\n                    <td style=\"\"><\/td>\n                    <td style=\"\"><\/td>\n            <\/tr>\n            <tr id=\"table_2_row_299\">\n                    <td style=\"\">2020.10.11<\/td>\n                    <td style=\"\"><a href='https:\/\/divinity.szabadosadam.hu\/' rel=' nofollow ' target='_blank'>https:\/\/divinity.szabadosadam.hu\/<\/a><\/td>\n                    <td style=\"\">Szabados \u00c1d\u00e1m<\/td>\n                    <td style=\"\">Pszichol\u00f3gusok Meseorsz\u00e1ga<\/td>\n                    <td style=\"\">blogbejegyz\u00e9s<\/td>\n                    <td style=\"\"><a href='https:\/\/divinity.szabadosadam.hu\/?p=26531' rel=' nofollow ' target='_blank'>https:\/\/divinity.szabadosadam.hu\/?p=26531<\/a><\/td>\n                    <td style=\"\">negat\u00edv<\/td>\n                    <td style=\"\"><\/td>\n                    <td style=\"\"><\/td>\n                    <td style=\"\"><\/td>\n                    <td style=\"\"><\/td>\n            <\/tr>\n            <tr id=\"table_2_row_300\">\n                    <td style=\"\">2020.10.11<\/td>\n                    <td style=\"\"><a href='https:\/\/www.magyar-iskola.sk\/' rel=' nofollow ' target='_blank'>https:\/\/www.magyar-iskola.sk\/<\/a><\/td>\n                    <td style=\"\">Maria<\/td>\n                    <td style=\"\">Pszichol\u00f3gusok \u00e1ll\u00e1sfoglal\u00e1sa a Meseorsz\u00e1g mindenki\u00e9 c. mesek\u00f6nyv kapcs\u00e1n<\/td>\n                    <td style=\"\">h\u00edr, besz\u00e1mol\u00f3, r\u00f6vid cikk<\/td>\n                    <td style=\"\"><a href='https:\/\/www.magyar-iskola.sk\/2020\/10\/pszichologusok-allasfoglalasa-a-meseorszag-mindenkie-c-mesekonyv-kapcsan\/' rel=' nofollow ' target='_blank'>https:\/\/www.magyar-iskola.sk\/2020\/10\/pszichologusok-allasfoglalasa-a-meseorszag-mindenkie-c-mesekonyv-kapcsan\/<\/a><\/td>\n                    <td style=\"\">pozit\u00edv<\/td>\n                    <td style=\"\"><\/td>\n                    <td style=\"\"><\/td>\n                    <td style=\"\"><\/td>\n                    <td style=\"\"><\/td>\n            <\/tr>\n            <tr id=\"table_2_row_301\">\n                    <td style=\"\">2020.10.11<\/td>\n                    <td style=\"\"><a href='https:\/\/www.hetek.hu\/' rel=' nofollow ' target='_blank'>https:\/\/www.hetek.hu\/<\/a><\/td>\n                    <td style=\"\">Kulfai M\u00e1t\u00e9<\/td>\n                    <td style=\"\">Rekl\u00e1mozzanak melegesk\u00fcv\u0151t a m\u00e1sodikosok! - Botr\u00e1nyos munkaf\u00fczet j\u00e1r a gendermesek\u00f6nyv mell\u00e9<\/td>\n                    <td style=\"\">publicisztika<\/td>\n                    <td style=\"\"><a href='https:\/\/www.hetek.hu\/cikkek\/online\/reklamozzanak-melegeskuvot-a-masodikosok-botranyos-munkafuzet-jar-a' rel=' nofollow ' target='_blank'>https:\/\/www.hetek.hu\/cikkek\/online\/reklamozzanak-melegeskuvot-a-masodikosok-botranyos-munkafuzet-jar-a<\/a><\/td>\n                    <td style=\"\">negat\u00edv<\/td>\n                    <td style=\"\"><\/td>\n                    <td style=\"\"><\/td>\n                    <td style=\"\"><\/td>\n                    <td style=\"\"><\/td>\n            <\/tr>\n            <tr id=\"table_2_row_302\">\n                    <td style=\"\">2020.10.12<\/td>\n                    <td style=\"\"><a href='https:\/\/blendle.com\/' rel=' nofollow ' target='_blank'>https:\/\/blendle.com\/<\/a><\/td>\n                    <td style=\"\">Roos van Hennekeler<\/td>\n                    <td style=\"\">Homo-Assepoester en een zwarte prins<\/td>\n                    <td style=\"\">h\u00edr, besz\u00e1mol\u00f3, r\u00f6vid cikk<\/td>\n                    <td style=\"\"><a href='https:\/\/blendle.com\/i\/het-parool\/homo-assepoester-en-een-zwarte-prins\/bnl-par-20201012-12365986' rel=' nofollow ' target='_blank'>https:\/\/blendle.com\/i\/het-parool\/homo-assepoester-en-een-zwarte-prins\/bnl-par-20201012-12365986<\/a><\/td>\n                    <td style=\"\">semleges<\/td>\n                    <td style=\"\"><\/td>\n                    <td style=\"\">igen<\/td>\n                    <td style=\"\">holland<\/td>\n                    <td style=\"\"><\/td>\n            <\/tr>\n            <tr id=\"table_2_row_303\">\n                    <td style=\"\">2020.10.12<\/td>\n                    <td style=\"\"><a href='https:\/\/www.identitas.co\/' rel=' nofollow ' target='_blank'>https:\/\/www.identitas.co\/<\/a><\/td>\n                    <td style=\"\">Macskamedve<\/td>\n                    <td style=\"\">Figyelemelterel\u00e9s volt a mesek\u00f6nyv k\u00f6r\u00fcli hercehurca?<\/td>\n                    <td style=\"\">h\u00edr, r\u00f6vid cikk<\/td>\n                    <td style=\"\"><a href='https:\/\/www.identitas.co\/post\/figyelemeltereles-volt-a-mesekonyv-koruli-hercehurca' rel=' nofollow ' target='_blank'>https:\/\/www.identitas.co\/post\/figyelemeltereles-volt-a-mesekonyv-koruli-hercehurca<\/a><\/td>\n                    <td style=\"\">pozit\u00edv<\/td>\n                    <td style=\"\"><\/td>\n                    <td style=\"\"><\/td>\n                    <td style=\"\"><\/td>\n                    <td style=\"\"><\/td>\n            <\/tr>\n            <tr id=\"table_2_row_304\">\n                    <td style=\"\">2020.10.12<\/td>\n                    <td style=\"\"><a href='https:\/\/hvg.hu\/' rel=' nofollow ' target='_blank'>https:\/\/hvg.hu\/<\/a><\/td>\n                    <td style=\"\"><\/td>\n                    <td style=\"\">Bagdy Em\u0151ke visszasz\u00f3lt t\u00f6bb mint ezer koll\u00e9g\u00e1j\u00e1nak<\/td>\n                    <td style=\"\">h\u00edr, r\u00f6vid cikk<\/td>\n                    <td style=\"\"><a href='https:\/\/hvg.hu\/elet\/20201012_Bagdy_Emoke_visszaszolt_tobb_mint_ezer_kollegajanak' rel=' nofollow ' target='_blank'>https:\/\/hvg.hu\/elet\/20201012_Bagdy_Emoke_visszaszolt_tobb_mint_ezer_kollegajanak<\/a><\/td>\n                    <td style=\"\">semleges<\/td>\n                    <td style=\"\"><\/td>\n                    <td style=\"\"><\/td>\n                    <td style=\"\"><\/td>\n                    <td style=\"\"><\/td>\n            <\/tr>\n            <tr id=\"table_2_row_305\">\n                    <td style=\"\">2020.10.12<\/td>\n                    <td style=\"\"><a href='https:\/\/hvg.hu\/' rel=' nofollow ' target='_blank'>https:\/\/hvg.hu\/<\/a><\/td>\n                    <td style=\"\"><\/td>\n                    <td style=\"\">Meseorsz\u00e1g mindenki\u00e9 a parlamentben: felolvast\u00e1k a t\u00f6rt\u00e9netet az egy p\u00e1rr\u00e1 v\u00e1l\u00f3 k\u00e9t kir\u00e1lyfir\u00f3l<\/td>\n                    <td style=\"\">h\u00edr, r\u00f6vid cikk<\/td>\n                    <td style=\"\"><a href='https:\/\/hvg.hu\/itthon\/20201012_parlament_sebian_petrovszki_laszlo_dk_meseorszag_mindekie_lmbtqi_felolvasas' rel=' nofollow ' target='_blank'>https:\/\/hvg.hu\/itthon\/20201012_parlament_sebian_petrovszki_laszlo_dk_meseorszag_mindekie_lmbtqi_felolvasas<\/a><\/td>\n                    <td style=\"\">pozit\u00edv<\/td>\n                    <td style=\"\"><\/td>\n                    <td style=\"\"><\/td>\n                    <td style=\"\"><\/td>\n                    <td style=\"\"><\/td>\n            <\/tr>\n            <tr id=\"table_2_row_306\">\n                    <td style=\"\">2020.10.12<\/td>\n                    <td style=\"\"><a href='https:\/\/wmn.hu\/' rel=' nofollow ' target='_blank'>https:\/\/wmn.hu\/<\/a><\/td>\n                    <td style=\"\"><\/td>\n                    <td style=\"\">MESEORSZ\u00c1G VS. MUGLIK VIL\u00c1GA \u2013 KI MONDTA: D\u00daR\u00d3 D\u00d3RA VAGY DOLORES UMBRIDGE? \u2013 RENDK\u00cdV\u00dcLI WMN-KV\u00cdZ<\/td>\n                    <td style=\"\">egy\u00e9b<\/td>\n                    <td style=\"\"><a href='https:\/\/wmn.hu\/wmn-play\/53733-meseorszag-vs-muglik-vilaga--ki-mondta-duro-dora-vagy-dolores-umbridge--rendkivuli-wmn-kviz' rel=' nofollow ' target='_blank'>https:\/\/wmn.hu\/wmn-play\/53733-meseorszag-vs-muglik-vilaga--ki-mondta-duro-dora-vagy-dolores-umbridge--rendkivuli-wmn-kviz<\/a><\/td>\n                    <td style=\"\">pozit\u00edv<\/td>\n                    <td style=\"\"><\/td>\n                    <td style=\"\"><\/td>\n                    <td style=\"\"><\/td>\n                    <td style=\"\"><\/td>\n            <\/tr>\n            <tr id=\"table_2_row_307\">\n                    <td style=\"\">2020.10.12<\/td>\n                    <td style=\"\"><a href='https:\/\/www.klubradio.hu\/' rel=' nofollow ' target='_blank'>https:\/\/www.klubradio.hu\/<\/a><\/td>\n                    <td style=\"\"><\/td>\n                    <td style=\"\">Esti gyors<\/td>\n                    <td style=\"\">r\u00e1di\u00f3<\/td>\n                    <td style=\"\"><a href='https:\/\/www.klubradio.hu\/archivum\/esti-gyors-2020-oktober-12-hetfo-1815-13388' rel=' nofollow ' target='_blank'>https:\/\/www.klubradio.hu\/archivum\/esti-gyors-2020-oktober-12-hetfo-1815-13388<\/a><\/td>\n                    <td style=\"\">pozit\u00edv<\/td>\n                    <td style=\"\"><\/td>\n                    <td style=\"\"><\/td>\n                    <td style=\"\"><\/td>\n                    <td style=\"\">D\u00e9si J\u00e1nos besz\u00e9lget Drely\u00f3 \u00c1gnes pszichol\u00f3gussal, 19:14-24:35<\/td>\n            <\/tr>\n            <tr id=\"table_2_row_308\">\n                    <td style=\"\">2020.10.12<\/td>\n                    <td style=\"\"><a href='https:\/\/magyarnemzet.hu\/' rel=' nofollow ' target='_blank'>https:\/\/magyarnemzet.hu\/<\/a><\/td>\n                    <td style=\"\">Bagdy Em\u0151ke<\/td>\n                    <td style=\"\">Bagdy Em\u0151ke: Kik\u00e9rem magamnak a szakmaiatlans\u00e1g v\u00e1dj\u00e1t!<\/td>\n                    <td style=\"\">nyilatkozat<\/td>\n                    <td style=\"\"><a href='https:\/\/magyarnemzet.hu\/belfold\/bagdy-emoke-kikerem-magamnak-a-szakmaiatlansagot-8796794\/' rel=' nofollow ' target='_blank'>https:\/\/magyarnemzet.hu\/belfold\/bagdy-emoke-kikerem-magamnak-a-szakmaiatlansagot-8796794\/<\/a><\/td>\n                    <td style=\"\">semleges<\/td>\n                    <td style=\"\"><\/td>\n                    <td style=\"\"><\/td>\n                    <td style=\"\"><\/td>\n                    <td style=\"\">Bagdy v\u00e9dekezik<\/td>\n            <\/tr>\n            <tr id=\"table_2_row_309\">\n                    <td style=\"\">2020.10.12<\/td>\n                    <td style=\"\"><a href='https:\/\/kepmas.hu\/' rel=' nofollow ' target='_blank'>https:\/\/kepmas.hu\/<\/a><\/td>\n                    <td style=\"\">J\u00e1mbor-Miniska Zsejke<\/td>\n                    <td style=\"\">Mennyit nyomnak a latban, akik elhat\u00e1rol\u00f3dnak Bagdy Em\u0151ke szakmai v\u00e9lem\u00e9ny\u00e9t\u0151l? \u2013 K\u00f6nyvdar\u00e1l\u00e1s \u00e9s a bestseller-jelens\u00e9g<\/td>\n                    <td style=\"\">h\u00edr, besz\u00e1mol\u00f3, r\u00f6vid cikk<\/td>\n                    <td style=\"\"><a href='https:\/\/kepmas.hu\/mennyit-nyomnak-latban-akik-elhatarolodnak-bagdy-emoke-szakmai-velemenyetol-konyvdaralas-es' rel=' nofollow ' target='_blank'>https:\/\/kepmas.hu\/mennyit-nyomnak-latban-akik-elhatarolodnak-bagdy-emoke-szakmai-velemenyetol-konyvdaralas-es<\/a><\/td>\n                    <td style=\"\">semleges<\/td>\n                    <td style=\"\"><\/td>\n                    <td style=\"\"><\/td>\n                    <td style=\"\"><\/td>\n                    <td style=\"\">Bagdyt v\u00e9dik<\/td>\n            <\/tr>\n            <tr id=\"table_2_row_310\">\n                    <td style=\"\">2020.10.12<\/td>\n                    <td style=\"\"><a href='https:\/\/www.peticiok.com\/' rel=' nofollow ' target='_blank'>https:\/\/www.peticiok.com\/<\/a><\/td>\n                    <td style=\"\">Pocsai Tam\u00e1s<\/td>\n                    <td style=\"\">Ki\u00e1llok Bagdy Em\u0151ke pszichol\u00f3gus professzor mellett!<\/td>\n                    <td style=\"\">egy\u00e9b<\/td>\n                    <td style=\"\"><a href='https:\/\/www.peticiok.com\/kiallok_bagdy_emke_pszichologus_professzor_mellett' rel=' nofollow ' target='_blank'>https:\/\/www.peticiok.com\/kiallok_bagdy_emke_pszichologus_professzor_mellett<\/a><\/td>\n                    <td style=\"\">semleges<\/td>\n                    <td style=\"\"><\/td>\n                    <td style=\"\"><\/td>\n                    <td style=\"\"><\/td>\n                    <td style=\"\">Bagdy mellett pet\u00edci\u00f3<\/td>\n            <\/tr>\n            <tr id=\"table_2_row_311\">\n                    <td style=\"\">2020.10.12<\/td>\n                    <td style=\"\"><a href='https:\/\/magyarnemzet.hu\/' rel=' nofollow ' target='_blank'>https:\/\/magyarnemzet.hu\/<\/a><\/td>\n                    <td style=\"\">Elek Nikoletta<\/td>\n                    <td style=\"\">T\u00e1mogat\u00f3 pet\u00edci\u00f3val kelnek Bagdy Em\u0151ke v\u00e9delm\u00e9re, szakmai munk\u00e1j\u00e1t m\u00e9ltatva<\/td>\n                    <td style=\"\">h\u00edr, besz\u00e1mol\u00f3, r\u00f6vid cikk<\/td>\n                    <td style=\"\"><a href='https:\/\/magyarnemzet.hu\/belfold\/tamogato-peticioval-kelnek-bagdy-emoke-vedelmere-szakmai-munkajat-meltatva-8798825' rel=' nofollow ' target='_blank'>https:\/\/magyarnemzet.hu\/belfold\/tamogato-peticioval-kelnek-bagdy-emoke-vedelmere-szakmai-munkajat-meltatva-8798825<\/a><\/td>\n                    <td style=\"\">negat\u00edv<\/td>\n                    <td style=\"\"><\/td>\n                    <td style=\"\"><\/td>\n                    <td style=\"\"><\/td>\n                    <td style=\"\">a pet\u00edci\u00f3r\u00f3l<\/td>\n            <\/tr>\n            <tr id=\"table_2_row_312\">\n                    <td style=\"\">2020.10.12<\/td>\n                    <td style=\"\"><a href='https:\/\/magyarnemzet.hu\/' rel=' nofollow ' target='_blank'>https:\/\/magyarnemzet.hu\/<\/a><\/td>\n                    <td style=\"\">Hertzmann R\u00f3bert<\/td>\n                    <td style=\"\">T\u00f6rv\u00e9nym\u00f3dos\u00edt\u00e1s a normalit\u00e1s meg\u0151rz\u00e9s\u00e9\u00e9rt<\/td>\n                    <td style=\"\">publicisztika<\/td>\n                    <td style=\"\"><a href='https:\/\/magyarnemzet.hu\/velemeny\/torvenymodositas-a-normalitas-megorzeseert-8794949\/' rel=' nofollow ' target='_blank'>https:\/\/magyarnemzet.hu\/velemeny\/torvenymodositas-a-normalitas-megorzeseert-8794949\/<\/a><\/td>\n                    <td style=\"\">negat\u00edv<\/td>\n                    <td style=\"\"><\/td>\n                    <td style=\"\"><\/td>\n                    <td style=\"\"><\/td>\n                    <td style=\"\"><\/td>\n            <\/tr>\n            <tr id=\"table_2_row_313\">\n                    <td style=\"\">2020.10.12<\/td>\n                    <td style=\"\"><a href='https:\/\/vadhajtasok.hu\/' rel=' nofollow ' target='_blank'>https:\/\/vadhajtasok.hu\/<\/a><\/td>\n                    <td style=\"\"><\/td>\n                    <td style=\"\">Meseorsz\u00e1g mindenki\u00e9? \u2013 \u00fajabb vide\u00f3, a hazafiak a gyermekmegront\u00f3 mesek\u00f6nyv ellen tiltakoztak<\/td>\n                    <td style=\"\">h\u00edr, besz\u00e1mol\u00f3, r\u00f6vid cikk<\/td>\n                    <td style=\"\"><a href='https:\/\/vadhajtasok.hu\/2020\/10\/12\/meseorszag-mindenkie-ujabb-video-a-hazafiak-a-gyermekmegronto-mesekonyv-ellen-tiltakoztak' rel=' nofollow ' target='_blank'>https:\/\/vadhajtasok.hu\/2020\/10\/12\/meseorszag-mindenkie-ujabb-video-a-hazafiak-a-gyermekmegronto-mesekonyv-ellen-tiltakoztak<\/a><\/td>\n                    <td style=\"\">negat\u00edv<\/td>\n                    <td style=\"\"><\/td>\n                    <td style=\"\"><\/td>\n                    <td style=\"\"><\/td>\n                    <td style=\"\">az \u00c1triumos t\u00fcntet\u00e9sr\u0151l<\/td>\n            <\/tr>\n            <tr id=\"table_2_row_314\">\n                    <td style=\"\">2020.10.12<\/td>\n                    <td style=\"\"><a href='https:\/\/vasarnap.hu\/' rel=' nofollow ' target='_blank'>https:\/\/vasarnap.hu\/<\/a><\/td>\n                    <td style=\"\"><\/td>\n                    <td style=\"\">Bagdy: Ha valaki, \u00e9n tudom, mi a m\u00e1ss\u00e1g, a kirekesztetts\u00e9g<\/td>\n                    <td style=\"\">nyilatkozat<\/td>\n                    <td style=\"\"><a href='https:\/\/vasarnap.hu\/2020\/10\/12\/bagdy-ha-valaki-en-tudom-mi-a-massag-a-kirekesztettseg\/' rel=' nofollow ' target='_blank'>https:\/\/vasarnap.hu\/2020\/10\/12\/bagdy-ha-valaki-en-tudom-mi-a-massag-a-kirekesztettseg\/<\/a><\/td>\n                    <td style=\"\">semleges<\/td>\n                    <td style=\"\"><\/td>\n                    <td style=\"\"><\/td>\n                    <td style=\"\"><\/td>\n                    <td style=\"\">Bagdy v\u00e9delm\u00e9ben<\/td>\n            <\/tr>\n            <tr id=\"table_2_row_315\">\n                    <td style=\"\">2020.10.12<\/td>\n                    <td style=\"\"><a href='https:\/\/demokrata.hu\/' rel=' nofollow ' target='_blank'>https:\/\/demokrata.hu\/<\/a><\/td>\n                    <td style=\"\"><\/td>\n                    <td style=\"\">Akik az \u00f6n gyermek\u00e9re vesz\u00e9lyesek lehetnek<\/td>\n                    <td style=\"\">h\u00edr, besz\u00e1mol\u00f3, r\u00f6vid cikk<\/td>\n                    <td style=\"\"><a href='https:\/\/demokrata.hu\/magyarorszag\/akik-az-on-gyermekere-veszelyesek-lehetnek-302444' rel=' nofollow ' target='_blank'>https:\/\/demokrata.hu\/magyarorszag\/akik-az-on-gyermekere-veszelyesek-lehetnek-302444<\/a><\/td>\n                    <td style=\"\">negat\u00edv<\/td>\n                    <td style=\"\"><\/td>\n                    <td style=\"\"><\/td>\n                    <td style=\"\"><\/td>\n                    <td style=\"\">Bagdy vs. Pszichol\u00f3gusok vita<\/td>\n            <\/tr>\n            <tr id=\"table_2_row_316\">\n                    <td style=\"\">2020.10.12<\/td>\n                    <td style=\"\"><a href='https:\/\/magyarnemzet.hu\/' rel=' nofollow ' target='_blank'>https:\/\/magyarnemzet.hu\/<\/a><\/td>\n                    <td style=\"\">N\u00e9meth Gy\u00f6rgy<\/td>\n                    <td style=\"\">Meseorsz\u00e1g: mit mond a tudom\u00e1ny?<\/td>\n                    <td style=\"\">egy\u00e9b<\/td>\n                    <td style=\"\"><a href='https:\/\/magyarnemzet.hu\/velemeny\/meseorszag-mit-mond-a-tudomany-8794952\/' rel=' nofollow ' target='_blank'>https:\/\/magyarnemzet.hu\/velemeny\/meseorszag-mit-mond-a-tudomany-8794952\/<\/a><\/td>\n                    <td style=\"\">negat\u00edv<\/td>\n                    <td style=\"\"><\/td>\n                    <td style=\"\"><\/td>\n                    <td style=\"\"><\/td>\n                    <td style=\"\"><\/td>\n            <\/tr>\n            <tr id=\"table_2_row_317\">\n                    <td style=\"\">2020.10.12<\/td>\n                    <td style=\"\"><a href='https:\/\/szeged.hu\/' rel=' nofollow ' target='_blank'>https:\/\/szeged.hu\/<\/a><\/td>\n                    <td style=\"\">Hunyadi Bulcs\u00fa<\/td>\n                    <td style=\"\">Ki is nem hagyja b\u00e9k\u00e9n a gyerekeinket? \u2013 A Political Capital elemz\u00e9se a mesek\u00f6nyvdar\u00e1l\u00e1s \u00e9s -t\u00e9p\u00e9s marg\u00f3j\u00e1ra<\/td>\n                    <td style=\"\">publicisztika<\/td>\n                    <td style=\"\"><a href='https:\/\/szeged.hu\/hirek\/37670\/ki-is-nem-hagyja-beken-a-gyerekeinket-a-political-capital-elemzese-a-mesekonyvdaralas-es-tepes-margojara' rel=' nofollow ' target='_blank'>https:\/\/szeged.hu\/hirek\/37670\/ki-is-nem-hagyja-beken-a-gyerekeinket-a-political-capital-elemzese-a-mesekonyvdaralas-es-tepes-margojara<\/a><\/td>\n                    <td style=\"\">pozit\u00edv<\/td>\n                    <td style=\"\"><\/td>\n                    <td style=\"\"><\/td>\n                    <td style=\"\"><\/td>\n                    <td style=\"\"><\/td>\n            <\/tr>\n            <tr id=\"table_2_row_318\">\n                    <td style=\"\">2020.10.12<\/td>\n                    <td style=\"\"><a href='https:\/\/f21.hu\/' rel=' nofollow ' target='_blank'>https:\/\/f21.hu\/<\/a><\/td>\n                    <td style=\"\">N\u00e9meth M\u00edra<\/td>\n                    <td style=\"\">Kisebbs\u00e9gek t\u00f6bbs\u00e9gben \u2013 Meseorsz\u00e1g mindenki\u00e9<\/td>\n                    <td style=\"\">recenzi\u00f3<\/td>\n                    <td style=\"\"><a href='https:\/\/f21.hu\/irodalom\/kisebbsegek-tobbsegben-meseorszag-mindenkie\/' rel=' nofollow ' target='_blank'>https:\/\/f21.hu\/irodalom\/kisebbsegek-tobbsegben-meseorszag-mindenkie\/<\/a><\/td>\n                    <td style=\"\">pozit\u00edv<\/td>\n                    <td style=\"\"><\/td>\n                    <td style=\"\"><\/td>\n                    <td style=\"\"><\/td>\n                    <td style=\"\"><\/td>\n            <\/tr>\n            <tr id=\"table_2_row_319\">\n                    <td style=\"\">2020.10.12<\/td>\n                    <td style=\"\"><a href='https:\/\/konyvesmagazin.hu\/' rel=' nofollow ' target='_blank'>https:\/\/konyvesmagazin.hu\/<\/a><\/td>\n                    <td style=\"\">Pszichol\u00f3gusok a Meseorsz\u00e1gr\u00f3l: Nem l\u00e9tezik olyan, hogy t\u00fal korai \u00e9rz\u00e9keny\u00edt\u00e9s<\/td>\n                    <td style=\"\"><\/td>\n                    <td style=\"\">h\u00edr, besz\u00e1mol\u00f3, r\u00f6vid cikk<\/td>\n                    <td style=\"\"><a href='https:\/\/konyvesmagazin.hu\/friss\/meseorszag_mindenkie_pszichologusok_allasfoglalasa.html' rel=' nofollow ' target='_blank'>https:\/\/konyvesmagazin.hu\/friss\/meseorszag_mindenkie_pszichologusok_allasfoglalasa.html<\/a><\/td>\n                    <td style=\"\">pozit\u00edv<\/td>\n                    <td style=\"\"><\/td>\n                    <td style=\"\"><\/td>\n                    <td style=\"\"><\/td>\n                    <td style=\"\"><\/td>\n            <\/tr>\n            <tr id=\"table_2_row_320\">\n                    <td style=\"\">2020.10.12<\/td>\n                    <td style=\"\"><a href='https:\/\/index.hu\/' rel=' nofollow ' target='_blank'>https:\/\/index.hu\/<\/a><\/td>\n                    <td style=\"\">KGYK<\/td>\n                    <td style=\"\">Meseorsz\u00e1g mindenki\u00e9: elhat\u00e1rol\u00f3dnak a pszichol\u00f3gusok Bagdy Em\u0151k\u00e9t\u0151l<\/td>\n                    <td style=\"\">h\u00edr, besz\u00e1mol\u00f3, r\u00f6vid cikk<\/td>\n                    <td style=\"\"><a href='https:\/\/index.hu\/belfold\/2020\/10\/12\/bagdy_emoke_meseorszag_mindenkie_lmbtq_homoszexualitas_romak_fogyatekkal_elok_gender_pszichologus\/' rel=' nofollow ' target='_blank'>https:\/\/index.hu\/belfold\/2020\/10\/12\/bagdy_emoke_meseorszag_mindenkie_lmbtq_homoszexualitas_romak_fogyatekkal_elok_gender_pszichologus\/<\/a><\/td>\n                    <td style=\"\">semleges<\/td>\n                    <td style=\"\"><\/td>\n                    <td style=\"\"><\/td>\n                    <td style=\"\"><\/td>\n                    <td style=\"\"><\/td>\n            <\/tr>\n            <tr id=\"table_2_row_321\">\n                    <td style=\"\">2020.10.12<\/td>\n                    <td style=\"\"><a href='https:\/\/777blog.hu\/' rel=' nofollow ' target='_blank'>https:\/\/777blog.hu\/<\/a><\/td>\n                    <td style=\"\">ifj. Pr\u00f3zsa Istv\u00e1n<\/td>\n                    <td style=\"\">A \u201eMeseorsz\u00e1g mindenki\u00e9\u201d-\u00fcgy marg\u00f3j\u00e1ra<\/td>\n                    <td style=\"\">publicisztika<\/td>\n                    <td style=\"\"><a href='https:\/\/777blog.hu\/2020\/10\/12\/a-meseorszag-mindenkie-ugy-margojara\/' rel=' nofollow ' target='_blank'>https:\/\/777blog.hu\/2020\/10\/12\/a-meseorszag-mindenkie-ugy-margojara\/<\/a><\/td>\n                    <td style=\"\">negat\u00edv<\/td>\n                    <td style=\"\"><\/td>\n                    <td style=\"\"><\/td>\n                    <td style=\"\"><\/td>\n                    <td style=\"\"><\/td>\n            <\/tr>\n            <tr id=\"table_2_row_322\">\n                    <td style=\"\">2020.10.12<\/td>\n                    <td style=\"\"><a href='https:\/\/ujegyensuly.hu\/' rel=' nofollow ' target='_blank'>https:\/\/ujegyensuly.hu\/<\/a><\/td>\n                    <td style=\"\">B. Sztanoj Anett<\/td>\n                    <td style=\"\">Meseorsz\u00e1g mindenki\u00e9 \u2013 Ez\u00e9rt van \u00f3ri\u00e1si sz\u00fcks\u00e9g erre a k\u00f6nyvre<\/td>\n                    <td style=\"\">publicisztika<\/td>\n                    <td style=\"\"><a href='https:\/\/ujegyensuly.hu\/helyem-a-vilagban\/meseorszag-mindenkie-ezert-van-oriasi-szukseg-erre-a-konyvre' rel=' nofollow ' target='_blank'>https:\/\/ujegyensuly.hu\/helyem-a-vilagban\/meseorszag-mindenkie-ezert-van-oriasi-szukseg-erre-a-konyvre<\/a><\/td>\n                    <td style=\"\">pozit\u00edv<\/td>\n                    <td style=\"\"><\/td>\n                    <td style=\"\"><\/td>\n                    <td style=\"\"><\/td>\n                    <td style=\"\"><\/td>\n            <\/tr>\n            <tr id=\"table_2_row_323\">\n                    <td style=\"\">2020.10.12<\/td>\n                    <td style=\"\"><a href='https:\/\/fidelio.hu\/' rel=' nofollow ' target='_blank'>https:\/\/fidelio.hu\/<\/a><\/td>\n                    <td style=\"\"><\/td>\n                    <td style=\"\">Ezern\u00e9l is t\u00f6bb pszichol\u00f3gus \u00e1ll ki Meseorsz\u00e1g mellett<\/td>\n                    <td style=\"\">h\u00edr, besz\u00e1mol\u00f3, r\u00f6vid cikk<\/td>\n                    <td style=\"\"><a href='https:\/\/fidelio.hu\/konyv\/ezernel-is-tobb-pszichologus-all-ki-meseorszag-mellett-158530.html' rel=' nofollow ' target='_blank'>https:\/\/fidelio.hu\/konyv\/ezernel-is-tobb-pszichologus-all-ki-meseorszag-mellett-158530.html<\/a><\/td>\n                    <td style=\"\">semleges<\/td>\n                    <td style=\"\"><\/td>\n                    <td style=\"\"><\/td>\n                    <td style=\"\"><\/td>\n                    <td style=\"\"><\/td>\n            <\/tr>\n            <tr id=\"table_2_row_324\">\n                    <td style=\"\">2020.10.12<\/td>\n                    <td style=\"\"><a href='https:\/\/demokrata.hu\/' rel=' nofollow ' target='_blank'>https:\/\/demokrata.hu\/<\/a><\/td>\n                    <td style=\"\"><\/td>\n                    <td style=\"\">AKIK AZ \u00d6N GYERMEK\u00c9RE VESZ\u00c9LYESEK LEHETNEK<\/td>\n                    <td style=\"\">v\u00e9lem\u00e9ny<\/td>\n                    <td style=\"\"><a href='https:\/\/demokrata.hu\/magyarorszag\/akik-az-on-gyermekere-veszelyesek-lehetnek-302444\/' rel=' nofollow ' target='_blank'>https:\/\/demokrata.hu\/magyarorszag\/akik-az-on-gyermekere-veszelyesek-lehetnek-302444\/<\/a><\/td>\n                    <td style=\"\">negat\u00edv<\/td>\n                    <td style=\"\"><\/td>\n                    <td style=\"\"><\/td>\n                    <td style=\"\"><\/td>\n                    <td style=\"\">ellenv\u00e9lem\u00e9ny a k\u00f6nyv hat\u00e1sair\u00f3l<\/td>\n            <\/tr>\n            <tr id=\"table_2_row_325\">\n                    <td style=\"\">2020.10.12<\/td>\n                    <td style=\"\"><a href='https:\/\/www.facebook.com\/' rel=' nofollow ' target='_blank'>https:\/\/www.facebook.com\/<\/a><\/td>\n                    <td style=\"\">Ps tv<\/td>\n                    <td style=\"\">Mi a fontosabb sz\u00e1modra?<\/td>\n                    <td style=\"\">vide\u00f3 v\u00e9lem\u00e9ny<\/td>\n                    <td style=\"\"><a href='https:\/\/www.facebook.com\/100299381703981\/posts\/176491014084817\/' rel=' nofollow ' target='_blank'>https:\/\/www.facebook.com\/100299381703981\/posts\/176491014084817\/<\/a><\/td>\n                    <td style=\"\">negat\u00edv<\/td>\n                    <td style=\"\"><\/td>\n                    <td style=\"\"><\/td>\n                    <td style=\"\"><\/td>\n                    <td style=\"\">Ps tv<\/td>\n            <\/tr>\n            <tr id=\"table_2_row_326\">\n                    <td style=\"\">2020.10.12<\/td>\n                    <td style=\"\"><a href='https:\/\/www.trouw.nl\/' rel=' nofollow ' target='_blank'>https:\/\/www.trouw.nl\/<\/a><\/td>\n                    <td style=\"\">Roos van Hennekeler<\/td>\n                    <td style=\"\">Boek over transgender drakendoder valt verkeerd in Hongarije. \u2018Homoseksuele propaganda\u2019<\/td>\n                    <td style=\"\">hir r\u00f6vid cikk<\/td>\n                    <td style=\"\"><a href='https:\/\/www.trouw.nl\/buitenland\/boek-over-transgender-drakendoder-valt-verkeerd-in-hongarije-homoseksuele-propaganda~be59ea88\/' rel=' nofollow ' target='_blank'>https:\/\/www.trouw.nl\/buitenland\/boek-over-transgender-drakendoder-valt-verkeerd-in-hongarije-homoseksuele-propaganda~be59ea88\/<\/a><\/td>\n                    <td style=\"\">pozit\u00edv<\/td>\n                    <td style=\"\"><\/td>\n                    <td style=\"\">igen<\/td>\n                    <td style=\"\">holland<\/td>\n                    <td style=\"\">h\u00edr a k\u00f6nyvr\u0151l \u00e9s a homoszexu\u00e1lis propagand\u00e1r\u00f3l Magyarorsz\u00e1gon<\/td>\n            <\/tr>\n            <tr id=\"table_2_row_327\">\n                    <td style=\"\">2020.10.12<\/td>\n                    <td style=\"\"><a href='https:\/\/www.facebook.com\/' rel=' nofollow ' target='_blank'>https:\/\/www.facebook.com\/<\/a><\/td>\n                    <td style=\"\"><\/td>\n                    <td style=\"\">Sebi\u00e1n-Petrovszki L\u00e1szl\u00f3 felolvas\u00e1sa a Parlamentben<\/td>\n                    <td style=\"\">fb-poszt<\/td>\n                    <td style=\"\"><a href='https:\/\/www.facebook.com\/sebiandk\/videos\/256095502487576\/' rel=' nofollow ' target='_blank'>https:\/\/www.facebook.com\/sebiandk\/videos\/256095502487576\/<\/a><\/td>\n                    <td style=\"\">pozit\u00edv<\/td>\n                    <td style=\"\">fb<\/td>\n                    <td style=\"\"><\/td>\n                    <td style=\"\"><\/td>\n                    <td style=\"\">Sebi\u00e1n-Petrivszki L\u00e1szl\u00f3 felolvas\u00e1sa a Parlamentben, okt. 12.<\/td>\n            <\/tr>\n            <tr id=\"table_2_row_328\">\n                    <td style=\"\">2020.10.13<\/td>\n                    <td style=\"\"><a href='https:\/\/merce.hu\/' rel=' nofollow ' target='_blank'>https:\/\/merce.hu\/<\/a><\/td>\n                    <td style=\"\">Di\u00f3szegi-Horv\u00e1th N\u00f3ra<\/td>\n                    <td style=\"\">Csepel ut\u00e1n Mez\u0151k\u00f6vesden is betiltott\u00e1k az ovikban a Meseorsz\u00e1g mindenki\u00e9t<\/td>\n                    <td style=\"\">h\u00edr, r\u00f6vid cikk<\/td>\n                    <td style=\"\"><a href='https:\/\/merce.hu\/2020\/10\/13\/csepel-utan-mezokovesden-is-betiltottak-az-ovikban-a-meseorszag-mindenkiet\/' rel=' nofollow ' target='_blank'>https:\/\/merce.hu\/2020\/10\/13\/csepel-utan-mezokovesden-is-betiltottak-az-ovikban-a-meseorszag-mindenkiet\/<\/a><\/td>\n                    <td style=\"\">pozit\u00edv<\/td>\n                    <td style=\"\"><\/td>\n                    <td style=\"\"><\/td>\n                    <td style=\"\"><\/td>\n                    <td style=\"\"><\/td>\n            <\/tr>\n            <tr id=\"table_2_row_329\">\n                    <td style=\"\">2020.10.13<\/td>\n                    <td style=\"\"><a href='https:\/\/litera.hu\/' rel=' nofollow ' target='_blank'>https:\/\/litera.hu\/<\/a><\/td>\n                    <td style=\"\"><\/td>\n                    <td style=\"\">Irodalmi \u00e9s m\u0171v\u00e9szeti szervezetek adtak ki nyilatkozatot a k\u00f6nyvek elleni t\u00e1mad\u00e1sok \u00fcgy\u00e9ben<\/td>\n                    <td style=\"\">h\u00edr, r\u00f6vid cikk<\/td>\n                    <td style=\"\"><a href='https:\/\/litera.hu\/hirek\/irodalmi-es-muveszeti-szervezetek-adtak-ki-nyilatkozatot-a-konyvek-elleni-tamadasok-ugyeben.html' rel=' nofollow ' target='_blank'>https:\/\/litera.hu\/hirek\/irodalmi-es-muveszeti-szervezetek-adtak-ki-nyilatkozatot-a-konyvek-elleni-tamadasok-ugyeben.html<\/a><\/td>\n                    <td style=\"\">pozit\u00edv<\/td>\n                    <td style=\"\"><\/td>\n                    <td style=\"\"><\/td>\n                    <td style=\"\"><\/td>\n                    <td style=\"\"><\/td>\n            <\/tr>\n            <tr id=\"table_2_row_330\">\n                    <td style=\"\">2020.10.13<\/td>\n                    <td style=\"\"><a href='https:\/\/444.hu\/' rel=' nofollow ' target='_blank'>https:\/\/444.hu\/<\/a><\/td>\n                    <td style=\"\">Sarkadi Zsolt<\/td>\n                    <td style=\"\">Nov\u00e1k El\u0151d szerint m\u00e1r vannak \u00f3vod\u00e1k, ahol k\u00fcls\u0151 nyom\u00e1sra n\u00e9pszer\u0171s\u00edtik a homoszexualit\u00e1st<\/td>\n                    <td style=\"\">h\u00edr, r\u00f6vid cikk<\/td>\n                    <td style=\"\"><a href='https:\/\/444.hu\/2020\/10\/13\/novak-elod-szerint-mar-vannak-ovodak-ahol-kulso-nyomasra-nepszerusitik-a-homoszexualitast' rel=' nofollow ' target='_blank'>https:\/\/444.hu\/2020\/10\/13\/novak-elod-szerint-mar-vannak-ovodak-ahol-kulso-nyomasra-nepszerusitik-a-homoszexualitast<\/a><\/td>\n                    <td style=\"\">pozit\u00edv<\/td>\n                    <td style=\"\"><\/td>\n                    <td style=\"\"><\/td>\n                    <td style=\"\"><\/td>\n                    <td style=\"\"><\/td>\n            <\/tr>\n            <tr id=\"table_2_row_331\">\n                    <td style=\"\">2020.10.13<\/td>\n                    <td style=\"\"><a href='https:\/\/szemlelodosziv.blog.hu\/' rel=' nofollow ' target='_blank'>https:\/\/szemlelodosziv.blog.hu\/<\/a><\/td>\n                    <td style=\"\">Szeml\u00e9l\u0151d\u0151 sz\u00edv<\/td>\n                    <td style=\"\">Meseorsz\u00e1g mindenki\u00e9 - ja, m\u00e9gsem...<\/td>\n                    <td style=\"\">blogbejegyz\u00e9s<\/td>\n                    <td style=\"\"><a href='https:\/\/szemlelodosziv.blog.hu\/2020\/10\/13\/_meseorszag_mindenkie_ja_megsem' rel=' nofollow ' target='_blank'>https:\/\/szemlelodosziv.blog.hu\/2020\/10\/13\/_meseorszag_mindenkie_ja_megsem<\/a><\/td>\n                    <td style=\"\">pozit\u00edv<\/td>\n                    <td style=\"\"><\/td>\n                    <td style=\"\"><\/td>\n                    <td style=\"\"><\/td>\n                    <td style=\"\"><\/td>\n            <\/tr>\n            <tr id=\"table_2_row_332\">\n                    <td style=\"\">2020.10.13<\/td>\n                    <td style=\"\"><a href='https:\/\/merce.hu\/' rel=' nofollow ' target='_blank'>https:\/\/merce.hu\/<\/a><\/td>\n                    <td style=\"\">J\u00e1vor Benedek<\/td>\n                    <td style=\"\">Merre tart Meseorsz\u00e1g?<\/td>\n                    <td style=\"\">publicisztika<\/td>\n                    <td style=\"\"><a href='https:\/\/merce.hu\/2020\/10\/13\/javor-benedek-merre-tart-meseorszag\/' rel=' nofollow ' target='_blank'>https:\/\/merce.hu\/2020\/10\/13\/javor-benedek-merre-tart-meseorszag\/<\/a><\/td>\n                    <td style=\"\">pozit\u00edv<\/td>\n                    <td style=\"\"><\/td>\n                    <td style=\"\"><\/td>\n                    <td style=\"\"><\/td>\n                    <td style=\"\"><\/td>\n            <\/tr>\n            <tr id=\"table_2_row_333\">\n                    <td style=\"\">2020.10.13<\/td>\n                    <td style=\"\"><a href='https:\/\/archive.tilos.hu\/' rel=' nofollow ' target='_blank'>https:\/\/archive.tilos.hu\/<\/a><\/td>\n                    <td style=\"\"><\/td>\n                    <td style=\"\">A tud\u00e1s (\u00e9s a) hatalom<\/td>\n                    <td style=\"\">r\u00e1di\u00f3<\/td>\n                    <td style=\"\"><a href='https:\/\/archive.tilos.hu\/cache\/tilos-20201013-180000-193000.mp3' rel=' nofollow ' target='_blank'>https:\/\/archive.tilos.hu\/cache\/tilos-20201013-180000-193000.mp3<\/a><\/td>\n                    <td style=\"\">pozit\u00edv<\/td>\n                    <td style=\"\"><\/td>\n                    <td style=\"\"><\/td>\n                    <td style=\"\"><\/td>\n                    <td style=\"\">L\u0151rincz Viktor \u00e9s Z\u00e1szkaliczky M\u00e1rton besz\u00e9lget Hermann Zolt\u00e1nnal \u00e9s Pompor Zolt\u00e1nnal mes\u00e9kr\u0151l \u00e9s gyermekirodalomr\u00f3l<\/td>\n            <\/tr>\n            <tr id=\"table_2_row_334\">\n                    <td style=\"\">2020.10.13<\/td>\n                    <td style=\"\"><a href='https:\/\/szabadnem.444.hu\/' rel=' nofollow ' target='_blank'>https:\/\/szabadnem.444.hu\/<\/a><\/td>\n                    <td style=\"\">Braunitzer G\u00e1bor<\/td>\n                    <td style=\"\">Al\u00e1sz\u00e1ll\u00e1s a pokolba, avagy a gyermekek szexu\u00e1lis befoly\u00e1sol\u00e1sa a \u201egendermes\u00e9kben\u201d<\/td>\n                    <td style=\"\">publicisztika<\/td>\n                    <td style=\"\"><a href='https:\/\/szabadnem.444.hu\/2020\/10\/13\/alaszallas-a-pokolba-avagy-a-gyermekek-szexualis-befolyasolasa-a-gendermesekben' rel=' nofollow ' target='_blank'>https:\/\/szabadnem.444.hu\/2020\/10\/13\/alaszallas-a-pokolba-avagy-a-gyermekek-szexualis-befolyasolasa-a-gendermesekben<\/a><\/td>\n                    <td style=\"\">pozit\u00edv<\/td>\n                    <td style=\"\"><\/td>\n                    <td style=\"\"><\/td>\n                    <td style=\"\"><\/td>\n                    <td style=\"\"><\/td>\n            <\/tr>\n            <tr id=\"table_2_row_335\">\n                    <td style=\"\">2020.10.13<\/td>\n                    <td style=\"\"><a href='https:\/\/www.peticiok.com\/' rel=' nofollow ' target='_blank'>https:\/\/www.peticiok.com\/<\/a><\/td>\n                    <td style=\"\">Kozma-Jo\u00f3 Viola<\/td>\n                    <td style=\"\">Ki\u00e1ll\u00e1s Bagdy Em\u0151ke eg\u00e9szs\u00e9ges pszichol\u00f3giai n\u00e9zetei mellett!<\/td>\n                    <td style=\"\">egy\u00e9b<\/td>\n                    <td style=\"\"><a href='https:\/\/www.peticiok.com\/kiallas_bagdy_emke_egeszseges_pszichologiai_nezetei_mellett' rel=' nofollow ' target='_blank'>https:\/\/www.peticiok.com\/kiallas_bagdy_emke_egeszseges_pszichologiai_nezetei_mellett<\/a><\/td>\n                    <td style=\"\">semleges<\/td>\n                    <td style=\"\"><\/td>\n                    <td style=\"\"><\/td>\n                    <td style=\"\"><\/td>\n                    <td style=\"\">Bagdy mellett pet\u00edci\u00f3 (r\u00e9gi)<\/td>\n            <\/tr>\n            <tr id=\"table_2_row_336\">\n                    <td style=\"\">2020.10.13<\/td>\n                    <td style=\"\"><a href='https:\/\/demokrata.hu\/' rel=' nofollow ' target='_blank'>https:\/\/demokrata.hu\/<\/a><\/td>\n                    <td style=\"\"><\/td>\n                    <td style=\"\">LMBTQ-propaganda az \u00f3vod\u00e1ban?<\/td>\n                    <td style=\"\">egy\u00e9b<\/td>\n                    <td style=\"\"><a href='https:\/\/demokrata.hu\/szavazas\/lmbtq-propaganda-az-ovodaban-302729' rel=' nofollow ' target='_blank'>https:\/\/demokrata.hu\/szavazas\/lmbtq-propaganda-az-ovodaban-302729<\/a><\/td>\n                    <td style=\"\">negat\u00edv<\/td>\n                    <td style=\"\"><\/td>\n                    <td style=\"\"><\/td>\n                    <td style=\"\"><\/td>\n                    <td style=\"\">szavaz\u00e1s<\/td>\n            <\/tr>\n            <tr id=\"table_2_row_337\">\n                    <td style=\"\">2020.10.13<\/td>\n                    <td style=\"\"><a href='https:\/\/vadhajtasok.hu\/' rel=' nofollow ' target='_blank'>https:\/\/vadhajtasok.hu\/<\/a><\/td>\n                    <td style=\"\"><\/td>\n                    <td style=\"\">A mez\u0151k\u00f6vesdi \u00f3vod\u00e1kban sem lesz Meseorsz\u00e1g<\/td>\n                    <td style=\"\">h\u00edr, besz\u00e1mol\u00f3, r\u00f6vid cikk<\/td>\n                    <td style=\"\"><a href='https:\/\/vadhajtasok.hu\/2020\/10\/13\/a-mezokovesdi-ovodakban-sem-lesz-meseorszag' rel=' nofollow ' target='_blank'>https:\/\/vadhajtasok.hu\/2020\/10\/13\/a-mezokovesdi-ovodakban-sem-lesz-meseorszag<\/a><\/td>\n                    <td style=\"\">negat\u00edv<\/td>\n                    <td style=\"\"><\/td>\n                    <td style=\"\"><\/td>\n                    <td style=\"\"><\/td>\n                    <td style=\"\"><\/td>\n            <\/tr>\n            <tr id=\"table_2_row_338\">\n                    <td style=\"\">2020.10.13<\/td>\n                    <td style=\"\"><a href='https:\/\/vasarnap.hu\/' rel=' nofollow ' target='_blank'>https:\/\/vasarnap.hu\/<\/a><\/td>\n                    <td style=\"\"><\/td>\n                    <td style=\"\">Teljes \u00e1tver\u00e9s: \u00edgy gy\u0171jtik a kamual\u00e1\u00edr\u00e1sokat Bagdy Em\u0151ke ellen<\/td>\n                    <td style=\"\">h\u00edr, besz\u00e1mol\u00f3, r\u00f6vid cikk<\/td>\n                    <td style=\"\"><a href='https:\/\/vasarnap.hu\/2020\/10\/13\/teljes-atveres-igy-gyujtik-a-kamualairasokat-bagdy-emoke-ellen' rel=' nofollow ' target='_blank'>https:\/\/vasarnap.hu\/2020\/10\/13\/teljes-atveres-igy-gyujtik-a-kamualairasokat-bagdy-emoke-ellen<\/a><\/td>\n                    <td style=\"\">semleges<\/td>\n                    <td style=\"\"><\/td>\n                    <td style=\"\"><\/td>\n                    <td style=\"\"><\/td>\n                    <td style=\"\">Bagdyt v\u00e9dik<\/td>\n            <\/tr>\n            <tr id=\"table_2_row_339\">\n                    <td style=\"\">2020.10.13<\/td>\n                    <td style=\"\"><a href='https:\/\/vasarnap.hu\/' rel=' nofollow ' target='_blank'>https:\/\/vasarnap.hu\/<\/a><\/td>\n                    <td style=\"\">Francesca Rivafinoli<\/td>\n                    <td style=\"\">M\u0171mes\u00e9k helyett \u00e9p csal\u00e1dokat!<\/td>\n                    <td style=\"\">publicisztika<\/td>\n                    <td style=\"\"><a href='https:\/\/vasarnap.hu\/2020\/10\/13\/mumesek-helyett-ep-csaladokat1' rel=' nofollow ' target='_blank'>https:\/\/vasarnap.hu\/2020\/10\/13\/mumesek-helyett-ep-csaladokat1<\/a><\/td>\n                    <td style=\"\">negat\u00edv<\/td>\n                    <td style=\"\"><\/td>\n                    <td style=\"\"><\/td>\n                    <td style=\"\"><\/td>\n                    <td style=\"\"><\/td>\n            <\/tr>\n            <tr id=\"table_2_row_340\">\n                    <td style=\"\">2020.10.13<\/td>\n                    <td style=\"\"><a href='https:\/\/antigender.org\/' rel=' nofollow ' target='_blank'>https:\/\/antigender.org\/<\/a><\/td>\n                    <td style=\"\"><\/td>\n                    <td style=\"\">Kisgyerekek LMBTQ propagand\u00e1val val\u00f3 agymos\u00e1s\u00e1t t\u00e1mogat\u00f3 pszichol\u00f3gusok list\u00e1ja<\/td>\n                    <td style=\"\">h\u00edr, besz\u00e1mol\u00f3, r\u00f6vid cikk<\/td>\n                    <td style=\"\"><a href='https:\/\/antigender.org\/2020\/lmbtq-pszichologusok\/amp\/' rel=' nofollow ' target='_blank'>https:\/\/antigender.org\/2020\/lmbtq-pszichologusok\/amp\/<\/a><\/td>\n                    <td style=\"\">negat\u00edv<\/td>\n                    <td style=\"\"><\/td>\n                    <td style=\"\"><\/td>\n                    <td style=\"\"><\/td>\n                    <td style=\"\">Bagdyt\u00f3l elhat\u00e1rol\u00f3d\u00f3 pszichol\u00f3gusok list\u00e1z\u00e1sa<\/td>\n            <\/tr>\n            <tr id=\"table_2_row_341\">\n                    <td style=\"\">2020.10.13<\/td>\n                    <td style=\"\"><a href='https:\/\/demokrata.hu\/' rel=' nofollow ' target='_blank'>https:\/\/demokrata.hu\/<\/a><\/td>\n                    <td style=\"\">MTI<\/td>\n                    <td style=\"\">Az \"\u00f3vodai LMBTQ-propaganda\" betilt\u00e1s\u00e1t k\u00f6veteli A Mi Haz\u00e1nk<\/td>\n                    <td style=\"\">h\u00edr, besz\u00e1mol\u00f3, r\u00f6vid cikk<\/td>\n                    <td style=\"\"><a href='https:\/\/demokrata.hu\/magyarorszag\/az-ovodai-lmbtq-propaganda-betiltasat-koveteli-a-mi-hazank-302718\/' rel=' nofollow ' target='_blank'>https:\/\/demokrata.hu\/magyarorszag\/az-ovodai-lmbtq-propaganda-betiltasat-koveteli-a-mi-hazank-302718\/<\/a><\/td>\n                    <td style=\"\">negat\u00edv<\/td>\n                    <td style=\"\"><\/td>\n                    <td style=\"\"><\/td>\n                    <td style=\"\"><\/td>\n                    <td style=\"\"><\/td>\n            <\/tr>\n            <tr id=\"table_2_row_342\">\n                    <td style=\"\">2020.10.13<\/td>\n                    <td style=\"\"><a href='https:\/\/nepszava.hu\/' rel=' nofollow ' target='_blank'>https:\/\/nepszava.hu\/<\/a><\/td>\n                    <td style=\"\">P. Szab\u00f3 D\u00e9nes<\/td>\n                    <td style=\"\">Egy mesebotr\u00e1ny st\u00e1ci\u00f3i l\u00e9p\u00e9sr\u0151l l\u00e9p\u00e9sre<\/td>\n                    <td style=\"\">publicisztika<\/td>\n                    <td style=\"\"><a href='https:\/\/nepszava.hu\/3095243_egy-mesebotrany-stacioi-lepesrol-lepesre' rel=' nofollow ' target='_blank'>https:\/\/nepszava.hu\/3095243_egy-mesebotrany-stacioi-lepesrol-lepesre<\/a><\/td>\n                    <td style=\"\">pozit\u00edv<\/td>\n                    <td style=\"\"><\/td>\n                    <td style=\"\"><\/td>\n                    <td style=\"\"><\/td>\n                    <td style=\"\"><\/td>\n            <\/tr>\n            <tr id=\"table_2_row_343\">\n                    <td style=\"\">2020.10.13<\/td>\n                    <td style=\"\"><a href='https:\/\/plakatmagany.transindex.ro\/' rel=' nofollow ' target='_blank'>https:\/\/plakatmagany.transindex.ro\/<\/a><\/td>\n                    <td style=\"\">Szab\u00f3 T. Csaba<\/td>\n                    <td style=\"\">Mire j\u00f3 a mese?<\/td>\n                    <td style=\"\">publicisztika<\/td>\n                    <td style=\"\"><a href='https:\/\/plakatmagany.transindex.ro\/mire-jo-a-mese-konyvdaralas-meseorszag-kulturtortenet-t-szabo-csaba\/' rel=' nofollow ' target='_blank'>https:\/\/plakatmagany.transindex.ro\/mire-jo-a-mese-konyvdaralas-meseorszag-kulturtortenet-t-szabo-csaba\/<\/a><\/td>\n                    <td style=\"\">pozit\u00edv<\/td>\n                    <td style=\"\"><\/td>\n                    <td style=\"\">igen<\/td>\n                    <td style=\"\"><\/td>\n                    <td style=\"\"><\/td>\n            <\/tr>\n            <tr id=\"table_2_row_344\">\n                    <td style=\"\">2020.10.13<\/td>\n                    <td style=\"\"><a href='https:\/\/liget.ro\/' rel=' nofollow ' target='_blank'>https:\/\/liget.ro\/<\/a><\/td>\n                    <td style=\"\">Hajnal Csilla<\/td>\n                    <td style=\"\">Meseorsz\u00e1g, val\u00f3s indulat n\u00e9lk\u00fcl(Ezt a cikket a Ligetr\u00f5l m\u00e1solt\u00e1k: https:\/\/liget.ro\/studio\/meseorszag-valos-indulat-nelkul#)<\/td>\n                    <td style=\"\">interj\u00fa<\/td>\n                    <td style=\"\"><a href='https:\/\/liget.ro\/studio\/meseorszag-valos-indulat-nelkul#' rel=' nofollow ' target='_blank'>https:\/\/liget.ro\/studio\/meseorszag-valos-indulat-nelkul#<\/a><\/td>\n                    <td style=\"\">pozit\u00edv<\/td>\n                    <td style=\"\"><\/td>\n                    <td style=\"\">igen<\/td>\n                    <td style=\"\"><\/td>\n                    <td style=\"\">Interj\u00fa K\u00e1d\u00e1r Annam\u00e1ria pszichol\u00f3gussal<\/td>\n            <\/tr>\n            <tr id=\"table_2_row_345\">\n                    <td style=\"\">2020.10.13<\/td>\n                    <td style=\"\"><a href='https:\/\/momentum.hu\/' rel=' nofollow ' target='_blank'>https:\/\/momentum.hu\/<\/a><\/td>\n                    <td style=\"\">P\u00e1ll G\u00e1bor<\/td>\n                    <td style=\"\">Meseorsz\u00e1g t\u00e9nyleg mindneki\u00e9?<\/td>\n                    <td style=\"\">publicisztika<\/td>\n                    <td style=\"\"><a href='https:\/\/momentum.hu\/meseorszag-tenyleg-mindenkie\/' rel=' nofollow ' target='_blank'>https:\/\/momentum.hu\/meseorszag-tenyleg-mindenkie\/<\/a><\/td>\n                    <td style=\"\">pozit\u00edv<\/td>\n                    <td style=\"\"><\/td>\n                    <td style=\"\"><\/td>\n                    <td style=\"\"><\/td>\n                    <td style=\"\"><\/td>\n            <\/tr>\n            <tr id=\"table_2_row_346\">\n                    <td style=\"\">2020.10.13<\/td>\n                    <td style=\"\"><a href='https:\/\/magyarnemzet.hu\/' rel=' nofollow ' target='_blank'>https:\/\/magyarnemzet.hu\/<\/a><\/td>\n                    <td style=\"\">Pataki Tam\u00e1s<\/td>\n                    <td style=\"\">A pszichol\u00f3gusok \u00e1rul\u00e1sa<\/td>\n                    <td style=\"\">publicisztika<\/td>\n                    <td style=\"\"><a href='https:\/\/magyarnemzet.hu\/ahelyzet\/a-pszichologusok-arulasa-8806544' rel=' nofollow ' target='_blank'>https:\/\/magyarnemzet.hu\/ahelyzet\/a-pszichologusok-arulasa-8806544<\/a><\/td>\n                    <td style=\"\">negat\u00edv<\/td>\n                    <td style=\"\"><\/td>\n                    <td style=\"\"><\/td>\n                    <td style=\"\"><\/td>\n                    <td style=\"\"><\/td>\n            <\/tr>\n            <tr id=\"table_2_row_347\">\n                    <td style=\"\">2020.10.13<\/td>\n                    <td style=\"\"><a href='https:\/\/pestisracok.hu\/' rel=' nofollow ' target='_blank'>https:\/\/pestisracok.hu\/<\/a><\/td>\n                    <td style=\"\"><\/td>\n                    <td style=\"\">Beismerte a Meseorsz\u00e1g mindenki\u00e9 szerkeszt\u0151je, hogy a k\u00f6nyv nem \u00f3vod\u00e1soknak val\u00f3<\/td>\n                    <td style=\"\">h\u00edr, besz\u00e1mol\u00f3, r\u00f6vid cikk<\/td>\n                    <td style=\"\"><a href='https:\/\/pestisracok.hu\/beismerte-a-meseorszag-mindenkie-szerkesztoje-hogy-a-konyv-nem-ovodasoknak-valo\/' rel=' nofollow ' target='_blank'>https:\/\/pestisracok.hu\/beismerte-a-meseorszag-mindenkie-szerkesztoje-hogy-a-konyv-nem-ovodasoknak-valo\/<\/a><\/td>\n                    <td style=\"\">negat\u00edv<\/td>\n                    <td style=\"\"><\/td>\n                    <td style=\"\"><\/td>\n                    <td style=\"\"><\/td>\n                    <td style=\"\"><\/td>\n            <\/tr>\n            <tr id=\"table_2_row_348\">\n                    <td style=\"\">2020.10.13<\/td>\n                    <td style=\"\"><a href='https:\/\/hirtv.hu\/' rel=' nofollow ' target='_blank'>https:\/\/hirtv.hu\/<\/a><\/td>\n                    <td style=\"\"><\/td>\n                    <td style=\"\">Mez\u0151k\u00f6vesd polg\u00e1rmestere is betiltotta a Meseorsz\u00e1g mindenki\u00e9 c\u00edm\u0171 k\u00f6nyvet<\/td>\n                    <td style=\"\">h\u00edr, besz\u00e1mol\u00f3, r\u00f6vid cikk<\/td>\n                    <td style=\"\"><a href='https:\/\/hirtv.hu\/ahirtvhirei\/mezokovesd-polgarmester-is-betiltotta-a-meseorszag-mindenkie-cimu-konyvet-2509938' rel=' nofollow ' target='_blank'>https:\/\/hirtv.hu\/ahirtvhirei\/mezokovesd-polgarmester-is-betiltotta-a-meseorszag-mindenkie-cimu-konyvet-2509938<\/a><\/td>\n                    <td style=\"\">semleges<\/td>\n                    <td style=\"\"><\/td>\n                    <td style=\"\"><\/td>\n                    <td style=\"\"><\/td>\n                    <td style=\"\"><\/td>\n            <\/tr>\n            <tr id=\"table_2_row_349\">\n                    <td style=\"\">2020.10.13<\/td>\n                    <td style=\"\"><a href='http:\/\/egriugyek.hu\/' rel=' nofollow ' target='_blank'>http:\/\/egriugyek.hu\/<\/a><\/td>\n                    <td style=\"\"><\/td>\n                    <td style=\"\">Eger szomsz\u00e9ds\u00e1g\u00e1ba is el\u00e9rt a mesek\u00f6nyv-hiszti, betiltott\u00e1k az \u00f3vod\u00e1kban<\/td>\n                    <td style=\"\">h\u00edr, besz\u00e1mol\u00f3, r\u00f6vid cikk<\/td>\n                    <td style=\"\"><a href='http:\/\/egriugyek.hu\/a-kornyek-ugye\/eger-szomszedsagaba-is-elert-a-mesekonyv-hiszti-betiltottak-az-ovodakban' rel=' nofollow ' target='_blank'>http:\/\/egriugyek.hu\/a-kornyek-ugye\/eger-szomszedsagaba-is-elert-a-mesekonyv-hiszti-betiltottak-az-ovodakban<\/a><\/td>\n                    <td style=\"\">semleges<\/td>\n                    <td style=\"\"><\/td>\n                    <td style=\"\"><\/td>\n                    <td style=\"\"><\/td>\n                    <td style=\"\"><\/td>\n            <\/tr>\n            <tr id=\"table_2_row_350\">\n                    <td style=\"\">2020.10.13<\/td>\n                    <td style=\"\"><a href='https:\/\/www.erdely.ma\/' rel=' nofollow ' target='_blank'>https:\/\/www.erdely.ma\/<\/a><\/td>\n                    <td style=\"\">Borb\u00e9ly Zsolt Attila<\/td>\n                    <td style=\"\">\u201eHagyj\u00e1k b\u00e9k\u00e9n a gyerekeinket!\u201d<\/td>\n                    <td style=\"\">v\u00e9lem\u00e9ny<\/td>\n                    <td style=\"\"><a href='https:\/\/www.erdely.ma\/hagyjak-beken-a-gyerekeinket\/' rel=' nofollow ' target='_blank'>https:\/\/www.erdely.ma\/hagyjak-beken-a-gyerekeinket\/<\/a><\/td>\n                    <td style=\"\">negat\u00edv<\/td>\n                    <td style=\"\"><\/td>\n                    <td style=\"\"><\/td>\n                    <td style=\"\"><\/td>\n                    <td style=\"\"><\/td>\n            <\/tr>\n            <tr id=\"table_2_row_351\">\n                    <td style=\"\">2020.10.14<\/td>\n                    <td style=\"\"><a href='https:\/\/tilos.hu\/' rel=' nofollow ' target='_blank'>https:\/\/tilos.hu\/<\/a><\/td>\n                    <td style=\"\"><\/td>\n                    <td style=\"\">Szappanopera helyett<\/td>\n                    <td style=\"\">r\u00e1di\u00f3<\/td>\n                    <td style=\"\"><a href='https:\/\/tilos.hu\/show\/szappanopera-helyett\/archive\/2020\/4' rel=' nofollow ' target='_blank'>https:\/\/tilos.hu\/show\/szappanopera-helyett\/archive\/2020\/4<\/a><\/td>\n                    <td style=\"\">pozit\u00edv<\/td>\n                    <td style=\"\"><\/td>\n                    <td style=\"\"><\/td>\n                    <td style=\"\"><\/td>\n                    <td style=\"\"><\/td>\n            <\/tr>\n            <tr id=\"table_2_row_352\">\n                    <td style=\"\">2020.10.14<\/td>\n                    <td style=\"\"><a href='https:\/\/magyarnemzet.hu\/' rel=' nofollow ' target='_blank'>https:\/\/magyarnemzet.hu\/<\/a><\/td>\n                    <td style=\"\">Hegyi Zolt\u00e1n<\/td>\n                    <td style=\"\">Megy-e k\u00f6nyvek \u00e1ltal?<\/td>\n                    <td style=\"\">h\u00edr, r\u00f6vid cikk<\/td>\n                    <td style=\"\"><a href='https:\/\/magyarnemzet.hu\/velemeny\/megy-e-konyvek-altal-8806130\/' rel=' nofollow ' target='_blank'>https:\/\/magyarnemzet.hu\/velemeny\/megy-e-konyvek-altal-8806130\/<\/a><\/td>\n                    <td style=\"\">negat\u00edv<\/td>\n                    <td style=\"\"><\/td>\n                    <td style=\"\"><\/td>\n                    <td style=\"\"><\/td>\n                    <td style=\"\"><\/td>\n            <\/tr>\n            <tr id=\"table_2_row_353\">\n                    <td style=\"\">2020.10.14<\/td>\n                    <td style=\"\"><a href='https:\/\/hvg.hu\/' rel=' nofollow ' target='_blank'>https:\/\/hvg.hu\/<\/a><\/td>\n                    <td style=\"\">Limp\u00e1r Ildik\u00f3<\/td>\n                    <td style=\"\">Kinek f\u00e1j, ha a H\u00e9tfej\u0171 T\u00fcnd\u00e9r szem\u00e9ben megl\u00e1tjuk szebbik \u00f6nmagunk?<\/td>\n                    <td style=\"\">h\u00edr, besz\u00e1mol\u00f3, r\u00f6vid cikk<\/td>\n                    <td style=\"\"><a href='https:\/\/hvg.hu\/360\/20201014_Kinek_faj_ha_a_Hetfeju_Tunder_szemeben_meglatjuk_szebbik_onmagunk' rel=' nofollow ' target='_blank'>https:\/\/hvg.hu\/360\/20201014_Kinek_faj_ha_a_Hetfeju_Tunder_szemeben_meglatjuk_szebbik_onmagunk<\/a><\/td>\n                    <td style=\"\"><\/td>\n                    <td style=\"\"><\/td>\n                    <td style=\"\"><\/td>\n                    <td style=\"\"><\/td>\n                    <td style=\"\"><\/td>\n            <\/tr>\n            <tr id=\"table_2_row_354\">\n                    <td style=\"\">2020.10.14<\/td>\n                    <td style=\"\"><a href='https:\/\/nokert.hu\/' rel=' nofollow ' target='_blank'>https:\/\/nokert.hu\/<\/a><\/td>\n                    <td style=\"\">Antoni Rita<\/td>\n                    <td style=\"\">Meseorsz\u00e1g mindenki\u00e9: most m\u00e1r az is baj, hogy n\u0151k \u00edrt\u00e1k<\/td>\n                    <td style=\"\">publicisztika<\/td>\n                    <td style=\"\"><a href='https:\/\/nokert.hu\/sze-20201014-2347\/3022\/6\/meseorszag-mindenkie-most-mar-az-baj-hogy-nok-irtak' rel=' nofollow ' target='_blank'>https:\/\/nokert.hu\/sze-20201014-2347\/3022\/6\/meseorszag-mindenkie-most-mar-az-baj-hogy-nok-irtak<\/a><\/td>\n                    <td style=\"\">pozit\u00edv<\/td>\n                    <td style=\"\"><\/td>\n                    <td style=\"\"><\/td>\n                    <td style=\"\"><\/td>\n                    <td style=\"\"><\/td>\n            <\/tr>\n            <tr id=\"table_2_row_355\">\n                    <td style=\"\">2020.10.14<\/td>\n                    <td style=\"\"><a href='https:\/\/f21.hu\/' rel=' nofollow ' target='_blank'>https:\/\/f21.hu\/<\/a><\/td>\n                    <td style=\"\"><\/td>\n                    <td style=\"\">Kultur\u00e1lis \u00f6sszefog\u00e1s a k\u00f6nyvek megsemmis\u00edt\u00e9se ellen<\/td>\n                    <td style=\"\">h\u00edr, besz\u00e1mol\u00f3, r\u00f6vid cikk<\/td>\n                    <td style=\"\"><a href='https:\/\/f21.hu\/irodalom\/kulturalis-osszefogas-a-konyvek-megsemmisitese-ellen\/' rel=' nofollow ' target='_blank'>https:\/\/f21.hu\/irodalom\/kulturalis-osszefogas-a-konyvek-megsemmisitese-ellen\/<\/a><\/td>\n                    <td style=\"\">semleges<\/td>\n                    <td style=\"\"><\/td>\n                    <td style=\"\"><\/td>\n                    <td style=\"\"><\/td>\n                    <td style=\"\"><\/td>\n            <\/tr>\n            <tr id=\"table_2_row_356\">\n                    <td style=\"\">2020.10.14<\/td>\n                    <td style=\"\"><a href='https:\/\/helsinkifigyelo.444.hu\/' rel=' nofollow ' target='_blank'>https:\/\/helsinkifigyelo.444.hu\/<\/a><\/td>\n                    <td style=\"\">presshelsinki<\/td>\n                    <td style=\"\">Meseh\u00e1bor\u00fa<\/td>\n                    <td style=\"\">publicisztika<\/td>\n                    <td style=\"\"><a href='https:\/\/helsinkifigyelo.444.hu\/2020\/10\/14\/mesehaboru' rel=' nofollow ' target='_blank'>https:\/\/helsinkifigyelo.444.hu\/2020\/10\/14\/mesehaboru<\/a><\/td>\n                    <td style=\"\">pozit\u00edv<\/td>\n                    <td style=\"\"><\/td>\n                    <td style=\"\"><\/td>\n                    <td style=\"\"><\/td>\n                    <td style=\"\"><\/td>\n            <\/tr>\n            <tr id=\"table_2_row_357\">\n                    <td style=\"\">2020.10.14<\/td>\n                    <td style=\"\"><a href='https:\/\/168ora.hu\/' rel=' nofollow ' target='_blank'>https:\/\/168ora.hu\/<\/a><\/td>\n                    <td style=\"\"><\/td>\n                    <td style=\"\">Szentesi Z\u00f6ldi csak a kuk\u00e1ba dobta volna a mesek\u00f6nyvet, nem dar\u00e1lta volna le<\/td>\n                    <td style=\"\">h\u00edr, besz\u00e1mol\u00f3, r\u00f6vid cikk<\/td>\n                    <td style=\"\"><a href='https:\/\/168ora.hu\/itthon\/szentesi-zoldi-csak-a-kukaba-dobta-volna-a-mesekonyvet-nem-daralta-volna-le-193350' rel=' nofollow ' target='_blank'>https:\/\/168ora.hu\/itthon\/szentesi-zoldi-csak-a-kukaba-dobta-volna-a-mesekonyvet-nem-daralta-volna-le-193350<\/a><\/td>\n                    <td style=\"\">semleges<\/td>\n                    <td style=\"\"><\/td>\n                    <td style=\"\"><\/td>\n                    <td style=\"\"><\/td>\n                    <td style=\"\"><\/td>\n            <\/tr>\n            <tr id=\"table_2_row_358\">\n                    <td style=\"\">2020.10.14<\/td>\n                    <td style=\"\"><a href='https:\/\/azonnali.hu\/' rel=' nofollow ' target='_blank'>https:\/\/azonnali.hu\/<\/a><\/td>\n                    <td style=\"\">\u00c1goston D\u00e1niel<\/td>\n                    <td style=\"\">Mi j\u00f6het a k\u00f6nyvdar\u00e1l\u00e1s ut\u00e1n<\/td>\n                    <td style=\"\">publicisztika<\/td>\n                    <td style=\"\"><a href='https:\/\/azonnali.hu\/cikk\/20201014_mi-johet-a-konyvdaralas-utan' rel=' nofollow ' target='_blank'>https:\/\/azonnali.hu\/cikk\/20201014_mi-johet-a-konyvdaralas-utan<\/a><\/td>\n                    <td style=\"\">pozit\u00edv<\/td>\n                    <td style=\"\"><\/td>\n                    <td style=\"\"><\/td>\n                    <td style=\"\"><\/td>\n                    <td style=\"\"><\/td>\n            <\/tr>\n            <tr id=\"table_2_row_359\">\n                    <td style=\"\">2020.10.14<\/td>\n                    <td style=\"\"><a href='https:\/\/www.facebook.com\/' rel=' nofollow ' target='_blank'>https:\/\/www.facebook.com\/<\/a><\/td>\n                    <td style=\"\">Szentesi Z\u00f6ldi L\u00e1szl\u00f3<\/td>\n                    <td style=\"\">K\u00f6nyv\u00e9get\u00e9s<\/td>\n                    <td style=\"\">FB-poszt<\/td>\n                    <td style=\"\"><a href='https:\/\/www.facebook.com\/szentesizoldi\/posts\/691756274792491' rel=' nofollow ' target='_blank'>https:\/\/www.facebook.com\/szentesizoldi\/posts\/691756274792491<\/a><\/td>\n                    <td style=\"\">negat\u00edv<\/td>\n                    <td style=\"\">fb<\/td>\n                    <td style=\"\"><\/td>\n                    <td style=\"\"><\/td>\n                    <td style=\"\"><\/td>\n            <\/tr>\n            <tr id=\"table_2_row_360\">\n                    <td style=\"\">2020.10.14<\/td>\n                    <td style=\"\"><a href='https:\/\/dunszt.sk\/' rel=' nofollow ' target='_blank'>https:\/\/dunszt.sk\/<\/a><\/td>\n                    <td style=\"\">Eva Andrej\u010d\u00e1kov\u00e1<\/td>\n                    <td style=\"\">Poslanky\u0148a za krajn\u00fa pravicu trh\u00e1 a skartuje rozpr\u00e1vkov\u00e9 knihy<\/td>\n                    <td style=\"\">publicisztika<\/td>\n                    <td style=\"\"><a href='https:\/\/dunszt.sk\/2020\/10\/14\/poslankyna-krajnej-pravice-trha-a-skartuje-rozpravkove-knihy\/' rel=' nofollow ' target='_blank'>https:\/\/dunszt.sk\/2020\/10\/14\/poslankyna-krajnej-pravice-trha-a-skartuje-rozpravkove-knihy\/<\/a><\/td>\n                    <td style=\"\">pozit\u00edv<\/td>\n                    <td style=\"\"><\/td>\n                    <td style=\"\">igen<\/td>\n                    <td style=\"\">szlov\u00e1k<\/td>\n                    <td style=\"\"><\/td>\n            <\/tr>\n            <tr id=\"table_2_row_361\">\n                    <td style=\"\">2020.10.14<\/td>\n                    <td style=\"\"><a href='https:\/\/www.feliciter.hu\/' rel=' nofollow ' target='_blank'>https:\/\/www.feliciter.hu\/<\/a><\/td>\n                    <td style=\"\"><\/td>\n                    <td style=\"\">Meseorsz\u00e1g mindenki\u00e9<\/td>\n                    <td style=\"\">h\u00edr, besz\u00e1mol\u00f3, r\u00f6vid cikk<\/td>\n                    <td style=\"\"><a href='https:\/\/www.feliciter.hu\/meseorszag-mindenkie' rel=' nofollow ' target='_blank'>https:\/\/www.feliciter.hu\/meseorszag-mindenkie<\/a><\/td>\n                    <td style=\"\">pozit\u00edv<\/td>\n                    <td style=\"\">fb<\/td>\n                    <td style=\"\"><\/td>\n                    <td style=\"\"><\/td>\n                    <td style=\"\"><\/td>\n            <\/tr>\n            <tr id=\"table_2_row_362\">\n                    <td style=\"\">2020.10.15<\/td>\n                    <td style=\"\"><a href='https:\/\/hvg.hu\/' rel=' nofollow ' target='_blank'>https:\/\/hvg.hu\/<\/a><\/td>\n                    <td style=\"\"><\/td>\n                    <td style=\"\">\u201eNe engedj\u00fck, hogy levad\u00e1ssz\u00e1k v\u00e9lem\u00e9nydikt\u00e1torok\u201d \u2013 Bagdy Em\u0151ke mellett indult pet\u00edci\u00f3<\/td>\n                    <td style=\"\">h\u00edr, besz\u00e1mol\u00f3, r\u00f6vid cikk<\/td>\n                    <td style=\"\"><a href='https:\/\/hvg.hu\/elet\/20201013_Ne_engedjuk_hogy_levadasszak_velemenydiktatorok__Bagdy_Emoke_mellett_indult_peticio' rel=' nofollow ' target='_blank'>https:\/\/hvg.hu\/elet\/20201013_Ne_engedjuk_hogy_levadasszak_velemenydiktatorok__Bagdy_Emoke_mellett_indult_peticio<\/a><\/td>\n                    <td style=\"\"><\/td>\n                    <td style=\"\"><\/td>\n                    <td style=\"\"><\/td>\n                    <td style=\"\"><\/td>\n                    <td style=\"\"><\/td>\n            <\/tr>\n            <tr id=\"table_2_row_363\">\n                    <td style=\"\">2020.10.15<\/td>\n                    <td style=\"\"><a href='https:\/\/hvg.hu\/' rel=' nofollow ' target='_blank'>https:\/\/hvg.hu\/<\/a><\/td>\n                    <td style=\"\"><\/td>\n                    <td style=\"\">Gyarmathy \u00c9va: A mes\u00e9k \u00e9s a k\u00e9sztet\u00e9sek hatalma<\/td>\n                    <td style=\"\">publicisztika<\/td>\n                    <td style=\"\"><a href='https:\/\/hvg.hu\/elet\/20201013_Gyarmathy_Eva_A_kesztetesek_hatalma' rel=' nofollow ' target='_blank'>https:\/\/hvg.hu\/elet\/20201013_Gyarmathy_Eva_A_kesztetesek_hatalma<\/a><\/td>\n                    <td style=\"\">pozit\u00edv<\/td>\n                    <td style=\"\"><\/td>\n                    <td style=\"\"><\/td>\n                    <td style=\"\"><\/td>\n                    <td style=\"\"><\/td>\n            <\/tr>\n            <tr id=\"table_2_row_364\">\n                    <td style=\"\">2020.10.15<\/td>\n                    <td style=\"\"><a href='https:\/\/hirklikk.hu\/' rel=' nofollow ' target='_blank'>https:\/\/hirklikk.hu\/<\/a><\/td>\n                    <td style=\"\">NVZS<\/td>\n                    <td style=\"\">Fortyog a pszichol\u00f3gus szakma, t\u00e1mad a korm\u00e1nyoldal<\/td>\n                    <td style=\"\">h\u00edr, r\u00f6vid cikk<\/td>\n                    <td style=\"\"><a href='https:\/\/hirklikk.hu\/kozelet\/fortyog-a-pszichologus-szakma-tamad-a-kormanyoldal\/371136' rel=' nofollow ' target='_blank'>https:\/\/hirklikk.hu\/kozelet\/fortyog-a-pszichologus-szakma-tamad-a-kormanyoldal\/371136<\/a><\/td>\n                    <td style=\"\">semleges<\/td>\n                    <td style=\"\"><\/td>\n                    <td style=\"\"><\/td>\n                    <td style=\"\"><\/td>\n                    <td style=\"\"><\/td>\n            <\/tr>\n            <tr id=\"table_2_row_365\">\n                    <td style=\"\">2020.10.15<\/td>\n                    <td style=\"\"><a href='https:\/\/www.klubradio.hu\/' rel=' nofollow ' target='_blank'>https:\/\/www.klubradio.hu\/<\/a><\/td>\n                    <td style=\"\"><\/td>\n                    <td style=\"\">Bonyolult dolgok<\/td>\n                    <td style=\"\">r\u00e1di\u00f3<\/td>\n                    <td style=\"\"><a href='https:\/\/www.klubradio.hu\/adasok\/mitol-lesz-egy-gyerek-elfogado-114265' rel=' nofollow ' target='_blank'>https:\/\/www.klubradio.hu\/adasok\/mitol-lesz-egy-gyerek-elfogado-114265<\/a><\/td>\n                    <td style=\"\">pozit\u00edv<\/td>\n                    <td style=\"\"><\/td>\n                    <td style=\"\"><\/td>\n                    <td style=\"\"><\/td>\n                    <td style=\"\"><\/td>\n            <\/tr>\n            <tr id=\"table_2_row_366\">\n                    <td style=\"\">2020.10.15<\/td>\n                    <td style=\"\"><a href='https:\/\/magyarnarancs.hu\/' rel=' nofollow ' target='_blank'>https:\/\/magyarnarancs.hu\/<\/a><\/td>\n                    <td style=\"\">Gerevich Andr\u00e1s<\/td>\n                    <td style=\"\">Gyerekkor mes\u00e9k n\u00e9lk\u00fcl. Megismerni, elfogadni \u00e9s meg\u00e9lni a homoszexualit\u00e1st<\/td>\n                    <td style=\"\">publicisztika<\/td>\n                    <td style=\"\"><a href='https:\/\/magyarnarancs.hu\/publicisztika\/gyerekkor-mesek-nelkul-134013' rel=' nofollow ' target='_blank'>https:\/\/magyarnarancs.hu\/publicisztika\/gyerekkor-mesek-nelkul-134013<\/a><\/td>\n                    <td style=\"\">pozit\u00edv<\/td>\n                    <td style=\"\"><\/td>\n                    <td style=\"\"><\/td>\n                    <td style=\"\"><\/td>\n                    <td style=\"\"><\/td>\n            <\/tr>\n            <tr id=\"table_2_row_367\">\n                    <td style=\"\">2020.10.15<\/td>\n                    <td style=\"\"><a href='https:\/\/magyarnarancs.hu\/' rel=' nofollow ' target='_blank'>https:\/\/magyarnarancs.hu\/<\/a><\/td>\n                    <td style=\"\">Pusk\u00e1s Panni<\/td>\n                    <td style=\"\">A v\u00f6r\u00f6s vonal<\/td>\n                    <td style=\"\">recenzi\u00f3<\/td>\n                    <td style=\"\"><a href='https:\/\/magyarnarancs.hu\/szinhaz2\/a-voros-vonal-134006' rel=' nofollow ' target='_blank'>https:\/\/magyarnarancs.hu\/szinhaz2\/a-voros-vonal-134006<\/a><\/td>\n                    <td style=\"\">pozit\u00edv<\/td>\n                    <td style=\"\"><\/td>\n                    <td style=\"\"><\/td>\n                    <td style=\"\"><\/td>\n                    <td style=\"\">A K2 Sz\u00ednh\u00e1z \"Meseorsz\u00e1g valakik\u00e9\" c. el\u0151ad\u00e1s\u00e1r\u00f3l<\/td>\n            <\/tr>\n            <tr id=\"table_2_row_368\">\n                    <td style=\"\">2020.10.15<\/td>\n                    <td style=\"\"><a href='https:\/\/www.veol.hu\/' rel=' nofollow ' target='_blank'>https:\/\/www.veol.hu\/<\/a><\/td>\n                    <td style=\"\"><\/td>\n                    <td style=\"\">A magyarok t\u00f6bbs\u00e9ge szerint nem val\u00f3 az \u00f3vod\u00e1kba \u00e9s az iskol\u00e1kba az LMBTQ-\u00e9rz\u00e9keny\u00edt\u00e9s<\/td>\n                    <td style=\"\">h\u00edr, besz\u00e1mol\u00f3, r\u00f6vid cikk<\/td>\n                    <td style=\"\"><a href='https:\/\/www.veol.hu\/orszag-vilag\/a-magyarok-tobbsege-szerint-nem-valo-az-ovodakba-es-az-iskolakba-az-lmbtq-erzekenyites-4111717\/' rel=' nofollow ' target='_blank'>https:\/\/www.veol.hu\/orszag-vilag\/a-magyarok-tobbsege-szerint-nem-valo-az-ovodakba-es-az-iskolakba-az-lmbtq-erzekenyites-4111717\/<\/a><\/td>\n                    <td style=\"\">negat\u00edv<\/td>\n                    <td style=\"\"><\/td>\n                    <td style=\"\"><\/td>\n                    <td style=\"\"><\/td>\n                    <td style=\"\"><\/td>\n            <\/tr>\n            <tr id=\"table_2_row_369\">\n                    <td style=\"\">2020.10.15<\/td>\n                    <td style=\"\"><a href='https:\/\/qlit.hu\/' rel=' nofollow ' target='_blank'>https:\/\/qlit.hu\/<\/a><\/td>\n                    <td style=\"\">Szl\u00e1vi Anna<\/td>\n                    <td style=\"\">Te is h\u0151s vagy! A qLit Meseorsz\u00e1gban j\u00e1rt<\/td>\n                    <td style=\"\">recenzi\u00f3<\/td>\n                    <td style=\"\"><a href='https:\/\/qlit.hu\/te-is-hos-vagy-meseorszag-mindenkie\/' rel=' nofollow ' target='_blank'>https:\/\/qlit.hu\/te-is-hos-vagy-meseorszag-mindenkie\/<\/a><\/td>\n                    <td style=\"\">pozit\u00edv<\/td>\n                    <td style=\"\"><\/td>\n                    <td style=\"\"><\/td>\n                    <td style=\"\"><\/td>\n                    <td style=\"\"><\/td>\n            <\/tr>\n            <tr id=\"table_2_row_370\">\n                    <td style=\"\">2020.10.15<\/td>\n                    <td style=\"\"><a href='https:\/\/magyarnemzet.hu\/' rel=' nofollow ' target='_blank'>https:\/\/magyarnemzet.hu\/<\/a><\/td>\n                    <td style=\"\">T\u00e1rk\u00e1nyi \u00c1kos<\/td>\n                    <td style=\"\">Politiz\u00e1l\u00f3 tudom\u00e1nyoss\u00e1g<\/td>\n                    <td style=\"\">publicisztika<\/td>\n                    <td style=\"\"><a href='https:\/\/magyarnemzet.hu\/velemeny\/politizalo-tudomanyossag-8811716\/' rel=' nofollow ' target='_blank'>https:\/\/magyarnemzet.hu\/velemeny\/politizalo-tudomanyossag-8811716\/<\/a><\/td>\n                    <td style=\"\">negat\u00edv<\/td>\n                    <td style=\"\"><\/td>\n                    <td style=\"\"><\/td>\n                    <td style=\"\"><\/td>\n                    <td style=\"\"><\/td>\n            <\/tr>\n            <tr id=\"table_2_row_371\">\n                    <td style=\"\">2020.10.15<\/td>\n                    <td style=\"\"><a href='https:\/\/magyarnemzet.hu\/' rel=' nofollow ' target='_blank'>https:\/\/magyarnemzet.hu\/<\/a><\/td>\n                    <td style=\"\"><\/td>\n                    <td style=\"\">Nov\u00e1k Katalin: Soha nem olvasn\u00e9k ilyen mesek\u00f6nyvb\u0151l a gyermekeimnek<\/td>\n                    <td style=\"\">interj\u00fa<\/td>\n                    <td style=\"\"><a href='https:\/\/magyarnemzet.hu\/belfold\/novak-katalin-soha-nem-olvasnek-ilyen-mesekonyvbol-a-gyermekeimnek-8813261\/' rel=' nofollow ' target='_blank'>https:\/\/magyarnemzet.hu\/belfold\/novak-katalin-soha-nem-olvasnek-ilyen-mesekonyvbol-a-gyermekeimnek-8813261\/<\/a><\/td>\n                    <td style=\"\">negat\u00edv<\/td>\n                    <td style=\"\"><\/td>\n                    <td style=\"\"><\/td>\n                    <td style=\"\"><\/td>\n                    <td style=\"\"><\/td>\n            <\/tr>\n            <tr id=\"table_2_row_372\">\n                    <td style=\"\">2020.10.15<\/td>\n                    <td style=\"\"><a href='https:\/\/hvg.hu\/' rel=' nofollow ' target='_blank'>https:\/\/hvg.hu\/<\/a><\/td>\n                    <td style=\"\">Szekeres Zsolt<\/td>\n                    <td style=\"\">Magyarorsz\u00e1g mindenki\u00e9, a melegek\u00e9 is, a val\u00f3s\u00e1got ledar\u00e1lni nem lehet<\/td>\n                    <td style=\"\">publicisztika<\/td>\n                    <td style=\"\"><a href='https:\/\/hvg.hu\/360\/202042_a_valosagot_ledaralni_nem_lehet' rel=' nofollow ' target='_blank'>https:\/\/hvg.hu\/360\/202042_a_valosagot_ledaralni_nem_lehet<\/a><\/td>\n                    <td style=\"\">pozit\u00edv<\/td>\n                    <td style=\"\"><\/td>\n                    <td style=\"\"><\/td>\n                    <td style=\"\"><\/td>\n                    <td style=\"\"><\/td>\n            <\/tr>\n            <tr id=\"table_2_row_373\">\n                    <td style=\"\">2020.10.15<\/td>\n                    <td style=\"\"><a href='https:\/\/www.debreciner.hu\/' rel=' nofollow ' target='_blank'>https:\/\/www.debreciner.hu\/<\/a><\/td>\n                    <td style=\"\">Polg\u00e1r T\u00f3th Tam\u00e1s<\/td>\n                    <td style=\"\">\u201eM\u00e9rgez\u0151 az a t\u00e1rsadalmi k\u00f6zeg, amely arra k\u00e9nyszer\u00edti tagjait, hogy tagadj\u00e1k meg \u00f6nmagukat\u201d \u2013 \u00c1fra J\u00e1nos a mesebotr\u00e1nyr\u00f3l<\/td>\n                    <td style=\"\">interj\u00fa<\/td>\n                    <td style=\"\"><a href='https:\/\/www.debreciner.hu\/cikk\/3700_mergezo_az_a_tarsadalmi_kozeg_amely_arra_kenyszeriti_a' rel=' nofollow ' target='_blank'>https:\/\/www.debreciner.hu\/cikk\/3700_mergezo_az_a_tarsadalmi_kozeg_amely_arra_kenyszeriti_a<\/a><\/td>\n                    <td style=\"\">pozit\u00edv<\/td>\n                    <td style=\"\"><\/td>\n                    <td style=\"\"><\/td>\n                    <td style=\"\"><\/td>\n                    <td style=\"\"><\/td>\n            <\/tr>\n            <tr id=\"table_2_row_374\">\n                    <td style=\"\">2020.10.15<\/td>\n                    <td style=\"\"><a href='https:\/\/ma7.sk\/' rel=' nofollow ' target='_blank'>https:\/\/ma7.sk\/<\/a><\/td>\n                    <td style=\"\">K\u00f6vesdi K\u00e1roly<\/td>\n                    <td style=\"\">Meleg\u00edtett mes\u00e9k<\/td>\n                    <td style=\"\">publicisztika<\/td>\n                    <td style=\"\"><a href='https:\/\/ma7.sk\/hethatar\/melegitett-mesek' rel=' nofollow ' target='_blank'>https:\/\/ma7.sk\/hethatar\/melegitett-mesek<\/a><\/td>\n                    <td style=\"\">negat\u00edv<\/td>\n                    <td style=\"\"><\/td>\n                    <td style=\"\"><\/td>\n                    <td style=\"\"><\/td>\n                    <td style=\"\"><\/td>\n            <\/tr>\n            <tr id=\"table_2_row_375\">\n                    <td style=\"\">2020.10.15<\/td>\n                    <td style=\"\"><a href='https:\/\/magyarnemzet.hu\/' rel=' nofollow ' target='_blank'>https:\/\/magyarnemzet.hu\/<\/a><\/td>\n                    <td style=\"\"><\/td>\n                    <td style=\"\">A magyarok t\u00f6bbs\u00e9ge szerint nem val\u00f3 az \u00f3vod\u00e1kba az LMBTQ-\u00e9rz\u00e9keny\u00edt\u00e9s<\/td>\n                    <td style=\"\">h\u00edr, besz\u00e1mol\u00f3, r\u00f6vid cikk<\/td>\n                    <td style=\"\"><a href='https:\/\/magyarnemzet.hu\/belfold\/a-magyarok-tobbsege-szerint-nem-valo-az-ovodakba-az-lmbtq-erzekenyites-8813522\/' rel=' nofollow ' target='_blank'>https:\/\/magyarnemzet.hu\/belfold\/a-magyarok-tobbsege-szerint-nem-valo-az-ovodakba-az-lmbtq-erzekenyites-8813522\/<\/a><\/td>\n                    <td style=\"\">negat\u00edv<\/td>\n                    <td style=\"\"><\/td>\n                    <td style=\"\"><\/td>\n                    <td style=\"\"><\/td>\n                    <td style=\"\"><\/td>\n            <\/tr>\n            <tr id=\"table_2_row_376\">\n                    <td style=\"\">2020.10.15<\/td>\n                    <td style=\"\"><a href='https:\/\/magyarnemzet.hu\/' rel=' nofollow ' target='_blank'>https:\/\/magyarnemzet.hu\/<\/a><\/td>\n                    <td style=\"\">Elek Nikoletta<\/td>\n                    <td style=\"\">Nem el\u0151sz\u00f6r t\u00e1madj\u00e1k a liber\u00e1lisok Bagdy Em\u0151k\u00e9t<\/td>\n                    <td style=\"\">h\u00edr, besz\u00e1mol\u00f3, r\u00f6vid cikk<\/td>\n                    <td style=\"\"><a href='https:\/\/magyarnemzet.hu\/belfold\/nem-eloszor-tamadjak-a-liberalisok-bagdy-emoket-8811551\/' rel=' nofollow ' target='_blank'>https:\/\/magyarnemzet.hu\/belfold\/nem-eloszor-tamadjak-a-liberalisok-bagdy-emoket-8811551\/<\/a><\/td>\n                    <td style=\"\">negat\u00edv<\/td>\n                    <td style=\"\"><\/td>\n                    <td style=\"\"><\/td>\n                    <td style=\"\"><\/td>\n                    <td style=\"\"><\/td>\n            <\/tr>\n            <tr id=\"table_2_row_377\">\n                    <td style=\"\">2020.10.16<\/td>\n                    <td style=\"\"><a href='https:\/\/www.es.hu\/' rel=' nofollow ' target='_blank'>https:\/\/www.es.hu\/<\/a><\/td>\n                    <td style=\"\">Lov\u00e1sz Andrea<\/td>\n                    <td style=\"\">\u201eEg\u00e9sz vil\u00e1g ellens\u00e9g\u00fcnk...\"<\/td>\n                    <td style=\"\">recenzi\u00f3<\/td>\n                    <td style=\"\"><a href='https:\/\/www.es.hu\/cikk\/2020-10-16\/lovasz-andrea\/egesz-vilag-ellensegunk.html' rel=' nofollow ' target='_blank'>https:\/\/www.es.hu\/cikk\/2020-10-16\/lovasz-andrea\/egesz-vilag-ellensegunk.html<\/a><\/td>\n                    <td style=\"\">negat\u00edv<\/td>\n                    <td style=\"\"><\/td>\n                    <td style=\"\"><\/td>\n                    <td style=\"\"><\/td>\n                    <td style=\"\"><\/td>\n            <\/tr>\n            <tr id=\"table_2_row_378\">\n                    <td style=\"\">2020.10.16<\/td>\n                    <td style=\"\"><a href='https:\/\/m.hvg.hu\/' rel=' nofollow ' target='_blank'>https:\/\/m.hvg.hu\/<\/a><\/td>\n                    <td style=\"\"><\/td>\n                    <td style=\"\">Bagdy Em\u0151ke elhat\u00e1rol\u00f3dik minden olyan cselekedett\u0151l, amely m\u00e1s emberek kirekeszt\u00e9s\u00e9hez vezet<\/td>\n                    <td style=\"\">h\u00edr, besz\u00e1mol\u00f3, r\u00f6vid cikk<\/td>\n                    <td style=\"\"><a href='https:\/\/m.hvg.hu\/elet\/20201016_Bagdy_Emoke_kozlemeny' rel=' nofollow ' target='_blank'>https:\/\/m.hvg.hu\/elet\/20201016_Bagdy_Emoke_kozlemeny<\/a><\/td>\n                    <td style=\"\">semleges<\/td>\n                    <td style=\"\"><\/td>\n                    <td style=\"\"><\/td>\n                    <td style=\"\"><\/td>\n                    <td style=\"\"><\/td>\n            <\/tr>\n            <tr id=\"table_2_row_379\">\n                    <td style=\"\">2020.10.16<\/td>\n                    <td style=\"\"><a href='https:\/\/hlo.hu\/' rel=' nofollow ' target='_blank'>https:\/\/hlo.hu\/<\/a><\/td>\n                    <td style=\"\">Gy\u0151ri Enik\u0151<\/td>\n                    <td style=\"\">Anna Borgos: It was important for children of different minorities to read heroes they can identify with<\/td>\n                    <td style=\"\">interj\u00fa<\/td>\n                    <td style=\"\"><a href='https:\/\/hlo.hu\/interview\/anna-borgos-heroes-with-whom-they-can-identify.html' rel=' nofollow ' target='_blank'>https:\/\/hlo.hu\/interview\/anna-borgos-heroes-with-whom-they-can-identify.html<\/a><\/td>\n                    <td style=\"\">pozit\u00edv<\/td>\n                    <td style=\"\"><\/td>\n                    <td style=\"\">igen<\/td>\n                    <td style=\"\">angol<\/td>\n                    <td style=\"\">a litera.hu-n okt. 6-\u00e1n megjelent interj\u00fa ford\u00edt\u00e1sa<\/td>\n            <\/tr>\n            <tr id=\"table_2_row_380\">\n                    <td style=\"\">2020.10.16<\/td>\n                    <td style=\"\"><a href='https:\/\/magyarnemzet.hu\/' rel=' nofollow ' target='_blank'>https:\/\/magyarnemzet.hu\/<\/a><\/td>\n                    <td style=\"\">Hertlendy G\u00e1bor<\/td>\n                    <td style=\"\">Er\u0151s kritika jelent meg az LMBTQ-k\u00f6nyvr\u0151l egy balos hetilapban<\/td>\n                    <td style=\"\">h\u00edr, besz\u00e1mol\u00f3, r\u00f6vid cikk<\/td>\n                    <td style=\"\"><a href='https:\/\/magyarnemzet.hu\/belfold\/eros-kritika-jelent-meg-az-lmbtq-konyvrol-egy-balos-hetilapban-8821796\/' rel=' nofollow ' target='_blank'>https:\/\/magyarnemzet.hu\/belfold\/eros-kritika-jelent-meg-az-lmbtq-konyvrol-egy-balos-hetilapban-8821796\/<\/a><\/td>\n                    <td style=\"\">negat\u00edv<\/td>\n                    <td style=\"\"><\/td>\n                    <td style=\"\"><\/td>\n                    <td style=\"\"><\/td>\n                    <td style=\"\"><\/td>\n            <\/tr>\n            <tr id=\"table_2_row_381\">\n                    <td style=\"\">2020.10.16<\/td>\n                    <td style=\"\"><a href='https:\/\/vasarnap.hu\/' rel=' nofollow ' target='_blank'>https:\/\/vasarnap.hu\/<\/a><\/td>\n                    <td style=\"\"><\/td>\n                    <td style=\"\">A magyarok nem k\u00e9rnek az LMBTQ-\u00e9rz\u00e9keny\u00edt\u00e9sb\u0151l<\/td>\n                    <td style=\"\">h\u00edr, besz\u00e1mol\u00f3, r\u00f6vid cikk<\/td>\n                    <td style=\"\"><a href='https:\/\/vasarnap.hu\/2020\/10\/16\/a-magyarok-nem-kernek-az-lmbtq-fele-erzekenyitesbol\/' rel=' nofollow ' target='_blank'>https:\/\/vasarnap.hu\/2020\/10\/16\/a-magyarok-nem-kernek-az-lmbtq-fele-erzekenyitesbol\/<\/a><\/td>\n                    <td style=\"\">negat\u00edv<\/td>\n                    <td style=\"\"><\/td>\n                    <td style=\"\"><\/td>\n                    <td style=\"\"><\/td>\n                    <td style=\"\"><\/td>\n            <\/tr>\n            <tr id=\"table_2_row_382\">\n                    <td style=\"\">2020.10.16<\/td>\n                    <td style=\"\"><a href='https:\/\/pestisracok.hu\/' rel=' nofollow ' target='_blank'>https:\/\/pestisracok.hu\/<\/a><\/td>\n                    <td style=\"\">Dr. K\u00e9kesi Raymund<\/td>\n                    <td style=\"\">Liber\u00e1lis mese \u00e9s s\u00f6t\u00e9t val\u00f3s\u00e1g: a felh\u00e1borod\u00e1s hat\u00e1s\u00e1ra gyorsan kih\u00fazt\u00e1k az \u00f3vod\u00e1sokat a c\u00e9lcsoportb\u00f3l!<\/td>\n                    <td style=\"\">publicisztika<\/td>\n                    <td style=\"\"><a href='https:\/\/pestisracok.hu\/liberalis-mese-es-sotet-valosag-a-felhaborodas-hatasara-gyorsan-kihuztak-az-ovodasokat-a-celcsoportbol\/' rel=' nofollow ' target='_blank'>https:\/\/pestisracok.hu\/liberalis-mese-es-sotet-valosag-a-felhaborodas-hatasara-gyorsan-kihuztak-az-ovodasokat-a-celcsoportbol\/<\/a><\/td>\n                    <td style=\"\">negat\u00edv<\/td>\n                    <td style=\"\"><\/td>\n                    <td style=\"\"><\/td>\n                    <td style=\"\"><\/td>\n                    <td style=\"\"><\/td>\n            <\/tr>\n            <tr id=\"table_2_row_383\">\n                    <td style=\"\">2020.10.16<\/td>\n                    <td style=\"\"><a href='https:\/\/paradigma.blog.hu\/' rel=' nofollow ' target='_blank'>https:\/\/paradigma.blog.hu\/<\/a><\/td>\n                    <td style=\"\">Demeter Andr\u00e1s<\/td>\n                    <td style=\"\">\u201eA pszichol\u00f3gia le\u00edrja a vil\u00e1gban l\u00e9tez\u0151 jelens\u00e9geket\u201d \u2013 interj\u00fa Ny\u00fal Bogl\u00e1rk\u00e1val, az ELTE PPK kutat\u00f3j\u00e1val, a pszichol\u00f3gusok \u00e1ll\u00e1sfoglal\u00e1sa kapcs\u00e1n<\/td>\n                    <td style=\"\">interj\u00fa<\/td>\n                    <td style=\"\"><a href='https:\/\/paradigma.blog.hu\/2020\/10\/16\/hjghfg' rel=' nofollow ' target='_blank'>https:\/\/paradigma.blog.hu\/2020\/10\/16\/hjghfg<\/a><\/td>\n                    <td style=\"\">pozit\u00edv<\/td>\n                    <td style=\"\"><\/td>\n                    <td style=\"\"><\/td>\n                    <td style=\"\"><\/td>\n                    <td style=\"\"><\/td>\n            <\/tr>\n            <tr id=\"table_2_row_384\">\n                    <td style=\"\">2020.10.16<\/td>\n                    <td style=\"\"><a href='https:\/\/egy.hu\/' rel=' nofollow ' target='_blank'>https:\/\/egy.hu\/<\/a><\/td>\n                    <td style=\"\">F\u00f6ldi \u00c1d\u00e1m<\/td>\n                    <td style=\"\">Meseorsz\u00e1g, avagy a megosztotts\u00e1g midnenki\u00e9<\/td>\n                    <td style=\"\">publicisztika<\/td>\n                    <td style=\"\"><a href='https:\/\/egy.hu\/megoszto\/meseorszag-avagy-a-megosztottsag-mindenkie-108082' rel=' nofollow ' target='_blank'>https:\/\/egy.hu\/megoszto\/meseorszag-avagy-a-megosztottsag-mindenkie-108082<\/a><\/td>\n                    <td style=\"\">semleges<\/td>\n                    <td style=\"\"><\/td>\n                    <td style=\"\"><\/td>\n                    <td style=\"\"><\/td>\n                    <td style=\"\"><\/td>\n            <\/tr>\n            <tr id=\"table_2_row_385\">\n                    <td style=\"\">2020.10.16<\/td>\n                    <td style=\"\"><a href='https:\/\/mandiner.hu\/' rel=' nofollow ' target='_blank'>https:\/\/mandiner.hu\/<\/a><\/td>\n                    <td style=\"\">Nagy Csomor Andr\u00e1s<\/td>\n                    <td style=\"\">Meseorsz\u00e1g Mindenki\u00e9: \u00e9rz\u00e9keny\u00edt\u00e9s vagy agymos\u00e1s?<\/td>\n                    <td style=\"\">egy\u00e9b<\/td>\n                    <td style=\"\"><a href='https:\/\/mandiner.hu\/cikk\/20201016_meseorszag_mindenkie_mandiner_podcast' rel=' nofollow ' target='_blank'>https:\/\/mandiner.hu\/cikk\/20201016_meseorszag_mindenkie_mandiner_podcast<\/a><\/td>\n                    <td style=\"\">negat\u00edv<\/td>\n                    <td style=\"\">podcast<\/td>\n                    <td style=\"\"><\/td>\n                    <td style=\"\"><\/td>\n                    <td style=\"\"><\/td>\n            <\/tr>\n            <tr id=\"table_2_row_386\">\n                    <td style=\"\">2020.10.16<\/td>\n                    <td style=\"\"><a href='https:\/\/index.hu\/' rel=' nofollow ' target='_blank'>https:\/\/index.hu\/<\/a><\/td>\n                    <td style=\"\">Hercsel Ad\u00e9l<\/td>\n                    <td style=\"\">Bagdy Em\u0151ke lez\u00e1rta a Meseorsz\u00e1g-\u00fcgyet: elhat\u00e1rol\u00f3dik a k\u00f6nyvek megsemmis\u00edt\u00e9s\u00e9t\u0151l<\/td>\n                    <td style=\"\">h\u00edr, besz\u00e1mol\u00f3, r\u00f6vid cikk<\/td>\n                    <td style=\"\"><a href='https:\/\/index.hu\/belfold\/2020\/10\/16\/bagdy_emoke_meseorszag_mindenkie_pszichologusok\/' rel=' nofollow ' target='_blank'>https:\/\/index.hu\/belfold\/2020\/10\/16\/bagdy_emoke_meseorszag_mindenkie_pszichologusok\/<\/a><\/td>\n                    <td style=\"\">semleges<\/td>\n                    <td style=\"\"><\/td>\n                    <td style=\"\"><\/td>\n                    <td style=\"\"><\/td>\n                    <td style=\"\"><\/td>\n            <\/tr>\n            <tr id=\"table_2_row_387\">\n                    <td style=\"\">2020.10.16<\/td>\n                    <td style=\"\"><a href='https:\/\/gondola.hu\/' rel=' nofollow ' target='_blank'>https:\/\/gondola.hu\/<\/a><\/td>\n                    <td style=\"\"><\/td>\n                    <td style=\"\">Meseorsz\u00e1g - V\u00e9lem\u00e9nyek a botr\u00e1nyos mesek\u00f6nyvr\u0151l - 1.<\/td>\n                    <td style=\"\">publicisztika<\/td>\n                    <td style=\"\"><a href='https:\/\/gondola.hu\/cikkek\/117757-Meseorszag_-_Velemenyek_a_botranyos_mesekonyvrol_-_1_.html' rel=' nofollow ' target='_blank'>https:\/\/gondola.hu\/cikkek\/117757-Meseorszag_-_Velemenyek_a_botranyos_mesekonyvrol_-_1_.html<\/a><\/td>\n                    <td style=\"\">negat\u00edv<\/td>\n                    <td style=\"\"><\/td>\n                    <td style=\"\"><\/td>\n                    <td style=\"\"><\/td>\n                    <td style=\"\"><\/td>\n            <\/tr>\n            <tr id=\"table_2_row_388\">\n                    <td style=\"\">2020.10.16<\/td>\n                    <td style=\"\"><a href='https:\/\/magyarnemzet.hu\/' rel=' nofollow ' target='_blank'>https:\/\/magyarnemzet.hu\/<\/a><\/td>\n                    <td style=\"\">pestisr\u00e1cok<\/td>\n                    <td style=\"\">Liber\u00e1lis mese \u2013 M\u00e9g mindig a gyerekek a c\u00e9lcsoport<\/td>\n                    <td style=\"\">publicisztika<\/td>\n                    <td style=\"\"><a href='https:\/\/magyarnemzet.hu\/belfold\/liberalis-mese-meg-mindig-a-gyerekek-a-celcsoport-8819108\/' rel=' nofollow ' target='_blank'>https:\/\/magyarnemzet.hu\/belfold\/liberalis-mese-meg-mindig-a-gyerekek-a-celcsoport-8819108\/<\/a><\/td>\n                    <td style=\"\">negat\u00edv<\/td>\n                    <td style=\"\"><\/td>\n                    <td style=\"\"><\/td>\n                    <td style=\"\"><\/td>\n                    <td style=\"\"><\/td>\n            <\/tr>\n            <tr id=\"table_2_row_389\">\n                    <td style=\"\">2020.10.16<\/td>\n                    <td style=\"\"><a href='https:\/\/444.hu\/' rel=' nofollow ' target='_blank'>https:\/\/444.hu\/<\/a><\/td>\n                    <td style=\"\">R\u00e9nyi P\u00e1l D\u00e1niel<\/td>\n                    <td style=\"\">Bagdy Em\u0151ke: Minden olyan cselekedett\u0151l, amely k\u00f6nyvek megsemmis\u00edt\u00e9s\u00e9hez, m\u00e1s emberek kirekeszt\u00e9s\u00e9hez vezet, elhat\u00e1rol\u00f3dom<\/td>\n                    <td style=\"\">nyilatkozat<\/td>\n                    <td style=\"\"><a href='https:\/\/444.hu\/2020\/10\/16\/bagdy-emoke-minden-olyan-cselekedettol-amely-konyvek-megsemmisitesehez-mas-emberek-kirekesztesehez-vezet-elhatarolodom' rel=' nofollow ' target='_blank'>https:\/\/444.hu\/2020\/10\/16\/bagdy-emoke-minden-olyan-cselekedettol-amely-konyvek-megsemmisitesehez-mas-emberek-kirekesztesehez-vezet-elhatarolodom<\/a><\/td>\n                    <td style=\"\">semleges<\/td>\n                    <td style=\"\"><\/td>\n                    <td style=\"\"><\/td>\n                    <td style=\"\"><\/td>\n                    <td style=\"\">Bagdy Em\u0151ke nyilatkozatai<\/td>\n            <\/tr>\n            <tr id=\"table_2_row_390\">\n                    <td style=\"\">2020.10.16<\/td>\n                    <td style=\"\"><a href='https:\/\/kdnp.hu\/' rel=' nofollow ' target='_blank'>https:\/\/kdnp.hu\/<\/a><\/td>\n                    <td style=\"\">kdnp fb oldal<\/td>\n                    <td style=\"\">A KDNP k\u00e9r\u00e9s\u00e9re Di\u00f3sdon nem lesz Meseorsz\u00e1g Mindenk\u00e9!<\/td>\n                    <td style=\"\">h\u00edr, besz\u00e1mol\u00f3, r\u00f6vid cikk<\/td>\n                    <td style=\"\"><a href='https:\/\/kdnp.hu\/hirek\/kdnp-keresere-diosdon-nem-lesz-meseorszag-mindenke' rel=' nofollow ' target='_blank'>https:\/\/kdnp.hu\/hirek\/kdnp-keresere-diosdon-nem-lesz-meseorszag-mindenke<\/a><\/td>\n                    <td style=\"\">negat\u00edv<\/td>\n                    <td style=\"\"><\/td>\n                    <td style=\"\"><\/td>\n                    <td style=\"\"><\/td>\n                    <td style=\"\"><\/td>\n            <\/tr>\n            <tr id=\"table_2_row_391\">\n                    <td style=\"\">2020.10.16<\/td>\n                    <td style=\"\"><a href='https:\/\/tibiatya.blogstar.hu\/' rel=' nofollow ' target='_blank'>https:\/\/tibiatya.blogstar.hu\/<\/a><\/td>\n                    <td style=\"\">Tibiatya<\/td>\n                    <td style=\"\">\u00c9LET \u00c9S IRODALOM: A \"MESEORSZ\u00c1G MINDENKI\u00c9\" K\u00cdNOS, TELE LOGIKAI HIB\u00c1KKAL \u00c9S ROSSZ MONDATOKKAL<\/td>\n                    <td style=\"\">blogbejegyz\u00e9s<\/td>\n                    <td style=\"\"><a href='https:\/\/tibiatya.blogstar.hu\/2020\/10\/16\/elet-es-irodalom-a-quot-meseorszag-mindenkie-quot-kinos-tele-logikai-hibakkal-es-rossz-mondatokkal\/101439\/' rel=' nofollow ' target='_blank'>https:\/\/tibiatya.blogstar.hu\/2020\/10\/16\/elet-es-irodalom-a-quot-meseorszag-mindenkie-quot-kinos-tele-logikai-hibakkal-es-rossz-mondatokkal\/101439\/<\/a><\/td>\n                    <td style=\"\">semleges<\/td>\n                    <td style=\"\"><\/td>\n                    <td style=\"\"><\/td>\n                    <td style=\"\"><\/td>\n                    <td style=\"\">tibi atya v\u00e9lem\u00e9nye az \u00e9let \u00e9s irodalom egyik cikk\u00e9r\u0151l<\/td>\n            <\/tr>\n            <tr id=\"table_2_row_392\">\n                    <td style=\"\">2020.10.17<\/td>\n                    <td style=\"\"><a href='https:\/\/www.margofeszt.hu\/' rel=' nofollow ' target='_blank'>https:\/\/www.margofeszt.hu\/<\/a><\/td>\n                    <td style=\"\"><\/td>\n                    <td style=\"\">Meseorsz\u00e1g mindenki\u00e9<\/td>\n                    <td style=\"\">esem\u00e9ny<\/td>\n                    <td style=\"\"><a href='https:\/\/www.margofeszt.hu\/hu\/fesztival\/program\/meseorszag' rel=' nofollow ' target='_blank'>https:\/\/www.margofeszt.hu\/hu\/fesztival\/program\/meseorszag<\/a><\/td>\n                    <td style=\"\">semleges<\/td>\n                    <td style=\"\"><\/td>\n                    <td style=\"\"><\/td>\n                    <td style=\"\"><\/td>\n                    <td style=\"\">besz\u00e9lget\u00e9s az alkot\u00f3kkal<\/td>\n            <\/tr>\n            <tr id=\"table_2_row_393\">\n                    <td style=\"\">2020.10.17<\/td>\n                    <td style=\"\"><a href='https:\/\/www.youtube.com\/' rel=' nofollow ' target='_blank'>https:\/\/www.youtube.com\/<\/a><\/td>\n                    <td style=\"\">Labrisz<\/td>\n                    <td style=\"\">Marg\u00f3 Irodalmi fesztiv\u00e1l k\u00f6nyvbemutat\u00f3<\/td>\n                    <td style=\"\">vide\u00f3<\/td>\n                    <td style=\"\"><a href='https:\/\/www.youtube.com\/watch?v=l8aatbNnI2A' rel=' nofollow ' target='_blank'>https:\/\/www.youtube.com\/watch?v=l8aatbNnI2A<\/a><\/td>\n                    <td style=\"\">pozit\u00edv<\/td>\n                    <td style=\"\">youtube<\/td>\n                    <td style=\"\"><\/td>\n                    <td style=\"\"><\/td>\n                    <td style=\"\">K\u00f6nyvbemutat\u00f3, Marg\u00f3feszt, V\u00e1rkert<\/td>\n            <\/tr>\n            <tr id=\"table_2_row_394\">\n                    <td style=\"\">2020.10.17<\/td>\n                    <td style=\"\"><a href='https:\/\/szabadnem.444.hu\/' rel=' nofollow ' target='_blank'>https:\/\/szabadnem.444.hu\/<\/a><\/td>\n                    <td style=\"\">Antoni Rita<\/td>\n                    <td style=\"\">A gyerekeink l\u00e9tez\u00e9se nem propaganda! \u2013 \u00fczenik az LMBTQ-emberek t\u00e1mogat\u00f3 sz\u00fclei<\/td>\n                    <td style=\"\">FB-poszt<\/td>\n                    <td style=\"\"><a href='https:\/\/szabadnem.444.hu\/2020\/10\/17\/a-gyerekeink-letezese-nem-propaganda-uzenik-meleg-es-transznemu-emberek-tamogato-szulei' rel=' nofollow ' target='_blank'>https:\/\/szabadnem.444.hu\/2020\/10\/17\/a-gyerekeink-letezese-nem-propaganda-uzenik-meleg-es-transznemu-emberek-tamogato-szulei<\/a><\/td>\n                    <td style=\"\">pozit\u00edv<\/td>\n                    <td style=\"\"><\/td>\n                    <td style=\"\"><\/td>\n                    <td style=\"\"><\/td>\n                    <td style=\"\"><\/td>\n            <\/tr>\n            <tr id=\"table_2_row_395\">\n                    <td style=\"\">2020.10.17<\/td>\n                    <td style=\"\"><a href='https:\/\/patria.rtvs.sk\/' rel=' nofollow ' target='_blank'>https:\/\/patria.rtvs.sk\/<\/a><\/td>\n                    <td style=\"\">Jakubecz L\u00e1szl\u00f3<\/td>\n                    <td style=\"\">\u00c9rz\u00e9keny\u00edt\u0151s mes\u00e9k - interj\u00fa Dr. B\u00e1tki Anna pszichol\u00f3gussal<\/td>\n                    <td style=\"\">r\u00e1di\u00f3<\/td>\n                    <td style=\"\"><a href='https:\/\/patria.rtvs.sk\/clanky\/hangado-popoludnie\/237242\/erzekenyitos-mesek-interju-dr-batki-anna-pszichologussal' rel=' nofollow ' target='_blank'>https:\/\/patria.rtvs.sk\/clanky\/hangado-popoludnie\/237242\/erzekenyitos-mesek-interju-dr-batki-anna-pszichologussal<\/a><\/td>\n                    <td style=\"\">pozit\u00edv<\/td>\n                    <td style=\"\"><\/td>\n                    <td style=\"\"><\/td>\n                    <td style=\"\"><\/td>\n                    <td style=\"\">szlov\u00e1kiai magyar r\u00e1di\u00f3, Hangad\u00f3 c. m\u0171sor, interj\u00fa B\u00e1tki Anna klinikai szakpszichol\u00f3gussal<\/td>\n            <\/tr>\n            <tr id=\"table_2_row_396\">\n                    <td style=\"\">2020.10.17<\/td>\n                    <td style=\"\"><a href='https:\/\/megegymagyart.com\/' rel=' nofollow ' target='_blank'>https:\/\/megegymagyart.com\/<\/a><\/td>\n                    <td style=\"\"><\/td>\n                    <td style=\"\">Isten hozz\u00e1d Meseorsz\u00e1g<\/td>\n                    <td style=\"\">h\u00edr, besz\u00e1mol\u00f3, r\u00f6vid cikk<\/td>\n                    <td style=\"\"><a href='https:\/\/megegymagyart.com\/isten-hozzad-meseorszag\/' rel=' nofollow ' target='_blank'>https:\/\/megegymagyart.com\/isten-hozzad-meseorszag\/<\/a><\/td>\n                    <td style=\"\">negat\u00edv<\/td>\n                    <td style=\"\"><\/td>\n                    <td style=\"\"><\/td>\n                    <td style=\"\"><\/td>\n                    <td style=\"\">Be\u00e1gyazva a Turul Telev\u00edzi\u00f3 vide\u00f3ja az \u00c1trium felolvas\u00e1s el\u0151tt \u00e9s a Polg\u00e1ri Mulat\u00f3 besz\u00e9lget\u00e9s\u00e9nek hangfelv\u00e9tele<\/td>\n            <\/tr>\n            <tr id=\"table_2_row_397\">\n                    <td style=\"\">2020.10.17<\/td>\n                    <td style=\"\"><a href='https:\/\/gondola.hu\/' rel=' nofollow ' target='_blank'>https:\/\/gondola.hu\/<\/a><\/td>\n                    <td style=\"\"><\/td>\n                    <td style=\"\">Meseorsz\u00e1g - V\u00e9lem\u00e9nyek a botr\u00e1nyos mesek\u00f6nyvr\u0151l - 2.<\/td>\n                    <td style=\"\">publicisztika<\/td>\n                    <td style=\"\"><a href='https:\/\/gondola.hu\/cikkek\/117758-Meseorszag_-_Velemenyek_a_botranyos_mesekonyvrol_-_2_.html' rel=' nofollow ' target='_blank'>https:\/\/gondola.hu\/cikkek\/117758-Meseorszag_-_Velemenyek_a_botranyos_mesekonyvrol_-_2_.html<\/a><\/td>\n                    <td style=\"\">negat\u00edv<\/td>\n                    <td style=\"\"><\/td>\n                    <td style=\"\"><\/td>\n                    <td style=\"\"><\/td>\n                    <td style=\"\"><\/td>\n            <\/tr>\n            <tr id=\"table_2_row_398\">\n                    <td style=\"\">2020.10.17<\/td>\n                    <td style=\"\"><a href='https:\/\/kecsup.hu\/' rel=' nofollow ' target='_blank'>https:\/\/kecsup.hu\/<\/a><\/td>\n                    <td style=\"\">Glossz\u00e1r Oliv\u00e9r<\/td>\n                    <td style=\"\">Egy nem szokv\u00e1nyos mesek\u00f6nyv \u00fatja: a szakmai vit\u00e1kon t\u00fal a politikai gyal\u00e1zkod\u00e1sig<\/td>\n                    <td style=\"\">h\u00edr, besz\u00e1mol\u00f3, r\u00f6vid cikk<\/td>\n                    <td style=\"\"><a href='https:\/\/kecsup.hu\/2020\/10\/egy-nem-szokvanyos-mesekonyv-utja-a-szakmai-vitakon-tul-a-politikai-gyalazkodasig\/' rel=' nofollow ' target='_blank'>https:\/\/kecsup.hu\/2020\/10\/egy-nem-szokvanyos-mesekonyv-utja-a-szakmai-vitakon-tul-a-politikai-gyalazkodasig\/<\/a><\/td>\n                    <td style=\"\">semleges<\/td>\n                    <td style=\"\"><\/td>\n                    <td style=\"\"><\/td>\n                    <td style=\"\"><\/td>\n                    <td style=\"\"><\/td>\n            <\/tr>\n            <tr id=\"table_2_row_399\">\n                    <td style=\"\">2020.10.17<\/td>\n                    <td style=\"\"><a href='https:\/\/megegymagyart.com\/' rel=' nofollow ' target='_blank'>https:\/\/megegymagyart.com\/<\/a><\/td>\n                    <td style=\"\">Budah\u00e1zy Edda<\/td>\n                    <td style=\"\">Isten hozz\u00e1d Meseorsz\u00e1g<\/td>\n                    <td style=\"\">recenzi\u00f3<\/td>\n                    <td style=\"\"><a href='https:\/\/megegymagyart.com\/isten-hozzad-meseorszag\/#' rel=' nofollow ' target='_blank'>https:\/\/megegymagyart.com\/isten-hozzad-meseorszag\/#<\/a><\/td>\n                    <td style=\"\">negat\u00edv<\/td>\n                    <td style=\"\"><\/td>\n                    <td style=\"\"><\/td>\n                    <td style=\"\"><\/td>\n                    <td style=\"\"><\/td>\n            <\/tr>\n            <tr id=\"table_2_row_400\">\n                    <td style=\"\">2020.10.17<\/td>\n                    <td style=\"\"><a href='https:\/\/www.facebook.com\/' rel=' nofollow ' target='_blank'>https:\/\/www.facebook.com\/<\/a><\/td>\n                    <td style=\"\">Labrisz<\/td>\n                    <td style=\"\">Labrisz Egyes\u00fclt fb oldala<\/td>\n                    <td style=\"\">fb-poszt<\/td>\n                    <td style=\"\"><a href='https:\/\/www.facebook.com\/LabriszEgyesulet\/photos\/a.155674114001\/10158785287334002\/' rel=' nofollow ' target='_blank'>https:\/\/www.facebook.com\/LabriszEgyesulet\/photos\/a.155674114001\/10158785287334002\/<\/a><\/td>\n                    <td style=\"\">pozit\u00edv<\/td>\n                    <td style=\"\"><\/td>\n                    <td style=\"\"><\/td>\n                    <td style=\"\"><\/td>\n                    <td style=\"\">Az egyes\u00fclet \u00e1ll\u00e1sfoglal\u00e1sa a k\u00f6nyv k\u00f6r\u00fcli politikai megnyilv\u00e1nul\u00e1sokkal kapcsolatban<\/td>\n            <\/tr>\n            <tr id=\"table_2_row_401\">\n                    <td style=\"\">2020.10.17<\/td>\n                    <td style=\"\"><a href='https:\/\/www.facebook.com\/' rel=' nofollow ' target='_blank'>https:\/\/www.facebook.com\/<\/a><\/td>\n                    <td style=\"\">Marg\u00f3feszt<\/td>\n                    <td style=\"\">Meseorsz\u00e1g mindenki\u00e9<\/td>\n                    <td style=\"\">esem\u00e9ny<\/td>\n                    <td style=\"\"><a href='https:\/\/www.facebook.com\/events\/779616609556312' rel=' nofollow ' target='_blank'>https:\/\/www.facebook.com\/events\/779616609556312<\/a><\/td>\n                    <td style=\"\">pozit\u00edv<\/td>\n                    <td style=\"\">fb<\/td>\n                    <td style=\"\"><\/td>\n                    <td style=\"\"><\/td>\n                    <td style=\"\">K\u00f6nyvbemutat\u00f3 a Marg\u00f3 fesztiv\u00e1lon<\/td>\n            <\/tr>\n            <tr id=\"table_2_row_402\">\n                    <td style=\"\">2020.10.18<\/td>\n                    <td style=\"\"><a href='https:\/\/magyarnarancs.hu\/' rel=' nofollow ' target='_blank'>https:\/\/magyarnarancs.hu\/<\/a><\/td>\n                    <td style=\"\">B\u00e9res M\u00e1t\u00e9<\/td>\n                    <td style=\"\">\u201eAzokat nem tudjuk meggy\u0151zni, akik k\u00f6nyveket dar\u00e1lnak\"<\/td>\n                    <td style=\"\">interj\u00fa<\/td>\n                    <td style=\"\"><a href='https:\/\/magyarnarancs.hu\/belpol\/annyi-tortenik-csupan-hogy-a-kiralyfi-es-a-kiralyfi-el-boldogan-amig-meg-nem-hal-134050' rel=' nofollow ' target='_blank'>https:\/\/magyarnarancs.hu\/belpol\/annyi-tortenik-csupan-hogy-a-kiralyfi-es-a-kiralyfi-el-boldogan-amig-meg-nem-hal-134050<\/a><\/td>\n                    <td style=\"\">pozit\u00edv<\/td>\n                    <td style=\"\"><\/td>\n                    <td style=\"\"><\/td>\n                    <td style=\"\"><\/td>\n                    <td style=\"\">Interj\u00fa Ny\u00fal Bogl\u00e1rka szoci\u00e1lpszichol\u00f3gussal<\/td>\n            <\/tr>\n            <tr id=\"table_2_row_403\">\n                    <td style=\"\">2020.10.18<\/td>\n                    <td style=\"\"><a href='https:\/\/777blog.hu\/' rel=' nofollow ' target='_blank'>https:\/\/777blog.hu\/<\/a><\/td>\n                    <td style=\"\">Bese Gerg\u0151 atya<\/td>\n                    <td style=\"\">\u201eA mi b\u0151r\u00fcnkre megy a v\u00e1s\u00e1r\" Bese Gerg\u0151 atya a Meseorsz\u00e1gr\u00f3l<\/td>\n                    <td style=\"\">blogbejegyz\u00e9s<\/td>\n                    <td style=\"\"><a href='https:\/\/777blog.hu\/2020\/10\/18\/a-mi-borunkre-megy-a-vasar-bese-gergo-atya-a-meseorszagrol\/' rel=' nofollow ' target='_blank'>https:\/\/777blog.hu\/2020\/10\/18\/a-mi-borunkre-megy-a-vasar-bese-gergo-atya-a-meseorszagrol\/<\/a><\/td>\n                    <td style=\"\">negat\u00edv<\/td>\n                    <td style=\"\"><\/td>\n                    <td style=\"\"><\/td>\n                    <td style=\"\"><\/td>\n                    <td style=\"\"><\/td>\n            <\/tr>\n            <tr id=\"table_2_row_404\">\n                    <td style=\"\">2020.10.18<\/td>\n                    <td style=\"\"><a href='https:\/\/m.facebook.com\/' rel=' nofollow ' target='_blank'>https:\/\/m.facebook.com\/<\/a><\/td>\n                    <td style=\"\">Tisza Kata<\/td>\n                    <td style=\"\"><\/td>\n                    <td style=\"\">FB-poszt<\/td>\n                    <td style=\"\"><a href='https:\/\/m.facebook.com\/story.php?story_fbid=1264390423915969&amp;id=100010350706826' rel=' nofollow ' target='_blank'>https:\/\/m.facebook.com\/story.php?story_fbid=1264390423915969&amp;id=100010350706826<\/a><\/td>\n                    <td style=\"\">pozit\u00edv<\/td>\n                    <td style=\"\">fb<\/td>\n                    <td style=\"\"><\/td>\n                    <td style=\"\"><\/td>\n                    <td style=\"\"><\/td>\n            <\/tr>\n            <tr id=\"table_2_row_405\">\n                    <td style=\"\">2020.10.18<\/td>\n                    <td style=\"\"><a href='https:\/\/nepszava.hu\/' rel=' nofollow ' target='_blank'>https:\/\/nepszava.hu\/<\/a><\/td>\n                    <td style=\"\">Szelestey Lajos<\/td>\n                    <td style=\"\">Szabad szemmel: a Meseorsz\u00e1g szerkeszt\u0151je nem k\u00e9sz\u00fclt dar\u00e1l\u00e1sra<\/td>\n                    <td style=\"\">h\u00edr, besz\u00e1mol\u00f3, r\u00f6vid cikk<\/td>\n                    <td style=\"\"><a href='https:\/\/nepszava.hu\/3095941_szabad-szemmel-a-meseorszag-szerkesztoje-nem-keszult-daralasra' rel=' nofollow ' target='_blank'>https:\/\/nepszava.hu\/3095941_szabad-szemmel-a-meseorszag-szerkesztoje-nem-keszult-daralasra<\/a><\/td>\n                    <td style=\"\">pozit\u00edv<\/td>\n                    <td style=\"\"><\/td>\n                    <td style=\"\"><\/td>\n                    <td style=\"\"><\/td>\n                    <td style=\"\">Nemzetk\u00f6zi sajt\u00f3szemle, k\u00f6zt\u00fck a Le Monde cikk\u00e9r\u0151l is Nagy Boldizs\u00e1r megsz\u00f3lal\u00e1s\u00e1val.<\/td>\n            <\/tr>\n            <tr id=\"table_2_row_406\">\n                    <td style=\"\">2020.10.18<\/td>\n                    <td style=\"\"><a href='https:\/\/nepszava.hu\/' rel=' nofollow ' target='_blank'>https:\/\/nepszava.hu\/<\/a><\/td>\n                    <td style=\"\">P. Szab\u00f3 D\u00e9nes<\/td>\n                    <td style=\"\">Meseorsz\u00e1g a Marg\u00f3n \u2013 K\u00f6nyvdar\u00e1l\u00e1s helyett \u00e9rdemi besz\u00e9lget\u00e9s zajlott<\/td>\n                    <td style=\"\">h\u00edr, besz\u00e1mol\u00f3, r\u00f6vid cikk<\/td>\n                    <td style=\"\"><a href='https:\/\/nepszava.hu\/3095940_meseorszag-a-margon--konyvdaralas-helyett-erdemi-beszelgetes-zajlott' rel=' nofollow ' target='_blank'>https:\/\/nepszava.hu\/3095940_meseorszag-a-margon--konyvdaralas-helyett-erdemi-beszelgetes-zajlott<\/a><\/td>\n                    <td style=\"\">pozit\u00edv<\/td>\n                    <td style=\"\"><\/td>\n                    <td style=\"\"><\/td>\n                    <td style=\"\"><\/td>\n                    <td style=\"\"><\/td>\n            <\/tr>\n            <tr id=\"table_2_row_407\">\n                    <td style=\"\">2020.10.18<\/td>\n                    <td style=\"\"><a href='https:\/\/konyvesmagazin.hu\/' rel=' nofollow ' target='_blank'>https:\/\/konyvesmagazin.hu\/<\/a><\/td>\n                    <td style=\"\">R\u00e1tkai Zs\u00f3fi<\/td>\n                    <td style=\"\">A Meseorsz\u00e1g mindenki\u00e9 azoknak ad hangot, akik ritk\u00e1n jutnak sz\u00f3hoz<\/td>\n                    <td style=\"\">h\u00edr, besz\u00e1mol\u00f3, r\u00f6vid cikk<\/td>\n                    <td style=\"\"><a href='https:\/\/konyvesmagazin.hu\/nagy\/meseorszag_mindenkie_margo2020.html' rel=' nofollow ' target='_blank'>https:\/\/konyvesmagazin.hu\/nagy\/meseorszag_mindenkie_margo2020.html<\/a><\/td>\n                    <td style=\"\">pozit\u00edv<\/td>\n                    <td style=\"\"><\/td>\n                    <td style=\"\"><\/td>\n                    <td style=\"\"><\/td>\n                    <td style=\"\">Besz\u00e1mol\u00f3 a Marg\u00f3feszt k\u00f6nyvbemutat\u00f3r\u00f3l<\/td>\n            <\/tr>\n            <tr id=\"table_2_row_408\">\n                    <td style=\"\">2020.10.19<\/td>\n                    <td style=\"\"><a href='https:\/\/magyarnemzet.hu\/' rel=' nofollow ' target='_blank'>https:\/\/magyarnemzet.hu\/<\/a><\/td>\n                    <td style=\"\">Cser\u00e9p Csongor<\/td>\n                    <td style=\"\">Coming out tetemreh\u00edv\u00e1s ut\u00e1n<\/td>\n                    <td style=\"\">h\u00edr, besz\u00e1mol\u00f3, r\u00f6vid cikk<\/td>\n                    <td style=\"\"><a href='https:\/\/magyarnemzet.hu\/velemeny\/coming-out-tetemrehivas-utan-8830370\/' rel=' nofollow ' target='_blank'>https:\/\/magyarnemzet.hu\/velemeny\/coming-out-tetemrehivas-utan-8830370\/<\/a><\/td>\n                    <td style=\"\">semleges<\/td>\n                    <td style=\"\"><\/td>\n                    <td style=\"\"><\/td>\n                    <td style=\"\"><\/td>\n                    <td style=\"\">Nem kimondottan a mesek\u00f6nyvr\u0151l sz\u00f3l. Azon pszichol\u00f3gusok nyilatkozat\u00e1r\u00f3l sz\u00f3l, akik elhat\u00e1rol\u00f3dnak Bagdy Em\u0151ke a mesek\u00f6nyvr\u0151l tett nyilatkozata ut\u00e1n<\/td>\n            <\/tr>\n            <tr id=\"table_2_row_409\">\n                    <td style=\"\">2020.10.19<\/td>\n                    <td style=\"\"><a href='https:\/\/888.hu\/' rel=' nofollow ' target='_blank'>https:\/\/888.hu\/<\/a><\/td>\n                    <td style=\"\">M. Kov\u00e1cs R\u00f3bert<\/td>\n                    <td style=\"\">Meseorsz\u00e1g mindenki\u00e9... kiv\u00e9ve a feh\u00e9r, heteroszexu\u00e1lis, kereszt\u00e9ny k\u00e9pz\u0151dm\u00e9nyeket<\/td>\n                    <td style=\"\">publicisztika<\/td>\n                    <td style=\"\"><a href='https:\/\/888.hu\/piszkostizenketto\/kiveve-a-feher-heteroszexualis-kereszteny-kepzodmenyeket-4278616\/' rel=' nofollow ' target='_blank'>https:\/\/888.hu\/piszkostizenketto\/kiveve-a-feher-heteroszexualis-kereszteny-kepzodmenyeket-4278616\/<\/a><\/td>\n                    <td style=\"\">negat\u00edv<\/td>\n                    <td style=\"\"><\/td>\n                    <td style=\"\"><\/td>\n                    <td style=\"\"><\/td>\n                    <td style=\"\"><\/td>\n            <\/tr>\n            <tr id=\"table_2_row_410\">\n                    <td style=\"\">2020.10.19<\/td>\n                    <td style=\"\"><a href='https:\/\/www.facebook.com\/' rel=' nofollow ' target='_blank'>https:\/\/www.facebook.com\/<\/a><\/td>\n                    <td style=\"\">F\u0171zfa Bal\u00e1zs<\/td>\n                    <td style=\"\"><\/td>\n                    <td style=\"\">FB-poszt<\/td>\n                    <td style=\"\"><a href='https:\/\/www.facebook.com\/photo?fbid=3556878017688892&amp;set=a.977006915676028' rel=' nofollow ' target='_blank'>https:\/\/www.facebook.com\/photo?fbid=3556878017688892&amp;set=a.977006915676028<\/a><\/td>\n                    <td style=\"\">pozit\u00edv<\/td>\n                    <td style=\"\">fb<\/td>\n                    <td style=\"\"><\/td>\n                    <td style=\"\"><\/td>\n                    <td style=\"\"><\/td>\n            <\/tr>\n            <tr id=\"table_2_row_411\">\n                    <td style=\"\">2020.10.19<\/td>\n                    <td style=\"\"><a href='https:\/\/hirado.hu\/' rel=' nofollow ' target='_blank'>https:\/\/hirado.hu\/<\/a><\/td>\n                    <td style=\"\"><\/td>\n                    <td style=\"\">Az \u00f3vod\u00e1sokra is szemet vetettek a nemv\u00e1lt\u00e1st propag\u00e1l\u00f3 LMBTQ-mesek\u00f6nyv szerz\u0151i<\/td>\n                    <td style=\"\">h\u00edr, besz\u00e1mol\u00f3, r\u00f6vid cikk<\/td>\n                    <td style=\"\"><a href='https:\/\/hirado.hu\/cikk\/2020\/10\/19\/az-ovodasokra-is-szemet-vetettek-a-nemvaltast-propagalo-lmbtq-mesekonyv-szerzoi' rel=' nofollow ' target='_blank'>https:\/\/hirado.hu\/cikk\/2020\/10\/19\/az-ovodasokra-is-szemet-vetettek-a-nemvaltast-propagalo-lmbtq-mesekonyv-szerzoi<\/a><\/td>\n                    <td style=\"\">pozit\u00edv<\/td>\n                    <td style=\"\">fb<\/td>\n                    <td style=\"\"><\/td>\n                    <td style=\"\"><\/td>\n                    <td style=\"\">Valaki elolvasta a k\u00f6nyvet. Pozit\u00edvan \u00e9rt\u00e9keli a mes\u00e9ket.<\/td>\n            <\/tr>\n            <tr id=\"table_2_row_412\">\n                    <td style=\"\">2020.10.19<\/td>\n                    <td style=\"\"><a href='https:\/\/reformatus.hu\/' rel=' nofollow ' target='_blank'>https:\/\/reformatus.hu\/<\/a><\/td>\n                    <td style=\"\">Heged\u0171s M\u00e1rk<\/td>\n                    <td style=\"\">Ki\u00e1llok az igazs\u00e1g\u00e9rt, m\u00e1sk\u00e9nt nem tehetek<\/td>\n                    <td style=\"\">interj\u00fa<\/td>\n                    <td style=\"\"><a href='https:\/\/reformatus.hu\/mediumok\/hirek\/kiallok-az-igazsagert-maskent-nem-tehetek\/' rel=' nofollow ' target='_blank'>https:\/\/reformatus.hu\/mediumok\/hirek\/kiallok-az-igazsagert-maskent-nem-tehetek\/<\/a><\/td>\n                    <td style=\"\">negat\u00edv<\/td>\n                    <td style=\"\"><\/td>\n                    <td style=\"\"><\/td>\n                    <td style=\"\"><\/td>\n                    <td style=\"\"><\/td>\n            <\/tr>\n            <tr id=\"table_2_row_413\">\n                    <td style=\"\">2020.10.19<\/td>\n                    <td style=\"\"><a href='https:\/\/vasarnap.hu\/' rel=' nofollow ' target='_blank'>https:\/\/vasarnap.hu\/<\/a><\/td>\n                    <td style=\"\">V\u00e1gv\u00f6lgyi Gergely<\/td>\n                    <td style=\"\">Jogszab\u00e1lyok v\u00e9den\u00e9k a gyerekeket az LMBTQ-tartalmakt\u00f3l: \u00e1tadt\u00e1k a pet\u00edci\u00f3t a korm\u00e1nynak<\/td>\n                    <td style=\"\">h\u00edr, besz\u00e1mol\u00f3, r\u00f6vid cikk<\/td>\n                    <td style=\"\"><a href='https:\/\/vasarnap.hu\/2020\/11\/19\/jogszabalyok-vedjek-a-gyerekeket-az-lmbtq-tartalmaktol-atadtak-a-peticiot-a-kormanynak\/' rel=' nofollow ' target='_blank'>https:\/\/vasarnap.hu\/2020\/11\/19\/jogszabalyok-vedjek-a-gyerekeket-az-lmbtq-tartalmaktol-atadtak-a-peticiot-a-kormanynak\/<\/a><\/td>\n                    <td style=\"\">negat\u00edv<\/td>\n                    <td style=\"\"><\/td>\n                    <td style=\"\"><\/td>\n                    <td style=\"\"><\/td>\n                    <td style=\"\"><\/td>\n            <\/tr>\n            <tr id=\"table_2_row_414\">\n                    <td style=\"\">2020.10.19<\/td>\n                    <td style=\"\"><a href='https:\/\/www.facebook.com\/' rel=' nofollow ' target='_blank'>https:\/\/www.facebook.com\/<\/a><\/td>\n                    <td style=\"\">F\u0171zfa Bal\u00e1zs<\/td>\n                    <td style=\"\">F\u0171zfa Bal\u00e1zs posztja arr\u00f3l, hogy elolvasta a k\u00f6nyvet \u00e9s az t\u00f6k rendben van<\/td>\n                    <td style=\"\">fb-poszt<\/td>\n                    <td style=\"\"><a href='https:\/\/www.facebook.com\/photo?fbid=3556878017688892&amp;set=a.977006915676028' rel=' nofollow ' target='_blank'>https:\/\/www.facebook.com\/photo?fbid=3556878017688892&amp;set=a.977006915676028<\/a><\/td>\n                    <td style=\"\">pozit\u00edv<\/td>\n                    <td style=\"\">fb<\/td>\n                    <td style=\"\"><\/td>\n                    <td style=\"\"><\/td>\n                    <td style=\"\"><\/td>\n            <\/tr>\n            <tr id=\"table_2_row_415\">\n                    <td style=\"\">2020.10.19<\/td>\n                    <td style=\"\"><a href='https:\/\/www.reuters.com\/' rel=' nofollow ' target='_blank'>https:\/\/www.reuters.com\/<\/a><\/td>\n                    <td style=\"\">Krisztina Than, Krisztina Fenyo<\/td>\n                    <td style=\"\">Row in Hungary around children's book fuels fears of rising homophobia<\/td>\n                    <td style=\"\">v\u00e9lem\u00e9ny<\/td>\n                    <td style=\"\"><a href='https:\/\/www.reuters.com\/article\/us-hungary-lgbt-book\/row-in-hungary-around-childrens-book-fuels-fears-of-rising-homophobia-idUSKBN2741A3' rel=' nofollow ' target='_blank'>https:\/\/www.reuters.com\/article\/us-hungary-lgbt-book\/row-in-hungary-around-childrens-book-fuels-fears-of-rising-homophobia-idUSKBN2741A3<\/a><\/td>\n                    <td style=\"\">semleges<\/td>\n                    <td style=\"\"><\/td>\n                    <td style=\"\">igen<\/td>\n                    <td style=\"\">angol<\/td>\n                    <td style=\"\">H\u00edr arr\u00f3l, hogy a k\u00f6nyv milyen hull\u00e1mokat ver itthon<\/td>\n            <\/tr>\n            <tr id=\"table_2_row_416\">\n                    <td style=\"\">2020.10.20<\/td>\n                    <td style=\"\"><a href='https:\/\/www.svt.se\/' rel=' nofollow ' target='_blank'>https:\/\/www.svt.se\/<\/a><\/td>\n                    <td style=\"\"><\/td>\n                    <td style=\"\">Ungerska nationalister vill f\u00f6rbjuda barnbok<\/td>\n                    <td style=\"\">h\u00edr, besz\u00e1mol\u00f3, r\u00f6vid cikk<\/td>\n                    <td style=\"\"><a href='https:\/\/www.svt.se\/kultur\/ungerska-nationalister-vill-forbjuda-barnbok' rel=' nofollow ' target='_blank'>https:\/\/www.svt.se\/kultur\/ungerska-nationalister-vill-forbjuda-barnbok<\/a><\/td>\n                    <td style=\"\">semleges<\/td>\n                    <td style=\"\"><\/td>\n                    <td style=\"\">igen<\/td>\n                    <td style=\"\">sv\u00e9d<\/td>\n                    <td style=\"\">???<\/td>\n            <\/tr>\n            <tr id=\"table_2_row_417\">\n                    <td style=\"\">2020.10.20<\/td>\n                    <td style=\"\"><a href='https:\/\/a2larm.cz\/' rel=' nofollow ' target='_blank'>https:\/\/a2larm.cz\/<\/a><\/td>\n                    <td style=\"\">Dagmar Krisov\u00e1<\/td>\n                    <td style=\"\">M\u016f\u017ee kniha spustit revoluci? Poh\u00e1dkov\u00e9 p\u0159\u00edb\u011bhy se v Ma\u010farsku staly symbolem protiorb\u00e1novsk\u00e9ho odporu<\/td>\n                    <td style=\"\">publicisztika<\/td>\n                    <td style=\"\"><a href='https:\/\/a2larm.cz\/2020\/10\/muze-kniha-spustit-revoluci-pohadkove-pribehy-se-v-madarsku-staly-symbolem-protiorbanovskeho-odporu\/' rel=' nofollow ' target='_blank'>https:\/\/a2larm.cz\/2020\/10\/muze-kniha-spustit-revoluci-pohadkove-pribehy-se-v-madarsku-staly-symbolem-protiorbanovskeho-odporu\/<\/a><\/td>\n                    <td style=\"\">pozit\u00edv<\/td>\n                    <td style=\"\"><\/td>\n                    <td style=\"\">igen<\/td>\n                    <td style=\"\">cseh<\/td>\n                    <td style=\"\"><\/td>\n            <\/tr>\n            <tr id=\"table_2_row_418\">\n                    <td style=\"\">2020.10.20<\/td>\n                    <td style=\"\"><a href='https:\/\/hvg.hu\/' rel=' nofollow ' target='_blank'>https:\/\/hvg.hu\/<\/a><\/td>\n                    <td style=\"\">R\u00f3th Elza<\/td>\n                    <td style=\"\">Meseorsz\u00e1g D\u00far\u00f3 D\u00f3r\u00e1\u00e9 is lehetett volna: egy m\u00e1sik Magyarorsz\u00e1g mes\u00e9je<\/td>\n                    <td style=\"\">publicisztika<\/td>\n                    <td style=\"\"><a href='https:\/\/hvg.hu\/360\/20201020_Meseorszag_Duro_Dorae_is_lehetett_volna_egy_masik_Magyarorszag_meseje' rel=' nofollow ' target='_blank'>https:\/\/hvg.hu\/360\/20201020_Meseorszag_Duro_Dorae_is_lehetett_volna_egy_masik_Magyarorszag_meseje<\/a><\/td>\n                    <td style=\"\">pozit\u00edv<\/td>\n                    <td style=\"\"><\/td>\n                    <td style=\"\"><\/td>\n                    <td style=\"\"><\/td>\n                    <td style=\"\"><\/td>\n            <\/tr>\n            <tr id=\"table_2_row_419\">\n                    <td style=\"\">2020.10.20<\/td>\n                    <td style=\"\"><a href='https:\/\/humenonline.hu\/' rel=' nofollow ' target='_blank'>https:\/\/humenonline.hu\/<\/a><\/td>\n                    <td style=\"\">Kocsis G. J\u00e1nos<\/td>\n                    <td style=\"\">A nap fot\u00f3ja: Meseorsz\u00e1g mindenhol<\/td>\n                    <td style=\"\">m\u00e9m, k\u00e9p<\/td>\n                    <td style=\"\"><a href='https:\/\/humenonline.hu\/a-nap-fotoja-meseorszag-mindenhol\/' rel=' nofollow ' target='_blank'>https:\/\/humenonline.hu\/a-nap-fotoja-meseorszag-mindenhol\/<\/a><\/td>\n                    <td style=\"\">pozit\u00edv<\/td>\n                    <td style=\"\"><\/td>\n                    <td style=\"\"><\/td>\n                    <td style=\"\"><\/td>\n                    <td style=\"\"><\/td>\n            <\/tr>\n            <tr id=\"table_2_row_420\">\n                    <td style=\"\">2020.10.20<\/td>\n                    <td style=\"\"><a href='https:\/\/divany.hu\/' rel=' nofollow ' target='_blank'>https:\/\/divany.hu\/<\/a><\/td>\n                    <td style=\"\">Milanovich Domi<\/td>\n                    <td style=\"\">T\u00e1mogatlak, te kis devi\u00e1ns, h\u00e1t nem \u00e9rzed? A Meseorsz\u00e1g marg\u00f3j\u00e1ra<\/td>\n                    <td style=\"\">publicisztika<\/td>\n                    <td style=\"\"><a href='https:\/\/divany.hu\/szuloseg\/2020\/10\/20\/meseorszag-mindenkie-velemeny' rel=' nofollow ' target='_blank'>https:\/\/divany.hu\/szuloseg\/2020\/10\/20\/meseorszag-mindenkie-velemeny<\/a><\/td>\n                    <td style=\"\">pozit\u00edv<\/td>\n                    <td style=\"\"><\/td>\n                    <td style=\"\"><\/td>\n                    <td style=\"\"><\/td>\n                    <td style=\"\"><\/td>\n            <\/tr>\n            <tr id=\"table_2_row_421\">\n                    <td style=\"\">2020.10.20<\/td>\n                    <td style=\"\"><a href='https:\/\/budapestpride.hu\/' rel=' nofollow ' target='_blank'>https:\/\/budapestpride.hu\/<\/a><\/td>\n                    <td style=\"\"><\/td>\n                    <td style=\"\">Mi t\u00f6rt\u00e9nt a korm\u00e1ny homof\u00f3b kamp\u00e1ny\u00e1ban a meseorsz\u00e1g ledar\u00e1l\u00e1sa \u00f3ta?<\/td>\n                    <td style=\"\">h\u00edr, besz\u00e1mol\u00f3, r\u00f6vid cikk<\/td>\n                    <td style=\"\"><a href='https:\/\/budapestpride.hu\/hirek\/mi-tortent-a-kormany-homofob-kampanyaban-a-meseorszag-ledaralasa-ota' rel=' nofollow ' target='_blank'>https:\/\/budapestpride.hu\/hirek\/mi-tortent-a-kormany-homofob-kampanyaban-a-meseorszag-ledaralasa-ota<\/a><\/td>\n                    <td style=\"\">semleges<\/td>\n                    <td style=\"\"><\/td>\n                    <td style=\"\"><\/td>\n                    <td style=\"\"><\/td>\n                    <td style=\"\">A weboldalon \u00f6sszefoglalj\u00e1k mi t\u00f6rt\u00e9nt a darl\u00e1s\u00e1 \u00f3ta, 2020.10.21-ig<\/td>\n            <\/tr>\n            <tr id=\"table_2_row_422\">\n                    <td style=\"\">2020.10.20<\/td>\n                    <td style=\"\"><a href='https:\/\/nepszava.hu\/' rel=' nofollow ' target='_blank'>https:\/\/nepszava.hu\/<\/a><\/td>\n                    <td style=\"\">Szelestey Lajos<\/td>\n                    <td style=\"\">Szabad szemmel: Orb\u00e1nt nem sok minden \u00f6szt\u00f6k\u00e9li arra, hogy \u00fcgyeljen a diplom\u00e1ciai l\u00e1tszatra<\/td>\n                    <td style=\"\">h\u00edr, besz\u00e1mol\u00f3, r\u00f6vid cikk<\/td>\n                    <td style=\"\"><a href='https:\/\/nepszava.hu\/3096138_szabad-szemmel-orbant-nem-sok-minden-osztokeli-arra-hogy-ugyeljen-a-diplomaciai-latszatra' rel=' nofollow ' target='_blank'>https:\/\/nepszava.hu\/3096138_szabad-szemmel-orbant-nem-sok-minden-osztokeli-arra-hogy-ugyeljen-a-diplomaciai-latszatra<\/a><\/td>\n                    <td style=\"\">pozit\u00edv<\/td>\n                    <td style=\"\"><\/td>\n                    <td style=\"\"><\/td>\n                    <td style=\"\"><\/td>\n                    <td style=\"\">Nemzetk\u00f6zi sajt\u00f3szemle, k\u00f6zt\u00fck a Reuters cikk\u00e9r\u0151l is Nagy Boldizs\u00e1r megsz\u00f3lal\u00e1s\u00e1val.<\/td>\n            <\/tr>\n            <tr id=\"table_2_row_423\">\n                    <td style=\"\">2020.10.20<\/td>\n                    <td style=\"\"><a href='https:\/\/www.mixonline.hu\/' rel=' nofollow ' target='_blank'>https:\/\/www.mixonline.hu\/<\/a><\/td>\n                    <td style=\"\"><\/td>\n                    <td style=\"\">Hungarikum lesz-e a Meseorsz\u00e1g mindenki\u00e9?<\/td>\n                    <td style=\"\">h\u00edr, besz\u00e1mol\u00f3, r\u00f6vid cikk<\/td>\n                    <td style=\"\"><a href='https:\/\/www.mixonline.hu\/Cikk.aspx?id=180070' rel=' nofollow ' target='_blank'>https:\/\/www.mixonline.hu\/Cikk.aspx?id=180070<\/a><\/td>\n                    <td style=\"\">semleges<\/td>\n                    <td style=\"\"><\/td>\n                    <td style=\"\"><\/td>\n                    <td style=\"\"><\/td>\n                    <td style=\"\">Csak egy egyszer\u0171 k\u00e9rd\u00e9sfelt\u00e9tel a bejegyz\u00e9s, hogy vajon lesz-e akkora sikere a k\u00f6nyvnek, mint a Magyar N\u00e9pmes\u00e9knek<\/td>\n            <\/tr>\n            <tr id=\"table_2_row_424\">\n                    <td style=\"\">2020.10.20<\/td>\n                    <td style=\"\"><a href='https:\/\/www.nyugat.hu\/' rel=' nofollow ' target='_blank'>https:\/\/www.nyugat.hu\/<\/a><\/td>\n                    <td style=\"\"><\/td>\n                    <td style=\"\">\u201eA Piroska \u00e9s a farkas sokkal durv\u00e1bb \u00e9s er\u0151szakosabb sz\u00f6veg, mint a Meseorsz\u00e1g mindenki\u00e9\u201d - \u00edrta F\u0171zfa Bal\u00e1zs<\/td>\n                    <td style=\"\">h\u00edr, besz\u00e1mol\u00f3, r\u00f6vid cikk<\/td>\n                    <td style=\"\"><a href='https:\/\/www.nyugat.hu\/cikk\/szombathely_fuzfa_balazs_velemeny_meseorszag_mindenkie' rel=' nofollow ' target='_blank'>https:\/\/www.nyugat.hu\/cikk\/szombathely_fuzfa_balazs_velemeny_meseorszag_mindenkie<\/a><\/td>\n                    <td style=\"\">semleges<\/td>\n                    <td style=\"\"><\/td>\n                    <td style=\"\"><\/td>\n                    <td style=\"\"><\/td>\n                    <td style=\"\">Vaalki cikkje a 400. link \u00edr\u00f3j\u00e1nak posztj\u00e1r\u00f3l, csak k\u00f6zli mit \u00edrt a facebokkon...<\/td>\n            <\/tr>\n            <tr id=\"table_2_row_425\">\n                    <td style=\"\">2020.10.20<\/td>\n                    <td style=\"\"><a href='https:\/\/www.tapolcaimedia.hu\/' rel=' nofollow ' target='_blank'>https:\/\/www.tapolcaimedia.hu\/<\/a><\/td>\n                    <td style=\"\">T\u00f6rkey L\u00e1szl\u00f3<\/td>\n                    <td style=\"\">Nem t\u0171rik az LMBTQ propagand\u00e1t, n\u00e9pszavaz\u00e1st szeretn\u00e9nek<\/td>\n                    <td style=\"\">h\u00edr, besz\u00e1mol\u00f3, r\u00f6vid cikk<\/td>\n                    <td style=\"\"><a href='https:\/\/www.tapolcaimedia.hu\/2020\/10\/nem-turik-az-lmbtq-propagandat-nepszavazast-surgetnek\/' rel=' nofollow ' target='_blank'>https:\/\/www.tapolcaimedia.hu\/2020\/10\/nem-turik-az-lmbtq-propagandat-nepszavazast-surgetnek\/<\/a><\/td>\n                    <td style=\"\">negat\u00edv<\/td>\n                    <td style=\"\"><\/td>\n                    <td style=\"\"><\/td>\n                    <td style=\"\"><\/td>\n                    <td style=\"\">Mi Haz\u00e1nk Mozgalom n\u00e9pszavaz\u00e1si kezdem\u00e9nyez\u00e9se, k\u00f6zint\u00e9zm\u00e9nyekben ne legyenek lmbtq kiadv\u00e1nyok<\/td>\n            <\/tr>\n            <tr id=\"table_2_row_426\">\n                    <td style=\"\">2020.10.20<\/td>\n                    <td style=\"\"><a href='http:\/\/ilovereading.blogger.hu\/' rel=' nofollow ' target='_blank'>http:\/\/ilovereading.blogger.hu\/<\/a><\/td>\n                    <td style=\"\">Nagy Boldizs\u00e1r<\/td>\n                    <td style=\"\">Meseorsz\u00e1g mindenki\u00e9<\/td>\n                    <td style=\"\">blogbejegyz\u00e9s<\/td>\n                    <td style=\"\"><a href='http:\/\/ilovereading.blogger.hu\/2020\/10\/03\/nagy-boldizsar-szerk-meseorszag-mindenkie' rel=' nofollow ' target='_blank'>http:\/\/ilovereading.blogger.hu\/2020\/10\/03\/nagy-boldizsar-szerk-meseorszag-mindenkie<\/a><\/td>\n                    <td style=\"\">pozit\u00edv<\/td>\n                    <td style=\"\"><\/td>\n                    <td style=\"\"><\/td>\n                    <td style=\"\"><\/td>\n                    <td style=\"\">Nagy Boldizs\u00e1r \u00edr\u00e1sa<\/td>\n            <\/tr>\n            <tr id=\"table_2_row_427\">\n                    <td style=\"\">2020.10.20<\/td>\n                    <td style=\"\"><a href='https:\/\/www.youtube.com\/' rel=' nofollow ' target='_blank'>https:\/\/www.youtube.com\/<\/a><\/td>\n                    <td style=\"\">N\u00e9meth Eszter<\/td>\n                    <td style=\"\">Gimesi D\u00f3ra: \u00d3ri\u00e1s\u00f6l\u0151 Marget<\/td>\n                    <td style=\"\">vide\u00f3<\/td>\n                    <td style=\"\"><a href='https:\/\/www.youtube.com\/watch?v=apAu9jrT8vA&amp;feature=youtu.be&amp;fbclid=IwAR0JxqhKNTuHYz7kAhKr4ICZeMcrp5AMsSd4LTbs5vlfXYhe3vq4qwQoPKU' rel=' nofollow ' target='_blank'>https:\/\/www.youtube.com\/watch?v=apAu9jrT8vA&amp;feature=youtu.be&amp;fbclid=IwAR0JxqhKNTuHYz7kAhKr4ICZeMcrp5AMsSd4LTbs5vlfXYhe3vq4qwQoPKU<\/a><\/td>\n                    <td style=\"\">pozit\u00edv<\/td>\n                    <td style=\"\">youtube<\/td>\n                    <td style=\"\"><\/td>\n                    <td style=\"\"><\/td>\n                    <td style=\"\">N\u00e9meth Eszter el\u0151ad\u00e1s\u00e1bn<\/td>\n            <\/tr>\n            <tr id=\"table_2_row_428\">\n                    <td style=\"\">2020.10.20<\/td>\n                    <td style=\"\"><a href='https:\/\/www.youtube.com\/' rel=' nofollow ' target='_blank'>https:\/\/www.youtube.com\/<\/a><\/td>\n                    <td style=\"\">vil\u00e1gj\u00e1r\u00f3k klubja b\u00e9cs<\/td>\n                    <td style=\"\">Bruci \u00c9va: Pszichol\u00f3gia, Tolerancia, Er\u0151s\u00edt\u00e9s - Ezek mi\u00e9rt fontosak az oktat\u00e1sban?<\/td>\n                    <td style=\"\">vide\u00f3<\/td>\n                    <td style=\"\"><a href='https:\/\/www.youtube.com\/watch?v=VLxNfnBQFJ0' rel=' nofollow ' target='_blank'>https:\/\/www.youtube.com\/watch?v=VLxNfnBQFJ0<\/a><\/td>\n                    <td style=\"\">pozit\u00edv<\/td>\n                    <td style=\"\">youtube<\/td>\n                    <td style=\"\"><\/td>\n                    <td style=\"\"><\/td>\n                    <td style=\"\">Bruci \u00c9va: Pszichol\u00f3gia, Tolerancia, Er\u0151s\u00edt\u00e9s - Ezek mi\u00e9rt fontosak az oktat\u00e1sban?<\/td>\n            <\/tr>\n            <tr id=\"table_2_row_429\">\n                    <td style=\"\">2020.10.21<\/td>\n                    <td style=\"\"><a href='https:\/\/plakatmagany.transindex.ro\/' rel=' nofollow ' target='_blank'>https:\/\/plakatmagany.transindex.ro\/<\/a><\/td>\n                    <td style=\"\">Kulcs\u00e1r \u00c1rp\u00e1d<\/td>\n                    <td style=\"\">D\u00far\u00f3 n\u00e9ni mes\u00e9je<\/td>\n                    <td style=\"\">publicisztika<\/td>\n                    <td style=\"\"><a href='https:\/\/plakatmagany.transindex.ro\/duro-neni-meseje-meseorszag-mindenkie\/' rel=' nofollow ' target='_blank'>https:\/\/plakatmagany.transindex.ro\/duro-neni-meseje-meseorszag-mindenkie\/<\/a><\/td>\n                    <td style=\"\">pozit\u00edv<\/td>\n                    <td style=\"\"><\/td>\n                    <td style=\"\">igen<\/td>\n                    <td style=\"\"><\/td>\n                    <td style=\"\"><\/td>\n            <\/tr>\n            <tr id=\"table_2_row_430\">\n                    <td style=\"\">2020.10.21<\/td>\n                    <td style=\"\"><a href='https:\/\/www.szabadeuropa.hu\/' rel=' nofollow ' target='_blank'>https:\/\/www.szabadeuropa.hu\/<\/a><\/td>\n                    <td style=\"\">Keller-Al\u00e1nt \u00c1kos<\/td>\n                    <td style=\"\">Nem j\u00f3, de fontos \u2013 Meseorsz\u00e1g Mindenki\u00e9 \u00e9s az \u00e9rz\u00e9keny\u00edt\u00e9s<\/td>\n                    <td style=\"\">publicisztika<\/td>\n                    <td style=\"\"><a href='https:\/\/www.szabadeuropa.hu\/a\/nem-jo-de-fontos-meseorszag-mindenkie-es-az-erzekenyites\/30904747.html' rel=' nofollow ' target='_blank'>https:\/\/www.szabadeuropa.hu\/a\/nem-jo-de-fontos-meseorszag-mindenkie-es-az-erzekenyites\/30904747.html<\/a><\/td>\n                    <td style=\"\">semleges<\/td>\n                    <td style=\"\"><\/td>\n                    <td style=\"\"><\/td>\n                    <td style=\"\"><\/td>\n                    <td style=\"\"><\/td>\n            <\/tr>\n            <tr id=\"table_2_row_431\">\n                    <td style=\"\">2020.10.21<\/td>\n                    <td style=\"\"><a href='https:\/\/alfahir.hu\/' rel=' nofollow ' target='_blank'>https:\/\/alfahir.hu\/<\/a><\/td>\n                    <td style=\"\"><\/td>\n                    <td style=\"\">A Fidesz \u00e9s a Mi Haz\u00e1nk \u00f6sszefog\u00e1s<\/td>\n                    <td style=\"\">publicisztika<\/td>\n                    <td style=\"\"><a href='https:\/\/alfahir.hu\/2020\/10\/21\/kommenttar_publicisztika_fidesz_mi_hazank_konyvdaralas' rel=' nofollow ' target='_blank'>https:\/\/alfahir.hu\/2020\/10\/21\/kommenttar_publicisztika_fidesz_mi_hazank_konyvdaralas<\/a><\/td>\n                    <td style=\"\">semleges<\/td>\n                    <td style=\"\"><\/td>\n                    <td style=\"\"><\/td>\n                    <td style=\"\"><\/td>\n                    <td style=\"\">Nem kimondottan a k\u00f6nyvr\u0151l sz\u00f3l: a Fidesz \u00e9s a Mi Haz\u00e1nk kapcsolat\u00e1t boncolgatja az \u00edr\u00f3<\/td>\n            <\/tr>\n            <tr id=\"table_2_row_432\">\n                    <td style=\"\">2020.10.21<\/td>\n                    <td style=\"\"><a href='https:\/\/telex.hu\/' rel=' nofollow ' target='_blank'>https:\/\/telex.hu\/<\/a><\/td>\n                    <td style=\"\">El\u0151d Fruzsina<\/td>\n                    <td style=\"\">A melegek lehetnek az \u00faj migr\u00e1nsok<\/td>\n                    <td style=\"\">publicisztika<\/td>\n                    <td style=\"\"><a href='https:\/\/telex.hu\/belfold\/2020\/10\/21\/gender-lmbtq-identitaspolitika-fidesz-2022-kampany-lengyelorszag' rel=' nofollow ' target='_blank'>https:\/\/telex.hu\/belfold\/2020\/10\/21\/gender-lmbtq-identitaspolitika-fidesz-2022-kampany-lengyelorszag<\/a><\/td>\n                    <td style=\"\">pozit\u00edv<\/td>\n                    <td style=\"\"><\/td>\n                    <td style=\"\"><\/td>\n                    <td style=\"\"><\/td>\n                    <td style=\"\"><\/td>\n            <\/tr>\n            <tr id=\"table_2_row_433\">\n                    <td style=\"\">2020.10.21<\/td>\n                    <td style=\"\"><a href='https:\/\/168ora.hu\/' rel=' nofollow ' target='_blank'>https:\/\/168ora.hu\/<\/a><\/td>\n                    <td style=\"\"><\/td>\n                    <td style=\"\">Nemcsak a gyerekeket, hanem saj\u00e1t mag\u00e1t is seg\u00edti a meseolvas\u00e1ssal<\/td>\n                    <td style=\"\">interj\u00fa<\/td>\n                    <td style=\"\"><a href='https:\/\/168ora.hu\/kultura\/nemcsak-a-gyerekeket-hanem-sajat-magat-is-segiti-a-meseolvasassal-193767' rel=' nofollow ' target='_blank'>https:\/\/168ora.hu\/kultura\/nemcsak-a-gyerekeket-hanem-sajat-magat-is-segiti-a-meseolvasassal-193767<\/a><\/td>\n                    <td style=\"\">pozit\u00edv<\/td>\n                    <td style=\"\"><\/td>\n                    <td style=\"\"><\/td>\n                    <td style=\"\"><\/td>\n                    <td style=\"\">Interj\u00fa Huzella J\u00fali\u00e1val<\/td>\n            <\/tr>\n            <tr id=\"table_2_row_434\">\n                    <td style=\"\">2020.10.21<\/td>\n                    <td style=\"\"><a href='https:\/\/168ora.hu\/' rel=' nofollow ' target='_blank'>https:\/\/168ora.hu\/<\/a><\/td>\n                    <td style=\"\">F\u00f6ld S. P\u00e9ter<\/td>\n                    <td style=\"\">V\u00f6r\u00f6s vonalak<\/td>\n                    <td style=\"\">publicisztika<\/td>\n                    <td style=\"\"><a href='https:\/\/168ora.hu\/velemeny\/fold-s-peter-voros-vonalak-193793' rel=' nofollow ' target='_blank'>https:\/\/168ora.hu\/velemeny\/fold-s-peter-voros-vonalak-193793<\/a><\/td>\n                    <td style=\"\">pozit\u00edv<\/td>\n                    <td style=\"\"><\/td>\n                    <td style=\"\"><\/td>\n                    <td style=\"\"><\/td>\n                    <td style=\"\"><\/td>\n            <\/tr>\n            <tr id=\"table_2_row_435\">\n                    <td style=\"\">2020.10.21<\/td>\n                    <td style=\"\"><a href='https:\/\/pestihirlap.hu\/' rel=' nofollow ' target='_blank'>https:\/\/pestihirlap.hu\/<\/a><\/td>\n                    <td style=\"\">Mohos M\u00e1t\u00e9<\/td>\n                    <td style=\"\">Nemcsak a gyerekeket, hanem saj\u00e1t mag\u00e1t is seg\u00edti a meseolvas\u00e1ssal<\/td>\n                    <td style=\"\">interj\u00fa<\/td>\n                    <td style=\"\"><a href='https:\/\/pestihirlap.hu\/2020\/10\/21\/nemcsak-a-gyerekeket-hanem-sajat-magat-is-segiti-a-meseolvasassal' rel=' nofollow ' target='_blank'>https:\/\/pestihirlap.hu\/2020\/10\/21\/nemcsak-a-gyerekeket-hanem-sajat-magat-is-segiti-a-meseolvasassal<\/a><\/td>\n                    <td style=\"\">pozit\u00edv<\/td>\n                    <td style=\"\"><\/td>\n                    <td style=\"\"><\/td>\n                    <td style=\"\"><\/td>\n                    <td style=\"\">Interj\u00fa Huzella J\u00falia sz\u00edn\u00e9szn\u0151vel<\/td>\n            <\/tr>\n            <tr id=\"table_2_row_436\">\n                    <td style=\"\">2020.10.21<\/td>\n                    <td style=\"\"><a href='https:\/\/www.lemonde.fr\/' rel=' nofollow ' target='_blank'>https:\/\/www.lemonde.fr\/<\/a><\/td>\n                    <td style=\"\">Jean-Baptiste Chastand<\/td>\n                    <td style=\"\">Il \u00e9tait une fois des contes \u00ab inclusifs \u00bb qui d\u00e9cha\u00eenaient l\u2019extr\u00eame droite hongroise<\/td>\n                    <td style=\"\">h\u00edr, besz\u00e1mol\u00f3, r\u00f6vid cikk<\/td>\n                    <td style=\"\"><a href='https:\/\/www.lemonde.fr\/m-le-mag\/article\/2020\/10\/21\/il-etait-une-fois-des-contes-inclusifs-qui-dechainaient-l-extreme-droite-hongroise_6056873_4500055.html' rel=' nofollow ' target='_blank'>https:\/\/www.lemonde.fr\/m-le-mag\/article\/2020\/10\/21\/il-etait-une-fois-des-contes-inclusifs-qui-dechainaient-l-extreme-droite-hongroise_6056873_4500055.html<\/a><\/td>\n                    <td style=\"\">pozit\u00edv<\/td>\n                    <td style=\"\"><\/td>\n                    <td style=\"\">igen<\/td>\n                    <td style=\"\">francia<\/td>\n                    <td style=\"\"><\/td>\n            <\/tr>\n            <tr id=\"table_2_row_437\">\n                    <td style=\"\">2020.10.22<\/td>\n                    <td style=\"\"><a href='http:\/\/konyvutca.blogspot.com\/' rel=' nofollow ' target='_blank'>http:\/\/konyvutca.blogspot.com\/<\/a><\/td>\n                    <td style=\"\">Bea<\/td>\n                    <td style=\"\">Nagy Boldizs\u00e1r (szerk.): Meseorsz\u00e1g mindenki\u00e9<\/td>\n                    <td style=\"\">blogbejegyz\u00e9s<\/td>\n                    <td style=\"\"><a href='http:\/\/konyvutca.blogspot.com\/2020\/10\/nagy-boldizsar-szerk-meseorszag.html' rel=' nofollow ' target='_blank'>http:\/\/konyvutca.blogspot.com\/2020\/10\/nagy-boldizsar-szerk-meseorszag.html<\/a><\/td>\n                    <td style=\"\">pozit\u00edv<\/td>\n                    <td style=\"\"><\/td>\n                    <td style=\"\"><\/td>\n                    <td style=\"\"><\/td>\n                    <td style=\"\"><\/td>\n            <\/tr>\n            <tr id=\"table_2_row_438\">\n                    <td style=\"\">2020.10.22<\/td>\n                    <td style=\"\"><a href='https:\/\/labrisz.hu\/' rel=' nofollow ' target='_blank'>https:\/\/labrisz.hu\/<\/a><\/td>\n                    <td style=\"\"><\/td>\n                    <td style=\"\">Sajt\u00f3k\u00f6zlem\u00e9ny: Orb\u00e1n gy\u0171l\u00f6letkelt\u0151 szavai miatt ombudsmanhoz fordult nyolc szervezet<\/td>\n                    <td style=\"\">h\u00edr, besz\u00e1mol\u00f3, r\u00f6vid cikk<\/td>\n                    <td style=\"\"><a href='https:\/\/labrisz.hu\/hirek\/sajtokozlemeny_orban_gyuloletkelto_szavai_miatt_ombudsmanhoz_fordult_nyolc_szervezet.837.html?pageid=58' rel=' nofollow ' target='_blank'>https:\/\/labrisz.hu\/hirek\/sajtokozlemeny_orban_gyuloletkelto_szavai_miatt_ombudsmanhoz_fordult_nyolc_szervezet.837.html?pageid=58<\/a><\/td>\n                    <td style=\"\">pozit\u00edv<\/td>\n                    <td style=\"\"><\/td>\n                    <td style=\"\"><\/td>\n                    <td style=\"\"><\/td>\n                    <td style=\"\">Szervezetek reag\u00e1l\u00e1sa Orb\u00e1n Viktor okt\u00f3ber 4-i besz\u00e9dj\u00e9re, az \u00c1triumban t\u00f6rt\u00e9nt incidens ut\u00e1n: k\u00e9rik az Ombudsmant, hogy sz\u00f3laljon meg az \u00fcgyben<\/td>\n            <\/tr>\n            <tr id=\"table_2_row_439\">\n                    <td style=\"\">2020.10.22<\/td>\n                    <td style=\"\"><a href='http:\/\/4liberty.eu\/' rel=' nofollow ' target='_blank'>http:\/\/4liberty.eu\/<\/a><\/td>\n                    <td style=\"\">Radv\u00e1nyi Vikt\u00f3ria<\/td>\n                    <td style=\"\">LGBTQ Community Became Viktor Orban\u2019s Latest Scapegoat<\/td>\n                    <td style=\"\">publicisztika<\/td>\n                    <td style=\"\"><a href='http:\/\/4liberty.eu\/lgbtq-community-became-viktor-orbans-latest-scapegoat' rel=' nofollow ' target='_blank'>http:\/\/4liberty.eu\/lgbtq-community-became-viktor-orbans-latest-scapegoat<\/a><\/td>\n                    <td style=\"\">semleges<\/td>\n                    <td style=\"\"><\/td>\n                    <td style=\"\">igen<\/td>\n                    <td style=\"\">angol<\/td>\n                    <td style=\"\"><\/td>\n            <\/tr>\n            <tr id=\"table_2_row_440\">\n                    <td style=\"\">2020.10.22<\/td>\n                    <td style=\"\"><a href='https:\/\/magyarnemzet.hu\/' rel=' nofollow ' target='_blank'>https:\/\/magyarnemzet.hu\/<\/a><\/td>\n                    <td style=\"\">Nagy Orsolya<\/td>\n                    <td style=\"\">Soros-szervezetek homof\u00f3bi\u00e1val t\u00e1madj\u00e1k Orb\u00e1n Viktort<\/td>\n                    <td style=\"\">h\u00edr, besz\u00e1mol\u00f3, r\u00f6vid cikk<\/td>\n                    <td style=\"\"><a href='https:\/\/magyarnemzet.hu\/belfold\/soros-szervezetek-homofobiaval-tamadjak-orban-viktort-8846711\/' rel=' nofollow ' target='_blank'>https:\/\/magyarnemzet.hu\/belfold\/soros-szervezetek-homofobiaval-tamadjak-orban-viktort-8846711\/<\/a><\/td>\n                    <td style=\"\">negat\u00edv<\/td>\n                    <td style=\"\"><\/td>\n                    <td style=\"\"><\/td>\n                    <td style=\"\"><\/td>\n                    <td style=\"\"><\/td>\n            <\/tr>\n            <tr id=\"table_2_row_441\">\n                    <td style=\"\">2020.10.22<\/td>\n                    <td style=\"\"><a href='https:\/\/www.facebook.com\/' rel=' nofollow ' target='_blank'>https:\/\/www.facebook.com\/<\/a><\/td>\n                    <td style=\"\">Csal\u00e1di K\u00f6nyvklub<\/td>\n                    <td style=\"\"><\/td>\n                    <td style=\"\">egy\u00e9b<\/td>\n                    <td style=\"\"><a href='https:\/\/www.facebook.com\/permalink.php?id=387555594650037&amp;story_fbid=4510458645693024' rel=' nofollow ' target='_blank'>https:\/\/www.facebook.com\/permalink.php?id=387555594650037&amp;story_fbid=4510458645693024<\/a><\/td>\n                    <td style=\"\">pozit\u00edv<\/td>\n                    <td style=\"\">fb<\/td>\n                    <td style=\"\"><\/td>\n                    <td style=\"\"><\/td>\n                    <td style=\"\"><\/td>\n            <\/tr>\n            <tr id=\"table_2_row_442\">\n                    <td style=\"\">2020.10.22<\/td>\n                    <td style=\"\"><a href='https:\/\/www.helsinki.hu\/' rel=' nofollow ' target='_blank'>https:\/\/www.helsinki.hu\/<\/a><\/td>\n                    <td style=\"\"><\/td>\n                    <td style=\"\">Orb\u00e1n gy\u0171l\u00f6letkelt\u0151 szavai miatt ombudsbanhoz fordult nyolc szervezet<\/td>\n                    <td style=\"\">h\u00edr, besz\u00e1mol\u00f3, r\u00f6vid cikk<\/td>\n                    <td style=\"\"><a href='https:\/\/www.helsinki.hu\/orban-gyuloletkelto-szavai-miatt-ombudsmanhoz-fordult-nyolc-szervezet\/' rel=' nofollow ' target='_blank'>https:\/\/www.helsinki.hu\/orban-gyuloletkelto-szavai-miatt-ombudsmanhoz-fordult-nyolc-szervezet\/<\/a><\/td>\n                    <td style=\"\">semleges<\/td>\n                    <td style=\"\"><\/td>\n                    <td style=\"\"><\/td>\n                    <td style=\"\"><\/td>\n                    <td style=\"\"><\/td>\n            <\/tr>\n            <tr id=\"table_2_row_443\">\n                    <td style=\"\">2020.10.22<\/td>\n                    <td style=\"\"><a href='https:\/\/merce.hu\/' rel=' nofollow ' target='_blank'>https:\/\/merce.hu\/<\/a><\/td>\n                    <td style=\"\">Kiss Soma \u00c1brah\u00e1m<\/td>\n                    <td style=\"\">Nyolc civil szervezet k\u00f6z\u00f6sen fordul ombudsmanhoz Orb\u00e1n homof\u00f3b kijelent\u00e9sei miatt<\/td>\n                    <td style=\"\">h\u00edr, besz\u00e1mol\u00f3, r\u00f6vid cikk<\/td>\n                    <td style=\"\"><a href='https:\/\/merce.hu\/2020\/10\/22\/nyolc-civil-szervezet-kozosen-fordul-ombudsmanhoz-orban-homofob-kijelentesei-miatt\/' rel=' nofollow ' target='_blank'>https:\/\/merce.hu\/2020\/10\/22\/nyolc-civil-szervezet-kozosen-fordul-ombudsmanhoz-orban-homofob-kijelentesei-miatt\/<\/a><\/td>\n                    <td style=\"\">pozit\u00edv<\/td>\n                    <td style=\"\"><\/td>\n                    <td style=\"\"><\/td>\n                    <td style=\"\"><\/td>\n                    <td style=\"\"><\/td>\n            <\/tr>\n            <tr id=\"table_2_row_444\">\n                    <td style=\"\">2020.10.23<\/td>\n                    <td style=\"\"><a href='https:\/\/azonnali.hu\/' rel=' nofollow ' target='_blank'>https:\/\/azonnali.hu\/<\/a><\/td>\n                    <td style=\"\">Kiss Brigi<\/td>\n                    <td style=\"\">Szoft buziz\u00e1ssal z\u00e1rta okt\u00f3ber 23-ai besz\u00e9d\u00e9t a KDNP n\u00f3gr\u00e1di eln\u00f6ke<\/td>\n                    <td style=\"\">h\u00edr, besz\u00e1mol\u00f3, r\u00f6vid cikk<\/td>\n                    <td style=\"\"><a href='https:\/\/azonnali.hu\/cikk\/20201023_szoft-buzizassal-zarta-oktober-23-ai-beszedet-a-kdnp-nogradi-elnoke' rel=' nofollow ' target='_blank'>https:\/\/azonnali.hu\/cikk\/20201023_szoft-buzizassal-zarta-oktober-23-ai-beszedet-a-kdnp-nogradi-elnoke<\/a><\/td>\n                    <td style=\"\">semleges<\/td>\n                    <td style=\"\"><\/td>\n                    <td style=\"\"><\/td>\n                    <td style=\"\"><\/td>\n                    <td style=\"\"><\/td>\n            <\/tr>\n            <tr id=\"table_2_row_445\">\n                    <td style=\"\">2020.10.23<\/td>\n                    <td style=\"\"><a href='https:\/\/telex.hu\/' rel=' nofollow ' target='_blank'>https:\/\/telex.hu\/<\/a><\/td>\n                    <td style=\"\">Pint\u00e9r Luca, Nyilas Gergely<\/td>\n                    <td style=\"\">Mi Haz\u00e1nk Mozgalom: K\u00f6nyvet \u00e9getni soha nem k\u00e9s\u0151<\/td>\n                    <td style=\"\">h\u00edr, besz\u00e1mol\u00f3, r\u00f6vid cikk<\/td>\n                    <td style=\"\"><a href='https:\/\/telex.hu\/belfold\/2020\/10\/23\/mi-hazank-mozgalom-56-os-megemlekezese' rel=' nofollow ' target='_blank'>https:\/\/telex.hu\/belfold\/2020\/10\/23\/mi-hazank-mozgalom-56-os-megemlekezese<\/a><\/td>\n                    <td style=\"\">semleges<\/td>\n                    <td style=\"\"><\/td>\n                    <td style=\"\"><\/td>\n                    <td style=\"\"><\/td>\n                    <td style=\"\"><\/td>\n            <\/tr>\n            <tr id=\"table_2_row_446\">\n                    <td style=\"\">2020.10.23<\/td>\n                    <td style=\"\"><a href='https:\/\/www.youtube.com\/' rel=' nofollow ' target='_blank'>https:\/\/www.youtube.com\/<\/a><\/td>\n                    <td style=\"\">K\u00f6nyvtolvaj<\/td>\n                    <td style=\"\">Meseorsz\u00e1g mindenki\u00e9 - k\u00f6nyvbemutat\u00f3<\/td>\n                    <td style=\"\">vide\u00f3<\/td>\n                    <td style=\"\"><a href='https:\/\/www.youtube.com\/watch?v=An44QpMARz4' rel=' nofollow ' target='_blank'>https:\/\/www.youtube.com\/watch?v=An44QpMARz4<\/a><\/td>\n                    <td style=\"\">pozit\u00edv<\/td>\n                    <td style=\"\">youtube<\/td>\n                    <td style=\"\"><\/td>\n                    <td style=\"\"><\/td>\n                    <td style=\"\"><\/td>\n            <\/tr>\n            <tr id=\"table_2_row_447\">\n                    <td style=\"\">2020.10.24<\/td>\n                    <td style=\"\"><a href='https:\/\/magyarnemzet.hu\/' rel=' nofollow ' target='_blank'>https:\/\/magyarnemzet.hu\/<\/a><\/td>\n                    <td style=\"\">Ap\u00e1ti Bence<\/td>\n                    <td style=\"\">A botr\u00e1nyos mesek\u00f6nyv csak az els\u0151 l\u00e9pcs\u0151fok<\/td>\n                    <td style=\"\">publicisztika<\/td>\n                    <td style=\"\"><a href='https:\/\/magyarnemzet.hu\/velemeny\/a-botranyos-mesekonyv-csak-az-elso-lepcsofok-8852987\/' rel=' nofollow ' target='_blank'>https:\/\/magyarnemzet.hu\/velemeny\/a-botranyos-mesekonyv-csak-az-elso-lepcsofok-8852987\/<\/a><\/td>\n                    <td style=\"\">negat\u00edv<\/td>\n                    <td style=\"\"><\/td>\n                    <td style=\"\"><\/td>\n                    <td style=\"\"><\/td>\n                    <td style=\"\"><\/td>\n            <\/tr>\n            <tr id=\"table_2_row_448\">\n                    <td style=\"\">2020.10.24<\/td>\n                    <td style=\"\"><a href='https:\/\/www.facebook.com\/' rel=' nofollow ' target='_blank'>https:\/\/www.facebook.com\/<\/a><\/td>\n                    <td style=\"\">Tompa Andrea<\/td>\n                    <td style=\"\">Vaslaci<\/td>\n                    <td style=\"\">mesek\u00f6zl\u00e9s<\/td>\n                    <td style=\"\"><a href='https:\/\/www.facebook.com\/battodui\/videos\/10222621266175585' rel=' nofollow ' target='_blank'>https:\/\/www.facebook.com\/battodui\/videos\/10222621266175585<\/a><\/td>\n                    <td style=\"\">semleges<\/td>\n                    <td style=\"\">fb<\/td>\n                    <td style=\"\"><\/td>\n                    <td style=\"\"><\/td>\n                    <td style=\"\">Bart\u00f3k Gyuri a fb-oldal\u00e1n estimes\u00e9t mond<\/td>\n            <\/tr>\n            <tr id=\"table_2_row_449\">\n                    <td style=\"\">2020.10.25<\/td>\n                    <td style=\"\"><a href='https:\/\/www.youtube.com\/' rel=' nofollow ' target='_blank'>https:\/\/www.youtube.com\/<\/a><\/td>\n                    <td style=\"\">Zs\u00e9dely T\u00edmea<\/td>\n                    <td style=\"\">L\u00e9lekb\u00fav\u00e1rok kult\u00far\u00e1k k\u00f6z\u00f6tt 4. Szexu\u00e1lis szabads\u00e1g \u00e9s \u00f6nismeret<\/td>\n                    <td style=\"\">vide\u00f3<\/td>\n                    <td style=\"\"><a href='https:\/\/www.youtube.com\/watch?v=T14qUjdwwhw' rel=' nofollow ' target='_blank'>https:\/\/www.youtube.com\/watch?v=T14qUjdwwhw<\/a><\/td>\n                    <td style=\"\">pozit\u00edv<\/td>\n                    <td style=\"\">youtube<\/td>\n                    <td style=\"\"><\/td>\n                    <td style=\"\"><\/td>\n                    <td style=\"\">Zs\u00e9dely T\u00edmea besz\u00e9lget Indries Kriszt\u00e1nnal, Ford No\u00e9mivel \u00e9s Borgos Ann\u00e1va<\/td>\n            <\/tr>\n            <tr id=\"table_2_row_450\">\n                    <td style=\"\">2020.10.25<\/td>\n                    <td style=\"\"><a href='https:\/\/index.hu\/' rel=' nofollow ' target='_blank'>https:\/\/index.hu\/<\/a><\/td>\n                    <td style=\"\">Fer\u00f3 Dalma<\/td>\n                    <td style=\"\">V\u00e9resen komoly mes\u00e9k: Alien vs. Predator Meseorsz\u00e1gban<\/td>\n                    <td style=\"\">publicisztika<\/td>\n                    <td style=\"\"><a href='https:\/\/index.hu\/velemeny\/2020\/10\/25\/veresen_komoly_mesek_meseorszag_alien_predator_didaktikus_pamfletirodalom\/' rel=' nofollow ' target='_blank'>https:\/\/index.hu\/velemeny\/2020\/10\/25\/veresen_komoly_mesek_meseorszag_alien_predator_didaktikus_pamfletirodalom\/<\/a><\/td>\n                    <td style=\"\">negat\u00edv<\/td>\n                    <td style=\"\"><\/td>\n                    <td style=\"\"><\/td>\n                    <td style=\"\"><\/td>\n                    <td style=\"\"><\/td>\n            <\/tr>\n            <tr id=\"table_2_row_451\">\n                    <td style=\"\">2020.10.26<\/td>\n                    <td style=\"\"><a href='https:\/\/tilos.hu\/' rel=' nofollow ' target='_blank'>https:\/\/tilos.hu\/<\/a><\/td>\n                    <td style=\"\">R\u00e9v\u00e9sz Ren\u00e1ta (m\u0171sorvez.)<\/td>\n                    <td style=\"\">Teszt \u00e9s l\u00e9lek: Meseorsz\u00e1g \u00e9s ami k\u00f6r\u00fcl\u00f6tte van, pszichol\u00f3gus szemmel<\/td>\n                    <td style=\"\">r\u00e1di\u00f3<\/td>\n                    <td style=\"\"><a href='https:\/\/tilos.hu\/episode\/teszt-es-lelek\/2020\/10\/26' rel=' nofollow ' target='_blank'>https:\/\/tilos.hu\/episode\/teszt-es-lelek\/2020\/10\/26<\/a><\/td>\n                    <td style=\"\">pozit\u00edv<\/td>\n                    <td style=\"\"><\/td>\n                    <td style=\"\"><\/td>\n                    <td style=\"\"><\/td>\n                    <td style=\"\">Besz\u00e9lget\u00e9s Ny\u00fal Bogl\u00e1rka szoc\u00e1lpszichol\u00f3gussal, L\u00e1szl\u00f3ffy Julianna klinikai szakpszichol\u00f3gussal, B\u00e1lint Eszter pszichol\u00f3gussal \u00e9s Borgos Anna pszichol\u00f3gussal<\/td>\n            <\/tr>\n            <tr id=\"table_2_row_452\">\n                    <td style=\"\">2020.10.26<\/td>\n                    <td style=\"\"><a href='https:\/\/index.hu\/' rel=' nofollow ' target='_blank'>https:\/\/index.hu\/<\/a><\/td>\n                    <td style=\"\">Forg\u00e1cs Marietta<\/td>\n                    <td style=\"\">Nemv\u00e1lt\u00e1s \u00e9s a k\u00e9t kir\u00e1lyfi esk\u00fcv\u0151j\u00e9nek rekl\u00e1mja \u2013 ilyen Meseorsz\u00e1g m\u00f3dszertana<\/td>\n                    <td style=\"\">publicisztika<\/td>\n                    <td style=\"\"><a href='https:\/\/index.hu\/belfold\/2020\/10\/26\/kiralyfik_eskuvoi_reklam_meseorszag_modszertana' rel=' nofollow ' target='_blank'>https:\/\/index.hu\/belfold\/2020\/10\/26\/kiralyfik_eskuvoi_reklam_meseorszag_modszertana<\/a><\/td>\n                    <td style=\"\">negat\u00edv<\/td>\n                    <td style=\"\"><\/td>\n                    <td style=\"\"><\/td>\n                    <td style=\"\"><\/td>\n                    <td style=\"\"><\/td>\n            <\/tr>\n            <tr id=\"table_2_row_453\">\n                    <td style=\"\">2020.10.26<\/td>\n                    <td style=\"\"><a href='https:\/\/www.facebook.com\/' rel=' nofollow ' target='_blank'>https:\/\/www.facebook.com\/<\/a><\/td>\n                    <td style=\"\">Sziv\u00e1rv\u00e1nyl\u00e1ny<\/td>\n                    <td style=\"\">Meseorsz\u00e1g midnenki\u00e9<\/td>\n                    <td style=\"\">FB-poszt<\/td>\n                    <td style=\"\"><a href='https:\/\/www.facebook.com\/permalink.php?story_fbid=706325983573648&amp;id=319508178922099' rel=' nofollow ' target='_blank'>https:\/\/www.facebook.com\/permalink.php?story_fbid=706325983573648&amp;id=319508178922099<\/a><\/td>\n                    <td style=\"\">pozit\u00edv<\/td>\n                    <td style=\"\">fb<\/td>\n                    <td style=\"\"><\/td>\n                    <td style=\"\"><\/td>\n                    <td style=\"\"><\/td>\n            <\/tr>\n            <tr id=\"table_2_row_454\">\n                    <td style=\"\">2020.10.26<\/td>\n                    <td style=\"\"><a href='https:\/\/magyarnemzet.hu\/' rel=' nofollow ' target='_blank'>https:\/\/magyarnemzet.hu\/<\/a><\/td>\n                    <td style=\"\">V4NA H\u00edr\u00fcgyn\u00f6ks\u00e9g<\/td>\n                    <td style=\"\">Bukott \u00fcgy a gyerekmes\u00e9kbe rejtett baloldali propaganda<\/td>\n                    <td style=\"\">interj\u00fa<\/td>\n                    <td style=\"\"><a href='https:\/\/magyarnemzet.hu\/kulfold\/bukott-ugy-a-gyerekmesekbe-rejtett-baloldali-propaganda-8863514\/' rel=' nofollow ' target='_blank'>https:\/\/magyarnemzet.hu\/kulfold\/bukott-ugy-a-gyerekmesekbe-rejtett-baloldali-propaganda-8863514\/<\/a><\/td>\n                    <td style=\"\">negat\u00edv<\/td>\n                    <td style=\"\"><\/td>\n                    <td style=\"\"><\/td>\n                    <td style=\"\"><\/td>\n                    <td style=\"\"><\/td>\n            <\/tr>\n            <tr id=\"table_2_row_455\">\n                    <td style=\"\">2020.10.26<\/td>\n                    <td style=\"\"><a href='https:\/\/www.magyarhirlap.hu\/' rel=' nofollow ' target='_blank'>https:\/\/www.magyarhirlap.hu\/<\/a><\/td>\n                    <td style=\"\">Vit\u00e9z Ferenc<\/td>\n                    <td style=\"\">Mese-mese a Toronyb\u00f3l<\/td>\n                    <td style=\"\">publicisztika<\/td>\n                    <td style=\"\"><a href='https:\/\/www.magyarhirlap.hu\/velemeny\/20201026-mese-mese-a-toronybol' rel=' nofollow ' target='_blank'>https:\/\/www.magyarhirlap.hu\/velemeny\/20201026-mese-mese-a-toronybol<\/a><\/td>\n                    <td style=\"\">negat\u00edv<\/td>\n                    <td style=\"\"><\/td>\n                    <td style=\"\"><\/td>\n                    <td style=\"\"><\/td>\n                    <td style=\"\"><\/td>\n            <\/tr>\n            <tr id=\"table_2_row_456\">\n                    <td style=\"\">2020.10.26<\/td>\n                    <td style=\"\"><a href='https:\/\/gondola.hu\/' rel=' nofollow ' target='_blank'>https:\/\/gondola.hu\/<\/a><\/td>\n                    <td style=\"\"><\/td>\n                    <td style=\"\">Meseorsz\u00e1g - V\u00e9lem\u00e9nyek a botr\u00e1nyos mesek\u00f6nyvr\u0151l - 6.<\/td>\n                    <td style=\"\">publicisztika<\/td>\n                    <td style=\"\"><a href='https:\/\/gondola.hu\/cikkek\/117831-Meseorszag_-_Velemenyek_a_botranyos_mesekonyvrol_-_6_.html' rel=' nofollow ' target='_blank'>https:\/\/gondola.hu\/cikkek\/117831-Meseorszag_-_Velemenyek_a_botranyos_mesekonyvrol_-_6_.html<\/a><\/td>\n                    <td style=\"\">negat\u00edv<\/td>\n                    <td style=\"\"><\/td>\n                    <td style=\"\"><\/td>\n                    <td style=\"\"><\/td>\n                    <td style=\"\"><\/td>\n            <\/tr>\n            <tr id=\"table_2_row_457\">\n                    <td style=\"\">2020.10.26<\/td>\n                    <td style=\"\"><a href='https:\/\/index.hu\/' rel=' nofollow ' target='_blank'>https:\/\/index.hu\/<\/a><\/td>\n                    <td style=\"\">Forg\u00e1cs Marietta<\/td>\n                    <td style=\"\">Nemv\u00e1lt\u00e1s \u00e9s a k\u00e9t kir\u00e1lyfi esk\u00fcv\u0151j\u00e9nek rekl\u00e1mja \u2013 ilyen Meseorsz\u00e1g m\u00f3dszertana<\/td>\n                    <td style=\"\">publicisztika<\/td>\n                    <td style=\"\"><a href='https:\/\/index.hu\/belfold\/2020\/10\/26\/kiralyfik_eskuvoi_reklam_meseorszag_modszertana\/' rel=' nofollow ' target='_blank'>https:\/\/index.hu\/belfold\/2020\/10\/26\/kiralyfik_eskuvoi_reklam_meseorszag_modszertana\/<\/a><\/td>\n                    <td style=\"\">negat\u00edv<\/td>\n                    <td style=\"\"><\/td>\n                    <td style=\"\"><\/td>\n                    <td style=\"\"><\/td>\n                    <td style=\"\">az index cikke a foglalkoz\u00e1stervek hat\u00e1sair\u00f3l<\/td>\n            <\/tr>\n            <tr id=\"table_2_row_458\">\n                    <td style=\"\">2020.10.27<\/td>\n                    <td style=\"\"><a href='https:\/\/www.facebook.com\/' rel=' nofollow ' target='_blank'>https:\/\/www.facebook.com\/<\/a><\/td>\n                    <td style=\"\">LMBTQ gyermekek sz\u00fclei \u00e9s t\u00e1mogat\u00f3i<\/td>\n                    <td style=\"\">Meseorsz\u00e1g mindenki\u00e9, besz\u00e9lget\u00e9s alkot\u00f3kkal \u00e9s szak\u00e9rt\u0151kkel<\/td>\n                    <td style=\"\">esem\u00e9ny<\/td>\n                    <td style=\"\"><a href='https:\/\/www.facebook.com\/events\/404925310668555\/' rel=' nofollow ' target='_blank'>https:\/\/www.facebook.com\/events\/404925310668555\/<\/a><\/td>\n                    <td style=\"\">pozit\u00edv<\/td>\n                    <td style=\"\">fb<\/td>\n                    <td style=\"\"><\/td>\n                    <td style=\"\"><\/td>\n                    <td style=\"\">Besz\u00e9lget\u00e9s K\u00f6vesi Gy\u00f6rgyivel, L\u0151rincz No\u00e9mivel \u00e9s Kov\u00e1cs Brigitt\u00e1val (Efi)<\/td>\n            <\/tr>\n            <tr id=\"table_2_row_459\">\n                    <td style=\"\">2020.10.27<\/td>\n                    <td style=\"\"><a href='https:\/\/168ora.hu\/' rel=' nofollow ' target='_blank'>https:\/\/168ora.hu\/<\/a><\/td>\n                    <td style=\"\">Sv\u00e9bis Bence<\/td>\n                    <td style=\"\">Pet\u00edci\u00f3k p\u00e1rbaja \u2013 Pszichol\u00f3giai s\u00edkon folytat\u00f3dik a ledar\u00e1lt mesek\u00f6nyv \u00fcgye<\/td>\n                    <td style=\"\">h\u00edr, besz\u00e1mol\u00f3, r\u00f6vid cikk<\/td>\n                    <td style=\"\"><a href='https:\/\/168ora.hu\/kultura\/peticiok-parbaja-pszichologiai-sikon-folytatodik-a-ledaralt-mesekonyv-ugye-194150' rel=' nofollow ' target='_blank'>https:\/\/168ora.hu\/kultura\/peticiok-parbaja-pszichologiai-sikon-folytatodik-a-ledaralt-mesekonyv-ugye-194150<\/a><\/td>\n                    <td style=\"\">pozit\u00edv<\/td>\n                    <td style=\"\"><\/td>\n                    <td style=\"\"><\/td>\n                    <td style=\"\"><\/td>\n                    <td style=\"\"><\/td>\n            <\/tr>\n            <tr id=\"table_2_row_460\">\n                    <td style=\"\">2020.10.27<\/td>\n                    <td style=\"\"><a href='https:\/\/magyarnemzet.hu\/' rel=' nofollow ' target='_blank'>https:\/\/magyarnemzet.hu\/<\/a><\/td>\n                    <td style=\"\">T\u00f3th I.<\/td>\n                    <td style=\"\">\u00c9rz\u00e9keny\u00edtve<\/td>\n                    <td style=\"\">publicisztika<\/td>\n                    <td style=\"\"><a href='https:\/\/magyarnemzet.hu\/lugas-rovat\/erzekenyitve-8866901\/' rel=' nofollow ' target='_blank'>https:\/\/magyarnemzet.hu\/lugas-rovat\/erzekenyitve-8866901\/<\/a><\/td>\n                    <td style=\"\">negat\u00edv<\/td>\n                    <td style=\"\"><\/td>\n                    <td style=\"\"><\/td>\n                    <td style=\"\"><\/td>\n                    <td style=\"\"><\/td>\n            <\/tr>\n            <tr id=\"table_2_row_461\">\n                    <td style=\"\">2020.10.27<\/td>\n                    <td style=\"\"><a href='https:\/\/www.origo.hu\/' rel=' nofollow ' target='_blank'>https:\/\/www.origo.hu\/<\/a><\/td>\n                    <td style=\"\"><\/td>\n                    <td style=\"\">Kelet-Eur\u00f3p\u00e1ban nem fog m\u0171k\u00f6dni a gyerekmes\u00e9kbe rejtett baloldali propaganda<\/td>\n                    <td style=\"\">h\u00edr, besz\u00e1mol\u00f3, r\u00f6vid cikk<\/td>\n                    <td style=\"\"><a href='https:\/\/www.origo.hu\/nagyvilag\/20201027-filip-furman-v4na.html' rel=' nofollow ' target='_blank'>https:\/\/www.origo.hu\/nagyvilag\/20201027-filip-furman-v4na.html<\/a><\/td>\n                    <td style=\"\">negat\u00edv<\/td>\n                    <td style=\"\"><\/td>\n                    <td style=\"\"><\/td>\n                    <td style=\"\"><\/td>\n                    <td style=\"\"><\/td>\n            <\/tr>\n            <tr id=\"table_2_row_462\">\n                    <td style=\"\">2020.10.27<\/td>\n                    <td style=\"\"><a href='https:\/\/www.vaconline.hu\/' rel=' nofollow ' target='_blank'>https:\/\/www.vaconline.hu\/<\/a><\/td>\n                    <td style=\"\"><\/td>\n                    <td style=\"\">Meseorsz\u00e1g mindenki\u00e9 vagy egyre ink\u00e1bb m\u00e1sok\u00e9?<\/td>\n                    <td style=\"\">egy\u00e9b<\/td>\n                    <td style=\"\"><a href='https:\/\/www.vaconline.hu\/2020\/10\/07\/meseorszag-mindenkie-vagy-egyre-inkabb-masoke\/' rel=' nofollow ' target='_blank'>https:\/\/www.vaconline.hu\/2020\/10\/07\/meseorszag-mindenkie-vagy-egyre-inkabb-masoke\/<\/a><\/td>\n                    <td style=\"\">negat\u00edv<\/td>\n                    <td style=\"\"><\/td>\n                    <td style=\"\"><\/td>\n                    <td style=\"\"><\/td>\n                    <td style=\"\"><\/td>\n            <\/tr>\n            <tr id=\"table_2_row_463\">\n                    <td style=\"\">2020.10.27<\/td>\n                    <td style=\"\"><a href='https:\/\/www.facebook.com\/' rel=' nofollow ' target='_blank'>https:\/\/www.facebook.com\/<\/a><\/td>\n                    <td style=\"\"><\/td>\n                    <td style=\"\">Drogriporter bejegyz\u00e9s<\/td>\n                    <td style=\"\">FB-poszt<\/td>\n                    <td style=\"\"><a href='https:\/\/www.facebook.com\/drogriporter\/photos\/a.382747466103\/10157488242391104\/?type=3&amp;theater' rel=' nofollow ' target='_blank'>https:\/\/www.facebook.com\/drogriporter\/photos\/a.382747466103\/10157488242391104\/?type=3&amp;theater<\/a><\/td>\n                    <td style=\"\">pozit\u00edv<\/td>\n                    <td style=\"\"><\/td>\n                    <td style=\"\"><\/td>\n                    <td style=\"\"><\/td>\n                    <td style=\"\">Drogriporter bejegyz\u00e9<\/td>\n            <\/tr>\n            <tr id=\"table_2_row_464\">\n                    <td style=\"\">2020.10.28<\/td>\n                    <td style=\"\"><a href='http:\/\/www.vasarhely24.com\/' rel=' nofollow ' target='_blank'>http:\/\/www.vasarhely24.com\/<\/a><\/td>\n                    <td style=\"\">\u00c1cs Helga<\/td>\n                    <td style=\"\">Meleg esk\u00fcv\u0151h\u00f6z iratn\u00e1nak rekl\u00e1mszlogeneket gyerekekkel<\/td>\n                    <td style=\"\">h\u00edr, besz\u00e1mol\u00f3, r\u00f6vid cikk<\/td>\n                    <td style=\"\"><a href='http:\/\/www.vasarhely24.com\/belfold\/meleg-eskuvokhoz-iratnanak-reklamszlogeneket-gyerekekkel' rel=' nofollow ' target='_blank'>http:\/\/www.vasarhely24.com\/belfold\/meleg-eskuvokhoz-iratnanak-reklamszlogeneket-gyerekekkel<\/a><\/td>\n                    <td style=\"\">negat\u00edv<\/td>\n                    <td style=\"\"><\/td>\n                    <td style=\"\"><\/td>\n                    <td style=\"\"><\/td>\n                    <td style=\"\"><\/td>\n            <\/tr>\n            <tr id=\"table_2_row_465\">\n                    <td style=\"\">2020.10.28<\/td>\n                    <td style=\"\"><a href='https:\/\/www.youtube.com\/' rel=' nofollow ' target='_blank'>https:\/\/www.youtube.com\/<\/a><\/td>\n                    <td style=\"\">Angry Geri<\/td>\n                    <td style=\"\">Angri Geri kiakad lmbtq mesek\u00f6nyv (meseorsz\u00e1g mindenki\u00e9) reupload<\/td>\n                    <td style=\"\">vide\u00f3<\/td>\n                    <td style=\"\"><a href='https:\/\/www.youtube.com\/watch?v=Rm9YBm7AoB4&amp;feature=emb_logo' rel=' nofollow ' target='_blank'>https:\/\/www.youtube.com\/watch?v=Rm9YBm7AoB4&amp;feature=emb_logo<\/a><\/td>\n                    <td style=\"\">negat\u00edv<\/td>\n                    <td style=\"\">youtube<\/td>\n                    <td style=\"\"><\/td>\n                    <td style=\"\"><\/td>\n                    <td style=\"\"><\/td>\n            <\/tr>\n            <tr id=\"table_2_row_466\">\n                    <td style=\"\">2020.10.28<\/td>\n                    <td style=\"\"><a href='https:\/\/www.pikaramagazine.com\/' rel=' nofollow ' target='_blank'>https:\/\/www.pikaramagazine.com\/<\/a><\/td>\n                    <td style=\"\">Jose a Cano<\/td>\n                    <td style=\"\">LGTBfobia para ganar votos en el reino de Orb\u00e1n<\/td>\n                    <td style=\"\">h\u00edr, besz\u00e1mol\u00f3, r\u00f6vid cikk<\/td>\n                    <td style=\"\"><a href='https:\/\/www.pikaramagazine.com\/2020\/10\/lgtbfobia-para-ganar-votos-en-el-reino-de-orban\/' rel=' nofollow ' target='_blank'>https:\/\/www.pikaramagazine.com\/2020\/10\/lgtbfobia-para-ganar-votos-en-el-reino-de-orban\/<\/a><\/td>\n                    <td style=\"\">pozit\u00edv<\/td>\n                    <td style=\"\"><\/td>\n                    <td style=\"\">igen<\/td>\n                    <td style=\"\">spanyol<\/td>\n                    <td style=\"\"><\/td>\n            <\/tr>\n            <tr id=\"table_2_row_467\">\n                    <td style=\"\">2020.10.28<\/td>\n                    <td style=\"\"><a href='https:\/\/www.facebook.com\/' rel=' nofollow ' target='_blank'>https:\/\/www.facebook.com\/<\/a><\/td>\n                    <td style=\"\"><\/td>\n                    <td style=\"\"><\/td>\n                    <td style=\"\">FB-poszt<\/td>\n                    <td style=\"\"><a href='https:\/\/www.facebook.com\/F%C3%BCggetlen-Szabad-Egyetem-106211634575475\/photos\/pcb.136756344854337\/136756084854363' rel=' nofollow ' target='_blank'>https:\/\/www.facebook.com\/F%C3%BCggetlen-Szabad-Egyetem-106211634575475\/photos\/pcb.136756344854337\/136756084854363<\/a><\/td>\n                    <td style=\"\">pozit\u00edv<\/td>\n                    <td style=\"\">fb<\/td>\n                    <td style=\"\"><\/td>\n                    <td style=\"\"><\/td>\n                    <td style=\"\">K\u00e9p: Az egyetemfoglal\u00e1s 57. napj\u00e1n 2 hallgat\u00f3 olvassa a Meseorsz\u00e1g mindenki\u00e9 c\u00edm\u0171 mesek\u00f6nyvet a Sz\u00ednh\u00e1z- \u00e9s Filmm\u0171v\u00e9szeti Egyetem bej\u00e1rat\u00e1n\u00e1l.<\/td>\n            <\/tr>\n            <tr id=\"table_2_row_468\">\n                    <td style=\"\">2020.10.28<\/td>\n                    <td style=\"\"><a href='https:\/\/www.facebook.com\/' rel=' nofollow ' target='_blank'>https:\/\/www.facebook.com\/<\/a><\/td>\n                    <td style=\"\"><\/td>\n                    <td style=\"\"><\/td>\n                    <td style=\"\">m\u00e9m, k\u00e9p<\/td>\n                    <td style=\"\"><a href='https:\/\/www.facebook.com\/F\u00fcggetlen-Szabad-Egyetem-106211634575475\/photos\/pcb.136756344854337\/136756084854363\/' rel=' nofollow ' target='_blank'>https:\/\/www.facebook.com\/F\u00fcggetlen-Szabad-Egyetem-106211634575475\/photos\/pcb.136756344854337\/136756084854363\/<\/a><\/td>\n                    <td style=\"\">pozit\u00edv<\/td>\n                    <td style=\"\">fb<\/td>\n                    <td style=\"\"><\/td>\n                    <td style=\"\"><\/td>\n                    <td style=\"\">k\u00e9t hallgat\u00f3 az egyetemfoglal\u00e1s k\u00f6zben meseorsz\u00e1g k\u00f6nyvet olvas<\/td>\n            <\/tr>\n            <tr id=\"table_2_row_469\">\n                    <td style=\"\">2020.10.29<\/td>\n                    <td style=\"\"><a href='https:\/\/www.youtube.com\/' rel=' nofollow ' target='_blank'>https:\/\/www.youtube.com\/<\/a><\/td>\n                    <td style=\"\"><\/td>\n                    <td style=\"\">Test\u00fcleti \u00fcl\u00e9s -- Le\u00e1nyfalu \u00d6nkorm\u00e1nyzata<\/td>\n                    <td style=\"\">TV<\/td>\n                    <td style=\"\"><a href='https:\/\/www.youtube.com\/watch?v=91NqhkmcjXI&amp;feature=youtu.be&amp;t=3218' rel=' nofollow ' target='_blank'>https:\/\/www.youtube.com\/watch?v=91NqhkmcjXI&amp;feature=youtu.be&amp;t=3218<\/a><\/td>\n                    <td style=\"\">semleges<\/td>\n                    <td style=\"\">youtube<\/td>\n                    <td style=\"\"><\/td>\n                    <td style=\"\"><\/td>\n                    <td style=\"\"><\/td>\n            <\/tr>\n            <tr id=\"table_2_row_470\">\n                    <td style=\"\">2020.10.29<\/td>\n                    <td style=\"\"><a href='https:\/\/barankovics.hu\/' rel=' nofollow ' target='_blank'>https:\/\/barankovics.hu\/<\/a><\/td>\n                    <td style=\"\">KMR<\/td>\n                    <td style=\"\">Meseorsz\u00e1g - sok(k)pontnulla<\/td>\n                    <td style=\"\">v\u00e9lem\u00e9ny<\/td>\n                    <td style=\"\"><a href='https:\/\/barankovics.hu\/meseorszag-sokkpontnulla\/' rel=' nofollow ' target='_blank'>https:\/\/barankovics.hu\/meseorszag-sokkpontnulla\/<\/a><\/td>\n                    <td style=\"\">pozit\u00edv<\/td>\n                    <td style=\"\"><\/td>\n                    <td style=\"\"><\/td>\n                    <td style=\"\"><\/td>\n                    <td style=\"\"><\/td>\n            <\/tr>\n            <tr id=\"table_2_row_471\">\n                    <td style=\"\">2020.10.30<\/td>\n                    <td style=\"\"><a href='https:\/\/vasarnap.hu\/' rel=' nofollow ' target='_blank'>https:\/\/vasarnap.hu\/<\/a><\/td>\n                    <td style=\"\">Hujbert Istv\u00e1n<\/td>\n                    <td style=\"\">Ami \u00e9rz\u00e9keny\u00edt\u00e9s c\u00edm\u00e9n zajlik, val\u00f3j\u00e1ban durva beavatkoz\u00e1s, ir\u00e1ny\u00edt\u00e1s \u2013 P\u00e9csi Rita a Vas\u00e1rnapnak<\/td>\n                    <td style=\"\">interj\u00fa<\/td>\n                    <td style=\"\"><a href='https:\/\/vasarnap.hu\/2020\/10\/30\/pecsi-rita-meseorszag-mindenkie-erzekenyites-mesekonyv\/' rel=' nofollow ' target='_blank'>https:\/\/vasarnap.hu\/2020\/10\/30\/pecsi-rita-meseorszag-mindenkie-erzekenyites-mesekonyv\/<\/a><\/td>\n                    <td style=\"\">negat\u00edv<\/td>\n                    <td style=\"\"><\/td>\n                    <td style=\"\"><\/td>\n                    <td style=\"\"><\/td>\n                    <td style=\"\"><\/td>\n            <\/tr>\n            <tr id=\"table_2_row_472\">\n                    <td style=\"\">2020.10.30<\/td>\n                    <td style=\"\"><a href='http:\/\/www.barkaonline.hu\/' rel=' nofollow ' target='_blank'>http:\/\/www.barkaonline.hu\/<\/a><\/td>\n                    <td style=\"\">M\u00e9sz\u00f6ly \u00c1gnes<\/td>\n                    <td style=\"\">Amir\u0151l nem besz\u00e9l\u00fcnk<\/td>\n                    <td style=\"\">recenzi\u00f3<\/td>\n                    <td style=\"\"><a href='http:\/\/www.barkaonline.hu\/futtyoges-es-nahatozas\/7430-meszoly-agnes--amir-l-nem-beszelunk' rel=' nofollow ' target='_blank'>http:\/\/www.barkaonline.hu\/futtyoges-es-nahatozas\/7430-meszoly-agnes--amir-l-nem-beszelunk<\/a><\/td>\n                    <td style=\"\">semleges<\/td>\n                    <td style=\"\"><\/td>\n                    <td style=\"\"><\/td>\n                    <td style=\"\"><\/td>\n                    <td style=\"\"><\/td>\n            <\/tr>\n            <tr id=\"table_2_row_473\">\n                    <td style=\"\">2020.10.30<\/td>\n                    <td style=\"\"><a href='https:\/\/www.facebook.com\/' rel=' nofollow ' target='_blank'>https:\/\/www.facebook.com\/<\/a><\/td>\n                    <td style=\"\"><\/td>\n                    <td style=\"\">Drama Queer Festival, Szlov\u00e1kia<\/td>\n                    <td style=\"\">vide\u00f3<\/td>\n                    <td style=\"\"><a href='https:\/\/www.facebook.com\/festivaldramaqueer\/videos\/268881857869237' rel=' nofollow ' target='_blank'>https:\/\/www.facebook.com\/festivaldramaqueer\/videos\/268881857869237<\/a><\/td>\n                    <td style=\"\">pozit\u00edv<\/td>\n                    <td style=\"\">fb<\/td>\n                    <td style=\"\">igen<\/td>\n                    <td style=\"\">szlov\u00e1k<\/td>\n                    <td style=\"\">A szlov\u00e1k Festival Drama Queer felolvas\u00e1sa<\/td>\n            <\/tr>\n            <tr id=\"table_2_row_474\">\n                    <td style=\"\">2020.10.31<\/td>\n                    <td style=\"\"><a href='https:\/\/nepszava.hu\/' rel=' nofollow ' target='_blank'>https:\/\/nepszava.hu\/<\/a><\/td>\n                    <td style=\"\">Juh\u00e1sz D\u00e1niel<\/td>\n                    <td style=\"\">\u201eA Meseorsz\u00e1g mindenki\u00e9 \u00fcgye egy felf\u00fajt lufi\u201d<\/td>\n                    <td style=\"\">interj\u00fa<\/td>\n                    <td style=\"\"><a href='https:\/\/nepszava.hu\/3097423_a-meseorszag-mindenkie-ugye-egy-felfujt-lufi' rel=' nofollow ' target='_blank'>https:\/\/nepszava.hu\/3097423_a-meseorszag-mindenkie-ugye-egy-felfujt-lufi<\/a><\/td>\n                    <td style=\"\">pozit\u00edv<\/td>\n                    <td style=\"\"><\/td>\n                    <td style=\"\"><\/td>\n                    <td style=\"\"><\/td>\n                    <td style=\"\">Interj\u00fa Gyarmathy \u00c9va pszichol\u00f3gussal<\/td>\n            <\/tr>\n            <tr id=\"table_2_row_475\">\n                    <td style=\"\">2020.10.31<\/td>\n                    <td style=\"\"><a href='https:\/\/www.youtube.com\/' rel=' nofollow ' target='_blank'>https:\/\/www.youtube.com\/<\/a><\/td>\n                    <td style=\"\"><\/td>\n                    <td style=\"\">Le\u00e1nyfalu \u00f6nkorm\u00e1nyzat\u00e1nak test\u00fcleti \u00fcl\u00e9se 2020.10.31.<\/td>\n                    <td style=\"\">vide\u00f3<\/td>\n                    <td style=\"\"><a href='https:\/\/www.youtube.com\/watch?v=91NqhkmcjXI&amp;feature=youtu.be&amp;t=3218' rel=' nofollow ' target='_blank'>https:\/\/www.youtube.com\/watch?v=91NqhkmcjXI&amp;feature=youtu.be&amp;t=3218<\/a><\/td>\n                    <td style=\"\"><\/td>\n                    <td style=\"\">youtube<\/td>\n                    <td style=\"\"><\/td>\n                    <td style=\"\"><\/td>\n                    <td style=\"\">Le\u00e1nyfalu \u00f6nkorm\u00e1nyzat\u00e1nak test\u00fcleti \u00fcl\u00e9se 2020.10.31.<\/td>\n            <\/tr>\n            <tr id=\"table_2_row_476\">\n                    <td style=\"\">2020.10.31<\/td>\n                    <td style=\"\"><a href='http:\/\/dramaqueer.sk\/' rel=' nofollow ' target='_blank'>http:\/\/dramaqueer.sk\/<\/a><\/td>\n                    <td style=\"\"><\/td>\n                    <td style=\"\">Drama Queer je divadeln\u00fd festival d\u00f4kladne vyberan\u00fdch performance dot\u00fdkaj\u00facich sa tematiky LGBTI+<\/td>\n                    <td style=\"\">egy\u00e9b<\/td>\n                    <td style=\"\"><a href='http:\/\/dramaqueer.sk\/?fbclid=IwAR3VL97pKu0QVPJqgVHb_3lSksrt2dRqlvI6cPvB8zMKuJQNTmhSXGHmtbo' rel=' nofollow ' target='_blank'>http:\/\/dramaqueer.sk\/?fbclid=IwAR3VL97pKu0QVPJqgVHb_3lSksrt2dRqlvI6cPvB8zMKuJQNTmhSXGHmtbo<\/a><\/td>\n                    <td style=\"\">pozit\u00edv<\/td>\n                    <td style=\"\"><\/td>\n                    <td style=\"\">igen<\/td>\n                    <td style=\"\">szlov\u00e1k<\/td>\n                    <td style=\"\">szlov\u00e1k sz\u00ednh\u00e1zi el\u0151ad\u00e1s<\/td>\n            <\/tr>\n            <tr id=\"table_2_row_477\">\n                    <td style=\"\"><\/td>\n                    <td style=\"\"><a href='https:\/\/docs.google.com\/' rel=' nofollow ' target='_blank'>https:\/\/docs.google.com\/<\/a><\/td>\n                    <td style=\"\"><\/td>\n                    <td style=\"\">Pszichol\u00f3gusok \u00e1ll\u00e1sfoglal\u00e1sa a Meseorsz\u00e1g mindenki\u00e9 c. mesek\u00f6nyv kapcs\u00e1n<\/td>\n                    <td style=\"\">egy\u00e9b<\/td>\n                    <td style=\"\"><a href='https:\/\/docs.google.com\/forms\/d\/e\/1FAIpQLSdPoFVjBdcWFHLrAY_kt21mkwMnynVkAO5IyYslL5CC8WJ9Fg\/viewform?gxids=7628' rel=' nofollow ' target='_blank'>https:\/\/docs.google.com\/forms\/d\/e\/1FAIpQLSdPoFVjBdcWFHLrAY_kt21mkwMnynVkAO5IyYslL5CC8WJ9Fg\/viewform?gxids=7628<\/a><\/td>\n                    <td style=\"\">pozit\u00edv<\/td>\n                    <td style=\"\"><\/td>\n                    <td style=\"\"><\/td>\n                    <td style=\"\"><\/td>\n                    <td style=\"\">pszichol\u00f3gusok \u00e1ll\u00e1sfoglal\u00e1sa<\/td>\n            <\/tr>\n            <tr id=\"table_2_row_478\">\n                    <td style=\"\">2020.11.01<\/td>\n                    <td style=\"\"><a href='https:\/\/cba.fro.at\/' rel=' nofollow ' target='_blank'>https:\/\/cba.fro.at\/<\/a><\/td>\n                    <td style=\"\">Tompa Andrea<\/td>\n                    <td style=\"\">Vaslaci<\/td>\n                    <td style=\"\">r\u00e1di\u00f3<\/td>\n                    <td style=\"\"><a href='https:\/\/cba.fro.at\/476705' rel=' nofollow ' target='_blank'>https:\/\/cba.fro.at\/476705<\/a><\/td>\n                    <td style=\"\">pozit\u00edv<\/td>\n                    <td style=\"\"><\/td>\n                    <td style=\"\">igen<\/td>\n                    <td style=\"\"><\/td>\n                    <td style=\"\">Huzella J\u00falia felolvas a HungaroStudio reggeli gyerekm\u0171sor\u00e1ban<\/td>\n            <\/tr>\n            <tr id=\"table_2_row_479\">\n                    <td style=\"\">2020.11.01<\/td>\n                    <td style=\"\"><a href='http:\/\/www.blogturneklub.com\/' rel=' nofollow ' target='_blank'>http:\/\/www.blogturneklub.com\/<\/a><\/td>\n                    <td style=\"\"><\/td>\n                    <td style=\"\">Meseorsz\u00e1g mindenki\u00e9<\/td>\n                    <td style=\"\">blogbejegyz\u00e9s<\/td>\n                    <td style=\"\"><a href='http:\/\/www.blogturneklub.com\/2020\/11\/meseorszag-mindenkie.html' rel=' nofollow ' target='_blank'>http:\/\/www.blogturneklub.com\/2020\/11\/meseorszag-mindenkie.html<\/a><\/td>\n                    <td style=\"\">pozit\u00edv<\/td>\n                    <td style=\"\"><\/td>\n                    <td style=\"\"><\/td>\n                    <td style=\"\"><\/td>\n                    <td style=\"\">Blogturn\u00e9 \u00e1llom\u00e1sai<\/td>\n            <\/tr>\n            <tr id=\"table_2_row_480\">\n                    <td style=\"\">2020.11.01<\/td>\n                    <td style=\"\"><a href='https:\/\/katolikus.ma\/' rel=' nofollow ' target='_blank'>https:\/\/katolikus.ma\/<\/a><\/td>\n                    <td style=\"\">Uzsalyn\u00e9 P\u00e9csi Rita PhD nevel\u00e9skutat\u00f3<\/td>\n                    <td style=\"\">Kik, \u00e9s mire \u00e9rz\u00e9keny\u00edthess\u00e9k \u00f3vod\u00e1sainkat? \u2013 Uzsalyn\u00e9 P\u00e9csi Rita nevel\u00e9skutat\u00f3 ny\u00edlt levele<\/td>\n                    <td style=\"\">recenzi\u00f3<\/td>\n                    <td style=\"\"><a href='https:\/\/katolikus.ma\/kik-es-mire-erzekenyithessek-ovodasainkat-uzsalyne-pecsi-rita-neveleskutato-nyilt-levele\/' rel=' nofollow ' target='_blank'>https:\/\/katolikus.ma\/kik-es-mire-erzekenyithessek-ovodasainkat-uzsalyne-pecsi-rita-neveleskutato-nyilt-levele\/<\/a><\/td>\n                    <td style=\"\">negat\u00edv<\/td>\n                    <td style=\"\"><\/td>\n                    <td style=\"\"><\/td>\n                    <td style=\"\"><\/td>\n                    <td style=\"\"><\/td>\n            <\/tr>\n            <tr id=\"table_2_row_481\">\n                    <td style=\"\">2020.11.02<\/td>\n                    <td style=\"\"><a href='https:\/\/hvg.hu\/' rel=' nofollow ' target='_blank'>https:\/\/hvg.hu\/<\/a><\/td>\n                    <td style=\"\"><\/td>\n                    <td style=\"\">Duma Aktu\u00e1l: Mi t\u00f6rt\u00e9nhetett Semj\u00e9n Zsolttal azon a p\u00e9nteken?<\/td>\n                    <td style=\"\">vide\u00f3<\/td>\n                    <td style=\"\"><a href='https:\/\/hvg.hu\/360\/20201102_Duma_Aktual_Meseorszag_mindenkie' rel=' nofollow ' target='_blank'>https:\/\/hvg.hu\/360\/20201102_Duma_Aktual_Meseorszag_mindenkie<\/a><\/td>\n                    <td style=\"\">semleges<\/td>\n                    <td style=\"\"><\/td>\n                    <td style=\"\"><\/td>\n                    <td style=\"\"><\/td>\n                    <td style=\"\"><\/td>\n            <\/tr>\n            <tr id=\"table_2_row_482\">\n                    <td style=\"\">2020.11.02<\/td>\n                    <td style=\"\"><a href='https:\/\/vasarnap.hu\/' rel=' nofollow ' target='_blank'>https:\/\/vasarnap.hu\/<\/a><\/td>\n                    <td style=\"\"><\/td>\n                    <td style=\"\">A Meseorsz\u00e1g mindenki\u00e9 csak a j\u00e9ghegy cs\u00facsa \u2013 P\u00e9csi Rita ny\u00edlt levele a sz\u00fcl\u0151kh\u00f6z<\/td>\n                    <td style=\"\">h\u00edr, besz\u00e1mol\u00f3, r\u00f6vid cikk<\/td>\n                    <td style=\"\"><a href='https:\/\/vasarnap.hu\/2020\/11\/02\/a-meseorszag-mindenkie-csak-a-jeghegy-csucsa-pecsi-rita-nyilt-levele-a-szulokhoz\/' rel=' nofollow ' target='_blank'>https:\/\/vasarnap.hu\/2020\/11\/02\/a-meseorszag-mindenkie-csak-a-jeghegy-csucsa-pecsi-rita-nyilt-levele-a-szulokhoz\/<\/a><\/td>\n                    <td style=\"\">negat\u00edv<\/td>\n                    <td style=\"\"><\/td>\n                    <td style=\"\"><\/td>\n                    <td style=\"\"><\/td>\n                    <td style=\"\"><\/td>\n            <\/tr>\n            <tr id=\"table_2_row_483\">\n                    <td style=\"\">2020.11.03<\/td>\n                    <td style=\"\"><a href='https:\/\/hvg.hu\/' rel=' nofollow ' target='_blank'>https:\/\/hvg.hu\/<\/a><\/td>\n                    <td style=\"\"><\/td>\n                    <td style=\"\">N\u00e9meth S\u00e1ndor: Ha nem v\u00e9dik a gyerekeket a homoszexu\u00e1lis propagand\u00e1t\u00f3l, meggondoland\u00f3, \u00e9rdemes-e gyereket v\u00e1llalni<\/td>\n                    <td style=\"\">h\u00edr, besz\u00e1mol\u00f3, r\u00f6vid cikk<\/td>\n                    <td style=\"\"><a href='https:\/\/hvg.hu\/itthon\/20201103_Nemeth_Sandor_propaganda_meseorszagmindenkie' rel=' nofollow ' target='_blank'>https:\/\/hvg.hu\/itthon\/20201103_Nemeth_Sandor_propaganda_meseorszagmindenkie<\/a><\/td>\n                    <td style=\"\">semleges<\/td>\n                    <td style=\"\"><\/td>\n                    <td style=\"\"><\/td>\n                    <td style=\"\"><\/td>\n                    <td style=\"\"><\/td>\n            <\/tr>\n            <tr id=\"table_2_row_484\">\n                    <td style=\"\">2020.11.03<\/td>\n                    <td style=\"\"><a href='https:\/\/revizoronline.com\/' rel=' nofollow ' target='_blank'>https:\/\/revizoronline.com\/<\/a><\/td>\n                    <td style=\"\">N\u00e1dori L\u00eddia<\/td>\n                    <td style=\"\">Meseorsz\u00e1g hat\u00e1r\u00e1n<\/td>\n                    <td style=\"\">recenzi\u00f3<\/td>\n                    <td style=\"\"><a href='https:\/\/revizoronline.com\/hu\/cikk\/8743\/meseorszag-mindenkie\/' rel=' nofollow ' target='_blank'>https:\/\/revizoronline.com\/hu\/cikk\/8743\/meseorszag-mindenkie\/<\/a><\/td>\n                    <td style=\"\">semleges<\/td>\n                    <td style=\"\"><\/td>\n                    <td style=\"\"><\/td>\n                    <td style=\"\"><\/td>\n                    <td style=\"\"><\/td>\n            <\/tr>\n            <tr id=\"table_2_row_485\">\n                    <td style=\"\">2020.11.03<\/td>\n                    <td style=\"\"><a href='https:\/\/www.indiegogo.com\/' rel=' nofollow ' target='_blank'>https:\/\/www.indiegogo.com\/<\/a><\/td>\n                    <td style=\"\"><\/td>\n                    <td style=\"\">T\u00far\u00f3 D\u00f3ra Dar\u00e1l\u00f3ja - a j\u00e1t\u00e9k<\/td>\n                    <td style=\"\">egy\u00e9b<\/td>\n                    <td style=\"\"><a href='https:\/\/www.indiegogo.com\/projects\/turo-dora-daraloja-a-jatek#' rel=' nofollow ' target='_blank'>https:\/\/www.indiegogo.com\/projects\/turo-dora-daraloja-a-jatek#<\/a><\/td>\n                    <td style=\"\">semleges<\/td>\n                    <td style=\"\"><\/td>\n                    <td style=\"\"><\/td>\n                    <td style=\"\"><\/td>\n                    <td style=\"\">t\u00e1rsasj\u00e1t\u00e9k crowdfunding<\/td>\n            <\/tr>\n            <tr id=\"table_2_row_486\">\n                    <td style=\"\">2020.11.03<\/td>\n                    <td style=\"\"><a href='https:\/\/humenonline.hu\/' rel=' nofollow ' target='_blank'>https:\/\/humenonline.hu\/<\/a><\/td>\n                    <td style=\"\">Waliduda D\u00e1niel<\/td>\n                    <td style=\"\">A Hit Gy\u00fclekezete vezet\u0151je is nekiment a Meseorsz\u00e1g mindenki\u00e9 k\u00f6nyvnek<\/td>\n                    <td style=\"\">h\u00edr, besz\u00e1mol\u00f3, r\u00f6vid cikk<\/td>\n                    <td style=\"\"><a href='https:\/\/humenonline.hu\/a-hit-gyulekezete-vezetoje-is-nekiment-a-meseorszag-mindenkie-konyvnek\/' rel=' nofollow ' target='_blank'>https:\/\/humenonline.hu\/a-hit-gyulekezete-vezetoje-is-nekiment-a-meseorszag-mindenkie-konyvnek\/<\/a><\/td>\n                    <td style=\"\">semleges<\/td>\n                    <td style=\"\"><\/td>\n                    <td style=\"\"><\/td>\n                    <td style=\"\"><\/td>\n                    <td style=\"\"><\/td>\n            <\/tr>\n            <tr id=\"table_2_row_487\">\n                    <td style=\"\">2020.11.04<\/td>\n                    <td style=\"\"><a href='https:\/\/www.facebook.com\/' rel=' nofollow ' target='_blank'>https:\/\/www.facebook.com\/<\/a><\/td>\n                    <td style=\"\">Internationale Jugendbibliothek, International Youth Library<\/td>\n                    <td style=\"\"><\/td>\n                    <td style=\"\">FB-poszt<\/td>\n                    <td style=\"\"><a href='https:\/\/www.facebook.com\/IntBib\/photos\/a.299970983349655\/3941577655855618\/' rel=' nofollow ' target='_blank'>https:\/\/www.facebook.com\/IntBib\/photos\/a.299970983349655\/3941577655855618\/<\/a><\/td>\n                    <td style=\"\">pozit\u00edv<\/td>\n                    <td style=\"\">fb<\/td>\n                    <td style=\"\">igen<\/td>\n                    <td style=\"\"><\/td>\n                    <td style=\"\"><\/td>\n            <\/tr>\n            <tr id=\"table_2_row_488\">\n                    <td style=\"\">2020.11.04<\/td>\n                    <td style=\"\"><a href='https:\/\/koroshircentrum.hu\/' rel=' nofollow ' target='_blank'>https:\/\/koroshircentrum.hu\/<\/a><\/td>\n                    <td style=\"\"><\/td>\n                    <td style=\"\">Gyermekbibli\u00e1kat \u00e9s klasszikus mesek\u00f6nyveket aj\u00e1nd\u00e9koz a b\u00e9k\u00e9si \u00f6nkorm\u00e1nyzat<\/td>\n                    <td style=\"\">h\u00edr, besz\u00e1mol\u00f3, r\u00f6vid cikk<\/td>\n                    <td style=\"\"><a href='https:\/\/koroshircentrum.hu\/2020\/11\/04\/gyermekbibliakat-es-klasszikus-mesekonyveket-ajandekoz-a-bekesi-onkormanyzat\/' rel=' nofollow ' target='_blank'>https:\/\/koroshircentrum.hu\/2020\/11\/04\/gyermekbibliakat-es-klasszikus-mesekonyveket-ajandekoz-a-bekesi-onkormanyzat\/<\/a><\/td>\n                    <td style=\"\">semleges<\/td>\n                    <td style=\"\"><\/td>\n                    <td style=\"\"><\/td>\n                    <td style=\"\"><\/td>\n                    <td style=\"\"><\/td>\n            <\/tr>\n            <tr id=\"table_2_row_489\">\n                    <td style=\"\">2020.11.05<\/td>\n                    <td style=\"\"><a href='https:\/\/www.facebook.com\/' rel=' nofollow ' target='_blank'>https:\/\/www.facebook.com\/<\/a><\/td>\n                    <td style=\"\">\u00cdr\u00f3k Boltja<\/td>\n                    <td style=\"\">okt\u00f3beri sikerlista<\/td>\n                    <td style=\"\">FB-poszt<\/td>\n                    <td style=\"\"><a href='https:\/\/www.facebook.com\/irokboltja\/photos\/a.129095817120415\/4011565452206746' rel=' nofollow ' target='_blank'>https:\/\/www.facebook.com\/irokboltja\/photos\/a.129095817120415\/4011565452206746<\/a><\/td>\n                    <td style=\"\">semleges<\/td>\n                    <td style=\"\">fb<\/td>\n                    <td style=\"\"><\/td>\n                    <td style=\"\"><\/td>\n                    <td style=\"\">\u00cdr\u00f3k Boltja 2020. okt\u00f3beri sikerlista<\/td>\n            <\/tr>\n            <tr id=\"table_2_row_490\">\n                    <td style=\"\">2020.11.05<\/td>\n                    <td style=\"\"><a href='https:\/\/www.facebook.com\/' rel=' nofollow ' target='_blank'>https:\/\/www.facebook.com\/<\/a><\/td>\n                    <td style=\"\">L. Rit\u00f3k N\u00f3ra<\/td>\n                    <td style=\"\">Most m\u00e1r nek\u00fcnk is van...<\/td>\n                    <td style=\"\">FB-poszt<\/td>\n                    <td style=\"\"><a href='https:\/\/www.facebook.com\/lritoknora\/posts\/1348757542123149' rel=' nofollow ' target='_blank'>https:\/\/www.facebook.com\/lritoknora\/posts\/1348757542123149<\/a><\/td>\n                    <td style=\"\">pozit\u00edv<\/td>\n                    <td style=\"\">fb<\/td>\n                    <td style=\"\"><\/td>\n                    <td style=\"\"><\/td>\n                    <td style=\"\">Vende\u0301gek: Sztanka M\u00f3nika, Botzheim Gy\u00f6rgy (EJHA), Faix-Prukner Csilla, Tompa Andrea<\/td>\n            <\/tr>\n            <tr id=\"table_2_row_491\">\n                    <td style=\"\">2020.11.05<\/td>\n                    <td style=\"\"><a href='https:\/\/mandiner.hu\/' rel=' nofollow ' target='_blank'>https:\/\/mandiner.hu\/<\/a><\/td>\n                    <td style=\"\">T\u00f6r\u00f6k Bern\u00e1t<\/td>\n                    <td style=\"\">P\u00e1rbesz\u00e9d helyett v\u00e1dbesz\u00e9d<\/td>\n                    <td style=\"\">publicisztika<\/td>\n                    <td style=\"\"><a href='https:\/\/mandiner.hu\/cikk\/20201105_parbeszed_helyett_vadbeszed' rel=' nofollow ' target='_blank'>https:\/\/mandiner.hu\/cikk\/20201105_parbeszed_helyett_vadbeszed<\/a><\/td>\n                    <td style=\"\">semleges<\/td>\n                    <td style=\"\"><\/td>\n                    <td style=\"\"><\/td>\n                    <td style=\"\"><\/td>\n                    <td style=\"\"><\/td>\n            <\/tr>\n            <tr id=\"table_2_row_492\">\n                    <td style=\"\">2020.11.06<\/td>\n                    <td style=\"\"><a href='https:\/\/woohoo.hu\/' rel=' nofollow ' target='_blank'>https:\/\/woohoo.hu\/<\/a><\/td>\n                    <td style=\"\">Barna Bori<\/td>\n                    <td style=\"\">Mi\u00e9rt ne lehetne Meseorsz\u00e1g mindenki\u00e9?<\/td>\n                    <td style=\"\">interj\u00fa<\/td>\n                    <td style=\"\"><a href='https:\/\/woohoo.hu\/meseorszag-mindenkie\/' rel=' nofollow ' target='_blank'>https:\/\/woohoo.hu\/meseorszag-mindenkie\/<\/a><\/td>\n                    <td style=\"\">pozit\u00edv<\/td>\n                    <td style=\"\"><\/td>\n                    <td style=\"\"><\/td>\n                    <td style=\"\"><\/td>\n                    <td style=\"\"><\/td>\n            <\/tr>\n            <tr id=\"table_2_row_493\">\n                    <td style=\"\">2020.11.06<\/td>\n                    <td style=\"\"><a href='https:\/\/humenonline.hu\/' rel=' nofollow ' target='_blank'>https:\/\/humenonline.hu\/<\/a><\/td>\n                    <td style=\"\">Waliduda D\u00e1niel<\/td>\n                    <td style=\"\">Nagyk\u00e1ta is betiltotta a Meseorsz\u00e1g mindenki\u00e9 k\u00f6nyvet<\/td>\n                    <td style=\"\">h\u00edr, besz\u00e1mol\u00f3, r\u00f6vid cikk<\/td>\n                    <td style=\"\"><a href='https:\/\/humenonline.hu\/nagykata-is-betiltotta-a-meseorszag-mindenkie-konyvet\/' rel=' nofollow ' target='_blank'>https:\/\/humenonline.hu\/nagykata-is-betiltotta-a-meseorszag-mindenkie-konyvet\/<\/a><\/td>\n                    <td style=\"\">semleges<\/td>\n                    <td style=\"\"><\/td>\n                    <td style=\"\"><\/td>\n                    <td style=\"\"><\/td>\n                    <td style=\"\"><\/td>\n            <\/tr>\n            <tr id=\"table_2_row_494\">\n                    <td style=\"\">2020.11.06<\/td>\n                    <td style=\"\"><a href='https:\/\/hvg.hu\/' rel=' nofollow ' target='_blank'>https:\/\/hvg.hu\/<\/a><\/td>\n                    <td style=\"\"><\/td>\n                    <td style=\"\">Betiltotta a Meseorsz\u00e1g mindenki\u00e9 c\u00edm\u0171 mesek\u00f6nyvet egy fideszes k\u00e9pvisel\u0151test\u00fclet<\/td>\n                    <td style=\"\">h\u00edr, besz\u00e1mol\u00f3, r\u00f6vid cikk<\/td>\n                    <td style=\"\"><a href='https:\/\/hvg.hu\/elet\/20201106_Betiltotta_a_Meseorszag_mindenkie_cimu_mesekonyvet_egy_fideszes_kepviselotestulet' rel=' nofollow ' target='_blank'>https:\/\/hvg.hu\/elet\/20201106_Betiltotta_a_Meseorszag_mindenkie_cimu_mesekonyvet_egy_fideszes_kepviselotestulet<\/a><\/td>\n                    <td style=\"\">semleges<\/td>\n                    <td style=\"\"><\/td>\n                    <td style=\"\"><\/td>\n                    <td style=\"\"><\/td>\n                    <td style=\"\"><\/td>\n            <\/tr>\n            <tr id=\"table_2_row_495\">\n                    <td style=\"\">2020.11.06<\/td>\n                    <td style=\"\"><a href='https:\/\/hundredmoors.com\/' rel=' nofollow ' target='_blank'>https:\/\/hundredmoors.com\/<\/a><\/td>\n                    <td style=\"\"><\/td>\n                    <td style=\"\">N\u00e9h\u00e1ny igaz mese minden Meseorsz\u00e1gok marg\u00f3j\u00e1ra<\/td>\n                    <td style=\"\">egy\u00e9b<\/td>\n                    <td style=\"\"><a href='https:\/\/hundredmoors.com\/2020\/11\/06\/nehany-igaz-mese-minden-meseorszagok-margojara\/' rel=' nofollow ' target='_blank'>https:\/\/hundredmoors.com\/2020\/11\/06\/nehany-igaz-mese-minden-meseorszagok-margojara\/<\/a><\/td>\n                    <td style=\"\">pozit\u00edv<\/td>\n                    <td style=\"\"><\/td>\n                    <td style=\"\"><\/td>\n                    <td style=\"\"><\/td>\n                    <td style=\"\"><\/td>\n            <\/tr>\n            <tr id=\"table_2_row_496\">\n                    <td style=\"\">2020.11.07<\/td>\n                    <td style=\"\"><a href='https:\/\/humenonline.hu\/' rel=' nofollow ' target='_blank'>https:\/\/humenonline.hu\/<\/a><\/td>\n                    <td style=\"\">Kocss G. J\u00e1nos<\/td>\n                    <td style=\"\">Tiltakoztak az \u00f3v\u00f3n\u0151k, nem siker\u00fclt betiltani a mesek\u00f6nyvet<\/td>\n                    <td style=\"\">h\u00edr, besz\u00e1mol\u00f3, r\u00f6vid cikk<\/td>\n                    <td style=\"\"><a href='https:\/\/humenonline.hu\/tiltakoztak-az-ovonok-nem-sikerult-betiltani-a-mesekonyvet\/' rel=' nofollow ' target='_blank'>https:\/\/humenonline.hu\/tiltakoztak-az-ovonok-nem-sikerult-betiltani-a-mesekonyvet\/<\/a><\/td>\n                    <td style=\"\">semleges<\/td>\n                    <td style=\"\"><\/td>\n                    <td style=\"\"><\/td>\n                    <td style=\"\"><\/td>\n                    <td style=\"\"><\/td>\n            <\/tr>\n            <tr id=\"table_2_row_497\">\n                    <td style=\"\">2020.11.07<\/td>\n                    <td style=\"\"><a href='https:\/\/24.hu\/' rel=' nofollow ' target='_blank'>https:\/\/24.hu\/<\/a><\/td>\n                    <td style=\"\">Balav\u00e1ny Gy\u00f6rgy<\/td>\n                    <td style=\"\">Meseorsz\u00e1g Mindenki\u00e9: hull\u00e1mz\u00f3 sz\u00ednvonal\u00fa mozgalmi r\u00f6pirat<\/td>\n                    <td style=\"\">recenzi\u00f3<\/td>\n                    <td style=\"\"><a href='https:\/\/24.hu\/kultura\/2020\/11\/07\/meseorszag-mindenkie-hullamzo-szinvonalu-mozgalmi-ropirat\/' rel=' nofollow ' target='_blank'>https:\/\/24.hu\/kultura\/2020\/11\/07\/meseorszag-mindenkie-hullamzo-szinvonalu-mozgalmi-ropirat\/<\/a><\/td>\n                    <td style=\"\">negat\u00edv<\/td>\n                    <td style=\"\"><\/td>\n                    <td style=\"\"><\/td>\n                    <td style=\"\"><\/td>\n                    <td style=\"\"><\/td>\n            <\/tr>\n            <tr id=\"table_2_row_498\">\n                    <td style=\"\">2020.11.07<\/td>\n                    <td style=\"\"><a href='https:\/\/moly.hu\/' rel=' nofollow ' target='_blank'>https:\/\/moly.hu\/<\/a><\/td>\n                    <td style=\"\">rainaki<\/td>\n                    <td style=\"\">Nagy Boldizs\u00e1r (szerk.): Meseorsz\u00e1g mindenki\u00e9<\/td>\n                    <td style=\"\">recenzi\u00f3<\/td>\n                    <td style=\"\"><a href='https:\/\/moly.hu\/ertekelesek\/4051908' rel=' nofollow ' target='_blank'>https:\/\/moly.hu\/ertekelesek\/4051908<\/a><\/td>\n                    <td style=\"\">pozit\u00edv<\/td>\n                    <td style=\"\"><\/td>\n                    <td style=\"\"><\/td>\n                    <td style=\"\"><\/td>\n                    <td style=\"\"><\/td>\n            <\/tr>\n            <tr id=\"table_2_row_499\">\n                    <td style=\"\">2020.11.07<\/td>\n                    <td style=\"\"><a href='https:\/\/mandiner.hu\/' rel=' nofollow ' target='_blank'>https:\/\/mandiner.hu\/<\/a><\/td>\n                    <td style=\"\">Constantinovits Mil\u00e1n<\/td>\n                    <td style=\"\">Tesze-tosza v\u00e1ros \u00e9s a feminista pomog\u00e1csok<\/td>\n                    <td style=\"\">publicisztika<\/td>\n                    <td style=\"\"><a href='https:\/\/mandiner.hu\/cikk\/20201107_tesze_tosza_varos_es_a_feminista_pomogacsok' rel=' nofollow ' target='_blank'>https:\/\/mandiner.hu\/cikk\/20201107_tesze_tosza_varos_es_a_feminista_pomogacsok<\/a><\/td>\n                    <td style=\"\">negat\u00edv<\/td>\n                    <td style=\"\"><\/td>\n                    <td style=\"\"><\/td>\n                    <td style=\"\"><\/td>\n                    <td style=\"\"><\/td>\n            <\/tr>\n            <tr id=\"table_2_row_500\">\n                    <td style=\"\">2020.11.07<\/td>\n                    <td style=\"\"><a href='https:\/\/444.hu\/' rel=' nofollow ' target='_blank'>https:\/\/444.hu\/<\/a><\/td>\n                    <td style=\"\">Szurovecz Ill\u00e9s<\/td>\n                    <td style=\"\">Tarl\u00f3s egykori helyettese betiltotta volna Le\u00e1nyfalun a Meseorsz\u00e1g mindenki\u00e9 k\u00f6nyvet, nem siker\u00fclt neki<\/td>\n                    <td style=\"\">h\u00edr, besz\u00e1mol\u00f3, r\u00f6vid cikk<\/td>\n                    <td style=\"\"><a href='https:\/\/444.hu\/2020\/11\/07\/tarlos-egykori-helyettese-betiltotta-volna-leanyfalun-a-meseorszag-mindenkie-konyvet-nem-sikerult-neki' rel=' nofollow ' target='_blank'>https:\/\/444.hu\/2020\/11\/07\/tarlos-egykori-helyettese-betiltotta-volna-leanyfalun-a-meseorszag-mindenkie-konyvet-nem-sikerult-neki<\/a><\/td>\n                    <td style=\"\">semleges<\/td>\n                    <td style=\"\"><\/td>\n                    <td style=\"\"><\/td>\n                    <td style=\"\"><\/td>\n                    <td style=\"\"><\/td>\n            <\/tr>\n            <tr id=\"table_2_row_501\">\n                    <td style=\"\">2020.11.08<\/td>\n                    <td style=\"\"><a href='https:\/\/www.hetek.hu\/' rel=' nofollow ' target='_blank'>https:\/\/www.hetek.hu\/<\/a><\/td>\n                    <td style=\"\"><\/td>\n                    <td style=\"\">Guly\u00e1s: Gyerekek el\u0151tt homoszexu\u00e1lis propagand\u00e1t folytatni k\u00e1ros, \u00e9s b\u0171ncselekm\u00e9ny gyan\u00faj\u00e1t veti fel<\/td>\n                    <td style=\"\">h\u00edr, besz\u00e1mol\u00f3, r\u00f6vid cikk<\/td>\n                    <td style=\"\"><a href='https:\/\/www.hetek.hu\/cikkek\/online\/gulyas-gyerekek-elott-homoszexualis-propagandat-folytatni-karos-es' rel=' nofollow ' target='_blank'>https:\/\/www.hetek.hu\/cikkek\/online\/gulyas-gyerekek-elott-homoszexualis-propagandat-folytatni-karos-es<\/a><\/td>\n                    <td style=\"\">negat\u00edv<\/td>\n                    <td style=\"\"><\/td>\n                    <td style=\"\"><\/td>\n                    <td style=\"\"><\/td>\n                    <td style=\"\"><\/td>\n            <\/tr>\n            <tr id=\"table_2_row_502\">\n                    <td style=\"\">2020.11.08<\/td>\n                    <td style=\"\"><a href='https:\/\/www.facebook.com\/' rel=' nofollow ' target='_blank'>https:\/\/www.facebook.com\/<\/a><\/td>\n                    <td style=\"\">Amnesty Youth Budapest<\/td>\n                    <td style=\"\">Besz\u00e9lgess\u00fcnk Meseorsz\u00e1gr\u00f3l!<\/td>\n                    <td style=\"\">esem\u00e9ny<\/td>\n                    <td style=\"\"><a href='https:\/\/www.facebook.com\/events\/3448700275222135' rel=' nofollow ' target='_blank'>https:\/\/www.facebook.com\/events\/3448700275222135<\/a><\/td>\n                    <td style=\"\">pozit\u00edv<\/td>\n                    <td style=\"\">fb<\/td>\n                    <td style=\"\"><\/td>\n                    <td style=\"\"><\/td>\n                    <td style=\"\"><\/td>\n            <\/tr>\n            <tr id=\"table_2_row_503\">\n                    <td style=\"\">2020.11.09<\/td>\n                    <td style=\"\"><a href='https:\/\/www.ekonyv.hu\/' rel=' nofollow ' target='_blank'>https:\/\/www.ekonyv.hu\/<\/a><\/td>\n                    <td style=\"\"><\/td>\n                    <td style=\"\"><\/td>\n                    <td style=\"\">egy\u00e9b<\/td>\n                    <td style=\"\"><a href='https:\/\/www.ekonyv.hu\/hu\/konyv-reszletei\/meseorszag-mindenkie?eid=67786' rel=' nofollow ' target='_blank'>https:\/\/www.ekonyv.hu\/hu\/konyv-reszletei\/meseorszag-mindenkie?eid=67786<\/a><\/td>\n                    <td style=\"\">semleges<\/td>\n                    <td style=\"\"><\/td>\n                    <td style=\"\"><\/td>\n                    <td style=\"\"><\/td>\n                    <td style=\"\">E-k\u00f6nyv<\/td>\n            <\/tr>\n            <tr id=\"table_2_row_504\">\n                    <td style=\"\">2020.11.09<\/td>\n                    <td style=\"\"><a href='https:\/\/tilos.hu\/' rel=' nofollow ' target='_blank'>https:\/\/tilos.hu\/<\/a><\/td>\n                    <td style=\"\">R\u00e9v\u00e9sz Ren\u00e1ta (m\u0171sorvez.)<\/td>\n                    <td style=\"\">Teszt \u00e9s l\u00e9lek: Meseorsz\u00e1g \u00e9s a gyerekek, pszichol\u00f3gus szemmel<\/td>\n                    <td style=\"\">r\u00e1di\u00f3<\/td>\n                    <td style=\"\"><a href='https:\/\/tilos.hu\/episode\/teszt-es-lelek\/2020\/11\/09' rel=' nofollow ' target='_blank'>https:\/\/tilos.hu\/episode\/teszt-es-lelek\/2020\/11\/09<\/a><\/td>\n                    <td style=\"\">pozit\u00edv<\/td>\n                    <td style=\"\"><\/td>\n                    <td style=\"\"><\/td>\n                    <td style=\"\"><\/td>\n                    <td style=\"\">Vend\u00e9gek: M\u00e1rkn\u00e9 Ribiczey N\u00f3ra \u00c9va pszichol\u00f3gus, B\u00e1tki Anna klinikai szakpszichol\u00f3gus, M\u00e9sz\u00e1ros Aranka iskolapszichol\u00f3gus<\/td>\n            <\/tr>\n            <tr id=\"table_2_row_505\">\n                    <td style=\"\">2020.11.09<\/td>\n                    <td style=\"\"><a href='https:\/\/ujpestmedia.hu\/' rel=' nofollow ' target='_blank'>https:\/\/ujpestmedia.hu\/<\/a><\/td>\n                    <td style=\"\"><\/td>\n                    <td style=\"\">Nagy Istv\u00e1n: Meseorsz\u00e1g mindenki\u00e9?<\/td>\n                    <td style=\"\">nyilatkozat<\/td>\n                    <td style=\"\"><a href='https:\/\/ujpestmedia.hu\/nagy-istvan-meseorszag-mindenkie\/' rel=' nofollow ' target='_blank'>https:\/\/ujpestmedia.hu\/nagy-istvan-meseorszag-mindenkie\/<\/a><\/td>\n                    <td style=\"\">negat\u00edv<\/td>\n                    <td style=\"\"><\/td>\n                    <td style=\"\"><\/td>\n                    <td style=\"\"><\/td>\n                    <td style=\"\"><\/td>\n            <\/tr>\n            <tr id=\"table_2_row_506\">\n                    <td style=\"\">2020.11.10<\/td>\n                    <td style=\"\"><a href='https:\/\/www.budapester.hu\/' rel=' nofollow ' target='_blank'>https:\/\/www.budapester.hu\/<\/a><\/td>\n                    <td style=\"\">Katrin Holtz<\/td>\n                    <td style=\"\">Geh\u00f6rt M\u00e4rchenland wirklich allen?<\/td>\n                    <td style=\"\">publicisztika<\/td>\n                    <td style=\"\"><a href='https:\/\/www.budapester.hu\/feuilleton\/gehoert-maerchenland-wirklich-allen\/' rel=' nofollow ' target='_blank'>https:\/\/www.budapester.hu\/feuilleton\/gehoert-maerchenland-wirklich-allen\/<\/a><\/td>\n                    <td style=\"\">pozit\u00edv<\/td>\n                    <td style=\"\"><\/td>\n                    <td style=\"\">igen<\/td>\n                    <td style=\"\">n\u00e9met<\/td>\n                    <td style=\"\"><\/td>\n            <\/tr>\n            <tr id=\"table_2_row_507\">\n                    <td style=\"\">2020.11.10<\/td>\n                    <td style=\"\"><a href='http:\/\/ujmisszio.hu\/' rel=' nofollow ' target='_blank'>http:\/\/ujmisszio.hu\/<\/a><\/td>\n                    <td style=\"\"><\/td>\n                    <td style=\"\">Mesebeli \u201e\u00e9des\" semmittev\u00e9s<\/td>\n                    <td style=\"\">vide\u00f3<\/td>\n                    <td style=\"\"><a href='http:\/\/ujmisszio.hu\/mesebeli-edes-semmitteves\/' rel=' nofollow ' target='_blank'>http:\/\/ujmisszio.hu\/mesebeli-edes-semmitteves\/<\/a><\/td>\n                    <td style=\"\">negat\u00edv<\/td>\n                    <td style=\"\"><\/td>\n                    <td style=\"\"><\/td>\n                    <td style=\"\"><\/td>\n                    <td style=\"\"><\/td>\n            <\/tr>\n            <tr id=\"table_2_row_508\">\n                    <td style=\"\">2020.11.10<\/td>\n                    <td style=\"\"><a href='https:\/\/www.youtube.com\/' rel=' nofollow ' target='_blank'>https:\/\/www.youtube.com\/<\/a><\/td>\n                    <td style=\"\">vil\u00e1gj\u00e1r\u00f3k klubja B\u00e9cs<\/td>\n                    <td style=\"\">Pszichoterapeuta v\u00e9lem\u00e9nye a Meseorsz\u00e1g mindenki\u00e9 mesek\u00f6nyvr\u0151l<\/td>\n                    <td style=\"\">vide\u00f3 v\u00e9lem\u00e9ny<\/td>\n                    <td style=\"\"><a href='https:\/\/www.youtube.com\/watch?v=qbPG5MCWyZs&amp;feature=youtu.be&amp;fbclid=IwAR1ZV1FfexppnCN4gw_3PtVxoOdendeg4q6ud40yaY9z29I99tOtbSQDCy0' rel=' nofollow ' target='_blank'>https:\/\/www.youtube.com\/watch?v=qbPG5MCWyZs&amp;feature=youtu.be&amp;fbclid=IwAR1ZV1FfexppnCN4gw_3PtVxoOdendeg4q6ud40yaY9z29I99tOtbSQDCy0<\/a><\/td>\n                    <td style=\"\">pozit\u00edv<\/td>\n                    <td style=\"\">youtube<\/td>\n                    <td style=\"\">igen<\/td>\n                    <td style=\"\"><\/td>\n                    <td style=\"\">Schelder Erik\u00e1val besz\u00e9lget\u00e9s<\/td>\n            <\/tr>\n            <tr id=\"table_2_row_509\">\n                    <td style=\"\">2020.11.11<\/td>\n                    <td style=\"\"><a href='https:\/\/www.youtube.com\/' rel=' nofollow ' target='_blank'>https:\/\/www.youtube.com\/<\/a><\/td>\n                    <td style=\"\">vil\u00e1gj\u00e1r\u00f3k klubja B\u00e9cs<\/td>\n                    <td style=\"\">Pszichoterapeuta v\u00e9lem\u00e9nye a Meseorsz\u00e1g Mindenki\u00e9 mesek\u00f6nyvr\u0151l<\/td>\n                    <td style=\"\">interj\u00fa<\/td>\n                    <td style=\"\"><a href='https:\/\/www.youtube.com\/watch?v=qbPG5MCWyZs&amp;feature=emb_logo' rel=' nofollow ' target='_blank'>https:\/\/www.youtube.com\/watch?v=qbPG5MCWyZs&amp;feature=emb_logo<\/a><\/td>\n                    <td style=\"\">pozit\u00edv<\/td>\n                    <td style=\"\">youtube<\/td>\n                    <td style=\"\">igen<\/td>\n                    <td style=\"\"><\/td>\n                    <td style=\"\"><\/td>\n            <\/tr>\n            <tr id=\"table_2_row_510\">\n                    <td style=\"\">2020.11.11<\/td>\n                    <td style=\"\"><a href='https:\/\/444.hu\/' rel=' nofollow ' target='_blank'>https:\/\/444.hu\/<\/a><\/td>\n                    <td style=\"\">Sarkadi Zsolt<\/td>\n                    <td style=\"\">Aki ezt korm\u00e1nyz\u00e1snak nevezi, az vagy h\u00fclye, vagy hazudik<\/td>\n                    <td style=\"\">publicisztika<\/td>\n                    <td style=\"\"><a href='https:\/\/444.hu\/2020\/11\/10\/aki-ezt-kormanyzasnak-nevezi-az-vagy-hulye-vagy-hazudik' rel=' nofollow ' target='_blank'>https:\/\/444.hu\/2020\/11\/10\/aki-ezt-kormanyzasnak-nevezi-az-vagy-hulye-vagy-hazudik<\/a><\/td>\n                    <td style=\"\">semleges<\/td>\n                    <td style=\"\"><\/td>\n                    <td style=\"\"><\/td>\n                    <td style=\"\"><\/td>\n                    <td style=\"\"><\/td>\n            <\/tr>\n            <tr id=\"table_2_row_511\">\n                    <td style=\"\">2020.11.11<\/td>\n                    <td style=\"\"><a href='https:\/\/telex.hu\/' rel=' nofollow ' target='_blank'>https:\/\/telex.hu\/<\/a><\/td>\n                    <td style=\"\">Presinszky Judit<\/td>\n                    <td style=\"\">D\u00far\u00f3 D\u00f3ra \u00f6r\u00fcl, hogy az Alapt\u00f6rv\u00e9nybe \u00edrn\u00e1k, a meleg p\u00e1rok nem fogadhatnak \u00f6r\u00f6kbe<\/td>\n                    <td style=\"\">h\u00edr, besz\u00e1mol\u00f3, r\u00f6vid cikk<\/td>\n                    <td style=\"\"><a href='https:\/\/telex.hu\/belfold\/2020\/11\/11\/duro-dora-gender-alaptorveny-orom' rel=' nofollow ' target='_blank'>https:\/\/telex.hu\/belfold\/2020\/11\/11\/duro-dora-gender-alaptorveny-orom<\/a><\/td>\n                    <td style=\"\">semleges<\/td>\n                    <td style=\"\"><\/td>\n                    <td style=\"\"><\/td>\n                    <td style=\"\"><\/td>\n                    <td style=\"\"><\/td>\n            <\/tr>\n            <tr id=\"table_2_row_512\">\n                    <td style=\"\">2020.11.11<\/td>\n                    <td style=\"\"><a href='https:\/\/www.asymptotejournal.com\/' rel=' nofollow ' target='_blank'>https:\/\/www.asymptotejournal.com\/<\/a><\/td>\n                    <td style=\"\">Jozefina Komporaly<\/td>\n                    <td style=\"\">Silencing Tales for Tolerance in Hungary: Wonderland Belongs to Everyone<\/td>\n                    <td style=\"\">publicisztika<\/td>\n                    <td style=\"\"><a href='https:\/\/www.asymptotejournal.com\/blog\/2020\/11\/11\/silencing-tales-for-tolerance-in-hungary-wonderland-belongs-to-everyone\/' rel=' nofollow ' target='_blank'>https:\/\/www.asymptotejournal.com\/blog\/2020\/11\/11\/silencing-tales-for-tolerance-in-hungary-wonderland-belongs-to-everyone\/<\/a><\/td>\n                    <td style=\"\">pozit\u00edv<\/td>\n                    <td style=\"\"><\/td>\n                    <td style=\"\">igen<\/td>\n                    <td style=\"\">angol<\/td>\n                    <td style=\"\"><\/td>\n            <\/tr>\n            <tr id=\"table_2_row_513\">\n                    <td style=\"\">2020.11.11<\/td>\n                    <td style=\"\"><a href='https:\/\/mandiner.hu\/' rel=' nofollow ' target='_blank'>https:\/\/mandiner.hu\/<\/a><\/td>\n                    <td style=\"\">Kacsoh D\u00e1niel<\/td>\n                    <td style=\"\">Hangulatkelt\u00e9s, hogy nehez\u00edten\u00e9nk a baloldali p\u00e1rtok dolg\u00e1t\u201d \u2013 Hollik Istv\u00e1n a Mandinernek<\/td>\n                    <td style=\"\">interj\u00fa<\/td>\n                    <td style=\"\"><a href='https:\/\/mandiner.hu\/cikk\/20201111_a_genderlobbit_nem_erdekli_a_valosag_hollik_istvan_a_mandinernek' rel=' nofollow ' target='_blank'>https:\/\/mandiner.hu\/cikk\/20201111_a_genderlobbit_nem_erdekli_a_valosag_hollik_istvan_a_mandinernek<\/a><\/td>\n                    <td style=\"\">negat\u00edv<\/td>\n                    <td style=\"\"><\/td>\n                    <td style=\"\"><\/td>\n                    <td style=\"\"><\/td>\n                    <td style=\"\">Interj\u00fa Hollik Istv\u00e1nnal<\/td>\n            <\/tr>\n            <tr id=\"table_2_row_514\">\n                    <td style=\"\">2020.11.11<\/td>\n                    <td style=\"\"><a href='https:\/\/telex.hu\/' rel=' nofollow ' target='_blank'>https:\/\/telex.hu\/<\/a><\/td>\n                    <td style=\"\">Presinszky Judit<\/td>\n                    <td style=\"\">Nov\u00e1k Katalin szerint a koronav\u00edrus-j\u00e1rv\u00e1ny miatt kell az Alapt\u00f6rv\u00e9nybe \u00edrni, hogy az anya n\u0151, az apa f\u00e9rfi<\/td>\n                    <td style=\"\">h\u00edr, besz\u00e1mol\u00f3, r\u00f6vid cikk<\/td>\n                    <td style=\"\"><a href='https:\/\/telex.hu\/belfold\/2020\/11\/11\/novak-katalin-szerint-a-jarvanyhelyzet-miatt-kell-alaptorvenybe-irni-hogy-az-anya-no-az-apa-ferfi' rel=' nofollow ' target='_blank'>https:\/\/telex.hu\/belfold\/2020\/11\/11\/novak-katalin-szerint-a-jarvanyhelyzet-miatt-kell-alaptorvenybe-irni-hogy-az-anya-no-az-apa-ferfi<\/a><\/td>\n                    <td style=\"\">semleges<\/td>\n                    <td style=\"\"><\/td>\n                    <td style=\"\"><\/td>\n                    <td style=\"\"><\/td>\n                    <td style=\"\"><\/td>\n            <\/tr>\n            <tr id=\"table_2_row_515\">\n                    <td style=\"\">2020.11.12<\/td>\n                    <td style=\"\"><a href='https:\/\/vasarnap.hu\/' rel=' nofollow ' target='_blank'>https:\/\/vasarnap.hu\/<\/a><\/td>\n                    <td style=\"\"><\/td>\n                    <td style=\"\">Veszpr\u00e9mben is betilthatj\u00e1k az LMBTQ-mesek\u00f6nyvet<\/td>\n                    <td style=\"\">h\u00edr, besz\u00e1mol\u00f3, r\u00f6vid cikk<\/td>\n                    <td style=\"\"><a href='https:\/\/vasarnap.hu\/2020\/11\/12\/veszpremben-is-betilthatjak-az-lmbtq-mesekonyvet\/' rel=' nofollow ' target='_blank'>https:\/\/vasarnap.hu\/2020\/11\/12\/veszpremben-is-betilthatjak-az-lmbtq-mesekonyvet\/<\/a><\/td>\n                    <td style=\"\">negat\u00edv<\/td>\n                    <td style=\"\"><\/td>\n                    <td style=\"\"><\/td>\n                    <td style=\"\"><\/td>\n                    <td style=\"\"><\/td>\n            <\/tr>\n            <tr id=\"table_2_row_516\">\n                    <td style=\"\">2020.11.12<\/td>\n                    <td style=\"\"><a href='https:\/\/vasarnap.hu\/' rel=' nofollow ' target='_blank'>https:\/\/vasarnap.hu\/<\/a><\/td>\n                    <td style=\"\"><\/td>\n                    <td style=\"\">A mes\u00e9t hallgat\u00f3 gyerek azonosul a f\u0151szerepl\u0151vel \u2013 figyelmeztet az LMBTQ-mesek\u00f6nyvvel kapcsolatban a pasztor\u00e1lpszichol\u00f3gus<\/td>\n                    <td style=\"\">publicisztika<\/td>\n                    <td style=\"\"><a href='https:\/\/vasarnap.hu\/2020\/11\/12\/a-meset-hallgato-gyerek-azonosul-a-foszereplovel-figyelmeztet-az-lmbtq-mesekonyvvel-kapcsolatban-a-pasztoralpszichologus\/' rel=' nofollow ' target='_blank'>https:\/\/vasarnap.hu\/2020\/11\/12\/a-meset-hallgato-gyerek-azonosul-a-foszereplovel-figyelmeztet-az-lmbtq-mesekonyvvel-kapcsolatban-a-pasztoralpszichologus\/<\/a><\/td>\n                    <td style=\"\">negat\u00edv<\/td>\n                    <td style=\"\"><\/td>\n                    <td style=\"\"><\/td>\n                    <td style=\"\"><\/td>\n                    <td style=\"\"><\/td>\n            <\/tr>\n            <tr id=\"table_2_row_517\">\n                    <td style=\"\">2020.11.12<\/td>\n                    <td style=\"\"><a href='https:\/\/mandiner.hu\/' rel=' nofollow ' target='_blank'>https:\/\/mandiner.hu\/<\/a><\/td>\n                    <td style=\"\">Kacsoh D\u00e1niel<\/td>\n                    <td style=\"\">Gyermekv\u00e9delem igen, genderpropaganda az nuku\u201d \u2013 Sz\u00e1nth\u00f3 Mikl\u00f3s a Mandinernek<\/td>\n                    <td style=\"\">interj\u00fa<\/td>\n                    <td style=\"\"><a href='https:\/\/mandiner.hu\/cikk\/20201112_gyermekvedelem_igen_genderpropaganda_az_nuku' rel=' nofollow ' target='_blank'>https:\/\/mandiner.hu\/cikk\/20201112_gyermekvedelem_igen_genderpropaganda_az_nuku<\/a><\/td>\n                    <td style=\"\">negat\u00edv<\/td>\n                    <td style=\"\"><\/td>\n                    <td style=\"\"><\/td>\n                    <td style=\"\"><\/td>\n                    <td style=\"\">Interj\u00fa Sz\u00e1nth\u00f3 Mikl\u00f3ssal<\/td>\n            <\/tr>\n            <tr id=\"table_2_row_518\">\n                    <td style=\"\">2020.11.12<\/td>\n                    <td style=\"\"><a href='https:\/\/hvg.hu\/' rel=' nofollow ' target='_blank'>https:\/\/hvg.hu\/<\/a><\/td>\n                    <td style=\"\">M\u00e1trah\u00e1zi Zsuzsa<\/td>\n                    <td style=\"\">B\u00e1n Zs\u00f3fia: A k\u00f6nyvrong\u00e1l\u00e1s \u00e9rtelmezhetetlen Eur\u00f3p\u00e1ban, a n\u00e1cizmust lesz\u00e1m\u00edtva<\/td>\n                    <td style=\"\">interj\u00fa<\/td>\n                    <td style=\"\"><a href='https:\/\/hvg.hu\/360\/202046_ban_zsofia' rel=' nofollow ' target='_blank'>https:\/\/hvg.hu\/360\/202046_ban_zsofia<\/a><\/td>\n                    <td style=\"\">pozit\u00edv<\/td>\n                    <td style=\"\"><\/td>\n                    <td style=\"\"><\/td>\n                    <td style=\"\"><\/td>\n                    <td style=\"\">Interj\u00fa B\u00e1n Zs\u00f3fi\u00e1val<\/td>\n            <\/tr>\n            <tr id=\"table_2_row_519\">\n                    <td style=\"\">2020.11.13<\/td>\n                    <td style=\"\"><a href='https:\/\/telex.hu\/' rel=' nofollow ' target='_blank'>https:\/\/telex.hu\/<\/a><\/td>\n                    <td style=\"\">Szil\u00e1gyi M\u00e1t\u00e9<\/td>\n                    <td style=\"\">\u00cdme, Magyarorsz\u00e1g leg-LMBTQ-mentesebb v\u00e1rosa<\/td>\n                    <td style=\"\">h\u00edr, besz\u00e1mol\u00f3, r\u00f6vid cikk<\/td>\n                    <td style=\"\"><a href='https:\/\/telex.hu\/video\/2020\/11\/13\/nagykata-betiltottak-az-lmbtq-propagandat-tiltas' rel=' nofollow ' target='_blank'>https:\/\/telex.hu\/video\/2020\/11\/13\/nagykata-betiltottak-az-lmbtq-propagandat-tiltas<\/a><\/td>\n                    <td style=\"\">semleges<\/td>\n                    <td style=\"\"><\/td>\n                    <td style=\"\"><\/td>\n                    <td style=\"\"><\/td>\n                    <td style=\"\">Vide\u00f3<\/td>\n            <\/tr>\n            <tr id=\"table_2_row_520\">\n                    <td style=\"\">2020.11.13<\/td>\n                    <td style=\"\"><a href='https:\/\/mandiner.hu\/' rel=' nofollow ' target='_blank'>https:\/\/mandiner.hu\/<\/a><\/td>\n                    <td style=\"\">Szalai Laura<\/td>\n                    <td style=\"\">\u00c9rz\u00e9keny\u00edt\u00e9s vagy propaganda?<\/td>\n                    <td style=\"\">interj\u00fa<\/td>\n                    <td style=\"\"><a href='https:\/\/mandiner.hu\/cikk\/20201112_erzekenyites_vagy_propaganda' rel=' nofollow ' target='_blank'>https:\/\/mandiner.hu\/cikk\/20201112_erzekenyites_vagy_propaganda<\/a><\/td>\n                    <td style=\"\">semleges<\/td>\n                    <td style=\"\"><\/td>\n                    <td style=\"\"><\/td>\n                    <td style=\"\"><\/td>\n                    <td style=\"\">Interj\u00fa B\u0151sz Anettel \u00e9s D\u00far\u00f3 D\u00f3r\u00e1val<\/td>\n            <\/tr>\n            <tr id=\"table_2_row_521\">\n                    <td style=\"\">2020.11.14<\/td>\n                    <td style=\"\"><a href='https:\/\/efimesel.wordpress.com\/' rel=' nofollow ' target='_blank'>https:\/\/efimesel.wordpress.com\/<\/a><\/td>\n                    <td style=\"\">Kov\u00e1cs Brigitta Efi<\/td>\n                    <td style=\"\">A soron k\u00edv\u00fclr\u0151l II. \u201eOlyan vil\u00e1g j\u00f6n\u2026\u201d<\/td>\n                    <td style=\"\">blogbejegyz\u00e9s<\/td>\n                    <td style=\"\"><a href='https:\/\/efimesel.wordpress.com\/2020\/11\/14\/a-soron-kivulrol-2-olyan-vilag-jon\/' rel=' nofollow ' target='_blank'>https:\/\/efimesel.wordpress.com\/2020\/11\/14\/a-soron-kivulrol-2-olyan-vilag-jon\/<\/a><\/td>\n                    <td style=\"\">pozit\u00edv<\/td>\n                    <td style=\"\"><\/td>\n                    <td style=\"\"><\/td>\n                    <td style=\"\"><\/td>\n                    <td style=\"\"><\/td>\n            <\/tr>\n            <tr id=\"table_2_row_522\">\n                    <td style=\"\">2020.11.15<\/td>\n                    <td style=\"\"><a href='https:\/\/elpais.com\/' rel=' nofollow ' target='_blank'>https:\/\/elpais.com\/<\/a><\/td>\n                    <td style=\"\">Mar\u00eda Herv\u00e1s<\/td>\n                    <td style=\"\">La comunidad LGTBI, el nuevo enemigo p\u00fablico para Orb\u00e1n<\/td>\n                    <td style=\"\">publicisztika<\/td>\n                    <td style=\"\"><a href='https:\/\/elpais.com\/internacional\/2020-11-14\/la-comunidad-lgtbi-el-nuevo-enemigo-publico-para-orban.html' rel=' nofollow ' target='_blank'>https:\/\/elpais.com\/internacional\/2020-11-14\/la-comunidad-lgtbi-el-nuevo-enemigo-publico-para-orban.html<\/a><\/td>\n                    <td style=\"\">semleges<\/td>\n                    <td style=\"\"><\/td>\n                    <td style=\"\">igen<\/td>\n                    <td style=\"\">spanyol<\/td>\n                    <td style=\"\"><\/td>\n            <\/tr>\n            <tr id=\"table_2_row_523\">\n                    <td style=\"\">2020.11.16<\/td>\n                    <td style=\"\"><a href='https:\/\/www.ard-wien.de\/' rel=' nofollow ' target='_blank'>https:\/\/www.ard-wien.de\/<\/a><\/td>\n                    <td style=\"\">Edit Inotai<\/td>\n                    <td style=\"\">Orban-Regierung plant Verfassungs\u00e4nderung. Ungarns Streit um ein M\u00e4rchenbuch<\/td>\n                    <td style=\"\">h\u00edr, besz\u00e1mol\u00f3, r\u00f6vid cikk<\/td>\n                    <td style=\"\"><a href='https:\/\/www.ard-wien.de\/2020\/11\/16\/orban-regierung-plant-verfassungsaenderung-ungarns-streit-um-ein-maerchenbuch\/' rel=' nofollow ' target='_blank'>https:\/\/www.ard-wien.de\/2020\/11\/16\/orban-regierung-plant-verfassungsaenderung-ungarns-streit-um-ein-maerchenbuch\/<\/a><\/td>\n                    <td style=\"\">semleges<\/td>\n                    <td style=\"\"><\/td>\n                    <td style=\"\">igen<\/td>\n                    <td style=\"\">n\u00e9met<\/td>\n                    <td style=\"\"><\/td>\n            <\/tr>\n            <tr id=\"table_2_row_524\">\n                    <td style=\"\">2020.11.17<\/td>\n                    <td style=\"\"><a href='https:\/\/magyarnemzet.hu\/' rel=' nofollow ' target='_blank'>https:\/\/magyarnemzet.hu\/<\/a><\/td>\n                    <td style=\"\">Elek Nikoletta<\/td>\n                    <td style=\"\">A szakember szerint kifejezetten \u00e1rthat a gyermekeknek a gendermese<\/td>\n                    <td style=\"\">h\u00edr, besz\u00e1mol\u00f3, r\u00f6vid cikk<\/td>\n                    <td style=\"\"><a href='https:\/\/magyarnemzet.hu\/belfold\/pasztoralpszichologus-a-gendermese-nem-termeszetes-es-nem-normalis-8964998\/' rel=' nofollow ' target='_blank'>https:\/\/magyarnemzet.hu\/belfold\/pasztoralpszichologus-a-gendermese-nem-termeszetes-es-nem-normalis-8964998\/<\/a><\/td>\n                    <td style=\"\">negat\u00edv<\/td>\n                    <td style=\"\"><\/td>\n                    <td style=\"\"><\/td>\n                    <td style=\"\"><\/td>\n                    <td style=\"\"><\/td>\n            <\/tr>\n            <tr id=\"table_2_row_525\">\n                    <td style=\"\">2020.11.17<\/td>\n                    <td style=\"\"><a href='http:\/\/sorok-kozott.hu\/' rel=' nofollow ' target='_blank'>http:\/\/sorok-kozott.hu\/<\/a><\/td>\n                    <td style=\"\">R\u00e1cz-Stef\u00e1n Tibor<\/td>\n                    <td style=\"\">Meseorsz\u00e1g mindenki\u00e9 \u2013  B\u00e1rcsak l\u00e9tezett volna ez a k\u00f6nyv, amikor \u00e9n voltam gyerek!<\/td>\n                    <td style=\"\">blogbejegyz\u00e9s<\/td>\n                    <td style=\"\"><a href='http:\/\/sorok-kozott.hu\/2020\/11\/meseorszag-mindenkie-barcsak-letezett-volna-ez-a-konyv-amikor-en-voltam-gyerek\/' rel=' nofollow ' target='_blank'>http:\/\/sorok-kozott.hu\/2020\/11\/meseorszag-mindenkie-barcsak-letezett-volna-ez-a-konyv-amikor-en-voltam-gyerek\/<\/a><\/td>\n                    <td style=\"\">pozit\u00edv<\/td>\n                    <td style=\"\"><\/td>\n                    <td style=\"\"><\/td>\n                    <td style=\"\"><\/td>\n                    <td style=\"\">Blogturn\u00e9<\/td>\n            <\/tr>\n            <tr id=\"table_2_row_526\">\n                    <td style=\"\">2020.11.18<\/td>\n                    <td style=\"\"><a href='https:\/\/magyarnemzet.hu\/' rel=' nofollow ' target='_blank'>https:\/\/magyarnemzet.hu\/<\/a><\/td>\n                    <td style=\"\">Bug\u00e1n Antal<\/td>\n                    <td style=\"\">A pszichol\u00f3gusszakma hitel\u00e9\u00e9rt<\/td>\n                    <td style=\"\">publicisztika<\/td>\n                    <td style=\"\"><a href='https:\/\/magyarnemzet.hu\/velemeny\/a-pszichologusszakma-hiteleert-8968283\/' rel=' nofollow ' target='_blank'>https:\/\/magyarnemzet.hu\/velemeny\/a-pszichologusszakma-hiteleert-8968283\/<\/a><\/td>\n                    <td style=\"\">negat\u00edv<\/td>\n                    <td style=\"\"><\/td>\n                    <td style=\"\"><\/td>\n                    <td style=\"\"><\/td>\n                    <td style=\"\"><\/td>\n            <\/tr>\n            <tr id=\"table_2_row_527\">\n                    <td style=\"\">2020.11.19<\/td>\n                    <td style=\"\"><a href='https:\/\/nemfelunkakonyvektol.hu\/' rel=' nofollow ' target='_blank'>https:\/\/nemfelunkakonyvektol.hu\/<\/a><\/td>\n                    <td style=\"\">Nikki<\/td>\n                    <td style=\"\">Nagy Boldizs\u00e1r (szerk.): Meseorsz\u00e1g mindenki\u00e9 + Nyerem\u00e9nyj\u00e1t\u00e9k<\/td>\n                    <td style=\"\">blogbejegyz\u00e9s<\/td>\n                    <td style=\"\"><a href='https:\/\/nemfelunkakonyvektol.hu\/2020\/11\/nagy-boldizsar-szerk-meseorszag-mindenkie-nyeremenyjatek\/' rel=' nofollow ' target='_blank'>https:\/\/nemfelunkakonyvektol.hu\/2020\/11\/nagy-boldizsar-szerk-meseorszag-mindenkie-nyeremenyjatek\/<\/a><\/td>\n                    <td style=\"\">pozit\u00edv<\/td>\n                    <td style=\"\"><\/td>\n                    <td style=\"\"><\/td>\n                    <td style=\"\"><\/td>\n                    <td style=\"\">Blogturn\u00e9<\/td>\n            <\/tr>\n            <tr id=\"table_2_row_528\">\n                    <td style=\"\">2020.11.20<\/td>\n                    <td style=\"\"><a href='https:\/\/readinspo.blogspot.com\/' rel=' nofollow ' target='_blank'>https:\/\/readinspo.blogspot.com\/<\/a><\/td>\n                    <td style=\"\">Sarah<\/td>\n                    <td style=\"\">Nagy Boldizs\u00e1r (szerk.): Meseorsz\u00e1g mindenki\u00e9<\/td>\n                    <td style=\"\">blogbejegyz\u00e9s<\/td>\n                    <td style=\"\"><a href='https:\/\/readinspo.blogspot.com\/2020\/11\/nagy-boldizsar-szerk-meseorszag.html' rel=' nofollow ' target='_blank'>https:\/\/readinspo.blogspot.com\/2020\/11\/nagy-boldizsar-szerk-meseorszag.html<\/a><\/td>\n                    <td style=\"\">pozit\u00edv<\/td>\n                    <td style=\"\"><\/td>\n                    <td style=\"\"><\/td>\n                    <td style=\"\"><\/td>\n                    <td style=\"\">Blogturn\u00e9<\/td>\n            <\/tr>\n            <tr id=\"table_2_row_529\">\n                    <td style=\"\">2020.11.20<\/td>\n                    <td style=\"\"><a href='http:\/\/www.kellylupiolvas.com\/' rel=' nofollow ' target='_blank'>http:\/\/www.kellylupiolvas.com\/<\/a><\/td>\n                    <td style=\"\">Kelly \u00e9s Lupi<\/td>\n                    <td style=\"\">Nagy Boldizs\u00e1r (szerk.): Meseorsz\u00e1g mindenki\u00e9<\/td>\n                    <td style=\"\">blogbejegyz\u00e9s<\/td>\n                    <td style=\"\"><a href='http:\/\/www.kellylupiolvas.com\/2020\/11\/nagy-boldizsar-szerk-meseorszag.html' rel=' nofollow ' target='_blank'>http:\/\/www.kellylupiolvas.com\/2020\/11\/nagy-boldizsar-szerk-meseorszag.html<\/a><\/td>\n                    <td style=\"\">pozit\u00edv<\/td>\n                    <td style=\"\"><\/td>\n                    <td style=\"\"><\/td>\n                    <td style=\"\"><\/td>\n                    <td style=\"\">Blogturn\u00e9<\/td>\n            <\/tr>\n            <tr id=\"table_2_row_530\">\n                    <td style=\"\">2020.11.20<\/td>\n                    <td style=\"\"><a href='https:\/\/www.facebook.com\/' rel=' nofollow ' target='_blank'>https:\/\/www.facebook.com\/<\/a><\/td>\n                    <td style=\"\">EuroCentralAsian Lesbian* Community<\/td>\n                    <td style=\"\"><\/td>\n                    <td style=\"\">esem\u00e9ny<\/td>\n                    <td style=\"\"><a href='https:\/\/www.facebook.com\/1860721560840038\/videos\/199112331842440\/' rel=' nofollow ' target='_blank'>https:\/\/www.facebook.com\/1860721560840038\/videos\/199112331842440\/<\/a><\/td>\n                    <td style=\"\">pozit\u00edv<\/td>\n                    <td style=\"\">fb<\/td>\n                    <td style=\"\"><\/td>\n                    <td style=\"\"><\/td>\n                    <td style=\"\"><\/td>\n            <\/tr>\n            <tr id=\"table_2_row_531\">\n                    <td style=\"\">2020.11.20<\/td>\n                    <td style=\"\"><a href='https:\/\/jovotv.hu\/' rel=' nofollow ' target='_blank'>https:\/\/jovotv.hu\/<\/a><\/td>\n                    <td style=\"\">Erdei R\u00f3bert Arnold<\/td>\n                    <td style=\"\">A melegek egy politikai j\u00e1tszma gyalogjai<\/td>\n                    <td style=\"\">vide\u00f3<\/td>\n                    <td style=\"\"><a href='https:\/\/jovotv.hu\/2020\/11\/20\/a-melegek-egy-politikai-jatszma-gyalogjai-video\/' rel=' nofollow ' target='_blank'>https:\/\/jovotv.hu\/2020\/11\/20\/a-melegek-egy-politikai-jatszma-gyalogjai-video\/<\/a><\/td>\n                    <td style=\"\">pozit\u00edv<\/td>\n                    <td style=\"\"><\/td>\n                    <td style=\"\"><\/td>\n                    <td style=\"\"><\/td>\n                    <td style=\"\"><\/td>\n            <\/tr>\n            <tr id=\"table_2_row_532\">\n                    <td style=\"\">2020.11.20<\/td>\n                    <td style=\"\"><a href='https:\/\/www.hetek.hu\/' rel=' nofollow ' target='_blank'>https:\/\/www.hetek.hu\/<\/a><\/td>\n                    <td style=\"\">Sebesty\u00e9n Istv\u00e1n, Kulifai M\u00e1t\u00e9<\/td>\n                    <td style=\"\">\u201eA kisebbs\u00e9gek v\u00e9delme nem jelenti azt, hogy a t\u00f6bbs\u00e9get megfosztjuk a jogait\u00f3l\u201d \u2013 Nov\u00e1k Katalin a Heteknek<\/td>\n                    <td style=\"\">interj\u00fa<\/td>\n                    <td style=\"\"><a href='https:\/\/www.hetek.hu\/cikkek\/belfold\/2020november\/brusszel-ideologiai-bortonbe-zarna-bennunket-novak-katalin-a' rel=' nofollow ' target='_blank'>https:\/\/www.hetek.hu\/cikkek\/belfold\/2020november\/brusszel-ideologiai-bortonbe-zarna-bennunket-novak-katalin-a<\/a><\/td>\n                    <td style=\"\">negat\u00edv<\/td>\n                    <td style=\"\"><\/td>\n                    <td style=\"\"><\/td>\n                    <td style=\"\"><\/td>\n                    <td style=\"\"><\/td>\n            <\/tr>\n            <tr id=\"table_2_row_533\">\n                    <td style=\"\">2020.11.20<\/td>\n                    <td style=\"\"><a href='https:\/\/novakkatalin.hu\/' rel=' nofollow ' target='_blank'>https:\/\/novakkatalin.hu\/<\/a><\/td>\n                    <td style=\"\">Sebesty\u00e9n Istv\u00e1n, Kulifai M\u00e1t\u00e9<\/td>\n                    <td style=\"\">Fi\u00fa, l\u00e1ny, a legbiztosabb pontok az \u00e9letben<\/td>\n                    <td style=\"\">interj\u00fa<\/td>\n                    <td style=\"\"><a href='https:\/\/novakkatalin.hu\/2020\/11\/20\/fiu-lany-a-legbiztosabb-pontok-az-eletben\/' rel=' nofollow ' target='_blank'>https:\/\/novakkatalin.hu\/2020\/11\/20\/fiu-lany-a-legbiztosabb-pontok-az-eletben\/<\/a><\/td>\n                    <td style=\"\">negat\u00edv<\/td>\n                    <td style=\"\"><\/td>\n                    <td style=\"\"><\/td>\n                    <td style=\"\"><\/td>\n                    <td style=\"\"><\/td>\n            <\/tr>\n            <tr id=\"table_2_row_534\">\n                    <td style=\"\">2020.11.20<\/td>\n                    <td style=\"\"><a href='http:\/\/benlacosta.blogspot.com\/' rel=' nofollow ' target='_blank'>http:\/\/benlacosta.blogspot.com\/<\/a><\/td>\n                    <td style=\"\">Ben<\/td>\n                    <td style=\"\">K\u00f6nyvaj\u00e1nl\u00f3: Meseorsz\u00e1g mindenki\u00e9<\/td>\n                    <td style=\"\">blogbejegyz\u00e9s<\/td>\n                    <td style=\"\"><a href='http:\/\/benlacosta.blogspot.com\/2020\/11\/konyvajanlo-meseorszag-mindenkie.html' rel=' nofollow ' target='_blank'>http:\/\/benlacosta.blogspot.com\/2020\/11\/konyvajanlo-meseorszag-mindenkie.html<\/a><\/td>\n                    <td style=\"\">pozit\u00edv<\/td>\n                    <td style=\"\"><\/td>\n                    <td style=\"\"><\/td>\n                    <td style=\"\"><\/td>\n                    <td style=\"\"><\/td>\n            <\/tr>\n            <tr id=\"table_2_row_535\">\n                    <td style=\"\">2020.11.21<\/td>\n                    <td style=\"\"><a href='https:\/\/konyvesmas.blogspot.com\/' rel=' nofollow ' target='_blank'>https:\/\/konyvesmas.blogspot.com\/<\/a><\/td>\n                    <td style=\"\">AniTiger<\/td>\n                    <td style=\"\">Meseorsz\u00e1g mindenki\u00e9 (\u00e9rt\u00e9kel\u00e9s \u00e9s nyerem\u00e9nyj\u00e1t\u00e9k)<\/td>\n                    <td style=\"\">blogbejegyz\u00e9s<\/td>\n                    <td style=\"\"><a href='https:\/\/konyvesmas.blogspot.com\/2020\/11\/meseorszag-mindenkie-ertekeles-es.html' rel=' nofollow ' target='_blank'>https:\/\/konyvesmas.blogspot.com\/2020\/11\/meseorszag-mindenkie-ertekeles-es.html<\/a><\/td>\n                    <td style=\"\">pozit\u00edv<\/td>\n                    <td style=\"\"><\/td>\n                    <td style=\"\"><\/td>\n                    <td style=\"\"><\/td>\n                    <td style=\"\">Blogturn\u00e9<\/td>\n            <\/tr>\n            <tr id=\"table_2_row_536\">\n                    <td style=\"\">2020.11.21<\/td>\n                    <td style=\"\"><a href='https:\/\/444.hu\/' rel=' nofollow ' target='_blank'>https:\/\/444.hu\/<\/a><\/td>\n                    <td style=\"\">Szurovecz Ill\u00e9s<\/td>\n                    <td style=\"\">Nov\u00e1k: Nem lehetetlen\u00edtj\u00fck el a homoszexu\u00e1lis p\u00e1rokat, csak bez\u00e1rtunk egy jogi kiskaput<\/td>\n                    <td style=\"\">h\u00edr, besz\u00e1mol\u00f3, r\u00f6vid cikk<\/td>\n                    <td style=\"\"><a href='https:\/\/444.hu\/2020\/11\/21\/novak-nem-lehetetlenitjuk-el-a-homoszexualis-parokat-csak-bezartunk-egy-jogi-kiskaput' rel=' nofollow ' target='_blank'>https:\/\/444.hu\/2020\/11\/21\/novak-nem-lehetetlenitjuk-el-a-homoszexualis-parokat-csak-bezartunk-egy-jogi-kiskaput<\/a><\/td>\n                    <td style=\"\">semleges<\/td>\n                    <td style=\"\"><\/td>\n                    <td style=\"\"><\/td>\n                    <td style=\"\"><\/td>\n                    <td style=\"\"><\/td>\n            <\/tr>\n            <tr id=\"table_2_row_537\">\n                    <td style=\"\">2020.11.21<\/td>\n                    <td style=\"\"><a href='https:\/\/www.facebook.com\/' rel=' nofollow ' target='_blank'>https:\/\/www.facebook.com\/<\/a><\/td>\n                    <td style=\"\"><\/td>\n                    <td style=\"\">Ungarn: M\u00e4rchenbuch geschreddert<\/td>\n                    <td style=\"\">vide\u00f3<\/td>\n                    <td style=\"\"><a href='https:\/\/www.facebook.com\/Weltspiegel\/videos\/828884414631678' rel=' nofollow ' target='_blank'>https:\/\/www.facebook.com\/Weltspiegel\/videos\/828884414631678<\/a><\/td>\n                    <td style=\"\">pozit\u00edv<\/td>\n                    <td style=\"\">fb<\/td>\n                    <td style=\"\">igen<\/td>\n                    <td style=\"\">n\u00e9met<\/td>\n                    <td style=\"\"><\/td>\n            <\/tr>\n            <tr id=\"table_2_row_538\">\n                    <td style=\"\">2020.11.22<\/td>\n                    <td style=\"\"><a href='https:\/\/hagyjatokolvasok.blogspot.com\/' rel=' nofollow ' target='_blank'>https:\/\/hagyjatokolvasok.blogspot.com\/<\/a><\/td>\n                    <td style=\"\"><\/td>\n                    <td style=\"\">Nagy Boldizs\u00e1r (szerk.) Meseorsz\u00e1g \u200bmindenki\u00e9 | Blogturn\u00e9 Klub aj\u00e1nl\u00f3<\/td>\n                    <td style=\"\">blogbejegyz\u00e9s<\/td>\n                    <td style=\"\"><a href='https:\/\/hagyjatokolvasok.blogspot.com\/2020\/11\/meseorszag-mindenkie.html' rel=' nofollow ' target='_blank'>https:\/\/hagyjatokolvasok.blogspot.com\/2020\/11\/meseorszag-mindenkie.html<\/a><\/td>\n                    <td style=\"\">pozit\u00edv<\/td>\n                    <td style=\"\"><\/td>\n                    <td style=\"\"><\/td>\n                    <td style=\"\"><\/td>\n                    <td style=\"\">Blogturn\u00e9<\/td>\n            <\/tr>\n            <tr id=\"table_2_row_539\">\n                    <td style=\"\">2020.11.22<\/td>\n                    <td style=\"\"><a href='https:\/\/www.youtube.com\/' rel=' nofollow ' target='_blank'>https:\/\/www.youtube.com\/<\/a><\/td>\n                    <td style=\"\">BENovelas Magazin<\/td>\n                    <td style=\"\">K\u00f6nyvaj\u00e1nl\u00f3: Meseorsz\u00e1g mindenki\u00e9<\/td>\n                    <td style=\"\">vide\u00f3<\/td>\n                    <td style=\"\"><a href='https:\/\/www.youtube.com\/watch?v=RN3G-dV7_qg' rel=' nofollow ' target='_blank'>https:\/\/www.youtube.com\/watch?v=RN3G-dV7_qg<\/a><\/td>\n                    <td style=\"\">pozit\u00edv<\/td>\n                    <td style=\"\">youtube<\/td>\n                    <td style=\"\"><\/td>\n                    <td style=\"\"><\/td>\n                    <td style=\"\"><\/td>\n            <\/tr>\n            <tr id=\"table_2_row_540\">\n                    <td style=\"\">2020.11.23<\/td>\n                    <td style=\"\"><a href='https:\/\/szofisztikaltmacska.hu\/' rel=' nofollow ' target='_blank'>https:\/\/szofisztikaltmacska.hu\/<\/a><\/td>\n                    <td style=\"\">Szofisztikaltmacska<\/td>\n                    <td style=\"\">Meseorsz\u00e1g mindenki\u00e9<\/td>\n                    <td style=\"\">blogbejegyz\u00e9s<\/td>\n                    <td style=\"\"><a href='https:\/\/szofisztikaltmacska.hu\/meseorszag-mindenkie\/' rel=' nofollow ' target='_blank'>https:\/\/szofisztikaltmacska.hu\/meseorszag-mindenkie\/<\/a><\/td>\n                    <td style=\"\">pozit\u00edv<\/td>\n                    <td style=\"\"><\/td>\n                    <td style=\"\"><\/td>\n                    <td style=\"\"><\/td>\n                    <td style=\"\">Blogturn\u00e9<\/td>\n            <\/tr>\n            <tr id=\"table_2_row_541\">\n                    <td style=\"\">2020.11.23<\/td>\n                    <td style=\"\"><a href='https:\/\/www.kulturcafe.hu\/' rel=' nofollow ' target='_blank'>https:\/\/www.kulturcafe.hu\/<\/a><\/td>\n                    <td style=\"\"><\/td>\n                    <td style=\"\">Mes\u00e9k mindenkinek<\/td>\n                    <td style=\"\">recenzi\u00f3<\/td>\n                    <td style=\"\"><a href='https:\/\/www.kulturcafe.hu\/konyv\/mesek-mindenkinek' rel=' nofollow ' target='_blank'>https:\/\/www.kulturcafe.hu\/konyv\/mesek-mindenkinek<\/a><\/td>\n                    <td style=\"\">pozit\u00edv<\/td>\n                    <td style=\"\"><\/td>\n                    <td style=\"\"><\/td>\n                    <td style=\"\"><\/td>\n                    <td style=\"\"><\/td>\n            <\/tr>\n            <tr id=\"table_2_row_542\">\n                    <td style=\"\">2020.11.23<\/td>\n                    <td style=\"\"><a href='http:\/\/szervatiusz.net\/' rel=' nofollow ' target='_blank'>http:\/\/szervatiusz.net\/<\/a><\/td>\n                    <td style=\"\"><\/td>\n                    <td style=\"\">Alkot\u00f3 tan\u00e1raink<\/td>\n                    <td style=\"\">h\u00edr, besz\u00e1mol\u00f3, r\u00f6vid cikk<\/td>\n                    <td style=\"\"><a href='http:\/\/szervatiusz.net\/index.php\/alkoto-tanaraink' rel=' nofollow ' target='_blank'>http:\/\/szervatiusz.net\/index.php\/alkoto-tanaraink<\/a><\/td>\n                    <td style=\"\">pozit\u00edv<\/td>\n                    <td style=\"\"><\/td>\n                    <td style=\"\"><\/td>\n                    <td style=\"\"><\/td>\n                    <td style=\"\">Alkot\u00f3 tan\u00e1raink: Kasza Krisztina<\/td>\n            <\/tr>\n            <tr id=\"table_2_row_543\">\n                    <td style=\"\">2020.11.23<\/td>\n                    <td style=\"\"><a href='https:\/\/www.nbcnews.com\/' rel=' nofollow ' target='_blank'>https:\/\/www.nbcnews.com\/<\/a><\/td>\n                    <td style=\"\">Dan Avery<\/td>\n                    <td style=\"\">As the pandemic rages, Hungary ramps up anti-LGBTQ legislation<\/td>\n                    <td style=\"\">h\u00edr, besz\u00e1mol\u00f3, r\u00f6vid cikk<\/td>\n                    <td style=\"\"><a href='https:\/\/www.nbcnews.com\/feature\/nbc-out\/pandemic-rages-hungary-ramps-anti-lgbtq-legislation-n1248659' rel=' nofollow ' target='_blank'>https:\/\/www.nbcnews.com\/feature\/nbc-out\/pandemic-rages-hungary-ramps-anti-lgbtq-legislation-n1248659<\/a><\/td>\n                    <td style=\"\">semleges<\/td>\n                    <td style=\"\"><\/td>\n                    <td style=\"\">igen<\/td>\n                    <td style=\"\">angol<\/td>\n                    <td style=\"\"><\/td>\n            <\/tr>\n            <tr id=\"table_2_row_544\">\n                    <td style=\"\">2020.11.24<\/td>\n                    <td style=\"\"><a href='https:\/\/www.utoszo.hu\/' rel=' nofollow ' target='_blank'>https:\/\/www.utoszo.hu\/<\/a><\/td>\n                    <td style=\"\"><\/td>\n                    <td style=\"\">Nagy Boldizs\u00e1r (szerk.): Meseorsz\u00e1g mindenki\u00e9<\/td>\n                    <td style=\"\">blogbejegyz\u00e9s<\/td>\n                    <td style=\"\"><a href='https:\/\/www.utoszo.hu\/2020\/11\/24\/nagy-boldizsar-szerk-meseorszag-mindenkie\/' rel=' nofollow ' target='_blank'>https:\/\/www.utoszo.hu\/2020\/11\/24\/nagy-boldizsar-szerk-meseorszag-mindenkie\/<\/a><\/td>\n                    <td style=\"\">pozit\u00edv<\/td>\n                    <td style=\"\"><\/td>\n                    <td style=\"\"><\/td>\n                    <td style=\"\"><\/td>\n                    <td style=\"\">Blogturn\u00e9<\/td>\n            <\/tr>\n            <tr id=\"table_2_row_545\">\n                    <td style=\"\">2020.11.24<\/td>\n                    <td style=\"\"><a href='https:\/\/partnershungary.hu\/' rel=' nofollow ' target='_blank'>https:\/\/partnershungary.hu\/<\/a><\/td>\n                    <td style=\"\">Partners Hungary<\/td>\n                    <td style=\"\">Gy\u0171l\u00f6letmentes ifj\u00fas\u00e1g\u00e9rt - online tal\u00e1lkoz\u00f3 fiatalokkal foglalkoz\u00f3 szakembereknek<\/td>\n                    <td style=\"\">esem\u00e9ny<\/td>\n                    <td style=\"\"><a href='https:\/\/partnershungary.hu\/events\/gyuloletmentes-ifjusagert-online-talalkozo' rel=' nofollow ' target='_blank'>https:\/\/partnershungary.hu\/events\/gyuloletmentes-ifjusagert-online-talalkozo<\/a><\/td>\n                    <td style=\"\">pozit\u00edv<\/td>\n                    <td style=\"\"><\/td>\n                    <td style=\"\"><\/td>\n                    <td style=\"\"><\/td>\n                    <td style=\"\"><\/td>\n            <\/tr>\n            <tr id=\"table_2_row_546\">\n                    <td style=\"\">2020.11.24<\/td>\n                    <td style=\"\"><a href='https:\/\/mandiner.hu\/' rel=' nofollow ' target='_blank'>https:\/\/mandiner.hu\/<\/a><\/td>\n                    <td style=\"\">P\u00e1l Gyula<\/td>\n                    <td style=\"\">Meseorsz\u00e1g ut\u00e1n \u2013 j\u00f6n-e m\u00e1r egy \u00faj paradigma?<\/td>\n                    <td style=\"\">publicisztika<\/td>\n                    <td style=\"\"><a href='https:\/\/mandiner.hu\/cikk\/20201124_meseorszag' rel=' nofollow ' target='_blank'>https:\/\/mandiner.hu\/cikk\/20201124_meseorszag<\/a><\/td>\n                    <td style=\"\">negat\u00edv<\/td>\n                    <td style=\"\"><\/td>\n                    <td style=\"\"><\/td>\n                    <td style=\"\"><\/td>\n                    <td style=\"\"><\/td>\n            <\/tr>\n            <tr id=\"table_2_row_547\">\n                    <td style=\"\">2020.11.24<\/td>\n                    <td style=\"\"><a href='https:\/\/www.facebook.com\/' rel=' nofollow ' target='_blank'>https:\/\/www.facebook.com\/<\/a><\/td>\n                    <td style=\"\"><\/td>\n                    <td style=\"\">Gy\u0171l\u00f6letmentes ifj\u00fas\u00e1g\u00e9rt - online tal\u00e1lkoz\u00f3 fiatalokkal foglalkoz\u00f3 szakembereknek<\/td>\n                    <td style=\"\">esem\u00e9ny<\/td>\n                    <td style=\"\"><a href='https:\/\/www.facebook.com\/events\/1051021338658322\/' rel=' nofollow ' target='_blank'>https:\/\/www.facebook.com\/events\/1051021338658322\/<\/a><\/td>\n                    <td style=\"\">pozit\u00edv<\/td>\n                    <td style=\"\"><\/td>\n                    <td style=\"\"><\/td>\n                    <td style=\"\"><\/td>\n                    <td style=\"\"><\/td>\n            <\/tr>\n            <tr id=\"table_2_row_548\">\n                    <td style=\"\">2020.11.24<\/td>\n                    <td style=\"\"><a href='https:\/\/partnershungary.hu\/' rel=' nofollow ' target='_blank'>https:\/\/partnershungary.hu\/<\/a><\/td>\n                    <td style=\"\"><\/td>\n                    <td style=\"\">Gy\u0171l\u00f6letmentes ifj\u00fas\u00e1g\u00e9rt \u2013 online tal\u00e1lkoz\u00f3 fiatalokkal foglalkoz\u00f3 szakembereknek<\/td>\n                    <td style=\"\">esem\u00e9ny<\/td>\n                    <td style=\"\"><a href='https:\/\/partnershungary.hu\/events\/gyuloletmentes-ifjusagert-online-talalkozo\/' rel=' nofollow ' target='_blank'>https:\/\/partnershungary.hu\/events\/gyuloletmentes-ifjusagert-online-talalkozo\/<\/a><\/td>\n                    <td style=\"\">semleges<\/td>\n                    <td style=\"\"><\/td>\n                    <td style=\"\"><\/td>\n                    <td style=\"\"><\/td>\n                    <td style=\"\">A CEE esem\u00e9ny felh\u00edv\u00e1sa<\/td>\n            <\/tr>\n            <tr id=\"table_2_row_549\">\n                    <td style=\"\">2020.11.25<\/td>\n                    <td style=\"\"><a href='http:\/\/spiritblissoldala.blogspot.com\/' rel=' nofollow ' target='_blank'>http:\/\/spiritblissoldala.blogspot.com\/<\/a><\/td>\n                    <td style=\"\">Spirit Bliss<\/td>\n                    <td style=\"\">Meseorsz\u00e1g mindenki\u00e9 \u2013 Blogturn\u00e9<\/td>\n                    <td style=\"\">blogbejegyz\u00e9s<\/td>\n                    <td style=\"\"><a href='http:\/\/spiritblissoldala.blogspot.com\/2020\/11\/meseorszag-mindenkie-blogturne.html' rel=' nofollow ' target='_blank'>http:\/\/spiritblissoldala.blogspot.com\/2020\/11\/meseorszag-mindenkie-blogturne.html<\/a><\/td>\n                    <td style=\"\">pozit\u00edv<\/td>\n                    <td style=\"\"><\/td>\n                    <td style=\"\"><\/td>\n                    <td style=\"\"><\/td>\n                    <td style=\"\">Blogturn\u00e9<\/td>\n            <\/tr>\n            <tr id=\"table_2_row_550\">\n                    <td style=\"\">2020.11.26<\/td>\n                    <td style=\"\"><a href='https:\/\/www.facebook.com\/' rel=' nofollow ' target='_blank'>https:\/\/www.facebook.com\/<\/a><\/td>\n                    <td style=\"\">Szabad Egyetem<\/td>\n                    <td style=\"\">Alt-Sex-Ed: Inkluz\u00edv szexu\u00e1lis felvil\u00e1gos\u00edt\u00e1s Magyarorsz\u00e1gon<\/td>\n                    <td style=\"\">esem\u00e9ny<\/td>\n                    <td style=\"\"><a href='https:\/\/www.facebook.com\/events\/2891814544365604' rel=' nofollow ' target='_blank'>https:\/\/www.facebook.com\/events\/2891814544365604<\/a><\/td>\n                    <td style=\"\">pozit\u00edv<\/td>\n                    <td style=\"\">fb<\/td>\n                    <td style=\"\"><\/td>\n                    <td style=\"\"><\/td>\n                    <td style=\"\"><\/td>\n            <\/tr>\n            <tr id=\"table_2_row_551\">\n                    <td style=\"\">2020.11.26<\/td>\n                    <td style=\"\"><a href='https:\/\/www.facebook.com\/' rel=' nofollow ' target='_blank'>https:\/\/www.facebook.com\/<\/a><\/td>\n                    <td style=\"\"><\/td>\n                    <td style=\"\">alt-sex-ed: Inkluz\u00edv szexu\u00e1lis felvil\u00e1gos\u00edt\u00e1s Magyarorsz\u00e1gon<\/td>\n                    <td style=\"\">esem\u00e9ny<\/td>\n                    <td style=\"\"><a href='https:\/\/www.facebook.com\/events\/2891814544365604\/' rel=' nofollow ' target='_blank'>https:\/\/www.facebook.com\/events\/2891814544365604\/<\/a><\/td>\n                    <td style=\"\">pozit\u00edv<\/td>\n                    <td style=\"\">fb<\/td>\n                    <td style=\"\"><\/td>\n                    <td style=\"\"><\/td>\n                    <td style=\"\"><\/td>\n            <\/tr>\n            <tr id=\"table_2_row_552\">\n                    <td style=\"\">2020.11.27<\/td>\n                    <td style=\"\"><a href='https:\/\/labrisz.hu\/' rel=' nofollow ' target='_blank'>https:\/\/labrisz.hu\/<\/a><\/td>\n                    <td style=\"\">Labrisz<\/td>\n                    <td style=\"\">Sz\u00edn\u00e9szek olvasnak a Meseorsz\u00e1g mindenki\u00e9 k\u00f6tetb\u0151l<\/td>\n                    <td style=\"\">h\u00edr, besz\u00e1mol\u00f3, r\u00f6vid cikk<\/td>\n                    <td style=\"\"><a href='https:\/\/labrisz.hu\/hirek\/szineszek_olvasnak_a_meseorszag_mindenkie_kotetbol.840.html?pageid=58' rel=' nofollow ' target='_blank'>https:\/\/labrisz.hu\/hirek\/szineszek_olvasnak_a_meseorszag_mindenkie_kotetbol.840.html?pageid=58<\/a><\/td>\n                    <td style=\"\">pozit\u00edv<\/td>\n                    <td style=\"\"><\/td>\n                    <td style=\"\"><\/td>\n                    <td style=\"\"><\/td>\n                    <td style=\"\"><\/td>\n            <\/tr>\n            <tr id=\"table_2_row_553\">\n                    <td style=\"\">2020.11.27<\/td>\n                    <td style=\"\"><a href='https:\/\/www.facebook.com\/' rel=' nofollow ' target='_blank'>https:\/\/www.facebook.com\/<\/a><\/td>\n                    <td style=\"\">Labrisz<\/td>\n                    <td style=\"\">\u00c1llami homof\u00f3bia, avagy a l\u00e9tez\u00e9s nem propaganda<\/td>\n                    <td style=\"\">esem\u00e9ny<\/td>\n                    <td style=\"\"><a href='https:\/\/www.facebook.com\/events\/297043601502400\/' rel=' nofollow ' target='_blank'>https:\/\/www.facebook.com\/events\/297043601502400\/<\/a><\/td>\n                    <td style=\"\">pozit\u00edv<\/td>\n                    <td style=\"\">fb<\/td>\n                    <td style=\"\"><\/td>\n                    <td style=\"\"><\/td>\n                    <td style=\"\"><\/td>\n            <\/tr>\n            <tr id=\"table_2_row_554\">\n                    <td style=\"\">2020.11.27<\/td>\n                    <td style=\"\"><a href='https:\/\/g7.hu\/' rel=' nofollow ' target='_blank'>https:\/\/g7.hu\/<\/a><\/td>\n                    <td style=\"\">Ercse Kriszta<\/td>\n                    <td style=\"\">Az eg\u00e9sz vil\u00e1g mindenki\u00e9 \u2013 egy mesek\u00f6nyv, amit mindenki kalap\u00e1csnak n\u00e9zett<\/td>\n                    <td style=\"\">publicisztika<\/td>\n                    <td style=\"\"><a href='https:\/\/g7.hu\/elet\/20201127\/az-egesz-vilag-mindenkie-egy-mesekonyv-amit-mindenki-kalapacsnak-nezett\/' rel=' nofollow ' target='_blank'>https:\/\/g7.hu\/elet\/20201127\/az-egesz-vilag-mindenkie-egy-mesekonyv-amit-mindenki-kalapacsnak-nezett\/<\/a><\/td>\n                    <td style=\"\">pozit\u00edv<\/td>\n                    <td style=\"\"><\/td>\n                    <td style=\"\"><\/td>\n                    <td style=\"\"><\/td>\n                    <td style=\"\"><\/td>\n            <\/tr>\n            <tr id=\"table_2_row_555\">\n                    <td style=\"\">2020.11.30<\/td>\n                    <td style=\"\"><a href='https:\/\/anyanyelvmegorzes.hu\/' rel=' nofollow ' target='_blank'>https:\/\/anyanyelvmegorzes.hu\/<\/a><\/td>\n                    <td style=\"\">Zs\u00e9dely T\u00edmea<\/td>\n                    <td style=\"\">Az \u00f6nismeret mindenki\u00e9, de m\u00e9gis hogyan?<\/td>\n                    <td style=\"\">blogbejegyz\u00e9s<\/td>\n                    <td style=\"\"><a href='https:\/\/anyanyelvmegorzes.hu\/az-onismeret-mindenkie-de-megis-hogyan\/' rel=' nofollow ' target='_blank'>https:\/\/anyanyelvmegorzes.hu\/az-onismeret-mindenkie-de-megis-hogyan\/<\/a><\/td>\n                    <td style=\"\">pozit\u00edv<\/td>\n                    <td style=\"\"><\/td>\n                    <td style=\"\"><\/td>\n                    <td style=\"\"><\/td>\n                    <td style=\"\"><\/td>\n            <\/tr>\n            <tr id=\"table_2_row_556\">\n                    <td style=\"\">2020.11.30<\/td>\n                    <td style=\"\"><a href='https:\/\/www.facebook.com\/' rel=' nofollow ' target='_blank'>https:\/\/www.facebook.com\/<\/a><\/td>\n                    <td style=\"\">Ian McKellen<\/td>\n                    <td style=\"\">I wish I could have read this book when I was a child.<\/td>\n                    <td style=\"\">FB-poszt<\/td>\n                    <td style=\"\"><a href='https:\/\/www.facebook.com\/ianmckellen\/posts\/10157818935693601' rel=' nofollow ' target='_blank'>https:\/\/www.facebook.com\/ianmckellen\/posts\/10157818935693601<\/a><\/td>\n                    <td style=\"\">pozit\u00edv<\/td>\n                    <td style=\"\">fb<\/td>\n                    <td style=\"\">igen<\/td>\n                    <td style=\"\">angol<\/td>\n                    <td style=\"\"><\/td>\n            <\/tr>\n            <tr id=\"table_2_row_557\">\n                    <td style=\"\">2020.11.30<\/td>\n                    <td style=\"\"><a href='https:\/\/444.hu\/' rel=' nofollow ' target='_blank'>https:\/\/444.hu\/<\/a><\/td>\n                    <td style=\"\">Herczeg M\u00e1rk<\/td>\n                    <td style=\"\">\u201eB\u00e1rcsak olvashattam volna ezt a k\u00f6nyvet gyerekkoromban\u201d \u2013 \u00edrta Ian McKellen a Meseorsz\u00e1g mindenki\u00e9r\u0151l<\/td>\n                    <td style=\"\">h\u00edr, besz\u00e1mol\u00f3, r\u00f6vid cikk<\/td>\n                    <td style=\"\"><a href='https:\/\/444.hu\/2020\/11\/30\/barcsak-olvashattam-volna-ezt-a-konyvet-gyerekkoromban-irta-ian-mckellen-a-meseorszag-mindenkierol' rel=' nofollow ' target='_blank'>https:\/\/444.hu\/2020\/11\/30\/barcsak-olvashattam-volna-ezt-a-konyvet-gyerekkoromban-irta-ian-mckellen-a-meseorszag-mindenkierol<\/a><\/td>\n                    <td style=\"\">semleges<\/td>\n                    <td style=\"\"><\/td>\n                    <td style=\"\"><\/td>\n                    <td style=\"\"><\/td>\n                    <td style=\"\"><\/td>\n            <\/tr>\n            <tr id=\"table_2_row_558\">\n                    <td style=\"\">2020.11.30<\/td>\n                    <td style=\"\"><a href='https:\/\/hvg.hu\/' rel=' nofollow ' target='_blank'>https:\/\/hvg.hu\/<\/a><\/td>\n                    <td style=\"\"><\/td>\n                    <td style=\"\">Ian McKellen a Meseorsz\u00e1g mindenki\u00e9r\u0151l: \u201eB\u00e1rcsak olvashattam volna ezt a k\u00f6nyvet gyerekk\u00e9nt\u201d<\/td>\n                    <td style=\"\">h\u00edr, besz\u00e1mol\u00f3, r\u00f6vid cikk<\/td>\n                    <td style=\"\"><a href='https:\/\/hvg.hu\/elet\/20201130_ian_mckellen_meseorszag_mindenkie_mesekonyv' rel=' nofollow ' target='_blank'>https:\/\/hvg.hu\/elet\/20201130_ian_mckellen_meseorszag_mindenkie_mesekonyv<\/a><\/td>\n                    <td style=\"\">semleges<\/td>\n                    <td style=\"\"><\/td>\n                    <td style=\"\"><\/td>\n                    <td style=\"\"><\/td>\n                    <td style=\"\"><\/td>\n            <\/tr>\n            <tr id=\"table_2_row_559\">\n                    <td style=\"\">2020.11.30<\/td>\n                    <td style=\"\"><a href='https:\/\/telex.hu\/' rel=' nofollow ' target='_blank'>https:\/\/telex.hu\/<\/a><\/td>\n                    <td style=\"\">Kov\u00e1cs D\u00e1vid<\/td>\n                    <td style=\"\">Ian McKellen sz\u00edvesen olvasta volna a ledar\u00e1lt magyar mesek\u00f6nyvet<\/td>\n                    <td style=\"\">h\u00edr, besz\u00e1mol\u00f3, r\u00f6vid cikk<\/td>\n                    <td style=\"\"><a href='https:\/\/telex.hu\/kult\/2020\/11\/30\/ian-mckellen-szivesen-olvasta-volna-a-ledaralt-magyar-mesekonyvet' rel=' nofollow ' target='_blank'>https:\/\/telex.hu\/kult\/2020\/11\/30\/ian-mckellen-szivesen-olvasta-volna-a-ledaralt-magyar-mesekonyvet<\/a><\/td>\n                    <td style=\"\">semleges<\/td>\n                    <td style=\"\"><\/td>\n                    <td style=\"\"><\/td>\n                    <td style=\"\"><\/td>\n                    <td style=\"\"><\/td>\n            <\/tr>\n            <tr id=\"table_2_row_560\">\n                    <td style=\"\">2020.12.01<\/td>\n                    <td style=\"\"><a href='https:\/\/www.facebook.com\/' rel=' nofollow ' target='_blank'>https:\/\/www.facebook.com\/<\/a><\/td>\n                    <td style=\"\">\u00cdr\u00f3k Boltja<\/td>\n                    <td style=\"\">novemberi sikerlista<\/td>\n                    <td style=\"\">FB-poszt<\/td>\n                    <td style=\"\"><a href='https:\/\/www.facebook.com\/irokboltja\/photos\/a.129095817120415\/4087703384592952\/' rel=' nofollow ' target='_blank'>https:\/\/www.facebook.com\/irokboltja\/photos\/a.129095817120415\/4087703384592952\/<\/a><\/td>\n                    <td style=\"\">semleges<\/td>\n                    <td style=\"\">fb<\/td>\n                    <td style=\"\"><\/td>\n                    <td style=\"\"><\/td>\n                    <td style=\"\">\u00cdr\u00f3k Boltja 2020. novemberi sikerlista, 1. a Meseorsz\u00e1g<\/td>\n            <\/tr>\n            <tr id=\"table_2_row_561\">\n                    <td style=\"\">2020.12.02<\/td>\n                    <td style=\"\"><a href='https:\/\/www.gcksbookreviewblog.com\/' rel=' nofollow ' target='_blank'>https:\/\/www.gcksbookreviewblog.com\/<\/a><\/td>\n                    <td style=\"\">Genevieve, Coeur \u00e9s Kikyo<\/td>\n                    <td style=\"\">2020 legszebb magyar bor\u00edt\u00f3i: m\u00e1sodik fordul\u00f3<\/td>\n                    <td style=\"\">blogbejegyz\u00e9s<\/td>\n                    <td style=\"\"><a href='https:\/\/www.gcksbookreviewblog.com\/2020\/12\/2020-legszebb-magyar-boritoi-masodik.html' rel=' nofollow ' target='_blank'>https:\/\/www.gcksbookreviewblog.com\/2020\/12\/2020-legszebb-magyar-boritoi-masodik.html<\/a><\/td>\n                    <td style=\"\">semleges<\/td>\n                    <td style=\"\"><\/td>\n                    <td style=\"\"><\/td>\n                    <td style=\"\"><\/td>\n                    <td style=\"\"><\/td>\n            <\/tr>\n            <tr id=\"table_2_row_562\">\n                    <td style=\"\">2020.12.04<\/td>\n                    <td style=\"\"><a href='https:\/\/telex.hu\/' rel=' nofollow ' target='_blank'>https:\/\/telex.hu\/<\/a><\/td>\n                    <td style=\"\">Lengyel-Szab\u00f3 P\u00e9ter, Szil\u00e1gyi M\u00e1t\u00e9, F\u00f6ldes Andr\u00e1s, Szilli Tam\u00e1s<\/td>\n                    <td style=\"\">The storybook that opened a rift in Hungary<\/td>\n                    <td style=\"\">h\u00edr, besz\u00e1mol\u00f3, r\u00f6vid cikk<\/td>\n                    <td style=\"\"><a href='https:\/\/telex.hu\/english\/2020\/12\/04\/the-storybook-that-turned-a-nation-on-its-head' rel=' nofollow ' target='_blank'>https:\/\/telex.hu\/english\/2020\/12\/04\/the-storybook-that-turned-a-nation-on-its-head<\/a><\/td>\n                    <td style=\"\">pozit\u00edv<\/td>\n                    <td style=\"\"><\/td>\n                    <td style=\"\">igen<\/td>\n                    <td style=\"\">angol<\/td>\n                    <td style=\"\">Az okt. 2-i cikk ford\u00edt\u00e1sa<\/td>\n            <\/tr>\n            <tr id=\"table_2_row_563\">\n                    <td style=\"\">2020.12.06<\/td>\n                    <td style=\"\"><a href='https:\/\/www.fro.at\/' rel=' nofollow ' target='_blank'>https:\/\/www.fro.at\/<\/a><\/td>\n                    <td style=\"\">Ecser Vera<\/td>\n                    <td style=\"\">Linzb\u0151lmese a feln\u0151tts\u00e9gr\u0151l<\/td>\n                    <td style=\"\">r\u00e1di\u00f3<\/td>\n                    <td style=\"\"><a href='https:\/\/www.fro.at\/linzbolmese-2\/' rel=' nofollow ' target='_blank'>https:\/\/www.fro.at\/linzbolmese-2\/<\/a><\/td>\n                    <td style=\"\">semleges<\/td>\n                    <td style=\"\"><\/td>\n                    <td style=\"\">igen<\/td>\n                    <td style=\"\"><\/td>\n                    <td style=\"\">Huzella J\u00falia felolvassa Kiss Judit \u00c1gnes \"R\u00f3za a b\u00e1lban\" c. mes\u00e9j\u00e9t, ut\u00e1na besz\u00e9lget\u00e9s szak\u00e9rt\u0151kkel \u00e9s a szerz\u0151vel<\/td>\n            <\/tr>\n            <tr id=\"table_2_row_564\">\n                    <td style=\"\">2020.12.07<\/td>\n                    <td style=\"\"><a href='https:\/\/litera.hu\/' rel=' nofollow ' target='_blank'>https:\/\/litera.hu\/<\/a><\/td>\n                    <td style=\"\"><\/td>\n                    <td style=\"\">Csehy Zolt\u00e1n<\/td>\n                    <td style=\"\">interj\u00fa<\/td>\n                    <td style=\"\"><a href='https:\/\/litera.hu\/magazin\/interju\/korkerdes-2020-csehy-zoltan.html' rel=' nofollow ' target='_blank'>https:\/\/litera.hu\/magazin\/interju\/korkerdes-2020-csehy-zoltan.html<\/a><\/td>\n                    <td style=\"\">semleges<\/td>\n                    <td style=\"\"><\/td>\n                    <td style=\"\"><\/td>\n                    <td style=\"\"><\/td>\n                    <td style=\"\"><\/td>\n            <\/tr>\n            <tr id=\"table_2_row_565\">\n                    <td style=\"\">2020.12.08<\/td>\n                    <td style=\"\"><a href='https:\/\/www.youtube.com\/' rel=' nofollow ' target='_blank'>https:\/\/www.youtube.com\/<\/a><\/td>\n                    <td style=\"\">BENovelas<\/td>\n                    <td style=\"\">Meseorsz\u00e1g t\u00e1mad\u00f3inak<\/td>\n                    <td style=\"\">vide\u00f3<\/td>\n                    <td style=\"\"><a href='https:\/\/www.youtube.com\/watch?v=IgYRHOXHQcI' rel=' nofollow ' target='_blank'>https:\/\/www.youtube.com\/watch?v=IgYRHOXHQcI<\/a><\/td>\n                    <td style=\"\">pozit\u00edv<\/td>\n                    <td style=\"\">youtube<\/td>\n                    <td style=\"\"><\/td>\n                    <td style=\"\"><\/td>\n                    <td style=\"\"><\/td>\n            <\/tr>\n            <tr id=\"table_2_row_566\">\n                    <td style=\"\">2020.12.09<\/td>\n                    <td style=\"\"><a href='https:\/\/www.youtube.com\/' rel=' nofollow ' target='_blank'>https:\/\/www.youtube.com\/<\/a><\/td>\n                    <td style=\"\">BENovelas<\/td>\n                    <td style=\"\">Lakatos Istv\u00e1n: A boszork\u00e1ny mes\u00e9je<\/td>\n                    <td style=\"\">vide\u00f3<\/td>\n                    <td style=\"\"><a href='https:\/\/www.youtube.com\/watch?v=DSXVMO0Ec_s&amp;t=8s' rel=' nofollow ' target='_blank'>https:\/\/www.youtube.com\/watch?v=DSXVMO0Ec_s&amp;t=8s<\/a><\/td>\n                    <td style=\"\">semleges<\/td>\n                    <td style=\"\">youtube<\/td>\n                    <td style=\"\"><\/td>\n                    <td style=\"\"><\/td>\n                    <td style=\"\"><\/td>\n            <\/tr>\n            <tr id=\"table_2_row_567\">\n                    <td style=\"\">2020.12.09<\/td>\n                    <td style=\"\"><a href='https:\/\/telex.hu\/' rel=' nofollow ' target='_blank'>https:\/\/telex.hu\/<\/a><\/td>\n                    <td style=\"\">Koroknai Gergely<\/td>\n                    <td style=\"\">Ismert magyar sz\u00edn\u00e9szek olvass\u00e1k fel a Meseorsz\u00e1g mindenki\u00e9 mes\u00e9it<\/td>\n                    <td style=\"\">h\u00edr, besz\u00e1mol\u00f3, r\u00f6vid cikk<\/td>\n                    <td style=\"\"><a href='https:\/\/telex.hu\/kult\/2020\/12\/09\/meseorszag-mindenkie-felolvasas-udvaros-dorottya-kovacs-patricia-fullajtar-andrea' rel=' nofollow ' target='_blank'>https:\/\/telex.hu\/kult\/2020\/12\/09\/meseorszag-mindenkie-felolvasas-udvaros-dorottya-kovacs-patricia-fullajtar-andrea<\/a><\/td>\n                    <td style=\"\">pozit\u00edv<\/td>\n                    <td style=\"\"><\/td>\n                    <td style=\"\"><\/td>\n                    <td style=\"\"><\/td>\n                    <td style=\"\"><\/td>\n            <\/tr>\n            <tr id=\"table_2_row_568\">\n                    <td style=\"\">2020.12.09<\/td>\n                    <td style=\"\"><a href='https:\/\/hvg.hu\/' rel=' nofollow ' target='_blank'>https:\/\/hvg.hu\/<\/a><\/td>\n                    <td style=\"\"><\/td>\n                    <td style=\"\">Ismert magyar sz\u00edn\u00e9szek olvasnak fel r\u00e9szeket a Meseorsz\u00e1g mindenki\u00e9b\u0151l<\/td>\n                    <td style=\"\">h\u00edr, besz\u00e1mol\u00f3, r\u00f6vid cikk<\/td>\n                    <td style=\"\"><a href='https:\/\/hvg.hu\/elet\/20201209_meseorszag_mindenkie_felolvasas_mesekonyv_magyar_szineszek' rel=' nofollow ' target='_blank'>https:\/\/hvg.hu\/elet\/20201209_meseorszag_mindenkie_felolvasas_mesekonyv_magyar_szineszek<\/a><\/td>\n                    <td style=\"\">pozit\u00edv<\/td>\n                    <td style=\"\"><\/td>\n                    <td style=\"\"><\/td>\n                    <td style=\"\"><\/td>\n                    <td style=\"\"><\/td>\n            <\/tr>\n            <tr id=\"table_2_row_569\">\n                    <td style=\"\">2020.12.09<\/td>\n                    <td style=\"\"><a href='https:\/\/pestihirlap.hu\/' rel=' nofollow ' target='_blank'>https:\/\/pestihirlap.hu\/<\/a><\/td>\n                    <td style=\"\"><\/td>\n                    <td style=\"\">Kov\u00e1cs Patr\u00edcia is felolvas a Meseorsz\u00e1g mindenki\u00e9-b\u0151l<\/td>\n                    <td style=\"\">h\u00edr, besz\u00e1mol\u00f3, r\u00f6vid cikk<\/td>\n                    <td style=\"\"><a href='https:\/\/pestihirlap.hu\/2020\/12\/09\/kovacs-patricia-is-felolvas-a-meseorszag-mindenkie-bol\/' rel=' nofollow ' target='_blank'>https:\/\/pestihirlap.hu\/2020\/12\/09\/kovacs-patricia-is-felolvas-a-meseorszag-mindenkie-bol\/<\/a><\/td>\n                    <td style=\"\">pozit\u00edv<\/td>\n                    <td style=\"\"><\/td>\n                    <td style=\"\"><\/td>\n                    <td style=\"\"><\/td>\n                    <td style=\"\"><\/td>\n            <\/tr>\n            <tr id=\"table_2_row_570\">\n                    <td style=\"\">2020.12.09<\/td>\n                    <td style=\"\"><a href='https:\/\/24.hu\/' rel=' nofollow ' target='_blank'>https:\/\/24.hu\/<\/a><\/td>\n                    <td style=\"\"><\/td>\n                    <td style=\"\">Kov\u00e1cs Patr\u00edcia \u00e9s Udvaros Dorottya is felolvasnak a Meseorsz\u00e1g mindenki\u00e9-b\u0151l<\/td>\n                    <td style=\"\">h\u00edr, besz\u00e1mol\u00f3, r\u00f6vid cikk<\/td>\n                    <td style=\"\"><a href='https:\/\/24.hu\/kultura\/2020\/12\/09\/meseorszag-mindenkie-felolvasas-kovacs-patricia-udvaros-dorottya\/' rel=' nofollow ' target='_blank'>https:\/\/24.hu\/kultura\/2020\/12\/09\/meseorszag-mindenkie-felolvasas-kovacs-patricia-udvaros-dorottya\/<\/a><\/td>\n                    <td style=\"\">semleges<\/td>\n                    <td style=\"\"><\/td>\n                    <td style=\"\"><\/td>\n                    <td style=\"\"><\/td>\n                    <td style=\"\"><\/td>\n            <\/tr>\n            <tr id=\"table_2_row_571\">\n                    <td style=\"\">2020.12.09<\/td>\n                    <td style=\"\"><a href='https:\/\/fidelio.hu\/' rel=' nofollow ' target='_blank'>https:\/\/fidelio.hu\/<\/a><\/td>\n                    <td style=\"\"><\/td>\n                    <td style=\"\">Sz\u00edn\u00e9szek olvass\u00e1k fel a Maeseorsz\u00e1g mindenki\u00e9 mes\u00e9it<\/td>\n                    <td style=\"\">h\u00edr, besz\u00e1mol\u00f3, r\u00f6vid cikk<\/td>\n                    <td style=\"\"><a href='https:\/\/fidelio.hu\/konyv\/szineszek-olvassak-fel-a-meseorszag-mindenkie-meseit-160303.html' rel=' nofollow ' target='_blank'>https:\/\/fidelio.hu\/konyv\/szineszek-olvassak-fel-a-meseorszag-mindenkie-meseit-160303.html<\/a><\/td>\n                    <td style=\"\">semleges<\/td>\n                    <td style=\"\"><\/td>\n                    <td style=\"\"><\/td>\n                    <td style=\"\"><\/td>\n                    <td style=\"\"><\/td>\n            <\/tr>\n            <tr id=\"table_2_row_572\">\n                    <td style=\"\">2020.12.09<\/td>\n                    <td style=\"\"><a href='https:\/\/contextus.hu\/' rel=' nofollow ' target='_blank'>https:\/\/contextus.hu\/<\/a><\/td>\n                    <td style=\"\">B\u00faza Blanka<\/td>\n                    <td style=\"\">Fullajt\u00e1r Andre\u00e1t\u00f3l Udvaros Dorotty\u00e1n \u00e1t Kov\u00e1cs Patr\u00edci\u00e1ig olvasnak fel a Meseorsz\u00e1g mindenki\u00e9 k\u00f6nyvb\u0151l<\/td>\n                    <td style=\"\">h\u00edr, besz\u00e1mol\u00f3, r\u00f6vid cikk<\/td>\n                    <td style=\"\"><a href='https:\/\/contextus.hu\/irodalom\/meseorszag-mindenkie-felolvasas-udvaros-dorottya-fullajtar-andrea\/' rel=' nofollow ' target='_blank'>https:\/\/contextus.hu\/irodalom\/meseorszag-mindenkie-felolvasas-udvaros-dorottya-fullajtar-andrea\/<\/a><\/td>\n                    <td style=\"\">semleges<\/td>\n                    <td style=\"\"><\/td>\n                    <td style=\"\"><\/td>\n                    <td style=\"\"><\/td>\n                    <td style=\"\"><\/td>\n            <\/tr>\n            <tr id=\"table_2_row_573\">\n                    <td style=\"\">2020.12.09<\/td>\n                    <td style=\"\"><a href='https:\/\/www.br.de\/' rel=' nofollow ' target='_blank'>https:\/\/www.br.de\/<\/a><\/td>\n                    <td style=\"\"><\/td>\n                    <td style=\"\">Ungarn streitet \u00fcber ein M\u00e4rchenbuch<\/td>\n                    <td style=\"\">h\u00edr, besz\u00e1mol\u00f3, r\u00f6vid cikk<\/td>\n                    <td style=\"\"><a href='https:\/\/www.br.de\/nachrichten\/deutschland-welt\/ungarn-streitet-ueber-ein-maerchenbuch,SIfB4Kh' rel=' nofollow ' target='_blank'>https:\/\/www.br.de\/nachrichten\/deutschland-welt\/ungarn-streitet-ueber-ein-maerchenbuch,SIfB4Kh<\/a><\/td>\n                    <td style=\"\">semleges<\/td>\n                    <td style=\"\"><\/td>\n                    <td style=\"\">igen<\/td>\n                    <td style=\"\">n\u00e9met<\/td>\n                    <td style=\"\"><\/td>\n            <\/tr>\n            <tr id=\"table_2_row_574\">\n                    <td style=\"\">2020.12.09<\/td>\n                    <td style=\"\"><a href='https:\/\/www.youtube.com\/' rel=' nofollow ' target='_blank'>https:\/\/www.youtube.com\/<\/a><\/td>\n                    <td style=\"\">BENovelas<\/td>\n                    <td style=\"\">Meseorsz\u00e1g mindenki\u00e9: A boszork\u00e1ny mes\u00e9je<\/td>\n                    <td style=\"\">vide\u00f3<\/td>\n                    <td style=\"\"><a href='https:\/\/www.youtube.com\/watch?v=DSXVMO0Ec_s&amp;t=8s' rel=' nofollow ' target='_blank'>https:\/\/www.youtube.com\/watch?v=DSXVMO0Ec_s&amp;t=8s<\/a><\/td>\n                    <td style=\"\">semleges<\/td>\n                    <td style=\"\"><\/td>\n                    <td style=\"\"><\/td>\n                    <td style=\"\"><\/td>\n                    <td style=\"\">BENovelas1TV felolvas egy mes\u00e9t<\/td>\n            <\/tr>\n            <tr id=\"table_2_row_575\">\n                    <td style=\"\">2020.12.10<\/td>\n                    <td style=\"\"><a href='https:\/\/humenonline.hu\/' rel=' nofollow ' target='_blank'>https:\/\/humenonline.hu\/<\/a><\/td>\n                    <td style=\"\">Waliduda D\u00e1niel<\/td>\n                    <td style=\"\">A Meseorsz\u00e1g mindenki\u00e9 mes\u00e9it olvass\u00e1k fel magyar sz\u00edn\u00e9szek<\/td>\n                    <td style=\"\">h\u00edr, besz\u00e1mol\u00f3, r\u00f6vid cikk<\/td>\n                    <td style=\"\"><a href='https:\/\/humenonline.hu\/a-meseorszag-mindenkie-meseit-olvassak-fel-magyar-szineszek\/' rel=' nofollow ' target='_blank'>https:\/\/humenonline.hu\/a-meseorszag-mindenkie-meseit-olvassak-fel-magyar-szineszek\/<\/a><\/td>\n                    <td style=\"\">pozit\u00edv<\/td>\n                    <td style=\"\"><\/td>\n                    <td style=\"\"><\/td>\n                    <td style=\"\"><\/td>\n                    <td style=\"\"><\/td>\n            <\/tr>\n            <tr id=\"table_2_row_576\">\n                    <td style=\"\">2020.12.11<\/td>\n                    <td style=\"\"><a href='https:\/\/vasarnap.hu\/' rel=' nofollow ' target='_blank'>https:\/\/vasarnap.hu\/<\/a><\/td>\n                    <td style=\"\">M\u00e9sz\u00e1ros J\u00f3zsef<\/td>\n                    <td style=\"\">Homo-promo kicsiknek \u2013 Udvaros Dorotty\u00e1\u00e9kt\u00f3l<\/td>\n                    <td style=\"\">h\u00edr, besz\u00e1mol\u00f3, r\u00f6vid cikk<\/td>\n                    <td style=\"\"><a href='https:\/\/vasarnap.hu\/2020\/12\/11\/homo-promo-kicsiknek-udvaros-dorottyaektol\/' rel=' nofollow ' target='_blank'>https:\/\/vasarnap.hu\/2020\/12\/11\/homo-promo-kicsiknek-udvaros-dorottyaektol\/<\/a><\/td>\n                    <td style=\"\">negat\u00edv<\/td>\n                    <td style=\"\"><\/td>\n                    <td style=\"\"><\/td>\n                    <td style=\"\"><\/td>\n                    <td style=\"\"><\/td>\n            <\/tr>\n            <tr id=\"table_2_row_577\">\n                    <td style=\"\">2020.12.13<\/td>\n                    <td style=\"\"><a href='https:\/\/www.youtube.com\/' rel=' nofollow ' target='_blank'>https:\/\/www.youtube.com\/<\/a><\/td>\n                    <td style=\"\">HEVI LGBTI<\/td>\n                    <td style=\"\">S\u0131n\u0131r \u00d6tesi- Hevi LGBT\u0130'nin, Macaristan'dan Labrisz Lesbian Association ile ger\u00e7ekle\u015ftirdi\u011fi g\u00f6r\u00fc\u015fme<\/td>\n                    <td style=\"\">vide\u00f3<\/td>\n                    <td style=\"\"><a href='https:\/\/www.youtube.com\/watch?v=EcANmk5a0EQ' rel=' nofollow ' target='_blank'>https:\/\/www.youtube.com\/watch?v=EcANmk5a0EQ<\/a><\/td>\n                    <td style=\"\">pozit\u00edv<\/td>\n                    <td style=\"\">youtube<\/td>\n                    <td style=\"\"><\/td>\n                    <td style=\"\"><\/td>\n                    <td style=\"\">A HEVI LGBTI t\u00f6r\u00f6k szervezet besz\u00e9lget\u00e9se R\u00e9dai D\u00f3rival a magyar LMBT helyzetr\u0151l, benne a Meseorsz\u00e1ggal<\/td>\n            <\/tr>\n            <tr id=\"table_2_row_578\">\n                    <td style=\"\">2020.12.13<\/td>\n                    <td style=\"\"><a href='https:\/\/telex.hu\/' rel=' nofollow ' target='_blank'>https:\/\/telex.hu\/<\/a><\/td>\n                    <td style=\"\"><\/td>\n                    <td style=\"\">Sz\u00e1jer ut\u00e1n nehezebb lesz a kereszt\u00e9ny szabads\u00e1gr\u00f3l mes\u00e9lni<\/td>\n                    <td style=\"\">vide\u00f3<\/td>\n                    <td style=\"\"><a href='https:\/\/telex.hu\/video\/2020\/12\/13\/szajer-jozsef-kereszteny-szabadsag-orgia-magyarazo' rel=' nofollow ' target='_blank'>https:\/\/telex.hu\/video\/2020\/12\/13\/szajer-jozsef-kereszteny-szabadsag-orgia-magyarazo<\/a><\/td>\n                    <td style=\"\">pozit\u00edv<\/td>\n                    <td style=\"\"><\/td>\n                    <td style=\"\"><\/td>\n                    <td style=\"\"><\/td>\n                    <td style=\"\">telex magyar\u00e1z\u00f3<\/td>\n            <\/tr>\n            <tr id=\"table_2_row_579\">\n                    <td style=\"\">2020.12.14<\/td>\n                    <td style=\"\"><a href='https:\/\/www.facebook.com\/' rel=' nofollow ' target='_blank'>https:\/\/www.facebook.com\/<\/a><\/td>\n                    <td style=\"\">N\u0151i \u00c9rdek<\/td>\n                    <td style=\"\">Together We Can do it\/Csak k\u00f6z\u00f6sen siker\u00fclhet<\/td>\n                    <td style=\"\">esem\u00e9ny<\/td>\n                    <td style=\"\"><a href='https:\/\/www.facebook.com\/Meseorsz%C3%A1g-mindenki%C3%A9-105372071350118' rel=' nofollow ' target='_blank'>https:\/\/www.facebook.com\/Meseorsz%C3%A1g-mindenki%C3%A9-105372071350118<\/a><\/td>\n                    <td style=\"\">semleges<\/td>\n                    <td style=\"\">fb<\/td>\n                    <td style=\"\"><\/td>\n                    <td style=\"\"><\/td>\n                    <td style=\"\"><\/td>\n            <\/tr>\n            <tr id=\"table_2_row_580\">\n                    <td style=\"\">2020.12.14<\/td>\n                    <td style=\"\"><a href='https:\/\/www.facebook.com\/' rel=' nofollow ' target='_blank'>https:\/\/www.facebook.com\/<\/a><\/td>\n                    <td style=\"\"><\/td>\n                    <td style=\"\">online zoom konferencia cseh, szlov\u00e1k, lengyel r\u00e9sztvev\u0151kkel a gender k\u00e9rd\u00e9sr\u0151l<\/td>\n                    <td style=\"\">esem\u00e9ny<\/td>\n                    <td style=\"\"><a href='https:\/\/www.facebook.com\/events\/722188268678677\/' rel=' nofollow ' target='_blank'>https:\/\/www.facebook.com\/events\/722188268678677\/<\/a><\/td>\n                    <td style=\"\">pozit\u00edv<\/td>\n                    <td style=\"\">fb<\/td>\n                    <td style=\"\">igen<\/td>\n                    <td style=\"\">angol<\/td>\n                    <td style=\"\"><\/td>\n            <\/tr>\n            <tr id=\"table_2_row_581\">\n                    <td style=\"\">2020.12.15<\/td>\n                    <td style=\"\"><a href='https:\/\/litera.hu\/' rel=' nofollow ' target='_blank'>https:\/\/litera.hu\/<\/a><\/td>\n                    <td style=\"\"><\/td>\n                    <td style=\"\">Visy Beatrix<\/td>\n                    <td style=\"\">interj\u00fa<\/td>\n                    <td style=\"\"><a href='https:\/\/litera.hu\/magazin\/interju\/korkerdes-2020-visy-beatrix.html' rel=' nofollow ' target='_blank'>https:\/\/litera.hu\/magazin\/interju\/korkerdes-2020-visy-beatrix.html<\/a><\/td>\n                    <td style=\"\">semleges<\/td>\n                    <td style=\"\"><\/td>\n                    <td style=\"\"><\/td>\n                    <td style=\"\"><\/td>\n                    <td style=\"\"><\/td>\n            <\/tr>\n            <tr id=\"table_2_row_582\">\n                    <td style=\"\">2020.12.15<\/td>\n                    <td style=\"\"><a href='https:\/\/uk.news.yahoo.com\/' rel=' nofollow ' target='_blank'>https:\/\/uk.news.yahoo.com\/<\/a><\/td>\n                    <td style=\"\">Peter Murphy<\/td>\n                    <td style=\"\">Hostile climate has LGBT Hungarians eyeing emigration<\/td>\n                    <td style=\"\">h\u00edr, besz\u00e1mol\u00f3, r\u00f6vid cikk<\/td>\n                    <td style=\"\"><a href='https:\/\/uk.news.yahoo.com\/hostile-climate-lgbt-hungarians-eyeing-184846355.html' rel=' nofollow ' target='_blank'>https:\/\/uk.news.yahoo.com\/hostile-climate-lgbt-hungarians-eyeing-184846355.html<\/a><\/td>\n                    <td style=\"\">semleges<\/td>\n                    <td style=\"\"><\/td>\n                    <td style=\"\">igen<\/td>\n                    <td style=\"\">angol<\/td>\n                    <td style=\"\"><\/td>\n            <\/tr>\n            <tr id=\"table_2_row_583\">\n                    <td style=\"\">2020.12.16<\/td>\n                    <td style=\"\"><a href='https:\/\/rtl.hu\/' rel=' nofollow ' target='_blank'>https:\/\/rtl.hu\/<\/a><\/td>\n                    <td style=\"\">Horv\u00e1th N\u00e1ndor<\/td>\n                    <td style=\"\">RTL H\u00edrad\u00f3: Egyre t\u00f6bb h\u00edress\u00e9g \u00e1ll ki a csal\u00e1dok soksz\u00edn\u0171s\u00e9ge mellett<\/td>\n                    <td style=\"\">TV<\/td>\n                    <td style=\"\"><a href='https:\/\/rtl.hu\/rtlklub\/hirek\/egyre-tobb-hiresseg-all-ki-a-csaladok-sokszinusege-mellett' rel=' nofollow ' target='_blank'>https:\/\/rtl.hu\/rtlklub\/hirek\/egyre-tobb-hiresseg-all-ki-a-csaladok-sokszinusege-mellett<\/a><\/td>\n                    <td style=\"\">pozit\u00edv<\/td>\n                    <td style=\"\"><\/td>\n                    <td style=\"\"><\/td>\n                    <td style=\"\"><\/td>\n                    <td style=\"\">Benne Nagy M. Boldizs\u00e1r<\/td>\n            <\/tr>\n            <tr id=\"table_2_row_584\">\n                    <td style=\"\">2020.12.16<\/td>\n                    <td style=\"\"><a href='https:\/\/rtl.hu\/' rel=' nofollow ' target='_blank'>https:\/\/rtl.hu\/<\/a><\/td>\n                    <td style=\"\">G\u00e1l Petra<\/td>\n                    <td style=\"\">F\u00f3kusz: Nyitottak vagyunk: a soksz\u00edn\u0171s\u00e9get, az elfogad\u00e1st hirdetik, mert a vil\u00e1g mindenki\u00e9<\/td>\n                    <td style=\"\">TV<\/td>\n                    <td style=\"\"><a href='https:\/\/rtl.hu\/rtlklub\/fokusz\/nyitottak-vagyunk-a-sokszinuseget-az-elfogadast-hirdetik-mert-a-vilag-mindenkie' rel=' nofollow ' target='_blank'>https:\/\/rtl.hu\/rtlklub\/fokusz\/nyitottak-vagyunk-a-sokszinuseget-az-elfogadast-hirdetik-mert-a-vilag-mindenkie<\/a><\/td>\n                    <td style=\"\">pozit\u00edv<\/td>\n                    <td style=\"\"><\/td>\n                    <td style=\"\"><\/td>\n                    <td style=\"\"><\/td>\n                    <td style=\"\">Interj\u00fa Nagy M. Boldizs\u00e1rral<\/td>\n            <\/tr>\n            <tr id=\"table_2_row_585\">\n                    <td style=\"\">2020.12.16<\/td>\n                    <td style=\"\"><a href='https:\/\/www.france24.com\/' rel=' nofollow ' target='_blank'>https:\/\/www.france24.com\/<\/a><\/td>\n                    <td style=\"\"><\/td>\n                    <td style=\"\">Hostile climate has LGBT Hungarians eyeing emigration<\/td>\n                    <td style=\"\">r\u00f6vid cikk<\/td>\n                    <td style=\"\"><a href='https:\/\/www.france24.com\/en\/live-news\/20201216-hostile-climate-has-lgbt-hungarians-eyeing-emigration' rel=' nofollow ' target='_blank'>https:\/\/www.france24.com\/en\/live-news\/20201216-hostile-climate-has-lgbt-hungarians-eyeing-emigration<\/a><\/td>\n                    <td style=\"\">pozit\u00edv<\/td>\n                    <td style=\"\"><\/td>\n                    <td style=\"\">igen<\/td>\n                    <td style=\"\">angol<\/td>\n                    <td style=\"\">r\u00f6vid cikk arr\u00f3l, mennyi lmbtq ember hagyja el MO-t<\/td>\n            <\/tr>\n            <tr id=\"table_2_row_586\">\n                    <td style=\"\">2020.12.18<\/td>\n                    <td style=\"\"><a href='https:\/\/444.hu\/' rel=' nofollow ' target='_blank'>https:\/\/444.hu\/<\/a><\/td>\n                    <td style=\"\">Neuberger Eszter<\/td>\n                    <td style=\"\">Elkasz\u00e1lta a korm\u00e1nyhivatal a \u201eMeseorsz\u00e1g mindenki\u00e9\u201d k\u00f6nyvet betilt\u00f3 mez\u0151k\u00f6vesdi rendeletet<\/td>\n                    <td style=\"\">h\u00edr, besz\u00e1mol\u00f3, r\u00f6vid cikk<\/td>\n                    <td style=\"\"><a href='https:\/\/444.hu\/2020\/12\/18\/elkaszalta-a-kormanyhivatal-a-meseorszag-mindenkie-konyvet-betilto-mezokovesdi-rendeletet' rel=' nofollow ' target='_blank'>https:\/\/444.hu\/2020\/12\/18\/elkaszalta-a-kormanyhivatal-a-meseorszag-mindenkie-konyvet-betilto-mezokovesdi-rendeletet<\/a><\/td>\n                    <td style=\"\">pozit\u00edv<\/td>\n                    <td style=\"\"><\/td>\n                    <td style=\"\"><\/td>\n                    <td style=\"\"><\/td>\n                    <td style=\"\"><\/td>\n            <\/tr>\n            <tr id=\"table_2_row_587\">\n                    <td style=\"\">2020.12.18<\/td>\n                    <td style=\"\"><a href='https:\/\/telex.hu\/' rel=' nofollow ' target='_blank'>https:\/\/telex.hu\/<\/a><\/td>\n                    <td style=\"\">N\u00e9met Tam\u00e1s<\/td>\n                    <td style=\"\">A korm\u00e1nyhivatal szerint jogs\u00e9rt\u0151 a Meseorsz\u00e1g mindenki\u00e9 c\u00edm\u0171 k\u00f6nyv betilt\u00e1sa Mez\u0151k\u00f6vesden<\/td>\n                    <td style=\"\">h\u00edr, besz\u00e1mol\u00f3, r\u00f6vid cikk<\/td>\n                    <td style=\"\"><a href='https:\/\/telex.hu\/belfold\/2020\/12\/18\/a-kormanyhivatal-szerint-jogserto-a-meseorszag-mindenkie-cimu-konyv-betiltasa-mezokovesden' rel=' nofollow ' target='_blank'>https:\/\/telex.hu\/belfold\/2020\/12\/18\/a-kormanyhivatal-szerint-jogserto-a-meseorszag-mindenkie-cimu-konyv-betiltasa-mezokovesden<\/a><\/td>\n                    <td style=\"\">pozit\u00edv<\/td>\n                    <td style=\"\"><\/td>\n                    <td style=\"\"><\/td>\n                    <td style=\"\"><\/td>\n                    <td style=\"\"><\/td>\n            <\/tr>\n            <tr id=\"table_2_row_588\">\n                    <td style=\"\">2020.12.18<\/td>\n                    <td style=\"\"><a href='https:\/\/mandiner.hu\/' rel=' nofollow ' target='_blank'>https:\/\/mandiner.hu\/<\/a><\/td>\n                    <td style=\"\"><\/td>\n                    <td style=\"\">A korm\u00e1nyhivatal nem engedte betiltani Mez\u0151k\u00f6vesden a Meseorsz\u00e1g mindenki\u00e9t<\/td>\n                    <td style=\"\">h\u00edr, besz\u00e1mol\u00f3, r\u00f6vid cikk<\/td>\n                    <td style=\"\"><a href='https:\/\/mandiner.hu\/cikk\/20201218_a_kormanyhivatal_nem_engedte_betiltani_mezokovesden_a_meseorszag_mindenkiet' rel=' nofollow ' target='_blank'>https:\/\/mandiner.hu\/cikk\/20201218_a_kormanyhivatal_nem_engedte_betiltani_mezokovesden_a_meseorszag_mindenkiet<\/a><\/td>\n                    <td style=\"\">semleges<\/td>\n                    <td style=\"\"><\/td>\n                    <td style=\"\"><\/td>\n                    <td style=\"\"><\/td>\n                    <td style=\"\"><\/td>\n            <\/tr>\n            <tr id=\"table_2_row_589\">\n                    <td style=\"\">2020.12.18<\/td>\n                    <td style=\"\"><a href='https:\/\/www.youtube.com\/' rel=' nofollow ' target='_blank'>https:\/\/www.youtube.com\/<\/a><\/td>\n                    <td style=\"\">D\u00e9:Nash<\/td>\n                    <td style=\"\">Dar\u00e1l\u00f3 Eldor\u00e1d\u00f3 ft. T\u00e9kozl\u00f3 Fi\u00fa &amp; The H\u00edzlalt Borj\u00faz<\/td>\n                    <td style=\"\">vide\u00f3<\/td>\n                    <td style=\"\"><a href='https:\/\/www.youtube.com\/watch?v=eaRLhDqFG8s' rel=' nofollow ' target='_blank'>https:\/\/www.youtube.com\/watch?v=eaRLhDqFG8s<\/a><\/td>\n                    <td style=\"\">pozit\u00edv<\/td>\n                    <td style=\"\">youtube<\/td>\n                    <td style=\"\"><\/td>\n                    <td style=\"\"><\/td>\n                    <td style=\"\"><\/td>\n            <\/tr>\n            <tr id=\"table_2_row_590\">\n                    <td style=\"\">2020.12.19<\/td>\n                    <td style=\"\"><a href='https:\/\/humenonline.hu\/' rel=' nofollow ' target='_blank'>https:\/\/humenonline.hu\/<\/a><\/td>\n                    <td style=\"\">Humen<\/td>\n                    <td style=\"\">Aj\u00e1nd\u00e9kozz sziv\u00e1rv\u00e1nyos k\u00f6nyvet kar\u00e1csonyra!<\/td>\n                    <td style=\"\">h\u00edr, besz\u00e1mol\u00f3, r\u00f6vid cikk<\/td>\n                    <td style=\"\"><a href='https:\/\/humenonline.hu\/ajandekozz-konyvet-karacsonyra\/' rel=' nofollow ' target='_blank'>https:\/\/humenonline.hu\/ajandekozz-konyvet-karacsonyra\/<\/a><\/td>\n                    <td style=\"\">pozit\u00edv<\/td>\n                    <td style=\"\"><\/td>\n                    <td style=\"\"><\/td>\n                    <td style=\"\"><\/td>\n                    <td style=\"\"><\/td>\n            <\/tr>\n            <tr id=\"table_2_row_591\">\n                    <td style=\"\">2020.12.20<\/td>\n                    <td style=\"\"><a href='https:\/\/labrisz.hu\/' rel=' nofollow ' target='_blank'>https:\/\/labrisz.hu\/<\/a><\/td>\n                    <td style=\"\">Labrisz<\/td>\n                    <td style=\"\">\u00dajabb felolvas\u00e1sok a Meseorsz\u00e1g mindneki\u00e9 k\u00f6tetb\u0151l<\/td>\n                    <td style=\"\">h\u00edr, besz\u00e1mol\u00f3, r\u00f6vid cikk<\/td>\n                    <td style=\"\"><a href='https:\/\/labrisz.hu\/hirek\/ujabb_felolvasasok_a_meseorszag_mindenkie_kotetbol.843.html?pageid=58' rel=' nofollow ' target='_blank'>https:\/\/labrisz.hu\/hirek\/ujabb_felolvasasok_a_meseorszag_mindenkie_kotetbol.843.html?pageid=58<\/a><\/td>\n                    <td style=\"\">pozit\u00edv<\/td>\n                    <td style=\"\"><\/td>\n                    <td style=\"\"><\/td>\n                    <td style=\"\"><\/td>\n                    <td style=\"\"><\/td>\n            <\/tr>\n            <tr id=\"table_2_row_592\">\n                    <td style=\"\">2020.12.20<\/td>\n                    <td style=\"\"><a href='https:\/\/www.vadhajtasok.hu\/' rel=' nofollow ' target='_blank'>https:\/\/www.vadhajtasok.hu\/<\/a><\/td>\n                    <td style=\"\"><\/td>\n                    <td style=\"\">A Meseorsz\u00e1g mindenki\u00e9 c\u00edm\u0171 k\u00f6nyvet kiad\u00f3 egyes\u00fclet leforgatta az els\u0151 magyar leszbikus websorozatot<\/td>\n                    <td style=\"\">h\u00edr, besz\u00e1mol\u00f3, r\u00f6vid cikk<\/td>\n                    <td style=\"\"><a href='https:\/\/www.vadhajtasok.hu\/2020\/12\/20\/meseorszag-mindenkie-cimu-konyvet-kiado-egyesulet-leforgatta-az-elso-magyar-leszbikus-websorozatot\/' rel=' nofollow ' target='_blank'>https:\/\/www.vadhajtasok.hu\/2020\/12\/20\/meseorszag-mindenkie-cimu-konyvet-kiado-egyesulet-leforgatta-az-elso-magyar-leszbikus-websorozatot\/<\/a><\/td>\n                    <td style=\"\">negat\u00edv<\/td>\n                    <td style=\"\"><\/td>\n                    <td style=\"\"><\/td>\n                    <td style=\"\"><\/td>\n                    <td style=\"\"><\/td>\n            <\/tr>\n            <tr id=\"table_2_row_593\">\n                    <td style=\"\">2020.12.20<\/td>\n                    <td style=\"\"><a href='https:\/\/psychoanalysis.hu\/' rel=' nofollow ' target='_blank'>https:\/\/psychoanalysis.hu\/<\/a><\/td>\n                    <td style=\"\">Magyar Pszichoanalitikus Egyes\u00fclet<\/td>\n                    <td style=\"\">Egyes\u00fcleti \u00c1ll\u00e1sfoglal\u00e1s<\/td>\n                    <td style=\"\">nyilatkozat<\/td>\n                    <td style=\"\"><a href='https:\/\/psychoanalysis.hu\/egyesuleti_allasfoglalas' rel=' nofollow ' target='_blank'>https:\/\/psychoanalysis.hu\/egyesuleti_allasfoglalas<\/a><\/td>\n                    <td style=\"\">pozit\u00edv<\/td>\n                    <td style=\"\"><\/td>\n                    <td style=\"\"><\/td>\n                    <td style=\"\"><\/td>\n                    <td style=\"\"><\/td>\n            <\/tr>\n            <tr id=\"table_2_row_594\">\n                    <td style=\"\">2021.01.01<\/td>\n                    <td style=\"\"><a href='https:\/\/ng.24.hu\/' rel=' nofollow ' target='_blank'>https:\/\/ng.24.hu\/<\/a><\/td>\n                    <td style=\"\">National Geographic<\/td>\n                    <td style=\"\">Mesek\u00f6nyv a dar\u00e1l\u00f3ban<\/td>\n                    <td style=\"\">h\u00edr, besz\u00e1mol\u00f3, r\u00f6vid cikk<\/td>\n                    <td style=\"\"><a href='https:\/\/ng.24.hu\/magazin\/2020_december' rel=' nofollow ' target='_blank'>https:\/\/ng.24.hu\/magazin\/2020_december<\/a><\/td>\n                    <td style=\"\">semleges<\/td>\n                    <td style=\"\"><\/td>\n                    <td style=\"\"><\/td>\n                    <td style=\"\"><\/td>\n                    <td style=\"\"><\/td>\n            <\/tr>\n            <tr id=\"table_2_row_595\">\n                    <td style=\"\">2021.01.01<\/td>\n                    <td style=\"\"><a href='https:\/\/sozialmarie.org\/' rel=' nofollow ' target='_blank'>https:\/\/sozialmarie.org\/<\/a><\/td>\n                    <td style=\"\"><\/td>\n                    <td style=\"\">Meseorsz\u00e1g mindenki\u00e9<\/td>\n                    <td style=\"\">egy\u00e9b<\/td>\n                    <td style=\"\"><a href='https:\/\/sozialmarie.org\/hu\/projects\/8310' rel=' nofollow ' target='_blank'>https:\/\/sozialmarie.org\/hu\/projects\/8310<\/a><\/td>\n                    <td style=\"\">semleges<\/td>\n                    <td style=\"\"><\/td>\n                    <td style=\"\"><\/td>\n                    <td style=\"\"><\/td>\n                    <td style=\"\"><\/td>\n            <\/tr>\n            <tr id=\"table_2_row_596\">\n                    <td style=\"\">2021.01.01<\/td>\n                    <td style=\"\"><a href='https:\/\/www.ilga-europe.org\/' rel=' nofollow ' target='_blank'>https:\/\/www.ilga-europe.org\/<\/a><\/td>\n                    <td style=\"\"><\/td>\n                    <td style=\"\">ILGA-Europe\u2019s Annual Review of the Human Rights Situation of Lesbian, Gay, Bisexual, Trans and Intersex People covering events that occurred in Europe and Central Asia between January-December 2020. Hungary<\/td>\n                    <td style=\"\">h\u00edr, besz\u00e1mol\u00f3, r\u00f6vid cikk<\/td>\n                    <td style=\"\"><a href='https:\/\/www.ilga-europe.org\/sites\/default\/files\/2021\/hungary.pdf' rel=' nofollow ' target='_blank'>https:\/\/www.ilga-europe.org\/sites\/default\/files\/2021\/hungary.pdf<\/a><\/td>\n                    <td style=\"\">semleges<\/td>\n                    <td style=\"\"><\/td>\n                    <td style=\"\">igen<\/td>\n                    <td style=\"\">angol<\/td>\n                    <td style=\"\">ILGA-Europe \u00e9ves jelent\u00e9s, 2020<\/td>\n            <\/tr>\n            <tr id=\"table_2_row_597\">\n                    <td style=\"\">2021.01.01<\/td>\n                    <td style=\"\"><a href='https:\/\/mozgovilag.hu\/' rel=' nofollow ' target='_blank'>https:\/\/mozgovilag.hu\/<\/a><\/td>\n                    <td style=\"\">Sz\u00e9l D\u00e1vid<\/td>\n                    <td style=\"\">Magas labda<\/td>\n                    <td style=\"\">publicisztika<\/td>\n                    <td style=\"\"><a href='https:\/\/mozgovilag.hu\/2021\/03\/19\/szel-david-magas-labda\/' rel=' nofollow ' target='_blank'>https:\/\/mozgovilag.hu\/2021\/03\/19\/szel-david-magas-labda\/<\/a><\/td>\n                    <td style=\"\">pozit\u00edv<\/td>\n                    <td style=\"\"><\/td>\n                    <td style=\"\"><\/td>\n                    <td style=\"\"><\/td>\n                    <td style=\"\"><\/td>\n            <\/tr>\n            <tr id=\"table_2_row_598\">\n                    <td style=\"\">2021.01.04<\/td>\n                    <td style=\"\"><a href='http:\/\/konyvepitok.hu\/' rel=' nofollow ' target='_blank'>http:\/\/konyvepitok.hu\/<\/a><\/td>\n                    <td style=\"\">Feh\u00e9r G\u00e1bor<\/td>\n                    <td style=\"\">Meseorsz\u00e1g mindenki\u00e9 \u2013 Nagy M. Boldizs\u00e1r szerkeszt\u0151<\/td>\n                    <td style=\"\">r\u00e1di\u00f3<\/td>\n                    <td style=\"\"><a href='http:\/\/konyvepitok.hu\/2021\/01\/04\/meseorszag-mindenkie-nagy-m-boldizsar-szerkeszto\/' rel=' nofollow ' target='_blank'>http:\/\/konyvepitok.hu\/2021\/01\/04\/meseorszag-mindenkie-nagy-m-boldizsar-szerkeszto\/<\/a><\/td>\n                    <td style=\"\">pozit\u00edv<\/td>\n                    <td style=\"\"><\/td>\n                    <td style=\"\"><\/td>\n                    <td style=\"\"><\/td>\n                    <td style=\"\">podcast<\/td>\n            <\/tr>\n            <tr id=\"table_2_row_599\">\n                    <td style=\"\">2021.01.04<\/td>\n                    <td style=\"\"><a href='https:\/\/www.facebook.com\/' rel=' nofollow ' target='_blank'>https:\/\/www.facebook.com\/<\/a><\/td>\n                    <td style=\"\">\u00cdr\u00f3k Boltja<\/td>\n                    <td style=\"\">Decemberi sikerlist\u00e1<\/td>\n                    <td style=\"\">FB-poszt<\/td>\n                    <td style=\"\"><a href='https:\/\/www.facebook.com\/irokboltja\/photos\/a.976643005699021\/4178931698803453\/' rel=' nofollow ' target='_blank'>https:\/\/www.facebook.com\/irokboltja\/photos\/a.976643005699021\/4178931698803453\/<\/a><\/td>\n                    <td style=\"\">semleges<\/td>\n                    <td style=\"\">fb<\/td>\n                    <td style=\"\"><\/td>\n                    <td style=\"\"><\/td>\n                    <td style=\"\">\u00cdr\u00f3k Boltja 2020. decemberi sikerlista<\/td>\n            <\/tr>\n            <tr id=\"table_2_row_600\">\n                    <td style=\"\">2021.01.04<\/td>\n                    <td style=\"\"><a href='https:\/\/www.facebook.com\/' rel=' nofollow ' target='_blank'>https:\/\/www.facebook.com\/<\/a><\/td>\n                    <td style=\"\"><\/td>\n                    <td style=\"\">\u00edr\u00f3k boltja<\/td>\n                    <td style=\"\">fb-poszt<\/td>\n                    <td style=\"\"><a href='https:\/\/www.facebook.com\/irokboltja\/photos\/4178931698803453' rel=' nofollow ' target='_blank'>https:\/\/www.facebook.com\/irokboltja\/photos\/4178931698803453<\/a><\/td>\n                    <td style=\"\">pozit\u00edv<\/td>\n                    <td style=\"\">fb<\/td>\n                    <td style=\"\"><\/td>\n                    <td style=\"\"><\/td>\n                    <td style=\"\">\u00edrok boltja k\u00e9p a k\u00f6nyv sikerlist\u00e1r\u00f3l, 4. meseorsz\u00e1g<\/td>\n            <\/tr>\n            <tr id=\"table_2_row_601\">\n                    <td style=\"\">2021.01.05<\/td>\n                    <td style=\"\"><a href='https:\/\/pecsiegyetemistakmagazinja.hu\/' rel=' nofollow ' target='_blank'>https:\/\/pecsiegyetemistakmagazinja.hu\/<\/a><\/td>\n                    <td style=\"\">Burka Eszter<\/td>\n                    <td style=\"\">Ez volt 2020-ban a 10 legn\u00e9pszer\u0171bb k\u00f6nyv a p\u00e9csi egyetemist\u00e1k szerint<\/td>\n                    <td style=\"\">h\u00edr, besz\u00e1mol\u00f3, r\u00f6vid cikk<\/td>\n                    <td style=\"\"><a href='https:\/\/pecsiegyetemistakmagazinja.hu\/ez-volt-2020-ban-a-10-legnepszerubb-konyv-a-pecsi-egyetemistak-szerint\/' rel=' nofollow ' target='_blank'>https:\/\/pecsiegyetemistakmagazinja.hu\/ez-volt-2020-ban-a-10-legnepszerubb-konyv-a-pecsi-egyetemistak-szerint\/<\/a><\/td>\n                    <td style=\"\">pozit\u00edv<\/td>\n                    <td style=\"\"><\/td>\n                    <td style=\"\"><\/td>\n                    <td style=\"\"><\/td>\n                    <td style=\"\"><\/td>\n            <\/tr>\n            <tr id=\"table_2_row_602\">\n                    <td style=\"\">2021.01.10<\/td>\n                    <td style=\"\"><a href='https:\/\/magyarnemzet.hu\/' rel=' nofollow ' target='_blank'>https:\/\/magyarnemzet.hu\/<\/a><\/td>\n                    <td style=\"\">Elek Nikoletta<\/td>\n                    <td style=\"\">Leszbikus websorozat k\u00f6veti az els\u0151 magyar LMBTQ-mesek\u00f6nyvet<\/td>\n                    <td style=\"\">h\u00edr, besz\u00e1mol\u00f3, r\u00f6vid cikk<\/td>\n                    <td style=\"\"><a href='https:\/\/magyarnemzet.hu\/belfold\/leszbikus-websorozat-koveti-az-elso-magyar-lmbtq-mesekonyvet-9201875\/' rel=' nofollow ' target='_blank'>https:\/\/magyarnemzet.hu\/belfold\/leszbikus-websorozat-koveti-az-elso-magyar-lmbtq-mesekonyvet-9201875\/<\/a><\/td>\n                    <td style=\"\">negat\u00edv<\/td>\n                    <td style=\"\"><\/td>\n                    <td style=\"\"><\/td>\n                    <td style=\"\"><\/td>\n                    <td style=\"\"><\/td>\n            <\/tr>\n            <tr id=\"table_2_row_603\">\n                    <td style=\"\">2021.01.13<\/td>\n                    <td style=\"\"><a href='https:\/\/www.helsinki.hu\/' rel=' nofollow ' target='_blank'>https:\/\/www.helsinki.hu\/<\/a><\/td>\n                    <td style=\"\"><\/td>\n                    <td style=\"\">Meseorsz\u00e1g-\u00fcgy: a Labrisz beperelte a Magyar Nemzetet<\/td>\n                    <td style=\"\">h\u00edr, besz\u00e1mol\u00f3, r\u00f6vid cikk<\/td>\n                    <td style=\"\"><a href='https:\/\/www.helsinki.hu\/meseorszag-ugy-a-labrisz-beperelte-a-magyar-nemzetet\/' rel=' nofollow ' target='_blank'>https:\/\/www.helsinki.hu\/meseorszag-ugy-a-labrisz-beperelte-a-magyar-nemzetet\/<\/a><\/td>\n                    <td style=\"\">semleges<\/td>\n                    <td style=\"\"><\/td>\n                    <td style=\"\"><\/td>\n                    <td style=\"\"><\/td>\n                    <td style=\"\"><\/td>\n            <\/tr>\n            <tr id=\"table_2_row_604\">\n                    <td style=\"\">2021.01.13<\/td>\n                    <td style=\"\"><a href='https:\/\/humenonline.hu\/' rel=' nofollow ' target='_blank'>https:\/\/humenonline.hu\/<\/a><\/td>\n                    <td style=\"\">Kocsis G. J\u00e1nos<\/td>\n                    <td style=\"\">Pert ind\u00edtott a Labrisz a Magyar Nemzet ellen<\/td>\n                    <td style=\"\">h\u00edr, besz\u00e1mol\u00f3, r\u00f6vid cikk<\/td>\n                    <td style=\"\"><a href='https:\/\/humenonline.hu\/pert-inditott-a-labrisz-a-magyar-nemzet-ellen\/' rel=' nofollow ' target='_blank'>https:\/\/humenonline.hu\/pert-inditott-a-labrisz-a-magyar-nemzet-ellen\/<\/a><\/td>\n                    <td style=\"\">semleges<\/td>\n                    <td style=\"\"><\/td>\n                    <td style=\"\"><\/td>\n                    <td style=\"\"><\/td>\n                    <td style=\"\"><\/td>\n            <\/tr>\n            <tr id=\"table_2_row_605\">\n                    <td style=\"\">2021.01.13<\/td>\n                    <td style=\"\"><a href='https:\/\/magyarnemzet.hu\/' rel=' nofollow ' target='_blank'>https:\/\/magyarnemzet.hu\/<\/a><\/td>\n                    <td style=\"\">Elek Nikoletta<\/td>\n                    <td style=\"\">Soros szervezete m\u00e1r h\u00fasz \u00e9ve \u00e9rz\u00e9keny\u00edt az iskol\u00e1kban<\/td>\n                    <td style=\"\">h\u00edr, besz\u00e1mol\u00f3, r\u00f6vid cikk<\/td>\n                    <td style=\"\"><a href='https:\/\/magyarnemzet.hu\/belfold\/soros-szervezete-immar-20-eve-erzekenyit-az-iskolakban-9215420\/' rel=' nofollow ' target='_blank'>https:\/\/magyarnemzet.hu\/belfold\/soros-szervezete-immar-20-eve-erzekenyit-az-iskolakban-9215420\/<\/a><\/td>\n                    <td style=\"\">negat\u00edv<\/td>\n                    <td style=\"\"><\/td>\n                    <td style=\"\"><\/td>\n                    <td style=\"\"><\/td>\n                    <td style=\"\"><\/td>\n            <\/tr>\n            <tr id=\"table_2_row_606\">\n                    <td style=\"\">2021.01.14<\/td>\n                    <td style=\"\"><a href='https:\/\/www.identitas.co\/' rel=' nofollow ' target='_blank'>https:\/\/www.identitas.co\/<\/a><\/td>\n                    <td style=\"\">Jakab Istv\u00e1n<\/td>\n                    <td style=\"\">\u00c1llam\u00e9rdekb\u0151l \u00fcld\u00f6zik a melegeket Magyarorsz\u00e1gon?<\/td>\n                    <td style=\"\">publicisztika<\/td>\n                    <td style=\"\"><a href='https:\/\/www.identitas.co\/post\/allamerdekbol-uldozik-a-melegeket-magyarorszagon' rel=' nofollow ' target='_blank'>https:\/\/www.identitas.co\/post\/allamerdekbol-uldozik-a-melegeket-magyarorszagon<\/a><\/td>\n                    <td style=\"\">pozit\u00edv<\/td>\n                    <td style=\"\"><\/td>\n                    <td style=\"\"><\/td>\n                    <td style=\"\"><\/td>\n                    <td style=\"\"><\/td>\n            <\/tr>\n            <tr id=\"table_2_row_607\">\n                    <td style=\"\">2021.01.15<\/td>\n                    <td style=\"\"><a href='https:\/\/labrisz.hu\/' rel=' nofollow ' target='_blank'>https:\/\/labrisz.hu\/<\/a><\/td>\n                    <td style=\"\"><\/td>\n                    <td style=\"\">Labrisz kontra Magyar Nemzet Meseorsz\u00e1g-\u00fcgyben<\/td>\n                    <td style=\"\">h\u00edr, besz\u00e1mol\u00f3, r\u00f6vid cikk<\/td>\n                    <td style=\"\"><a href='https:\/\/labrisz.hu\/hirek\/labrisz_kontra_magyar_nemzet_meseorszag-ugyben.844.html?pageid=58' rel=' nofollow ' target='_blank'>https:\/\/labrisz.hu\/hirek\/labrisz_kontra_magyar_nemzet_meseorszag-ugyben.844.html?pageid=58<\/a><\/td>\n                    <td style=\"\">semleges<\/td>\n                    <td style=\"\"><\/td>\n                    <td style=\"\"><\/td>\n                    <td style=\"\"><\/td>\n                    <td style=\"\"><\/td>\n            <\/tr>\n            <tr id=\"table_2_row_608\">\n                    <td style=\"\">2021.01.15<\/td>\n                    <td style=\"\"><a href='https:\/\/igyic.hu\/' rel=' nofollow ' target='_blank'>https:\/\/igyic.hu\/<\/a><\/td>\n                    <td style=\"\">Gesztelyi Hermina<\/td>\n                    <td style=\"\">K\u00f6rk\u00e9rd\u00e9s a tavalyi \u00e9v legfontosabb gyerekirodalmi t\u00f6rt\u00e9n\u00e9seir\u0151l<\/td>\n                    <td style=\"\">interj\u00fa<\/td>\n                    <td style=\"\"><a href='https:\/\/igyic.hu\/mesecentrum-interjuk\/korkerdes-a-tavalyi-ev-legfontosabb-gyerekirodalmi-torteneseirol-3.html' rel=' nofollow ' target='_blank'>https:\/\/igyic.hu\/mesecentrum-interjuk\/korkerdes-a-tavalyi-ev-legfontosabb-gyerekirodalmi-torteneseirol-3.html<\/a><\/td>\n                    <td style=\"\">semleges<\/td>\n                    <td style=\"\"><\/td>\n                    <td style=\"\"><\/td>\n                    <td style=\"\"><\/td>\n                    <td style=\"\"><\/td>\n            <\/tr>\n            <tr id=\"table_2_row_609\">\n                    <td style=\"\">2021.01.15<\/td>\n                    <td style=\"\"><a href='https:\/\/igyic.hu\/' rel=' nofollow ' target='_blank'>https:\/\/igyic.hu\/<\/a><\/td>\n                    <td style=\"\"><\/td>\n                    <td style=\"\">K\u00d6RK\u00c9RD\u00c9S A TAVALYI \u00c9V LEGFONTOSABB GYEREKIRODALMI T\u00d6RT\u00c9N\u00c9SEIR\u0150L<\/td>\n                    <td style=\"\">interj\u00fa<\/td>\n                    <td style=\"\"><a href='https:\/\/igyic.hu\/mediatar\/interjuk\/korkerdes-a-tavalyi-ev-legfontosabb-gyerekirodalmi-torteneseirol-3.html' rel=' nofollow ' target='_blank'>https:\/\/igyic.hu\/mediatar\/interjuk\/korkerdes-a-tavalyi-ev-legfontosabb-gyerekirodalmi-torteneseirol-3.html<\/a><\/td>\n                    <td style=\"\">pozit\u00edv<\/td>\n                    <td style=\"\"><\/td>\n                    <td style=\"\"><\/td>\n                    <td style=\"\"><\/td>\n                    <td style=\"\">gyermekirodalmi szakemberrel besz\u00e9lget\u00e9s<\/td>\n            <\/tr>\n            <tr id=\"table_2_row_610\">\n                    <td style=\"\">2021.01.17<\/td>\n                    <td style=\"\"><a href='https:\/\/mmreflexiok.blogspot.com\/' rel=' nofollow ' target='_blank'>https:\/\/mmreflexiok.blogspot.com\/<\/a><\/td>\n                    <td style=\"\">B\u00e9res-De\u00e1k Rita<\/td>\n                    <td style=\"\">A boszork\u00e1ny mes\u00e9je (meg a Tom \u00e9s Jerry, meg a Harry Potter)<\/td>\n                    <td style=\"\">blogbejegyz\u00e9s<\/td>\n                    <td style=\"\"><a href='https:\/\/mmreflexiok.blogspot.com\/2021\/01\/a-boszorkany-meseje-meg-tom-es-jerry.html' rel=' nofollow ' target='_blank'>https:\/\/mmreflexiok.blogspot.com\/2021\/01\/a-boszorkany-meseje-meg-tom-es-jerry.html<\/a><\/td>\n                    <td style=\"\">pozit\u00edv<\/td>\n                    <td style=\"\"><\/td>\n                    <td style=\"\"><\/td>\n                    <td style=\"\"><\/td>\n                    <td style=\"\"><\/td>\n            <\/tr>\n            <tr id=\"table_2_row_611\">\n                    <td style=\"\">2021.01.18<\/td>\n                    <td style=\"\"><a href='https:\/\/www.gcksbookreviewblog.com\/' rel=' nofollow ' target='_blank'>https:\/\/www.gcksbookreviewblog.com\/<\/a><\/td>\n                    <td style=\"\">Genevieve, Coeur \u00e9s Kikyo<\/td>\n                    <td style=\"\">2020 legszebb magyar bor\u00edt\u00f3i: harmadik fordul\u00f3<\/td>\n                    <td style=\"\">blogbejegyz\u00e9s<\/td>\n                    <td style=\"\"><a href='https:\/\/www.gcksbookreviewblog.com\/2021\/01\/2020-legszebb-magyar-boritoi-harmadik.html?m=1' rel=' nofollow ' target='_blank'>https:\/\/www.gcksbookreviewblog.com\/2021\/01\/2020-legszebb-magyar-boritoi-harmadik.html?m=1<\/a><\/td>\n                    <td style=\"\">semleges<\/td>\n                    <td style=\"\"><\/td>\n                    <td style=\"\"><\/td>\n                    <td style=\"\"><\/td>\n                    <td style=\"\"><\/td>\n            <\/tr>\n            <tr id=\"table_2_row_612\">\n                    <td style=\"\">2021.01.18<\/td>\n                    <td style=\"\"><a href='https:\/\/igyic.hu\/' rel=' nofollow ' target='_blank'>https:\/\/igyic.hu\/<\/a><\/td>\n                    <td style=\"\">K\u00e9rchy Anna<\/td>\n                    <td style=\"\">K\u00f6rk\u00e9rd\u00e9s a tavalyi \u00e9v legfontosabb gyerekirodalmi t\u00f6rt\u00e9n\u00e9seir\u0151l<\/td>\n                    <td style=\"\">interj\u00fa<\/td>\n                    <td style=\"\"><a href='https:\/\/igyic.hu\/mesecentrum-interjuk\/korkerdes-a-tavalyi-ev-legfontosabb-torteneseirol.html' rel=' nofollow ' target='_blank'>https:\/\/igyic.hu\/mesecentrum-interjuk\/korkerdes-a-tavalyi-ev-legfontosabb-torteneseirol.html<\/a><\/td>\n                    <td style=\"\">semleges<\/td>\n                    <td style=\"\"><\/td>\n                    <td style=\"\"><\/td>\n                    <td style=\"\"><\/td>\n                    <td style=\"\"><\/td>\n            <\/tr>\n            <tr id=\"table_2_row_613\">\n                    <td style=\"\">2021.01.19<\/td>\n                    <td style=\"\"><a href='https:\/\/www.kormanyhivatal.hu\/' rel=' nofollow ' target='_blank'>https:\/\/www.kormanyhivatal.hu\/<\/a><\/td>\n                    <td style=\"\">S\u00e1ra Botond<\/td>\n                    <td style=\"\">Tisztess\u00e9gtelen kereskedelmi gyakorlatot folytat a Labrisz Egyes\u00fclet a Meseorsz\u00e1g mindenki\u00e9 c\u00edm\u0171 k\u00f6nyv \u00e9rt\u00e9kes\u00edt\u00e9sekor<\/td>\n                    <td style=\"\">h\u00edr, besz\u00e1mol\u00f3, r\u00f6vid cikk<\/td>\n                    <td style=\"\"><a href='https:\/\/www.kormanyhivatal.hu\/hu\/budapest\/hirek\/tisztessegtelen-kereskedelmi-gyakorlatot-folytat-a-labrisz-egyesulet-a-meseorszag-mindenkie-cimu-konyv-ertekesitesekor' rel=' nofollow ' target='_blank'>https:\/\/www.kormanyhivatal.hu\/hu\/budapest\/hirek\/tisztessegtelen-kereskedelmi-gyakorlatot-folytat-a-labrisz-egyesulet-a-meseorszag-mindenkie-cimu-konyv-ertekesitesekor<\/a><\/td>\n                    <td style=\"\">negat\u00edv<\/td>\n                    <td style=\"\"><\/td>\n                    <td style=\"\"><\/td>\n                    <td style=\"\"><\/td>\n                    <td style=\"\"><\/td>\n            <\/tr>\n            <tr id=\"table_2_row_614\">\n                    <td style=\"\">2021.01.19<\/td>\n                    <td style=\"\"><a href='https:\/\/magyarnarancs.hu\/' rel=' nofollow ' target='_blank'>https:\/\/magyarnarancs.hu\/<\/a><\/td>\n                    <td style=\"\"><\/td>\n                    <td style=\"\">Korm\u00e1nyhivatal: Fel kell t\u00fcntetni a Meseorsz\u00e1g mindenki\u00e9n, hogy nem hagyom\u00e1nyos mesek\u00f6nyv<\/td>\n                    <td style=\"\">h\u00edr, besz\u00e1mol\u00f3, r\u00f6vid cikk<\/td>\n                    <td style=\"\"><a href='https:\/\/magyarnarancs.hu\/belpol\/kormanyhivatal-fel-kell-tuntetni-a-meseorszag-mindenkien-hogy-nem-hagyomanyos-mesekonyv-235223' rel=' nofollow ' target='_blank'>https:\/\/magyarnarancs.hu\/belpol\/kormanyhivatal-fel-kell-tuntetni-a-meseorszag-mindenkien-hogy-nem-hagyomanyos-mesekonyv-235223<\/a><\/td>\n                    <td style=\"\">semleges<\/td>\n                    <td style=\"\"><\/td>\n                    <td style=\"\"><\/td>\n                    <td style=\"\"><\/td>\n                    <td style=\"\"><\/td>\n            <\/tr>\n            <tr id=\"table_2_row_615\">\n                    <td style=\"\">2021.01.19<\/td>\n                    <td style=\"\"><a href='https:\/\/hvg.hu\/' rel=' nofollow ' target='_blank'>https:\/\/hvg.hu\/<\/a><\/td>\n                    <td style=\"\"><\/td>\n                    <td style=\"\">A f\u0151v\u00e1rosi korm\u00e1nyhivatal elmeszelte a Meseorsz\u00e1g mindenki\u00e9 c\u00edm\u0171 k\u00f6nyv kiad\u00f3j\u00e1t<\/td>\n                    <td style=\"\">h\u00edr, besz\u00e1mol\u00f3, r\u00f6vid cikk<\/td>\n                    <td style=\"\"><a href='https:\/\/hvg.hu\/kultura\/20210119_fovarosi_kormanyhivatal_meseorszag_mindenkie' rel=' nofollow ' target='_blank'>https:\/\/hvg.hu\/kultura\/20210119_fovarosi_kormanyhivatal_meseorszag_mindenkie<\/a><\/td>\n                    <td style=\"\">semleges<\/td>\n                    <td style=\"\"><\/td>\n                    <td style=\"\"><\/td>\n                    <td style=\"\"><\/td>\n                    <td style=\"\"><\/td>\n            <\/tr>\n            <tr id=\"table_2_row_616\">\n                    <td style=\"\">2021.01.19<\/td>\n                    <td style=\"\"><a href='https:\/\/telex.hu\/' rel=' nofollow ' target='_blank'>https:\/\/telex.hu\/<\/a><\/td>\n                    <td style=\"\">Bozzay Bal\u00e1zs<\/td>\n                    <td style=\"\">A Meseorsz\u00e1g mindenki\u00e9 kiad\u00f3ja tisztess\u00e9gtelen kereskedelmi gyakorlatot folytat a korm\u00e1nyhivatal szerint<\/td>\n                    <td style=\"\">h\u00edr, besz\u00e1mol\u00f3, r\u00f6vid cikk<\/td>\n                    <td style=\"\"><a href='https:\/\/telex.hu\/kult\/2021\/01\/19\/meseorszag-mindenkie-labrisz-kormanyhivatal-tisztessegtelen-kereskedelmi-gyakorlat' rel=' nofollow ' target='_blank'>https:\/\/telex.hu\/kult\/2021\/01\/19\/meseorszag-mindenkie-labrisz-kormanyhivatal-tisztessegtelen-kereskedelmi-gyakorlat<\/a><\/td>\n                    <td style=\"\">semleges<\/td>\n                    <td style=\"\"><\/td>\n                    <td style=\"\"><\/td>\n                    <td style=\"\"><\/td>\n                    <td style=\"\"><\/td>\n            <\/tr>\n            <tr id=\"table_2_row_617\">\n                    <td style=\"\">2021.01.19<\/td>\n                    <td style=\"\"><a href='https:\/\/444.hu\/' rel=' nofollow ' target='_blank'>https:\/\/444.hu\/<\/a><\/td>\n                    <td style=\"\">Horv\u00e1th Bence<\/td>\n                    <td style=\"\">A budapesti korm\u00e1nyhivatal szerint tisztess\u00e9gtelen gyakorlat volt mesek\u00f6nyvk\u00e9nt \u00e1rulni a Meseorsz\u00e1g Mindenki\u00e9 c\u00edm\u0171 k\u00f6nyvet<\/td>\n                    <td style=\"\">h\u00edr, besz\u00e1mol\u00f3, r\u00f6vid cikk<\/td>\n                    <td style=\"\"><a href='https:\/\/444.hu\/2021\/01\/19\/a-budapesti-kormanyhivatal-szerint-tisztessegtelen-gyakorlat-volt-mesekonyvkent-arulni-a-meseorszag-mindenkie-cimu-konyvet' rel=' nofollow ' target='_blank'>https:\/\/444.hu\/2021\/01\/19\/a-budapesti-kormanyhivatal-szerint-tisztessegtelen-gyakorlat-volt-mesekonyvkent-arulni-a-meseorszag-mindenkie-cimu-konyvet<\/a><\/td>\n                    <td style=\"\">semleges<\/td>\n                    <td style=\"\"><\/td>\n                    <td style=\"\"><\/td>\n                    <td style=\"\"><\/td>\n                    <td style=\"\"><\/td>\n            <\/tr>\n            <tr id=\"table_2_row_618\">\n                    <td style=\"\">2021.01.19<\/td>\n                    <td style=\"\"><a href='https:\/\/merce.hu\/' rel=' nofollow ' target='_blank'>https:\/\/merce.hu\/<\/a><\/td>\n                    <td style=\"\">Pap Szil\u00e1rd Istv\u00e1n<\/td>\n                    <td style=\"\">A korm\u00e1nyhivatal tisztess\u00e9gtelen \u00fczleti gyakorlattal v\u00e1dolja a Meseorsz\u00e1g mindenki\u00e9 k\u00f6nyvet kiad\u00f3 egyes\u00fcletet<\/td>\n                    <td style=\"\">h\u00edr, besz\u00e1mol\u00f3, r\u00f6vid cikk<\/td>\n                    <td style=\"\"><a href='https:\/\/merce.hu\/2021\/01\/19\/a-kormanyhivatal-tisztessegtelen-uzleti-gyakorlattal-vadolja-a-meseorszag-mindenkie-konyvet-kiado-egyesuletet\/' rel=' nofollow ' target='_blank'>https:\/\/merce.hu\/2021\/01\/19\/a-kormanyhivatal-tisztessegtelen-uzleti-gyakorlattal-vadolja-a-meseorszag-mindenkie-konyvet-kiado-egyesuletet\/<\/a><\/td>\n                    <td style=\"\">pozit\u00edv<\/td>\n                    <td style=\"\"><\/td>\n                    <td style=\"\"><\/td>\n                    <td style=\"\"><\/td>\n                    <td style=\"\"><\/td>\n            <\/tr>\n            <tr id=\"table_2_row_619\">\n                    <td style=\"\">2021.01.19<\/td>\n                    <td style=\"\"><a href='https:\/\/mandiner.hu\/' rel=' nofollow ' target='_blank'>https:\/\/mandiner.hu\/<\/a><\/td>\n                    <td style=\"\">MTI-OS<\/td>\n                    <td style=\"\">Tisztess\u00e9gtelen\u00fcl \u00e1rulj\u00e1k a Meseorsz\u00e1g mindenki\u00e9 c\u00edm\u0171 k\u00f6nyvet<\/td>\n                    <td style=\"\">h\u00edr, besz\u00e1mol\u00f3, r\u00f6vid cikk<\/td>\n                    <td style=\"\"><a href='https:\/\/mandiner.hu\/cikk\/20210119_tisztessegtelenul_aruljak_a_meseorszag_mindenkie_cimu_konyvet' rel=' nofollow ' target='_blank'>https:\/\/mandiner.hu\/cikk\/20210119_tisztessegtelenul_aruljak_a_meseorszag_mindenkie_cimu_konyvet<\/a><\/td>\n                    <td style=\"\">semleges<\/td>\n                    <td style=\"\"><\/td>\n                    <td style=\"\"><\/td>\n                    <td style=\"\"><\/td>\n                    <td style=\"\"><\/td>\n            <\/tr>\n            <tr id=\"table_2_row_620\">\n                    <td style=\"\">2021.01.19<\/td>\n                    <td style=\"\"><a href='https:\/\/hatter.hu\/' rel=' nofollow ' target='_blank'>https:\/\/hatter.hu\/<\/a><\/td>\n                    <td style=\"\"><\/td>\n                    <td style=\"\">Billogot \u00fctne a fogyaszt\u00f3v\u00e9delem az LMBTQI szerepl\u0151ket is bemutat\u00f3 k\u00f6nyvekre<\/td>\n                    <td style=\"\">nyilatkozat<\/td>\n                    <td style=\"\"><a href='https:\/\/hatter.hu\/hirek\/billogot-utne-a-fogyasztovedelem-az-lmbtqi-szereploket-is-bemutato-konyvekre' rel=' nofollow ' target='_blank'>https:\/\/hatter.hu\/hirek\/billogot-utne-a-fogyasztovedelem-az-lmbtqi-szereploket-is-bemutato-konyvekre<\/a><\/td>\n                    <td style=\"\">pozit\u00edv<\/td>\n                    <td style=\"\"><\/td>\n                    <td style=\"\"><\/td>\n                    <td style=\"\"><\/td>\n                    <td style=\"\"><\/td>\n            <\/tr>\n            <tr id=\"table_2_row_621\">\n                    <td style=\"\">2021.01.19<\/td>\n                    <td style=\"\"><a href='https:\/\/humenonline.hu\/' rel=' nofollow ' target='_blank'>https:\/\/humenonline.hu\/<\/a><\/td>\n                    <td style=\"\"><\/td>\n                    <td style=\"\">A fogyaszt\u00f3v\u00e9delem mai d\u00f6nt\u00e9se minden LMBTQ k\u00f6nyvet indexre<\/td>\n                    <td style=\"\">h\u00edr, besz\u00e1mol\u00f3, r\u00f6vid cikk<\/td>\n                    <td style=\"\"><a href='https:\/\/humenonline.hu\/a-fogyasztovedelem-dontese-minden-lmbtq-konyvet-indexre-tenne\/' rel=' nofollow ' target='_blank'>https:\/\/humenonline.hu\/a-fogyasztovedelem-dontese-minden-lmbtq-konyvet-indexre-tenne\/<\/a><\/td>\n                    <td style=\"\">pozit\u00edv<\/td>\n                    <td style=\"\"><\/td>\n                    <td style=\"\"><\/td>\n                    <td style=\"\"><\/td>\n                    <td style=\"\"><\/td>\n            <\/tr>\n            <tr id=\"table_2_row_622\">\n                    <td style=\"\">2021.01.19<\/td>\n                    <td style=\"\"><a href='https:\/\/vikiolvas.blogspot.com\/' rel=' nofollow ' target='_blank'>https:\/\/vikiolvas.blogspot.com\/<\/a><\/td>\n                    <td style=\"\">Bod\u00f3 Vikt\u00f3ria<\/td>\n                    <td style=\"\">Meseorsz\u00e1g mindneki\u00e9<\/td>\n                    <td style=\"\">blogbejegyz\u00e9s<\/td>\n                    <td style=\"\"><a href='https:\/\/vikiolvas.blogspot.com\/2021\/01\/meseorszag-mindenkie.html' rel=' nofollow ' target='_blank'>https:\/\/vikiolvas.blogspot.com\/2021\/01\/meseorszag-mindenkie.html<\/a><\/td>\n                    <td style=\"\">pozit\u00edv<\/td>\n                    <td style=\"\"><\/td>\n                    <td style=\"\"><\/td>\n                    <td style=\"\"><\/td>\n                    <td style=\"\"><\/td>\n            <\/tr>\n            <tr id=\"table_2_row_623\">\n                    <td style=\"\">2021.01.19<\/td>\n                    <td style=\"\"><a href='https:\/\/labrisz.hu\/' rel=' nofollow ' target='_blank'>https:\/\/labrisz.hu\/<\/a><\/td>\n                    <td style=\"\"><\/td>\n                    <td style=\"\">Billogot \u00fctne a fogyaszt\u00f3v\u00e9delem az LMBTQI szerepl\u0151ket is bemutat\u00f3 k\u00f6nyvekre<\/td>\n                    <td style=\"\">h\u00edr, besz\u00e1mol\u00f3, r\u00f6vid cikk<\/td>\n                    <td style=\"\"><a href='https:\/\/labrisz.hu\/hirek\/billogot_utne_a_fogyasztovedelem_az_lmbtqi_szereploket_is_bemutato_konyvekre.846.html?pageid=58' rel=' nofollow ' target='_blank'>https:\/\/labrisz.hu\/hirek\/billogot_utne_a_fogyasztovedelem_az_lmbtqi_szereploket_is_bemutato_konyvekre.846.html?pageid=58<\/a><\/td>\n                    <td style=\"\">pozit\u00edv<\/td>\n                    <td style=\"\"><\/td>\n                    <td style=\"\"><\/td>\n                    <td style=\"\"><\/td>\n                    <td style=\"\"><\/td>\n            <\/tr>\n            <tr id=\"table_2_row_624\">\n                    <td style=\"\">2021.01.19<\/td>\n                    <td style=\"\"><a href='https:\/\/www.reuters.com\/' rel=' nofollow ' target='_blank'>https:\/\/www.reuters.com\/<\/a><\/td>\n                    <td style=\"\">Marton Dunai<\/td>\n                    <td style=\"\">Hungary's government orders disclaimers on books with gay content<\/td>\n                    <td style=\"\">h\u00edr, besz\u00e1mol\u00f3, r\u00f6vid cikk<\/td>\n                    <td style=\"\"><a href='https:\/\/www.reuters.com\/article\/hungary-lgbt-books-idUSL1N2JU1LD' rel=' nofollow ' target='_blank'>https:\/\/www.reuters.com\/article\/hungary-lgbt-books-idUSL1N2JU1LD<\/a><\/td>\n                    <td style=\"\">semleges<\/td>\n                    <td style=\"\"><\/td>\n                    <td style=\"\">igen<\/td>\n                    <td style=\"\">angol<\/td>\n                    <td style=\"\"><\/td>\n            <\/tr>\n            <tr id=\"table_2_row_625\">\n                    <td style=\"\">2021.01.19<\/td>\n                    <td style=\"\"><a href='https:\/\/www.bloomberg.com\/' rel=' nofollow ' target='_blank'>https:\/\/www.bloomberg.com\/<\/a><\/td>\n                    <td style=\"\">Marton Eder<\/td>\n                    <td style=\"\">Hungary Targets Pro-LGBTQ Children\u2019s Book in Orban Campaign<\/td>\n                    <td style=\"\">h\u00edr, besz\u00e1mol\u00f3, r\u00f6vid cikk<\/td>\n                    <td style=\"\"><a href='https:\/\/www.bloomberg.com\/news\/articles\/2021-01-19\/hungary-targets-pro-lgbtq-children-s-book-in-orban-campaign' rel=' nofollow ' target='_blank'>https:\/\/www.bloomberg.com\/news\/articles\/2021-01-19\/hungary-targets-pro-lgbtq-children-s-book-in-orban-campaign<\/a><\/td>\n                    <td style=\"\">semleges<\/td>\n                    <td style=\"\"><\/td>\n                    <td style=\"\">igen<\/td>\n                    <td style=\"\">angol<\/td>\n                    <td style=\"\"><\/td>\n            <\/tr>\n            <tr id=\"table_2_row_626\">\n                    <td style=\"\">2021.01.19<\/td>\n                    <td style=\"\"><a href='https:\/\/szentkoronaradio.com\/' rel=' nofollow ' target='_blank'>https:\/\/szentkoronaradio.com\/<\/a><\/td>\n                    <td style=\"\"><\/td>\n                    <td style=\"\">Ezent\u00fal fel kell t\u00fcntetni a Meseorsz\u00e1g mindenki\u00e9 botr\u00e1nyk\u00f6nyv\u00f6n, hogy nem a normalit\u00e1st k\u00e9pviseli<\/td>\n                    <td style=\"\">h\u00edr, besz\u00e1mol\u00f3, r\u00f6vid cikk<\/td>\n                    <td style=\"\"><a href='https:\/\/szentkoronaradio.com\/blog\/2021\/01\/19\/ezentul-fel-kell-tuntetni-a-meseorszag-mindenkie-botranykonyvon-hogy-nem-a-normalitast-kepviseli\/' rel=' nofollow ' target='_blank'>https:\/\/szentkoronaradio.com\/blog\/2021\/01\/19\/ezentul-fel-kell-tuntetni-a-meseorszag-mindenkie-botranykonyvon-hogy-nem-a-normalitast-kepviseli\/<\/a><\/td>\n                    <td style=\"\">negat\u00edv<\/td>\n                    <td style=\"\"><\/td>\n                    <td style=\"\"><\/td>\n                    <td style=\"\"><\/td>\n                    <td style=\"\"><\/td>\n            <\/tr>\n            <tr id=\"table_2_row_627\">\n                    <td style=\"\">2021.01.19<\/td>\n                    <td style=\"\"><a href='https:\/\/www.facebook.com\/' rel=' nofollow ' target='_blank'>https:\/\/www.facebook.com\/<\/a><\/td>\n                    <td style=\"\">Ny\u00e1ry Kriszti\u00e1n<\/td>\n                    <td style=\"\">Ny\u00e1ry Krisztian sajt\u00f3k\u00f6zlem\u00e9nye a Grimm testv\u00e9rek mesek\u00f6nyv\u00e9r\u0151l<\/td>\n                    <td style=\"\">fb-poszt<\/td>\n                    <td style=\"\"><a href='https:\/\/www.facebook.com\/photo\/?fbid=10159011780444855&amp;set=a.165101444854' rel=' nofollow ' target='_blank'>https:\/\/www.facebook.com\/photo\/?fbid=10159011780444855&amp;set=a.165101444854<\/a><\/td>\n                    <td style=\"\">pozit\u00edv<\/td>\n                    <td style=\"\">fb<\/td>\n                    <td style=\"\"><\/td>\n                    <td style=\"\"><\/td>\n                    <td style=\"\"><\/td>\n            <\/tr>\n            <tr id=\"table_2_row_628\">\n                    <td style=\"\">2021.01.20<\/td>\n                    <td style=\"\"><a href='https:\/\/www.klubradio.hu\/' rel=' nofollow ' target='_blank'>https:\/\/www.klubradio.hu\/<\/a><\/td>\n                    <td style=\"\">Panxnotded Mikl\u00f3s<\/td>\n                    <td style=\"\">Reggeli gyors<\/td>\n                    <td style=\"\">r\u00e1di\u00f3<\/td>\n                    <td style=\"\"><a href='https:\/\/www.klubradio.hu\/archivum\/reggeli-gyors-2021-januar-20-szerda-0600-15218' rel=' nofollow ' target='_blank'>https:\/\/www.klubradio.hu\/archivum\/reggeli-gyors-2021-januar-20-szerda-0600-15218<\/a><\/td>\n                    <td style=\"\">pozit\u00edv<\/td>\n                    <td style=\"\"><\/td>\n                    <td style=\"\"><\/td>\n                    <td style=\"\"><\/td>\n                    <td style=\"\">Interj\u00fa R\u00e9dai D\u00f3rival (128-136. perc)<\/td>\n            <\/tr>\n            <tr id=\"table_2_row_629\">\n                    <td style=\"\">2021.01.20<\/td>\n                    <td style=\"\"><a href='https:\/\/www.identitas.co\/' rel=' nofollow ' target='_blank'>https:\/\/www.identitas.co\/<\/a><\/td>\n                    <td style=\"\">Jakab Istv\u00e1n<\/td>\n                    <td style=\"\">Bepereli a fogyaszt\u00f3v\u00e9delmi hat\u00f3s\u00e1got a Labrisz<\/td>\n                    <td style=\"\">h\u00edr, besz\u00e1mol\u00f3, r\u00f6vid cikk<\/td>\n                    <td style=\"\"><a href='https:\/\/www.identitas.co\/post\/bepereli-a-fogyasztovedelmi-hatosagot-a-labrisz' rel=' nofollow ' target='_blank'>https:\/\/www.identitas.co\/post\/bepereli-a-fogyasztovedelmi-hatosagot-a-labrisz<\/a><\/td>\n                    <td style=\"\">pozit\u00edv<\/td>\n                    <td style=\"\"><\/td>\n                    <td style=\"\"><\/td>\n                    <td style=\"\"><\/td>\n                    <td style=\"\"><\/td>\n            <\/tr>\n            <tr id=\"table_2_row_630\">\n                    <td style=\"\">2021.01.20<\/td>\n                    <td style=\"\"><a href='https:\/\/www.theguardian.com\/' rel=' nofollow ' target='_blank'>https:\/\/www.theguardian.com\/<\/a><\/td>\n                    <td style=\"\">Sian Cain<\/td>\n                    <td style=\"\">Hungary orders LGBT publisher to print disclaimers on children's book<\/td>\n                    <td style=\"\">h\u00edr, besz\u00e1mol\u00f3, r\u00f6vid cikk<\/td>\n                    <td style=\"\"><a href='https:\/\/www.theguardian.com\/books\/2021\/jan\/20\/hungary-orders-lgbt-publisher-to-print-disclaimers-on-childrens-book' rel=' nofollow ' target='_blank'>https:\/\/www.theguardian.com\/books\/2021\/jan\/20\/hungary-orders-lgbt-publisher-to-print-disclaimers-on-childrens-book<\/a><\/td>\n                    <td style=\"\">pozit\u00edv<\/td>\n                    <td style=\"\"><\/td>\n                    <td style=\"\">igen<\/td>\n                    <td style=\"\">angol<\/td>\n                    <td style=\"\"><\/td>\n            <\/tr>\n            <tr id=\"table_2_row_631\">\n                    <td style=\"\">2021.01.20<\/td>\n                    <td style=\"\"><a href='https:\/\/labrisz.hu\/' rel=' nofollow ' target='_blank'>https:\/\/labrisz.hu\/<\/a><\/td>\n                    <td style=\"\"><\/td>\n                    <td style=\"\">Bambit\u00f3l Vukig: jelents\u00fck az \u00f6sszes megt\u00e9veszt\u0151 mes\u00e9t!<\/td>\n                    <td style=\"\">egy\u00e9b<\/td>\n                    <td style=\"\"><a href='https:\/\/labrisz.hu\/hirek\/bambitol_vukig_jelentsuk_az_osszes_megteveszto_meset.847.html?pageid=58' rel=' nofollow ' target='_blank'>https:\/\/labrisz.hu\/hirek\/bambitol_vukig_jelentsuk_az_osszes_megteveszto_meset.847.html?pageid=58<\/a><\/td>\n                    <td style=\"\">pozit\u00edv<\/td>\n                    <td style=\"\"><\/td>\n                    <td style=\"\"><\/td>\n                    <td style=\"\"><\/td>\n                    <td style=\"\"><\/td>\n            <\/tr>\n            <tr id=\"table_2_row_632\">\n                    <td style=\"\">2021.01.20<\/td>\n                    <td style=\"\"><a href='https:\/\/hvg.hu\/' rel=' nofollow ' target='_blank'>https:\/\/hvg.hu\/<\/a><\/td>\n                    <td style=\"\">Balla Istv\u00e1n<\/td>\n                    <td style=\"\">Meseorsz\u00e1g-\u00fcgy: Ilyen er\u0151vel vicces fiatalok feljelenthetn\u00e9k a Macbethet is<\/td>\n                    <td style=\"\">h\u00edr, besz\u00e1mol\u00f3, r\u00f6vid cikk<\/td>\n                    <td style=\"\"><a href='https:\/\/hvg.hu\/elet\/20210120_Meseorszagugy_Ilyen_erovel_vicces_kedvu_fiatalok_feljelenthetnek_a_Macbethet' rel=' nofollow ' target='_blank'>https:\/\/hvg.hu\/elet\/20210120_Meseorszagugy_Ilyen_erovel_vicces_kedvu_fiatalok_feljelenthetnek_a_Macbethet<\/a><\/td>\n                    <td style=\"\">pozit\u00edv<\/td>\n                    <td style=\"\"><\/td>\n                    <td style=\"\"><\/td>\n                    <td style=\"\"><\/td>\n                    <td style=\"\"><\/td>\n            <\/tr>\n            <tr id=\"table_2_row_633\">\n                    <td style=\"\">2021.01.20<\/td>\n                    <td style=\"\"><a href='https:\/\/hvg.hu\/' rel=' nofollow ' target='_blank'>https:\/\/hvg.hu\/<\/a><\/td>\n                    <td style=\"\"><\/td>\n                    <td style=\"\">Labrisz: Jelents\u00e9k az \u00f6sszes megt\u00e9veszt\u0151 mes\u00e9t a fogyaszt\u00f3v\u00e9delemnek<\/td>\n                    <td style=\"\">h\u00edr, besz\u00e1mol\u00f3, r\u00f6vid cikk<\/td>\n                    <td style=\"\"><a href='https:\/\/hvg.hu\/kultura\/20210120_labrisz_meseorszag_mindenkie_felhivas' rel=' nofollow ' target='_blank'>https:\/\/hvg.hu\/kultura\/20210120_labrisz_meseorszag_mindenkie_felhivas<\/a><\/td>\n                    <td style=\"\">pozit\u00edv<\/td>\n                    <td style=\"\"><\/td>\n                    <td style=\"\"><\/td>\n                    <td style=\"\"><\/td>\n                    <td style=\"\"><\/td>\n            <\/tr>\n            <tr id=\"table_2_row_634\">\n                    <td style=\"\">2021.01.20<\/td>\n                    <td style=\"\"><a href='https:\/\/www.klubradio.hu\/' rel=' nofollow ' target='_blank'>https:\/\/www.klubradio.hu\/<\/a><\/td>\n                    <td style=\"\">szg<\/td>\n                    <td style=\"\">Meseorsz\u00e1g-\u00fcgy: a kiad\u00f3 szerint teljes nonszensz a korm\u00e1nyhivatal d\u00f6nt\u00e9se<\/td>\n                    <td style=\"\">h\u00edr, besz\u00e1mol\u00f3, r\u00f6vid cikk<\/td>\n                    <td style=\"\"><a href='https:\/\/www.klubradio.hu\/adasok\/meseorszag-ugy-a-kiado-szerint-teljes-nonszensz-a-kormanyhivatal-dontese-115820' rel=' nofollow ' target='_blank'>https:\/\/www.klubradio.hu\/adasok\/meseorszag-ugy-a-kiado-szerint-teljes-nonszensz-a-kormanyhivatal-dontese-115820<\/a><\/td>\n                    <td style=\"\">semleges<\/td>\n                    <td style=\"\"><\/td>\n                    <td style=\"\"><\/td>\n                    <td style=\"\"><\/td>\n                    <td style=\"\"><\/td>\n            <\/tr>\n            <tr id=\"table_2_row_635\">\n                    <td style=\"\">2021.01.20<\/td>\n                    <td style=\"\"><a href='https:\/\/www.magyarhirlap.hu\/' rel=' nofollow ' target='_blank'>https:\/\/www.magyarhirlap.hu\/<\/a><\/td>\n                    <td style=\"\">KCs<\/td>\n                    <td style=\"\">\u00daj bor\u00edt\u00f3t kell k\u00e9sz\u00edteni az LMBTQ-mesek\u00f6nyvnek<\/td>\n                    <td style=\"\">h\u00edr, besz\u00e1mol\u00f3, r\u00f6vid cikk<\/td>\n                    <td style=\"\"><a href='https:\/\/www.magyarhirlap.hu\/belfold\/20210120-uj-boritot-kell-kesziteni-az-lmbtq-mesekonyvnek' rel=' nofollow ' target='_blank'>https:\/\/www.magyarhirlap.hu\/belfold\/20210120-uj-boritot-kell-kesziteni-az-lmbtq-mesekonyvnek<\/a><\/td>\n                    <td style=\"\">negat\u00edv<\/td>\n                    <td style=\"\"><\/td>\n                    <td style=\"\"><\/td>\n                    <td style=\"\"><\/td>\n                    <td style=\"\"><\/td>\n            <\/tr>\n            <tr id=\"table_2_row_636\">\n                    <td style=\"\">2021.01.21<\/td>\n                    <td style=\"\"><a href='https:\/\/www.svtplay.se\/' rel=' nofollow ' target='_blank'>https:\/\/www.svtplay.se\/<\/a><\/td>\n                    <td style=\"\"><\/td>\n                    <td style=\"\">Kulturnyheterna<\/td>\n                    <td style=\"\">TV<\/td>\n                    <td style=\"\"><a href='https:\/\/www.svtplay.se\/video\/29710094\/kulturnyheterna\/kulturnyheterna-21-jan-18-15-5?start=auto' rel=' nofollow ' target='_blank'>https:\/\/www.svtplay.se\/video\/29710094\/kulturnyheterna\/kulturnyheterna-21-jan-18-15-5?start=auto<\/a><\/td>\n                    <td style=\"\">pozit\u00edv<\/td>\n                    <td style=\"\"><\/td>\n                    <td style=\"\">igen<\/td>\n                    <td style=\"\">sv\u00e9d, angol<\/td>\n                    <td style=\"\">interj\u00fa R\u00e9dai D\u00f3rival 8:30-10:00<\/td>\n            <\/tr>\n            <tr id=\"table_2_row_637\">\n                    <td style=\"\">2021.01.21<\/td>\n                    <td style=\"\"><a href='https:\/\/www.svt.se\/' rel=' nofollow ' target='_blank'>https:\/\/www.svt.se\/<\/a><\/td>\n                    <td style=\"\"><\/td>\n                    <td style=\"\">Regeringens bokkrig fick motsatt effekt: ungerska barnboken sluts\u00e5ld<\/td>\n                    <td style=\"\">h\u00edr, besz\u00e1mol\u00f3, r\u00f6vid cikk<\/td>\n                    <td style=\"\"><a href='https:\/\/www.svt.se\/kultur\/orb-n-fairyland-is-for-everyone-barnbok-hbtq-ungern' rel=' nofollow ' target='_blank'>https:\/\/www.svt.se\/kultur\/orb-n-fairyland-is-for-everyone-barnbok-hbtq-ungern<\/a><\/td>\n                    <td style=\"\">semleges<\/td>\n                    <td style=\"\"><\/td>\n                    <td style=\"\">igen<\/td>\n                    <td style=\"\">sv\u00e9d<\/td>\n                    <td style=\"\"><\/td>\n            <\/tr>\n            <tr id=\"table_2_row_638\">\n                    <td style=\"\">2021.01.21<\/td>\n                    <td style=\"\"><a href='https:\/\/www.hs.fi\/' rel=' nofollow ' target='_blank'>https:\/\/www.hs.fi\/<\/a><\/td>\n                    <td style=\"\">Essi Sutinen<\/td>\n                    <td style=\"\">Lesbo\u00adaktivistisen ryhm\u00e4n lastenkirja sai Unkarin hallituksen reagoimaan \u201dperinteisiin suku\u00adpuoli\u00adrooleihin sopimattomaan sis\u00e4lt\u00f6\u00f6n\u201d<\/td>\n                    <td style=\"\">h\u00edr, besz\u00e1mol\u00f3, r\u00f6vid cikk<\/td>\n                    <td style=\"\"><a href='https:\/\/www.hs.fi\/ulkomaat\/art-2000007754031.html' rel=' nofollow ' target='_blank'>https:\/\/www.hs.fi\/ulkomaat\/art-2000007754031.html<\/a><\/td>\n                    <td style=\"\">semleges<\/td>\n                    <td style=\"\"><\/td>\n                    <td style=\"\">igen<\/td>\n                    <td style=\"\">finn<\/td>\n                    <td style=\"\"><\/td>\n            <\/tr>\n            <tr id=\"table_2_row_639\">\n                    <td style=\"\">2021.01.21<\/td>\n                    <td style=\"\"><a href='https:\/\/denikn.cz\/' rel=' nofollow ' target='_blank'>https:\/\/denikn.cz\/<\/a><\/td>\n                    <td style=\"\">Mark\u00e9ta Boub\u00ednov\u00e1<\/td>\n                    <td style=\"\">Vydavatel ma\u010farsk\u00e9 knihy poh\u00e1dek mus\u00ed \u010dten\u00e1\u0159e varovat p\u0159ed \u201ejin\u00fdm ne\u017e tradi\u010dn\u00edm genderov\u00fdm chov\u00e1n\u00edm\u201c<\/td>\n                    <td style=\"\">h\u00edr, besz\u00e1mol\u00f3, r\u00f6vid cikk<\/td>\n                    <td style=\"\"><a href='https:\/\/denikn.cz\/542787\/vydavatel-madarske-knihy-pohadek-musi-ctenare-varovat-pred-jinym-nez-tradicnim-genderovym-chovanim\/' rel=' nofollow ' target='_blank'>https:\/\/denikn.cz\/542787\/vydavatel-madarske-knihy-pohadek-musi-ctenare-varovat-pred-jinym-nez-tradicnim-genderovym-chovanim\/<\/a><\/td>\n                    <td style=\"\">pozit\u00edv<\/td>\n                    <td style=\"\"><\/td>\n                    <td style=\"\">igen<\/td>\n                    <td style=\"\">cseh<\/td>\n                    <td style=\"\"><\/td>\n            <\/tr>\n            <tr id=\"table_2_row_640\">\n                    <td style=\"\">2021.01.21<\/td>\n                    <td style=\"\"><a href='https:\/\/www.dnevnik.si\/' rel=' nofollow ' target='_blank'>https:\/\/www.dnevnik.si\/<\/a><\/td>\n                    <td style=\"\">Maja Grobel\u0161ek<\/td>\n                    <td style=\"\">Zbirka pravljic o zaj\u010dkih s tremi uhlji, \u010drni Snegulj\u010dici in dveh princih, ki se imata rada, vznemirja Orbana<\/td>\n                    <td style=\"\">h\u00edr, besz\u00e1mol\u00f3, r\u00f6vid cikk<\/td>\n                    <td style=\"\"><a href='https:\/\/www.dnevnik.si\/1042947608\/svet\/zbirka-pravljic-o-zajckih-s-tremi-uhlji-crni-sneguljcici-in-dveh-princih-ki-se-imata-rada-vznemirja-orbana' rel=' nofollow ' target='_blank'>https:\/\/www.dnevnik.si\/1042947608\/svet\/zbirka-pravljic-o-zajckih-s-tremi-uhlji-crni-sneguljcici-in-dveh-princih-ki-se-imata-rada-vznemirja-orbana<\/a><\/td>\n                    <td style=\"\">pozit\u00edv<\/td>\n                    <td style=\"\"><\/td>\n                    <td style=\"\">igen<\/td>\n                    <td style=\"\">szlov\u00e9n<\/td>\n                    <td style=\"\"><\/td>\n            <\/tr>\n            <tr id=\"table_2_row_641\">\n                    <td style=\"\">2021.01.23<\/td>\n                    <td style=\"\"><a href='https:\/\/rtl.hu\/' rel=' nofollow ' target='_blank'>https:\/\/rtl.hu\/<\/a><\/td>\n                    <td style=\"\">RTL H\u00edrad\u00f3<\/td>\n                    <td style=\"\">\u201eJelents\u00e9k az \u00f6sszes megt\u00e9veszt\u0151 mes\u00e9t\u201d<\/td>\n                    <td style=\"\">TV<\/td>\n                    <td style=\"\"><a href='https:\/\/rtl.hu\/rtlklub\/hirek\/-jelentsek-az-osszes-megteveszto-meset-harom-lmbtq-szervezet-jogvedok-fovarosi-kormanyhivatal' rel=' nofollow ' target='_blank'>https:\/\/rtl.hu\/rtlklub\/hirek\/-jelentsek-az-osszes-megteveszto-meset-harom-lmbtq-szervezet-jogvedok-fovarosi-kormanyhivatal<\/a><\/td>\n                    <td style=\"\">pozit\u00edv<\/td>\n                    <td style=\"\"><\/td>\n                    <td style=\"\"><\/td>\n                    <td style=\"\"><\/td>\n                    <td style=\"\"><\/td>\n            <\/tr>\n            <tr id=\"table_2_row_642\">\n                    <td style=\"\">2021.01.24<\/td>\n                    <td style=\"\"><a href='https:\/\/magyarnemzet.hu\/' rel=' nofollow ' target='_blank'>https:\/\/magyarnemzet.hu\/<\/a><\/td>\n                    <td style=\"\">Elek Nikoletta<\/td>\n                    <td style=\"\">Perel, \u00e9s a legismertebb mes\u00e9k ellen kamp\u00e1nyol a Labrisz egyes\u00fclet<\/td>\n                    <td style=\"\">h\u00edr, besz\u00e1mol\u00f3, r\u00f6vid cikk<\/td>\n                    <td style=\"\"><a href='https:\/\/magyarnemzet.hu\/belfold\/perel-es-a-legismertebb-mesek-ellen-kampanyol-a-labrisz-egyesulet-9269252\/' rel=' nofollow ' target='_blank'>https:\/\/magyarnemzet.hu\/belfold\/perel-es-a-legismertebb-mesek-ellen-kampanyol-a-labrisz-egyesulet-9269252\/<\/a><\/td>\n                    <td style=\"\">negat\u00edv<\/td>\n                    <td style=\"\"><\/td>\n                    <td style=\"\"><\/td>\n                    <td style=\"\"><\/td>\n                    <td style=\"\"><\/td>\n            <\/tr>\n            <tr id=\"table_2_row_643\">\n                    <td style=\"\">2021.01.25<\/td>\n                    <td style=\"\"><a href='https:\/\/www.dw.com\/' rel=' nofollow ' target='_blank'>https:\/\/www.dw.com\/<\/a><\/td>\n                    <td style=\"\">Felix Schlagwein<\/td>\n                    <td style=\"\">Ungarn: Regierung warnt vor LGBTQ-Kinderbuch<\/td>\n                    <td style=\"\">h\u00edr, besz\u00e1mol\u00f3, r\u00f6vid cikk<\/td>\n                    <td style=\"\"><a href='https:\/\/www.dw.com\/de\/ungarn-regierung-warnt-vor-lgbtq-kinderbuch\/a-56336237' rel=' nofollow ' target='_blank'>https:\/\/www.dw.com\/de\/ungarn-regierung-warnt-vor-lgbtq-kinderbuch\/a-56336237<\/a><\/td>\n                    <td style=\"\">pozit\u00edv<\/td>\n                    <td style=\"\"><\/td>\n                    <td style=\"\">igen<\/td>\n                    <td style=\"\">n\u00e9met<\/td>\n                    <td style=\"\"><\/td>\n            <\/tr>\n            <tr id=\"table_2_row_644\">\n                    <td style=\"\">2021.01.25<\/td>\n                    <td style=\"\"><a href='https:\/\/jungefreiheit.de\/' rel=' nofollow ' target='_blank'>https:\/\/jungefreiheit.de\/<\/a><\/td>\n                    <td style=\"\">Zita Tipold<\/td>\n                    <td style=\"\">Kinderbuch mit Warnhinweis: Orb\u00e1n geht gegen Gender-M\u00e4rchen vor<\/td>\n                    <td style=\"\">h\u00edr, besz\u00e1mol\u00f3, r\u00f6vid cikk<\/td>\n                    <td style=\"\"><a href='https:\/\/jungefreiheit.de\/politik\/ausland\/2021\/orban-marchenbuch\/' rel=' nofollow ' target='_blank'>https:\/\/jungefreiheit.de\/politik\/ausland\/2021\/orban-marchenbuch\/<\/a><\/td>\n                    <td style=\"\">negat\u00edv<\/td>\n                    <td style=\"\"><\/td>\n                    <td style=\"\">igen<\/td>\n                    <td style=\"\">n\u00e9met<\/td>\n                    <td style=\"\"><\/td>\n            <\/tr>\n            <tr id=\"table_2_row_645\">\n                    <td style=\"\">2021.01.26<\/td>\n                    <td style=\"\"><a href='http:\/\/mpt.hu\/' rel=' nofollow ' target='_blank'>http:\/\/mpt.hu\/<\/a><\/td>\n                    <td style=\"\">MPT-MP\u00c9E Etikai Bizotts\u00e1g<\/td>\n                    <td style=\"\">\u00c1ll\u00e1sfoglal\u00e1s<\/td>\n                    <td style=\"\">nyilatkozat<\/td>\n                    <td style=\"\"><a href='http:\/\/mpt.hu\/2021\/01\/26\/allasfoglalas\/' rel=' nofollow ' target='_blank'>http:\/\/mpt.hu\/2021\/01\/26\/allasfoglalas\/<\/a><\/td>\n                    <td style=\"\">pozit\u00edv<\/td>\n                    <td style=\"\"><\/td>\n                    <td style=\"\"><\/td>\n                    <td style=\"\"><\/td>\n                    <td style=\"\"><\/td>\n            <\/tr>\n            <tr id=\"table_2_row_646\">\n                    <td style=\"\">2021.01.29<\/td>\n                    <td style=\"\"><a href='https:\/\/24.hu\/' rel=' nofollow ' target='_blank'>https:\/\/24.hu\/<\/a><\/td>\n                    <td style=\"\">Bodn\u00e1r Judit Lola<\/td>\n                    <td style=\"\">Ha a Meseorsz\u00e1g mindenki\u00e9 probl\u00e9m\u00e1s a nem hagyom\u00e1nyos nemi szerepek miatt, rengeteg m\u00e1s k\u00f6nyv is az<\/td>\n                    <td style=\"\">h\u00edr, besz\u00e1mol\u00f3, r\u00f6vid cikk<\/td>\n                    <td style=\"\"><a href='https:\/\/24.hu\/kultura\/2021\/01\/19\/meseorszag-mindenkie-labrisz-egyesulet-fogyasztovedelem\/' rel=' nofollow ' target='_blank'>https:\/\/24.hu\/kultura\/2021\/01\/19\/meseorszag-mindenkie-labrisz-egyesulet-fogyasztovedelem\/<\/a><\/td>\n                    <td style=\"\">pozit\u00edv<\/td>\n                    <td style=\"\"><\/td>\n                    <td style=\"\"><\/td>\n                    <td style=\"\"><\/td>\n                    <td style=\"\"><\/td>\n            <\/tr>\n            <tr id=\"table_2_row_647\">\n                    <td style=\"\">2021.02.01<\/td>\n                    <td style=\"\"><a href='https:\/\/www.youtube.com\/' rel=' nofollow ' target='_blank'>https:\/\/www.youtube.com\/<\/a><\/td>\n                    <td style=\"\"><\/td>\n                    <td style=\"\">A Mi Haz\u00e1nk sajt\u00f3t\u00e1j\u00e9koztat\u00f3ja a Pozsonyi Pagony k\u00f6nyvesbolt el\u0151tt<\/td>\n                    <td style=\"\">vide\u00f3<\/td>\n                    <td style=\"\"><a href='https:\/\/www.youtube.com\/watch?v=LNo5Fb7PwH0' rel=' nofollow ' target='_blank'>https:\/\/www.youtube.com\/watch?v=LNo5Fb7PwH0<\/a><\/td>\n                    <td style=\"\">negat\u00edv<\/td>\n                    <td style=\"\">youtube<\/td>\n                    <td style=\"\"><\/td>\n                    <td style=\"\"><\/td>\n                    <td style=\"\"><\/td>\n            <\/tr>\n            <tr id=\"table_2_row_648\">\n                    <td style=\"\">2021.02.01<\/td>\n                    <td style=\"\"><a href='http:\/\/godot.hu\/' rel=' nofollow ' target='_blank'>http:\/\/godot.hu\/<\/a><\/td>\n                    <td style=\"\"><\/td>\n                    <td style=\"\">Barcza R\u00e9ka: Falv\u00e9d\u0151k karant\u00e9n idej\u00e9re<\/td>\n                    <td style=\"\">esem\u00e9ny<\/td>\n                    <td style=\"\"><a href='http:\/\/godot.hu\/exhibition\/barcza-reka-falvedok-karanten-idejere\/' rel=' nofollow ' target='_blank'>http:\/\/godot.hu\/exhibition\/barcza-reka-falvedok-karanten-idejere\/<\/a><\/td>\n                    <td style=\"\">pozit\u00edv<\/td>\n                    <td style=\"\"><\/td>\n                    <td style=\"\"><\/td>\n                    <td style=\"\"><\/td>\n                    <td style=\"\">Ki\u00e1ll\u00edt\u00e1s, k\u00f6zte egy Meseorsz\u00e1gra is utal\u00f3 k\u00e9ppel<\/td>\n            <\/tr>\n            <tr id=\"table_2_row_649\">\n                    <td style=\"\">2021.02.02<\/td>\n                    <td style=\"\"><a href='https:\/\/magyarnemzet.hu\/' rel=' nofollow ' target='_blank'>https:\/\/magyarnemzet.hu\/<\/a><\/td>\n                    <td style=\"\">Elek Nikoletta<\/td>\n                    <td style=\"\">Nem hajland\u00f3k megk\u00fcl\u00f6nb\u00f6ztet\u0151 jelz\u00e9ssel ell\u00e1tni az LMBTQ-mesek\u00f6nyvet<\/td>\n                    <td style=\"\">h\u00edr, besz\u00e1mol\u00f3, r\u00f6vid cikk<\/td>\n                    <td style=\"\"><a href='https:\/\/magyarnemzet.hu\/belfold\/nem-hajlandok-megkulonbozteto-jelzessel-ellatni-az-lmbtq-mesekonyvet-9311309\/' rel=' nofollow ' target='_blank'>https:\/\/magyarnemzet.hu\/belfold\/nem-hajlandok-megkulonbozteto-jelzessel-ellatni-az-lmbtq-mesekonyvet-9311309\/<\/a><\/td>\n                    <td style=\"\">negat\u00edv<\/td>\n                    <td style=\"\"><\/td>\n                    <td style=\"\"><\/td>\n                    <td style=\"\"><\/td>\n                    <td style=\"\"><\/td>\n            <\/tr>\n            <tr id=\"table_2_row_650\">\n                    <td style=\"\">2021.02.02<\/td>\n                    <td style=\"\"><a href='https:\/\/magyarnemzet.hu\/' rel=' nofollow ' target='_blank'>https:\/\/magyarnemzet.hu\/<\/a><\/td>\n                    <td style=\"\">Elek Nikoletta<\/td>\n                    <td style=\"\">Nem hajland\u00f3k megk\u00fcl\u00f6nb\u00f6ztet\u0151 jelz\u00e9ssel ell\u00e1tni az LMBTQ-mesek\u00f6nyvet<\/td>\n                    <td style=\"\">h\u00edr, besz\u00e1mol\u00f3, r\u00f6vid cikk<\/td>\n                    <td style=\"\"><a href='https:\/\/magyarnemzet.hu\/belfold\/nem-hajlandok-megkulonbozteto-jelzessel-ellatni-az-lmbtq-mesekonyvet-9311309' rel=' nofollow ' target='_blank'>https:\/\/magyarnemzet.hu\/belfold\/nem-hajlandok-megkulonbozteto-jelzessel-ellatni-az-lmbtq-mesekonyvet-9311309<\/a><\/td>\n                    <td style=\"\">negat\u00edv<\/td>\n                    <td style=\"\"><\/td>\n                    <td style=\"\"><\/td>\n                    <td style=\"\"><\/td>\n                    <td style=\"\"><\/td>\n            <\/tr>\n            <tr id=\"table_2_row_651\">\n                    <td style=\"\">2021.02.02<\/td>\n                    <td style=\"\"><a href='https:\/\/www.oxfordstudent.com\/' rel=' nofollow ' target='_blank'>https:\/\/www.oxfordstudent.com\/<\/a><\/td>\n                    <td style=\"\">Deborah Lemke<\/td>\n                    <td style=\"\">Warning! Queer Content<\/td>\n                    <td style=\"\">h\u00edr, besz\u00e1mol\u00f3, r\u00f6vid cikk<\/td>\n                    <td style=\"\"><a href='https:\/\/www.oxfordstudent.com\/2021\/02\/02\/warning-queer-content\/' rel=' nofollow ' target='_blank'>https:\/\/www.oxfordstudent.com\/2021\/02\/02\/warning-queer-content\/<\/a><\/td>\n                    <td style=\"\">pozit\u00edv<\/td>\n                    <td style=\"\"><\/td>\n                    <td style=\"\">igen<\/td>\n                    <td style=\"\">angol<\/td>\n                    <td style=\"\"><\/td>\n            <\/tr>\n            <tr id=\"table_2_row_652\">\n                    <td style=\"\">2021.02.02<\/td>\n                    <td style=\"\"><a href='https:\/\/www.facebook.com\/' rel=' nofollow ' target='_blank'>https:\/\/www.facebook.com\/<\/a><\/td>\n                    <td style=\"\"><\/td>\n                    <td style=\"\">\u00edr\u00f3k boltja<\/td>\n                    <td style=\"\">fb-poszt<\/td>\n                    <td style=\"\"><a href='https:\/\/www.facebook.com\/irokboltja\/photos\/4262466153783340' rel=' nofollow ' target='_blank'>https:\/\/www.facebook.com\/irokboltja\/photos\/4262466153783340<\/a><\/td>\n                    <td style=\"\">pozit\u00edv<\/td>\n                    <td style=\"\">fb<\/td>\n                    <td style=\"\"><\/td>\n                    <td style=\"\"><\/td>\n                    <td style=\"\">\u00cdr\u00f3k Boltja 2021 janu\u00e1ri sikerlista, 5. a Meseorsz\u00e1g<\/td>\n            <\/tr>\n            <tr id=\"table_2_row_653\">\n                    <td style=\"\">2021.02.04<\/td>\n                    <td style=\"\"><a href='https:\/\/telex.hu\/' rel=' nofollow ' target='_blank'>https:\/\/telex.hu\/<\/a><\/td>\n                    <td style=\"\">Jo\u00f3b S\u00e1ndor, Kl\u00e1g D\u00e1vid<\/td>\n                    <td style=\"\">Egy n\u00e9met lap feltette Orb\u00e1nnak a k\u00e9rd\u00e9st, mi lenne, ha meleg lenne a gyereke<\/td>\n                    <td style=\"\">h\u00edr, besz\u00e1mol\u00f3, r\u00f6vid cikk<\/td>\n                    <td style=\"\"><a href='https:\/\/telex.hu\/belfold\/2021\/02\/04\/orban-stern-interju-kimaradt-kerdes-muszlim-lany-meleg-fiu' rel=' nofollow ' target='_blank'>https:\/\/telex.hu\/belfold\/2021\/02\/04\/orban-stern-interju-kimaradt-kerdes-muszlim-lany-meleg-fiu<\/a><\/td>\n                    <td style=\"\">semleges<\/td>\n                    <td style=\"\"><\/td>\n                    <td style=\"\"><\/td>\n                    <td style=\"\"><\/td>\n                    <td style=\"\"><\/td>\n            <\/tr>\n            <tr id=\"table_2_row_654\">\n                    <td style=\"\">2021.02.04<\/td>\n                    <td style=\"\"><a href='https:\/\/www.stern.de\/' rel=' nofollow ' target='_blank'>https:\/\/www.stern.de\/<\/a><\/td>\n                    <td style=\"\">Dominik Stawski, Jan Boris Wintzenburg<\/td>\n                    <td style=\"\">Was w\u00e4re, wenn Ihre Tochter einen muslimischen Freund h\u00e4tte, Herr Orb\u00e1n?<\/td>\n                    <td style=\"\">interj\u00fa<\/td>\n                    <td style=\"\"><a href='https:\/\/www.stern.de\/p\/plus\/politik\/viktor-orb%C3%A1n-im-interview-mit-dem-stern-30360300.html' rel=' nofollow ' target='_blank'>https:\/\/www.stern.de\/p\/plus\/politik\/viktor-orb%C3%A1n-im-interview-mit-dem-stern-30360300.html<\/a><\/td>\n                    <td style=\"\">semleges<\/td>\n                    <td style=\"\"><\/td>\n                    <td style=\"\">igen<\/td>\n                    <td style=\"\">n\u00e9met<\/td>\n                    <td style=\"\"><\/td>\n            <\/tr>\n            <tr id=\"table_2_row_655\">\n                    <td style=\"\">2021.02.08<\/td>\n                    <td style=\"\"><a href='http:\/\/www.nollendorfblog.de\/' rel=' nofollow ' target='_blank'>http:\/\/www.nollendorfblog.de\/<\/a><\/td>\n                    <td style=\"\">Kristina Kocyba<\/td>\n                    <td style=\"\">Ungarn: Queeres Kinderbuch provoziert Regierung Orb\u00e1n<\/td>\n                    <td style=\"\">interj\u00fa<\/td>\n                    <td style=\"\"><a href='http:\/\/www.nollendorfblog.de\/?p=12494' rel=' nofollow ' target='_blank'>http:\/\/www.nollendorfblog.de\/?p=12494<\/a><\/td>\n                    <td style=\"\">pozit\u00edv<\/td>\n                    <td style=\"\"><\/td>\n                    <td style=\"\">igen<\/td>\n                    <td style=\"\">n\u00e9met<\/td>\n                    <td style=\"\"><\/td>\n            <\/tr>\n            <tr id=\"table_2_row_656\">\n                    <td style=\"\">2021.02.18<\/td>\n                    <td style=\"\"><a href='https:\/\/nlc.hu\/' rel=' nofollow ' target='_blank'>https:\/\/nlc.hu\/<\/a><\/td>\n                    <td style=\"\">Fencsik Tam\u00e1s<\/td>\n                    <td style=\"\">Riad\u00f3! T\u00e1madnak a melegek, a rom\u00e1k, a n\u00e1cik \u00e9s a homof\u00f3bok!<\/td>\n                    <td style=\"\">publicisztika<\/td>\n                    <td style=\"\"><a href='https:\/\/nlc.hu\/ezvan\/20210218\/meseorszag-mindenkie-libri-pagony-labrisz\/' rel=' nofollow ' target='_blank'>https:\/\/nlc.hu\/ezvan\/20210218\/meseorszag-mindenkie-libri-pagony-labrisz\/<\/a><\/td>\n                    <td style=\"\">pozit\u00edv<\/td>\n                    <td style=\"\"><\/td>\n                    <td style=\"\"><\/td>\n                    <td style=\"\"><\/td>\n                    <td style=\"\"><\/td>\n            <\/tr>\n            <tr id=\"table_2_row_657\">\n                    <td style=\"\">2021.02.18<\/td>\n                    <td style=\"\"><a href='https:\/\/action.allout.org\/' rel=' nofollow ' target='_blank'>https:\/\/action.allout.org\/<\/a><\/td>\n                    <td style=\"\">Labrisz<\/td>\n                    <td style=\"\">Hungary: Stop stigmatizing works on marginalized groups<\/td>\n                    <td style=\"\">nyilatkozat<\/td>\n                    <td style=\"\"><a href='https:\/\/action.allout.org\/en\/m\/5dba2f15\/' rel=' nofollow ' target='_blank'>https:\/\/action.allout.org\/en\/m\/5dba2f15\/<\/a><\/td>\n                    <td style=\"\">pozit\u00edv<\/td>\n                    <td style=\"\"><\/td>\n                    <td style=\"\">igen<\/td>\n                    <td style=\"\">angol<\/td>\n                    <td style=\"\"><\/td>\n            <\/tr>\n            <tr id=\"table_2_row_658\">\n                    <td style=\"\">2021.02.19<\/td>\n                    <td style=\"\"><a href='https:\/\/www.mladina.si\/' rel=' nofollow ' target='_blank'>https:\/\/www.mladina.si\/<\/a><\/td>\n                    <td style=\"\">Maja Pan<\/td>\n                    <td style=\"\">Ker pravlji\u010dni svet ni za vse<\/td>\n                    <td style=\"\">publicisztika<\/td>\n                    <td style=\"\"><a href='https:\/\/www.mladina.si\/205217\/ker-pravljicni-svet-ni-za-vse\/' rel=' nofollow ' target='_blank'>https:\/\/www.mladina.si\/205217\/ker-pravljicni-svet-ni-za-vse\/<\/a><\/td>\n                    <td style=\"\">pozit\u00edv<\/td>\n                    <td style=\"\"><\/td>\n                    <td style=\"\">igen<\/td>\n                    <td style=\"\">szlov\u00e9n<\/td>\n                    <td style=\"\"><\/td>\n            <\/tr>\n            <tr id=\"table_2_row_659\">\n                    <td style=\"\">2021.02.22<\/td>\n                    <td style=\"\"><a href='https:\/\/dajer.hu\/' rel=' nofollow ' target='_blank'>https:\/\/dajer.hu\/<\/a><\/td>\n                    <td style=\"\">Csosz\u00f3 Gabriella<\/td>\n                    <td style=\"\">\u00c9n h\u0151s\u00f6m: Anett \u00e9s Erik. Fot\u00f3sorozat<\/td>\n                    <td style=\"\">interj\u00fa<\/td>\n                    <td style=\"\"><a href='https:\/\/dajer.hu\/en-hosom-anett-es-erik-fotosorozat' rel=' nofollow ' target='_blank'>https:\/\/dajer.hu\/en-hosom-anett-es-erik-fotosorozat<\/a><\/td>\n                    <td style=\"\">pozit\u00edv<\/td>\n                    <td style=\"\"><\/td>\n                    <td style=\"\"><\/td>\n                    <td style=\"\"><\/td>\n                    <td style=\"\">Csosz\u00f3 Gabi interj\u00faja Csord\u00e1s Anettel + fot\u00f3sorozat<\/td>\n            <\/tr>\n            <tr id=\"table_2_row_660\">\n                    <td style=\"\">2021.02.25<\/td>\n                    <td style=\"\"><a href='https:\/\/sozialmarie.org\/' rel=' nofollow ' target='_blank'>https:\/\/sozialmarie.org\/<\/a><\/td>\n                    <td style=\"\"><\/td>\n                    <td style=\"\">2021 Jel\u00f6lt Projektek<\/td>\n                    <td style=\"\">h\u00edr, besz\u00e1mol\u00f3, r\u00f6vid cikk<\/td>\n                    <td style=\"\"><a href='https:\/\/sozialmarie.org\/hu\/news\/5641' rel=' nofollow ' target='_blank'>https:\/\/sozialmarie.org\/hu\/news\/5641<\/a><\/td>\n                    <td style=\"\">pozit\u00edv<\/td>\n                    <td style=\"\"><\/td>\n                    <td style=\"\"><\/td>\n                    <td style=\"\"><\/td>\n                    <td style=\"\"><\/td>\n            <\/tr>\n            <tr id=\"table_2_row_661\">\n                    <td style=\"\">2021.02.25<\/td>\n                    <td style=\"\"><a href='https:\/\/sozialmarie.org\/' rel=' nofollow ' target='_blank'>https:\/\/sozialmarie.org\/<\/a><\/td>\n                    <td style=\"\"><\/td>\n                    <td style=\"\">Nominees 2021<\/td>\n                    <td style=\"\">h\u00edr, besz\u00e1mol\u00f3, r\u00f6vid cikk<\/td>\n                    <td style=\"\"><a href='https:\/\/sozialmarie.org\/en\/news\/5641' rel=' nofollow ' target='_blank'>https:\/\/sozialmarie.org\/en\/news\/5641<\/a><\/td>\n                    <td style=\"\">pozit\u00edv<\/td>\n                    <td style=\"\"><\/td>\n                    <td style=\"\">igen<\/td>\n                    <td style=\"\">angol<\/td>\n                    <td style=\"\"><\/td>\n            <\/tr>\n            <tr id=\"table_2_row_662\">\n                    <td style=\"\">2021.02.28<\/td>\n                    <td style=\"\"><a href='https:\/\/magyarnemzet.hu\/' rel=' nofollow ' target='_blank'>https:\/\/magyarnemzet.hu\/<\/a><\/td>\n                    <td style=\"\">Elek Nikoletta<\/td>\n                    <td style=\"\">Nemzetk\u00f6zi kamp\u00e1nyt hirdetve tiltakozik a Labrisz egyes\u00fclet<\/td>\n                    <td style=\"\">h\u00edr, besz\u00e1mol\u00f3, r\u00f6vid cikk<\/td>\n                    <td style=\"\"><a href='https:\/\/magyarnemzet.hu\/belfold\/nemzetkozi-kampanyt-hirdetve-tiltakozik-a-labrisz-egyesulet-9441281\/' rel=' nofollow ' target='_blank'>https:\/\/magyarnemzet.hu\/belfold\/nemzetkozi-kampanyt-hirdetve-tiltakozik-a-labrisz-egyesulet-9441281\/<\/a><\/td>\n                    <td style=\"\">negat\u00edv<\/td>\n                    <td style=\"\"><\/td>\n                    <td style=\"\"><\/td>\n                    <td style=\"\"><\/td>\n                    <td style=\"\"><\/td>\n            <\/tr>\n            <tr id=\"table_2_row_663\">\n                    <td style=\"\">2021.03.04<\/td>\n                    <td style=\"\"><a href='https:\/\/www.zeit.de\/' rel=' nofollow ' target='_blank'>https:\/\/www.zeit.de\/<\/a><\/td>\n                    <td style=\"\">Kristina Kocyba<\/td>\n                    <td style=\"\">Zwischen Schredder und Bestsellerliste<\/td>\n                    <td style=\"\">h\u00edr, besz\u00e1mol\u00f3, r\u00f6vid cikk<\/td>\n                    <td style=\"\"><a href='https:\/\/www.zeit.de\/2021\/10\/maerchenland-fuer-alle-queer-maerchenbuch-ungarn-diskriminierung' rel=' nofollow ' target='_blank'>https:\/\/www.zeit.de\/2021\/10\/maerchenland-fuer-alle-queer-maerchenbuch-ungarn-diskriminierung<\/a><\/td>\n                    <td style=\"\">pozit\u00edv<\/td>\n                    <td style=\"\"><\/td>\n                    <td style=\"\">igen<\/td>\n                    <td style=\"\">n\u00e9met<\/td>\n                    <td style=\"\">R\u00e9sztvev\u0151k: Ny\u00fal Bogl\u00e1rka, R\u00e9dai Dorottya, Moln\u00e1r Krisztina Rita<\/td>\n            <\/tr>\n            <tr id=\"table_2_row_664\">\n                    <td style=\"\">2021.03.04<\/td>\n                    <td style=\"\"><a href='https:\/\/www.facebook.com\/' rel=' nofollow ' target='_blank'>https:\/\/www.facebook.com\/<\/a><\/td>\n                    <td style=\"\">European Parliament Intergroup on LGBTI Rights<\/td>\n                    <td style=\"\">LGBTI event on Hungary<\/td>\n                    <td style=\"\">vide\u00f3<\/td>\n                    <td style=\"\"><a href='https:\/\/www.facebook.com\/LGBTIintergroup\/videos\/1938428159645929\/' rel=' nofollow ' target='_blank'>https:\/\/www.facebook.com\/LGBTIintergroup\/videos\/1938428159645929\/<\/a><\/td>\n                    <td style=\"\">pozit\u00edv<\/td>\n                    <td style=\"\"><\/td>\n                    <td style=\"\"><\/td>\n                    <td style=\"\"><\/td>\n                    <td style=\"\"><\/td>\n            <\/tr>\n            <tr id=\"table_2_row_665\">\n                    <td style=\"\">2021.03.05<\/td>\n                    <td style=\"\"><a href='https:\/\/www.facebook.com\/' rel=' nofollow ' target='_blank'>https:\/\/www.facebook.com\/<\/a><\/td>\n                    <td style=\"\">R\u00e1sk\u00f3 Eszter<\/td>\n                    <td style=\"\">A politika az politika<\/td>\n                    <td style=\"\">vide\u00f3<\/td>\n                    <td style=\"\"><a href='https:\/\/www.facebook.com\/eszterrasko\/videos\/258348272541938\/' rel=' nofollow ' target='_blank'>https:\/\/www.facebook.com\/eszterrasko\/videos\/258348272541938\/<\/a><\/td>\n                    <td style=\"\">pozit\u00edv<\/td>\n                    <td style=\"\">fb<\/td>\n                    <td style=\"\"><\/td>\n                    <td style=\"\"><\/td>\n                    <td style=\"\">R\u00e1sk\u00f3 Eszter<\/td>\n            <\/tr>\n            <tr id=\"table_2_row_666\">\n                    <td style=\"\">2021.03.06<\/td>\n                    <td style=\"\"><a href='https:\/\/vasarnap.hu\/' rel=' nofollow ' target='_blank'>https:\/\/vasarnap.hu\/<\/a><\/td>\n                    <td style=\"\"><\/td>\n                    <td style=\"\">Darabjaira szedt\u00e9k a genderelm\u00e9letet a Credo leg\u00fajabb ad\u00e1s\u00e1ban<\/td>\n                    <td style=\"\">h\u00edr, besz\u00e1mol\u00f3, r\u00f6vid cikk<\/td>\n                    <td style=\"\"><a href='https:\/\/vasarnap.hu\/2021\/03\/06\/darabjaira-szedtek-a-genderelmeletet-a-credo-legujabb-adasaban\/' rel=' nofollow ' target='_blank'>https:\/\/vasarnap.hu\/2021\/03\/06\/darabjaira-szedtek-a-genderelmeletet-a-credo-legujabb-adasaban\/<\/a><\/td>\n                    <td style=\"\">negat\u00edv<\/td>\n                    <td style=\"\"><\/td>\n                    <td style=\"\"><\/td>\n                    <td style=\"\"><\/td>\n                    <td style=\"\">egy h\u00edr tv-s besz\u00e9lget\u00e9sr\u0151l r\u00f6vid besz\u00e1mol\u00f3<\/td>\n            <\/tr>\n            <tr id=\"table_2_row_667\">\n                    <td style=\"\">2021.03.12<\/td>\n                    <td style=\"\"><a href='https:\/\/www.stern.de\/' rel=' nofollow ' target='_blank'>https:\/\/www.stern.de\/<\/a><\/td>\n                    <td style=\"\"><\/td>\n                    <td style=\"\">Der stern holt Ungarns umstrittenes Kinderbuch \"Ein M\u00e4rchenland f\u00fcr alle\" nach Deutschland<\/td>\n                    <td style=\"\">hir r\u00f6vid cikk<\/td>\n                    <td style=\"\"><a href='https:\/\/www.stern.de\/politik\/ausland\/der-stern-holt-umstrittenes-maerchenbuch-aus-ungarn-nach-deutschland-30977660.html' rel=' nofollow ' target='_blank'>https:\/\/www.stern.de\/politik\/ausland\/der-stern-holt-umstrittenes-maerchenbuch-aus-ungarn-nach-deutschland-30977660.html<\/a><\/td>\n                    <td style=\"\">pozit\u00edv<\/td>\n                    <td style=\"\"><\/td>\n                    <td style=\"\">igen<\/td>\n                    <td style=\"\">n\u00e9met<\/td>\n                    <td style=\"\">h\u00edr a k\u00f6nyv n\u00e9met megjelen\u00e9s\u00e9r\u0151l<\/td>\n            <\/tr>\n            <tr id=\"table_2_row_668\">\n                    <td style=\"\">2021.03.15<\/td>\n                    <td style=\"\"><a href='https:\/\/www.facebook.com\/' rel=' nofollow ' target='_blank'>https:\/\/www.facebook.com\/<\/a><\/td>\n                    <td style=\"\">nem tehetsz r\u00f3la, tehetsz ellene<\/td>\n                    <td style=\"\">Meseorsz\u00e1g beborult - de nem \u00f6r\u00f6kre<\/td>\n                    <td style=\"\">fb-poszt<\/td>\n                    <td style=\"\"><a href='https:\/\/www.facebook.com\/notes\/nem-tehetsz-r%C3%B3la-tehetsz-ellene\/meseorsz%C3%A1g-beborult-de-nem-%C3%B6r%C3%B6kre\/10224091727909794' rel=' nofollow ' target='_blank'>https:\/\/www.facebook.com\/notes\/nem-tehetsz-r%C3%B3la-tehetsz-ellene\/meseorsz%C3%A1g-beborult-de-nem-%C3%B6r%C3%B6kre\/10224091727909794<\/a><\/td>\n                    <td style=\"\">pozit\u00edv<\/td>\n                    <td style=\"\">fb<\/td>\n                    <td style=\"\"><\/td>\n                    <td style=\"\"><\/td>\n                    <td style=\"\"><\/td>\n            <\/tr>\n            <tr id=\"table_2_row_669\">\n                    <td style=\"\">2021.03.16<\/td>\n                    <td style=\"\"><a href='https:\/\/www.facebook.com\/' rel=' nofollow ' target='_blank'>https:\/\/www.facebook.com\/<\/a><\/td>\n                    <td style=\"\"><\/td>\n                    <td style=\"\">Egyenl\u00edt\u0151 Hard Talks az elfogad\u00e1sr\u00f3l<\/td>\n                    <td style=\"\">esem\u00e9ny<\/td>\n                    <td style=\"\"><a href='https:\/\/www.facebook.com\/events\/2927300910924310' rel=' nofollow ' target='_blank'>https:\/\/www.facebook.com\/events\/2927300910924310<\/a><\/td>\n                    <td style=\"\">pozit\u00edv<\/td>\n                    <td style=\"\"><\/td>\n                    <td style=\"\"><\/td>\n                    <td style=\"\"><\/td>\n                    <td style=\"\"><\/td>\n            <\/tr>\n            <tr id=\"table_2_row_670\">\n                    <td style=\"\">2021.03.17<\/td>\n                    <td style=\"\"><a href='https:\/\/24.hu\/' rel=' nofollow ' target='_blank'>https:\/\/24.hu\/<\/a><\/td>\n                    <td style=\"\">Farkas Gy\u00f6rgy<\/td>\n                    <td style=\"\">Vadai hi\u00e1ba k\u00e9rdezett Shrek nemi szerepeir\u0151l<\/td>\n                    <td style=\"\">h\u00edr, besz\u00e1mol\u00f3, r\u00f6vid cikk<\/td>\n                    <td style=\"\"><a href='https:\/\/24.hu\/belfold\/2021\/03\/17\/vadai-hiaba-kerdezett-shrek-nemi-szerepeirol\/' rel=' nofollow ' target='_blank'>https:\/\/24.hu\/belfold\/2021\/03\/17\/vadai-hiaba-kerdezett-shrek-nemi-szerepeirol\/<\/a><\/td>\n                    <td style=\"\">pozit\u00edv<\/td>\n                    <td style=\"\"><\/td>\n                    <td style=\"\"><\/td>\n                    <td style=\"\"><\/td>\n                    <td style=\"\"><\/td>\n            <\/tr>\n            <tr id=\"table_2_row_671\">\n                    <td style=\"\">2021.03.19<\/td>\n                    <td style=\"\"><a href='https:\/\/www.kulter.hu\/' rel=' nofollow ' target='_blank'>https:\/\/www.kulter.hu\/<\/a><\/td>\n                    <td style=\"\">Kir\u00e1ly Anna<\/td>\n                    <td style=\"\">A j\u00f3 gyermekirodalom mindenkihez sz\u00f3l. Interj\u00fa Dr. Harmath Artemisszel, az Ifj\u00fas\u00e1gi \u00e9s Gyermekirodalmi Centrum igazgat\u00f3j\u00e1val<\/td>\n                    <td style=\"\">interj\u00fa<\/td>\n                    <td style=\"\"><a href='https:\/\/www.kulter.hu\/2021\/03\/interju-harmath-artemisz-igyic\/' rel=' nofollow ' target='_blank'>https:\/\/www.kulter.hu\/2021\/03\/interju-harmath-artemisz-igyic\/<\/a><\/td>\n                    <td style=\"\">negat\u00edv<\/td>\n                    <td style=\"\"><\/td>\n                    <td style=\"\"><\/td>\n                    <td style=\"\"><\/td>\n                    <td style=\"\"><\/td>\n            <\/tr>\n            <tr id=\"table_2_row_672\">\n                    <td style=\"\">2021.03.22<\/td>\n                    <td style=\"\"><a href='https:\/\/baxtale.tv\/' rel=' nofollow ' target='_blank'>https:\/\/baxtale.tv\/<\/a><\/td>\n                    <td style=\"\">Nagy M. Boldizs\u00e1r<\/td>\n                    <td style=\"\">A Meseorsz\u00e1g mindenki\u00e9 kritik\u00e1j\u00e1b\u00f3l kider\u00fcl, milyen a rendes roma<\/td>\n                    <td style=\"\">publicisztika<\/td>\n                    <td style=\"\"><a href='https:\/\/baxtale.tv\/ame-panzh\/a-meseorszag-mindenkie-kritikajabol-kiderul-milyen-a-rendes-roma' rel=' nofollow ' target='_blank'>https:\/\/baxtale.tv\/ame-panzh\/a-meseorszag-mindenkie-kritikajabol-kiderul-milyen-a-rendes-roma<\/a><\/td>\n                    <td style=\"\">pozit\u00edv<\/td>\n                    <td style=\"\"><\/td>\n                    <td style=\"\"><\/td>\n                    <td style=\"\"><\/td>\n                    <td style=\"\"><\/td>\n            <\/tr>\n            <tr id=\"table_2_row_673\">\n                    <td style=\"\">2021.03.31<\/td>\n                    <td style=\"\"><a href='https:\/\/magyarnemzet.hu\/' rel=' nofollow ' target='_blank'>https:\/\/magyarnemzet.hu\/<\/a><\/td>\n                    <td style=\"\">Sz\u00e1nth\u00f3 Mikl\u00f3s<\/td>\n                    <td style=\"\">Begy\u0171r\u0171z\u0151 elmebaj<\/td>\n                    <td style=\"\">recenzi\u00f3<\/td>\n                    <td style=\"\"><a href='https:\/\/magyarnemzet.hu\/velemeny\/begyuruzo-elmebaj-9593801\/' rel=' nofollow ' target='_blank'>https:\/\/magyarnemzet.hu\/velemeny\/begyuruzo-elmebaj-9593801\/<\/a><\/td>\n                    <td style=\"\">negat\u00edv<\/td>\n                    <td style=\"\"><\/td>\n                    <td style=\"\"><\/td>\n                    <td style=\"\"><\/td>\n                    <td style=\"\"><\/td>\n            <\/tr>\n            <tr id=\"table_2_row_674\">\n                    <td style=\"\">2021.04.07<\/td>\n                    <td style=\"\"><a href='https:\/\/hubbyinfo.blogspot.com\/' rel=' nofollow ' target='_blank'>https:\/\/hubbyinfo.blogspot.com\/<\/a><\/td>\n                    <td style=\"\">Hubby<\/td>\n                    <td style=\"\">\u00c9v Gyerekk\u00f6nyve D\u00edj - Leginnovat\u00edvabb k\u00f6nyv shortlistes k\u00f6nyvei<\/td>\n                    <td style=\"\">h\u00edr, besz\u00e1mol\u00f3, r\u00f6vid cikk<\/td>\n                    <td style=\"\"><a href='https:\/\/hubbyinfo.blogspot.com\/2021\/04\/az-ev-gyerekkonyve-dij-ket-kategoriaval.html' rel=' nofollow ' target='_blank'>https:\/\/hubbyinfo.blogspot.com\/2021\/04\/az-ev-gyerekkonyve-dij-ket-kategoriaval.html<\/a><\/td>\n                    <td style=\"\">pozit\u00edv<\/td>\n                    <td style=\"\"><\/td>\n                    <td style=\"\"><\/td>\n                    <td style=\"\"><\/td>\n                    <td style=\"\"><\/td>\n            <\/tr>\n            <tr id=\"table_2_row_675\">\n                    <td style=\"\">2021.05.15<\/td>\n                    <td style=\"\"><a href='https:\/\/vasarnap.hu\/' rel=' nofollow ' target='_blank'>https:\/\/vasarnap.hu\/<\/a><\/td>\n                    <td style=\"\"><\/td>\n                    <td style=\"\">Liber\u00e1lis szervezetek m\u00e1r az \u00e1ltal\u00e1nos iskol\u00e1sokat is az LMBTQ-ideol\u00f3gi\u00e1ra neveln\u00e9k<\/td>\n                    <td style=\"\">publicisztika<\/td>\n                    <td style=\"\"><a href='https:\/\/vasarnap.hu\/2021\/05\/15\/liberalis-szervezetek-mar-az-altalanos-iskolasokat-is-az-lmbtq-ideologiara-nevelnek\/' rel=' nofollow ' target='_blank'>https:\/\/vasarnap.hu\/2021\/05\/15\/liberalis-szervezetek-mar-az-altalanos-iskolasokat-is-az-lmbtq-ideologiara-nevelnek\/<\/a><\/td>\n                    <td style=\"\">negat\u00edv<\/td>\n                    <td style=\"\"><\/td>\n                    <td style=\"\"><\/td>\n                    <td style=\"\"><\/td>\n                    <td style=\"\"><\/td>\n            <\/tr>\n            <tr id=\"table_2_row_676\">\n                    <td style=\"\">2021.05.16<\/td>\n                    <td style=\"\"><a href='https:\/\/mandiner.hu\/' rel=' nofollow ' target='_blank'>https:\/\/mandiner.hu\/<\/a><\/td>\n                    <td style=\"\"><\/td>\n                    <td style=\"\">Egy egyes\u00fclet a kisiskol\u00e1sokat is az LMBTQ-ideol\u00f3gi\u00e1ra neveln\u00e9<\/td>\n                    <td style=\"\">h\u00edr, besz\u00e1mol\u00f3, r\u00f6vid cikk<\/td>\n                    <td style=\"\"><a href='https:\/\/mandiner.hu\/cikk\/20210516_egy_egyesulet_a_kisiskolasokat_is_az_lmbtq_ideologiara_nevelne' rel=' nofollow ' target='_blank'>https:\/\/mandiner.hu\/cikk\/20210516_egy_egyesulet_a_kisiskolasokat_is_az_lmbtq_ideologiara_nevelne<\/a><\/td>\n                    <td style=\"\">negat\u00edv<\/td>\n                    <td style=\"\"><\/td>\n                    <td style=\"\"><\/td>\n                    <td style=\"\"><\/td>\n                    <td style=\"\"><\/td>\n            <\/tr>\n            <tr id=\"table_2_row_677\">\n                    <td style=\"\">2021.05.17<\/td>\n                    <td style=\"\"><a href='https:\/\/magyarnemzet.hu\/' rel=' nofollow ' target='_blank'>https:\/\/magyarnemzet.hu\/<\/a><\/td>\n                    <td style=\"\">Kincses Krisztina<\/td>\n                    <td style=\"\">A kisiskol\u00e1sokat t\u00e1madn\u00e1 az LMBTQ-lobbi<\/td>\n                    <td style=\"\">publicisztika<\/td>\n                    <td style=\"\"><a href='https:\/\/magyarnemzet.hu\/poszt-trauma\/a-kisiskolasokat-tamadna-az-lmbtq-lobbi-9812381\/' rel=' nofollow ' target='_blank'>https:\/\/magyarnemzet.hu\/poszt-trauma\/a-kisiskolasokat-tamadna-az-lmbtq-lobbi-9812381\/<\/a><\/td>\n                    <td style=\"\">negat\u00edv<\/td>\n                    <td style=\"\"><\/td>\n                    <td style=\"\"><\/td>\n                    <td style=\"\"><\/td>\n                    <td style=\"\"><\/td>\n            <\/tr>\n            <tr id=\"table_2_row_678\">\n                    <td style=\"\">2021.05.17<\/td>\n                    <td style=\"\"><a href='https:\/\/magyarnemzet.hu\/' rel=' nofollow ' target='_blank'>https:\/\/magyarnemzet.hu\/<\/a><\/td>\n                    <td style=\"\">Kincses Krisztina<\/td>\n                    <td style=\"\">Szakemberekkel \u00e9rz\u00e9keny\u00edten\u00e9k a kisiskol\u00e1sokat<\/td>\n                    <td style=\"\">publicisztika<\/td>\n                    <td style=\"\"><a href='https:\/\/magyarnemzet.hu\/belfold\/szakemberekkel-erzekenyitenek-a-kisiskolasokat-9813920\/' rel=' nofollow ' target='_blank'>https:\/\/magyarnemzet.hu\/belfold\/szakemberekkel-erzekenyitenek-a-kisiskolasokat-9813920\/<\/a><\/td>\n                    <td style=\"\">negat\u00edv<\/td>\n                    <td style=\"\"><\/td>\n                    <td style=\"\"><\/td>\n                    <td style=\"\"><\/td>\n                    <td style=\"\"><\/td>\n            <\/tr>\n            <tr id=\"table_2_row_679\">\n                    <td style=\"\">2021.05.19<\/td>\n                    <td style=\"\"><a href='https:\/\/humenonline.hu\/' rel=' nofollow ' target='_blank'>https:\/\/humenonline.hu\/<\/a><\/td>\n                    <td style=\"\">Kanics\u00e1r \u00c1d\u00e1m Andr\u00e1s<\/td>\n                    <td style=\"\">Mesemester \u2013 Interj\u00fa Nagy M. Boldizs\u00e1r szerkeszt\u0151vel \u00e9s kritikussal<\/td>\n                    <td style=\"\">interj\u00fa<\/td>\n                    <td style=\"\"><a href='https:\/\/humenonline.hu\/mesemester-interju-nagy-m-boldizsar-szerkesztovel-es-kritikussal\/' rel=' nofollow ' target='_blank'>https:\/\/humenonline.hu\/mesemester-interju-nagy-m-boldizsar-szerkesztovel-es-kritikussal\/<\/a><\/td>\n                    <td style=\"\">pozit\u00edv<\/td>\n                    <td style=\"\"><\/td>\n                    <td style=\"\"><\/td>\n                    <td style=\"\"><\/td>\n                    <td style=\"\">Interj\u00fa Nagy M. Boldizs\u00e1rral a Humen Magazin febru\u00e1ri sz\u00e1m\u00e1b\u00f3l<\/td>\n            <\/tr>\n            <tr id=\"table_2_row_680\">\n                    <td style=\"\">2021.05.19<\/td>\n                    <td style=\"\"><a href='https:\/\/humenonline.hu\/' rel=' nofollow ' target='_blank'>https:\/\/humenonline.hu\/<\/a><\/td>\n                    <td style=\"\">Kanics\u00e1r \u00c1d\u00e1m Andr\u00e1s<\/td>\n                    <td style=\"\">The Fable Master \u2013 Interview with editor and literary critic Boldizs\u00e1r M. Nagy<\/td>\n                    <td style=\"\">interj\u00fa<\/td>\n                    <td style=\"\"><a href='https:\/\/humenonline.hu\/the-fable-master-interview-with-editor-and-literary-critic-boldizsar-m-nagy\/' rel=' nofollow ' target='_blank'>https:\/\/humenonline.hu\/the-fable-master-interview-with-editor-and-literary-critic-boldizsar-m-nagy\/<\/a><\/td>\n                    <td style=\"\">pozit\u00edv<\/td>\n                    <td style=\"\"><\/td>\n                    <td style=\"\">igen<\/td>\n                    <td style=\"\">angol<\/td>\n                    <td style=\"\">Interj\u00fa Nagy M. Boldizs\u00e1rral, a fenti interj\u00fa ford\u00edt\u00e1sa<\/td>\n            <\/tr>\n            <tr id=\"table_2_row_681\">\n                    <td style=\"\">2021.05.24<\/td>\n                    <td style=\"\"><a href='https:\/\/telex.hu\/' rel=' nofollow ' target='_blank'>https:\/\/telex.hu\/<\/a><\/td>\n                    <td style=\"\"><\/td>\n                    <td style=\"\">Az elnyomott heter\u00f3, feh\u00e9r f\u00e9rfi \u00e9s a genderfluid \u00f3vod\u00e1sok: hogyan v\u00e1lt identit\u00e1sok harc\u00e1v\u00e1 a politika?<\/td>\n                    <td style=\"\">vide\u00f3<\/td>\n                    <td style=\"\"><a href='https:\/\/telex.hu\/video\/2021\/05\/24\/telexikon-identitaspolitika-gender-lmbtq-harc-animacio' rel=' nofollow ' target='_blank'>https:\/\/telex.hu\/video\/2021\/05\/24\/telexikon-identitaspolitika-gender-lmbtq-harc-animacio<\/a><\/td>\n                    <td style=\"\">pozit\u00edv<\/td>\n                    <td style=\"\"><\/td>\n                    <td style=\"\"><\/td>\n                    <td style=\"\"><\/td>\n                    <td style=\"\">telexikon<\/td>\n            <\/tr>\n            <tr id=\"table_2_row_682\">\n                    <td style=\"\">2021.05.25<\/td>\n                    <td style=\"\"><a href='https:\/\/magyarnemzet.hu\/' rel=' nofollow ' target='_blank'>https:\/\/magyarnemzet.hu\/<\/a><\/td>\n                    <td style=\"\">N\u00e9meth Gy\u00f6rgy<\/td>\n                    <td style=\"\">A 444 \u00e9s a laposf\u00f6ldelm\u00e9let<\/td>\n                    <td style=\"\">publicisztika<\/td>\n                    <td style=\"\"><a href='https:\/\/magyarnemzet.hu\/velemeny\/a-444-es-a-laposfoldelmelet-9843803\/' rel=' nofollow ' target='_blank'>https:\/\/magyarnemzet.hu\/velemeny\/a-444-es-a-laposfoldelmelet-9843803\/<\/a><\/td>\n                    <td style=\"\">negat\u00edv<\/td>\n                    <td style=\"\"><\/td>\n                    <td style=\"\"><\/td>\n                    <td style=\"\"><\/td>\n                    <td style=\"\"><\/td>\n            <\/tr>\n            <tr id=\"table_2_row_683\">\n                    <td style=\"\">2021.05.26<\/td>\n                    <td style=\"\"><a href='https:\/\/konyvesmagazin.hu\/' rel=' nofollow ' target='_blank'>https:\/\/konyvesmagazin.hu\/<\/a><\/td>\n                    <td style=\"\">ro<\/td>\n                    <td style=\"\">Ezek a k\u00f6nyvek es\u00e9lyesek az \u00c9v Gyerekk\u00f6nyve D\u00edjra!<\/td>\n                    <td style=\"\">h\u00edr, besz\u00e1mol\u00f3, r\u00f6vid cikk<\/td>\n                    <td style=\"\"><a href='https:\/\/konyvesmagazin.hu\/gyerekirodalom\/hubby_ev_gyerekkonyve_dij_shortlist_1.html' rel=' nofollow ' target='_blank'>https:\/\/konyvesmagazin.hu\/gyerekirodalom\/hubby_ev_gyerekkonyve_dij_shortlist_1.html<\/a><\/td>\n                    <td style=\"\">pozit\u00edv<\/td>\n                    <td style=\"\"><\/td>\n                    <td style=\"\"><\/td>\n                    <td style=\"\"><\/td>\n                    <td style=\"\"><\/td>\n            <\/tr>\n            <tr id=\"table_2_row_684\">\n                    <td style=\"\">2021.05.26<\/td>\n                    <td style=\"\"><a href='http:\/\/gyermekirodalom.hu\/' rel=' nofollow ' target='_blank'>http:\/\/gyermekirodalom.hu\/<\/a><\/td>\n                    <td style=\"\">Wittmann Ildik\u00f3<\/td>\n                    <td style=\"\">Minden id\u0151k legjelent\u0151sebb magyar r\u00e9szv\u00e9tele v\u00e1rhat\u00f3 az idei Pozsonyi Illusztr\u00e1ci\u00f3s Bienn\u00e1l\u00e9n<\/td>\n                    <td style=\"\">h\u00edr, besz\u00e1mol\u00f3, r\u00f6vid cikk<\/td>\n                    <td style=\"\"><a href='http:\/\/gyermekirodalom.hu\/?p=12444' rel=' nofollow ' target='_blank'>http:\/\/gyermekirodalom.hu\/?p=12444<\/a><\/td>\n                    <td style=\"\">pozit\u00edv<\/td>\n                    <td style=\"\"><\/td>\n                    <td style=\"\"><\/td>\n                    <td style=\"\"><\/td>\n                    <td style=\"\"><\/td>\n            <\/tr>\n            <tr id=\"table_2_row_685\">\n                    <td style=\"\">2021.05.28<\/td>\n                    <td style=\"\"><a href='https:\/\/vasarnap.hu\/' rel=' nofollow ' target='_blank'>https:\/\/vasarnap.hu\/<\/a><\/td>\n                    <td style=\"\">Francesca Capoccia<\/td>\n                    <td style=\"\">Pride h\u00f3nap a gyerekszob\u00e1ban<\/td>\n                    <td style=\"\">v\u00e9lem\u00e9ny<\/td>\n                    <td style=\"\"><a href='https:\/\/vasarnap.hu\/2021\/05\/28\/francesca-rivafinoli-pride-honap-a-gyerekszobaban\/' rel=' nofollow ' target='_blank'>https:\/\/vasarnap.hu\/2021\/05\/28\/francesca-rivafinoli-pride-honap-a-gyerekszobaban\/<\/a><\/td>\n                    <td style=\"\">negat\u00edv<\/td>\n                    <td style=\"\"><\/td>\n                    <td style=\"\"><\/td>\n                    <td style=\"\"><\/td>\n                    <td style=\"\"><\/td>\n            <\/tr>\n            <tr id=\"table_2_row_686\">\n                    <td style=\"\">2021.05.30<\/td>\n                    <td style=\"\"><a href='https:\/\/444.hu\/' rel=' nofollow ' target='_blank'>https:\/\/444.hu\/<\/a><\/td>\n                    <td style=\"\">F\u0151di Kitti<\/td>\n                    <td style=\"\">Megjelent az els\u0151, sziv\u00e1rv\u00e1nycsal\u00e1dokr\u00f3l sz\u00f3l\u00f3 mesek\u00f6nyv<\/td>\n                    <td style=\"\">h\u00edr, besz\u00e1mol\u00f3, r\u00f6vid cikk<\/td>\n                    <td style=\"\"><a href='https:\/\/444.hu\/2021\/05\/30\/megjelent-az-elso-szivarvanycsaladokrol-szolo-mesekonyv' rel=' nofollow ' target='_blank'>https:\/\/444.hu\/2021\/05\/30\/megjelent-az-elso-szivarvanycsaladokrol-szolo-mesekonyv<\/a><\/td>\n                    <td style=\"\">pozit\u00edv<\/td>\n                    <td style=\"\"><\/td>\n                    <td style=\"\"><\/td>\n                    <td style=\"\"><\/td>\n                    <td style=\"\"><\/td>\n            <\/tr>\n            <tr id=\"table_2_row_687\">\n                    <td style=\"\">2021.05.30<\/td>\n                    <td style=\"\"><a href='https:\/\/magyarnarancs.hu\/' rel=' nofollow ' target='_blank'>https:\/\/magyarnarancs.hu\/<\/a><\/td>\n                    <td style=\"\"><\/td>\n                    <td style=\"\">Megjelent az orsz\u00e1g els\u0151 sziv\u00e1rv\u00e1nycsal\u00e1dos mesek\u00f6nyve, Micsoda csal\u00e1d! c\u00edmmel<\/td>\n                    <td style=\"\">h\u00edr, besz\u00e1mol\u00f3, r\u00f6vid cikk<\/td>\n                    <td style=\"\"><a href='https:\/\/magyarnarancs.hu\/belpol\/megjelent-az-orszag-elso-szivarvanycsalados-mesekonyve-micsoda-csalad-cimmel-238875' rel=' nofollow ' target='_blank'>https:\/\/magyarnarancs.hu\/belpol\/megjelent-az-orszag-elso-szivarvanycsalados-mesekonyve-micsoda-csalad-cimmel-238875<\/a><\/td>\n                    <td style=\"\">pozit\u00edv<\/td>\n                    <td style=\"\"><\/td>\n                    <td style=\"\"><\/td>\n                    <td style=\"\"><\/td>\n                    <td style=\"\"><\/td>\n            <\/tr>\n            <tr id=\"table_2_row_688\">\n                    <td style=\"\">2021.05.30<\/td>\n                    <td style=\"\"><a href='https:\/\/telex.hu\/' rel=' nofollow ' target='_blank'>https:\/\/telex.hu\/<\/a><\/td>\n                    <td style=\"\">Nyilas Gergely<\/td>\n                    <td style=\"\">A Meseorsz\u00e1g mindenki\u00e9 ut\u00e1n \u00fajabb sziv\u00e1rv\u00e1nyos mesek\u00f6nyv jelent meg<\/td>\n                    <td style=\"\">h\u00edr, besz\u00e1mol\u00f3, r\u00f6vid cikk<\/td>\n                    <td style=\"\"><a href='https:\/\/telex.hu\/szorakozas\/2021\/05\/30\/a-meseorszag-mindenkie-utan-ujabb-szivarvanyos-mesekonyv-jelent-meg' rel=' nofollow ' target='_blank'>https:\/\/telex.hu\/szorakozas\/2021\/05\/30\/a-meseorszag-mindenkie-utan-ujabb-szivarvanyos-mesekonyv-jelent-meg<\/a><\/td>\n                    <td style=\"\">pozit\u00edv<\/td>\n                    <td style=\"\"><\/td>\n                    <td style=\"\"><\/td>\n                    <td style=\"\"><\/td>\n                    <td style=\"\"><\/td>\n            <\/tr>\n            <tr id=\"table_2_row_689\">\n                    <td style=\"\">2021.05.30<\/td>\n                    <td style=\"\"><a href='https:\/\/magyarnemzet.hu\/' rel=' nofollow ' target='_blank'>https:\/\/magyarnemzet.hu\/<\/a><\/td>\n                    <td style=\"\"><\/td>\n                    <td style=\"\">A gyereknapon jelent meg az \u00faj LMBTQ-mesek\u00f6nyv<\/td>\n                    <td style=\"\">h\u00edr, besz\u00e1mol\u00f3, r\u00f6vid cikk<\/td>\n                    <td style=\"\"><a href='https:\/\/magyarnemzet.hu\/belfold\/gyereknapon-jelent-meg-az-uj-lmbtq-mesekonyv-9867143\/' rel=' nofollow ' target='_blank'>https:\/\/magyarnemzet.hu\/belfold\/gyereknapon-jelent-meg-az-uj-lmbtq-mesekonyv-9867143\/<\/a><\/td>\n                    <td style=\"\">negat\u00edv<\/td>\n                    <td style=\"\"><\/td>\n                    <td style=\"\"><\/td>\n                    <td style=\"\"><\/td>\n                    <td style=\"\"><\/td>\n            <\/tr>\n            <tr id=\"table_2_row_690\">\n                    <td style=\"\">2021.06.01<\/td>\n                    <td style=\"\"><a href='https:\/\/magyarnemzet.hu\/' rel=' nofollow ' target='_blank'>https:\/\/magyarnemzet.hu\/<\/a><\/td>\n                    <td style=\"\">Kincses Krisztina<\/td>\n                    <td style=\"\">Micsoda csal\u00e1d! \u2013 \u00fajabb mesek\u00f6nyvvel \u00e9rz\u00e9keny\u00edtene az LMBTQ-lobbi<\/td>\n                    <td style=\"\">h\u00edr, besz\u00e1mol\u00f3, r\u00f6vid cikk<\/td>\n                    <td style=\"\"><a href='https:\/\/magyarnemzet.hu\/belfold\/micsoda-csalad-ujabb-mesekonyvvel-erzekenyitene-az-lmbtq-lobbi-9873302\/' rel=' nofollow ' target='_blank'>https:\/\/magyarnemzet.hu\/belfold\/micsoda-csalad-ujabb-mesekonyvvel-erzekenyitene-az-lmbtq-lobbi-9873302\/<\/a><\/td>\n                    <td style=\"\">negat\u00edv<\/td>\n                    <td style=\"\"><\/td>\n                    <td style=\"\"><\/td>\n                    <td style=\"\"><\/td>\n                    <td style=\"\"><\/td>\n            <\/tr>\n            <tr id=\"table_2_row_691\">\n                    <td style=\"\">2021.06.01<\/td>\n                    <td style=\"\"><a href='https:\/\/vasarnap.hu\/' rel=' nofollow ' target='_blank'>https:\/\/vasarnap.hu\/<\/a><\/td>\n                    <td style=\"\"><\/td>\n                    <td style=\"\">Schittl Eszter: A genderlobbi visszaford\u00edthatatlan k\u00e1rokat okozhat a gyerekekben<\/td>\n                    <td style=\"\">v\u00e9lem\u00e9ny<\/td>\n                    <td style=\"\"><a href='https:\/\/vasarnap.hu\/2021\/06\/01\/schittl-eszter-a-genderlobbi-visszafordithatatlan-karokat-okozhat-a-gyerekekben\/' rel=' nofollow ' target='_blank'>https:\/\/vasarnap.hu\/2021\/06\/01\/schittl-eszter-a-genderlobbi-visszafordithatatlan-karokat-okozhat-a-gyerekekben\/<\/a><\/td>\n                    <td style=\"\">negat\u00edv<\/td>\n                    <td style=\"\"><\/td>\n                    <td style=\"\"><\/td>\n                    <td style=\"\"><\/td>\n                    <td style=\"\">Schittl Eszter konferenci\u00e1n elhangzott v\u00e9lem\u00e9nye<\/td>\n            <\/tr>\n            <tr id=\"table_2_row_692\">\n                    <td style=\"\">2021.06.02<\/td>\n                    <td style=\"\"><a href='https:\/\/alfahir.hu\/' rel=' nofollow ' target='_blank'>https:\/\/alfahir.hu\/<\/a><\/td>\n                    <td style=\"\">K\u00f6ller Krist\u00f3f<\/td>\n                    <td style=\"\">Egy mesek\u00f6nyv, ami megmutatja, nem mese: az azonos nem\u0171ek is \u00fagy \u00e9lnek, mint a heteroszexu\u00e1lis csal\u00e1dok<\/td>\n                    <td style=\"\">interj\u00fa<\/td>\n                    <td style=\"\"><a href='https:\/\/alfahir.hu\/2021\/06\/02\/micsoda_csalad_mesekonyv_kultura_interju_meseorszag_mindenkie_lmbtq_szivarvanycsaladok' rel=' nofollow ' target='_blank'>https:\/\/alfahir.hu\/2021\/06\/02\/micsoda_csalad_mesekonyv_kultura_interju_meseorszag_mindenkie_lmbtq_szivarvanycsaladok<\/a><\/td>\n                    <td style=\"\">pozit\u00edv<\/td>\n                    <td style=\"\"><\/td>\n                    <td style=\"\"><\/td>\n                    <td style=\"\"><\/td>\n                    <td style=\"\">Interj\u00fa Nagy M. Boldizs\u00e1rral<\/td>\n            <\/tr>\n            <tr id=\"table_2_row_693\">\n                    <td style=\"\">2021.06.03<\/td>\n                    <td style=\"\"><a href='https:\/\/eletforma.hu\/' rel=' nofollow ' target='_blank'>https:\/\/eletforma.hu\/<\/a><\/td>\n                    <td style=\"\">Balogh Edina<\/td>\n                    <td style=\"\">\u201eElhitette velem a rendszer, hogy a melegs\u00e9g mellett, m\u00e9g a cig\u00e1nys\u00e1g miatt is als\u00f3bbrend\u0171bbnek kell \u00e9reznem magam\u201d<\/td>\n                    <td style=\"\">interj\u00fa<\/td>\n                    <td style=\"\"><a href='https:\/\/eletforma.hu\/kul-tour\/elhitette-velem-a-rendszer-hogy-a-melegseg-mellett-meg-a-ciganysag-miatt-is-alsobbrendubbnek-kell-ereznem-magam\/' rel=' nofollow ' target='_blank'>https:\/\/eletforma.hu\/kul-tour\/elhitette-velem-a-rendszer-hogy-a-melegseg-mellett-meg-a-ciganysag-miatt-is-alsobbrendubbnek-kell-ereznem-magam\/<\/a><\/td>\n                    <td style=\"\">pozit\u00edv<\/td>\n                    <td style=\"\"><\/td>\n                    <td style=\"\"><\/td>\n                    <td style=\"\"><\/td>\n                    <td style=\"\">Interj\u00fa Nagy M. Boldizs\u00e1rral<\/td>\n            <\/tr>\n            <tr id=\"table_2_row_694\">\n                    <td style=\"\">2021.06.04<\/td>\n                    <td style=\"\"><a href='https:\/\/www.facebook.com\/' rel=' nofollow ' target='_blank'>https:\/\/www.facebook.com\/<\/a><\/td>\n                    <td style=\"\">Sziv\u00e1rv\u00e1nycsal\u00e1dok\u00e9rt Alap\u00edtv\u00e1ny<\/td>\n                    <td style=\"\">Micsoda csal\u00e1d k\u00f6nyvbemutat\u00f3<\/td>\n                    <td style=\"\">vide\u00f3<\/td>\n                    <td style=\"\"><a href='https:\/\/www.facebook.com\/szivarvanycsaladokert\/videos\/166047218865434\/' rel=' nofollow ' target='_blank'>https:\/\/www.facebook.com\/szivarvanycsaladokert\/videos\/166047218865434\/<\/a><\/td>\n                    <td style=\"\">pozit\u00edv<\/td>\n                    <td style=\"\">fb<\/td>\n                    <td style=\"\"><\/td>\n                    <td style=\"\"><\/td>\n                    <td style=\"\"><\/td>\n            <\/tr>\n            <tr id=\"table_2_row_695\">\n                    <td style=\"\">2021.06.08<\/td>\n                    <td style=\"\"><a href='https:\/\/magyarnarancs.hu\/' rel=' nofollow ' target='_blank'>https:\/\/magyarnarancs.hu\/<\/a><\/td>\n                    <td style=\"\"><\/td>\n                    <td style=\"\">Nemcsak Meseorsz\u00e1g, az online t\u00e1rskeres\u00e9s is mindenki\u00e9<\/td>\n                    <td style=\"\">h\u00edr, besz\u00e1mol\u00f3, r\u00f6vid cikk<\/td>\n                    <td style=\"\"><a href='https:\/\/magyarnarancs.hu\/mikrofilm\/nemcsak-meseorszag-az-online-tarskereses-is-mindenkie-239107' rel=' nofollow ' target='_blank'>https:\/\/magyarnarancs.hu\/mikrofilm\/nemcsak-meseorszag-az-online-tarskereses-is-mindenkie-239107<\/a><\/td>\n                    <td style=\"\">pozit\u00edv<\/td>\n                    <td style=\"\"><\/td>\n                    <td style=\"\"><\/td>\n                    <td style=\"\"><\/td>\n                    <td style=\"\"><\/td>\n            <\/tr>\n            <tr id=\"table_2_row_696\">\n                    <td style=\"\">2021.06.10<\/td>\n                    <td style=\"\"><a href='https:\/\/telex.hu\/' rel=' nofollow ' target='_blank'>https:\/\/telex.hu\/<\/a><\/td>\n                    <td style=\"\">Jo\u00f3b S\u00e1ndor, Janecsk\u00f3 Kata<\/td>\n                    <td style=\"\">\u00daj korm\u00e1nyp\u00e1rti javaslatok a pedofilt\u00f6rv\u00e9nyhez: tilos lenne 18 \u00e9ven aluliaknak bemutatni a homoszexualit\u00e1st \u00e9s a nemv\u00e1lt\u00e1st<\/td>\n                    <td style=\"\">h\u00edr, besz\u00e1mol\u00f3, r\u00f6vid cikk<\/td>\n                    <td style=\"\"><a href='https:\/\/telex.hu\/belfold\/2021\/06\/10\/pedofil-ellenes-torvenyjavaslat-homoszexualitas-lmbtq-felvilagositas-szuletesi-nem-nemvaltoztatas' rel=' nofollow ' target='_blank'>https:\/\/telex.hu\/belfold\/2021\/06\/10\/pedofil-ellenes-torvenyjavaslat-homoszexualitas-lmbtq-felvilagositas-szuletesi-nem-nemvaltoztatas<\/a><\/td>\n                    <td style=\"\">pozit\u00edv<\/td>\n                    <td style=\"\"><\/td>\n                    <td style=\"\"><\/td>\n                    <td style=\"\"><\/td>\n                    <td style=\"\"><\/td>\n            <\/tr>\n            <tr id=\"table_2_row_697\">\n                    <td style=\"\">2021.06.11<\/td>\n                    <td style=\"\"><a href='https:\/\/magyarnemzet.hu\/' rel=' nofollow ' target='_blank'>https:\/\/magyarnemzet.hu\/<\/a><\/td>\n                    <td style=\"\">Horv\u00e1th J\u00f3zsef<\/td>\n                    <td style=\"\">Az \u00fagynevezett \u00e9rz\u00e9keny\u00edt\u00e9s az \u00e1llam immunrendszer\u00e9nek a t\u00f6nkret\u00e9tele<\/td>\n                    <td style=\"\">publicisztika<\/td>\n                    <td style=\"\"><a href='https:\/\/magyarnemzet.hu\/velemeny\/az-ugynevezett-erzekenyites-az-allam-immunrendszerenek-a-tonkretetele-9924131\/' rel=' nofollow ' target='_blank'>https:\/\/magyarnemzet.hu\/velemeny\/az-ugynevezett-erzekenyites-az-allam-immunrendszerenek-a-tonkretetele-9924131\/<\/a><\/td>\n                    <td style=\"\">negat\u00edv<\/td>\n                    <td style=\"\"><\/td>\n                    <td style=\"\"><\/td>\n                    <td style=\"\"><\/td>\n                    <td style=\"\"><\/td>\n            <\/tr>\n            <tr id=\"table_2_row_698\">\n                    <td style=\"\">2021.06.16<\/td>\n                    <td style=\"\"><a href='https:\/\/xtramagazine.com\/' rel=' nofollow ' target='_blank'>https:\/\/xtramagazine.com\/<\/a><\/td>\n                    <td style=\"\">Paul Gallant<\/td>\n                    <td style=\"\">When a right-winger in Hungary ripped up a book of inclusive fairy tales, she sent it straight up the bestsellers list<\/td>\n                    <td style=\"\">v\u00e9lem\u00e9ny<\/td>\n                    <td style=\"\"><a href='https:\/\/xtramagazine.com\/culture\/books\/fairy-tales-for-everyone-controversy-202844' rel=' nofollow ' target='_blank'>https:\/\/xtramagazine.com\/culture\/books\/fairy-tales-for-everyone-controversy-202844<\/a><\/td>\n                    <td style=\"\">pozit\u00edv<\/td>\n                    <td style=\"\"><\/td>\n                    <td style=\"\">igen<\/td>\n                    <td style=\"\">angol<\/td>\n                    <td style=\"\">a Magyar korm\u00e1ny lmbtq+ ellenes politik\u00e1j\u00e1r\u00f3l<\/td>\n            <\/tr>\n            <tr id=\"table_2_row_699\">\n                    <td style=\"\">2021.06.18<\/td>\n                    <td style=\"\"><a href='https:\/\/konyvesmagazin.hu\/' rel=' nofollow ' target='_blank'>https:\/\/konyvesmagazin.hu\/<\/a><\/td>\n                    <td style=\"\">sa<\/td>\n                    <td style=\"\">F\u00e9lelemr\u0151l \u00e9s t\u00e1mogat\u00e1sr\u00f3l \u00edrt a Micsoda csal\u00e1d! szerz\u0151je a magyar homof\u00f3b korl\u00e1toz\u00e1sok miatt<\/td>\n                    <td style=\"\">h\u00edr, besz\u00e1mol\u00f3, r\u00f6vid cikk<\/td>\n                    <td style=\"\"><a href='https:\/\/konyvesmagazin.hu\/friss\/micsoda_csalad_homofob_torveny_lawrence_schimel_sikerlista.html' rel=' nofollow ' target='_blank'>https:\/\/konyvesmagazin.hu\/friss\/micsoda_csalad_homofob_torveny_lawrence_schimel_sikerlista.html<\/a><\/td>\n                    <td style=\"\">pozit\u00edv<\/td>\n                    <td style=\"\"><\/td>\n                    <td style=\"\"><\/td>\n                    <td style=\"\"><\/td>\n                    <td style=\"\"><\/td>\n            <\/tr>\n            <tr id=\"table_2_row_700\">\n                    <td style=\"\">2021.06.28<\/td>\n                    <td style=\"\"><a href='https:\/\/www.hs.fi\/' rel=' nofollow ' target='_blank'>https:\/\/www.hs.fi\/<\/a><\/td>\n                    <td style=\"\">Matilda Jokinen<\/td>\n                    <td style=\"\">Unkari kielt\u00e4\u00e4 kertomasta homoudesta lapsille osana \u201dpedofilialakia\u201d \u2013 Dorottya R\u00e9dainin lastenkirjaa myyd\u00e4\u00e4n loppuun ja revit\u00e4\u00e4n suorassa l\u00e4hetyksess\u00e4<\/td>\n                    <td style=\"\">interj\u00fa<\/td>\n                    <td style=\"\"><a href='https:\/\/www.hs.fi\/ulkomaat\/art-2000008077985.html' rel=' nofollow ' target='_blank'>https:\/\/www.hs.fi\/ulkomaat\/art-2000008077985.html<\/a><\/td>\n                    <td style=\"\">pozit\u00edv<\/td>\n                    <td style=\"\"><\/td>\n                    <td style=\"\">igen<\/td>\n                    <td style=\"\">finn<\/td>\n                    <td style=\"\">R\u00e9dai D\u00f3ri interj\u00fa<\/td>\n            <\/tr>\n            <tr id=\"table_2_row_701\">\n                    <td style=\"\">2021.07.01<\/td>\n                    <td style=\"\"><a href='https:\/\/www.csdmuenchen.de\/' rel=' nofollow ' target='_blank'>https:\/\/www.csdmuenchen.de\/<\/a><\/td>\n                    <td style=\"\">Anita Koziol<\/td>\n                    <td style=\"\">CSD Munich 2021 Livestream<\/td>\n                    <td style=\"\">vide\u00f3<\/td>\n                    <td style=\"\"><a href='https:\/\/www.csdmuenchen.de\/de\/' rel=' nofollow ' target='_blank'>https:\/\/www.csdmuenchen.de\/de\/<\/a><\/td>\n                    <td style=\"\">pozit\u00edv<\/td>\n                    <td style=\"\"><\/td>\n                    <td style=\"\">igen<\/td>\n                    <td style=\"\">angol, n\u00e9met<\/td>\n                    <td style=\"\">01:21:25 -- 01:22:20 k\u00f6z\u00f6tt n\u00e9h\u00e1ny mondat Magyarorsz\u00e1gr\u00f3l a Meseorsz\u00e1ggal<\/td>\n            <\/tr>\n            <tr id=\"table_2_row_702\">\n                    <td style=\"\">2021.07.01<\/td>\n                    <td style=\"\"><a href='https:\/\/ahea.pitt.edu\/' rel=' nofollow ' target='_blank'>https:\/\/ahea.pitt.edu\/<\/a><\/td>\n                    <td style=\"\">Anna Bentley<\/td>\n                    <td style=\"\">The Fortunes of Hungarian Children\u2019s Literature at Home and in the English-Speaking World<\/td>\n                    <td style=\"\">egy\u00e9b<\/td>\n                    <td style=\"\"><a href='https:\/\/ahea.pitt.edu\/ojs\/index.php\/ahea\/article\/view\/433\/782' rel=' nofollow ' target='_blank'>https:\/\/ahea.pitt.edu\/ojs\/index.php\/ahea\/article\/view\/433\/782<\/a><\/td>\n                    <td style=\"\">pozit\u00edv<\/td>\n                    <td style=\"\"><\/td>\n                    <td style=\"\">igen<\/td>\n                    <td style=\"\">angol<\/td>\n                    <td style=\"\">tanulm\u00e1ny<\/td>\n            <\/tr>\n            <tr id=\"table_2_row_703\">\n                    <td style=\"\">2021.07.01<\/td>\n                    <td style=\"\"><a href='https:\/\/www.facebook.com\/' rel=' nofollow ' target='_blank'>https:\/\/www.facebook.com\/<\/a><\/td>\n                    <td style=\"\">Kov\u00e1cs Brigitta Efi<\/td>\n                    <td style=\"\">Csak az igaz\u00e1n nagyok el\u00e9g nagyok ahhoz, hogy kicsik legyenek...<\/td>\n                    <td style=\"\">interj\u00fa<\/td>\n                    <td style=\"\"><a href='https:\/\/www.facebook.com\/kovacsbrigittaefi\/photos\/pcb.1072497636614026\/1072497566614033' rel=' nofollow ' target='_blank'>https:\/\/www.facebook.com\/kovacsbrigittaefi\/photos\/pcb.1072497636614026\/1072497566614033<\/a><\/td>\n                    <td style=\"\">pozit\u00edv<\/td>\n                    <td style=\"\"><\/td>\n                    <td style=\"\"><\/td>\n                    <td style=\"\"><\/td>\n                    <td style=\"\">R\u00e9dai D\u00f3ri interj\u00fa<\/td>\n            <\/tr>\n            <tr id=\"table_2_row_704\">\n                    <td style=\"\">2021.07.07<\/td>\n                    <td style=\"\"><a href='https:\/\/telex.hu\/' rel=' nofollow ' target='_blank'>https:\/\/telex.hu\/<\/a><\/td>\n                    <td style=\"\">Iv\u00e1n-Nagy Szilvia<\/td>\n                    <td style=\"\">250 ezer forintra b\u00fcntett\u00e9k egy LMBTQ-mesek\u00f6nyv egyik forgalmaz\u00f3j\u00e1t<\/td>\n                    <td style=\"\">h\u00edr, besz\u00e1mol\u00f3, r\u00f6vid cikk<\/td>\n                    <td style=\"\"><a href='https:\/\/telex.hu\/belfold\/2021\/07\/07\/mesekonyv-micsoda-csalad-buntetes-tisztessegtelen-kereskedelmi-gyakorlat' rel=' nofollow ' target='_blank'>https:\/\/telex.hu\/belfold\/2021\/07\/07\/mesekonyv-micsoda-csalad-buntetes-tisztessegtelen-kereskedelmi-gyakorlat<\/a><\/td>\n                    <td style=\"\">semleges<\/td>\n                    <td style=\"\"><\/td>\n                    <td style=\"\"><\/td>\n                    <td style=\"\"><\/td>\n                    <td style=\"\"><\/td>\n            <\/tr>\n            <tr id=\"table_2_row_705\">\n                    <td style=\"\">2021.07.07<\/td>\n                    <td style=\"\"><a href='https:\/\/hvg.hu\/' rel=' nofollow ' target='_blank'>https:\/\/hvg.hu\/<\/a><\/td>\n                    <td style=\"\"><\/td>\n                    <td style=\"\">Megb\u00fcntett\u00e9k egy \u00fajabb sziv\u00e1rv\u00e1nyos mesek\u00f6nyv forgalmaz\u00f3j\u00e1t<\/td>\n                    <td style=\"\">h\u00edr, besz\u00e1mol\u00f3, r\u00f6vid cikk<\/td>\n                    <td style=\"\"><a href='https:\/\/hvg.hu\/elet\/20210707_Megbuntettek_egy_ujabb_szivarvanyos_mesekonyv_forgalmazojat' rel=' nofollow ' target='_blank'>https:\/\/hvg.hu\/elet\/20210707_Megbuntettek_egy_ujabb_szivarvanyos_mesekonyv_forgalmazojat<\/a><\/td>\n                    <td style=\"\">semleges<\/td>\n                    <td style=\"\"><\/td>\n                    <td style=\"\"><\/td>\n                    <td style=\"\"><\/td>\n                    <td style=\"\"><\/td>\n            <\/tr>\n            <tr id=\"table_2_row_706\">\n                    <td style=\"\">2021.07.07<\/td>\n                    <td style=\"\"><a href='https:\/\/thebottomup.it\/' rel=' nofollow ' target='_blank'>https:\/\/thebottomup.it\/<\/a><\/td>\n                    <td style=\"\">Francesca Capoccia<\/td>\n                    <td style=\"\">Ungheria: libert\u00e0 di espressione e diritti LGBT+ sono sempre pi\u00f9 in pericolo<\/td>\n                    <td style=\"\">publicisztika<\/td>\n                    <td style=\"\"><a href='https:\/\/thebottomup.it\/2021\/07\/07\/ungheria-liberta-espressione-stampa-lgbt-intervista' rel=' nofollow ' target='_blank'>https:\/\/thebottomup.it\/2021\/07\/07\/ungheria-liberta-espressione-stampa-lgbt-intervista<\/a><\/td>\n                    <td style=\"\">pozit\u00edv<\/td>\n                    <td style=\"\"><\/td>\n                    <td style=\"\">igen<\/td>\n                    <td style=\"\">olasz<\/td>\n                    <td style=\"\">a gyermekv\u00e9delmi tv nyom\u00e1n, Borgos Ann\u00e1val k\u00e9sz\u00fclt interj\u00faval<\/td>\n            <\/tr>\n            <tr id=\"table_2_row_707\">\n                    <td style=\"\">2021.07.08<\/td>\n                    <td style=\"\"><a href='https:\/\/bit.ly\/' rel=' nofollow ' target='_blank'>https:\/\/bit.ly\/<\/a><\/td>\n                    <td style=\"\">Tagesschau24<\/td>\n                    <td style=\"\">Ungarn macht Ernst: Umstrittenes Anti-Homosexuellen-Gesetz in Kraft<\/td>\n                    <td style=\"\">TV<\/td>\n                    <td style=\"\"><a href='https:\/\/bit.ly\/2UyHd50' rel=' nofollow ' target='_blank'>https:\/\/bit.ly\/2UyHd50<\/a><\/td>\n                    <td style=\"\">pozit\u00edv<\/td>\n                    <td style=\"\"><\/td>\n                    <td style=\"\">igen<\/td>\n                    <td style=\"\">n\u00e9met<\/td>\n                    <td style=\"\">ARD H\u00edrad\u00f3, benne Nagy M. Boldizs\u00e1r, Gergely Vera<\/td>\n            <\/tr>\n            <tr id=\"table_2_row_708\">\n                    <td style=\"\">2021.07.08<\/td>\n                    <td style=\"\"><a href='https:\/\/www.6play.fr\/' rel=' nofollow ' target='_blank'>https:\/\/www.6play.fr\/<\/a><\/td>\n                    <td style=\"\">Le 1245<\/td>\n                    <td style=\"\">Vague d'indignation: La Hongrie adopte une loi anti-LGBT<\/td>\n                    <td style=\"\">TV<\/td>\n                    <td style=\"\"><a href='https:\/\/www.6play.fr\/le-1245-p_1056\/12-45-du-jeudi-08-juillet-c_12880479' rel=' nofollow ' target='_blank'>https:\/\/www.6play.fr\/le-1245-p_1056\/12-45-du-jeudi-08-juillet-c_12880479<\/a><\/td>\n                    <td style=\"\">semleges<\/td>\n                    <td style=\"\"><\/td>\n                    <td style=\"\">igen<\/td>\n                    <td style=\"\">francia<\/td>\n                    <td style=\"\">Benne R\u00e9dai D\u00f3ri nyilatkozik<\/td>\n            <\/tr>\n            <tr id=\"table_2_row_709\">\n                    <td style=\"\">2021.07.08<\/td>\n                    <td style=\"\"><a href='https:\/\/www.irokboltja.hu\/' rel=' nofollow ' target='_blank'>https:\/\/www.irokboltja.hu\/<\/a><\/td>\n                    <td style=\"\"><\/td>\n                    <td style=\"\"><\/td>\n                    <td style=\"\">egy\u00e9b<\/td>\n                    <td style=\"\"><a href='https:\/\/www.irokboltja.hu\/?t=productoverview&amp;kod=11207292' rel=' nofollow ' target='_blank'>https:\/\/www.irokboltja.hu\/?t=productoverview&amp;kod=11207292<\/a><\/td>\n                    <td style=\"\">semleges<\/td>\n                    <td style=\"\"><\/td>\n                    <td style=\"\"><\/td>\n                    <td style=\"\"><\/td>\n                    <td style=\"\">felc\u00edmk\u00e9z\u00e9s<\/td>\n            <\/tr>\n            <tr id=\"table_2_row_710\">\n                    <td style=\"\">2021.07.10<\/td>\n                    <td style=\"\"><a href='https:\/\/telex.hu\/' rel=' nofollow ' target='_blank'>https:\/\/telex.hu\/<\/a><\/td>\n                    <td style=\"\"><\/td>\n                    <td style=\"\">Ez nem gumicsont, hanem a Fidesz-g\u00e9p \u00fczemanyagtart\u00e1lya<\/td>\n                    <td style=\"\">vide\u00f3<\/td>\n                    <td style=\"\"><a href='https:\/\/telex.hu\/video\/2021\/07\/10\/pedofilellenes-melegellenes-torveny-lmbtq-tiltakozas-magyarazo' rel=' nofollow ' target='_blank'>https:\/\/telex.hu\/video\/2021\/07\/10\/pedofilellenes-melegellenes-torveny-lmbtq-tiltakozas-magyarazo<\/a><\/td>\n                    <td style=\"\">pozit\u00edv<\/td>\n                    <td style=\"\"><\/td>\n                    <td style=\"\"><\/td>\n                    <td style=\"\"><\/td>\n                    <td style=\"\">vide\u00f3 a pedofil t\u00f6rv\u00e9nyr\u0151l<\/td>\n            <\/tr>\n            <tr id=\"table_2_row_711\">\n                    <td style=\"\">2021.07.12<\/td>\n                    <td style=\"\"><a href='https:\/\/news.trust.org\/' rel=' nofollow ' target='_blank'>https:\/\/news.trust.org\/<\/a><\/td>\n                    <td style=\"\">Hugo Greenhalgh<\/td>\n                    <td style=\"\">Children's books editor to leave Hungary over anti-LGBT+ law<\/td>\n                    <td style=\"\">h\u00edr, besz\u00e1mol\u00f3, r\u00f6vid cikk<\/td>\n                    <td style=\"\"><a href='https:\/\/news.trust.org\/item\/20210712131550-90k1l\/' rel=' nofollow ' target='_blank'>https:\/\/news.trust.org\/item\/20210712131550-90k1l\/<\/a><\/td>\n                    <td style=\"\">semleges<\/td>\n                    <td style=\"\"><\/td>\n                    <td style=\"\">igen<\/td>\n                    <td style=\"\">angol<\/td>\n                    <td style=\"\">Nagy M. Boldizs\u00e1r megsz\u00f3lal\u00e1saival<\/td>\n            <\/tr>\n            <tr id=\"table_2_row_712\">\n                    <td style=\"\">2021.07.13<\/td>\n                    <td style=\"\"><a href='https:\/\/24.hu\/' rel=' nofollow ' target='_blank'>https:\/\/24.hu\/<\/a><\/td>\n                    <td style=\"\">Jankovics M\u00e1rton<\/td>\n                    <td style=\"\">A Meseorsz\u00e1g mindenki\u00e9 szerkeszt\u0151je nem \u00e9rzi mag\u00e1t biztons\u00e1gban, elhagyja Magyarorsz\u00e1got<\/td>\n                    <td style=\"\">h\u00edr, besz\u00e1mol\u00f3, r\u00f6vid cikk<\/td>\n                    <td style=\"\"><a href='https:\/\/24.hu\/kultura\/2021\/07\/13\/meseorszag-mindenkie-nagy-boldizsar-elhagyja-az-orszagot-melegellenes-torveny\/' rel=' nofollow ' target='_blank'>https:\/\/24.hu\/kultura\/2021\/07\/13\/meseorszag-mindenkie-nagy-boldizsar-elhagyja-az-orszagot-melegellenes-torveny\/<\/a><\/td>\n                    <td style=\"\">semleges<\/td>\n                    <td style=\"\"><\/td>\n                    <td style=\"\"><\/td>\n                    <td style=\"\"><\/td>\n                    <td style=\"\"><\/td>\n            <\/tr>\n            <tr id=\"table_2_row_713\">\n                    <td style=\"\">2021.07.13<\/td>\n                    <td style=\"\"><a href='https:\/\/hvg.hu\/' rel=' nofollow ' target='_blank'>https:\/\/hvg.hu\/<\/a><\/td>\n                    <td style=\"\"><\/td>\n                    <td style=\"\">A Meseorsz\u00e1g mindenki\u00e9 szerkeszt\u0151je, Nagy Boldizs\u00e1r elhagyja Magyarorsz\u00e1go<\/td>\n                    <td style=\"\">h\u00edr, besz\u00e1mol\u00f3, r\u00f6vid cikk<\/td>\n                    <td style=\"\"><a href='https:\/\/hvg.hu\/kultura\/20210713_A_Meseorszag_mindenkie_szerkesztoje_Nagy_Boldizsar_elhagyja_Magyarorszagot' rel=' nofollow ' target='_blank'>https:\/\/hvg.hu\/kultura\/20210713_A_Meseorszag_mindenkie_szerkesztoje_Nagy_Boldizsar_elhagyja_Magyarorszagot<\/a><\/td>\n                    <td style=\"\">semleges<\/td>\n                    <td style=\"\"><\/td>\n                    <td style=\"\"><\/td>\n                    <td style=\"\"><\/td>\n                    <td style=\"\"><\/td>\n            <\/tr>\n            <tr id=\"table_2_row_714\">\n                    <td style=\"\">2021.07.13<\/td>\n                    <td style=\"\"><a href='https:\/\/444.hu\/' rel=' nofollow ' target='_blank'>https:\/\/444.hu\/<\/a><\/td>\n                    <td style=\"\">F\u0151di Kitti<\/td>\n                    <td style=\"\">Elhagyja az orsz\u00e1got a Meseorsz\u00e1g mindenki\u00e9 c\u00edm\u0171 k\u00f6nyv szerkeszt\u0151je<\/td>\n                    <td style=\"\">h\u00edr, besz\u00e1mol\u00f3, r\u00f6vid cikk<\/td>\n                    <td style=\"\"><a href='https:\/\/444.hu\/2021\/07\/13\/elhagyja-az-orszagot-a-meseorszag-mindenkie-cimu-konyv-szerkesztoje-a-halalos-fenyegetesek-miatt' rel=' nofollow ' target='_blank'>https:\/\/444.hu\/2021\/07\/13\/elhagyja-az-orszagot-a-meseorszag-mindenkie-cimu-konyv-szerkesztoje-a-halalos-fenyegetesek-miatt<\/a><\/td>\n                    <td style=\"\">semleges<\/td>\n                    <td style=\"\"><\/td>\n                    <td style=\"\"><\/td>\n                    <td style=\"\"><\/td>\n                    <td style=\"\"><\/td>\n            <\/tr>\n            <tr id=\"table_2_row_715\">\n                    <td style=\"\">2021.07.13<\/td>\n                    <td style=\"\"><a href='https:\/\/www.sueddeutsche.de\/' rel=' nofollow ' target='_blank'>https:\/\/www.sueddeutsche.de\/<\/a><\/td>\n                    <td style=\"\">Von Sarah Zapf<\/td>\n                    <td style=\"\">Kinderbuch-Redakteur verl\u00e4sst Ungarn<\/td>\n                    <td style=\"\">hir r\u00f6vid cikk<\/td>\n                    <td style=\"\"><a href='https:\/\/www.sueddeutsche.de\/kultur\/ungarn-homosexualitaet-kinderbuch-informationsgesetz-1.5350943' rel=' nofollow ' target='_blank'>https:\/\/www.sueddeutsche.de\/kultur\/ungarn-homosexualitaet-kinderbuch-informationsgesetz-1.5350943<\/a><\/td>\n                    <td style=\"\">pozit\u00edv<\/td>\n                    <td style=\"\"><\/td>\n                    <td style=\"\">igen<\/td>\n                    <td style=\"\">n\u00e9met<\/td>\n                    <td style=\"\">h\u00edr arr\u00f3l, hogy a gyerekk\u00f6nyv szerkeszt\u0151je elhagyja Magyarorsz\u00e1got<\/td>\n            <\/tr>\n            <tr id=\"table_2_row_716\">\n                    <td style=\"\">2021.07.15<\/td>\n                    <td style=\"\"><a href='https:\/\/www.instagram.com\/' rel=' nofollow ' target='_blank'>https:\/\/www.instagram.com\/<\/a><\/td>\n                    <td style=\"\">ttt - titel thesen temperamente<\/td>\n                    <td style=\"\">LGBTQ in Ungarn: Kinderbuch-Redakteur verl\u00e4sst das Land<\/td>\n                    <td style=\"\">egy\u00e9b<\/td>\n                    <td style=\"\"><a href='https:\/\/www.instagram.com\/p\/CRWe6VAqJfW\/' rel=' nofollow ' target='_blank'>https:\/\/www.instagram.com\/p\/CRWe6VAqJfW\/<\/a><\/td>\n                    <td style=\"\">pozit\u00edv<\/td>\n                    <td style=\"\">insta<\/td>\n                    <td style=\"\">igen<\/td>\n                    <td style=\"\">n\u00e9met<\/td>\n                    <td style=\"\"><\/td>\n            <\/tr>\n            <tr id=\"table_2_row_717\">\n                    <td style=\"\">2021.07.15<\/td>\n                    <td style=\"\"><a href='https:\/\/www.facebook.com\/' rel=' nofollow ' target='_blank'>https:\/\/www.facebook.com\/<\/a><\/td>\n                    <td style=\"\">ttt - titel thesen temperamente<\/td>\n                    <td style=\"\">Ungarn: F\u00fcr LGBTQ-Personen nicht mehr sicher? Der Kinderbuch-Redakteur Boldizs\u00e1r Nagy und sein Partner verlassen ihre Heimat.<\/td>\n                    <td style=\"\">FB-poszt<\/td>\n                    <td style=\"\"><a href='https:\/\/www.facebook.com\/TitelThesenTemperamente\/photos\/a.140070936029067\/4070019443034177\/' rel=' nofollow ' target='_blank'>https:\/\/www.facebook.com\/TitelThesenTemperamente\/photos\/a.140070936029067\/4070019443034177\/<\/a><\/td>\n                    <td style=\"\">pozit\u00edv<\/td>\n                    <td style=\"\">fb<\/td>\n                    <td style=\"\">igen<\/td>\n                    <td style=\"\">n\u00e9met<\/td>\n                    <td style=\"\"><\/td>\n            <\/tr>\n            <tr id=\"table_2_row_718\">\n                    <td style=\"\">2021.07.15<\/td>\n                    <td style=\"\"><a href='https:\/\/ec.europa.eu\/' rel=' nofollow ' target='_blank'>https:\/\/ec.europa.eu\/<\/a><\/td>\n                    <td style=\"\">Christian Wigand<\/td>\n                    <td style=\"\">Az Eur\u00f3pai Uni\u00f3 alapvet\u0151 \u00e9rt\u00e9kei: a Bizotts\u00e1g jogi l\u00e9p\u00e9seket tesz Magyarorsz\u00e1g \u00e9s Lengyelorsz\u00e1g ellen a LMBTIQ-szem\u00e9lyek alapvet\u0151 jogainak megs\u00e9rt\u00e9se miatt<\/td>\n                    <td style=\"\">h\u00edr, besz\u00e1mol\u00f3, r\u00f6vid cikk<\/td>\n                    <td style=\"\"><a href='https:\/\/ec.europa.eu\/commission\/presscorner\/detail\/hu\/ip_21_3668' rel=' nofollow ' target='_blank'>https:\/\/ec.europa.eu\/commission\/presscorner\/detail\/hu\/ip_21_3668<\/a><\/td>\n                    <td style=\"\">semleges<\/td>\n                    <td style=\"\"><\/td>\n                    <td style=\"\">igen<\/td>\n                    <td style=\"\">angol<\/td>\n                    <td style=\"\"><\/td>\n            <\/tr>\n            <tr id=\"table_2_row_719\">\n                    <td style=\"\">2021.07.15<\/td>\n                    <td style=\"\"><a href='https:\/\/444.hu\/' rel=' nofollow ' target='_blank'>https:\/\/444.hu\/<\/a><\/td>\n                    <td style=\"\">M\u00e9sz\u00e1ros Juli<\/td>\n                    <td style=\"\">Jogs\u00e9rt\u00e9si elj\u00e1r\u00e1s indult Magyarorsz\u00e1ggal szemben a homof\u00f3b m\u00f3dos\u00edt\u00f3kkal tele\u00edrt pedofilt\u00f6rv\u00e9ny miatt<\/td>\n                    <td style=\"\">h\u00edr, besz\u00e1mol\u00f3, r\u00f6vid cikk<\/td>\n                    <td style=\"\"><a href='https:\/\/444.hu\/2021\/07\/15\/jogsertesi-eljaras-indult-magyarorszaggal-szemben-a-homofob-modositokkal-teleirt-pedofiltorveny-miatt' rel=' nofollow ' target='_blank'>https:\/\/444.hu\/2021\/07\/15\/jogsertesi-eljaras-indult-magyarorszaggal-szemben-a-homofob-modositokkal-teleirt-pedofiltorveny-miatt<\/a><\/td>\n                    <td style=\"\">semleges<\/td>\n                    <td style=\"\"><\/td>\n                    <td style=\"\"><\/td>\n                    <td style=\"\"><\/td>\n                    <td style=\"\">Az EU \u00e1ll\u00e1sfoglal\u00e1sa a pedofil t\u00f6rv\u00e9nyr\u0151l<\/td>\n            <\/tr>\n            <tr id=\"table_2_row_720\">\n                    <td style=\"\">2021.07.20<\/td>\n                    <td style=\"\"><a href='https:\/\/www.sn.at\/' rel=' nofollow ' target='_blank'>https:\/\/www.sn.at\/<\/a><\/td>\n                    <td style=\"\">Gudrun Doringer<\/td>\n                    <td style=\"\">H\u00e4ndchen halten oder nicht? Wie es ist, in Ungarn schwul zu sein<\/td>\n                    <td style=\"\">interj\u00fa<\/td>\n                    <td style=\"\"><a href='https:\/\/www.sn.at\/politik\/weltpolitik\/haendchen-halten-oder-nicht-wie-es-ist-in-ungarn-schwul-zu-sein-106860538' rel=' nofollow ' target='_blank'>https:\/\/www.sn.at\/politik\/weltpolitik\/haendchen-halten-oder-nicht-wie-es-ist-in-ungarn-schwul-zu-sein-106860538<\/a><\/td>\n                    <td style=\"\">pozit\u00edv<\/td>\n                    <td style=\"\"><\/td>\n                    <td style=\"\">igen<\/td>\n                    <td style=\"\">n\u00e9met<\/td>\n                    <td style=\"\">Interj\u00fa Nagy M. Boldizs\u00e1rral<\/td>\n            <\/tr>\n            <tr id=\"table_2_row_721\">\n                    <td style=\"\">2021.07.21<\/td>\n                    <td style=\"\"><a href='https:\/\/www.etc.se\/' rel=' nofollow ' target='_blank'>https:\/\/www.etc.se\/<\/a><\/td>\n                    <td style=\"\">Adolfo Diaz<\/td>\n                    <td style=\"\">Flyr Ungern \u2013 men \u00e4r hoppfull om framtiden<\/td>\n                    <td style=\"\">interj\u00fa<\/td>\n                    <td style=\"\"><a href='https:\/\/www.etc.se\/kultur-noje\/han-flyr-men-ar-hoppfull-om-framtiden' rel=' nofollow ' target='_blank'>https:\/\/www.etc.se\/kultur-noje\/han-flyr-men-ar-hoppfull-om-framtiden<\/a><\/td>\n                    <td style=\"\">pozit\u00edv<\/td>\n                    <td style=\"\"><\/td>\n                    <td style=\"\">igen<\/td>\n                    <td style=\"\">sv\u00e9d<\/td>\n                    <td style=\"\">Interj\u00fa Nagy M. Boldizs\u00e1rral<\/td>\n            <\/tr>\n            <tr id=\"table_2_row_722\">\n                    <td style=\"\">2021.07.22<\/td>\n                    <td style=\"\"><a href='https:\/\/www.dw.com\/' rel=' nofollow ' target='_blank'>https:\/\/www.dw.com\/<\/a><\/td>\n                    <td style=\"\">Felix Schlagwein<\/td>\n                    <td style=\"\">Hungary's LGBTQ community: 'We are afraid of losing everything'<\/td>\n                    <td style=\"\">publicisztika<\/td>\n                    <td style=\"\"><a href='https:\/\/www.dw.com\/en\/hungarys-lgbtq-community-we-are-afraid-of-losing-everything\/a-58587007' rel=' nofollow ' target='_blank'>https:\/\/www.dw.com\/en\/hungarys-lgbtq-community-we-are-afraid-of-losing-everything\/a-58587007<\/a><\/td>\n                    <td style=\"\">pozit\u00edv<\/td>\n                    <td style=\"\"><\/td>\n                    <td style=\"\">igen<\/td>\n                    <td style=\"\">angol<\/td>\n                    <td style=\"\"><\/td>\n            <\/tr>\n            <tr id=\"table_2_row_723\">\n                    <td style=\"\">2021.07.22<\/td>\n                    <td style=\"\"><a href='https:\/\/news.sky.com\/' rel=' nofollow ' target='_blank'>https:\/\/news.sky.com\/<\/a><\/td>\n                    <td style=\"\">Dermot Murnaghan<\/td>\n                    <td style=\"\">Can homophobic policies win elections?<\/td>\n                    <td style=\"\">interj\u00fa<\/td>\n                    <td style=\"\"><a href='https:\/\/news.sky.com\/story\/can-homophobic-policies-win-elections-12360637' rel=' nofollow ' target='_blank'>https:\/\/news.sky.com\/story\/can-homophobic-policies-win-elections-12360637<\/a><\/td>\n                    <td style=\"\">pozit\u00edv<\/td>\n                    <td style=\"\"><\/td>\n                    <td style=\"\">igen<\/td>\n                    <td style=\"\">angol<\/td>\n                    <td style=\"\">Podcast, benne Nagy M. Boldizs\u00e1r<\/td>\n            <\/tr>\n            <tr id=\"table_2_row_724\">\n                    <td style=\"\">2021.07.23<\/td>\n                    <td style=\"\"><a href='https:\/\/www.bloomberg.com\/' rel=' nofollow ' target='_blank'>https:\/\/www.bloomberg.com\/<\/a><\/td>\n                    <td style=\"\">Veronika Gulyas, Flavia Krause-Jackson, Zoltan Simon<\/td>\n                    <td style=\"\">How LGBTQ Rights Forced Hungary Into a Moment of Reckoning<\/td>\n                    <td style=\"\">publicisztika<\/td>\n                    <td style=\"\"><a href='https:\/\/www.bloomberg.com\/news\/features\/2021-07-23\/lgbtq-rights-force-hungary-into-moment-of-reckoning-at-pride-march' rel=' nofollow ' target='_blank'>https:\/\/www.bloomberg.com\/news\/features\/2021-07-23\/lgbtq-rights-force-hungary-into-moment-of-reckoning-at-pride-march<\/a><\/td>\n                    <td style=\"\">pozit\u00edv<\/td>\n                    <td style=\"\"><\/td>\n                    <td style=\"\">igen<\/td>\n                    <td style=\"\">angol<\/td>\n                    <td style=\"\"><\/td>\n            <\/tr>\n            <tr id=\"table_2_row_725\">\n                    <td style=\"\">2021.07.23<\/td>\n                    <td style=\"\"><a href='https:\/\/444.hu\/' rel=' nofollow ' target='_blank'>https:\/\/444.hu\/<\/a><\/td>\n                    <td style=\"\">Botos Tam\u00e1s<\/td>\n                    <td style=\"\">Orb\u00e1n: Ismerem azokat a mesek\u00f6nyveket, amikben a herceg megmenti a kir\u00e1lyfit<\/td>\n                    <td style=\"\">h\u00edr, besz\u00e1mol\u00f3, r\u00f6vid cikk<\/td>\n                    <td style=\"\"><a href='https:\/\/444.hu\/2021\/07\/23\/orban-ismerem-azokat-a-mesekonyveket-amikben-a-herceg-megmenti-a-kiralyfit' rel=' nofollow ' target='_blank'>https:\/\/444.hu\/2021\/07\/23\/orban-ismerem-azokat-a-mesekonyveket-amikben-a-herceg-megmenti-a-kiralyfit<\/a><\/td>\n                    <td style=\"\">semleges<\/td>\n                    <td style=\"\"><\/td>\n                    <td style=\"\"><\/td>\n                    <td style=\"\"><\/td>\n                    <td style=\"\"><\/td>\n            <\/tr>\n            <tr id=\"table_2_row_726\">\n                    <td style=\"\">2021.07.23<\/td>\n                    <td style=\"\"><a href='https:\/\/www.livreshebdo.fr\/' rel=' nofollow ' target='_blank'>https:\/\/www.livreshebdo.fr\/<\/a><\/td>\n                    <td style=\"\">Dahlia Girgis<\/td>\n                    <td style=\"\">Hongrie : \"Des chefs-d'\u0153uvre de la litt\u00e9rature mondiale et hongroise peuvent \u00eatre interdits\"<\/td>\n                    <td style=\"\">h\u00edr, besz\u00e1mol\u00f3, r\u00f6vid cikk<\/td>\n                    <td style=\"\"><a href='https:\/\/www.livreshebdo.fr\/article\/hongrie-des-chefs-doeuvre-de-la-litterature-mondiale-et-hongroise-peuvent-etre-interdits' rel=' nofollow ' target='_blank'>https:\/\/www.livreshebdo.fr\/article\/hongrie-des-chefs-doeuvre-de-la-litterature-mondiale-et-hongroise-peuvent-etre-interdits<\/a><\/td>\n                    <td style=\"\">pozit\u00edv<\/td>\n                    <td style=\"\"><\/td>\n                    <td style=\"\">igen<\/td>\n                    <td style=\"\">francia<\/td>\n                    <td style=\"\"><\/td>\n            <\/tr>\n            <tr id=\"table_2_row_727\">\n                    <td style=\"\">2021.07.23<\/td>\n                    <td style=\"\"><a href='https:\/\/enbudapestem.hu\/' rel=' nofollow ' target='_blank'>https:\/\/enbudapestem.hu\/<\/a><\/td>\n                    <td style=\"\">Veress D\u00f3ra, Gell\u00e9rt G\u00e1bor<\/td>\n                    <td style=\"\">Most musz\u00e1j kimenni saj\u00e1t magunk\u00e9rt\u2026<\/td>\n                    <td style=\"\">interj\u00fa<\/td>\n                    <td style=\"\"><a href='https:\/\/enbudapestem.hu\/2021\/07\/most-muszaj-kimenni-sajat-magunkert\/' rel=' nofollow ' target='_blank'>https:\/\/enbudapestem.hu\/2021\/07\/most-muszaj-kimenni-sajat-magunkert\/<\/a><\/td>\n                    <td style=\"\">pozit\u00edv<\/td>\n                    <td style=\"\"><\/td>\n                    <td style=\"\"><\/td>\n                    <td style=\"\"><\/td>\n                    <td style=\"\">Podcast, m\u00e1sodik fel\u00e9ben interj\u00fa Borgos Ann\u00e1val<\/td>\n            <\/tr>\n            <tr id=\"table_2_row_728\">\n                    <td style=\"\">2021.07.24<\/td>\n                    <td style=\"\"><a href='https:\/\/magyarnemzet.hu\/' rel=' nofollow ' target='_blank'>https:\/\/magyarnemzet.hu\/<\/a><\/td>\n                    <td style=\"\">Nagy Orsolya<\/td>\n                    <td style=\"\">Elmarad a gyermekek Pride-ja<\/td>\n                    <td style=\"\">h\u00edr, besz\u00e1mol\u00f3, r\u00f6vid cikk<\/td>\n                    <td style=\"\"><a href='https:\/\/magyarnemzet.hu\/belfold\/elmarad-a-gyermekek-pride-ja-10120499\/' rel=' nofollow ' target='_blank'>https:\/\/magyarnemzet.hu\/belfold\/elmarad-a-gyermekek-pride-ja-10120499\/<\/a><\/td>\n                    <td style=\"\">negat\u00edv<\/td>\n                    <td style=\"\"><\/td>\n                    <td style=\"\"><\/td>\n                    <td style=\"\"><\/td>\n                    <td style=\"\"><\/td>\n            <\/tr>\n            <tr id=\"table_2_row_729\">\n                    <td style=\"\">2021.07.24<\/td>\n                    <td style=\"\"><a href='https:\/\/magyarnemzet.hu\/' rel=' nofollow ' target='_blank'>https:\/\/magyarnemzet.hu\/<\/a><\/td>\n                    <td style=\"\">Nagy Orsolya<\/td>\n                    <td style=\"\">Az iskol\u00e1kban tart \u00e9rz\u00e9keny\u00edt\u0151 el\u0151ad\u00e1sokat az LMBTQ-szervezet<\/td>\n                    <td style=\"\">h\u00edr, besz\u00e1mol\u00f3, r\u00f6vid cikk<\/td>\n                    <td style=\"\"><a href='https:\/\/magyarnemzet.hu\/belfold\/az-iskolakban-tart-erzekenyito-eloadasokat-az-lmbtq-szervezet-10122965\/' rel=' nofollow ' target='_blank'>https:\/\/magyarnemzet.hu\/belfold\/az-iskolakban-tart-erzekenyito-eloadasokat-az-lmbtq-szervezet-10122965\/<\/a><\/td>\n                    <td style=\"\">negat\u00edv<\/td>\n                    <td style=\"\"><\/td>\n                    <td style=\"\"><\/td>\n                    <td style=\"\"><\/td>\n                    <td style=\"\"><\/td>\n            <\/tr>\n            <tr id=\"table_2_row_730\">\n                    <td style=\"\">2021.07.24<\/td>\n                    <td style=\"\"><a href='https:\/\/www.facebook.com\/' rel=' nofollow ' target='_blank'>https:\/\/www.facebook.com\/<\/a><\/td>\n                    <td style=\"\">Kov\u00e1cs Brigitta Efi<\/td>\n                    <td style=\"\">Kov\u00e1cs Brigitta Efi oldala<\/td>\n                    <td style=\"\">fb-poszt<\/td>\n                    <td style=\"\"><a href='https:\/\/www.facebook.com\/kovacsbrigittaefi\/photos\/pcb.1072497636614026\/1072497566614033\/' rel=' nofollow ' target='_blank'>https:\/\/www.facebook.com\/kovacsbrigittaefi\/photos\/pcb.1072497636614026\/1072497566614033\/<\/a><\/td>\n                    <td style=\"\">pozit\u00edv<\/td>\n                    <td style=\"\">fb<\/td>\n                    <td style=\"\"><\/td>\n                    <td style=\"\"><\/td>\n                    <td style=\"\"><\/td>\n            <\/tr>\n            <tr id=\"table_2_row_731\">\n                    <td style=\"\">2021.07.24<\/td>\n                    <td style=\"\"><a href='https:\/\/www.klubradio.hu\/' rel=' nofollow ' target='_blank'>https:\/\/www.klubradio.hu\/<\/a><\/td>\n                    <td style=\"\">Klubr\u00e1di\u00f3<\/td>\n                    <td style=\"\">Nagy Boldizs\u00e1r \u00edr\u00f3 elhagyja Magyarorsz\u00e1got, mert munk\u00e1i miatt fenyeget\u00e9seket kapott<\/td>\n                    <td style=\"\">r\u00e1di\u00f3<\/td>\n                    <td style=\"\"><a href='https:\/\/www.klubradio.hu\/archivum\/klubdelelott-2021-julius-24-szombat-0900-18796' rel=' nofollow ' target='_blank'>https:\/\/www.klubradio.hu\/archivum\/klubdelelott-2021-julius-24-szombat-0900-18796<\/a><\/td>\n                    <td style=\"\">pozit\u00edv<\/td>\n                    <td style=\"\"><\/td>\n                    <td style=\"\"><\/td>\n                    <td style=\"\"><\/td>\n                    <td style=\"\"><\/td>\n            <\/tr>\n            <tr id=\"table_2_row_732\">\n                    <td style=\"\">2021.07.26<\/td>\n                    <td style=\"\"><a href='https:\/\/luce.lanazione.it\/' rel=' nofollow ' target='_blank'>https:\/\/luce.lanazione.it\/<\/a><\/td>\n                    <td style=\"\">Sofia Francioni<\/td>\n                    <td style=\"\">Libro di fiabe messo all\u2019indice da Orban. L\u2019editore a Luce!: \u201cLe migliori coscienze unite per difendere il testo. Ma io voglio lasciare l\u2019Ungheria\u201d<\/td>\n                    <td style=\"\">publicisztika<\/td>\n                    <td style=\"\"><a href='https:\/\/luce.lanazione.it\/libro-di-fiabe-messo-allindice-da-orban-lautore-a-luce-le-migliori-coscienze-unite-per-difendere-il-testo-ma-io-voglio-lasciare-lungheria\/' rel=' nofollow ' target='_blank'>https:\/\/luce.lanazione.it\/libro-di-fiabe-messo-allindice-da-orban-lautore-a-luce-le-migliori-coscienze-unite-per-difendere-il-testo-ma-io-voglio-lasciare-lungheria\/<\/a><\/td>\n                    <td style=\"\">pozit\u00edv<\/td>\n                    <td style=\"\"><\/td>\n                    <td style=\"\">igen<\/td>\n                    <td style=\"\">olasz<\/td>\n                    <td style=\"\">Benne Nagy M. Boldizs\u00e1r<\/td>\n            <\/tr>\n            <tr id=\"table_2_row_733\">\n                    <td style=\"\">2021.08.04<\/td>\n                    <td style=\"\"><a href='https:\/\/hvg.hu\/' rel=' nofollow ' target='_blank'>https:\/\/hvg.hu\/<\/a><\/td>\n                    <td style=\"\"><\/td>\n                    <td style=\"\">T\u00f6bb eur\u00f3pai orsz\u00e1gban is kiadj\u00e1k a Meseorsz\u00e1g mindenki\u00e9t<\/td>\n                    <td style=\"\">h\u00edr, besz\u00e1mol\u00f3, r\u00f6vid cikk<\/td>\n                    <td style=\"\"><a href='https:\/\/hvg.hu\/elet\/20210804_meseorszag_mindenkie_konyvkiadas_konyv' rel=' nofollow ' target='_blank'>https:\/\/hvg.hu\/elet\/20210804_meseorszag_mindenkie_konyvkiadas_konyv<\/a><\/td>\n                    <td style=\"\">pozit\u00edv<\/td>\n                    <td style=\"\"><\/td>\n                    <td style=\"\"><\/td>\n                    <td style=\"\"><\/td>\n                    <td style=\"\"><\/td>\n            <\/tr>\n            <tr id=\"table_2_row_734\">\n                    <td style=\"\">2021.08.04<\/td>\n                    <td style=\"\"><a href='https:\/\/www.klubradio.hu\/' rel=' nofollow ' target='_blank'>https:\/\/www.klubradio.hu\/<\/a><\/td>\n                    <td style=\"\">Klubr\u00e1di\u00f3<\/td>\n                    <td style=\"\">Lengyel\u00fcl is kiadj\u00e1k a Meseorsz\u00e1g mindenki\u00e9t<\/td>\n                    <td style=\"\">h\u00edr, besz\u00e1mol\u00f3, r\u00f6vid cikk<\/td>\n                    <td style=\"\"><a href='https:\/\/www.klubradio.hu\/hirek\/lengyelul-is-kiadjak-a-meseorszag-mindenkiet-119942' rel=' nofollow ' target='_blank'>https:\/\/www.klubradio.hu\/hirek\/lengyelul-is-kiadjak-a-meseorszag-mindenkiet-119942<\/a><\/td>\n                    <td style=\"\">pozit\u00edv<\/td>\n                    <td style=\"\"><\/td>\n                    <td style=\"\"><\/td>\n                    <td style=\"\"><\/td>\n                    <td style=\"\"><\/td>\n            <\/tr>\n            <tr id=\"table_2_row_735\">\n                    <td style=\"\">2021.08.04<\/td>\n                    <td style=\"\"><a href='https:\/\/168.hu\/' rel=' nofollow ' target='_blank'>https:\/\/168.hu\/<\/a><\/td>\n                    <td style=\"\">Erdei R\u00f3bert Arnold<\/td>\n                    <td style=\"\">A vil\u00e1g egyik legnagyobb k\u00f6nyviad\u00f3ja vette meg a Meseorsz\u00e1g mindenki\u00e9t<\/td>\n                    <td style=\"\">h\u00edr, besz\u00e1mol\u00f3, r\u00f6vid cikk<\/td>\n                    <td style=\"\"><a href='https:\/\/168.hu\/itthon\/nemzetkozi-konyvkiado-meseorszag-mindenkie-labrisz-209732' rel=' nofollow ' target='_blank'>https:\/\/168.hu\/itthon\/nemzetkozi-konyvkiado-meseorszag-mindenkie-labrisz-209732<\/a><\/td>\n                    <td style=\"\">pozit\u00edv<\/td>\n                    <td style=\"\"><\/td>\n                    <td style=\"\"><\/td>\n                    <td style=\"\"><\/td>\n                    <td style=\"\"><\/td>\n            <\/tr>\n            <tr id=\"table_2_row_736\">\n                    <td style=\"\">2021.08.04<\/td>\n                    <td style=\"\"><a href='https:\/\/mandiner.hu\/' rel=' nofollow ' target='_blank'>https:\/\/mandiner.hu\/<\/a><\/td>\n                    <td style=\"\"><\/td>\n                    <td style=\"\">T\u00f6bb nyelven is kiadj\u00e1k a Meseorsz\u00e1g mindenki\u00e9 c\u00edm\u0171 k\u00f6nyvet<\/td>\n                    <td style=\"\">h\u00edr, besz\u00e1mol\u00f3, r\u00f6vid cikk<\/td>\n                    <td style=\"\"><a href='https:\/\/mandiner.hu\/cikk\/20210804_tobb_nyelven_is_kiadjak_a_meseorszag_mindenkie_konyvet' rel=' nofollow ' target='_blank'>https:\/\/mandiner.hu\/cikk\/20210804_tobb_nyelven_is_kiadjak_a_meseorszag_mindenkie_konyvet<\/a><\/td>\n                    <td style=\"\">semleges<\/td>\n                    <td style=\"\"><\/td>\n                    <td style=\"\"><\/td>\n                    <td style=\"\"><\/td>\n                    <td style=\"\"><\/td>\n            <\/tr>\n            <tr id=\"table_2_row_737\">\n                    <td style=\"\">2021.08.04<\/td>\n                    <td style=\"\"><a href='https:\/\/hang.hu\/' rel=' nofollow ' target='_blank'>https:\/\/hang.hu\/<\/a><\/td>\n                    <td style=\"\">Moln\u00e1r Csaba<\/td>\n                    <td style=\"\">A homof\u00f3b t\u00e1mad\u00e1sok ellen\u00e9re (vagy \u00e9pp az\u00e9rt) vil\u00e1gh\u00f3d\u00edt\u00f3 \u00fatra indul a Meseorsz\u00e1g mindenki\u00e9<\/td>\n                    <td style=\"\">h\u00edr, besz\u00e1mol\u00f3, r\u00f6vid cikk<\/td>\n                    <td style=\"\"><a href='https:\/\/hang.hu\/belfold\/a-homofob-tamadasok-ellenere-vagy-epp-azert-vilaghodito-utra-indul-a-meseorszag-mindenkie-128836' rel=' nofollow ' target='_blank'>https:\/\/hang.hu\/belfold\/a-homofob-tamadasok-ellenere-vagy-epp-azert-vilaghodito-utra-indul-a-meseorszag-mindenkie-128836<\/a><\/td>\n                    <td style=\"\">pozit\u00edv<\/td>\n                    <td style=\"\"><\/td>\n                    <td style=\"\"><\/td>\n                    <td style=\"\"><\/td>\n                    <td style=\"\"><\/td>\n            <\/tr>\n            <tr id=\"table_2_row_738\">\n                    <td style=\"\">2021.08.04<\/td>\n                    <td style=\"\"><a href='https:\/\/hajdupress.hu\/' rel=' nofollow ' target='_blank'>https:\/\/hajdupress.hu\/<\/a><\/td>\n                    <td style=\"\">Hut\u00f3czki-Orosz \u00c9va<\/td>\n                    <td style=\"\">Nemzetk\u00f6zi siker k\u00fcsz\u00f6b\u00e9n a Meseorsz\u00e1g mindenki\u00e9<\/td>\n                    <td style=\"\">h\u00edr, besz\u00e1mol\u00f3, r\u00f6vid cikk<\/td>\n                    <td style=\"\"><a href='https:\/\/hajdupress.hu\/cikk\/nemzetkozi-siker-kuszoben-a-meseorszag-mindenkie' rel=' nofollow ' target='_blank'>https:\/\/hajdupress.hu\/cikk\/nemzetkozi-siker-kuszoben-a-meseorszag-mindenkie<\/a><\/td>\n                    <td style=\"\">pozit\u00edv<\/td>\n                    <td style=\"\"><\/td>\n                    <td style=\"\"><\/td>\n                    <td style=\"\"><\/td>\n                    <td style=\"\"><\/td>\n            <\/tr>\n            <tr id=\"table_2_row_739\">\n                    <td style=\"\">2021.08.04<\/td>\n                    <td style=\"\"><a href='https:\/\/kuruc.info\/' rel=' nofollow ' target='_blank'>https:\/\/kuruc.info\/<\/a><\/td>\n                    <td style=\"\"><\/td>\n                    <td style=\"\">Buziorsz\u00e1g f\u00e9l Eur\u00f3p\u00e1\u00e9 (lesz) - a ballib sajt\u00f3 most b\u00fcszke lehet arra, hogy devi\u00e1nspropagand\u00e1t export\u00e1lunk<\/td>\n                    <td style=\"\">h\u00edr, besz\u00e1mol\u00f3, r\u00f6vid cikk<\/td>\n                    <td style=\"\"><a href='https:\/\/kuruc.info\/r\/2\/231895\/' rel=' nofollow ' target='_blank'>https:\/\/kuruc.info\/r\/2\/231895\/<\/a><\/td>\n                    <td style=\"\">negat\u00edv<\/td>\n                    <td style=\"\"><\/td>\n                    <td style=\"\"><\/td>\n                    <td style=\"\"><\/td>\n                    <td style=\"\"><\/td>\n            <\/tr>\n            <tr id=\"table_2_row_740\">\n                    <td style=\"\">2021.08.04<\/td>\n                    <td style=\"\"><a href='https:\/\/www.blikk.hu\/' rel=' nofollow ' target='_blank'>https:\/\/www.blikk.hu\/<\/a><\/td>\n                    <td style=\"\"><\/td>\n                    <td style=\"\">Eml\u00e9kszik m\u00e9g a k\u00f6nyvre, amit D\u00far\u00f3 D\u00f3ra tavaly ledar\u00e1lt? Most t\u00f6bb orsz\u00e1gban is kiadj\u00e1k a Meseorsz\u00e1g mindenki\u00e9 antol\u00f3gi\u00e1t<\/td>\n                    <td style=\"\">h\u00edr, besz\u00e1mol\u00f3, r\u00f6vid cikk<\/td>\n                    <td style=\"\"><a href='https:\/\/www.blikk.hu\/aktualis\/belfold\/meseorszag-mindenkie-konyvdaralas-duro-dora-europai-kiadasok\/6ycme04' rel=' nofollow ' target='_blank'>https:\/\/www.blikk.hu\/aktualis\/belfold\/meseorszag-mindenkie-konyvdaralas-duro-dora-europai-kiadasok\/6ycme04<\/a><\/td>\n                    <td style=\"\">semleges<\/td>\n                    <td style=\"\"><\/td>\n                    <td style=\"\"><\/td>\n                    <td style=\"\"><\/td>\n                    <td style=\"\"><\/td>\n            <\/tr>\n            <tr id=\"table_2_row_741\">\n                    <td style=\"\">2021.08.04<\/td>\n                    <td style=\"\"><a href='https:\/\/media1.hu\/' rel=' nofollow ' target='_blank'>https:\/\/media1.hu\/<\/a><\/td>\n                    <td style=\"\">Horv\u00e1th \u00c1d\u00e1m Tam\u00e1s<\/td>\n                    <td style=\"\">T\u00f6bb nyelvre is leford\u00edtj\u00e1k \u00e9s sz\u00e1mos eur\u00f3pai orsz\u00e1gban kiadj\u00e1k a Meseorsz\u00e1g mindenki\u00e9 c\u00edm\u0171 mesek\u00f6nyvet<\/td>\n                    <td style=\"\">h\u00edr, besz\u00e1mol\u00f3, r\u00f6vid cikk<\/td>\n                    <td style=\"\"><a href='https:\/\/media1.hu\/2021\/08\/04\/meseorszag-mindenkie-europai-orszagokban-kiadjak-leforditjak\/' rel=' nofollow ' target='_blank'>https:\/\/media1.hu\/2021\/08\/04\/meseorszag-mindenkie-europai-orszagokban-kiadjak-leforditjak\/<\/a><\/td>\n                    <td style=\"\">semleges<\/td>\n                    <td style=\"\"><\/td>\n                    <td style=\"\"><\/td>\n                    <td style=\"\"><\/td>\n                    <td style=\"\"><\/td>\n            <\/tr>\n            <tr id=\"table_2_row_742\">\n                    <td style=\"\">2021.08.04<\/td>\n                    <td style=\"\"><a href='https:\/\/www.hirstart.hu\/' rel=' nofollow ' target='_blank'>https:\/\/www.hirstart.hu\/<\/a><\/td>\n                    <td style=\"\"><\/td>\n                    <td style=\"\">Ford\u00edtva s\u00fclt el a k\u00f6nyvdar\u00e1l\u00e1s: t\u00f6bb eur\u00f3pai orsz\u00e1gban kiadj\u00e1k a Meseorsz\u00e1g mindenki\u00e9t<\/td>\n                    <td style=\"\">h\u00edr, besz\u00e1mol\u00f3, r\u00f6vid cikk<\/td>\n                    <td style=\"\"><a href='https:\/\/www.hirstart.hu\/hk\/20210804_tobb_europai_orszagban_is_kiadjak_a_meseorszag_mindenkiet' rel=' nofollow ' target='_blank'>https:\/\/www.hirstart.hu\/hk\/20210804_tobb_europai_orszagban_is_kiadjak_a_meseorszag_mindenkiet<\/a><\/td>\n                    <td style=\"\">pozit\u00edv<\/td>\n                    <td style=\"\"><\/td>\n                    <td style=\"\"><\/td>\n                    <td style=\"\"><\/td>\n                    <td style=\"\"><\/td>\n            <\/tr>\n            <tr id=\"table_2_row_743\">\n                    <td style=\"\">2021.08.04<\/td>\n                    <td style=\"\"><a href='https:\/\/konyvesmagazin.hu\/' rel=' nofollow ' target='_blank'>https:\/\/konyvesmagazin.hu\/<\/a><\/td>\n                    <td style=\"\">sa<\/td>\n                    <td style=\"\">Eur\u00f3pai turn\u00e9ra indul a Meseorsz\u00e1g mindenki\u00e9, hat nyelven m\u00e1r biztos megjelenik<\/td>\n                    <td style=\"\">h\u00edr, besz\u00e1mol\u00f3, r\u00f6vid cikk<\/td>\n                    <td style=\"\"><a href='https:\/\/konyvesmagazin.hu\/friss\/meseorszag_mindenkie_kulfoldi_kiadas.html' rel=' nofollow ' target='_blank'>https:\/\/konyvesmagazin.hu\/friss\/meseorszag_mindenkie_kulfoldi_kiadas.html<\/a><\/td>\n                    <td style=\"\">pozit\u00edv<\/td>\n                    <td style=\"\"><\/td>\n                    <td style=\"\"><\/td>\n                    <td style=\"\"><\/td>\n                    <td style=\"\"><\/td>\n            <\/tr>\n            <tr id=\"table_2_row_744\">\n                    <td style=\"\">2021.08.04<\/td>\n                    <td style=\"\"><a href='https:\/\/magyarnarancs.hu\/' rel=' nofollow ' target='_blank'>https:\/\/magyarnarancs.hu\/<\/a><\/td>\n                    <td style=\"\"><\/td>\n                    <td style=\"\">T\u00f6bb nyelven is megjelenik a Meseorsz\u00e1g mindenki\u00e9 c\u00edm\u0171 k\u00f6nyv<\/td>\n                    <td style=\"\">h\u00edr, besz\u00e1mol\u00f3, r\u00f6vid cikk<\/td>\n                    <td style=\"\"><a href='https:\/\/magyarnarancs.hu\/sorkoz\/tobb-nyelven-is-megjelenik-a-meseorszag-mindenkie-konyv-240688' rel=' nofollow ' target='_blank'>https:\/\/magyarnarancs.hu\/sorkoz\/tobb-nyelven-is-megjelenik-a-meseorszag-mindenkie-konyv-240688<\/a><\/td>\n                    <td style=\"\">pozit\u00edv<\/td>\n                    <td style=\"\"><\/td>\n                    <td style=\"\"><\/td>\n                    <td style=\"\"><\/td>\n                    <td style=\"\"><\/td>\n            <\/tr>\n            <tr id=\"table_2_row_745\">\n                    <td style=\"\">2021.08.05<\/td>\n                    <td style=\"\"><a href='https:\/\/alfahir.hu\/' rel=' nofollow ' target='_blank'>https:\/\/alfahir.hu\/<\/a><\/td>\n                    <td style=\"\">K\u00f6ller Krist\u00f3f<\/td>\n                    <td style=\"\">Visszanyalt a korm\u00e1ny fagyija: a Meseorsz\u00e1g mindenki\u00e9 jogait megvette a vil\u00e1g egyik legnagyobb k\u00f6nyvkiad\u00f3ja<\/td>\n                    <td style=\"\">h\u00edr, besz\u00e1mol\u00f3, r\u00f6vid cikk<\/td>\n                    <td style=\"\"><a href='https:\/\/alfahir.hu\/2021\/08\/05\/meseorszag_mindenkie_nagy_m_boldizsar_duro_dora_kiadok_jogok_felvasarlasa_europai' rel=' nofollow ' target='_blank'>https:\/\/alfahir.hu\/2021\/08\/05\/meseorszag_mindenkie_nagy_m_boldizsar_duro_dora_kiadok_jogok_felvasarlasa_europai<\/a><\/td>\n                    <td style=\"\">pozit\u00edv<\/td>\n                    <td style=\"\"><\/td>\n                    <td style=\"\"><\/td>\n                    <td style=\"\"><\/td>\n                    <td style=\"\"><\/td>\n            <\/tr>\n            <tr id=\"table_2_row_746\">\n                    <td style=\"\">2021.08.06<\/td>\n                    <td style=\"\"><a href='https:\/\/www.publishersweekly.com\/' rel=' nofollow ' target='_blank'>https:\/\/www.publishersweekly.com\/<\/a><\/td>\n                    <td style=\"\">Ed Nawotka<\/td>\n                    <td style=\"\">Censorship on the Rise Worldwide<\/td>\n                    <td style=\"\">publicisztika<\/td>\n                    <td style=\"\"><a href='https:\/\/www.publishersweekly.com\/pw\/by-topic\/industry-news\/publisher-news\/article\/87097-censorship-on-the-rise-worldwide.html' rel=' nofollow ' target='_blank'>https:\/\/www.publishersweekly.com\/pw\/by-topic\/industry-news\/publisher-news\/article\/87097-censorship-on-the-rise-worldwide.html<\/a><\/td>\n                    <td style=\"\">pozit\u00edv<\/td>\n                    <td style=\"\"><\/td>\n                    <td style=\"\">igen<\/td>\n                    <td style=\"\">angol<\/td>\n                    <td style=\"\"><\/td>\n            <\/tr>\n            <tr id=\"table_2_row_747\">\n                    <td style=\"\">2021.08.06<\/td>\n                    <td style=\"\"><a href='https:\/\/www.pbs.org\/' rel=' nofollow ' target='_blank'>https:\/\/www.pbs.org\/<\/a><\/td>\n                    <td style=\"\">Lucy Hough, Ali Rogin<\/td>\n                    <td style=\"\">Hungary\u2019s crackdown on its LGBTQ community prompts condemnation from European leaders<\/td>\n                    <td style=\"\">vide\u00f3<\/td>\n                    <td style=\"\"><a href='https:\/\/www.pbs.org\/newshour\/show\/hungarys-crackdown-on-its-lgbtq-community-prompts-condemnation-from-european-leaders' rel=' nofollow ' target='_blank'>https:\/\/www.pbs.org\/newshour\/show\/hungarys-crackdown-on-its-lgbtq-community-prompts-condemnation-from-european-leaders<\/a><\/td>\n                    <td style=\"\">pozit\u00edv<\/td>\n                    <td style=\"\"><\/td>\n                    <td style=\"\">igen<\/td>\n                    <td style=\"\">angol<\/td>\n                    <td style=\"\">Benne Nagy M. Boldizs\u00e1r<\/td>\n            <\/tr>\n            <tr id=\"table_2_row_748\">\n                    <td style=\"\">2021.08.06<\/td>\n                    <td style=\"\"><a href='https:\/\/refresher.sk\/' rel=' nofollow ' target='_blank'>https:\/\/refresher.sk\/<\/a><\/td>\n                    <td style=\"\">Richard Bonde<\/td>\n                    <td style=\"\">Ma\u010farsk\u00e1 kniha s homosexu\u00e1lnym princom a v\u00edlami lesbi\u010dkami vyjde aj na Slovensku. Viktora Orb\u00e1na pob\u00farila, zmenil pre \u0148u \u00fastavu<\/td>\n                    <td style=\"\">hir r\u00f6vid cikk<\/td>\n                    <td style=\"\"><a href='https:\/\/refresher.sk\/101661-Madarska-kniha-s-homosexualnym-princom-a-vilami-lesbickami-vyjde-aj-na-Slovensku-Viktora-Orbana-poburila-zmenil-pre-nu-ustavu' rel=' nofollow ' target='_blank'>https:\/\/refresher.sk\/101661-Madarska-kniha-s-homosexualnym-princom-a-vilami-lesbickami-vyjde-aj-na-Slovensku-Viktora-Orbana-poburila-zmenil-pre-nu-ustavu<\/a><\/td>\n                    <td style=\"\">semleges<\/td>\n                    <td style=\"\"><\/td>\n                    <td style=\"\">igen<\/td>\n                    <td style=\"\">szlov\u00e1k<\/td>\n                    <td style=\"\">A szlov\u00e1k kiaad\u00e1sr\u00f3l<\/td>\n            <\/tr>\n            <tr id=\"table_2_row_749\">\n                    <td style=\"\">2021.08.07<\/td>\n                    <td style=\"\"><a href='https:\/\/www.facebook.com\/' rel=' nofollow ' target='_blank'>https:\/\/www.facebook.com\/<\/a><\/td>\n                    <td style=\"\">\u00cdr\u00f3k Boltja<\/td>\n                    <td style=\"\">Az \u00cdr\u00f3k Boltja 2021. j\u00faliusi toplist\u00e1ja<\/td>\n                    <td style=\"\">FB-poszt<\/td>\n                    <td style=\"\"><a href='https:\/\/www.facebook.com\/irokboltja\/posts\/4827472507282699' rel=' nofollow ' target='_blank'>https:\/\/www.facebook.com\/irokboltja\/posts\/4827472507282699<\/a><\/td>\n                    <td style=\"\">semleges<\/td>\n                    <td style=\"\">fb<\/td>\n                    <td style=\"\"><\/td>\n                    <td style=\"\"><\/td>\n                    <td style=\"\">\u00cdr\u00f3k Boltja 2021. j\u00faliusi sikerlista<\/td>\n            <\/tr>\n            <tr id=\"table_2_row_750\">\n                    <td style=\"\">2021.08.09<\/td>\n                    <td style=\"\"><a href='https:\/\/konyvesmagazin.hu\/' rel=' nofollow ' target='_blank'>https:\/\/konyvesmagazin.hu\/<\/a><\/td>\n                    <td style=\"\">sa<\/td>\n                    <td style=\"\">Magyarorsz\u00e1g is p\u00e9lda a cenz\u00fara vil\u00e1gszint\u0171 n\u00f6veked\u00e9s\u00e9re<\/td>\n                    <td style=\"\">h\u00edr, besz\u00e1mol\u00f3, r\u00f6vid cikk<\/td>\n                    <td style=\"\"><a href='https:\/\/konyvesmagazin.hu\/friss\/cenzura_magyarorszag_konyvkiadas.html' rel=' nofollow ' target='_blank'>https:\/\/konyvesmagazin.hu\/friss\/cenzura_magyarorszag_konyvkiadas.html<\/a><\/td>\n                    <td style=\"\">pozit\u00edv<\/td>\n                    <td style=\"\"><\/td>\n                    <td style=\"\"><\/td>\n                    <td style=\"\"><\/td>\n                    <td style=\"\"><\/td>\n            <\/tr>\n            <tr id=\"table_2_row_751\">\n                    <td style=\"\">2021.08.09<\/td>\n                    <td style=\"\"><a href='https:\/\/www.livreshebdo.fr\/' rel=' nofollow ' target='_blank'>https:\/\/www.livreshebdo.fr\/<\/a><\/td>\n                    <td style=\"\">C\u00e9cilia Lacour<\/td>\n                    <td style=\"\">Hongrie : censure plus s\u00e9v\u00e8re pour les livres jeunesse LGBTQIA+<\/td>\n                    <td style=\"\">h\u00edr, besz\u00e1mol\u00f3, r\u00f6vid cikk<\/td>\n                    <td style=\"\"><a href='https:\/\/www.livreshebdo.fr\/article\/hongrie-censure-plus-severe-pour-les-livres-jeunesse-lgbtqia' rel=' nofollow ' target='_blank'>https:\/\/www.livreshebdo.fr\/article\/hongrie-censure-plus-severe-pour-les-livres-jeunesse-lgbtqia<\/a><\/td>\n                    <td style=\"\">pozit\u00edv<\/td>\n                    <td style=\"\"><\/td>\n                    <td style=\"\">igen<\/td>\n                    <td style=\"\">francia<\/td>\n                    <td style=\"\"><\/td>\n            <\/tr>\n            <tr id=\"table_2_row_752\">\n                    <td style=\"\">2021.08.10<\/td>\n                    <td style=\"\"><a href='https:\/\/telex.hu\/' rel=' nofollow ' target='_blank'>https:\/\/telex.hu\/<\/a><\/td>\n                    <td style=\"\">El\u0151d Fruzsina<\/td>\n                    <td style=\"\">F\u00f3li\u00e1zni k\u00e9ne a vil\u00e1girodalom egy r\u00e9sz\u00e9t? \u00c9rtelmezhetetlen, mit v\u00e1r el a keresked\u0151kt\u0151l a melegellenes t\u00f6rv\u00e9ny?<\/td>\n                    <td style=\"\">h\u00edr, besz\u00e1mol\u00f3, r\u00f6vid cikk<\/td>\n                    <td style=\"\"><a href='https:\/\/telex.hu\/belfold\/2021\/08\/10\/melegellenes-torveny-vegrehajtasi-rendelet-konyvesboltok' rel=' nofollow ' target='_blank'>https:\/\/telex.hu\/belfold\/2021\/08\/10\/melegellenes-torveny-vegrehajtasi-rendelet-konyvesboltok<\/a><\/td>\n                    <td style=\"\">pozit\u00edv<\/td>\n                    <td style=\"\"><\/td>\n                    <td style=\"\"><\/td>\n                    <td style=\"\"><\/td>\n                    <td style=\"\"><\/td>\n            <\/tr>\n            <tr id=\"table_2_row_753\">\n                    <td style=\"\">2021.08.10<\/td>\n                    <td style=\"\"><a href='https:\/\/www.coc.nl\/' rel=' nofollow ' target='_blank'>https:\/\/www.coc.nl\/<\/a><\/td>\n                    <td style=\"\"><\/td>\n                    <td style=\"\">Sprookjesland is van iedereen!<\/td>\n                    <td style=\"\">h\u00edr, besz\u00e1mol\u00f3, r\u00f6vid cikk<\/td>\n                    <td style=\"\"><a href='https:\/\/www.coc.nl\/algemeen\/sprookjesland-is-van-iedereen' rel=' nofollow ' target='_blank'>https:\/\/www.coc.nl\/algemeen\/sprookjesland-is-van-iedereen<\/a><\/td>\n                    <td style=\"\">pozit\u00edv<\/td>\n                    <td style=\"\"><\/td>\n                    <td style=\"\">igen<\/td>\n                    <td style=\"\">holland<\/td>\n                    <td style=\"\"><\/td>\n            <\/tr>\n            <tr id=\"table_2_row_754\">\n                    <td style=\"\">2021.08.25<\/td>\n                    <td style=\"\"><a href='https:\/\/www.ifla.org\/' rel=' nofollow ' target='_blank'>https:\/\/www.ifla.org\/<\/a><\/td>\n                    <td style=\"\">Gerald Leitner<\/td>\n                    <td style=\"\">Information without Discrimination: IFLA Statement on Hungarian laws on LGBTQ+ content<\/td>\n                    <td style=\"\">nyilatkozat<\/td>\n                    <td style=\"\"><a href='https:\/\/www.ifla.org\/news\/information-without-discrimination-ifla-statement-on-hungarian-laws-on-lgbtq-content\/' rel=' nofollow ' target='_blank'>https:\/\/www.ifla.org\/news\/information-without-discrimination-ifla-statement-on-hungarian-laws-on-lgbtq-content\/<\/a><\/td>\n                    <td style=\"\">pozit\u00edv<\/td>\n                    <td style=\"\"><\/td>\n                    <td style=\"\">igen<\/td>\n                    <td style=\"\">angol<\/td>\n                    <td style=\"\"><\/td>\n            <\/tr>\n            <tr id=\"table_2_row_755\">\n                    <td style=\"\">2021.08.28<\/td>\n                    <td style=\"\"><a href='https:\/\/litera.hu\/' rel=' nofollow ' target='_blank'>https:\/\/litera.hu\/<\/a><\/td>\n                    <td style=\"\"><\/td>\n                    <td style=\"\">A k\u00f6nyvek \u00edgy vagy \u00fagy, de eljutnak az emberekhez<\/td>\n                    <td style=\"\">h\u00edr, besz\u00e1mol\u00f3, r\u00f6vid cikk<\/td>\n                    <td style=\"\"><a href='https:\/\/litera.hu\/magazin\/tudositas\/a-konyvek-igy-vagy-ugy-de-eljutnak-az-emberekhez.html' rel=' nofollow ' target='_blank'>https:\/\/litera.hu\/magazin\/tudositas\/a-konyvek-igy-vagy-ugy-de-eljutnak-az-emberekhez.html<\/a><\/td>\n                    <td style=\"\">pozit\u00edv<\/td>\n                    <td style=\"\"><\/td>\n                    <td style=\"\"><\/td>\n                    <td style=\"\"><\/td>\n                    <td style=\"\"><\/td>\n            <\/tr>\n            <tr id=\"table_2_row_756\">\n                    <td style=\"\">2021.09.03<\/td>\n                    <td style=\"\"><a href='https:\/\/portal.ktep.hu\/' rel=' nofollow ' target='_blank'>https:\/\/portal.ktep.hu\/<\/a><\/td>\n                    <td style=\"\"><\/td>\n                    <td style=\"\">Az iskolai k\u00f6nyvt\u00e1ri \u00e1llom\u00e1ny tartalmi \u00f6sszet\u00e9tel\u00e9r\u0151l, a gyermekek inform\u00e1ci\u00f3hoz val\u00f3 jog\u00e1r\u00f3l<\/td>\n                    <td style=\"\">nyilatkozat<\/td>\n                    <td style=\"\"><a href='https:\/\/portal.ktep.hu\/sites\/default\/files\/KTE_allasfoglal_allomany_gyjog_2021.pdf' rel=' nofollow ' target='_blank'>https:\/\/portal.ktep.hu\/sites\/default\/files\/KTE_allasfoglal_allomany_gyjog_2021.pdf<\/a><\/td>\n                    <td style=\"\">pozit\u00edv<\/td>\n                    <td style=\"\"><\/td>\n                    <td style=\"\"><\/td>\n                    <td style=\"\"><\/td>\n                    <td style=\"\">A K\u00f6nyvt\u00e1rostan\u00e1rok Egyes\u00fclete \u00e1ll\u00e1sfoglal\u00e1sa<\/td>\n            <\/tr>\n            <tr id=\"table_2_row_757\">\n                    <td style=\"\">2021.09.06<\/td>\n                    <td style=\"\"><a href='https:\/\/www.livreshebdo.fr\/' rel=' nofollow ' target='_blank'>https:\/\/www.livreshebdo.fr\/<\/a><\/td>\n                    <td style=\"\">Pauline Gabinari<\/td>\n                    <td style=\"\">Loi anti-LGBTQ+ en Hongrie : comment le monde du livre r\u00e9siste<\/td>\n                    <td style=\"\">h\u00edr, besz\u00e1mol\u00f3, r\u00f6vid cikk<\/td>\n                    <td style=\"\"><a href='https:\/\/www.livreshebdo.fr\/article\/loi-anti-lgbtq-en-hongrie-comment-le-monde-du-livre-resiste' rel=' nofollow ' target='_blank'>https:\/\/www.livreshebdo.fr\/article\/loi-anti-lgbtq-en-hongrie-comment-le-monde-du-livre-resiste<\/a><\/td>\n                    <td style=\"\">pozit\u00edv<\/td>\n                    <td style=\"\"><\/td>\n                    <td style=\"\">igen<\/td>\n                    <td style=\"\">francia<\/td>\n                    <td style=\"\"><\/td>\n            <\/tr>\n            <tr id=\"table_2_row_758\">\n                    <td style=\"\">2021.09.08<\/td>\n                    <td style=\"\"><a href='https:\/\/www.facebook.com\/' rel=' nofollow ' target='_blank'>https:\/\/www.facebook.com\/<\/a><\/td>\n                    <td style=\"\"><\/td>\n                    <td style=\"\">Az Atlantisz K\u00f6nyvsziget k\u00f6nyvheti sikerlist\u00e1ja<\/td>\n                    <td style=\"\">FB-poszt<\/td>\n                    <td style=\"\"><a href='https:\/\/www.facebook.com\/atlantiszkonyvsziget\/posts\/5370568309625620' rel=' nofollow ' target='_blank'>https:\/\/www.facebook.com\/atlantiszkonyvsziget\/posts\/5370568309625620<\/a><\/td>\n                    <td style=\"\">pozit\u00edv<\/td>\n                    <td style=\"\">fb<\/td>\n                    <td style=\"\"><\/td>\n                    <td style=\"\"><\/td>\n                    <td style=\"\"><\/td>\n            <\/tr>\n            <tr id=\"table_2_row_759\">\n                    <td style=\"\">2021.09.09<\/td>\n                    <td style=\"\"><a href='https:\/\/www.facebook.com\/' rel=' nofollow ' target='_blank'>https:\/\/www.facebook.com\/<\/a><\/td>\n                    <td style=\"\">Stowarzyszenie Pracownia Etnograficzna<\/td>\n                    <td style=\"\">Oppression and resistance: LGBT+ activism in Poland and Hungary<\/td>\n                    <td style=\"\">vide\u00f3<\/td>\n                    <td style=\"\"><a href='https:\/\/www.facebook.com\/StowarzyszeniePracowniaEtnograficzna\/videos\/216143043889838' rel=' nofollow ' target='_blank'>https:\/\/www.facebook.com\/StowarzyszeniePracowniaEtnograficzna\/videos\/216143043889838<\/a><\/td>\n                    <td style=\"\">pozit\u00edv<\/td>\n                    <td style=\"\">fb<\/td>\n                    <td style=\"\">igen<\/td>\n                    <td style=\"\">angol<\/td>\n                    <td style=\"\">Benne R\u00e9dai D\u00f3ri a Meseorsz\u00e1gr\u00f3l is<\/td>\n            <\/tr>\n            <tr id=\"table_2_row_760\">\n                    <td style=\"\">2021.09.13<\/td>\n                    <td style=\"\"><a href='https:\/\/www.facebook.com\/' rel=' nofollow ' target='_blank'>https:\/\/www.facebook.com\/<\/a><\/td>\n                    <td style=\"\">Nem tehetsz r\u00f3la tehetsz ellene<\/td>\n                    <td style=\"\">Meseorsz\u00e1g beborult, de nem \u00f6r\u00f6kre<\/td>\n                    <td style=\"\">FB-poszt<\/td>\n                    <td style=\"\"><a href='https:\/\/www.facebook.com\/notes\/nem-tehetsz-r\u00f3la-tehetsz-ellene\/meseorsz\u00e1g-beborult-de-nem-\u00f6r\u00f6kre\/10224091727909794' rel=' nofollow ' target='_blank'>https:\/\/www.facebook.com\/notes\/nem-tehetsz-r\u00f3la-tehetsz-ellene\/meseorsz\u00e1g-beborult-de-nem-\u00f6r\u00f6kre\/10224091727909794<\/a><\/td>\n                    <td style=\"\">pozit\u00edv<\/td>\n                    <td style=\"\">fb<\/td>\n                    <td style=\"\"><\/td>\n                    <td style=\"\"><\/td>\n                    <td style=\"\">Szalai Kriszta felolv t\u00e1mad\u00e1s<\/td>\n            <\/tr>\n            <tr id=\"table_2_row_761\">\n                    <td style=\"\">2021.09.15<\/td>\n                    <td style=\"\"><a href='https:\/\/time.com\/' rel=' nofollow ' target='_blank'>https:\/\/time.com\/<\/a><\/td>\n                    <td style=\"\"><\/td>\n                    <td style=\"\">TIME100 most influential people 2021<\/td>\n                    <td style=\"\">h\u00edr, besz\u00e1mol\u00f3, r\u00f6vid cikk<\/td>\n                    <td style=\"\"><a href='https:\/\/time.com\/collection\/100-most-influential-people-2021\/' rel=' nofollow ' target='_blank'>https:\/\/time.com\/collection\/100-most-influential-people-2021\/<\/a><\/td>\n                    <td style=\"\">pozit\u00edv<\/td>\n                    <td style=\"\"><\/td>\n                    <td style=\"\">igen<\/td>\n                    <td style=\"\">angol<\/td>\n                    <td style=\"\"><\/td>\n            <\/tr>\n            <tr id=\"table_2_row_762\">\n                    <td style=\"\">2021.09.15<\/td>\n                    <td style=\"\"><a href='https:\/\/time.com\/' rel=' nofollow ' target='_blank'>https:\/\/time.com\/<\/a><\/td>\n                    <td style=\"\">Terry Reintke<\/td>\n                    <td style=\"\">Dorottya Redai<\/td>\n                    <td style=\"\">h\u00edr, besz\u00e1mol\u00f3, r\u00f6vid cikk<\/td>\n                    <td style=\"\"><a href='https:\/\/time.com\/collection\/100-most-influential-people-2021\/6095809\/dorottya-redai\/' rel=' nofollow ' target='_blank'>https:\/\/time.com\/collection\/100-most-influential-people-2021\/6095809\/dorottya-redai\/<\/a><\/td>\n                    <td style=\"\">pozit\u00edv<\/td>\n                    <td style=\"\"><\/td>\n                    <td style=\"\">igen<\/td>\n                    <td style=\"\">angol<\/td>\n                    <td style=\"\"><\/td>\n            <\/tr>\n            <tr id=\"table_2_row_763\">\n                    <td style=\"\">2021.09.15<\/td>\n                    <td style=\"\"><a href='https:\/\/telex.hu\/' rel=' nofollow ' target='_blank'>https:\/\/telex.hu\/<\/a><\/td>\n                    <td style=\"\">Koroknai Gergely<\/td>\n                    <td style=\"\">Karik\u00f3 Katalin \u00e9s a Meseorsz\u00e1g mindenki\u00e9 projektkoordin\u00e1tora is a Time sz\u00e1z legbefoly\u00e1sosabb embere list\u00e1j\u00e1n<\/td>\n                    <td style=\"\">h\u00edr, besz\u00e1mol\u00f3, r\u00f6vid cikk<\/td>\n                    <td style=\"\"><a href='https:\/\/telex.hu\/kult\/2021\/09\/15\/a-vilag-szaz-legbefolyasosabb-embere-koze-valasztotta-a-time-a-ceu-kutatojat' rel=' nofollow ' target='_blank'>https:\/\/telex.hu\/kult\/2021\/09\/15\/a-vilag-szaz-legbefolyasosabb-embere-koze-valasztotta-a-time-a-ceu-kutatojat<\/a><\/td>\n                    <td style=\"\">pozit\u00edv<\/td>\n                    <td style=\"\"><\/td>\n                    <td style=\"\"><\/td>\n                    <td style=\"\"><\/td>\n                    <td style=\"\"><\/td>\n            <\/tr>\n            <tr id=\"table_2_row_764\">\n                    <td style=\"\">2021.09.15<\/td>\n                    <td style=\"\"><a href='https:\/\/magyarnarancs.hu\/' rel=' nofollow ' target='_blank'>https:\/\/magyarnarancs.hu\/<\/a><\/td>\n                    <td style=\"\"><\/td>\n                    <td style=\"\">Felker\u00fclt a TIME 100-as list\u00e1j\u00e1ra a Meseorsz\u00e1g mindenki\u00e9 alkot\u00f3ja<\/td>\n                    <td style=\"\">h\u00edr, besz\u00e1mol\u00f3, r\u00f6vid cikk<\/td>\n                    <td style=\"\"><a href='https:\/\/magyarnarancs.hu\/sorkoz\/felkerult-a-time-100-as-listajara-a-meseorszag-mindenkie-alkotoja-241804' rel=' nofollow ' target='_blank'>https:\/\/magyarnarancs.hu\/sorkoz\/felkerult-a-time-100-as-listajara-a-meseorszag-mindenkie-alkotoja-241804<\/a><\/td>\n                    <td style=\"\">pozit\u00edv<\/td>\n                    <td style=\"\"><\/td>\n                    <td style=\"\"><\/td>\n                    <td style=\"\"><\/td>\n                    <td style=\"\"><\/td>\n            <\/tr>\n            <tr id=\"table_2_row_765\">\n                    <td style=\"\">2021.09.15<\/td>\n                    <td style=\"\"><a href='https:\/\/hvg.hu\/' rel=' nofollow ' target='_blank'>https:\/\/hvg.hu\/<\/a><\/td>\n                    <td style=\"\"><\/td>\n                    <td style=\"\">A vil\u00e1g 100 legbefoly\u00e1sosabb embere k\u00f6z\u00e9 sorolta a Time a Meseorsz\u00e1g mindenki\u00e9 projektkoordin\u00e1tor\u00e1t<\/td>\n                    <td style=\"\">h\u00edr, besz\u00e1mol\u00f3, r\u00f6vid cikk<\/td>\n                    <td style=\"\"><a href='https:\/\/hvg.hu\/kultura\/20210915_Time100_Redai_Dorottya_Meseorszag_mindenkie' rel=' nofollow ' target='_blank'>https:\/\/hvg.hu\/kultura\/20210915_Time100_Redai_Dorottya_Meseorszag_mindenkie<\/a><\/td>\n                    <td style=\"\">pozit\u00edv<\/td>\n                    <td style=\"\"><\/td>\n                    <td style=\"\"><\/td>\n                    <td style=\"\"><\/td>\n                    <td style=\"\"><\/td>\n            <\/tr>\n            <tr id=\"table_2_row_766\">\n                    <td style=\"\">2021.09.15<\/td>\n                    <td style=\"\"><a href='https:\/\/444.hu\/' rel=' nofollow ' target='_blank'>https:\/\/444.hu\/<\/a><\/td>\n                    <td style=\"\">Herczeg M\u00e1rk<\/td>\n                    <td style=\"\">A Time a Meseorsz\u00e1g mindenki\u00e9 c\u00edm\u0171 mesek\u00f6nyv\u00e9rt a vil\u00e1g 100 legbefoly\u00e1sosabb embere k\u00f6z\u00e9 sorolta R\u00e9dai Dorotty\u00e1t<\/td>\n                    <td style=\"\">h\u00edr, besz\u00e1mol\u00f3, r\u00f6vid cikk<\/td>\n                    <td style=\"\"><a href='https:\/\/444.hu\/2021\/09\/15\/a-time-a-meseorszag-mindenkie-cimu-mesekonyvert-a-vilag-100-legbefolyasosabb-embere-koze-sorolta-redai-dorottyat' rel=' nofollow ' target='_blank'>https:\/\/444.hu\/2021\/09\/15\/a-time-a-meseorszag-mindenkie-cimu-mesekonyvert-a-vilag-100-legbefolyasosabb-embere-koze-sorolta-redai-dorottyat<\/a><\/td>\n                    <td style=\"\">pozit\u00edv<\/td>\n                    <td style=\"\"><\/td>\n                    <td style=\"\"><\/td>\n                    <td style=\"\"><\/td>\n                    <td style=\"\"><\/td>\n            <\/tr>\n            <tr id=\"table_2_row_767\">\n                    <td style=\"\">2021.09.15<\/td>\n                    <td style=\"\"><a href='https:\/\/labrisz.hu\/' rel=' nofollow ' target='_blank'>https:\/\/labrisz.hu\/<\/a><\/td>\n                    <td style=\"\"><\/td>\n                    <td style=\"\">R\u00e9dai Dorottya  Time idei list\u00e1j\u00e1n a vil\u00e1g 100 legbefoly\u00e1sosabb embere k\u00f6z\u00f6tt<\/td>\n                    <td style=\"\">h\u00edr, besz\u00e1mol\u00f3, r\u00f6vid cikk<\/td>\n                    <td style=\"\"><a href='https:\/\/labrisz.hu\/hirek\/redai_dorottya_a_time_idei_listajan_a_vilag_100_legbefolyasosabb_embere_kozott.858.html?pageid=58' rel=' nofollow ' target='_blank'>https:\/\/labrisz.hu\/hirek\/redai_dorottya_a_time_idei_listajan_a_vilag_100_legbefolyasosabb_embere_kozott.858.html?pageid=58<\/a><\/td>\n                    <td style=\"\">pozit\u00edv<\/td>\n                    <td style=\"\"><\/td>\n                    <td style=\"\"><\/td>\n                    <td style=\"\"><\/td>\n                    <td style=\"\"><\/td>\n            <\/tr>\n            <tr id=\"table_2_row_768\">\n                    <td style=\"\">2021.09.15<\/td>\n                    <td style=\"\"><a href='https:\/\/humenonline.hu\/' rel=' nofollow ' target='_blank'>https:\/\/humenonline.hu\/<\/a><\/td>\n                    <td style=\"\">Waliduda D\u00e1niel<\/td>\n                    <td style=\"\">A TIME a vil\u00e1g legbefoly\u00e1sosabb emberei k\u00f6z\u00e9 v\u00e1lasztotta a Meseorsz\u00e1g Mindenki\u00e9 egyik meg\u00e1lmod\u00f3j\u00e1t<\/td>\n                    <td style=\"\">h\u00edr, besz\u00e1mol\u00f3, r\u00f6vid cikk<\/td>\n                    <td style=\"\"><a href='https:\/\/humenonline.hu\/a-time-a-vilag-legbefolyasosabb-emberei-koze-valasztotta-a-meseorszag-mindenkie-egyik-megalmodojat\/' rel=' nofollow ' target='_blank'>https:\/\/humenonline.hu\/a-time-a-vilag-legbefolyasosabb-emberei-koze-valasztotta-a-meseorszag-mindenkie-egyik-megalmodojat\/<\/a><\/td>\n                    <td style=\"\">pozit\u00edv<\/td>\n                    <td style=\"\"><\/td>\n                    <td style=\"\"><\/td>\n                    <td style=\"\"><\/td>\n                    <td style=\"\"><\/td>\n            <\/tr>\n            <tr id=\"table_2_row_769\">\n                    <td style=\"\">2021.09.15<\/td>\n                    <td style=\"\"><a href='https:\/\/www.coc.nl\/' rel=' nofollow ' target='_blank'>https:\/\/www.coc.nl\/<\/a><\/td>\n                    <td style=\"\"><\/td>\n                    <td style=\"\">Bedenker Dorotyya uitverkoren door TIME Magazine<\/td>\n                    <td style=\"\">interj\u00fa<\/td>\n                    <td style=\"\"><a href='https:\/\/www.coc.nl\/algemeen\/bedenker-dorotyya-uitverkoren-door-time-magazine' rel=' nofollow ' target='_blank'>https:\/\/www.coc.nl\/algemeen\/bedenker-dorotyya-uitverkoren-door-time-magazine<\/a><\/td>\n                    <td style=\"\">pozit\u00edv<\/td>\n                    <td style=\"\"><\/td>\n                    <td style=\"\">igen<\/td>\n                    <td style=\"\">holland<\/td>\n                    <td style=\"\"><\/td>\n            <\/tr>\n            <tr id=\"table_2_row_770\">\n                    <td style=\"\">2021.09.16<\/td>\n                    <td style=\"\"><a href='https:\/\/www.ceu.edu\/' rel=' nofollow ' target='_blank'>https:\/\/www.ceu.edu\/<\/a><\/td>\n                    <td style=\"\"><\/td>\n                    <td style=\"\">CEU Academic Dorottya Redai Named to TIME100<\/td>\n                    <td style=\"\">h\u00edr, besz\u00e1mol\u00f3, r\u00f6vid cikk<\/td>\n                    <td style=\"\"><a href='https:\/\/www.ceu.edu\/article\/2021-09-16\/ceu-academic-dorottya-redai-named-time100-most-influential-people-world' rel=' nofollow ' target='_blank'>https:\/\/www.ceu.edu\/article\/2021-09-16\/ceu-academic-dorottya-redai-named-time100-most-influential-people-world<\/a><\/td>\n                    <td style=\"\">pozit\u00edv<\/td>\n                    <td style=\"\"><\/td>\n                    <td style=\"\">igen<\/td>\n                    <td style=\"\">angol<\/td>\n                    <td style=\"\"><\/td>\n            <\/tr>\n            <tr id=\"table_2_row_771\">\n                    <td style=\"\">2021.09.16<\/td>\n                    <td style=\"\"><a href='https:\/\/www.vaconline.hu\/' rel=' nofollow ' target='_blank'>https:\/\/www.vaconline.hu\/<\/a><\/td>\n                    <td style=\"\">Hujbert Istv\u00e1n<\/td>\n                    <td style=\"\">El\u00e9rte a Dunakanyart: LMBTQ propaganda egy k\u00f6nyvt\u00e1r gyermekpolc\u00e1n<\/td>\n                    <td style=\"\">h\u00edr, besz\u00e1mol\u00f3, r\u00f6vid cikk<\/td>\n                    <td style=\"\"><a href='https:\/\/www.vaconline.hu\/2021\/09\/16\/elerte-a-dunakanyart-lmbtq-propaganda-egy-konyvtar-gyermekpolcan\/' rel=' nofollow ' target='_blank'>https:\/\/www.vaconline.hu\/2021\/09\/16\/elerte-a-dunakanyart-lmbtq-propaganda-egy-konyvtar-gyermekpolcan\/<\/a><\/td>\n                    <td style=\"\">negat\u00edv<\/td>\n                    <td style=\"\"><\/td>\n                    <td style=\"\"><\/td>\n                    <td style=\"\"><\/td>\n                    <td style=\"\"><\/td>\n            <\/tr>\n            <tr id=\"table_2_row_772\">\n                    <td style=\"\">2021.09.17<\/td>\n                    <td style=\"\"><a href='https:\/\/444.hu\/' rel=' nofollow ' target='_blank'>https:\/\/444.hu\/<\/a><\/td>\n                    <td style=\"\">F\u0151di Kitti<\/td>\n                    <td style=\"\">Az olvas\u00f3k feljelent\u00e9se alapj\u00e1n egy dunakanyari telep\u00fcl\u00e9s polg\u00e1rmestere leszedette a Meseorsz\u00e1g mindenki\u00e9t a helyi k\u00f6nyvt\u00e1r polc\u00e1r\u00f3l<\/td>\n                    <td style=\"\">h\u00edr, besz\u00e1mol\u00f3, r\u00f6vid cikk<\/td>\n                    <td style=\"\"><a href='https:\/\/444.hu\/2021\/09\/17\/az-olvasok-feljelentese-alapjan-egy-dunakanyari-telepules-polgarmestere-leszedette-a-meseorszag-mindenkiet-a-helyi-konyvtar-polcarol' rel=' nofollow ' target='_blank'>https:\/\/444.hu\/2021\/09\/17\/az-olvasok-feljelentese-alapjan-egy-dunakanyari-telepules-polgarmestere-leszedette-a-meseorszag-mindenkiet-a-helyi-konyvtar-polcarol<\/a><\/td>\n                    <td style=\"\">semleges<\/td>\n                    <td style=\"\"><\/td>\n                    <td style=\"\"><\/td>\n                    <td style=\"\"><\/td>\n                    <td style=\"\"><\/td>\n            <\/tr>\n            <tr id=\"table_2_row_773\">\n                    <td style=\"\">2021.09.17<\/td>\n                    <td style=\"\"><a href='https:\/\/444.hu\/' rel=' nofollow ' target='_blank'>https:\/\/444.hu\/<\/a><\/td>\n                    <td style=\"\">Sarkadi Zsolt<\/td>\n                    <td style=\"\">A nagymarosi k\u00f6nyvt\u00e1ros nem tudja, ki \u00e9s mi\u00e9rt jelenthette fel a Meseorsz\u00e1g mindenki\u00e9 miatt<\/td>\n                    <td style=\"\">h\u00edr, besz\u00e1mol\u00f3, r\u00f6vid cikk<\/td>\n                    <td style=\"\"><a href='https:\/\/444.hu\/2021\/09\/17\/a-nagymarosi-konyvtaros-nem-tudja-ki-es-miert-jelenthette-fel-a-meseorszag-mindenkie-miatt' rel=' nofollow ' target='_blank'>https:\/\/444.hu\/2021\/09\/17\/a-nagymarosi-konyvtaros-nem-tudja-ki-es-miert-jelenthette-fel-a-meseorszag-mindenkie-miatt<\/a><\/td>\n                    <td style=\"\">semleges<\/td>\n                    <td style=\"\"><\/td>\n                    <td style=\"\"><\/td>\n                    <td style=\"\"><\/td>\n                    <td style=\"\"><\/td>\n            <\/tr>\n            <tr id=\"table_2_row_774\">\n                    <td style=\"\">2021.09.17<\/td>\n                    <td style=\"\"><a href='https:\/\/merce.hu\/' rel=' nofollow ' target='_blank'>https:\/\/merce.hu\/<\/a><\/td>\n                    <td style=\"\">Csengel Karina<\/td>\n                    <td style=\"\">Nem \u00e9rtett egyet Nagymaros polg\u00e1rmester\u00e9vel a k\u00f6nyvt\u00e1ros, akinek le kellett vennie a polcr\u00f3l a Meseorsz\u00e1g mindenki\u00e9t<\/td>\n                    <td style=\"\">h\u00edr, besz\u00e1mol\u00f3, r\u00f6vid cikk<\/td>\n                    <td style=\"\"><a href='https:\/\/merce.hu\/2021\/09\/17\/nem-ertett-egyet-nagymaros-polgarmesterevel-a-konyvtaros-akinek-le-kellett-vennie-a-polcrol-a-meseorszag-mindenkiet' rel=' nofollow ' target='_blank'>https:\/\/merce.hu\/2021\/09\/17\/nem-ertett-egyet-nagymaros-polgarmesterevel-a-konyvtaros-akinek-le-kellett-vennie-a-polcrol-a-meseorszag-mindenkiet<\/a><\/td>\n                    <td style=\"\">pozit\u00edv<\/td>\n                    <td style=\"\"><\/td>\n                    <td style=\"\"><\/td>\n                    <td style=\"\"><\/td>\n                    <td style=\"\"><\/td>\n            <\/tr>\n            <tr id=\"table_2_row_775\">\n                    <td style=\"\">2021.09.17<\/td>\n                    <td style=\"\"><a href='https:\/\/litera.hu\/' rel=' nofollow ' target='_blank'>https:\/\/litera.hu\/<\/a><\/td>\n                    <td style=\"\"><\/td>\n                    <td style=\"\">Leszedt\u00e9k egy dunakanyari telep\u00fcl\u00e9s k\u00f6nyvt\u00e1r\u00e1nak polc\u00e1r\u00f3l a Meseorsz\u00e1g mindenki\u00e9 c\u00edm\u0171 k\u00f6nyvet<\/td>\n                    <td style=\"\">h\u00edr, besz\u00e1mol\u00f3, r\u00f6vid cikk<\/td>\n                    <td style=\"\"><a href='https:\/\/litera.hu\/hirek\/leszedtek-egy-dunantuli-telepules-konyvtaranak-polcarol-a-meseorszag-mindenkie-cimu-konyvet.html' rel=' nofollow ' target='_blank'>https:\/\/litera.hu\/hirek\/leszedtek-egy-dunantuli-telepules-konyvtaranak-polcarol-a-meseorszag-mindenkie-cimu-konyvet.html<\/a><\/td>\n                    <td style=\"\">semleges<\/td>\n                    <td style=\"\"><\/td>\n                    <td style=\"\"><\/td>\n                    <td style=\"\"><\/td>\n                    <td style=\"\"><\/td>\n            <\/tr>\n            <tr id=\"table_2_row_776\">\n                    <td style=\"\">2021.09.17<\/td>\n                    <td style=\"\"><a href='https:\/\/litera.hu\/' rel=' nofollow ' target='_blank'>https:\/\/litera.hu\/<\/a><\/td>\n                    <td style=\"\"><\/td>\n                    <td style=\"\">T\u00f3th Kinga a Pompidouban, R\u00e9dai Dorottya a 100 legbefoly\u00e1sosabb ember k\u00f6z\u00f6tt \u00e9s a Booker sz\u0171k\u00edtett list\u00e1ja<\/td>\n                    <td style=\"\">h\u00edr, besz\u00e1mol\u00f3, r\u00f6vid cikk<\/td>\n                    <td style=\"\"><a href='https:\/\/litera.hu\/magazin\/osszeallitas\/toth-kinga-a-pompidouban-redai-dorottya-a-100-legbefolyasosabb-ember-kozott-es-a-booker-szukitett-listaja.html' rel=' nofollow ' target='_blank'>https:\/\/litera.hu\/magazin\/osszeallitas\/toth-kinga-a-pompidouban-redai-dorottya-a-100-legbefolyasosabb-ember-kozott-es-a-booker-szukitett-listaja.html<\/a><\/td>\n                    <td style=\"\">pozit\u00edv<\/td>\n                    <td style=\"\"><\/td>\n                    <td style=\"\"><\/td>\n                    <td style=\"\"><\/td>\n                    <td style=\"\"><\/td>\n            <\/tr>\n            <tr id=\"table_2_row_777\">\n                    <td style=\"\">2021.09.17<\/td>\n                    <td style=\"\"><a href='https:\/\/merce.hu\/' rel=' nofollow ' target='_blank'>https:\/\/merce.hu\/<\/a><\/td>\n                    <td style=\"\">Csengel Karina<\/td>\n                    <td style=\"\">Nem \u00e9rtett egyet Nagymaros polg\u00e1rmester\u00e9vel a k\u00f6nyvt\u00e1ros, akinek le kellett vennie a polcr\u00f3l a Meseorsz\u00e1g mindenki\u00e9t<\/td>\n                    <td style=\"\">h\u00edr, besz\u00e1mol\u00f3, r\u00f6vid cikk<\/td>\n                    <td style=\"\"><a href='https:\/\/merce.hu\/2021\/09\/17\/nem-ertett-egyet-nagymaros-polgarmesterevel-a-konyvtaros-akinek-le-kellett-vennie-a-polcrol-a-meseorszag-mindenkiet\/' rel=' nofollow ' target='_blank'>https:\/\/merce.hu\/2021\/09\/17\/nem-ertett-egyet-nagymaros-polgarmesterevel-a-konyvtaros-akinek-le-kellett-vennie-a-polcrol-a-meseorszag-mindenkiet\/<\/a><\/td>\n                    <td style=\"\">semleges<\/td>\n                    <td style=\"\"><\/td>\n                    <td style=\"\"><\/td>\n                    <td style=\"\"><\/td>\n                    <td style=\"\"><\/td>\n            <\/tr>\n            <tr id=\"table_2_row_778\">\n                    <td style=\"\">2021.09.20<\/td>\n                    <td style=\"\"><a href='https:\/\/www.klubradio.hu\/' rel=' nofollow ' target='_blank'>https:\/\/www.klubradio.hu\/<\/a><\/td>\n                    <td style=\"\"><\/td>\n                    <td style=\"\">A k\u00f6nyvt\u00e1rakat is \u00f6ncenz\u00far\u00e1ra k\u00e9nyszer\u00edtik<\/td>\n                    <td style=\"\">r\u00e1di\u00f3<\/td>\n                    <td style=\"\"><a href='https:\/\/www.klubradio.hu\/adasok\/a-konyvtarakat-is-oncenzurara-kenyszeritik-121005' rel=' nofollow ' target='_blank'>https:\/\/www.klubradio.hu\/adasok\/a-konyvtarakat-is-oncenzurara-kenyszeritik-121005<\/a><\/td>\n                    <td style=\"\">pozit\u00edv<\/td>\n                    <td style=\"\"><\/td>\n                    <td style=\"\"><\/td>\n                    <td style=\"\"><\/td>\n                    <td style=\"\">Reggeli gyors, interj\u00fa Demeter \u00c1ronnal<\/td>\n            <\/tr>\n            <tr id=\"table_2_row_779\">\n                    <td style=\"\">2021.09.20<\/td>\n                    <td style=\"\"><a href='https:\/\/nepszava.hu\/' rel=' nofollow ' target='_blank'>https:\/\/nepszava.hu\/<\/a><\/td>\n                    <td style=\"\"><\/td>\n                    <td style=\"\">\u00d6ncenz\u00far\u00e1ra k\u00e9nyszer\u00fclhetnek a k\u00f6nyvt\u00e1rak az Amnesty International szerint<\/td>\n                    <td style=\"\">h\u00edr, besz\u00e1mol\u00f3, r\u00f6vid cikk<\/td>\n                    <td style=\"\"><a href='https:\/\/nepszava.hu\/3132717_oncenzurara-kenyszerulhetnek-a-konyvtarak-az-amnesty-international-szerint' rel=' nofollow ' target='_blank'>https:\/\/nepszava.hu\/3132717_oncenzurara-kenyszerulhetnek-a-konyvtarak-az-amnesty-international-szerint<\/a><\/td>\n                    <td style=\"\">semleges<\/td>\n                    <td style=\"\"><\/td>\n                    <td style=\"\"><\/td>\n                    <td style=\"\"><\/td>\n                    <td style=\"\"><\/td>\n            <\/tr>\n            <tr id=\"table_2_row_780\">\n                    <td style=\"\">2021.09.22<\/td>\n                    <td style=\"\"><a href='https:\/\/issuu.com\/' rel=' nofollow ' target='_blank'>https:\/\/issuu.com\/<\/a><\/td>\n                    <td style=\"\"><\/td>\n                    <td style=\"\">Sprookjesland is voor iedereen, hier alvast een indruk<\/td>\n                    <td style=\"\">mesek\u00f6zl\u00e9s<\/td>\n                    <td style=\"\"><a href='https:\/\/issuu.com\/opzijmagazine\/docs\/bladerversie' rel=' nofollow ' target='_blank'>https:\/\/issuu.com\/opzijmagazine\/docs\/bladerversie<\/a><\/td>\n                    <td style=\"\">semleges<\/td>\n                    <td style=\"\"><\/td>\n                    <td style=\"\">igen<\/td>\n                    <td style=\"\">holland<\/td>\n                    <td style=\"\">A holland kiad\u00e1s r\u00e9szlete<\/td>\n            <\/tr>\n            <tr id=\"table_2_row_781\">\n                    <td style=\"\">2021.09.22<\/td>\n                    <td style=\"\"><a href='https:\/\/hirnyolc.hu\/' rel=' nofollow ' target='_blank'>https:\/\/hirnyolc.hu\/<\/a><\/td>\n                    <td style=\"\"><\/td>\n                    <td style=\"\">Kedvezm\u00e9nyesen b\u00e9relheti b\u00e1zis\u00e1t az \u00f6nkorm\u00e1nyzatt\u00f3l egy LMBTQ szervezet<\/td>\n                    <td style=\"\">h\u00edr, besz\u00e1mol\u00f3, r\u00f6vid cikk<\/td>\n                    <td style=\"\"><a href='https:\/\/hirnyolc.hu\/jozsefvaros\/kedvezmenyesen-berelheti-bazisat-az-onkormanyzattol-egy-lmbtq-szervezet-4834\/' rel=' nofollow ' target='_blank'>https:\/\/hirnyolc.hu\/jozsefvaros\/kedvezmenyesen-berelheti-bazisat-az-onkormanyzattol-egy-lmbtq-szervezet-4834\/<\/a><\/td>\n                    <td style=\"\">semleges<\/td>\n                    <td style=\"\"><\/td>\n                    <td style=\"\"><\/td>\n                    <td style=\"\"><\/td>\n                    <td style=\"\">h\u00edr arr\u00f3l, hogy a nyolcker adott helyis\u00e9get a Labrisznak<\/td>\n            <\/tr>\n            <tr id=\"table_2_row_782\">\n                    <td style=\"\">2021.09.23<\/td>\n                    <td style=\"\"><a href='https:\/\/vasarnap.hu\/' rel=' nofollow ' target='_blank'>https:\/\/vasarnap.hu\/<\/a><\/td>\n                    <td style=\"\"><\/td>\n                    <td style=\"\">Kev\u00e9s nagyobb aljass\u00e1g van, amit el lehet elk\u00f6vetni a gyerekek ellen<\/td>\n                    <td style=\"\">v\u00e9lem\u00e9ny<\/td>\n                    <td style=\"\"><a href='https:\/\/vasarnap.hu\/2021\/09\/23\/keves-nagyobb-aljassagot-lehet-elkovetni-a-gyerekek-ellen\/' rel=' nofollow ' target='_blank'>https:\/\/vasarnap.hu\/2021\/09\/23\/keves-nagyobb-aljassagot-lehet-elkovetni-a-gyerekek-ellen\/<\/a><\/td>\n                    <td style=\"\">negat\u00edv<\/td>\n                    <td style=\"\"><\/td>\n                    <td style=\"\"><\/td>\n                    <td style=\"\"><\/td>\n                    <td style=\"\">szexu\u00e1lis \u00e1tnevel\u00e9sr\u0151l \u00edrja a v\u00e9lem\u00e9ny\u00e9t a n\u00e9vtelen szerz\u0151<\/td>\n            <\/tr>\n            <tr id=\"table_2_row_783\">\n                    <td style=\"\">2021.09.23<\/td>\n                    <td style=\"\"><a href='https:\/\/vasarnap.hu\/' rel=' nofollow ' target='_blank'>https:\/\/vasarnap.hu\/<\/a><\/td>\n                    <td style=\"\"><\/td>\n                    <td style=\"\">Pet\u00edci\u00f3 indult: V\u00e9dj\u00e9k meg a polg\u00e1rmesterek telep\u00fcl\u00e9s\u00fck gyermekeit az LMBTQ-\u00e1tnevel\u0151propagand\u00e1t\u00f3l!<\/td>\n                    <td style=\"\">h\u00edr, besz\u00e1mol\u00f3, r\u00f6vid cikk<\/td>\n                    <td style=\"\"><a href='https:\/\/vasarnap.hu\/2021\/09\/23\/peticio-indult-vedjek-meg-a-polgarmesterek-telepulesuk-gyermekeit-az-lmbt-atnevelopropagandatol\/' rel=' nofollow ' target='_blank'>https:\/\/vasarnap.hu\/2021\/09\/23\/peticio-indult-vedjek-meg-a-polgarmesterek-telepulesuk-gyermekeit-az-lmbt-atnevelopropagandatol\/<\/a><\/td>\n                    <td style=\"\">negat\u00edv<\/td>\n                    <td style=\"\"><\/td>\n                    <td style=\"\"><\/td>\n                    <td style=\"\"><\/td>\n                    <td style=\"\"><\/td>\n            <\/tr>\n            <tr id=\"table_2_row_784\">\n                    <td style=\"\">2021.09.24<\/td>\n                    <td style=\"\"><a href='https:\/\/rtl.hu\/' rel=' nofollow ' target='_blank'>https:\/\/rtl.hu\/<\/a><\/td>\n                    <td style=\"\"><\/td>\n                    <td style=\"\">A 100 legbefoly\u00e1sosabb ember k\u00f6z\u00e9 sorolta a Time a Meseorsz\u00e1g mindenki\u00e9 projektkoordin\u00e1tor\u00e1t<\/td>\n                    <td style=\"\">TV<\/td>\n                    <td style=\"\"><a href='https:\/\/rtl.hu\/reggeli\/2021\/09\/24\/a-100-legbefolyasosabb-ember-koze-sorolta-a-time-a-meseorszag-mindenkie-projektkoordinatorat' rel=' nofollow ' target='_blank'>https:\/\/rtl.hu\/reggeli\/2021\/09\/24\/a-100-legbefolyasosabb-ember-koze-sorolta-a-time-a-meseorszag-mindenkie-projektkoordinatorat<\/a><\/td>\n                    <td style=\"\">pozit\u00edv<\/td>\n                    <td style=\"\"><\/td>\n                    <td style=\"\"><\/td>\n                    <td style=\"\"><\/td>\n                    <td style=\"\">Reggeli, interj\u00fa R\u00e9dai D\u00f3rival<\/td>\n            <\/tr>\n            <tr id=\"table_2_row_785\">\n                    <td style=\"\">2021.09.26<\/td>\n                    <td style=\"\"><a href='https:\/\/magyarnemzet.hu\/' rel=' nofollow ' target='_blank'>https:\/\/magyarnemzet.hu\/<\/a><\/td>\n                    <td style=\"\">Nagy Orsolya<\/td>\n                    <td style=\"\">Pik\u00f3 Andr\u00e1s kedvezm\u00e9nyt biztos\u00edt a Labrisz Leszbikus Egyes\u00fcletnek<\/td>\n                    <td style=\"\">h\u00edr, besz\u00e1mol\u00f3, r\u00f6vid cikk<\/td>\n                    <td style=\"\"><a href='https:\/\/magyarnemzet.hu\/belfold\/2021\/09\/piko-andras-kedvezmenyt-biztosit-a-labrisz-leszbikus-egyesuletnek' rel=' nofollow ' target='_blank'>https:\/\/magyarnemzet.hu\/belfold\/2021\/09\/piko-andras-kedvezmenyt-biztosit-a-labrisz-leszbikus-egyesuletnek<\/a><\/td>\n                    <td style=\"\">negat\u00edv<\/td>\n                    <td style=\"\"><\/td>\n                    <td style=\"\"><\/td>\n                    <td style=\"\"><\/td>\n                    <td style=\"\"><\/td>\n            <\/tr>\n            <tr id=\"table_2_row_786\">\n                    <td style=\"\">2021.09.27<\/td>\n                    <td style=\"\"><a href='https:\/\/rebellive.net\/' rel=' nofollow ' target='_blank'>https:\/\/rebellive.net\/<\/a><\/td>\n                    <td style=\"\">Mihucza Niki<\/td>\n                    <td style=\"\">\u201eEz az elismer\u00e9s a k\u00f6z\u00f6ss\u00e9gnek sz\u00f3l\u201d \u2013 R\u00e9dai Dorotty\u00e1val besz\u00e9lgett\u00fcnk<\/td>\n                    <td style=\"\">interj\u00fa<\/td>\n                    <td style=\"\"><a href='https:\/\/rebellive.net\/?p=2512' rel=' nofollow ' target='_blank'>https:\/\/rebellive.net\/?p=2512<\/a><\/td>\n                    <td style=\"\">pozit\u00edv<\/td>\n                    <td style=\"\"><\/td>\n                    <td style=\"\"><\/td>\n                    <td style=\"\"><\/td>\n                    <td style=\"\">Mihucza Niki interj\u00faja R\u00e9dai D\u00f3rival<\/td>\n            <\/tr>\n            <tr id=\"table_2_row_787\">\n                    <td style=\"\">2021.09.28<\/td>\n                    <td style=\"\"><a href='https:\/\/hvg.hu\/' rel=' nofollow ' target='_blank'>https:\/\/hvg.hu\/<\/a><\/td>\n                    <td style=\"\"><\/td>\n                    <td style=\"\">A Meseorsz\u00e1g mindenki\u00e9t sokan az\u00e9rt vett\u00e9k meg, hogy tiltakozzanak az ellens\u00e9gesked\u00e9s, kirekeszt\u00e9s ellen<\/td>\n                    <td style=\"\">interj\u00fa<\/td>\n                    <td style=\"\"><a href='https:\/\/hvg.hu\/elet\/20210928_Redai_Dorottya_Meseorszag_mindenkie_konyv' rel=' nofollow ' target='_blank'>https:\/\/hvg.hu\/elet\/20210928_Redai_Dorottya_Meseorszag_mindenkie_konyv<\/a><\/td>\n                    <td style=\"\">pozit\u00edv<\/td>\n                    <td style=\"\"><\/td>\n                    <td style=\"\"><\/td>\n                    <td style=\"\"><\/td>\n                    <td style=\"\">A Rebellive interj\u00fa r\u00e9szlete<\/td>\n            <\/tr>\n            <tr id=\"table_2_row_788\">\n                    <td style=\"\">2021.09.29<\/td>\n                    <td style=\"\"><a href='https:\/\/www.klubradio.hu\/' rel=' nofollow ' target='_blank'>https:\/\/www.klubradio.hu\/<\/a><\/td>\n                    <td style=\"\">V\u00e1radi J\u00falia<\/td>\n                    <td style=\"\">Meseorsz\u00e1g kir\u00e1lyn\u0151je a Time magazinban<\/td>\n                    <td style=\"\">r\u00e1di\u00f3<\/td>\n                    <td style=\"\"><a href='https:\/\/www.klubradio.hu\/adasok\/meseorszag-kiralynoje-a-time-magazinban-121219' rel=' nofollow ' target='_blank'>https:\/\/www.klubradio.hu\/adasok\/meseorszag-kiralynoje-a-time-magazinban-121219<\/a><\/td>\n                    <td style=\"\">pozit\u00edv<\/td>\n                    <td style=\"\"><\/td>\n                    <td style=\"\"><\/td>\n                    <td style=\"\"><\/td>\n                    <td style=\"\">Dobszerda, V\u00e1radi J\u00falia interj\u00faja R\u00e9dai D\u00f3rival<\/td>\n            <\/tr>\n            <tr id=\"table_2_row_789\">\n                    <td style=\"\">2021.09.29<\/td>\n                    <td style=\"\"><a href='https:\/\/www.youtube.com\/' rel=' nofollow ' target='_blank'>https:\/\/www.youtube.com\/<\/a><\/td>\n                    <td style=\"\">V\u00e1radi J\u00falia<\/td>\n                    <td style=\"\">Dobszerda: R\u00e9dai Dorottya<\/td>\n                    <td style=\"\">vide\u00f3<\/td>\n                    <td style=\"\"><a href='https:\/\/www.youtube.com\/watch?v=2W0AdcbN1jg' rel=' nofollow ' target='_blank'>https:\/\/www.youtube.com\/watch?v=2W0AdcbN1jg<\/a><\/td>\n                    <td style=\"\">pozit\u00edv<\/td>\n                    <td style=\"\">youtube<\/td>\n                    <td style=\"\"><\/td>\n                    <td style=\"\"><\/td>\n                    <td style=\"\">Dobszerda interj\u00fa vide\u00f3n<\/td>\n            <\/tr>\n            <tr id=\"table_2_row_790\">\n                    <td style=\"\">2021.09.30<\/td>\n                    <td style=\"\"><a href='https:\/\/sites.rutgers.edu\/' rel=' nofollow ' target='_blank'>https:\/\/sites.rutgers.edu\/<\/a><\/td>\n                    <td style=\"\">Judit Hajnal Ward<\/td>\n                    <td style=\"\">New Hungarian Law Challenges Librarians<\/td>\n                    <td style=\"\">h\u00edr, besz\u00e1mol\u00f3, r\u00f6vid cikk<\/td>\n                    <td style=\"\"><a href='https:\/\/sites.rutgers.edu\/books-we-read\/banned-books-hungary\/' rel=' nofollow ' target='_blank'>https:\/\/sites.rutgers.edu\/books-we-read\/banned-books-hungary\/<\/a><\/td>\n                    <td style=\"\">pozit\u00edv<\/td>\n                    <td style=\"\"><\/td>\n                    <td style=\"\">igen<\/td>\n                    <td style=\"\">angol<\/td>\n                    <td style=\"\"><\/td>\n            <\/tr>\n            <tr id=\"table_2_row_791\">\n                    <td style=\"\">2021.10.01<\/td>\n                    <td style=\"\"><a href='https:\/\/www.startlab.sk\/' rel=' nofollow ' target='_blank'>https:\/\/www.startlab.sk\/<\/a><\/td>\n                    <td style=\"\"><\/td>\n                    <td style=\"\">Rozpr\u00e1vkov\u00e1 krajina pre v\u0161etk\u00fdch: \u0161\u0165astn\u00e9 konce pre v\u0161etky deti<\/td>\n                    <td style=\"\">egy\u00e9b<\/td>\n                    <td style=\"\"><a href='https:\/\/www.startlab.sk\/projekty\/2363-rozpravkova-krajina-pre-vsetkych-stastne-konce-pre-vsetky-d' rel=' nofollow ' target='_blank'>https:\/\/www.startlab.sk\/projekty\/2363-rozpravkova-krajina-pre-vsetkych-stastne-konce-pre-vsetky-d<\/a><\/td>\n                    <td style=\"\">pozit\u00edv<\/td>\n                    <td style=\"\"><\/td>\n                    <td style=\"\">igen<\/td>\n                    <td style=\"\">szlov\u00e1k<\/td>\n                    <td style=\"\">Adom\u00e1nygy\u0171jt\u00e9s a szlov\u00e1k kiad\u00e1shoz<\/td>\n            <\/tr>\n            <tr id=\"table_2_row_792\">\n                    <td style=\"\">2021.10.01<\/td>\n                    <td style=\"\"><a href='https:\/\/www.independent.co.uk\/' rel=' nofollow ' target='_blank'>https:\/\/www.independent.co.uk\/<\/a><\/td>\n                    <td style=\"\">Justin Spike<\/td>\n                    <td style=\"\">Hungarian LGBT activist among Time's 100 most influential<\/td>\n                    <td style=\"\">h\u00edr, besz\u00e1mol\u00f3, r\u00f6vid cikk<\/td>\n                    <td style=\"\"><a href='https:\/\/www.independent.co.uk\/news\/budapest-central-european-viktor-orban-roma-european-union-b1930756.html' rel=' nofollow ' target='_blank'>https:\/\/www.independent.co.uk\/news\/budapest-central-european-viktor-orban-roma-european-union-b1930756.html<\/a><\/td>\n                    <td style=\"\">pozit\u00edv<\/td>\n                    <td style=\"\"><\/td>\n                    <td style=\"\">igen<\/td>\n                    <td style=\"\">angol<\/td>\n                    <td style=\"\"><\/td>\n            <\/tr>\n            <tr id=\"table_2_row_793\">\n                    <td style=\"\">2021.10.01<\/td>\n                    <td style=\"\"><a href='https:\/\/www.dailymail.co.uk\/' rel=' nofollow ' target='_blank'>https:\/\/www.dailymail.co.uk\/<\/a><\/td>\n                    <td style=\"\">Justin Spike<\/td>\n                    <td style=\"\">Hungarian LGBT activist among Time's 100 most influential<\/td>\n                    <td style=\"\">h\u00edr, besz\u00e1mol\u00f3, r\u00f6vid cikk<\/td>\n                    <td style=\"\"><a href='https:\/\/www.dailymail.co.uk\/wires\/ap\/article-10049631\/Hungarian-LGBT-activist-Times-100-influential.html' rel=' nofollow ' target='_blank'>https:\/\/www.dailymail.co.uk\/wires\/ap\/article-10049631\/Hungarian-LGBT-activist-Times-100-influential.html<\/a><\/td>\n                    <td style=\"\">pozit\u00edv<\/td>\n                    <td style=\"\"><\/td>\n                    <td style=\"\">igen<\/td>\n                    <td style=\"\">angol<\/td>\n                    <td style=\"\"><\/td>\n            <\/tr>\n            <tr id=\"table_2_row_794\">\n                    <td style=\"\">2021.10.01<\/td>\n                    <td style=\"\"><a href='https:\/\/www.bloomberg.com\/' rel=' nofollow ' target='_blank'>https:\/\/www.bloomberg.com\/<\/a><\/td>\n                    <td style=\"\">Justin Spike<\/td>\n                    <td style=\"\">Hungarian LGBTQ Activist Among Time\u2019s 100 Most Influential<\/td>\n                    <td style=\"\">h\u00edr, besz\u00e1mol\u00f3, r\u00f6vid cikk<\/td>\n                    <td style=\"\"><a href='https:\/\/www.bloomberg.com\/news\/articles\/2021-10-01\/hungarian-lgbt-activist-among-time-s-100-most-influential' rel=' nofollow ' target='_blank'>https:\/\/www.bloomberg.com\/news\/articles\/2021-10-01\/hungarian-lgbt-activist-among-time-s-100-most-influential<\/a><\/td>\n                    <td style=\"\">pozit\u00edv<\/td>\n                    <td style=\"\"><\/td>\n                    <td style=\"\">igen<\/td>\n                    <td style=\"\">angol<\/td>\n                    <td style=\"\"><\/td>\n            <\/tr>\n            <tr id=\"table_2_row_795\">\n                    <td style=\"\">2021.10.03<\/td>\n                    <td style=\"\"><a href='http:\/\/www.kithirlevel.hu\/' rel=' nofollow ' target='_blank'>http:\/\/www.kithirlevel.hu\/<\/a><\/td>\n                    <td style=\"\"><\/td>\n                    <td style=\"\">Magyar tartalom a betiltott k\u00f6nyvek het\u00e9n - Az idei rendezv\u00e9ny a Rutgers Egyetemen (USA)<\/td>\n                    <td style=\"\">h\u00edr, besz\u00e1mol\u00f3, r\u00f6vid cikk<\/td>\n                    <td style=\"\"><a href='http:\/\/www.kithirlevel.hu\/index.php?kh=magyar_tartalom_a_betiltott_konyvek_heten_-_az_idei_rendezveny_a_rutgers_egyetemen_usa' rel=' nofollow ' target='_blank'>http:\/\/www.kithirlevel.hu\/index.php?kh=magyar_tartalom_a_betiltott_konyvek_heten_-_az_idei_rendezveny_a_rutgers_egyetemen_usa<\/a><\/td>\n                    <td style=\"\">pozit\u00edv<\/td>\n                    <td style=\"\"><\/td>\n                    <td style=\"\"><\/td>\n                    <td style=\"\"><\/td>\n                    <td style=\"\">Az okt. 4-i rutgers.edu cikk szeml\u00e9z\u00e9se<\/td>\n            <\/tr>\n            <tr id=\"table_2_row_796\">\n                    <td style=\"\">2021.10.04<\/td>\n                    <td style=\"\"><a href='https:\/\/sites.rutgers.edu\/' rel=' nofollow ' target='_blank'>https:\/\/sites.rutgers.edu\/<\/a><\/td>\n                    <td style=\"\">Judit Hajnal Ward<\/td>\n                    <td style=\"\">Just Say Yes to Banned Books Week outside the United States!<\/td>\n                    <td style=\"\">h\u00edr, besz\u00e1mol\u00f3, r\u00f6vid cikk<\/td>\n                    <td style=\"\"><a href='https:\/\/sites.rutgers.edu\/books-we-read\/banned-books-outside-us\/' rel=' nofollow ' target='_blank'>https:\/\/sites.rutgers.edu\/books-we-read\/banned-books-outside-us\/<\/a><\/td>\n                    <td style=\"\">pozit\u00edv<\/td>\n                    <td style=\"\"><\/td>\n                    <td style=\"\">igen<\/td>\n                    <td style=\"\">angol<\/td>\n                    <td style=\"\"><\/td>\n            <\/tr>\n            <tr id=\"table_2_row_797\">\n                    <td style=\"\">2021.10.04<\/td>\n                    <td style=\"\"><a href='http:\/\/www.kithirlevel.hu\/' rel=' nofollow ' target='_blank'>http:\/\/www.kithirlevel.hu\/<\/a><\/td>\n                    <td style=\"\"><\/td>\n                    <td style=\"\">Nagy sz\u00fcks\u00e9g volt a Meseorsz\u00e1g mindenki\u00e9 c. k\u00f6nyvre<\/td>\n                    <td style=\"\">h\u00edr, besz\u00e1mol\u00f3, r\u00f6vid cikk<\/td>\n                    <td style=\"\"><a href='http:\/\/www.kithirlevel.hu\/index.php?kh=nagy_szukseg_volt_a_meseorszag_mindenkie_c._konyvre' rel=' nofollow ' target='_blank'>http:\/\/www.kithirlevel.hu\/index.php?kh=nagy_szukseg_volt_a_meseorszag_mindenkie_c._konyvre<\/a><\/td>\n                    <td style=\"\">pozit\u00edv<\/td>\n                    <td style=\"\"><\/td>\n                    <td style=\"\"><\/td>\n                    <td style=\"\"><\/td>\n                    <td style=\"\">A szept. 28-as HVG-cikk szeml\u00e9z\u00e9se<\/td>\n            <\/tr>\n            <tr id=\"table_2_row_798\">\n                    <td style=\"\">2021.10.05<\/td>\n                    <td style=\"\"><a href='https:\/\/ateizmus.hu\/' rel=' nofollow ' target='_blank'>https:\/\/ateizmus.hu\/<\/a><\/td>\n                    <td style=\"\">Waldmann Tam\u00e1s<\/td>\n                    <td style=\"\">Ha&nbsp;el\u00e9g r\u00e9gi a mesek\u00f6nyv, akkor b\u00e1rmi szerepelhet benne<\/td>\n                    <td style=\"\">nyilatkozat<\/td>\n                    <td style=\"\"><a href='https:\/\/ateizmus.hu\/index.php\/blog\/ha-eleg-regi-mesekonyv-akkor-barmi-szerepelhet-benne' rel=' nofollow ' target='_blank'>https:\/\/ateizmus.hu\/index.php\/blog\/ha-eleg-regi-mesekonyv-akkor-barmi-szerepelhet-benne<\/a><\/td>\n                    <td style=\"\">pozit\u00edv<\/td>\n                    <td style=\"\"><\/td>\n                    <td style=\"\"><\/td>\n                    <td style=\"\"><\/td>\n                    <td style=\"\">K\u00f6z\u00e9rdek\u0171 bejelnt\u00e9s aBibli\u00e1r\u00f3l, mely szint\u00e9n nem a hagyom\u00e1nyos szereeket mutatja be<\/td>\n            <\/tr>\n            <tr id=\"table_2_row_799\">\n                    <td style=\"\">2021.10.06<\/td>\n                    <td style=\"\"><a href='https:\/\/www.athenaeum.nl\/' rel=' nofollow ' target='_blank'>https:\/\/www.athenaeum.nl\/<\/a><\/td>\n                    <td style=\"\"><\/td>\n                    <td style=\"\">Sprookjesland is van iedereen<\/td>\n                    <td style=\"\">egy\u00e9b<\/td>\n                    <td style=\"\"><a href='https:\/\/www.athenaeum.nl\/boek?authortitle=boldizsar-m-nagy\/sprookjesland-is-van-iedereen--9789090348827' rel=' nofollow ' target='_blank'>https:\/\/www.athenaeum.nl\/boek?authortitle=boldizsar-m-nagy\/sprookjesland-is-van-iedereen--9789090348827<\/a><\/td>\n                    <td style=\"\">semleges<\/td>\n                    <td style=\"\"><\/td>\n                    <td style=\"\">igen<\/td>\n                    <td style=\"\">holland<\/td>\n                    <td style=\"\">holland kiad\u00e1s, k\u00f6ynvesbolt hirdet\u00e9s<\/td>\n            <\/tr>\n            <tr id=\"table_2_row_800\">\n                    <td style=\"\">2021.10.06<\/td>\n                    <td style=\"\"><a href='https:\/\/www.boekhandelburger.nl\/' rel=' nofollow ' target='_blank'>https:\/\/www.boekhandelburger.nl\/<\/a><\/td>\n                    <td style=\"\"><\/td>\n                    <td style=\"\">Sprookjesland is van iedereen<\/td>\n                    <td style=\"\">egy\u00e9b<\/td>\n                    <td style=\"\"><a href='https:\/\/www.boekhandelburger.nl\/9789090348827\/sprookjesland-is-van-iedereen\/' rel=' nofollow ' target='_blank'>https:\/\/www.boekhandelburger.nl\/9789090348827\/sprookjesland-is-van-iedereen\/<\/a><\/td>\n                    <td style=\"\">semleges<\/td>\n                    <td style=\"\"><\/td>\n                    <td style=\"\">igen<\/td>\n                    <td style=\"\">holland<\/td>\n                    <td style=\"\">holland kiad\u00e1s, k\u00f6ynvesbolt hirdet\u00e9s<\/td>\n            <\/tr>\n            <tr id=\"table_2_row_801\">\n                    <td style=\"\">2021.10.09<\/td>\n                    <td style=\"\"><a href='https:\/\/psychoanalysis.hu\/' rel=' nofollow ' target='_blank'>https:\/\/psychoanalysis.hu\/<\/a><\/td>\n                    <td style=\"\">Csizmadia R\u00e1hel, K\u0151v\u00e1ry Zolt\u00e1n<\/td>\n                    <td style=\"\">Diverz meseh\u0151s\u00f6k hozz\u00e1j\u00e1rul\u00e1sa az inkluz\u00edv nemi identit\u00e1shoz<\/td>\n                    <td style=\"\">esem\u00e9ny<\/td>\n                    <td style=\"\"><a href='https:\/\/psychoanalysis.hu\/absztraktfuzet_2021' rel=' nofollow ' target='_blank'>https:\/\/psychoanalysis.hu\/absztraktfuzet_2021<\/a><\/td>\n                    <td style=\"\">pozit\u00edv<\/td>\n                    <td style=\"\"><\/td>\n                    <td style=\"\"><\/td>\n                    <td style=\"\"><\/td>\n                    <td style=\"\">El\u0151ad\u00e1s a Magyar Pszichoanalitikus Egyes\u00fclet XXVII. konferenci\u00e1j\u00e1n<\/td>\n            <\/tr>\n            <tr id=\"table_2_row_802\">\n                    <td style=\"\">2021.10.14<\/td>\n                    <td style=\"\"><a href='https:\/\/www.frauenkultur-leipzig.de\/' rel=' nofollow ' target='_blank'>https:\/\/www.frauenkultur-leipzig.de\/<\/a><\/td>\n                    <td style=\"\"><\/td>\n                    <td style=\"\">Das 28. Leipziger Lesben*Treffen | Das LeLeTre 2021<\/td>\n                    <td style=\"\">egy\u00e9b<\/td>\n                    <td style=\"\"><a href='https:\/\/www.frauenkultur-leipzig.de\/angebote\/aktuelle-projekte\/leletre-leipziger-lesbentreffen\/' rel=' nofollow ' target='_blank'>https:\/\/www.frauenkultur-leipzig.de\/angebote\/aktuelle-projekte\/leletre-leipziger-lesbentreffen\/<\/a><\/td>\n                    <td style=\"\">pozit\u00edv<\/td>\n                    <td style=\"\"><\/td>\n                    <td style=\"\">igen<\/td>\n                    <td style=\"\">n\u00e9met, angol<\/td>\n                    <td style=\"\">Konferencia: benne R\u00e9dai D\u00f3ri el\u0151ad\u00e1sa: Ungarn unter dem Regenbogen<\/td>\n            <\/tr>\n            <tr id=\"table_2_row_803\">\n                    <td style=\"\">2021.10.14<\/td>\n                    <td style=\"\"><a href='https:\/\/www.volkskrant.nl\/' rel=' nofollow ' target='_blank'>https:\/\/www.volkskrant.nl\/<\/a><\/td>\n                    <td style=\"\">Olaf Tempelman<\/td>\n                    <td style=\"\"><\/td>\n                    <td style=\"\">hir r\u00f6vid cikk<\/td>\n                    <td style=\"\"><a href='https:\/\/www.volkskrant.nl\/cultuur-media\/er-was-eens-een-land-waar-de-premier-niets-van-lhbti-ers-moest-hebben~bb4ee2f0\/' rel=' nofollow ' target='_blank'>https:\/\/www.volkskrant.nl\/cultuur-media\/er-was-eens-een-land-waar-de-premier-niets-van-lhbti-ers-moest-hebben~bb4ee2f0\/<\/a><\/td>\n                    <td style=\"\">semleges<\/td>\n                    <td style=\"\"><\/td>\n                    <td style=\"\">igen<\/td>\n                    <td style=\"\">holland<\/td>\n                    <td style=\"\">H\u00edr a holland ford\u00edt\u00e1sr\u00f3l<\/td>\n            <\/tr>\n            <tr id=\"table_2_row_804\">\n                    <td style=\"\">2021.10.15<\/td>\n                    <td style=\"\"><a href='https:\/\/lithub.com\/' rel=' nofollow ' target='_blank'>https:\/\/lithub.com\/<\/a><\/td>\n                    <td style=\"\">keen On<\/td>\n                    <td style=\"\">Dorottya R\u00e9dai on the Importance of LGBTQ Fairy Tales<\/td>\n                    <td style=\"\">interj\u00fa<\/td>\n                    <td style=\"\"><a href='https:\/\/lithub.com\/dorottya-redai-on-the-importance-of-lgbtq-fairy-tales\/' rel=' nofollow ' target='_blank'>https:\/\/lithub.com\/dorottya-redai-on-the-importance-of-lgbtq-fairy-tales\/<\/a><\/td>\n                    <td style=\"\">semleges<\/td>\n                    <td style=\"\"><\/td>\n                    <td style=\"\">igen<\/td>\n                    <td style=\"\">angol<\/td>\n                    <td style=\"\"><\/td>\n            <\/tr>\n            <tr id=\"table_2_row_805\">\n                    <td style=\"\">2021.10.15<\/td>\n                    <td style=\"\"><a href='https:\/\/www.demorgen.be\/' rel=' nofollow ' target='_blank'>https:\/\/www.demorgen.be\/<\/a><\/td>\n                    <td style=\"\"><\/td>\n                    <td style=\"\">Een politica haalde het door de versnipperaar, en toch werd dit Hongaarse sprookjesboek met lgbtq+-personages een bestseller<\/td>\n                    <td style=\"\">interj\u00fa<\/td>\n                    <td style=\"\"><a href='https:\/\/www.demorgen.be\/politiek\/een-politica-haalde-het-door-de-versnipperaar-en-toch-werd-dit-hongaarse-sprookjesboek-met-lgbtq-personages-een-bestseller~b1cc27ab\/' rel=' nofollow ' target='_blank'>https:\/\/www.demorgen.be\/politiek\/een-politica-haalde-het-door-de-versnipperaar-en-toch-werd-dit-hongaarse-sprookjesboek-met-lgbtq-personages-een-bestseller~b1cc27ab\/<\/a><\/td>\n                    <td style=\"\">pozit\u00edv<\/td>\n                    <td style=\"\"><\/td>\n                    <td style=\"\">igen<\/td>\n                    <td style=\"\">holland<\/td>\n                    <td style=\"\">Interj\u00fa Nagy Boldizs\u00e1rral<\/td>\n            <\/tr>\n            <tr id=\"table_2_row_806\">\n                    <td style=\"\">2021.10.21<\/td>\n                    <td style=\"\"><a href='https:\/\/trinambai.se\/' rel=' nofollow ' target='_blank'>https:\/\/trinambai.se\/<\/a><\/td>\n                    <td style=\"\"><\/td>\n                    <td style=\"\">Trinambai ger ut den internationellt uppm\u00e4rksammade barnboken Sagolandet tillh\u00f6r alla<\/td>\n                    <td style=\"\">h\u00edr, besz\u00e1mol\u00f3, r\u00f6vid cikk<\/td>\n                    <td style=\"\"><a href='https:\/\/trinambai.se\/trinambai-ger-ut-den-internationellt-uppmarksammade-barnboken-sagolandet-tillhor-alla\/' rel=' nofollow ' target='_blank'>https:\/\/trinambai.se\/trinambai-ger-ut-den-internationellt-uppmarksammade-barnboken-sagolandet-tillhor-alla\/<\/a><\/td>\n                    <td style=\"\">semleges<\/td>\n                    <td style=\"\"><\/td>\n                    <td style=\"\">sv\u00e9d<\/td>\n                    <td style=\"\">a sv\u00e9d kiad\u00e1sr\u00f3l<\/td>\n                    <td style=\"\"><\/td>\n            <\/tr>\n            <tr id=\"table_2_row_807\">\n                    <td style=\"\">2021.10.31<\/td>\n                    <td style=\"\"><a href='https:\/\/magyarszalon.nl\/' rel=' nofollow ' target='_blank'>https:\/\/magyarszalon.nl\/<\/a><\/td>\n                    <td style=\"\"><\/td>\n                    <td style=\"\">H\u00e1rmas k\u00f6nyvbemutat\u00f3<\/td>\n                    <td style=\"\">esem\u00e9ny<\/td>\n                    <td style=\"\"><a href='https:\/\/magyarszalon.nl\/2021\/11\/11\/harmas-konyvbemutato\/' rel=' nofollow ' target='_blank'>https:\/\/magyarszalon.nl\/2021\/11\/11\/harmas-konyvbemutato\/<\/a><\/td>\n                    <td style=\"\">pozit\u00edv<\/td>\n                    <td style=\"\"><\/td>\n                    <td style=\"\">igen<\/td>\n                    <td style=\"\">holland<\/td>\n                    <td style=\"\">A k\u00f6nyv holland kiad\u00f3j\u00e1val, Simone Jacobsszal, \u00e9s ford\u00edt\u00f3j\u00e1val, Alf\u00f6ldy Marival besz\u00e9lget R\u00e9thelyi Orsolya.<\/td>\n            <\/tr>\n            <tr id=\"table_2_row_808\">\n                    <td style=\"\">2021.10.31<\/td>\n                    <td style=\"\"><a href='https:\/\/www.ijb.de\/' rel=' nofollow ' target='_blank'>https:\/\/www.ijb.de\/<\/a><\/td>\n                    <td style=\"\"><\/td>\n                    <td style=\"\">The White Ravens 2021<\/td>\n                    <td style=\"\">egy\u00e9b<\/td>\n                    <td style=\"\"><a href='https:\/\/www.ijb.de\/en\/publications\/single\/the-white-ravens-2021' rel=' nofollow ' target='_blank'>https:\/\/www.ijb.de\/en\/publications\/single\/the-white-ravens-2021<\/a><\/td>\n                    <td style=\"\">pozit\u00edv<\/td>\n                    <td style=\"\"><\/td>\n                    <td style=\"\">igen<\/td>\n                    <td style=\"\">angol<\/td>\n                    <td style=\"\">The White Ravens 2021 katal\u00f3gus<\/td>\n            <\/tr>\n            <tr id=\"table_2_row_809\">\n                    <td style=\"\">2021.10.31<\/td>\n                    <td style=\"\"><a href='https:\/\/whiteravens.ijb.de\/' rel=' nofollow ' target='_blank'>https:\/\/whiteravens.ijb.de\/<\/a><\/td>\n                    <td style=\"\"><\/td>\n                    <td style=\"\">The White Ravens Database<\/td>\n                    <td style=\"\">egy\u00e9b<\/td>\n                    <td style=\"\"><a href='https:\/\/whiteravens.ijb.de\/book\/2132' rel=' nofollow ' target='_blank'>https:\/\/whiteravens.ijb.de\/book\/2132<\/a><\/td>\n                    <td style=\"\">pozit\u00edv<\/td>\n                    <td style=\"\"><\/td>\n                    <td style=\"\">igen<\/td>\n                    <td style=\"\">angol<\/td>\n                    <td style=\"\">Meseorsz\u00e1g a The White Ravens 2021 katal\u00f3gusban<\/td>\n            <\/tr>\n            <tr id=\"table_2_row_810\">\n                    <td style=\"\">2021.11.03<\/td>\n                    <td style=\"\"><a href='https:\/\/24.hu\/' rel=' nofollow ' target='_blank'>https:\/\/24.hu\/<\/a><\/td>\n                    <td style=\"\">Benke \u00c1gnes<\/td>\n                    <td style=\"\">Egymilli\u00f3s s\u00e9relemd\u00edjat kell fizetnie a Mediaworksnek a Meseorsz\u00e1g mindenki\u00e9 c\u00edm\u0171 k\u00f6nyvet kiad\u00f3 egyes\u00fclet sz\u00e1m\u00e1ra<\/td>\n                    <td style=\"\">h\u00edr, besz\u00e1mol\u00f3, r\u00f6vid cikk<\/td>\n                    <td style=\"\"><a href='https:\/\/24.hu\/belfold\/2021\/11\/03\/meseorszag-mindenkie-serelemdij-magyar-nemzet-labrisz-egyesulet\/' rel=' nofollow ' target='_blank'>https:\/\/24.hu\/belfold\/2021\/11\/03\/meseorszag-mindenkie-serelemdij-magyar-nemzet-labrisz-egyesulet\/<\/a><\/td>\n                    <td style=\"\">pozit\u00edv<\/td>\n                    <td style=\"\"><\/td>\n                    <td style=\"\"><\/td>\n                    <td style=\"\"><\/td>\n                    <td style=\"\">h\u00edr arr\u00f3l, hogy s\u00e9relemd\u00edjra jogosult az egyes\u00fclet<\/td>\n            <\/tr>\n            <tr id=\"table_2_row_811\">\n                    <td style=\"\">2021.11.03<\/td>\n                    <td style=\"\"><a href='https:\/\/helsinki.hu\/' rel=' nofollow ' target='_blank'>https:\/\/helsinki.hu\/<\/a><\/td>\n                    <td style=\"\"><\/td>\n                    <td style=\"\">Hazugs\u00e1got terjesztett a Magyar Nemzet, s\u00e9relemd\u00edjat kell fizetnie a Labrisznak<\/td>\n                    <td style=\"\">h\u00edr, besz\u00e1mol\u00f3, r\u00f6vid cikk<\/td>\n                    <td style=\"\"><a href='https:\/\/helsinki.hu\/hazug-ragalmat-terjesztett-a-magyar-nemzet-serelemdijat-kell-fizetnie-a-labrisznak\/' rel=' nofollow ' target='_blank'>https:\/\/helsinki.hu\/hazug-ragalmat-terjesztett-a-magyar-nemzet-serelemdijat-kell-fizetnie-a-labrisznak\/<\/a><\/td>\n                    <td style=\"\">semleges<\/td>\n                    <td style=\"\"><\/td>\n                    <td style=\"\"><\/td>\n                    <td style=\"\"><\/td>\n                    <td style=\"\">a nem joger\u0151s \u00edt\u00e9letr\u0151l sz\u00f3l\u00f3 h\u00edr<\/td>\n            <\/tr>\n            <tr id=\"table_2_row_812\">\n                    <td style=\"\">2021.11.03<\/td>\n                    <td style=\"\"><a href='https:\/\/hvg.hu\/' rel=' nofollow ' target='_blank'>https:\/\/hvg.hu\/<\/a><\/td>\n                    <td style=\"\"><\/td>\n                    <td style=\"\">Meseoraz\u00e1d Mindenki\u00e9 -\u00fcgy : A Magyar Nemzet egymilli\u00f3t fizethet s\u00e9relemd\u00edjk\u00e9nt<\/td>\n                    <td style=\"\">h\u00edr, besz\u00e1mol\u00f3, r\u00f6vid cikk<\/td>\n                    <td style=\"\"><a href='https:\/\/hvg.hu\/elet\/20211103_magyar_nemzet_meseorszag_mindenkie_mediaworks_labrisz' rel=' nofollow ' target='_blank'>https:\/\/hvg.hu\/elet\/20211103_magyar_nemzet_meseorszag_mindenkie_mediaworks_labrisz<\/a><\/td>\n                    <td style=\"\">pozit\u00edv<\/td>\n                    <td style=\"\"><\/td>\n                    <td style=\"\"><\/td>\n                    <td style=\"\"><\/td>\n                    <td style=\"\"><\/td>\n            <\/tr>\n            <tr id=\"table_2_row_813\">\n                    <td style=\"\">2021.11.03<\/td>\n                    <td style=\"\"><a href='https:\/\/telex.hu\/' rel=' nofollow ' target='_blank'>https:\/\/telex.hu\/<\/a><\/td>\n                    <td style=\"\">Moln\u00e1r R\u00e9ka<\/td>\n                    <td style=\"\">Egymilli\u00f3 forintot kell fizetnie a Magyar Nemzetnek, ami\u00e9rt cikk\u00fckben pedof\u00edli\u00e1nak nevezt\u00e9k a Meseorsz\u00e1g Mindenki\u00e9-t<\/td>\n                    <td style=\"\">h\u00edr, besz\u00e1mol\u00f3, r\u00f6vid cikk<\/td>\n                    <td style=\"\"><a href='https:\/\/telex.hu\/belfold\/2021\/11\/03\/magyar-nemzet-helsinki-bizottsag' rel=' nofollow ' target='_blank'>https:\/\/telex.hu\/belfold\/2021\/11\/03\/magyar-nemzet-helsinki-bizottsag<\/a><\/td>\n                    <td style=\"\">semleges<\/td>\n                    <td style=\"\"><\/td>\n                    <td style=\"\"><\/td>\n                    <td style=\"\"><\/td>\n                    <td style=\"\"><\/td>\n            <\/tr>\n            <tr id=\"table_2_row_814\">\n                    <td style=\"\">2021.11.04<\/td>\n                    <td style=\"\"><a href='https:\/\/szentkoronaradio.com\/' rel=' nofollow ' target='_blank'>https:\/\/szentkoronaradio.com\/<\/a><\/td>\n                    <td style=\"\"><\/td>\n                    <td style=\"\">LMBTQP szervezet kap haz\u00e1nkban milli\u00f3s s\u00e9relemd\u00edjat a korm\u00e1nym\u00e9di\u00e1t\u00f3l<\/td>\n                    <td style=\"\">h\u00edr, besz\u00e1mol\u00f3, r\u00f6vid cikk<\/td>\n                    <td style=\"\"><a href='https:\/\/szentkoronaradio.com\/blog\/2021\/11\/04\/lmbtqp-szervezet-kap-hazankban-millios-serelemdijat-a-kormanymediatol\/' rel=' nofollow ' target='_blank'>https:\/\/szentkoronaradio.com\/blog\/2021\/11\/04\/lmbtqp-szervezet-kap-hazankban-millios-serelemdijat-a-kormanymediatol\/<\/a><\/td>\n                    <td style=\"\">negat\u00edv<\/td>\n                    <td style=\"\"><\/td>\n                    <td style=\"\"><\/td>\n                    <td style=\"\"><\/td>\n                    <td style=\"\"><\/td>\n            <\/tr>\n            <tr id=\"table_2_row_815\">\n                    <td style=\"\">2021.11.15<\/td>\n                    <td style=\"\"><a href='https:\/\/missy-magazine.de\/' rel=' nofollow ' target='_blank'>https:\/\/missy-magazine.de\/<\/a><\/td>\n                    <td style=\"\">Katrin Kremmeler<\/td>\n                    <td style=\"\">Kein Happy End<\/td>\n                    <td style=\"\">hir r\u00f6vid cikk<\/td>\n                    <td style=\"\"><a href='https:\/\/missy-magazine.de\/blog\/2021\/11\/15\/kein-happy-end\/' rel=' nofollow ' target='_blank'>https:\/\/missy-magazine.de\/blog\/2021\/11\/15\/kein-happy-end\/<\/a><\/td>\n                    <td style=\"\">pozit\u00edv<\/td>\n                    <td style=\"\"><\/td>\n                    <td style=\"\">igen<\/td>\n                    <td style=\"\">n\u00e9met<\/td>\n                    <td style=\"\"><\/td>\n            <\/tr>\n            <tr id=\"table_2_row_816\">\n                    <td style=\"\">2021.11.20<\/td>\n                    <td style=\"\"><a href='https:\/\/szemlelek.net\/' rel=' nofollow ' target='_blank'>https:\/\/szemlelek.net\/<\/a><\/td>\n                    <td style=\"\">Koroknai Zolt\u00e1n<\/td>\n                    <td style=\"\">Koronkai Zolt\u00e1n: Az LMBT-propaganda sok esetben nemcsak az \u00f6nelfogad\u00e1st hirdeti<\/td>\n                    <td style=\"\">recenzi\u00f3<\/td>\n                    <td style=\"\"><a href='https:\/\/szemlelek.net\/koronkai-zoltan-lmbt\/' rel=' nofollow ' target='_blank'>https:\/\/szemlelek.net\/koronkai-zoltan-lmbt\/<\/a><\/td>\n                    <td style=\"\">negat\u00edv<\/td>\n                    <td style=\"\"><\/td>\n                    <td style=\"\"><\/td>\n                    <td style=\"\"><\/td>\n                    <td style=\"\"><\/td>\n            <\/tr>\n            <tr id=\"table_2_row_817\">\n                    <td style=\"\">2021.12.03<\/td>\n                    <td style=\"\"><a href='https:\/\/buchmarkt.de\/' rel=' nofollow ' target='_blank'>https:\/\/buchmarkt.de\/<\/a><\/td>\n                    <td style=\"\"><\/td>\n                    <td style=\"\">\u201eM\u00e4rchenland f\u00fcr alle\u201c erscheint im Fr\u00fchjahr als STERN-Buch<\/td>\n                    <td style=\"\">hir r\u00f6vid cikk<\/td>\n                    <td style=\"\"><a href='https:\/\/buchmarkt.de\/meldungen\/maerchenland-fuer-alle-erscheint-im-fruehjahr-als-stern-buch\/' rel=' nofollow ' target='_blank'>https:\/\/buchmarkt.de\/meldungen\/maerchenland-fuer-alle-erscheint-im-fruehjahr-als-stern-buch\/<\/a><\/td>\n                    <td style=\"\">pozit\u00edv<\/td>\n                    <td style=\"\"><\/td>\n                    <td style=\"\">igen<\/td>\n                    <td style=\"\">n\u00e9met<\/td>\n                    <td style=\"\">n\u00e9met kiad\u00e1s<\/td>\n            <\/tr>\n            <tr id=\"table_2_row_818\">\n                    <td style=\"\">2021.12.03<\/td>\n                    <td style=\"\"><a href='https:\/\/mannschaft.com\/' rel=' nofollow ' target='_blank'>https:\/\/mannschaft.com\/<\/a><\/td>\n                    <td style=\"\">Kriss Rudolph<\/td>\n                    <td style=\"\">Von Viktor Orb\u00e1n gef\u00fcrchtet: M\u00e4rchenbuch erscheint auf Deutsch<\/td>\n                    <td style=\"\">hir r\u00f6vid cikk<\/td>\n                    <td style=\"\"><a href='https:\/\/mannschaft.com\/von-viktor-orban-gefuerchtet-maerchenbuch-erscheint-auf-deutsch\/' rel=' nofollow ' target='_blank'>https:\/\/mannschaft.com\/von-viktor-orban-gefuerchtet-maerchenbuch-erscheint-auf-deutsch\/<\/a><\/td>\n                    <td style=\"\">pozit\u00edv<\/td>\n                    <td style=\"\"><\/td>\n                    <td style=\"\">igen<\/td>\n                    <td style=\"\">n\u00e9met<\/td>\n                    <td style=\"\"><\/td>\n            <\/tr>\n            <tr id=\"table_2_row_819\">\n                    <td style=\"\">2021.12.06<\/td>\n                    <td style=\"\"><a href='https:\/\/www.lesering.de\/' rel=' nofollow ' target='_blank'>https:\/\/www.lesering.de\/<\/a><\/td>\n                    <td style=\"\"><\/td>\n                    <td style=\"\">Umstrittenes Kinderbuch \"M\u00e4rchenland f\u00fcr alle\" kommt nach Deutschland<\/td>\n                    <td style=\"\">hir r\u00f6vid cikk<\/td>\n                    <td style=\"\"><a href='https:\/\/www.lesering.de\/id\/4904075\/Umstrittenes-Kinderbuch-Marchenland-fur-alle-kommt-nach-Deutschland\/' rel=' nofollow ' target='_blank'>https:\/\/www.lesering.de\/id\/4904075\/Umstrittenes-Kinderbuch-Marchenland-fur-alle-kommt-nach-Deutschland\/<\/a><\/td>\n                    <td style=\"\">semleges<\/td>\n                    <td style=\"\"><\/td>\n                    <td style=\"\">igen<\/td>\n                    <td style=\"\">n\u00e9met<\/td>\n                    <td style=\"\">h\u00edr a n\u00e9met kiad\u00e1sr\u00f3l<\/td>\n            <\/tr>\n            <tr id=\"table_2_row_820\">\n                    <td style=\"\">2021.12.08<\/td>\n                    <td style=\"\"><a href='https:\/\/www.facebook.com\/' rel=' nofollow ' target='_blank'>https:\/\/www.facebook.com\/<\/a><\/td>\n                    <td style=\"\"><\/td>\n                    <td style=\"\">Besz\u00e9lget\u00e9s Lengyelorsz\u00e1gban a Mayar helyzetr\u0151l a mesek\u00f6nyv kapcs\u00e1n<\/td>\n                    <td style=\"\">esem\u00e9ny<\/td>\n                    <td style=\"\"><a href='https:\/\/www.facebook.com\/events\/294365929246584' rel=' nofollow ' target='_blank'>https:\/\/www.facebook.com\/events\/294365929246584<\/a><\/td>\n                    <td style=\"\">pozit\u00edv<\/td>\n                    <td style=\"\">fb<\/td>\n                    <td style=\"\"><\/td>\n                    <td style=\"\"><\/td>\n                    <td style=\"\"><\/td>\n            <\/tr>\n            <tr id=\"table_2_row_821\">\n                    <td style=\"\">2021.12.14<\/td>\n                    <td style=\"\"><a href='https:\/\/duhovyrok.sk\/' rel=' nofollow ' target='_blank'>https:\/\/duhovyrok.sk\/<\/a><\/td>\n                    <td style=\"\">Dominika Chrastov\u00e1<\/td>\n                    <td style=\"\">Boldizs\u00e1r Nagy: Kni\u017eka mi pomohla \u010deli\u0165 internalizovanej homof\u00f3bii<\/td>\n                    <td style=\"\">interj\u00fa<\/td>\n                    <td style=\"\"><a href='https:\/\/duhovyrok.sk\/qys\/boldizsar-nagy-knizka-mi-pomohla-celit-internalizovanej-homofobii\/' rel=' nofollow ' target='_blank'>https:\/\/duhovyrok.sk\/qys\/boldizsar-nagy-knizka-mi-pomohla-celit-internalizovanej-homofobii\/<\/a><\/td>\n                    <td style=\"\">pozit\u00edv<\/td>\n                    <td style=\"\"><\/td>\n                    <td style=\"\">igen<\/td>\n                    <td style=\"\">szlov\u00e1k<\/td>\n                    <td style=\"\">Interj\u00fa Nagy Boldizs\u00e1rral<\/td>\n            <\/tr>\n            <tr id=\"table_2_row_822\">\n                    <td style=\"\">2021.12.17<\/td>\n                    <td style=\"\"><a href='https:\/\/br-fr.facebook.com\/' rel=' nofollow ' target='_blank'>https:\/\/br-fr.facebook.com\/<\/a><\/td>\n                    <td style=\"\"><\/td>\n                    <td style=\"\">Sz\u00ednh\u00e1z: Meseorsz\u00e1g nem midenki\u00e9<\/td>\n                    <td style=\"\">esem\u00e9ny<\/td>\n                    <td style=\"\"><a href='https:\/\/br-fr.facebook.com\/events\/3808863452673023\/' rel=' nofollow ' target='_blank'>https:\/\/br-fr.facebook.com\/events\/3808863452673023\/<\/a><\/td>\n                    <td style=\"\">pozit\u00edv<\/td>\n                    <td style=\"\">fb<\/td>\n                    <td style=\"\"><\/td>\n                    <td style=\"\"><\/td>\n                    <td style=\"\">bemutat\u00f3<\/td>\n            <\/tr>\n            <tr id=\"table_2_row_823\">\n                    <td style=\"\">2021.12.20<\/td>\n                    <td style=\"\"><a href='https:\/\/www.facebook.com\/' rel=' nofollow ' target='_blank'>https:\/\/www.facebook.com\/<\/a><\/td>\n                    <td style=\"\"><\/td>\n                    <td style=\"\">szlov\u00e9n fesztiv\u00e1lon besz\u00e9lget\u00e9s a mesek\u00f6nyvr\u0151l<\/td>\n                    <td style=\"\">esem\u00e9ny<\/td>\n                    <td style=\"\"><a href='https:\/\/www.facebook.com\/events\/464067501826729\/' rel=' nofollow ' target='_blank'>https:\/\/www.facebook.com\/events\/464067501826729\/<\/a><\/td>\n                    <td style=\"\">pozit\u00edv<\/td>\n                    <td style=\"\">fb<\/td>\n                    <td style=\"\"><\/td>\n                    <td style=\"\"><\/td>\n                    <td style=\"\"><\/td>\n            <\/tr>\n            <tr id=\"table_2_row_824\">\n                    <td style=\"\">2021.12.21<\/td>\n                    <td style=\"\"><a href='https:\/\/www.facebook.com\/' rel=' nofollow ' target='_blank'>https:\/\/www.facebook.com\/<\/a><\/td>\n                    <td style=\"\">Brane Mozetic<\/td>\n                    <td style=\"\">Brane Mozetic \u00e9ppen most fot\u00f3ja a SKUC gallery k\u00e9p<\/td>\n                    <td style=\"\">fb-poszt<\/td>\n                    <td style=\"\"><a href='https:\/\/www.facebook.com\/photo?fbid=10160455727873094&amp;set=a.104592168093' rel=' nofollow ' target='_blank'>https:\/\/www.facebook.com\/photo?fbid=10160455727873094&amp;set=a.104592168093<\/a><\/td>\n                    <td style=\"\">pozit\u00edv<\/td>\n                    <td style=\"\">fb<\/td>\n                    <td style=\"\"><\/td>\n                    <td style=\"\"><\/td>\n                    <td style=\"\"><\/td>\n            <\/tr>\n            <tr id=\"table_2_row_825\">\n                    <td style=\"\">2021.12.21<\/td>\n                    <td style=\"\"><a href='https:\/\/www.englishpen.org\/' rel=' nofollow ' target='_blank'>https:\/\/www.englishpen.org\/<\/a><\/td>\n                    <td style=\"\"><\/td>\n                    <td style=\"\">PEN Translates awards announced<\/td>\n                    <td style=\"\">egy\u00e9b<\/td>\n                    <td style=\"\"><a href='https:\/\/www.englishpen.org\/posts\/news\/pen-translates-awards-announced-3\/' rel=' nofollow ' target='_blank'>https:\/\/www.englishpen.org\/posts\/news\/pen-translates-awards-announced-3\/<\/a><\/td>\n                    <td style=\"\">pozit\u00edv<\/td>\n                    <td style=\"\"><\/td>\n                    <td style=\"\">igen<\/td>\n                    <td style=\"\">holland<\/td>\n                    <td style=\"\">kih\u00edrdett\u00e9k a PEN translates d\u00edjat<\/td>\n            <\/tr>\n            <tr id=\"table_2_row_826\">\n                    <td style=\"\">2021.12.31<\/td>\n                    <td style=\"\"><a href='https:\/\/diverse-kinderbucher.simplecast.com\/' rel=' nofollow ' target='_blank'>https:\/\/diverse-kinderbucher.simplecast.com\/<\/a><\/td>\n                    <td style=\"\">podcastwerkstatt<\/td>\n                    <td style=\"\">Queere kinderb\u00fccher<\/td>\n                    <td style=\"\">podcast<\/td>\n                    <td style=\"\"><a href='https:\/\/diverse-kinderbucher.simplecast.com\/episodes\/bonus-16-queere-kinderbucher' rel=' nofollow ' target='_blank'>https:\/\/diverse-kinderbucher.simplecast.com\/episodes\/bonus-16-queere-kinderbucher<\/a><\/td>\n                    <td style=\"\">pozit\u00edv<\/td>\n                    <td style=\"\"><\/td>\n                    <td style=\"\">igen<\/td>\n                    <td style=\"\">n\u00e9met<\/td>\n                    <td style=\"\">Carla gyerekk\u00f6nyvekr\u0151l besz\u00e9l a podcastban<\/td>\n            <\/tr>\n            <tr id=\"table_2_row_827\">\n                    <td style=\"\">2022.01.01<\/td>\n                    <td style=\"\"><a href='https:\/\/' rel=' nofollow ' target='_blank'>https:\/\/<\/a><\/td>\n                    <td style=\"\">Katona Nikolas<\/td>\n                    <td style=\"\">Sz\u00fcks\u00e9g\u00fcnk van-e modern mes\u00e9kre?<\/td>\n                    <td style=\"\">recenzi\u00f3<\/td>\n                    <td style=\"\"><a href='https:\/\/katedra.sk\/Folyoirat\/29\/05\/index.html#p=19' rel=' nofollow ' target='_blank'>https:\/\/katedra.sk\/Folyoirat\/29\/05\/index.html#p=19<\/a><\/td>\n                    <td style=\"\">pozit\u00edv<\/td>\n                    <td style=\"\"><\/td>\n                    <td style=\"\">igen<\/td>\n                    <td style=\"\"><\/td>\n                    <td style=\"\"><\/td>\n            <\/tr>\n            <tr id=\"table_2_row_828\">\n                    <td style=\"\">2022.01.02<\/td>\n                    <td style=\"\"><a href='https:\/\/www.instagram.com\/' rel=' nofollow ' target='_blank'>https:\/\/www.instagram.com\/<\/a><\/td>\n                    <td style=\"\">buuu.ch<\/td>\n                    <td style=\"\">k\u00e9p \u00e9s le\u00edr\u00e1s a k\u00f6nyvr\u0151l<\/td>\n                    <td style=\"\">instagram poszt<\/td>\n                    <td style=\"\"><a href='https:\/\/www.instagram.com\/p\/CYPB3teMY5s' rel=' nofollow ' target='_blank'>https:\/\/www.instagram.com\/p\/CYPB3teMY5s<\/a><\/td>\n                    <td style=\"\">pozit\u00edv<\/td>\n                    <td style=\"\"><\/td>\n                    <td style=\"\">igen<\/td>\n                    <td style=\"\">n\u00e9met (sv\u00e1jci)<\/td>\n                    <td style=\"\">k\u00f6nyvesbolt posztja<\/td>\n            <\/tr>\n            <tr id=\"table_2_row_829\">\n                    <td style=\"\">2022.01.19<\/td>\n                    <td style=\"\"><a href='https:\/\/alturi.org\/' rel=' nofollow ' target='_blank'>https:\/\/alturi.org\/<\/a><\/td>\n                    <td style=\"\">Sarah Leistico<\/td>\n                    <td style=\"\">Dorottya Redai \u2014 A Fairy Tale for Everyone, Hungary<\/td>\n                    <td style=\"\">interj\u00fa<\/td>\n                    <td style=\"\"><a href='https:\/\/alturi.org\/feature_items\/dorottya-redai-a-fairy-tale-for-everyone-hungary\/' rel=' nofollow ' target='_blank'>https:\/\/alturi.org\/feature_items\/dorottya-redai-a-fairy-tale-for-everyone-hungary\/<\/a><\/td>\n                    <td style=\"\">pozit\u00edv<\/td>\n                    <td style=\"\"><\/td>\n                    <td style=\"\">igen<\/td>\n                    <td style=\"\">angol<\/td>\n                    <td style=\"\">Besz\u00e9lget\u00e9s R\u00e9dai Dorotty\u00e1val<\/td>\n            <\/tr>\n            <tr id=\"table_2_row_830\">\n                    <td style=\"\">2022.02.01<\/td>\n                    <td style=\"\"><a href='https:\/\/helsinki.hu\/' rel=' nofollow ' target='_blank'>https:\/\/helsinki.hu\/<\/a><\/td>\n                    <td style=\"\"><\/td>\n                    <td style=\"\">A korm\u00e1nyf\u0151 hamis sz\u00f6vege perd\u00f6nt\u0151nek bizonyult egy mai perben<\/td>\n                    <td style=\"\">h\u00edr, besz\u00e1mol\u00f3, r\u00f6vid cikk<\/td>\n                    <td style=\"\"><a href='https:\/\/helsinki.hu\/a-kormanyfo-hamis-szovege-perdontonek-bizonyult-egy-mai-perben\/' rel=' nofollow ' target='_blank'>https:\/\/helsinki.hu\/a-kormanyfo-hamis-szovege-perdontonek-bizonyult-egy-mai-perben\/<\/a><\/td>\n                    <td style=\"\">semleges<\/td>\n                    <td style=\"\"><\/td>\n                    <td style=\"\"><\/td>\n                    <td style=\"\"><\/td>\n                    <td style=\"\"><\/td>\n            <\/tr>\n            <tr id=\"table_2_row_831\">\n                    <td style=\"\">2022.02.01<\/td>\n                    <td style=\"\"><a href='https:\/\/magyarnemzet.hu\/' rel=' nofollow ' target='_blank'>https:\/\/magyarnemzet.hu\/<\/a><\/td>\n                    <td style=\"\">Szem\u00e1n L\u00e1szl\u00f3 J\u00e1nos<\/td>\n                    <td style=\"\">A Labrisz Leszbikus Egyes\u00fclet m\u00e1sodfokon pert vesztett a Mediaworks ellen<\/td>\n                    <td style=\"\">h\u00edr, besz\u00e1mol\u00f3, r\u00f6vid cikk<\/td>\n                    <td style=\"\"><a href='https:\/\/magyarnemzet.hu\/belfold\/2022\/02\/a-labrisz-leszbikus-egyesulet-masodfokon-pert-vesztett-a-mediaworks-ellen' rel=' nofollow ' target='_blank'>https:\/\/magyarnemzet.hu\/belfold\/2022\/02\/a-labrisz-leszbikus-egyesulet-masodfokon-pert-vesztett-a-mediaworks-ellen<\/a><\/td>\n                    <td style=\"\">negat\u00edv<\/td>\n                    <td style=\"\"><\/td>\n                    <td style=\"\"><\/td>\n                    <td style=\"\"><\/td>\n                    <td style=\"\"><\/td>\n            <\/tr>\n            <tr id=\"table_2_row_832\">\n                    <td style=\"\">2022.02.01<\/td>\n                    <td style=\"\"><a href='https:\/\/www.youtube.com\/' rel=' nofollow ' target='_blank'>https:\/\/www.youtube.com\/<\/a><\/td>\n                    <td style=\"\">Labrisz<\/td>\n                    <td style=\"\">Lepedofilozt\u00e1k a Labriszt - v\u00e9lem\u00e9ny\u00fcnk az \u00edt\u00e9letr\u0151l<\/td>\n                    <td style=\"\">vide\u00f3<\/td>\n                    <td style=\"\"><a href='https:\/\/www.youtube.com\/watch?v=MC59JKOVM7g' rel=' nofollow ' target='_blank'>https:\/\/www.youtube.com\/watch?v=MC59JKOVM7g<\/a><\/td>\n                    <td style=\"\">pozit\u00edv<\/td>\n                    <td style=\"\">youtube<\/td>\n                    <td style=\"\"><\/td>\n                    <td style=\"\"><\/td>\n                    <td style=\"\">A F\u0151v\u00e1rosi \u00cdt\u00e9l\u0151t\u00e1bla \u00cdt\u00e9lete ut\u00e1n a labrisz v\u00e9lem\u00e9nye az \u00edt\u00e9letr\u0151l<\/td>\n            <\/tr>\n            <tr id=\"table_2_row_833\">\n                    <td style=\"\">2022.02.01<\/td>\n                    <td style=\"\"><a href='https:\/\/labrisz.hu\/' rel=' nofollow ' target='_blank'>https:\/\/labrisz.hu\/<\/a><\/td>\n                    <td style=\"\">Labrisz<\/td>\n                    <td style=\"\">M\u00e1sodfok\u00fa d\u00f6nt\u00e9s a Magyar Nemzet pedofiloz\u00e1sa \u00fcgy\u00e9ben<\/td>\n                    <td style=\"\">h\u00edr, besz\u00e1mol\u00f3, r\u00f6vid cikk<\/td>\n                    <td style=\"\"><a href='https:\/\/labrisz.hu\/hirek\/masodfoku_dontes_a_magyar_nemzet_pedofilozasa_ugyeben.865.html?pageid=58' rel=' nofollow ' target='_blank'>https:\/\/labrisz.hu\/hirek\/masodfoku_dontes_a_magyar_nemzet_pedofilozasa_ugyeben.865.html?pageid=58<\/a><\/td>\n                    <td style=\"\">semleges<\/td>\n                    <td style=\"\"><\/td>\n                    <td style=\"\"><\/td>\n                    <td style=\"\"><\/td>\n                    <td style=\"\">h\u00edr a m\u00e1sodfok\u00fa d\u00f6nt\u00e9sr\u0151l<\/td>\n            <\/tr>\n            <tr id=\"table_2_row_834\">\n                    <td style=\"\">2022.02.02<\/td>\n                    <td style=\"\"><a href='https:\/\/444.hu\/' rel=' nofollow ' target='_blank'>https:\/\/444.hu\/<\/a><\/td>\n                    <td style=\"\">Boros Juli<\/td>\n                    <td style=\"\">A F\u0151v\u00e1rosi \u00cdt\u00e9l\u0151t\u00e1bla szerint m\u00e9gis lehet pedofilozni a Meseorsz\u00e1g Mindenki\u00e9 kiad\u00f3j\u00e1t<\/td>\n                    <td style=\"\">h\u00edr, besz\u00e1mol\u00f3, r\u00f6vid cikk<\/td>\n                    <td style=\"\"><a href='https:\/\/444.hu\/2022\/02\/02\/a-fovarosi-itelotabla-szerint-megis-lehet-pedofilozni-a-meseorszag-mindenkie-kiadojat' rel=' nofollow ' target='_blank'>https:\/\/444.hu\/2022\/02\/02\/a-fovarosi-itelotabla-szerint-megis-lehet-pedofilozni-a-meseorszag-mindenkie-kiadojat<\/a><\/td>\n                    <td style=\"\">pozit\u00edv<\/td>\n                    <td style=\"\"><\/td>\n                    <td style=\"\"><\/td>\n                    <td style=\"\"><\/td>\n                    <td style=\"\">A F\u0151v\u00e1rosi \u00cdt\u00e9l\u0151t\u00e1bla \u00edt\u00e9lete<\/td>\n            <\/tr>\n            <tr id=\"table_2_row_835\">\n                    <td style=\"\">2022.02.02<\/td>\n                    <td style=\"\"><a href='https:\/\/konyvesmagazin.hu\/' rel=' nofollow ' target='_blank'>https:\/\/konyvesmagazin.hu\/<\/a><\/td>\n                    <td style=\"\">sa<\/td>\n                    <td style=\"\">Orb\u00e1n Viktorra is hivatkozott a b\u00edr\u00f3i tan\u00e1cs a Labrisz Egyes\u00fclet ellen\u00e9ben<\/td>\n                    <td style=\"\">h\u00edr, besz\u00e1mol\u00f3, r\u00f6vid cikk<\/td>\n                    <td style=\"\"><a href='https:\/\/konyvesmagazin.hu\/friss\/meseorszag_mindenkie_labrisz_magyar_nemzet.html' rel=' nofollow ' target='_blank'>https:\/\/konyvesmagazin.hu\/friss\/meseorszag_mindenkie_labrisz_magyar_nemzet.html<\/a><\/td>\n                    <td style=\"\">pozit\u00edv<\/td>\n                    <td style=\"\"><\/td>\n                    <td style=\"\"><\/td>\n                    <td style=\"\"><\/td>\n                    <td style=\"\">A helsinki bizotts\u00e1g \u00e9s a labrisz \u00fcgy\u00e9nek bemutat\u00e1sa, mert ov \u00f6sszemosta a pedof\u00edli\u00e1t \u00e9s a k\u00f6nyvet<\/td>\n            <\/tr>\n            <tr id=\"table_2_row_836\">\n                    <td style=\"\">2022.02.02<\/td>\n                    <td style=\"\"><a href='https:\/\/telex.hu\/' rel=' nofollow ' target='_blank'>https:\/\/telex.hu\/<\/a><\/td>\n                    <td style=\"\">N\u00e9met Tam\u00e1s<\/td>\n                    <td style=\"\">M\u00e9gis pedofilozhatja a Meseorsz\u00e1g mindenki\u00e9 kiad\u00f3j\u00e1t a korm\u00e1nylap<\/td>\n                    <td style=\"\">h\u00edr, besz\u00e1mol\u00f3, r\u00f6vid cikk<\/td>\n                    <td style=\"\"><a href='https:\/\/telex.hu\/belfold\/2022\/02\/02\/orban-pedofiliat-es-homoszexualitast-osszemoso-mondatat-is-hasznalta-iteleteben-a-birosag-megis-pedofilozhatja-a-meseorszag-mindenkie-kiadojat-a-kormanylap' rel=' nofollow ' target='_blank'>https:\/\/telex.hu\/belfold\/2022\/02\/02\/orban-pedofiliat-es-homoszexualitast-osszemoso-mondatat-is-hasznalta-iteleteben-a-birosag-megis-pedofilozhatja-a-meseorszag-mindenkie-kiadojat-a-kormanylap<\/a><\/td>\n                    <td style=\"\">pozit\u00edv<\/td>\n                    <td style=\"\"><\/td>\n                    <td style=\"\"><\/td>\n                    <td style=\"\"><\/td>\n                    <td style=\"\"><\/td>\n            <\/tr>\n            <tr id=\"table_2_row_837\">\n                    <td style=\"\">2022.02.02<\/td>\n                    <td style=\"\"><a href='https:\/\/www.klubradio.hu\/' rel=' nofollow ' target='_blank'>https:\/\/www.klubradio.hu\/<\/a><\/td>\n                    <td style=\"\">szg<\/td>\n                    <td style=\"\">Meseorsz\u00e1g-\u00fcgy: \"primit\u00edv bunk\u00f3sbot-m\u00f3dszerrel\" forgathatja a korm\u00e1ny ezt az \u00edt\u00e9letet a kamp\u00e1nyban<\/td>\n                    <td style=\"\">h\u00edr, besz\u00e1mol\u00f3, r\u00f6vid cikk<\/td>\n                    <td style=\"\"><a href='https:\/\/www.klubradio.hu\/adasok\/meseorszag-ugy-primitiv-bunkosbot-modszerrel-forgathatja-a-kormany-ezt-az-iteletet-a-kampanyban-123981' rel=' nofollow ' target='_blank'>https:\/\/www.klubradio.hu\/adasok\/meseorszag-ugy-primitiv-bunkosbot-modszerrel-forgathatja-a-kormany-ezt-az-iteletet-a-kampanyban-123981<\/a><\/td>\n                    <td style=\"\">pozit\u00edv<\/td>\n                    <td style=\"\"><\/td>\n                    <td style=\"\"><\/td>\n                    <td style=\"\"><\/td>\n                    <td style=\"\"><\/td>\n            <\/tr>\n            <tr id=\"table_2_row_838\">\n                    <td style=\"\">2022.02.02<\/td>\n                    <td style=\"\"><a href='https:\/\/www.klubradio.hu\/' rel=' nofollow ' target='_blank'>https:\/\/www.klubradio.hu\/<\/a><\/td>\n                    <td style=\"\">Klubr\u00e1di\u00f3<\/td>\n                    <td style=\"\">F\u0151v\u00e1rosi \u00cdt\u00e9l\u0151t\u00e1bla: le lehet pedofilozni a Labrisz Leszbikus Egyes\u00fcletet<\/td>\n                    <td style=\"\">h\u00edr, besz\u00e1mol\u00f3, r\u00f6vid cikk<\/td>\n                    <td style=\"\"><a href='https:\/\/www.klubradio.hu\/hirek\/fovarosi-itelotabla-le-lehet-pedofilozni-a-labrisz-leszbikus-egyesuletet-123982' rel=' nofollow ' target='_blank'>https:\/\/www.klubradio.hu\/hirek\/fovarosi-itelotabla-le-lehet-pedofilozni-a-labrisz-leszbikus-egyesuletet-123982<\/a><\/td>\n                    <td style=\"\">pozit\u00edv<\/td>\n                    <td style=\"\"><\/td>\n                    <td style=\"\"><\/td>\n                    <td style=\"\"><\/td>\n                    <td style=\"\"><\/td>\n            <\/tr>\n            <tr id=\"table_2_row_839\">\n                    <td style=\"\">2022.02.03<\/td>\n                    <td style=\"\"><a href='https:\/\/168.hu\/' rel=' nofollow ' target='_blank'>https:\/\/168.hu\/<\/a><\/td>\n                    <td style=\"\">Fiala J\u00e1nos<\/td>\n                    <td style=\"\">\u201eLe lett\u00fcnk pedofilozva\u201d a minisztereln\u00f6kre hivatkozva<\/td>\n                    <td style=\"\">interj\u00fa<\/td>\n                    <td style=\"\"><a href='https:\/\/168.hu\/itthon\/le-lettunk-pedofilozva-a-miniszterelnokre-hivatkozva-225455' rel=' nofollow ' target='_blank'>https:\/\/168.hu\/itthon\/le-lettunk-pedofilozva-a-miniszterelnokre-hivatkozva-225455<\/a><\/td>\n                    <td style=\"\">pozit\u00edv<\/td>\n                    <td style=\"\"><\/td>\n                    <td style=\"\"><\/td>\n                    <td style=\"\"><\/td>\n                    <td style=\"\">Interj\u00fa Tim\u00e1r Magdival<\/td>\n            <\/tr>\n            <tr id=\"table_2_row_840\">\n                    <td style=\"\">2022.02.03<\/td>\n                    <td style=\"\"><a href='https:\/\/fovarosiitelotabla.birosag.hu\/' rel=' nofollow ' target='_blank'>https:\/\/fovarosiitelotabla.birosag.hu\/<\/a><\/td>\n                    <td style=\"\"><\/td>\n                    <td style=\"\">D\u00f6nt\u00e9s a www.magyarnemzet.hu internetes oldalon \"Meseorsz\u00e1g: Mit mond a tudom\u00e1ny?\"c\u00edmmel megjelent cikk miatt indult szem\u00e9lyis\u00e9gi jogi perben<\/td>\n                    <td style=\"\">egy\u00e9b<\/td>\n                    <td style=\"\"><a href='https:\/\/fovarosiitelotabla.birosag.hu\/sajtokozlemeny\/20220203\/dontes-wwwmagyarnemzethu-internetes-oldalon-meseorszag-mit-mond-tudomany' rel=' nofollow ' target='_blank'>https:\/\/fovarosiitelotabla.birosag.hu\/sajtokozlemeny\/20220203\/dontes-wwwmagyarnemzethu-internetes-oldalon-meseorszag-mit-mond-tudomany<\/a><\/td>\n                    <td style=\"\">semleges<\/td>\n                    <td style=\"\"><\/td>\n                    <td style=\"\"><\/td>\n                    <td style=\"\"><\/td>\n                    <td style=\"\">az \u00edt\u00e9l\u0151t\u00e1bla k\u00f6zlem\u00e9nye az els\u0151fok\u00fa \u00edt\u00e9letr\u0151l<\/td>\n            <\/tr>\n            <tr id=\"table_2_row_841\">\n                    <td style=\"\">2022.02.03<\/td>\n                    <td style=\"\"><a href='https:\/\/www.youtube.com\/' rel=' nofollow ' target='_blank'>https:\/\/www.youtube.com\/<\/a><\/td>\n                    <td style=\"\">KeLfeLjancsi<\/td>\n                    <td style=\"\">Tim\u00e1r Magdival besz\u00e9lget\u00e9s<\/td>\n                    <td style=\"\">vide\u00f3<\/td>\n                    <td style=\"\"><a href='https:\/\/www.youtube.com\/watch?v=mgFNJ42UTwI' rel=' nofollow ' target='_blank'>https:\/\/www.youtube.com\/watch?v=mgFNJ42UTwI<\/a><\/td>\n                    <td style=\"\">pozit\u00edv<\/td>\n                    <td style=\"\">youtube<\/td>\n                    <td style=\"\"><\/td>\n                    <td style=\"\"><\/td>\n                    <td style=\"\">nem hallgattam v\u00e9gig \u00e9s nincs a le\u00edr\u00e1sban, sz\u00f3val nem tudom...<\/td>\n            <\/tr>\n            <tr id=\"table_2_row_842\">\n                    <td style=\"\">2022.02.04<\/td>\n                    <td style=\"\"><a href='https:\/\/helsinki.hu\/' rel=' nofollow ' target='_blank'>https:\/\/helsinki.hu\/<\/a><\/td>\n                    <td style=\"\"><\/td>\n                    <td style=\"\">A f\u0151v\u00e1rosi \u00edt\u00e9l\u0151t\u00e1bla k\u00f6zlem\u00e9nyben magyar\u00e1zza \u00edt\u00e9lelt\u00e9t<\/td>\n                    <td style=\"\">h\u00edr, besz\u00e1mol\u00f3, r\u00f6vid cikk<\/td>\n                    <td style=\"\"><a href='https:\/\/helsinki.hu\/a-fovarosi-itelotabla-kozlemenyben-magyarazza-iteletet\/' rel=' nofollow ' target='_blank'>https:\/\/helsinki.hu\/a-fovarosi-itelotabla-kozlemenyben-magyarazza-iteletet\/<\/a><\/td>\n                    <td style=\"\">pozit\u00edv<\/td>\n                    <td style=\"\"><\/td>\n                    <td style=\"\"><\/td>\n                    <td style=\"\"><\/td>\n                    <td style=\"\">a b\u00edr\u00f3s\u00e1g els\u0151fok\u00fa \u00edt\u00e9let\u00e9nek megv\u00e1ltoztat\u00e1s\u00e1nak indokl\u00e1sa<\/td>\n            <\/tr>\n            <tr id=\"table_2_row_843\">\n                    <td style=\"\">2022.02.04<\/td>\n                    <td style=\"\"><a href='https:\/\/www.facebook.com\/' rel=' nofollow ' target='_blank'>https:\/\/www.facebook.com\/<\/a><\/td>\n                    <td style=\"\">Talents Hauts \u00c9ditions<\/td>\n                    <td style=\"\">A francia kiad\u00e1sr\u00f3l fb poszt<\/td>\n                    <td style=\"\">fb-poszt<\/td>\n                    <td style=\"\"><a href='https:\/\/www.facebook.com\/talentshauts\/photos\/a.169399359915750\/1774314872757516\/' rel=' nofollow ' target='_blank'>https:\/\/www.facebook.com\/talentshauts\/photos\/a.169399359915750\/1774314872757516\/<\/a><\/td>\n                    <td style=\"\">pozit\u00edv<\/td>\n                    <td style=\"\">fb<\/td>\n                    <td style=\"\"><\/td>\n                    <td style=\"\"><\/td>\n                    <td style=\"\"><\/td>\n            <\/tr>\n            <tr id=\"table_2_row_844\">\n                    <td style=\"\">2022.02.07<\/td>\n                    <td style=\"\"><a href='https:\/\/www.youtube.com\/' rel=' nofollow ' target='_blank'>https:\/\/www.youtube.com\/<\/a><\/td>\n                    <td style=\"\">KeLfeLjancsi (Fiala J\u00e1nos)<\/td>\n                    <td style=\"\">Besz\u00e9lget\u00e9s dr. Fazekas Tam\u00e1ssal (TASZ)<\/td>\n                    <td style=\"\">vide\u00f3 interj\u00fa<\/td>\n                    <td style=\"\"><a href='https:\/\/www.youtube.com\/watch?v=Uq-UFUm6mLY' rel=' nofollow ' target='_blank'>https:\/\/www.youtube.com\/watch?v=Uq-UFUm6mLY<\/a><\/td>\n                    <td style=\"\">semleges<\/td>\n                    <td style=\"\">youtube<\/td>\n                    <td style=\"\"><\/td>\n                    <td style=\"\"><\/td>\n                    <td style=\"\">Besz\u00e9lhet\u00e9s Dr. Fazekas Tam\u00e1ssal (TASZ)<\/td>\n            <\/tr>\n            <tr id=\"table_2_row_845\">\n                    <td style=\"\">2022.02.10<\/td>\n                    <td style=\"\"><a href='https:\/\/magyarnemzet.hu\/' rel=' nofollow ' target='_blank'>https:\/\/magyarnemzet.hu\/<\/a><\/td>\n                    <td style=\"\">N\u00e9meth Gy\u00f6rgy<\/td>\n                    <td style=\"\">Esetem a Labrisz Leszbikus Egyes\u00fclettel<\/td>\n                    <td style=\"\">recenzi\u00f3<\/td>\n                    <td style=\"\"><a href='https:\/\/magyarnemzet.hu\/velemeny\/2022\/02\/esetem-a-labrisz-leszbikus-egyesulettel' rel=' nofollow ' target='_blank'>https:\/\/magyarnemzet.hu\/velemeny\/2022\/02\/esetem-a-labrisz-leszbikus-egyesulettel<\/a><\/td>\n                    <td style=\"\">negat\u00edv<\/td>\n                    <td style=\"\"><\/td>\n                    <td style=\"\"><\/td>\n                    <td style=\"\"><\/td>\n                    <td style=\"\"><\/td>\n            <\/tr>\n            <tr id=\"table_2_row_846\">\n                    <td style=\"\">2022.02.14<\/td>\n                    <td style=\"\"><a href='https:\/\/telex.hu\/' rel=' nofollow ' target='_blank'>https:\/\/telex.hu\/<\/a><\/td>\n                    <td style=\"\">N\u00e9met Tam\u00e1s<\/td>\n                    <td style=\"\">Bagdy Em\u0151ke klinikai szakpszichol\u00f3gus N\u00e9meth Szil\u00e1rdot aj\u00e1nlja a v\u00e1laszt\u00f3knak<\/td>\n                    <td style=\"\">h\u00edr, besz\u00e1mol\u00f3, r\u00f6vid cikk<\/td>\n                    <td style=\"\"><a href='https:\/\/telex.hu\/belfold\/2022\/02\/14\/bagdy-emoke-klinikai-szakpszichologus-nemeth-szilardot-ajanlja-a-valasztoknak' rel=' nofollow ' target='_blank'>https:\/\/telex.hu\/belfold\/2022\/02\/14\/bagdy-emoke-klinikai-szakpszichologus-nemeth-szilardot-ajanlja-a-valasztoknak<\/a><\/td>\n                    <td style=\"\">semleges<\/td>\n                    <td style=\"\"><\/td>\n                    <td style=\"\"><\/td>\n                    <td style=\"\"><\/td>\n                    <td style=\"\"><\/td>\n            <\/tr>\n            <tr id=\"table_2_row_847\">\n                    <td style=\"\">2022.02.15<\/td>\n                    <td style=\"\"><a href='https:\/\/www.hrw.org\/' rel=' nofollow ' target='_blank'>https:\/\/www.hrw.org\/<\/a><\/td>\n                    <td style=\"\">Ryan Thoreson<\/td>\n                    <td style=\"\">LGBT Rights Under Renewed Pressure in HungaryChildren Harmed in the Name of Protection<\/td>\n                    <td style=\"\">r\u00f6vid cikk<\/td>\n                    <td style=\"\"><a href='https:\/\/www.hrw.org\/news\/2022\/02\/15\/lgbt-rights-under-renewed-pressure-hungary' rel=' nofollow ' target='_blank'>https:\/\/www.hrw.org\/news\/2022\/02\/15\/lgbt-rights-under-renewed-pressure-hungary<\/a><\/td>\n                    <td style=\"\">pozit\u00edv<\/td>\n                    <td style=\"\"><\/td>\n                    <td style=\"\">igen<\/td>\n                    <td style=\"\">angol<\/td>\n                    <td style=\"\">r\u00f6vid cikk arr\u00f3l, hogy az lmbt jogok meg\u00fajult nyom\u00e1s alatt van<\/td>\n            <\/tr>\n            <tr id=\"table_2_row_848\">\n                    <td style=\"\">2022.03.04<\/td>\n                    <td style=\"\"><a href='https:\/\/444.hu\/' rel=' nofollow ' target='_blank'>https:\/\/444.hu\/<\/a><\/td>\n                    <td style=\"\">M\u00e9sz\u00e1ros Juli<\/td>\n                    <td style=\"\">Pert nyert a Labrisz a korm\u00e1nyhivatal \u00e9s a rend\u0151rs\u00e9g ellen<\/td>\n                    <td style=\"\">h\u00edr, besz\u00e1mol\u00f3, r\u00f6vid cikk<\/td>\n                    <td style=\"\"><a href='https:\/\/444.hu\/2022\/03\/04\/pert-nyert-a-labrisz-a-kormanyhivatal-es-a-rendorseg-ellen' rel=' nofollow ' target='_blank'>https:\/\/444.hu\/2022\/03\/04\/pert-nyert-a-labrisz-a-kormanyhivatal-es-a-rendorseg-ellen<\/a><\/td>\n                    <td style=\"\">pozit\u00edv<\/td>\n                    <td style=\"\"><\/td>\n                    <td style=\"\"><\/td>\n                    <td style=\"\"><\/td>\n                    <td style=\"\">H\u00edr arr\u00f3l, hogy k\u00e9t perben is a Meseorsz\u00e1g jav\u00e1ra d\u00f6nt\u00f6ttek<\/td>\n            <\/tr>\n            <tr id=\"table_2_row_849\">\n                    <td style=\"\">2022.03.04<\/td>\n                    <td style=\"\"><a href='https:\/\/helsinki.hu\/' rel=' nofollow ' target='_blank'>https:\/\/helsinki.hu\/<\/a><\/td>\n                    <td style=\"\"><\/td>\n                    <td style=\"\">Meseorsz\u00e1g: pert nyert a Labrisz a korm\u00e1nyhivatal \u00e9s a rend\u0151rs\u00e9g ellen is<\/td>\n                    <td style=\"\">h\u00edr, besz\u00e1mol\u00f3, r\u00f6vid cikk<\/td>\n                    <td style=\"\"><a href='https:\/\/helsinki.hu\/meseorszag-pert-nyert-a-labrisz-a-kormanyhivatal-es-a-rendorseg-ellen-is\/' rel=' nofollow ' target='_blank'>https:\/\/helsinki.hu\/meseorszag-pert-nyert-a-labrisz-a-kormanyhivatal-es-a-rendorseg-ellen-is\/<\/a><\/td>\n                    <td style=\"\">semleges<\/td>\n                    <td style=\"\"><\/td>\n                    <td style=\"\"><\/td>\n                    <td style=\"\"><\/td>\n                    <td style=\"\">besz\u00e1mol\u00f3 mindk\u00e9t per r\u00e9szleteir\u0151l<\/td>\n            <\/tr>\n            <tr id=\"table_2_row_850\">\n                    <td style=\"\">2022.03.04<\/td>\n                    <td style=\"\"><a href='https:\/\/hirklikk.hu\/' rel=' nofollow ' target='_blank'>https:\/\/hirklikk.hu\/<\/a><\/td>\n                    <td style=\"\"><\/td>\n                    <td style=\"\">M\u00e1rcius 17-\u00e9n jelenik meg N\u00e9metorsz\u00e1gban a Meseorsz\u00e1g mindenki\u00e9<\/td>\n                    <td style=\"\">h\u00edr, besz\u00e1mol\u00f3, r\u00f6vid cikk<\/td>\n                    <td style=\"\"><a href='https:\/\/hirklikk.hu\/kozelet\/marcius-17-en-jelenik-meg-nemetorszagban-a-meseorszag-mindenkie\/394710' rel=' nofollow ' target='_blank'>https:\/\/hirklikk.hu\/kozelet\/marcius-17-en-jelenik-meg-nemetorszagban-a-meseorszag-mindenkie\/394710<\/a><\/td>\n                    <td style=\"\">semleges<\/td>\n                    <td style=\"\"><\/td>\n                    <td style=\"\"><\/td>\n                    <td style=\"\"><\/td>\n                    <td style=\"\">a n\u00e9met nyelv\u0171 megjelen\u00e9sr\u0151l tud\u00f3s\u00edt a cikk<\/td>\n            <\/tr>\n            <tr id=\"table_2_row_851\">\n                    <td style=\"\">2022.03.04<\/td>\n                    <td style=\"\"><a href='https:\/\/telex.hu\/' rel=' nofollow ' target='_blank'>https:\/\/telex.hu\/<\/a><\/td>\n                    <td style=\"\">\u00c1ghassai Attila<\/td>\n                    <td style=\"\">Meseorsz\u00e1g mindenki\u00e9: pert nyert a Labrisz a korm\u00e1nyhivatal \u00e9s a rend\u0151rs\u00e9g ellen is<\/td>\n                    <td style=\"\">h\u00edr, besz\u00e1mol\u00f3, r\u00f6vid cikk<\/td>\n                    <td style=\"\"><a href='https:\/\/telex.hu\/belfold\/2022\/03\/04\/meseorszag-mindenkie-perek-rendorseg-kormanyhivatal' rel=' nofollow ' target='_blank'>https:\/\/telex.hu\/belfold\/2022\/03\/04\/meseorszag-mindenkie-perek-rendorseg-kormanyhivatal<\/a><\/td>\n                    <td style=\"\">semleges<\/td>\n                    <td style=\"\"><\/td>\n                    <td style=\"\"><\/td>\n                    <td style=\"\"><\/td>\n                    <td style=\"\"><\/td>\n            <\/tr>\n            <tr id=\"table_2_row_852\">\n                    <td style=\"\">2022.03.04<\/td>\n                    <td style=\"\"><a href='https:\/\/labrisz.hu\/' rel=' nofollow ' target='_blank'>https:\/\/labrisz.hu\/<\/a><\/td>\n                    <td style=\"\"><\/td>\n                    <td style=\"\">Meseorsz\u00e1g: pert nyert a Labrisz a korm\u00e1nyhivatal \u00e9s a rend\u0151rs\u00e9g ellen is<\/td>\n                    <td style=\"\">h\u00edr, besz\u00e1mol\u00f3, r\u00f6vid cikk<\/td>\n                    <td style=\"\"><a href='https:\/\/labrisz.hu\/hirek\/meseorszag_pert_nyert_a_labrisz_a_kormanyhivatal_es_a_rendorseg_ellen_is.870.html?pageid=58' rel=' nofollow ' target='_blank'>https:\/\/labrisz.hu\/hirek\/meseorszag_pert_nyert_a_labrisz_a_kormanyhivatal_es_a_rendorseg_ellen_is.870.html?pageid=58<\/a><\/td>\n                    <td style=\"\">semleges<\/td>\n                    <td style=\"\"><\/td>\n                    <td style=\"\"><\/td>\n                    <td style=\"\"><\/td>\n                    <td style=\"\"><\/td>\n            <\/tr>\n            <tr id=\"table_2_row_853\">\n                    <td style=\"\">2022.03.15<\/td>\n                    <td style=\"\"><a href='https:\/\/www.queer.de\/' rel=' nofollow ' target='_blank'>https:\/\/www.queer.de\/<\/a><\/td>\n                    <td style=\"\"><\/td>\n                    <td style=\"\">In Ungarn bek\u00e4mpftes Kinderbuch \"M\u00e4rchenland f\u00fcr alle\" erscheint auf Deutsch<\/td>\n                    <td style=\"\">hir r\u00f6vid cikk<\/td>\n                    <td style=\"\"><a href='https:\/\/www.queer.de\/detail.php?article_id=41455' rel=' nofollow ' target='_blank'>https:\/\/www.queer.de\/detail.php?article_id=41455<\/a><\/td>\n                    <td style=\"\">semleges<\/td>\n                    <td style=\"\"><\/td>\n                    <td style=\"\">igen<\/td>\n                    <td style=\"\">n\u00e9met<\/td>\n                    <td style=\"\">H\u00edr arr\u00f3l, hogy a boltokban el\u00e9rhet\u0151 a k\u00f6nyv<\/td>\n            <\/tr>\n            <tr id=\"table_2_row_854\">\n                    <td style=\"\">2022.03.15<\/td>\n                    <td style=\"\"><a href='https:\/\/www.stern.de\/' rel=' nofollow ' target='_blank'>https:\/\/www.stern.de\/<\/a><\/td>\n                    <td style=\"\">David Baum<\/td>\n                    <td style=\"\">Es war einmal \u2026 ein schwuler Prinz: Der stern ver\u00f6ffentlicht umstrittenes M\u00e4rchenbuch aus Ungarn<\/td>\n                    <td style=\"\">h\u00edr, besz\u00e1mol\u00f3, r\u00f6vid cikk<\/td>\n                    <td style=\"\"><a href='https:\/\/www.stern.de\/kultur\/maerchenland-fuer-alle--der-stern-veroeffentlicht-umstrittenes-maerchenbuch-aus-ungarn--31703342.html' rel=' nofollow ' target='_blank'>https:\/\/www.stern.de\/kultur\/maerchenland-fuer-alle--der-stern-veroeffentlicht-umstrittenes-maerchenbuch-aus-ungarn--31703342.html<\/a><\/td>\n                    <td style=\"\">pozit\u00edv<\/td>\n                    <td style=\"\"><\/td>\n                    <td style=\"\">igen<\/td>\n                    <td style=\"\">n\u00e9met<\/td>\n                    <td style=\"\">a gyermekv\u00e9delmi szavaz\u00e1s kapcs\u00e1n besz\u00e9lnek a k\u00f6nyvr\u0151l<\/td>\n            <\/tr>\n            <tr id=\"table_2_row_855\">\n                    <td style=\"\">2022.03.16<\/td>\n                    <td style=\"\"><a href='https:\/\/m.bild.de\/' rel=' nofollow ' target='_blank'>https:\/\/m.bild.de\/<\/a><\/td>\n                    <td style=\"\">Marco Schenk<\/td>\n                    <td style=\"\">M\u00e4rchenland f\u00fcr alle\u201c erscheint jetzt auf Deutsch<\/td>\n                    <td style=\"\">h\u00edr, besz\u00e1mol\u00f3, r\u00f6vid cikk<\/td>\n                    <td style=\"\"><a href='https:\/\/m.bild.de\/lgbt\/2022\/lgbt\/umstrittenes-ungarn-kinderbuch-maerchenland-fuer-alle-erscheint-auf-deutsch-79473402.bildMobile.html?t_ref=https%3A%2F%2Fwww.bild.de%2Flgbt%2F2022%2Flgbt%2Fumstrittenes-ungarn-kinderbuch-maerchenland-fuer-alle-erscheint-auf-deutsch-79473402.bild.html' rel=' nofollow ' target='_blank'>https:\/\/m.bild.de\/lgbt\/2022\/lgbt\/umstrittenes-ungarn-kinderbuch-maerchenland-fuer-alle-erscheint-auf-deutsch-79473402.bildMobile.html?t_ref=https%3A%2F%2Fwww.bild.de%2Flgbt%2F2022%2Flgbt%2Fumstrittenes-ungarn-kinderbuch-maerchenland-fuer-alle-erscheint-auf-deutsch-79473402.bild.html<\/a><\/td>\n                    <td style=\"\">pozit\u00edv<\/td>\n                    <td style=\"\"><\/td>\n                    <td style=\"\">igen<\/td>\n                    <td style=\"\">n\u00e9met<\/td>\n                    <td style=\"\">a n\u00e9met nyelv\u0171 kiad\u00e1s m\u00e9ltat\u00e1sa<\/td>\n            <\/tr>\n            <tr id=\"table_2_row_856\">\n                    <td style=\"\">2022.03.16<\/td>\n                    <td style=\"\"><a href='https:\/\/www.nau.ch\/' rel=' nofollow ' target='_blank'>https:\/\/www.nau.ch\/<\/a><\/td>\n                    <td style=\"\"><\/td>\n                    <td style=\"\">Umstrittenes Kinderbuch \u00abM\u00e4rchenland f\u00fcr alle\u00bb erscheint auf Deutsch<\/td>\n                    <td style=\"\">h\u00edr, besz\u00e1mol\u00f3, r\u00f6vid cikk<\/td>\n                    <td style=\"\"><a href='https:\/\/www.nau.ch\/news\/europa\/umstrittenes-kinderbuch-marchenland-fur-alle-erscheint-auf-deutsch-66132726?utm_campaign=amp_article&amp;utm_source=66132726_comments#commens' rel=' nofollow ' target='_blank'>https:\/\/www.nau.ch\/news\/europa\/umstrittenes-kinderbuch-marchenland-fur-alle-erscheint-auf-deutsch-66132726?utm_campaign=amp_article&amp;utm_source=66132726_comments#commens<\/a><\/td>\n                    <td style=\"\">pozit\u00edv<\/td>\n                    <td style=\"\"><\/td>\n                    <td style=\"\">igen<\/td>\n                    <td style=\"\">n\u00e9met<\/td>\n                    <td style=\"\">h\u00edr a n\u00e9met megjelen\u00e9sr\u0151l<\/td>\n            <\/tr>\n            <tr id=\"table_2_row_857\">\n                    <td style=\"\">2022.03.16<\/td>\n                    <td style=\"\"><a href='https:\/\/www.n-tv.de\/' rel=' nofollow ' target='_blank'>https:\/\/www.n-tv.de\/<\/a><\/td>\n                    <td style=\"\"><\/td>\n                    <td style=\"\">Gef\u00e4hrliches M\u00e4rchenbuch wird in Ungarn Bestseller<\/td>\n                    <td style=\"\">h\u00edr, besz\u00e1mol\u00f3, r\u00f6vid cikk<\/td>\n                    <td style=\"\"><a href='https:\/\/www.n-tv.de\/mediathek\/videos\/panorama\/Gefaehrliches-Maerchenbuch-wird-in-Ungarn-Bestseller-article23198865.html' rel=' nofollow ' target='_blank'>https:\/\/www.n-tv.de\/mediathek\/videos\/panorama\/Gefaehrliches-Maerchenbuch-wird-in-Ungarn-Bestseller-article23198865.html<\/a><\/td>\n                    <td style=\"\">pozit\u00edv<\/td>\n                    <td style=\"\"><\/td>\n                    <td style=\"\">igen<\/td>\n                    <td style=\"\">n\u00e9met<\/td>\n                    <td style=\"\">h\u00edr arr\u00f3l, hogy a mesek\u00f6nyv bestseller lett \u00e9s a cenz\u00farat\u00f6rv\u00e9nnyel akarj\u00e1k szab\u00e1lyozni<\/td>\n            <\/tr>\n            <tr id=\"table_2_row_858\">\n                    <td style=\"\">2022.03.16<\/td>\n                    <td style=\"\"><a href='https:\/\/www.presseportal.de\/' rel=' nofollow ' target='_blank'>https:\/\/www.presseportal.de\/<\/a><\/td>\n                    <td style=\"\"><\/td>\n                    <td style=\"\">Ungarns umstrittenstes Kinderbuch \"M\u00e4rchenland f\u00fcr alle\" erscheint in Deutschland, \u00d6sterreich und der Schweiz<\/td>\n                    <td style=\"\">hir r\u00f6vid cikk<\/td>\n                    <td style=\"\"><a href='https:\/\/www.presseportal.de\/pm\/6329\/5167142' rel=' nofollow ' target='_blank'>https:\/\/www.presseportal.de\/pm\/6329\/5167142<\/a><\/td>\n                    <td style=\"\">semleges<\/td>\n                    <td style=\"\"><\/td>\n                    <td style=\"\">igen<\/td>\n                    <td style=\"\">n\u00e9met<\/td>\n                    <td style=\"\">H\u00edr arr\u00f3l, hogy N\u00e9metorsz\u00e1gban, Auszti\u00e1ban \u00e9s Sv\u00e1jcban megjelenik a k\u00f6nyv<\/td>\n            <\/tr>\n            <tr id=\"table_2_row_859\">\n                    <td style=\"\">2022.03.16<\/td>\n                    <td style=\"\"><a href='https:\/\/www.rtl.de\/' rel=' nofollow ' target='_blank'>https:\/\/www.rtl.de\/<\/a><\/td>\n                    <td style=\"\">David Baum<\/td>\n                    <td style=\"\">Umstrittenes M\u00e4rchenbuch aus Ungarn kommt in deutschen Handel<\/td>\n                    <td style=\"\">vide\u00f3<\/td>\n                    <td style=\"\"><a href='https:\/\/www.rtl.de\/cms\/es-war-einmal-ein-schwuler-prinz-umstrittenes-maerchenbuch-aus-ungarn-kommt-in-deutschen-handel-4936453.html' rel=' nofollow ' target='_blank'>https:\/\/www.rtl.de\/cms\/es-war-einmal-ein-schwuler-prinz-umstrittenes-maerchenbuch-aus-ungarn-kommt-in-deutschen-handel-4936453.html<\/a><\/td>\n                    <td style=\"\">pozit\u00edv<\/td>\n                    <td style=\"\"><\/td>\n                    <td style=\"\">igen<\/td>\n                    <td style=\"\">n\u00e9met<\/td>\n                    <td style=\"\">v\u00e9lem\u00e9ny a gyermekv\u00e9delmi szavaz\u00e1s kapcs\u00e1n<\/td>\n            <\/tr>\n            <tr id=\"table_2_row_860\">\n                    <td style=\"\">2022.03.16<\/td>\n                    <td style=\"\"><a href='https:\/\/www.stern.de\/' rel=' nofollow ' target='_blank'>https:\/\/www.stern.de\/<\/a><\/td>\n                    <td style=\"\"><\/td>\n                    <td style=\"\">Das ist Queerfeminismus \u2013 und darum gibt es Debatten dar\u00fcber<\/td>\n                    <td style=\"\">publicisztika<\/td>\n                    <td style=\"\"><a href='https:\/\/www.stern.de\/gesellschaft\/queerfeminismus--das-ist-er-und-darum-gibt-es-debatten-darueber-31669650.html' rel=' nofollow ' target='_blank'>https:\/\/www.stern.de\/gesellschaft\/queerfeminismus--das-ist-er-und-darum-gibt-es-debatten-darueber-31669650.html<\/a><\/td>\n                    <td style=\"\">pozit\u00edv<\/td>\n                    <td style=\"\"><\/td>\n                    <td style=\"\">igen<\/td>\n                    <td style=\"\">n\u00e9met<\/td>\n                    <td style=\"\">a k\u00f6nyv \u00e9s a feminizmus kapcsolata<\/td>\n            <\/tr>\n            <tr id=\"table_2_row_861\">\n                    <td style=\"\">2022.03.16<\/td>\n                    <td style=\"\"><a href='https:\/\/www.stern.de\/' rel=' nofollow ' target='_blank'>https:\/\/www.stern.de\/<\/a><\/td>\n                    <td style=\"\">David Baum<\/td>\n                    <td style=\"\">Ursula Strauss: \"Man kann gar nicht fr\u00fch genug anfangen, \u00fcber Sexualit\u00e4t und all ihre Auswirkungen zu sprechen\"<\/td>\n                    <td style=\"\">interj\u00fa<\/td>\n                    <td style=\"\"><a href='https:\/\/www.stern.de\/p\/plus\/gesellschaft\/ursula-strauss-im-interview-ueber-sexualitaet--diversitaet-und-das--normale---31707550.html' rel=' nofollow ' target='_blank'>https:\/\/www.stern.de\/p\/plus\/gesellschaft\/ursula-strauss-im-interview-ueber-sexualitaet--diversitaet-und-das--normale---31707550.html<\/a><\/td>\n                    <td style=\"\">pozit\u00edv<\/td>\n                    <td style=\"\"><\/td>\n                    <td style=\"\">igen<\/td>\n                    <td style=\"\">n\u00e9met<\/td>\n                    <td style=\"\">besz\u00e9lget\u00e9s Ursula Strauss szin\u00e9szn\u0151vel<\/td>\n            <\/tr>\n            <tr id=\"table_2_row_862\">\n                    <td style=\"\">2022.03.17<\/td>\n                    <td style=\"\"><a href='https:\/\/www.tagesspiegel.de\/' rel=' nofollow ' target='_blank'>https:\/\/www.tagesspiegel.de\/<\/a><\/td>\n                    <td style=\"\"><\/td>\n                    <td style=\"\">Queeres Kinderbuch aus Ungarn:\u201eM\u00e4rchenland f\u00fcr alle\u201c erscheint auf Deutsch<\/td>\n                    <td style=\"\">hir r\u00f6vid cikk<\/td>\n                    <td style=\"\"><a href='https:\/\/www.tagesspiegel.de\/gesellschaft\/queerspiegel\/queeres-kinderbuch-aus-ungarn-maerchenland-fuer-alle-erscheint-auf-deutsch\/28172800.html' rel=' nofollow ' target='_blank'>https:\/\/www.tagesspiegel.de\/gesellschaft\/queerspiegel\/queeres-kinderbuch-aus-ungarn-maerchenland-fuer-alle-erscheint-auf-deutsch\/28172800.html<\/a><\/td>\n                    <td style=\"\">pozit\u00edv<\/td>\n                    <td style=\"\"><\/td>\n                    <td style=\"\">igen<\/td>\n                    <td style=\"\">n\u00e9met<\/td>\n                    <td style=\"\">h\u00edr a n\u00e9met megjelen\u00e9sr\u0151l<\/td>\n            <\/tr>\n            <tr id=\"table_2_row_863\">\n                    <td style=\"\">2022.03.18<\/td>\n                    <td style=\"\"><a href='https:\/\/mandiner.hu\/' rel=' nofollow ' target='_blank'>https:\/\/mandiner.hu\/<\/a><\/td>\n                    <td style=\"\"><\/td>\n                    <td style=\"\">Megjelent n\u00e9met\u00fcl a Meseorsz\u00e1g mindenki\u00e9 c\u00edm\u0171 k\u00f6nyv<\/td>\n                    <td style=\"\">h\u00edr, besz\u00e1mol\u00f3, r\u00f6vid cikk<\/td>\n                    <td style=\"\"><a href='https:\/\/mandiner.hu\/cikk\/20220318_megjelent_nemetul_a_meseorszag_mindenkie_cimu_konyv' rel=' nofollow ' target='_blank'>https:\/\/mandiner.hu\/cikk\/20220318_megjelent_nemetul_a_meseorszag_mindenkie_cimu_konyv<\/a><\/td>\n                    <td style=\"\">negat\u00edv<\/td>\n                    <td style=\"\"><\/td>\n                    <td style=\"\"><\/td>\n                    <td style=\"\"><\/td>\n                    <td style=\"\"><\/td>\n            <\/tr>\n            <tr id=\"table_2_row_864\">\n                    <td style=\"\">2022.03.23<\/td>\n                    <td style=\"\"><a href='http:\/\/hubbyinfo.blogspot.com\/' rel=' nofollow ' target='_blank'>http:\/\/hubbyinfo.blogspot.com\/<\/a><\/td>\n                    <td style=\"\">Hubby<\/td>\n                    <td style=\"\">Bologna Children's Book Fair - 2022 - els\u0151 h\u00edreink<\/td>\n                    <td style=\"\">blogbejegyz\u00e9s<\/td>\n                    <td style=\"\"><a href='http:\/\/hubbyinfo.blogspot.com\/2022\/03\/bologna-childrens-book-fair-2022.html' rel=' nofollow ' target='_blank'>http:\/\/hubbyinfo.blogspot.com\/2022\/03\/bologna-childrens-book-fair-2022.html<\/a><\/td>\n                    <td style=\"\">semleges<\/td>\n                    <td style=\"\"><\/td>\n                    <td style=\"\"><\/td>\n                    <td style=\"\"><\/td>\n                    <td style=\"\">A HUBBY d\u00edjakr\u00f3l<\/td>\n            <\/tr>\n            <tr id=\"table_2_row_865\">\n                    <td style=\"\">2022.03.23<\/td>\n                    <td style=\"\"><a href='https:\/\/www.srf.ch\/' rel=' nofollow ' target='_blank'>https:\/\/www.srf.ch\/<\/a><\/td>\n                    <td style=\"\">Noemi Gradwohl<\/td>\n                    <td style=\"\">Wie eine Transgender-Prinzessin Ungarns Politik irritierte<\/td>\n                    <td style=\"\">hir r\u00f6vid cikk<\/td>\n                    <td style=\"\"><a href='https:\/\/www.srf.ch\/kultur\/literatur\/maerchen-anders-erzaehlt-wie-eine-transgender-prinzessin-ungarns-politik-irritierte' rel=' nofollow ' target='_blank'>https:\/\/www.srf.ch\/kultur\/literatur\/maerchen-anders-erzaehlt-wie-eine-transgender-prinzessin-ungarns-politik-irritierte<\/a><\/td>\n                    <td style=\"\">pozit\u00edv<\/td>\n                    <td style=\"\"><\/td>\n                    <td style=\"\">igen<\/td>\n                    <td style=\"\">n\u00e9met<\/td>\n                    <td style=\"\">Cikk arr\u00f3l, hogy a mesek\u00f6nyvet betiltott\u00e1k<\/td>\n            <\/tr>\n            <tr id=\"table_2_row_866\">\n                    <td style=\"\">2022.03.27<\/td>\n                    <td style=\"\"><a href='https:\/\/nepszava.hu\/' rel=' nofollow ' target='_blank'>https:\/\/nepszava.hu\/<\/a><\/td>\n                    <td style=\"\">P.Szab\u00f3 D\u00e9nes<\/td>\n                    <td style=\"\">Az \u00e9rz\u00e9keny\u00edt\u00e9s nem \u00e1tnevel\u00e9s \u2013 A sokf\u00e9les\u00e9g\u00fcnket bemutat\u00f3 mes\u00e9kre a vil\u00e1gon minden\u00fctt n\u0151 az ig\u00e9ny<\/td>\n                    <td style=\"\">recenzi\u00f3<\/td>\n                    <td style=\"\"><a href='https:\/\/nepszava.hu\/3151242_az-erzekenyites-nem-atneveles-a-sokfeleseget-bemutato-mesekre-a-vilagon-mindenutt-no-az-igeny' rel=' nofollow ' target='_blank'>https:\/\/nepszava.hu\/3151242_az-erzekenyites-nem-atneveles-a-sokfeleseget-bemutato-mesekre-a-vilagon-mindenutt-no-az-igeny<\/a><\/td>\n                    <td style=\"\">negat\u00edv<\/td>\n                    <td style=\"\"><\/td>\n                    <td style=\"\"><\/td>\n                    <td style=\"\"><\/td>\n                    <td style=\"\"><\/td>\n            <\/tr>\n            <tr id=\"table_2_row_867\">\n                    <td style=\"\">2022.03.28<\/td>\n                    <td style=\"\"><a href='http:\/\/gomag.com\/' rel=' nofollow ' target='_blank'>http:\/\/gomag.com\/<\/a><\/td>\n                    <td style=\"\">Robin Kish<\/td>\n                    <td style=\"\">Conservative Politicians In Hungary Are Terrified of a Queer Children\u2019s Fairy Tale<\/td>\n                    <td style=\"\">interj\u00fa<\/td>\n                    <td style=\"\"><a href='http:\/\/gomag.com\/article\/conservative-politicians-in-hungary-are-terrified-of-a-queer-childrens-fairy-tale\/' rel=' nofollow ' target='_blank'>http:\/\/gomag.com\/article\/conservative-politicians-in-hungary-are-terrified-of-a-queer-childrens-fairy-tale\/<\/a><\/td>\n                    <td style=\"\">pozit\u00edv<\/td>\n                    <td style=\"\"><\/td>\n                    <td style=\"\">igen<\/td>\n                    <td style=\"\">angol<\/td>\n                    <td style=\"\">Interj\u00fa R\u00e9dai D\u00f3rival, Borgos Ann\u00e1val \u00e9s Krist\u00f3fy M\u00e1ri\u00e1val a magyar anti-LMBT politik\u00e1r\u00f3l<\/td>\n            <\/tr>\n            <tr id=\"table_2_row_868\">\n                    <td style=\"\">2022.03.29<\/td>\n                    <td style=\"\"><a href='https:\/\/politiken.dk\/' rel=' nofollow ' target='_blank'>https:\/\/politiken.dk\/<\/a><\/td>\n                    <td style=\"\"><\/td>\n                    <td style=\"\">Den ungarske influencer Jennifer Szomjas vil ikke finde sig i kun at v\u00e6re lesbisk derhejemme<\/td>\n                    <td style=\"\">interj\u00fa<\/td>\n                    <td style=\"\"><a href='https:\/\/politiken.dk\/udland\/art8655676\/%C2%BBJeg-ser-et-h%C3%A5b-her.-Der-er-en-gruppe-der-bliver-st%C3%B8rre-og-st%C3%B8rre%C2%AB' rel=' nofollow ' target='_blank'>https:\/\/politiken.dk\/udland\/art8655676\/%C2%BBJeg-ser-et-h%C3%A5b-her.-Der-er-en-gruppe-der-bliver-st%C3%B8rre-og-st%C3%B8rre%C2%AB<\/a><\/td>\n                    <td style=\"\">pozit\u00edv<\/td>\n                    <td style=\"\"><\/td>\n                    <td style=\"\">igen<\/td>\n                    <td style=\"\">d\u00e1n<\/td>\n                    <td style=\"\">Szomjas Jennifer \u00e9s R\u00e9dai D\u00f3ri interj\u00fa<\/td>\n            <\/tr>\n            <tr id=\"table_2_row_869\">\n                    <td style=\"\">2022.03.31<\/td>\n                    <td style=\"\"><a href='https:\/\/edition.cnn.com\/' rel=' nofollow ' target='_blank'>https:\/\/edition.cnn.com\/<\/a><\/td>\n                    <td style=\"\"><\/td>\n                    <td style=\"\">How children became a tool in Orban\u2019s anti-LGBTQ propaganda<\/td>\n                    <td style=\"\">v\u00e9lem\u00e9ny<\/td>\n                    <td style=\"\"><a href='https:\/\/edition.cnn.com\/2022\/03\/31\/opinions\/hungary-orban-lgbtq-referendum-redai\/index.html' rel=' nofollow ' target='_blank'>https:\/\/edition.cnn.com\/2022\/03\/31\/opinions\/hungary-orban-lgbtq-referendum-redai\/index.html<\/a><\/td>\n                    <td style=\"\">semleges<\/td>\n                    <td style=\"\"><\/td>\n                    <td style=\"\">igen<\/td>\n                    <td style=\"\">angol<\/td>\n                    <td style=\"\">R\u00e9dai D\u00f3ri \u00edr\u00e1sa a gyermekv\u00e9delmi t\u00f6rv\u00e9ny kapcs\u00e1n<\/td>\n            <\/tr>\n            <tr id=\"table_2_row_870\">\n                    <td style=\"\">2022.04.01<\/td>\n                    <td style=\"\"><a href='https:\/\/www.tv4play.se\/' rel=' nofollow ' target='_blank'>https:\/\/www.tv4play.se\/<\/a><\/td>\n                    <td style=\"\"><\/td>\n                    <td style=\"\">Folkomr\u00f6stning om HBTQ-fr\u00e5gor i Ungern ses som skamlig<\/td>\n                    <td style=\"\">vide\u00f3<\/td>\n                    <td style=\"\"><a href='https:\/\/www.tv4play.se\/program\/nyheterna\/folkomr%C3%B6stning-om-hbtq-fr%C3%A5gor-i-ungern-ses-som-skamlig\/13758621' rel=' nofollow ' target='_blank'>https:\/\/www.tv4play.se\/program\/nyheterna\/folkomr%C3%B6stning-om-hbtq-fr%C3%A5gor-i-ungern-ses-som-skamlig\/13758621<\/a><\/td>\n                    <td style=\"\">pozit\u00edv<\/td>\n                    <td style=\"\"><\/td>\n                    <td style=\"\">igen<\/td>\n                    <td style=\"\">sv\u00e9d<\/td>\n                    <td style=\"\">a gyermekv\u00e9delmi szavaz\u00e1st sz\u00e9gyenletesnek \u00edt\u00e9li az eu<\/td>\n            <\/tr>\n            <tr id=\"table_2_row_871\">\n                    <td style=\"\">2022.04.02<\/td>\n                    <td style=\"\"><a href='https:\/\/444.hu\/' rel=' nofollow ' target='_blank'>https:\/\/444.hu\/<\/a><\/td>\n                    <td style=\"\">R\u00e9nyi P\u00e1l D\u00e1niel<\/td>\n                    <td style=\"\">Korrupt, \u00e1lszent, lesajn\u00e1lt ban\u00e1nk\u00f6zt\u00e1rsas\u00e1gk\u00e9nt r\u00f6h\u00f6gnek Orb\u00e1n Magyarorsz\u00e1g\u00e1n a n\u00e9met k\u00f6zszolg\u00e1lati t\u00e9v\u00e9ben<\/td>\n                    <td style=\"\">vide\u00f3<\/td>\n                    <td style=\"\"><a href='https:\/\/444.hu\/2022\/04\/02\/korrupt-alszent-lesajnalt-banankoztarsasagkent-rohognek-orban-magyarorszagan-a-nemet-kozszolgalati-teveben' rel=' nofollow ' target='_blank'>https:\/\/444.hu\/2022\/04\/02\/korrupt-alszent-lesajnalt-banankoztarsasagkent-rohognek-orban-magyarorszagan-a-nemet-kozszolgalati-teveben<\/a><\/td>\n                    <td style=\"\">pozit\u00edv<\/td>\n                    <td style=\"\"><\/td>\n                    <td style=\"\"><\/td>\n                    <td style=\"\"><\/td>\n                    <td style=\"\">a ZDF showm\u0171sora vide\u00f3 elemz\u00e9s<\/td>\n            <\/tr>\n            <tr id=\"table_2_row_872\">\n                    <td style=\"\">2022.04.03<\/td>\n                    <td style=\"\"><a href='https:\/\/www.cbc.ca\/' rel=' nofollow ' target='_blank'>https:\/\/www.cbc.ca\/<\/a><\/td>\n                    <td style=\"\">Megan Williams<\/td>\n                    <td style=\"\">Hungarians openly challenged authoritarian rule in election campaign, but can they unseat PM?<\/td>\n                    <td style=\"\">interj\u00fa<\/td>\n                    <td style=\"\"><a href='https:\/\/www.cbc.ca\/news\/world\/hungary-election-orban-1.6406455' rel=' nofollow ' target='_blank'>https:\/\/www.cbc.ca\/news\/world\/hungary-election-orban-1.6406455<\/a><\/td>\n                    <td style=\"\">pozit\u00edv<\/td>\n                    <td style=\"\"><\/td>\n                    <td style=\"\">igen<\/td>\n                    <td style=\"\">angol<\/td>\n                    <td style=\"\">benne interj\u00fa R\u00e9dai D\u00f3rival<\/td>\n            <\/tr>\n            <tr id=\"table_2_row_873\">\n                    <td style=\"\">2022.04.20<\/td>\n                    <td style=\"\"><a href='https:\/\/www.youtube.com\/' rel=' nofollow ' target='_blank'>https:\/\/www.youtube.com\/<\/a><\/td>\n                    <td style=\"\">The Daily Show<\/td>\n                    <td style=\"\">The Woke Wars: Jordan Klepper Previews His Trip to Hungary | The Daily Show<\/td>\n                    <td style=\"\">vide\u00f3 v\u00e9lem\u00e9ny<\/td>\n                    <td style=\"\"><a href='https:\/\/www.youtube.com\/watch?v=-qfopkMItug&amp;t=224s' rel=' nofollow ' target='_blank'>https:\/\/www.youtube.com\/watch?v=-qfopkMItug&amp;t=224s<\/a><\/td>\n                    <td style=\"\"><\/td>\n                    <td style=\"\">youtube<\/td>\n                    <td style=\"\"><\/td>\n                    <td style=\"\"><\/td>\n                    <td style=\"\">The Woke Wars: Jordan Klepper Previews His Trip to Hungary | The Daily Show<\/td>\n            <\/tr>\n            <tr id=\"table_2_row_874\">\n                    <td style=\"\">2022.04.20<\/td>\n                    <td style=\"\"><a href='https:\/\/veronikamolnar.com\/' rel=' nofollow ' target='_blank'>https:\/\/veronikamolnar.com\/<\/a><\/td>\n                    <td style=\"\">Veronika Molnar<\/td>\n                    <td style=\"\">Strategic Stillness<\/td>\n                    <td style=\"\">egy\u00e9b<\/td>\n                    <td style=\"\"><a href='https:\/\/veronikamolnar.com\/strategic-stillness' rel=' nofollow ' target='_blank'>https:\/\/veronikamolnar.com\/strategic-stillness<\/a><\/td>\n                    <td style=\"\">pozit\u00edv<\/td>\n                    <td style=\"\"><\/td>\n                    <td style=\"\"><\/td>\n                    <td style=\"\"><\/td>\n                    <td style=\"\">ki\u00e1ll\u00edt\u00e1s<\/td>\n            <\/tr>\n            <tr id=\"table_2_row_875\">\n                    <td style=\"\">2022.04.26<\/td>\n                    <td style=\"\"><a href='https:\/\/www.facebook.com\/' rel=' nofollow ' target='_blank'>https:\/\/www.facebook.com\/<\/a><\/td>\n                    <td style=\"\"><\/td>\n                    <td style=\"\">Nyitottak vagyunk esem\u00e9nye<\/td>\n                    <td style=\"\">esem\u00e9ny<\/td>\n                    <td style=\"\"><a href='https:\/\/www.facebook.com\/events\/387794363213165' rel=' nofollow ' target='_blank'>https:\/\/www.facebook.com\/events\/387794363213165<\/a><\/td>\n                    <td style=\"\">pozit\u00edv<\/td>\n                    <td style=\"\">fb<\/td>\n                    <td style=\"\"><\/td>\n                    <td style=\"\"><\/td>\n                    <td style=\"\"><\/td>\n            <\/tr>\n            <tr id=\"table_2_row_876\">\n                    <td style=\"\">2022.05.03<\/td>\n                    <td style=\"\"><a href='https:\/\/www.stern.de\/' rel=' nofollow ' target='_blank'>https:\/\/www.stern.de\/<\/a><\/td>\n                    <td style=\"\"><\/td>\n                    <td style=\"\">Das Kinderbuch, das Viktor Orb\u00e1n zum Feindbild erkl\u00e4rt hat \u2013 Live-Lesung und Diskussion<\/td>\n                    <td style=\"\">vide\u00f3<\/td>\n                    <td style=\"\"><a href='https:\/\/www.stern.de\/kultur\/buecher\/-maerchenland-fuer-alle----lesung-und-gespraech-mit-urheberinnen-und-urhebern-31822788.html' rel=' nofollow ' target='_blank'>https:\/\/www.stern.de\/kultur\/buecher\/-maerchenland-fuer-alle----lesung-und-gespraech-mit-urheberinnen-und-urhebern-31822788.html<\/a><\/td>\n                    <td style=\"\">pozit\u00edv<\/td>\n                    <td style=\"\"><\/td>\n                    <td style=\"\">igen<\/td>\n                    <td style=\"\">n\u00e9met<\/td>\n                    <td style=\"\">besz\u00e9lget\u00e9s \u00e9s felolvas\u00e1s a k\u00f6nyvb\u0151l egy \u00e9l\u0151 ad\u00e1sban<\/td>\n            <\/tr>\n            <tr id=\"table_2_row_877\">\n                    <td style=\"\">2022.05.16<\/td>\n                    <td style=\"\"><a href='https:\/\/www.facebook.com\/' rel=' nofollow ' target='_blank'>https:\/\/www.facebook.com\/<\/a><\/td>\n                    <td style=\"\">page 28<\/td>\n                    <td style=\"\"><\/td>\n                    <td style=\"\">FB-poszt<\/td>\n                    <td style=\"\"><a href='https:\/\/www.facebook.com\/pagekulturscen\/photos\/a.107976584347427\/503075401504208\/' rel=' nofollow ' target='_blank'>https:\/\/www.facebook.com\/pagekulturscen\/photos\/a.107976584347427\/503075401504208\/<\/a><\/td>\n                    <td style=\"\">pozit\u00edv<\/td>\n                    <td style=\"\">fb<\/td>\n                    <td style=\"\"><\/td>\n                    <td style=\"\"><\/td>\n                    <td style=\"\"><\/td>\n            <\/tr>\n            <tr id=\"table_2_row_878\">\n                    <td style=\"\">2022.05.17<\/td>\n                    <td style=\"\"><a href='https:\/\/www.vogue.pt\/' rel=' nofollow ' target='_blank'>https:\/\/www.vogue.pt\/<\/a><\/td>\n                    <td style=\"\">Pedro Vasconcelos<\/td>\n                    <td style=\"\">Rainbow<\/td>\n                    <td style=\"\">publicisztika<\/td>\n                    <td style=\"\"><a href='https:\/\/www.vogue.pt\/english-version-queer-fairytale-issue' rel=' nofollow ' target='_blank'>https:\/\/www.vogue.pt\/english-version-queer-fairytale-issue<\/a><\/td>\n                    <td style=\"\">pozit\u00edv<\/td>\n                    <td style=\"\"><\/td>\n                    <td style=\"\">igen<\/td>\n                    <td style=\"\">angol<\/td>\n                    <td style=\"\">cikk a k\u00f6nyvr\u0151l \u00e9s a magyar politikai helyzetr\u0151l<\/td>\n            <\/tr>\n            <tr id=\"table_2_row_879\">\n                    <td style=\"\">2022.05.24<\/td>\n                    <td style=\"\"><a href='https:\/\/24.hu\/' rel=' nofollow ' target='_blank'>https:\/\/24.hu\/<\/a><\/td>\n                    <td style=\"\"><\/td>\n                    <td style=\"\">T\u00edz nyelvre ford\u00edtj\u00e1k le a Meseorsz\u00e1g mindenki\u00e9t<\/td>\n                    <td style=\"\">h\u00edr, besz\u00e1mol\u00f3, r\u00f6vid cikk<\/td>\n                    <td style=\"\"><a href='https:\/\/24.hu\/kultura\/2022\/05\/24\/tiz-nyelvre-forditjak-le-a-meseorszag-mindenkie\/' rel=' nofollow ' target='_blank'>https:\/\/24.hu\/kultura\/2022\/05\/24\/tiz-nyelvre-forditjak-le-a-meseorszag-mindenkie\/<\/a><\/td>\n                    <td style=\"\">pozit\u00edv<\/td>\n                    <td style=\"\"><\/td>\n                    <td style=\"\"><\/td>\n                    <td style=\"\"><\/td>\n                    <td style=\"\"><\/td>\n            <\/tr>\n            <tr id=\"table_2_row_880\">\n                    <td style=\"\">2022.05.24<\/td>\n                    <td style=\"\"><a href='https:\/\/444.hu\/' rel=' nofollow ' target='_blank'>https:\/\/444.hu\/<\/a><\/td>\n                    <td style=\"\">Sz\u00e1sz Zs\u00f3fia<\/td>\n                    <td style=\"\">T\u00edz nyelvre ford\u00edtj\u00e1k le a Meseorsz\u00e1g mindenki\u00e9-t<\/td>\n                    <td style=\"\">h\u00edr, besz\u00e1mol\u00f3, r\u00f6vid cikk<\/td>\n                    <td style=\"\"><a href='https:\/\/444.hu\/2022\/05\/24\/tiz-nyelvre-forditjak-le-a-meseorszag-mindenkiet' rel=' nofollow ' target='_blank'>https:\/\/444.hu\/2022\/05\/24\/tiz-nyelvre-forditjak-le-a-meseorszag-mindenkiet<\/a><\/td>\n                    <td style=\"\">pozit\u00edv<\/td>\n                    <td style=\"\"><\/td>\n                    <td style=\"\"><\/td>\n                    <td style=\"\"><\/td>\n                    <td style=\"\">Tompa Andrea fb posztja a ford\u00edt\u00e1s h\u00edr\u00e9r\u0151l<\/td>\n            <\/tr>\n            <tr id=\"table_2_row_881\">\n                    <td style=\"\">2022.05.24<\/td>\n                    <td style=\"\"><a href='https:\/\/hvg.hu\/' rel=' nofollow ' target='_blank'>https:\/\/hvg.hu\/<\/a><\/td>\n                    <td style=\"\"><\/td>\n                    <td style=\"\">Meseorsz\u00e1g mindenki\u00e9: itthon ledar\u00e1lt\u00e1k, egy sor nyelvre leford\u00edtott\u00e1k<\/td>\n                    <td style=\"\">h\u00edr, besz\u00e1mol\u00f3, r\u00f6vid cikk<\/td>\n                    <td style=\"\"><a href='https:\/\/hvg.hu\/elet\/20220524_Meseorszag_mindenkie_Itthon_ledaraltak_egy_sor_nyelvre_leforditottak' rel=' nofollow ' target='_blank'>https:\/\/hvg.hu\/elet\/20220524_Meseorszag_mindenkie_Itthon_ledaraltak_egy_sor_nyelvre_leforditottak<\/a><\/td>\n                    <td style=\"\">pozit\u00edv<\/td>\n                    <td style=\"\"><\/td>\n                    <td style=\"\"><\/td>\n                    <td style=\"\"><\/td>\n                    <td style=\"\">h\u00edr arr\u00f3l mennyire sok nyleven megjelent m\u00e1r a k\u00f6nyv<\/td>\n            <\/tr>\n            <tr id=\"table_2_row_882\">\n                    <td style=\"\">2022.05.24<\/td>\n                    <td style=\"\"><a href='https:\/\/magyarnarancs.hu\/' rel=' nofollow ' target='_blank'>https:\/\/magyarnarancs.hu\/<\/a><\/td>\n                    <td style=\"\"><\/td>\n                    <td style=\"\">T\u00edz nyelvre ford\u00edtj\u00e1k le le a D\u00far\u00f3 D\u00f3ra \u00e1ltal ledar\u00e1lt Meseorsz\u00e1g mindenki\u00e9 c\u00edm\u0171 k\u00f6nyvet<\/td>\n                    <td style=\"\">h\u00edr, besz\u00e1mol\u00f3, r\u00f6vid cikk<\/td>\n                    <td style=\"\"><a href='https:\/\/magyarnarancs.hu\/belpol\/tiz-nyelvre-forditjak-le-le-a-duro-dora-altal-ledaralt-meseorszag-mindenkie-cimu-konyvet-249077' rel=' nofollow ' target='_blank'>https:\/\/magyarnarancs.hu\/belpol\/tiz-nyelvre-forditjak-le-le-a-duro-dora-altal-ledaralt-meseorszag-mindenkie-cimu-konyvet-249077<\/a><\/td>\n                    <td style=\"\">semleges<\/td>\n                    <td style=\"\"><\/td>\n                    <td style=\"\"><\/td>\n                    <td style=\"\"><\/td>\n                    <td style=\"\"><\/td>\n            <\/tr>\n            <tr id=\"table_2_row_883\">\n                    <td style=\"\">2022.05.24<\/td>\n                    <td style=\"\"><a href='https:\/\/telex.hu\/' rel=' nofollow ' target='_blank'>https:\/\/telex.hu\/<\/a><\/td>\n                    <td style=\"\">\u00c1ghassai Attila<\/td>\n                    <td style=\"\">T\u00edz nyelvre ford\u00edtott\u00e1k le azt a mesek\u00f6nyvet, amit D\u00far\u00f3 D\u00f3ra ledar\u00e1lt<\/td>\n                    <td style=\"\">h\u00edr, besz\u00e1mol\u00f3, r\u00f6vid cikk<\/td>\n                    <td style=\"\"><a href='https:\/\/telex.hu\/kult\/2022\/05\/24\/meseorszag-mindenkie-idegen-nyelvek' rel=' nofollow ' target='_blank'>https:\/\/telex.hu\/kult\/2022\/05\/24\/meseorszag-mindenkie-idegen-nyelvek<\/a><\/td>\n                    <td style=\"\">semleges<\/td>\n                    <td style=\"\"><\/td>\n                    <td style=\"\"><\/td>\n                    <td style=\"\"><\/td>\n                    <td style=\"\"><\/td>\n            <\/tr>\n            <tr id=\"table_2_row_884\">\n                    <td style=\"\">2022.05.31<\/td>\n                    <td style=\"\"><a href='https:\/\/stayhappening.com\/' rel=' nofollow ' target='_blank'>https:\/\/stayhappening.com\/<\/a><\/td>\n                    <td style=\"\"><\/td>\n                    <td style=\"\">Sagolandet tillh\u00f6r alla - Boksl\u00e4pp och samtal med Dorottya R\u00e9dai<\/td>\n                    <td style=\"\">interj\u00fa<\/td>\n                    <td style=\"\"><a href='https:\/\/stayhappening.com\/e\/sagolandet-tillh\u00f6r-alla-boksl%C3%A4pp-och-samtal-med-dorottya-r\u00e9dai-E2ISUH3MIBF' rel=' nofollow ' target='_blank'>https:\/\/stayhappening.com\/e\/sagolandet-tillh\u00f6r-alla-boksl%C3%A4pp-och-samtal-med-dorottya-r\u00e9dai-E2ISUH3MIBF<\/a><\/td>\n                    <td style=\"\">pozit\u00edv<\/td>\n                    <td style=\"\"><\/td>\n                    <td style=\"\">igen<\/td>\n                    <td style=\"\">sv\u00e9d<\/td>\n                    <td style=\"\">Interj\u00fa R\u00e9dai Dorotty\u00e1val<\/td>\n            <\/tr>\n            <tr id=\"table_2_row_885\">\n                    <td style=\"\">2022.05.31<\/td>\n                    <td style=\"\"><a href='https:\/\/allevents.in\/' rel=' nofollow ' target='_blank'>https:\/\/allevents.in\/<\/a><\/td>\n                    <td style=\"\"><\/td>\n                    <td style=\"\">Sagolandet tillh\u00f6r alla - Boksl\u00e4pp och samtal med Dorottya R\u00e9dai<\/td>\n                    <td style=\"\">egy\u00e9b<\/td>\n                    <td style=\"\"><a href='https:\/\/allevents.in\/malm\u00f6\/sagolandet-tillh\u00f6r-alla-boksl\u00e4pp-och-samtal-med-dorottya-r\u00e9dai\/200022580995700' rel=' nofollow ' target='_blank'>https:\/\/allevents.in\/malm\u00f6\/sagolandet-tillh\u00f6r-alla-boksl\u00e4pp-och-samtal-med-dorottya-r\u00e9dai\/200022580995700<\/a><\/td>\n                    <td style=\"\">pozit\u00edv<\/td>\n                    <td style=\"\"><\/td>\n                    <td style=\"\">igen<\/td>\n                    <td style=\"\">sv\u00e9d<\/td>\n                    <td style=\"\">Besz\u00e9lget\u00e9s R\u00e9dai Dorotty\u00e1val a sv\u00e9d kiad\u00e1s kapcs\u00e1n<\/td>\n            <\/tr>\n            <tr id=\"table_2_row_886\">\n                    <td style=\"\">2022.06.01<\/td>\n                    <td style=\"\"><a href='https:\/\/www.youtube.com\/' rel=' nofollow ' target='_blank'>https:\/\/www.youtube.com\/<\/a><\/td>\n                    <td style=\"\">DK Verlag<\/td>\n                    <td style=\"\">DK Verlag bemutat\u00f3 vide\u00f3ja a Meseorsz\u00e1g k\u00f6nyvr\u0151l<\/td>\n                    <td style=\"\">vide\u00f3<\/td>\n                    <td style=\"\"><a href='https:\/\/www.youtube.com\/watch?v=YxqxyuOLTJ0' rel=' nofollow ' target='_blank'>https:\/\/www.youtube.com\/watch?v=YxqxyuOLTJ0<\/a><\/td>\n                    <td style=\"\">pozit\u00edv<\/td>\n                    <td style=\"\">youtube<\/td>\n                    <td style=\"\"><\/td>\n                    <td style=\"\"><\/td>\n                    <td style=\"\">DK Verlag bemutat\u00f3 vide\u00f3ja a Meseorsz\u00e1g k\u00f6nyvr\u0151l<\/td>\n            <\/tr>\n            <tr id=\"table_2_row_887\">\n                    <td style=\"\">2022.06.02<\/td>\n                    <td style=\"\"><a href='https:\/\/abfstockholm.se\/' rel=' nofollow ' target='_blank'>https:\/\/abfstockholm.se\/<\/a><\/td>\n                    <td style=\"\"><\/td>\n                    <td style=\"\">Sagoboken som f\u00f6rd\u00f6mdes av Orb\u00e1n \u2013 det svenska boksl\u00e4ppet<\/td>\n                    <td style=\"\">hir r\u00f6vid cikk<\/td>\n                    <td style=\"\"><a href='https:\/\/abfstockholm.se\/evenemang\/sagoboken-som-fordomdes-av-orban-det-svenska-bokslappet\/' rel=' nofollow ' target='_blank'>https:\/\/abfstockholm.se\/evenemang\/sagoboken-som-fordomdes-av-orban-det-svenska-bokslappet\/<\/a><\/td>\n                    <td style=\"\">pozit\u00edv<\/td>\n                    <td style=\"\"><\/td>\n                    <td style=\"\">igen<\/td>\n                    <td style=\"\">sv\u00e9d<\/td>\n                    <td style=\"\">a sv\u00e9d kiad\u00e1sr\u00f3l<\/td>\n            <\/tr>\n            <tr id=\"table_2_row_888\">\n                    <td style=\"\">2022.06.02<\/td>\n                    <td style=\"\"><a href='https:\/\/lesbiskmakt.nu\/' rel=' nofollow ' target='_blank'>https:\/\/lesbiskmakt.nu\/<\/a><\/td>\n                    <td style=\"\"><\/td>\n                    <td style=\"\">V\u00e4lkomna till \u00e5rets boksl\u00e4pp med Labrisz Lesbian Association och ABF<\/td>\n                    <td style=\"\">esem\u00e9ny<\/td>\n                    <td style=\"\"><a href='https:\/\/lesbiskmakt.nu\/bokslapp-sagolandet-tillhor-alla' rel=' nofollow ' target='_blank'>https:\/\/lesbiskmakt.nu\/bokslapp-sagolandet-tillhor-alla<\/a><\/td>\n                    <td style=\"\">semleges<\/td>\n                    <td style=\"\"><\/td>\n                    <td style=\"\">igen<\/td>\n                    <td style=\"\">sv\u00e9d<\/td>\n                    <td style=\"\">a sv\u00e9d kiad\u00e1sr\u00f3l<\/td>\n            <\/tr>\n            <tr id=\"table_2_row_889\">\n                    <td style=\"\">2022.06.10<\/td>\n                    <td style=\"\"><a href='https:\/\/litera.hu\/' rel=' nofollow ' target='_blank'>https:\/\/litera.hu\/<\/a><\/td>\n                    <td style=\"\"><\/td>\n                    <td style=\"\">Tak\u00e1cs Zsuzsa az \u00e9v ifj\u00fas\u00e1gi \u00edr\u00f3ja \u2013 Kihirdett\u00e9k az \u00c9v Gyerekk\u00f6nyve-d\u00edjasokat<\/td>\n                    <td style=\"\">h\u00edr, besz\u00e1mol\u00f3, r\u00f6vid cikk<\/td>\n                    <td style=\"\"><a href='https:\/\/litera.hu\/hirek\/takacs-zsuzsa-az-ev-ifjusagi-iroja-kihirdettek-az-ev-gyerekkonyve-dijasokat.html' rel=' nofollow ' target='_blank'>https:\/\/litera.hu\/hirek\/takacs-zsuzsa-az-ev-ifjusagi-iroja-kihirdettek-az-ev-gyerekkonyve-dijasokat.html<\/a><\/td>\n                    <td style=\"\">semleges<\/td>\n                    <td style=\"\"><\/td>\n                    <td style=\"\"><\/td>\n                    <td style=\"\"><\/td>\n                    <td style=\"\">hubby d\u00edj<\/td>\n            <\/tr>\n            <tr id=\"table_2_row_890\">\n                    <td style=\"\">2022.06.13<\/td>\n                    <td style=\"\"><a href='https:\/\/hvg.hu\/' rel=' nofollow ' target='_blank'>https:\/\/hvg.hu\/<\/a><\/td>\n                    <td style=\"\"><\/td>\n                    <td style=\"\">Angolul Sir Ian McKellen aj\u00e1nl\u00e1s\u00e1val adj\u00e1k ki a Meseorsz\u00e1g mindenki\u00e9t<\/td>\n                    <td style=\"\">h\u00edr, besz\u00e1mol\u00f3, r\u00f6vid cikk<\/td>\n                    <td style=\"\"><a href='https:\/\/hvg.hu\/kultura\/20220613_ian_mckellen_meseorszag_mindenkie_konyv_konyvkiadas' rel=' nofollow ' target='_blank'>https:\/\/hvg.hu\/kultura\/20220613_ian_mckellen_meseorszag_mindenkie_konyv_konyvkiadas<\/a><\/td>\n                    <td style=\"\">pozit\u00edv<\/td>\n                    <td style=\"\"><\/td>\n                    <td style=\"\"><\/td>\n                    <td style=\"\"><\/td>\n                    <td style=\"\">a hvg cikke a k\u00f6tet k\u00fclf\u00f6ldi fogadtat\u00e1s\u00e1r\u00f3l<\/td>\n            <\/tr>\n            <tr id=\"table_2_row_891\">\n                    <td style=\"\">2022.06.13<\/td>\n                    <td style=\"\"><a href='https:\/\/rtl.hu\/' rel=' nofollow ' target='_blank'>https:\/\/rtl.hu\/<\/a><\/td>\n                    <td style=\"\">Bal\u00e1zs Barbara<\/td>\n                    <td style=\"\">Ideol\u00f3giai fesz\u00fclts\u00e9g kell\u0151s k\u00f6zep\u00e9be cs\u00f6ppentek a Meseorsz\u00e1g mindenki\u00e9 eur\u00f3pai kiad\u00e1sai<\/td>\n                    <td style=\"\">interj\u00fa<\/td>\n                    <td style=\"\"><a href='https:\/\/rtl.hu\/kultura\/2022\/06\/13\/meseorszag-mindenkie-kulfoldi-kiadasok-nagy-m-boldizsar-interju' rel=' nofollow ' target='_blank'>https:\/\/rtl.hu\/kultura\/2022\/06\/13\/meseorszag-mindenkie-kulfoldi-kiadasok-nagy-m-boldizsar-interju<\/a><\/td>\n                    <td style=\"\">semleges<\/td>\n                    <td style=\"\"><\/td>\n                    <td style=\"\"><\/td>\n                    <td style=\"\"><\/td>\n                    <td style=\"\">Interj\u00fa Nagy Boldizs\u00e1rral<\/td>\n            <\/tr>\n            <tr id=\"table_2_row_892\">\n                    <td style=\"\">2022.06.14<\/td>\n                    <td style=\"\"><a href='https:\/\/konyvesmagazin.hu\/' rel=' nofollow ' target='_blank'>https:\/\/konyvesmagazin.hu\/<\/a><\/td>\n                    <td style=\"\"><\/td>\n                    <td style=\"\">Kiosztott\u00e1k az \u00c9v Gyerekk\u00f6nyve D\u00edjakat!<\/td>\n                    <td style=\"\">h\u00edr, besz\u00e1mol\u00f3, r\u00f6vid cikk<\/td>\n                    <td style=\"\"><a href='https:\/\/konyvesmagazin.hu\/bookline_kids_gyerek\/hubby_ev_gyerekkonyve_dij_1.html' rel=' nofollow ' target='_blank'>https:\/\/konyvesmagazin.hu\/bookline_kids_gyerek\/hubby_ev_gyerekkonyve_dij_1.html<\/a><\/td>\n                    <td style=\"\">semleges<\/td>\n                    <td style=\"\"><\/td>\n                    <td style=\"\"><\/td>\n                    <td style=\"\"><\/td>\n                    <td style=\"\">Meseorsz\u00e1g innov\u00e1ci\u00f3s d\u00edj\u00e1nak megjelen\u00e9se<\/td>\n            <\/tr>\n            <tr id=\"table_2_row_893\">\n                    <td style=\"\">2022.06.16<\/td>\n                    <td style=\"\"><a href='https:\/\/magyarnemzet.hu\/' rel=' nofollow ' target='_blank'>https:\/\/magyarnemzet.hu\/<\/a><\/td>\n                    <td style=\"\"><\/td>\n                    <td style=\"\">Furcsa eredet\u0171 d\u00edjat kapott a mesek\u00f6nyv\u00e9re a Labrisz<\/td>\n                    <td style=\"\">h\u00edr, besz\u00e1mol\u00f3, r\u00f6vid cikk<\/td>\n                    <td style=\"\"><a href='https:\/\/magyarnemzet.hu\/belfold\/2022\/06\/furcsa-eredetu-dijat-kapott-a-mesekonyvere-a-labrisz' rel=' nofollow ' target='_blank'>https:\/\/magyarnemzet.hu\/belfold\/2022\/06\/furcsa-eredetu-dijat-kapott-a-mesekonyvere-a-labrisz<\/a><\/td>\n                    <td style=\"\">negat\u00edv<\/td>\n                    <td style=\"\"><\/td>\n                    <td style=\"\"><\/td>\n                    <td style=\"\"><\/td>\n                    <td style=\"\"><\/td>\n            <\/tr>\n            <tr id=\"table_2_row_894\">\n                    <td style=\"\">2022.06.24<\/td>\n                    <td style=\"\"><a href='https:\/\/www.stern.de\/' rel=' nofollow ' target='_blank'>https:\/\/www.stern.de\/<\/a><\/td>\n                    <td style=\"\"><\/td>\n                    <td style=\"\">Auszug aus dem diversen Kinderbuch \"M\u00e4rchenland f\u00fcr alle\"<\/td>\n                    <td style=\"\">egy\u00e9b<\/td>\n                    <td style=\"\"><a href='https:\/\/www.stern.de\/kultur\/maerchenland-fuer-alle--hier-koennen-sie-einen-auszug-aus-dem-diversen-maerchenbuch-lesen-31703068.html' rel=' nofollow ' target='_blank'>https:\/\/www.stern.de\/kultur\/maerchenland-fuer-alle--hier-koennen-sie-einen-auszug-aus-dem-diversen-maerchenbuch-lesen-31703068.html<\/a><\/td>\n                    <td style=\"\">semleges<\/td>\n                    <td style=\"\"><\/td>\n                    <td style=\"\">igen<\/td>\n                    <td style=\"\">n\u00e9met<\/td>\n                    <td style=\"\">r\u00e9szletek a mesek\u00f6nyvb\u0151l<\/td>\n            <\/tr>\n            <tr id=\"table_2_row_895\">\n                    <td style=\"\">2022.06.30<\/td>\n                    <td style=\"\"><a href='https:\/\/www.thebookseller.com\/' rel=' nofollow ' target='_blank'>https:\/\/www.thebookseller.com\/<\/a><\/td>\n                    <td style=\"\">Sian Bayley<\/td>\n                    <td style=\"\">Farshore scoops 'joyful' LGBTQ+ fairytale collection<\/td>\n                    <td style=\"\">hir r\u00f6vid cikk<\/td>\n                    <td style=\"\"><a href='https:\/\/www.thebookseller.com\/rights\/farshore-scoops-joyful-lgbtq-fairytale-collection' rel=' nofollow ' target='_blank'>https:\/\/www.thebookseller.com\/rights\/farshore-scoops-joyful-lgbtq-fairytale-collection<\/a><\/td>\n                    <td style=\"\">pozit\u00edv<\/td>\n                    <td style=\"\"><\/td>\n                    <td style=\"\">igen<\/td>\n                    <td style=\"\">angol<\/td>\n                    <td style=\"\">a cikket csak regisztr\u00e1ci\u00f3val, vagy fizet\u0151esen lehet elolvasni<\/td>\n            <\/tr>\n            <tr id=\"table_2_row_896\">\n                    <td style=\"\">2022.07.07<\/td>\n                    <td style=\"\"><a href='https:\/\/www.facebook.com\/' rel=' nofollow ' target='_blank'>https:\/\/www.facebook.com\/<\/a><\/td>\n                    <td style=\"\">Trinambai<\/td>\n                    <td style=\"\">K\u00f6nyvmegjelen\u00e9sr\u0151l f\u00e9nyk\u00e9p<\/td>\n                    <td style=\"\">fb-poszt<\/td>\n                    <td style=\"\"><a href='https:\/\/www.facebook.com\/trinambai\/photos\/pcb.5814074845276500\/5814043085279676' rel=' nofollow ' target='_blank'>https:\/\/www.facebook.com\/trinambai\/photos\/pcb.5814074845276500\/5814043085279676<\/a><\/td>\n                    <td style=\"\">pozit\u00edv<\/td>\n                    <td style=\"\">fb<\/td>\n                    <td style=\"\"><\/td>\n                    <td style=\"\"><\/td>\n                    <td style=\"\"><\/td>\n            <\/tr>\n            <tr id=\"table_2_row_897\">\n                    <td style=\"\">2022.07.12<\/td>\n                    <td style=\"\"><a href='https:\/\/pekarnamm.org\/' rel=' nofollow ' target='_blank'>https:\/\/pekarnamm.org\/<\/a><\/td>\n                    <td style=\"\">Pekarna Magdalenske<\/td>\n                    <td style=\"\">Knji\u017enica tete Rose: So pravljice za vse?<\/td>\n                    <td style=\"\">hir r\u00f6vid cikk<\/td>\n                    <td style=\"\"><a href='https:\/\/pekarnamm.org\/17335' rel=' nofollow ' target='_blank'>https:\/\/pekarnamm.org\/17335<\/a><\/td>\n                    <td style=\"\">pozit\u00edv<\/td>\n                    <td style=\"\"><\/td>\n                    <td style=\"\">igen<\/td>\n                    <td style=\"\">szlov\u00e9n<\/td>\n                    <td style=\"\"><\/td>\n            <\/tr>\n            <tr id=\"table_2_row_898\">\n                    <td style=\"\">2022.07.15<\/td>\n                    <td style=\"\"><a href='https:\/\/telex.hu\/' rel=' nofollow ' target='_blank'>https:\/\/telex.hu\/<\/a><\/td>\n                    <td style=\"\">Aradi Hanga Zs\u00f3fia<\/td>\n                    <td style=\"\">H\u00e1rom \u00fcgyben is beperelte Magyarorsz\u00e1got az Eur\u00f3pai Bizotts\u00e1g<\/td>\n                    <td style=\"\">h\u00edr, besz\u00e1mol\u00f3, r\u00f6vid cikk<\/td>\n                    <td style=\"\"><a href='https:\/\/telex.hu\/belfold\/2022\/07\/15\/harom-ugyben-is-beperelte-magyarorszagot-az-europai-bizottsag' rel=' nofollow ' target='_blank'>https:\/\/telex.hu\/belfold\/2022\/07\/15\/harom-ugyben-is-beperelte-magyarorszagot-az-europai-bizottsag<\/a><\/td>\n                    <td style=\"\">negat\u00edv<\/td>\n                    <td style=\"\"><\/td>\n                    <td style=\"\"><\/td>\n                    <td style=\"\"><\/td>\n                    <td style=\"\"><\/td>\n            <\/tr>\n            <tr id=\"table_2_row_899\">\n                    <td style=\"\">2022.09.09<\/td>\n                    <td style=\"\"><a href='https:\/\/www.facebook.com\/' rel=' nofollow ' target='_blank'>https:\/\/www.facebook.com\/<\/a><\/td>\n                    <td style=\"\">Alapjogok\u00e9rt k\u00f6zpont<\/td>\n                    <td style=\"\">Kevesebb drag queen t\u00f6bb chuck norris<\/td>\n                    <td style=\"\">m\u00e9m, k\u00e9p<\/td>\n                    <td style=\"\"><a href='https:\/\/www.facebook.com\/alapjogokert\/photos\/a.769799143052160\/5731615776870447\/' rel=' nofollow ' target='_blank'>https:\/\/www.facebook.com\/alapjogokert\/photos\/a.769799143052160\/5731615776870447\/<\/a><\/td>\n                    <td style=\"\">negat\u00edv<\/td>\n                    <td style=\"\"><\/td>\n                    <td style=\"\"><\/td>\n                    <td style=\"\"><\/td>\n                    <td style=\"\"><\/td>\n            <\/tr>\n            <tr id=\"table_2_row_900\">\n                    <td style=\"\"><\/td>\n                    <td style=\"\"><a href='https:\/\/www.ooom.com\/' rel=' nofollow ' target='_blank'>https:\/\/www.ooom.com\/<\/a><\/td>\n                    <td style=\"\">George Kindel<\/td>\n                    <td style=\"\">OOOM 100: The World's Most Inspiring People<\/td>\n                    <td style=\"\">h\u00edr, besz\u00e1mol\u00f3, r\u00f6vid cikk<\/td>\n                    <td style=\"\"><a href='https:\/\/www.ooom.com\/digital\/ooom100eng\/' rel=' nofollow ' target='_blank'>https:\/\/www.ooom.com\/digital\/ooom100eng\/<\/a><\/td>\n                    <td style=\"\">pozit\u00edv<\/td>\n                    <td style=\"\"><\/td>\n                    <td style=\"\">igen<\/td>\n                    <td style=\"\">angol<\/td>\n                    <td style=\"\">h\u00edr a Time100 leginspir\u00e1l\u00f3bb emberr\u0151l<\/td>\n            <\/tr>\n            <tr id=\"table_2_row_901\">\n                    <td style=\"\">2022.10.03<\/td>\n                    <td style=\"\"><a href='https:\/\/igyic.hu\/' rel=' nofollow ' target='_blank'>https:\/\/igyic.hu\/<\/a><\/td>\n                    <td style=\"\">Sz\u0151ke D\u00e1vid<\/td>\n                    <td style=\"\">Mesemond\u00e1s \u00e9s emp\u00e1tia<\/td>\n                    <td style=\"\">publicisztika<\/td>\n                    <td style=\"\"><a href='https:\/\/igyic.hu\/esszektanulmanyok\/mesemondas-es-empatia.html' rel=' nofollow ' target='_blank'>https:\/\/igyic.hu\/esszektanulmanyok\/mesemondas-es-empatia.html<\/a><\/td>\n                    <td style=\"\">pozit\u00edv<\/td>\n                    <td style=\"\"><\/td>\n                    <td style=\"\"><\/td>\n                    <td style=\"\"><\/td>\n                    <td style=\"\">Sz\u0151ke D\u00e1vid tanul\u00e1m\u00e1nya<\/td>\n            <\/tr>\n            <tr id=\"table_2_row_902\">\n                    <td style=\"\">2022.10.19<\/td>\n                    <td style=\"\"><a href='https:\/\/www.lesoir.be\/' rel=' nofollow ' target='_blank'>https:\/\/www.lesoir.be\/<\/a><\/td>\n                    <td style=\"\">Fanny Declercq<\/td>\n                    <td style=\"\">Dorottya Redai, prix de la citoyennet\u00e9: \u00abLa cause LGBT fait pleinement partie de la d\u00e9mocratie<\/td>\n                    <td style=\"\">hir r\u00f6vid cikk<\/td>\n                    <td style=\"\"><a href='https:\/\/www.lesoir.be\/471953\/article\/2022-10-19\/dorottya-redai-prix-de-la-citoyennete-la-cause-lgbt-fait-pleinement-partie-de-la' rel=' nofollow ' target='_blank'>https:\/\/www.lesoir.be\/471953\/article\/2022-10-19\/dorottya-redai-prix-de-la-citoyennete-la-cause-lgbt-fait-pleinement-partie-de-la<\/a><\/td>\n                    <td style=\"\">pozit\u00edv<\/td>\n                    <td style=\"\"><\/td>\n                    <td style=\"\">igen<\/td>\n                    <td style=\"\">francia<\/td>\n                    <td style=\"\">H\u00edr arr\u00f3l, hogy Dorottya kapja a P&amp;V Alap\u00edtv\u00e1ny t\u00e1rsadalmi d\u00edj\u00e1t<\/td>\n            <\/tr>\n            <tr id=\"table_2_row_903\">\n                    <td style=\"\">2022.10.19<\/td>\n                    <td style=\"\"><a href='https:\/\/www.mo.be\/' rel=' nofollow ' target='_blank'>https:\/\/www.mo.be\/<\/a><\/td>\n                    <td style=\"\">Gie Goris<\/td>\n                    <td style=\"\">Dorottya R\u00e9dai: \u2018Dictators vrezen sprookjes meer dan betogingen\u2019<\/td>\n                    <td style=\"\">interj\u00fa<\/td>\n                    <td style=\"\"><a href='https:\/\/www.mo.be\/reportage\/dorottya-r-dai-dictators-vrezen-sprookjes-meer-dan-betogingen%20%20' rel=' nofollow ' target='_blank'>https:\/\/www.mo.be\/reportage\/dorottya-r-dai-dictators-vrezen-sprookjes-meer-dan-betogingen%20%20<\/a><\/td>\n                    <td style=\"\">pozit\u00edv<\/td>\n                    <td style=\"\"><\/td>\n                    <td style=\"\">igen<\/td>\n                    <td style=\"\">holland<\/td>\n                    <td style=\"\">Interj\u00fa R\u00e9dai Dorotty\u00e1val a Time magazin d\u00edja ut\u00e1n<\/td>\n            <\/tr>\n            <tr id=\"table_2_row_904\">\n                    <td style=\"\">2022.10.26<\/td>\n                    <td style=\"\"><a href='https:\/\/m.hvg.hu\/' rel=' nofollow ' target='_blank'>https:\/\/m.hvg.hu\/<\/a><\/td>\n                    <td style=\"\">Galicza Dorina<\/td>\n                    <td style=\"\">Egy h\u00f3nap m\u00falva lesz \u00edt\u00e9let a leszbikus jogv\u00e9d\u0151ket pedofiloz\u00f3 Magyar Nemzet-cikk \u00fcgy\u00e9ben<\/td>\n                    <td style=\"\">h\u00edr, besz\u00e1mol\u00f3, r\u00f6vid cikk<\/td>\n                    <td style=\"\"><a href='https:\/\/m.hvg.hu\/itthon\/20221026_Meseorszag_mindenkie_Labrisz_Mediaworks_per' rel=' nofollow ' target='_blank'>https:\/\/m.hvg.hu\/itthon\/20221026_Meseorszag_mindenkie_Labrisz_Mediaworks_per<\/a><\/td>\n                    <td style=\"\">pozit\u00edv<\/td>\n                    <td style=\"\"><\/td>\n                    <td style=\"\"><\/td>\n                    <td style=\"\"><\/td>\n                    <td style=\"\"><\/td>\n            <\/tr>\n            <tr id=\"table_2_row_905\">\n                    <td style=\"\">2022.10.26<\/td>\n                    <td style=\"\"><a href='https:\/\/www.instagram.com\/' rel=' nofollow ' target='_blank'>https:\/\/www.instagram.com\/<\/a><\/td>\n                    <td style=\"\">Talentshauts<\/td>\n                    <td style=\"\">a francia kiad\u00e1s vide\u00f3s k\u00f6nyvbemutat\u00e1sa<\/td>\n                    <td style=\"\">vide\u00f3<\/td>\n                    <td style=\"\"><a href='https:\/\/www.instagram.com\/reel\/CkLrlvCKdBh\/' rel=' nofollow ' target='_blank'>https:\/\/www.instagram.com\/reel\/CkLrlvCKdBh\/<\/a><\/td>\n                    <td style=\"\">pozit\u00edv<\/td>\n                    <td style=\"\">insta<\/td>\n                    <td style=\"\">igen<\/td>\n                    <td style=\"\">francia<\/td>\n                    <td style=\"\">francia kiad\u00e1s bemutat\u00e1sa<\/td>\n            <\/tr>\n            <tr id=\"table_2_row_906\">\n                    <td style=\"\">2022.11.07<\/td>\n                    <td style=\"\"><a href='https:\/\/rebellive.net\/' rel=' nofollow ' target='_blank'>https:\/\/rebellive.net\/<\/a><\/td>\n                    <td style=\"\">Mihucza Niki<\/td>\n                    <td style=\"\">Meseorsz\u00e1g akkor \u00e9s most \u2013 Nagy M. Boldizs\u00e1rral besz\u00e9lgett\u00fcnk<\/td>\n                    <td style=\"\">interj\u00fa<\/td>\n                    <td style=\"\"><a href='https:\/\/rebellive.net\/2022\/11\/07\/meseorszag-akkor-es-most-nagy-m-boldizsarral-beszelgettunk\/' rel=' nofollow ' target='_blank'>https:\/\/rebellive.net\/2022\/11\/07\/meseorszag-akkor-es-most-nagy-m-boldizsarral-beszelgettunk\/<\/a><\/td>\n                    <td style=\"\">pozit\u00edv<\/td>\n                    <td style=\"\"><\/td>\n                    <td style=\"\"><\/td>\n                    <td style=\"\"><\/td>\n                    <td style=\"\"><\/td>\n            <\/tr>\n            <tr id=\"table_2_row_907\">\n                    <td style=\"\">2022.11.10<\/td>\n                    <td style=\"\"><a href='https:\/\/mandiner.hu\/' rel=' nofollow ' target='_blank'>https:\/\/mandiner.hu\/<\/a><\/td>\n                    <td style=\"\"><\/td>\n                    <td style=\"\">A magyarellenes orsz\u00e1gjelent\u00e9st \u00edr\u00f3 EP-k\u00e9pvisel\u0151 invit\u00e1l a Meseorsz\u00e1g mindenki\u00e9 LMBTQ-k\u00f6nyv br\u00fcsszeli bemutat\u00f3j\u00e1ra<\/td>\n                    <td style=\"\">h\u00edr, besz\u00e1mol\u00f3, r\u00f6vid cikk<\/td>\n                    <td style=\"\"><a href='https:\/\/mandiner.hu\/cikk\/20221109_a_magyarellenes_orszagjelentest_iro_ep_kepviselo_invital_a_meseorszag_mindenkie_lmbtq_konyv_brusszeli_bemutatojara' rel=' nofollow ' target='_blank'>https:\/\/mandiner.hu\/cikk\/20221109_a_magyarellenes_orszagjelentest_iro_ep_kepviselo_invital_a_meseorszag_mindenkie_lmbtq_konyv_brusszeli_bemutatojara<\/a><\/td>\n                    <td style=\"\">negat\u00edv<\/td>\n                    <td style=\"\"><\/td>\n                    <td style=\"\"><\/td>\n                    <td style=\"\"><\/td>\n                    <td style=\"\"><\/td>\n            <\/tr>\n            <tr id=\"table_2_row_908\">\n                    <td style=\"\">2022.11.12<\/td>\n                    <td style=\"\"><a href='https:\/\/volksgruppen.orf.at\/' rel=' nofollow ' target='_blank'>https:\/\/volksgruppen.orf.at\/<\/a><\/td>\n                    <td style=\"\"><\/td>\n                    <td style=\"\">\u00daj kamaraprodukci\u00f3val k\u00e9sz\u00fcl a SVUNG B\u00e9csben<\/td>\n                    <td style=\"\">h\u00edr, besz\u00e1mol\u00f3, r\u00f6vid cikk<\/td>\n                    <td style=\"\"><a href='https:\/\/volksgruppen.orf.at\/magyarok\/stories\/3185934\/' rel=' nofollow ' target='_blank'>https:\/\/volksgruppen.orf.at\/magyarok\/stories\/3185934\/<\/a><\/td>\n                    <td style=\"\">semleges<\/td>\n                    <td style=\"\"><\/td>\n                    <td style=\"\"><\/td>\n                    <td style=\"\"><\/td>\n                    <td style=\"\"><\/td>\n            <\/tr>\n            <tr id=\"table_2_row_909\">\n                    <td style=\"\">2022.11.15<\/td>\n                    <td style=\"\"><a href='https:\/\/hirado.hu\/' rel=' nofollow ' target='_blank'>https:\/\/hirado.hu\/<\/a><\/td>\n                    <td style=\"\"><\/td>\n                    <td style=\"\">A fekete sell\u0151fi\u00fa \u00e9s a v\u00f6r\u00f6s haj\u00fa hal\u00e1sz szerelme \u2013 a Meseorsz\u00e1g mindenki\u00e9 szerkeszt\u0151j\u00e9nek aj\u00e1nl\u00e1s\u00e1val<\/td>\n                    <td style=\"\">egy\u00e9b<\/td>\n                    <td style=\"\"><a href='https:\/\/hirado.hu\/cikk\/2022\/11\/15\/a-fekete-sellofiu-es-a-voros-haju-halasz-szerelme-a-meseorszag-mindenkie-szerkesztojenek-ajanlasaval' rel=' nofollow ' target='_blank'>https:\/\/hirado.hu\/cikk\/2022\/11\/15\/a-fekete-sellofiu-es-a-voros-haju-halasz-szerelme-a-meseorszag-mindenkie-szerkesztojenek-ajanlasaval<\/a><\/td>\n                    <td style=\"\">semleges<\/td>\n                    <td style=\"\"><\/td>\n                    <td style=\"\"><\/td>\n                    <td style=\"\"><\/td>\n                    <td style=\"\">fb posztr\u00f3l sz\u00e1mol be a hirado<\/td>\n            <\/tr>\n            <tr id=\"table_2_row_910\">\n                    <td style=\"\">2022.11.15<\/td>\n                    <td style=\"\"><a href='https:\/\/twitter.com\/' rel=' nofollow ' target='_blank'>https:\/\/twitter.com\/<\/a><\/td>\n                    <td style=\"\">EL*C<\/td>\n                    <td style=\"\"><\/td>\n                    <td style=\"\">twitter post<\/td>\n                    <td style=\"\"><a href='https:\/\/twitter.com\/EuroLesbianCon\/status\/1592489190369136640' rel=' nofollow ' target='_blank'>https:\/\/twitter.com\/EuroLesbianCon\/status\/1592489190369136640<\/a><\/td>\n                    <td style=\"\">pozit\u00edv<\/td>\n                    <td style=\"\">twitter<\/td>\n                    <td style=\"\">igen<\/td>\n                    <td style=\"\">angol<\/td>\n                    <td style=\"\">Az EuroCentralAsian Lesbian* Community twitter posztjaAz EP bemutat\u00f3r\u00f3l<\/td>\n            <\/tr>\n            <tr id=\"table_2_row_911\">\n                    <td style=\"\">2022.11.15<\/td>\n                    <td style=\"\"><a href='https:\/\/twitter.com\/' rel=' nofollow ' target='_blank'>https:\/\/twitter.com\/<\/a><\/td>\n                    <td style=\"\">Gwendoline Delbos-Corfield<\/td>\n                    <td style=\"\"><\/td>\n                    <td style=\"\">twitter post<\/td>\n                    <td style=\"\"><a href='https:\/\/twitter.com\/GDelbosCorfield\/status\/1592488470429437956\/photo\/1' rel=' nofollow ' target='_blank'>https:\/\/twitter.com\/GDelbosCorfield\/status\/1592488470429437956\/photo\/1<\/a><\/td>\n                    <td style=\"\">pozit\u00edv<\/td>\n                    <td style=\"\">twitter<\/td>\n                    <td style=\"\">igen<\/td>\n                    <td style=\"\">angol<\/td>\n                    <td style=\"\">Gwendoline Delbos-Corfield EP k\u00e9pvisel\u0151 twitter posztja a bemmutat\u00f3r\u00f3l<\/td>\n            <\/tr>\n            <tr id=\"table_2_row_912\">\n                    <td style=\"\">2022.11.16<\/td>\n                    <td style=\"\"><a href='https:\/\/www.facebook.com\/' rel=' nofollow ' target='_blank'>https:\/\/www.facebook.com\/<\/a><\/td>\n                    <td style=\"\">Tompa Andrea<\/td>\n                    <td style=\"\">Tompa Andrea posztja Br\u00fcsszelben a k\u00f6nyv bemutat\u00f3j\u00e1n<\/td>\n                    <td style=\"\">fb-poszt<\/td>\n                    <td style=\"\"><a href='https:\/\/www.facebook.com\/photo\/?fbid=578582327604865&amp;set=a.472554428207656' rel=' nofollow ' target='_blank'>https:\/\/www.facebook.com\/photo\/?fbid=578582327604865&amp;set=a.472554428207656<\/a><\/td>\n                    <td style=\"\">pozit\u00edv<\/td>\n                    <td style=\"\">fb<\/td>\n                    <td style=\"\"><\/td>\n                    <td style=\"\"><\/td>\n                    <td style=\"\"><\/td>\n            <\/tr>\n            <tr id=\"table_2_row_913\">\n                    <td style=\"\">2022.11.17<\/td>\n                    <td style=\"\"><a href='https:\/\/www.nuvol.com\/' rel=' nofollow ' target='_blank'>https:\/\/www.nuvol.com\/<\/a><\/td>\n                    <td style=\"\"><\/td>\n                    <td style=\"\">Tiny Books, premi Petit PEN<\/td>\n                    <td style=\"\">h\u00edr, besz\u00e1mol\u00f3, r\u00f6vid cikk<\/td>\n                    <td style=\"\"><a href='https:\/\/www.nuvol.com\/llibres\/tiny-books-premi-petit-pen-288190' rel=' nofollow ' target='_blank'>https:\/\/www.nuvol.com\/llibres\/tiny-books-premi-petit-pen-288190<\/a><\/td>\n                    <td style=\"\">pozit\u00edv<\/td>\n                    <td style=\"\"><\/td>\n                    <td style=\"\">igen<\/td>\n                    <td style=\"\">katal\u00e1n<\/td>\n                    <td style=\"\">Petit PEN-d\u00edj a Labrisznak, a PEN kiemelte a magyar szervezet b\u00e1tors\u00e1g\u00e1t a mesek\u00f6nyv kapcs\u00e1n<\/td>\n            <\/tr>\n            <tr id=\"table_2_row_914\">\n                    <td style=\"\">2022.11.20<\/td>\n                    <td style=\"\"><a href='https:\/\/magyarnemzet.hu\/' rel=' nofollow ' target='_blank'>https:\/\/magyarnemzet.hu\/<\/a><\/td>\n                    <td style=\"\">Elek Nikoletta<\/td>\n                    <td style=\"\">Br\u00fcsszelben \u00fcnnepelt\u00e9k a magyar LMBTQ-mesek\u00f6nyvet<\/td>\n                    <td style=\"\">h\u00edr, besz\u00e1mol\u00f3, r\u00f6vid cikk<\/td>\n                    <td style=\"\"><a href='https:\/\/magyarnemzet.hu\/belfold\/2022\/11\/brusszelben-unnepeltek-a-magyar-lmbtq-mesekonyvet' rel=' nofollow ' target='_blank'>https:\/\/magyarnemzet.hu\/belfold\/2022\/11\/brusszelben-unnepeltek-a-magyar-lmbtq-mesekonyvet<\/a><\/td>\n                    <td style=\"\">negat\u00edv<\/td>\n                    <td style=\"\"><\/td>\n                    <td style=\"\"><\/td>\n                    <td style=\"\"><\/td>\n                    <td style=\"\"><\/td>\n            <\/tr>\n            <tr id=\"table_2_row_915\">\n                    <td style=\"\">2022.11.22<\/td>\n                    <td style=\"\"><a href='https:\/\/labrisz.hu\/' rel=' nofollow ' target='_blank'>https:\/\/labrisz.hu\/<\/a><\/td>\n                    <td style=\"\">Labrisz<\/td>\n                    <td style=\"\">Petit Pen Prize a Labrisznak<\/td>\n                    <td style=\"\">h\u00edr, besz\u00e1mol\u00f3, r\u00f6vid cikk<\/td>\n                    <td style=\"\"><a href='https:\/\/labrisz.hu\/hirek\/petite_pen_prize_a_labrisznak.893.html' rel=' nofollow ' target='_blank'>https:\/\/labrisz.hu\/hirek\/petite_pen_prize_a_labrisznak.893.html<\/a><\/td>\n                    <td style=\"\">pozit\u00edv<\/td>\n                    <td style=\"\"><\/td>\n                    <td style=\"\"><\/td>\n                    <td style=\"\"><\/td>\n                    <td style=\"\"><\/td>\n            <\/tr>\n            <tr id=\"table_2_row_916\">\n                    <td style=\"\">2022.11.23<\/td>\n                    <td style=\"\"><a href='https:\/\/hang.hu\/' rel=' nofollow ' target='_blank'>https:\/\/hang.hu\/<\/a><\/td>\n                    <td style=\"\"><\/td>\n                    <td style=\"\">Mindenki meseorsz\u00e1ga: pedofilozhatj\u00e1k a Labrisz Egyes\u00fcletet<\/td>\n                    <td style=\"\">publicisztika<\/td>\n                    <td style=\"\"><a href='https:\/\/hang.hu\/tag\/meseorszag-mindenkie\/' rel=' nofollow ' target='_blank'>https:\/\/hang.hu\/tag\/meseorszag-mindenkie\/<\/a><\/td>\n                    <td style=\"\">semleges<\/td>\n                    <td style=\"\"><\/td>\n                    <td style=\"\"><\/td>\n                    <td style=\"\"><\/td>\n                    <td style=\"\"><\/td>\n            <\/tr>\n            <tr id=\"table_2_row_917\">\n                    <td style=\"\">2022.11.23<\/td>\n                    <td style=\"\"><a href='https:\/\/444.hu\/' rel=' nofollow ' target='_blank'>https:\/\/444.hu\/<\/a><\/td>\n                    <td style=\"\">F\u0151di Kitti<\/td>\n                    <td style=\"\">A K\u00faria szerint nem jogs\u00e9rt\u0151 a Meseorsz\u00e1g mindenki\u00e9t kiad\u00f3 Labrisz Egyes\u00fcletet pedofil szervezethez hasonl\u00edtani<\/td>\n                    <td style=\"\">h\u00edr, besz\u00e1mol\u00f3, r\u00f6vid cikk<\/td>\n                    <td style=\"\"><a href='https:\/\/444.hu\/2022\/11\/23\/a-kuria-szerint-nem-jogserto-a-meseorszag-mindenkiet-kiado-labrisz-egyesuletet-pedofil-szervezethez-hasonlitani' rel=' nofollow ' target='_blank'>https:\/\/444.hu\/2022\/11\/23\/a-kuria-szerint-nem-jogserto-a-meseorszag-mindenkiet-kiado-labrisz-egyesuletet-pedofil-szervezethez-hasonlitani<\/a><\/td>\n                    <td style=\"\">semleges<\/td>\n                    <td style=\"\"><\/td>\n                    <td style=\"\"><\/td>\n                    <td style=\"\"><\/td>\n                    <td style=\"\">besz\u00e1mol\u00f3 a K\u00faria \u00edt\u00e9let\u00e9r\u0151l<\/td>\n            <\/tr>\n            <tr id=\"table_2_row_918\">\n                    <td style=\"\">2022.11.23<\/td>\n                    <td style=\"\"><a href='https:\/\/telex.hu\/' rel=' nofollow ' target='_blank'>https:\/\/telex.hu\/<\/a><\/td>\n                    <td style=\"\">Iv\u00e1n-Nagy Szilvia<\/td>\n                    <td style=\"\">A Mediaworksnek adott igazat a K\u00faria, pedofil szervezethez hasonl\u00edthatja a Meseorsz\u00e1g mindenki\u00e9 kiad\u00f3j\u00e1t a korm\u00e1nylap<\/td>\n                    <td style=\"\">h\u00edr, besz\u00e1mol\u00f3, r\u00f6vid cikk<\/td>\n                    <td style=\"\"><a href='https:\/\/telex.hu\/belfold\/2022\/11\/23\/meseorszag-mindenkie-kuria-itelet' rel=' nofollow ' target='_blank'>https:\/\/telex.hu\/belfold\/2022\/11\/23\/meseorszag-mindenkie-kuria-itelet<\/a><\/td>\n                    <td style=\"\">semleges<\/td>\n                    <td style=\"\"><\/td>\n                    <td style=\"\"><\/td>\n                    <td style=\"\"><\/td>\n                    <td style=\"\"><\/td>\n            <\/tr>\n            <tr id=\"table_2_row_919\">\n                    <td style=\"\">2022.11.25<\/td>\n                    <td style=\"\"><a href='https:\/\/www.klubradio.hu\/' rel=' nofollow ' target='_blank'>https:\/\/www.klubradio.hu\/<\/a><\/td>\n                    <td style=\"\">Klubr\u00e1di\u00f3<\/td>\n                    <td style=\"\">Besz\u00e1mol\u00f3 arr\u00f3l, hogy a K\u00faria \u00edt\u00e9lete hogyan alakult<\/td>\n                    <td style=\"\">r\u00e1di\u00f3<\/td>\n                    <td style=\"\"><a href='https:\/\/www.klubradio.hu\/archivum\/reggeli-gyors-2022-november-25-pentek-0600-29239' rel=' nofollow ' target='_blank'>https:\/\/www.klubradio.hu\/archivum\/reggeli-gyors-2022-november-25-pentek-0600-29239<\/a><\/td>\n                    <td style=\"\">pozit\u00edv<\/td>\n                    <td style=\"\"><\/td>\n                    <td style=\"\"><\/td>\n                    <td style=\"\"><\/td>\n                    <td style=\"\"><\/td>\n            <\/tr>\n            <tr id=\"table_2_row_920\">\n                    <td style=\"\">2022.11.28<\/td>\n                    <td style=\"\"><a href='https:\/\/www.dn.se\/' rel=' nofollow ' target='_blank'>https:\/\/www.dn.se\/<\/a><\/td>\n                    <td style=\"\"><\/td>\n                    <td style=\"\">Sagoboken som blev symbol i Ungerns kulturkrig<\/td>\n                    <td style=\"\">h\u00edr, besz\u00e1mol\u00f3, r\u00f6vid cikk<\/td>\n                    <td style=\"\"><a href='https:\/\/www.dn.se\/varlden\/sagoboken-som-blev-symbol-i-ungerns-kulturkrig\/' rel=' nofollow ' target='_blank'>https:\/\/www.dn.se\/varlden\/sagoboken-som-blev-symbol-i-ungerns-kulturkrig\/<\/a><\/td>\n                    <td style=\"\">pozit\u00edv<\/td>\n                    <td style=\"\"><\/td>\n                    <td style=\"\">igen<\/td>\n                    <td style=\"\">sv\u00e9d<\/td>\n                    <td style=\"\"><\/td>\n            <\/tr>\n            <tr id=\"table_2_row_921\">\n                    <td style=\"\">2022.12.01<\/td>\n                    <td style=\"\"><a href='https:\/\/katedra.sk\/' rel=' nofollow ' target='_blank'>https:\/\/katedra.sk\/<\/a><\/td>\n                    <td style=\"\">K\u00f6vesi Gy\u00f6rgyi<\/td>\n                    <td style=\"\">Homof\u00f3bia \u00e9s gyermekv\u00e9delem, avagy: mit\u0151l (nem) f\u00e9ltj\u00fck igaz\u00e1n a gyermekeinket<\/td>\n                    <td style=\"\">recenzi\u00f3<\/td>\n                    <td style=\"\"><a href='https:\/\/katedra.sk\/wp-content\/uploads\/2022\/12\/Katedra-folyoirat_30_05_28-29.pdf' rel=' nofollow ' target='_blank'>https:\/\/katedra.sk\/wp-content\/uploads\/2022\/12\/Katedra-folyoirat_30_05_28-29.pdf<\/a><\/td>\n                    <td style=\"\">pozit\u00edv<\/td>\n                    <td style=\"\"><\/td>\n                    <td style=\"\">igen<\/td>\n                    <td style=\"\"><\/td>\n                    <td style=\"\">K\u00f6vesi Gy\u00f6rgyi \u00edr\u00e1sa<\/td>\n            <\/tr>\n            <tr id=\"table_2_row_922\">\n                    <td style=\"\">2022.12.02<\/td>\n                    <td style=\"\"><a href='https:\/\/konyvesmagazin.hu\/' rel=' nofollow ' target='_blank'>https:\/\/konyvesmagazin.hu\/<\/a><\/td>\n                    <td style=\"\">F.K.<\/td>\n                    <td style=\"\">Tompa Andrea: A Meseorsz\u00e1g Mindenki\u00e9 egy \u00fcgy, egy szimb\u00f3lum lett<\/td>\n                    <td style=\"\">h\u00edr, besz\u00e1mol\u00f3, r\u00f6vid cikk<\/td>\n                    <td style=\"\"><a href='https:\/\/konyvesmagazin.hu\/friss\/meseorszag_mindenkie_europai_parlament_konyvbemutato.html' rel=' nofollow ' target='_blank'>https:\/\/konyvesmagazin.hu\/friss\/meseorszag_mindenkie_europai_parlament_konyvbemutato.html<\/a><\/td>\n                    <td style=\"\">semleges<\/td>\n                    <td style=\"\"><\/td>\n                    <td style=\"\"><\/td>\n                    <td style=\"\"><\/td>\n                    <td style=\"\">Eur\u00f3pai Parlamenti k\u00f6nyvbemutat\u00f3<\/td>\n            <\/tr>\n            <tr id=\"table_2_row_923\">\n                    <td style=\"\">2022.12.03<\/td>\n                    <td style=\"\"><a href='https:\/\/magyarnemzet.hu\/' rel=' nofollow ' target='_blank'>https:\/\/magyarnemzet.hu\/<\/a><\/td>\n                    <td style=\"\">N\u00e9meth Gy\u00f6rgy<\/td>\n                    <td style=\"\">Nem nyugszik a Labrisz Egyes\u00fclet<\/td>\n                    <td style=\"\">recenzi\u00f3<\/td>\n                    <td style=\"\"><a href='https:\/\/magyarnemzet.hu\/velemeny\/2022\/12\/nem-nyugszik-a-labrisz-egyesulet' rel=' nofollow ' target='_blank'>https:\/\/magyarnemzet.hu\/velemeny\/2022\/12\/nem-nyugszik-a-labrisz-egyesulet<\/a><\/td>\n                    <td style=\"\">negat\u00edv<\/td>\n                    <td style=\"\"><\/td>\n                    <td style=\"\"><\/td>\n                    <td style=\"\"><\/td>\n                    <td style=\"\"><\/td>\n            <\/tr>\n            <tr id=\"table_2_row_924\">\n                    <td style=\"\">2022.12.05<\/td>\n                    <td style=\"\"><a href='https:\/\/xpatloop.com\/' rel=' nofollow ' target='_blank'>https:\/\/xpatloop.com\/<\/a><\/td>\n                    <td style=\"\">Marrion Merrick<\/td>\n                    <td style=\"\">Surprising Expats: Anna Bentley, Literary Translator &amp; English Teacher<\/td>\n                    <td style=\"\">interj\u00fa<\/td>\n                    <td style=\"\"><a href='https:\/\/xpatloop.com\/interviews\/2022\/12\/surprising-expats-anna-bentley-literary-translator-and-english-teacher.html' rel=' nofollow ' target='_blank'>https:\/\/xpatloop.com\/interviews\/2022\/12\/surprising-expats-anna-bentley-literary-translator-and-english-teacher.html<\/a><\/td>\n                    <td style=\"\">pozit\u00edv<\/td>\n                    <td style=\"\"><\/td>\n                    <td style=\"\">igen<\/td>\n                    <td style=\"\">angol<\/td>\n                    <td style=\"\">Interj\u00fa Anna Bentley m\u0171ford\u00edt\u00f3val<\/td>\n            <\/tr>\n            <tr id=\"table_2_row_925\">\n                    <td style=\"\">2022.12.07<\/td>\n                    <td style=\"\"><a href='https:\/\/www.facebook.com\/' rel=' nofollow ' target='_blank'>https:\/\/www.facebook.com\/<\/a><\/td>\n                    <td style=\"\">Pekarna Magdalenske<\/td>\n                    <td style=\"\">Knjiznica tete Rose: So pravljice za vse?<\/td>\n                    <td style=\"\">esem\u00e9ny<\/td>\n                    <td style=\"\"><a href='https:\/\/www.facebook.com\/events\/2452887648207747' rel=' nofollow ' target='_blank'>https:\/\/www.facebook.com\/events\/2452887648207747<\/a><\/td>\n                    <td style=\"\">pozit\u00edv<\/td>\n                    <td style=\"\">fb<\/td>\n                    <td style=\"\">igen<\/td>\n                    <td style=\"\">szlov\u00e9n<\/td>\n                    <td style=\"\">szlov\u00e9n besz\u00e9lget\u0151s esem\u00e9ny<\/td>\n            <\/tr>\n            <tr id=\"table_2_row_926\">\n                    <td style=\"\">2022.12.08<\/td>\n                    <td style=\"\"><a href='https:\/\/24.hu\/' rel=' nofollow ' target='_blank'>https:\/\/24.hu\/<\/a><\/td>\n                    <td style=\"\">24.hu<\/td>\n                    <td style=\"\">F\u00e9lnek a hazai sz\u00ednh\u00e1zak a t\u00e1mogat\u00e1sok megvon\u00e1s\u00e1t\u00f3l, ez\u00e9rt B\u00e9csben mutatj\u00e1k be a Meseorsz\u00e1g mindenki\u00e9-sz\u00edndarabot<\/td>\n                    <td style=\"\">h\u00edr, besz\u00e1mol\u00f3, r\u00f6vid cikk<\/td>\n                    <td style=\"\"><a href='https:\/\/24.hu\/kultura\/2022\/12\/08\/meseorszag-mindenkie-becs-szinhaz-szindarab-svung\/' rel=' nofollow ' target='_blank'>https:\/\/24.hu\/kultura\/2022\/12\/08\/meseorszag-mindenkie-becs-szinhaz-szindarab-svung\/<\/a><\/td>\n                    <td style=\"\">pozit\u00edv<\/td>\n                    <td style=\"\"><\/td>\n                    <td style=\"\"><\/td>\n                    <td style=\"\"><\/td>\n                    <td style=\"\">h\u00edr arr\u00f3l B\u00e9csben kell bemutatni a darabot<\/td>\n            <\/tr>\n            <tr id=\"table_2_row_927\">\n                    <td style=\"\">2022.12.08<\/td>\n                    <td style=\"\"><a href='https:\/\/hvg.hu\/' rel=' nofollow ' target='_blank'>https:\/\/hvg.hu\/<\/a><\/td>\n                    <td style=\"\"><\/td>\n                    <td style=\"\">Sz\u00ednh\u00e1zi el\u0151ad\u00e1s k\u00e9sz\u00fcl a Meseorsz\u00e1g mindenki\u00e9 c\u00edm\u0171 k\u00f6nyvb\u0151l, de nem Magyarorsz\u00e1gon<\/td>\n                    <td style=\"\">h\u00edr, besz\u00e1mol\u00f3, r\u00f6vid cikk<\/td>\n                    <td style=\"\"><a href='https:\/\/hvg.hu\/kultura\/20221208_Szinhazi_eloadas_Meseorszag_mindenkie_becs_svung' rel=' nofollow ' target='_blank'>https:\/\/hvg.hu\/kultura\/20221208_Szinhazi_eloadas_Meseorszag_mindenkie_becs_svung<\/a><\/td>\n                    <td style=\"\">semleges<\/td>\n                    <td style=\"\"><\/td>\n                    <td style=\"\"><\/td>\n                    <td style=\"\"><\/td>\n                    <td style=\"\"><\/td>\n            <\/tr>\n            <tr id=\"table_2_row_928\">\n                    <td style=\"\">2022.12.08<\/td>\n                    <td style=\"\"><a href='https:\/\/nepszava.hu\/' rel=' nofollow ' target='_blank'>https:\/\/nepszava.hu\/<\/a><\/td>\n                    <td style=\"\">\u00c1.Z.<\/td>\n                    <td style=\"\">F\u00e9lnek az itthoni sz\u00ednh\u00e1zak, Budapest helyett B\u00e9csben mutatj\u00e1k be magyarul a Meseorsz\u00e1g mindenki\u00e9t<\/td>\n                    <td style=\"\">h\u00edr, besz\u00e1mol\u00f3, r\u00f6vid cikk<\/td>\n                    <td style=\"\"><a href='https:\/\/nepszava.hu\/3178118_meseorszag-mindenkie-szinhaz-babjatek-budapest-becs' rel=' nofollow ' target='_blank'>https:\/\/nepszava.hu\/3178118_meseorszag-mindenkie-szinhaz-babjatek-budapest-becs<\/a><\/td>\n                    <td style=\"\">semleges<\/td>\n                    <td style=\"\"><\/td>\n                    <td style=\"\"><\/td>\n                    <td style=\"\"><\/td>\n                    <td style=\"\"><\/td>\n            <\/tr>\n            <tr id=\"table_2_row_929\">\n                    <td style=\"\">2022.12.09<\/td>\n                    <td style=\"\"><a href='https:\/\/index.hu\/' rel=' nofollow ' target='_blank'>https:\/\/index.hu\/<\/a><\/td>\n                    <td style=\"\">Krcsmrs<\/td>\n                    <td style=\"\">Nem merik bemutatni a hazai sz\u00ednh\u00e1zak a Meseorsz\u00e1g mindenki\u00e9 sz\u00edndarabot<\/td>\n                    <td style=\"\">h\u00edr, besz\u00e1mol\u00f3, r\u00f6vid cikk<\/td>\n                    <td style=\"\"><a href='https:\/\/index.hu\/kultur\/2022\/12\/09\/meseorszag-mindenkie-szinhaz-becs-svung-szindarab-bemutato\/' rel=' nofollow ' target='_blank'>https:\/\/index.hu\/kultur\/2022\/12\/09\/meseorszag-mindenkie-szinhaz-becs-svung-szindarab-bemutato\/<\/a><\/td>\n                    <td style=\"\">semleges<\/td>\n                    <td style=\"\"><\/td>\n                    <td style=\"\"><\/td>\n                    <td style=\"\"><\/td>\n                    <td style=\"\">cikk a b\u00e9csi bemutat\u00f3r\u00f3l<\/td>\n            <\/tr>\n            <tr id=\"table_2_row_930\">\n                    <td style=\"\">2022.12.12<\/td>\n                    <td style=\"\"><a href='https:\/\/www.bigissue.com\/' rel=' nofollow ' target='_blank'>https:\/\/www.bigissue.com\/<\/a><\/td>\n                    <td style=\"\">Jane Graham<\/td>\n                    <td style=\"\">The best children\u2019s books of 2022\u2026 from Oliver Jeffers to Dara McAnulty and more<\/td>\n                    <td style=\"\">egy\u00e9b<\/td>\n                    <td style=\"\"><a href='https:\/\/www.bigissue.com\/culture\/books\/best-childrens-books-2022\/' rel=' nofollow ' target='_blank'>https:\/\/www.bigissue.com\/culture\/books\/best-childrens-books-2022\/<\/a><\/td>\n                    <td style=\"\">semleges<\/td>\n                    <td style=\"\"><\/td>\n                    <td style=\"\">igen<\/td>\n                    <td style=\"\">angol<\/td>\n                    <td style=\"\">2022 legjobb gyerekk\u00f6nyvei<\/td>\n            <\/tr>\n            <tr id=\"table_2_row_931\">\n                    <td style=\"\">2022.12.17<\/td>\n                    <td style=\"\"><a href='https:\/\/litera.hu\/' rel=' nofollow ' target='_blank'>https:\/\/litera.hu\/<\/a><\/td>\n                    <td style=\"\"><\/td>\n                    <td style=\"\">Thomas Pynchon eladta az arch\u00edvum\u00e1t, a Meseorsz\u00e1g mindenki\u00e9 az \u00e9v legjobb gyerekk\u00f6nyvei k\u00f6z\u00f6tt<\/td>\n                    <td style=\"\">h\u00edr, besz\u00e1mol\u00f3, r\u00f6vid cikk<\/td>\n                    <td style=\"\"><a href='https:\/\/litera.hu\/magazin\/osszeallitas\/thomas-pynchon-eladta-az-archivumat-a-meseorszag-mindenkie-az-ev-legjobb-gyerekkonyvei-kozott-gyukics-gabor-a-szofa-palyazatanak-nyertese.html' rel=' nofollow ' target='_blank'>https:\/\/litera.hu\/magazin\/osszeallitas\/thomas-pynchon-eladta-az-archivumat-a-meseorszag-mindenkie-az-ev-legjobb-gyerekkonyvei-kozott-gyukics-gabor-a-szofa-palyazatanak-nyertese.html<\/a><\/td>\n                    <td style=\"\">semleges<\/td>\n                    <td style=\"\"><\/td>\n                    <td style=\"\"><\/td>\n                    <td style=\"\"><\/td>\n                    <td style=\"\"><\/td>\n            <\/tr>\n            <tr id=\"table_2_row_932\">\n                    <td style=\"\">2022.12.22<\/td>\n                    <td style=\"\"><a href='https:\/\/www.es.hu\/' rel=' nofollow ' target='_blank'>https:\/\/www.es.hu\/<\/a><\/td>\n                    <td style=\"\">Gad\u00f3 G\u00e1bor<\/td>\n                    <td style=\"\">Meseorsz\u00e1g<\/td>\n                    <td style=\"\">publicisztika<\/td>\n                    <td style=\"\"><a href='https:\/\/www.es.hu\/cikk\/2022-12-22\/gado-gabor\/meseorszag.html' rel=' nofollow ' target='_blank'>https:\/\/www.es.hu\/cikk\/2022-12-22\/gado-gabor\/meseorszag.html<\/a><\/td>\n                    <td style=\"\">negat\u00edv<\/td>\n                    <td style=\"\"><\/td>\n                    <td style=\"\"><\/td>\n                    <td style=\"\"><\/td>\n                    <td style=\"\"><\/td>\n            <\/tr>\n            <tr id=\"table_2_row_933\">\n                    <td style=\"\">2022.12.22<\/td>\n                    <td style=\"\"><a href='https:\/\/newmedia.calcalist.co.il\/' rel=' nofollow ' target='_blank'>https:\/\/newmedia.calcalist.co.il\/<\/a><\/td>\n                    <td style=\"\">\u05de\u05d5\u05e1\u05e3 \u05db\u05dc\u05db\u05dc\u05d9\u05e1\u05d8<\/td>\n                    <td style=\"\">\u05d0\u05ea \u05de\u05ea\u05e2\u05d5\u05e8\u05e8\u05ea \u05d1\u05d5\u05e7\u05e8 \u05d0\u05d7\u05d3 \u05d5\u05d9\u05e9\u05d7\u05d5\u05e7 \u05e9\u05de\u05d5\u05d7\u05e7 \u05d0\u05ea \u05d4\u05e7\u05d9\u05d5\u05dd \u05e9\u05dc\u05da<\/td>\n                    <td style=\"\">interj\u00fa<\/td>\n                    <td style=\"\"><a href='https:\/\/newmedia.calcalist.co.il\/magazine-22-12-22\/m02.html' rel=' nofollow ' target='_blank'>https:\/\/newmedia.calcalist.co.il\/magazine-22-12-22\/m02.html<\/a><\/td>\n                    <td style=\"\">pozit\u00edv<\/td>\n                    <td style=\"\"><\/td>\n                    <td style=\"\">igen<\/td>\n                    <td style=\"\">h\u00e9ber<\/td>\n                    <td style=\"\">Interj\u00fa R\u00e9dai Dorotty\u00e1val<\/td>\n            <\/tr>\n            <tr id=\"table_2_row_934\">\n                    <td style=\"\">2022.12.27<\/td>\n                    <td style=\"\"><a href='https:\/\/telex.hu\/' rel=' nofollow ' target='_blank'>https:\/\/telex.hu\/<\/a><\/td>\n                    <td style=\"\">Janecsk\u00f3 Kata<\/td>\n                    <td style=\"\">N\u00e9ha a vissz\u00e1j\u00e1ra s\u00fcl el az anti-LMBT+ politika<\/td>\n                    <td style=\"\">interj\u00fa<\/td>\n                    <td style=\"\"><a href='https:\/\/telex.hu\/belfold\/2022\/12\/27\/radai-dorottya-interju-labrisz-meseorszag-mindenkie' rel=' nofollow ' target='_blank'>https:\/\/telex.hu\/belfold\/2022\/12\/27\/radai-dorottya-interju-labrisz-meseorszag-mindenkie<\/a><\/td>\n                    <td style=\"\">semleges<\/td>\n                    <td style=\"\"><\/td>\n                    <td style=\"\"><\/td>\n                    <td style=\"\"><\/td>\n                    <td style=\"\">R\u00e9dai Dorottya interj\u00fa<\/td>\n            <\/tr>\n            <tr id=\"table_2_row_935\">\n                    <td style=\"\">2023.01.01<\/td>\n                    <td style=\"\"><a href='https:\/\/socio.hu\/' rel=' nofollow ' target='_blank'>https:\/\/socio.hu\/<\/a><\/td>\n                    <td style=\"\">Annus Szabolcs, V\u00e1radi Bendeg\u00faz<\/td>\n                    <td style=\"\">\u201eEgyszer volt, hol nem volt\u2026\u201d Kommentek \u00e9s v\u00e9lem\u00e9nyek a Meseorsz\u00e1g mindenki\u00e9 c\u00edm\u0171 mesek\u00f6nyvr\u0151l<\/td>\n                    <td style=\"\">tanulm\u00e1ny<\/td>\n                    <td style=\"\"><a href='https:\/\/socio.hu\/index.php\/so\/article\/view\/1015\/945' rel=' nofollow ' target='_blank'>https:\/\/socio.hu\/index.php\/so\/article\/view\/1015\/945<\/a><\/td>\n                    <td style=\"\">semleges<\/td>\n                    <td style=\"\"><\/td>\n                    <td style=\"\"><\/td>\n                    <td style=\"\"><\/td>\n                    <td style=\"\"><\/td>\n            <\/tr>\n            <tr id=\"table_2_row_936\">\n                    <td style=\"\">2023.01.03<\/td>\n                    <td style=\"\"><a href='https:\/\/magyarnemzet.hu\/' rel=' nofollow ' target='_blank'>https:\/\/magyarnemzet.hu\/<\/a><\/td>\n                    <td style=\"\">Elek Nikoletta<\/td>\n                    <td style=\"\">Sz\u00fcl\u0151ket \u00e9s tan\u00e1rokat akar \u201e\u00e9rz\u00e9keny\u00edteni\u201d a Labrisz<\/td>\n                    <td style=\"\">h\u00edr, besz\u00e1mol\u00f3, r\u00f6vid cikk<\/td>\n                    <td style=\"\"><a href='https:\/\/magyarnemzet.hu\/belfold\/2023\/01\/szuloket-es-tanarokat-akar-erzekenyiteni-a-labrisz' rel=' nofollow ' target='_blank'>https:\/\/magyarnemzet.hu\/belfold\/2023\/01\/szuloket-es-tanarokat-akar-erzekenyiteni-a-labrisz<\/a><\/td>\n                    <td style=\"\">negat\u00edv<\/td>\n                    <td style=\"\"><\/td>\n                    <td style=\"\"><\/td>\n                    <td style=\"\"><\/td>\n                    <td style=\"\"><\/td>\n            <\/tr>\n            <tr id=\"table_2_row_937\">\n                    <td style=\"\">2023.01.03<\/td>\n                    <td style=\"\"><a href='https:\/\/mandiner.hu\/' rel=' nofollow ' target='_blank'>https:\/\/mandiner.hu\/<\/a><\/td>\n                    <td style=\"\"><\/td>\n                    <td style=\"\">A Nagyk\u00f6r\u00faton t\u00falra, vid\u00e9kre terjeszkedn\u00e9nek a magyarorsz\u00e1gi LMBTQI-lobbi nagy\u00e1gy\u00fai<\/td>\n                    <td style=\"\">h\u00edr, besz\u00e1mol\u00f3, r\u00f6vid cikk<\/td>\n                    <td style=\"\"><a href='https:\/\/mandiner.hu\/cikk\/20230103_lmbtqi_erzekenyites_iskola_labrisz_leszbikus_egyesulet_amnesty_international_magyarorszag_hatter_tarsasag' rel=' nofollow ' target='_blank'>https:\/\/mandiner.hu\/cikk\/20230103_lmbtqi_erzekenyites_iskola_labrisz_leszbikus_egyesulet_amnesty_international_magyarorszag_hatter_tarsasag<\/a><\/td>\n                    <td style=\"\">negat\u00edv<\/td>\n                    <td style=\"\"><\/td>\n                    <td style=\"\"><\/td>\n                    <td style=\"\"><\/td>\n                    <td style=\"\"><\/td>\n            <\/tr>\n            <tr id=\"table_2_row_938\">\n                    <td style=\"\">2023.01.04<\/td>\n                    <td style=\"\"><a href='https:\/\/kurier.at\/' rel=' nofollow ' target='_blank'>https:\/\/kurier.at\/<\/a><\/td>\n                    <td style=\"\">Nina Oberbucher<\/td>\n                    <td style=\"\">In Ungarn bek\u00e4mpfte queere M\u00e4rchen kommen in Wien auf die B\u00fchne<\/td>\n                    <td style=\"\">hir r\u00f6vid cikk<\/td>\n                    <td style=\"\"><a href='https:\/\/kurier.at\/kultur\/in-ungarn-bekaempfte-queere-maerchen-kommen-in-wien-auf-die-buehne\/402386837' rel=' nofollow ' target='_blank'>https:\/\/kurier.at\/kultur\/in-ungarn-bekaempfte-queere-maerchen-kommen-in-wien-auf-die-buehne\/402386837<\/a><\/td>\n                    <td style=\"\">pozit\u00edv<\/td>\n                    <td style=\"\"><\/td>\n                    <td style=\"\">igen<\/td>\n                    <td style=\"\">n\u00e9met<\/td>\n                    <td style=\"\">A b\u00e9csi bemutat\u00f3r\u00f3l<\/td>\n            <\/tr>\n            <tr id=\"table_2_row_939\">\n                    <td style=\"\">2023.01.06<\/td>\n                    <td style=\"\"><a href='https:\/\/www.thebookseller.com\/' rel=' nofollow ' target='_blank'>https:\/\/www.thebookseller.com\/<\/a><\/td>\n                    <td style=\"\">Dorottya R\u00e9dai<\/td>\n                    <td style=\"\">A children\u2019s story anthology has helped shift attitudes to LGBTQ+ people in Hungary. Here\u2019s how<\/td>\n                    <td style=\"\">hir r\u00f6vid cikk<\/td>\n                    <td style=\"\"><a href='https:\/\/www.thebookseller.com\/comment\/the-queer-book-that-could' rel=' nofollow ' target='_blank'>https:\/\/www.thebookseller.com\/comment\/the-queer-book-that-could<\/a><\/td>\n                    <td style=\"\">pozit\u00edv<\/td>\n                    <td style=\"\"><\/td>\n                    <td style=\"\">igen<\/td>\n                    <td style=\"\">angol<\/td>\n                    <td style=\"\">a cikk k\u00f6rbej\u00e1rja mi t\u00f6rt\u00e9nt a mesek\u00f6nyvel<\/td>\n            <\/tr>\n            <tr id=\"table_2_row_940\">\n                    <td style=\"\">2023.01.10<\/td>\n                    <td style=\"\"><a href='https:\/\/m.hvg.hu\/' rel=' nofollow ' target='_blank'>https:\/\/m.hvg.hu\/<\/a><\/td>\n                    <td style=\"\"><\/td>\n                    <td style=\"\">LMBT-propagand\u00e1t ki\u00e1ltott R\u00e9tv\u00e1ri, t\u00e1mogat\u00f3i fenyegetnek, usz\u00edtanak, \u00e9s a pedag\u00f3gus-szakszervezetet is betiltan\u00e1k<\/td>\n                    <td style=\"\">h\u00edr, besz\u00e1mol\u00f3, r\u00f6vid cikk<\/td>\n                    <td style=\"\"><a href='https:\/\/m.hvg.hu\/itthon\/20230110_LMBTQpropagandat_kialtott_az_allamtitkar_tamogatoi_fenyegetnek_es_uszitanak' rel=' nofollow ' target='_blank'>https:\/\/m.hvg.hu\/itthon\/20230110_LMBTQpropagandat_kialtott_az_allamtitkar_tamogatoi_fenyegetnek_es_uszitanak<\/a><\/td>\n                    <td style=\"\">semleges<\/td>\n                    <td style=\"\"><\/td>\n                    <td style=\"\"><\/td>\n                    <td style=\"\"><\/td>\n                    <td style=\"\"><\/td>\n            <\/tr>\n            <tr id=\"table_2_row_941\">\n                    <td style=\"\">2023.01.20<\/td>\n                    <td style=\"\"><a href='https:\/\/m.hvg.hu\/' rel=' nofollow ' target='_blank'>https:\/\/m.hvg.hu\/<\/a><\/td>\n                    <td style=\"\"><\/td>\n                    <td style=\"\">Orosz \"Meseorsz\u00e1g\": m\u00e1ris les\u00fajtott egy k\u00f6nyvkiad\u00f3ra Putyin \u00faj LMBTQ-ellenes t\u00f6rv\u00e9nye<\/td>\n                    <td style=\"\">h\u00edr, besz\u00e1mol\u00f3, r\u00f6vid cikk<\/td>\n                    <td style=\"\"><a href='https:\/\/m.hvg.hu\/360\/20230120_Oroszorszag_homofobtorveny_cenzura_konyv_kiado_eljaras_LMBT' rel=' nofollow ' target='_blank'>https:\/\/m.hvg.hu\/360\/20230120_Oroszorszag_homofobtorveny_cenzura_konyv_kiado_eljaras_LMBT<\/a><\/td>\n                    <td style=\"\">semleges<\/td>\n                    <td style=\"\"><\/td>\n                    <td style=\"\"><\/td>\n                    <td style=\"\"><\/td>\n                    <td style=\"\"><\/td>\n            <\/tr>\n            <tr id=\"table_2_row_942\">\n                    <td style=\"\">2023.02.06<\/td>\n                    <td style=\"\"><a href='https:\/\/fidelio.hu\/' rel=' nofollow ' target='_blank'>https:\/\/fidelio.hu\/<\/a><\/td>\n                    <td style=\"\"><\/td>\n                    <td style=\"\">B\u00e9csig kell annak menni, aki sz\u00ednpadon akarja l\u00e1tni a Meseorsz\u00e1g mindenki\u00e9 c\u00edm\u0171 mesek\u00f6nyvet<\/td>\n                    <td style=\"\">h\u00edr, besz\u00e1mol\u00f3, r\u00f6vid cikk<\/td>\n                    <td style=\"\"><a href='https:\/\/fidelio.hu\/szinhaz\/becsig-kell-annak-menni-aki-szinpadon-akarja-latni-a-meseorszag-mindenkie-cimu-mesekonyvet-177274.html' rel=' nofollow ' target='_blank'>https:\/\/fidelio.hu\/szinhaz\/becsig-kell-annak-menni-aki-szinpadon-akarja-latni-a-meseorszag-mindenkie-cimu-mesekonyvet-177274.html<\/a><\/td>\n                    <td style=\"\">pozit\u00edv<\/td>\n                    <td style=\"\"><\/td>\n                    <td style=\"\"><\/td>\n                    <td style=\"\"><\/td>\n                    <td style=\"\"><\/td>\n            <\/tr>\n            <tr id=\"table_2_row_943\">\n                    <td style=\"\">2023.03.01<\/td>\n                    <td style=\"\"><a href='https:\/\/www.youtube.com\/' rel=' nofollow ' target='_blank'>https:\/\/www.youtube.com\/<\/a><\/td>\n                    <td style=\"\">vil\u00e1gj\u00e1r\u00f3k klubja B\u00e9cs<\/td>\n                    <td style=\"\">B\u00e1bel\u0151ad\u00e1s bemutat\u00f3 B\u00e9csben a Meseorsz\u00e1g mindenki\u00e9 mesek\u00f6nyvb\u0151l: 2023.03.18. (mont\u00e1zs video)<\/td>\n                    <td style=\"\">vide\u00f3<\/td>\n                    <td style=\"\"><a href='https:\/\/www.youtube.com\/watch?v=Qn2Udh9hYwQ' rel=' nofollow ' target='_blank'>https:\/\/www.youtube.com\/watch?v=Qn2Udh9hYwQ<\/a><\/td>\n                    <td style=\"\">pozit\u00edv<\/td>\n                    <td style=\"\">youtube<\/td>\n                    <td style=\"\">igen<\/td>\n                    <td style=\"\"><\/td>\n                    <td style=\"\"><\/td>\n            <\/tr>\n            <tr id=\"table_2_row_944\">\n                    <td style=\"\">2023.03.02<\/td>\n                    <td style=\"\"><a href='https:\/\/www.youtube.com\/' rel=' nofollow ' target='_blank'>https:\/\/www.youtube.com\/<\/a><\/td>\n                    <td style=\"\">vil\u00e1gj\u00e1r\u00f3k klubja B\u00e9cs<\/td>\n                    <td style=\"\">Podcast Pille Tam\u00e1ssal \u00e9s Pohl Bal\u00e1zzsal a Meseorsz\u00e1g mindenki\u00e9 b\u00e1bel\u0151ad\u00e1s \u0151sbemutat\u00f3ja kapcs\u00e1n<\/td>\n                    <td style=\"\">vide\u00f3 interj\u00fa<\/td>\n                    <td style=\"\"><a href='https:\/\/www.youtube.com\/watch?v=Oj-GMBQk1eY' rel=' nofollow ' target='_blank'>https:\/\/www.youtube.com\/watch?v=Oj-GMBQk1eY<\/a><\/td>\n                    <td style=\"\">pozit\u00edv<\/td>\n                    <td style=\"\">youtube<\/td>\n                    <td style=\"\">igen<\/td>\n                    <td style=\"\"><\/td>\n                    <td style=\"\">Pille Tam\u00e1s \u00e9s Pohl Bal\u00e1zs besz\u00e9lget<\/td>\n            <\/tr>\n            <tr id=\"table_2_row_945\">\n                    <td style=\"\">2023.03.02<\/td>\n                    <td style=\"\"><a href='https:\/\/www.vanityfair.it\/' rel=' nofollow ' target='_blank'>https:\/\/www.vanityfair.it\/<\/a><\/td>\n                    <td style=\"\">Di Nina Verdelli<\/td>\n                    <td style=\"\">Il libro di fiabe che spaventa Orb\u00e0n \u00e8 arrivato anche in ItaliaIn Ungheria<\/td>\n                    <td style=\"\">hir r\u00f6vid cikk<\/td>\n                    <td style=\"\"><a href='https:\/\/www.vanityfair.it\/article\/libro-di-fiabe-ungheresi-diversita-orban-omofobia-lgbtq' rel=' nofollow ' target='_blank'>https:\/\/www.vanityfair.it\/article\/libro-di-fiabe-ungheresi-diversita-orban-omofobia-lgbtq<\/a><\/td>\n                    <td style=\"\">pozit\u00edv<\/td>\n                    <td style=\"\"><\/td>\n                    <td style=\"\">igen<\/td>\n                    <td style=\"\">olasz<\/td>\n                    <td style=\"\">Az olasz kiad\u00e1s kapcs\u00e1n k\u00f6rk\u00e9p a k\u00f6nyr\u0151l<\/td>\n            <\/tr>\n            <tr id=\"table_2_row_946\">\n                    <td style=\"\">2023.03.03<\/td>\n                    <td style=\"\"><a href='https:\/\/magyarnemzet.hu\/' rel=' nofollow ' target='_blank'>https:\/\/magyarnemzet.hu\/<\/a><\/td>\n                    <td style=\"\"><\/td>\n                    <td style=\"\">Feloszlatja a Pet\u0151fi Kultur\u00e1lis \u00dcgyn\u00f6ks\u00e9g egyik kurat\u00f3rium\u00e1t Demeter Szil\u00e1rd<\/td>\n                    <td style=\"\">h\u00edr, besz\u00e1mol\u00f3, r\u00f6vid cikk<\/td>\n                    <td style=\"\"><a href='https:\/\/magyarnemzet.hu\/belfold\/2023\/03\/feloszlatja-a-petofi-kulturalis-ugynokseg-egyik-kuratoriumat-demeter-szilard' rel=' nofollow ' target='_blank'>https:\/\/magyarnemzet.hu\/belfold\/2023\/03\/feloszlatja-a-petofi-kulturalis-ugynokseg-egyik-kuratoriumat-demeter-szilard<\/a><\/td>\n                    <td style=\"\">semleges<\/td>\n                    <td style=\"\"><\/td>\n                    <td style=\"\"><\/td>\n                    <td style=\"\"><\/td>\n                    <td style=\"\"><\/td>\n            <\/tr>\n            <tr id=\"table_2_row_947\">\n                    <td style=\"\">2023.03.13<\/td>\n                    <td style=\"\"><a href='https:\/\/444.hu\/' rel=' nofollow ' target='_blank'>https:\/\/444.hu\/<\/a><\/td>\n                    <td style=\"\">Dienes G\u00e1briel<\/td>\n                    <td style=\"\">Demeter Szil\u00e1rd k\u00f6nyves standr\u00f3l \u00e9rtes\u00fclt, hogy \u00fcgyn\u00f6ks\u00e9ge p\u00e9nzt adott a Meseorsz\u00e1g Mindenki\u00e9 ford\u00edt\u00e1s\u00e1ra<\/td>\n                    <td style=\"\">h\u00edr, besz\u00e1mol\u00f3, r\u00f6vid cikk<\/td>\n                    <td style=\"\"><a href='https:\/\/444.hu\/2023\/03\/13\/demeter-szilard-konyves-standrol-ertesult-hogy-ugynoksege-penzt-adott-a-meseorszag-mindenkie-forditasara' rel=' nofollow ' target='_blank'>https:\/\/444.hu\/2023\/03\/13\/demeter-szilard-konyves-standrol-ertesult-hogy-ugynoksege-penzt-adott-a-meseorszag-mindenkie-forditasara<\/a><\/td>\n                    <td style=\"\">semleges<\/td>\n                    <td style=\"\"><\/td>\n                    <td style=\"\"><\/td>\n                    <td style=\"\"><\/td>\n                    <td style=\"\">Demeter agymen\u00e9se<\/td>\n            <\/tr>\n            <tr id=\"table_2_row_948\">\n                    <td style=\"\">2023.03.13<\/td>\n                    <td style=\"\"><a href='https:\/\/hvg.hu\/' rel=' nofollow ' target='_blank'>https:\/\/hvg.hu\/<\/a><\/td>\n                    <td style=\"\"><\/td>\n                    <td style=\"\">Demeter Szil\u00e1rd \u201ea maga r\u00e9sz\u00e9r\u0151l\u201d nem szeretne cenz\u00far\u00e1t, de feloszlat egy kurat\u00f3riumot a Meseorsz\u00e1g mindenki\u00e9 t\u00e1mogat\u00e1sa miatt<\/td>\n                    <td style=\"\">h\u00edr, besz\u00e1mol\u00f3, r\u00f6vid cikk<\/td>\n                    <td style=\"\"><a href='https:\/\/hvg.hu\/elet\/20230313_Demeter_Szilard_a_maga_reszerol_nem_szeretne_cenzurat_de_feloszlat_egy_kuratoriumot_a_Meseorszag_mindenkie_tamogatasa_miatt' rel=' nofollow ' target='_blank'>https:\/\/hvg.hu\/elet\/20230313_Demeter_Szilard_a_maga_reszerol_nem_szeretne_cenzurat_de_feloszlat_egy_kuratoriumot_a_Meseorszag_mindenkie_tamogatasa_miatt<\/a><\/td>\n                    <td style=\"\">semleges<\/td>\n                    <td style=\"\"><\/td>\n                    <td style=\"\"><\/td>\n                    <td style=\"\"><\/td>\n                    <td style=\"\">Demeter ellenint\u00e9zked\u00e9seir\u0151l sz\u00f3l\u00f3 h\u00edr<\/td>\n            <\/tr>\n            <tr id=\"table_2_row_949\">\n                    <td style=\"\">2023.03.13<\/td>\n                    <td style=\"\"><a href='https:\/\/mandiner.hu\/' rel=' nofollow ' target='_blank'>https:\/\/mandiner.hu\/<\/a><\/td>\n                    <td style=\"\">F\u00f6ldh\u00e1zi \u00c1rp\u00e1d<\/td>\n                    <td style=\"\">Feloszlatja a Pet\u0151fi Kultur\u00e1lis \u00dcgyn\u00f6ks\u00e9g ford\u00edt\u00e1st\u00e1mogat\u00e1si kurat\u00f3rium\u00e1t Demeter Szil\u00e1rd<\/td>\n                    <td style=\"\">recenzi\u00f3<\/td>\n                    <td style=\"\"><a href='https:\/\/mandiner.hu\/cikk\/20230313_belfold_kultura_velemeny_konyv_demeter_szilard_vendegszerzo' rel=' nofollow ' target='_blank'>https:\/\/mandiner.hu\/cikk\/20230313_belfold_kultura_velemeny_konyv_demeter_szilard_vendegszerzo<\/a><\/td>\n                    <td style=\"\">negat\u00edv<\/td>\n                    <td style=\"\"><\/td>\n                    <td style=\"\"><\/td>\n                    <td style=\"\"><\/td>\n                    <td style=\"\"><\/td>\n            <\/tr>\n            <tr id=\"table_2_row_950\">\n                    <td style=\"\">2023.03.13<\/td>\n                    <td style=\"\"><a href='https:\/\/nepszava.hu\/' rel=' nofollow ' target='_blank'>https:\/\/nepszava.hu\/<\/a><\/td>\n                    <td style=\"\">\u00c1.B.<\/td>\n                    <td style=\"\">Demeter Szil\u00e1rd feloszlatja a Pet\u0151fi Kultur\u00e1lis \u00dcgyn\u00f6ks\u00e9g egyik kurat\u00f3rium\u00e1t, miut\u00e1n t\u00e1mogatt\u00e1k a Meseorsz\u00e1g mindenki\u00e9 ford\u00edt\u00e1s\u00e1t<\/td>\n                    <td style=\"\">h\u00edr, besz\u00e1mol\u00f3, r\u00f6vid cikk<\/td>\n                    <td style=\"\"><a href='https:\/\/nepszava.hu\/3187777_demeter-szilard-meseorszag-mindenkie-petofi-kulturalis-ugynokseg' rel=' nofollow ' target='_blank'>https:\/\/nepszava.hu\/3187777_demeter-szilard-meseorszag-mindenkie-petofi-kulturalis-ugynokseg<\/a><\/td>\n                    <td style=\"\">semleges<\/td>\n                    <td style=\"\"><\/td>\n                    <td style=\"\"><\/td>\n                    <td style=\"\"><\/td>\n                    <td style=\"\"><\/td>\n            <\/tr>\n            <tr id=\"table_2_row_951\">\n                    <td style=\"\">2023.03.18<\/td>\n                    <td style=\"\"><a href='https:\/\/csinaljunkmeset.hu\/' rel=' nofollow ' target='_blank'>https:\/\/csinaljunkmeset.hu\/<\/a><\/td>\n                    <td style=\"\"><\/td>\n                    <td style=\"\">A SVUNG \u2013 B\u00e9csi Magyar Sz\u00ednh\u00e1z bemutatja a Meseorsz\u00e1g mindenki\u00e9 c. k\u00f6nyv alapj\u00e1n k\u00e9sz\u00fclt b\u00e1bel\u0151ad\u00e1s\u00e1t.<\/td>\n                    <td style=\"\">esem\u00e9ny<\/td>\n                    <td style=\"\"><a href='https:\/\/csinaljunkmeset.hu\/' rel=' nofollow ' target='_blank'>https:\/\/csinaljunkmeset.hu\/<\/a><\/td>\n                    <td style=\"\">semleges<\/td>\n                    <td style=\"\"><\/td>\n                    <td style=\"\"><\/td>\n                    <td style=\"\"><\/td>\n                    <td style=\"\">az esem\u00e9ny megh\u00edrdet\u00e9se<\/td>\n            <\/tr>\n            <tr id=\"table_2_row_952\">\n                    <td style=\"\">2023.03.19<\/td>\n                    <td style=\"\"><a href='https:\/\/hvg.hu\/' rel=' nofollow ' target='_blank'>https:\/\/hvg.hu\/<\/a><\/td>\n                    <td style=\"\"><\/td>\n                    <td style=\"\">Bemutatt\u00e1k a D\u00far\u00f3 D\u00f3ra \u00e1ltal ledar\u00e1lt mesek\u00f6nyvb\u0151l k\u00e9sz\u00fclt darabot magyarul - B\u00e9csben<\/td>\n                    <td style=\"\">h\u00edr, besz\u00e1mol\u00f3, r\u00f6vid cikk<\/td>\n                    <td style=\"\"><a href='https:\/\/hvg.hu\/elet\/20230319_Bemutattak_a_Meseorszag_mindenkie_cimu_darabot_magyarul__Becsben' rel=' nofollow ' target='_blank'>https:\/\/hvg.hu\/elet\/20230319_Bemutattak_a_Meseorszag_mindenkie_cimu_darabot_magyarul__Becsben<\/a><\/td>\n                    <td style=\"\">semleges<\/td>\n                    <td style=\"\"><\/td>\n                    <td style=\"\"><\/td>\n                    <td style=\"\"><\/td>\n                    <td style=\"\">cikk a b\u00e9csi bemutat\u00f3r\u00f3l<\/td>\n            <\/tr>\n            <tr id=\"table_2_row_953\">\n                    <td style=\"\">2023.03.19<\/td>\n                    <td style=\"\"><a href='https:\/\/telex.hu\/' rel=' nofollow ' target='_blank'>https:\/\/telex.hu\/<\/a><\/td>\n                    <td style=\"\">Vincze Barbara<\/td>\n                    <td style=\"\">Meseorsz\u00e1g egyel\u0151re csak B\u00e9csben mindenki\u00e9<\/td>\n                    <td style=\"\">h\u00edr, besz\u00e1mol\u00f3, r\u00f6vid cikk<\/td>\n                    <td style=\"\"><a href='https:\/\/telex.hu\/kult\/2023\/03\/19\/meseorszag-mindenkie-becs-premier-svung' rel=' nofollow ' target='_blank'>https:\/\/telex.hu\/kult\/2023\/03\/19\/meseorszag-mindenkie-becs-premier-svung<\/a><\/td>\n                    <td style=\"\">pozit\u00edv<\/td>\n                    <td style=\"\"><\/td>\n                    <td style=\"\"><\/td>\n                    <td style=\"\"><\/td>\n                    <td style=\"\">cikk a b\u00e9csi bemutat\u00f3r\u00f3l<\/td>\n            <\/tr>\n            <tr id=\"table_2_row_954\">\n                    <td style=\"\">2023.03.21<\/td>\n                    <td style=\"\"><a href='https:\/\/nalunk.ujszo.com\/' rel=' nofollow ' target='_blank'>https:\/\/nalunk.ujszo.com\/<\/a><\/td>\n                    <td style=\"\"><\/td>\n                    <td style=\"\">Meseorsz\u00e1g mindenki\u00e9 - B\u00e9csben val\u00f3ban<\/td>\n                    <td style=\"\">h\u00edr, besz\u00e1mol\u00f3, r\u00f6vid cikk<\/td>\n                    <td style=\"\"><a href='https:\/\/nalunk.ujszo.com\/kozelet\/kultura\/meseorszag-mindenkie-becsben-valoban' rel=' nofollow ' target='_blank'>https:\/\/nalunk.ujszo.com\/kozelet\/kultura\/meseorszag-mindenkie-becsben-valoban<\/a><\/td>\n                    <td style=\"\">pozit\u00edv<\/td>\n                    <td style=\"\"><\/td>\n                    <td style=\"\"><\/td>\n                    <td style=\"\"><\/td>\n                    <td style=\"\"><\/td>\n            <\/tr>\n            <tr id=\"table_2_row_955\">\n                    <td style=\"\">2023.03.25<\/td>\n                    <td style=\"\"><a href='https:\/\/www.klubradio.hu\/' rel=' nofollow ' target='_blank'>https:\/\/www.klubradio.hu\/<\/a><\/td>\n                    <td style=\"\"><\/td>\n                    <td style=\"\">A m\u0171sorban sz\u00f3 esik a meseorsz\u00e1g b\u00e9csi sikereir\u0151l<\/td>\n                    <td style=\"\">r\u00e1di\u00f3<\/td>\n                    <td style=\"\"><a href='https:\/\/www.klubradio.hu\/archivum\/hetes-studio-2023-marcius-25-szombat-1500-31917' rel=' nofollow ' target='_blank'>https:\/\/www.klubradio.hu\/archivum\/hetes-studio-2023-marcius-25-szombat-1500-31917<\/a><\/td>\n                    <td style=\"\">pozit\u00edv<\/td>\n                    <td style=\"\"><\/td>\n                    <td style=\"\"><\/td>\n                    <td style=\"\"><\/td>\n                    <td style=\"\"><\/td>\n            <\/tr>\n            <tr id=\"table_2_row_956\">\n                    <td style=\"\">2023.05.03<\/td>\n                    <td style=\"\"><a href='https:\/\/magyarnemzet.hu\/' rel=' nofollow ' target='_blank'>https:\/\/magyarnemzet.hu\/<\/a><\/td>\n                    <td style=\"\"><\/td>\n                    <td style=\"\">M\u00e1r az iskol\u00e1kban is felbukkanhat a Meseorsz\u00e1g<\/td>\n                    <td style=\"\">h\u00edr, besz\u00e1mol\u00f3, r\u00f6vid cikk<\/td>\n                    <td style=\"\"><a href='https:\/\/magyarnemzet.hu\/belfold\/2023\/05\/mar-az-iskolakban-is-felbukkanhat-a-meseorszag' rel=' nofollow ' target='_blank'>https:\/\/magyarnemzet.hu\/belfold\/2023\/05\/mar-az-iskolakban-is-felbukkanhat-a-meseorszag<\/a><\/td>\n                    <td style=\"\">negat\u00edv<\/td>\n                    <td style=\"\"><\/td>\n                    <td style=\"\"><\/td>\n                    <td style=\"\"><\/td>\n                    <td style=\"\"><\/td>\n            <\/tr>\n            <tr id=\"table_2_row_957\">\n                    <td style=\"\">2023.05.16<\/td>\n                    <td style=\"\"><a href='https:\/\/www.youtube.com\/' rel=' nofollow ' target='_blank'>https:\/\/www.youtube.com\/<\/a><\/td>\n                    <td style=\"\">Oxfam Italia<\/td>\n                    <td style=\"\">Oxfam Festiv\u00e1l<\/td>\n                    <td style=\"\">vide\u00f3<\/td>\n                    <td style=\"\"><a href='https:\/\/www.youtube.com\/watch?v=EFnJCtyCaC0' rel=' nofollow ' target='_blank'>https:\/\/www.youtube.com\/watch?v=EFnJCtyCaC0<\/a><\/td>\n                    <td style=\"\">semleges<\/td>\n                    <td style=\"\"><\/td>\n                    <td style=\"\"><\/td>\n                    <td style=\"\"><\/td>\n                    <td style=\"\">Oxfam Festiv\u00e1l felolvas\u00e1s<\/td>\n            <\/tr>\n            <tr id=\"table_2_row_958\">\n                    <td style=\"\">2023.06.11<\/td>\n                    <td style=\"\"><a href='https:\/\/www.instagram.com\/' rel=' nofollow ' target='_blank'>https:\/\/www.instagram.com\/<\/a><\/td>\n                    <td style=\"\">the periodoff \u00e9s Mariella Martucci<\/td>\n                    <td style=\"\">Il libro per bambini accusato di propaganda omosessuale diventa un successo editoriale<\/td>\n                    <td style=\"\">instagram poszt<\/td>\n                    <td style=\"\"><a href='https:\/\/www.instagram.com\/p\/CtV4HpkMnv0\/' rel=' nofollow ' target='_blank'>https:\/\/www.instagram.com\/p\/CtV4HpkMnv0\/<\/a><\/td>\n                    <td style=\"\">pozit\u00edv<\/td>\n                    <td style=\"\">insta<\/td>\n                    <td style=\"\">igen<\/td>\n                    <td style=\"\">olasz<\/td>\n                    <td style=\"\">m\u00e9m k\u00e9p arr\u00f3l, hogy kiad\u00f3i siker lesz a mesek\u00f6nyv<\/td>\n            <\/tr>\n            <tr id=\"table_2_row_959\">\n                    <td style=\"\">2023.07.04<\/td>\n                    <td style=\"\"><a href='https:\/\/labrisz.hu\/' rel=' nofollow ' target='_blank'>https:\/\/labrisz.hu\/<\/a><\/td>\n                    <td style=\"\">Labrisz<\/td>\n                    <td style=\"\">\u00d3ri\u00e1s\u00f6l\u0151 Margaret \u2013 T\u00e1rsadalmi szerepek \u00e9s a szavak hat\u00e1sa<\/td>\n                    <td style=\"\">esem\u00e9ny<\/td>\n                    <td style=\"\"><a href='https:\/\/labrisz.hu\/programok\/oriasolo_margaret__tarsadalmi_szerepek_es_a_szavak_hatasa.917.html?pageid=62' rel=' nofollow ' target='_blank'>https:\/\/labrisz.hu\/programok\/oriasolo_margaret__tarsadalmi_szerepek_es_a_szavak_hatasa.917.html?pageid=62<\/a><\/td>\n                    <td style=\"\">semleges<\/td>\n                    <td style=\"\"><\/td>\n                    <td style=\"\"><\/td>\n                    <td style=\"\"><\/td>\n                    <td style=\"\">h\u00edr a labrisz oldal\u00e1n az esem\u00e9nyr\u0151l<\/td>\n            <\/tr>\n            <tr id=\"table_2_row_960\">\n                    <td style=\"\">2023.07.05<\/td>\n                    <td style=\"\"><a href='https:\/\/www.facebook.com\/' rel=' nofollow ' target='_blank'>https:\/\/www.facebook.com\/<\/a><\/td>\n                    <td style=\"\">apapara<\/td>\n                    <td style=\"\">Apapara posztja a libri sikerlista alapj\u00e1n<\/td>\n                    <td style=\"\">fb-poszt<\/td>\n                    <td style=\"\"><a href='https:\/\/www.facebook.com\/photo\/?fbid=595916255860534&amp;set=a.113004957485002' rel=' nofollow ' target='_blank'>https:\/\/www.facebook.com\/photo\/?fbid=595916255860534&amp;set=a.113004957485002<\/a><\/td>\n                    <td style=\"\">pozit\u00edv<\/td>\n                    <td style=\"\">fb<\/td>\n                    <td style=\"\"><\/td>\n                    <td style=\"\"><\/td>\n                    <td style=\"\"><\/td>\n            <\/tr>\n            <tr id=\"table_2_row_961\">\n                    <td style=\"\">2023.07.07<\/td>\n                    <td style=\"\"><a href='https:\/\/labrisz.hu\/' rel=' nofollow ' target='_blank'>https:\/\/labrisz.hu\/<\/a><\/td>\n                    <td style=\"\">Labrisz<\/td>\n                    <td style=\"\">Meseorsz\u00e1g mindenki\u00e9 \u2013 interakt\u00edv m\u0171hely, besz\u00e9lget\u00e9s a Kincs\u0151 \u00e9s Karola c. mes\u00e9r\u0151l<\/td>\n                    <td style=\"\">esem\u00e9ny<\/td>\n                    <td style=\"\"><a href='https:\/\/labrisz.hu\/programok\/meseorszag_mindenkie__interaktiv_muhely_beszelgetes_a_kincso_es_karola_c._meserol.918.html?pageid=62' rel=' nofollow ' target='_blank'>https:\/\/labrisz.hu\/programok\/meseorszag_mindenkie__interaktiv_muhely_beszelgetes_a_kincso_es_karola_c._meserol.918.html?pageid=62<\/a><\/td>\n                    <td style=\"\">semleges<\/td>\n                    <td style=\"\"><\/td>\n                    <td style=\"\"><\/td>\n                    <td style=\"\"><\/td>\n                    <td style=\"\"><\/td>\n            <\/tr>\n            <tr id=\"table_2_row_962\">\n                    <td style=\"\">2023.07.14<\/td>\n                    <td style=\"\"><a href='https:\/\/pestisracok.hu\/' rel=' nofollow ' target='_blank'>https:\/\/pestisracok.hu\/<\/a><\/td>\n                    <td style=\"\">F\u00fcssy Ang\u00e9la<\/td>\n                    <td style=\"\">Als\u00f3s di\u00e1koknak tervezett bemutat\u00f3 \u00f3r\u00e1t tart a Labrisz \u2013 Orsz\u00e1gszerte k\u00e9pzik a tan\u00e1rokat is az LMBTQ-anyagok iskolai terjeszt\u00e9s\u00e9re<\/td>\n                    <td style=\"\">recenzi\u00f3<\/td>\n                    <td style=\"\"><a href='https:\/\/pestisracok.hu\/alsos-diakoknak-tervezett-bemutato-orat-tart-a-labrisz-orszagszerte-kepzik-a-tanarokat-is-az-lmbtq-anyagok-iskolai-terjesztesere\/' rel=' nofollow ' target='_blank'>https:\/\/pestisracok.hu\/alsos-diakoknak-tervezett-bemutato-orat-tart-a-labrisz-orszagszerte-kepzik-a-tanarokat-is-az-lmbtq-anyagok-iskolai-terjesztesere\/<\/a><\/td>\n                    <td style=\"\">negat\u00edv<\/td>\n                    <td style=\"\"><\/td>\n                    <td style=\"\"><\/td>\n                    <td style=\"\"><\/td>\n                    <td style=\"\"><\/td>\n            <\/tr>\n            <tr id=\"table_2_row_963\">\n                    <td style=\"\">2023.07.14<\/td>\n                    <td style=\"\"><a href='https:\/\/labrisz.hu\/' rel=' nofollow ' target='_blank'>https:\/\/labrisz.hu\/<\/a><\/td>\n                    <td style=\"\">Labrisz<\/td>\n                    <td style=\"\">Meseorsz\u00e1g mindenki\u00e9 \u2013 \u00e9rz\u00e9keny\u00edt\u0151 foglalkoz\u00e1s a mese erej\u00e9vel<\/td>\n                    <td style=\"\">esem\u00e9ny<\/td>\n                    <td style=\"\"><a href='https:\/\/labrisz.hu\/programok\/meseorszag_mindenkie__erzekenyito_foglalkozas_a_mese_erejevel.919.html?pageid=62' rel=' nofollow ' target='_blank'>https:\/\/labrisz.hu\/programok\/meseorszag_mindenkie__erzekenyito_foglalkozas_a_mese_erejevel.919.html?pageid=62<\/a><\/td>\n                    <td style=\"\">semleges<\/td>\n                    <td style=\"\"><\/td>\n                    <td style=\"\"><\/td>\n                    <td style=\"\"><\/td>\n                    <td style=\"\"><\/td>\n            <\/tr>\n            <tr id=\"table_2_row_964\">\n                    <td style=\"\">2023.07.15<\/td>\n                    <td style=\"\"><a href='https:\/\/telex.hu\/' rel=' nofollow ' target='_blank'>https:\/\/telex.hu\/<\/a><\/td>\n                    <td style=\"\">Lengyel Szab\u00f3 P\u00e9ter<\/td>\n                    <td style=\"\">Csak egy mesek\u00f6nyvr\u0151l akartak besz\u00e9lgetni, de napokig gyomorg\u00f6rcs\u00fck volt<\/td>\n                    <td style=\"\">publicisztika<\/td>\n                    <td style=\"\"><a href='https:\/\/telex.hu\/belfold\/2023\/07\/15\/labrisz-leszbikus-egyesulet-meseorszag-mindenkie-foglalkozas' rel=' nofollow ' target='_blank'>https:\/\/telex.hu\/belfold\/2023\/07\/15\/labrisz-leszbikus-egyesulet-meseorszag-mindenkie-foglalkozas<\/a><\/td>\n                    <td style=\"\">pozit\u00edv<\/td>\n                    <td style=\"\"><\/td>\n                    <td style=\"\"><\/td>\n                    <td style=\"\"><\/td>\n                    <td style=\"\"><\/td>\n            <\/tr>\n            <tr id=\"table_2_row_965\">\n                    <td style=\"\">2023.08.17<\/td>\n                    <td style=\"\"><a href='https:\/\/www.klubradio.hu\/' rel=' nofollow ' target='_blank'>https:\/\/www.klubradio.hu\/<\/a><\/td>\n                    <td style=\"\">Iv\u00e1nkai M\u00e1rk<\/td>\n                    <td style=\"\">M\u00e9giscsak megjelentek f\u00f3lia n\u00e9lk\u00fcl a korm\u00e1ny \u00e1ltal ki\u00e1tkozott Meseorsz\u00e1g szerepl\u0151i Budapesten<\/td>\n                    <td style=\"\">h\u00edr, besz\u00e1mol\u00f3, r\u00f6vid cikk<\/td>\n                    <td style=\"\"><a href='https:\/\/www.klubradio.hu\/adasok\/megiscsak-megjelentek-folia-nelkul-a-kormany-altal-kiatkozott-meseorszag-szereploi-budapesten-137783' rel=' nofollow ' target='_blank'>https:\/\/www.klubradio.hu\/adasok\/megiscsak-megjelentek-folia-nelkul-a-kormany-altal-kiatkozott-meseorszag-szereploi-budapesten-137783<\/a><\/td>\n                    <td style=\"\">semleges<\/td>\n                    <td style=\"\"><\/td>\n                    <td style=\"\"><\/td>\n                    <td style=\"\"><\/td>\n                    <td style=\"\"><\/td>\n            <\/tr>\n            <tr id=\"table_2_row_966\">\n                    <td style=\"\">2023.08.20<\/td>\n                    <td style=\"\"><a href='https:\/\/www.youtube.com\/' rel=' nofollow ' target='_blank'>https:\/\/www.youtube.com\/<\/a><\/td>\n                    <td style=\"\">Klubr\u00e1di\u00f3<\/td>\n                    <td style=\"\">Let\u00e9pt\u00e9k f\u00f3li\u00e1jukat a Meseorsz\u00e1g szereol\u0151i<\/td>\n                    <td style=\"\">vide\u00f3<\/td>\n                    <td style=\"\"><a href='https:\/\/www.youtube.com\/watch?v=6SifWjl4cqA' rel=' nofollow ' target='_blank'>https:\/\/www.youtube.com\/watch?v=6SifWjl4cqA<\/a><\/td>\n                    <td style=\"\">pozit\u00edv<\/td>\n                    <td style=\"\"><\/td>\n                    <td style=\"\"><\/td>\n                    <td style=\"\"><\/td>\n                    <td style=\"\">Klubr\u00e1di\u00f3 vide\u00f3 ad\u00e1s a VDSZ sz\u00e9kh\u00e1z ki\u00e1ll\u00edt\u00e1s\u00e1r\u00f3l<\/td>\n            <\/tr>\n            <tr id=\"table_2_row_967\">\n                    <td style=\"\">2023.09.05<\/td>\n                    <td style=\"\"><a href='https:\/\/telex.hu\/' rel=' nofollow ' target='_blank'>https:\/\/telex.hu\/<\/a><\/td>\n                    <td style=\"\">Sz\u0171cs D\u00e1niel<\/td>\n                    <td style=\"\">A kir\u00fagott szegedi t\u00e9v\u00e9s \u00fcgy\u00e9ben keveredik a Mi Haz\u00e1nk, az egyetem \u00e9s m\u00e9g a Meseorsz\u00e1g mindenki\u00e9 is<\/td>\n                    <td style=\"\">publicisztika<\/td>\n                    <td style=\"\"><a href='https:\/\/telex.hu\/belfold\/2023\/09\/05\/egyetem-tv-tikvicki-dora-elbocsatas-lukacs-adorjan-szucs-edit-meseorszag-mindenkie-szte-szeged' rel=' nofollow ' target='_blank'>https:\/\/telex.hu\/belfold\/2023\/09\/05\/egyetem-tv-tikvicki-dora-elbocsatas-lukacs-adorjan-szucs-edit-meseorszag-mindenkie-szte-szeged<\/a><\/td>\n                    <td style=\"\">pozit\u00edv<\/td>\n                    <td style=\"\"><\/td>\n                    <td style=\"\"><\/td>\n                    <td style=\"\"><\/td>\n                    <td style=\"\"><\/td>\n            <\/tr>\n            <tr id=\"table_2_row_968\">\n                    <td style=\"\">2023.09.07<\/td>\n                    <td style=\"\"><a href='https:\/\/jelen.media\/' rel=' nofollow ' target='_blank'>https:\/\/jelen.media\/<\/a><\/td>\n                    <td style=\"\">Szab\u00f3 T\u00edbor Benjamin<\/td>\n                    <td style=\"\">A hatalom tezauruszai<\/td>\n                    <td style=\"\">recenzi\u00f3<\/td>\n                    <td style=\"\"><a href='https:\/\/jelen.media\/kozelet\/a-hatalom-tezauruszai\/' rel=' nofollow ' target='_blank'>https:\/\/jelen.media\/kozelet\/a-hatalom-tezauruszai\/<\/a><\/td>\n                    <td style=\"\">semleges<\/td>\n                    <td style=\"\"><\/td>\n                    <td style=\"\"><\/td>\n                    <td style=\"\"><\/td>\n                    <td style=\"\"><\/td>\n            <\/tr>\n            <tr id=\"table_2_row_969\">\n                    <td style=\"\">2023.09.08<\/td>\n                    <td style=\"\"><a href='https:\/\/24.hu\/' rel=' nofollow ' target='_blank'>https:\/\/24.hu\/<\/a><\/td>\n                    <td style=\"\">Bodn\u00e1r Judit Lola<\/td>\n                    <td style=\"\">T\u00e9nyleg t\u00f6bb fogy a bef\u00f3li\u00e1zott k\u00f6nyvekb\u0151l?<\/td>\n                    <td style=\"\">h\u00edr, besz\u00e1mol\u00f3, r\u00f6vid cikk<\/td>\n                    <td style=\"\"><a href='https:\/\/24.hu\/kultura\/2023\/09\/08\/heartstopper-meseorszag-mindenkie-konyv-folia-konyvkereskedelem-libertine-lira-animus-bookup-libri-irok-boltja\/' rel=' nofollow ' target='_blank'>https:\/\/24.hu\/kultura\/2023\/09\/08\/heartstopper-meseorszag-mindenkie-konyv-folia-konyvkereskedelem-libertine-lira-animus-bookup-libri-irok-boltja\/<\/a><\/td>\n                    <td style=\"\">pozit\u00edv<\/td>\n                    <td style=\"\"><\/td>\n                    <td style=\"\"><\/td>\n                    <td style=\"\"><\/td>\n                    <td style=\"\"><\/td>\n            <\/tr>\n            <tr id=\"table_2_row_970\">\n                    <td style=\"\">2023.10.05<\/td>\n                    <td style=\"\"><a href='https:\/\/www.illibraio.it\/' rel=' nofollow ' target='_blank'>https:\/\/www.illibraio.it\/<\/a><\/td>\n                    <td style=\"\">Eva Luna Mascolino<\/td>\n                    <td style=\"\">\u201cC\u2019\u00e8 una fiaba anche per te\u201d, la raccolta ungherese (osteggiata in patria) che ripensa i personaggi tradizional<\/td>\n                    <td style=\"\">v\u00e9lem\u00e9ny<\/td>\n                    <td style=\"\"><a href='https:\/\/www.illibraio.it\/news\/narrativa\/c-e-una-fiaba-anche-per-te-1439463\/' rel=' nofollow ' target='_blank'>https:\/\/www.illibraio.it\/news\/narrativa\/c-e-una-fiaba-anche-per-te-1439463\/<\/a><\/td>\n                    <td style=\"\">pozit\u00edv<\/td>\n                    <td style=\"\"><\/td>\n                    <td style=\"\">igen<\/td>\n                    <td style=\"\">olasz<\/td>\n                    <td style=\"\">olaszul a k\u00f6nyvr\u0151l<\/td>\n            <\/tr>\n            <tr id=\"table_2_row_971\">\n                    <td style=\"\">2023.10.08<\/td>\n                    <td style=\"\"><a href='https:\/\/szeged.hu\/' rel=' nofollow ' target='_blank'>https:\/\/szeged.hu\/<\/a><\/td>\n                    <td style=\"\">Holl\u00f3si Zsolt<\/td>\n                    <td style=\"\">Meseorsz\u00e1g t\u00e9nyleg mindenki\u00e9?<\/td>\n                    <td style=\"\">h\u00edr, besz\u00e1mol\u00f3, r\u00f6vid cikk<\/td>\n                    <td style=\"\"><a href='https:\/\/szeged.hu\/cikk\/meseorszag-becsben-tenyleg-mindenkie' rel=' nofollow ' target='_blank'>https:\/\/szeged.hu\/cikk\/meseorszag-becsben-tenyleg-mindenkie<\/a><\/td>\n                    <td style=\"\">semleges<\/td>\n                    <td style=\"\"><\/td>\n                    <td style=\"\"><\/td>\n                    <td style=\"\"><\/td>\n                    <td style=\"\"><\/td>\n            <\/tr>\n            <tr id=\"table_2_row_972\">\n                    <td style=\"\">2023.11.05<\/td>\n                    <td style=\"\"><a href='https:\/\/euobserver.com\/' rel=' nofollow ' target='_blank'>https:\/\/euobserver.com\/<\/a><\/td>\n                    <td style=\"\">Eszter Zalan<\/td>\n                    <td style=\"\">Budapest ruling seen as normalising anti-LGBTI sentiment<\/td>\n                    <td style=\"\">hir r\u00f6vid cikk<\/td>\n                    <td style=\"\"><a href='https:\/\/euobserver.com\/democracy\/154275' rel=' nofollow ' target='_blank'>https:\/\/euobserver.com\/democracy\/154275<\/a><\/td>\n                    <td style=\"\">pozit\u00edv<\/td>\n                    <td style=\"\"><\/td>\n                    <td style=\"\">igen<\/td>\n                    <td style=\"\">angol<\/td>\n                    <td style=\"\">A F\u0151v\u00e1rosi B\u00edr\u00f3s\u00e1g \u00edt\u00e9let\u00e9r\u0151l<\/td>\n            <\/tr>\n            <tr id=\"table_2_row_973\">\n                    <td style=\"\">2023.11.15<\/td>\n                    <td style=\"\"><a href='https:\/\/www.magyarkurir.hu\/' rel=' nofollow ' target='_blank'>https:\/\/www.magyarkurir.hu\/<\/a><\/td>\n                    <td style=\"\">Lip\u00f3t, Rich\u00e1rd<\/td>\n                    <td style=\"\">P\u00e9csi Rita: J\u00f3 \u00e9s rossz a mes\u00e9ben \u2013 avagy megtal\u00e1lni a rendet a z\u0171rzavarban<\/td>\n                    <td style=\"\">v\u00e9lem\u00e9ny<\/td>\n                    <td style=\"\"><a href='https:\/\/www.magyarkurir.hu\/hirek\/pecsi-rita-jo-es-rossz-meseben-avagy-megtalalni-rendet-zurzavarban?fbclid=IwAR2iaA4cb-dc70V8cOR6honBO2Pp7Pl1qbKqqAw3nV5f-s2VmLWlJfaxAjE' rel=' nofollow ' target='_blank'>https:\/\/www.magyarkurir.hu\/hirek\/pecsi-rita-jo-es-rossz-meseben-avagy-megtalalni-rendet-zurzavarban?fbclid=IwAR2iaA4cb-dc70V8cOR6honBO2Pp7Pl1qbKqqAw3nV5f-s2VmLWlJfaxAjE<\/a><\/td>\n                    <td style=\"\">negat\u00edv<\/td>\n                    <td style=\"\"><\/td>\n                    <td style=\"\"><\/td>\n                    <td style=\"\"><\/td>\n                    <td style=\"\">v\u00e9lem\u00e9ny arr\u00f3l, hogy a mes\u00e9k nem gyerekeknek val\u00f3k<\/td>\n            <\/tr>\n            <tr id=\"table_2_row_974\">\n                    <td style=\"\">2023.12.06<\/td>\n                    <td style=\"\"><a href='https:\/\/www.sololibri.net\/' rel=' nofollow ' target='_blank'>https:\/\/www.sololibri.net\/<\/a><\/td>\n                    <td style=\"\">Alice Figini<\/td>\n                    <td style=\"\">\u201cC\u2019\u00e8 una fiaba anche per te\u201d: il libro per bambini censurato in Ungheria<\/td>\n                    <td style=\"\">h\u00edr, besz\u00e1mol\u00f3, r\u00f6vid cikk<\/td>\n                    <td style=\"\"><a href='https:\/\/www.sololibri.net\/C-e-una-fiaba-anche-per-te-libro-per-bambini-censurato-Ungheria.html' rel=' nofollow ' target='_blank'>https:\/\/www.sololibri.net\/C-e-una-fiaba-anche-per-te-libro-per-bambini-censurato-Ungheria.html<\/a><\/td>\n                    <td style=\"\">pozit\u00edv<\/td>\n                    <td style=\"\"><\/td>\n                    <td style=\"\">igen<\/td>\n                    <td style=\"\">olasz<\/td>\n                    <td style=\"\">Az olasz kiad\u00e1s kapcs\u00e1n k\u00f6rk\u00e9p a k\u00f6nyr\u0151l<\/td>\n            <\/tr>\n            <tr id=\"table_2_row_975\">\n                    <td style=\"\">2023.10.01<\/td>\n                    <td style=\"\"><a href='https:\/\/kindredspirit.co.uk' rel=' nofollow ' target='_blank'>https:\/\/kindredspirit.co.uk<\/a><\/td>\n                    <td style=\"\">Boldizs\u00e1r Nagy M.<\/td>\n                    <td style=\"\">Witchcraft and Activism<\/td>\n                    <td style=\"\">publicisztika<\/td>\n                    <td style=\"\"><a href='https:\/\/kindredspirit.co.uk\/product\/autumn-2023-issue-188\/' rel=' nofollow ' target='_blank'>https:\/\/kindredspirit.co.uk\/product\/autumn-2023-issue-188\/<\/a><\/td>\n                    <td style=\"\">pozit\u00edv<\/td>\n                    <td style=\"\"><\/td>\n                    <td style=\"\">igen<\/td>\n                    <td style=\"\">angol<\/td>\n                    <td style=\"\">A Kindred Spirit foly\u00f3irat cikke<\/td>\n            <\/tr>\n            <tr id=\"table_2_row_976\">\n                    <td style=\"\">2023.10.14<\/td>\n                    <td style=\"\"><a href='https:\/\/bazis.me\/' rel=' nofollow ' target='_blank'>https:\/\/bazis.me\/<\/a><\/td>\n                    <td style=\"\">Csehy Zolt\u00e1n, Gerevich Andr\u00e1s, Kiss Tibor No\u00e9, N\u00e9meth Zolt\u00e1n<\/td>\n                    <td style=\"\">A m\u00e1ss\u00e1g m\u0171v\u00e9szete<\/td>\n                    <td style=\"\">vide\u00f3<\/td>\n                    <td style=\"\"><a href='https:\/\/bazis.me\/video\/iii-bazis-fesztival-a-massag-muveszete-kiss-tibor-noe-gerevich-andras-csehy-zoltan-nemeth-zoltan' rel=' nofollow ' target='_blank'>https:\/\/bazis.me\/video\/iii-bazis-fesztival-a-massag-muveszete-kiss-tibor-noe-gerevich-andras-csehy-zoltan-nemeth-zoltan<\/a><\/td>\n                    <td style=\"\">pozit\u00edv<\/td>\n                    <td style=\"\"><\/td>\n                    <td style=\"\">igen<\/td>\n                    <td style=\"\"><\/td>\n                    <td style=\"\">B\u00e1zis Fesztiv\u00e1l, Pozsony, 33:10-36:40 Csehy Zolt\u00e1n a Meseorsz\u00e1gr\u00f3l<\/td>\n            <\/tr>\n            <tr id=\"table_2_row_977\">\n                    <td style=\"\">2023.10.29<\/td>\n                    <td style=\"\"><a href='https:\/\/magyarnarancs.hu' rel=' nofollow ' target='_blank'>https:\/\/magyarnarancs.hu<\/a><\/td>\n                    <td style=\"\">G\u00e1bor \u00c1ron, Tak\u00e1cs M\u00e1ria<\/td>\n                    <td style=\"\">Neh\u00e9z itthon felv\u00e1llalni a m\u00e1ss\u00e1gunkat, neh\u00e9z err\u0151l filmet k\u00e9sz\u00edteni<\/td>\n                    <td style=\"\">interj\u00fa<\/td>\n                    <td style=\"\"><a href='https:\/\/magyarnarancs.hu\/mikrofilm\/takacs-maria-rendezo-nehez-itthon-felvallalni-a-massagunkat-nehez-errol-filmet-kesziteni-262929' rel=' nofollow ' target='_blank'>https:\/\/magyarnarancs.hu\/mikrofilm\/takacs-maria-rendezo-nehez-itthon-felvallalni-a-massagunkat-nehez-errol-filmet-kesziteni-262929<\/a><\/td>\n                    <td style=\"\">pozit\u00edv<\/td>\n                    <td style=\"\"><\/td>\n                    <td style=\"\"><\/td>\n                    <td style=\"\"><\/td>\n                    <td style=\"\">Interj\u00fa Tak\u00e1cs M\u00e1ri\u00e1val A m\u00e1sodik aranykorr\u00f3l<\/td>\n            <\/tr>\n            <tr id=\"table_2_row_978\">\n                    <td style=\"\">2023.11.09<\/td>\n                    <td style=\"\"><a href='https:\/\/meseorszagmindenkie.hu\/' rel=' nofollow ' target='_blank'>https:\/\/meseorszagmindenkie.hu\/<\/a><\/td>\n                    <td style=\"\">Labrisz<\/td>\n                    <td style=\"\">Meseorsz\u00e1g mindenki\u00e9: formabont\u00f3 mes\u00e9k az elfogad\u00e1sr\u00f3l<\/td>\n                    <td style=\"\">honlap<\/td>\n                    <td style=\"\"><a href='https:\/\/meseorszagmindenkie.hu\/' rel=' nofollow ' target='_blank'>https:\/\/meseorszagmindenkie.hu\/<\/a><\/td>\n                    <td style=\"\">pozit\u00edv<\/td>\n                    <td style=\"\"><\/td>\n                    <td style=\"\"><\/td>\n                    <td style=\"\"><\/td>\n                    <td style=\"\">A Meseorsz\u00e1g mindenki\u00e9 honlapja<\/td>\n            <\/tr>\n            <tr id=\"table_2_row_979\">\n                    <td style=\"\">2023.11.12<\/td>\n                    <td style=\"\"><a href='https:\/\/labrisz.hu\/' rel=' nofollow ' target='_blank'>https:\/\/labrisz.hu\/<\/a><\/td>\n                    <td style=\"\">Labrisz<\/td>\n                    <td style=\"\">Elk\u00e9sz\u00fclt a Meseorsz\u00e1g mindenki\u00e9 honlapja<\/td>\n                    <td style=\"\">h\u00edr, besz\u00e1mol\u00f3, r\u00f6vid cikk<\/td>\n                    <td style=\"\"><a href='https:\/\/labrisz.hu\/hirek\/elkeszult_a_meseorszag_mindenkie_honlapja.934.html?pageid=58' rel=' nofollow ' target='_blank'>https:\/\/labrisz.hu\/hirek\/elkeszult_a_meseorszag_mindenkie_honlapja.934.html?pageid=58<\/a><\/td>\n                    <td style=\"\">pozit\u00edv<\/td>\n                    <td style=\"\"><\/td>\n                    <td style=\"\"><\/td>\n                    <td style=\"\"><\/td>\n                    <td style=\"\"><\/td>\n            <\/tr>\n            <tr id=\"table_2_row_980\">\n                    <td style=\"\">2023.11.13<\/td>\n                    <td style=\"\"><a href='https:\/\/24.hu\/' rel=' nofollow ' target='_blank'>https:\/\/24.hu\/<\/a><\/td>\n                    <td style=\"\">Vincze Mikl\u00f3s<\/td>\n                    <td style=\"\">Honlapot kapott a Meseorsz\u00e1g mindenki\u00e9, amin h\u00edress\u00e9gek olvasnak fel a k\u00f6tet mes\u00e9ib\u0151l<\/td>\n                    <td style=\"\">h\u00edr, besz\u00e1mol\u00f3, r\u00f6vid cikk<\/td>\n                    <td style=\"\"><a href='https:\/\/24.hu\/kultura\/2023\/11\/13\/meseorszag-mindenkie-honlap-labrisz-leszbikus-egyesulet-duro-dora-daralas-mese-felolvasas-csuja-imre-kovacs-patricia-udvaros-dorottya' rel=' nofollow ' target='_blank'>https:\/\/24.hu\/kultura\/2023\/11\/13\/meseorszag-mindenkie-honlap-labrisz-leszbikus-egyesulet-duro-dora-daralas-mese-felolvasas-csuja-imre-kovacs-patricia-udvaros-dorottya<\/a><\/td>\n                    <td style=\"\">pozit\u00edv<\/td>\n                    <td style=\"\"><\/td>\n                    <td style=\"\"><\/td>\n                    <td style=\"\"><\/td>\n                    <td style=\"\"><\/td>\n            <\/tr>\n            <tr id=\"table_2_row_981\">\n                    <td style=\"\">2023.11.14<\/td>\n                    <td style=\"\"><a href='https:\/\/humenonline.hu\/' rel=' nofollow ' target='_blank'>https:\/\/humenonline.hu\/<\/a><\/td>\n                    <td style=\"\">Waliduda D\u00e1niel<\/td>\n                    <td style=\"\">Saj\u00e1t honlapot kapott a Meseorsz\u00e1g mindenki\u00e9<\/td>\n                    <td style=\"\">h\u00edr, besz\u00e1mol\u00f3, r\u00f6vid cikk<\/td>\n                    <td style=\"\"><a href='https:\/\/humenonline.hu\/sajat-honlapot-kapott-a-meseorszag-mindenkie' rel=' nofollow ' target='_blank'>https:\/\/humenonline.hu\/sajat-honlapot-kapott-a-meseorszag-mindenkie<\/a><\/td>\n                    <td style=\"\">pozit\u00edv<\/td>\n                    <td style=\"\"><\/td>\n                    <td style=\"\"><\/td>\n                    <td style=\"\"><\/td>\n                    <td style=\"\"><\/td>\n            <\/tr>\n            <tr id=\"table_2_row_982\">\n                    <td style=\"\">2023.12.05<\/td>\n                    <td style=\"\"><a href='https:\/\/labrisz.hu\/' rel=' nofollow ' target='_blank'>https:\/\/labrisz.hu\/<\/a><\/td>\n                    <td style=\"\">Labrisz<\/td>\n                    <td style=\"\">Mes\u00e9kkel az emberi jogi nevel\u00e9s\u00e9rt -- \u00f6nk\u00e9pz\u0151 m\u0171hely<\/td>\n                    <td style=\"\">esem\u00e9ny<\/td>\n                    <td style=\"\"><a href='https:\/\/labrisz.hu\/programok\/mesekkel_az_emberi_jogi_nevelesert_--_onkepzo_muhely.932.html?pageid=62' rel=' nofollow ' target='_blank'>https:\/\/labrisz.hu\/programok\/mesekkel_az_emberi_jogi_nevelesert_--_onkepzo_muhely.932.html?pageid=62<\/a><\/td>\n                    <td style=\"\">pozit\u00edv<\/td>\n                    <td style=\"\"><\/td>\n                    <td style=\"\"><\/td>\n                    <td style=\"\"><\/td>\n                    <td style=\"\"><\/td>\n            <\/tr>\n            <tr id=\"table_2_row_983\">\n                    <td style=\"\"><\/td>\n                    <td style=\"\"><\/td>\n                    <td style=\"\"><\/td>\n                    <td style=\"\"><\/td>\n                    <td style=\"\"><\/td>\n                    <td style=\"\"><\/td>\n                    <td style=\"\"><\/td>\n                    <td style=\"\"><\/td>\n                    <td style=\"\"><\/td>\n                    <td style=\"\"><\/td>\n                    <td style=\"\"><\/td>\n            <\/tr>\n            <tr id=\"table_2_row_984\">\n                    <td style=\"\"><\/td>\n                    <td style=\"\"><a href='https:\/\/moly.hu\/' rel=' nofollow ' target='_blank'>https:\/\/moly.hu\/<\/a><\/td>\n                    <td style=\"\"><\/td>\n                    <td style=\"\">Meseorsz\u00e1g mindenki\u00e9<\/td>\n                    <td style=\"\">recenzi\u00f3<\/td>\n                    <td style=\"\"><a href='https:\/\/moly.hu\/konyvek\/nagy-boldizsar-szerk-meseorszag-mindenkie' rel=' nofollow ' target='_blank'>https:\/\/moly.hu\/konyvek\/nagy-boldizsar-szerk-meseorszag-mindenkie<\/a><\/td>\n                    <td style=\"\">semleges<\/td>\n                    <td style=\"\"><\/td>\n                    <td style=\"\"><\/td>\n                    <td style=\"\"><\/td>\n                    <td style=\"\">Moly.hu reakci\u00f3k<\/td>\n            <\/tr>\n            <tr id=\"table_2_row_985\">\n                    <td style=\"\"><\/td>\n                    <td style=\"\"><a href='https:\/\/www.konyvklub.sk\/' rel=' nofollow ' target='_blank'>https:\/\/www.konyvklub.sk\/<\/a><\/td>\n                    <td style=\"\">Csal\u00e1di K\u00f6nyvklub<\/td>\n                    <td style=\"\">Meseorsz\u00e1g mindenki\u00e9<\/td>\n                    <td style=\"\">nyilatkozat<\/td>\n                    <td style=\"\"><a href='https:\/\/www.konyvklub.sk\/meseorszag-mindenkie' rel=' nofollow ' target='_blank'>https:\/\/www.konyvklub.sk\/meseorszag-mindenkie<\/a><\/td>\n                    <td style=\"\">pozit\u00edv<\/td>\n                    <td style=\"\"><\/td>\n                    <td style=\"\">igen<\/td>\n                    <td style=\"\"><\/td>\n                    <td style=\"\"><\/td>\n            <\/tr>\n            <tr id=\"table_2_row_986\">\n                    <td style=\"\"><\/td>\n                    <td style=\"\"><a href='https:\/\/hu.wikipedia.org\/' rel=' nofollow ' target='_blank'>https:\/\/hu.wikipedia.org\/<\/a><\/td>\n                    <td style=\"\"><\/td>\n                    <td style=\"\">Meseorsz\u00e1g mindenki\u00e9<\/td>\n                    <td style=\"\">egy\u00e9b<\/td>\n                    <td style=\"\"><a href='https:\/\/hu.wikipedia.org\/wiki\/Meseorsz\u00e1g_mindenki\u00e9' rel=' nofollow ' target='_blank'>https:\/\/hu.wikipedia.org\/wiki\/Meseorsz\u00e1g_mindenki\u00e9<\/a><\/td>\n                    <td style=\"\">semleges<\/td>\n                    <td style=\"\"><\/td>\n                    <td style=\"\"><\/td>\n                    <td style=\"\"><\/td>\n                    <td style=\"\"><\/td>\n            <\/tr>\n            <tr id=\"table_2_row_987\">\n                    <td style=\"\"><\/td>\n                    <td style=\"\"><a href='http:\/\/holdkatlan.hu\/' rel=' nofollow ' target='_blank'>http:\/\/holdkatlan.hu\/<\/a><\/td>\n                    <td style=\"\"><\/td>\n                    <td style=\"\">Meseorsz\u00e1g mindenki\u00e9<\/td>\n                    <td style=\"\">h\u00edr, besz\u00e1mol\u00f3, r\u00f6vid cikk<\/td>\n                    <td style=\"\"><a href='http:\/\/holdkatlan.hu\/index.php\/publicisztika\/egyeb\/10052-meseorszag-mindenkie' rel=' nofollow ' target='_blank'>http:\/\/holdkatlan.hu\/index.php\/publicisztika\/egyeb\/10052-meseorszag-mindenkie<\/a><\/td>\n                    <td style=\"\">semleges<\/td>\n                    <td style=\"\"><\/td>\n                    <td style=\"\"><\/td>\n                    <td style=\"\"><\/td>\n                    <td style=\"\"><\/td>\n            <\/tr>\n            <tr id=\"table_2_row_988\">\n                    <td style=\"\"><\/td>\n                    <td style=\"\"><a href='http:\/\/www.anyapara.hu\/' rel=' nofollow ' target='_blank'>http:\/\/www.anyapara.hu\/<\/a><\/td>\n                    <td style=\"\"><\/td>\n                    <td style=\"\">A l\u00e1nyom tov\u00e1bbra is Alexba szerelmes<\/td>\n                    <td style=\"\">celeb-megsz\u00f3lal\u00e1s<\/td>\n                    <td style=\"\"><a href='http:\/\/www.anyapara.hu\/a-lanyom-tovabbra-is-alexba-szerelmes' rel=' nofollow ' target='_blank'>http:\/\/www.anyapara.hu\/a-lanyom-tovabbra-is-alexba-szerelmes<\/a><\/td>\n                    <td style=\"\">pozit\u00edv<\/td>\n                    <td style=\"\"><\/td>\n                    <td style=\"\"><\/td>\n                    <td style=\"\"><\/td>\n                    <td style=\"\"><\/td>\n            <\/tr>\n            <tr id=\"table_2_row_989\">\n                    <td style=\"\"><\/td>\n                    <td style=\"\"><a href='https:\/\/www.gyakorikerdesek.hu\/' rel=' nofollow ' target='_blank'>https:\/\/www.gyakorikerdesek.hu\/<\/a><\/td>\n                    <td style=\"\"><\/td>\n                    <td style=\"\">A Meseorsz\u00e1g mindenki\u00e9 c. mesek\u00f6nyvet olvast\u00e1tok m\u00e1r?<\/td>\n                    <td style=\"\">egy\u00e9b<\/td>\n                    <td style=\"\"><a href='https:\/\/www.gyakorikerdesek.hu\/szorakozas__konyvek__10715467-a-meseorszag-mindenkie-c-mesekonyvet-olvastatok-mar-ha-igen-leirnatok-par-szo' rel=' nofollow ' target='_blank'>https:\/\/www.gyakorikerdesek.hu\/szorakozas__konyvek__10715467-a-meseorszag-mindenkie-c-mesekonyvet-olvastatok-mar-ha-igen-leirnatok-par-szo<\/a><\/td>\n                    <td style=\"\">semleges<\/td>\n                    <td style=\"\"><\/td>\n                    <td style=\"\"><\/td>\n                    <td style=\"\"><\/td>\n                    <td style=\"\">Gyakori k\u00e9rd\u00e9sek<\/td>\n            <\/tr>\n            <tr id=\"table_2_row_990\">\n                    <td style=\"\"><\/td>\n                    <td style=\"\"><a href='http:\/\/kimondottigazsagok.com\/' rel=' nofollow ' target='_blank'>http:\/\/kimondottigazsagok.com\/<\/a><\/td>\n                    <td style=\"\"><\/td>\n                    <td style=\"\">Ferenc p\u00e1pa megsz\u00f3lalt a \u201cMeseorsz\u00e1g mindenki\u00e9\u201d \u00fcgyben<\/td>\n                    <td style=\"\">h\u00edr, besz\u00e1mol\u00f3, r\u00f6vid cikk<\/td>\n                    <td style=\"\"><a href='http:\/\/kimondottigazsagok.com\/ferenc-papa-megszolalt-a-meseorszag-mindenkie-ugyben\/' rel=' nofollow ' target='_blank'>http:\/\/kimondottigazsagok.com\/ferenc-papa-megszolalt-a-meseorszag-mindenkie-ugyben\/<\/a><\/td>\n                    <td style=\"\">semleges<\/td>\n                    <td style=\"\"><\/td>\n                    <td style=\"\"><\/td>\n                    <td style=\"\"><\/td>\n                    <td style=\"\"><\/td>\n            <\/tr>\n            <tr id=\"table_2_row_991\">\n                    <td style=\"\"><\/td>\n                    <td style=\"\"><a href='https:\/\/moly.hu\/' rel=' nofollow ' target='_blank'>https:\/\/moly.hu\/<\/a><\/td>\n                    <td style=\"\">Nagy Boldizs\u00e1r<\/td>\n                    <td style=\"\">A \u200bFairytale for Everyone<\/td>\n                    <td style=\"\">h\u00edr, besz\u00e1mol\u00f3, r\u00f6vid cikk<\/td>\n                    <td style=\"\"><a href='https:\/\/moly.hu\/konyvek\/boldizsar-m-nagy-szerk-a-fairytale-for-everyone' rel=' nofollow ' target='_blank'>https:\/\/moly.hu\/konyvek\/boldizsar-m-nagy-szerk-a-fairytale-for-everyone<\/a><\/td>\n                    <td style=\"\">pozit\u00edv<\/td>\n                    <td style=\"\"><\/td>\n                    <td style=\"\"><\/td>\n                    <td style=\"\"><\/td>\n                    <td style=\"\"><\/td>\n            <\/tr>\n            <tr id=\"table_2_row_992\">\n                    <td style=\"\"><\/td>\n                    <td style=\"\"><a href='https:\/\/szimpladesign.com\/' rel=' nofollow ' target='_blank'>https:\/\/szimpladesign.com\/<\/a><\/td>\n                    <td style=\"\"><\/td>\n                    <td style=\"\">Meseorsz\u00e1g mindenki\u00e9<\/td>\n                    <td style=\"\">egy\u00e9b<\/td>\n                    <td style=\"\"><a href='https:\/\/szimpladesign.com\/termek-hu\/meseorszag-mindenkie-formabonto-mesek-az-elfogadasrol\/' rel=' nofollow ' target='_blank'>https:\/\/szimpladesign.com\/termek-hu\/meseorszag-mindenkie-formabonto-mesek-az-elfogadasrol\/<\/a><\/td>\n                    <td style=\"\">semleges<\/td>\n                    <td style=\"\"><\/td>\n                    <td style=\"\"><\/td>\n                    <td style=\"\"><\/td>\n                    <td style=\"\">k\u00f6nyvrendel\u0151s oldal<\/td>\n            <\/tr>\n            <tr id=\"table_2_row_993\">\n                    <td style=\"\"><\/td>\n                    <td style=\"\"><a href='https:\/\/www.martinus.sk\/' rel=' nofollow ' target='_blank'>https:\/\/www.martinus.sk\/<\/a><\/td>\n                    <td style=\"\"><\/td>\n                    <td style=\"\">Rozpr\u00e1vkov\u00e1 krajina pre v\u0161etk\u00fdch<\/td>\n                    <td style=\"\">egy\u00e9b<\/td>\n                    <td style=\"\"><a href='https:\/\/www.martinus.sk\/?uItem=1257785' rel=' nofollow ' target='_blank'>https:\/\/www.martinus.sk\/?uItem=1257785<\/a><\/td>\n                    <td style=\"\">semleges<\/td>\n                    <td style=\"\"><\/td>\n                    <td style=\"\">igen<\/td>\n                    <td style=\"\">szlov\u00e1k<\/td>\n                    <td style=\"\">szlov\u00e1k k\u00f6nyvrendel\u0151s oldal<\/td>\n            <\/tr>\n            <tr id=\"table_2_row_994\">\n                    <td style=\"\"><\/td>\n                    <td style=\"\"><a href='https:\/\/www.instagram.com\/' rel=' nofollow ' target='_blank'>https:\/\/www.instagram.com\/<\/a><\/td>\n                    <td style=\"\">Nemakarokbeleszolni<\/td>\n                    <td style=\"\">nemakarokbeleszolni insta oldal m\u00e9m k\u00e9pek<\/td>\n                    <td style=\"\">instagram poszt<\/td>\n                    <td style=\"\"><a href='https:\/\/www.instagram.com\/nemakarokbeleszolni' rel=' nofollow ' target='_blank'>https:\/\/www.instagram.com\/nemakarokbeleszolni<\/a><\/td>\n                    <td style=\"\">pozit\u00edv<\/td>\n                    <td style=\"\">insta<\/td>\n                    <td style=\"\"><\/td>\n                    <td style=\"\"><\/td>\n                    <td style=\"\">nem lehet els\u0151re l\u00e1tni, melyik k\u00e9p van idelinkelve<\/td>\n            <\/tr>\n            <tr id=\"table_2_row_995\">\n                    <td style=\"\"><\/td>\n                    <td style=\"\"><a href='https:\/\/www.instagram.com\/' rel=' nofollow ' target='_blank'>https:\/\/www.instagram.com\/<\/a><\/td>\n                    <td style=\"\">Meseorsz\u00e1g mindenki\u00e9<\/td>\n                    <td style=\"\">#meseorszagmindenkie<\/td>\n                    <td style=\"\">instagram poszt<\/td>\n                    <td style=\"\"><a href='https:\/\/www.instagram.com\/explore\/tags\/meseorsz%C3%A1gmindenki%C3%A9\/' rel=' nofollow ' target='_blank'>https:\/\/www.instagram.com\/explore\/tags\/meseorsz%C3%A1gmindenki%C3%A9\/<\/a><\/td>\n                    <td style=\"\">pozit\u00edv<\/td>\n                    <td style=\"\">insta<\/td>\n                    <td style=\"\"><\/td>\n                    <td style=\"\"><\/td>\n                    <td style=\"\">Meseorsz\u00e1g k\u00e9pek<\/td>\n            <\/tr>\n            <tr id=\"table_2_row_996\">\n                    <td style=\"\"><\/td>\n                    <td style=\"\"><a href='https:\/\/www.youtube.com\/' rel=' nofollow ' target='_blank'>https:\/\/www.youtube.com\/<\/a><\/td>\n                    <td style=\"\"><\/td>\n                    <td style=\"\">Youtube lej\u00e1tsz\u00e1si lista a Meseorsz\u00e1g mindenki\u00e9 c\u00edmsz\u00f3ra<\/td>\n                    <td style=\"\">vide\u00f3<\/td>\n                    <td style=\"\"><a href='https:\/\/www.youtube.com\/results?search_query=%22meseorsz%C3%A1g+mindenki%C3%A9' rel=' nofollow ' target='_blank'>https:\/\/www.youtube.com\/results?search_query=%22meseorsz%C3%A1g+mindenki%C3%A9<\/a><\/td>\n                    <td style=\"\">semleges<\/td>\n                    <td style=\"\">youtube<\/td>\n                    <td style=\"\"><\/td>\n                    <td style=\"\"><\/td>\n                    <td style=\"\">Youtube lej\u00e1tsz\u00e1si lista a Meseorsz\u00e1g mindenki\u00e9 c\u00edmsz\u00f3ra<\/td>\n            <\/tr>\n            <tr id=\"table_2_row_997\">\n                    <td style=\"\"><\/td>\n                    <td style=\"\"><a href='https:\/\/trinambai.se\/' rel=' nofollow ' target='_blank'>https:\/\/trinambai.se\/<\/a><\/td>\n                    <td style=\"\"><\/td>\n                    <td style=\"\">Sagolandet tillh\u00f6r alla<\/td>\n                    <td style=\"\">egy\u00e9b<\/td>\n                    <td style=\"\"><a href='https:\/\/trinambai.se\/bocker\/sagolandet-tillhor-alla\/' rel=' nofollow ' target='_blank'>https:\/\/trinambai.se\/bocker\/sagolandet-tillhor-alla\/<\/a><\/td>\n                    <td style=\"\">semleges<\/td>\n                    <td style=\"\"><\/td>\n                    <td style=\"\">igen<\/td>\n                    <td style=\"\">sv\u00e9d<\/td>\n                    <td style=\"\">sv\u00e9d k\u00f6nyvrendel\u0151s oldal<\/td>\n            <\/tr>\n            <tr id=\"table_2_row_998\">\n                    <td style=\"\"><\/td>\n                    <td style=\"\"><a href='https:\/\/www.amazon.de\/' rel=' nofollow ' target='_blank'>https:\/\/www.amazon.de\/<\/a><\/td>\n                    <td style=\"\"><\/td>\n                    <td style=\"\">Best Sellers<\/td>\n                    <td style=\"\">egy\u00e9b<\/td>\n                    <td style=\"\"><a href='https:\/\/www.amazon.de\/-\/en\/gp\/bestsellers\/books\/5452736031\/ref=zg_mg_tab' rel=' nofollow ' target='_blank'>https:\/\/www.amazon.de\/-\/en\/gp\/bestsellers\/books\/5452736031\/ref=zg_mg_tab<\/a><\/td>\n                    <td style=\"\">semleges<\/td>\n                    <td style=\"\"><\/td>\n                    <td style=\"\">igen<\/td>\n                    <td style=\"\">n\u00e9met<\/td>\n                    <td style=\"\">a n\u00e9met amazon sikerlist\u00e1ja<\/td>\n            <\/tr>\n            <tr id=\"table_2_row_999\">\n                    <td style=\"\"><\/td>\n                    <td style=\"\"><a href='https:\/\/www.athenaeum.nl\/' rel=' nofollow ' target='_blank'>https:\/\/www.athenaeum.nl\/<\/a><\/td>\n                    <td style=\"\"><\/td>\n                    <td style=\"\">Sprookjesland is van iedereen<\/td>\n                    <td style=\"\">egy\u00e9b<\/td>\n                    <td style=\"\"><a href='https:\/\/www.athenaeum.nl\/boek\/?authortitle=boldizsar-m-nagy\/sprookjesland-is-van-iedereen--9789090348827' rel=' nofollow ' target='_blank'>https:\/\/www.athenaeum.nl\/boek\/?authortitle=boldizsar-m-nagy\/sprookjesland-is-van-iedereen--9789090348827<\/a><\/td>\n                    <td style=\"\">semleges<\/td>\n                    <td style=\"\"><\/td>\n                    <td style=\"\">igen<\/td>\n                    <td style=\"\">holland<\/td>\n                    <td style=\"\">holland k\u00f6nyvrendel\u0151s oldal<\/td>\n            <\/tr>\n            <tr id=\"table_2_row_1000\">\n                    <td style=\"\"><\/td>\n                    <td style=\"\"><a href='https:\/\/www.dorlingkindersley.de\/' rel=' nofollow ' target='_blank'>https:\/\/www.dorlingkindersley.de\/<\/a><\/td>\n                    <td style=\"\"><\/td>\n                    <td style=\"\">Inklusiv und divers erz\u00e4hlte M\u00e4rchen f\u00fcr Kinder ab 6 Jahren ver\u00f6ffentlicht vom Stern<\/td>\n                    <td style=\"\">egy\u00e9b<\/td>\n                    <td style=\"\"><a href='https:\/\/www.dorlingkindersley.de\/buch\/lilla-boelecz-boldizsar-m-nagy-maerchenland-fuer-alle-9783831045099' rel=' nofollow ' target='_blank'>https:\/\/www.dorlingkindersley.de\/buch\/lilla-boelecz-boldizsar-m-nagy-maerchenland-fuer-alle-9783831045099<\/a><\/td>\n                    <td style=\"\">semleges<\/td>\n                    <td style=\"\"><\/td>\n                    <td style=\"\">igen<\/td>\n                    <td style=\"\">n\u00e9met<\/td>\n                    <td style=\"\">n\u00e9met k\u00f6nyvrendel\u0151s oldal<\/td>\n            <\/tr>\n            <tr id=\"table_2_row_1001\">\n                    <td style=\"\"><\/td>\n                    <td style=\"\"><a href='https:\/\/www.startlab.sk\/' rel=' nofollow ' target='_blank'>https:\/\/www.startlab.sk\/<\/a><\/td>\n                    <td style=\"\"><\/td>\n                    <td style=\"\">Rozpr\u00e1vkov\u00e1 krajina pre v\u0161etk\u00fdch: \u0161\u0165astn\u00e9 konce pre deti, ktor\u00e9 sa c\u00edtia by\u0165 in\u00e9<\/td>\n                    <td style=\"\">egy\u00e9b<\/td>\n                    <td style=\"\"><a href='https:\/\/www.startlab.sk\/projekty\/2363-rozpravkova-krajina-pre-vsetkych-stastne-konce-pre-vsetky-d\/' rel=' nofollow ' target='_blank'>https:\/\/www.startlab.sk\/projekty\/2363-rozpravkova-krajina-pre-vsetkych-stastne-konce-pre-vsetky-d\/<\/a><\/td>\n                    <td style=\"\">semleges<\/td>\n                    <td style=\"\"><\/td>\n                    <td style=\"\">igen<\/td>\n                    <td style=\"\">szlov\u00e1k<\/td>\n                    <td style=\"\">oldal, ahol gy\u0171jtenek a szlov\u00e1k kiad\u00e1sra<\/td>\n            <\/tr>\n            <tr id=\"table_2_row_1002\">\n                    <td style=\"\"><\/td>\n                    <td style=\"\"><a href='https:\/\/www.wsoy.fi\/' rel=' nofollow ' target='_blank'>https:\/\/www.wsoy.fi\/<\/a><\/td>\n                    <td style=\"\">Lue Lisaa<\/td>\n                    <td style=\"\">Satumaa kuuluu kaikille<\/td>\n                    <td style=\"\">h\u00edr, besz\u00e1mol\u00f3, r\u00f6vid cikk<\/td>\n                    <td style=\"\"><a href='https:\/\/www.wsoy.fi\/kirja\/judit-b.-toth\/satumaa-kuuluu-kaikille\/9789510483060' rel=' nofollow ' target='_blank'>https:\/\/www.wsoy.fi\/kirja\/judit-b.-toth\/satumaa-kuuluu-kaikille\/9789510483060<\/a><\/td>\n                    <td style=\"\">pozit\u00edv<\/td>\n                    <td style=\"\"><\/td>\n                    <td style=\"\">igen<\/td>\n                    <td style=\"\">finn<\/td>\n                    <td style=\"\">finn terjeszt\u0151 ismertet\u0151je a k\u00f6nyvr\u0151l<\/td>\n            <\/tr>\n            <tr id=\"table_2_row_1003\">\n                    <td style=\"\"><\/td>\n                    <td style=\"\"><a href='https:\/\/wydawnictwo.krytykapolityczna.pl' rel=' nofollow ' target='_blank'>https:\/\/wydawnictwo.krytykapolityczna.pl<\/a><\/td>\n                    <td style=\"\">Krytyka Polityczna<\/td>\n                    <td style=\"\">Kraina ba\u015bni jest dla wszystkich<\/td>\n                    <td style=\"\">egy\u00e9b<\/td>\n                    <td style=\"\"><a href='https:\/\/wydawnictwo.krytykapolityczna.pl\/kraina-basni-jest-dla-wszystkich-965' rel=' nofollow ' target='_blank'>https:\/\/wydawnictwo.krytykapolityczna.pl\/kraina-basni-jest-dla-wszystkich-965<\/a><\/td>\n                    <td style=\"\">semleges<\/td>\n                    <td style=\"\"><\/td>\n                    <td style=\"\">igen<\/td>\n                    <td style=\"\">lengyel<\/td>\n                    <td style=\"\">lengyel k\u00f6nyvrendel\u0151s oldal<\/td>\n            <\/tr>\n    <\/tbody>        <!-- \/Table body -->\n\n        \n    <\/table>\n\n        \n<\/div><style>\ntable.wpDataTable { table-layout: fixed !important; }\ntable.wpDataTable td.numdata { text-align: right !important; }\n<\/style>\n<\/p>\n","protected":false},"author":1,"featured_media":0,"parent":0,"menu_order":0,"comment_status":"closed","ping_status":"closed","template":"","meta":{"_seopress_robots_primary_cat":"","_seopress_titles_title":"","_seopress_titles_desc":"","_seopress_robots_index":"","_et_pb_use_builder":"on","_et_pb_old_content":"","_et_gb_content_width":"","footnotes":""},"class_list":["post-39","page","type-page","status-publish","hentry"],"_links":{"self":[{"href":"https:\/\/meseorszagmindenkie.hu\/en\/wp-json\/wp\/v2\/pages\/39","targetHints":{"allow":["GET"]}}],"collection":[{"href":"https:\/\/meseorszagmindenkie.hu\/en\/wp-json\/wp\/v2\/pages"}],"about":[{"href":"https:\/\/meseorszagmindenkie.hu\/en\/wp-json\/wp\/v2\/types\/page"}],"author":[{"embeddable":true,"href":"https:\/\/meseorszagmindenkie.hu\/en\/wp-json\/wp\/v2\/users\/1"}],"replies":[{"embeddable":true,"href":"https:\/\/meseorszagmindenkie.hu\/en\/wp-json\/wp\/v2\/comments?post=39"}],"version-history":[{"count":34,"href":"https:\/\/meseorszagmindenkie.hu\/en\/wp-json\/wp\/v2\/pages\/39\/revisions"}],"predecessor-version":[{"id":261200,"href":"https:\/\/meseorszagmindenkie.hu\/en\/wp-json\/wp\/v2\/pages\/39\/revisions\/261200"}],"wp:attachment":[{"href":"https:\/\/meseorszagmindenkie.hu\/en\/wp-json\/wp\/v2\/media?parent=39"}],"curies":[{"name":"wp","href":"https:\/\/api.w.org\/{rel}","templated":true}]}}