
{"id":28,"date":"2023-04-05T19:30:17","date_gmt":"2023-04-05T17:30:17","guid":{"rendered":"http:\/\/meseorszagmindenkie.hu\/?page_id=28"},"modified":"2024-11-13T12:40:35","modified_gmt":"2024-11-13T11:40:35","slug":"meseorszag-tortenete-diohejban","status":"publish","type":"page","link":"https:\/\/meseorszagmindenkie.hu\/en\/meseorszag-tortenete-diohejban\/","title":{"rendered":"Short history"},"content":{"rendered":"<p>[et_pb_section fb_built=&#8221;1&#8243; custom_padding_last_edited=&#8221;on|phone&#8221; admin_label=&#8221;Hero&#8221; _builder_version=&#8221;4.21.0&#8243; use_background_color_gradient=&#8221;on&#8221; background_color_gradient_direction=&#8221;90deg&#8221; background_color_gradient_stops=&#8221;rgba(107,90,71,0.94) 0%|rgba(199,180,156,0.2) 100%&#8221; background_color_gradient_overlays_image=&#8221;on&#8221; background_color_gradient_start=&#8221;rgba(107,90,71,0.94)&#8221; background_color_gradient_end=&#8221;rgba(199,180,156,0.2)&#8221; background_image=&#8221;https:\/\/meseorszagmindenkie.hu\/wp-content\/uploads\/konyvek.jpeg&#8221; width=&#8221;90%&#8221; width_tablet=&#8221;100%&#8221; width_phone=&#8221;&#8221; width_last_edited=&#8221;on|desktop&#8221; custom_padding=&#8221;||8vw|10vw|false|false&#8221; custom_padding_tablet=&#8221;|||0vw|false|false&#8221; custom_padding_phone=&#8221;&#8221; locked=&#8221;off&#8221; global_colors_info=&#8221;{}&#8221;][et_pb_row make_equal=&#8221;on&#8221; _builder_version=&#8221;4.16&#8243; custom_padding=&#8221;0px||0px|||&#8221; module_alignment_tablet=&#8221;center&#8221; module_alignment_last_edited=&#8221;off|desktop&#8221; global_colors_info=&#8221;{}&#8221;][et_pb_column type=&#8221;4_4&#8243; _builder_version=&#8221;4.16&#8243; custom_padding=&#8221;30px||||false|false&#8221; global_colors_info=&#8221;{}&#8221;][et_pb_text _builder_version=&#8221;4.21.0&#8243; header_font=&#8221;Cormorant Garamond||||||||&#8221; header_font_size=&#8221;96px&#8221; header_line_height=&#8221;1.1em&#8221; background_layout=&#8221;dark&#8221; max_width=&#8221;800px&#8221; custom_margin=&#8221;||||false|false&#8221; header_font_size_tablet=&#8221;56px&#8221; header_font_size_phone=&#8221;40px&#8221; header_font_size_last_edited=&#8221;on|phone&#8221; locked=&#8221;off&#8221; global_colors_info=&#8221;{}&#8221;]<\/p>\n<h1>Meseorsz\u00e1g t\u00f6rt\u00e9nete di\u00f3h\u00e9jban<\/h1>\n<p>[\/et_pb_text][\/et_pb_column][\/et_pb_row][\/et_pb_section][et_pb_section fb_built=&#8221;1&#8243; specialty=&#8221;on&#8221; admin_label=&#8221;About&#8221; _builder_version=&#8221;4.16&#8243; custom_padding=&#8221;||0px|||&#8221; global_colors_info=&#8221;{}&#8221;][et_pb_column type=&#8221;1_2&#8243; _builder_version=&#8221;4.16&#8243; custom_padding=&#8221;|||&#8221; global_colors_info=&#8221;{}&#8221; custom_padding__hover=&#8221;|||&#8221;][\/et_pb_column][et_pb_column type=&#8221;1_2&#8243; specialty_columns=&#8221;2&#8243; _builder_version=&#8221;4.16&#8243; custom_padding=&#8221;|||&#8221; global_colors_info=&#8221;{}&#8221; custom_padding__hover=&#8221;|||&#8221;][et_pb_row_inner custom_padding_last_edited=&#8221;on|tablet&#8221; _builder_version=&#8221;4.16&#8243; background_color=&#8221;#ffffff&#8221; custom_margin=&#8221;-10vw||||false|false&#8221; custom_margin_tablet=&#8221;0vw||||false|false&#8221; custom_margin_phone=&#8221;&#8221; custom_margin_last_edited=&#8221;on|tablet&#8221; custom_padding=&#8221;|||40px|false|false&#8221; custom_padding_tablet=&#8221;|||0px|false|false&#8221; custom_padding_phone=&#8221;&#8221; box_shadow_style=&#8221;preset4&#8243; box_shadow_horizontal=&#8221;20vw&#8221; box_shadow_vertical=&#8221;0px&#8221; box_shadow_color=&#8221;#ffffff&#8221; global_colors_info=&#8221;{}&#8221;][et_pb_column_inner saved_specialty_column_type=&#8221;1_2&#8243; _builder_version=&#8221;4.16&#8243; global_colors_info=&#8221;{}&#8221;][et_pb_text admin_label=&#8221;cimsor2&#8243; _builder_version=&#8221;4.27.3&#8243; header_font=&#8221;||||||||&#8221; header_2_font=&#8221;Cormorant Garamond|500||on|||||&#8221; header_2_text_color=&#8221;#000000&#8243; header_2_font_size=&#8221;40px&#8221; header_2_letter_spacing=&#8221;4px&#8221; header_2_line_height=&#8221;1.1em&#8221; custom_margin=&#8221;||||false|false&#8221; header_2_font_size_tablet=&#8221;24px&#8221; header_2_font_size_phone=&#8221;20px&#8221; header_2_font_size_last_edited=&#8221;on|phone&#8221; locked=&#8221;off&#8221; global_colors_info=&#8221;{}&#8221;]<\/p>\n<h2>A kezdetek<\/h2>\n<p>[\/et_pb_text][et_pb_text content_tablet=&#8221;<\/p>\n<p>Az els\u0151 \u00f6tletek 2019-ben form\u00e1l\u00f3dtak a Labriszban.<br \/>A szak\u00e9rt\u0151i csapat: Nagy Boldizs\u00e1r gyermekirodalom szak\u00e9rt\u0151, szerkeszt\u0151, Borgos Anna pszichol\u00f3gus, irodalm\u00e1r, L\u0151rincz No\u00e9mi magyartan\u00e1r, R\u00e9dai Dorottya genderkutat\u00f3, projektvezet\u0151.<\/p>\n<p>A kezd\u0151 \u00e9s kev\u00e9sb\u00e9 k\u00f6zismert szerz\u0151ket p\u00e1ly\u00e1zati felh\u00edv\u00e1s \u00fatj\u00e1n kerest\u00fck meg, az ismert \u00edr\u00f3kat pedig szem\u00e9lyesen h\u00edvtuk meg szerz\u0151nek.<br \/>A p\u00e1ly\u00e1zati ki\u00edr\u00e1s l\u00e9nyege: klasszikus mes\u00e9k alapj\u00e1n, szabad feldolgoz\u00e1sban, kirekesztett, perif\u00e9ri\u00e1n \u00e9l\u0151 f\u0151h\u0151s\u00f6k t\u00f6rt\u00e9neteivel lehet nevezni.<br \/>A szakmai zs\u0171ri a be\u00e9rkezett m\u0171vekb\u0151l 17 mes\u00e9t v\u00e1lasztott ki, amelynek egyharmad\u00e1ban jelennek meg olyan f\u0151h\u0151s\u00f6k, akik a szexu\u00e1lis \u00e9s nemi kisebbs\u00e9g l\u00e9tform\u00e1it \u00e9s m\u00e9lyen emberi dilemm\u00e1it jelen\u00edtik meg.<\/p>\n<p>&#8221; content_phone=&#8221;<\/p>\n<p>Az els\u0151 \u00f6tletek 2019-ben form\u00e1l\u00f3dtak a Labriszban.<br \/>A szak\u00e9rt\u0151i csapat: Nagy Boldizs\u00e1r gyermekirodalom szak\u00e9rt\u0151, szerkeszt\u0151, Borgos Anna pszichol\u00f3gus, irodalm\u00e1r, L\u0151rincz No\u00e9mi magyartan\u00e1r, R\u00e9dai Dorottya genderkutat\u00f3, projektvezet\u0151.<\/p>\n<p>A kezd\u0151 \u00e9s kev\u00e9sb\u00e9 k\u00f6zismert szerz\u0151ket p\u00e1ly\u00e1zati felh\u00edv\u00e1s \u00fatj\u00e1n kerest\u00fck meg, az ismert \u00edr\u00f3kat pedig szem\u00e9lyesen h\u00edvtuk meg szerz\u0151nek.<br \/>A p\u00e1ly\u00e1zati ki\u00edr\u00e1s l\u00e9nyege: klasszikus mes\u00e9k alapj\u00e1n, szabad feldolgoz\u00e1sban, kirekesztett, perif\u00e9ri\u00e1n \u00e9l\u0151 f\u0151h\u0151s\u00f6k t\u00f6rt\u00e9neteivel lehet nevezni.<br \/>A szakmai zs\u0171ri a be\u00e9rkezett m\u0171vekb\u0151l 17 mes\u00e9t v\u00e1lasztott ki, amelynek egyharmad\u00e1ban jelennek meg olyan f\u0151h\u0151s\u00f6k, akik a szexu\u00e1lis \u00e9s nemi kisebbs\u00e9g l\u00e9tform\u00e1it \u00e9s m\u00e9lyen emberi dilemm\u00e1it jelen\u00edtik meg.<\/p>\n<p>&#8221; content_last_edited=&#8221;off|desktop&#8221; _builder_version=&#8221;4.27.3&#8243; text_font=&#8221;Cormorant Garamond|600|||||||&#8221; text_font_size=&#8221;18px&#8221; text_line_height=&#8221;1.8em&#8221; header_font=&#8221;||||||||&#8221; header_2_font=&#8221;Cormorant Garamond|500||on|||||&#8221; header_2_text_color=&#8221;#000000&#8243; header_2_font_size=&#8221;40px&#8221; header_2_letter_spacing=&#8221;4px&#8221; header_2_line_height=&#8221;1.1em&#8221; custom_margin=&#8221;||||false|false&#8221; custom_margin_phone=&#8221;|||0px|false|false&#8221; custom_margin_last_edited=&#8221;off|desktop&#8221; text_font_tablet=&#8221;Cormorant Garamond|600|||||||&#8221; text_font_phone=&#8221;Cormorant Garamond|600|||||||&#8221; text_font_last_edited=&#8221;on|desktop&#8221; text_text_color_tablet=&#8221;&#8221; text_text_color_phone=&#8221;&#8221; text_text_color_last_edited=&#8221;on|desktop&#8221; text_font_size_tablet=&#8221;18px&#8221; text_font_size_phone=&#8221;14px&#8221; text_font_size_last_edited=&#8221;on|desktop&#8221; text_letter_spacing_tablet=&#8221;&#8221; text_letter_spacing_phone=&#8221;&#8221; text_letter_spacing_last_edited=&#8221;on|desktop&#8221; text_line_height_tablet=&#8221;1.8em&#8221; text_line_height_phone=&#8221;1.6em&#8221; text_line_height_last_edited=&#8221;on|desktop&#8221; header_2_font_size_tablet=&#8221;24px&#8221; header_2_font_size_phone=&#8221;20px&#8221; header_2_font_size_last_edited=&#8221;on|phone&#8221; text_orientation_tablet=&#8221;&#8221; text_orientation_phone=&#8221;&#8221; text_orientation_last_edited=&#8221;on|desktop&#8221; background_layout_tablet=&#8221;&#8221; background_layout_phone=&#8221;&#8221; background_layout_last_edited=&#8221;on|desktop&#8221; locked=&#8221;off&#8221; global_colors_info=&#8221;{}&#8221;]<\/p>\n<p>Az els\u0151 \u00f6tletek 2019-ben form\u00e1l\u00f3dtak a Labriszban.<br \/>A szak\u00e9rt\u0151i csapat: Nagy Boldizs\u00e1r gyermekirodalom szak\u00e9rt\u0151, szerkeszt\u0151, Borgos Anna pszichol\u00f3gus, irodalm\u00e1r, L\u0151rincz No\u00e9mi magyartan\u00e1r, R\u00e9dai Dorottya genderkutat\u00f3, projektvezet\u0151.<\/p>\n<p>A kezd\u0151 \u00e9s kev\u00e9sb\u00e9 k\u00f6zismert szerz\u0151ket p\u00e1ly\u00e1zati felh\u00edv\u00e1s \u00fatj\u00e1n kerest\u00fck meg, az ismert \u00edr\u00f3kat pedig szem\u00e9lyesen h\u00edvtuk meg szerz\u0151nek.<br \/>A p\u00e1ly\u00e1zati ki\u00edr\u00e1s l\u00e9nyege: klasszikus mes\u00e9k alapj\u00e1n, szabad feldolgoz\u00e1sban, kirekesztett, perif\u00e9ri\u00e1n \u00e9l\u0151 f\u0151h\u0151s\u00f6k t\u00f6rt\u00e9neteivel lehet nevezni.<br \/>A szakmai zs\u0171ri a be\u00e9rkezett m\u0171vekb\u0151l 17 mes\u00e9t v\u00e1lasztott ki, amelynek egyharmad\u00e1ban jelennek meg olyan f\u0151h\u0151s\u00f6k, akik a szexu\u00e1lis \u00e9s nemi kisebbs\u00e9g l\u00e9tform\u00e1it \u00e9s m\u00e9lyen emberi dilemm\u00e1it jelen\u00edtik meg.<\/p>\n<p>[\/et_pb_text][\/et_pb_column_inner][\/et_pb_row_inner][\/et_pb_column][\/et_pb_section][et_pb_section fb_built=&#8221;1&#8243; admin_label=&#8221;Features&#8221; _builder_version=&#8221;4.16&#8243; custom_padding=&#8221;0px|||||&#8221; global_colors_info=&#8221;{}&#8221;][et_pb_row column_structure=&#8221;2_5,3_5&#8243; use_custom_gutter=&#8221;on&#8221; gutter_width=&#8221;1&#8243; _builder_version=&#8221;4.16&#8243; custom_padding=&#8221;0px|||||&#8221; global_colors_info=&#8221;{}&#8221;][et_pb_column type=&#8221;2_5&#8243; _builder_version=&#8221;4.16&#8243; background_enable_color=&#8221;off&#8221; use_background_color_gradient=&#8221;on&#8221; background_color_gradient_stops=&#8221;rgba(163,87,55,0.1) 50%|rgba(0,0,0,0) 50%&#8221; background_color_gradient_start=&#8221;rgba(163,87,55,0.1)&#8221; background_color_gradient_start_position=&#8221;50%&#8221; background_color_gradient_end=&#8221;rgba(0,0,0,0)&#8221; background_color_gradient_end_position=&#8221;50%&#8221; custom_padding=&#8221;60px|60px|60px|60px|true|true&#8221; global_colors_info=&#8221;{}&#8221;][et_pb_image src=&#8221;https:\/\/meseorszagmindenkie.hu\/wp-content\/uploads\/meseorszag-konyv-scaled.jpeg&#8221; title_text=&#8221;meseorszag-konyv&#8221; align=&#8221;center&#8221; align_tablet=&#8221;center&#8221; align_last_edited=&#8221;off|desktop&#8221; _builder_version=&#8221;4.21.0&#8243; max_width_tablet=&#8221;340px&#8221; max_width_phone=&#8221;240px&#8221; max_width_last_edited=&#8221;on|tablet&#8221; max_height_phone=&#8221;440px&#8221; max_height_last_edited=&#8221;off|tablet&#8221; scroll_vertical_motion_enable=&#8221;on&#8221; scroll_vertical_motion=&#8221;0|50|50|100|1|0|-1&#8243; border_radii=&#8221;on|48px|48px|48px|48px&#8221; border_radii_tablet=&#8221;on|56px|56px|56px|56px&#8221; border_radii_phone=&#8221;on|36px|36px|36px|36px&#8221; border_radii_last_edited=&#8221;on|phone&#8221; box_shadow_style=&#8221;preset1&#8243; box_shadow_vertical=&#8221;48px&#8221; box_shadow_blur=&#8221;80px&#8221; box_shadow_spread=&#8221;-16px&#8221; box_shadow_color=&#8221;rgba(0,0,0,0.5)&#8221; locked=&#8221;off&#8221; global_colors_info=&#8221;{}&#8221;][\/et_pb_image][\/et_pb_column][et_pb_column type=&#8221;3_5&#8243; _builder_version=&#8221;4.16&#8243; custom_padding=&#8221;40px|60px||60px|false|true&#8221; custom_padding_tablet=&#8221;0px|0px||0px|false|true&#8221; custom_padding_phone=&#8221;|0px||0px|false|true&#8221; custom_padding_last_edited=&#8221;on|tablet&#8221; global_colors_info=&#8221;{}&#8221;][et_pb_text content_tablet=&#8221;<\/p>\n<h2>Az Emberi jogi nevel\u0151k<\/h2>\n<p>&#8221; content_phone=&#8221;<\/p>\n<h2>Az Emberi jogi nevel\u0151k<\/h2>\n<p>&#8221; content_last_edited=&#8221;on|desktop&#8221; admin_label=&#8221;cimsor2&#8243; _builder_version=&#8221;4.27.3&#8243; header_font=&#8221;||||||||&#8221; header_2_font=&#8221;Cormorant Garamond|500||on|||||&#8221; header_2_text_color=&#8221;#000000&#8243; header_2_font_size=&#8221;40px&#8221; header_2_letter_spacing=&#8221;4px&#8221; header_2_line_height=&#8221;1.1em&#8221; custom_margin=&#8221;||||false|false&#8221; header_2_font_size_tablet=&#8221;24px&#8221; header_2_font_size_phone=&#8221;20px&#8221; header_2_font_size_last_edited=&#8221;on|phone&#8221; locked=&#8221;off&#8221; global_colors_info=&#8221;{}&#8221;]<\/p>\n<h2>Az Emberi jogi nevel\u0151k<\/h2>\n<p>[\/et_pb_text][et_pb_text content_tablet=&#8221;<\/p>\n<h2>Az Emberi jogi nevel\u0151k<\/h2>\n<p>h\u00e1l\u00f3zat\u00e1nak (EJHA) pedag\u00f3gusaib\u00f3l \u00e1ll\u00f3 3 f\u0151s csapat egy-egy \u00f3ratervet k\u00e9sz\u00edt minden mes\u00e9hez.<br \/>\n2020.szept. 20.: a Meseorsz\u00e1g mindenki\u00e9 c\u00edm\u0171 k\u00f6nyv bemutat\u00f3ja a Massolit K\u00f6nyvesboltban.  <a href=%22https:\/\/www.youtube.com\/watch?v=fR3ZecdgR68&#038;t=865s%22 data-linkz-ai=%22%22>https:\/\/www.youtube.com\/watch?v=fR3ZecdgR68&#038;t=865s<\/a><br \/>\nA megjelen\u00e9s ut\u00e1n n\u00e9h\u00e1ny nappal, a Mi Haz\u00e1nk Mozgalom politikusa, D\u00far\u00f3 D\u00f3ra a nyilv\u00e1noss\u00e1g el\u0151tt ledar\u00e1lja, megsemmis\u00edti a k\u00f6nyvet, mert szerinte ez a \u201ehomoszexualizmus propagand\u00e1ja, \u00e9s Meseorsz\u00e1g nem az aberr\u00e1ltak\u00e9\u201d.<br \/>\n2020. okt\u00f3ber\u00e9ben a Kossuth R\u00e1di\u00f3ban a minisztereln\u00f6k, Orb\u00e1n Viktor is megsz\u00f3lal a mesek\u00f6nyv k\u00f6r\u00fcl kialakult k\u00f6z\u00e9leti, politikai vit\u00e1ban: \u201eVan egy v\u00f6r\u00f6s vonal, amit nem lehet \u00e1tl\u00e9pni. Hagyj\u00e1k b\u00e9k\u00e9n a gyerekeinket!\u201d<br \/>\nAz els\u0151 megjelen\u00e9s ut\u00e1ni h\u00f3napokban heves pro \u00e9s kontra politikai, pedag\u00f3giai, pszichol\u00f3giai, nevel\u00e9sl\u00e9lektani \u00e9s k\u00f6z\u00e9leti vit\u00e1k folynak a k\u00f6nyv tartalm\u00e1val \u00e9s lehets\u00e9ges \u00fczeneteivel kapcsolatosan.<br \/>\n2020. november\u00e9ben a mesek\u00f6nyv megjelenik e-k\u00f6nyv form\u00e1ban is. Az \u00e9rdekl\u0151d\u00e9s olyan nagy, hogy ebben a h\u00f3napban m\u00e1r a k\u00f6nyv 3. kiad\u00e1sa jelenik meg. A megjelen\u00e9st k\u00f6vet\u0151 3 h\u00f3napban 19 ezer p\u00e9ld\u00e1ny fogy el a k\u00f6nyvb\u0151l.&#8221; content_phone=&#8221;<\/p>\n<h2>Az Emberi jogi nevel\u0151k<\/h2>\n<p>h\u00e1l\u00f3zat\u00e1nak (EJHA) pedag\u00f3gusaib\u00f3l \u00e1ll\u00f3 3 f\u0151s csapat egy-egy \u00f3ratervet k\u00e9sz\u00edt minden mes\u00e9hez.<br \/>\n2020.szept. 20.: a Meseorsz\u00e1g mindenki\u00e9 c\u00edm\u0171 k\u00f6nyv bemutat\u00f3ja a Massolit K\u00f6nyvesboltban.  <a href=%22https:\/\/www.youtube.com\/watch?v=fR3ZecdgR68&#038;t=865s%22 data-linkz-ai=%22%22>https:\/\/www.youtube.com\/watch?v=fR3ZecdgR68&#038;t=865s<\/a><br \/>\nA megjelen\u00e9s ut\u00e1n n\u00e9h\u00e1ny nappal, a Mi Haz\u00e1nk Mozgalom politikusa, D\u00far\u00f3 D\u00f3ra a nyilv\u00e1noss\u00e1g el\u0151tt ledar\u00e1lja, megsemmis\u00edti a k\u00f6nyvet, mert szerinte ez a \u201ehomoszexualizmus propagand\u00e1ja, \u00e9s Meseorsz\u00e1g nem az aberr\u00e1ltak\u00e9\u201d.<br \/>\n2020. okt\u00f3ber\u00e9ben a Kossuth R\u00e1di\u00f3ban a minisztereln\u00f6k, Orb\u00e1n Viktor is megsz\u00f3lal a mesek\u00f6nyv k\u00f6r\u00fcl kialakult k\u00f6z\u00e9leti, politikai vit\u00e1ban: \u201eVan egy v\u00f6r\u00f6s vonal, amit nem lehet \u00e1tl\u00e9pni. Hagyj\u00e1k b\u00e9k\u00e9n a gyerekeinket!\u201d<br \/>\nAz els\u0151 megjelen\u00e9s ut\u00e1ni h\u00f3napokban heves pro \u00e9s kontra politikai, pedag\u00f3giai, pszichol\u00f3giai, nevel\u00e9sl\u00e9lektani \u00e9s k\u00f6z\u00e9leti vit\u00e1k folynak a k\u00f6nyv tartalm\u00e1val \u00e9s lehets\u00e9ges \u00fczeneteivel kapcsolatosan.<br \/>\n2020. november\u00e9ben a mesek\u00f6nyv megjelenik e-k\u00f6nyv form\u00e1ban is. Az \u00e9rdekl\u0151d\u00e9s olyan nagy, hogy ebben a h\u00f3napban m\u00e1r a k\u00f6nyv 3. kiad\u00e1sa jelenik meg. A megjelen\u00e9st k\u00f6vet\u0151 3 h\u00f3napban 19 ezer p\u00e9ld\u00e1ny fogy el a k\u00f6nyvb\u0151l.&#8221; content_last_edited=&#8221;off|desktop&#8221; _builder_version=&#8221;4.27.3&#8243; text_font=&#8221;Cormorant Garamond|600|||||||&#8221; text_font_size=&#8221;18px&#8221; text_line_height=&#8221;1.8em&#8221; link_font=&#8221;Cormorant Garamond|600|||on|||#b3791c|&#8221; link_text_color=&#8221;#b3791c&#8221; link_font_size=&#8221;18px&#8221; link_line_height=&#8221;1.8em&#8221; ul_font=&#8221;Cormorant Garamond|600|||||||&#8221; ul_font_size=&#8221;18px&#8221; ul_line_height=&#8221;1.8em&#8221; ol_font=&#8221;Cormorant Garamond|600|||||||&#8221; ol_font_size=&#8221;18px&#8221; ol_line_height=&#8221;1.8em&#8221; header_font=&#8221;||||||||&#8221; header_2_font=&#8221;Cormorant Garamond|500||on|||||&#8221; header_2_text_color=&#8221;#000000&#8243; header_2_font_size=&#8221;40px&#8221; header_2_letter_spacing=&#8221;4px&#8221; header_2_line_height=&#8221;1.1em&#8221; custom_margin=&#8221;||||false|false&#8221; custom_padding=&#8221;16px||||false|false&#8221; header_2_font_size_tablet=&#8221;24px&#8221; header_2_font_size_phone=&#8221;20px&#8221; header_2_font_size_last_edited=&#8221;on|phone&#8221; border_color_top=&#8221;rgba(51,51,51,0.18)&#8221; locked=&#8221;off&#8221; global_colors_info=&#8221;{}&#8221;]h\u00e1l\u00f3zat\u00e1nak (EJHA) pedag\u00f3gusaib\u00f3l \u00e1ll\u00f3 3 f\u0151s csapat egy-egy \u00f3ratervet k\u00e9sz\u00edt minden mes\u00e9hez.<br \/>\n2020.szept. 20.: a Meseorsz\u00e1g mindenki\u00e9 c\u00edm\u0171 k\u00f6nyv bemutat\u00f3ja a Massolit K\u00f6nyvesboltban.\u00a0<br \/>\n<a href=\"https:\/\/www.youtube.com\/watch?v=fR3ZecdgR68&amp;t=865s\" data-linkz-ai=\"\">https:\/\/www.youtube.com\/watch?v=fR3ZecdgR68&amp;t=865s<\/a><\/p>\n<p>A megjelen\u00e9s ut\u00e1n n\u00e9h\u00e1ny nappal, a Mi Haz\u00e1nk Mozgalom politikusa, D\u00far\u00f3 D\u00f3ra a nyilv\u00e1noss\u00e1g el\u0151tt ledar\u00e1lja, megsemmis\u00edti a k\u00f6nyvet, mert szerinte ez a \u201ehomoszexualizmus propagand\u00e1ja, \u00e9s Meseorsz\u00e1g nem az aberr\u00e1ltak\u00e9\u201d.<\/p>\n<p>2020. okt\u00f3ber\u00e9ben a Kossuth R\u00e1di\u00f3ban a minisztereln\u00f6k, Orb\u00e1n Viktor is megsz\u00f3lal a mesek\u00f6nyv k\u00f6r\u00fcl kialakult k\u00f6z\u00e9leti, politikai vit\u00e1ban: \u201eVan egy v\u00f6r\u00f6s vonal, amit nem lehet \u00e1tl\u00e9pni. Hagyj\u00e1k b\u00e9k\u00e9n a gyerekeinket!\u201d<\/p>\n<p>Az els\u0151 megjelen\u00e9s ut\u00e1ni h\u00f3napokban heves pro \u00e9s kontra politikai, pedag\u00f3giai, pszichol\u00f3giai, nevel\u00e9sl\u00e9lektani \u00e9s k\u00f6z\u00e9leti vit\u00e1k folynak a k\u00f6nyv tartalm\u00e1val \u00e9s lehets\u00e9ges \u00fczeneteivel kapcsolatosan.<\/p>\n<p>2020. november\u00e9ben a mesek\u00f6nyv megjelenik e-k\u00f6nyv form\u00e1ban is. Az \u00e9rdekl\u0151d\u00e9s olyan nagy, hogy ebben a h\u00f3napban m\u00e1r a k\u00f6nyv 3. kiad\u00e1sa jelenik meg. A megjelen\u00e9st k\u00f6vet\u0151 3 h\u00f3napban 19 ezer p\u00e9ld\u00e1ny fogy el a k\u00f6nyvb\u0151l.[\/et_pb_text][et_pb_text content_tablet=&#8221;<\/p>\n<h2>Lassank\u00e9nt<\/h2>\n<p>&#8221; content_phone=&#8221;<\/p>\n<h2>Lassank\u00e9nt<\/h2>\n<p>&#8221; content_last_edited=&#8221;on|desktop&#8221; admin_label=&#8221;cimsor2&#8243; _builder_version=&#8221;4.27.3&#8243; header_font=&#8221;||||||||&#8221; header_2_font=&#8221;Cormorant Garamond|500||on|||||&#8221; header_2_text_color=&#8221;#000000&#8243; header_2_font_size=&#8221;40px&#8221; header_2_letter_spacing=&#8221;4px&#8221; header_2_line_height=&#8221;1.1em&#8221; custom_margin=&#8221;||||false|false&#8221; header_2_font_size_tablet=&#8221;24px&#8221; header_2_font_size_phone=&#8221;20px&#8221; header_2_font_size_last_edited=&#8221;on|phone&#8221; locked=&#8221;off&#8221; global_colors_info=&#8221;{}&#8221;]<\/p>\n<h2>Lassank\u00e9nt<\/h2>\n<p>[\/et_pb_text][et_pb_text content_tablet=&#8221;<\/p>\n<h2>Lassank\u00e9nt<\/h2>\n<p>a k\u00f6nyv az LMBTQ+ embereket diszkrimin\u00e1l\u00f3 korm\u00e1nyzati int\u00e9zked\u00e9sekkel szembeni ellen\u00e1ll\u00e1s \u00e9s aktivizmus csatorn\u00e1j\u00e1v\u00e1 \u00e9s kifejez\u0151j\u00e9v\u00e9 v\u00e1lik. K\u00fclf\u00f6ldi kiad\u00f3k \u00e9rdekl\u0151dnek ut\u00e1na, majd elkezd\u0151dik a nemzetk\u00f6zi karrier.<\/p>\n<p>Lelkes bloggerek, valamint magyar \u00e9s k\u00fclf\u00f6ldi sz\u00edn\u00e9szek \u00e1llnak a k\u00f6nyv mell\u00e9. A mes\u00e9ket neves sz\u00edn\u00e9szek olvass\u00e1k fel, a vide\u00f3k a youtube-on hozz\u00e1f\u00e9rhet\u0151ek.<\/p>\n<p>A Magyar Nemzet 2020. okt\u00f3ber 12-i sz\u00e1m\u00e1ban N\u00e9meth Gy\u00f6rgy szociol\u00f3gus-k\u00f6zgazd\u00e1sz a Meseorsz\u00e1g mindenki\u00e9 c\u00edm\u0171 k\u00f6nyvet a pedof\u00edli\u00e1hoz, a Labrisz Leszbikus Egyes\u00fcletet pedig egy pedofil szervezethez hasonl\u00edtja. A Labrisz a Helsinki Bizotts\u00e1g seg\u00edts\u00e9g\u00e9vel pert ind\u00edt; a b\u00edr\u00f3s\u00e1g 2021. novemberi els\u0151fok\u00fa \u00edt\u00e9lete pedig a j\u00f3 h\u00edrn\u00e9v megs\u00e9rt\u00e9se miatt bocs\u00e1natk\u00e9r\u00e9sre \u00e9s egymilli\u00f3s s\u00e9relemd\u00edj megfizet\u00e9s\u00e9re k\u00f6telezi a lapot kiad\u00f3 Mediaworks Hungaryt. Az \u00edt\u00e9let ellen a Magyar Nemzet fellebbez.<\/p>\n<p>2020. december\u00e9ben, egy k\u00f6z\u00e9rdek\u0171 bejelent\u00e9sre indult vizsg\u00e1latban Budapest F\u0151v\u00e1ros Korm\u00e1nyhivatala meg\u00e1llap\u00edtja, hogy \u201ea k\u00f6nyv \u00e9rt\u00e9kes\u00edt\u00e9se mesek\u00f6nyvk\u00e9nt t\u00f6rt\u00e9nik, amire a megnevez\u00e9s \u00e9s a bor\u00edt\u00f3n l\u00e9v\u0151 grafikus \u00e1br\u00e1zol\u00e1s is utal, de az nincs felt\u00fcntetve, hogy a mes\u00e9k a hagyom\u00e1nyos nemi szerepekt\u0151l elt\u00e9r\u0151 viselked\u00e9smint\u00e1kat jelen\u00edtenek meg. \u00cdgy a fogyaszt\u00f3k, tudtukon k\u00edv\u00fcl a mes\u00e9k szokott tartalm\u00e1n t\u00falmutat\u00f3 tartalommal tal\u00e1lkozhatnak, \u00e9s a k\u00f6nyv megv\u00e1s\u00e1rl\u00e1s\u00e1r\u00f3l f\u00e9lrevezet\u0151 inform\u00e1ci\u00f3k alapj\u00e1n d\u00f6nthetnek.\u201d A korm\u00e1nyhivatal felsz\u00f3l\u00edtja a Labriszt, hogy tegye meg a t\u0151le telhet\u0151t a v\u00e1s\u00e1rl\u00f3k alapos t\u00e1j\u00e9koztat\u00e1s\u00e1\u00e9rt.<br \/>2021. j\u00fanius\u00e1ban megsz\u00fcletik a gyermekv\u00e9delminek nevezett homo-\u00e9s transzf\u00f3b propagandat\u00f6rv\u00e9ny.<\/p>\n<p>Az augusztusban megjelen\u0151 4. ut\u00e1nnyom\u00e1s m\u00e1r csak bef\u00f3li\u00e1zva (\u00e9s gyakorlatilag alig l\u00e1that\u00f3 helyekre) tehet\u0151 ki a k\u00f6nyvesboltokban Magyarorsz\u00e1gon.<\/p>\n<p>&#8221; content_phone=&#8221;<\/p>\n<h2>Lassank\u00e9nt<\/h2>\n<p>a k\u00f6nyv az LMBTQ+ embereket diszkrimin\u00e1l\u00f3 korm\u00e1nyzati int\u00e9zked\u00e9sekkel szembeni ellen\u00e1ll\u00e1s \u00e9s aktivizmus csatorn\u00e1j\u00e1v\u00e1 \u00e9s kifejez\u0151j\u00e9v\u00e9 v\u00e1lik. K\u00fclf\u00f6ldi kiad\u00f3k \u00e9rdekl\u0151dnek ut\u00e1na, majd elkezd\u0151dik a nemzetk\u00f6zi karrier.<\/p>\n<p>Lelkes bloggerek, valamint magyar \u00e9s k\u00fclf\u00f6ldi sz\u00edn\u00e9szek \u00e1llnak a k\u00f6nyv mell\u00e9. A mes\u00e9ket neves sz\u00edn\u00e9szek olvass\u00e1k fel, a vide\u00f3k a youtube-on hozz\u00e1f\u00e9rhet\u0151ek.<\/p>\n<p>A Magyar Nemzet 2020. okt\u00f3ber 12-i sz\u00e1m\u00e1ban N\u00e9meth Gy\u00f6rgy szociol\u00f3gus-k\u00f6zgazd\u00e1sz a Meseorsz\u00e1g mindenki\u00e9 c\u00edm\u0171 k\u00f6nyvet a pedof\u00edli\u00e1hoz, a Labrisz Leszbikus Egyes\u00fcletet pedig egy pedofil szervezethez hasonl\u00edtja. A Labrisz a Helsinki Bizotts\u00e1g seg\u00edts\u00e9g\u00e9vel pert ind\u00edt; a b\u00edr\u00f3s\u00e1g 2021. novemberi els\u0151fok\u00fa \u00edt\u00e9lete pedig a j\u00f3 h\u00edrn\u00e9v megs\u00e9rt\u00e9se miatt bocs\u00e1natk\u00e9r\u00e9sre \u00e9s egymilli\u00f3s s\u00e9relemd\u00edj megfizet\u00e9s\u00e9re k\u00f6telezi a lapot kiad\u00f3 Mediaworks Hungaryt. Az \u00edt\u00e9let ellen a Magyar Nemzet fellebbez.<\/p>\n<p>2020. december\u00e9ben, egy k\u00f6z\u00e9rdek\u0171 bejelent\u00e9sre indult vizsg\u00e1latban Budapest F\u0151v\u00e1ros Korm\u00e1nyhivatala meg\u00e1llap\u00edtja, hogy \u201ea k\u00f6nyv \u00e9rt\u00e9kes\u00edt\u00e9se mesek\u00f6nyvk\u00e9nt t\u00f6rt\u00e9nik, amire a megnevez\u00e9s \u00e9s a bor\u00edt\u00f3n l\u00e9v\u0151 grafikus \u00e1br\u00e1zol\u00e1s is utal, de az nincs felt\u00fcntetve, hogy a mes\u00e9k a hagyom\u00e1nyos nemi szerepekt\u0151l elt\u00e9r\u0151 viselked\u00e9smint\u00e1kat jelen\u00edtenek meg. \u00cdgy a fogyaszt\u00f3k, tudtukon k\u00edv\u00fcl a mes\u00e9k szokott tartalm\u00e1n t\u00falmutat\u00f3 tartalommal tal\u00e1lkozhatnak, \u00e9s a k\u00f6nyv megv\u00e1s\u00e1rl\u00e1s\u00e1r\u00f3l f\u00e9lrevezet\u0151 inform\u00e1ci\u00f3k alapj\u00e1n d\u00f6nthetnek.\u201d A korm\u00e1nyhivatal felsz\u00f3l\u00edtja a Labriszt, hogy tegye meg a t\u0151le telhet\u0151t a v\u00e1s\u00e1rl\u00f3k alapos t\u00e1j\u00e9koztat\u00e1s\u00e1\u00e9rt.<br \/>\n2021. j\u00fanius\u00e1ban megsz\u00fcletik a gyermekv\u00e9delminek nevezett homo-\u00e9s transzf\u00f3b propagandat\u00f6rv\u00e9ny.<\/p>\n<p>Az augusztusban megjelen\u0151 4. ut\u00e1nnyom\u00e1s m\u00e1r csak bef\u00f3li\u00e1zva (\u00e9s gyakorlatilag alig l\u00e1that\u00f3 helyekre) tehet\u0151 ki a k\u00f6nyvesboltokban Magyarorsz\u00e1gon.&#8221; content_last_edited=&#8221;off|desktop&#8221; _builder_version=&#8221;4.27.3&#8243; text_font=&#8221;Cormorant Garamond|600|||||||&#8221; text_font_size=&#8221;18px&#8221; text_line_height=&#8221;1.8em&#8221; link_font=&#8221;Cormorant Garamond|600|||on|||#b3791c|&#8221; link_text_color=&#8221;#b3791c&#8221; link_font_size=&#8221;18px&#8221; link_line_height=&#8221;1.8em&#8221; ul_font=&#8221;Cormorant Garamond|600|||||||&#8221; ul_font_size=&#8221;18px&#8221; ul_line_height=&#8221;1.8em&#8221; ol_font=&#8221;Cormorant Garamond|600|||||||&#8221; ol_font_size=&#8221;18px&#8221; ol_line_height=&#8221;1.8em&#8221; header_font=&#8221;||||||||&#8221; header_2_font=&#8221;Cormorant Garamond|500||on|||||&#8221; header_2_text_color=&#8221;#000000&#8243; header_2_font_size=&#8221;40px&#8221; header_2_letter_spacing=&#8221;4px&#8221; header_2_line_height=&#8221;1.1em&#8221; custom_margin=&#8221;||||false|false&#8221; custom_padding=&#8221;16px||||false|false&#8221; header_2_font_size_tablet=&#8221;24px&#8221; header_2_font_size_phone=&#8221;20px&#8221; header_2_font_size_last_edited=&#8221;on|phone&#8221; border_color_top=&#8221;rgba(51,51,51,0.18)&#8221; locked=&#8221;off&#8221; global_colors_info=&#8221;{}&#8221;]<\/p>\n<p>a k\u00f6nyv az LMBTQ+ embereket diszkrimin\u00e1l\u00f3 korm\u00e1nyzati int\u00e9zked\u00e9sekkel szembeni ellen\u00e1ll\u00e1s \u00e9s aktivizmus csatorn\u00e1j\u00e1v\u00e1 \u00e9s kifejez\u0151j\u00e9v\u00e9 v\u00e1lik. K\u00fclf\u00f6ldi kiad\u00f3k \u00e9rdekl\u0151dnek ut\u00e1na, majd elkezd\u0151dik a nemzetk\u00f6zi karrier.<\/p>\n<p>Lelkes bloggerek, valamint magyar \u00e9s k\u00fclf\u00f6ldi sz\u00edn\u00e9szek \u00e1llnak a k\u00f6nyv mell\u00e9. A mes\u00e9ket neves sz\u00edn\u00e9szek olvass\u00e1k fel, a vide\u00f3k a youtube-on hozz\u00e1f\u00e9rhet\u0151ek.<\/p>\n<p>A Magyar Nemzet 2020. okt\u00f3ber 12-i sz\u00e1m\u00e1ban N\u00e9meth Gy\u00f6rgy szociol\u00f3gus-k\u00f6zgazd\u00e1sz a Meseorsz\u00e1g mindenki\u00e9 c\u00edm\u0171 k\u00f6nyvet a pedof\u00edli\u00e1hoz, a Labrisz Leszbikus Egyes\u00fcletet pedig egy pedofil szervezethez hasonl\u00edtja. A Labrisz a Helsinki Bizotts\u00e1g seg\u00edts\u00e9g\u00e9vel pert ind\u00edt; a b\u00edr\u00f3s\u00e1g 2021. novemberi els\u0151fok\u00fa \u00edt\u00e9lete pedig a j\u00f3 h\u00edrn\u00e9v megs\u00e9rt\u00e9se miatt bocs\u00e1natk\u00e9r\u00e9sre \u00e9s egymilli\u00f3s s\u00e9relemd\u00edj megfizet\u00e9s\u00e9re k\u00f6telezi a lapot kiad\u00f3 Mediaworks Hungaryt. Az \u00edt\u00e9let ellen a Magyar Nemzet fellebbez.<\/p>\n<p>2020. december\u00e9ben, egy k\u00f6z\u00e9rdek\u0171 bejelent\u00e9sre indult vizsg\u00e1latban Budapest F\u0151v\u00e1ros Korm\u00e1nyhivatala meg\u00e1llap\u00edtja, hogy \u201ea k\u00f6nyv \u00e9rt\u00e9kes\u00edt\u00e9se mesek\u00f6nyvk\u00e9nt t\u00f6rt\u00e9nik, amire a megnevez\u00e9s \u00e9s a bor\u00edt\u00f3n l\u00e9v\u0151 grafikus \u00e1br\u00e1zol\u00e1s is utal, de az nincs felt\u00fcntetve, hogy a mes\u00e9k a hagyom\u00e1nyos nemi szerepekt\u0151l elt\u00e9r\u0151 viselked\u00e9smint\u00e1kat jelen\u00edtenek meg. \u00cdgy a fogyaszt\u00f3k, tudtukon k\u00edv\u00fcl a mes\u00e9k szokott tartalm\u00e1n t\u00falmutat\u00f3 tartalommal tal\u00e1lkozhatnak, \u00e9s a k\u00f6nyv megv\u00e1s\u00e1rl\u00e1s\u00e1r\u00f3l f\u00e9lrevezet\u0151 inform\u00e1ci\u00f3k alapj\u00e1n d\u00f6nthetnek.\u201d A korm\u00e1nyhivatal felsz\u00f3l\u00edtja a Labriszt, hogy tegye meg a t\u0151le telhet\u0151t a v\u00e1s\u00e1rl\u00f3k alapos t\u00e1j\u00e9koztat\u00e1s\u00e1\u00e9rt.<br \/>2021. j\u00fanius\u00e1ban megsz\u00fcletik a gyermekv\u00e9delminek nevezett homo-\u00e9s transzf\u00f3b propagandat\u00f6rv\u00e9ny.<\/p>\n<p>Az augusztusban megjelen\u0151 4. ut\u00e1nnyom\u00e1s m\u00e1r csak bef\u00f3li\u00e1zva (\u00e9s gyakorlatilag alig l\u00e1that\u00f3 helyekre) tehet\u0151 ki a k\u00f6nyvesboltokban Magyarorsz\u00e1gon.<\/p>\n<p>[\/et_pb_text][\/et_pb_column][\/et_pb_row][et_pb_row column_structure=&#8221;2_5,3_5&#8243; use_custom_gutter=&#8221;on&#8221; gutter_width=&#8221;1&#8243; _builder_version=&#8221;4.16&#8243; custom_padding=&#8221;0px|||||&#8221; global_colors_info=&#8221;{}&#8221;][et_pb_column type=&#8221;2_5&#8243; _builder_version=&#8221;4.16&#8243; background_enable_color=&#8221;off&#8221; use_background_color_gradient=&#8221;on&#8221; background_color_gradient_stops=&#8221;rgba(163,87,55,0.1) 50%|rgba(0,0,0,0) 50%&#8221; background_color_gradient_start=&#8221;rgba(163,87,55,0.1)&#8221; background_color_gradient_start_position=&#8221;50%&#8221; background_color_gradient_end=&#8221;rgba(0,0,0,0)&#8221; background_color_gradient_end_position=&#8221;50%&#8221; custom_padding=&#8221;60px|60px|60px|60px|true|true&#8221; global_colors_info=&#8221;{}&#8221;][et_pb_image src=&#8221;https:\/\/meseorszagmindenkie.hu\/wp-content\/uploads\/trivadar-nyers.png&#8221; title_text=&#8221;trivadar-nyers&#8221; align=&#8221;center&#8221; align_tablet=&#8221;center&#8221; align_last_edited=&#8221;off|desktop&#8221; _builder_version=&#8221;4.21.0&#8243; max_width_tablet=&#8221;340px&#8221; max_width_phone=&#8221;240px&#8221; max_width_last_edited=&#8221;on|tablet&#8221; max_height_phone=&#8221;440px&#8221; max_height_last_edited=&#8221;off|tablet&#8221; scroll_vertical_motion_enable=&#8221;on&#8221; scroll_vertical_motion=&#8221;0|50|50|100|1|0|-1&#8243; border_radii=&#8221;on|48px|48px|48px|48px&#8221; border_radii_tablet=&#8221;on|56px|56px|56px|56px&#8221; border_radii_phone=&#8221;on|36px|36px|36px|36px&#8221; border_radii_last_edited=&#8221;on|phone&#8221; locked=&#8221;off&#8221; global_colors_info=&#8221;{}&#8221;][\/et_pb_image][\/et_pb_column][et_pb_column type=&#8221;3_5&#8243; _builder_version=&#8221;4.16&#8243; custom_padding=&#8221;40px|60px||60px|false|true&#8221; custom_padding_tablet=&#8221;0px|0px||0px|false|true&#8221; custom_padding_phone=&#8221;|0px||0px|false|true&#8221; custom_padding_last_edited=&#8221;on|tablet&#8221; global_colors_info=&#8221;{}&#8221;][et_pb_text content_tablet=&#8221;<\/p>\n<h2>A k\u00fclf\u00f6ldi kiad\u00f3k<\/h2>\n<p>&#8221; content_phone=&#8221;<\/p>\n<h2>A k\u00fclf\u00f6ldi kiad\u00f3k<\/h2>\n<p>&#8221; content_last_edited=&#8221;on|desktop&#8221; admin_label=&#8221;cimsor2&#8243; _builder_version=&#8221;4.27.3&#8243; header_font=&#8221;||||||||&#8221; header_2_font=&#8221;Cormorant Garamond|500||on|||||&#8221; header_2_text_color=&#8221;#000000&#8243; header_2_font_size=&#8221;40px&#8221; header_2_letter_spacing=&#8221;4px&#8221; header_2_line_height=&#8221;1.1em&#8221; custom_margin=&#8221;||||false|false&#8221; header_2_font_size_tablet=&#8221;24px&#8221; header_2_font_size_phone=&#8221;20px&#8221; header_2_font_size_last_edited=&#8221;on|phone&#8221; locked=&#8221;off&#8221; global_colors_info=&#8221;{}&#8221;]<\/p>\n<h2>A k\u00fclf\u00f6ldi kiad\u00f3k<\/h2>\n<p>[\/et_pb_text][et_pb_text content_tablet=&#8221;<\/p>\n<h2>A k\u00fclf\u00f6ldi kiad\u00f3k<\/h2>\n<p>egyre intenz\u00edvebben \u00e9rdekl\u0151dnek, folyik a hat\u00e1ron t\u00fali diadalmenet, n\u00e9pszer\u0171s\u00edt\u00e9s, egyre t\u00f6bb az idegen nyelv\u0171 publik\u00e1ci\u00f3, riport, megkeres\u00e9s.<br \/>\n2021. szeptember\u00e9ben a <a href=%22https:\/\/www.facebook.com\/time?__cft__%5b0%5d=AZXVzEyekfiLLkiLzQvO07p8goCASmBi9cvou3-KRm9VLtl2ZCEDu-P1gD6Nj4lC8hDl8rffWdEUy-rYAD6u9IusfGcY139qJKZPgDKj6AE7qVEtASvcWxK1SvdKoyCjwIXVlQtu9raqEHhFlwcX6opXdZ5pby7ngeZcfgyRU-hFKiCZbCmz-MmqEnO_AvHShEBe_bFCBrIAYEcOZoz5-ZeH&#038;__tn__=-%5dK-R%22 data-linkz-ai=%22%22>TIME<\/a> magazin az \u00e9v 100 legbefoly\u00e1sosabb embere k\u00f6z\u00e9 v\u00e1lasztja R\u00e9dai Dorotty\u00e1t, a <a href=%22https:\/\/www.facebook.com\/LabriszEgyesulet\/?__cft__%5b0%5d=AZXVzEyekfiLLkiLzQvO07p8goCASmBi9cvou3-KRm9VLtl2ZCEDu-P1gD6Nj4lC8hDl8rffWdEUy-rYAD6u9IusfGcY139qJKZPgDKj6AE7qVEtASvcWxK1SvdKoyCjwIXVlQtu9raqEHhFlwcX6opXdZ5pby7ngeZcfgyRU-hFKiCZbCmz-MmqEnO_AvHShEBe_bFCBrIAYEcOZoz5-ZeH&#038;__tn__=kK-R%22 data-linkz-ai=%22%22>Labrisz Leszbikus Egyes\u00fclet<\/a> \u00fcgyviv\u0151j\u00e9t, a Meseorsz\u00e1g mindenki\u00e9 projektvezet\u0151j\u00e9t.<br \/>\n2022. okt\u00f3berben holland nyelven megjelenik az els\u0151 idegen nyelv\u0171 kiad\u00e1s, amelyet egy \u00e9v leforg\u00e1sa alatt tov\u00e1bbi kilenc (lengyel, szlov\u00e1k, n\u00e9met, sv\u00e9d, \u00e9szt, angol, finn, cseh, francia) idegen nyelv\u0171 k\u00f6tet k\u00f6vet.&#8221; content_phone=&#8221;<\/p>\n<h2>A k\u00fclf\u00f6ldi kiad\u00f3k<\/h2>\n<p>egyre intenz\u00edvebben \u00e9rdekl\u0151dnek, folyik a hat\u00e1ron t\u00fali diadalmenet, n\u00e9pszer\u0171s\u00edt\u00e9s, egyre t\u00f6bb az idegen nyelv\u0171 publik\u00e1ci\u00f3, riport, megkeres\u00e9s.<br \/>\n2021. szeptember\u00e9ben a <a href=%22https:\/\/www.facebook.com\/time?__cft__%5b0%5d=AZXVzEyekfiLLkiLzQvO07p8goCASmBi9cvou3-KRm9VLtl2ZCEDu-P1gD6Nj4lC8hDl8rffWdEUy-rYAD6u9IusfGcY139qJKZPgDKj6AE7qVEtASvcWxK1SvdKoyCjwIXVlQtu9raqEHhFlwcX6opXdZ5pby7ngeZcfgyRU-hFKiCZbCmz-MmqEnO_AvHShEBe_bFCBrIAYEcOZoz5-ZeH&#038;__tn__=-%5dK-R%22 data-linkz-ai=%22%22>TIME<\/a> magazin az \u00e9v 100 legbefoly\u00e1sosabb embere k\u00f6z\u00e9 v\u00e1lasztja R\u00e9dai Dorotty\u00e1t, a <a href=%22https:\/\/www.facebook.com\/LabriszEgyesulet\/?__cft__%5b0%5d=AZXVzEyekfiLLkiLzQvO07p8goCASmBi9cvou3-KRm9VLtl2ZCEDu-P1gD6Nj4lC8hDl8rffWdEUy-rYAD6u9IusfGcY139qJKZPgDKj6AE7qVEtASvcWxK1SvdKoyCjwIXVlQtu9raqEHhFlwcX6opXdZ5pby7ngeZcfgyRU-hFKiCZbCmz-MmqEnO_AvHShEBe_bFCBrIAYEcOZoz5-ZeH&#038;__tn__=kK-R%22 data-linkz-ai=%22%22>Labrisz Leszbikus Egyes\u00fclet<\/a> \u00fcgyviv\u0151j\u00e9t, a Meseorsz\u00e1g mindenki\u00e9 projektvezet\u0151j\u00e9t.<br \/>\n2022. okt\u00f3berben holland nyelven megjelenik az els\u0151 idegen nyelv\u0171 kiad\u00e1s, amelyet egy \u00e9v leforg\u00e1sa alatt tov\u00e1bbi kilenc (lengyel, szlov\u00e1k, n\u00e9met, sv\u00e9d, \u00e9szt, angol, finn, cseh, francia) idegen nyelv\u0171 k\u00f6tet k\u00f6vet.&#8221; content_last_edited=&#8221;off|desktop&#8221; _builder_version=&#8221;4.27.3&#8243; text_font=&#8221;Cormorant Garamond|600|||||||&#8221; text_font_size=&#8221;18px&#8221; text_line_height=&#8221;1.8em&#8221; link_font=&#8221;Cormorant Garamond|600|||on|||#b3791c|&#8221; link_text_color=&#8221;#b3791c&#8221; link_font_size=&#8221;18px&#8221; link_line_height=&#8221;1.8em&#8221; ul_font=&#8221;Cormorant Garamond|600|||||||&#8221; ul_font_size=&#8221;18px&#8221; ul_line_height=&#8221;1.8em&#8221; ol_font=&#8221;Cormorant Garamond|600|||||||&#8221; ol_font_size=&#8221;18px&#8221; ol_line_height=&#8221;1.8em&#8221; header_font=&#8221;||||||||&#8221; header_2_font=&#8221;Cormorant Garamond|500||on|||||&#8221; header_2_text_color=&#8221;#000000&#8243; header_2_font_size=&#8221;40px&#8221; header_2_letter_spacing=&#8221;4px&#8221; header_2_line_height=&#8221;1.1em&#8221; custom_margin=&#8221;||||false|false&#8221; custom_padding=&#8221;16px||||false|false&#8221; header_2_font_size_tablet=&#8221;24px&#8221; header_2_font_size_phone=&#8221;20px&#8221; header_2_font_size_last_edited=&#8221;on|phone&#8221; border_color_top=&#8221;rgba(51,51,51,0.18)&#8221; locked=&#8221;off&#8221; global_colors_info=&#8221;{}&#8221;]<\/p>\n<p>egyre intenz\u00edvebben \u00e9rdekl\u0151dnek, folyik a hat\u00e1ron t\u00fali diadalmenet, n\u00e9pszer\u0171s\u00edt\u00e9s, egyre t\u00f6bb az idegen nyelv\u0171 publik\u00e1ci\u00f3, riport, megkeres\u00e9s.<\/p>\n<p>2021. szeptember\u00e9ben a <a href=\"https:\/\/www.facebook.com\/time?__cft__%5b0%5d=AZXVzEyekfiLLkiLzQvO07p8goCASmBi9cvou3-KRm9VLtl2ZCEDu-P1gD6Nj4lC8hDl8rffWdEUy-rYAD6u9IusfGcY139qJKZPgDKj6AE7qVEtASvcWxK1SvdKoyCjwIXVlQtu9raqEHhFlwcX6opXdZ5pby7ngeZcfgyRU-hFKiCZbCmz-MmqEnO_AvHShEBe_bFCBrIAYEcOZoz5-ZeH&amp;__tn__=-%5dK-R\" data-linkz-ai=\"\">TIME<\/a> magazin az \u00e9v 100 legbefoly\u00e1sosabb embere k\u00f6z\u00e9 v\u00e1lasztja R\u00e9dai Dorotty\u00e1t, a <a href=\"https:\/\/www.facebook.com\/LabriszEgyesulet\/?__cft__%5b0%5d=AZXVzEyekfiLLkiLzQvO07p8goCASmBi9cvou3-KRm9VLtl2ZCEDu-P1gD6Nj4lC8hDl8rffWdEUy-rYAD6u9IusfGcY139qJKZPgDKj6AE7qVEtASvcWxK1SvdKoyCjwIXVlQtu9raqEHhFlwcX6opXdZ5pby7ngeZcfgyRU-hFKiCZbCmz-MmqEnO_AvHShEBe_bFCBrIAYEcOZoz5-ZeH&amp;__tn__=kK-R\" data-linkz-ai=\"\">Labrisz Leszbikus Egyes\u00fclet<\/a> \u00fcgyviv\u0151j\u00e9t, a Meseorsz\u00e1g mindenki\u00e9 projektvezet\u0151j\u00e9t.<\/p>\n<p>2022. okt\u00f3berben holland nyelven megjelenik az els\u0151 idegen nyelv\u0171 kiad\u00e1s, amelyet egy \u00e9v leforg\u00e1sa alatt tov\u00e1bbi kilenc (lengyel, szlov\u00e1k, n\u00e9met, sv\u00e9d, \u00e9szt, angol, finn, cseh, francia) idegen nyelv\u0171 k\u00f6tet k\u00f6vet.<\/p>\n<p>[\/et_pb_text][et_pb_text content_tablet=&#8221;<\/p>\n<h2>A F\u0151v\u00e1rosi \u00cdt\u00e9l\u0151t\u00e1bla<\/h2>\n<p>&#8221; content_phone=&#8221;<\/p>\n<h2>A F\u0151v\u00e1rosi \u00cdt\u00e9l\u0151t\u00e1bla<\/h2>\n<p>&#8221; content_last_edited=&#8221;on|desktop&#8221; admin_label=&#8221;cimsor2&#8243; _builder_version=&#8221;4.27.3&#8243; header_font=&#8221;||||||||&#8221; header_2_font=&#8221;Cormorant Garamond|500||on|||||&#8221; header_2_text_color=&#8221;#000000&#8243; header_2_font_size=&#8221;40px&#8221; header_2_letter_spacing=&#8221;4px&#8221; header_2_line_height=&#8221;1.1em&#8221; custom_margin=&#8221;||||false|false&#8221; header_2_font_size_tablet=&#8221;24px&#8221; header_2_font_size_phone=&#8221;20px&#8221; header_2_font_size_last_edited=&#8221;on|phone&#8221; locked=&#8221;off&#8221; global_colors_info=&#8221;{}&#8221;]<\/p>\n<h2>A F\u0151v\u00e1rosi \u00cdt\u00e9l\u0151t\u00e1bla<\/h2>\n<p>[\/et_pb_text][et_pb_text content_tablet=&#8221;<\/p>\n<h2>A F\u0151v\u00e1rosi \u00cdt\u00e9l\u0151t\u00e1bla<\/h2>\n<p>2022. 02. 01-i \u00edt\u00e9lete szerint nem s\u00e9rtette meg a Labrisz Leszbikus Egyes\u00fclet j\u00f3 h\u00edrnev\u00e9t a Magyar Nemzet azon \u00edr\u00e1sa, amelyben pedofilnak b\u00e9lyegezte meg a szervezetet. A Labrisz fellebbez, de a keresetet 2022. november\u00e9ben a K\u00faria, majd 2023. okt\u00f3ber\u00e9ben az Alkotm\u00e1nyb\u00edr\u00f3s\u00e1g is elutas\u00edtja. Az elj\u00e1r\u00e1s az Eur\u00f3pai Emberi Jogi B\u00edr\u00f3s\u00e1gon folytat\u00f3dik tov\u00e1bb.<br \/>\n2022. m\u00e1rcius\u00e1ban a <a href=%22https:\/\/www.facebook.com\/LabriszEgyesulet\/?__cft__%5b0%5d=AZVgd5xyOu_XahzaSGCECMeN4nEz-ed4Z51I1_TVd0u_bBS0z0ScLAwb_lvqneV1Mzr7lhNH33WO8Wta5Wcr-HPjHMoDlrVQQwGGVhtpJG5_MqQaShU5qQ1Hcbn6Kbt8LW5HE4cGZf3A2zPRZiE-XIwaTH2AkKPqVUTt_QHTMh9CHyS26mlWTJxBfk5GgJxacxGcYz1jf9i5y_VY-c_V5OM0&#038;__tn__=kK-R%22 data-linkz-ai=%22%22>Labrisz Leszbikus Egyes\u00fclet<\/a> egy-egy pert nyer a F\u0151v\u00e1rosi Korm\u00e1nyhivatal \u00e9s a rend\u0151rs\u00e9g ellen. Az els\u0151 \u00fcgyben a F\u0151v\u00e1rosi Korm\u00e1nyhivatalt k\u00f6telezt\u00e9k \u00faj elj\u00e1r\u00e1sra, mert az \u00fagy hozta meg jogs\u00e9rt\u0151 hat\u00e1rozat\u00e1t, hogy nem a mesek\u00f6nyv eg\u00e9sz\u00e9t \u00e9rt\u00e9kelte. A m\u00e1sik perben pedig a b\u00edr\u00f3s\u00e1g joger\u0151sen elmarasztalta a rend\u0151rs\u00e9get, mert nem l\u00e9pett fel egy homof\u00f3b rendezv\u00e9ny ellen, amely megf\u00e9leml\u00edtette, \u00e9s ezzel t\u00e1voltartotta a gyerekeket a sz\u00e1mukra meghirdetett mesefelolvas\u00e1st\u00f3l.&#8221; content_phone=&#8221;<\/p>\n<h2>A F\u0151v\u00e1rosi \u00cdt\u00e9l\u0151t\u00e1bla<\/h2>\n<p>2022. 02. 01-i \u00edt\u00e9lete szerint nem s\u00e9rtette meg a Labrisz Leszbikus Egyes\u00fclet j\u00f3 h\u00edrnev\u00e9t a Magyar Nemzet azon \u00edr\u00e1sa, amelyben pedofilnak b\u00e9lyegezte meg a szervezetet. A Labrisz fellebbez, de a keresetet 2022. november\u00e9ben a K\u00faria, majd 2023. okt\u00f3ber\u00e9ben az Alkotm\u00e1nyb\u00edr\u00f3s\u00e1g is elutas\u00edtja. Az elj\u00e1r\u00e1s az Eur\u00f3pai Emberi Jogi B\u00edr\u00f3s\u00e1gon folytat\u00f3dik tov\u00e1bb.<br \/>\n2022. m\u00e1rcius\u00e1ban a <a href=%22https:\/\/www.facebook.com\/LabriszEgyesulet\/?__cft__%5b0%5d=AZVgd5xyOu_XahzaSGCECMeN4nEz-ed4Z51I1_TVd0u_bBS0z0ScLAwb_lvqneV1Mzr7lhNH33WO8Wta5Wcr-HPjHMoDlrVQQwGGVhtpJG5_MqQaShU5qQ1Hcbn6Kbt8LW5HE4cGZf3A2zPRZiE-XIwaTH2AkKPqVUTt_QHTMh9CHyS26mlWTJxBfk5GgJxacxGcYz1jf9i5y_VY-c_V5OM0&#038;__tn__=kK-R%22 data-linkz-ai=%22%22>Labrisz Leszbikus Egyes\u00fclet<\/a> egy-egy pert nyer a F\u0151v\u00e1rosi Korm\u00e1nyhivatal \u00e9s a rend\u0151rs\u00e9g ellen. Az els\u0151 \u00fcgyben a F\u0151v\u00e1rosi Korm\u00e1nyhivatalt k\u00f6telezt\u00e9k \u00faj elj\u00e1r\u00e1sra, mert az \u00fagy hozta meg jogs\u00e9rt\u0151 hat\u00e1rozat\u00e1t, hogy nem a mesek\u00f6nyv eg\u00e9sz\u00e9t \u00e9rt\u00e9kelte. A m\u00e1sik perben pedig a b\u00edr\u00f3s\u00e1g joger\u0151sen elmarasztalta a rend\u0151rs\u00e9get, mert nem l\u00e9pett fel egy homof\u00f3b rendezv\u00e9ny ellen, amely megf\u00e9leml\u00edtette, \u00e9s ezzel t\u00e1voltartotta a gyerekeket a sz\u00e1mukra meghirdetett mesefelolvas\u00e1st\u00f3l.&#8221; content_last_edited=&#8221;off|desktop&#8221; _builder_version=&#8221;4.27.3&#8243; text_font=&#8221;Cormorant Garamond|600|||||||&#8221; text_font_size=&#8221;18px&#8221; text_line_height=&#8221;1.8em&#8221; link_font=&#8221;Cormorant Garamond|600|||on|||#b3791c|&#8221; link_text_color=&#8221;#b3791c&#8221; link_font_size=&#8221;18px&#8221; link_line_height=&#8221;1.8em&#8221; ul_font=&#8221;Cormorant Garamond|600|||||||&#8221; ul_font_size=&#8221;18px&#8221; ul_line_height=&#8221;1.8em&#8221; ol_font=&#8221;Cormorant Garamond|600|||||||&#8221; ol_font_size=&#8221;18px&#8221; ol_line_height=&#8221;1.8em&#8221; header_font=&#8221;||||||||&#8221; header_2_font=&#8221;Cormorant Garamond|500||on|||||&#8221; header_2_text_color=&#8221;#000000&#8243; header_2_font_size=&#8221;40px&#8221; header_2_letter_spacing=&#8221;4px&#8221; header_2_line_height=&#8221;1.1em&#8221; custom_margin=&#8221;||||false|false&#8221; custom_padding=&#8221;16px||||false|false&#8221; header_2_font_size_tablet=&#8221;24px&#8221; header_2_font_size_phone=&#8221;20px&#8221; header_2_font_size_last_edited=&#8221;on|phone&#8221; border_color_top=&#8221;rgba(51,51,51,0.18)&#8221; locked=&#8221;off&#8221; global_colors_info=&#8221;{}&#8221;]<\/p>\n<p>2022. 02. 01-i \u00edt\u00e9lete szerint nem s\u00e9rtette meg a Labrisz Leszbikus Egyes\u00fclet j\u00f3 h\u00edrnev\u00e9t a Magyar Nemzet azon \u00edr\u00e1sa, amelyben pedofilnak b\u00e9lyegezte meg a szervezetet. A Labrisz fellebbez, de a keresetet 2022. november\u00e9ben a K\u00faria, majd 2023. okt\u00f3ber\u00e9ben az Alkotm\u00e1nyb\u00edr\u00f3s\u00e1g is elutas\u00edtja. Az elj\u00e1r\u00e1s az Eur\u00f3pai Emberi Jogi B\u00edr\u00f3s\u00e1gon folytat\u00f3dik tov\u00e1bb.<\/p>\n<p>2022. m\u00e1rcius\u00e1ban a <a href=\"https:\/\/www.facebook.com\/LabriszEgyesulet\/?__cft__%5b0%5d=AZVgd5xyOu_XahzaSGCECMeN4nEz-ed4Z51I1_TVd0u_bBS0z0ScLAwb_lvqneV1Mzr7lhNH33WO8Wta5Wcr-HPjHMoDlrVQQwGGVhtpJG5_MqQaShU5qQ1Hcbn6Kbt8LW5HE4cGZf3A2zPRZiE-XIwaTH2AkKPqVUTt_QHTMh9CHyS26mlWTJxBfk5GgJxacxGcYz1jf9i5y_VY-c_V5OM0&amp;__tn__=kK-R\" data-linkz-ai=\"\">Labrisz Leszbikus Egyes\u00fclet<\/a> egy-egy pert nyer a F\u0151v\u00e1rosi Korm\u00e1nyhivatal \u00e9s a rend\u0151rs\u00e9g ellen. Az els\u0151 \u00fcgyben a F\u0151v\u00e1rosi Korm\u00e1nyhivatalt k\u00f6telezt\u00e9k \u00faj elj\u00e1r\u00e1sra, mert az \u00fagy hozta meg jogs\u00e9rt\u0151 hat\u00e1rozat\u00e1t, hogy nem a mesek\u00f6nyv eg\u00e9sz\u00e9t \u00e9rt\u00e9kelte. A m\u00e1sik perben pedig a b\u00edr\u00f3s\u00e1g joger\u0151sen elmarasztalta a rend\u0151rs\u00e9get, mert nem l\u00e9pett fel egy homof\u00f3b rendezv\u00e9ny ellen, amely megf\u00e9leml\u00edtette, \u00e9s ezzel t\u00e1voltartotta a gyerekeket a sz\u00e1mukra meghirdetett mesefelolvas\u00e1st\u00f3l.<\/p>\n<p>[\/et_pb_text][et_pb_text content_tablet=&#8221;<\/p>\n<h2>A Labrisz \u00e9s az EJHA munkat\u00e1rsai<\/h2>\n<p>&#8221; content_phone=&#8221;<\/p>\n<h2>A Labrisz \u00e9s az EJHA munkat\u00e1rsai<\/h2>\n<p>&#8221; content_last_edited=&#8221;on|desktop&#8221; admin_label=&#8221;cimsor2&#8243; _builder_version=&#8221;4.27.3&#8243; header_font=&#8221;||||||||&#8221; header_2_font=&#8221;Cormorant Garamond|500||on|||||&#8221; header_2_text_color=&#8221;#000000&#8243; header_2_font_size=&#8221;40px&#8221; header_2_letter_spacing=&#8221;4px&#8221; header_2_line_height=&#8221;1.1em&#8221; custom_margin=&#8221;||||false|false&#8221; header_2_font_size_tablet=&#8221;24px&#8221; header_2_font_size_phone=&#8221;20px&#8221; header_2_font_size_last_edited=&#8221;on|phone&#8221; locked=&#8221;off&#8221; global_colors_info=&#8221;{}&#8221;]<\/p>\n<h2>A Labrisz \u00e9s az EJHA munkat\u00e1rsai<\/h2>\n<p>[\/et_pb_text][et_pb_text content_tablet=&#8221;egy 90 perces workshopot dolgoznak ki, \u201eMeseorsz\u00e1g m\u00e1sk\u00e9pp\u201d c\u00edmen. A workshop c\u00e9lja a mesek\u00f6nyv val\u00f3di tartalm\u00e1nak megismertet\u00e9se a fiatalokkal, n\u00e9h\u00e1ny mes\u00e9j\u00e9nek kreat\u00edv feldolgoz\u00e1sa, m\u00e9lyebb, emberi jogi \u00fczeneteinek felt\u00e1r\u00e1sa.<\/p>\n<ol start=%222022%22><\/ol>\n<p>&#8221; content_phone=&#8221;egy 90 perces workshopot dolgoznak ki, \u201eMeseorsz\u00e1g m\u00e1sk\u00e9pp\u201d c\u00edmen. A workshop c\u00e9lja a mesek\u00f6nyv val\u00f3di tartalm\u00e1nak megismertet\u00e9se a fiatalokkal, n\u00e9h\u00e1ny mes\u00e9j\u00e9nek kreat\u00edv feldolgoz\u00e1sa, m\u00e9lyebb, emberi jogi \u00fczeneteinek felt\u00e1r\u00e1sa.<\/p>\n<ol start=%222022%22><\/ol>\n<p>&#8221; content_last_edited=&#8221;off|desktop&#8221; _builder_version=&#8221;4.27.3&#8243; text_font=&#8221;Cormorant Garamond|600|||||||&#8221; text_font_size=&#8221;18px&#8221; text_line_height=&#8221;1.8em&#8221; link_font=&#8221;Cormorant Garamond|600|||on|||#b3791c|&#8221; link_text_color=&#8221;#b3791c&#8221; link_font_size=&#8221;18px&#8221; link_line_height=&#8221;1.8em&#8221; ul_font=&#8221;Cormorant Garamond|600|||||||&#8221; ul_font_size=&#8221;18px&#8221; ul_line_height=&#8221;1.8em&#8221; ol_font=&#8221;Cormorant Garamond|600|||||||&#8221; ol_font_size=&#8221;18px&#8221; ol_line_height=&#8221;1.8em&#8221; header_font=&#8221;||||||||&#8221; header_2_font=&#8221;Cormorant Garamond|500||on|||||&#8221; header_2_text_color=&#8221;#000000&#8243; header_2_font_size=&#8221;40px&#8221; header_2_letter_spacing=&#8221;4px&#8221; header_2_line_height=&#8221;1.1em&#8221; custom_margin=&#8221;||||false|false&#8221; custom_padding=&#8221;16px||||false|false&#8221; header_2_font_size_tablet=&#8221;24px&#8221; header_2_font_size_phone=&#8221;20px&#8221; header_2_font_size_last_edited=&#8221;on|phone&#8221; border_color_top=&#8221;rgba(51,51,51,0.18)&#8221; locked=&#8221;off&#8221; global_colors_info=&#8221;{}&#8221;]egy 90 perces workshopot dolgoznak ki, \u201eMeseorsz\u00e1g m\u00e1sk\u00e9pp\u201d c\u00edmen. A workshop c\u00e9lja a mesek\u00f6nyv val\u00f3di tartalm\u00e1nak megismertet\u00e9se a fiatalokkal, n\u00e9h\u00e1ny mes\u00e9j\u00e9nek kreat\u00edv feldolgoz\u00e1sa, m\u00e9lyebb, emberi jogi \u00fczeneteinek felt\u00e1r\u00e1sa.[\/et_pb_text][et_pb_text content_tablet=&#8221;<\/p>\n<h2>Mindek\u00f6zben k\u00fclf\u00f6ld\u00f6n<\/h2>\n<p>&#8221; content_phone=&#8221;<\/p>\n<h2>Mindek\u00f6zben k\u00fclf\u00f6ld\u00f6n<\/h2>\n<p>&#8221; content_last_edited=&#8221;on|desktop&#8221; admin_label=&#8221;cimsor2&#8243; _builder_version=&#8221;4.27.3&#8243; header_font=&#8221;||||||||&#8221; header_2_font=&#8221;Cormorant Garamond|500||on|||||&#8221; header_2_text_color=&#8221;#000000&#8243; header_2_font_size=&#8221;40px&#8221; header_2_letter_spacing=&#8221;4px&#8221; header_2_line_height=&#8221;1.1em&#8221; custom_margin=&#8221;||||false|false&#8221; header_2_font_size_tablet=&#8221;24px&#8221; header_2_font_size_phone=&#8221;20px&#8221; header_2_font_size_last_edited=&#8221;on|phone&#8221; locked=&#8221;off&#8221; global_colors_info=&#8221;{}&#8221;]<\/p>\n<h2>Mindek\u00f6zben k\u00fclf\u00f6ld\u00f6n<\/h2>\n<p>[\/et_pb_text][et_pb_text content_tablet=&#8221;<\/p>\n<h2>Mindek\u00f6zben k\u00fclf\u00f6ld\u00f6n<\/h2>\n<p>2022-2023: k\u00fclf\u00f6ldi bemutat\u00f3k, felolvas\u00e1sok: Frankfurt, Malm\u00f6, Stockholm, Tallin, London, P\u00e1rizs, Lipcse, Firenze.<br \/>A 2022-es \u00dcnnepi K\u00f6nyvh\u00e9ten a HUBBY di\u00e1kzs\u0171rij\u00e9t\u0151l \u201cAz \u00c9v Leginnovat\u00edvabb K\u00f6nyve\u201d d\u00edj\u00e1t kapja a Meseorsz\u00e1g.<br \/>2022. szeptember\u00e9ben a Meseorsz\u00e1g a c\u00e1dizi European Geographies of Sexualities konferenci\u00e1n szerepel: R\u00e9dai Dorottya \u00e9s Borgos Anna besz\u00e9lnek a \u201egyermekv\u00e9delem\u201d politikai \u00e9s pszichol\u00f3giai vet\u00fcleteir\u0151l.<br \/>2022. okt\u00f3ber\u00e9ben jelenik meg az angol kiad\u00e1s, londoni bemutat\u00f3val \u00e9s k\u00f6nyv-dedik\u00e1l\u00e1sokkal.<br \/>2022. november\u00e9ben \u00fajabb nemzetk\u00f6zi elismer\u00e9st kap a k\u00f6nyv: a \u201ePetite Pen Prize\u201d-t a PEN Catal\u00e1 katal\u00e1n \u00edr\u00f3szervezett\u0151l.<br \/><a href=%22https:\/\/labrisz.hu\/hirek\/petite_pen_prize_a_labrisznak.893.html?pageid=58%22 data-et-target-link=%22_blank%22 rel=%22noopener%22>https:\/\/labrisz.hu\/hirek\/petite_pen_prize_a_labrisznak.893.html?pageid=58<\/a><br \/>2022. november\u00e9ben \u201cA Demokratikus \u00c1llampolg\u00e1rs\u00e1g\u00e9rt\u201d d\u00edjat kap Br\u00fcsszelben, a P&#038;V Alap\u00edtv\u00e1nyt\u00f3l R\u00e9dai Dorottya. <a href=%22https:\/\/www.foundationpv.be\/en\/citizenship-award\/laureate-2022%22 data-et-target-link=%22_blank%22 rel=%22noopener%22>https:\/\/www.foundationpv.be\/en\/citizenship-award\/laureate-2022<\/a><br \/>Szint\u00e9n 2022. november\u00e9ben a Meseorsz\u00e1g k\u00fclf\u00f6ldi kiad\u00e1sait az Eur\u00f3pai Parlamentben mutatj\u00e1k be. A bemutat\u00f3r\u00f3l:<br \/>\u00edr\u00e1sban: <a href=%22https:\/\/konyvesmagazin.hu\/friss\/meseorszag_mindenkie_europai_parlament_konyvbemutato.html%22 data-et-target-link=%22_blank%22 rel=%22noopener%22>https:\/\/konyvesmagazin.hu\/friss\/meseorszag_mindenkie_europai_parlament_konyvbemutato.html<\/a><br \/>\u00e9l\u0151ben: <a href=%22https:\/\/www.youtube.com\/watch?v=hQ-vLztTDNI%22 data-et-target-link=%22_blank%22 rel=%22noopener%22>https:\/\/www.youtube.com\/watch?v=hQ-vLztTDNI<\/a><\/p>\n<p>&#8221; content_phone=&#8221;<\/p>\n<h2>Mindek\u00f6zben k\u00fclf\u00f6ld\u00f6n<\/h2>\n<p>2022-2023: k\u00fclf\u00f6ldi bemutat\u00f3k, felolvas\u00e1sok: Frankfurt, Malm\u00f6, Stockholm, Tallin, London, P\u00e1rizs, Lipcse, Firenze.<br \/>A 2022-es \u00dcnnepi K\u00f6nyvh\u00e9ten a HUBBY di\u00e1kzs\u0171rij\u00e9t\u0151l \u201cAz \u00c9v Leginnovat\u00edvabb K\u00f6nyve\u201d d\u00edj\u00e1t kapja a Meseorsz\u00e1g.<br \/>2022. szeptember\u00e9ben a Meseorsz\u00e1g a c\u00e1dizi European Geographies of Sexualities konferenci\u00e1n szerepel: R\u00e9dai Dorottya \u00e9s Borgos Anna besz\u00e9lnek a \u201egyermekv\u00e9delem\u201d politikai \u00e9s pszichol\u00f3giai vet\u00fcleteir\u0151l.<br \/>2022. okt\u00f3ber\u00e9ben jelenik meg az angol kiad\u00e1s, londoni bemutat\u00f3val \u00e9s k\u00f6nyv-dedik\u00e1l\u00e1sokkal.<br \/>2022. november\u00e9ben \u00fajabb nemzetk\u00f6zi elismer\u00e9st kap a k\u00f6nyv: a \u201ePetite Pen Prize\u201d-t a PEN Catal\u00e1 katal\u00e1n \u00edr\u00f3szervezett\u0151l.<br \/><a href=%22https:\/\/labrisz.hu\/hirek\/petite_pen_prize_a_labrisznak.893.html?pageid=58%22 data-et-target-link=%22_blank%22 rel=%22noopener%22>https:\/\/labrisz.hu\/hirek\/petite_pen_prize_a_labrisznak.893.html?pageid=58<\/a><br \/>2022. november\u00e9ben \u201cA Demokratikus \u00c1llampolg\u00e1rs\u00e1g\u00e9rt\u201d d\u00edjat kap Br\u00fcsszelben, a P&#038;V Alap\u00edtv\u00e1nyt\u00f3l R\u00e9dai Dorottya. <a href=%22https:\/\/www.foundationpv.be\/en\/citizenship-award\/laureate-2022%22 data-et-target-link=%22_blank%22 rel=%22noopener%22>https:\/\/www.foundationpv.be\/en\/citizenship-award\/laureate-2022<\/a><br \/>Szint\u00e9n 2022. november\u00e9ben a Meseorsz\u00e1g k\u00fclf\u00f6ldi kiad\u00e1sait az Eur\u00f3pai Parlamentben mutatj\u00e1k be. A bemutat\u00f3r\u00f3l:<br \/>\u00edr\u00e1sban: <a href=%22https:\/\/konyvesmagazin.hu\/friss\/meseorszag_mindenkie_europai_parlament_konyvbemutato.html%22 data-et-target-link=%22_blank%22 rel=%22noopener%22>https:\/\/konyvesmagazin.hu\/friss\/meseorszag_mindenkie_europai_parlament_konyvbemutato.html<\/a><br \/>\u00e9l\u0151ben: <a href=%22https:\/\/www.youtube.com\/watch?v=hQ-vLztTDNI%22 data-et-target-link=%22_blank%22 rel=%22noopener%22>https:\/\/www.youtube.com\/watch?v=hQ-vLztTDNI<\/a><\/p>\n<p>&#8221; content_last_edited=&#8221;off|desktop&#8221; _builder_version=&#8221;4.27.3&#8243; text_font=&#8221;Cormorant Garamond|600|||||||&#8221; text_font_size=&#8221;18px&#8221; text_line_height=&#8221;1.8em&#8221; link_font=&#8221;Cormorant Garamond|600|||on|||#b3791c|&#8221; link_text_color=&#8221;#b3791c&#8221; link_font_size=&#8221;18px&#8221; link_line_height=&#8221;1.8em&#8221; ul_font=&#8221;Cormorant Garamond|600|||||||&#8221; ul_font_size=&#8221;18px&#8221; ul_line_height=&#8221;1.8em&#8221; ol_font=&#8221;Cormorant Garamond|600|||||||&#8221; ol_font_size=&#8221;18px&#8221; ol_line_height=&#8221;1.8em&#8221; header_font=&#8221;||||||||&#8221; header_2_font=&#8221;Cormorant Garamond|500||on|||||&#8221; header_2_text_color=&#8221;#000000&#8243; header_2_font_size=&#8221;40px&#8221; header_2_letter_spacing=&#8221;4px&#8221; header_2_line_height=&#8221;1.1em&#8221; custom_margin=&#8221;||||false|false&#8221; custom_padding=&#8221;16px||||false|false&#8221; header_2_font_size_tablet=&#8221;24px&#8221; header_2_font_size_phone=&#8221;20px&#8221; header_2_font_size_last_edited=&#8221;on|phone&#8221; border_color_top=&#8221;rgba(51,51,51,0.18)&#8221; locked=&#8221;off&#8221; global_colors_info=&#8221;{}&#8221;]2022-2023: k\u00fclf\u00f6ldi bemutat\u00f3k, felolvas\u00e1sok: Frankfurt, Malm\u00f6, Stockholm, Tallin, London, P\u00e1rizs, Lipcse, Firenze.<\/p>\n<p>A 2022-es \u00dcnnepi K\u00f6nyvh\u00e9ten a HUBBY di\u00e1kzs\u0171rij\u00e9t\u0151l \u201cAz \u00c9v Leginnovat\u00edvabb K\u00f6nyve\u201d d\u00edj\u00e1t kapja a Meseorsz\u00e1g.<\/p>\n<p>2022. szeptember\u00e9ben a Meseorsz\u00e1g a c\u00e1dizi European Geographies of Sexualities konferenci\u00e1n szerepel: R\u00e9dai Dorottya \u00e9s Borgos Anna besz\u00e9lnek a \u201egyermekv\u00e9delem\u201d politikai \u00e9s pszichol\u00f3giai vet\u00fcleteir\u0151l.<\/p>\n<p>2022. okt\u00f3ber\u00e9ben jelenik meg az angol kiad\u00e1s, londoni bemutat\u00f3val \u00e9s k\u00f6nyv-dedik\u00e1l\u00e1sokkal.<\/p>\n<p>2022. november\u00e9ben \u00fajabb nemzetk\u00f6zi elismer\u00e9st kap a k\u00f6nyv: a \u201ePetite Pen Prize\u201d-t a PEN Catal\u00e1 katal\u00e1n \u00edr\u00f3szervezett\u0151l.<br \/>\n<a href=\"https:\/\/labrisz.hu\/hirek\/petite_pen_prize_a_labrisznak.893.html?pageid=58\" target=\"_blank\" rel=\"noopener\">https:\/\/labrisz.hu\/hirek\/petite_pen_prize_a_labrisznak.893.html?pageid=58<\/a><\/p>\n<p>2022. november\u00e9ben \u201cA Demokratikus \u00c1llampolg\u00e1rs\u00e1g\u00e9rt\u201d d\u00edjat kap Br\u00fcsszelben, a P&amp;V Alap\u00edtv\u00e1nyt\u00f3l R\u00e9dai Dorottya. <a href=\"https:\/\/www.foundationpv.be\/en\/-\/laureates-2022\" target=\"_blank\" rel=\"noopener\"> https:\/\/www.foundationpv.be\/en\/-\/laureates-2022 <\/a><br \/>\nSzint\u00e9n 2022. november\u00e9ben a Meseorsz\u00e1g k\u00fclf\u00f6ldi kiad\u00e1sait az Eur\u00f3pai Parlamentben mutatj\u00e1k be.<br \/>\nA bemutat\u00f3r\u00f3l:<br \/>\n\u00edr\u00e1sban: <a href=\"https:\/\/konyvesmagazin.hu\/friss\/meseorszag_mindenkie_europai_parlament_konyvbemutato.html\" target=\"_blank\" rel=\"noopener\">https:\/\/konyvesmagazin.hu\/friss\/meseorszag_mindenkie_europai_parlament_konyvbemutato.html<\/a><br \/>\n\u00e9l\u0151ben: <a href=\"https:\/\/www.youtube.com\/watch?v=hQ-vLztTDNI\" target=\"_blank\" rel=\"noopener\">https:\/\/www.youtube.com\/watch?v=hQ-vLztTDNI<\/a>[\/et_pb_text][\/et_pb_column][\/et_pb_row][\/et_pb_section][et_pb_section fb_built=&#8221;1&#8243; admin_label=&#8221;Quote&#8221; _builder_version=&#8221;4.21.0&#8243; background_image=&#8221;https:\/\/meseorszagmindenkie.hu\/wp-content\/uploads\/meseorszag_hatter1.jpeg&#8221; parallax=&#8221;on&#8221; custom_padding=&#8221;16vw||16vw||true|false&#8221; global_colors_info=&#8221;{}&#8221;][et_pb_row _builder_version=&#8221;4.16&#8243; global_colors_info=&#8221;{}&#8221;][et_pb_column type=&#8221;4_4&#8243; _builder_version=&#8221;4.16&#8243; global_colors_info=&#8221;{}&#8221;][et_pb_text _builder_version=&#8221;4.27.3&#8243; text_text_color=&#8221;#FFFFFF&#8221; quote_text_color=&#8221;#FFFFFF&#8221; header_font=&#8221;||||||||&#8221; header_2_font=&#8221;Cormorant Garamond|500||on|||||&#8221; header_2_text_color=&#8221;#000000&#8243; header_2_font_size=&#8221;40px&#8221; header_2_letter_spacing=&#8221;4px&#8221; header_2_line_height=&#8221;1.1em&#8221; background_color=&#8221;rgba(0,0,0,0.4)&#8221; text_orientation=&#8221;center&#8221; background_layout=&#8221;dark&#8221; max_width=&#8221;800px&#8221; module_alignment=&#8221;center&#8221; custom_padding=&#8221;10px|10px|10px|10px|true|true&#8221; scroll_vertical_motion_enable=&#8221;on&#8221; scroll_vertical_motion=&#8221;0|50|50|100|1|0|-1&#8243; hover_enabled=&#8221;0&#8243; header_2_font_size_tablet=&#8221;24px&#8221; header_2_font_size_phone=&#8221;20px&#8221; header_2_font_size_last_edited=&#8221;on|phone&#8221; locked=&#8221;off&#8221; global_colors_info=&#8221;{}&#8221; content_last_edited=&#8221;off|desktop&#8221; sticky_enabled=&#8221;0&#8243;]<\/p>\n<h3>\u201cAz ember var\u00e1zslatos isteni kreat\u00fara, a sziv\u00e1rv\u00e1ny sz\u00edneinek sokf\u00e9les\u00e9g\u00e9vel \u00e9s a szabads\u00e1g felel\u0151ss\u00e9g\u00e9vel megaj\u00e1nd\u00e9kozva. A legf\u0151bb feladatunk, hogy megtanuljuk elfogadni egym\u00e1st. Nem lehet el\u00e9g kor\u00e1n kezdeni a gyakorl\u00e1s\u00e1t. Erre val\u00f3k a mes\u00e9k, gyerekeknek \u00e9s feln\u0151tteknek.\u201d<\/h3>\n<p>(B\u00f3dis Kriszta, \u00edr\u00f3, pszichol\u00f3gus, dokumentumfilmes)<\/p>\n<p>[\/et_pb_text][\/et_pb_column][\/et_pb_row][\/et_pb_section]<\/p>\n","protected":false},"excerpt":{"rendered":"<p>Meseorsz\u00e1g t\u00f6rt\u00e9nete di\u00f3h\u00e9jbanA kezdetekAz els\u0151 \u00f6tletek 2019-ben form\u00e1l\u00f3dtak a Labriszban.A szak\u00e9rt\u0151i csapat: Nagy Boldizs\u00e1r gyermekirodalom szak\u00e9rt\u0151, szerkeszt\u0151, Borgos Anna pszichol\u00f3gus, irodalm\u00e1r, L\u0151rincz No\u00e9mi magyartan\u00e1r, R\u00e9dai Dorottya genderkutat\u00f3, projektvezet\u0151. A kezd\u0151 \u00e9s kev\u00e9sb\u00e9 k\u00f6zismert szerz\u0151ket p\u00e1ly\u00e1zati felh\u00edv\u00e1s \u00fatj\u00e1n kerest\u00fck meg, az ismert \u00edr\u00f3kat pedig szem\u00e9lyesen h\u00edvtuk meg szerz\u0151nek.A p\u00e1ly\u00e1zati ki\u00edr\u00e1s l\u00e9nyege: klasszikus mes\u00e9k alapj\u00e1n, szabad feldolgoz\u00e1sban, [&hellip;]<\/p>\n","protected":false},"author":1,"featured_media":0,"parent":0,"menu_order":0,"comment_status":"closed","ping_status":"closed","template":"","meta":{"_seopress_robots_primary_cat":"","_seopress_titles_title":"","_seopress_titles_desc":"","_seopress_robots_index":"","_et_pb_use_builder":"on","_et_pb_old_content":"","_et_gb_content_width":"","footnotes":""},"class_list":["post-28","page","type-page","status-publish","hentry"],"_links":{"self":[{"href":"https:\/\/meseorszagmindenkie.hu\/en\/wp-json\/wp\/v2\/pages\/28","targetHints":{"allow":["GET"]}}],"collection":[{"href":"https:\/\/meseorszagmindenkie.hu\/en\/wp-json\/wp\/v2\/pages"}],"about":[{"href":"https:\/\/meseorszagmindenkie.hu\/en\/wp-json\/wp\/v2\/types\/page"}],"author":[{"embeddable":true,"href":"https:\/\/meseorszagmindenkie.hu\/en\/wp-json\/wp\/v2\/users\/1"}],"replies":[{"embeddable":true,"href":"https:\/\/meseorszagmindenkie.hu\/en\/wp-json\/wp\/v2\/comments?post=28"}],"version-history":[{"count":31,"href":"https:\/\/meseorszagmindenkie.hu\/en\/wp-json\/wp\/v2\/pages\/28\/revisions"}],"predecessor-version":[{"id":261334,"href":"https:\/\/meseorszagmindenkie.hu\/en\/wp-json\/wp\/v2\/pages\/28\/revisions\/261334"}],"wp:attachment":[{"href":"https:\/\/meseorszagmindenkie.hu\/en\/wp-json\/wp\/v2\/media?parent=28"}],"curies":[{"name":"wp","href":"https:\/\/api.w.org\/{rel}","templated":true}]}}